{"id":9327,"date":"2020-11-11T20:58:58","date_gmt":"2020-11-11T20:58:58","guid":{"rendered":"https:\/\/www.clusteraudiovisual.cat\/avis-legal\/"},"modified":"2021-02-24T21:36:26","modified_gmt":"2021-02-24T21:36:26","slug":"avis-legal","status":"publish","type":"page","link":"https:\/\/www.clusteraudiovisual.cat\/es\/avis-legal\/","title":{"rendered":"Av\u00eds legal"},"content":{"rendered":"<section  class='av_textblock_section av-khdw00k3-1f287aa6dcc7f7b22644f19f0a31460c '   itemscope=\"itemscope\" itemtype=\"https:\/\/schema.org\/CreativeWork\" ><div class='avia_textblock'  itemprop=\"text\" ><p><strong>CONDICIONES GENERALES DE USO DEL PORTAL<\/strong><\/p>\n<p>S\u00cdRVASE A LEER ATENTAMENTE ESTAS CONDICIONES ANTES DE UTILIZAR EL PORTAL<\/p>\n<p>Esta p\u00e1gina recoge las Condiciones Generales de uso del Portal de Internet que la Asociaci\u00f3n Cluster Audiovisual de Catalunya con domicilio en Barcelona c\/Via Laietana 32-34 4\u00aa planta, pone gratuitamente a disposici\u00f3n de los usuarios de Internet en la direcci\u00f3n <a title=\"Cluster Audiovisual\" href=\"http:\/\/www.clusteraudiovisual.cat\">www.clusteraudiovisual.cat<\/a> (en adelante el PORTAL).<\/p>\n<p><strong>El usuario al utilizar el PORTAL acepta las presentes condiciones generales y queda obligado a utilizar el PORTAL, los servicios y los contenidos alojados de conformidad con las mismas. El usuario acepta que el uso del PORTAL, de los servicios y los contenidos tiene lugar, en todo caso, bajo su \u00fanica y exclusiva responsabilidad. Si no est\u00e1 de acuerdo con las presentes condiciones generales deber\u00e1 abandonar el PORTAL.<\/strong><\/p>\n<p><strong>La Asociaci\u00f3n Cluster Audiovisual de Catalunya se reserva el derecho a modificar las presentes Condiciones Generales en cualquier momento y sin previo aviso. Por ello el usuario se obliga a revisar las presentes Condiciones Generales cada vez que acceda al PORTAL.<\/strong><\/p>\n<p>La utilizaci\u00f3n de ciertos servicios ofrecidos por el PORTAL est\u00e1n sometidos a Condiciones Particulares, que pueden completar y\/o modificar las Condiciones Generales que aqu\u00ed se exponen. Por ello el usuario deber\u00e1 leer atentamente las correspondientes Condiciones Particulares.<\/p>\n<p>Tanto las Condiciones Generales como las Particulares se completan por los avisos, reglamentos de uso e instrucciones que se ponen en conocimiento del usuario por la Asociaci\u00f3n Cluster Audiovisual de Catalunya.<\/p>\n<p>La Asociaci\u00f3n Cluster Audiovisual de Catalunya se reserva el derecho a denegar o retirar el acceso al PORTAL y\/o a los servicios, en cualquier momento y sin necesidad de preaviso a los usuarios que incumplan estas Condiciones Generales o las Particulares que les sean de aplicaci\u00f3n.<\/p>\n<p><strong>1.CONDICIONES DE USO Y ACCESO AL PORTAL<\/strong><\/p>\n<p>1.1 Tanto el acceso como la utilizaci\u00f3n del PORTAL es gratuito para los usuarios y no exige registro alguno, sin perjuicio del coste de conexi\u00f3n a trav\u00e9s de la correspondiente red de telecomunicaciones que para el Usuario tenga el acceso. No obstante cabe la posibilidad de que la utilizaci\u00f3n de determinados servicios requiera el pago de un precio y\/o el registro, si as\u00ed se establece en las Condiciones Particulares que regulen su utilizaci\u00f3n.<br \/>\n1.2 El usuario se obliga a utilizar el PORTAL, los servicios que se prestan a trav\u00e9s del mismo y los contenidos que aparecen de conformidad con las presentes Condiciones Generales y las Particulares que sean de aplicaci\u00f3n, la Ley, la moral, las buenas costumbres y el orden p\u00fablico.<\/p>\n<p>1.3 Introducci\u00f3n de Links, Enlaces, Hiperlances o Hiperv\u00ednculos.<\/p>\n<p>a) El PORTAL puede contener Links que conduzcan a p\u00e1ginas web pertenecientes y\/o gestionadas por terceros. La funci\u00f3n de los Links que aparecen en el PORTAL es exclusivamente la de informar al usuario sobre otras fuentes de informaci\u00f3n. Dichos Links no suponen una sugerencia, invitaci\u00f3n o recomendaci\u00f3n para la visita de los lugares de destino. La Asociaci\u00f3n Cluster Audiovisual de Catalunya no representa estas p\u00e1ginas web, ni los servicios o contenidos alojados en ellas. Igualmente la Asociaci\u00f3n Cluster Audiovisual de Catalunya no controla, vigila, aprueba ni hace propios los contenidos o servicios alojados en estas p\u00e1ginas web. Es el usuario quien exclusivamente corre con el riesgo y nada podr\u00e1 reclamar a la Asociaci\u00f3n Cluster Audiovisual de Catalunya por esta raz\u00f3n.<\/p>\n<p>b) La introducci\u00f3n de Links en p\u00e1ginas web pertenecientes y\/o gestionadas por terceros que conduzcan al PORTAL deber\u00e1 sujetarse a las siguientes condiciones:<\/p>\n<p>&#8211; El Link \u00fanicamente permitir\u00e1 el acceso al PORTAL, pero en ning\u00fan caso podr\u00e1 reproducir las p\u00e1ginas web contenidas en \u00e9l.<br \/>\n&#8211; El Link \u00fanicamente podr\u00e1 conducir al home page o p\u00e1gina principal del PORTAL.<br \/>\n&#8211; La p\u00e1gina web en la que se establezca el Link no contendr\u00e1 informaciones o contenidos il\u00edcitos, contrarios a la moral, las buenas costumbres ni al orden p\u00fablico. El establecimiento de un Link no implica en ning\u00fan caso la existencia de relaciones entre la Asociaci\u00f3n Cluster Audiovisual de Catalunya y el propietario de la p\u00e1gina web en la que se establezca, ni la aceptaci\u00f3n o aprobaci\u00f3n por parte de la Asociaci\u00f3n Cluster Audiovisual de Catalunya de sus contenidos o servicios.<\/p>\n<p>&#8211; La existencia de un Link no implica la cesi\u00f3n de derechos de propiedad intelectual o\/y industrial. Por ello, a excepci\u00f3n de los signos que formen parte del Link, la p\u00e1gina web donde se establezca el Link no podr\u00e1 contener otro signo distintivo de la Asociaci\u00f3n Cluster Audiovisual de Catalunya.<\/p>\n<p>&#8211; No se realizar\u00e1n indicaciones falsas, inexactas o incorrectas sobre el PORTAL, sus servicios o contenidos. Asimismo no se dar\u00e1 a entender de ninguna forma que la Asociaci\u00f3n Cluster Audiovisual de Catalunya ha autorizado el Link, o que supervisa y controla los servicios o contenidos de la p\u00e1gina web donde se ha introducido.<\/p>\n<p>&#8211; No se crear\u00e1 un browser ni un border environment sobre el PORTAL.<\/p>\n<p>1.4 El usuario responder\u00e1 de los da\u00f1os y perjuicios de toda naturaleza que la Asociaci\u00f3n Cluster Audiovisual de Catalunya pueda sufrir como consecuencia del incumplimiento de las Condiciones Generales y Particulares en relaci\u00f3n con la utilizaci\u00f3n del PORTAL.<\/p>\n<p><strong>2. DATOS DE CAR\u00c1CTER PERSONAL<\/strong><\/p>\n<p>Para utilizar ciertos servicios. Los usuarios deben proporcionar previamente a la Asociaci\u00f3n Cluster Audiovisual de Catalunya determinados datos de car\u00e1cter personal. El usuario al proporcionar estos datos otorga el consentimiento a su tratamiento a la Asociaci\u00f3n Cluster Audiovisual de Catalunya, quien someter\u00e1 a tratamiento dichos datos personales con la finalidad de mantener las relaciones por las cuales se recaban y de conformidad con la vigente legislaci\u00f3n.<\/p>\n<p>Los usuarios que hayan suministrado datos personales a la Asociaci\u00f3n Cluster Audiovisual de Catalunya tienen reconocidos de conformidad con la legislaci\u00f3n vigente los siguientes derechos:<\/p>\n<p>a) Derecho de acceso: Derecho a solicitar y obtener gratuitamente informaci\u00f3n de sus datos personales sometidos a tratamiento, su origen y las comunicaciones realizadas o que se prevean realizar. Este derecho, salvo que se acredite inter\u00e9s leg\u00edtimo solo se podr\u00e1 ejercer una vez cada dos meses.<\/p>\n<p>b) Derecho de rectificaci\u00f3n y cancelaci\u00f3n. Derecho a rectificar o cancelar aquellos datos personales cuyo tratamiento no se ajuste a la Ley, y en particular cuando resulten inexactos o incompletos.<\/p>\n<p>c) Derecho de oposici\u00f3n: Derecho a oponerse al tratamiento de datos personales. Este derecho comportar\u00e1 que los datos personales sean datos de baja en el tratamiento. El ejercicio del derecho de oposici\u00f3n implicar\u00e1 la finalizaci\u00f3n de aquellas relaciones entre la Asociaci\u00f3n Cluster Audiovisual de Catalunya y los usuarios en virtud de las cuales se comunicaron dichos datos.<\/p>\n<p>A los efectos del ejercicio de tales derechos o bien para cualquier tipo de consulta sobre la pol\u00edtica de la Asociaci\u00f3n Cluster Audiovisual de Catalunya en relaci\u00f3n a los usuarios que visitan su PORTAL, los usuarios podr\u00e1n dirigirse a <strong>info@clusteraudiovisual.cat<\/strong><\/p>\n<p><strong>3. EXCLUSI\u00d3N DE GARANT\u00cdAS Y RESPONSABILIDAD<\/strong><\/p>\n<p>3.1 Exclusi\u00f3n de garant\u00eda y responsabilidad por el funcionamiento del PORTAL y de los servicios:<\/p>\n<p>La Asociaci\u00f3n Cluster Audiovisual de Catalunya no garantiza la continuidad, disponibilidad y utilidad del PORTAL, de sus servicios y contenidos. Por ello, no responde por los posibles da\u00f1os y perjuicios de cualquier naturaleza que se pudieran derivar para los usuarios. Todo ello sin perjuicio de lo previsto en las Condiciones Particulares.<\/p>\n<p>3.2 Exclusi\u00f3n de garant\u00edas y responsabilidad por los contenidos:<\/p>\n<p>La Asociaci\u00f3n Cluster Audiovisual de Catalunya no garantiza la ausencia de virus ni de otros elementos que puedan producir alteraciones en el sistema inform\u00e1tico de los usuarios o en los documentos electr\u00f3nicos o ficheros almacenados en \u00e9l.<\/p>\n<p>La Asociaci\u00f3n Cluster Audiovisual de Catalunya no garantiza la licitud, fiabilidad, veracidad, exactitud, exhaustividad y actualidad de los contenidos.<\/p>\n<p>Por ello, la Asociaci\u00f3n Cluster Audiovisual de Catalunya no responde de los posibles da\u00f1os y perjuicios de cualquier naturaleza que se pudieran derivar para los usuarios.<\/p>\n<p>3.3 Exclusi\u00f3n de garant\u00edas y responsabilidad por los servicios y contenidos alojados fuera del PORTAL: De conformidad con lo previsto en el punto 1.3., la Asociaci\u00f3n Cluster Audiovisual de Catalunya no responde por los da\u00f1os y perjuicios de cualquier naturaleza que se pudieran derivar para los usuarios por esta raz\u00f3n.<\/p>\n<p>3.4 Exclusi\u00f3n de garant\u00edas y responsabilidad por la utilizaci\u00f3n que los usuarios puedan hacer del PORTAL, los servicios y contenidos: La Asociaci\u00f3n Cluster Audiovisual de Catalunya no controla ni supervisa que los usuarios utilicen el PORTAL, sus servicios y contenidos de conformidad con lo dispuesto en las presentes Condiciones Generales y en las Condiciones Particulares que sean de aplicaci\u00f3n. Por ello no asume ning\u00fan tipo de responsabilidad frente a terceros por el comportamiento de los usuarios.<\/p>\n<p><strong>4. DERECHOS DE PROPIEDAD INTELECTUAL E INDUSTRIAL<\/strong><\/p>\n<p>4.1 La Asociaci\u00f3n Cluster Audiovisual de Catalunya no concede ning\u00fan derecho de ninguna clase sobre sus derechos de propiedad intelectual e industrial o sobre cualquier otra propiedad o derecho relacionado con el PORTAL, los servicios o los contenidos.<\/p>\n<p>4.2 El usuario no puede modificar, copiar, reproducir, transmitir, distribuir, publicar, crear obras derivadas, exhibir, transferir o explotar comercialmente ning\u00fan material contenido en el PORTAL, en su totalidad o parcialmente. \u00danicamente se admite la copia o impresi\u00f3n de los contenidos del PORTAL para fines personales.<\/p>\n<p><strong>5. DURACI\u00d3N Y TERMINACI\u00d3N<\/strong><\/p>\n<p>La duraci\u00f3n del funcionamiento del PORTAL es en principio indefinida, sin perjuicio que la Asociaci\u00f3n Cluster Audiovisual de Catalunya pueda decidir terminar o suspender el funcionamiento del PORTAL. Todo ello sin perjuicio de lo dispuesto en las Condiciones Particulares.<\/p>\n<p><strong>6. LEY APLICABLE Y SUMISI\u00d3N A JUZGADOS Y TRIBUNALES<\/strong><\/p>\n<p>Estas Condiciones Generales se regir\u00e1n por sus propias estipulaciones, y en lo que en ellas no estuviera previsto por la Legislaci\u00f3n Espa\u00f1ola.<\/p>\n<p>Ambas partes acuerdan someterse a la jurisdicci\u00f3n de los Juzgados y Tribunales de la ciudad de Barcelona.<\/p>\n<p><strong>7. DEFINICIONES<\/strong><\/p>\n<p>A los efectos de las presentes Condiciones Generales los siguientes t\u00e9rminos tendr\u00e1n las siguientes definiciones:<\/p>\n<p>7.1 Contenidos: Informaciones, mensajes, gr\u00e1ficos, dibujos, archivos de sonido y\/o imagen, fotograf\u00edas, grabaciones, software y, en general, cualquier clase de materiales accesibles a trav\u00e9s del PORTAL o de los servicios.<\/p>\n<p>7.2 Portal: Conjunto de p\u00e1ginas web que forman www.clusteraudiovisual.cat<\/p>\n<p>7.3 Link, Enlace, Hiperlance o Hiperv\u00ednculo: Apuntadores hipertexto que sirven para saltar de una informaci\u00f3n a otra, o de un servidor a otro cuando se navega por Internet.<\/p>\n<p>7.4 Home Page o p\u00e1gina principal: Es la p\u00e1gina web inicial del PORTAL por donde los usuarios inician sus consultas.<\/p>\n<p>7.5 Datos de car\u00e1cter personal: Cualquier informaci\u00f3n concerniente a personas f\u00edsicas identificadas o identificables.<\/p>\n<p>7.6 Internet: Red de telecomunicaciones nacidas en 1969 en E.U.A., a la cual pueden conectarse personas de todo el mundo para un desarrollo m\u00e1s r\u00e1pido de las telecomunicaciones.<\/p>\n<p>Para la realizaci\u00f3n de cualquier consulta o sugerencia escriba a la direcci\u00f3n de correo electr\u00f3nico <strong>info@clusteraudiovisual.cat<\/strong><\/p>\n<\/div><\/section>\n","protected":false},"excerpt":{"rendered":"","protected":false},"author":1,"featured_media":0,"parent":0,"menu_order":0,"comment_status":"closed","ping_status":"closed","template":"","meta":{"_acf_changed":false,"footnotes":""},"class_list":["post-9327","page","type-page","status-publish","hentry"],"acf":[],"yoast_head":"<!-- This site is optimized with the Yoast SEO plugin v27.0 - https:\/\/yoast.com\/product\/yoast-seo-wordpress\/ -->\n<title>Av\u00eds legal - Cl\u00faster Audiovisual<\/title>\n<meta name=\"robots\" content=\"index, follow, max-snippet:-1, max-image-preview:large, max-video-preview:-1\" \/>\n<link rel=\"canonical\" href=\"https:\/\/www.clusteraudiovisual.cat\/es\/avis-legal\/\" \/>\n<meta property=\"og:locale\" content=\"es_ES\" \/>\n<meta property=\"og:type\" content=\"article\" \/>\n<meta property=\"og:title\" content=\"Av\u00eds legal - Cl\u00faster Audiovisual\" \/>\n<meta property=\"og:url\" content=\"https:\/\/www.clusteraudiovisual.cat\/es\/avis-legal\/\" \/>\n<meta property=\"og:site_name\" content=\"Cl\u00faster Audiovisual\" \/>\n<meta property=\"article:modified_time\" content=\"2021-02-24T21:36:26+00:00\" \/>\n<meta name=\"twitter:card\" content=\"summary_large_image\" \/>\n<meta name=\"twitter:label1\" content=\"Tiempo de lectura\" \/>\n\t<meta name=\"twitter:data1\" content=\"9 minutos\" \/>\n<script type=\"application\/ld+json\" class=\"yoast-schema-graph\">{\"@context\":\"https:\/\/schema.org\",\"@graph\":[{\"@type\":\"WebPage\",\"@id\":\"https:\/\/www.clusteraudiovisual.cat\/es\/avis-legal\/\",\"url\":\"https:\/\/www.clusteraudiovisual.cat\/es\/avis-legal\/\",\"name\":\"Av\u00eds legal - Cl\u00faster Audiovisual\",\"isPartOf\":{\"@id\":\"https:\/\/www.clusteraudiovisual.cat\/es\/#website\"},\"datePublished\":\"2020-11-11T20:58:58+00:00\",\"dateModified\":\"2021-02-24T21:36:26+00:00\",\"inLanguage\":\"es\",\"potentialAction\":[{\"@type\":\"ReadAction\",\"target\":[\"https:\/\/www.clusteraudiovisual.cat\/es\/avis-legal\/\"]}]},{\"@type\":\"WebSite\",\"@id\":\"https:\/\/www.clusteraudiovisual.cat\/es\/#website\",\"url\":\"https:\/\/www.clusteraudiovisual.cat\/es\/\",\"name\":\"Cl\u00faster Audiovisual\",\"description\":\"Associaci\u00f3 d&#039;empreses que integren el sector audiovisual.\",\"potentialAction\":[{\"@type\":\"SearchAction\",\"target\":{\"@type\":\"EntryPoint\",\"urlTemplate\":\"https:\/\/www.clusteraudiovisual.cat\/es\/?s={search_term_string}\"},\"query-input\":{\"@type\":\"PropertyValueSpecification\",\"valueRequired\":true,\"valueName\":\"search_term_string\"}}],\"inLanguage\":\"es\"}]}<\/script>\n<!-- \/ Yoast SEO plugin. -->","yoast_head_json":{"title":"Av\u00eds legal - Cl\u00faster Audiovisual","robots":{"index":"index","follow":"follow","max-snippet":"max-snippet:-1","max-image-preview":"max-image-preview:large","max-video-preview":"max-video-preview:-1"},"canonical":"https:\/\/www.clusteraudiovisual.cat\/es\/avis-legal\/","og_locale":"es_ES","og_type":"article","og_title":"Av\u00eds legal - Cl\u00faster Audiovisual","og_url":"https:\/\/www.clusteraudiovisual.cat\/es\/avis-legal\/","og_site_name":"Cl\u00faster Audiovisual","article_modified_time":"2021-02-24T21:36:26+00:00","twitter_card":"summary_large_image","twitter_misc":{"Tiempo de lectura":"9 minutos"},"schema":{"@context":"https:\/\/schema.org","@graph":[{"@type":"WebPage","@id":"https:\/\/www.clusteraudiovisual.cat\/es\/avis-legal\/","url":"https:\/\/www.clusteraudiovisual.cat\/es\/avis-legal\/","name":"Av\u00eds legal - Cl\u00faster Audiovisual","isPartOf":{"@id":"https:\/\/www.clusteraudiovisual.cat\/es\/#website"},"datePublished":"2020-11-11T20:58:58+00:00","dateModified":"2021-02-24T21:36:26+00:00","inLanguage":"es","potentialAction":[{"@type":"ReadAction","target":["https:\/\/www.clusteraudiovisual.cat\/es\/avis-legal\/"]}]},{"@type":"WebSite","@id":"https:\/\/www.clusteraudiovisual.cat\/es\/#website","url":"https:\/\/www.clusteraudiovisual.cat\/es\/","name":"Cl\u00faster Audiovisual","description":"Associaci\u00f3 d&#039;empreses que integren el sector audiovisual.","potentialAction":[{"@type":"SearchAction","target":{"@type":"EntryPoint","urlTemplate":"https:\/\/www.clusteraudiovisual.cat\/es\/?s={search_term_string}"},"query-input":{"@type":"PropertyValueSpecification","valueRequired":true,"valueName":"search_term_string"}}],"inLanguage":"es"}]}},"_links":{"self":[{"href":"https:\/\/www.clusteraudiovisual.cat\/es\/wp-json\/wp\/v2\/pages\/9327","targetHints":{"allow":["GET"]}}],"collection":[{"href":"https:\/\/www.clusteraudiovisual.cat\/es\/wp-json\/wp\/v2\/pages"}],"about":[{"href":"https:\/\/www.clusteraudiovisual.cat\/es\/wp-json\/wp\/v2\/types\/page"}],"author":[{"embeddable":true,"href":"https:\/\/www.clusteraudiovisual.cat\/es\/wp-json\/wp\/v2\/users\/1"}],"replies":[{"embeddable":true,"href":"https:\/\/www.clusteraudiovisual.cat\/es\/wp-json\/wp\/v2\/comments?post=9327"}],"version-history":[{"count":0,"href":"https:\/\/www.clusteraudiovisual.cat\/es\/wp-json\/wp\/v2\/pages\/9327\/revisions"}],"wp:attachment":[{"href":"https:\/\/www.clusteraudiovisual.cat\/es\/wp-json\/wp\/v2\/media?parent=9327"}],"curies":[{"name":"wp","href":"https:\/\/api.w.org\/{rel}","templated":true}]}}