{"id":6943,"date":"2021-02-12T15:03:35","date_gmt":"2021-02-12T15:03:35","guid":{"rendered":"https:\/\/www.clusteraudiovisual.cat\/?page_id=6943"},"modified":"2026-01-05T13:25:38","modified_gmt":"2026-01-05T12:25:38","slug":"los-socios-del-cluster-audiovisual","status":"publish","type":"page","link":"https:\/\/www.clusteraudiovisual.cat\/es\/los-socios-del-cluster-audiovisual\/","title":{"rendered":"SOCIOS"},"content":{"rendered":"\n<style type=\"text\/css\" data-created_by=\"avia_inline_auto\" id=\"style-css-av-kkzwnloj-18bda138474b6732fc39987726ad96f6\">\n.avia-section.av-kkzwnloj-18bda138474b6732fc39987726ad96f6{\nbackground-color:#f1f5fa;\nbackground-image:unset;\n}\n<\/style>\n<div id='av_section_1'  class='avia-section av-kkzwnloj-18bda138474b6732fc39987726ad96f6 main_color avia-section-default avia-no-border-styling  avia-builder-el-0  el_before_av_one_full  avia-builder-el-first  avia-bg-style-scroll av-minimum-height av-minimum-height-custom av-height-custom  container_wrap fullsize'   data-av_minimum_height_px='288'><div class='container av-section-cont-open' style='height:288px'><main  role=\"main\" itemprop=\"mainContentOfPage\"  class='template-page content av-content-full alpha units'><div class='post-entry post-entry-type-page post-entry-6943'><div class='entry-content-wrapper clearfix'>\n\n<style type=\"text\/css\" data-created_by=\"avia_inline_auto\" id=\"style-css-av-27a7vd-44fb16a57346a04707570c3ac16c7a70\">\n.flex_column.av-27a7vd-44fb16a57346a04707570c3ac16c7a70{\nborder-radius:0px 0px 0px 0px;\npadding:0px 0px 0px 0px;\n}\n<\/style>\n<div  class='flex_column av-27a7vd-44fb16a57346a04707570c3ac16c7a70 av_three_fourth  avia-builder-el-1  el_before_av_one_fourth  avia-builder-el-first  first flex_column_div av-zero-column-padding  '     ><section  class='av_textblock_section av-2pad7d-d6064bd81fcdcae9752e728a2759a006 '   itemscope=\"itemscope\" itemtype=\"https:\/\/schema.org\/CreativeWork\" ><div class='avia_textblock'  itemprop=\"text\" ><h1><span style=\"color: #33485d;\">EMPRESAS SOCIAS<\/span><\/h1>\n<p>El Cl\u00faster Audiovisual de Catalu\u00f1a es una agrupaci\u00f3n de empresas de producci\u00f3n, servicios de producci\u00f3n, postproducci\u00f3n, plat\u00f3s y parques audiovisuales y tecnol\u00f3gicos, distribuci\u00f3n y exhibici\u00f3n, televisi\u00f3n radio y podcast, experiencias inmersivas (VR, XR, AR, metaverso y mapping), tecnolog\u00eda, comunicaci\u00f3n y publicidad, videojuegos, formaci\u00f3n, y eventos y servicios integrados.<\/p>\n<h5>\u00bfQuieres trabajar con nuestros socios? Selecciona por los filtros que necesitas.<\/h5>\n<\/div><\/section><\/div>\n<style type=\"text\/css\" data-created_by=\"avia_inline_auto\" id=\"style-css-av-27a7vd-3-9997bc9a08e73367d0c4a9d04c9363cb\">\n.flex_column.av-27a7vd-3-9997bc9a08e73367d0c4a9d04c9363cb{\nborder-radius:0px 0px 0px 0px;\npadding:0px 0px 0px 0px;\n}\n<\/style>\n<div  class='flex_column av-27a7vd-3-9997bc9a08e73367d0c4a9d04c9363cb av_one_fourth  avia-builder-el-3  el_after_av_three_fourth  avia-builder-el-last  flex_column_div av-zero-column-padding  '     ><p>\n<style type=\"text\/css\" data-created_by=\"avia_inline_auto\" id=\"style-css-av-kl10qhlx-ad8991f301dec318ea5fd3ce791e5713\">\n#top .hr.hr-invisible.av-kl10qhlx-ad8991f301dec318ea5fd3ce791e5713{\nheight:100px;\n}\n<\/style>\n<div  class='hr av-kl10qhlx-ad8991f301dec318ea5fd3ce791e5713 hr-invisible  avia-builder-el-4  el_before_av_textblock  avia-builder-el-first '><span class='hr-inner '><span class=\"hr-inner-style\"><\/span><\/span><\/div><br \/>\n<section  class='av_textblock_section av-2pad7d-2-2c4c8cbde35eccdf459aab0a27d06398 '   itemscope=\"itemscope\" itemtype=\"https:\/\/schema.org\/CreativeWork\" ><div class='avia_textblock'  itemprop=\"text\" ><h6 style=\"text-align: left;\"><strong><span style=\"color: #c44003;\">YA SOMOS<br \/>\n<\/span><\/strong><\/h6>\n<h2 style=\"text-align: left;\"><span style=\"color: #33485d;\">250<\/span><span style=\"color: #33485d;\">\u00a0EMPRESAS SOCIAS<\/span><\/h2>\n<\/div><\/section><br \/>\n\n<style type=\"text\/css\" data-created_by=\"avia_inline_auto\" id=\"style-css-av-kl10qhlx-1-6946b9bf384747237f4a0a734d898433\">\n#top .hr.hr-invisible.av-kl10qhlx-1-6946b9bf384747237f4a0a734d898433{\nheight:50px;\n}\n<\/style>\n<div  class='hr av-kl10qhlx-1-6946b9bf384747237f4a0a734d898433 hr-invisible  avia-builder-el-6  el_after_av_textblock  el_before_av_button '><span class='hr-inner '><span class=\"hr-inner-style\"><\/span><\/span><\/div><br \/>\n<div  class='avia-button-wrap av-kkzpy0pl-c228c0283bf818d42321cc0c650fe012-wrap avia-button-left  avia-builder-el-7  el_after_av_hr  avia-builder-el-last '>\n<style type=\"text\/css\" data-created_by=\"avia_inline_auto\" id=\"style-css-av-kkzpy0pl-c228c0283bf818d42321cc0c650fe012\">\n#top #wrap_all .avia-button.av-kkzpy0pl-c228c0283bf818d42321cc0c650fe012{\nbackground-color:#c44003;\nborder-color:#c44003;\ncolor:#ffffff;\ntransition:all 0.4s ease-in-out;\n}\n#top #wrap_all .avia-button.av-kkzpy0pl-c228c0283bf818d42321cc0c650fe012:hover{\nbackground-color:#ff8316;\ncolor:white;\ntransition:all 0.4s ease-in-out;\n}\n#top #wrap_all .avia-button.av-kkzpy0pl-c228c0283bf818d42321cc0c650fe012 .avia-svg-icon svg:first-child{\nfill:#ffffff;\nstroke:#ffffff;\n}\n#top #wrap_all .avia-button.av-kkzpy0pl-c228c0283bf818d42321cc0c650fe012:hover .avia-svg-icon svg:first-child{\nfill:white;\nstroke:white;\n}\n<\/style>\n<a href='https:\/\/www.clusteraudiovisual.cat\/es\/forman-part\/'  class='avia-button av-kkzpy0pl-c228c0283bf818d42321cc0c650fe012 av-link-btn avia-icon_select-no avia-size-medium avia-position-left'   aria-label=\"QUIERO SER SOCIO\"><span class='avia_iconbox_title' >QUIERO SER SOCIO<\/span><\/a><\/div><\/p><\/div><\/div><\/div><\/main><!-- close content main element --><\/div><\/div><div id='after_section_1'  class='main_color av_default_container_wrap container_wrap fullsize'  ><div class='container av-section-cont-open' ><div class='template-page content av-content-full alpha units'><div class='post-entry post-entry-type-page post-entry-6943'><div class='entry-content-wrapper clearfix'>\n<style type=\"text\/css\" data-created_by=\"avia_inline_auto\" id=\"style-css-av-9wsv3-44e16f581fc7864e3e1a093a5c69743d\">\n.flex_column.av-9wsv3-44e16f581fc7864e3e1a093a5c69743d{\nborder-radius:0px 0px 0px 0px;\npadding:0px 0px 0px 0px;\n}\n<\/style>\n<div  class='flex_column av-9wsv3-44e16f581fc7864e3e1a093a5c69743d av_one_full  avia-builder-el-8  el_after_av_section  avia-builder-el-no-sibling  first flex_column_div av-zero-column-padding  '     ><section  class='av_textblock_section av-kli2zm58-82d69ae22924819991cb95269b9c1d2f '   itemscope=\"itemscope\" itemtype=\"https:\/\/schema.org\/CreativeWork\" ><div class='avia_textblock'  itemprop=\"text\" >        \n    <div id=\"cav_socis\">\n    \n        <div id=\"cav_socis_filter_top\">\n        <\/div><div id=\"cav_socis_filters\" class=\"cav_socis_clumn\"> <div id=\"cav_socis_filters_inner\"><div id=\"soci_filters\">\r\n\r\n    <div style=\"display: none;\" id=\"filter_ajax_loader\" class=\"text-center\"><img decoding=\"async\" src=\"https:\/\/www.clusteraudiovisual.cat\/wp-content\/themes\/enfold-child\/img\/ajax-loader-lin-corto.gif\" alt=\"Load Socis\"\/><\/div>\r\n\r\n    <form id=\"filter\" name=\"filter\" style=\"display: none;\">\r\n\r\n        <h3 class=\"cav_filter_main_title\">Busca por:<\/h3>\r\n\r\n        <h3 class=\"cav_filter_title cav_filter_title_actv mt-5\">Actividades<\/h3><div class=\"form-group\"><select id=\"filter_cav_actv\" name=\"filter_cav_actv\" multiple=\"multiple\"><option value=\"545\">Comunicaci\u00f3n<\/option><option value=\"74\">Distribuci\u00f3n - Exhibici\u00f3n<\/option><option value=\"574\">Espacios Audiovisuales<\/option><option value=\"320\">Experiencias Inmersivas<\/option><option value=\"83\">Formaci\u00f3n<\/option><option value=\"591\">Integrated Systems<\/option><option value=\"592\">Podcast<\/option><option value=\"73\">Postproducci\u00f3n<\/option><option value=\"72\">Producci\u00f3n<\/option><option value=\"79\">Publicidad<\/option><option value=\"88\">Radio<\/option><option value=\"76\">Servicios<\/option><option value=\"593\">Tecnolog\u00eda<\/option><option value=\"78\">Televisi\u00f3n<\/option><option value=\"595\">Videojuego<\/option><\/select><\/div>\r\n        <h3 class=\"cav_filter_title cav_filter_title_serv mt-5\">Servicios\/Contenidos<\/h3><div class=\"form-group\"><select id=\"filter_cav_serv\" name=\"filter_cav_serv\" multiple=\"multiple\"><option value=\"597\">5G<\/option><option value=\"737\">Abogados<\/option><option value=\"738\">Agencias<\/option><option value=\"801\">Alquiler de equipos<\/option><option value=\"600\">Altavoces Inteligentes<\/option><option value=\"740\">Animaci\u00f3n<\/option><option value=\"741\">App<\/option><option value=\"745\">Archivos<\/option><option value=\"742\">Arte Gr\u00e1fico<\/option><option value=\"743\">Artes Esc\u00e9nicas<\/option><option value=\"744\">Artes Visuales<\/option><option value=\"748\">Big Data<\/option><option value=\"749\">Blockchain<\/option><option value=\"396\">Branded Content<\/option><option value=\"750\">Broadcast<\/option><option value=\"608\">Cines<\/option><option value=\"773\">Congresos<\/option><option value=\"775\">Cortometrajes<\/option><option value=\"196\">Digital<\/option><option value=\"777\">Dise\u00f1o<\/option><option value=\"779\">Doblaje<\/option><option value=\"611\">Drones<\/option><option value=\"683\">Edici\u00f3n<\/option><option value=\"783\">Escuelas<\/option><option value=\"781\">eSports<\/option><option value=\"613\">Estudios de grabaci\u00f3n<\/option><option value=\"547\">Eventos<\/option><option value=\"784\">Exposiciones<\/option><option value=\"786\">Factual<\/option><option value=\"198\">Festivales<\/option><option value=\"200\">Ficci\u00f3n<\/option><option value=\"789\">Formatos TV<\/option><option value=\"791\">Fotograf\u00eda<\/option><option value=\"590\">FP<\/option><option value=\"642\">Gesti\u00f3n de canales<\/option><option value=\"792\">Gestor\u00edas<\/option><option value=\"618\">Hologramas<\/option><option value=\"720\">Humanos Digitales<\/option><option value=\"795\">Infantil<\/option><option value=\"621\">Influencers<\/option><option value=\"793\">Inmersivo 360<\/option><option value=\"797\">Instalaciones<\/option><option value=\"769\">Inteligencia Artificial<\/option><option value=\"800\">Largometrajes<\/option><option value=\"802\">Locutores<\/option><option value=\"549\">Mapping<\/option><option value=\"569\">Material audiovisual<\/option><option value=\"771\">Medios de comunicaci\u00f3n<\/option><option value=\"799\">Metaverso<\/option><option value=\"798\">MICE<\/option><option value=\"803\">Mobile<\/option><option value=\"202\">Multimedia<\/option><option value=\"804\">Multiplataforma<\/option><option value=\"433\">Muse\u00edstica<\/option><option value=\"765\">M\u00fasica<\/option><option value=\"647\">NFT<\/option><option value=\"204\">No ficci\u00f3n<\/option><option value=\"256\">Noticias<\/option><option value=\"251\">Nube<\/option><option value=\"644\">Parques Audiovisuales<\/option><option value=\"806\">Parques tecnol\u00f3gicos<\/option><option value=\"578\">Plataformas OTT<\/option><option value=\"807\">Plataformes Virtuales<\/option><option value=\"258\">Plat\u00f3s<\/option><option value=\"760\">Producci\u00f3n Virtual<\/option><option value=\"723\">Publishers<\/option><option value=\"248\">Realidad Aumentada<\/option><option value=\"337\">Realidad Virtual<\/option><option value=\"808\">Salud<\/option><option value=\"244\">Series<\/option><option value=\"640\">Servicios de producci\u00f3n<\/option><option value=\"570\">Showrooms<\/option><option value=\"631\">Social Media<\/option><option value=\"584\">Software<\/option><option value=\"239\">Sonido<\/option><option value=\"257\">Streaming<\/option><option value=\"809\">Subtitulado<\/option><option value=\"810\">TDT<\/option><option value=\"586\">T\u00e9cnicos<\/option><option value=\"208\">Telecomunicaciones<\/option><option value=\"559\">Telemovies<\/option><option value=\"210\">TIC Audiovisual<\/option><option value=\"366\">Transcripci\u00f3n<\/option><option value=\"276\">Universidades<\/option><option value=\"212\">Vfx<\/option><option value=\"295\">Videconferencias<\/option><option value=\"246\">Videoclips<\/option><option value=\"524\">Videojuegos<\/option><option value=\"767\">Videopodcast<\/option><option value=\"264\">Web<\/option><\/select><\/div>\r\n        <button id=\"cav_clear_filters\">Borrar filtros<\/button>\r\n\r\n        <input type=\"hidden\" name=\"action\" id=\"action\" value=\"loadsocis\">\r\n        <input type=\"hidden\" name=\"filter_data_search\" id=\"filter_data_search\" value=\"\">\r\n\r\n    <\/form>\r\n\r\n    <div class=\"w-100 p-2 border-bottom\"><\/div>\r\n\r\n    <form id=\"filter_search\" style=\"display: none;\">\r\n\r\n        <h3 class=\"cav_filter_title cav_filter_title_search mt-5\"><label for=\"filter_cav_buscador\">BUSCADOR<\/label><\/h3>\r\n        <div class=\"filter_cav_buscador_container\">\r\n            <img decoding=\"async\" class=\"filter_cav_buscador_icon\" src=\"https:\/\/www.clusteraudiovisual.cat\/wp-content\/themes\/enfold-child\/img\/lupa.png\" alt=\"CAV Search\" \/>\r\n            <input id=\"filter_cav_buscador\" name=\"filter_cav_buscador\" type=\"text\" class=\"\" placeholder=\"\">\r\n            <input id=\"filter_cav_buscador_button\" type=\"submit\" value=\"Busca\">\r\n        <\/div>\r\n\r\n    <\/form>\r\n\r\n<\/div>\r\n <\/div> <\/div>        \n        <div id=\"cav_socis_content\" class=\"cav_socis_clumn\">\n\n            <div id=\"cav_socis_content_inner\"><div id=\"ajax_loader_container\" class=\"w-100 pb-3\"><div style=\"display: none;\" id=\"ajax_loader\" class=\"text-center\"><img decoding=\"async\" src=\"https:\/\/www.clusteraudiovisual.cat\/wp-content\/themes\/enfold-child\/img\/ajax-loader-lin-corto.gif\" alt=\"Load Socis\"\/><\/div><\/div>\n                <div id=\"cav_socis_list\"><div class=\"container\"><div class=\"row no-gutters pl-4 pr-4 ml-md-0\"><div data-title=\"023 produccion-es publicidad-es servicios-es  esdeveniments-es fotografia-es servicios-de-produccion \" data-actv=\"produccion-es publicidad-es servicios-es \" data-serv=\"esdeveniments-es fotografia-es servicios-de-produccion \" class=\"col-12 col-md-4 mb-4 border-bottom soci_box\"><div class=\"soci_item text-center\"><a class=\"soci_item_overlay\" data-fancybox=\"24186\" data-src=\"#selectableModal24186\" href=\"javascript:;\">023<\/a><div class=\"cav_fancy\" style=\"display: none;max-width:500px;\" id=\"selectableModal24186\">\r\n                        <div class=\"cav_fancy_logo text-center pb-4 border-bottom\"><img decoding=\"async\" class=\"soci_item_logo img-fluid\" src=\"https:\/\/www.clusteraudiovisual.cat\/wp-content\/uploads\/2022\/09\/LogoSoci_023.jpg\" alt=\"023\" title=\"023\" \/><\/div>\r\n                        <h3 class=\"cav_fancy_title\" data-selectable=\"true\">023<\/h3>\r\n                        <p class=\"cav_fancy_cat_actv\"><span>Producci\u00f3n<\/span><span>Publicidad<\/span><span>Servicios<\/span><\/p>\r\n                        <p class=\"cav_fancy_cat_serv\">Eventos<span class=\"separador_cats\">|<\/span>Fotograf\u00eda<span class=\"separador_cats\">|<\/span>Servicios de producci\u00f3n<span class=\"separador_cats\"<\/p>\r\n                        <p class=\"cav_fancy_description border-bottom\">Estudio creativo y productora audiovisual. Des de su sede en Barcelona, trabajan en todo el mundo con clientes corporativos para quien desarrollan contenidos creativos en formato audiovisual. La creatividad y la calidad de sus producciones han fidelizado marcas como HP, Seat, Isdin, Esade, o Henkel, entre otras.<\/p>\r\n                        <div class=\"cav_fancy_adress\"><p>C\/ Riera de Sant Miquel 54<\/p>\n<p>08006, Barcelona<\/p>\n<p>934 341 044<\/p>\n<p><a href=\"mailto:info@es023.com\" target=\"_blank\" rel=\"noopener\">info@es023.com<\/a><\/p>\n<p><a href=\"https:\/\/weare023.com\/ca\/\" target=\"_blank\" rel=\"noopener\">www.weare023.com<\/a><\/p>\n<\/div>\r\n                        <p class=\"cav_fancy_social\">  <a target=\"_blank\" href=\"https:\/\/www.instagram.com\/023.think.create.produce\/\"><img decoding=\"async\" src=\"https:\/\/www.clusteraudiovisual.cat\/wp-content\/themes\/enfold-child\/img\/icon-instagram.png\" alt=\"023 - Instagram\" \/><\/a> <a target=\"_blank\" href=\"https:\/\/www.youtube.com\/c\/023ThinkCreateProduce\"><img decoding=\"async\" src=\"https:\/\/www.clusteraudiovisual.cat\/wp-content\/themes\/enfold-child\/img\/icon-youtube.png\" alt=\"023 - Youtube\" \/><\/a> <a target=\"_blank\" href=\"https:\/\/www.linkedin.com\/company\/023thinkcreateproduce\/?originalSubdomain=es\"><img decoding=\"async\" src=\"https:\/\/www.clusteraudiovisual.cat\/wp-content\/themes\/enfold-child\/img\/icon-linkedin.png\" alt=\"023 - Linkedin\" \/><\/a><\/p>\r\n                <\/div><img decoding=\"async\" class=\"soci_item_logo img-fluid\" src=\"https:\/\/www.clusteraudiovisual.cat\/wp-content\/uploads\/2022\/09\/LogoSoci_023.jpg\" alt=\"023\" title=\"023\" \/>\r\n                    <div class=\"soci_list_activ_container\" style=\"width: 100%;background: none;\">\r\n                               <p class=\"soci_list_activ mb-0\"><span>Producci\u00f3n<\/span><span>Publicidad<\/span><span>Servicios<\/span><\/p>\r\n                               <p class=\"soci_list_serv mb-0\">Eventos<span class=\"separador_cats\">|<\/span>Fotograf\u00eda<span class=\"separador_cats\">|<\/span>Servicios de producci\u00f3n<span class=\"separador_cats\"<\/p>\r\n                    <\/div>\r\n                <\/div><\/div><div data-title=\"119 comunicacio-es postproduccion-es  diseno-es \" data-actv=\"comunicacio-es postproduccion-es \" data-serv=\"diseno-es \" class=\"col-12 col-md-4 mb-4 border-bottom soci_box\"><div class=\"soci_item text-center\"><a class=\"soci_item_overlay\" data-fancybox=\"33434\" data-src=\"#selectableModal33434\" href=\"javascript:;\">119<\/a><div class=\"cav_fancy\" style=\"display: none;max-width:500px;\" id=\"selectableModal33434\">\r\n                        <div class=\"cav_fancy_logo text-center pb-4 border-bottom\"><img decoding=\"async\" class=\"soci_item_logo img-fluid\" src=\"https:\/\/www.clusteraudiovisual.cat\/wp-content\/uploads\/2023\/06\/LogoSoci_119-1.jpg\" alt=\"119\" title=\"119\" \/><\/div>\r\n                        <h3 class=\"cav_fancy_title\" data-selectable=\"true\">119<\/h3>\r\n                        <p class=\"cav_fancy_cat_actv\"><span>Comunicaci\u00f3n<\/span><span>Postproducci\u00f3n<\/span><\/p>\r\n                        <p class=\"cav_fancy_cat_serv\">Dise\u00f1o<span class=\"separador_cats\"<\/p>\r\n                        <p class=\"cav_fancy_description border-bottom\">Estudio creativo de comunicaci\u00f3n, dise\u00f1o, audiovisuales e interactivos.<\/p>\r\n                        <div class=\"cav_fancy_adress\"><p>C\/ de les Tres Creus, 104<\/p>\n<p>08202, Sabadell<\/p>\n<p>677 150 916<\/p>\n<p><a href=\"https:\/\/119.media\/\" target=\"_blank\" rel=\"noopener\">www.119.media<\/a><\/p>\n<\/div>\r\n                        <p class=\"cav_fancy_social\"><a target=\"_blank\" href=\"https:\/\/twitter.com\/creueta119\"><img decoding=\"async\" src=\"https:\/\/www.clusteraudiovisual.cat\/wp-content\/themes\/enfold-child\/img\/twitter.png\" alt=\"119 - Twitter\" \/><\/a> <a target=\"_blank\" href=\"https:\/\/www.facebook.com\/creueta119\/?locale=es_ES\"><img decoding=\"async\" src=\"https:\/\/www.clusteraudiovisual.cat\/wp-content\/themes\/enfold-child\/img\/facebook.png\" alt=\"119 - Twitter\" \/><\/a> <a target=\"_blank\" href=\"https:\/\/www.instagram.com\/creueta119\"><img decoding=\"async\" src=\"https:\/\/www.clusteraudiovisual.cat\/wp-content\/themes\/enfold-child\/img\/icon-instagram.png\" alt=\"119 - Instagram\" \/><\/a>  <a target=\"_blank\" href=\"https:\/\/es.linkedin.com\/company\/creueta119\"><img decoding=\"async\" src=\"https:\/\/www.clusteraudiovisual.cat\/wp-content\/themes\/enfold-child\/img\/icon-linkedin.png\" alt=\"119 - Linkedin\" \/><\/a><\/p>\r\n                <\/div><img decoding=\"async\" class=\"soci_item_logo img-fluid\" src=\"https:\/\/www.clusteraudiovisual.cat\/wp-content\/uploads\/2023\/06\/LogoSoci_119-1.jpg\" alt=\"119\" title=\"119\" \/>\r\n                    <div class=\"soci_list_activ_container\" style=\"width: 100%;background: none;\">\r\n                               <p class=\"soci_list_activ mb-0\"><span>Comunicaci\u00f3n<\/span><span>Postproducci\u00f3n<\/span><\/p>\r\n                               <p class=\"soci_list_serv mb-0\">Dise\u00f1o<span class=\"separador_cats\"<\/p>\r\n                    <\/div>\r\n                <\/div><\/div><div data-title=\"abacus experiencias-inmersivas-es produccion-es  branded-content-es ficcion formatos-tv-es no-ficcion \" data-actv=\"experiencias-inmersivas-es produccion-es \" data-serv=\"branded-content-es ficcion formatos-tv-es no-ficcion \" class=\"col-12 col-md-4 mb-4 border-bottom soci_box\"><div class=\"soci_item text-center\"><a class=\"soci_item_overlay\" data-fancybox=\"16359\" data-src=\"#selectableModal16359\" href=\"javascript:;\">Abacus<\/a><div class=\"cav_fancy\" style=\"display: none;max-width:500px;\" id=\"selectableModal16359\">\r\n                        <div class=\"cav_fancy_logo text-center pb-4 border-bottom\"><img decoding=\"async\" class=\"soci_item_logo img-fluid\" src=\"https:\/\/www.clusteraudiovisual.cat\/wp-content\/uploads\/2021\/11\/45x15_logo-vectorial-Abacus-1_page-0001-1.jpg\" alt=\"Abacus\" title=\"Abacus\" \/><\/div>\r\n                        <h3 class=\"cav_fancy_title\" data-selectable=\"true\">Abacus<\/h3>\r\n                        <p class=\"cav_fancy_cat_actv\"><span>Experiencias Inmersivas<\/span><span>Producci\u00f3n<\/span><\/p>\r\n                        <p class=\"cav_fancy_cat_serv\">Branded Content<span class=\"separador_cats\">|<\/span>Ficci\u00f3n<span class=\"separador_cats\">|<\/span>Formatos TV<span class=\"separador_cats\">|<\/span>No ficci\u00f3n<span class=\"separador_cats\"<\/p>\r\n                        <p class=\"cav_fancy_description border-bottom\">Abacus es una cooperativa con al voluntad de transformar la experiencia y el consumo cultural, educativo y del ocio de manera colaborativa, responsable y sostenible. Bat a Bat es su productora audiovisual.<\/p>\r\n                        <div class=\"cav_fancy_adress\"><p>C\/ Per\u00fa 186<\/p>\n<p>08020, Barcelona<\/p>\n<p>932 178 166<\/p>\n<p><a href=\"https:\/\/www.abacus.coop\/ca\/home?resetlanguage=true\" target=\"_blank\" rel=\"noopener\">www.abacus.coop<\/a><\/p>\n<\/div>\r\n                        <p class=\"cav_fancy_social\"><a target=\"_blank\" href=\"https:\/\/twitter.com\/AbacusCoop\"><img decoding=\"async\" src=\"https:\/\/www.clusteraudiovisual.cat\/wp-content\/themes\/enfold-child\/img\/twitter.png\" alt=\"Abacus - Twitter\" \/><\/a> <a target=\"_blank\" href=\"https:\/\/ca-es.facebook.com\/Abacus.Coop\/\"><img decoding=\"async\" src=\"https:\/\/www.clusteraudiovisual.cat\/wp-content\/themes\/enfold-child\/img\/facebook.png\" alt=\"Abacus - Twitter\" \/><\/a> <a target=\"_blank\" href=\"https:\/\/www.instagram.com\/abacuscoop\/\"><img decoding=\"async\" src=\"https:\/\/www.clusteraudiovisual.cat\/wp-content\/themes\/enfold-child\/img\/icon-instagram.png\" alt=\"Abacus - Instagram\" \/><\/a> <a target=\"_blank\" href=\"https:\/\/www.youtube.com\/user\/abacuscooperativa\"><img decoding=\"async\" src=\"https:\/\/www.clusteraudiovisual.cat\/wp-content\/themes\/enfold-child\/img\/icon-youtube.png\" alt=\"Abacus - Youtube\" \/><\/a> <a target=\"_blank\" href=\"https:\/\/www.linkedin.com\/company\/abacus-cooperativa\/\"><img decoding=\"async\" src=\"https:\/\/www.clusteraudiovisual.cat\/wp-content\/themes\/enfold-child\/img\/icon-linkedin.png\" alt=\"Abacus - Linkedin\" \/><\/a><\/p>\r\n                <\/div><img decoding=\"async\" class=\"soci_item_logo img-fluid\" src=\"https:\/\/www.clusteraudiovisual.cat\/wp-content\/uploads\/2021\/11\/45x15_logo-vectorial-Abacus-1_page-0001-1.jpg\" alt=\"Abacus\" title=\"Abacus\" \/>\r\n                    <div class=\"soci_list_activ_container\" style=\"width: 100%;background: none;\">\r\n                               <p class=\"soci_list_activ mb-0\"><span>Experiencias Inmersivas<\/span><span>Producci\u00f3n<\/span><\/p>\r\n                               <p class=\"soci_list_serv mb-0\">Branded Content<span class=\"separador_cats\">|<\/span>Ficci\u00f3n<span class=\"separador_cats\">|<\/span>Formatos TV<span class=\"separador_cats\">|<\/span>No ficci\u00f3n<span class=\"separador_cats\"<\/p>\r\n                    <\/div>\r\n                <\/div><\/div><div data-title=\"acicac   8211  fundacio d  8217 agrupacio de cases d  8217 innovacio cultura i art de catalunya espais-audiovisuals-es  esdeveniments-es \" data-actv=\"espais-audiovisuals-es \" data-serv=\"esdeveniments-es \" class=\"col-12 col-md-4 mb-4 border-bottom soci_box\"><div class=\"soci_item text-center\"><a class=\"soci_item_overlay\" data-fancybox=\"36730\" data-src=\"#selectableModal36730\" href=\"javascript:;\">ACICAC &#8211; Fundaci\u00f3 d&#8217;Agrupaci\u00f3 de Cases d&#8217;Innovaci\u00f3 Cultura i Art de Catalunya<\/a><div class=\"cav_fancy\" style=\"display: none;max-width:500px;\" id=\"selectableModal36730\">\r\n                        <div class=\"cav_fancy_logo text-center pb-4 border-bottom\"><img decoding=\"async\" class=\"soci_item_logo img-fluid\" src=\"https:\/\/www.clusteraudiovisual.cat\/wp-content\/uploads\/2023\/10\/Acicac_LogoSoci.jpg\" alt=\"ACICAC &#8211; Fundaci\u00f3 d&#8217;Agrupaci\u00f3 de Cases d&#8217;Innovaci\u00f3 Cultura i Art de Catalunya\" title=\"ACICAC &#8211; Fundaci\u00f3 d&#8217;Agrupaci\u00f3 de Cases d&#8217;Innovaci\u00f3 Cultura i Art de Catalunya\" \/><\/div>\r\n                        <h3 class=\"cav_fancy_title\" data-selectable=\"true\">ACICAC &#8211; Fundaci\u00f3 d&#8217;Agrupaci\u00f3 de Cases d&#8217;Innovaci\u00f3 Cultura i Art de Catalunya<\/h3>\r\n                        <p class=\"cav_fancy_cat_actv\"><span>Espacios Audiovisuales<\/span><\/p>\r\n                        <p class=\"cav_fancy_cat_serv\">Eventos<span class=\"separador_cats\"<\/p>\r\n                        <p class=\"cav_fancy_description border-bottom\">Entidad sin \u00e1nimo de lucro cuyo objetivo es la recuperaci\u00f3n del patrimonio material e inmaterial de Catalu\u00f1a para darle una segunda vida, ligada a usos culturales ya la celebraci\u00f3n de eventos. Su principal espacio es Casa Rius, un lugar donde artistas y creadores trabajan y abierto al mundo empresarial, institucional y asociativo.<\/p>\r\n                        <div class=\"cav_fancy_adress\"><p>Passeig de Gr\u00e0cia, 114<\/p>\n<p>08008, Barcelona<\/p>\n<p>680 605 835<\/p>\n<p><a href=\"mailto:info@acicac.cat\" target=\"_blank\" rel=\"noopener\">info@acicac.cat<\/a><\/p>\n<p><a href=\"https:\/\/acicac.cat\/\" target=\"_blank\" rel=\"noopener\">www.acicac.cat<\/a><\/p>\n<\/div>\r\n                        <p class=\"cav_fancy_social\"><a target=\"_blank\" href=\"https:\/\/twitter.com\/acicac_cat?s=20\"><img decoding=\"async\" src=\"https:\/\/www.clusteraudiovisual.cat\/wp-content\/themes\/enfold-child\/img\/twitter.png\" alt=\"ACICAC &#8211; Fundaci\u00f3 d&#8217;Agrupaci\u00f3 de Cases d&#8217;Innovaci\u00f3 Cultura i Art de Catalunya - Twitter\" \/><\/a>  <a target=\"_blank\" href=\"https:\/\/www.instagram.com\/acicac_cat\/\"><img decoding=\"async\" src=\"https:\/\/www.clusteraudiovisual.cat\/wp-content\/themes\/enfold-child\/img\/icon-instagram.png\" alt=\"ACICAC &#8211; Fundaci\u00f3 d&#8217;Agrupaci\u00f3 de Cases d&#8217;Innovaci\u00f3 Cultura i Art de Catalunya - Instagram\" \/><\/a> <a target=\"_blank\" href=\"https:\/\/www.youtube.com\/@acicac_cat\/videos\"><img decoding=\"async\" src=\"https:\/\/www.clusteraudiovisual.cat\/wp-content\/themes\/enfold-child\/img\/icon-youtube.png\" alt=\"ACICAC &#8211; Fundaci\u00f3 d&#8217;Agrupaci\u00f3 de Cases d&#8217;Innovaci\u00f3 Cultura i Art de Catalunya - Youtube\" \/><\/a> <a target=\"_blank\" href=\"https:\/\/www.linkedin.com\/company\/fundaci%C3%B3-acicac\/\"><img decoding=\"async\" src=\"https:\/\/www.clusteraudiovisual.cat\/wp-content\/themes\/enfold-child\/img\/icon-linkedin.png\" alt=\"ACICAC &#8211; Fundaci\u00f3 d&#8217;Agrupaci\u00f3 de Cases d&#8217;Innovaci\u00f3 Cultura i Art de Catalunya - Linkedin\" \/><\/a><\/p>\r\n                <\/div><img decoding=\"async\" class=\"soci_item_logo img-fluid\" src=\"https:\/\/www.clusteraudiovisual.cat\/wp-content\/uploads\/2023\/10\/Acicac_LogoSoci.jpg\" alt=\"ACICAC &#8211; Fundaci\u00f3 d&#8217;Agrupaci\u00f3 de Cases d&#8217;Innovaci\u00f3 Cultura i Art de Catalunya\" title=\"ACICAC &#8211; Fundaci\u00f3 d&#8217;Agrupaci\u00f3 de Cases d&#8217;Innovaci\u00f3 Cultura i Art de Catalunya\" \/>\r\n                    <div class=\"soci_list_activ_container\" style=\"width: 100%;background: none;\">\r\n                               <p class=\"soci_list_activ mb-0\"><span>Espacios Audiovisuales<\/span><\/p>\r\n                               <p class=\"soci_list_serv mb-0\">Eventos<span class=\"separador_cats\"<\/p>\r\n                    <\/div>\r\n                <\/div><\/div><div data-title=\"agm abogados servicios-es  abogados-es \" data-actv=\"servicios-es \" data-serv=\"abogados-es \" class=\"col-12 col-md-4 mb-4 border-bottom soci_box\"><div class=\"soci_item text-center\"><a class=\"soci_item_overlay\" data-fancybox=\"41060\" data-src=\"#selectableModal41060\" href=\"javascript:;\">AGM Abogados<\/a><div class=\"cav_fancy\" style=\"display: none;max-width:500px;\" id=\"selectableModal41060\">\r\n                        <div class=\"cav_fancy_logo text-center pb-4 border-bottom\"><img decoding=\"async\" class=\"soci_item_logo img-fluid\" src=\"https:\/\/www.clusteraudiovisual.cat\/wp-content\/uploads\/2024\/06\/LogoSoci_AGM-Abogados.jpg\" alt=\"AGM Abogados\" title=\"AGM Abogados\" \/><\/div>\r\n                        <h3 class=\"cav_fancy_title\" data-selectable=\"true\">AGM Abogados<\/h3>\r\n                        <p class=\"cav_fancy_cat_actv\"><span>Servicios<\/span><\/p>\r\n                        <p class=\"cav_fancy_cat_serv\">Abogados<span class=\"separador_cats\"<\/p>\r\n                        <p class=\"cav_fancy_description border-bottom\">Firma de asesoramiento jur\u00eddico y financiero multidisciplinar con un recorrido de m\u00e1s de 35 a\u00f1os en el mercado legal. Trabajan junto con m\u00faltiples asociaciones, entidades y organismos que representan a diferentes colectivos y sectores en el mundo empresarial, econ\u00f3mico, educativo o cultural.<\/p>\r\n                        <div class=\"cav_fancy_adress\"><p>C\/ Pau Clar\u00eds, 139<\/p>\n<p>08009, Barcelona<\/p>\n<p>934 871 126<\/p>\n<p><a href=\"mailto:comunicacion@agmabogados.com\">comunicacion@agmabogados.com<\/a><\/p>\n<p><a href=\"https:\/\/www.agmabogados.com\/\" target=\"_blank\" rel=\"noopener\">www.agmabogados.com<\/a><\/p>\n<\/div>\r\n                        <p class=\"cav_fancy_social\"><a target=\"_blank\" href=\"https:\/\/x.com\/agmabogados\"><img decoding=\"async\" src=\"https:\/\/www.clusteraudiovisual.cat\/wp-content\/themes\/enfold-child\/img\/twitter.png\" alt=\"AGM Abogados - Twitter\" \/><\/a>  <a target=\"_blank\" href=\"https:\/\/www.instagram.com\/agmabogados\/\"><img decoding=\"async\" src=\"https:\/\/www.clusteraudiovisual.cat\/wp-content\/themes\/enfold-child\/img\/icon-instagram.png\" alt=\"AGM Abogados - Instagram\" \/><\/a> <a target=\"_blank\" href=\"https:\/\/www.youtube.com\/channel\/UCx2bG2puiJQalBiBjmKHo0g\"><img decoding=\"async\" src=\"https:\/\/www.clusteraudiovisual.cat\/wp-content\/themes\/enfold-child\/img\/icon-youtube.png\" alt=\"AGM Abogados - Youtube\" \/><\/a> <a target=\"_blank\" href=\"https:\/\/www.linkedin.com\/company\/agm-abogados\"><img decoding=\"async\" src=\"https:\/\/www.clusteraudiovisual.cat\/wp-content\/themes\/enfold-child\/img\/icon-linkedin.png\" alt=\"AGM Abogados - Linkedin\" \/><\/a><\/p>\r\n                <\/div><img decoding=\"async\" class=\"soci_item_logo img-fluid\" src=\"https:\/\/www.clusteraudiovisual.cat\/wp-content\/uploads\/2024\/06\/LogoSoci_AGM-Abogados.jpg\" alt=\"AGM Abogados\" title=\"AGM Abogados\" \/>\r\n                    <div class=\"soci_list_activ_container\" style=\"width: 100%;background: none;\">\r\n                               <p class=\"soci_list_activ mb-0\"><span>Servicios<\/span><\/p>\r\n                               <p class=\"soci_list_serv mb-0\">Abogados<span class=\"separador_cats\"<\/p>\r\n                    <\/div>\r\n                <\/div><\/div><div data-title=\"airmedia360 produccion-es servicios-es  drones-es servicios-de-produccion \" data-actv=\"produccion-es servicios-es \" data-serv=\"drones-es servicios-de-produccion \" class=\"col-12 col-md-4 mb-4 border-bottom soci_box\"><div class=\"soci_item text-center\"><a class=\"soci_item_overlay\" data-fancybox=\"45719\" data-src=\"#selectableModal45719\" href=\"javascript:;\">AIRMEDIA360<\/a><div class=\"cav_fancy\" style=\"display: none;max-width:500px;\" id=\"selectableModal45719\">\r\n                        <div class=\"cav_fancy_logo text-center pb-4 border-bottom\"><img decoding=\"async\" class=\"soci_item_logo img-fluid\" src=\"https:\/\/www.clusteraudiovisual.cat\/wp-content\/uploads\/2024\/12\/LogoSoci_AIRMEDIA360.jpg\" alt=\"AIRMEDIA360\" title=\"AIRMEDIA360\" \/><\/div>\r\n                        <h3 class=\"cav_fancy_title\" data-selectable=\"true\">AIRMEDIA360<\/h3>\r\n                        <p class=\"cav_fancy_cat_actv\"><span>Producci\u00f3n<\/span><span>Servicios<\/span><\/p>\r\n                        <p class=\"cav_fancy_cat_serv\">Drones<span class=\"separador_cats\">|<\/span>Servicios de producci\u00f3n<span class=\"separador_cats\"<\/p>\r\n                        <p class=\"cav_fancy_description border-bottom\">Ofrecen servicios de drones con un equipo de profesionales con m\u00e1s de 4.500 horas de vuelo y m\u00e1s de 3.000 producciones nacionales e internacionales. Est\u00e1n autorizados para volar en toda Europa y tienen experiencia en m\u00e1s de 12 pa\u00edses. Adem\u00e1s, cuentan con su propio taller de drones, donde sus ingenieros adaptan cada soluci\u00f3n a las necesidades del cliente.<\/p>\r\n                        <div class=\"cav_fancy_adress\"><p>Carrer de Permanyer, 241<\/p>\n<p>08205, Sabadell (Barcelona)<\/p>\n<p><i class=\"fa-solid fa-phone\"><\/i>931 978 532<\/p>\n<p><a href=\"https:\/\/airmedia360.com\/es\/\" target=\"_blank\" rel=\"noopener\">airmedia360.com<\/a><\/p>\n<\/div>\r\n                        <p class=\"cav_fancy_social\"><a target=\"_blank\" href=\"https:\/\/x.com\/airmedia360\"><img decoding=\"async\" src=\"https:\/\/www.clusteraudiovisual.cat\/wp-content\/themes\/enfold-child\/img\/twitter.png\" alt=\"AIRMEDIA360 - Twitter\" \/><\/a> <a target=\"_blank\" href=\"https:\/\/www.facebook.com\/airmedia360\/\"><img decoding=\"async\" src=\"https:\/\/www.clusteraudiovisual.cat\/wp-content\/themes\/enfold-child\/img\/facebook.png\" alt=\"AIRMEDIA360 - Twitter\" \/><\/a> <a target=\"_blank\" href=\"https:\/\/www.instagram.com\/airmedia360\/\"><img decoding=\"async\" src=\"https:\/\/www.clusteraudiovisual.cat\/wp-content\/themes\/enfold-child\/img\/icon-instagram.png\" alt=\"AIRMEDIA360 - Instagram\" \/><\/a> <a target=\"_blank\" href=\"https:\/\/www.youtube.com\/user\/Airmedia360\"><img decoding=\"async\" src=\"https:\/\/www.clusteraudiovisual.cat\/wp-content\/themes\/enfold-child\/img\/icon-youtube.png\" alt=\"AIRMEDIA360 - Youtube\" \/><\/a> <a target=\"_blank\" href=\"https:\/\/www.linkedin.com\/company\/airmedia360\/\"><img decoding=\"async\" src=\"https:\/\/www.clusteraudiovisual.cat\/wp-content\/themes\/enfold-child\/img\/icon-linkedin.png\" alt=\"AIRMEDIA360 - Linkedin\" \/><\/a><\/p>\r\n                <\/div><img decoding=\"async\" class=\"soci_item_logo img-fluid\" src=\"https:\/\/www.clusteraudiovisual.cat\/wp-content\/uploads\/2024\/12\/LogoSoci_AIRMEDIA360.jpg\" alt=\"AIRMEDIA360\" title=\"AIRMEDIA360\" \/>\r\n                    <div class=\"soci_list_activ_container\" style=\"width: 100%;background: none;\">\r\n                               <p class=\"soci_list_activ mb-0\"><span>Producci\u00f3n<\/span><span>Servicios<\/span><\/p>\r\n                               <p class=\"soci_list_serv mb-0\">Drones<span class=\"separador_cats\">|<\/span>Servicios de producci\u00f3n<span class=\"separador_cats\"<\/p>\r\n                    <\/div>\r\n                <\/div><\/div><div data-title=\"albadalejo espais-audiovisuals-es integrated-systems-es servicios-es tecnologia-es  alquiler-de-equipos-es esdeveniments-es instalaciones-es materials-audiovisuals-es servicios-de-produccion sonido tecnicos \" data-actv=\"espais-audiovisuals-es integrated-systems-es servicios-es tecnologia-es \" data-serv=\"alquiler-de-equipos-es esdeveniments-es instalaciones-es materials-audiovisuals-es servicios-de-produccion sonido tecnicos \" class=\"col-12 col-md-4 mb-4 border-bottom soci_box\"><div class=\"soci_item text-center\"><a class=\"soci_item_overlay\" data-fancybox=\"38380\" data-src=\"#selectableModal38380\" href=\"javascript:;\">Albadalejo<\/a><div class=\"cav_fancy\" style=\"display: none;max-width:500px;\" id=\"selectableModal38380\">\r\n                        <div class=\"cav_fancy_logo text-center pb-4 border-bottom\"><img decoding=\"async\" class=\"soci_item_logo img-fluid\" src=\"https:\/\/www.clusteraudiovisual.cat\/wp-content\/uploads\/2023\/12\/LogoSoci_Alba-Audiovisuals.jpg\" alt=\"Albadalejo\" title=\"Albadalejo\" \/><\/div>\r\n                        <h3 class=\"cav_fancy_title\" data-selectable=\"true\">Albadalejo<\/h3>\r\n                        <p class=\"cav_fancy_cat_actv\"><span>Espacios Audiovisuales<\/span><span>Integrated Systems<\/span><span>Servicios<\/span><span>Tecnolog\u00eda<\/span><\/p>\r\n                        <p class=\"cav_fancy_cat_serv\">Alquiler de equipos<span class=\"separador_cats\">|<\/span>Eventos<span class=\"separador_cats\">|<\/span>Instalaciones<span class=\"separador_cats\">|<\/span>Material audiovisual<span class=\"separador_cats\">|<\/span>Servicios de producci\u00f3n<span class=\"separador_cats\">|<\/span>Sonido<span class=\"separador_cats\">|<\/span>T\u00e9cnicos<span class=\"separador_cats\"<\/p>\r\n                        <p class=\"cav_fancy_description border-bottom\">Proveedores de alquiler de material audiovisual y producci\u00f3n t\u00e9cnica de eventos. Su experiencia de m\u00e1s de 30 a\u00f1os en el sector audiovisual les convierte en referente dentro del mercado europeo. Ofrecen servicios audiovisuales completos en luz, sonido y video.<\/p>\r\n                        <div class=\"cav_fancy_adress\"><p>C\/ De la Metal\u00b7l\u00fargia, 2<\/p>\n<p>08186, Lli\u00e7a d&#8217;Amunt, Barcelona<\/p>\n<p>938 634 150<\/p>\n<p><a href=\"mailto:info@albaaudiovisuals.com\" target=\"_blank\" rel=\"noopener\">info@albaaudiovisuals.com<\/a><\/p>\n<p><a href=\"https:\/\/www.albaaudiovisuals.com\/\" target=\"_blank\" rel=\"noopener\">albaaudiovisuals.com<\/a><\/p>\n<\/div>\r\n                        <p class=\"cav_fancy_social\">    <a target=\"_blank\" href=\"https:\/\/es.linkedin.com\/company\/albaaudiovisuals\"><img decoding=\"async\" src=\"https:\/\/www.clusteraudiovisual.cat\/wp-content\/themes\/enfold-child\/img\/icon-linkedin.png\" alt=\"Albadalejo - Linkedin\" \/><\/a><\/p>\r\n                <\/div><img decoding=\"async\" class=\"soci_item_logo img-fluid\" src=\"https:\/\/www.clusteraudiovisual.cat\/wp-content\/uploads\/2023\/12\/LogoSoci_Alba-Audiovisuals.jpg\" alt=\"Albadalejo\" title=\"Albadalejo\" \/>\r\n                    <div class=\"soci_list_activ_container\" style=\"width: 100%;background: none;\">\r\n                               <p class=\"soci_list_activ mb-0\"><span>Espacios Audiovisuales<\/span><span>Integrated Systems<\/span><span>Servicios<\/span><span>Tecnolog\u00eda<\/span><\/p>\r\n                               <p class=\"soci_list_serv mb-0\">Alquiler de equipos<span class=\"separador_cats\">|<\/span>Eventos<span class=\"separador_cats\">|<\/span>Instalaciones<span class=\"separador_cats\">|<\/span>Material audiovisual<span class=\"separador_cats\">|<\/span>Servicios de producci\u00f3n<span class=\"separador_cats\">|<\/span>Sonido<span class=\"separador_cats\">|<\/span>T\u00e9cnicos<span class=\"separador_cats\"<\/p>\r\n                    <\/div>\r\n                <\/div><\/div><div data-title=\"alder art studios espais-audiovisuals-es publicidad-es servicios-es  alquiler-de-equipos-es instalaciones-es platos-es streaming-es \" data-actv=\"espais-audiovisuals-es publicidad-es servicios-es \" data-serv=\"alquiler-de-equipos-es instalaciones-es platos-es streaming-es \" class=\"col-12 col-md-4 mb-4 border-bottom soci_box\"><div class=\"soci_item text-center\"><a class=\"soci_item_overlay\" data-fancybox=\"13695\" data-src=\"#selectableModal13695\" href=\"javascript:;\">Alder Art Studios<\/a><div class=\"cav_fancy\" style=\"display: none;max-width:500px;\" id=\"selectableModal13695\">\r\n                        <div class=\"cav_fancy_logo text-center pb-4 border-bottom\"><img decoding=\"async\" class=\"soci_item_logo img-fluid\" src=\"https:\/\/www.clusteraudiovisual.cat\/wp-content\/uploads\/2021\/07\/logo-3-1.jpg\" alt=\"Alder Art Studios\" title=\"Alder Art Studios\" \/><\/div>\r\n                        <h3 class=\"cav_fancy_title\" data-selectable=\"true\">Alder Art Studios<\/h3>\r\n                        <p class=\"cav_fancy_cat_actv\"><span>Espacios Audiovisuales<\/span><span>Publicidad<\/span><span>Servicios<\/span><\/p>\r\n                        <p class=\"cav_fancy_cat_serv\">Alquiler de equipos<span class=\"separador_cats\">|<\/span>Instalaciones<span class=\"separador_cats\">|<\/span>Plat\u00f3s<span class=\"separador_cats\">|<\/span>Streaming<span class=\"separador_cats\"<\/p>\r\n                        <p class=\"cav_fancy_description border-bottom\">Centro de producci\u00f3n audiovisual. Ofrecen servicios de alquiler de plat\u00f3s (equipados con ciclorama, croma verde y efecto lluvia), alquiler de c\u00e1maras de fotograf\u00eda y v\u00eddeo (\u00f3pticas, iluminaci\u00f3n, ra\u00edles, fondos y accesorios) y servicio de streaming.<\/p>\r\n                        <div class=\"cav_fancy_adress\"><p>C\/ Sagunt, 22<\/p>\n<p>08014, Barcelona<\/p>\n<p>602 475 984 \/ 635 053 773<\/p>\n<p><a href=\"mailto:info@alderartstudio.com\" target=\"_blank\" rel=\"noopener\">info@alderartstudio.com<\/a><\/p>\n<p><a href=\"https:\/\/alderartstudios.com\/\" target=\"_blank\" rel=\"noopener\">www.alderartstudios.com<\/a><\/p>\n<\/div>\r\n                        <p class=\"cav_fancy_social\"> <a target=\"_blank\" href=\"https:\/\/www.facebook.com\/alderartstudios\"><img decoding=\"async\" src=\"https:\/\/www.clusteraudiovisual.cat\/wp-content\/themes\/enfold-child\/img\/facebook.png\" alt=\"Alder Art Studios - Twitter\" \/><\/a> <a target=\"_blank\" href=\"https:\/\/www.instagram.com\/alderartstudios\/\"><img decoding=\"async\" src=\"https:\/\/www.clusteraudiovisual.cat\/wp-content\/themes\/enfold-child\/img\/icon-instagram.png\" alt=\"Alder Art Studios - Instagram\" \/><\/a>  <\/p>\r\n                <\/div><img decoding=\"async\" class=\"soci_item_logo img-fluid\" src=\"https:\/\/www.clusteraudiovisual.cat\/wp-content\/uploads\/2021\/07\/logo-3-1.jpg\" alt=\"Alder Art Studios\" title=\"Alder Art Studios\" \/>\r\n                    <div class=\"soci_list_activ_container\" style=\"width: 100%;background: none;\">\r\n                               <p class=\"soci_list_activ mb-0\"><span>Espacios Audiovisuales<\/span><span>Publicidad<\/span><span>Servicios<\/span><\/p>\r\n                               <p class=\"soci_list_serv mb-0\">Alquiler de equipos<span class=\"separador_cats\">|<\/span>Instalaciones<span class=\"separador_cats\">|<\/span>Plat\u00f3s<span class=\"separador_cats\">|<\/span>Streaming<span class=\"separador_cats\"<\/p>\r\n                    <\/div>\r\n                <\/div><\/div><div data-title=\"algam iberica distribucion integrated-systems-es  materials-audiovisuals-es musica-es sonido \" data-actv=\"distribucion integrated-systems-es \" data-serv=\"materials-audiovisuals-es musica-es sonido \" class=\"col-12 col-md-4 mb-4 border-bottom soci_box\"><div class=\"soci_item text-center\"><a class=\"soci_item_overlay\" data-fancybox=\"41386\" data-src=\"#selectableModal41386\" href=\"javascript:;\">Algam Ib\u00e9rica<\/a><div class=\"cav_fancy\" style=\"display: none;max-width:500px;\" id=\"selectableModal41386\">\r\n                        <div class=\"cav_fancy_logo text-center pb-4 border-bottom\"><img decoding=\"async\" class=\"soci_item_logo img-fluid\" src=\"https:\/\/www.clusteraudiovisual.cat\/wp-content\/uploads\/2024\/07\/LogoSoci_Algam-Iberica.jpg\" alt=\"Algam Ib\u00e9rica\" title=\"Algam Ib\u00e9rica\" \/><\/div>\r\n                        <h3 class=\"cav_fancy_title\" data-selectable=\"true\">Algam Ib\u00e9rica<\/h3>\r\n                        <p class=\"cav_fancy_cat_actv\"><span>Distribuci\u00f3n - Exhibici\u00f3n<\/span><span>Integrated Systems<\/span><\/p>\r\n                        <p class=\"cav_fancy_cat_serv\">Material audiovisual<span class=\"separador_cats\">|<\/span>M\u00fasica<span class=\"separador_cats\">|<\/span>Sonido<span class=\"separador_cats\"<\/p>\r\n                        <p class=\"cav_fancy_description border-bottom\">Dedicada a la distribuci\u00f3n de tecnolog\u00eda musical e instrumentos, formada por dos divisiones: Music Distribuci\u00f3, que se reconvierte en una divisi\u00f3n para el mercado retail, y Algam Enterprise Spain, enfocada en equipos profesionales de sonorizaci\u00f3n, sistemas audiovisuales y de control para integradores, instaladores, broadcasters y empresas de alquiler.<\/p>\r\n                        <div class=\"cav_fancy_adress\"><p>C\/ De Garcilaso, 11<\/p>\n<p>08027, Barcelona<\/p>\n<p class=\"footer-text \">934 221 811<\/p>\n<p><a href=\"mailto:soporte@algamiberica.com\">soporte@algamiberica.com<\/a><\/p>\n<p><a href=\"https:\/\/www.algamiberica.com\/ca\/\" target=\"_blank\" rel=\"noopener\">algamiberica.com<\/a><\/p>\n<\/div>\r\n                        <p class=\"cav_fancy_social\">    <\/p>\r\n                <\/div><img decoding=\"async\" class=\"soci_item_logo img-fluid\" src=\"https:\/\/www.clusteraudiovisual.cat\/wp-content\/uploads\/2024\/07\/LogoSoci_Algam-Iberica.jpg\" alt=\"Algam Ib\u00e9rica\" title=\"Algam Ib\u00e9rica\" \/>\r\n                    <div class=\"soci_list_activ_container\" style=\"width: 100%;background: none;\">\r\n                               <p class=\"soci_list_activ mb-0\"><span>Distribuci\u00f3n - Exhibici\u00f3n<\/span><span>Integrated Systems<\/span><\/p>\r\n                               <p class=\"soci_list_serv mb-0\">Material audiovisual<span class=\"separador_cats\">|<\/span>M\u00fasica<span class=\"separador_cats\">|<\/span>Sonido<span class=\"separador_cats\"<\/p>\r\n                    <\/div>\r\n                <\/div><\/div><div data-title=\"alguna pregunta comunicacio-es postproduccion-es produccion-es publicidad-es radio-es television-es  branded-content-es broadcast-es digital-es formatos-tv-es infantil-es no-ficcion sonido \" data-actv=\"comunicacio-es postproduccion-es produccion-es publicidad-es radio-es television-es \" data-serv=\"branded-content-es broadcast-es digital-es formatos-tv-es infantil-es no-ficcion sonido \" class=\"col-12 col-md-4 mb-4 border-bottom soci_box\"><div class=\"soci_item text-center\"><a class=\"soci_item_overlay\" data-fancybox=\"7985\" data-src=\"#selectableModal7985\" href=\"javascript:;\">Alguna pregunta<\/a><div class=\"cav_fancy\" style=\"display: none;max-width:500px;\" id=\"selectableModal7985\">\r\n                        <div class=\"cav_fancy_logo text-center pb-4 border-bottom\"><img decoding=\"async\" class=\"soci_item_logo img-fluid\" src=\"https:\/\/www.clusteraudiovisual.cat\/wp-content\/uploads\/2025\/10\/LogoSoci_AlgunaPregunta.jpg\" alt=\"Alguna pregunta\" title=\"Alguna pregunta\" \/><\/div>\r\n                        <h3 class=\"cav_fancy_title\" data-selectable=\"true\">Alguna pregunta<\/h3>\r\n                        <p class=\"cav_fancy_cat_actv\"><span>Comunicaci\u00f3n<\/span><span>Postproducci\u00f3n<\/span><span>Producci\u00f3n<\/span><span>Publicidad<\/span><span>Radio<\/span><span>Televisi\u00f3n<\/span><\/p>\r\n                        <p class=\"cav_fancy_cat_serv\">Branded Content<span class=\"separador_cats\">|<\/span>Broadcast<span class=\"separador_cats\">|<\/span>Digital<span class=\"separador_cats\">|<\/span>Formatos TV<span class=\"separador_cats\">|<\/span>Infantil<span class=\"separador_cats\">|<\/span>No ficci\u00f3n<span class=\"separador_cats\">|<\/span>Sonido<span class=\"separador_cats\"<\/p>\r\n                        <p class=\"cav_fancy_description border-bottom\">Productora de contenidos audiovisuales, especializada en programas de TV de entretenimiento. Su principal producci\u00f3n es APM? de TV3, pero tambi\u00e9n trabajan para Cuatro, La Sexta, Antena 3, Catalunya R\u00e0dio, la XAL o betev\u00e9.<\/p>\r\n                        <div class=\"cav_fancy_adress\"><p>Avinguda Diagonal 177, planta 12<\/p>\n<p>08018, Barcelona<\/p>\n<p>934 761 551<\/p>\n<p><a href=\"mailto:info@algunapregunta.tv\" target=\"_blank\" rel=\"noopener\">info@algunapregunta.tv<\/a><\/p>\n<p><a href=\"https:\/\/www.algunapregunta.tv\/ca\" target=\"_blank\" rel=\"noopener\">www.algunapregunta.tv<\/a><\/p>\n<\/div>\r\n                        <p class=\"cav_fancy_social\"><a target=\"_blank\" href=\"https:\/\/twitter.com\/Alguna_Pregunta\"><img decoding=\"async\" src=\"https:\/\/www.clusteraudiovisual.cat\/wp-content\/themes\/enfold-child\/img\/twitter.png\" alt=\"Alguna pregunta - Twitter\" \/><\/a> <a target=\"_blank\" href=\"https:\/\/www.facebook.com\/algunapreguntatv\"><img decoding=\"async\" src=\"https:\/\/www.clusteraudiovisual.cat\/wp-content\/themes\/enfold-child\/img\/facebook.png\" alt=\"Alguna pregunta - Twitter\" \/><\/a>  <a target=\"_blank\" href=\"https:\/\/www.youtube.com\/channel\/UCkt41aFjWH9CwZAc0l1LZwg\"><img decoding=\"async\" src=\"https:\/\/www.clusteraudiovisual.cat\/wp-content\/themes\/enfold-child\/img\/icon-youtube.png\" alt=\"Alguna pregunta - Youtube\" \/><\/a> <a target=\"_blank\" href=\"https:\/\/www.linkedin.com\/company\/20092739\/admin\/\"><img decoding=\"async\" src=\"https:\/\/www.clusteraudiovisual.cat\/wp-content\/themes\/enfold-child\/img\/icon-linkedin.png\" alt=\"Alguna pregunta - Linkedin\" \/><\/a><\/p>\r\n                <\/div><img decoding=\"async\" class=\"soci_item_logo img-fluid\" src=\"https:\/\/www.clusteraudiovisual.cat\/wp-content\/uploads\/2025\/10\/LogoSoci_AlgunaPregunta.jpg\" alt=\"Alguna pregunta\" title=\"Alguna pregunta\" \/>\r\n                    <div class=\"soci_list_activ_container\" style=\"width: 100%;background: none;\">\r\n                               <p class=\"soci_list_activ mb-0\"><span>Comunicaci\u00f3n<\/span><span>Postproducci\u00f3n<\/span><span>Producci\u00f3n<\/span><span>Publicidad<\/span><span>Radio<\/span><span>Televisi\u00f3n<\/span><\/p>\r\n                               <p class=\"soci_list_serv mb-0\">Branded Content<span class=\"separador_cats\">|<\/span>Broadcast<span class=\"separador_cats\">|<\/span>Digital<span class=\"separador_cats\">|<\/span>Formatos TV<span class=\"separador_cats\">|<\/span>Infantil<span class=\"separador_cats\">|<\/span>No ficci\u00f3n<span class=\"separador_cats\">|<\/span>Sonido<span class=\"separador_cats\"<\/p>\r\n                    <\/div>\r\n                <\/div><\/div><div data-title=\"antaviana films postproduccion-es publicidad-es television-es  ficcion inmersivo-360-es inteligencia-artificial produccion-virtual realidad-virtual vfx-es \" data-actv=\"postproduccion-es publicidad-es television-es \" data-serv=\"ficcion inmersivo-360-es inteligencia-artificial produccion-virtual realidad-virtual vfx-es \" class=\"col-12 col-md-4 mb-4 border-bottom soci_box\"><div class=\"soci_item text-center\"><a class=\"soci_item_overlay\" data-fancybox=\"8090\" data-src=\"#selectableModal8090\" href=\"javascript:;\">Antaviana Films<\/a><div class=\"cav_fancy\" style=\"display: none;max-width:500px;\" id=\"selectableModal8090\">\r\n                        <div class=\"cav_fancy_logo text-center pb-4 border-bottom\"><img decoding=\"async\" class=\"soci_item_logo img-fluid\" src=\"https:\/\/www.clusteraudiovisual.cat\/wp-content\/uploads\/2015\/06\/Antaviana_RGB-2.jpg\" alt=\"Antaviana Films\" title=\"Antaviana Films\" \/><\/div>\r\n                        <h3 class=\"cav_fancy_title\" data-selectable=\"true\">Antaviana Films<\/h3>\r\n                        <p class=\"cav_fancy_cat_actv\"><span>Postproducci\u00f3n<\/span><span>Publicidad<\/span><span>Televisi\u00f3n<\/span><\/p>\r\n                        <p class=\"cav_fancy_cat_serv\">Ficci\u00f3n<span class=\"separador_cats\">|<\/span>Inmersivo 360<span class=\"separador_cats\">|<\/span>Inteligencia Artificial<span class=\"separador_cats\">|<\/span>Producci\u00f3n Virtual<span class=\"separador_cats\">|<\/span>Realidad Virtual<span class=\"separador_cats\">|<\/span>Vfx<span class=\"separador_cats\"<\/p>\r\n                        <p class=\"cav_fancy_description border-bottom\">Acumulan m\u00e1s de 30 a\u00f1os en el sector de la postproducci\u00f3n con proyectos nacionales e internacionales, pel\u00edculas y festivales premiados, documentales comprometidos, series de culto, cine de gran formato Imax, campa\u00f1as publicitarias ambiciosas, pel\u00edculas en 3D, realidad virtual.<\/p>\r\n                        <div class=\"cav_fancy_adress\"><p dir=\"ltr\">C\/ Rossell\u00f3, 34, baixos<\/p>\n<p dir=\"ltr\">08029, Barcelona<\/p>\n<p dir=\"ltr\">931 439 044<\/p>\n<p dir=\"ltr\"><a href=\"mailto:info@antavianafilms.com\" target=\"_blank\" rel=\"noopener\">info@antavianafilms.com<\/a><\/p>\n<p dir=\"ltr\"><a href=\"https:\/\/antavianafilms.com\/\" target=\"_blank\" rel=\"noopener\">www.antavianafilms.com<\/a><\/p>\n<\/div>\r\n                        <p class=\"cav_fancy_social\"><a target=\"_blank\" href=\"https:\/\/twitter.com\/antavianafilms?lang=ca\"><img decoding=\"async\" src=\"https:\/\/www.clusteraudiovisual.cat\/wp-content\/themes\/enfold-child\/img\/twitter.png\" alt=\"Antaviana Films - Twitter\" \/><\/a> <a target=\"_blank\" href=\"https:\/\/www.facebook.com\/Antaviana-Films-238057673209786\/\"><img decoding=\"async\" src=\"https:\/\/www.clusteraudiovisual.cat\/wp-content\/themes\/enfold-child\/img\/facebook.png\" alt=\"Antaviana Films - Twitter\" \/><\/a> <a target=\"_blank\" href=\"https:\/\/www.instagram.com\/antaviana_films\/\"><img decoding=\"async\" src=\"https:\/\/www.clusteraudiovisual.cat\/wp-content\/themes\/enfold-child\/img\/icon-instagram.png\" alt=\"Antaviana Films - Instagram\" \/><\/a>  <\/p>\r\n                <\/div><img decoding=\"async\" class=\"soci_item_logo img-fluid\" src=\"https:\/\/www.clusteraudiovisual.cat\/wp-content\/uploads\/2015\/06\/Antaviana_RGB-2.jpg\" alt=\"Antaviana Films\" title=\"Antaviana Films\" \/>\r\n                    <div class=\"soci_list_activ_container\" style=\"width: 100%;background: none;\">\r\n                               <p class=\"soci_list_activ mb-0\"><span>Postproducci\u00f3n<\/span><span>Publicidad<\/span><span>Televisi\u00f3n<\/span><\/p>\r\n                               <p class=\"soci_list_serv mb-0\">Ficci\u00f3n<span class=\"separador_cats\">|<\/span>Inmersivo 360<span class=\"separador_cats\">|<\/span>Inteligencia Artificial<span class=\"separador_cats\">|<\/span>Producci\u00f3n Virtual<span class=\"separador_cats\">|<\/span>Realidad Virtual<span class=\"separador_cats\">|<\/span>Vfx<span class=\"separador_cats\"<\/p>\r\n                    <\/div>\r\n                <\/div><\/div><div data-title=\"apocalipsis producciones distribucion postproduccion-es produccion-es servicios-es television-es  animacion-es cortometrajes-es ficcion formatos-tv-es fotografia-es infantil-es no-ficcion eries sonido subtitulado-es videoclips-es \" data-actv=\"distribucion postproduccion-es produccion-es servicios-es television-es \" data-serv=\"animacion-es cortometrajes-es ficcion formatos-tv-es fotografia-es infantil-es no-ficcion eries sonido subtitulado-es videoclips-es \" class=\"col-12 col-md-4 mb-4 border-bottom soci_box\"><div class=\"soci_item text-center\"><a class=\"soci_item_overlay\" data-fancybox=\"10459\" data-src=\"#selectableModal10459\" href=\"javascript:;\">Apocalipsis Producciones<\/a><div class=\"cav_fancy\" style=\"display: none;max-width:500px;\" id=\"selectableModal10459\">\r\n                        <div class=\"cav_fancy_logo text-center pb-4 border-bottom\"><img decoding=\"async\" class=\"soci_item_logo img-fluid\" src=\"https:\/\/www.clusteraudiovisual.cat\/wp-content\/uploads\/2021\/03\/05-1.jpg\" alt=\"Apocalipsis Producciones\" title=\"Apocalipsis Producciones\" \/><\/div>\r\n                        <h3 class=\"cav_fancy_title\" data-selectable=\"true\">Apocalipsis Producciones<\/h3>\r\n                        <p class=\"cav_fancy_cat_actv\"><span>Distribuci\u00f3n - Exhibici\u00f3n<\/span><span>Postproducci\u00f3n<\/span><span>Producci\u00f3n<\/span><span>Servicios<\/span><span>Televisi\u00f3n<\/span><\/p>\r\n                        <p class=\"cav_fancy_cat_serv\">Animaci\u00f3n<span class=\"separador_cats\">|<\/span>Cortometrajes<span class=\"separador_cats\">|<\/span>Ficci\u00f3n<span class=\"separador_cats\">|<\/span>Formatos TV<span class=\"separador_cats\">|<\/span>Fotograf\u00eda<span class=\"separador_cats\">|<\/span>Infantil<span class=\"separador_cats\">|<\/span>No ficci\u00f3n<span class=\"separador_cats\">|<\/span>Series<span class=\"separador_cats\">|<\/span>Sonido<span class=\"separador_cats\">|<\/span>Subtitulado<span class=\"separador_cats\">|<\/span>Videoclips<span class=\"separador_cats\"<\/p>\r\n                        <p class=\"cav_fancy_description border-bottom\">Productora audiovisual de cine y televisi\u00f3n: largometrajes, series y publicidad.<\/p>\r\n                        <div class=\"cav_fancy_adress\"><p>C\/ Gran de Gr\u00e0cia 15, 2n 2\u00aa<\/p>\n<p>08012, Barcelona<\/p>\n<p>932 171 196<\/p>\n<p><a class=\"wixui-rich-text__text\" href=\"mailto:info@apocalipsisproducciones.com\" data-auto-recognition=\"true\">info@apocalipsisproducciones.com<\/a><\/p>\n<p><a href=\"https:\/\/www.apocalipsisproducciones.com\/\">www.apocalipsisproducciones.com<\/a><\/p>\n<\/div>\r\n                        <p class=\"cav_fancy_social\"> <a target=\"_blank\" href=\"https:\/\/www.facebook.com\/apocalipsisproductions\/\"><img decoding=\"async\" src=\"https:\/\/www.clusteraudiovisual.cat\/wp-content\/themes\/enfold-child\/img\/facebook.png\" alt=\"Apocalipsis Producciones - Twitter\" \/><\/a> <a target=\"_blank\" href=\"https:\/\/www.instagram.com\/apocalipsisproducciones\/\"><img decoding=\"async\" src=\"https:\/\/www.clusteraudiovisual.cat\/wp-content\/themes\/enfold-child\/img\/icon-instagram.png\" alt=\"Apocalipsis Producciones - Instagram\" \/><\/a> <a target=\"_blank\" href=\"https:\/\/www.youtube.com\/channel\/UCLvDhBcLYE8i7wSh-Dv3tPw\"><img decoding=\"async\" src=\"https:\/\/www.clusteraudiovisual.cat\/wp-content\/themes\/enfold-child\/img\/icon-youtube.png\" alt=\"Apocalipsis Producciones - Youtube\" \/><\/a> <a target=\"_blank\" href=\"https:\/\/www.linkedin.com\/company\/apocalipsis-producciones\/\"><img decoding=\"async\" src=\"https:\/\/www.clusteraudiovisual.cat\/wp-content\/themes\/enfold-child\/img\/icon-linkedin.png\" alt=\"Apocalipsis Producciones - Linkedin\" \/><\/a><\/p>\r\n                <\/div><img decoding=\"async\" class=\"soci_item_logo img-fluid\" src=\"https:\/\/www.clusteraudiovisual.cat\/wp-content\/uploads\/2021\/03\/05-1.jpg\" alt=\"Apocalipsis Producciones\" title=\"Apocalipsis Producciones\" \/>\r\n                    <div class=\"soci_list_activ_container\" style=\"width: 100%;background: none;\">\r\n                               <p class=\"soci_list_activ mb-0\"><span>Distribuci\u00f3n - Exhibici\u00f3n<\/span><span>Postproducci\u00f3n<\/span><span>Producci\u00f3n<\/span><span>Servicios<\/span><span>Televisi\u00f3n<\/span><\/p>\r\n                               <p class=\"soci_list_serv mb-0\">Animaci\u00f3n<span class=\"separador_cats\">|<\/span>Cortometrajes<span class=\"separador_cats\">|<\/span>Ficci\u00f3n<span class=\"separador_cats\">|<\/span>Formatos TV<span class=\"separador_cats\">|<\/span>Fotograf\u00eda<span class=\"separador_cats\">|<\/span>Infantil<span class=\"separador_cats\">|<\/span>No ficci\u00f3n<span class=\"separador_cats\">|<\/span>Series<span class=\"separador_cats\">|<\/span>Sonido<span class=\"separador_cats\">|<\/span>Subtitulado<span class=\"separador_cats\">|<\/span>Videoclips<span class=\"separador_cats\"<\/p>\r\n                    <\/div>\r\n                <\/div><\/div><div data-title=\"appia espais-audiovisuals-es integrated-systems-es produccion-es servicios-es tecnologia-es  metaverso-es produccion-virtual realidad-aumentada realidad-virtual servicios-de-produccion \" data-actv=\"espais-audiovisuals-es integrated-systems-es produccion-es servicios-es tecnologia-es \" data-serv=\"metaverso-es produccion-virtual realidad-aumentada realidad-virtual servicios-de-produccion \" class=\"col-12 col-md-4 mb-4 border-bottom soci_box\"><div class=\"soci_item text-center\"><a class=\"soci_item_overlay\" data-fancybox=\"39870\" data-src=\"#selectableModal39870\" href=\"javascript:;\">APPIA<\/a><div class=\"cav_fancy\" style=\"display: none;max-width:500px;\" id=\"selectableModal39870\">\r\n                        <div class=\"cav_fancy_logo text-center pb-4 border-bottom\"><img decoding=\"async\" class=\"soci_item_logo img-fluid\" src=\"https:\/\/www.clusteraudiovisual.cat\/wp-content\/uploads\/2024\/02\/LogoSoci_APPIA.jpg\" alt=\"APPIA\" title=\"APPIA\" \/><\/div>\r\n                        <h3 class=\"cav_fancy_title\" data-selectable=\"true\">APPIA<\/h3>\r\n                        <p class=\"cav_fancy_cat_actv\"><span>Espacios Audiovisuales<\/span><span>Integrated Systems<\/span><span>Producci\u00f3n<\/span><span>Servicios<\/span><span>Tecnolog\u00eda<\/span><\/p>\r\n                        <p class=\"cav_fancy_cat_serv\">Metaverso<span class=\"separador_cats\">|<\/span>Producci\u00f3n Virtual<span class=\"separador_cats\">|<\/span>Realidad Aumentada<span class=\"separador_cats\">|<\/span>Realidad Virtual<span class=\"separador_cats\">|<\/span>Servicios de producci\u00f3n<span class=\"separador_cats\"<\/p>\r\n                        <p class=\"cav_fancy_description border-bottom\">Agencia de producci\u00f3n virtual y XR. Especializados en la creaci\u00f3n de contenido para la producci\u00f3n virtual y expertos en Unreal Engine.<\/p>\r\n                        <div class=\"cav_fancy_adress\"><p>C\/ Balmes, 177<\/p>\n<p>08006, Barcelona<\/p>\n<p>618 756 392<\/p>\n<p>info@appia.agency<\/p>\n<p><a href=\"https:\/\/www.appia.agency\/\" target=\"_blank\" rel=\"noopener\">www.appia.agency<\/a><\/p>\n<\/div>\r\n                        <p class=\"cav_fancy_social\">  <a target=\"_blank\" href=\"https:\/\/www.instagram.com\/appia.agency\/?hl=en\"><img decoding=\"async\" src=\"https:\/\/www.clusteraudiovisual.cat\/wp-content\/themes\/enfold-child\/img\/icon-instagram.png\" alt=\"APPIA - Instagram\" \/><\/a> <a target=\"_blank\" href=\"https:\/\/www.youtube.com\/channel\/UCZm5ylvDRrayX9kkcQ4fhig\"><img decoding=\"async\" src=\"https:\/\/www.clusteraudiovisual.cat\/wp-content\/themes\/enfold-child\/img\/icon-youtube.png\" alt=\"APPIA - Youtube\" \/><\/a> <a target=\"_blank\" href=\"https:\/\/es.linkedin.com\/company\/appiagency\"><img decoding=\"async\" src=\"https:\/\/www.clusteraudiovisual.cat\/wp-content\/themes\/enfold-child\/img\/icon-linkedin.png\" alt=\"APPIA - Linkedin\" \/><\/a><\/p>\r\n                <\/div><img decoding=\"async\" class=\"soci_item_logo img-fluid\" src=\"https:\/\/www.clusteraudiovisual.cat\/wp-content\/uploads\/2024\/02\/LogoSoci_APPIA.jpg\" alt=\"APPIA\" title=\"APPIA\" \/>\r\n                    <div class=\"soci_list_activ_container\" style=\"width: 100%;background: none;\">\r\n                               <p class=\"soci_list_activ mb-0\"><span>Espacios Audiovisuales<\/span><span>Integrated Systems<\/span><span>Producci\u00f3n<\/span><span>Servicios<\/span><span>Tecnolog\u00eda<\/span><\/p>\r\n                               <p class=\"soci_list_serv mb-0\">Metaverso<span class=\"separador_cats\">|<\/span>Producci\u00f3n Virtual<span class=\"separador_cats\">|<\/span>Realidad Aumentada<span class=\"separador_cats\">|<\/span>Realidad Virtual<span class=\"separador_cats\">|<\/span>Servicios de producci\u00f3n<span class=\"separador_cats\"<\/p>\r\n                    <\/div>\r\n                <\/div><\/div><div data-title=\"arslegal servicios-es  abogados-es \" data-actv=\"servicios-es \" data-serv=\"abogados-es \" class=\"col-12 col-md-4 mb-4 border-bottom soci_box\"><div class=\"soci_item text-center\"><a class=\"soci_item_overlay\" data-fancybox=\"40195\" data-src=\"#selectableModal40195\" href=\"javascript:;\">ArsLegal<\/a><div class=\"cav_fancy\" style=\"display: none;max-width:500px;\" id=\"selectableModal40195\">\r\n                        <div class=\"cav_fancy_logo text-center pb-4 border-bottom\"><img decoding=\"async\" class=\"soci_item_logo img-fluid\" src=\"https:\/\/www.clusteraudiovisual.cat\/wp-content\/uploads\/2024\/03\/LogoSoci_ArsLegal.jpg\" alt=\"ArsLegal\" title=\"ArsLegal\" \/><\/div>\r\n                        <h3 class=\"cav_fancy_title\" data-selectable=\"true\">ArsLegal<\/h3>\r\n                        <p class=\"cav_fancy_cat_actv\"><span>Servicios<\/span><\/p>\r\n                        <p class=\"cav_fancy_cat_serv\">Abogados<span class=\"separador_cats\"<\/p>\r\n                        <p class=\"cav_fancy_description border-bottom\">Firma de abogados, economistas, asesores fiscales expertos en negocios. Asesoran en propiedad intelectual, derecho concursal, insolvencias y reestructuraci\u00f3n, fusiones y adquisiciones, y fiscalidad nacional e internacional.<\/p>\r\n                        <div class=\"cav_fancy_adress\"><p>Passeig de Gr\u00e0cia 58, 4 &#8211; 2<\/p>\n<p>08007, Barcelona<\/p>\n<p>934 872 842<\/p>\n<p><a href=\"https:\/\/ars.legal\/\" target=\"_blank\" rel=\"noopener\">www.ars.legal<\/a><\/p>\n<\/div>\r\n                        <p class=\"cav_fancy_social\">    <a target=\"_blank\" href=\"https:\/\/www.linkedin.com\/company\/ars-legal-lawyers-and-tax-advisors\"><img decoding=\"async\" src=\"https:\/\/www.clusteraudiovisual.cat\/wp-content\/themes\/enfold-child\/img\/icon-linkedin.png\" alt=\"ArsLegal - Linkedin\" \/><\/a><\/p>\r\n                <\/div><img decoding=\"async\" class=\"soci_item_logo img-fluid\" src=\"https:\/\/www.clusteraudiovisual.cat\/wp-content\/uploads\/2024\/03\/LogoSoci_ArsLegal.jpg\" alt=\"ArsLegal\" title=\"ArsLegal\" \/>\r\n                    <div class=\"soci_list_activ_container\" style=\"width: 100%;background: none;\">\r\n                               <p class=\"soci_list_activ mb-0\"><span>Servicios<\/span><\/p>\r\n                               <p class=\"soci_list_serv mb-0\">Abogados<span class=\"separador_cats\"<\/p>\r\n                    <\/div>\r\n                <\/div><\/div><div data-title=\"artv comms   038  pr studio comunicacio-es  \" data-actv=\"comunicacio-es \" data-serv=\"\" class=\"col-12 col-md-4 mb-4 border-bottom soci_box\"><div class=\"soci_item text-center\"><a class=\"soci_item_overlay\" data-fancybox=\"21738\" data-src=\"#selectableModal21738\" href=\"javascript:;\">ARTV Comms &#038; PR Studio<\/a><div class=\"cav_fancy\" style=\"display: none;max-width:500px;\" id=\"selectableModal21738\">\r\n                        <div class=\"cav_fancy_logo text-center pb-4 border-bottom\"><img decoding=\"async\" class=\"soci_item_logo img-fluid\" src=\"https:\/\/www.clusteraudiovisual.cat\/wp-content\/uploads\/2022\/03\/LogoSoci_ARTV.jpg\" alt=\"ARTV Comms &#038; PR Studio\" title=\"ARTV Comms &#038; PR Studio\" \/><\/div>\r\n                        <h3 class=\"cav_fancy_title\" data-selectable=\"true\">ARTV Comms &#038; PR Studio<\/h3>\r\n                        <p class=\"cav_fancy_cat_actv\"><span>Comunicaci\u00f3n<\/span><\/p>\r\n                        <p class=\"cav_fancy_cat_serv\"><\/p>\r\n                        <p class=\"cav_fancy_description border-bottom\">Estudio de comunicaci\u00f3n y PR. ARTV conceptualiza y ejecuta campa\u00f1as de comunicaci\u00f3n para empresas, marcas y proyectos de los sectores de la innovaci\u00f3n, el audiovisual, la tecnolog\u00eda y el emprendimiento cultural. ARTV se especializa en el gabinete de prensa y la gesti\u00f3n de contenidos creativos y personalizados.\r\n\r\n<\/p>\r\n                        <div class=\"cav_fancy_adress\"><p>C\/ Septim\u00e0nia 57<\/p>\n<p>08006, Barcelona<\/p>\n<p>645 783 134<\/p>\n<p><a href=\"mailto:tatiana@artv.es\" target=\"_blank\" rel=\"noopener\">tatiana@artv.es<\/a> \/ <a href=\"mailto:adriana@artv.es\" target=\"_blank\" rel=\"noopener\">adriana@artv.es<\/a><\/p>\n<p><a href=\"https:\/\/artv.es\/\">www.artv.es<\/a><\/p>\n<\/div>\r\n                        <p class=\"cav_fancy_social\">  <a target=\"_blank\" href=\"https:\/\/www.instagram.com\/artvstudio\/\"><img decoding=\"async\" src=\"https:\/\/www.clusteraudiovisual.cat\/wp-content\/themes\/enfold-child\/img\/icon-instagram.png\" alt=\"ARTV Comms &#038; PR Studio - Instagram\" \/><\/a>  <\/p>\r\n                <\/div><img decoding=\"async\" class=\"soci_item_logo img-fluid\" src=\"https:\/\/www.clusteraudiovisual.cat\/wp-content\/uploads\/2022\/03\/LogoSoci_ARTV.jpg\" alt=\"ARTV Comms &#038; PR Studio\" title=\"ARTV Comms &#038; PR Studio\" \/>\r\n                    <div class=\"soci_list_activ_container\" style=\"width: 100%;background: none;\">\r\n                               <p class=\"soci_list_activ mb-0\"><span>Comunicaci\u00f3n<\/span><\/p>\r\n                               <p class=\"soci_list_serv mb-0\"><\/p>\r\n                    <\/div>\r\n                <\/div><\/div><div data-title=\"aruba producciones produccion-es radio-es television-es  formatos-tv-es \" data-actv=\"produccion-es radio-es television-es \" data-serv=\"formatos-tv-es \" class=\"col-12 col-md-4 mb-4 border-bottom soci_box\"><div class=\"soci_item text-center\"><a class=\"soci_item_overlay\" data-fancybox=\"48091\" data-src=\"#selectableModal48091\" href=\"javascript:;\">ARUBA Producciones<\/a><div class=\"cav_fancy\" style=\"display: none;max-width:500px;\" id=\"selectableModal48091\">\r\n                        <div class=\"cav_fancy_logo text-center pb-4 border-bottom\"><img decoding=\"async\" class=\"soci_item_logo img-fluid\" src=\"https:\/\/www.clusteraudiovisual.cat\/wp-content\/uploads\/2025\/05\/LogoSoci_ARUBA.jpg\" alt=\"ARUBA Producciones\" title=\"ARUBA Producciones\" \/><\/div>\r\n                        <h3 class=\"cav_fancy_title\" data-selectable=\"true\">ARUBA Producciones<\/h3>\r\n                        <p class=\"cav_fancy_cat_actv\"><span>Producci\u00f3n<\/span><span>Radio<\/span><span>Televisi\u00f3n<\/span><\/p>\r\n                        <p class=\"cav_fancy_cat_serv\">Formatos TV<span class=\"separador_cats\"<\/p>\r\n                        <p class=\"cav_fancy_description border-bottom\">Productora de radio y televisi\u00f3n. Producen el programa diario \"ARUSER@S\".<\/p>\r\n                        <div class=\"cav_fancy_adress\"><p>C\/ Gaspar Fabregas, 81, 3 planta<\/p>\n<p>Esplugues del Llobregat, 08950<\/p>\n<p><a href=\"mailto:info@arubaproducciones.com\">info@arubaproducciones.com<\/a><\/p>\n<p>&nbsp;<\/p>\n<p>&nbsp;<\/p>\n<\/div>\r\n                        <p class=\"cav_fancy_social\">    <a target=\"_blank\" href=\"https:\/\/es.linkedin.com\/company\/aruba-producciones\"><img decoding=\"async\" src=\"https:\/\/www.clusteraudiovisual.cat\/wp-content\/themes\/enfold-child\/img\/icon-linkedin.png\" alt=\"ARUBA Producciones - Linkedin\" \/><\/a><\/p>\r\n                <\/div><img decoding=\"async\" class=\"soci_item_logo img-fluid\" src=\"https:\/\/www.clusteraudiovisual.cat\/wp-content\/uploads\/2025\/05\/LogoSoci_ARUBA.jpg\" alt=\"ARUBA Producciones\" title=\"ARUBA Producciones\" \/>\r\n                    <div class=\"soci_list_activ_container\" style=\"width: 100%;background: none;\">\r\n                               <p class=\"soci_list_activ mb-0\"><span>Producci\u00f3n<\/span><span>Radio<\/span><span>Televisi\u00f3n<\/span><\/p>\r\n                               <p class=\"soci_list_serv mb-0\">Formatos TV<span class=\"separador_cats\"<\/p>\r\n                    <\/div>\r\n                <\/div><\/div><div data-title=\"asociacion de profesionales del audiovisual catalan formacio-es integrated-systems-es servicios-es  tic-audiovisual-es \" data-actv=\"formacio-es integrated-systems-es servicios-es \" data-serv=\"tic-audiovisual-es \" class=\"col-12 col-md-4 mb-4 border-bottom soci_box\"><div class=\"soci_item text-center\"><a class=\"soci_item_overlay\" data-fancybox=\"8223\" data-src=\"#selectableModal8223\" href=\"javascript:;\">Asociaci\u00f3n de Profesionales del Audiovisual Catal\u00e1n<\/a><div class=\"cav_fancy\" style=\"display: none;max-width:500px;\" id=\"selectableModal8223\">\r\n                        <div class=\"cav_fancy_logo text-center pb-4 border-bottom\"><img decoding=\"async\" class=\"soci_item_logo img-fluid\" src=\"https:\/\/www.clusteraudiovisual.cat\/wp-content\/uploads\/2020\/06\/logotip-APAC-01-2-1.jpg\" alt=\"Asociaci\u00f3n de Profesionales del Audiovisual Catal\u00e1n\" title=\"Asociaci\u00f3n de Profesionales del Audiovisual Catal\u00e1n\" \/><\/div>\r\n                        <h3 class=\"cav_fancy_title\" data-selectable=\"true\">Asociaci\u00f3n de Profesionales del Audiovisual Catal\u00e1n<\/h3>\r\n                        <p class=\"cav_fancy_cat_actv\"><span>Formaci\u00f3n<\/span><span>Integrated Systems<\/span><span>Servicios<\/span><\/p>\r\n                        <p class=\"cav_fancy_cat_serv\">TIC Audiovisual<span class=\"separador_cats\"<\/p>\r\n                        <p class=\"cav_fancy_description border-bottom\">Entidad de \u00e1mbito catal\u00e1n formada por empresas que desarrollan actividades directa o indirectamente relacionadas con el sector audiovisual. Tiene como objetivo prioritario la defensa de los intereses profesionales de sus asociados, as\u00ed como la oferta de servicios de valor a\u00f1adido.<\/p>\r\n                        <div class=\"cav_fancy_adress\"><p>C\/ Viladomat, 174<\/p>\n<p>08015, Barcelona<\/p>\n<p>934 964 507<\/p>\n<p><a href=\"mailto:info@apac.cat\" target=\"_blank\" rel=\"noopener\">info@apac.cat<\/a><\/p>\n<p><a href=\"https:\/\/apac.cat\/ca\/inici-2\/\" target=\"_blank\" rel=\"noopener\">www.apac.cat<\/a><\/p>\n<\/div>\r\n                        <p class=\"cav_fancy_social\"> <a target=\"_blank\" href=\"https:\/\/www.facebook.com\/associacio.apac.cat\"><img decoding=\"async\" src=\"https:\/\/www.clusteraudiovisual.cat\/wp-content\/themes\/enfold-child\/img\/facebook.png\" alt=\"Asociaci\u00f3n de Profesionales del Audiovisual Catal\u00e1n - Twitter\" \/><\/a> <a target=\"_blank\" href=\"https:\/\/www.instagram.com\/apac.cat\/\"><img decoding=\"async\" src=\"https:\/\/www.clusteraudiovisual.cat\/wp-content\/themes\/enfold-child\/img\/icon-instagram.png\" alt=\"Asociaci\u00f3n de Profesionales del Audiovisual Catal\u00e1n - Instagram\" \/><\/a>  <a target=\"_blank\" href=\"https:\/\/www.linkedin.com\/company\/apac-cat\"><img decoding=\"async\" src=\"https:\/\/www.clusteraudiovisual.cat\/wp-content\/themes\/enfold-child\/img\/icon-linkedin.png\" alt=\"Asociaci\u00f3n de Profesionales del Audiovisual Catal\u00e1n - Linkedin\" \/><\/a><\/p>\r\n                <\/div><img decoding=\"async\" class=\"soci_item_logo img-fluid\" src=\"https:\/\/www.clusteraudiovisual.cat\/wp-content\/uploads\/2020\/06\/logotip-APAC-01-2-1.jpg\" alt=\"Asociaci\u00f3n de Profesionales del Audiovisual Catal\u00e1n\" title=\"Asociaci\u00f3n de Profesionales del Audiovisual Catal\u00e1n\" \/>\r\n                    <div class=\"soci_list_activ_container\" style=\"width: 100%;background: none;\">\r\n                               <p class=\"soci_list_activ mb-0\"><span>Formaci\u00f3n<\/span><span>Integrated Systems<\/span><span>Servicios<\/span><\/p>\r\n                               <p class=\"soci_list_serv mb-0\">TIC Audiovisual<span class=\"separador_cats\"<\/p>\r\n                    <\/div>\r\n                <\/div><\/div><div data-title=\"audicine servicios-es  gestorias-es \" data-actv=\"servicios-es \" data-serv=\"gestorias-es \" class=\"col-12 col-md-4 mb-4 border-bottom soci_box\"><div class=\"soci_item text-center\"><a class=\"soci_item_overlay\" data-fancybox=\"22515\" data-src=\"#selectableModal22515\" href=\"javascript:;\">AUDICINE<\/a><div class=\"cav_fancy\" style=\"display: none;max-width:500px;\" id=\"selectableModal22515\">\r\n                        <div class=\"cav_fancy_logo text-center pb-4 border-bottom\"><img decoding=\"async\" class=\"soci_item_logo img-fluid\" src=\"https:\/\/www.clusteraudiovisual.cat\/wp-content\/uploads\/2022\/04\/LogoSoci_AUDICINE_Gatsa.png\" alt=\"AUDICINE\" title=\"AUDICINE\" \/><\/div>\r\n                        <h3 class=\"cav_fancy_title\" data-selectable=\"true\">AUDICINE<\/h3>\r\n                        <p class=\"cav_fancy_cat_actv\"><span>Servicios<\/span><\/p>\r\n                        <p class=\"cav_fancy_cat_serv\">Gestor\u00edas<span class=\"separador_cats\"<\/p>\r\n                        <p class=\"cav_fancy_description border-bottom\">Con m\u00e1s de 30 a\u00f1os de experiencia en el sector, Gatsa ofrece el servicio de informe y auditor\u00eda para la obtenci\u00f3n de ayudas del ICAA, teniendo en cuenta las normas generales establecidas para el acceso a las mismas tanto en lo que se refiere a los requisitos b\u00e1sicos como a las obligaciones que genera la condici\u00f3n de beneficiario para la auditor\u00eda de pel\u00edculas, auditor\u00eda de largometrajes y\/o auditor\u00edas de cortometrajes.<\/p>\r\n                        <div class=\"cav_fancy_adress\"><p>C\/ Caballero 79, 3\u00aa planta<\/p>\n<p>08014, Barcelona<\/p>\n<p>933 214 495<\/p>\n<p><a href=\"mailto:laboral@gatsa.com\" target=\"_blank\" rel=\"noopener\">laboral@gatsa.com<\/a><\/p>\n<p><a href=\"https:\/\/gatsa.com\/\" target=\"_blank\" rel=\"noopener\">www.gatsa.com<\/a><\/p>\n<p>&nbsp;<\/p>\n<p>&nbsp;<\/p>\n<\/div>\r\n                        <p class=\"cav_fancy_social\">    <\/p>\r\n                <\/div><img decoding=\"async\" class=\"soci_item_logo img-fluid\" src=\"https:\/\/www.clusteraudiovisual.cat\/wp-content\/uploads\/2022\/04\/LogoSoci_AUDICINE_Gatsa.png\" alt=\"AUDICINE\" title=\"AUDICINE\" \/>\r\n                    <div class=\"soci_list_activ_container\" style=\"width: 100%;background: none;\">\r\n                               <p class=\"soci_list_activ mb-0\"><span>Servicios<\/span><\/p>\r\n                               <p class=\"soci_list_serv mb-0\">Gestor\u00edas<span class=\"separador_cats\"<\/p>\r\n                    <\/div>\r\n                <\/div><\/div><div data-title=\"aura vision integrated-systems-es servicios-es  materials-audiovisuals-es servicios-de-produccion \" data-actv=\"integrated-systems-es servicios-es \" data-serv=\"materials-audiovisuals-es servicios-de-produccion \" class=\"col-12 col-md-4 mb-4 border-bottom soci_box\"><div class=\"soci_item text-center\"><a class=\"soci_item_overlay\" data-fancybox=\"54064\" data-src=\"#selectableModal54064\" href=\"javascript:;\">Aura Vision<\/a><div class=\"cav_fancy\" style=\"display: none;max-width:500px;\" id=\"selectableModal54064\">\r\n                        <div class=\"cav_fancy_logo text-center pb-4 border-bottom\"><img decoding=\"async\" class=\"soci_item_logo img-fluid\" src=\"https:\/\/www.clusteraudiovisual.cat\/wp-content\/uploads\/2025\/12\/LogoSoci_AuraVision.jpg\" alt=\"Aura Vision\" title=\"Aura Vision\" \/><\/div>\r\n                        <h3 class=\"cav_fancy_title\" data-selectable=\"true\">Aura Vision<\/h3>\r\n                        <p class=\"cav_fancy_cat_actv\"><span>Integrated Systems<\/span><span>Servicios<\/span><\/p>\r\n                        <p class=\"cav_fancy_cat_serv\">Material audiovisual<span class=\"separador_cats\">|<\/span>Servicios de producci\u00f3n<span class=\"separador_cats\"<\/p>\r\n                        <p class=\"cav_fancy_description border-bottom\">L\u00edder europeo en soluciones pioneras de pantallas LED. Ofrecen experiencias visuales con tecnolog\u00eda inteligente y sostenible, estableciendo nuevos est\u00e1ndares de calidad y fiabilidad en la industria.<\/p>\r\n                        <div class=\"cav_fancy_adress\"><p>C\/ de Sic\u00edlia, 151-153, Casa 3, Local 6<\/p>\n<p>08013, Barcelona<\/p>\n<p>659 133 422<\/p>\n<p><a href=\"mailto:info@auravision.es\">info@auravision.es<\/a><\/p>\n<p><a href=\"https:\/\/www.auravision.es\/\" target=\"_blank\" rel=\"noopener\">auravision.es<\/a><\/p>\n<\/div>\r\n                        <p class=\"cav_fancy_social\"> <a target=\"_blank\" href=\"https:\/\/www.facebook.com\/auravisionled\/\"><img decoding=\"async\" src=\"https:\/\/www.clusteraudiovisual.cat\/wp-content\/themes\/enfold-child\/img\/facebook.png\" alt=\"Aura Vision - Twitter\" \/><\/a>  <a target=\"_blank\" href=\"https:\/\/www.youtube.com\/channel\/UCX43HvDs5rXtAMT7ZjbSXKA\"><img decoding=\"async\" src=\"https:\/\/www.clusteraudiovisual.cat\/wp-content\/themes\/enfold-child\/img\/icon-youtube.png\" alt=\"Aura Vision - Youtube\" \/><\/a> <a target=\"_blank\" href=\"https:\/\/www.linkedin.com\/company\/auravisionled\/\"><img decoding=\"async\" src=\"https:\/\/www.clusteraudiovisual.cat\/wp-content\/themes\/enfold-child\/img\/icon-linkedin.png\" alt=\"Aura Vision - Linkedin\" \/><\/a><\/p>\r\n                <\/div><img decoding=\"async\" class=\"soci_item_logo img-fluid\" src=\"https:\/\/www.clusteraudiovisual.cat\/wp-content\/uploads\/2025\/12\/LogoSoci_AuraVision.jpg\" alt=\"Aura Vision\" title=\"Aura Vision\" \/>\r\n                    <div class=\"soci_list_activ_container\" style=\"width: 100%;background: none;\">\r\n                               <p class=\"soci_list_activ mb-0\"><span>Integrated Systems<\/span><span>Servicios<\/span><\/p>\r\n                               <p class=\"soci_list_serv mb-0\">Material audiovisual<span class=\"separador_cats\">|<\/span>Servicios de producci\u00f3n<span class=\"separador_cats\"<\/p>\r\n                    <\/div>\r\n                <\/div><\/div><div data-title=\"avencia servicios-es tecnologia-es  digital-es inteligencia-artificial servicios-de-produccion software-es \" data-actv=\"servicios-es tecnologia-es \" data-serv=\"digital-es inteligencia-artificial servicios-de-produccion software-es \" class=\"col-12 col-md-4 mb-4 border-bottom soci_box\"><div class=\"soci_item text-center\"><a class=\"soci_item_overlay\" data-fancybox=\"55571\" data-src=\"#selectableModal55571\" href=\"javascript:;\">Aven\u00e7ia<\/a><div class=\"cav_fancy\" style=\"display: none;max-width:500px;\" id=\"selectableModal55571\">\r\n                        <div class=\"cav_fancy_logo text-center pb-4 border-bottom\"><img decoding=\"async\" class=\"soci_item_logo img-fluid\" src=\"https:\/\/www.clusteraudiovisual.cat\/wp-content\/uploads\/2026\/02\/LogoSoci_Avencia.jpg\" alt=\"Aven\u00e7ia\" title=\"Aven\u00e7ia\" \/><\/div>\r\n                        <h3 class=\"cav_fancy_title\" data-selectable=\"true\">Aven\u00e7ia<\/h3>\r\n                        <p class=\"cav_fancy_cat_actv\"><span>Servicios<\/span><span>Tecnolog\u00eda<\/span><\/p>\r\n                        <p class=\"cav_fancy_cat_serv\">Digital<span class=\"separador_cats\">|<\/span>Inteligencia Artificial<span class=\"separador_cats\">|<\/span>Servicios de producci\u00f3n<span class=\"separador_cats\">|<\/span>Software<span class=\"separador_cats\"<\/p>\r\n                        <p class=\"cav_fancy_description border-bottom\">Ofrecen un servicio integral para dise\u00f1ar y desarrollar proyectos de transformaci\u00f3n digital. Acompa\u00f1an a las organizaciones y empresas desde la definici\u00f3n estrat\u00e9gica hasta la implantaci\u00f3n tecnol\u00f3gica y la gesti\u00f3n del cambio, integrando IA y automatizaci\u00f3n para generar impacto real y sostenible.<\/p>\r\n                        <div class=\"cav_fancy_adress\"><p>Ronda General Mitre, 126, 6\u00e8<\/p>\n<p>08021, Barcelona<\/p>\n<p>931 223 475<\/p>\n<p><a href=\"mailto:info@avencia.cat\">info@avencia.cat<\/a><\/p>\n<p><a href=\"https:\/\/avencia.cat\/\" target=\"_blank\" rel=\"noopener\">avencia.cat<\/a><\/p>\n<\/div>\r\n                        <p class=\"cav_fancy_social\">    <a target=\"_blank\" href=\"https:\/\/www.linkedin.com\/company\/avencia-estrategia\/?viewAsMember=true\"><img decoding=\"async\" src=\"https:\/\/www.clusteraudiovisual.cat\/wp-content\/themes\/enfold-child\/img\/icon-linkedin.png\" alt=\"Aven\u00e7ia - Linkedin\" \/><\/a><\/p>\r\n                <\/div><img decoding=\"async\" class=\"soci_item_logo img-fluid\" src=\"https:\/\/www.clusteraudiovisual.cat\/wp-content\/uploads\/2026\/02\/LogoSoci_Avencia.jpg\" alt=\"Aven\u00e7ia\" title=\"Aven\u00e7ia\" \/>\r\n                    <div class=\"soci_list_activ_container\" style=\"width: 100%;background: none;\">\r\n                               <p class=\"soci_list_activ mb-0\"><span>Servicios<\/span><span>Tecnolog\u00eda<\/span><\/p>\r\n                               <p class=\"soci_list_serv mb-0\">Digital<span class=\"separador_cats\">|<\/span>Inteligencia Artificial<span class=\"separador_cats\">|<\/span>Servicios de producci\u00f3n<span class=\"separador_cats\">|<\/span>Software<span class=\"separador_cats\"<\/p>\r\n                    <\/div>\r\n                <\/div><\/div><div data-title=\"avisual pro espais-audiovisuals-es servicios-es  alquiler-de-equipos-es materials-audiovisuals-es platos-es servicios-de-produccion \" data-actv=\"espais-audiovisuals-es servicios-es \" data-serv=\"alquiler-de-equipos-es materials-audiovisuals-es platos-es servicios-de-produccion \" class=\"col-12 col-md-4 mb-4 border-bottom soci_box\"><div class=\"soci_item text-center\"><a class=\"soci_item_overlay\" data-fancybox=\"39515\" data-src=\"#selectableModal39515\" href=\"javascript:;\">AVisual Pro<\/a><div class=\"cav_fancy\" style=\"display: none;max-width:500px;\" id=\"selectableModal39515\">\r\n                        <div class=\"cav_fancy_logo text-center pb-4 border-bottom\"><img decoding=\"async\" class=\"soci_item_logo img-fluid\" src=\"https:\/\/www.clusteraudiovisual.cat\/wp-content\/uploads\/2024\/01\/LogoSoci_AvisualPro.jpg\" alt=\"AVisual Pro\" title=\"AVisual Pro\" \/><\/div>\r\n                        <h3 class=\"cav_fancy_title\" data-selectable=\"true\">AVisual Pro<\/h3>\r\n                        <p class=\"cav_fancy_cat_actv\"><span>Espacios Audiovisuales<\/span><span>Servicios<\/span><\/p>\r\n                        <p class=\"cav_fancy_cat_serv\">Alquiler de equipos<span class=\"separador_cats\">|<\/span>Material audiovisual<span class=\"separador_cats\">|<\/span>Plat\u00f3s<span class=\"separador_cats\">|<\/span>Servicios de producci\u00f3n<span class=\"separador_cats\"<\/p>\r\n                        <p class=\"cav_fancy_description border-bottom\">Alquiler y venta de material audiovisual, desde c\u00e1maras y accesorios, hasta material para eventos. Ofrecen un servicio completo: alquiler de plat\u00f3s, instalaci\u00f3n de equipos, venta online y m\u00e1quinas automatizadas para fotograf\u00eda de producto.<\/p>\r\n                        <div class=\"cav_fancy_adress\"><p>C\/ Sep\u00falveda, 58<\/p>\n<p>08015, Barcelona<\/p>\n<p>934 356 489<\/p>\n<p><a href=\"mailto:bcn@avisualpro.es\">bcn@avisualpro.es<\/a><\/p>\n<p><a href=\"https:\/\/www.avisualpro.es\/?location=barcelona\" target=\"_blank\" rel=\"noopener\">www.avisualpro.es<\/a><\/p>\n<\/div>\r\n                        <p class=\"cav_fancy_social\"> <a target=\"_blank\" href=\"https:\/\/www.facebook.com\/avisual.eu\"><img decoding=\"async\" src=\"https:\/\/www.clusteraudiovisual.cat\/wp-content\/themes\/enfold-child\/img\/facebook.png\" alt=\"AVisual Pro - Twitter\" \/><\/a> <a target=\"_blank\" href=\"https:\/\/www.instagram.com\/avisual.eu\/\"><img decoding=\"async\" src=\"https:\/\/www.clusteraudiovisual.cat\/wp-content\/themes\/enfold-child\/img\/icon-instagram.png\" alt=\"AVisual Pro - Instagram\" \/><\/a> <a target=\"_blank\" href=\"https:\/\/www.youtube.com\/c\/AVisualeu\"><img decoding=\"async\" src=\"https:\/\/www.clusteraudiovisual.cat\/wp-content\/themes\/enfold-child\/img\/icon-youtube.png\" alt=\"AVisual Pro - Youtube\" \/><\/a> <a target=\"_blank\" href=\"https:\/\/es.linkedin.com\/company\/avisualeu\"><img decoding=\"async\" src=\"https:\/\/www.clusteraudiovisual.cat\/wp-content\/themes\/enfold-child\/img\/icon-linkedin.png\" alt=\"AVisual Pro - Linkedin\" \/><\/a><\/p>\r\n                <\/div><img decoding=\"async\" class=\"soci_item_logo img-fluid\" src=\"https:\/\/www.clusteraudiovisual.cat\/wp-content\/uploads\/2024\/01\/LogoSoci_AvisualPro.jpg\" alt=\"AVisual Pro\" title=\"AVisual Pro\" \/>\r\n                    <div class=\"soci_list_activ_container\" style=\"width: 100%;background: none;\">\r\n                               <p class=\"soci_list_activ mb-0\"><span>Espacios Audiovisuales<\/span><span>Servicios<\/span><\/p>\r\n                               <p class=\"soci_list_serv mb-0\">Alquiler de equipos<span class=\"separador_cats\">|<\/span>Material audiovisual<span class=\"separador_cats\">|<\/span>Plat\u00f3s<span class=\"separador_cats\">|<\/span>Servicios de producci\u00f3n<span class=\"separador_cats\"<\/p>\r\n                    <\/div>\r\n                <\/div><\/div><div data-title=\"avixa formacio-es integrated-systems-es  congresos-es mice-es tic-audiovisual-es \" data-actv=\"formacio-es integrated-systems-es \" data-serv=\"congresos-es mice-es tic-audiovisual-es \" class=\"col-12 col-md-4 mb-4 border-bottom soci_box\"><div class=\"soci_item text-center\"><a class=\"soci_item_overlay\" data-fancybox=\"10511\" data-src=\"#selectableModal10511\" href=\"javascript:;\">Avixa<\/a><div class=\"cav_fancy\" style=\"display: none;max-width:500px;\" id=\"selectableModal10511\">\r\n                        <div class=\"cav_fancy_logo text-center pb-4 border-bottom\"><img decoding=\"async\" class=\"soci_item_logo img-fluid\" src=\"https:\/\/www.clusteraudiovisual.cat\/wp-content\/uploads\/2021\/03\/08-1.jpg\" alt=\"Avixa\" title=\"Avixa\" \/><\/div>\r\n                        <h3 class=\"cav_fancy_title\" data-selectable=\"true\">Avixa<\/h3>\r\n                        <p class=\"cav_fancy_cat_actv\"><span>Formaci\u00f3n<\/span><span>Integrated Systems<\/span><\/p>\r\n                        <p class=\"cav_fancy_cat_serv\">Congresos<span class=\"separador_cats\">|<\/span>MICE<span class=\"separador_cats\">|<\/span>TIC Audiovisual<span class=\"separador_cats\"<\/p>\r\n                        <p class=\"cav_fancy_description border-bottom\">Asociaci\u00f3n de audiovisuales y experiencias integradas co-propietaria de la feria ISE (Integrated Systems Europe).<\/p>\r\n                        <div class=\"cav_fancy_adress\"><p><a href=\"https:\/\/www.avixa.org\/es\" target=\"_blank\" rel=\"noopener\">www.avixa.org<\/a><\/p>\n<\/div>\r\n                        <p class=\"cav_fancy_social\"><a target=\"_blank\" href=\"https:\/\/twitter.com\/AVIXA\"><img decoding=\"async\" src=\"https:\/\/www.clusteraudiovisual.cat\/wp-content\/themes\/enfold-child\/img\/twitter.png\" alt=\"Avixa - Twitter\" \/><\/a> <a target=\"_blank\" href=\"https:\/\/www.facebook.com\/TheAVIXA\/\"><img decoding=\"async\" src=\"https:\/\/www.clusteraudiovisual.cat\/wp-content\/themes\/enfold-child\/img\/facebook.png\" alt=\"Avixa - Twitter\" \/><\/a> <a target=\"_blank\" href=\"https:\/\/www.instagram.com\/avixagram\/\"><img decoding=\"async\" src=\"https:\/\/www.clusteraudiovisual.cat\/wp-content\/themes\/enfold-child\/img\/icon-instagram.png\" alt=\"Avixa - Instagram\" \/><\/a> <a target=\"_blank\" href=\"https:\/\/www.youtube.com\/channel\/UCLlhusbwAJ2zm2YIMfIe_ew\"><img decoding=\"async\" src=\"https:\/\/www.clusteraudiovisual.cat\/wp-content\/themes\/enfold-child\/img\/icon-youtube.png\" alt=\"Avixa - Youtube\" \/><\/a> <a target=\"_blank\" href=\"https:\/\/es.linkedin.com\/showcase\/avixa-espana\"><img decoding=\"async\" src=\"https:\/\/www.clusteraudiovisual.cat\/wp-content\/themes\/enfold-child\/img\/icon-linkedin.png\" alt=\"Avixa - Linkedin\" \/><\/a><\/p>\r\n                <\/div><img decoding=\"async\" class=\"soci_item_logo img-fluid\" src=\"https:\/\/www.clusteraudiovisual.cat\/wp-content\/uploads\/2021\/03\/08-1.jpg\" alt=\"Avixa\" title=\"Avixa\" \/>\r\n                    <div class=\"soci_list_activ_container\" style=\"width: 100%;background: none;\">\r\n                               <p class=\"soci_list_activ mb-0\"><span>Formaci\u00f3n<\/span><span>Integrated Systems<\/span><\/p>\r\n                               <p class=\"soci_list_serv mb-0\">Congresos<span class=\"separador_cats\">|<\/span>MICE<span class=\"separador_cats\">|<\/span>TIC Audiovisual<span class=\"separador_cats\"<\/p>\r\n                    <\/div>\r\n                <\/div><\/div><div data-title=\"badalona televisio comunicacio-es distribucion radio-es television-es  broadcast-es cortometrajes-es festivales formatos-tv-es noticias platos-es sonido tdt-es \" data-actv=\"comunicacio-es distribucion radio-es television-es \" data-serv=\"broadcast-es cortometrajes-es festivales formatos-tv-es noticias platos-es sonido tdt-es \" class=\"col-12 col-md-4 mb-4 border-bottom soci_box\"><div class=\"soci_item text-center\"><a class=\"soci_item_overlay\" data-fancybox=\"8102\" data-src=\"#selectableModal8102\" href=\"javascript:;\">Badalona Televisi\u00f3<\/a><div class=\"cav_fancy\" style=\"display: none;max-width:500px;\" id=\"selectableModal8102\">\r\n                        <div class=\"cav_fancy_logo text-center pb-4 border-bottom\"><img decoding=\"async\" class=\"soci_item_logo img-fluid\" src=\"https:\/\/www.clusteraudiovisual.cat\/wp-content\/uploads\/2016\/04\/LOGO-BADALONA-COMUNICACIO_page-0001-1.jpg\" alt=\"Badalona Televisi\u00f3\" title=\"Badalona Televisi\u00f3\" \/><\/div>\r\n                        <h3 class=\"cav_fancy_title\" data-selectable=\"true\">Badalona Televisi\u00f3<\/h3>\r\n                        <p class=\"cav_fancy_cat_actv\"><span>Comunicaci\u00f3n<\/span><span>Distribuci\u00f3n - Exhibici\u00f3n<\/span><span>Radio<\/span><span>Televisi\u00f3n<\/span><\/p>\r\n                        <p class=\"cav_fancy_cat_serv\">Broadcast<span class=\"separador_cats\">|<\/span>Cortometrajes<span class=\"separador_cats\">|<\/span>Festivales<span class=\"separador_cats\">|<\/span>Formatos TV<span class=\"separador_cats\">|<\/span>Noticias<span class=\"separador_cats\">|<\/span>Plat\u00f3s<span class=\"separador_cats\">|<\/span>Sonido<span class=\"separador_cats\">|<\/span>TDT<span class=\"separador_cats\"<\/p>\r\n                        <p class=\"cav_fancy_description border-bottom\">Empresa p\u00fablica que gestiona los medios de comunicaci\u00f3n de Televisi\u00f3n de Badalona, Radio Ciutat de Badalona y el portal de noticias bdncom.cat. Adem\u00e1s, distribuye contenidos a trav\u00e9s de Streaming, de un servicio a la carta y de las redes sociales. Aparte de los medios de comunicaci\u00f3n mencionados, tambi\u00e9n organiza el FILMETS Badalona Film Festival, certamen internacional centrado en cortometrajes.<\/p>\r\n                        <div class=\"cav_fancy_adress\"><p>C\/ Sant Agust\u00ed, 11<\/p>\n<p>08915, Badalona<\/p>\n<p>934 974 000<\/p>\n<p><a href=\"https:\/\/www.bdncom.cat\/\" target=\"_blank\" rel=\"noopener\">www.bdncom.cat<\/a><\/p>\n<\/div>\r\n                        <p class=\"cav_fancy_social\"><a target=\"_blank\" href=\"https:\/\/twitter.com\/bdncom\"><img decoding=\"async\" src=\"https:\/\/www.clusteraudiovisual.cat\/wp-content\/themes\/enfold-child\/img\/twitter.png\" alt=\"Badalona Televisi\u00f3 - Twitter\" \/><\/a>    <\/p>\r\n                <\/div><img decoding=\"async\" class=\"soci_item_logo img-fluid\" src=\"https:\/\/www.clusteraudiovisual.cat\/wp-content\/uploads\/2016\/04\/LOGO-BADALONA-COMUNICACIO_page-0001-1.jpg\" alt=\"Badalona Televisi\u00f3\" title=\"Badalona Televisi\u00f3\" \/>\r\n                    <div class=\"soci_list_activ_container\" style=\"width: 100%;background: none;\">\r\n                               <p class=\"soci_list_activ mb-0\"><span>Comunicaci\u00f3n<\/span><span>Distribuci\u00f3n - Exhibici\u00f3n<\/span><span>Radio<\/span><span>Televisi\u00f3n<\/span><\/p>\r\n                               <p class=\"soci_list_serv mb-0\">Broadcast<span class=\"separador_cats\">|<\/span>Cortometrajes<span class=\"separador_cats\">|<\/span>Festivales<span class=\"separador_cats\">|<\/span>Formatos TV<span class=\"separador_cats\">|<\/span>Noticias<span class=\"separador_cats\">|<\/span>Plat\u00f3s<span class=\"separador_cats\">|<\/span>Sonido<span class=\"separador_cats\">|<\/span>TDT<span class=\"separador_cats\"<\/p>\r\n                    <\/div>\r\n                <\/div><\/div><div data-title=\"bah studios comunicacio-es produccion-es publicidad-es television-es  agencias-es branded-content-es factual-es ficcion formatos-tv-es inteligencia-artificial no-ficcion videopodcast-es \" data-actv=\"comunicacio-es produccion-es publicidad-es television-es \" data-serv=\"agencias-es branded-content-es factual-es ficcion formatos-tv-es inteligencia-artificial no-ficcion videopodcast-es \" class=\"col-12 col-md-4 mb-4 border-bottom soci_box\"><div class=\"soci_item text-center\"><a class=\"soci_item_overlay\" data-fancybox=\"8218\" data-src=\"#selectableModal8218\" href=\"javascript:;\">BAH Studios<\/a><div class=\"cav_fancy\" style=\"display: none;max-width:500px;\" id=\"selectableModal8218\">\r\n                        <div class=\"cav_fancy_logo text-center pb-4 border-bottom\"><img decoding=\"async\" class=\"soci_item_logo img-fluid\" src=\"https:\/\/www.clusteraudiovisual.cat\/wp-content\/uploads\/2024\/02\/LogoSoci_BAH-Studios.jpg\" alt=\"BAH Studios\" title=\"BAH Studios\" \/><\/div>\r\n                        <h3 class=\"cav_fancy_title\" data-selectable=\"true\">BAH Studios<\/h3>\r\n                        <p class=\"cav_fancy_cat_actv\"><span>Comunicaci\u00f3n<\/span><span>Producci\u00f3n<\/span><span>Publicidad<\/span><span>Televisi\u00f3n<\/span><\/p>\r\n                        <p class=\"cav_fancy_cat_serv\">Agencias<span class=\"separador_cats\">|<\/span>Branded Content<span class=\"separador_cats\">|<\/span>Factual<span class=\"separador_cats\">|<\/span>Ficci\u00f3n<span class=\"separador_cats\">|<\/span>Formatos TV<span class=\"separador_cats\">|<\/span>Inteligencia Artificial<span class=\"separador_cats\">|<\/span>No ficci\u00f3n<span class=\"separador_cats\">|<\/span>Videopodcast<span class=\"separador_cats\"<\/p>\r\n                        <p class=\"cav_fancy_description border-bottom\">Estudio creativo impulsado por datos especializado en producir trabajos visuales para marcas. Ofrecen servicios de creatividad, producci\u00f3n y medios junto a inteligencia artificial para potenciar el valor de las marcas en sus plataformas digitales.<\/p>\r\n                        <div class=\"cav_fancy_adress\"><p>C\/ de Castelladral, 5<\/p>\n<p>08243, Manresa<\/p>\n<p>david@bah.studio<\/p>\n<p><a href=\"https:\/\/bah.studio\/\" target=\"_blank\" rel=\"noopener\">bah.studio<\/a><\/p>\n<\/div>\r\n                        <p class=\"cav_fancy_social\">  <a target=\"_blank\" href=\"https:\/\/www.instagram.com\/elsdebah\/\"><img decoding=\"async\" src=\"https:\/\/www.clusteraudiovisual.cat\/wp-content\/themes\/enfold-child\/img\/icon-instagram.png\" alt=\"BAH Studios - Instagram\" \/><\/a> <a target=\"_blank\" href=\"https:\/\/www.youtube.com\/@ElsdeBAH\"><img decoding=\"async\" src=\"https:\/\/www.clusteraudiovisual.cat\/wp-content\/themes\/enfold-child\/img\/icon-youtube.png\" alt=\"BAH Studios - Youtube\" \/><\/a> <a target=\"_blank\" href=\"https:\/\/www.linkedin.com\/company\/bah-studios\/\"><img decoding=\"async\" src=\"https:\/\/www.clusteraudiovisual.cat\/wp-content\/themes\/enfold-child\/img\/icon-linkedin.png\" alt=\"BAH Studios - Linkedin\" \/><\/a><\/p>\r\n                <\/div><img decoding=\"async\" class=\"soci_item_logo img-fluid\" src=\"https:\/\/www.clusteraudiovisual.cat\/wp-content\/uploads\/2024\/02\/LogoSoci_BAH-Studios.jpg\" alt=\"BAH Studios\" title=\"BAH Studios\" \/>\r\n                    <div class=\"soci_list_activ_container\" style=\"width: 100%;background: none;\">\r\n                               <p class=\"soci_list_activ mb-0\"><span>Comunicaci\u00f3n<\/span><span>Producci\u00f3n<\/span><span>Publicidad<\/span><span>Televisi\u00f3n<\/span><\/p>\r\n                               <p class=\"soci_list_serv mb-0\">Agencias<span class=\"separador_cats\">|<\/span>Branded Content<span class=\"separador_cats\">|<\/span>Factual<span class=\"separador_cats\">|<\/span>Ficci\u00f3n<span class=\"separador_cats\">|<\/span>Formatos TV<span class=\"separador_cats\">|<\/span>Inteligencia Artificial<span class=\"separador_cats\">|<\/span>No ficci\u00f3n<span class=\"separador_cats\">|<\/span>Videopodcast<span class=\"separador_cats\"<\/p>\r\n                    <\/div>\r\n                <\/div><\/div><div data-title=\"banda sonora original postproduccion-es publicidad-es  musica-es sonido \" data-actv=\"postproduccion-es publicidad-es \" data-serv=\"musica-es sonido \" class=\"col-12 col-md-4 mb-4 border-bottom soci_box\"><div class=\"soci_item text-center\"><a class=\"soci_item_overlay\" data-fancybox=\"8148\" data-src=\"#selectableModal8148\" href=\"javascript:;\">Banda Sonora Original<\/a><div class=\"cav_fancy\" style=\"display: none;max-width:500px;\" id=\"selectableModal8148\">\r\n                        <div class=\"cav_fancy_logo text-center pb-4 border-bottom\"><img decoding=\"async\" class=\"soci_item_logo img-fluid\" src=\"https:\/\/www.clusteraudiovisual.cat\/wp-content\/uploads\/2016\/12\/11.jpg\" alt=\"Banda Sonora Original\" title=\"Banda Sonora Original\" \/><\/div>\r\n                        <h3 class=\"cav_fancy_title\" data-selectable=\"true\">Banda Sonora Original<\/h3>\r\n                        <p class=\"cav_fancy_cat_actv\"><span>Postproducci\u00f3n<\/span><span>Publicidad<\/span><\/p>\r\n                        <p class=\"cav_fancy_cat_serv\">M\u00fasica<span class=\"separador_cats\">|<\/span>Sonido<span class=\"separador_cats\"<\/p>\r\n                        <p class=\"cav_fancy_description border-bottom\">Productora de sonido que ofrece servicios de grabaci\u00f3n y postproducci\u00f3n. Acompa\u00f1an a todo el proceso de producci\u00f3n sonora: composici\u00f3n, covers, casting de locutores, sonorizaci\u00f3n, foleys, conexiones nacionales e internacionales, gesti\u00f3n de derechos musicales, selecciones musicales, asesoramiento musical global, grabaci\u00f3n de orquestas sinf\u00f3nicas, sonido directo, conciertos y eventos.<\/p>\r\n                        <div class=\"cav_fancy_adress\"><p>C\/ de la Riera de Sant Miquel 36<\/p>\n<p>08006, Barcelona<\/p>\n<p>932 385 422<\/p>\n<p><a href=\"mailto:bso@bso.es\" target=\"_blank\" rel=\"noopener\">bso@bso.es<\/a><\/p>\n<p><a href=\"https:\/\/bso.es\/?lang=ca\" target=\"_blank\" rel=\"noopener\">www.bso.es<\/a><\/p>\n<\/div>\r\n                        <p class=\"cav_fancy_social\"> <a target=\"_blank\" href=\"https:\/\/www.facebook.com\/bandasonoraoriginal\/\"><img decoding=\"async\" src=\"https:\/\/www.clusteraudiovisual.cat\/wp-content\/themes\/enfold-child\/img\/facebook.png\" alt=\"Banda Sonora Original - Twitter\" \/><\/a> <a target=\"_blank\" href=\"https:\/\/www.instagram.com\/bandasonoraoriginal\/\"><img decoding=\"async\" src=\"https:\/\/www.clusteraudiovisual.cat\/wp-content\/themes\/enfold-child\/img\/icon-instagram.png\" alt=\"Banda Sonora Original - Instagram\" \/><\/a>  <\/p>\r\n                <\/div><img decoding=\"async\" class=\"soci_item_logo img-fluid\" src=\"https:\/\/www.clusteraudiovisual.cat\/wp-content\/uploads\/2016\/12\/11.jpg\" alt=\"Banda Sonora Original\" title=\"Banda Sonora Original\" \/>\r\n                    <div class=\"soci_list_activ_container\" style=\"width: 100%;background: none;\">\r\n                               <p class=\"soci_list_activ mb-0\"><span>Postproducci\u00f3n<\/span><span>Publicidad<\/span><\/p>\r\n                               <p class=\"soci_list_serv mb-0\">M\u00fasica<span class=\"separador_cats\">|<\/span>Sonido<span class=\"separador_cats\"<\/p>\r\n                    <\/div>\r\n                <\/div><\/div><div data-title=\"bankinter servicios-es  servicios-de-produccion \" data-actv=\"servicios-es \" data-serv=\"servicios-de-produccion \" class=\"col-12 col-md-4 mb-4 border-bottom soci_box\"><div class=\"soci_item text-center\"><a class=\"soci_item_overlay\" data-fancybox=\"52430\" data-src=\"#selectableModal52430\" href=\"javascript:;\">Bankinter<\/a><div class=\"cav_fancy\" style=\"display: none;max-width:500px;\" id=\"selectableModal52430\">\r\n                        <div class=\"cav_fancy_logo text-center pb-4 border-bottom\"><img decoding=\"async\" class=\"soci_item_logo img-fluid\" src=\"https:\/\/www.clusteraudiovisual.cat\/wp-content\/uploads\/2025\/10\/LogoSoci_Bankinter.jpg\" alt=\"Bankinter\" title=\"Bankinter\" \/><\/div>\r\n                        <h3 class=\"cav_fancy_title\" data-selectable=\"true\">Bankinter<\/h3>\r\n                        <p class=\"cav_fancy_cat_actv\"><span>Servicios<\/span><\/p>\r\n                        <p class=\"cav_fancy_cat_serv\">Servicios de producci\u00f3n<span class=\"separador_cats\"<\/p>\r\n                        <p class=\"cav_fancy_description border-bottom\">Banca que ofrece soporte y acceso a financiaci\u00f3n espec\u00edfica para empresas de toda la cadena de valor audiovisual, promoviendo el talento, fomentando la colaboraci\u00f3n empresarial y ofreciendo asesoramiento.<\/p>\r\n                        <div class=\"cav_fancy_adress\"><p><a href=\"https:\/\/www.bankinter.com\/banca\/inicio\" target=\"_blank\" rel=\"noopener\">bankinter.com<\/a><\/p>\n<\/div>\r\n                        <p class=\"cav_fancy_social\"><a target=\"_blank\" href=\"https:\/\/x.com\/Bankinter\"><img decoding=\"async\" src=\"https:\/\/www.clusteraudiovisual.cat\/wp-content\/themes\/enfold-child\/img\/twitter.png\" alt=\"Bankinter - Twitter\" \/><\/a> <a target=\"_blank\" href=\"https:\/\/www.facebook.com\/bankinter?sk=info\"><img decoding=\"async\" src=\"https:\/\/www.clusteraudiovisual.cat\/wp-content\/themes\/enfold-child\/img\/facebook.png\" alt=\"Bankinter - Twitter\" \/><\/a> <a target=\"_blank\" href=\"https:\/\/www.instagram.com\/bankinter\/\"><img decoding=\"async\" src=\"https:\/\/www.clusteraudiovisual.cat\/wp-content\/themes\/enfold-child\/img\/icon-instagram.png\" alt=\"Bankinter - Instagram\" \/><\/a> <a target=\"_blank\" href=\"https:\/\/www.youtube.com\/user\/bankinter\"><img decoding=\"async\" src=\"https:\/\/www.clusteraudiovisual.cat\/wp-content\/themes\/enfold-child\/img\/icon-youtube.png\" alt=\"Bankinter - Youtube\" \/><\/a> <a target=\"_blank\" href=\"https:\/\/es.linkedin.com\/company\/bankinter\"><img decoding=\"async\" src=\"https:\/\/www.clusteraudiovisual.cat\/wp-content\/themes\/enfold-child\/img\/icon-linkedin.png\" alt=\"Bankinter - Linkedin\" \/><\/a><\/p>\r\n                <\/div><img decoding=\"async\" class=\"soci_item_logo img-fluid\" src=\"https:\/\/www.clusteraudiovisual.cat\/wp-content\/uploads\/2025\/10\/LogoSoci_Bankinter.jpg\" alt=\"Bankinter\" title=\"Bankinter\" \/>\r\n                    <div class=\"soci_list_activ_container\" style=\"width: 100%;background: none;\">\r\n                               <p class=\"soci_list_activ mb-0\"><span>Servicios<\/span><\/p>\r\n                               <p class=\"soci_list_serv mb-0\">Servicios de producci\u00f3n<span class=\"separador_cats\"<\/p>\r\n                    <\/div>\r\n                <\/div><\/div><div data-title=\"barcelona cinema school   038  actors studio formacio-es produccion-es  cortometrajes-es edicio-es escuelas-es ficcion largometrajes-es \" data-actv=\"formacio-es produccion-es \" data-serv=\"cortometrajes-es edicio-es escuelas-es ficcion largometrajes-es \" class=\"col-12 col-md-4 mb-4 border-bottom soci_box\"><div class=\"soci_item text-center\"><a class=\"soci_item_overlay\" data-fancybox=\"51228\" data-src=\"#selectableModal51228\" href=\"javascript:;\">Barcelona Cinema School &#038; Actors Studio<\/a><div class=\"cav_fancy\" style=\"display: none;max-width:500px;\" id=\"selectableModal51228\">\r\n                        <div class=\"cav_fancy_logo text-center pb-4 border-bottom\"><img decoding=\"async\" class=\"soci_item_logo img-fluid\" src=\"https:\/\/www.clusteraudiovisual.cat\/wp-content\/uploads\/2025\/09\/LogoSoci_BarcelonaCinemaSchool.jpg\" alt=\"Barcelona Cinema School &#038; Actors Studio\" title=\"Barcelona Cinema School &#038; Actors Studio\" \/><\/div>\r\n                        <h3 class=\"cav_fancy_title\" data-selectable=\"true\">Barcelona Cinema School &#038; Actors Studio<\/h3>\r\n                        <p class=\"cav_fancy_cat_actv\"><span>Formaci\u00f3n<\/span><span>Producci\u00f3n<\/span><\/p>\r\n                        <p class=\"cav_fancy_cat_serv\">Cortometrajes<span class=\"separador_cats\">|<\/span>Edici\u00f3n<span class=\"separador_cats\">|<\/span>Escuelas<span class=\"separador_cats\">|<\/span>Ficci\u00f3n<span class=\"separador_cats\">|<\/span>Largometrajes<span class=\"separador_cats\"<\/p>\r\n                        <p class=\"cav_fancy_description border-bottom\">Escuela de cine e interpretaci\u00f3n que ofrece programas de formaci\u00f3n en los que cineastas e int\u00e9rpretes trabajan paralelamente en numerosos proyectos y producciones.<\/p>\r\n                        <div class=\"cav_fancy_adress\"><p>C\/ de N\u00e0pols, 192<\/p>\n<p>08013, Barcelona<\/p>\n<p>931 961 148<\/p>\n<p><a href=\"mailto:info@bcncinemaschool.com\">info@bcncinemaschool.com<\/a><\/p>\n<p><a href=\"https:\/\/bcncinemaschool.com\/\" target=\"_blank\" rel=\"noopener\">bcncinemaschool.com<\/a><\/p>\n<\/div>\r\n                        <p class=\"cav_fancy_social\"> <a target=\"_blank\" href=\"https:\/\/www.facebook.com\/people\/Barcelona-Cinema-School-Actors-Studio\/100093981512602\/\"><img decoding=\"async\" src=\"https:\/\/www.clusteraudiovisual.cat\/wp-content\/themes\/enfold-child\/img\/facebook.png\" alt=\"Barcelona Cinema School &#038; Actors Studio - Twitter\" \/><\/a> <a target=\"_blank\" href=\"https:\/\/www.instagram.com\/barcelona_cinemaschool\/\"><img decoding=\"async\" src=\"https:\/\/www.clusteraudiovisual.cat\/wp-content\/themes\/enfold-child\/img\/icon-instagram.png\" alt=\"Barcelona Cinema School &#038; Actors Studio - Instagram\" \/><\/a> <a target=\"_blank\" href=\"https:\/\/www.youtube.com\/@BarcelonaCinemaSchool\"><img decoding=\"async\" src=\"https:\/\/www.clusteraudiovisual.cat\/wp-content\/themes\/enfold-child\/img\/icon-youtube.png\" alt=\"Barcelona Cinema School &#038; Actors Studio - Youtube\" \/><\/a> <\/p>\r\n                <\/div><img decoding=\"async\" class=\"soci_item_logo img-fluid\" src=\"https:\/\/www.clusteraudiovisual.cat\/wp-content\/uploads\/2025\/09\/LogoSoci_BarcelonaCinemaSchool.jpg\" alt=\"Barcelona Cinema School &#038; Actors Studio\" title=\"Barcelona Cinema School &#038; Actors Studio\" \/>\r\n                    <div class=\"soci_list_activ_container\" style=\"width: 100%;background: none;\">\r\n                               <p class=\"soci_list_activ mb-0\"><span>Formaci\u00f3n<\/span><span>Producci\u00f3n<\/span><\/p>\r\n                               <p class=\"soci_list_serv mb-0\">Cortometrajes<span class=\"separador_cats\">|<\/span>Edici\u00f3n<span class=\"separador_cats\">|<\/span>Escuelas<span class=\"separador_cats\">|<\/span>Ficci\u00f3n<span class=\"separador_cats\">|<\/span>Largometrajes<span class=\"separador_cats\"<\/p>\r\n                    <\/div>\r\n                <\/div><\/div><div data-title=\"barcelona xrlab espais-audiovisuals-es experiencias-inmersivas-es servicios-es  inmersivo-360-es mapping-es realidad-aumentada realidad-virtual servicios-de-produccion \" data-actv=\"espais-audiovisuals-es experiencias-inmersivas-es servicios-es \" data-serv=\"inmersivo-360-es mapping-es realidad-aumentada realidad-virtual servicios-de-produccion \" class=\"col-12 col-md-4 mb-4 border-bottom soci_box\"><div class=\"soci_item text-center\"><a class=\"soci_item_overlay\" data-fancybox=\"55595\" data-src=\"#selectableModal55595\" href=\"javascript:;\">Barcelona XRLAB<\/a><div class=\"cav_fancy\" style=\"display: none;max-width:500px;\" id=\"selectableModal55595\">\r\n                        <div class=\"cav_fancy_logo text-center pb-4 border-bottom\"><img decoding=\"async\" class=\"soci_item_logo img-fluid\" src=\"https:\/\/www.clusteraudiovisual.cat\/wp-content\/uploads\/2026\/02\/LogoSoci_BarcelonaXRLAB.jpg\" alt=\"Barcelona XRLAB\" title=\"Barcelona XRLAB\" \/><\/div>\r\n                        <h3 class=\"cav_fancy_title\" data-selectable=\"true\">Barcelona XRLAB<\/h3>\r\n                        <p class=\"cav_fancy_cat_actv\"><span>Espacios Audiovisuales<\/span><span>Experiencias Inmersivas<\/span><span>Servicios<\/span><\/p>\r\n                        <p class=\"cav_fancy_cat_serv\">Inmersivo 360<span class=\"separador_cats\">|<\/span>Mapping<span class=\"separador_cats\">|<\/span>Realidad Aumentada<span class=\"separador_cats\">|<\/span>Realidad Virtual<span class=\"separador_cats\">|<\/span>Servicios de producci\u00f3n<span class=\"separador_cats\"<\/p>\r\n                        <p class=\"cav_fancy_description border-bottom\">Centro de producci\u00f3n tecnol\u00f3gica y creativa ubicado en el recinto de Palo Alto de Barcelona. El hub de las industrias creativas, especializado en tecnolog\u00edas XR.<\/p>\r\n                        <div class=\"cav_fancy_adress\"><p>C\/ dels Ferrers, 11-15<\/p>\n<p>08019, Barcelona<\/p>\n<p><a href=\"mailto:info@barcelonaxrlab.com\">info@barcelonaxrlab.com<\/a><\/p>\n<p><a href=\"https:\/\/barcelonaxrlab.com\/\" target=\"_blank\" rel=\"noopener\">barcelonaxrlab.com<\/a><\/p>\n<\/div>\r\n                        <p class=\"cav_fancy_social\">  <a target=\"_blank\" href=\"https:\/\/www.instagram.com\/paloaltoxr\/\"><img decoding=\"async\" src=\"https:\/\/www.clusteraudiovisual.cat\/wp-content\/themes\/enfold-child\/img\/icon-instagram.png\" alt=\"Barcelona XRLAB - Instagram\" \/><\/a>  <a target=\"_blank\" href=\"https:\/\/www.linkedin.com\/company\/palo-alto-bcn-xrlab\/\"><img decoding=\"async\" src=\"https:\/\/www.clusteraudiovisual.cat\/wp-content\/themes\/enfold-child\/img\/icon-linkedin.png\" alt=\"Barcelona XRLAB - Linkedin\" \/><\/a><\/p>\r\n                <\/div><img decoding=\"async\" class=\"soci_item_logo img-fluid\" src=\"https:\/\/www.clusteraudiovisual.cat\/wp-content\/uploads\/2026\/02\/LogoSoci_BarcelonaXRLAB.jpg\" alt=\"Barcelona XRLAB\" title=\"Barcelona XRLAB\" \/>\r\n                    <div class=\"soci_list_activ_container\" style=\"width: 100%;background: none;\">\r\n                               <p class=\"soci_list_activ mb-0\"><span>Espacios Audiovisuales<\/span><span>Experiencias Inmersivas<\/span><span>Servicios<\/span><\/p>\r\n                               <p class=\"soci_list_serv mb-0\">Inmersivo 360<span class=\"separador_cats\">|<\/span>Mapping<span class=\"separador_cats\">|<\/span>Realidad Aumentada<span class=\"separador_cats\">|<\/span>Realidad Virtual<span class=\"separador_cats\">|<\/span>Servicios de producci\u00f3n<span class=\"separador_cats\"<\/p>\r\n                    <\/div>\r\n                <\/div><\/div><div data-title=\"barspin studios distribucion videojuego-es  animacion-es digital-es multimedia-es vfx-es videojuegos \" data-actv=\"distribucion videojuego-es \" data-serv=\"animacion-es digital-es multimedia-es vfx-es videojuegos \" class=\"col-12 col-md-4 mb-4 border-bottom soci_box\"><div class=\"soci_item text-center\"><a class=\"soci_item_overlay\" data-fancybox=\"8185\" data-src=\"#selectableModal8185\" href=\"javascript:;\">Barspin Studios<\/a><div class=\"cav_fancy\" style=\"display: none;max-width:500px;\" id=\"selectableModal8185\">\r\n                        <div class=\"cav_fancy_logo text-center pb-4 border-bottom\"><img decoding=\"async\" class=\"soci_item_logo img-fluid\" src=\"https:\/\/www.clusteraudiovisual.cat\/wp-content\/uploads\/2018\/06\/12.BarspinStudios_Logo.jpg\" alt=\"Barspin Studios\" title=\"Barspin Studios\" \/><\/div>\r\n                        <h3 class=\"cav_fancy_title\" data-selectable=\"true\">Barspin Studios<\/h3>\r\n                        <p class=\"cav_fancy_cat_actv\"><span>Distribuci\u00f3n - Exhibici\u00f3n<\/span><span>Videojuego<\/span><\/p>\r\n                        <p class=\"cav_fancy_cat_serv\">Animaci\u00f3n<span class=\"separador_cats\">|<\/span>Digital<span class=\"separador_cats\">|<\/span>Multimedia<span class=\"separador_cats\">|<\/span>Vfx<span class=\"separador_cats\">|<\/span>Videojuegos<span class=\"separador_cats\"<\/p>\r\n                        <p class=\"cav_fancy_description border-bottom\">Empresa de desarrollo y distribuci\u00f3n de videojuegos.<\/p>\r\n                        <div class=\"cav_fancy_adress\"><p>C\/Joan d\u2019\u00c0ustria 68, 2\u00aaplanta<\/p>\n<p>08005, Barcelona<\/p>\n<p>633 790 304<\/p>\n<p><a href=\"mailto:info@bmxthegame.com\" target=\"_blank\" rel=\"noopener\">info@bmxthegame.com<\/a><\/p>\n<p><a href=\"http:\/\/barspinstudios.com\/\" target=\"_blank\" rel=\"noopener\">www.barspinstudios.com<\/a><\/p>\n<\/div>\r\n                        <p class=\"cav_fancy_social\"><a target=\"_blank\" href=\"https:\/\/twitter.com\/BMXTheGame\"><img decoding=\"async\" src=\"https:\/\/www.clusteraudiovisual.cat\/wp-content\/themes\/enfold-child\/img\/twitter.png\" alt=\"Barspin Studios - Twitter\" \/><\/a> <a target=\"_blank\" href=\"https:\/\/www.facebook.com\/bmxthegame\"><img decoding=\"async\" src=\"https:\/\/www.clusteraudiovisual.cat\/wp-content\/themes\/enfold-child\/img\/facebook.png\" alt=\"Barspin Studios - Twitter\" \/><\/a>   <\/p>\r\n                <\/div><img decoding=\"async\" class=\"soci_item_logo img-fluid\" src=\"https:\/\/www.clusteraudiovisual.cat\/wp-content\/uploads\/2018\/06\/12.BarspinStudios_Logo.jpg\" alt=\"Barspin Studios\" title=\"Barspin Studios\" \/>\r\n                    <div class=\"soci_list_activ_container\" style=\"width: 100%;background: none;\">\r\n                               <p class=\"soci_list_activ mb-0\"><span>Distribuci\u00f3n - Exhibici\u00f3n<\/span><span>Videojuego<\/span><\/p>\r\n                               <p class=\"soci_list_serv mb-0\">Animaci\u00f3n<span class=\"separador_cats\">|<\/span>Digital<span class=\"separador_cats\">|<\/span>Multimedia<span class=\"separador_cats\">|<\/span>Vfx<span class=\"separador_cats\">|<\/span>Videojuegos<span class=\"separador_cats\"<\/p>\r\n                    <\/div>\r\n                <\/div><\/div><div data-title=\"bau   8211  centre universitari de disseny formacio-es videojuego-es  arte-grafico-es artes-visuales-es diseno-es universidades videojuegos \" data-actv=\"formacio-es videojuego-es \" data-serv=\"arte-grafico-es artes-visuales-es diseno-es universidades videojuegos \" class=\"col-12 col-md-4 mb-4 border-bottom soci_box\"><div class=\"soci_item text-center\"><a class=\"soci_item_overlay\" data-fancybox=\"8219\" data-src=\"#selectableModal8219\" href=\"javascript:;\">Bau &#8211; Centre Universitari de Disseny<\/a><div class=\"cav_fancy\" style=\"display: none;max-width:500px;\" id=\"selectableModal8219\">\r\n                        <div class=\"cav_fancy_logo text-center pb-4 border-bottom\"><img decoding=\"async\" class=\"soci_item_logo img-fluid\" src=\"https:\/\/www.clusteraudiovisual.cat\/wp-content\/uploads\/2020\/02\/13.MARCA_BAU_RGB_CAT.jpg\" alt=\"Bau &#8211; Centre Universitari de Disseny\" title=\"Bau &#8211; Centre Universitari de Disseny\" \/><\/div>\r\n                        <h3 class=\"cav_fancy_title\" data-selectable=\"true\">Bau &#8211; Centre Universitari de Disseny<\/h3>\r\n                        <p class=\"cav_fancy_cat_actv\"><span>Formaci\u00f3n<\/span><span>Videojuego<\/span><\/p>\r\n                        <p class=\"cav_fancy_cat_serv\">Arte Gr\u00e1fico<span class=\"separador_cats\">|<\/span>Artes Visuales<span class=\"separador_cats\">|<\/span>Dise\u00f1o<span class=\"separador_cats\">|<\/span>Universidades<span class=\"separador_cats\">|<\/span>Videojuegos<span class=\"separador_cats\"<\/p>\r\n                        <p class=\"cav_fancy_description border-bottom\">Centro de formaci\u00f3n que ofrece grados y m\u00e1sters de dise\u00f1o, fotograf\u00eda, audiovisuales y animaci\u00f3n.<\/p>\r\n                        <div class=\"cav_fancy_adress\"><p>C\/ Pujades 118<\/p>\n<p>08005, Barcelona<\/p>\n<p>934 153 474<\/p>\n<p><a href=\"mailto:info@bau.cat\" target=\"_blank\" rel=\"noopener\">info@bau.cat<\/a><\/p>\n<p><a href=\"https:\/\/www.baued.es\/ca?utm_feeditemid=&amp;utm_device=c&amp;utm_term=bau&amp;utm_source=google&amp;utm_medium=ppc&amp;utm_campaign=2022%20-%20BAU%20-%20GRADOS%20MARCA%20-%20ESP%20-%20B%C3%9ASQUEDA%20-%20Runroom&amp;hsa_cam=13269220065&amp;hsa_grp=124120427458&amp;hsa_mt=e&amp;hsa_src=g&amp;hsa_ad=524327782550&amp;hsa_acc=7274263232&amp;hsa_net=adwords&amp;hsa_kw=bau&amp;hsa_tgt=kwd-111388442&amp;hsa_ver=3&amp;_gl=1*1g36mbp*_up*MQ..&amp;gclid=CjwKCAjw5MOlBhBTEiwAAJ8e1ju-0WpUR_tljkf__6D4mxP83yDwTY3CyyWyf0W3SyhGAfqXSltOtBoCzKMQAvD_BwE\" target=\"_blank\" rel=\"noopener\">www.baued.es<\/a><\/p>\n<\/div>\r\n                        <p class=\"cav_fancy_social\"><a target=\"_blank\" href=\"https:\/\/twitter.com\/Bau_bcn\"><img decoding=\"async\" src=\"https:\/\/www.clusteraudiovisual.cat\/wp-content\/themes\/enfold-child\/img\/twitter.png\" alt=\"Bau &#8211; Centre Universitari de Disseny - Twitter\" \/><\/a> <a target=\"_blank\" href=\"https:\/\/www.facebook.com\/Bau\/\"><img decoding=\"async\" src=\"https:\/\/www.clusteraudiovisual.cat\/wp-content\/themes\/enfold-child\/img\/facebook.png\" alt=\"Bau &#8211; Centre Universitari de Disseny - Twitter\" \/><\/a> <a target=\"_blank\" href=\"https:\/\/www.instagram.com\/bau_bcn\/\"><img decoding=\"async\" src=\"https:\/\/www.clusteraudiovisual.cat\/wp-content\/themes\/enfold-child\/img\/icon-instagram.png\" alt=\"Bau &#8211; Centre Universitari de Disseny - Instagram\" \/><\/a> <a target=\"_blank\" href=\"https:\/\/www.youtube.com\/c\/BAUCentreUniversitaridArtsiDisseny\"><img decoding=\"async\" src=\"https:\/\/www.clusteraudiovisual.cat\/wp-content\/themes\/enfold-child\/img\/icon-youtube.png\" alt=\"Bau &#8211; Centre Universitari de Disseny - Youtube\" \/><\/a> <a target=\"_blank\" href=\"https:\/\/es.linkedin.com\/school\/bau-centre-universitari-darts-i-disseny\/\"><img decoding=\"async\" src=\"https:\/\/www.clusteraudiovisual.cat\/wp-content\/themes\/enfold-child\/img\/icon-linkedin.png\" alt=\"Bau &#8211; Centre Universitari de Disseny - Linkedin\" \/><\/a><\/p>\r\n                <\/div><img decoding=\"async\" class=\"soci_item_logo img-fluid\" src=\"https:\/\/www.clusteraudiovisual.cat\/wp-content\/uploads\/2020\/02\/13.MARCA_BAU_RGB_CAT.jpg\" alt=\"Bau &#8211; Centre Universitari de Disseny\" title=\"Bau &#8211; Centre Universitari de Disseny\" \/>\r\n                    <div class=\"soci_list_activ_container\" style=\"width: 100%;background: none;\">\r\n                               <p class=\"soci_list_activ mb-0\"><span>Formaci\u00f3n<\/span><span>Videojuego<\/span><\/p>\r\n                               <p class=\"soci_list_serv mb-0\">Arte Gr\u00e1fico<span class=\"separador_cats\">|<\/span>Artes Visuales<span class=\"separador_cats\">|<\/span>Dise\u00f1o<span class=\"separador_cats\">|<\/span>Universidades<span class=\"separador_cats\">|<\/span>Videojuegos<span class=\"separador_cats\"<\/p>\r\n                    <\/div>\r\n                <\/div><\/div><div data-title=\"bbo distribucion servicios-es  locutores-es servicios-de-produccion subtitulado-es transcripcion \" data-actv=\"distribucion servicios-es \" data-serv=\"locutores-es servicios-de-produccion subtitulado-es transcripcion \" class=\"col-12 col-md-4 mb-4 border-bottom soci_box\"><div class=\"soci_item text-center\"><a class=\"soci_item_overlay\" data-fancybox=\"47269\" data-src=\"#selectableModal47269\" href=\"javascript:;\">bbo<\/a><div class=\"cav_fancy\" style=\"display: none;max-width:500px;\" id=\"selectableModal47269\">\r\n                        <div class=\"cav_fancy_logo text-center pb-4 border-bottom\"><img decoding=\"async\" class=\"soci_item_logo img-fluid\" src=\"https:\/\/www.clusteraudiovisual.cat\/wp-content\/uploads\/2025\/02\/LogoSoci_bbo.jpg\" alt=\"bbo\" title=\"bbo\" \/><\/div>\r\n                        <h3 class=\"cav_fancy_title\" data-selectable=\"true\">bbo<\/h3>\r\n                        <p class=\"cav_fancy_cat_actv\"><span>Distribuci\u00f3n - Exhibici\u00f3n<\/span><span>Servicios<\/span><\/p>\r\n                        <p class=\"cav_fancy_cat_serv\">Locutores<span class=\"separador_cats\">|<\/span>Servicios de producci\u00f3n<span class=\"separador_cats\">|<\/span>Subtitulado<span class=\"separador_cats\">|<\/span>Transcripci\u00f3n<span class=\"separador_cats\"<\/p>\r\n                        <p class=\"cav_fancy_description border-bottom\">Agencia de traducci\u00f3n audiovisual especializada en cualquier idioma, pero tambi\u00e9n ofrecen traducciones de todo tipo y otras soluciones ling\u00fc\u00edsticas.<\/p>\r\n                        <div class=\"cav_fancy_adress\"><p>C\/ De Lepant, 270<\/p>\n<p>08013, Barcelona<\/p>\n<p>688 908 805<\/p>\n<p><a href=\"https:\/\/bbosubtitulado.com\/\" target=\"_blank\" rel=\"noopener\">bbosubtitulado.com<\/a><\/p>\n<\/div>\r\n                        <p class=\"cav_fancy_social\">    <\/p>\r\n                <\/div><img decoding=\"async\" class=\"soci_item_logo img-fluid\" src=\"https:\/\/www.clusteraudiovisual.cat\/wp-content\/uploads\/2025\/02\/LogoSoci_bbo.jpg\" alt=\"bbo\" title=\"bbo\" \/>\r\n                    <div class=\"soci_list_activ_container\" style=\"width: 100%;background: none;\">\r\n                               <p class=\"soci_list_activ mb-0\"><span>Distribuci\u00f3n - Exhibici\u00f3n<\/span><span>Servicios<\/span><\/p>\r\n                               <p class=\"soci_list_serv mb-0\">Locutores<span class=\"separador_cats\">|<\/span>Servicios de producci\u00f3n<span class=\"separador_cats\">|<\/span>Subtitulado<span class=\"separador_cats\">|<\/span>Transcripci\u00f3n<span class=\"separador_cats\"<\/p>\r\n                    <\/div>\r\n                <\/div><\/div><div data-title=\"bcn game fest distribucion videojuego-es  publishers-es \" data-actv=\"distribucion videojuego-es \" data-serv=\"publishers-es \" class=\"col-12 col-md-4 mb-4 border-bottom soci_box\"><div class=\"soci_item text-center\"><a class=\"soci_item_overlay\" data-fancybox=\"45233\" data-src=\"#selectableModal45233\" href=\"javascript:;\">BCN Game Fest<\/a><div class=\"cav_fancy\" style=\"display: none;max-width:500px;\" id=\"selectableModal45233\">\r\n                        <div class=\"cav_fancy_logo text-center pb-4 border-bottom\"><img decoding=\"async\" class=\"soci_item_logo img-fluid\" src=\"https:\/\/www.clusteraudiovisual.cat\/wp-content\/uploads\/2025\/03\/LogoSoci_BCNGameFest.jpg\" alt=\"BCN Game Fest\" title=\"BCN Game Fest\" \/><\/div>\r\n                        <h3 class=\"cav_fancy_title\" data-selectable=\"true\">BCN Game Fest<\/h3>\r\n                        <p class=\"cav_fancy_cat_actv\"><span>Distribuci\u00f3n - Exhibici\u00f3n<\/span><span>Videojuego<\/span><\/p>\r\n                        <p class=\"cav_fancy_cat_serv\">Publishers<span class=\"separador_cats\"<\/p>\r\n                        <p class=\"cav_fancy_description border-bottom\">BCN Game Fest es la feria del videojuego indie m\u00e1s grande de Espa\u00f1a celebrada anualmente en Barcelona.<\/p>\r\n                        <div class=\"cav_fancy_adress\"><p>La Farga, Carrer de Barcelona, 2<\/p>\n<p>08901, L\u2019Hospitalet de Llobregat, Barcelona<\/p>\n<p><a href=\"https:\/\/www.indiedevday.es\/ca\/\" target=\"_blank\" rel=\"noopener\">indiedevday.es<\/a><\/p>\n<\/div>\r\n                        <p class=\"cav_fancy_social\"><a target=\"_blank\" href=\"https:\/\/x.com\/indiedevday\"><img decoding=\"async\" src=\"https:\/\/www.clusteraudiovisual.cat\/wp-content\/themes\/enfold-child\/img\/twitter.png\" alt=\"BCN Game Fest - Twitter\" \/><\/a> <a target=\"_blank\" href=\"https:\/\/www.facebook.com\/people\/Indiedevday\/100080147594174\/\"><img decoding=\"async\" src=\"https:\/\/www.clusteraudiovisual.cat\/wp-content\/themes\/enfold-child\/img\/facebook.png\" alt=\"BCN Game Fest - Twitter\" \/><\/a> <a target=\"_blank\" href=\"https:\/\/www.instagram.com\/indiedevday\/\"><img decoding=\"async\" src=\"https:\/\/www.clusteraudiovisual.cat\/wp-content\/themes\/enfold-child\/img\/icon-instagram.png\" alt=\"BCN Game Fest - Instagram\" \/><\/a>  <\/p>\r\n                <\/div><img decoding=\"async\" class=\"soci_item_logo img-fluid\" src=\"https:\/\/www.clusteraudiovisual.cat\/wp-content\/uploads\/2025\/03\/LogoSoci_BCNGameFest.jpg\" alt=\"BCN Game Fest\" title=\"BCN Game Fest\" \/>\r\n                    <div class=\"soci_list_activ_container\" style=\"width: 100%;background: none;\">\r\n                               <p class=\"soci_list_activ mb-0\"><span>Distribuci\u00f3n - Exhibici\u00f3n<\/span><span>Videojuego<\/span><\/p>\r\n                               <p class=\"soci_list_serv mb-0\">Publishers<span class=\"separador_cats\"<\/p>\r\n                    <\/div>\r\n                <\/div><\/div><div data-title=\"bcn music lab distribucion servicios-es tecnologia-es  musica-es sonido \" data-actv=\"distribucion servicios-es tecnologia-es \" data-serv=\"musica-es sonido \" class=\"col-12 col-md-4 mb-4 border-bottom soci_box\"><div class=\"soci_item text-center\"><a class=\"soci_item_overlay\" data-fancybox=\"41956\" data-src=\"#selectableModal41956\" href=\"javascript:;\">BCN Music Lab<\/a><div class=\"cav_fancy\" style=\"display: none;max-width:500px;\" id=\"selectableModal41956\">\r\n                        <div class=\"cav_fancy_logo text-center pb-4 border-bottom\"><img decoding=\"async\" class=\"soci_item_logo img-fluid\" src=\"https:\/\/www.clusteraudiovisual.cat\/wp-content\/uploads\/2024\/09\/LogoSoci_BCN-Music-Lab.jpg\" alt=\"BCN Music Lab\" title=\"BCN Music Lab\" \/><\/div>\r\n                        <h3 class=\"cav_fancy_title\" data-selectable=\"true\">BCN Music Lab<\/h3>\r\n                        <p class=\"cav_fancy_cat_actv\"><span>Distribuci\u00f3n - Exhibici\u00f3n<\/span><span>Servicios<\/span><span>Tecnolog\u00eda<\/span><\/p>\r\n                        <p class=\"cav_fancy_cat_serv\">M\u00fasica<span class=\"separador_cats\">|<\/span>Sonido<span class=\"separador_cats\"<\/p>\r\n                        <p class=\"cav_fancy_description border-bottom\">Nace para analizar y entender hacia d\u00f3nde evolucionar\u00e1 la m\u00fasica en la sociedad digital y para explorar el futuro de la industria musical. Para ser un punto de encuentro de los creadores y el ecosistema empresarial musical con la ciencia, la investigaci\u00f3n y la innovaci\u00f3n. Apoya el talento, las ideas y los proyectos aportando red, recursos y financiaci\u00f3n. Fomenta la creaci\u00f3n de empresas y ofrece oportunidades profesionales. Quiere posicionar internacionalmente a Barcelona como el epicentro de exploraci\u00f3n de la creaci\u00f3n e industria musical.<\/p>\r\n                        <div class=\"cav_fancy_adress\"><p>C\/ Pujades, 77. Planta 2, porta 6<\/p>\n<p>08005, Barcelona<\/p>\n<p><a href=\"https:\/\/bcnmusiclab.com\/\" target=\"_blank\" rel=\"noopener\">bcnmusiclab.com<\/a><\/p>\n<\/div>\r\n                        <p class=\"cav_fancy_social\"><a target=\"_blank\" href=\"https:\/\/x.com\/bcnmusiclab\"><img decoding=\"async\" src=\"https:\/\/www.clusteraudiovisual.cat\/wp-content\/themes\/enfold-child\/img\/twitter.png\" alt=\"BCN Music Lab - Twitter\" \/><\/a>  <a target=\"_blank\" href=\"https:\/\/www.instagram.com\/bcnmusiclab\/\"><img decoding=\"async\" src=\"https:\/\/www.clusteraudiovisual.cat\/wp-content\/themes\/enfold-child\/img\/icon-instagram.png\" alt=\"BCN Music Lab - Instagram\" \/><\/a>  <a target=\"_blank\" href=\"https:\/\/www.linkedin.com\/company\/bcnmusiclab\/\"><img decoding=\"async\" src=\"https:\/\/www.clusteraudiovisual.cat\/wp-content\/themes\/enfold-child\/img\/icon-linkedin.png\" alt=\"BCN Music Lab - Linkedin\" \/><\/a><\/p>\r\n                <\/div><img decoding=\"async\" class=\"soci_item_logo img-fluid\" src=\"https:\/\/www.clusteraudiovisual.cat\/wp-content\/uploads\/2024\/09\/LogoSoci_BCN-Music-Lab.jpg\" alt=\"BCN Music Lab\" title=\"BCN Music Lab\" \/>\r\n                    <div class=\"soci_list_activ_container\" style=\"width: 100%;background: none;\">\r\n                               <p class=\"soci_list_activ mb-0\"><span>Distribuci\u00f3n - Exhibici\u00f3n<\/span><span>Servicios<\/span><span>Tecnolog\u00eda<\/span><\/p>\r\n                               <p class=\"soci_list_serv mb-0\">M\u00fasica<span class=\"separador_cats\">|<\/span>Sonido<span class=\"separador_cats\"<\/p>\r\n                    <\/div>\r\n                <\/div><\/div><div data-title=\"benece produccions produccion-es servicios-es television-es  esdeveniments-es ficcion formatos-tv-es no-ficcion \" data-actv=\"produccion-es servicios-es television-es \" data-serv=\"esdeveniments-es ficcion formatos-tv-es no-ficcion \" class=\"col-12 col-md-4 mb-4 border-bottom soci_box\"><div class=\"soci_item text-center\"><a class=\"soci_item_overlay\" data-fancybox=\"8014\" data-src=\"#selectableModal8014\" href=\"javascript:;\">Benec\u00e9 Produccions<\/a><div class=\"cav_fancy\" style=\"display: none;max-width:500px;\" id=\"selectableModal8014\">\r\n                        <div class=\"cav_fancy_logo text-center pb-4 border-bottom\"><img decoding=\"async\" class=\"soci_item_logo img-fluid\" src=\"https:\/\/www.clusteraudiovisual.cat\/wp-content\/uploads\/2013\/09\/logo_bnc-_2_.jpg\" alt=\"Benec\u00e9 Produccions\" title=\"Benec\u00e9 Produccions\" \/><\/div>\r\n                        <h3 class=\"cav_fancy_title\" data-selectable=\"true\">Benec\u00e9 Produccions<\/h3>\r\n                        <p class=\"cav_fancy_cat_actv\"><span>Producci\u00f3n<\/span><span>Servicios<\/span><span>Televisi\u00f3n<\/span><\/p>\r\n                        <p class=\"cav_fancy_cat_serv\">Eventos<span class=\"separador_cats\">|<\/span>Ficci\u00f3n<span class=\"separador_cats\">|<\/span>Formatos TV<span class=\"separador_cats\">|<\/span>No ficci\u00f3n<span class=\"separador_cats\"<\/p>\r\n                        <p class=\"cav_fancy_description border-bottom\">Productora audiovisual multidisciplinar que combina v\u00eddeos institucionales y corporativos, publicidad, programas de televisi\u00f3n y cine de documental y ficci\u00f3n. Adem\u00e1s, dise\u00f1a y produce eventos culturales.<\/p>\r\n                        <div class=\"cav_fancy_adress\"><p>Passatge Tona, 10<\/p>\n<p>08023, Barcelona<\/p>\n<p>932 840 719<\/p>\n<p><a href=\"mailto:benece@benece.es\" target=\"_blank\" rel=\"noopener\">benece@benece.es<\/a><\/p>\n<p><a href=\"https:\/\/www.benece.es\/ca\/\" target=\"_blank\" rel=\"noopener\">www.benece.es<\/a><\/p>\n<\/div>\r\n                        <p class=\"cav_fancy_social\"><a target=\"_blank\" href=\"https:\/\/twitter.com\/bncproduccions\"><img decoding=\"async\" src=\"https:\/\/www.clusteraudiovisual.cat\/wp-content\/themes\/enfold-child\/img\/twitter.png\" alt=\"Benec\u00e9 Produccions - Twitter\" \/><\/a> <a target=\"_blank\" href=\"https:\/\/www.facebook.com\/beneceproduccions\"><img decoding=\"async\" src=\"https:\/\/www.clusteraudiovisual.cat\/wp-content\/themes\/enfold-child\/img\/facebook.png\" alt=\"Benec\u00e9 Produccions - Twitter\" \/><\/a> <a target=\"_blank\" href=\"https:\/\/www.instagram.com\/bncproduccions\/\"><img decoding=\"async\" src=\"https:\/\/www.clusteraudiovisual.cat\/wp-content\/themes\/enfold-child\/img\/icon-instagram.png\" alt=\"Benec\u00e9 Produccions - Instagram\" \/><\/a> <a target=\"_blank\" href=\"https:\/\/www.youtube.com\/user\/prensabenece\"><img decoding=\"async\" src=\"https:\/\/www.clusteraudiovisual.cat\/wp-content\/themes\/enfold-child\/img\/icon-youtube.png\" alt=\"Benec\u00e9 Produccions - Youtube\" \/><\/a> <a target=\"_blank\" href=\"https:\/\/es.linkedin.com\/company\/benece-produccions\"><img decoding=\"async\" src=\"https:\/\/www.clusteraudiovisual.cat\/wp-content\/themes\/enfold-child\/img\/icon-linkedin.png\" alt=\"Benec\u00e9 Produccions - Linkedin\" \/><\/a><\/p>\r\n                <\/div><img decoding=\"async\" class=\"soci_item_logo img-fluid\" src=\"https:\/\/www.clusteraudiovisual.cat\/wp-content\/uploads\/2013\/09\/logo_bnc-_2_.jpg\" alt=\"Benec\u00e9 Produccions\" title=\"Benec\u00e9 Produccions\" \/>\r\n                    <div class=\"soci_list_activ_container\" style=\"width: 100%;background: none;\">\r\n                               <p class=\"soci_list_activ mb-0\"><span>Producci\u00f3n<\/span><span>Servicios<\/span><span>Televisi\u00f3n<\/span><\/p>\r\n                               <p class=\"soci_list_serv mb-0\">Eventos<span class=\"separador_cats\">|<\/span>Ficci\u00f3n<span class=\"separador_cats\">|<\/span>Formatos TV<span class=\"separador_cats\">|<\/span>No ficci\u00f3n<span class=\"separador_cats\"<\/p>\r\n                    <\/div>\r\n                <\/div><\/div><div data-title=\"besenpai integrated-systems-es produccion-es servicios-es tecnologia-es  esdeveniments-es servicios-de-produccion streaming-es videconferencias videopodcast-es \" data-actv=\"integrated-systems-es produccion-es servicios-es tecnologia-es \" data-serv=\"esdeveniments-es servicios-de-produccion streaming-es videconferencias videopodcast-es \" class=\"col-12 col-md-4 mb-4 border-bottom soci_box\"><div class=\"soci_item text-center\"><a class=\"soci_item_overlay\" data-fancybox=\"38110\" data-src=\"#selectableModal38110\" href=\"javascript:;\">beSenpai<\/a><div class=\"cav_fancy\" style=\"display: none;max-width:500px;\" id=\"selectableModal38110\">\r\n                        <div class=\"cav_fancy_logo text-center pb-4 border-bottom\"><img decoding=\"async\" class=\"soci_item_logo img-fluid\" src=\"https:\/\/www.clusteraudiovisual.cat\/wp-content\/uploads\/2023\/11\/LogoSoci_BeSenpai.jpg\" alt=\"beSenpai\" title=\"beSenpai\" \/><\/div>\r\n                        <h3 class=\"cav_fancy_title\" data-selectable=\"true\">beSenpai<\/h3>\r\n                        <p class=\"cav_fancy_cat_actv\"><span>Integrated Systems<\/span><span>Producci\u00f3n<\/span><span>Servicios<\/span><span>Tecnolog\u00eda<\/span><\/p>\r\n                        <p class=\"cav_fancy_cat_serv\">Eventos<span class=\"separador_cats\">|<\/span>Servicios de producci\u00f3n<span class=\"separador_cats\">|<\/span>Streaming<span class=\"separador_cats\">|<\/span>Videconferencias<span class=\"separador_cats\">|<\/span>Videopodcast<span class=\"separador_cats\"<\/p>\r\n                        <p class=\"cav_fancy_description border-bottom\">Productora especializada en eventos en streaming y creaci\u00f3n de contenido. Ofrecen servicios para eventos en directo, webinars, producci\u00f3n de contenidos y producci\u00f3n de eventos de forma integral, incluyendo el dise\u00f1o de luz y sonido y pantallas LED.<\/p>\r\n                        <div class=\"cav_fancy_adress\"><p>C\/ Ciutat de Granada, 69<\/p>\n<p>08005, Barcelona<\/p>\n<p>617 083 446<\/p>\n<p><a href=\"mailto:hello@besenpai.com\" target=\"_blank\" rel=\"noopener\">hello@besenpai.com<\/a><\/p>\n<p><a href=\"https:\/\/www.besenpai.com\/\" target=\"_blank\" rel=\"noopener\">www.besenpai.com<\/a><\/p>\n<\/div>\r\n                        <p class=\"cav_fancy_social\">  <a target=\"_blank\" href=\"https:\/\/www.instagram.com\/besenpai_\/\"><img decoding=\"async\" src=\"https:\/\/www.clusteraudiovisual.cat\/wp-content\/themes\/enfold-child\/img\/icon-instagram.png\" alt=\"beSenpai - Instagram\" \/><\/a>  <a target=\"_blank\" href=\"https:\/\/www.linkedin.com\/company\/besenpai\"><img decoding=\"async\" src=\"https:\/\/www.clusteraudiovisual.cat\/wp-content\/themes\/enfold-child\/img\/icon-linkedin.png\" alt=\"beSenpai - Linkedin\" \/><\/a><\/p>\r\n                <\/div><img decoding=\"async\" class=\"soci_item_logo img-fluid\" src=\"https:\/\/www.clusteraudiovisual.cat\/wp-content\/uploads\/2023\/11\/LogoSoci_BeSenpai.jpg\" alt=\"beSenpai\" title=\"beSenpai\" \/>\r\n                    <div class=\"soci_list_activ_container\" style=\"width: 100%;background: none;\">\r\n                               <p class=\"soci_list_activ mb-0\"><span>Integrated Systems<\/span><span>Producci\u00f3n<\/span><span>Servicios<\/span><span>Tecnolog\u00eda<\/span><\/p>\r\n                               <p class=\"soci_list_serv mb-0\">Eventos<span class=\"separador_cats\">|<\/span>Servicios de producci\u00f3n<span class=\"separador_cats\">|<\/span>Streaming<span class=\"separador_cats\">|<\/span>Videconferencias<span class=\"separador_cats\">|<\/span>Videopodcast<span class=\"separador_cats\"<\/p>\r\n                    <\/div>\r\n                <\/div><\/div><div data-title=\"beteve radio-es servicios-es television-es  formatos-tv-es noticias \" data-actv=\"radio-es servicios-es television-es \" data-serv=\"formatos-tv-es noticias \" class=\"col-12 col-md-4 mb-4 border-bottom soci_box\"><div class=\"soci_item text-center\"><a class=\"soci_item_overlay\" data-fancybox=\"8052\" data-src=\"#selectableModal8052\" href=\"javascript:;\">Betev\u00e9<\/a><div class=\"cav_fancy\" style=\"display: none;max-width:500px;\" id=\"selectableModal8052\">\r\n                        <div class=\"cav_fancy_logo text-center pb-4 border-bottom\"><img decoding=\"async\" class=\"soci_item_logo img-fluid\" src=\"https:\/\/www.clusteraudiovisual.cat\/wp-content\/uploads\/2013\/11\/15.logotip_beteve_roig_rgb.jpg\" alt=\"Betev\u00e9\" title=\"Betev\u00e9\" \/><\/div>\r\n                        <h3 class=\"cav_fancy_title\" data-selectable=\"true\">Betev\u00e9<\/h3>\r\n                        <p class=\"cav_fancy_cat_actv\"><span>Radio<\/span><span>Servicios<\/span><span>Televisi\u00f3n<\/span><\/p>\r\n                        <p class=\"cav_fancy_cat_serv\">Formatos TV<span class=\"separador_cats\">|<\/span>Noticias<span class=\"separador_cats\"<\/p>\r\n                        <p class=\"cav_fancy_description border-bottom\">Medio de comunicaci\u00f3n p\u00fablico de Barcelona que ofrece servicios de televisi\u00f3n, radio, web y redes sociales.<\/p>\r\n                        <div class=\"cav_fancy_adress\"><p>Pla\u00e7a T\u00edsner, 1<\/p>\n<p>08018, Barcelona<\/p>\n<p>935 064 200<\/p>\n<p><a href=\"mailto:info@beteve.cat\" target=\"_blank\" rel=\"noopener\">info@beteve.cat<\/a><\/p>\n<p><a href=\"https:\/\/beteve.cat\/\" target=\"_blank\" rel=\"noopener\">www.beteve.cat<\/a><\/p>\n<\/div>\r\n                        <p class=\"cav_fancy_social\"><a target=\"_blank\" href=\"https:\/\/twitter.com\/BTVcat\"><img decoding=\"async\" src=\"https:\/\/www.clusteraudiovisual.cat\/wp-content\/themes\/enfold-child\/img\/twitter.png\" alt=\"Betev\u00e9 - Twitter\" \/><\/a> <a target=\"_blank\" href=\"https:\/\/www.facebook.com\/BarcelonaTelevisio\"><img decoding=\"async\" src=\"https:\/\/www.clusteraudiovisual.cat\/wp-content\/themes\/enfold-child\/img\/facebook.png\" alt=\"Betev\u00e9 - Twitter\" \/><\/a> <a target=\"_blank\" href=\"https:\/\/www.instagram.com\/betevecat\/\"><img decoding=\"async\" src=\"https:\/\/www.clusteraudiovisual.cat\/wp-content\/themes\/enfold-child\/img\/icon-instagram.png\" alt=\"Betev\u00e9 - Instagram\" \/><\/a> <a target=\"_blank\" href=\"https:\/\/www.youtube.com\/channel\/UCenoiY7GMRPMCkMJmvV9hNA\"><img decoding=\"async\" src=\"https:\/\/www.clusteraudiovisual.cat\/wp-content\/themes\/enfold-child\/img\/icon-youtube.png\" alt=\"Betev\u00e9 - Youtube\" \/><\/a> <a target=\"_blank\" href=\"https:\/\/www.linkedin.com\/company\/beteve\/\"><img decoding=\"async\" src=\"https:\/\/www.clusteraudiovisual.cat\/wp-content\/themes\/enfold-child\/img\/icon-linkedin.png\" alt=\"Betev\u00e9 - Linkedin\" \/><\/a><\/p>\r\n                <\/div><img decoding=\"async\" class=\"soci_item_logo img-fluid\" src=\"https:\/\/www.clusteraudiovisual.cat\/wp-content\/uploads\/2013\/11\/15.logotip_beteve_roig_rgb.jpg\" alt=\"Betev\u00e9\" title=\"Betev\u00e9\" \/>\r\n                    <div class=\"soci_list_activ_container\" style=\"width: 100%;background: none;\">\r\n                               <p class=\"soci_list_activ mb-0\"><span>Radio<\/span><span>Servicios<\/span><span>Televisi\u00f3n<\/span><\/p>\r\n                               <p class=\"soci_list_serv mb-0\">Formatos TV<span class=\"separador_cats\">|<\/span>Noticias<span class=\"separador_cats\"<\/p>\r\n                    <\/div>\r\n                <\/div><\/div><div data-title=\"bit lab produccion-es servicios-es tecnologia-es  digital-es diseno-es musica-es servicios-de-produccion \" data-actv=\"produccion-es servicios-es tecnologia-es \" data-serv=\"digital-es diseno-es musica-es servicios-de-produccion \" class=\"col-12 col-md-4 mb-4 border-bottom soci_box\"><div class=\"soci_item text-center\"><a class=\"soci_item_overlay\" data-fancybox=\"38427\" data-src=\"#selectableModal38427\" href=\"javascript:;\">Bit Lab<\/a><div class=\"cav_fancy\" style=\"display: none;max-width:500px;\" id=\"selectableModal38427\">\r\n                        <div class=\"cav_fancy_logo text-center pb-4 border-bottom\"><img decoding=\"async\" class=\"soci_item_logo img-fluid\" src=\"https:\/\/www.clusteraudiovisual.cat\/wp-content\/uploads\/2023\/12\/LogoSoci_BitLab.jpg\" alt=\"Bit Lab\" title=\"Bit Lab\" \/><\/div>\r\n                        <h3 class=\"cav_fancy_title\" data-selectable=\"true\">Bit Lab<\/h3>\r\n                        <p class=\"cav_fancy_cat_actv\"><span>Producci\u00f3n<\/span><span>Servicios<\/span><span>Tecnolog\u00eda<\/span><\/p>\r\n                        <p class=\"cav_fancy_cat_serv\">Digital<span class=\"separador_cats\">|<\/span>Dise\u00f1o<span class=\"separador_cats\">|<\/span>M\u00fasica<span class=\"separador_cats\">|<\/span>Servicios de producci\u00f3n<span class=\"separador_cats\"<\/p>\r\n                        <p class=\"cav_fancy_description border-bottom\">Entidad sin fines de lucro para democratizar el acceso a la cultura y la innovaci\u00f3n a trav\u00e9s de proyectos comunitarios. Bit Lab est\u00e1 compuesta por profesionales con m\u00e1s de 10 a\u00f1os de experiencia en el campo de la innovaci\u00f3n cultural y social, el dise\u00f1o e ingenier\u00eda de proyectos, el audiovisual, el dise\u00f1o, la comunicaci\u00f3n y la producci\u00f3n cultural.<\/p>\r\n                        <div class=\"cav_fancy_adress\"><p>C\/ de Parellada, 4 local 1<\/p>\n<p>08030, Barcelona<\/p>\n<p><a class=\"tdul\" href=\"mailto:info@bitlab.cat\">info@bitlab.cat<\/a><\/p>\n<p><a href=\"https:\/\/www.bitlab.cat\/\" target=\"_blank\" rel=\"noopener\">www.bitlab.cat<\/a><\/p>\n<\/div>\r\n                        <p class=\"cav_fancy_social\"><a target=\"_blank\" href=\"https:\/\/twitter.com\/BitLabCat\"><img decoding=\"async\" src=\"https:\/\/www.clusteraudiovisual.cat\/wp-content\/themes\/enfold-child\/img\/twitter.png\" alt=\"Bit Lab - Twitter\" \/><\/a>    <\/p>\r\n                <\/div><img decoding=\"async\" class=\"soci_item_logo img-fluid\" src=\"https:\/\/www.clusteraudiovisual.cat\/wp-content\/uploads\/2023\/12\/LogoSoci_BitLab.jpg\" alt=\"Bit Lab\" title=\"Bit Lab\" \/>\r\n                    <div class=\"soci_list_activ_container\" style=\"width: 100%;background: none;\">\r\n                               <p class=\"soci_list_activ mb-0\"><span>Producci\u00f3n<\/span><span>Servicios<\/span><span>Tecnolog\u00eda<\/span><\/p>\r\n                               <p class=\"soci_list_serv mb-0\">Digital<span class=\"separador_cats\">|<\/span>Dise\u00f1o<span class=\"separador_cats\">|<\/span>M\u00fasica<span class=\"separador_cats\">|<\/span>Servicios de producci\u00f3n<span class=\"separador_cats\"<\/p>\r\n                    <\/div>\r\n                <\/div><\/div><div data-title=\"bitl media postproduccion-es servicios-es tecnologia-es  doblaje-es edicio-es subtitulado-es \" data-actv=\"postproduccion-es servicios-es tecnologia-es \" data-serv=\"doblaje-es edicio-es subtitulado-es \" class=\"col-12 col-md-4 mb-4 border-bottom soci_box\"><div class=\"soci_item text-center\"><a class=\"soci_item_overlay\" data-fancybox=\"48281\" data-src=\"#selectableModal48281\" href=\"javascript:;\">BITL MEDIA<\/a><div class=\"cav_fancy\" style=\"display: none;max-width:500px;\" id=\"selectableModal48281\">\r\n                        <div class=\"cav_fancy_logo text-center pb-4 border-bottom\"><img decoding=\"async\" class=\"soci_item_logo img-fluid\" src=\"https:\/\/www.clusteraudiovisual.cat\/wp-content\/uploads\/2025\/12\/LogoSoci_BITLMEDIA.jpg\" alt=\"BITL MEDIA\" title=\"BITL MEDIA\" \/><\/div>\r\n                        <h3 class=\"cav_fancy_title\" data-selectable=\"true\">BITL MEDIA<\/h3>\r\n                        <p class=\"cav_fancy_cat_actv\"><span>Postproducci\u00f3n<\/span><span>Servicios<\/span><span>Tecnolog\u00eda<\/span><\/p>\r\n                        <p class=\"cav_fancy_cat_serv\">Doblaje<span class=\"separador_cats\">|<\/span>Edici\u00f3n<span class=\"separador_cats\">|<\/span>Subtitulado<span class=\"separador_cats\"<\/p>\r\n                        <p class=\"cav_fancy_description border-bottom\">Coordinan y ejecutan los trabajos que permitan entregar un producto cinematogr\u00e1fico audiovisual terminado para que se distribuya a salas de cine, plataformas de streaming, canales de televisi\u00f3n o espacios publicitarios. Se encargan de la recepci\u00f3n y seguimiento de todos los materiales necesarios (trailer, gui\u00f3n, screener, DCP, etc.), as\u00ed como de la gesti\u00f3n y control del doblaje y subtitulado que sea necesario en cada caso.<\/p>\r\n                        <div class=\"cav_fancy_adress\"><\/div>\r\n                        <p class=\"cav_fancy_social\">    <\/p>\r\n                <\/div><img decoding=\"async\" class=\"soci_item_logo img-fluid\" src=\"https:\/\/www.clusteraudiovisual.cat\/wp-content\/uploads\/2025\/12\/LogoSoci_BITLMEDIA.jpg\" alt=\"BITL MEDIA\" title=\"BITL MEDIA\" \/>\r\n                    <div class=\"soci_list_activ_container\" style=\"width: 100%;background: none;\">\r\n                               <p class=\"soci_list_activ mb-0\"><span>Postproducci\u00f3n<\/span><span>Servicios<\/span><span>Tecnolog\u00eda<\/span><\/p>\r\n                               <p class=\"soci_list_serv mb-0\">Doblaje<span class=\"separador_cats\">|<\/span>Edici\u00f3n<span class=\"separador_cats\">|<\/span>Subtitulado<span class=\"separador_cats\"<\/p>\r\n                    <\/div>\r\n                <\/div><\/div><div data-title=\"blackfish distribucion espais-audiovisuals-es produccion-es servicios-es tecnologia-es television-es  alquiler-de-equipos-es broadcast-es mapping-es materials-audiovisuals-es produccion-virtual realidad-aumentada streaming-es tecnicos \" data-actv=\"distribucion espais-audiovisuals-es produccion-es servicios-es tecnologia-es television-es \" data-serv=\"alquiler-de-equipos-es broadcast-es mapping-es materials-audiovisuals-es produccion-virtual realidad-aumentada streaming-es tecnicos \" class=\"col-12 col-md-4 mb-4 border-bottom soci_box\"><div class=\"soci_item text-center\"><a class=\"soci_item_overlay\" data-fancybox=\"22629\" data-src=\"#selectableModal22629\" href=\"javascript:;\">Blackfish<\/a><div class=\"cav_fancy\" style=\"display: none;max-width:500px;\" id=\"selectableModal22629\">\r\n                        <div class=\"cav_fancy_logo text-center pb-4 border-bottom\"><img decoding=\"async\" class=\"soci_item_logo img-fluid\" src=\"https:\/\/www.clusteraudiovisual.cat\/wp-content\/uploads\/2022\/04\/LogoSoci_Blackfish-1.png\" alt=\"Blackfish\" title=\"Blackfish\" \/><\/div>\r\n                        <h3 class=\"cav_fancy_title\" data-selectable=\"true\">Blackfish<\/h3>\r\n                        <p class=\"cav_fancy_cat_actv\"><span>Distribuci\u00f3n - Exhibici\u00f3n<\/span><span>Espacios Audiovisuales<\/span><span>Producci\u00f3n<\/span><span>Servicios<\/span><span>Tecnolog\u00eda<\/span><span>Televisi\u00f3n<\/span><\/p>\r\n                        <p class=\"cav_fancy_cat_serv\">Alquiler de equipos<span class=\"separador_cats\">|<\/span>Broadcast<span class=\"separador_cats\">|<\/span>Mapping<span class=\"separador_cats\">|<\/span>Material audiovisual<span class=\"separador_cats\">|<\/span>Producci\u00f3n Virtual<span class=\"separador_cats\">|<\/span>Realidad Aumentada<span class=\"separador_cats\">|<\/span>Streaming<span class=\"separador_cats\">|<\/span>T\u00e9cnicos<span class=\"separador_cats\"<\/p>\r\n                        <p class=\"cav_fancy_description border-bottom\">Ofrece servicios a todo tipo de proyectos que necesitan media servers, desde eventos en vivo hasta plat\u00f3s de televisi\u00f3n.<\/p>\r\n                        <div class=\"cav_fancy_adress\"><p>C\/ Val\u00e8ncia 25<\/p>\n<p>08015, Barcelona<\/p>\n<p>931 930 795\u202c<\/p>\n<p><a href=\"mailto:info@blackfish.tv\" target=\"_blank\" rel=\"noopener\">info@blackfish.tv<\/a><\/p>\n<p><a href=\"https:\/\/www.blackfish.tv\/\" target=\"_blank\" rel=\"noopener\">www.blackfish.tv<\/a><\/p>\n<\/div>\r\n                        <p class=\"cav_fancy_social\">  <a target=\"_blank\" href=\"https:\/\/www.instagram.com\/blackfish_mediaservers\/\"><img decoding=\"async\" src=\"https:\/\/www.clusteraudiovisual.cat\/wp-content\/themes\/enfold-child\/img\/icon-instagram.png\" alt=\"Blackfish - Instagram\" \/><\/a>  <a target=\"_blank\" href=\"https:\/\/www.linkedin.com\/company\/blackfish-sl\"><img decoding=\"async\" src=\"https:\/\/www.clusteraudiovisual.cat\/wp-content\/themes\/enfold-child\/img\/icon-linkedin.png\" alt=\"Blackfish - Linkedin\" \/><\/a><\/p>\r\n                <\/div><img decoding=\"async\" class=\"soci_item_logo img-fluid\" src=\"https:\/\/www.clusteraudiovisual.cat\/wp-content\/uploads\/2022\/04\/LogoSoci_Blackfish-1.png\" alt=\"Blackfish\" title=\"Blackfish\" \/>\r\n                    <div class=\"soci_list_activ_container\" style=\"width: 100%;background: none;\">\r\n                               <p class=\"soci_list_activ mb-0\"><span>Distribuci\u00f3n - Exhibici\u00f3n<\/span><span>Espacios Audiovisuales<\/span><span>Producci\u00f3n<\/span><span>Servicios<\/span><span>Tecnolog\u00eda<\/span><span>Televisi\u00f3n<\/span><\/p>\r\n                               <p class=\"soci_list_serv mb-0\">Alquiler de equipos<span class=\"separador_cats\">|<\/span>Broadcast<span class=\"separador_cats\">|<\/span>Mapping<span class=\"separador_cats\">|<\/span>Material audiovisual<span class=\"separador_cats\">|<\/span>Producci\u00f3n Virtual<span class=\"separador_cats\">|<\/span>Realidad Aumentada<span class=\"separador_cats\">|<\/span>Streaming<span class=\"separador_cats\">|<\/span>T\u00e9cnicos<span class=\"separador_cats\"<\/p>\r\n                    <\/div>\r\n                <\/div><\/div><div data-title=\"blanco y negro distribucion experiencias-inmersivas-es  blockchain-es esdeveniments-es festivales musica-es sonido videopodcast-es \" data-actv=\"distribucion experiencias-inmersivas-es \" data-serv=\"blockchain-es esdeveniments-es festivales musica-es sonido videopodcast-es \" class=\"col-12 col-md-4 mb-4 border-bottom soci_box\"><div class=\"soci_item text-center\"><a class=\"soci_item_overlay\" data-fancybox=\"39524\" data-src=\"#selectableModal39524\" href=\"javascript:;\">Blanco y negro<\/a><div class=\"cav_fancy\" style=\"display: none;max-width:500px;\" id=\"selectableModal39524\">\r\n                        <div class=\"cav_fancy_logo text-center pb-4 border-bottom\"><img decoding=\"async\" class=\"soci_item_logo img-fluid\" src=\"https:\/\/www.clusteraudiovisual.cat\/wp-content\/uploads\/2024\/01\/LogoSoci_Blancoynegro.jpg\" alt=\"Blanco y negro\" title=\"Blanco y negro\" \/><\/div>\r\n                        <h3 class=\"cav_fancy_title\" data-selectable=\"true\">Blanco y negro<\/h3>\r\n                        <p class=\"cav_fancy_cat_actv\"><span>Distribuci\u00f3n - Exhibici\u00f3n<\/span><span>Experiencias Inmersivas<\/span><\/p>\r\n                        <p class=\"cav_fancy_cat_serv\">Blockchain<span class=\"separador_cats\">|<\/span>Eventos<span class=\"separador_cats\">|<\/span>Festivales<span class=\"separador_cats\">|<\/span>M\u00fasica<span class=\"separador_cats\">|<\/span>Sonido<span class=\"separador_cats\">|<\/span>Videopodcast<span class=\"separador_cats\"<\/p>\r\n                        <p class=\"cav_fancy_description border-bottom\">Compa\u00f1\u00eda discogr\u00e1fica y sello europeos de referencia en m\u00fasica electr\u00f3nica. Con una trayectoria de m\u00e1s de 30 a\u00f1os, apuestan siempre por el talento y han trabajado con artistas de renombre internacional. Son promotores oficial del festival Unite With Tomorrowland. Tambi\u00e9n apuestan por nuevos formatos basados en la tecnolog\u00eda blockchain y la creaci\u00f3n de NFTs para la industria de la m\u00fasica y de los festivales. <\/p>\r\n                        <div class=\"cav_fancy_adress\"><p>C\/ Llacuna, 11<\/p>\n<p>08005, Barcelona<\/p>\n<p>932 254 400<\/p>\n<p><a href=\"https:\/\/www.blancoynegro.com\/\" target=\"_blank\" rel=\"noopener\">www.blancoynegro.com<\/a><\/p>\n<\/div>\r\n                        <p class=\"cav_fancy_social\"><a target=\"_blank\" href=\"https:\/\/twitter.com\/blancoynegro\"><img decoding=\"async\" src=\"https:\/\/www.clusteraudiovisual.cat\/wp-content\/themes\/enfold-child\/img\/twitter.png\" alt=\"Blanco y negro - Twitter\" \/><\/a> <a target=\"_blank\" href=\"https:\/\/www.facebook.com\/blancoynegromusic\/\"><img decoding=\"async\" src=\"https:\/\/www.clusteraudiovisual.cat\/wp-content\/themes\/enfold-child\/img\/facebook.png\" alt=\"Blanco y negro - Twitter\" \/><\/a> <a target=\"_blank\" href=\"https:\/\/www.instagram.com\/blancoynegromusic\/\"><img decoding=\"async\" src=\"https:\/\/www.clusteraudiovisual.cat\/wp-content\/themes\/enfold-child\/img\/icon-instagram.png\" alt=\"Blanco y negro - Instagram\" \/><\/a> <a target=\"_blank\" href=\"https:\/\/www.youtube.com\/user\/blancoynegro\"><img decoding=\"async\" src=\"https:\/\/www.clusteraudiovisual.cat\/wp-content\/themes\/enfold-child\/img\/icon-youtube.png\" alt=\"Blanco y negro - Youtube\" \/><\/a> <a target=\"_blank\" href=\"https:\/\/www.youtube.com\/user\/blancoynegro\"><img decoding=\"async\" src=\"https:\/\/www.clusteraudiovisual.cat\/wp-content\/themes\/enfold-child\/img\/icon-linkedin.png\" alt=\"Blanco y negro - Linkedin\" \/><\/a><\/p>\r\n                <\/div><img decoding=\"async\" class=\"soci_item_logo img-fluid\" src=\"https:\/\/www.clusteraudiovisual.cat\/wp-content\/uploads\/2024\/01\/LogoSoci_Blancoynegro.jpg\" alt=\"Blanco y negro\" title=\"Blanco y negro\" \/>\r\n                    <div class=\"soci_list_activ_container\" style=\"width: 100%;background: none;\">\r\n                               <p class=\"soci_list_activ mb-0\"><span>Distribuci\u00f3n - Exhibici\u00f3n<\/span><span>Experiencias Inmersivas<\/span><\/p>\r\n                               <p class=\"soci_list_serv mb-0\">Blockchain<span class=\"separador_cats\">|<\/span>Eventos<span class=\"separador_cats\">|<\/span>Festivales<span class=\"separador_cats\">|<\/span>M\u00fasica<span class=\"separador_cats\">|<\/span>Sonido<span class=\"separador_cats\">|<\/span>Videopodcast<span class=\"separador_cats\"<\/p>\r\n                    <\/div>\r\n                <\/div><\/div><div data-title=\"blanquerna formacio-es  universidades \" data-actv=\"formacio-es \" data-serv=\"universidades \" class=\"col-12 col-md-4 mb-4 border-bottom soci_box\"><div class=\"soci_item text-center\"><a class=\"soci_item_overlay\" data-fancybox=\"8162\" data-src=\"#selectableModal8162\" href=\"javascript:;\">Blanquerna<\/a><div class=\"cav_fancy\" style=\"display: none;max-width:500px;\" id=\"selectableModal8162\">\r\n                        <div class=\"cav_fancy_logo text-center pb-4 border-bottom\"><img decoding=\"async\" class=\"soci_item_logo img-fluid\" src=\"https:\/\/www.clusteraudiovisual.cat\/wp-content\/uploads\/2017\/06\/16.Logo-Blanquerna-color.jpg\" alt=\"Blanquerna\" title=\"Blanquerna\" \/><\/div>\r\n                        <h3 class=\"cav_fancy_title\" data-selectable=\"true\">Blanquerna<\/h3>\r\n                        <p class=\"cav_fancy_cat_actv\"><span>Formaci\u00f3n<\/span><\/p>\r\n                        <p class=\"cav_fancy_cat_serv\">Universidades<span class=\"separador_cats\"<\/p>\r\n                        <p class=\"cav_fancy_description border-bottom\">Instituci\u00f3n privada que pertenece a la Universidad Ramon Llull. Cuenta con la Facultad de Comunicaci\u00f3n y Relaciones Internacionales donde se imparten grados y m\u00e1steres relacionados con el audiovisual.<\/p>\r\n                        <div class=\"cav_fancy_adress\"><p>Pla\u00e7a Joan Coromines<\/p>\n<p>08001, Barcelona<\/p>\n<p>932 533 108<\/p>\n<p><a href=\"mailto:infofcri@blanquerna.edu\" target=\"_blank\" rel=\"noopener\">infofcri@blanquerna.edu<\/a><\/p>\n<p><a href=\"https:\/\/www.blanquerna.edu\/ca\/facultat-de-comunicacio-i-relacions-internacionals\" target=\"_blank\" rel=\"noopener\">www.blanquerna.edu<\/a><\/p>\n<\/div>\r\n                        <p class=\"cav_fancy_social\"><a target=\"_blank\" href=\"https:\/\/twitter.com\/blanquernafcri\"><img decoding=\"async\" src=\"https:\/\/www.clusteraudiovisual.cat\/wp-content\/themes\/enfold-child\/img\/twitter.png\" alt=\"Blanquerna - Twitter\" \/><\/a> <a target=\"_blank\" href=\"https:\/\/www.facebook.com\/FCRIBlanquerna\"><img decoding=\"async\" src=\"https:\/\/www.clusteraudiovisual.cat\/wp-content\/themes\/enfold-child\/img\/facebook.png\" alt=\"Blanquerna - Twitter\" \/><\/a>  <a target=\"_blank\" href=\"https:\/\/www.youtube.com\/user\/BlanquernaURL\"><img decoding=\"async\" src=\"https:\/\/www.clusteraudiovisual.cat\/wp-content\/themes\/enfold-child\/img\/icon-youtube.png\" alt=\"Blanquerna - Youtube\" \/><\/a> <a target=\"_blank\" href=\"https:\/\/www.linkedin.com\/school\/blanquerna-url\/?originalSubdomain=es\"><img decoding=\"async\" src=\"https:\/\/www.clusteraudiovisual.cat\/wp-content\/themes\/enfold-child\/img\/icon-linkedin.png\" alt=\"Blanquerna - Linkedin\" \/><\/a><\/p>\r\n                <\/div><img decoding=\"async\" class=\"soci_item_logo img-fluid\" src=\"https:\/\/www.clusteraudiovisual.cat\/wp-content\/uploads\/2017\/06\/16.Logo-Blanquerna-color.jpg\" alt=\"Blanquerna\" title=\"Blanquerna\" \/>\r\n                    <div class=\"soci_list_activ_container\" style=\"width: 100%;background: none;\">\r\n                               <p class=\"soci_list_activ mb-0\"><span>Formaci\u00f3n<\/span><\/p>\r\n                               <p class=\"soci_list_serv mb-0\">Universidades<span class=\"separador_cats\"<\/p>\r\n                    <\/div>\r\n                <\/div><\/div><div data-title=\"blit comunicacio-es experiencias-inmersivas-es publicidad-es  artes-visuales-es diseno-es esdeveniments-es exposiciones-es festivales inmersivo-360-es mapping-es realidad-virtual \" data-actv=\"comunicacio-es experiencias-inmersivas-es publicidad-es \" data-serv=\"artes-visuales-es diseno-es esdeveniments-es exposiciones-es festivales inmersivo-360-es mapping-es realidad-virtual \" class=\"col-12 col-md-4 mb-4 border-bottom soci_box\"><div class=\"soci_item text-center\"><a class=\"soci_item_overlay\" data-fancybox=\"24618\" data-src=\"#selectableModal24618\" href=\"javascript:;\">Blit<\/a><div class=\"cav_fancy\" style=\"display: none;max-width:500px;\" id=\"selectableModal24618\">\r\n                        <div class=\"cav_fancy_logo text-center pb-4 border-bottom\"><img decoding=\"async\" class=\"soci_item_logo img-fluid\" src=\"https:\/\/www.clusteraudiovisual.cat\/wp-content\/uploads\/2022\/09\/LogoSoci_Blit-1.jpg\" alt=\"Blit\" title=\"Blit\" \/><\/div>\r\n                        <h3 class=\"cav_fancy_title\" data-selectable=\"true\">Blit<\/h3>\r\n                        <p class=\"cav_fancy_cat_actv\"><span>Comunicaci\u00f3n<\/span><span>Experiencias Inmersivas<\/span><span>Publicidad<\/span><\/p>\r\n                        <p class=\"cav_fancy_cat_serv\">Artes Visuales<span class=\"separador_cats\">|<\/span>Dise\u00f1o<span class=\"separador_cats\">|<\/span>Eventos<span class=\"separador_cats\">|<\/span>Exposiciones<span class=\"separador_cats\">|<\/span>Festivales<span class=\"separador_cats\">|<\/span>Inmersivo 360<span class=\"separador_cats\">|<\/span>Mapping<span class=\"separador_cats\">|<\/span>Realidad Virtual<span class=\"separador_cats\"<\/p>\r\n                        <p class=\"cav_fancy_description border-bottom\">Estudio creativo de contenido para marcas, eventos, m\u00fasica y arte. Han trabajado con grandes empresas e instituciones des del dise\u00f1o visual hasta las experiencias inmersivas.<\/p>\r\n                        <div class=\"cav_fancy_adress\"><p>C\/ De Pallars 84-88<\/p>\n<p>08018, Barcelona.<\/p>\n<p>930 174 767<\/p>\n<p><a href=\"mailto:ad@blit.studio\" target=\"_blank\" rel=\"noopener\">ad@blit.studio<\/a><\/p>\n<p><a href=\"https:\/\/blit.studio\/\" target=\"_blank\" rel=\"noopener\">www.blit.studio<\/a><\/p>\n<\/div>\r\n                        <p class=\"cav_fancy_social\">  <a target=\"_blank\" href=\"https:\/\/www.instagram.com\/blit.studio_\/\"><img decoding=\"async\" src=\"https:\/\/www.clusteraudiovisual.cat\/wp-content\/themes\/enfold-child\/img\/icon-instagram.png\" alt=\"Blit - Instagram\" \/><\/a>  <a target=\"_blank\" href=\"https:\/\/www.linkedin.com\/company\/blitstudio\/\"><img decoding=\"async\" src=\"https:\/\/www.clusteraudiovisual.cat\/wp-content\/themes\/enfold-child\/img\/icon-linkedin.png\" alt=\"Blit - Linkedin\" \/><\/a><\/p>\r\n                <\/div><img decoding=\"async\" class=\"soci_item_logo img-fluid\" src=\"https:\/\/www.clusteraudiovisual.cat\/wp-content\/uploads\/2022\/09\/LogoSoci_Blit-1.jpg\" alt=\"Blit\" title=\"Blit\" \/>\r\n                    <div class=\"soci_list_activ_container\" style=\"width: 100%;background: none;\">\r\n                               <p class=\"soci_list_activ mb-0\"><span>Comunicaci\u00f3n<\/span><span>Experiencias Inmersivas<\/span><span>Publicidad<\/span><\/p>\r\n                               <p class=\"soci_list_serv mb-0\">Artes Visuales<span class=\"separador_cats\">|<\/span>Dise\u00f1o<span class=\"separador_cats\">|<\/span>Eventos<span class=\"separador_cats\">|<\/span>Exposiciones<span class=\"separador_cats\">|<\/span>Festivales<span class=\"separador_cats\">|<\/span>Inmersivo 360<span class=\"separador_cats\">|<\/span>Mapping<span class=\"separador_cats\">|<\/span>Realidad Virtual<span class=\"separador_cats\"<\/p>\r\n                    <\/div>\r\n                <\/div><\/div><div data-title=\"broadcaster comunicacio-es produccion-es publicidad-es television-es  agencias-es branded-content-es broadcast-es formatos-tv-es no-ficcion \" data-actv=\"comunicacio-es produccion-es publicidad-es television-es \" data-serv=\"agencias-es branded-content-es broadcast-es formatos-tv-es no-ficcion \" class=\"col-12 col-md-4 mb-4 border-bottom soci_box\"><div class=\"soci_item text-center\"><a class=\"soci_item_overlay\" data-fancybox=\"8050\" data-src=\"#selectableModal8050\" href=\"javascript:;\">Broadcaster<\/a><div class=\"cav_fancy\" style=\"display: none;max-width:500px;\" id=\"selectableModal8050\">\r\n                        <div class=\"cav_fancy_logo text-center pb-4 border-bottom\"><img decoding=\"async\" class=\"soci_item_logo img-fluid\" src=\"https:\/\/www.clusteraudiovisual.cat\/wp-content\/uploads\/2013\/09\/17.broadcaster._gran.jpg\" alt=\"Broadcaster\" title=\"Broadcaster\" \/><\/div>\r\n                        <h3 class=\"cav_fancy_title\" data-selectable=\"true\">Broadcaster<\/h3>\r\n                        <p class=\"cav_fancy_cat_actv\"><span>Comunicaci\u00f3n<\/span><span>Producci\u00f3n<\/span><span>Publicidad<\/span><span>Televisi\u00f3n<\/span><\/p>\r\n                        <p class=\"cav_fancy_cat_serv\">Agencias<span class=\"separador_cats\">|<\/span>Branded Content<span class=\"separador_cats\">|<\/span>Broadcast<span class=\"separador_cats\">|<\/span>Formatos TV<span class=\"separador_cats\">|<\/span>No ficci\u00f3n<span class=\"separador_cats\"<\/p>\r\n                        <p class=\"cav_fancy_description border-bottom\">Productora especializada en Brand Journalism que trabaja a partir de la estrategia digitial, la creaci\u00f3n de contenidos, las estrategias de comunicaci\u00f3n y la producci\u00f3n de documentales y medios.<\/p>\r\n                        <div class=\"cav_fancy_adress\"><p>Av. Diagonal 612, 3-9<\/p>\n<p>08021, Barcelona<\/p>\n<p>934 875 482<\/p>\n<p><a href=\"mailto:hola@broadcaster.media\" target=\"_blank\" rel=\"noopener\">hola@broadcaster.media<\/a><\/p>\n<p><a href=\"https:\/\/www.broadcaster.media\/es\/\" target=\"_blank\" rel=\"noopener\">www.broadcaster.media<\/a><\/p>\n<p>&nbsp;<\/p>\n<\/div>\r\n                        <p class=\"cav_fancy_social\"><a target=\"_blank\" href=\"https:\/\/twitter.com\/BroadcasterProd\"><img decoding=\"async\" src=\"https:\/\/www.clusteraudiovisual.cat\/wp-content\/themes\/enfold-child\/img\/twitter.png\" alt=\"Broadcaster - Twitter\" \/><\/a> <a target=\"_blank\" href=\"https:\/\/www.facebook.com\/BroadcasterProd?fref=nf\"><img decoding=\"async\" src=\"https:\/\/www.clusteraudiovisual.cat\/wp-content\/themes\/enfold-child\/img\/facebook.png\" alt=\"Broadcaster - Twitter\" \/><\/a> <a target=\"_blank\" href=\"https:\/\/www.instagram.com\/broadcaster.co\/\"><img decoding=\"async\" src=\"https:\/\/www.clusteraudiovisual.cat\/wp-content\/themes\/enfold-child\/img\/icon-instagram.png\" alt=\"Broadcaster - Instagram\" \/><\/a>  <a target=\"_blank\" href=\"https:\/\/www.linkedin.com\/company\/broadcaster-sl\/\"><img decoding=\"async\" src=\"https:\/\/www.clusteraudiovisual.cat\/wp-content\/themes\/enfold-child\/img\/icon-linkedin.png\" alt=\"Broadcaster - Linkedin\" \/><\/a><\/p>\r\n                <\/div><img decoding=\"async\" class=\"soci_item_logo img-fluid\" src=\"https:\/\/www.clusteraudiovisual.cat\/wp-content\/uploads\/2013\/09\/17.broadcaster._gran.jpg\" alt=\"Broadcaster\" title=\"Broadcaster\" \/>\r\n                    <div class=\"soci_list_activ_container\" style=\"width: 100%;background: none;\">\r\n                               <p class=\"soci_list_activ mb-0\"><span>Comunicaci\u00f3n<\/span><span>Producci\u00f3n<\/span><span>Publicidad<\/span><span>Televisi\u00f3n<\/span><\/p>\r\n                               <p class=\"soci_list_serv mb-0\">Agencias<span class=\"separador_cats\">|<\/span>Branded Content<span class=\"separador_cats\">|<\/span>Broadcast<span class=\"separador_cats\">|<\/span>Formatos TV<span class=\"separador_cats\">|<\/span>No ficci\u00f3n<span class=\"separador_cats\"<\/p>\r\n                    <\/div>\r\n                <\/div><\/div><div data-title=\"brutal media produccion-es publicidad-es television-es  animacion-es ficcion formatos-tv-es no-ficcion \" data-actv=\"produccion-es publicidad-es television-es \" data-serv=\"animacion-es ficcion formatos-tv-es no-ficcion \" class=\"col-12 col-md-4 mb-4 border-bottom soci_box\"><div class=\"soci_item text-center\"><a class=\"soci_item_overlay\" data-fancybox=\"8046\" data-src=\"#selectableModal8046\" href=\"javascript:;\">Brutal Media<\/a><div class=\"cav_fancy\" style=\"display: none;max-width:500px;\" id=\"selectableModal8046\">\r\n                        <div class=\"cav_fancy_logo text-center pb-4 border-bottom\"><img decoding=\"async\" class=\"soci_item_logo img-fluid\" src=\"https:\/\/www.clusteraudiovisual.cat\/wp-content\/uploads\/2013\/09\/18.unnamed-6.jpg\" alt=\"Brutal Media\" title=\"Brutal Media\" \/><\/div>\r\n                        <h3 class=\"cav_fancy_title\" data-selectable=\"true\">Brutal Media<\/h3>\r\n                        <p class=\"cav_fancy_cat_actv\"><span>Producci\u00f3n<\/span><span>Publicidad<\/span><span>Televisi\u00f3n<\/span><\/p>\r\n                        <p class=\"cav_fancy_cat_serv\">Animaci\u00f3n<span class=\"separador_cats\">|<\/span>Ficci\u00f3n<span class=\"separador_cats\">|<\/span>Formatos TV<span class=\"separador_cats\">|<\/span>No ficci\u00f3n<span class=\"separador_cats\"<\/p>\r\n                        <p class=\"cav_fancy_description border-bottom\">Productora audiovisual especializada en largometrajes, series, formatos de TV y documentales, as\u00ed como v\u00eddeos corporativos y publicidad.<\/p>\r\n                        <div class=\"cav_fancy_adress\"><p>C\/ Del Berlin\u00e8s, 46<\/p>\n<p>08022, Barcelona<\/p>\n<p>934 200 206<\/p>\n<p><a href=\"mailto:brutalmedia@brutalmedia.tv\" target=\"_blank\" rel=\"noopener\">brutalmedia@brutalmedia.tv<\/a><\/p>\n<p><a href=\"https:\/\/brutalmedia.tv\/brutalmedia\/ca\/\" target=\"_blank\" rel=\"noopener\">www.brutalmedia.tv<\/a><\/p>\n<\/div>\r\n                        <p class=\"cav_fancy_social\"><a target=\"_blank\" href=\"https:\/\/twitter.com\/brutalmedia\"><img decoding=\"async\" src=\"https:\/\/www.clusteraudiovisual.cat\/wp-content\/themes\/enfold-child\/img\/twitter.png\" alt=\"Brutal Media - Twitter\" \/><\/a> <a target=\"_blank\" href=\"https:\/\/www.facebook.com\/pages\/BRUTAL-MEDIA\/217470358293\"><img decoding=\"async\" src=\"https:\/\/www.clusteraudiovisual.cat\/wp-content\/themes\/enfold-child\/img\/facebook.png\" alt=\"Brutal Media - Twitter\" \/><\/a>   <a target=\"_blank\" href=\"https:\/\/www.linkedin.com\/company\/brutal-media-s-l-?trk=company_logo\"><img decoding=\"async\" src=\"https:\/\/www.clusteraudiovisual.cat\/wp-content\/themes\/enfold-child\/img\/icon-linkedin.png\" alt=\"Brutal Media - Linkedin\" \/><\/a><\/p>\r\n                <\/div><img decoding=\"async\" class=\"soci_item_logo img-fluid\" src=\"https:\/\/www.clusteraudiovisual.cat\/wp-content\/uploads\/2013\/09\/18.unnamed-6.jpg\" alt=\"Brutal Media\" title=\"Brutal Media\" \/>\r\n                    <div class=\"soci_list_activ_container\" style=\"width: 100%;background: none;\">\r\n                               <p class=\"soci_list_activ mb-0\"><span>Producci\u00f3n<\/span><span>Publicidad<\/span><span>Televisi\u00f3n<\/span><\/p>\r\n                               <p class=\"soci_list_serv mb-0\">Animaci\u00f3n<span class=\"separador_cats\">|<\/span>Ficci\u00f3n<span class=\"separador_cats\">|<\/span>Formatos TV<span class=\"separador_cats\">|<\/span>No ficci\u00f3n<span class=\"separador_cats\"<\/p>\r\n                    <\/div>\r\n                <\/div><\/div><div data-title=\"caapsai postproduccion-es produccion-es tecnologia-es  inteligencia-artificial \" data-actv=\"postproduccion-es produccion-es tecnologia-es \" data-serv=\"inteligencia-artificial \" class=\"col-12 col-md-4 mb-4 border-bottom soci_box\"><div class=\"soci_item text-center\"><a class=\"soci_item_overlay\" data-fancybox=\"54004\" data-src=\"#selectableModal54004\" href=\"javascript:;\">Caapsai<\/a><div class=\"cav_fancy\" style=\"display: none;max-width:500px;\" id=\"selectableModal54004\">\r\n                        <div class=\"cav_fancy_logo text-center pb-4 border-bottom\"><img decoding=\"async\" class=\"soci_item_logo img-fluid\" src=\"https:\/\/www.clusteraudiovisual.cat\/wp-content\/uploads\/2025\/12\/LogoSoci_Caapsai.jpg\" alt=\"Caapsai\" title=\"Caapsai\" \/><\/div>\r\n                        <h3 class=\"cav_fancy_title\" data-selectable=\"true\">Caapsai<\/h3>\r\n                        <p class=\"cav_fancy_cat_actv\"><span>Postproducci\u00f3n<\/span><span>Producci\u00f3n<\/span><span>Tecnolog\u00eda<\/span><\/p>\r\n                        <p class=\"cav_fancy_cat_serv\">Inteligencia Artificial<span class=\"separador_cats\"<\/p>\r\n                        <p class=\"cav_fancy_description border-bottom\">Estudio de producci\u00f3n creativa impulsado por IA generativa que crea pel\u00edculas, contenido y formatos innovadores para una nueva y audaz era de posibilidades.<\/p>\r\n                        <div class=\"cav_fancy_adress\"><p class=\"sqsrte-small preFade fadeIn\">C\/ Crist\u00f3bal de Moura, 105<\/p>\n<p class=\"sqsrte-small preFade fadeIn\">08019, Barcelona<\/p>\n<p class=\"sqsrte-small preFade fadeIn\">934 179 378<\/p>\n<p class=\"sqsrte-small preFade fadeIn\"><a href=\"mailto:hellobarcelona@caapsai.com?subject=Hello%20Caapsai%20Barcelona\" target=\"_blank\" rel=\"noopener\">hellobarcelona@caapsai.com<\/a><\/p>\n<p><a href=\"https:\/\/www.caapsai.com\/\">caapsai.com<\/a><\/p>\n<\/div>\r\n                        <p class=\"cav_fancy_social\">  <a target=\"_blank\" href=\"https:\/\/www.instagram.com\/caapsai\/\"><img decoding=\"async\" src=\"https:\/\/www.clusteraudiovisual.cat\/wp-content\/themes\/enfold-child\/img\/icon-instagram.png\" alt=\"Caapsai - Instagram\" \/><\/a> <a target=\"_blank\" href=\"https:\/\/vimeo.com\/user234577104\"><img decoding=\"async\" src=\"https:\/\/www.clusteraudiovisual.cat\/wp-content\/themes\/enfold-child\/img\/icon-youtube.png\" alt=\"Caapsai - Youtube\" \/><\/a> <a target=\"_blank\" href=\"https:\/\/www.linkedin.com\/company\/caapsai\"><img decoding=\"async\" src=\"https:\/\/www.clusteraudiovisual.cat\/wp-content\/themes\/enfold-child\/img\/icon-linkedin.png\" alt=\"Caapsai - Linkedin\" \/><\/a><\/p>\r\n                <\/div><img decoding=\"async\" class=\"soci_item_logo img-fluid\" src=\"https:\/\/www.clusteraudiovisual.cat\/wp-content\/uploads\/2025\/12\/LogoSoci_Caapsai.jpg\" alt=\"Caapsai\" title=\"Caapsai\" \/>\r\n                    <div class=\"soci_list_activ_container\" style=\"width: 100%;background: none;\">\r\n                               <p class=\"soci_list_activ mb-0\"><span>Postproducci\u00f3n<\/span><span>Producci\u00f3n<\/span><span>Tecnolog\u00eda<\/span><\/p>\r\n                               <p class=\"soci_list_serv mb-0\">Inteligencia Artificial<span class=\"separador_cats\"<\/p>\r\n                    <\/div>\r\n                <\/div><\/div><div data-title=\"cabala films produccion-es  animacion-es no-ficcion eries \" data-actv=\"produccion-es \" data-serv=\"animacion-es no-ficcion eries \" class=\"col-12 col-md-4 mb-4 border-bottom soci_box\"><div class=\"soci_item text-center\"><a class=\"soci_item_overlay\" data-fancybox=\"48873\" data-src=\"#selectableModal48873\" href=\"javascript:;\">C\u00e1bala Films<\/a><div class=\"cav_fancy\" style=\"display: none;max-width:500px;\" id=\"selectableModal48873\">\r\n                        <div class=\"cav_fancy_logo text-center pb-4 border-bottom\"><img decoding=\"async\" class=\"soci_item_logo img-fluid\" src=\"https:\/\/www.clusteraudiovisual.cat\/wp-content\/uploads\/2025\/05\/Logo_Cabala.png\" alt=\"C\u00e1bala Films\" title=\"C\u00e1bala Films\" \/><\/div>\r\n                        <h3 class=\"cav_fancy_title\" data-selectable=\"true\">C\u00e1bala Films<\/h3>\r\n                        <p class=\"cav_fancy_cat_actv\"><span>Producci\u00f3n<\/span><\/p>\r\n                        <p class=\"cav_fancy_cat_serv\">Animaci\u00f3n<span class=\"separador_cats\">|<\/span>No ficci\u00f3n<span class=\"separador_cats\">|<\/span>Series<span class=\"separador_cats\"<\/p>\r\n                        <p class=\"cav_fancy_description border-bottom\">Productora de series de televisi\u00f3n, documental, programas infantiles y v\u00eddeos corporativos. Son especialistas en contenidos de ciencia, impacto social, tecnolog\u00eda, medio ambiente e innovaci\u00f3n.<\/p>\r\n                        <div class=\"cav_fancy_adress\"><p>Passeig Mare de D\u00e9u del Coll, 30<\/p>\n<p>08023, Barcelona<\/p>\n<p>937 978 561<\/p>\n<p><a href=\"https:\/\/cabala.media\/\" target=\"_blank\" rel=\"noopener\">cabala.media<\/a><\/p>\n<\/div>\r\n                        <p class=\"cav_fancy_social\"> <a target=\"_blank\" href=\"https:\/\/www.facebook.com\/CabalaProducciones\"><img decoding=\"async\" src=\"https:\/\/www.clusteraudiovisual.cat\/wp-content\/themes\/enfold-child\/img\/facebook.png\" alt=\"C\u00e1bala Films - Twitter\" \/><\/a>  <a target=\"_blank\" href=\"https:\/\/www.youtube.com\/user\/cabalaproducciones\"><img decoding=\"async\" src=\"https:\/\/www.clusteraudiovisual.cat\/wp-content\/themes\/enfold-child\/img\/icon-youtube.png\" alt=\"C\u00e1bala Films - Youtube\" \/><\/a> <\/p>\r\n                <\/div><img decoding=\"async\" class=\"soci_item_logo img-fluid\" src=\"https:\/\/www.clusteraudiovisual.cat\/wp-content\/uploads\/2025\/05\/Logo_Cabala.png\" alt=\"C\u00e1bala Films\" title=\"C\u00e1bala Films\" \/>\r\n                    <div class=\"soci_list_activ_container\" style=\"width: 100%;background: none;\">\r\n                               <p class=\"soci_list_activ mb-0\"><span>Producci\u00f3n<\/span><\/p>\r\n                               <p class=\"soci_list_serv mb-0\">Animaci\u00f3n<span class=\"separador_cats\">|<\/span>No ficci\u00f3n<span class=\"separador_cats\">|<\/span>Series<span class=\"separador_cats\"<\/p>\r\n                    <\/div>\r\n                <\/div><\/div><div data-title=\"canal reus produccion-es television-es  medios-de-comunicacion \" data-actv=\"produccion-es television-es \" data-serv=\"medios-de-comunicacion \" class=\"col-12 col-md-4 mb-4 border-bottom soci_box\"><div class=\"soci_item text-center\"><a class=\"soci_item_overlay\" data-fancybox=\"48828\" data-src=\"#selectableModal48828\" href=\"javascript:;\">Canal Reus<\/a><div class=\"cav_fancy\" style=\"display: none;max-width:500px;\" id=\"selectableModal48828\">\r\n                        <div class=\"cav_fancy_logo text-center pb-4 border-bottom\"><img decoding=\"async\" class=\"soci_item_logo img-fluid\" src=\"https:\/\/www.clusteraudiovisual.cat\/wp-content\/uploads\/2025\/05\/LogoSoci_CanalReus.jpg\" alt=\"Canal Reus\" title=\"Canal Reus\" \/><\/div>\r\n                        <h3 class=\"cav_fancy_title\" data-selectable=\"true\">Canal Reus<\/h3>\r\n                        <p class=\"cav_fancy_cat_actv\"><span>Producci\u00f3n<\/span><span>Televisi\u00f3n<\/span><\/p>\r\n                        <p class=\"cav_fancy_cat_serv\">Medios de comunicaci\u00f3n<span class=\"separador_cats\"<\/p>\r\n                        <p class=\"cav_fancy_description border-bottom\">Medio de comunicaci\u00f3n catal\u00e1n y de gesti\u00f3n privada con vocaci\u00f3n de servicio p\u00fablico, que proporciona el servicio de televisi\u00f3n a nivel local y de proximidad, centr\u00e1ndose en los territorios del Baix Camp y Priorat. Las emisiones regulares empezaron el 28 de septiembre de 1998 y, actualmente, Canal Reus produce programaci\u00f3n propia y tambi\u00e9n se a\u00f1ade a la programaci\u00f3n de La Xarxa (La Xarxa de Comunicaci\u00f3 Local). La cadena apuesta por el sistema de multidifusi\u00f3n, que permite la visualizaci\u00f3n de los programas a lo largo de la semana y en distintas franjas horarias.<\/p>\r\n                        <div class=\"cav_fancy_adress\"><p><span class=\"elementor-icon-list-text\">Avinguda de Bellissens, 42 <\/span><\/p>\n<p><span class=\"elementor-icon-list-text\">B<\/span><span class=\"elementor-icon-list-text\">REDESSA Tecno, 43204, Reus<\/span><\/p>\n<div class=\"elementor-element elementor-element-c2022b6 e-con-full e-flex e-con e-child\" data-id=\"c2022b6\" data-element_type=\"container\">\n<div class=\"elementor-element elementor-element-3e2c37a elementor-mobile-align-center elementor-icon-list--layout-traditional elementor-list-item-link-full_width elementor-widget elementor-widget-icon-list\" data-id=\"3e2c37a\" data-element_type=\"widget\" data-widget_type=\"icon-list.default\">977 300 509<\/div>\n<\/div>\n<div class=\"elementor-element elementor-element-dc786b1 e-con-full e-flex e-con e-child\" data-id=\"dc786b1\" data-element_type=\"container\">\n<div class=\"elementor-element elementor-element-50e9136 elementor-mobile-align-center elementor-icon-list--layout-traditional elementor-list-item-link-full_width elementor-widget elementor-widget-icon-list\" data-id=\"50e9136\" data-element_type=\"widget\" data-widget_type=\"icon-list.default\">\n<p><a href=\"mailto:informatius@canalreustv.cat\"><span class=\"elementor-icon-list-text\">informatius@canalreustv.cat<\/span><\/a><\/p>\n<\/div>\n<\/div>\n<p><a href=\"https:\/\/canalreus.cat\/\" target=\"_blank\" rel=\"noopener\">canalreus.cat<\/a><\/p>\n<\/div>\r\n                        <p class=\"cav_fancy_social\"><a target=\"_blank\" href=\"https:\/\/x.com\/canalreus\"><img decoding=\"async\" src=\"https:\/\/www.clusteraudiovisual.cat\/wp-content\/themes\/enfold-child\/img\/twitter.png\" alt=\"Canal Reus - Twitter\" \/><\/a> <a target=\"_blank\" href=\"https:\/\/www.facebook.com\/canalreus.cat\"><img decoding=\"async\" src=\"https:\/\/www.clusteraudiovisual.cat\/wp-content\/themes\/enfold-child\/img\/facebook.png\" alt=\"Canal Reus - Twitter\" \/><\/a> <a target=\"_blank\" href=\"https:\/\/www.instagram.com\/canalreus\/\"><img decoding=\"async\" src=\"https:\/\/www.clusteraudiovisual.cat\/wp-content\/themes\/enfold-child\/img\/icon-instagram.png\" alt=\"Canal Reus - Instagram\" \/><\/a>  <\/p>\r\n                <\/div><img decoding=\"async\" class=\"soci_item_logo img-fluid\" src=\"https:\/\/www.clusteraudiovisual.cat\/wp-content\/uploads\/2025\/05\/LogoSoci_CanalReus.jpg\" alt=\"Canal Reus\" title=\"Canal Reus\" \/>\r\n                    <div class=\"soci_list_activ_container\" style=\"width: 100%;background: none;\">\r\n                               <p class=\"soci_list_activ mb-0\"><span>Producci\u00f3n<\/span><span>Televisi\u00f3n<\/span><\/p>\r\n                               <p class=\"soci_list_serv mb-0\">Medios de comunicaci\u00f3n<span class=\"separador_cats\"<\/p>\r\n                    <\/div>\r\n                <\/div><\/div><div data-title=\"canal te produccion-es radio-es television-es  formatos-tv-es medios-de-comunicacion \" data-actv=\"produccion-es radio-es television-es \" data-serv=\"formatos-tv-es medios-de-comunicacion \" class=\"col-12 col-md-4 mb-4 border-bottom soci_box\"><div class=\"soci_item text-center\"><a class=\"soci_item_overlay\" data-fancybox=\"50428\" data-src=\"#selectableModal50428\" href=\"javascript:;\">Canal TE<\/a><div class=\"cav_fancy\" style=\"display: none;max-width:500px;\" id=\"selectableModal50428\">\r\n                        <div class=\"cav_fancy_logo text-center pb-4 border-bottom\"><img decoding=\"async\" class=\"soci_item_logo img-fluid\" src=\"https:\/\/www.clusteraudiovisual.cat\/wp-content\/uploads\/2025\/09\/LogoSoci_CanalTE.jpg\" alt=\"Canal TE\" title=\"Canal TE\" \/><\/div>\r\n                        <h3 class=\"cav_fancy_title\" data-selectable=\"true\">Canal TE<\/h3>\r\n                        <p class=\"cav_fancy_cat_actv\"><span>Producci\u00f3n<\/span><span>Radio<\/span><span>Televisi\u00f3n<\/span><\/p>\r\n                        <p class=\"cav_fancy_cat_serv\">Formatos TV<span class=\"separador_cats\">|<\/span>Medios de comunicaci\u00f3n<span class=\"separador_cats\"<\/p>\r\n                        <p class=\"cav_fancy_description border-bottom\">Canal TE es la televisi\u00f3n de referencia de las Terres de l'Ebre. Su principal objetivo es el servicio p\u00fablico de informaci\u00f3n y entretenimiento a lo largo del \u00e1rea de influencia de las Terres de l'Ebre, apostando siempre por la calidad, la pluralidad, y por dar a conocer a sus ciudadanos todo lo que pasa en el territorio. Forma parte del Grupo EbreMedia, que tambi\u00e9n incluye EbreDigital, el diario digital de referencia en la regi\u00f3n del Ebro.<\/p>\r\n                        <div class=\"cav_fancy_adress\"><p>Portal Centre Ciutat, 29. Autovia Tortosa l&#8217;Aldea &#8211; Km 2,5<\/p>\n<p>43518, Tortosa, Tarragona<\/p>\n<p>977 443 699<\/p>\n<p><a href=\"mailto:info@ebredigital.cat\" target=\"_blank\" rel=\"noopener\">info@ebredigital.cat<\/a><\/p>\n<p><a href=\"https:\/\/ebredigital.cat\/\" target=\"_blank\" rel=\"noopener\">ebredigital.cat<\/a><\/p>\n<p><a href=\"https:\/\/canalte.cat\/\" target=\"_blank\" rel=\"noopener\">canalte.cat<\/a><\/p>\n<\/div>\r\n                        <p class=\"cav_fancy_social\"><a target=\"_blank\" href=\"https:\/\/x.com\/canalte\"><img decoding=\"async\" src=\"https:\/\/www.clusteraudiovisual.cat\/wp-content\/themes\/enfold-child\/img\/twitter.png\" alt=\"Canal TE - Twitter\" \/><\/a> <a target=\"_blank\" href=\"https:\/\/www.facebook.com\/canal.terresdelebre\"><img decoding=\"async\" src=\"https:\/\/www.clusteraudiovisual.cat\/wp-content\/themes\/enfold-child\/img\/facebook.png\" alt=\"Canal TE - Twitter\" \/><\/a> <a target=\"_blank\" href=\"https:\/\/www.instagram.com\/canalte\/\"><img decoding=\"async\" src=\"https:\/\/www.clusteraudiovisual.cat\/wp-content\/themes\/enfold-child\/img\/icon-instagram.png\" alt=\"Canal TE - Instagram\" \/><\/a> <a target=\"_blank\" href=\"https:\/\/www.youtube.com\/user\/canalterresdelebre\"><img decoding=\"async\" src=\"https:\/\/www.clusteraudiovisual.cat\/wp-content\/themes\/enfold-child\/img\/icon-youtube.png\" alt=\"Canal TE - Youtube\" \/><\/a> <\/p>\r\n                <\/div><img decoding=\"async\" class=\"soci_item_logo img-fluid\" src=\"https:\/\/www.clusteraudiovisual.cat\/wp-content\/uploads\/2025\/09\/LogoSoci_CanalTE.jpg\" alt=\"Canal TE\" title=\"Canal TE\" \/>\r\n                    <div class=\"soci_list_activ_container\" style=\"width: 100%;background: none;\">\r\n                               <p class=\"soci_list_activ mb-0\"><span>Producci\u00f3n<\/span><span>Radio<\/span><span>Televisi\u00f3n<\/span><\/p>\r\n                               <p class=\"soci_list_serv mb-0\">Formatos TV<span class=\"separador_cats\">|<\/span>Medios de comunicaci\u00f3n<span class=\"separador_cats\"<\/p>\r\n                    <\/div>\r\n                <\/div><\/div><div data-title=\"carnaby studios experiencias-inmersivas-es podcast-es postproduccion-es  musica-es sonido \" data-actv=\"experiencias-inmersivas-es podcast-es postproduccion-es \" data-serv=\"musica-es sonido \" class=\"col-12 col-md-4 mb-4 border-bottom soci_box\"><div class=\"soci_item text-center\"><a class=\"soci_item_overlay\" data-fancybox=\"8195\" data-src=\"#selectableModal8195\" href=\"javascript:;\">Carnaby Studios<\/a><div class=\"cav_fancy\" style=\"display: none;max-width:500px;\" id=\"selectableModal8195\">\r\n                        <div class=\"cav_fancy_logo text-center pb-4 border-bottom\"><img decoding=\"async\" class=\"soci_item_logo img-fluid\" src=\"https:\/\/www.clusteraudiovisual.cat\/wp-content\/uploads\/2019\/01\/19.CARNABY-STUDIOS_ON.jpg\" alt=\"Carnaby Studios\" title=\"Carnaby Studios\" \/><\/div>\r\n                        <h3 class=\"cav_fancy_title\" data-selectable=\"true\">Carnaby Studios<\/h3>\r\n                        <p class=\"cav_fancy_cat_actv\"><span>Experiencias Inmersivas<\/span><span>Podcast<\/span><span>Postproducci\u00f3n<\/span><\/p>\r\n                        <p class=\"cav_fancy_cat_serv\">M\u00fasica<span class=\"separador_cats\">|<\/span>Sonido<span class=\"separador_cats\"<\/p>\r\n                        <p class=\"cav_fancy_description border-bottom\">Empresa de producci\u00f3n y postproducci\u00f3n de sonido que trabajan en contenidos para televisi\u00f3n e internet, publicidad, corporativos, cu\u00f1as de radio y realidad virtual.<\/p>\r\n                        <div class=\"cav_fancy_adress\"><p>Av. Meridiana 36, entlo 2\u00aa<\/p>\n<p>08018, Barcelona<\/p>\n<p>617 737 928<\/p>\n<p><a href=\"mailto:produccion@carnabystudios.com\" target=\"_blank\" rel=\"noopener\">produccion@carnabystudios.com<\/a><\/p>\n<p><a href=\"https:\/\/www.carnabystudios.com\/\" target=\"_blank\" rel=\"noopener\">www.carnabystudios.com<\/a><\/p>\n<\/div>\r\n                        <p class=\"cav_fancy_social\"><a target=\"_blank\" href=\"https:\/\/twitter.com\/Carnabystudios\"><img decoding=\"async\" src=\"https:\/\/www.clusteraudiovisual.cat\/wp-content\/themes\/enfold-child\/img\/twitter.png\" alt=\"Carnaby Studios - Twitter\" \/><\/a> <a target=\"_blank\" href=\"https:\/\/www.facebook.com\/carnabystudios\/\"><img decoding=\"async\" src=\"https:\/\/www.clusteraudiovisual.cat\/wp-content\/themes\/enfold-child\/img\/facebook.png\" alt=\"Carnaby Studios - Twitter\" \/><\/a> <a target=\"_blank\" href=\"https:\/\/www.instagram.com\/carnabystudios\/\"><img decoding=\"async\" src=\"https:\/\/www.clusteraudiovisual.cat\/wp-content\/themes\/enfold-child\/img\/icon-instagram.png\" alt=\"Carnaby Studios - Instagram\" \/><\/a> <a target=\"_blank\" href=\"https:\/\/vimeo.com\/carnabystudios\"><img decoding=\"async\" src=\"https:\/\/www.clusteraudiovisual.cat\/wp-content\/themes\/enfold-child\/img\/icon-youtube.png\" alt=\"Carnaby Studios - Youtube\" \/><\/a> <\/p>\r\n                <\/div><img decoding=\"async\" class=\"soci_item_logo img-fluid\" src=\"https:\/\/www.clusteraudiovisual.cat\/wp-content\/uploads\/2019\/01\/19.CARNABY-STUDIOS_ON.jpg\" alt=\"Carnaby Studios\" title=\"Carnaby Studios\" \/>\r\n                    <div class=\"soci_list_activ_container\" style=\"width: 100%;background: none;\">\r\n                               <p class=\"soci_list_activ mb-0\"><span>Experiencias Inmersivas<\/span><span>Podcast<\/span><span>Postproducci\u00f3n<\/span><\/p>\r\n                               <p class=\"soci_list_serv mb-0\">M\u00fasica<span class=\"separador_cats\">|<\/span>Sonido<span class=\"separador_cats\"<\/p>\r\n                    <\/div>\r\n                <\/div><\/div><div data-title=\"cccb   8211  centro de cultura contemporanea de barcelona distribucion espais-audiovisuals-es formacio-es  archivos-es artes-escenicas-es artes-visuales-es esdeveniments-es exposiciones-es festivales museistica-es \" data-actv=\"distribucion espais-audiovisuals-es formacio-es \" data-serv=\"archivos-es artes-escenicas-es artes-visuales-es esdeveniments-es exposiciones-es festivales museistica-es \" class=\"col-12 col-md-4 mb-4 border-bottom soci_box\"><div class=\"soci_item text-center\"><a class=\"soci_item_overlay\" data-fancybox=\"39862\" data-src=\"#selectableModal39862\" href=\"javascript:;\">CCCB &#8211; Centro de Cultura Contempor\u00e1nea de Barcelona<\/a><div class=\"cav_fancy\" style=\"display: none;max-width:500px;\" id=\"selectableModal39862\">\r\n                        <div class=\"cav_fancy_logo text-center pb-4 border-bottom\"><img decoding=\"async\" class=\"soci_item_logo img-fluid\" src=\"https:\/\/www.clusteraudiovisual.cat\/wp-content\/uploads\/2024\/02\/LogoSoci_CCCB.jpg\" alt=\"CCCB &#8211; Centro de Cultura Contempor\u00e1nea de Barcelona\" title=\"CCCB &#8211; Centro de Cultura Contempor\u00e1nea de Barcelona\" \/><\/div>\r\n                        <h3 class=\"cav_fancy_title\" data-selectable=\"true\">CCCB &#8211; Centro de Cultura Contempor\u00e1nea de Barcelona<\/h3>\r\n                        <p class=\"cav_fancy_cat_actv\"><span>Distribuci\u00f3n - Exhibici\u00f3n<\/span><span>Espacios Audiovisuales<\/span><span>Formaci\u00f3n<\/span><\/p>\r\n                        <p class=\"cav_fancy_cat_serv\">Archivos<span class=\"separador_cats\">|<\/span>Artes Esc\u00e9nicas<span class=\"separador_cats\">|<\/span>Artes Visuales<span class=\"separador_cats\">|<\/span>Eventos<span class=\"separador_cats\">|<\/span>Exposiciones<span class=\"separador_cats\">|<\/span>Festivales<span class=\"separador_cats\">|<\/span>Muse\u00edstica<span class=\"separador_cats\"<\/p>\r\n                        <p class=\"cav_fancy_description border-bottom\">Centro cultural multidisciplinar dedicado a explorar los grandes temas de la sociedad contempor\u00e1nea por medio de distintos lenguajes y formatos, con un extenso programa que incluye grandes exposiciones tem\u00e1ticas, ciclos de conferencias y encuentros literarios, proyecciones audiovisuales y festivales.<\/p>\r\n                        <div class=\"cav_fancy_adress\"><p>C\/ Montalegre, 5<\/p>\n<p>08001, Barcelona<\/p>\n<p>933 064 100<\/p>\n<p><a href=\"https:\/\/www.cccb.org\/ca\" target=\"_blank\" rel=\"noopener\">www.cccb.org<\/a><\/p>\n<\/div>\r\n                        <p class=\"cav_fancy_social\"><a target=\"_blank\" href=\"https:\/\/twitter.com\/cececebe\"><img decoding=\"async\" src=\"https:\/\/www.clusteraudiovisual.cat\/wp-content\/themes\/enfold-child\/img\/twitter.png\" alt=\"CCCB &#8211; Centro de Cultura Contempor\u00e1nea de Barcelona - Twitter\" \/><\/a> <a target=\"_blank\" href=\"https:\/\/ca-es.facebook.com\/CCCB.Barcelona\"><img decoding=\"async\" src=\"https:\/\/www.clusteraudiovisual.cat\/wp-content\/themes\/enfold-child\/img\/facebook.png\" alt=\"CCCB &#8211; Centro de Cultura Contempor\u00e1nea de Barcelona - Twitter\" \/><\/a> <a target=\"_blank\" href=\"https:\/\/www.instagram.com\/cccb_barcelona\/\"><img decoding=\"async\" src=\"https:\/\/www.clusteraudiovisual.cat\/wp-content\/themes\/enfold-child\/img\/icon-instagram.png\" alt=\"CCCB &#8211; Centro de Cultura Contempor\u00e1nea de Barcelona - Instagram\" \/><\/a> <a target=\"_blank\" href=\"https:\/\/www.youtube.com\/user\/cccbarcelona\"><img decoding=\"async\" src=\"https:\/\/www.clusteraudiovisual.cat\/wp-content\/themes\/enfold-child\/img\/icon-youtube.png\" alt=\"CCCB &#8211; Centro de Cultura Contempor\u00e1nea de Barcelona - Youtube\" \/><\/a> <\/p>\r\n                <\/div><img decoding=\"async\" class=\"soci_item_logo img-fluid\" src=\"https:\/\/www.clusteraudiovisual.cat\/wp-content\/uploads\/2024\/02\/LogoSoci_CCCB.jpg\" alt=\"CCCB &#8211; Centro de Cultura Contempor\u00e1nea de Barcelona\" title=\"CCCB &#8211; Centro de Cultura Contempor\u00e1nea de Barcelona\" \/>\r\n                    <div class=\"soci_list_activ_container\" style=\"width: 100%;background: none;\">\r\n                               <p class=\"soci_list_activ mb-0\"><span>Distribuci\u00f3n - Exhibici\u00f3n<\/span><span>Espacios Audiovisuales<\/span><span>Formaci\u00f3n<\/span><\/p>\r\n                               <p class=\"soci_list_serv mb-0\">Archivos<span class=\"separador_cats\">|<\/span>Artes Esc\u00e9nicas<span class=\"separador_cats\">|<\/span>Artes Visuales<span class=\"separador_cats\">|<\/span>Eventos<span class=\"separador_cats\">|<\/span>Exposiciones<span class=\"separador_cats\">|<\/span>Festivales<span class=\"separador_cats\">|<\/span>Muse\u00edstica<span class=\"separador_cats\"<\/p>\r\n                    <\/div>\r\n                <\/div><\/div><div data-title=\"cellnex radio-es servicios-es tecnologia-es television-es  5g-es big-data-es blockchain-es broadcast-es digital-es mobile-es multimedia-es multiplataforma-es parques-tecnologicos plataformes-virtuales-es tdt-es telecomunicaciones tic-audiovisual-es \" data-actv=\"radio-es servicios-es tecnologia-es television-es \" data-serv=\"5g-es big-data-es blockchain-es broadcast-es digital-es mobile-es multimedia-es multiplataforma-es parques-tecnologicos plataformes-virtuales-es tdt-es telecomunicaciones tic-audiovisual-es \" class=\"col-12 col-md-4 mb-4 border-bottom soci_box\"><div class=\"soci_item text-center\"><a class=\"soci_item_overlay\" data-fancybox=\"7998\" data-src=\"#selectableModal7998\" href=\"javascript:;\">Cellnex<\/a><div class=\"cav_fancy\" style=\"display: none;max-width:500px;\" id=\"selectableModal7998\">\r\n                        <div class=\"cav_fancy_logo text-center pb-4 border-bottom\"><img decoding=\"async\" class=\"soci_item_logo img-fluid\" src=\"https:\/\/www.clusteraudiovisual.cat\/wp-content\/uploads\/2013\/09\/21.Cellnex.jpg\" alt=\"Cellnex\" title=\"Cellnex\" \/><\/div>\r\n                        <h3 class=\"cav_fancy_title\" data-selectable=\"true\">Cellnex<\/h3>\r\n                        <p class=\"cav_fancy_cat_actv\"><span>Radio<\/span><span>Servicios<\/span><span>Tecnolog\u00eda<\/span><span>Televisi\u00f3n<\/span><\/p>\r\n                        <p class=\"cav_fancy_cat_serv\">5G<span class=\"separador_cats\">|<\/span>Big Data<span class=\"separador_cats\">|<\/span>Blockchain<span class=\"separador_cats\">|<\/span>Broadcast<span class=\"separador_cats\">|<\/span>Digital<span class=\"separador_cats\">|<\/span>Mobile<span class=\"separador_cats\">|<\/span>Multimedia<span class=\"separador_cats\">|<\/span>Multiplataforma<span class=\"separador_cats\">|<\/span>Parques tecnol\u00f3gicos<span class=\"separador_cats\">|<\/span>Plataformes Virtuales<span class=\"separador_cats\">|<\/span>TDT<span class=\"separador_cats\">|<\/span>Telecomunicaciones<span class=\"separador_cats\">|<\/span>TIC Audiovisual<span class=\"separador_cats\"<\/p>\r\n                        <p class=\"cav_fancy_description border-bottom\">Operadora especializada en telecomunicaciones inal\u00e1mbricas de radiodifusi\u00f3n en Europa. Ofrece servicios audiovisuales a radiodifusores y soluciones \"Smart Cities\".<\/p>\r\n                        <div class=\"cav_fancy_adress\"><p>Pg. de la Zona Franca, 105<\/p>\n<p>08038, Barcelona<\/p>\n<p>935 678 910<\/p>\n<p><a href=\"https:\/\/www.cellnex.com\/es-es\/\">www.cellnex.com<\/a><\/p>\n<\/div>\r\n                        <p class=\"cav_fancy_social\"><a target=\"_blank\" href=\"http:\/\/www.cellnextelecom.com\/\"><img decoding=\"async\" src=\"https:\/\/www.clusteraudiovisual.cat\/wp-content\/themes\/enfold-child\/img\/twitter.png\" alt=\"Cellnex - Twitter\" \/><\/a>   <a target=\"_blank\" href=\"https:\/\/www.youtube.com\/channel\/UCs0QtkTeuaLSUJKXtus9bjQ\"><img decoding=\"async\" src=\"https:\/\/www.clusteraudiovisual.cat\/wp-content\/themes\/enfold-child\/img\/icon-youtube.png\" alt=\"Cellnex - Youtube\" \/><\/a> <a target=\"_blank\" href=\"https:\/\/www.linkedin.com\/company\/cellnextelecom\"><img decoding=\"async\" src=\"https:\/\/www.clusteraudiovisual.cat\/wp-content\/themes\/enfold-child\/img\/icon-linkedin.png\" alt=\"Cellnex - Linkedin\" \/><\/a><\/p>\r\n                <\/div><img decoding=\"async\" class=\"soci_item_logo img-fluid\" src=\"https:\/\/www.clusteraudiovisual.cat\/wp-content\/uploads\/2013\/09\/21.Cellnex.jpg\" alt=\"Cellnex\" title=\"Cellnex\" \/>\r\n                    <div class=\"soci_list_activ_container\" style=\"width: 100%;background: none;\">\r\n                               <p class=\"soci_list_activ mb-0\"><span>Radio<\/span><span>Servicios<\/span><span>Tecnolog\u00eda<\/span><span>Televisi\u00f3n<\/span><\/p>\r\n                               <p class=\"soci_list_serv mb-0\">5G<span class=\"separador_cats\">|<\/span>Big Data<span class=\"separador_cats\">|<\/span>Blockchain<span class=\"separador_cats\">|<\/span>Broadcast<span class=\"separador_cats\">|<\/span>Digital<span class=\"separador_cats\">|<\/span>Mobile<span class=\"separador_cats\">|<\/span>Multimedia<span class=\"separador_cats\">|<\/span>Multiplataforma<span class=\"separador_cats\">|<\/span>Parques tecnol\u00f3gicos<span class=\"separador_cats\">|<\/span>Plataformes Virtuales<span class=\"separador_cats\">|<\/span>TDT<span class=\"separador_cats\">|<\/span>Telecomunicaciones<span class=\"separador_cats\">|<\/span>TIC Audiovisual<span class=\"separador_cats\"<\/p>\r\n                    <\/div>\r\n                <\/div><\/div><div data-title=\"centro de vision por computador experiencias-inmersivas-es formacio-es integrated-systems-es tecnologia-es  inteligencia-artificial parques-tecnologicos realidad-aumentada realidad-virtual salud-es software-es \" data-actv=\"experiencias-inmersivas-es formacio-es integrated-systems-es tecnologia-es \" data-serv=\"inteligencia-artificial parques-tecnologicos realidad-aumentada realidad-virtual salud-es software-es \" class=\"col-12 col-md-4 mb-4 border-bottom soci_box\"><div class=\"soci_item text-center\"><a class=\"soci_item_overlay\" data-fancybox=\"22600\" data-src=\"#selectableModal22600\" href=\"javascript:;\">Centro de Visi\u00f3n por Computador<\/a><div class=\"cav_fancy\" style=\"display: none;max-width:500px;\" id=\"selectableModal22600\">\r\n                        <div class=\"cav_fancy_logo text-center pb-4 border-bottom\"><img decoding=\"async\" class=\"soci_item_logo img-fluid\" src=\"https:\/\/www.clusteraudiovisual.cat\/wp-content\/uploads\/2022\/04\/LogoSoci_CVC-1.png\" alt=\"Centro de Visi\u00f3n por Computador\" title=\"Centro de Visi\u00f3n por Computador\" \/><\/div>\r\n                        <h3 class=\"cav_fancy_title\" data-selectable=\"true\">Centro de Visi\u00f3n por Computador<\/h3>\r\n                        <p class=\"cav_fancy_cat_actv\"><span>Experiencias Inmersivas<\/span><span>Formaci\u00f3n<\/span><span>Integrated Systems<\/span><span>Tecnolog\u00eda<\/span><\/p>\r\n                        <p class=\"cav_fancy_cat_serv\">Inteligencia Artificial<span class=\"separador_cats\">|<\/span>Parques tecnol\u00f3gicos<span class=\"separador_cats\">|<\/span>Realidad Aumentada<span class=\"separador_cats\">|<\/span>Realidad Virtual<span class=\"separador_cats\">|<\/span>Salud<span class=\"separador_cats\">|<\/span>Software<span class=\"separador_cats\"<\/p>\r\n                        <p class=\"cav_fancy_description border-bottom\">Centro de investigaci\u00f3n sin \u00e1nimo de lucro creado en 1995 por la Generalitat de Catalunya y la Universidad Aut\u00f3noma de Barcelona (UAB) en el Campus de Bellaterra. Su misi\u00f3n es llevar a cabo b\u00fasqueda de vanguardia en el campo de la visi\u00f3n por computador. Tambi\u00e9n fomentan la transferencia de conocimiento a la industria ya la sociedad y trabajan para preparar y formar a profesionales al m\u00e1s alto nivel europeo.<\/p>\r\n                        <div class=\"cav_fancy_adress\"><p>Campus UAB, Edifici O<\/p>\n<p>08193, Cerdanyola del Vall\u00e8s, Barcelona<\/p>\n<p>935 811 828<\/p>\n<p><a href=\"mailto:cvc@cvc.uab.cat\" target=\"_blank\" rel=\"noopener\">cvc@cvc.uab.cat<\/a><\/p>\n<p><a href=\"https:\/\/www.cvc.uab.es\/ca\/\" target=\"_blank\" rel=\"noopener\">www.cvc.uab.es<\/a><\/p>\n<\/div>\r\n                        <p class=\"cav_fancy_social\"><a target=\"_blank\" href=\"https:\/\/twitter.com\/CVC_UAB\"><img decoding=\"async\" src=\"https:\/\/www.clusteraudiovisual.cat\/wp-content\/themes\/enfold-child\/img\/twitter.png\" alt=\"Centro de Visi\u00f3n por Computador - Twitter\" \/><\/a> <a target=\"_blank\" href=\"https:\/\/www.facebook.com\/computervisioncenter\/\"><img decoding=\"async\" src=\"https:\/\/www.clusteraudiovisual.cat\/wp-content\/themes\/enfold-child\/img\/facebook.png\" alt=\"Centro de Visi\u00f3n por Computador - Twitter\" \/><\/a> <a target=\"_blank\" href=\"https:\/\/www.instagram.com\/cvc_uab\/\"><img decoding=\"async\" src=\"https:\/\/www.clusteraudiovisual.cat\/wp-content\/themes\/enfold-child\/img\/icon-instagram.png\" alt=\"Centro de Visi\u00f3n por Computador - Instagram\" \/><\/a> <a target=\"_blank\" href=\"https:\/\/www.youtube.com\/channel\/UC0lXa80PfTFug-E5mt6JrHg\"><img decoding=\"async\" src=\"https:\/\/www.clusteraudiovisual.cat\/wp-content\/themes\/enfold-child\/img\/icon-youtube.png\" alt=\"Centro de Visi\u00f3n por Computador - Youtube\" \/><\/a> <a target=\"_blank\" href=\"https:\/\/www.linkedin.com\/company\/computer-vision-center\"><img decoding=\"async\" src=\"https:\/\/www.clusteraudiovisual.cat\/wp-content\/themes\/enfold-child\/img\/icon-linkedin.png\" alt=\"Centro de Visi\u00f3n por Computador - Linkedin\" \/><\/a><\/p>\r\n                <\/div><img decoding=\"async\" class=\"soci_item_logo img-fluid\" src=\"https:\/\/www.clusteraudiovisual.cat\/wp-content\/uploads\/2022\/04\/LogoSoci_CVC-1.png\" alt=\"Centro de Visi\u00f3n por Computador\" title=\"Centro de Visi\u00f3n por Computador\" \/>\r\n                    <div class=\"soci_list_activ_container\" style=\"width: 100%;background: none;\">\r\n                               <p class=\"soci_list_activ mb-0\"><span>Experiencias Inmersivas<\/span><span>Formaci\u00f3n<\/span><span>Integrated Systems<\/span><span>Tecnolog\u00eda<\/span><\/p>\r\n                               <p class=\"soci_list_serv mb-0\">Inteligencia Artificial<span class=\"separador_cats\">|<\/span>Parques tecnol\u00f3gicos<span class=\"separador_cats\">|<\/span>Realidad Aumentada<span class=\"separador_cats\">|<\/span>Realidad Virtual<span class=\"separador_cats\">|<\/span>Salud<span class=\"separador_cats\">|<\/span>Software<span class=\"separador_cats\"<\/p>\r\n                    <\/div>\r\n                <\/div><\/div><div data-title=\"cit upc formacio-es integrated-systems-es servicios-es tecnologia-es videojuego-es  5g-es big-data-es blockchain-es digital-es e-sports-es inteligencia-artificial mapping-es mobile-es realidad-aumentada realidad-virtual telecomunicaciones tic-audiovisual-es universidades \" data-actv=\"formacio-es integrated-systems-es servicios-es tecnologia-es videojuego-es \" data-serv=\"5g-es big-data-es blockchain-es digital-es e-sports-es inteligencia-artificial mapping-es mobile-es realidad-aumentada realidad-virtual telecomunicaciones tic-audiovisual-es universidades \" class=\"col-12 col-md-4 mb-4 border-bottom soci_box\"><div class=\"soci_item text-center\"><a class=\"soci_item_overlay\" data-fancybox=\"10621\" data-src=\"#selectableModal10621\" href=\"javascript:;\">CIT UPC<\/a><div class=\"cav_fancy\" style=\"display: none;max-width:500px;\" id=\"selectableModal10621\">\r\n                        <div class=\"cav_fancy_logo text-center pb-4 border-bottom\"><img decoding=\"async\" class=\"soci_item_logo img-fluid\" src=\"https:\/\/www.clusteraudiovisual.cat\/wp-content\/uploads\/2021\/03\/22.logo_positiu_horitzontal_2020_catala.jpg\" alt=\"CIT UPC\" title=\"CIT UPC\" \/><\/div>\r\n                        <h3 class=\"cav_fancy_title\" data-selectable=\"true\">CIT UPC<\/h3>\r\n                        <p class=\"cav_fancy_cat_actv\"><span>Formaci\u00f3n<\/span><span>Integrated Systems<\/span><span>Servicios<\/span><span>Tecnolog\u00eda<\/span><span>Videojuego<\/span><\/p>\r\n                        <p class=\"cav_fancy_cat_serv\">5G<span class=\"separador_cats\">|<\/span>Big Data<span class=\"separador_cats\">|<\/span>Blockchain<span class=\"separador_cats\">|<\/span>Digital<span class=\"separador_cats\">|<\/span>eSports<span class=\"separador_cats\">|<\/span>Inteligencia Artificial<span class=\"separador_cats\">|<\/span>Mapping<span class=\"separador_cats\">|<\/span>Mobile<span class=\"separador_cats\">|<\/span>Realidad Aumentada<span class=\"separador_cats\">|<\/span>Realidad Virtual<span class=\"separador_cats\">|<\/span>Telecomunicaciones<span class=\"separador_cats\">|<\/span>TIC Audiovisual<span class=\"separador_cats\">|<\/span>Universidades<span class=\"separador_cats\"<\/p>\r\n                        <p class=\"cav_fancy_description border-bottom\">El Centro de Innovaci\u00f3n y Tecnolog\u00eda de la Universidad Polit\u00e9cnica de Catalu\u00f1a (CIT UPC) pone al servicio de empresas y entidades los resultados de la investigaci\u00f3n de la UPC. Ofrece soluciones tecnol\u00f3gicas diferenciales aplicadas a trav\u00e9s de proyectos de colaboraci\u00f3n de I+D.<\/p>\r\n                        <div class=\"cav_fancy_adress\"><p>Ed. Omega (Planta 0)<\/p>\n<p>C\/ Jordi Girona, 1 &#8211; 3<\/p>\n<p>08034, Barcelona<\/p>\n<p>934 054 403<\/p>\n<p><a href=\"mailto:info.cit@upc.edu\" target=\"_blank\" rel=\"noopener\">info.cit@upc.edu<\/a><\/p>\n<p><a href=\"https:\/\/cit.upc.edu\/ca\/\" target=\"_blank\" rel=\"noopener\">www.cit.upc.edu<\/a><\/p>\n<\/div>\r\n                        <p class=\"cav_fancy_social\"><a target=\"_blank\" href=\"https:\/\/twitter.com\/CIT_UPC\"><img decoding=\"async\" src=\"https:\/\/www.clusteraudiovisual.cat\/wp-content\/themes\/enfold-child\/img\/twitter.png\" alt=\"CIT UPC - Twitter\" \/><\/a> <a target=\"_blank\" href=\"https:\/\/www.facebook.com\/cit.upc\"><img decoding=\"async\" src=\"https:\/\/www.clusteraudiovisual.cat\/wp-content\/themes\/enfold-child\/img\/facebook.png\" alt=\"CIT UPC - Twitter\" \/><\/a> <a target=\"_blank\" href=\"https:\/\/www.instagram.com\/cit_upc\/\"><img decoding=\"async\" src=\"https:\/\/www.clusteraudiovisual.cat\/wp-content\/themes\/enfold-child\/img\/icon-instagram.png\" alt=\"CIT UPC - Instagram\" \/><\/a> <a target=\"_blank\" href=\"https:\/\/www.youtube.com\/user\/CITUPC\"><img decoding=\"async\" src=\"https:\/\/www.clusteraudiovisual.cat\/wp-content\/themes\/enfold-child\/img\/icon-youtube.png\" alt=\"CIT UPC - Youtube\" \/><\/a> <a target=\"_blank\" href=\"https:\/\/www.linkedin.com\/company\/cit-upc\/\"><img decoding=\"async\" src=\"https:\/\/www.clusteraudiovisual.cat\/wp-content\/themes\/enfold-child\/img\/icon-linkedin.png\" alt=\"CIT UPC - Linkedin\" \/><\/a><\/p>\r\n                <\/div><img decoding=\"async\" class=\"soci_item_logo img-fluid\" src=\"https:\/\/www.clusteraudiovisual.cat\/wp-content\/uploads\/2021\/03\/22.logo_positiu_horitzontal_2020_catala.jpg\" alt=\"CIT UPC\" title=\"CIT UPC\" \/>\r\n                    <div class=\"soci_list_activ_container\" style=\"width: 100%;background: none;\">\r\n                               <p class=\"soci_list_activ mb-0\"><span>Formaci\u00f3n<\/span><span>Integrated Systems<\/span><span>Servicios<\/span><span>Tecnolog\u00eda<\/span><span>Videojuego<\/span><\/p>\r\n                               <p class=\"soci_list_serv mb-0\">5G<span class=\"separador_cats\">|<\/span>Big Data<span class=\"separador_cats\">|<\/span>Blockchain<span class=\"separador_cats\">|<\/span>Digital<span class=\"separador_cats\">|<\/span>eSports<span class=\"separador_cats\">|<\/span>Inteligencia Artificial<span class=\"separador_cats\">|<\/span>Mapping<span class=\"separador_cats\">|<\/span>Mobile<span class=\"separador_cats\">|<\/span>Realidad Aumentada<span class=\"separador_cats\">|<\/span>Realidad Virtual<span class=\"separador_cats\">|<\/span>Telecomunicaciones<span class=\"separador_cats\">|<\/span>TIC Audiovisual<span class=\"separador_cats\">|<\/span>Universidades<span class=\"separador_cats\"<\/p>\r\n                    <\/div>\r\n                <\/div><\/div><div data-title=\"collateral bits comunicacio-es  digital-es tic-audiovisual-es \" data-actv=\"comunicacio-es \" data-serv=\"digital-es tic-audiovisual-es \" class=\"col-12 col-md-4 mb-4 border-bottom soci_box\"><div class=\"soci_item text-center\"><a class=\"soci_item_overlay\" data-fancybox=\"8191\" data-src=\"#selectableModal8191\" href=\"javascript:;\">Collateral Bits<\/a><div class=\"cav_fancy\" style=\"display: none;max-width:500px;\" id=\"selectableModal8191\">\r\n                        <div class=\"cav_fancy_logo text-center pb-4 border-bottom\"><img decoding=\"async\" class=\"soci_item_logo img-fluid\" src=\"https:\/\/www.clusteraudiovisual.cat\/wp-content\/uploads\/2018\/10\/23.Collateral-logo-home.jpg\" alt=\"Collateral Bits\" title=\"Collateral Bits\" \/><\/div>\r\n                        <h3 class=\"cav_fancy_title\" data-selectable=\"true\">Collateral Bits<\/h3>\r\n                        <p class=\"cav_fancy_cat_actv\"><span>Comunicaci\u00f3n<\/span><\/p>\r\n                        <p class=\"cav_fancy_cat_serv\">Digital<span class=\"separador_cats\">|<\/span>TIC Audiovisual<span class=\"separador_cats\"<\/p>\r\n                        <p class=\"cav_fancy_description border-bottom\">Espacio de reflexi\u00f3n y an\u00e1lisis sobre los efectos de la tecnolog\u00eda en la vida social, la econom\u00eda, la pol\u00edtica, el individuo y la \u00e9tica. Ofrecen aportaciones propias y seleccionan trabajos destacados que se publican en todo el mundo ya sea art\u00edculos period\u00edsticos, trabajos acad\u00e9micos, entrevistas, ponencias o debates.<\/p>\r\n                        <div class=\"cav_fancy_adress\"><p><a href=\"mailto:info@collateralbits.net\" target=\"_blank\" rel=\"noopener\">info@collateralbits.net<\/a><\/p>\n<p><a href=\"https:\/\/collateralbits.net\/\" target=\"_blank\" rel=\"noopener\">www.collateralbits.net<\/a><\/p>\n<\/div>\r\n                        <p class=\"cav_fancy_social\"><a target=\"_blank\" href=\"https:\/\/twitter.com\/CollateralBits\"><img decoding=\"async\" src=\"https:\/\/www.clusteraudiovisual.cat\/wp-content\/themes\/enfold-child\/img\/twitter.png\" alt=\"Collateral Bits - Twitter\" \/><\/a>    <a target=\"_blank\" href=\"https:\/\/www.linkedin.com\/company\/collateral-bits\/\"><img decoding=\"async\" src=\"https:\/\/www.clusteraudiovisual.cat\/wp-content\/themes\/enfold-child\/img\/icon-linkedin.png\" alt=\"Collateral Bits - Linkedin\" \/><\/a><\/p>\r\n                <\/div><img decoding=\"async\" class=\"soci_item_logo img-fluid\" src=\"https:\/\/www.clusteraudiovisual.cat\/wp-content\/uploads\/2018\/10\/23.Collateral-logo-home.jpg\" alt=\"Collateral Bits\" title=\"Collateral Bits\" \/>\r\n                    <div class=\"soci_list_activ_container\" style=\"width: 100%;background: none;\">\r\n                               <p class=\"soci_list_activ mb-0\"><span>Comunicaci\u00f3n<\/span><\/p>\r\n                               <p class=\"soci_list_serv mb-0\">Digital<span class=\"separador_cats\">|<\/span>TIC Audiovisual<span class=\"separador_cats\"<\/p>\r\n                    <\/div>\r\n                <\/div><\/div><div data-title=\"conexes innovation experiencias-inmersivas-es servicios-es tecnologia-es  servicios-de-produccion \" data-actv=\"experiencias-inmersivas-es servicios-es tecnologia-es \" data-serv=\"servicios-de-produccion \" class=\"col-12 col-md-4 mb-4 border-bottom soci_box\"><div class=\"soci_item text-center\"><a class=\"soci_item_overlay\" data-fancybox=\"54017\" data-src=\"#selectableModal54017\" href=\"javascript:;\">Conexes Innovation<\/a><div class=\"cav_fancy\" style=\"display: none;max-width:500px;\" id=\"selectableModal54017\">\r\n                        <div class=\"cav_fancy_logo text-center pb-4 border-bottom\"><img decoding=\"async\" class=\"soci_item_logo img-fluid\" src=\"https:\/\/www.clusteraudiovisual.cat\/wp-content\/uploads\/2025\/12\/LogoSoci_ConexesInnovation.jpg\" alt=\"Conexes Innovation\" title=\"Conexes Innovation\" \/><\/div>\r\n                        <h3 class=\"cav_fancy_title\" data-selectable=\"true\">Conexes Innovation<\/h3>\r\n                        <p class=\"cav_fancy_cat_actv\"><span>Experiencias Inmersivas<\/span><span>Servicios<\/span><span>Tecnolog\u00eda<\/span><\/p>\r\n                        <p class=\"cav_fancy_cat_serv\">Servicios de producci\u00f3n<span class=\"separador_cats\"<\/p>\r\n                        <p class=\"cav_fancy_description border-bottom\">Consultor\u00eda de innovaci\u00f3n.<\/p>\r\n                        <div class=\"cav_fancy_adress\"><\/div>\r\n                        <p class=\"cav_fancy_social\">    <\/p>\r\n                <\/div><img decoding=\"async\" class=\"soci_item_logo img-fluid\" src=\"https:\/\/www.clusteraudiovisual.cat\/wp-content\/uploads\/2025\/12\/LogoSoci_ConexesInnovation.jpg\" alt=\"Conexes Innovation\" title=\"Conexes Innovation\" \/>\r\n                    <div class=\"soci_list_activ_container\" style=\"width: 100%;background: none;\">\r\n                               <p class=\"soci_list_activ mb-0\"><span>Experiencias Inmersivas<\/span><span>Servicios<\/span><span>Tecnolog\u00eda<\/span><\/p>\r\n                               <p class=\"soci_list_serv mb-0\">Servicios de producci\u00f3n<span class=\"separador_cats\"<\/p>\r\n                    <\/div>\r\n                <\/div><\/div><div data-title=\"corporacio catalana de mitjans audiovisuals radio-es television-es  animacion-es ficcion formatos-tv-es infantil-es no-ficcion noticias plataformes-ott-es \" data-actv=\"radio-es television-es \" data-serv=\"animacion-es ficcion formatos-tv-es infantil-es no-ficcion noticias plataformes-ott-es \" class=\"col-12 col-md-4 mb-4 border-bottom soci_box\"><div class=\"soci_item text-center\"><a class=\"soci_item_overlay\" data-fancybox=\"8065\" data-src=\"#selectableModal8065\" href=\"javascript:;\">Corporaci\u00f3 Catalana de Mitjans Audiovisuals<\/a><div class=\"cav_fancy\" style=\"display: none;max-width:500px;\" id=\"selectableModal8065\">\r\n                        <div class=\"cav_fancy_logo text-center pb-4 border-bottom\"><img decoding=\"async\" class=\"soci_item_logo img-fluid\" src=\"https:\/\/www.clusteraudiovisual.cat\/wp-content\/uploads\/2014\/03\/20.Corpo-CCMA.jpg\" alt=\"Corporaci\u00f3 Catalana de Mitjans Audiovisuals\" title=\"Corporaci\u00f3 Catalana de Mitjans Audiovisuals\" \/><\/div>\r\n                        <h3 class=\"cav_fancy_title\" data-selectable=\"true\">Corporaci\u00f3 Catalana de Mitjans Audiovisuals<\/h3>\r\n                        <p class=\"cav_fancy_cat_actv\"><span>Radio<\/span><span>Televisi\u00f3n<\/span><\/p>\r\n                        <p class=\"cav_fancy_cat_serv\">Animaci\u00f3n<span class=\"separador_cats\">|<\/span>Ficci\u00f3n<span class=\"separador_cats\">|<\/span>Formatos TV<span class=\"separador_cats\">|<\/span>Infantil<span class=\"separador_cats\">|<\/span>No ficci\u00f3n<span class=\"separador_cats\">|<\/span>Noticias<span class=\"separador_cats\">|<\/span>Plataformas OTT<span class=\"separador_cats\"<\/p>\r\n                        <p class=\"cav_fancy_description border-bottom\">Organismo p\u00fablico que gestiona los medios de comunicaci\u00f3n audiovisual de la Generalitat de Catalunya: los canales de Televisi\u00f3 de Catalunya y el grupo de emisoras de Catalunya R\u00e0dio, adem\u00e1s de los contenidos digitales generados por estos medios.<\/p>\r\n                        <div class=\"cav_fancy_adress\"><p>C\/ d&#8217;Oriol Martorell 1<\/p>\n<p>08970, Sant Joan Desp\u00ed<\/p>\n<p>934 444 800<\/p>\n<p><a href=\"https:\/\/www.ccma.cat\/\" target=\"_blank\" rel=\"noopener\">www.ccma.cat<\/a><\/p>\n<\/div>\r\n                        <p class=\"cav_fancy_social\"><a target=\"_blank\" href=\"https:\/\/twitter.com\/CCMA_cat\"><img decoding=\"async\" src=\"https:\/\/www.clusteraudiovisual.cat\/wp-content\/themes\/enfold-child\/img\/twitter.png\" alt=\"Corporaci\u00f3 Catalana de Mitjans Audiovisuals - Twitter\" \/><\/a> <a target=\"_blank\" href=\"https:\/\/www.facebook.com\/tv3\"><img decoding=\"async\" src=\"https:\/\/www.clusteraudiovisual.cat\/wp-content\/themes\/enfold-child\/img\/facebook.png\" alt=\"Corporaci\u00f3 Catalana de Mitjans Audiovisuals - Twitter\" \/><\/a> <a target=\"_blank\" href=\"https:\/\/www.instagram.com\/tv3cat\/\"><img decoding=\"async\" src=\"https:\/\/www.clusteraudiovisual.cat\/wp-content\/themes\/enfold-child\/img\/icon-instagram.png\" alt=\"Corporaci\u00f3 Catalana de Mitjans Audiovisuals - Instagram\" \/><\/a> <a target=\"_blank\" href=\"https:\/\/www.youtube.com\/user\/TV3\"><img decoding=\"async\" src=\"https:\/\/www.clusteraudiovisual.cat\/wp-content\/themes\/enfold-child\/img\/icon-youtube.png\" alt=\"Corporaci\u00f3 Catalana de Mitjans Audiovisuals - Youtube\" \/><\/a> <\/p>\r\n                <\/div><img decoding=\"async\" class=\"soci_item_logo img-fluid\" src=\"https:\/\/www.clusteraudiovisual.cat\/wp-content\/uploads\/2014\/03\/20.Corpo-CCMA.jpg\" alt=\"Corporaci\u00f3 Catalana de Mitjans Audiovisuals\" title=\"Corporaci\u00f3 Catalana de Mitjans Audiovisuals\" \/>\r\n                    <div class=\"soci_list_activ_container\" style=\"width: 100%;background: none;\">\r\n                               <p class=\"soci_list_activ mb-0\"><span>Radio<\/span><span>Televisi\u00f3n<\/span><\/p>\r\n                               <p class=\"soci_list_serv mb-0\">Animaci\u00f3n<span class=\"separador_cats\">|<\/span>Ficci\u00f3n<span class=\"separador_cats\">|<\/span>Formatos TV<span class=\"separador_cats\">|<\/span>Infantil<span class=\"separador_cats\">|<\/span>No ficci\u00f3n<span class=\"separador_cats\">|<\/span>Noticias<span class=\"separador_cats\">|<\/span>Plataformas OTT<span class=\"separador_cats\"<\/p>\r\n                    <\/div>\r\n                <\/div><\/div><div data-title=\"createl produccion-es television-es  formatos-tv-es \" data-actv=\"produccion-es television-es \" data-serv=\"formatos-tv-es \" class=\"col-12 col-md-4 mb-4 border-bottom soci_box\"><div class=\"soci_item text-center\"><a class=\"soci_item_overlay\" data-fancybox=\"8034\" data-src=\"#selectableModal8034\" href=\"javascript:;\">Createl<\/a><div class=\"cav_fancy\" style=\"display: none;max-width:500px;\" id=\"selectableModal8034\">\r\n                        <div class=\"cav_fancy_logo text-center pb-4 border-bottom\"><img decoding=\"async\" class=\"soci_item_logo img-fluid\" src=\"https:\/\/www.clusteraudiovisual.cat\/wp-content\/uploads\/2013\/09\/25.logo_alta.jpg\" alt=\"Createl\" title=\"Createl\" \/><\/div>\r\n                        <h3 class=\"cav_fancy_title\" data-selectable=\"true\">Createl<\/h3>\r\n                        <p class=\"cav_fancy_cat_actv\"><span>Producci\u00f3n<\/span><span>Televisi\u00f3n<\/span><\/p>\r\n                        <p class=\"cav_fancy_cat_serv\">Formatos TV<span class=\"separador_cats\"<\/p>\r\n                        <p class=\"cav_fancy_description border-bottom\">Productora especializada en programas de televisi\u00f3n, documentales, TV movies y entretenimiento digital.<\/p>\r\n                        <div class=\"cav_fancy_adress\"><p>C\/ Proven\u00e7a 293, 2n<\/p>\n<p>08037, Barcelona<\/p>\n<p>934 577 070<\/p>\n<p><a href=\"mailto:createl@createl.tv\" target=\"_blank\" rel=\"noopener\">createl@createl.tv<\/a><\/p>\n<p><a href=\"http:\/\/createl.tv\/ca\/\" target=\"_blank\" rel=\"noopener\">www.createl.tv<\/a><\/p>\n<\/div>\r\n                        <p class=\"cav_fancy_social\"><a target=\"_blank\" href=\"https:\/\/twitter.com\/createl_tv\"><img decoding=\"async\" src=\"https:\/\/www.clusteraudiovisual.cat\/wp-content\/themes\/enfold-child\/img\/twitter.png\" alt=\"Createl - Twitter\" \/><\/a> <a target=\"_blank\" href=\"https:\/\/www.facebook.com\/CreatelTV\"><img decoding=\"async\" src=\"https:\/\/www.clusteraudiovisual.cat\/wp-content\/themes\/enfold-child\/img\/facebook.png\" alt=\"Createl - Twitter\" \/><\/a>   <\/p>\r\n                <\/div><img decoding=\"async\" class=\"soci_item_logo img-fluid\" src=\"https:\/\/www.clusteraudiovisual.cat\/wp-content\/uploads\/2013\/09\/25.logo_alta.jpg\" alt=\"Createl\" title=\"Createl\" \/>\r\n                    <div class=\"soci_list_activ_container\" style=\"width: 100%;background: none;\">\r\n                               <p class=\"soci_list_activ mb-0\"><span>Producci\u00f3n<\/span><span>Televisi\u00f3n<\/span><\/p>\r\n                               <p class=\"soci_list_serv mb-0\">Formatos TV<span class=\"separador_cats\"<\/p>\r\n                    <\/div>\r\n                <\/div><\/div><div data-title=\"cuatrecasas servicios-es  abogados-es \" data-actv=\"servicios-es \" data-serv=\"abogados-es \" class=\"col-12 col-md-4 mb-4 border-bottom soci_box\"><div class=\"soci_item text-center\"><a class=\"soci_item_overlay\" data-fancybox=\"8237\" data-src=\"#selectableModal8237\" href=\"javascript:;\">Cuatrecasas<\/a><div class=\"cav_fancy\" style=\"display: none;max-width:500px;\" id=\"selectableModal8237\">\r\n                        <div class=\"cav_fancy_logo text-center pb-4 border-bottom\"><img decoding=\"async\" class=\"soci_item_logo img-fluid\" src=\"https:\/\/www.clusteraudiovisual.cat\/wp-content\/uploads\/2019\/06\/27.Logo_Color.jpg\" alt=\"Cuatrecasas\" title=\"Cuatrecasas\" \/><\/div>\r\n                        <h3 class=\"cav_fancy_title\" data-selectable=\"true\">Cuatrecasas<\/h3>\r\n                        <p class=\"cav_fancy_cat_actv\"><span>Servicios<\/span><\/p>\r\n                        <p class=\"cav_fancy_cat_serv\">Abogados<span class=\"separador_cats\"<\/p>\r\n                        <p class=\"cav_fancy_description border-bottom\">Firma de abogados con presencia en 13 pa\u00edses, con marcada implantaci\u00f3n en Espa\u00f1a, Portugal y Am\u00e9rica Latina. En Barcelona cuentan con un equipo de m\u00e1s de 300 abogados especializados en todas las \u00e1reas de pr\u00e1ctica del derecho de empresa y en los principales sectores, como el audiovisual.<\/p>\r\n                        <div class=\"cav_fancy_adress\"><p>Av. Diagonal, 191<\/p>\n<p>08018, Barcelona<\/p>\n<p>932 905 500<\/p>\n<p><a href=\"mailto:barcelona@cuatrecasas.com\" target=\"_blank\" rel=\"noopener\">barcelona@cuatrecasas.com<\/a><\/p>\n<p><a href=\"https:\/\/www.cuatrecasas.com\/es\/spain\/\" target=\"_blank\" rel=\"noopener\">www.cuatrecasas.com<\/a><\/p>\n<\/div>\r\n                        <p class=\"cav_fancy_social\"><a target=\"_blank\" href=\"https:\/\/twitter.com\/cuatrecasas\"><img decoding=\"async\" src=\"https:\/\/www.clusteraudiovisual.cat\/wp-content\/themes\/enfold-child\/img\/twitter.png\" alt=\"Cuatrecasas - Twitter\" \/><\/a> <a target=\"_blank\" href=\"https:\/\/www.facebook.com\/cuatrecasasgp\"><img decoding=\"async\" src=\"https:\/\/www.clusteraudiovisual.cat\/wp-content\/themes\/enfold-child\/img\/facebook.png\" alt=\"Cuatrecasas - Twitter\" \/><\/a> <a target=\"_blank\" href=\"http:\/\/www.instagram.com\/cuatrecasas_\"><img decoding=\"async\" src=\"https:\/\/www.clusteraudiovisual.cat\/wp-content\/themes\/enfold-child\/img\/icon-instagram.png\" alt=\"Cuatrecasas - Instagram\" \/><\/a> <a target=\"_blank\" href=\"http:\/\/www.youtube.com\/cuatrecasasgp\"><img decoding=\"async\" src=\"https:\/\/www.clusteraudiovisual.cat\/wp-content\/themes\/enfold-child\/img\/icon-youtube.png\" alt=\"Cuatrecasas - Youtube\" \/><\/a> <a target=\"_blank\" href=\"https:\/\/es.linkedin.com\/company\/cuatrecasas\"><img decoding=\"async\" src=\"https:\/\/www.clusteraudiovisual.cat\/wp-content\/themes\/enfold-child\/img\/icon-linkedin.png\" alt=\"Cuatrecasas - Linkedin\" \/><\/a><\/p>\r\n                <\/div><img decoding=\"async\" class=\"soci_item_logo img-fluid\" src=\"https:\/\/www.clusteraudiovisual.cat\/wp-content\/uploads\/2019\/06\/27.Logo_Color.jpg\" alt=\"Cuatrecasas\" title=\"Cuatrecasas\" \/>\r\n                    <div class=\"soci_list_activ_container\" style=\"width: 100%;background: none;\">\r\n                               <p class=\"soci_list_activ mb-0\"><span>Servicios<\/span><\/p>\r\n                               <p class=\"soci_list_serv mb-0\">Abogados<span class=\"separador_cats\"<\/p>\r\n                    <\/div>\r\n                <\/div><\/div><div data-title=\"cubus games videojuego-es  app-es branded-content-es digital-es multimedia-es videojuegos \" data-actv=\"videojuego-es \" data-serv=\"app-es branded-content-es digital-es multimedia-es videojuegos \" class=\"col-12 col-md-4 mb-4 border-bottom soci_box\"><div class=\"soci_item text-center\"><a class=\"soci_item_overlay\" data-fancybox=\"55803\" data-src=\"#selectableModal55803\" href=\"javascript:;\">Cubus Games<\/a><div class=\"cav_fancy\" style=\"display: none;max-width:500px;\" id=\"selectableModal55803\">\r\n                        <div class=\"cav_fancy_logo text-center pb-4 border-bottom\"><img decoding=\"async\" class=\"soci_item_logo img-fluid\" src=\"https:\/\/www.clusteraudiovisual.cat\/wp-content\/uploads\/2026\/03\/LogoSoci_CubusGames.jpg\" alt=\"Cubus Games\" title=\"Cubus Games\" \/><\/div>\r\n                        <h3 class=\"cav_fancy_title\" data-selectable=\"true\">Cubus Games<\/h3>\r\n                        <p class=\"cav_fancy_cat_actv\"><span>Videojuego<\/span><\/p>\r\n                        <p class=\"cav_fancy_cat_serv\">App<span class=\"separador_cats\">|<\/span>Branded Content<span class=\"separador_cats\">|<\/span>Digital<span class=\"separador_cats\">|<\/span>Multimedia<span class=\"separador_cats\">|<\/span>Videojuegos<span class=\"separador_cats\"<\/p>\r\n                        <p class=\"cav_fancy_description border-bottom\">Desarrolladora de videojuegos, experiencias interactivas y juegos de mesa. Crean para marcas, educaci\u00f3n, y relacionados con el impacto social y el patrimonio cultural. Entre sus proyectos destacan los videojuegos \"Catacracks\" y \"CRIMS: casos abiertos\".<\/p>\r\n                        <div class=\"cav_fancy_adress\"><p>C\/ de Santa Joaquima de Vedruna, 24<\/p>\n<p>08700, Igualada, Barcelona<\/p>\n<p><a href=\"mailto:hello@cubusgames.com\">hello@cubusgames.com<\/a><\/p>\n<p><a href=\"https:\/\/cubusgames.com\/ca\/inici\/\" target=\"_blank\" rel=\"noopener\">cubusgames.com<\/a><\/p>\n<\/div>\r\n                        <p class=\"cav_fancy_social\"><a target=\"_blank\" href=\"https:\/\/x.com\/CubusGames\"><img decoding=\"async\" src=\"https:\/\/www.clusteraudiovisual.cat\/wp-content\/themes\/enfold-child\/img\/twitter.png\" alt=\"Cubus Games - Twitter\" \/><\/a>  <a target=\"_blank\" href=\"https:\/\/www.instagram.com\/cubusgames\/\"><img decoding=\"async\" src=\"https:\/\/www.clusteraudiovisual.cat\/wp-content\/themes\/enfold-child\/img\/icon-instagram.png\" alt=\"Cubus Games - Instagram\" \/><\/a> <a target=\"_blank\" href=\"https:\/\/www.youtube.com\/c\/Cubusgames\"><img decoding=\"async\" src=\"https:\/\/www.clusteraudiovisual.cat\/wp-content\/themes\/enfold-child\/img\/icon-youtube.png\" alt=\"Cubus Games - Youtube\" \/><\/a> <a target=\"_blank\" href=\"https:\/\/www.linkedin.com\/company\/cubusgames\"><img decoding=\"async\" src=\"https:\/\/www.clusteraudiovisual.cat\/wp-content\/themes\/enfold-child\/img\/icon-linkedin.png\" alt=\"Cubus Games - Linkedin\" \/><\/a><\/p>\r\n                <\/div><img decoding=\"async\" class=\"soci_item_logo img-fluid\" src=\"https:\/\/www.clusteraudiovisual.cat\/wp-content\/uploads\/2026\/03\/LogoSoci_CubusGames.jpg\" alt=\"Cubus Games\" title=\"Cubus Games\" \/>\r\n                    <div class=\"soci_list_activ_container\" style=\"width: 100%;background: none;\">\r\n                               <p class=\"soci_list_activ mb-0\"><span>Videojuego<\/span><\/p>\r\n                               <p class=\"soci_list_serv mb-0\">App<span class=\"separador_cats\">|<\/span>Branded Content<span class=\"separador_cats\">|<\/span>Digital<span class=\"separador_cats\">|<\/span>Multimedia<span class=\"separador_cats\">|<\/span>Videojuegos<span class=\"separador_cats\"<\/p>\r\n                    <\/div>\r\n                <\/div><\/div><div data-title=\"cugat media radio-es television-es  digital-es multimedia-es telecomunicaciones \" data-actv=\"radio-es television-es \" data-serv=\"digital-es multimedia-es telecomunicaciones \" class=\"col-12 col-md-4 mb-4 border-bottom soci_box\"><div class=\"soci_item text-center\"><a class=\"soci_item_overlay\" data-fancybox=\"8183\" data-src=\"#selectableModal8183\" href=\"javascript:;\">Cugat M\u00e8dia<\/a><div class=\"cav_fancy\" style=\"display: none;max-width:500px;\" id=\"selectableModal8183\">\r\n                        <div class=\"cav_fancy_logo text-center pb-4 border-bottom\"><img decoding=\"async\" class=\"soci_item_logo img-fluid\" src=\"https:\/\/www.clusteraudiovisual.cat\/wp-content\/uploads\/2021\/11\/Logo_CugatMedia.jpg\" alt=\"Cugat M\u00e8dia\" title=\"Cugat M\u00e8dia\" \/><\/div>\r\n                        <h3 class=\"cav_fancy_title\" data-selectable=\"true\">Cugat M\u00e8dia<\/h3>\r\n                        <p class=\"cav_fancy_cat_actv\"><span>Radio<\/span><span>Televisi\u00f3n<\/span><\/p>\r\n                        <p class=\"cav_fancy_cat_serv\">Digital<span class=\"separador_cats\">|<\/span>Multimedia<span class=\"separador_cats\">|<\/span>Telecomunicaciones<span class=\"separador_cats\"<\/p>\r\n                        <p class=\"cav_fancy_description border-bottom\">Medio de comunicaci\u00f3n multimedia p\u00fablico de la ciudad de Sant Cugat del Vall\u00e8s. Consta de una emisora de radio, un diario electr\u00f3nico y una televisi\u00f3n online.<\/p>\r\n                        <div class=\"cav_fancy_adress\"><p>C\/Plana de l&#8217;Hospital 12-14<\/p>\n<p>08172, Sant Cugat del Vall\u00e8s<\/p>\n<p>935 903 434<\/p>\n<p><a href=\"mailto:info@cugat.cat\" target=\"_blank\" rel=\"noopener\">info@cugat.cat<\/a><\/p>\n<p><a href=\"https:\/\/www.cugat.cat\/\" target=\"_blank\" rel=\"noopener\">www.cugat.cat<\/a><\/p>\n<\/div>\r\n                        <p class=\"cav_fancy_social\"><a target=\"_blank\" href=\"https:\/\/twitter.com\/cugatmedia\"><img decoding=\"async\" src=\"https:\/\/www.clusteraudiovisual.cat\/wp-content\/themes\/enfold-child\/img\/twitter.png\" alt=\"Cugat M\u00e8dia - Twitter\" \/><\/a> <a target=\"_blank\" href=\"https:\/\/www.facebook.com\/cugatmedia\"><img decoding=\"async\" src=\"https:\/\/www.clusteraudiovisual.cat\/wp-content\/themes\/enfold-child\/img\/facebook.png\" alt=\"Cugat M\u00e8dia - Twitter\" \/><\/a> <a target=\"_blank\" href=\"https:\/\/www.instagram.com\/cugatmedia\/\"><img decoding=\"async\" src=\"https:\/\/www.clusteraudiovisual.cat\/wp-content\/themes\/enfold-child\/img\/icon-instagram.png\" alt=\"Cugat M\u00e8dia - Instagram\" \/><\/a> <a target=\"_blank\" href=\"https:\/\/www.youtube.com\/channel\/UC5F-pNsDE2zZLiUxYSEo2Yg\"><img decoding=\"async\" src=\"https:\/\/www.clusteraudiovisual.cat\/wp-content\/themes\/enfold-child\/img\/icon-youtube.png\" alt=\"Cugat M\u00e8dia - Youtube\" \/><\/a> <a target=\"_blank\" href=\"https:\/\/es.linkedin.com\/company\/cugatmedia\"><img decoding=\"async\" src=\"https:\/\/www.clusteraudiovisual.cat\/wp-content\/themes\/enfold-child\/img\/icon-linkedin.png\" alt=\"Cugat M\u00e8dia - Linkedin\" \/><\/a><\/p>\r\n                <\/div><img decoding=\"async\" class=\"soci_item_logo img-fluid\" src=\"https:\/\/www.clusteraudiovisual.cat\/wp-content\/uploads\/2021\/11\/Logo_CugatMedia.jpg\" alt=\"Cugat M\u00e8dia\" title=\"Cugat M\u00e8dia\" \/>\r\n                    <div class=\"soci_list_activ_container\" style=\"width: 100%;background: none;\">\r\n                               <p class=\"soci_list_activ mb-0\"><span>Radio<\/span><span>Televisi\u00f3n<\/span><\/p>\r\n                               <p class=\"soci_list_serv mb-0\">Digital<span class=\"separador_cats\">|<\/span>Multimedia<span class=\"separador_cats\">|<\/span>Telecomunicaciones<span class=\"separador_cats\"<\/p>\r\n                    <\/div>\r\n                <\/div><\/div><div data-title=\"d  038 b audiotechnick espais-audiovisuals-es formacio-es integrated-systems-es servicios-es tecnologia-es  altavoces-inteligentes congresos-es esdeveniments-es exposiciones-es instalaciones-es materials-audiovisuals-es servicios-de-produccion sonido \" data-actv=\"espais-audiovisuals-es formacio-es integrated-systems-es servicios-es tecnologia-es \" data-serv=\"altavoces-inteligentes congresos-es esdeveniments-es exposiciones-es instalaciones-es materials-audiovisuals-es servicios-de-produccion sonido \" class=\"col-12 col-md-4 mb-4 border-bottom soci_box\"><div class=\"soci_item text-center\"><a class=\"soci_item_overlay\" data-fancybox=\"29181\" data-src=\"#selectableModal29181\" href=\"javascript:;\">d&#038;b audiotechnick<\/a><div class=\"cav_fancy\" style=\"display: none;max-width:500px;\" id=\"selectableModal29181\">\r\n                        <div class=\"cav_fancy_logo text-center pb-4 border-bottom\"><img decoding=\"async\" class=\"soci_item_logo img-fluid\" src=\"https:\/\/www.clusteraudiovisual.cat\/wp-content\/uploads\/2022\/12\/LogoSoci_db-audiotechnik-2.jpg\" alt=\"d&#038;b audiotechnick\" title=\"d&#038;b audiotechnick\" \/><\/div>\r\n                        <h3 class=\"cav_fancy_title\" data-selectable=\"true\">d&#038;b audiotechnick<\/h3>\r\n                        <p class=\"cav_fancy_cat_actv\"><span>Espacios Audiovisuales<\/span><span>Formaci\u00f3n<\/span><span>Integrated Systems<\/span><span>Servicios<\/span><span>Tecnolog\u00eda<\/span><\/p>\r\n                        <p class=\"cav_fancy_cat_serv\">Altavoces Inteligentes<span class=\"separador_cats\">|<\/span>Congresos<span class=\"separador_cats\">|<\/span>Eventos<span class=\"separador_cats\">|<\/span>Exposiciones<span class=\"separador_cats\">|<\/span>Instalaciones<span class=\"separador_cats\">|<\/span>Material audiovisual<span class=\"separador_cats\">|<\/span>Servicios de producci\u00f3n<span class=\"separador_cats\">|<\/span>Sonido<span class=\"separador_cats\"<\/p>\r\n                        <p class=\"cav_fancy_description border-bottom\">Empresa internacional con una sede en Catalu\u00f1a que ofrece formaci\u00f3n, servicio t\u00e9cnico, asistencia a las aplicaciones, informaci\u00f3n t\u00e9cnica, soluciones personalizadas y financiaci\u00f3n, adem\u00e1s de una experta red de ventas y distribuci\u00f3n mundial.<\/p>\r\n                        <div class=\"cav_fancy_adress\"><p>C\/ Roc Boronat, 56, planta 1<\/p>\n<p>08005, Barcelona<\/p>\n<p>932 680 157<\/p>\n<p><a href=\"https:\/\/www.dbaudio.com\/global\/es\/\" target=\"_blank\" rel=\"noopener\">www.dbaudio.com<\/a><\/p>\n<\/div>\r\n                        <p class=\"cav_fancy_social\"><a target=\"_blank\" href=\"https:\/\/twitter.com\/dbaudiotechnik\"><img decoding=\"async\" src=\"https:\/\/www.clusteraudiovisual.cat\/wp-content\/themes\/enfold-child\/img\/twitter.png\" alt=\"d&#038;b audiotechnick - Twitter\" \/><\/a> <a target=\"_blank\" href=\"https:\/\/www.facebook.com\/dbaudiotechnikgmbh\/\"><img decoding=\"async\" src=\"https:\/\/www.clusteraudiovisual.cat\/wp-content\/themes\/enfold-child\/img\/facebook.png\" alt=\"d&#038;b audiotechnick - Twitter\" \/><\/a> <a target=\"_blank\" href=\"https:\/\/www.instagram.com\/dbaudiotechnik_gmbh\/\"><img decoding=\"async\" src=\"https:\/\/www.clusteraudiovisual.cat\/wp-content\/themes\/enfold-child\/img\/icon-instagram.png\" alt=\"d&#038;b audiotechnick - Instagram\" \/><\/a> <a target=\"_blank\" href=\"https:\/\/www.youtube.com\/user\/dbaudiotechnik\"><img decoding=\"async\" src=\"https:\/\/www.clusteraudiovisual.cat\/wp-content\/themes\/enfold-child\/img\/icon-youtube.png\" alt=\"d&#038;b audiotechnick - Youtube\" \/><\/a> <a target=\"_blank\" href=\"https:\/\/www.linkedin.com\/company\/dbaudiotechnik\/?originalSubdomain=es\"><img decoding=\"async\" src=\"https:\/\/www.clusteraudiovisual.cat\/wp-content\/themes\/enfold-child\/img\/icon-linkedin.png\" alt=\"d&#038;b audiotechnick - Linkedin\" \/><\/a><\/p>\r\n                <\/div><img decoding=\"async\" class=\"soci_item_logo img-fluid\" src=\"https:\/\/www.clusteraudiovisual.cat\/wp-content\/uploads\/2022\/12\/LogoSoci_db-audiotechnik-2.jpg\" alt=\"d&#038;b audiotechnick\" title=\"d&#038;b audiotechnick\" \/>\r\n                    <div class=\"soci_list_activ_container\" style=\"width: 100%;background: none;\">\r\n                               <p class=\"soci_list_activ mb-0\"><span>Espacios Audiovisuales<\/span><span>Formaci\u00f3n<\/span><span>Integrated Systems<\/span><span>Servicios<\/span><span>Tecnolog\u00eda<\/span><\/p>\r\n                               <p class=\"soci_list_serv mb-0\">Altavoces Inteligentes<span class=\"separador_cats\">|<\/span>Congresos<span class=\"separador_cats\">|<\/span>Eventos<span class=\"separador_cats\">|<\/span>Exposiciones<span class=\"separador_cats\">|<\/span>Instalaciones<span class=\"separador_cats\">|<\/span>Material audiovisual<span class=\"separador_cats\">|<\/span>Servicios de producci\u00f3n<span class=\"separador_cats\">|<\/span>Sonido<span class=\"separador_cats\"<\/p>\r\n                    <\/div>\r\n                <\/div><\/div><div data-title=\"daplaneta distribucion experiencias-inmersivas-es produccion-es  animacion-es e-sports-es ficcion largometrajes-es metaverso-es nft-es \" data-actv=\"distribucion experiencias-inmersivas-es produccion-es \" data-serv=\"animacion-es e-sports-es ficcion largometrajes-es metaverso-es nft-es \" class=\"col-12 col-md-4 mb-4 border-bottom soci_box\"><div class=\"soci_item text-center\"><a class=\"soci_item_overlay\" data-fancybox=\"13552\" data-src=\"#selectableModal13552\" href=\"javascript:;\">DAPlaneta<\/a><div class=\"cav_fancy\" style=\"display: none;max-width:500px;\" id=\"selectableModal13552\">\r\n                        <div class=\"cav_fancy_logo text-center pb-4 border-bottom\"><img decoding=\"async\" class=\"soci_item_logo img-fluid\" src=\"https:\/\/www.clusteraudiovisual.cat\/wp-content\/uploads\/2021\/05\/DeA_Pos_Col_Deg-copia-copia-1.jpg\" alt=\"DAPlaneta\" title=\"DAPlaneta\" \/><\/div>\r\n                        <h3 class=\"cav_fancy_title\" data-selectable=\"true\">DAPlaneta<\/h3>\r\n                        <p class=\"cav_fancy_cat_actv\"><span>Distribuci\u00f3n - Exhibici\u00f3n<\/span><span>Experiencias Inmersivas<\/span><span>Producci\u00f3n<\/span><\/p>\r\n                        <p class=\"cav_fancy_cat_serv\">Animaci\u00f3n<span class=\"separador_cats\">|<\/span>eSports<span class=\"separador_cats\">|<\/span>Ficci\u00f3n<span class=\"separador_cats\">|<\/span>Largometrajes<span class=\"separador_cats\">|<\/span>Metaverso<span class=\"separador_cats\">|<\/span>NFT<span class=\"separador_cats\"<\/p>\r\n                        <p class=\"cav_fancy_description border-bottom\">Distribuidora independiente dedicada a la adquisici\u00f3n y distribuci\u00f3n en cine y televisi\u00f3n de pel\u00edculas de ficci\u00f3n que ocupa una posici\u00f3n de referencia en el sector cinematogr\u00e1fico espa\u00f1ol.\r\n<\/p>\r\n                        <div class=\"cav_fancy_adress\"><p>Av. Diagonal, 662 &#8211; 664, 3a M\u00f3d. C<\/p>\n<p>08034, Barcelona<\/p>\n<p><a href=\"mailto:info@deaplaneta.com\" target=\"_blank\" rel=\"noopener\">info@deaplaneta.com<\/a><\/p>\n<p><a href=\"https:\/\/www.deaplaneta.com\/\" target=\"_blank\" rel=\"noopener\">www.deaplaneta.com<\/a><\/p>\n<\/div>\r\n                        <p class=\"cav_fancy_social\"><a target=\"_blank\" href=\"https:\/\/twitter.com\/deaplaneta\"><img decoding=\"async\" src=\"https:\/\/www.clusteraudiovisual.cat\/wp-content\/themes\/enfold-child\/img\/twitter.png\" alt=\"DAPlaneta - Twitter\" \/><\/a> <a target=\"_blank\" href=\"https:\/\/www.facebook.com\/DeAPlaneta\"><img decoding=\"async\" src=\"https:\/\/www.clusteraudiovisual.cat\/wp-content\/themes\/enfold-child\/img\/facebook.png\" alt=\"DAPlaneta - Twitter\" \/><\/a> <a target=\"_blank\" href=\"https:\/\/www.instagram.com\/deaplaneta\/\"><img decoding=\"async\" src=\"https:\/\/www.clusteraudiovisual.cat\/wp-content\/themes\/enfold-child\/img\/icon-instagram.png\" alt=\"DAPlaneta - Instagram\" \/><\/a> <a target=\"_blank\" href=\"https:\/\/www.youtube.com\/user\/deaplanetacanal\"><img decoding=\"async\" src=\"https:\/\/www.clusteraudiovisual.cat\/wp-content\/themes\/enfold-child\/img\/icon-youtube.png\" alt=\"DAPlaneta - Youtube\" \/><\/a> <\/p>\r\n                <\/div><img decoding=\"async\" class=\"soci_item_logo img-fluid\" src=\"https:\/\/www.clusteraudiovisual.cat\/wp-content\/uploads\/2021\/05\/DeA_Pos_Col_Deg-copia-copia-1.jpg\" alt=\"DAPlaneta\" title=\"DAPlaneta\" \/>\r\n                    <div class=\"soci_list_activ_container\" style=\"width: 100%;background: none;\">\r\n                               <p class=\"soci_list_activ mb-0\"><span>Distribuci\u00f3n - Exhibici\u00f3n<\/span><span>Experiencias Inmersivas<\/span><span>Producci\u00f3n<\/span><\/p>\r\n                               <p class=\"soci_list_serv mb-0\">Animaci\u00f3n<span class=\"separador_cats\">|<\/span>eSports<span class=\"separador_cats\">|<\/span>Ficci\u00f3n<span class=\"separador_cats\">|<\/span>Largometrajes<span class=\"separador_cats\">|<\/span>Metaverso<span class=\"separador_cats\">|<\/span>NFT<span class=\"separador_cats\"<\/p>\r\n                    <\/div>\r\n                <\/div><\/div><div data-title=\"dcled integrated-systems-es servicios-es tecnologia-es  materials-audiovisuals-es servicios-de-produccion \" data-actv=\"integrated-systems-es servicios-es tecnologia-es \" data-serv=\"materials-audiovisuals-es servicios-de-produccion \" class=\"col-12 col-md-4 mb-4 border-bottom soci_box\"><div class=\"soci_item text-center\"><a class=\"soci_item_overlay\" data-fancybox=\"49726\" data-src=\"#selectableModal49726\" href=\"javascript:;\">DCLED<\/a><div class=\"cav_fancy\" style=\"display: none;max-width:500px;\" id=\"selectableModal49726\">\r\n                        <div class=\"cav_fancy_logo text-center pb-4 border-bottom\"><img decoding=\"async\" class=\"soci_item_logo img-fluid\" src=\"https:\/\/www.clusteraudiovisual.cat\/wp-content\/uploads\/2025\/07\/LogoSoci_DCLED.jpg\" alt=\"DCLED\" title=\"DCLED\" \/><\/div>\r\n                        <h3 class=\"cav_fancy_title\" data-selectable=\"true\">DCLED<\/h3>\r\n                        <p class=\"cav_fancy_cat_actv\"><span>Integrated Systems<\/span><span>Servicios<\/span><span>Tecnolog\u00eda<\/span><\/p>\r\n                        <p class=\"cav_fancy_cat_serv\">Material audiovisual<span class=\"separador_cats\">|<\/span>Servicios de producci\u00f3n<span class=\"separador_cats\"<\/p>\r\n                        <p class=\"cav_fancy_description border-bottom\">Ofrecen servicios para la comunicaci\u00f3n visual: venta, distribuci\u00f3n e instalaci\u00f3n de pantallas led y programaci\u00f3n de widgets personalizados para pantallas led.<\/p>\r\n                        <div class=\"cav_fancy_adress\"><p>Avinguda Remolins, 24<\/p>\n<p>43500, Tortosa, Tarragona<\/p>\n<p><span class=\"elementor-icon-list-text\">977 588 032<\/span><\/p>\n<p><a href=\"mailto:info@doblecolumna.com\">info@doblecolumna.com<\/a><\/p>\n<p><a href=\"https:\/\/www.dcled.es\/ca\/\" target=\"_blank\" rel=\"noopener\">dcled.es<\/a><\/p>\n<\/div>\r\n                        <p class=\"cav_fancy_social\"><a target=\"_blank\" href=\"https:\/\/x.com\/TecnologiaDCLED\"><img decoding=\"async\" src=\"https:\/\/www.clusteraudiovisual.cat\/wp-content\/themes\/enfold-child\/img\/twitter.png\" alt=\"DCLED - Twitter\" \/><\/a> <a target=\"_blank\" href=\"https:\/\/www.facebook.com\/dcled.es\"><img decoding=\"async\" src=\"https:\/\/www.clusteraudiovisual.cat\/wp-content\/themes\/enfold-child\/img\/facebook.png\" alt=\"DCLED - Twitter\" \/><\/a> <a target=\"_blank\" href=\"https:\/\/www.instagram.com\/dcled.es\/\"><img decoding=\"async\" src=\"https:\/\/www.clusteraudiovisual.cat\/wp-content\/themes\/enfold-child\/img\/icon-instagram.png\" alt=\"DCLED - Instagram\" \/><\/a>  <a target=\"_blank\" href=\"https:\/\/www.linkedin.com\/company\/dcled\/\"><img decoding=\"async\" src=\"https:\/\/www.clusteraudiovisual.cat\/wp-content\/themes\/enfold-child\/img\/icon-linkedin.png\" alt=\"DCLED - Linkedin\" \/><\/a><\/p>\r\n                <\/div><img decoding=\"async\" class=\"soci_item_logo img-fluid\" src=\"https:\/\/www.clusteraudiovisual.cat\/wp-content\/uploads\/2025\/07\/LogoSoci_DCLED.jpg\" alt=\"DCLED\" title=\"DCLED\" \/>\r\n                    <div class=\"soci_list_activ_container\" style=\"width: 100%;background: none;\">\r\n                               <p class=\"soci_list_activ mb-0\"><span>Integrated Systems<\/span><span>Servicios<\/span><span>Tecnolog\u00eda<\/span><\/p>\r\n                               <p class=\"soci_list_serv mb-0\">Material audiovisual<span class=\"separador_cats\">|<\/span>Servicios de producci\u00f3n<span class=\"separador_cats\"<\/p>\r\n                    <\/div>\r\n                <\/div><\/div><div data-title=\"delaguila games experiencias-inmersivas-es servicios-es videojuego-es  realidad-virtual salud-es videojuegos \" data-actv=\"experiencias-inmersivas-es servicios-es videojuego-es \" data-serv=\"realidad-virtual salud-es videojuegos \" class=\"col-12 col-md-4 mb-4 border-bottom soci_box\"><div class=\"soci_item text-center\"><a class=\"soci_item_overlay\" data-fancybox=\"42766\" data-src=\"#selectableModal42766\" href=\"javascript:;\">delaguila games<\/a><div class=\"cav_fancy\" style=\"display: none;max-width:500px;\" id=\"selectableModal42766\">\r\n                        <div class=\"cav_fancy_logo text-center pb-4 border-bottom\"><img decoding=\"async\" class=\"soci_item_logo img-fluid\" src=\"https:\/\/www.clusteraudiovisual.cat\/wp-content\/uploads\/2024\/10\/LogoSoci_delaguila-games.jpg\" alt=\"delaguila games\" title=\"delaguila games\" \/><\/div>\r\n                        <h3 class=\"cav_fancy_title\" data-selectable=\"true\">delaguila games<\/h3>\r\n                        <p class=\"cav_fancy_cat_actv\"><span>Experiencias Inmersivas<\/span><span>Servicios<\/span><span>Videojuego<\/span><\/p>\r\n                        <p class=\"cav_fancy_cat_serv\">Realidad Virtual<span class=\"separador_cats\">|<\/span>Salud<span class=\"separador_cats\">|<\/span>Videojuegos<span class=\"separador_cats\"<\/p>\r\n                        <p class=\"cav_fancy_description border-bottom\">Promueven el uso y desarrollo de videojuegos y tecnolog\u00edas XR aplicadas a la educaci\u00f3n y la salud mental. Dise\u00f1an y organizan programas educativos intensivos que empoderan j\u00f3venes y ni\u00f1os a trav\u00e9s del desarrollo de videojuegos aplicados, impulsando la creatividad, la conciencia social y el desarrollo de habilidades. Adem\u00e1s crean experiencias que generan emociones y facilitan la transformaci\u00f3n de creencias y conductas limitantes mediante el uso de videojuegos y tecnolog\u00edas XR.<\/p>\r\n                        <div class=\"cav_fancy_adress\"><p>611 170 437<\/p>\n<p>delaguilaespejo@gmail.com<\/p>\n<p><a href=\"https:\/\/delaguila.games\/\">delaguila.games<\/a><\/p>\n<\/div>\r\n                        <p class=\"cav_fancy_social\"><a target=\"_blank\" href=\"https:\/\/x.com\/delaguila_io\"><img decoding=\"async\" src=\"https:\/\/www.clusteraudiovisual.cat\/wp-content\/themes\/enfold-child\/img\/twitter.png\" alt=\"delaguila games - Twitter\" \/><\/a>  <a target=\"_blank\" href=\"https:\/\/www.instagram.com\/delaguila.games\/\"><img decoding=\"async\" src=\"https:\/\/www.clusteraudiovisual.cat\/wp-content\/themes\/enfold-child\/img\/icon-instagram.png\" alt=\"delaguila games - Instagram\" \/><\/a>  <a target=\"_blank\" href=\"https:\/\/www.linkedin.com\/company\/delaguila\/\"><img decoding=\"async\" src=\"https:\/\/www.clusteraudiovisual.cat\/wp-content\/themes\/enfold-child\/img\/icon-linkedin.png\" alt=\"delaguila games - Linkedin\" \/><\/a><\/p>\r\n                <\/div><img decoding=\"async\" class=\"soci_item_logo img-fluid\" src=\"https:\/\/www.clusteraudiovisual.cat\/wp-content\/uploads\/2024\/10\/LogoSoci_delaguila-games.jpg\" alt=\"delaguila games\" title=\"delaguila games\" \/>\r\n                    <div class=\"soci_list_activ_container\" style=\"width: 100%;background: none;\">\r\n                               <p class=\"soci_list_activ mb-0\"><span>Experiencias Inmersivas<\/span><span>Servicios<\/span><span>Videojuego<\/span><\/p>\r\n                               <p class=\"soci_list_serv mb-0\">Realidad Virtual<span class=\"separador_cats\">|<\/span>Salud<span class=\"separador_cats\">|<\/span>Videojuegos<span class=\"separador_cats\"<\/p>\r\n                    <\/div>\r\n                <\/div><\/div><div data-title=\"deluxe spain postproduccion-es publicidad-es  doblaje-es ficcion eries sonido subtitulado-es vfx-es \" data-actv=\"postproduccion-es publicidad-es \" data-serv=\"doblaje-es ficcion eries sonido subtitulado-es vfx-es \" class=\"col-12 col-md-4 mb-4 border-bottom soci_box\"><div class=\"soci_item text-center\"><a class=\"soci_item_overlay\" data-fancybox=\"8144\" data-src=\"#selectableModal8144\" href=\"javascript:;\">Deluxe Spain<\/a><div class=\"cav_fancy\" style=\"display: none;max-width:500px;\" id=\"selectableModal8144\">\r\n                        <div class=\"cav_fancy_logo text-center pb-4 border-bottom\"><img decoding=\"async\" class=\"soci_item_logo img-fluid\" src=\"https:\/\/www.clusteraudiovisual.cat\/wp-content\/uploads\/2016\/12\/30.Deluxe_Logo_2016_Red.jpg\" alt=\"Deluxe Spain\" title=\"Deluxe Spain\" \/><\/div>\r\n                        <h3 class=\"cav_fancy_title\" data-selectable=\"true\">Deluxe Spain<\/h3>\r\n                        <p class=\"cav_fancy_cat_actv\"><span>Postproducci\u00f3n<\/span><span>Publicidad<\/span><\/p>\r\n                        <p class=\"cav_fancy_cat_serv\">Doblaje<span class=\"separador_cats\">|<\/span>Ficci\u00f3n<span class=\"separador_cats\">|<\/span>Series<span class=\"separador_cats\">|<\/span>Sonido<span class=\"separador_cats\">|<\/span>Subtitulado<span class=\"separador_cats\">|<\/span>Vfx<span class=\"separador_cats\"<\/p>\r\n                        <p class=\"cav_fancy_description border-bottom\">Empresa de postproducci\u00f3n de imagen y sonido para cine, publicidad y series. Tambi\u00e9n ofrece servicios de preproducci\u00f3n, rodaje, VFX, realidad virtual, gesti\u00f3n y creaci\u00f3n musical y doblaje.<\/p>\r\n                        <div class=\"cav_fancy_adress\"><p>C\/ del Per\u00fa, 250<\/p>\n<p>08020, Barcelona<\/p>\n<p>934 090 312<\/p>\n<p><a href=\"mailto:info.barcelona@bydeluxe.com\" target=\"_blank\" rel=\"noopener\">info.barcelona@bydeluxe.com<\/a><\/p>\n<p><a href=\"https:\/\/www.deluxe-spain.com\/es\" target=\"_blank\" rel=\"noopener\">www.deluxe-spain.com<\/a><\/p>\n<\/div>\r\n                        <p class=\"cav_fancy_social\"><a target=\"_blank\" href=\"https:\/\/twitter.com\/bydeluxespain\"><img decoding=\"async\" src=\"https:\/\/www.clusteraudiovisual.cat\/wp-content\/themes\/enfold-child\/img\/twitter.png\" alt=\"Deluxe Spain - Twitter\" \/><\/a> <a target=\"_blank\" href=\"https:\/\/www.facebook.com\/byDeluxeSpain\"><img decoding=\"async\" src=\"https:\/\/www.clusteraudiovisual.cat\/wp-content\/themes\/enfold-child\/img\/facebook.png\" alt=\"Deluxe Spain - Twitter\" \/><\/a> <a target=\"_blank\" href=\"https:\/\/www.instagram.com\/deluxespain\/\"><img decoding=\"async\" src=\"https:\/\/www.clusteraudiovisual.cat\/wp-content\/themes\/enfold-child\/img\/icon-instagram.png\" alt=\"Deluxe Spain - Instagram\" \/><\/a>  <\/p>\r\n                <\/div><img decoding=\"async\" class=\"soci_item_logo img-fluid\" src=\"https:\/\/www.clusteraudiovisual.cat\/wp-content\/uploads\/2016\/12\/30.Deluxe_Logo_2016_Red.jpg\" alt=\"Deluxe Spain\" title=\"Deluxe Spain\" \/>\r\n                    <div class=\"soci_list_activ_container\" style=\"width: 100%;background: none;\">\r\n                               <p class=\"soci_list_activ mb-0\"><span>Postproducci\u00f3n<\/span><span>Publicidad<\/span><\/p>\r\n                               <p class=\"soci_list_serv mb-0\">Doblaje<span class=\"separador_cats\">|<\/span>Ficci\u00f3n<span class=\"separador_cats\">|<\/span>Series<span class=\"separador_cats\">|<\/span>Sonido<span class=\"separador_cats\">|<\/span>Subtitulado<span class=\"separador_cats\">|<\/span>Vfx<span class=\"separador_cats\"<\/p>\r\n                    <\/div>\r\n                <\/div><\/div><div data-title=\"diagonal tv produccion-es television-es  ficcion formatos-tv-es no-ficcion eries telemovies-es \" data-actv=\"produccion-es television-es \" data-serv=\"ficcion formatos-tv-es no-ficcion eries telemovies-es \" class=\"col-12 col-md-4 mb-4 border-bottom soci_box\"><div class=\"soci_item text-center\"><a class=\"soci_item_overlay\" data-fancybox=\"8042\" data-src=\"#selectableModal8042\" href=\"javascript:;\">Diagonal TV<\/a><div class=\"cav_fancy\" style=\"display: none;max-width:500px;\" id=\"selectableModal8042\">\r\n                        <div class=\"cav_fancy_logo text-center pb-4 border-bottom\"><img decoding=\"async\" class=\"soci_item_logo img-fluid\" src=\"https:\/\/www.clusteraudiovisual.cat\/wp-content\/uploads\/2013\/09\/DIAGONAL-Banijay_v6b-0.jpg\" alt=\"Diagonal TV\" title=\"Diagonal TV\" \/><\/div>\r\n                        <h3 class=\"cav_fancy_title\" data-selectable=\"true\">Diagonal TV<\/h3>\r\n                        <p class=\"cav_fancy_cat_actv\"><span>Producci\u00f3n<\/span><span>Televisi\u00f3n<\/span><\/p>\r\n                        <p class=\"cav_fancy_cat_serv\">Ficci\u00f3n<span class=\"separador_cats\">|<\/span>Formatos TV<span class=\"separador_cats\">|<\/span>No ficci\u00f3n<span class=\"separador_cats\">|<\/span>Series<span class=\"separador_cats\">|<\/span>Telemovies<span class=\"separador_cats\"<\/p>\r\n                        <p class=\"cav_fancy_description border-bottom\">Productora de ficci\u00f3n de series y pel\u00edculas para televisi\u00f3n, as\u00ed como largometrajes para cine. Ofrecen servicios de alquiler de vestuario y espacios, sala de postproducci\u00f3n de audio y escritura de gui\u00f3n y asesoramiento argumental.<\/p>\r\n                        <div class=\"cav_fancy_adress\"><p>C\/ Larrard, 20<\/p>\n<p>08012, Barcelona<\/p>\n<p>932 688 530<\/p>\n<p><a href=\"mailto:info@diagonaltv.es\" target=\"_blank\" rel=\"noopener\">info@diagonaltv.es<\/a><\/p>\n<p><a href=\"https:\/\/diagonaltv.es\/ca\/\" target=\"_blank\" rel=\"noopener\">www.diagonaltv.es<\/a><\/p>\n<\/div>\r\n                        <p class=\"cav_fancy_social\"><a target=\"_blank\" href=\"https:\/\/twitter.com\/DiagonalTV\"><img decoding=\"async\" src=\"https:\/\/www.clusteraudiovisual.cat\/wp-content\/themes\/enfold-child\/img\/twitter.png\" alt=\"Diagonal TV - Twitter\" \/><\/a> <a target=\"_blank\" href=\"https:\/\/www.facebook.com\/diagonaltv\"><img decoding=\"async\" src=\"https:\/\/www.clusteraudiovisual.cat\/wp-content\/themes\/enfold-child\/img\/facebook.png\" alt=\"Diagonal TV - Twitter\" \/><\/a> <a target=\"_blank\" href=\"https:\/\/www.instagram.com\/diagonaltelevisio\/\"><img decoding=\"async\" src=\"https:\/\/www.clusteraudiovisual.cat\/wp-content\/themes\/enfold-child\/img\/icon-instagram.png\" alt=\"Diagonal TV - Instagram\" \/><\/a>  <\/p>\r\n                <\/div><img decoding=\"async\" class=\"soci_item_logo img-fluid\" src=\"https:\/\/www.clusteraudiovisual.cat\/wp-content\/uploads\/2013\/09\/DIAGONAL-Banijay_v6b-0.jpg\" alt=\"Diagonal TV\" title=\"Diagonal TV\" \/>\r\n                    <div class=\"soci_list_activ_container\" style=\"width: 100%;background: none;\">\r\n                               <p class=\"soci_list_activ mb-0\"><span>Producci\u00f3n<\/span><span>Televisi\u00f3n<\/span><\/p>\r\n                               <p class=\"soci_list_serv mb-0\">Ficci\u00f3n<span class=\"separador_cats\">|<\/span>Formatos TV<span class=\"separador_cats\">|<\/span>No ficci\u00f3n<span class=\"separador_cats\">|<\/span>Series<span class=\"separador_cats\">|<\/span>Telemovies<span class=\"separador_cats\"<\/p>\r\n                    <\/div>\r\n                <\/div><\/div><div data-title=\"diari ara comunicacio-es  medios-de-comunicacion \" data-actv=\"comunicacio-es \" data-serv=\"medios-de-comunicacion \" class=\"col-12 col-md-4 mb-4 border-bottom soci_box\"><div class=\"soci_item text-center\"><a class=\"soci_item_overlay\" data-fancybox=\"55196\" data-src=\"#selectableModal55196\" href=\"javascript:;\">Diari Ara<\/a><div class=\"cav_fancy\" style=\"display: none;max-width:500px;\" id=\"selectableModal55196\">\r\n                        <div class=\"cav_fancy_logo text-center pb-4 border-bottom\"><img decoding=\"async\" class=\"soci_item_logo img-fluid\" src=\"https:\/\/www.clusteraudiovisual.cat\/wp-content\/uploads\/2026\/01\/LogoSoci_DiariAra.jpg\" alt=\"Diari Ara\" title=\"Diari Ara\" \/><\/div>\r\n                        <h3 class=\"cav_fancy_title\" data-selectable=\"true\">Diari Ara<\/h3>\r\n                        <p class=\"cav_fancy_cat_actv\"><span>Comunicaci\u00f3n<\/span><\/p>\r\n                        <p class=\"cav_fancy_cat_serv\">Medios de comunicaci\u00f3n<span class=\"separador_cats\"<\/p>\r\n                        <p class=\"cav_fancy_description border-bottom\">Ara es un diario de informaci\u00f3n general en catal\u00e1n que empez\u00f3 a publicarse en 2010.<\/p>\r\n                        <div class=\"cav_fancy_adress\"><p>Carrer Peu de la Creu 5-9<\/p>\n<p>08001, Barcelona<\/p>\n<p>932 751 110<\/p>\n<p><a href=\"https:\/\/www.ara.cat\/\" target=\"_blank\" rel=\"noopener\">ara.cat<\/a><\/p>\n<\/div>\r\n                        <p class=\"cav_fancy_social\"><a target=\"_blank\" href=\"https:\/\/bsky.app\/profile\/ara.cat\"><img decoding=\"async\" src=\"https:\/\/www.clusteraudiovisual.cat\/wp-content\/themes\/enfold-child\/img\/twitter.png\" alt=\"Diari Ara - Twitter\" \/><\/a> <a target=\"_blank\" href=\"https:\/\/www.facebook.com\/diariARA\"><img decoding=\"async\" src=\"https:\/\/www.clusteraudiovisual.cat\/wp-content\/themes\/enfold-child\/img\/facebook.png\" alt=\"Diari Ara - Twitter\" \/><\/a> <a target=\"_blank\" href=\"https:\/\/www.instagram.com\/diariara\/\"><img decoding=\"async\" src=\"https:\/\/www.clusteraudiovisual.cat\/wp-content\/themes\/enfold-child\/img\/icon-instagram.png\" alt=\"Diari Ara - Instagram\" \/><\/a>  <\/p>\r\n                <\/div><img decoding=\"async\" class=\"soci_item_logo img-fluid\" src=\"https:\/\/www.clusteraudiovisual.cat\/wp-content\/uploads\/2026\/01\/LogoSoci_DiariAra.jpg\" alt=\"Diari Ara\" title=\"Diari Ara\" \/>\r\n                    <div class=\"soci_list_activ_container\" style=\"width: 100%;background: none;\">\r\n                               <p class=\"soci_list_activ mb-0\"><span>Comunicaci\u00f3n<\/span><\/p>\r\n                               <p class=\"soci_list_serv mb-0\">Medios de comunicaci\u00f3n<span class=\"separador_cats\"<\/p>\r\n                    <\/div>\r\n                <\/div><\/div><div data-title=\"ditec integrated-systems-es produccion-es servicios-es tecnologia-es  alquiler-de-equipos-es congresos-es instalaciones-es mapping-es materials-audiovisuals-es salud-es streaming-es tic-audiovisual-es videconferencias \" data-actv=\"integrated-systems-es produccion-es servicios-es tecnologia-es \" data-serv=\"alquiler-de-equipos-es congresos-es instalaciones-es mapping-es materials-audiovisuals-es salud-es streaming-es tic-audiovisual-es videconferencias \" class=\"col-12 col-md-4 mb-4 border-bottom soci_box\"><div class=\"soci_item text-center\"><a class=\"soci_item_overlay\" data-fancybox=\"10569\" data-src=\"#selectableModal10569\" href=\"javascript:;\">Ditec<\/a><div class=\"cav_fancy\" style=\"display: none;max-width:500px;\" id=\"selectableModal10569\">\r\n                        <div class=\"cav_fancy_logo text-center pb-4 border-bottom\"><img decoding=\"async\" class=\"soci_item_logo img-fluid\" src=\"https:\/\/www.clusteraudiovisual.cat\/wp-content\/uploads\/2021\/03\/Logo-Ditec-Comunicaciones_Mesa-de-trabajo-1.jpg\" alt=\"Ditec\" title=\"Ditec\" \/><\/div>\r\n                        <h3 class=\"cav_fancy_title\" data-selectable=\"true\">Ditec<\/h3>\r\n                        <p class=\"cav_fancy_cat_actv\"><span>Integrated Systems<\/span><span>Producci\u00f3n<\/span><span>Servicios<\/span><span>Tecnolog\u00eda<\/span><\/p>\r\n                        <p class=\"cav_fancy_cat_serv\">Alquiler de equipos<span class=\"separador_cats\">|<\/span>Congresos<span class=\"separador_cats\">|<\/span>Instalaciones<span class=\"separador_cats\">|<\/span>Mapping<span class=\"separador_cats\">|<\/span>Material audiovisual<span class=\"separador_cats\">|<\/span>Salud<span class=\"separador_cats\">|<\/span>Streaming<span class=\"separador_cats\">|<\/span>TIC Audiovisual<span class=\"separador_cats\">|<\/span>Videconferencias<span class=\"separador_cats\"<\/p>\r\n                        <p class=\"cav_fancy_description border-bottom\">Especialistas en sistemas audiovisuales, abarcan desde el dise\u00f1o, la instalaci\u00f3n y el mantenimiento, hasta la oferta de servicios de alquiler focalizados en el sector de congessos y conferencias.<\/p>\r\n                        <div class=\"cav_fancy_adress\"><p>C\/ Sic\u00edlia, 368, baixos<\/p>\n<p>08025, Barcelona<\/p>\n<p>932 656 517<\/p>\n<p><a href=\"mailto:info@ditec.es\" target=\"_blank\" rel=\"noopener\">info@ditec.es<\/a><\/p>\n<p><a href=\"https:\/\/ditec.es\/\" target=\"_blank\" rel=\"noopener\">www.ditec.es<\/a><\/p>\n<\/div>\r\n                        <p class=\"cav_fancy_social\"><a target=\"_blank\" href=\"https:\/\/twitter.com\/ditecav\"><img decoding=\"async\" src=\"https:\/\/www.clusteraudiovisual.cat\/wp-content\/themes\/enfold-child\/img\/twitter.png\" alt=\"Ditec - Twitter\" \/><\/a> <a target=\"_blank\" href=\"https:\/\/www.facebook.com\/ditec.comunicaciones\"><img decoding=\"async\" src=\"https:\/\/www.clusteraudiovisual.cat\/wp-content\/themes\/enfold-child\/img\/facebook.png\" alt=\"Ditec - Twitter\" \/><\/a> <a target=\"_blank\" href=\"https:\/\/www.instagram.com\/ditec\/\"><img decoding=\"async\" src=\"https:\/\/www.clusteraudiovisual.cat\/wp-content\/themes\/enfold-child\/img\/icon-instagram.png\" alt=\"Ditec - Instagram\" \/><\/a> <a target=\"_blank\" href=\"https:\/\/www.youtube.com\/user\/DitecComunicaciones\/videos\"><img decoding=\"async\" src=\"https:\/\/www.clusteraudiovisual.cat\/wp-content\/themes\/enfold-child\/img\/icon-youtube.png\" alt=\"Ditec - Youtube\" \/><\/a> <a target=\"_blank\" href=\"https:\/\/www.linkedin.com\/company\/ditec-comunicaciones-s-l-\"><img decoding=\"async\" src=\"https:\/\/www.clusteraudiovisual.cat\/wp-content\/themes\/enfold-child\/img\/icon-linkedin.png\" alt=\"Ditec - Linkedin\" \/><\/a><\/p>\r\n                <\/div><img decoding=\"async\" class=\"soci_item_logo img-fluid\" src=\"https:\/\/www.clusteraudiovisual.cat\/wp-content\/uploads\/2021\/03\/Logo-Ditec-Comunicaciones_Mesa-de-trabajo-1.jpg\" alt=\"Ditec\" title=\"Ditec\" \/>\r\n                    <div class=\"soci_list_activ_container\" style=\"width: 100%;background: none;\">\r\n                               <p class=\"soci_list_activ mb-0\"><span>Integrated Systems<\/span><span>Producci\u00f3n<\/span><span>Servicios<\/span><span>Tecnolog\u00eda<\/span><\/p>\r\n                               <p class=\"soci_list_serv mb-0\">Alquiler de equipos<span class=\"separador_cats\">|<\/span>Congresos<span class=\"separador_cats\">|<\/span>Instalaciones<span class=\"separador_cats\">|<\/span>Mapping<span class=\"separador_cats\">|<\/span>Material audiovisual<span class=\"separador_cats\">|<\/span>Salud<span class=\"separador_cats\">|<\/span>Streaming<span class=\"separador_cats\">|<\/span>TIC Audiovisual<span class=\"separador_cats\">|<\/span>Videconferencias<span class=\"separador_cats\"<\/p>\r\n                    <\/div>\r\n                <\/div><\/div><div data-title=\"docenautas produccion-es  animacion-es cortometrajes-es ficcion infantil-es largometrajes-es \" data-actv=\"produccion-es \" data-serv=\"animacion-es cortometrajes-es ficcion infantil-es largometrajes-es \" class=\"col-12 col-md-4 mb-4 border-bottom soci_box\"><div class=\"soci_item text-center\"><a class=\"soci_item_overlay\" data-fancybox=\"56120\" data-src=\"#selectableModal56120\" href=\"javascript:;\">Docenautas<\/a><div class=\"cav_fancy\" style=\"display: none;max-width:500px;\" id=\"selectableModal56120\">\r\n                        <div class=\"cav_fancy_logo text-center pb-4 border-bottom\"><img decoding=\"async\" class=\"soci_item_logo img-fluid\" src=\"https:\/\/www.clusteraudiovisual.cat\/wp-content\/uploads\/2026\/04\/LogoSoci_Docenautas.jpg\" alt=\"Docenautas\" title=\"Docenautas\" \/><\/div>\r\n                        <h3 class=\"cav_fancy_title\" data-selectable=\"true\">Docenautas<\/h3>\r\n                        <p class=\"cav_fancy_cat_actv\"><span>Producci\u00f3n<\/span><\/p>\r\n                        <p class=\"cav_fancy_cat_serv\">Animaci\u00f3n<span class=\"separador_cats\">|<\/span>Cortometrajes<span class=\"separador_cats\">|<\/span>Ficci\u00f3n<span class=\"separador_cats\">|<\/span>Infantil<span class=\"separador_cats\">|<\/span>Largometrajes<span class=\"separador_cats\"<\/p>\r\n                        <p class=\"cav_fancy_description border-bottom\">Productora audiovisual que nace del deseo de explorar nuevas formas de contar historias. Con base en Catalu\u00f1a y una clara vocaci\u00f3n internacional, Docenautas desarrolla y produce proyectos de ficci\u00f3n, animaci\u00f3n y formatos h\u00edbridos que se mueven entre la autor\u00eda y la accesibilidad. A lo largo de su trayectoria, han participado en festivales internacionales y han ido construyendo una filmograf\u00eda que combina cine independiente, animaci\u00f3n y coproducciones con otros territorios.<\/p>\r\n                        <div class=\"cav_fancy_adress\"><p><a href=\"http:\/\/docenautas.com\">docenautas.com<\/a><\/p>\n<\/div>\r\n                        <p class=\"cav_fancy_social\">  <a target=\"_blank\" href=\"https:\/\/www.instagram.com\/docenautas\/\"><img decoding=\"async\" src=\"https:\/\/www.clusteraudiovisual.cat\/wp-content\/themes\/enfold-child\/img\/icon-instagram.png\" alt=\"Docenautas - Instagram\" \/><\/a>  <\/p>\r\n                <\/div><img decoding=\"async\" class=\"soci_item_logo img-fluid\" src=\"https:\/\/www.clusteraudiovisual.cat\/wp-content\/uploads\/2026\/04\/LogoSoci_Docenautas.jpg\" alt=\"Docenautas\" title=\"Docenautas\" \/>\r\n                    <div class=\"soci_list_activ_container\" style=\"width: 100%;background: none;\">\r\n                               <p class=\"soci_list_activ mb-0\"><span>Producci\u00f3n<\/span><\/p>\r\n                               <p class=\"soci_list_serv mb-0\">Animaci\u00f3n<span class=\"separador_cats\">|<\/span>Cortometrajes<span class=\"separador_cats\">|<\/span>Ficci\u00f3n<span class=\"separador_cats\">|<\/span>Infantil<span class=\"separador_cats\">|<\/span>Largometrajes<span class=\"separador_cats\"<\/p>\r\n                    <\/div>\r\n                <\/div><\/div><div data-title=\"docs barcelona distribucion formacio-es  festivales no-ficcion \" data-actv=\"distribucion formacio-es \" data-serv=\"festivales no-ficcion \" class=\"col-12 col-md-4 mb-4 border-bottom soci_box\"><div class=\"soci_item text-center\"><a class=\"soci_item_overlay\" data-fancybox=\"8022\" data-src=\"#selectableModal8022\" href=\"javascript:;\">Docs Barcelona<\/a><div class=\"cav_fancy\" style=\"display: none;max-width:500px;\" id=\"selectableModal8022\">\r\n                        <div class=\"cav_fancy_logo text-center pb-4 border-bottom\"><img decoding=\"async\" class=\"soci_item_logo img-fluid\" src=\"https:\/\/www.clusteraudiovisual.cat\/wp-content\/uploads\/2013\/09\/33.DOCS-BARCELONA-01.jpg\" alt=\"Docs Barcelona\" title=\"Docs Barcelona\" \/><\/div>\r\n                        <h3 class=\"cav_fancy_title\" data-selectable=\"true\">Docs Barcelona<\/h3>\r\n                        <p class=\"cav_fancy_cat_actv\"><span>Distribuci\u00f3n - Exhibici\u00f3n<\/span><span>Formaci\u00f3n<\/span><\/p>\r\n                        <p class=\"cav_fancy_cat_serv\">Festivales<span class=\"separador_cats\">|<\/span>No ficci\u00f3n<span class=\"separador_cats\"<\/p>\r\n                        <p class=\"cav_fancy_description border-bottom\">Festival Internacional de Cine Documental de Barcelona. Especializado en el g\u00e9nero documental, formado por secciones internacionales competitivas, secciones no competitivas y clases magistrales.<\/p>\r\n                        <div class=\"cav_fancy_adress\"><p>C\/ Balmes, 207, pral. 2a<\/p>\n<p>08006, Barcelona<\/p>\n<p>934 524 618<\/p>\n<p><a href=\"mailto:info@docsbarcelona.com\" target=\"_blank\" rel=\"noopener\">info@docsbarcelona.com<\/a><\/p>\n<p><a href=\"https:\/\/docsbarcelona.com\/\" target=\"_blank\" rel=\"noopener\">www.docsbarcelona.com<\/a><\/p>\n<\/div>\r\n                        <p class=\"cav_fancy_social\"><a target=\"_blank\" href=\"https:\/\/twitter.com\/docsbarcelona?lang=ca\"><img decoding=\"async\" src=\"https:\/\/www.clusteraudiovisual.cat\/wp-content\/themes\/enfold-child\/img\/twitter.png\" alt=\"Docs Barcelona - Twitter\" \/><\/a> <a target=\"_blank\" href=\"https:\/\/www.facebook.com\/docsbarcelona\"><img decoding=\"async\" src=\"https:\/\/www.clusteraudiovisual.cat\/wp-content\/themes\/enfold-child\/img\/facebook.png\" alt=\"Docs Barcelona - Twitter\" \/><\/a> <a target=\"_blank\" href=\"https:\/\/www.instagram.com\/docsbarcelona\/\"><img decoding=\"async\" src=\"https:\/\/www.clusteraudiovisual.cat\/wp-content\/themes\/enfold-child\/img\/icon-instagram.png\" alt=\"Docs Barcelona - Instagram\" \/><\/a>  <a target=\"_blank\" href=\"https:\/\/www.linkedin.com\/company\/docsbarcelona\/\"><img decoding=\"async\" src=\"https:\/\/www.clusteraudiovisual.cat\/wp-content\/themes\/enfold-child\/img\/icon-linkedin.png\" alt=\"Docs Barcelona - Linkedin\" \/><\/a><\/p>\r\n                <\/div><img decoding=\"async\" class=\"soci_item_logo img-fluid\" src=\"https:\/\/www.clusteraudiovisual.cat\/wp-content\/uploads\/2013\/09\/33.DOCS-BARCELONA-01.jpg\" alt=\"Docs Barcelona\" title=\"Docs Barcelona\" \/>\r\n                    <div class=\"soci_list_activ_container\" style=\"width: 100%;background: none;\">\r\n                               <p class=\"soci_list_activ mb-0\"><span>Distribuci\u00f3n - Exhibici\u00f3n<\/span><span>Formaci\u00f3n<\/span><\/p>\r\n                               <p class=\"soci_list_serv mb-0\">Festivales<span class=\"separador_cats\">|<\/span>No ficci\u00f3n<span class=\"separador_cats\"<\/p>\r\n                    <\/div>\r\n                <\/div><\/div><div data-title=\"dracma postproduccion-es  servicios-de-produccion \" data-actv=\"postproduccion-es \" data-serv=\"servicios-de-produccion \" class=\"col-12 col-md-4 mb-4 border-bottom soci_box\"><div class=\"soci_item text-center\"><a class=\"soci_item_overlay\" data-fancybox=\"47605\" data-src=\"#selectableModal47605\" href=\"javascript:;\">DRACMA<\/a><div class=\"cav_fancy\" style=\"display: none;max-width:500px;\" id=\"selectableModal47605\">\r\n                        <div class=\"cav_fancy_logo text-center pb-4 border-bottom\"><img decoding=\"async\" class=\"soci_item_logo img-fluid\" src=\"https:\/\/www.clusteraudiovisual.cat\/wp-content\/uploads\/2025\/03\/LogoSoci_Dracma.jpg\" alt=\"DRACMA\" title=\"DRACMA\" \/><\/div>\r\n                        <h3 class=\"cav_fancy_title\" data-selectable=\"true\">DRACMA<\/h3>\r\n                        <p class=\"cav_fancy_cat_actv\"><span>Postproducci\u00f3n<\/span><\/p>\r\n                        <p class=\"cav_fancy_cat_serv\">Servicios de producci\u00f3n<span class=\"separador_cats\"<\/p>\r\n                        <p class=\"cav_fancy_description border-bottom\">Se dedican al desarrollo de 3D, postproducci\u00f3n de v\u00eddeo y motion graphics. Desde el a\u00f1o 2004 apoyan a numerosas empresas en las \u00e1reas de centros de interpretaci\u00f3n, museos, centros de arte, equipamientos culturales, televisi\u00f3n y cine.<\/p>\r\n                        <div class=\"cav_fancy_adress\"><p>C\/ Casp, 37, 2n 1a<\/p>\n<p>08010, Barcelona<\/p>\n<p>934098384<\/p>\n<p><a href=\"mailto:info@dracma3d.com\">info@dracma3d.com<\/a><\/p>\n<p><a href=\"https:\/\/www.dracma3d.com\/\" target=\"_blank\" rel=\"noopener\">dracma3d.com<\/a><\/p>\n<\/div>\r\n                        <p class=\"cav_fancy_social\">   <a target=\"_blank\" href=\"https:\/\/www.youtube.com\/user\/DRACMA3D\"><img decoding=\"async\" src=\"https:\/\/www.clusteraudiovisual.cat\/wp-content\/themes\/enfold-child\/img\/icon-youtube.png\" alt=\"DRACMA - Youtube\" \/><\/a> <\/p>\r\n                <\/div><img decoding=\"async\" class=\"soci_item_logo img-fluid\" src=\"https:\/\/www.clusteraudiovisual.cat\/wp-content\/uploads\/2025\/03\/LogoSoci_Dracma.jpg\" alt=\"DRACMA\" title=\"DRACMA\" \/>\r\n                    <div class=\"soci_list_activ_container\" style=\"width: 100%;background: none;\">\r\n                               <p class=\"soci_list_activ mb-0\"><span>Postproducci\u00f3n<\/span><\/p>\r\n                               <p class=\"soci_list_serv mb-0\">Servicios de producci\u00f3n<span class=\"separador_cats\"<\/p>\r\n                    <\/div>\r\n                <\/div><\/div><div data-title=\"driving studios espais-audiovisuals-es produccion-es publicidad-es servicios-es tecnologia-es  artes-visuales-es esdeveniments-es fotografia-es produccion-virtual servicios-de-produccion social-media-es streaming-es \" data-actv=\"espais-audiovisuals-es produccion-es publicidad-es servicios-es tecnologia-es \" data-serv=\"artes-visuales-es esdeveniments-es fotografia-es produccion-virtual servicios-de-produccion social-media-es streaming-es \" class=\"col-12 col-md-4 mb-4 border-bottom soci_box\"><div class=\"soci_item text-center\"><a class=\"soci_item_overlay\" data-fancybox=\"49349\" data-src=\"#selectableModal49349\" href=\"javascript:;\">Driving Studios<\/a><div class=\"cav_fancy\" style=\"display: none;max-width:500px;\" id=\"selectableModal49349\">\r\n                        <div class=\"cav_fancy_logo text-center pb-4 border-bottom\"><img decoding=\"async\" class=\"soci_item_logo img-fluid\" src=\"https:\/\/www.clusteraudiovisual.cat\/wp-content\/uploads\/2025\/06\/LogoSoci_DrivingStudios.jpg\" alt=\"Driving Studios\" title=\"Driving Studios\" \/><\/div>\r\n                        <h3 class=\"cav_fancy_title\" data-selectable=\"true\">Driving Studios<\/h3>\r\n                        <p class=\"cav_fancy_cat_actv\"><span>Espacios Audiovisuales<\/span><span>Producci\u00f3n<\/span><span>Publicidad<\/span><span>Servicios<\/span><span>Tecnolog\u00eda<\/span><\/p>\r\n                        <p class=\"cav_fancy_cat_serv\">Artes Visuales<span class=\"separador_cats\">|<\/span>Eventos<span class=\"separador_cats\">|<\/span>Fotograf\u00eda<span class=\"separador_cats\">|<\/span>Producci\u00f3n Virtual<span class=\"separador_cats\">|<\/span>Servicios de producci\u00f3n<span class=\"separador_cats\">|<\/span>Social Media<span class=\"separador_cats\">|<\/span>Streaming<span class=\"separador_cats\"<\/p>\r\n                        <p class=\"cav_fancy_description border-bottom\">Especializados en producci\u00f3n de fotograf\u00eda y v\u00eddeo en automoci\u00f3n. Ofrecen soluciones integrales, desde costes inteligentes hasta grandes producciones, maximizando el valor y la calidad a trav\u00e9s de la creatividad y sinergia de servicios. Disponen de varios espacios y plat\u00f3s, incluyendo un plat\u00f3 de producci\u00f3n virtual LED.<\/p>\r\n                        <div class=\"cav_fancy_adress\"><p>C\/ Del Feu, 26-32<\/p>\n<p>08553, Seva, Barcelona<\/p>\n<p>659 072 990<\/p>\n<p><a href=\"mailto:info@drivingstudios.com\">info@drivingstudios.com<\/a><\/p>\n<p><a href=\"https:\/\/drivingstudios.com\/\" target=\"_blank\" rel=\"noopener\">drivingstudios.com<\/a><\/p>\n<\/div>\r\n                        <p class=\"cav_fancy_social\">  <a target=\"_blank\" href=\"https:\/\/www.instagram.com\/driving.studios\/\"><img decoding=\"async\" src=\"https:\/\/www.clusteraudiovisual.cat\/wp-content\/themes\/enfold-child\/img\/icon-instagram.png\" alt=\"Driving Studios - Instagram\" \/><\/a> <a target=\"_blank\" href=\"https:\/\/vimeo.com\/drivingstudios\"><img decoding=\"async\" src=\"https:\/\/www.clusteraudiovisual.cat\/wp-content\/themes\/enfold-child\/img\/icon-youtube.png\" alt=\"Driving Studios - Youtube\" \/><\/a> <a target=\"_blank\" href=\"https:\/\/www.linkedin.com\/company\/drivingstudios\"><img decoding=\"async\" src=\"https:\/\/www.clusteraudiovisual.cat\/wp-content\/themes\/enfold-child\/img\/icon-linkedin.png\" alt=\"Driving Studios - Linkedin\" \/><\/a><\/p>\r\n                <\/div><img decoding=\"async\" class=\"soci_item_logo img-fluid\" src=\"https:\/\/www.clusteraudiovisual.cat\/wp-content\/uploads\/2025\/06\/LogoSoci_DrivingStudios.jpg\" alt=\"Driving Studios\" title=\"Driving Studios\" \/>\r\n                    <div class=\"soci_list_activ_container\" style=\"width: 100%;background: none;\">\r\n                               <p class=\"soci_list_activ mb-0\"><span>Espacios Audiovisuales<\/span><span>Producci\u00f3n<\/span><span>Publicidad<\/span><span>Servicios<\/span><span>Tecnolog\u00eda<\/span><\/p>\r\n                               <p class=\"soci_list_serv mb-0\">Artes Visuales<span class=\"separador_cats\">|<\/span>Eventos<span class=\"separador_cats\">|<\/span>Fotograf\u00eda<span class=\"separador_cats\">|<\/span>Producci\u00f3n Virtual<span class=\"separador_cats\">|<\/span>Servicios de producci\u00f3n<span class=\"separador_cats\">|<\/span>Social Media<span class=\"separador_cats\">|<\/span>Streaming<span class=\"separador_cats\"<\/p>\r\n                    <\/div>\r\n                <\/div><\/div><div data-title=\"eada business school formacio-es  universidades \" data-actv=\"formacio-es \" data-serv=\"universidades \" class=\"col-12 col-md-4 mb-4 border-bottom soci_box\"><div class=\"soci_item text-center\"><a class=\"soci_item_overlay\" data-fancybox=\"38350\" data-src=\"#selectableModal38350\" href=\"javascript:;\">EADA Business School<\/a><div class=\"cav_fancy\" style=\"display: none;max-width:500px;\" id=\"selectableModal38350\">\r\n                        <div class=\"cav_fancy_logo text-center pb-4 border-bottom\"><img decoding=\"async\" class=\"soci_item_logo img-fluid\" src=\"https:\/\/www.clusteraudiovisual.cat\/wp-content\/uploads\/2023\/12\/LogoSoci_EADA-Business-School.jpg\" alt=\"EADA Business School\" title=\"EADA Business School\" \/><\/div>\r\n                        <h3 class=\"cav_fancy_title\" data-selectable=\"true\">EADA Business School<\/h3>\r\n                        <p class=\"cav_fancy_cat_actv\"><span>Formaci\u00f3n<\/span><\/p>\r\n                        <p class=\"cav_fancy_cat_serv\">Universidades<span class=\"separador_cats\"<\/p>\r\n                        <p class=\"cav_fancy_description border-bottom\">Instituci\u00f3n independiente y sin \u00e1nimo de lucro dedicada a la formaci\u00f3n, investigaci\u00f3n aplicada y transferencia de conocimiento en el mundo empresarial y en la sociedad en un contexto internacional.<\/p>\r\n                        <div class=\"cav_fancy_adress\"><p>C\/ d&#8217;Arag\u00f3, 204<\/p>\n<p>08011, Barcelona<\/p>\n<p><a href=\"mailto:info@eada.edu\">info@eada.edu<\/a><\/p>\n<p><a href=\"https:\/\/www.eada.edu\/ca\" target=\"_blank\" rel=\"noopener\">www.eada.edu<\/a><\/p>\n<\/div>\r\n                        <p class=\"cav_fancy_social\"><a target=\"_blank\" href=\"https:\/\/twitter.com\/EADABusiness\"><img decoding=\"async\" src=\"https:\/\/www.clusteraudiovisual.cat\/wp-content\/themes\/enfold-child\/img\/twitter.png\" alt=\"EADA Business School - Twitter\" \/><\/a> <a target=\"_blank\" href=\"https:\/\/www.facebook.com\/EADABS\"><img decoding=\"async\" src=\"https:\/\/www.clusteraudiovisual.cat\/wp-content\/themes\/enfold-child\/img\/facebook.png\" alt=\"EADA Business School - Twitter\" \/><\/a>  <a target=\"_blank\" href=\"https:\/\/www.youtube.com\/user\/EADABusinessSchool\"><img decoding=\"async\" src=\"https:\/\/www.clusteraudiovisual.cat\/wp-content\/themes\/enfold-child\/img\/icon-youtube.png\" alt=\"EADA Business School - Youtube\" \/><\/a> <a target=\"_blank\" href=\"https:\/\/www.linkedin.com\/school\/eada\"><img decoding=\"async\" src=\"https:\/\/www.clusteraudiovisual.cat\/wp-content\/themes\/enfold-child\/img\/icon-linkedin.png\" alt=\"EADA Business School - Linkedin\" \/><\/a><\/p>\r\n                <\/div><img decoding=\"async\" class=\"soci_item_logo img-fluid\" src=\"https:\/\/www.clusteraudiovisual.cat\/wp-content\/uploads\/2023\/12\/LogoSoci_EADA-Business-School.jpg\" alt=\"EADA Business School\" title=\"EADA Business School\" \/>\r\n                    <div class=\"soci_list_activ_container\" style=\"width: 100%;background: none;\">\r\n                               <p class=\"soci_list_activ mb-0\"><span>Formaci\u00f3n<\/span><\/p>\r\n                               <p class=\"soci_list_serv mb-0\">Universidades<span class=\"separador_cats\"<\/p>\r\n                    <\/div>\r\n                <\/div><\/div><div data-title=\"ebantic integrated-systems-es servicios-es tecnologia-es  archivos-es digital-es inteligencia-artificial multimedia-es nube streaming-es tic-audiovisual-es web-es \" data-actv=\"integrated-systems-es servicios-es tecnologia-es \" data-serv=\"archivos-es digital-es inteligencia-artificial multimedia-es nube streaming-es tic-audiovisual-es web-es \" class=\"col-12 col-md-4 mb-4 border-bottom soci_box\"><div class=\"soci_item text-center\"><a class=\"soci_item_overlay\" data-fancybox=\"8069\" data-src=\"#selectableModal8069\" href=\"javascript:;\">Ebantic<\/a><div class=\"cav_fancy\" style=\"display: none;max-width:500px;\" id=\"selectableModal8069\">\r\n                        <div class=\"cav_fancy_logo text-center pb-4 border-bottom\"><img decoding=\"async\" class=\"soci_item_logo img-fluid\" src=\"https:\/\/www.clusteraudiovisual.cat\/wp-content\/uploads\/2024\/07\/LogoSoci_Ebantic.jpg\" alt=\"Ebantic\" title=\"Ebantic\" \/><\/div>\r\n                        <h3 class=\"cav_fancy_title\" data-selectable=\"true\">Ebantic<\/h3>\r\n                        <p class=\"cav_fancy_cat_actv\"><span>Integrated Systems<\/span><span>Servicios<\/span><span>Tecnolog\u00eda<\/span><\/p>\r\n                        <p class=\"cav_fancy_cat_serv\">Archivos<span class=\"separador_cats\">|<\/span>Digital<span class=\"separador_cats\">|<\/span>Inteligencia Artificial<span class=\"separador_cats\">|<\/span>Multimedia<span class=\"separador_cats\">|<\/span>Nube<span class=\"separador_cats\">|<\/span>Streaming<span class=\"separador_cats\">|<\/span>TIC Audiovisual<span class=\"separador_cats\">|<\/span>Web<span class=\"separador_cats\"<\/p>\r\n                        <p class=\"cav_fancy_description border-bottom\">Empresa tecnol\u00f3gica especializada en el desarrollo de software para la gesti\u00f3n, archivo y distribuci\u00f3n de contenidos multimedia.<\/p>\r\n                        <div class=\"cav_fancy_adress\"><p dir=\"ltr\">C\/ del Clot, 187, ent. 1<\/p>\n<p dir=\"ltr\">08027, Barcelona<\/p>\n<p dir=\"ltr\"><a href=\"mailto:info@ebantic.com\" target=\"_blank\" rel=\"noopener\">info@ebantic.com<\/a><\/p>\n<p dir=\"ltr\"><a href=\"https:\/\/ebantic.com\/\" target=\"_blank\" rel=\"noopener\">www.ebantic.com<\/a><\/p>\n<\/div>\r\n                        <p class=\"cav_fancy_social\"><a target=\"_blank\" href=\"https:\/\/twitter.com\/Ebantic\"><img decoding=\"async\" src=\"https:\/\/www.clusteraudiovisual.cat\/wp-content\/themes\/enfold-child\/img\/twitter.png\" alt=\"Ebantic - Twitter\" \/><\/a>    <a target=\"_blank\" href=\"https:\/\/es.linkedin.com\/company\/ebantic\"><img decoding=\"async\" src=\"https:\/\/www.clusteraudiovisual.cat\/wp-content\/themes\/enfold-child\/img\/icon-linkedin.png\" alt=\"Ebantic - Linkedin\" \/><\/a><\/p>\r\n                <\/div><img decoding=\"async\" class=\"soci_item_logo img-fluid\" src=\"https:\/\/www.clusteraudiovisual.cat\/wp-content\/uploads\/2024\/07\/LogoSoci_Ebantic.jpg\" alt=\"Ebantic\" title=\"Ebantic\" \/>\r\n                    <div class=\"soci_list_activ_container\" style=\"width: 100%;background: none;\">\r\n                               <p class=\"soci_list_activ mb-0\"><span>Integrated Systems<\/span><span>Servicios<\/span><span>Tecnolog\u00eda<\/span><\/p>\r\n                               <p class=\"soci_list_serv mb-0\">Archivos<span class=\"separador_cats\">|<\/span>Digital<span class=\"separador_cats\">|<\/span>Inteligencia Artificial<span class=\"separador_cats\">|<\/span>Multimedia<span class=\"separador_cats\">|<\/span>Nube<span class=\"separador_cats\">|<\/span>Streaming<span class=\"separador_cats\">|<\/span>TIC Audiovisual<span class=\"separador_cats\">|<\/span>Web<span class=\"separador_cats\"<\/p>\r\n                    <\/div>\r\n                <\/div><\/div><div data-title=\"ecija legal barcelona servicios-es  abogados-es \" data-actv=\"servicios-es \" data-serv=\"abogados-es \" class=\"col-12 col-md-4 mb-4 border-bottom soci_box\"><div class=\"soci_item text-center\"><a class=\"soci_item_overlay\" data-fancybox=\"8206\" data-src=\"#selectableModal8206\" href=\"javascript:;\">Ecija Legal Barcelona<\/a><div class=\"cav_fancy\" style=\"display: none;max-width:500px;\" id=\"selectableModal8206\">\r\n                        <div class=\"cav_fancy_logo text-center pb-4 border-bottom\"><img decoding=\"async\" class=\"soci_item_logo img-fluid\" src=\"https:\/\/www.clusteraudiovisual.cat\/wp-content\/uploads\/2019\/03\/37.ECIJA_logo-positivo_rgb.jpg\" alt=\"Ecija Legal Barcelona\" title=\"Ecija Legal Barcelona\" \/><\/div>\r\n                        <h3 class=\"cav_fancy_title\" data-selectable=\"true\">Ecija Legal Barcelona<\/h3>\r\n                        <p class=\"cav_fancy_cat_actv\"><span>Servicios<\/span><\/p>\r\n                        <p class=\"cav_fancy_cat_serv\">Abogados<span class=\"separador_cats\"<\/p>\r\n                        <p class=\"cav_fancy_description border-bottom\">Firma de abogados especializada en tecnolog\u00edas de la informaci\u00f3n, propiedad intelectual y protecci\u00f3n de datos.<\/p>\r\n                        <div class=\"cav_fancy_adress\"><p>Av. Diagonal, 458, planta 8\u00aa<\/p>\n<p>08006 Barcelona<\/p>\n<p>933 808 255<\/p>\n<p><a href=\"mailto:info.barcelona@ecija.com\" target=\"_blank\" rel=\"noopener\">info.barcelona@ecija.com<\/a><\/p>\n<p><a href=\"https:\/\/ecija.com\/\" target=\"_blank\" rel=\"noopener\">www.ecija.com<\/a><\/p>\n<\/div>\r\n                        <p class=\"cav_fancy_social\"><a target=\"_blank\" href=\"https:\/\/twitter.com\/ECIJA\"><img decoding=\"async\" src=\"https:\/\/www.clusteraudiovisual.cat\/wp-content\/themes\/enfold-child\/img\/twitter.png\" alt=\"Ecija Legal Barcelona - Twitter\" \/><\/a> <a target=\"_blank\" href=\"https:\/\/www.facebook.com\/ECIJA.lawtech\/\"><img decoding=\"async\" src=\"https:\/\/www.clusteraudiovisual.cat\/wp-content\/themes\/enfold-child\/img\/facebook.png\" alt=\"Ecija Legal Barcelona - Twitter\" \/><\/a>   <a target=\"_blank\" href=\"https:\/\/www.linkedin.com\/company\/ecija\/\"><img decoding=\"async\" src=\"https:\/\/www.clusteraudiovisual.cat\/wp-content\/themes\/enfold-child\/img\/icon-linkedin.png\" alt=\"Ecija Legal Barcelona - Linkedin\" \/><\/a><\/p>\r\n                <\/div><img decoding=\"async\" class=\"soci_item_logo img-fluid\" src=\"https:\/\/www.clusteraudiovisual.cat\/wp-content\/uploads\/2019\/03\/37.ECIJA_logo-positivo_rgb.jpg\" alt=\"Ecija Legal Barcelona\" title=\"Ecija Legal Barcelona\" \/>\r\n                    <div class=\"soci_list_activ_container\" style=\"width: 100%;background: none;\">\r\n                               <p class=\"soci_list_activ mb-0\"><span>Servicios<\/span><\/p>\r\n                               <p class=\"soci_list_serv mb-0\">Abogados<span class=\"separador_cats\"<\/p>\r\n                    <\/div>\r\n                <\/div><\/div><div data-title=\"efimero films produccion-es publicidad-es  artes-escenicas-es no-ficcion \" data-actv=\"produccion-es publicidad-es \" data-serv=\"artes-escenicas-es no-ficcion \" class=\"col-12 col-md-4 mb-4 border-bottom soci_box\"><div class=\"soci_item text-center\"><a class=\"soci_item_overlay\" data-fancybox=\"43240\" data-src=\"#selectableModal43240\" href=\"javascript:;\">Ef\u00edmero Films<\/a><div class=\"cav_fancy\" style=\"display: none;max-width:500px;\" id=\"selectableModal43240\">\r\n                        <div class=\"cav_fancy_logo text-center pb-4 border-bottom\"><img decoding=\"async\" class=\"soci_item_logo img-fluid\" src=\"https:\/\/www.clusteraudiovisual.cat\/wp-content\/uploads\/2024\/10\/LogoSoci_Efimero-films.jpg\" alt=\"Ef\u00edmero Films\" title=\"Ef\u00edmero Films\" \/><\/div>\r\n                        <h3 class=\"cav_fancy_title\" data-selectable=\"true\">Ef\u00edmero Films<\/h3>\r\n                        <p class=\"cav_fancy_cat_actv\"><span>Producci\u00f3n<\/span><span>Publicidad<\/span><\/p>\r\n                        <p class=\"cav_fancy_cat_serv\">Artes Esc\u00e9nicas<span class=\"separador_cats\">|<\/span>No ficci\u00f3n<span class=\"separador_cats\"<\/p>\r\n                        <p class=\"cav_fancy_description border-bottom\">Productora audiovisual fundada por un grupo de creativos provenientes de diferentes campos y disciplinas relacionadas con el audiovisual, las artes esc\u00e9nicas y las nuevas narrativas. Su experiencia en estos campos ofrece un enfoque \u00fanico y personal de todo el proceso de creaci\u00f3n, desde la simple semilla hasta el producto final. En 2020 crean el concepto de \"Cine Ef\u00edmero\" que describen como \"evento virtual donde puedes disfrutar de contenidos filmados y producidos en tiempo real, especialmente dise\u00f1ados para ser producidos y disfrutados v\u00eda streaming y que desaparecer\u00e1n instant\u00e1neamente sin dejar registro p\u00fablico, brindando al espectador una experiencia de usuario \u00fanica\".<\/p>\r\n                        <div class=\"cav_fancy_adress\"><p>Centre C\u00edvic 1 d\u2019Octubre<\/p>\n<p>Carrer Camp del Cant\u00f3 s\/n<\/p>\n<p>08697, Saldes, Barcelona<\/p>\n<p><a href=\"mailto:info@efimerofilms.com\">info@efimerofilms.com<\/a><\/p>\n<p><a href=\"https:\/\/efimerofilms.com\/ca\/\" target=\"_blank\" rel=\"noopener\">efimerofilms.com<\/a><\/p>\n<\/div>\r\n                        <p class=\"cav_fancy_social\"> <a target=\"_blank\" href=\"https:\/\/www.facebook.com\/efimerofilms\"><img decoding=\"async\" src=\"https:\/\/www.clusteraudiovisual.cat\/wp-content\/themes\/enfold-child\/img\/facebook.png\" alt=\"Ef\u00edmero Films - Twitter\" \/><\/a> <a target=\"_blank\" href=\"https:\/\/www.instagram.com\/filmsefimero\/\"><img decoding=\"async\" src=\"https:\/\/www.clusteraudiovisual.cat\/wp-content\/themes\/enfold-child\/img\/icon-instagram.png\" alt=\"Ef\u00edmero Films - Instagram\" \/><\/a>  <\/p>\r\n                <\/div><img decoding=\"async\" class=\"soci_item_logo img-fluid\" src=\"https:\/\/www.clusteraudiovisual.cat\/wp-content\/uploads\/2024\/10\/LogoSoci_Efimero-films.jpg\" alt=\"Ef\u00edmero Films\" title=\"Ef\u00edmero Films\" \/>\r\n                    <div class=\"soci_list_activ_container\" style=\"width: 100%;background: none;\">\r\n                               <p class=\"soci_list_activ mb-0\"><span>Producci\u00f3n<\/span><span>Publicidad<\/span><\/p>\r\n                               <p class=\"soci_list_serv mb-0\">Artes Esc\u00e9nicas<span class=\"separador_cats\">|<\/span>No ficci\u00f3n<span class=\"separador_cats\"<\/p>\r\n                    <\/div>\r\n                <\/div><\/div><div data-title=\"egm studio postproduccion-es produccion-es  animacion-es fotografia-es inmersivo-360-es inteligencia-artificial museistica-es realidad-aumentada realidad-virtual vfx-es \" data-actv=\"postproduccion-es produccion-es \" data-serv=\"animacion-es fotografia-es inmersivo-360-es inteligencia-artificial museistica-es realidad-aumentada realidad-virtual vfx-es \" class=\"col-12 col-md-4 mb-4 border-bottom soci_box\"><div class=\"soci_item text-center\"><a class=\"soci_item_overlay\" data-fancybox=\"8122\" data-src=\"#selectableModal8122\" href=\"javascript:;\">EGM Studio<\/a><div class=\"cav_fancy\" style=\"display: none;max-width:500px;\" id=\"selectableModal8122\">\r\n                        <div class=\"cav_fancy_logo text-center pb-4 border-bottom\"><img decoding=\"async\" class=\"soci_item_logo img-fluid\" src=\"https:\/\/www.clusteraudiovisual.cat\/wp-content\/uploads\/2016\/10\/BLACK.jpg\" alt=\"EGM Studio\" title=\"EGM Studio\" \/><\/div>\r\n                        <h3 class=\"cav_fancy_title\" data-selectable=\"true\">EGM Studio<\/h3>\r\n                        <p class=\"cav_fancy_cat_actv\"><span>Postproducci\u00f3n<\/span><span>Producci\u00f3n<\/span><\/p>\r\n                        <p class=\"cav_fancy_cat_serv\">Animaci\u00f3n<span class=\"separador_cats\">|<\/span>Fotograf\u00eda<span class=\"separador_cats\">|<\/span>Inmersivo 360<span class=\"separador_cats\">|<\/span>Inteligencia Artificial<span class=\"separador_cats\">|<\/span>Muse\u00edstica<span class=\"separador_cats\">|<\/span>Realidad Aumentada<span class=\"separador_cats\">|<\/span>Realidad Virtual<span class=\"separador_cats\">|<\/span>Vfx<span class=\"separador_cats\"<\/p>\r\n                        <p class=\"cav_fancy_description border-bottom\">Empresa que ofrece servicios de digitalizaci\u00f3n: postproducci\u00f3n electr\u00f3nica, retoque digital, gesti\u00f3n del color, generaci\u00f3n virtual de im\u00e1genes (CGI), restauraci\u00f3n de fotograf\u00eda antigua, carteler\u00eda digital din\u00e1mica (Digital Signage).<\/p>\r\n                        <div class=\"cav_fancy_adress\"><p>C\/ Prats de Moll\u00f3, 20<\/p>\n<p>08021, Barcelona<\/p>\n<p>932 016 388<\/p>\n<p><a href=\"mailto:egm@egm.es\" target=\"_blank\" rel=\"noopener\">egm@egm.es<\/a><\/p>\n<p><a href=\"https:\/\/egm.es\/\" target=\"_blank\" rel=\"noopener\">www.egm.es<\/a><\/p>\n<\/div>\r\n                        <p class=\"cav_fancy_social\"><a target=\"_blank\" href=\"https:\/\/twitter.com\/egmlab\"><img decoding=\"async\" src=\"https:\/\/www.clusteraudiovisual.cat\/wp-content\/themes\/enfold-child\/img\/twitter.png\" alt=\"EGM Studio - Twitter\" \/><\/a> <a target=\"_blank\" href=\"https:\/\/www.facebook.com\/LaboratorisColorEGM\"><img decoding=\"async\" src=\"https:\/\/www.clusteraudiovisual.cat\/wp-content\/themes\/enfold-child\/img\/facebook.png\" alt=\"EGM Studio - Twitter\" \/><\/a> <a target=\"_blank\" href=\"https:\/\/www.instagram.com\/explore\/locations\/312207739\/laboratoris-color-egm\/\"><img decoding=\"async\" src=\"https:\/\/www.clusteraudiovisual.cat\/wp-content\/themes\/enfold-child\/img\/icon-instagram.png\" alt=\"EGM Studio - Instagram\" \/><\/a> <a target=\"_blank\" href=\"https:\/\/www.youtube.com\/c\/EgmEsQualityImage\/videos\"><img decoding=\"async\" src=\"https:\/\/www.clusteraudiovisual.cat\/wp-content\/themes\/enfold-child\/img\/icon-youtube.png\" alt=\"EGM Studio - Youtube\" \/><\/a> <a target=\"_blank\" href=\"https:\/\/www.linkedin.com\/company\/egm-laboratoris-color\"><img decoding=\"async\" src=\"https:\/\/www.clusteraudiovisual.cat\/wp-content\/themes\/enfold-child\/img\/icon-linkedin.png\" alt=\"EGM Studio - Linkedin\" \/><\/a><\/p>\r\n                <\/div><img decoding=\"async\" class=\"soci_item_logo img-fluid\" src=\"https:\/\/www.clusteraudiovisual.cat\/wp-content\/uploads\/2016\/10\/BLACK.jpg\" alt=\"EGM Studio\" title=\"EGM Studio\" \/>\r\n                    <div class=\"soci_list_activ_container\" style=\"width: 100%;background: none;\">\r\n                               <p class=\"soci_list_activ mb-0\"><span>Postproducci\u00f3n<\/span><span>Producci\u00f3n<\/span><\/p>\r\n                               <p class=\"soci_list_serv mb-0\">Animaci\u00f3n<span class=\"separador_cats\">|<\/span>Fotograf\u00eda<span class=\"separador_cats\">|<\/span>Inmersivo 360<span class=\"separador_cats\">|<\/span>Inteligencia Artificial<span class=\"separador_cats\">|<\/span>Muse\u00edstica<span class=\"separador_cats\">|<\/span>Realidad Aumentada<span class=\"separador_cats\">|<\/span>Realidad Virtual<span class=\"separador_cats\">|<\/span>Vfx<span class=\"separador_cats\"<\/p>\r\n                    <\/div>\r\n                <\/div><\/div><div data-title=\"eikonos espais-audiovisuals-es experiencias-inmersivas-es integrated-systems-es produccion-es servicios-es tecnologia-es  alquiler-de-equipos-es broadcast-es congresos-es esdeveniments-es exposiciones-es instalaciones-es mapping-es materials-audiovisuals-es museistica-es platos-es realidad-aumentada showrooms-es sonido streaming-es \" data-actv=\"espais-audiovisuals-es experiencias-inmersivas-es integrated-systems-es produccion-es servicios-es tecnologia-es \" data-serv=\"alquiler-de-equipos-es broadcast-es congresos-es esdeveniments-es exposiciones-es instalaciones-es mapping-es materials-audiovisuals-es museistica-es platos-es realidad-aumentada showrooms-es sonido streaming-es \" class=\"col-12 col-md-4 mb-4 border-bottom soci_box\"><div class=\"soci_item text-center\"><a class=\"soci_item_overlay\" data-fancybox=\"24876\" data-src=\"#selectableModal24876\" href=\"javascript:;\">EIKONOS<\/a><div class=\"cav_fancy\" style=\"display: none;max-width:500px;\" id=\"selectableModal24876\">\r\n                        <div class=\"cav_fancy_logo text-center pb-4 border-bottom\"><img decoding=\"async\" class=\"soci_item_logo img-fluid\" src=\"https:\/\/www.clusteraudiovisual.cat\/wp-content\/uploads\/2022\/10\/Logo-Soci_Eikonos.jpg\" alt=\"EIKONOS\" title=\"EIKONOS\" \/><\/div>\r\n                        <h3 class=\"cav_fancy_title\" data-selectable=\"true\">EIKONOS<\/h3>\r\n                        <p class=\"cav_fancy_cat_actv\"><span>Espacios Audiovisuales<\/span><span>Experiencias Inmersivas<\/span><span>Integrated Systems<\/span><span>Producci\u00f3n<\/span><span>Servicios<\/span><span>Tecnolog\u00eda<\/span><\/p>\r\n                        <p class=\"cav_fancy_cat_serv\">Alquiler de equipos<span class=\"separador_cats\">|<\/span>Broadcast<span class=\"separador_cats\">|<\/span>Congresos<span class=\"separador_cats\">|<\/span>Eventos<span class=\"separador_cats\">|<\/span>Exposiciones<span class=\"separador_cats\">|<\/span>Instalaciones<span class=\"separador_cats\">|<\/span>Mapping<span class=\"separador_cats\">|<\/span>Material audiovisual<span class=\"separador_cats\">|<\/span>Muse\u00edstica<span class=\"separador_cats\">|<\/span>Plat\u00f3s<span class=\"separador_cats\">|<\/span>Realidad Aumentada<span class=\"separador_cats\">|<\/span>Showrooms<span class=\"separador_cats\">|<\/span>Sonido<span class=\"separador_cats\">|<\/span>Streaming<span class=\"separador_cats\"<\/p>\r\n                        <p class=\"cav_fancy_description border-bottom\">Empresa de servicios audiovisuales que trabaja para desarrollar todo tipo de instalaciones y eventos, combinando audiovisual y tecnolog\u00eda para crear experiencias \u00fanicas.<\/p>\r\n                        <div class=\"cav_fancy_adress\"><p>C\/ Marina 30-32<\/p>\n<p>08940, Cornell\u00e0 de Llobregat<\/p>\n<p>934 397 305<\/p>\n<p><a href=\"mailto:eikonos@eikonos.com\" target=\"_blank\" rel=\"noopener\">eikonos@eikonos.com<\/a><\/p>\n<p><a href=\"https:\/\/eikonos.com\/\" target=\"_blank\" rel=\"noopener\">www.eikonos.com<\/a><\/p>\n<\/div>\r\n                        <p class=\"cav_fancy_social\"><a target=\"_blank\" href=\"https:\/\/twitter.com\/eikonos_sa\"><img decoding=\"async\" src=\"https:\/\/www.clusteraudiovisual.cat\/wp-content\/themes\/enfold-child\/img\/twitter.png\" alt=\"EIKONOS - Twitter\" \/><\/a> <a target=\"_blank\" href=\"https:\/\/www.facebook.com\/eikonosaudiovisuales\/\"><img decoding=\"async\" src=\"https:\/\/www.clusteraudiovisual.cat\/wp-content\/themes\/enfold-child\/img\/facebook.png\" alt=\"EIKONOS - Twitter\" \/><\/a> <a target=\"_blank\" href=\"https:\/\/www.instagram.com\/eikonos_sa\/\"><img decoding=\"async\" src=\"https:\/\/www.clusteraudiovisual.cat\/wp-content\/themes\/enfold-child\/img\/icon-instagram.png\" alt=\"EIKONOS - Instagram\" \/><\/a> <a target=\"_blank\" href=\"https:\/\/www.youtube.com\/channel\/UC8wcizWaAYbfsuqVf9wIT6w\"><img decoding=\"async\" src=\"https:\/\/www.clusteraudiovisual.cat\/wp-content\/themes\/enfold-child\/img\/icon-youtube.png\" alt=\"EIKONOS - Youtube\" \/><\/a> <a target=\"_blank\" href=\"https:\/\/www.linkedin.com\/company\/eikonos\"><img decoding=\"async\" src=\"https:\/\/www.clusteraudiovisual.cat\/wp-content\/themes\/enfold-child\/img\/icon-linkedin.png\" alt=\"EIKONOS - Linkedin\" \/><\/a><\/p>\r\n                <\/div><img decoding=\"async\" class=\"soci_item_logo img-fluid\" src=\"https:\/\/www.clusteraudiovisual.cat\/wp-content\/uploads\/2022\/10\/Logo-Soci_Eikonos.jpg\" alt=\"EIKONOS\" title=\"EIKONOS\" \/>\r\n                    <div class=\"soci_list_activ_container\" style=\"width: 100%;background: none;\">\r\n                               <p class=\"soci_list_activ mb-0\"><span>Espacios Audiovisuales<\/span><span>Experiencias Inmersivas<\/span><span>Integrated Systems<\/span><span>Producci\u00f3n<\/span><span>Servicios<\/span><span>Tecnolog\u00eda<\/span><\/p>\r\n                               <p class=\"soci_list_serv mb-0\">Alquiler de equipos<span class=\"separador_cats\">|<\/span>Broadcast<span class=\"separador_cats\">|<\/span>Congresos<span class=\"separador_cats\">|<\/span>Eventos<span class=\"separador_cats\">|<\/span>Exposiciones<span class=\"separador_cats\">|<\/span>Instalaciones<span class=\"separador_cats\">|<\/span>Mapping<span class=\"separador_cats\">|<\/span>Material audiovisual<span class=\"separador_cats\">|<\/span>Muse\u00edstica<span class=\"separador_cats\">|<\/span>Plat\u00f3s<span class=\"separador_cats\">|<\/span>Realidad Aumentada<span class=\"separador_cats\">|<\/span>Showrooms<span class=\"separador_cats\">|<\/span>Sonido<span class=\"separador_cats\">|<\/span>Streaming<span class=\"separador_cats\"<\/p>\r\n                    <\/div>\r\n                <\/div><\/div><div data-title=\"emav   8211  escola de mitjans audiovisuals formacio-es postproduccion-es produccion-es  animacion-es edicio-es escuelas-es sonido \" data-actv=\"formacio-es postproduccion-es produccion-es \" data-serv=\"animacion-es edicio-es escuelas-es sonido \" class=\"col-12 col-md-4 mb-4 border-bottom soci_box\"><div class=\"soci_item text-center\"><a class=\"soci_item_overlay\" data-fancybox=\"56299\" data-src=\"#selectableModal56299\" href=\"javascript:;\">EMAV &#8211; Escola de Mitjans Audiovisuals<\/a><div class=\"cav_fancy\" style=\"display: none;max-width:500px;\" id=\"selectableModal56299\">\r\n                        <div class=\"cav_fancy_logo text-center pb-4 border-bottom\"><img decoding=\"async\" class=\"soci_item_logo img-fluid\" src=\"https:\/\/www.clusteraudiovisual.cat\/wp-content\/uploads\/2026\/04\/LogoSoci_EMAV.jpg\" alt=\"EMAV &#8211; Escola de Mitjans Audiovisuals\" title=\"EMAV &#8211; Escola de Mitjans Audiovisuals\" \/><\/div>\r\n                        <h3 class=\"cav_fancy_title\" data-selectable=\"true\">EMAV &#8211; Escola de Mitjans Audiovisuals<\/h3>\r\n                        <p class=\"cav_fancy_cat_actv\"><span>Formaci\u00f3n<\/span><span>Postproducci\u00f3n<\/span><span>Producci\u00f3n<\/span><\/p>\r\n                        <p class=\"cav_fancy_cat_serv\">Animaci\u00f3n<span class=\"separador_cats\">|<\/span>Edici\u00f3n<span class=\"separador_cats\">|<\/span>Escuelas<span class=\"separador_cats\">|<\/span>Sonido<span class=\"separador_cats\"<\/p>\r\n                        <p class=\"cav_fancy_description border-bottom\">Escuela p\u00fablica dependiendo del Consorcio de Educaci\u00f3n de Barcelona que participa activamente en la formaci\u00f3n de profesionales en el campo de la Comunicaci\u00f3n Audiovisual. Ofrecen una formaci\u00f3n amplia, combinada con una fuerte especializaci\u00f3n, con el objetivo de introducir al alumnado en el mundo profesional.<\/p>\r\n                        <div class=\"cav_fancy_adress\"><p>Gran Via de les Corts Catalanes, 173<\/p>\n<p>08014, Barcelona<\/p>\n<p>933 100 300<\/p>\n<p><a href=\"mailto:hola@emav.com\" target=\"_blank\" rel=\"noopener\">hola@emav.com<\/a><\/p>\n<p><a href=\"https:\/\/www.emav.com\/\" target=\"_blank\" rel=\"noopener\">emav.com<\/a><\/p>\n<\/div>\r\n                        <p class=\"cav_fancy_social\"><a target=\"_blank\" href=\"https:\/\/x.com\/emavescola\"><img decoding=\"async\" src=\"https:\/\/www.clusteraudiovisual.cat\/wp-content\/themes\/enfold-child\/img\/twitter.png\" alt=\"EMAV &#8211; Escola de Mitjans Audiovisuals - Twitter\" \/><\/a> <a target=\"_blank\" href=\"https:\/\/es-es.facebook.com\/emav.EscolaDeMitjansAudiovisuals\"><img decoding=\"async\" src=\"https:\/\/www.clusteraudiovisual.cat\/wp-content\/themes\/enfold-child\/img\/facebook.png\" alt=\"EMAV &#8211; Escola de Mitjans Audiovisuals - Twitter\" \/><\/a> <a target=\"_blank\" href=\"https:\/\/www.instagram.com\/emavescola\/\"><img decoding=\"async\" src=\"https:\/\/www.clusteraudiovisual.cat\/wp-content\/themes\/enfold-child\/img\/icon-instagram.png\" alt=\"EMAV &#8211; Escola de Mitjans Audiovisuals - Instagram\" \/><\/a> <a target=\"_blank\" href=\"https:\/\/www.youtube.com\/c\/EMAVEscoladeMitjansAudiovisuals\"><img decoding=\"async\" src=\"https:\/\/www.clusteraudiovisual.cat\/wp-content\/themes\/enfold-child\/img\/icon-youtube.png\" alt=\"EMAV &#8211; Escola de Mitjans Audiovisuals - Youtube\" \/><\/a> <\/p>\r\n                <\/div><img decoding=\"async\" class=\"soci_item_logo img-fluid\" src=\"https:\/\/www.clusteraudiovisual.cat\/wp-content\/uploads\/2026\/04\/LogoSoci_EMAV.jpg\" alt=\"EMAV &#8211; Escola de Mitjans Audiovisuals\" title=\"EMAV &#8211; Escola de Mitjans Audiovisuals\" \/>\r\n                    <div class=\"soci_list_activ_container\" style=\"width: 100%;background: none;\">\r\n                               <p class=\"soci_list_activ mb-0\"><span>Formaci\u00f3n<\/span><span>Postproducci\u00f3n<\/span><span>Producci\u00f3n<\/span><\/p>\r\n                               <p class=\"soci_list_serv mb-0\">Animaci\u00f3n<span class=\"separador_cats\">|<\/span>Edici\u00f3n<span class=\"separador_cats\">|<\/span>Escuelas<span class=\"separador_cats\">|<\/span>Sonido<span class=\"separador_cats\"<\/p>\r\n                    <\/div>\r\n                <\/div><\/div><div data-title=\"emogg tecnologia-es videojuego-es  inteligencia-artificial tic-audiovisual-es videojuegos \" data-actv=\"tecnologia-es videojuego-es \" data-serv=\"inteligencia-artificial tic-audiovisual-es videojuegos \" class=\"col-12 col-md-4 mb-4 border-bottom soci_box\"><div class=\"soci_item text-center\"><a class=\"soci_item_overlay\" data-fancybox=\"10640\" data-src=\"#selectableModal10640\" href=\"javascript:;\">EMOGG<\/a><div class=\"cav_fancy\" style=\"display: none;max-width:500px;\" id=\"selectableModal10640\">\r\n                        <div class=\"cav_fancy_logo text-center pb-4 border-bottom\"><img decoding=\"async\" class=\"soci_item_logo img-fluid\" src=\"https:\/\/www.clusteraudiovisual.cat\/wp-content\/uploads\/2021\/03\/LogoSoci_Emogg.jpg\" alt=\"EMOGG\" title=\"EMOGG\" \/><\/div>\r\n                        <h3 class=\"cav_fancy_title\" data-selectable=\"true\">EMOGG<\/h3>\r\n                        <p class=\"cav_fancy_cat_actv\"><span>Tecnolog\u00eda<\/span><span>Videojuego<\/span><\/p>\r\n                        <p class=\"cav_fancy_cat_serv\">Inteligencia Artificial<span class=\"separador_cats\">|<\/span>TIC Audiovisual<span class=\"separador_cats\">|<\/span>Videojuegos<span class=\"separador_cats\"<\/p>\r\n                        <p class=\"cav_fancy_description border-bottom\">Emogg es una soluci\u00f3n que permite medir los momentos de mayor atenci\u00f3n del p\u00fablico y su respuesta emocional durante un evento. Con los indicadores objetivos de Emogg podr\u00e1s optimizar tus mensajes, contenidos y experiencias para incrementar el engagement con tu p\u00fablico.<\/p>\r\n                        <div class=\"cav_fancy_adress\"><p>Crta. de Sant Cugat, 63, Escala A Pis 2<\/p>\n<p>08191, Rub\u00ed<\/p>\n<p>615 051 597<\/p>\n<p><a href=\"mailto:hello@emogg.com\" target=\"_blank\" rel=\"noopener\">hello@emogg.com<\/a><\/p>\n<p><a href=\"https:\/\/emogg.com\/\" target=\"_blank\" rel=\"noopener\">www.emogg.com<\/a><\/p>\n<\/div>\r\n                        <p class=\"cav_fancy_social\">    <a target=\"_blank\" href=\"https:\/\/www.linkedin.com\/company\/emogg\"><img decoding=\"async\" src=\"https:\/\/www.clusteraudiovisual.cat\/wp-content\/themes\/enfold-child\/img\/icon-linkedin.png\" alt=\"EMOGG - Linkedin\" \/><\/a><\/p>\r\n                <\/div><img decoding=\"async\" class=\"soci_item_logo img-fluid\" src=\"https:\/\/www.clusteraudiovisual.cat\/wp-content\/uploads\/2021\/03\/LogoSoci_Emogg.jpg\" alt=\"EMOGG\" title=\"EMOGG\" \/>\r\n                    <div class=\"soci_list_activ_container\" style=\"width: 100%;background: none;\">\r\n                               <p class=\"soci_list_activ mb-0\"><span>Tecnolog\u00eda<\/span><span>Videojuego<\/span><\/p>\r\n                               <p class=\"soci_list_serv mb-0\">Inteligencia Artificial<span class=\"separador_cats\">|<\/span>TIC Audiovisual<span class=\"separador_cats\">|<\/span>Videojuegos<span class=\"separador_cats\"<\/p>\r\n                    <\/div>\r\n                <\/div><\/div><div data-title=\"enfusion comunicacio-es servicios-es tecnologia-es  agencias-es digital-es multimedia-es servicios-de-produccion web-es \" data-actv=\"comunicacio-es servicios-es tecnologia-es \" data-serv=\"agencias-es digital-es multimedia-es servicios-de-produccion web-es \" class=\"col-12 col-md-4 mb-4 border-bottom soci_box\"><div class=\"soci_item text-center\"><a class=\"soci_item_overlay\" data-fancybox=\"48934\" data-src=\"#selectableModal48934\" href=\"javascript:;\">Enfusi\u00f3n<\/a><div class=\"cav_fancy\" style=\"display: none;max-width:500px;\" id=\"selectableModal48934\">\r\n                        <div class=\"cav_fancy_logo text-center pb-4 border-bottom\"><img decoding=\"async\" class=\"soci_item_logo img-fluid\" src=\"https:\/\/www.clusteraudiovisual.cat\/wp-content\/uploads\/2025\/05\/LogoSoci_Enfusion.jpg\" alt=\"Enfusi\u00f3n\" title=\"Enfusi\u00f3n\" \/><\/div>\r\n                        <h3 class=\"cav_fancy_title\" data-selectable=\"true\">Enfusi\u00f3n<\/h3>\r\n                        <p class=\"cav_fancy_cat_actv\"><span>Comunicaci\u00f3n<\/span><span>Servicios<\/span><span>Tecnolog\u00eda<\/span><\/p>\r\n                        <p class=\"cav_fancy_cat_serv\">Agencias<span class=\"separador_cats\">|<\/span>Digital<span class=\"separador_cats\">|<\/span>Multimedia<span class=\"separador_cats\">|<\/span>Servicios de producci\u00f3n<span class=\"separador_cats\">|<\/span>Web<span class=\"separador_cats\"<\/p>\r\n                        <p class=\"cav_fancy_description border-bottom\">Agencia de marketing digital con 17 a\u00f1os de recorrido. Cuentan con un equipo profesional de perfiles especializados en estrategias de SEO y SEM, Inbound Marketing, Dise\u00f1o y Desarrollo Web. Cuentan con el certificado de Google Partner desde 2009 y son HubSpot Certified Partner desde 2019.<\/p>\r\n                        <div class=\"cav_fancy_adress\"><p>C\/ d&#8217;Ast\u00faries, 20, Principal<\/p>\n<p>08010, Barcelona<\/p>\n<p>933 621 063<\/p>\n<p><a href=\"mailto:hola@enfusion.es\">hola@enfusion.es<\/a><\/p>\n<p><a href=\"https:\/\/enfusion.es\/\" target=\"_blank\" rel=\"noopener\">enfusion.es<\/a><\/p>\n<\/div>\r\n                        <p class=\"cav_fancy_social\"> <a target=\"_blank\" href=\"https:\/\/www.facebook.com\/enfusionbcn\/\"><img decoding=\"async\" src=\"https:\/\/www.clusteraudiovisual.cat\/wp-content\/themes\/enfold-child\/img\/facebook.png\" alt=\"Enfusi\u00f3n - Twitter\" \/><\/a> <a target=\"_blank\" href=\"https:\/\/www.instagram.com\/enfusion_bcn\/\"><img decoding=\"async\" src=\"https:\/\/www.clusteraudiovisual.cat\/wp-content\/themes\/enfold-child\/img\/icon-instagram.png\" alt=\"Enfusi\u00f3n - Instagram\" \/><\/a>  <a target=\"_blank\" href=\"https:\/\/www.linkedin.com\/company\/enfusi-n\"><img decoding=\"async\" src=\"https:\/\/www.clusteraudiovisual.cat\/wp-content\/themes\/enfold-child\/img\/icon-linkedin.png\" alt=\"Enfusi\u00f3n - Linkedin\" \/><\/a><\/p>\r\n                <\/div><img decoding=\"async\" class=\"soci_item_logo img-fluid\" src=\"https:\/\/www.clusteraudiovisual.cat\/wp-content\/uploads\/2025\/05\/LogoSoci_Enfusion.jpg\" alt=\"Enfusi\u00f3n\" title=\"Enfusi\u00f3n\" \/>\r\n                    <div class=\"soci_list_activ_container\" style=\"width: 100%;background: none;\">\r\n                               <p class=\"soci_list_activ mb-0\"><span>Comunicaci\u00f3n<\/span><span>Servicios<\/span><span>Tecnolog\u00eda<\/span><\/p>\r\n                               <p class=\"soci_list_serv mb-0\">Agencias<span class=\"separador_cats\">|<\/span>Digital<span class=\"separador_cats\">|<\/span>Multimedia<span class=\"separador_cats\">|<\/span>Servicios de producci\u00f3n<span class=\"separador_cats\">|<\/span>Web<span class=\"separador_cats\"<\/p>\r\n                    <\/div>\r\n                <\/div><\/div><div data-title=\"enti  escola de noves tecnologies interactives experiencias-inmersivas-es formacio-es videojuego-es  universidades videojuegos \" data-actv=\"experiencias-inmersivas-es formacio-es videojuego-es \" data-serv=\"universidades videojuegos \" class=\"col-12 col-md-4 mb-4 border-bottom soci_box\"><div class=\"soci_item text-center\"><a class=\"soci_item_overlay\" data-fancybox=\"21301\" data-src=\"#selectableModal21301\" href=\"javascript:;\">ENTI (Escola de Noves Tecnologies Interactives)<\/a><div class=\"cav_fancy\" style=\"display: none;max-width:500px;\" id=\"selectableModal21301\">\r\n                        <div class=\"cav_fancy_logo text-center pb-4 border-bottom\"><img decoding=\"async\" class=\"soci_item_logo img-fluid\" src=\"https:\/\/www.clusteraudiovisual.cat\/wp-content\/uploads\/2022\/02\/ENTIUB_logo-enti-2019_trz_retall-2.jpg\" alt=\"ENTI (Escola de Noves Tecnologies Interactives)\" title=\"ENTI (Escola de Noves Tecnologies Interactives)\" \/><\/div>\r\n                        <h3 class=\"cav_fancy_title\" data-selectable=\"true\">ENTI (Escola de Noves Tecnologies Interactives)<\/h3>\r\n                        <p class=\"cav_fancy_cat_actv\"><span>Experiencias Inmersivas<\/span><span>Formaci\u00f3n<\/span><span>Videojuego<\/span><\/p>\r\n                        <p class=\"cav_fancy_cat_serv\">Universidades<span class=\"separador_cats\">|<\/span>Videojuegos<span class=\"separador_cats\"<\/p>\r\n                        <p class=\"cav_fancy_description border-bottom\">Primer centro universitario de videojuegos de Barcelona, con la inclusi\u00f3n de nuevas \u00e1reas de formaci\u00f3n como la m\u00fasica (ENTI Sound), la de ciberseguridad y la de empresa. Ofrecen grados universitarios y ciclos formativos de mayor grado.<\/p>\r\n                        <div class=\"cav_fancy_adress\"><p>C\/ de Baldiri Reixac, 7<\/p>\n<p>08028, Barcelona<\/p>\n<p>933 233 664<\/p>\n<p><a href=\"mailto:info@enti.cat\" target=\"_blank\" rel=\"noopener\">info@enti.cat<\/a><\/p>\n<p><a href=\"https:\/\/enti.cat\/\" target=\"_blank\" rel=\"noopener\">www.enti.cat<\/a><\/p>\n<\/div>\r\n                        <p class=\"cav_fancy_social\"><a target=\"_blank\" href=\"https:\/\/twitter.com\/enti_bcn?lang=ca\"><img decoding=\"async\" src=\"https:\/\/www.clusteraudiovisual.cat\/wp-content\/themes\/enfold-child\/img\/twitter.png\" alt=\"ENTI (Escola de Noves Tecnologies Interactives) - Twitter\" \/><\/a> <a target=\"_blank\" href=\"https:\/\/www.facebook.com\/Enti.BCN\"><img decoding=\"async\" src=\"https:\/\/www.clusteraudiovisual.cat\/wp-content\/themes\/enfold-child\/img\/facebook.png\" alt=\"ENTI (Escola de Noves Tecnologies Interactives) - Twitter\" \/><\/a> <a target=\"_blank\" href=\"https:\/\/www.instagram.com\/enti_bcn\/\"><img decoding=\"async\" src=\"https:\/\/www.clusteraudiovisual.cat\/wp-content\/themes\/enfold-child\/img\/icon-instagram.png\" alt=\"ENTI (Escola de Noves Tecnologies Interactives) - Instagram\" \/><\/a> <a target=\"_blank\" href=\"https:\/\/www.youtube.com\/channel\/UCNGHja6ta6mvwwo20H1Fsfg\"><img decoding=\"async\" src=\"https:\/\/www.clusteraudiovisual.cat\/wp-content\/themes\/enfold-child\/img\/icon-youtube.png\" alt=\"ENTI (Escola de Noves Tecnologies Interactives) - Youtube\" \/><\/a> <a target=\"_blank\" href=\"https:\/\/www.linkedin.com\/company\/enti-escola-de-noves-tecnologies\/\"><img decoding=\"async\" src=\"https:\/\/www.clusteraudiovisual.cat\/wp-content\/themes\/enfold-child\/img\/icon-linkedin.png\" alt=\"ENTI (Escola de Noves Tecnologies Interactives) - Linkedin\" \/><\/a><\/p>\r\n                <\/div><img decoding=\"async\" class=\"soci_item_logo img-fluid\" src=\"https:\/\/www.clusteraudiovisual.cat\/wp-content\/uploads\/2022\/02\/ENTIUB_logo-enti-2019_trz_retall-2.jpg\" alt=\"ENTI (Escola de Noves Tecnologies Interactives)\" title=\"ENTI (Escola de Noves Tecnologies Interactives)\" \/>\r\n                    <div class=\"soci_list_activ_container\" style=\"width: 100%;background: none;\">\r\n                               <p class=\"soci_list_activ mb-0\"><span>Experiencias Inmersivas<\/span><span>Formaci\u00f3n<\/span><span>Videojuego<\/span><\/p>\r\n                               <p class=\"soci_list_serv mb-0\">Universidades<span class=\"separador_cats\">|<\/span>Videojuegos<span class=\"separador_cats\"<\/p>\r\n                    <\/div>\r\n                <\/div><\/div><div data-title=\"epson integrated-systems-es tecnologia-es  instalaciones-es materials-audiovisuals-es showrooms-es \" data-actv=\"integrated-systems-es tecnologia-es \" data-serv=\"instalaciones-es materials-audiovisuals-es showrooms-es \" class=\"col-12 col-md-4 mb-4 border-bottom soci_box\"><div class=\"soci_item text-center\"><a class=\"soci_item_overlay\" data-fancybox=\"32215\" data-src=\"#selectableModal32215\" href=\"javascript:;\">EPSON<\/a><div class=\"cav_fancy\" style=\"display: none;max-width:500px;\" id=\"selectableModal32215\">\r\n                        <div class=\"cav_fancy_logo text-center pb-4 border-bottom\"><img decoding=\"async\" class=\"soci_item_logo img-fluid\" src=\"https:\/\/www.clusteraudiovisual.cat\/wp-content\/uploads\/2023\/05\/LogoSoci_EPSON.jpg\" alt=\"EPSON\" title=\"EPSON\" \/><\/div>\r\n                        <h3 class=\"cav_fancy_title\" data-selectable=\"true\">EPSON<\/h3>\r\n                        <p class=\"cav_fancy_cat_actv\"><span>Integrated Systems<\/span><span>Tecnolog\u00eda<\/span><\/p>\r\n                        <p class=\"cav_fancy_cat_serv\">Instalaciones<span class=\"separador_cats\">|<\/span>Material audiovisual<span class=\"separador_cats\">|<\/span>Showrooms<span class=\"separador_cats\"<\/p>\r\n                        <p class=\"cav_fancy_description border-bottom\">Fabricante internacional de videoproyectores, gafas de realidad aumentada, impresoras y otros perif\u00e9ricos. Trabajan con clientes de todo el mundo para crear soluciones globales que abarcan todos los aspectos de la empresa, desde la planificaci\u00f3n y el dise\u00f1o hasta la implementaci\u00f3n, mantenimiento y asistencia continuada.<\/p>\r\n                        <div class=\"cav_fancy_adress\"><p>Cam\u00ed de Can Ametller, 22, Edifici 2<\/p>\n<p>08195, Sant Cugat del Vall\u00e8s<\/p>\n<p>935 821 500<\/p>\n<p><a href=\"https:\/\/www.epson.es\/es_ES\" target=\"_blank\" rel=\"noopener\">www.epson.es<\/a><\/p>\n<\/div>\r\n                        <p class=\"cav_fancy_social\"><a target=\"_blank\" href=\"https:\/\/twitter.com\/Epson_ES\"><img decoding=\"async\" src=\"https:\/\/www.clusteraudiovisual.cat\/wp-content\/themes\/enfold-child\/img\/twitter.png\" alt=\"EPSON - Twitter\" \/><\/a> <a target=\"_blank\" href=\"https:\/\/www.facebook.com\/Epson.ES\"><img decoding=\"async\" src=\"https:\/\/www.clusteraudiovisual.cat\/wp-content\/themes\/enfold-child\/img\/facebook.png\" alt=\"EPSON - Twitter\" \/><\/a> <a target=\"_blank\" href=\"https:\/\/www.instagram.com\/epsonspain\/\"><img decoding=\"async\" src=\"https:\/\/www.clusteraudiovisual.cat\/wp-content\/themes\/enfold-child\/img\/icon-instagram.png\" alt=\"EPSON - Instagram\" \/><\/a> <a target=\"_blank\" href=\"https:\/\/www.youtube.com\/channel\/UC3WPtQvpbPhEiswcKgYJdHQ\"><img decoding=\"async\" src=\"https:\/\/www.clusteraudiovisual.cat\/wp-content\/themes\/enfold-child\/img\/icon-youtube.png\" alt=\"EPSON - Youtube\" \/><\/a> <a target=\"_blank\" href=\"https:\/\/www.linkedin.com\/company\/epson-iberica\"><img decoding=\"async\" src=\"https:\/\/www.clusteraudiovisual.cat\/wp-content\/themes\/enfold-child\/img\/icon-linkedin.png\" alt=\"EPSON - Linkedin\" \/><\/a><\/p>\r\n                <\/div><img decoding=\"async\" class=\"soci_item_logo img-fluid\" src=\"https:\/\/www.clusteraudiovisual.cat\/wp-content\/uploads\/2023\/05\/LogoSoci_EPSON.jpg\" alt=\"EPSON\" title=\"EPSON\" \/>\r\n                    <div class=\"soci_list_activ_container\" style=\"width: 100%;background: none;\">\r\n                               <p class=\"soci_list_activ mb-0\"><span>Integrated Systems<\/span><span>Tecnolog\u00eda<\/span><\/p>\r\n                               <p class=\"soci_list_serv mb-0\">Instalaciones<span class=\"separador_cats\">|<\/span>Material audiovisual<span class=\"separador_cats\">|<\/span>Showrooms<span class=\"separador_cats\"<\/p>\r\n                    <\/div>\r\n                <\/div><\/div><div data-title=\"escac formacio-es  cortometrajes-es ficcion largometrajes-es no-ficcion universidades \" data-actv=\"formacio-es \" data-serv=\"cortometrajes-es ficcion largometrajes-es no-ficcion universidades \" class=\"col-12 col-md-4 mb-4 border-bottom soci_box\"><div class=\"soci_item text-center\"><a class=\"soci_item_overlay\" data-fancybox=\"21978\" data-src=\"#selectableModal21978\" href=\"javascript:;\">ESCAC<\/a><div class=\"cav_fancy\" style=\"display: none;max-width:500px;\" id=\"selectableModal21978\">\r\n                        <div class=\"cav_fancy_logo text-center pb-4 border-bottom\"><img decoding=\"async\" class=\"soci_item_logo img-fluid\" src=\"https:\/\/www.clusteraudiovisual.cat\/wp-content\/uploads\/2022\/04\/cropped-logo_escac-1.jpg\" alt=\"ESCAC\" title=\"ESCAC\" \/><\/div>\r\n                        <h3 class=\"cav_fancy_title\" data-selectable=\"true\">ESCAC<\/h3>\r\n                        <p class=\"cav_fancy_cat_actv\"><span>Formaci\u00f3n<\/span><\/p>\r\n                        <p class=\"cav_fancy_cat_serv\">Cortometrajes<span class=\"separador_cats\">|<\/span>Ficci\u00f3n<span class=\"separador_cats\">|<\/span>Largometrajes<span class=\"separador_cats\">|<\/span>No ficci\u00f3n<span class=\"separador_cats\">|<\/span>Universidades<span class=\"separador_cats\"<\/p>\r\n                        <p class=\"cav_fancy_description border-bottom\">Escuela superior de cine y audiovisuales reconocida internacionalmente.<\/p>\r\n                        <div class=\"cav_fancy_adress\"><p>Pla\u00e7a de la Farinera 9<\/p>\n<p>08222, Terrassa<\/p>\n<p>937 361 555<\/p>\n<p><a href=\"mailto:info@escac.es\" target=\"_blank\" rel=\"noopener\">info@escac.es<\/a><\/p>\n<p><a href=\"https:\/\/escac.com\/\" target=\"_blank\" rel=\"noopener\">www.escac.com<\/a><\/p>\n<\/div>\r\n                        <p class=\"cav_fancy_social\"><a target=\"_blank\" href=\"https:\/\/twitter.com\/escac\"><img decoding=\"async\" src=\"https:\/\/www.clusteraudiovisual.cat\/wp-content\/themes\/enfold-child\/img\/twitter.png\" alt=\"ESCAC - Twitter\" \/><\/a> <a target=\"_blank\" href=\"https:\/\/www.facebook.com\/escac\/\"><img decoding=\"async\" src=\"https:\/\/www.clusteraudiovisual.cat\/wp-content\/themes\/enfold-child\/img\/facebook.png\" alt=\"ESCAC - Twitter\" \/><\/a> <a target=\"_blank\" href=\"https:\/\/www.instagram.com\/escac\/\"><img decoding=\"async\" src=\"https:\/\/www.clusteraudiovisual.cat\/wp-content\/themes\/enfold-child\/img\/icon-instagram.png\" alt=\"ESCAC - Instagram\" \/><\/a> <a target=\"_blank\" href=\"https:\/\/www.youtube.com\/escac\"><img decoding=\"async\" src=\"https:\/\/www.clusteraudiovisual.cat\/wp-content\/themes\/enfold-child\/img\/icon-youtube.png\" alt=\"ESCAC - Youtube\" \/><\/a> <a target=\"_blank\" href=\"https:\/\/www.linkedin.com\/school\/escac\/\"><img decoding=\"async\" src=\"https:\/\/www.clusteraudiovisual.cat\/wp-content\/themes\/enfold-child\/img\/icon-linkedin.png\" alt=\"ESCAC - Linkedin\" \/><\/a><\/p>\r\n                <\/div><img decoding=\"async\" class=\"soci_item_logo img-fluid\" src=\"https:\/\/www.clusteraudiovisual.cat\/wp-content\/uploads\/2022\/04\/cropped-logo_escac-1.jpg\" alt=\"ESCAC\" title=\"ESCAC\" \/>\r\n                    <div class=\"soci_list_activ_container\" style=\"width: 100%;background: none;\">\r\n                               <p class=\"soci_list_activ mb-0\"><span>Formaci\u00f3n<\/span><\/p>\r\n                               <p class=\"soci_list_serv mb-0\">Cortometrajes<span class=\"separador_cats\">|<\/span>Ficci\u00f3n<span class=\"separador_cats\">|<\/span>Largometrajes<span class=\"separador_cats\">|<\/span>No ficci\u00f3n<span class=\"separador_cats\">|<\/span>Universidades<span class=\"separador_cats\"<\/p>\r\n                    <\/div>\r\n                <\/div><\/div><div data-title=\"escola joso formacio-es videojuego-es  animacion-es arte-grafico-es escuelas-es fp-es videojuegos \" data-actv=\"formacio-es videojuego-es \" data-serv=\"animacion-es arte-grafico-es escuelas-es fp-es videojuegos \" class=\"col-12 col-md-4 mb-4 border-bottom soci_box\"><div class=\"soci_item text-center\"><a class=\"soci_item_overlay\" data-fancybox=\"8201\" data-src=\"#selectableModal8201\" href=\"javascript:;\">Escola Joso<\/a><div class=\"cav_fancy\" style=\"display: none;max-width:500px;\" id=\"selectableModal8201\">\r\n                        <div class=\"cav_fancy_logo text-center pb-4 border-bottom\"><img decoding=\"async\" class=\"soci_item_logo img-fluid\" src=\"https:\/\/www.clusteraudiovisual.cat\/wp-content\/uploads\/2019\/03\/40.xl_cropped_1a01aeaded95651c071c78187faea90f.jpg\" alt=\"Escola Joso\" title=\"Escola Joso\" \/><\/div>\r\n                        <h3 class=\"cav_fancy_title\" data-selectable=\"true\">Escola Joso<\/h3>\r\n                        <p class=\"cav_fancy_cat_actv\"><span>Formaci\u00f3n<\/span><span>Videojuego<\/span><\/p>\r\n                        <p class=\"cav_fancy_cat_serv\">Animaci\u00f3n<span class=\"separador_cats\">|<\/span>Arte Gr\u00e1fico<span class=\"separador_cats\">|<\/span>Escuelas<span class=\"separador_cats\">|<\/span>FP<span class=\"separador_cats\">|<\/span>Videojuegos<span class=\"separador_cats\"<\/p>\r\n                        <p class=\"cav_fancy_description border-bottom\">Referente en la formaci\u00f3n de profesionales del C\u00f3mic, la Ilustraci\u00f3n, la Animaci\u00f3n y el Concept Art a nivel europeo.<\/p>\r\n                        <div class=\"cav_fancy_adress\"><p>C\/ d&#8217;Enten\u00e7a, 163<\/p>\n<p>08029, Barcelona<\/p>\n<p>934 902 120<\/p>\n<p><a href=\"mailto:info@escolajoso.com\" target=\"_blank\" rel=\"noopener\">info@escolajoso.com<\/a><\/p>\n<p><a href=\"https:\/\/escolajoso.com\/\" target=\"_blank\" rel=\"noopener\">www.escolajoso.com<\/a><\/p>\n<\/div>\r\n                        <p class=\"cav_fancy_social\"><a target=\"_blank\" href=\"https:\/\/twitter.com\/Escolajoso\"><img decoding=\"async\" src=\"https:\/\/www.clusteraudiovisual.cat\/wp-content\/themes\/enfold-child\/img\/twitter.png\" alt=\"Escola Joso - Twitter\" \/><\/a> <a target=\"_blank\" href=\"https:\/\/www.facebook.com\/EscolaComicJoso\"><img decoding=\"async\" src=\"https:\/\/www.clusteraudiovisual.cat\/wp-content\/themes\/enfold-child\/img\/facebook.png\" alt=\"Escola Joso - Twitter\" \/><\/a> <a target=\"_blank\" href=\"https:\/\/www.instagram.com\/escolajoso\/\"><img decoding=\"async\" src=\"https:\/\/www.clusteraudiovisual.cat\/wp-content\/themes\/enfold-child\/img\/icon-instagram.png\" alt=\"Escola Joso - Instagram\" \/><\/a> <a target=\"_blank\" href=\"https:\/\/www.youtube.com\/channel\/UCIfkggZVo5lF3fqeopTwU3w\"><img decoding=\"async\" src=\"https:\/\/www.clusteraudiovisual.cat\/wp-content\/themes\/enfold-child\/img\/icon-youtube.png\" alt=\"Escola Joso - Youtube\" \/><\/a> <a target=\"_blank\" href=\"https:\/\/www.linkedin.com\/company\/escola-joso\/\"><img decoding=\"async\" src=\"https:\/\/www.clusteraudiovisual.cat\/wp-content\/themes\/enfold-child\/img\/icon-linkedin.png\" alt=\"Escola Joso - Linkedin\" \/><\/a><\/p>\r\n                <\/div><img decoding=\"async\" class=\"soci_item_logo img-fluid\" src=\"https:\/\/www.clusteraudiovisual.cat\/wp-content\/uploads\/2019\/03\/40.xl_cropped_1a01aeaded95651c071c78187faea90f.jpg\" alt=\"Escola Joso\" title=\"Escola Joso\" \/>\r\n                    <div class=\"soci_list_activ_container\" style=\"width: 100%;background: none;\">\r\n                               <p class=\"soci_list_activ mb-0\"><span>Formaci\u00f3n<\/span><span>Videojuego<\/span><\/p>\r\n                               <p class=\"soci_list_serv mb-0\">Animaci\u00f3n<span class=\"separador_cats\">|<\/span>Arte Gr\u00e1fico<span class=\"separador_cats\">|<\/span>Escuelas<span class=\"separador_cats\">|<\/span>FP<span class=\"separador_cats\">|<\/span>Videojuegos<span class=\"separador_cats\"<\/p>\r\n                    <\/div>\r\n                <\/div><\/div><div data-title=\"espai texas distribucion  cines \" data-actv=\"distribucion \" data-serv=\"cines \" class=\"col-12 col-md-4 mb-4 border-bottom soci_box\"><div class=\"soci_item text-center\"><a class=\"soci_item_overlay\" data-fancybox=\"41342\" data-src=\"#selectableModal41342\" href=\"javascript:;\">Espai Texas<\/a><div class=\"cav_fancy\" style=\"display: none;max-width:500px;\" id=\"selectableModal41342\">\r\n                        <div class=\"cav_fancy_logo text-center pb-4 border-bottom\"><img decoding=\"async\" class=\"soci_item_logo img-fluid\" src=\"https:\/\/www.clusteraudiovisual.cat\/wp-content\/uploads\/2024\/07\/LogoSoci_EspaiTexas.jpg\" alt=\"Espai Texas\" title=\"Espai Texas\" \/><\/div>\r\n                        <h3 class=\"cav_fancy_title\" data-selectable=\"true\">Espai Texas<\/h3>\r\n                        <p class=\"cav_fancy_cat_actv\"><span>Distribuci\u00f3n - Exhibici\u00f3n<\/span><\/p>\r\n                        <p class=\"cav_fancy_cat_serv\">Cines<span class=\"separador_cats\"<\/p>\r\n                        <p class=\"cav_fancy_description border-bottom\">Espacio cultural del barrio de Gracia de Barcelona, \u200b\u200bcon dos salas de cine de exhibici\u00f3n en catal\u00e1n y un espacio esc\u00e9nico de medio formato que impulsa la creaci\u00f3n catalana contempor\u00e1nea.<\/p>\r\n                        <div class=\"cav_fancy_adress\"><p>C\/ De Bail\u00e8n, 205<\/p>\n<p>08037, Barcelona<\/p>\n<p><a href=\"mailto:info@espaitexas.cat\" target=\"_blank\" rel=\"noopener\">info@espaitexas.cat<\/a><\/p>\n<p><a href=\"https:\/\/espaitexas.cat\/\" target=\"_blank\" rel=\"noopener\">espaitexas.cat<\/a><\/p>\n<\/div>\r\n                        <p class=\"cav_fancy_social\"><a target=\"_blank\" href=\"https:\/\/x.com\/EspaiTexasBcn\"><img decoding=\"async\" src=\"https:\/\/www.clusteraudiovisual.cat\/wp-content\/themes\/enfold-child\/img\/twitter.png\" alt=\"Espai Texas - Twitter\" \/><\/a>  <a target=\"_blank\" href=\"https:\/\/www.instagram.com\/espaitexasbcn\/\"><img decoding=\"async\" src=\"https:\/\/www.clusteraudiovisual.cat\/wp-content\/themes\/enfold-child\/img\/icon-instagram.png\" alt=\"Espai Texas - Instagram\" \/><\/a>  <\/p>\r\n                <\/div><img decoding=\"async\" class=\"soci_item_logo img-fluid\" src=\"https:\/\/www.clusteraudiovisual.cat\/wp-content\/uploads\/2024\/07\/LogoSoci_EspaiTexas.jpg\" alt=\"Espai Texas\" title=\"Espai Texas\" \/>\r\n                    <div class=\"soci_list_activ_container\" style=\"width: 100%;background: none;\">\r\n                               <p class=\"soci_list_activ mb-0\"><span>Distribuci\u00f3n - Exhibici\u00f3n<\/span><\/p>\r\n                               <p class=\"soci_list_serv mb-0\">Cines<span class=\"separador_cats\"<\/p>\r\n                    <\/div>\r\n                <\/div><\/div><div data-title=\"espronceda center for art   038  culture experiencias-inmersivas-es tecnologia-es  artes-visuales-es realidad-aumentada \" data-actv=\"experiencias-inmersivas-es tecnologia-es \" data-serv=\"artes-visuales-es realidad-aumentada \" class=\"col-12 col-md-4 mb-4 border-bottom soci_box\"><div class=\"soci_item text-center\"><a class=\"soci_item_overlay\" data-fancybox=\"13929\" data-src=\"#selectableModal13929\" href=\"javascript:;\">Espronceda Center for Art &#038; Culture<\/a><div class=\"cav_fancy\" style=\"display: none;max-width:500px;\" id=\"selectableModal13929\">\r\n                        <div class=\"cav_fancy_logo text-center pb-4 border-bottom\"><img decoding=\"async\" class=\"soci_item_logo img-fluid\" src=\"https:\/\/www.clusteraudiovisual.cat\/wp-content\/uploads\/2021\/09\/image_large.jpg\" alt=\"Espronceda Center for Art &#038; Culture\" title=\"Espronceda Center for Art &#038; Culture\" \/><\/div>\r\n                        <h3 class=\"cav_fancy_title\" data-selectable=\"true\">Espronceda Center for Art &#038; Culture<\/h3>\r\n                        <p class=\"cav_fancy_cat_actv\"><span>Experiencias Inmersivas<\/span><span>Tecnolog\u00eda<\/span><\/p>\r\n                        <p class=\"cav_fancy_cat_serv\">Artes Visuales<span class=\"separador_cats\">|<\/span>Realidad Aumentada<span class=\"separador_cats\"<\/p>\r\n                        <p class=\"cav_fancy_description border-bottom\">Plataforma de investigaci\u00f3n y creaci\u00f3n para las artes contempor\u00e1neas y nuevas, la ciencia, la educaci\u00f3n y la difusi\u00f3n cultural. Promueve la residencia y los programas de investigaci\u00f3n art\u00edstica en el campo del arte de los nuevos medios, la ciencia y el arte visual, ofreciendo un entorno multidisciplinar que estimula el di\u00e1logo entre el mundo del arte, las instituciones p\u00fablicas y los negocios.<\/p>\r\n                        <div class=\"cav_fancy_adress\"><p>C\/ d&#8217;Espronceda, 326, Nau 4, 5 i 10<\/p>\n<p>08027, Barcelona<\/p>\n<p><a href=\"mailto:info@espronceda.net\" target=\"_blank\" rel=\"noopener\">info@espronceda.net<\/a><\/p>\n<p><a href=\"https:\/\/www.espronceda.net\/ca\/\" target=\"_blank\" rel=\"noopener\">www.espronceda.net<\/a><\/p>\n<\/div>\r\n                        <p class=\"cav_fancy_social\"> <a target=\"_blank\" href=\"https:\/\/es-la.facebook.com\/esproncedabcn\/\"><img decoding=\"async\" src=\"https:\/\/www.clusteraudiovisual.cat\/wp-content\/themes\/enfold-child\/img\/facebook.png\" alt=\"Espronceda Center for Art &#038; Culture - Twitter\" \/><\/a>   <\/p>\r\n                <\/div><img decoding=\"async\" class=\"soci_item_logo img-fluid\" src=\"https:\/\/www.clusteraudiovisual.cat\/wp-content\/uploads\/2021\/09\/image_large.jpg\" alt=\"Espronceda Center for Art &#038; Culture\" title=\"Espronceda Center for Art &#038; Culture\" \/>\r\n                    <div class=\"soci_list_activ_container\" style=\"width: 100%;background: none;\">\r\n                               <p class=\"soci_list_activ mb-0\"><span>Experiencias Inmersivas<\/span><span>Tecnolog\u00eda<\/span><\/p>\r\n                               <p class=\"soci_list_serv mb-0\">Artes Visuales<span class=\"separador_cats\">|<\/span>Realidad Aumentada<span class=\"separador_cats\"<\/p>\r\n                    <\/div>\r\n                <\/div><\/div><div data-title=\"eurecat tecnologia-es  tic-audiovisual-es \" data-actv=\"tecnologia-es \" data-serv=\"tic-audiovisual-es \" class=\"col-12 col-md-4 mb-4 border-bottom soci_box\"><div class=\"soci_item text-center\"><a class=\"soci_item_overlay\" data-fancybox=\"8224\" data-src=\"#selectableModal8224\" href=\"javascript:;\">Eurecat<\/a><div class=\"cav_fancy\" style=\"display: none;max-width:500px;\" id=\"selectableModal8224\">\r\n                        <div class=\"cav_fancy_logo text-center pb-4 border-bottom\"><img decoding=\"async\" class=\"soci_item_logo img-fluid\" src=\"https:\/\/www.clusteraudiovisual.cat\/wp-content\/uploads\/2020\/08\/42.baseHOME_logo_520x272.jpg\" alt=\"Eurecat\" title=\"Eurecat\" \/><\/div>\r\n                        <h3 class=\"cav_fancy_title\" data-selectable=\"true\">Eurecat<\/h3>\r\n                        <p class=\"cav_fancy_cat_actv\"><span>Tecnolog\u00eda<\/span><\/p>\r\n                        <p class=\"cav_fancy_cat_serv\">TIC Audiovisual<span class=\"separador_cats\"<\/p>\r\n                        <p class=\"cav_fancy_description border-bottom\">Centro tecnol\u00f3gico de I+D industrial, especializado en estrategias para la innovaci\u00f3n y el crecimiento econ\u00f3mico de las industrias culturales y creativas.<\/p>\r\n                        <div class=\"cav_fancy_adress\"><p>Av. Universitat Aut\u00f2noma, 23<\/p>\n<p>Parc Tecnol\u00f2gic del Vall\u00e8s<\/p>\n<p>08290, Cerdanyola del Vall\u00e8s<\/p>\n<p>932 381 400<\/p>\n<p><a href=\"mailto:info@eurecat.org\" target=\"_blank\" rel=\"noopener\">info@eurecat.org<\/a><\/p>\n<p><a href=\"https:\/\/eurecat.org\/\" target=\"_blank\" rel=\"noopener\">www.eurecat.org<\/a><\/p>\n<\/div>\r\n                        <p class=\"cav_fancy_social\"><a target=\"_blank\" href=\"https:\/\/twitter.com\/Eurecat_news\"><img decoding=\"async\" src=\"https:\/\/www.clusteraudiovisual.cat\/wp-content\/themes\/enfold-child\/img\/twitter.png\" alt=\"Eurecat - Twitter\" \/><\/a> <a target=\"_blank\" href=\"https:\/\/www.facebook.com\/Eurecatorg\/\"><img decoding=\"async\" src=\"https:\/\/www.clusteraudiovisual.cat\/wp-content\/themes\/enfold-child\/img\/facebook.png\" alt=\"Eurecat - Twitter\" \/><\/a>  <a target=\"_blank\" href=\"https:\/\/www.youtube.com\/channel\/UCWeVIFJ___t_6ozc7bDaKZw\"><img decoding=\"async\" src=\"https:\/\/www.clusteraudiovisual.cat\/wp-content\/themes\/enfold-child\/img\/icon-youtube.png\" alt=\"Eurecat - Youtube\" \/><\/a> <a target=\"_blank\" href=\"https:\/\/www.linkedin.com\/company\/eurecat\/\"><img decoding=\"async\" src=\"https:\/\/www.clusteraudiovisual.cat\/wp-content\/themes\/enfold-child\/img\/icon-linkedin.png\" alt=\"Eurecat - Linkedin\" \/><\/a><\/p>\r\n                <\/div><img decoding=\"async\" class=\"soci_item_logo img-fluid\" src=\"https:\/\/www.clusteraudiovisual.cat\/wp-content\/uploads\/2020\/08\/42.baseHOME_logo_520x272.jpg\" alt=\"Eurecat\" title=\"Eurecat\" \/>\r\n                    <div class=\"soci_list_activ_container\" style=\"width: 100%;background: none;\">\r\n                               <p class=\"soci_list_activ mb-0\"><span>Tecnolog\u00eda<\/span><\/p>\r\n                               <p class=\"soci_list_serv mb-0\">TIC Audiovisual<span class=\"separador_cats\"<\/p>\r\n                    <\/div>\r\n                <\/div><\/div><div data-title=\"evasion tv play distribucion  streaming-es \" data-actv=\"distribucion \" data-serv=\"streaming-es \" class=\"col-12 col-md-4 mb-4 border-bottom soci_box\"><div class=\"soci_item text-center\"><a class=\"soci_item_overlay\" data-fancybox=\"52445\" data-src=\"#selectableModal52445\" href=\"javascript:;\">Evasi\u00f3n TV Play<\/a><div class=\"cav_fancy\" style=\"display: none;max-width:500px;\" id=\"selectableModal52445\">\r\n                        <div class=\"cav_fancy_logo text-center pb-4 border-bottom\"><img decoding=\"async\" class=\"soci_item_logo img-fluid\" src=\"https:\/\/www.clusteraudiovisual.cat\/wp-content\/uploads\/2025\/10\/LogoSoci_EvasionTVPlay.jpg\" alt=\"Evasi\u00f3n TV Play\" title=\"Evasi\u00f3n TV Play\" \/><\/div>\r\n                        <h3 class=\"cav_fancy_title\" data-selectable=\"true\">Evasi\u00f3n TV Play<\/h3>\r\n                        <p class=\"cav_fancy_cat_actv\"><span>Distribuci\u00f3n - Exhibici\u00f3n<\/span><\/p>\r\n                        <p class=\"cav_fancy_cat_serv\">Streaming<span class=\"separador_cats\"<\/p>\r\n                        <p class=\"cav_fancy_description border-bottom\">Plataforma de streaming outdoor con la mejor selecci\u00f3n de competiciones a nivel nacional.<\/p>\r\n                        <div class=\"cav_fancy_adress\"><p>C\/Joaquim Blume, 7<\/p>\n<p>08205, Sabadell, Barcelona<\/p>\n<p>934 718 584<\/p>\n<p><a href=\"mailto:info@evasiontv.es\">info@evasiontv.es<\/a><\/p>\n<p><a href=\"https:\/\/evasiontv.es\/es\" target=\"_blank\" rel=\"noopener\">evasiontv.es<\/a><\/p>\n<\/div>\r\n                        <p class=\"cav_fancy_social\"><a target=\"_blank\" href=\"https:\/\/x.com\/Evasiontv_es\"><img decoding=\"async\" src=\"https:\/\/www.clusteraudiovisual.cat\/wp-content\/themes\/enfold-child\/img\/twitter.png\" alt=\"Evasi\u00f3n TV Play - Twitter\" \/><\/a> <a target=\"_blank\" href=\"https:\/\/www.facebook.com\/evasiontv.es\/?locale=es_ES\"><img decoding=\"async\" src=\"https:\/\/www.clusteraudiovisual.cat\/wp-content\/themes\/enfold-child\/img\/facebook.png\" alt=\"Evasi\u00f3n TV Play - Twitter\" \/><\/a> <a target=\"_blank\" href=\"https:\/\/www.instagram.com\/evasiontv.es\/?hl=es\"><img decoding=\"async\" src=\"https:\/\/www.clusteraudiovisual.cat\/wp-content\/themes\/enfold-child\/img\/icon-instagram.png\" alt=\"Evasi\u00f3n TV Play - Instagram\" \/><\/a> <a target=\"_blank\" href=\"https:\/\/www.youtube.com\/channel\/UCAHS6_U_7gUG16qOov7ho5w\"><img decoding=\"async\" src=\"https:\/\/www.clusteraudiovisual.cat\/wp-content\/themes\/enfold-child\/img\/icon-youtube.png\" alt=\"Evasi\u00f3n TV Play - Youtube\" \/><\/a> <\/p>\r\n                <\/div><img decoding=\"async\" class=\"soci_item_logo img-fluid\" src=\"https:\/\/www.clusteraudiovisual.cat\/wp-content\/uploads\/2025\/10\/LogoSoci_EvasionTVPlay.jpg\" alt=\"Evasi\u00f3n TV Play\" title=\"Evasi\u00f3n TV Play\" \/>\r\n                    <div class=\"soci_list_activ_container\" style=\"width: 100%;background: none;\">\r\n                               <p class=\"soci_list_activ mb-0\"><span>Distribuci\u00f3n - Exhibici\u00f3n<\/span><\/p>\r\n                               <p class=\"soci_list_serv mb-0\">Streaming<span class=\"separador_cats\"<\/p>\r\n                    <\/div>\r\n                <\/div><\/div><div data-title=\"eyesberg experiencias-inmersivas-es  esdeveniments-es exposiciones-es inmersivo-360-es instalaciones-es mapping-es \" data-actv=\"experiencias-inmersivas-es \" data-serv=\"esdeveniments-es exposiciones-es inmersivo-360-es instalaciones-es mapping-es \" class=\"col-12 col-md-4 mb-4 border-bottom soci_box\"><div class=\"soci_item text-center\"><a class=\"soci_item_overlay\" data-fancybox=\"33684\" data-src=\"#selectableModal33684\" href=\"javascript:;\">Eyesberg<\/a><div class=\"cav_fancy\" style=\"display: none;max-width:500px;\" id=\"selectableModal33684\">\r\n                        <div class=\"cav_fancy_logo text-center pb-4 border-bottom\"><img decoding=\"async\" class=\"soci_item_logo img-fluid\" src=\"https:\/\/www.clusteraudiovisual.cat\/wp-content\/uploads\/2023\/07\/LogoSoci_Eyesberg.jpg\" alt=\"Eyesberg\" title=\"Eyesberg\" \/><\/div>\r\n                        <h3 class=\"cav_fancy_title\" data-selectable=\"true\">Eyesberg<\/h3>\r\n                        <p class=\"cav_fancy_cat_actv\"><span>Experiencias Inmersivas<\/span><\/p>\r\n                        <p class=\"cav_fancy_cat_serv\">Eventos<span class=\"separador_cats\">|<\/span>Exposiciones<span class=\"separador_cats\">|<\/span>Inmersivo 360<span class=\"separador_cats\">|<\/span>Instalaciones<span class=\"separador_cats\">|<\/span>Mapping<span class=\"separador_cats\"<\/p>\r\n                        <p class=\"cav_fancy_description border-bottom\">Laboratorio creativo especializado en la transformaci\u00f3n de espacios en obras de arte inmersivas e interactivas. Utilizan las \u00faltimas tecnolog\u00edas como medio de expresar y crear momentos que lleguen al subconsciente del espectador.<\/p>\r\n                        <div class=\"cav_fancy_adress\"><p>Avinguda Rep\u00fablica Argentina, 74, entresol<\/p>\n<p>08023, Barcelona<\/p>\n<p><a href=\"mailto:hello@eyesbergstudio.com\" target=\"_blank\" rel=\"noopener\">hello@eyesbergstudio.com<\/a><\/p>\n<p><a href=\"https:\/\/eyesbergstudio.com\/\" target=\"_blank\" rel=\"noopener\">www.eyesbergstudio.com<\/a><\/p>\n<p>&nbsp;<\/p>\n<\/div>\r\n                        <p class=\"cav_fancy_social\"> <a target=\"_blank\" href=\"https:\/\/www.facebook.com\/eyesbergstudio\"><img decoding=\"async\" src=\"https:\/\/www.clusteraudiovisual.cat\/wp-content\/themes\/enfold-child\/img\/facebook.png\" alt=\"Eyesberg - Twitter\" \/><\/a> <a target=\"_blank\" href=\"https:\/\/www.instagram.com\/eyesbergstudio\/\"><img decoding=\"async\" src=\"https:\/\/www.clusteraudiovisual.cat\/wp-content\/themes\/enfold-child\/img\/icon-instagram.png\" alt=\"Eyesberg - Instagram\" \/><\/a>  <\/p>\r\n                <\/div><img decoding=\"async\" class=\"soci_item_logo img-fluid\" src=\"https:\/\/www.clusteraudiovisual.cat\/wp-content\/uploads\/2023\/07\/LogoSoci_Eyesberg.jpg\" alt=\"Eyesberg\" title=\"Eyesberg\" \/>\r\n                    <div class=\"soci_list_activ_container\" style=\"width: 100%;background: none;\">\r\n                               <p class=\"soci_list_activ mb-0\"><span>Experiencias Inmersivas<\/span><\/p>\r\n                               <p class=\"soci_list_serv mb-0\">Eventos<span class=\"separador_cats\">|<\/span>Exposiciones<span class=\"separador_cats\">|<\/span>Inmersivo 360<span class=\"separador_cats\">|<\/span>Instalaciones<span class=\"separador_cats\">|<\/span>Mapping<span class=\"separador_cats\"<\/p>\r\n                    <\/div>\r\n                <\/div><\/div><div data-title=\"film financing market distribucion servicios-es  congresos-es servicios-de-produccion \" data-actv=\"distribucion servicios-es \" data-serv=\"congresos-es servicios-de-produccion \" class=\"col-12 col-md-4 mb-4 border-bottom soci_box\"><div class=\"soci_item text-center\"><a class=\"soci_item_overlay\" data-fancybox=\"24631\" data-src=\"#selectableModal24631\" href=\"javascript:;\">Film Financing Market<\/a><div class=\"cav_fancy\" style=\"display: none;max-width:500px;\" id=\"selectableModal24631\">\r\n                        <div class=\"cav_fancy_logo text-center pb-4 border-bottom\"><img decoding=\"async\" class=\"soci_item_logo img-fluid\" src=\"https:\/\/www.clusteraudiovisual.cat\/wp-content\/uploads\/2022\/09\/LogoSoci_FilmFinancingMarket-1.jpg\" alt=\"Film Financing Market\" title=\"Film Financing Market\" \/><\/div>\r\n                        <h3 class=\"cav_fancy_title\" data-selectable=\"true\">Film Financing Market<\/h3>\r\n                        <p class=\"cav_fancy_cat_actv\"><span>Distribuci\u00f3n - Exhibici\u00f3n<\/span><span>Servicios<\/span><\/p>\r\n                        <p class=\"cav_fancy_cat_serv\">Congresos<span class=\"separador_cats\">|<\/span>Servicios de producci\u00f3n<span class=\"separador_cats\"<\/p>\r\n                        <p class=\"cav_fancy_description border-bottom\">Mercado audiovisual que acerca a productores audiovisuales, inversores y financiadores. Su objetivo es potenciar un mercado de financiamiento audiovisual con la aspiraci\u00f3n de convertirlo en un referente mundial para inversores y productores e impulsar nuevos modelos de financiaci\u00f3n privada que se complementen con los modelos existentes, facilitando el acceso de los contenidos en los mercados de explotaci\u00f3n internacional.<\/p>\r\n                        <div class=\"cav_fancy_adress\"><p><a href=\"mailto:info@filmfinancingmarket.com\" target=\"_blank\" rel=\"noopener\">info@filmfinancingmarket.com<\/a><\/p>\n<p><a href=\"https:\/\/filmfinancingmarket.com\/?_gl=1%2A1lgywt3%2A_up%2AMQ..%2A_ga%2AMTg3NDkwMjg1MC4xNjkwMTgzNjgz%2A_ga_D7Z3M4C7CB%2AMTY5MDE4MzY4Mi4xLjAuMTY5MDE4MzY4Mi4wLjAuMA..%2A_ga_6KVZ92LJQ7%2AMTY5MDE4MzY4Mi4xLjAuMTY5MDE4MzY4Mi4wLjAuMA..\" target=\"_blank\" rel=\"noopener\">www.filmfinancingmarket.com<\/a><\/p>\n<\/div>\r\n                        <p class=\"cav_fancy_social\"><a target=\"_blank\" href=\"https:\/\/twitter.com\/filmfinancing_m\"><img decoding=\"async\" src=\"https:\/\/www.clusteraudiovisual.cat\/wp-content\/themes\/enfold-child\/img\/twitter.png\" alt=\"Film Financing Market - Twitter\" \/><\/a>  <a target=\"_blank\" href=\"https:\/\/www.instagram.com\/filmfinancingmarket\/\"><img decoding=\"async\" src=\"https:\/\/www.clusteraudiovisual.cat\/wp-content\/themes\/enfold-child\/img\/icon-instagram.png\" alt=\"Film Financing Market - Instagram\" \/><\/a> <a target=\"_blank\" href=\"https:\/\/www.youtube.com\/@filmfinancingmarket\"><img decoding=\"async\" src=\"https:\/\/www.clusteraudiovisual.cat\/wp-content\/themes\/enfold-child\/img\/icon-youtube.png\" alt=\"Film Financing Market - Youtube\" \/><\/a> <a target=\"_blank\" href=\"https:\/\/www.linkedin.com\/company\/film-financing-market\"><img decoding=\"async\" src=\"https:\/\/www.clusteraudiovisual.cat\/wp-content\/themes\/enfold-child\/img\/icon-linkedin.png\" alt=\"Film Financing Market - Linkedin\" \/><\/a><\/p>\r\n                <\/div><img decoding=\"async\" class=\"soci_item_logo img-fluid\" src=\"https:\/\/www.clusteraudiovisual.cat\/wp-content\/uploads\/2022\/09\/LogoSoci_FilmFinancingMarket-1.jpg\" alt=\"Film Financing Market\" title=\"Film Financing Market\" \/>\r\n                    <div class=\"soci_list_activ_container\" style=\"width: 100%;background: none;\">\r\n                               <p class=\"soci_list_activ mb-0\"><span>Distribuci\u00f3n - Exhibici\u00f3n<\/span><span>Servicios<\/span><\/p>\r\n                               <p class=\"soci_list_serv mb-0\">Congresos<span class=\"separador_cats\">|<\/span>Servicios de producci\u00f3n<span class=\"separador_cats\"<\/p>\r\n                    <\/div>\r\n                <\/div><\/div><div data-title=\"filmclub distribucion formacio-es  tic-audiovisual-es \" data-actv=\"distribucion formacio-es \" data-serv=\"tic-audiovisual-es \" class=\"col-12 col-md-4 mb-4 border-bottom soci_box\"><div class=\"soci_item text-center\"><a class=\"soci_item_overlay\" data-fancybox=\"8207\" data-src=\"#selectableModal8207\" href=\"javascript:;\">FILMCLUB<\/a><div class=\"cav_fancy\" style=\"display: none;max-width:500px;\" id=\"selectableModal8207\">\r\n                        <div class=\"cav_fancy_logo text-center pb-4 border-bottom\"><img decoding=\"async\" class=\"soci_item_logo img-fluid\" src=\"https:\/\/www.clusteraudiovisual.cat\/wp-content\/uploads\/2019\/04\/Logo_FILMCLUB_catala-1-2.jpg\" alt=\"FILMCLUB\" title=\"FILMCLUB\" \/><\/div>\r\n                        <h3 class=\"cav_fancy_title\" data-selectable=\"true\">FILMCLUB<\/h3>\r\n                        <p class=\"cav_fancy_cat_actv\"><span>Distribuci\u00f3n - Exhibici\u00f3n<\/span><span>Formaci\u00f3n<\/span><\/p>\r\n                        <p class=\"cav_fancy_cat_serv\">TIC Audiovisual<span class=\"separador_cats\"<\/p>\r\n                        <p class=\"cav_fancy_description border-bottom\">Proyecto de innovaci\u00f3n educativa basado en el cine y el audiovisual. Es una plataforma VOD que facilita a los centros educativos acceso legal a la proyecci\u00f3n de pel\u00edculas y bancos de recursos pedag\u00f3gicos basados en fragmentos de pel\u00edculas.<\/p>\r\n                        <div class=\"cav_fancy_adress\"><p><span class=\"mini-contacts phone show-on-desktop near-logo-first-switch in-menu-second-switch\">935 183 084<\/span><\/p>\n<p><a href=\"mailto:hola@filmclub.click\" target=\"_blank\" rel=\"noopener\"><span class=\"mini-contacts email show-on-desktop near-logo-first-switch in-menu-second-switch first\">hola@filmclub.click<\/span><\/a><\/p>\n<p><a href=\"https:\/\/filmclub.click\/\" target=\"_blank\" rel=\"noopener\">www.filmclub.click<\/a><\/p>\n<\/div>\r\n                        <p class=\"cav_fancy_social\"><a target=\"_blank\" href=\"https:\/\/twitter.com\/filmclub_click?lang=es\"><img decoding=\"async\" src=\"https:\/\/www.clusteraudiovisual.cat\/wp-content\/themes\/enfold-child\/img\/twitter.png\" alt=\"FILMCLUB - Twitter\" \/><\/a> <a target=\"_blank\" href=\"https:\/\/www.facebook.com\/filmclub.click\/\"><img decoding=\"async\" src=\"https:\/\/www.clusteraudiovisual.cat\/wp-content\/themes\/enfold-child\/img\/facebook.png\" alt=\"FILMCLUB - Twitter\" \/><\/a>   <\/p>\r\n                <\/div><img decoding=\"async\" class=\"soci_item_logo img-fluid\" src=\"https:\/\/www.clusteraudiovisual.cat\/wp-content\/uploads\/2019\/04\/Logo_FILMCLUB_catala-1-2.jpg\" alt=\"FILMCLUB\" title=\"FILMCLUB\" \/>\r\n                    <div class=\"soci_list_activ_container\" style=\"width: 100%;background: none;\">\r\n                               <p class=\"soci_list_activ mb-0\"><span>Distribuci\u00f3n - Exhibici\u00f3n<\/span><span>Formaci\u00f3n<\/span><\/p>\r\n                               <p class=\"soci_list_serv mb-0\">TIC Audiovisual<span class=\"separador_cats\"<\/p>\r\n                    <\/div>\r\n                <\/div><\/div><div data-title=\"filmin distribucion  animacion-es cortometrajes-es digital-es ficcion formatos-tv-es infantil-es largometrajes-es multiplataforma-es no-ficcion plataformes-ott-es plataformes-virtuales-es eries streaming-es telemovies-es \" data-actv=\"distribucion \" data-serv=\"animacion-es cortometrajes-es digital-es ficcion formatos-tv-es infantil-es largometrajes-es multiplataforma-es no-ficcion plataformes-ott-es plataformes-virtuales-es eries streaming-es telemovies-es \" class=\"col-12 col-md-4 mb-4 border-bottom soci_box\"><div class=\"soci_item text-center\"><a class=\"soci_item_overlay\" data-fancybox=\"8118\" data-src=\"#selectableModal8118\" href=\"javascript:;\">Filmin<\/a><div class=\"cav_fancy\" style=\"display: none;max-width:500px;\" id=\"selectableModal8118\">\r\n                        <div class=\"cav_fancy_logo text-center pb-4 border-bottom\"><img decoding=\"async\" class=\"soci_item_logo img-fluid\" src=\"https:\/\/www.clusteraudiovisual.cat\/wp-content\/uploads\/2016\/10\/47.LOGO-FILMIN.jpg\" alt=\"Filmin\" title=\"Filmin\" \/><\/div>\r\n                        <h3 class=\"cav_fancy_title\" data-selectable=\"true\">Filmin<\/h3>\r\n                        <p class=\"cav_fancy_cat_actv\"><span>Distribuci\u00f3n - Exhibici\u00f3n<\/span><\/p>\r\n                        <p class=\"cav_fancy_cat_serv\">Animaci\u00f3n<span class=\"separador_cats\">|<\/span>Cortometrajes<span class=\"separador_cats\">|<\/span>Digital<span class=\"separador_cats\">|<\/span>Ficci\u00f3n<span class=\"separador_cats\">|<\/span>Formatos TV<span class=\"separador_cats\">|<\/span>Infantil<span class=\"separador_cats\">|<\/span>Largometrajes<span class=\"separador_cats\">|<\/span>Multiplataforma<span class=\"separador_cats\">|<\/span>No ficci\u00f3n<span class=\"separador_cats\">|<\/span>Plataformas OTT<span class=\"separador_cats\">|<\/span>Plataformes Virtuales<span class=\"separador_cats\">|<\/span>Series<span class=\"separador_cats\">|<\/span>Streaming<span class=\"separador_cats\">|<\/span>Telemovies<span class=\"separador_cats\"<\/p>\r\n                        <p class=\"cav_fancy_description border-bottom\">Plataforma de cine online especializada en el visionado bajo demanda en streaming y suscripci\u00f3n de cine independiente, comercial y series de televisi\u00f3n.<\/p>\r\n                        <div class=\"cav_fancy_adress\"><p>C\/ de Plat\u00f3, 26<\/p>\n<p>08006, Barcelona<\/p>\n<p>93 241 85 25<\/p>\n<p><a href=\"mailto:contacto@filmin.es\" target=\"_blank\" rel=\"noopener\">contacto@filmin.es<\/a><\/p>\n<p><a href=\"https:\/\/www.filmin.es\/\" target=\"_blank\" rel=\"noopener\">www.filmin.es<\/a><\/p>\n<\/div>\r\n                        <p class=\"cav_fancy_social\"><a target=\"_blank\" href=\"https:\/\/twitter.com\/filmin\"><img decoding=\"async\" src=\"https:\/\/www.clusteraudiovisual.cat\/wp-content\/themes\/enfold-child\/img\/twitter.png\" alt=\"Filmin - Twitter\" \/><\/a> <a target=\"_blank\" href=\"https:\/\/www.facebook.com\/Filmin\/\"><img decoding=\"async\" src=\"https:\/\/www.clusteraudiovisual.cat\/wp-content\/themes\/enfold-child\/img\/facebook.png\" alt=\"Filmin - Twitter\" \/><\/a> <a target=\"_blank\" href=\"https:\/\/www.instagram.com\/enfilmin\/\"><img decoding=\"async\" src=\"https:\/\/www.clusteraudiovisual.cat\/wp-content\/themes\/enfold-child\/img\/icon-instagram.png\" alt=\"Filmin - Instagram\" \/><\/a> <a target=\"_blank\" href=\"https:\/\/www.youtube.com\/channel\/UCHpsJqJXd0zOvjTuWSY0P5g\"><img decoding=\"async\" src=\"https:\/\/www.clusteraudiovisual.cat\/wp-content\/themes\/enfold-child\/img\/icon-youtube.png\" alt=\"Filmin - Youtube\" \/><\/a> <a target=\"_blank\" href=\"https:\/\/www.linkedin.com\/company\/filmin\"><img decoding=\"async\" src=\"https:\/\/www.clusteraudiovisual.cat\/wp-content\/themes\/enfold-child\/img\/icon-linkedin.png\" alt=\"Filmin - Linkedin\" \/><\/a><\/p>\r\n                <\/div><img decoding=\"async\" class=\"soci_item_logo img-fluid\" src=\"https:\/\/www.clusteraudiovisual.cat\/wp-content\/uploads\/2016\/10\/47.LOGO-FILMIN.jpg\" alt=\"Filmin\" title=\"Filmin\" \/>\r\n                    <div class=\"soci_list_activ_container\" style=\"width: 100%;background: none;\">\r\n                               <p class=\"soci_list_activ mb-0\"><span>Distribuci\u00f3n - Exhibici\u00f3n<\/span><\/p>\r\n                               <p class=\"soci_list_serv mb-0\">Animaci\u00f3n<span class=\"separador_cats\">|<\/span>Cortometrajes<span class=\"separador_cats\">|<\/span>Digital<span class=\"separador_cats\">|<\/span>Ficci\u00f3n<span class=\"separador_cats\">|<\/span>Formatos TV<span class=\"separador_cats\">|<\/span>Infantil<span class=\"separador_cats\">|<\/span>Largometrajes<span class=\"separador_cats\">|<\/span>Multiplataforma<span class=\"separador_cats\">|<\/span>No ficci\u00f3n<span class=\"separador_cats\">|<\/span>Plataformas OTT<span class=\"separador_cats\">|<\/span>Plataformes Virtuales<span class=\"separador_cats\">|<\/span>Series<span class=\"separador_cats\">|<\/span>Streaming<span class=\"separador_cats\">|<\/span>Telemovies<span class=\"separador_cats\"<\/p>\r\n                    <\/div>\r\n                <\/div><\/div><div data-title=\"filmo servicios-es tecnologia-es  app-es inteligencia-artificial servicios-de-produccion software-es \" data-actv=\"servicios-es tecnologia-es \" data-serv=\"app-es inteligencia-artificial servicios-de-produccion software-es \" class=\"col-12 col-md-4 mb-4 border-bottom soci_box\"><div class=\"soci_item text-center\"><a class=\"soci_item_overlay\" data-fancybox=\"46790\" data-src=\"#selectableModal46790\" href=\"javascript:;\">Filmo<\/a><div class=\"cav_fancy\" style=\"display: none;max-width:500px;\" id=\"selectableModal46790\">\r\n                        <div class=\"cav_fancy_logo text-center pb-4 border-bottom\"><img decoding=\"async\" class=\"soci_item_logo img-fluid\" src=\"https:\/\/www.clusteraudiovisual.cat\/wp-content\/uploads\/2025\/01\/LogoSoci_Filmo.jpg\" alt=\"Filmo\" title=\"Filmo\" \/><\/div>\r\n                        <h3 class=\"cav_fancy_title\" data-selectable=\"true\">Filmo<\/h3>\r\n                        <p class=\"cav_fancy_cat_actv\"><span>Servicios<\/span><span>Tecnolog\u00eda<\/span><\/p>\r\n                        <p class=\"cav_fancy_cat_serv\">App<span class=\"separador_cats\">|<\/span>Inteligencia Artificial<span class=\"separador_cats\">|<\/span>Servicios de producci\u00f3n<span class=\"separador_cats\">|<\/span>Software<span class=\"separador_cats\"<\/p>\r\n                        <p class=\"cav_fancy_description border-bottom\">Software todo-en-un creado para gestionar equipos y espacios audiovisuales. Optimiza la gesti\u00f3n de reservas, inventarios e incidencias. Automatiza presupuestos y facturaci\u00f3n mientras mejora la experiencia de los clientes con una plataforma dise\u00f1ada para empresas del sector audiovisual. Destinada a productoras, centros formativos y empresas de alquiler de material.<\/p>\r\n                        <div class=\"cav_fancy_adress\"><div class=\"framer-1qrmtps\" data-framer-component-type=\"RichTextContainer\">\n<p class=\"framer-text framer-styles-preset-7hepzx\" data-styles-preset=\"jpCD7wCl4\">Gran Via Corts Catalanes, 774<\/p>\n<p class=\"framer-text framer-styles-preset-7hepzx\" data-styles-preset=\"jpCD7wCl4\">08013, Barcelona<\/p>\n<\/div>\n<div class=\"framer-1isw4wr\" data-framer-component-type=\"RichTextContainer\">\n<p class=\"framer-text framer-styles-preset-7hepzx\" data-styles-preset=\"jpCD7wCl4\">611 015 211<\/p>\n<\/div>\n<div class=\"framer-bgqfhi\" data-framer-component-type=\"RichTextContainer\">\n<p class=\"framer-text framer-styles-preset-7hepzx\" data-styles-preset=\"jpCD7wCl4\"><a class=\"framer-text framer-styles-preset-15ae10f\" href=\"mailto:info@example.com\" target=\"_blank\" rel=\"noopener\" data-styles-preset=\"DNAe601wc\">info@filmoapp.com<\/a><\/p>\n<p><a href=\"https:\/\/www.filmo.io\/\" target=\"_blank\" rel=\"noopener\">filmo.io<\/a><\/p>\n<\/div>\n<\/div>\r\n                        <p class=\"cav_fancy_social\">  <a target=\"_blank\" href=\"https:\/\/www.instagram.com\/filmoapp\/\"><img decoding=\"async\" src=\"https:\/\/www.clusteraudiovisual.cat\/wp-content\/themes\/enfold-child\/img\/icon-instagram.png\" alt=\"Filmo - Instagram\" \/><\/a>  <a target=\"_blank\" href=\"https:\/\/www.linkedin.com\/company\/filmoapp\/about\/\"><img decoding=\"async\" src=\"https:\/\/www.clusteraudiovisual.cat\/wp-content\/themes\/enfold-child\/img\/icon-linkedin.png\" alt=\"Filmo - Linkedin\" \/><\/a><\/p>\r\n                <\/div><img decoding=\"async\" class=\"soci_item_logo img-fluid\" src=\"https:\/\/www.clusteraudiovisual.cat\/wp-content\/uploads\/2025\/01\/LogoSoci_Filmo.jpg\" alt=\"Filmo\" title=\"Filmo\" \/>\r\n                    <div class=\"soci_list_activ_container\" style=\"width: 100%;background: none;\">\r\n                               <p class=\"soci_list_activ mb-0\"><span>Servicios<\/span><span>Tecnolog\u00eda<\/span><\/p>\r\n                               <p class=\"soci_list_serv mb-0\">App<span class=\"separador_cats\">|<\/span>Inteligencia Artificial<span class=\"separador_cats\">|<\/span>Servicios de producci\u00f3n<span class=\"separador_cats\">|<\/span>Software<span class=\"separador_cats\"<\/p>\r\n                    <\/div>\r\n                <\/div><\/div><div data-title=\"films nomades produccion-es publicidad-es servicios-es  no-ficcion \" data-actv=\"produccion-es publicidad-es servicios-es \" data-serv=\"no-ficcion \" class=\"col-12 col-md-4 mb-4 border-bottom soci_box\"><div class=\"soci_item text-center\"><a class=\"soci_item_overlay\" data-fancybox=\"8172\" data-src=\"#selectableModal8172\" href=\"javascript:;\">Films N\u00f2mades<\/a><div class=\"cav_fancy\" style=\"display: none;max-width:500px;\" id=\"selectableModal8172\">\r\n                        <div class=\"cav_fancy_logo text-center pb-4 border-bottom\"><img decoding=\"async\" class=\"soci_item_logo img-fluid\" src=\"https:\/\/www.clusteraudiovisual.cat\/wp-content\/uploads\/2018\/03\/48.logo-filmsNegre-1.jpg\" alt=\"Films N\u00f2mades\" title=\"Films N\u00f2mades\" \/><\/div>\r\n                        <h3 class=\"cav_fancy_title\" data-selectable=\"true\">Films N\u00f2mades<\/h3>\r\n                        <p class=\"cav_fancy_cat_actv\"><span>Producci\u00f3n<\/span><span>Publicidad<\/span><span>Servicios<\/span><\/p>\r\n                        <p class=\"cav_fancy_cat_serv\">No ficci\u00f3n<span class=\"separador_cats\"<\/p>\r\n                        <p class=\"cav_fancy_description border-bottom\">Productora especializada en documental, publicidad y animaci\u00f3n. Ofrece servicios de localizaci\u00f3n y de coordinaci\u00f3n de rodajes internacionales.<\/p>\r\n                        <div class=\"cav_fancy_adress\"><p>Passeig del Taulat, 187<\/p>\n<p>08005, Barcelona<\/p>\n<p>977 702 074<\/p>\n<p><a href=\"mailto:info@filmsnomades.com\" target=\"_blank\" rel=\"noopener\">info@filmsnomades.com<\/a><\/p>\n<p><a href=\"https:\/\/www.filmsnomades.com\/ca\/\" target=\"_blank\" rel=\"noopener\">www.filmsnomades.com<\/a><\/p>\n<\/div>\r\n                        <p class=\"cav_fancy_social\"><a target=\"_blank\" href=\"https:\/\/twitter.com\/filmsnomades\"><img decoding=\"async\" src=\"https:\/\/www.clusteraudiovisual.cat\/wp-content\/themes\/enfold-child\/img\/twitter.png\" alt=\"Films N\u00f2mades - Twitter\" \/><\/a> <a target=\"_blank\" href=\"https:\/\/www.facebook.com\/filmsnomadesgs\/\"><img decoding=\"async\" src=\"https:\/\/www.clusteraudiovisual.cat\/wp-content\/themes\/enfold-child\/img\/facebook.png\" alt=\"Films N\u00f2mades - Twitter\" \/><\/a> <a target=\"_blank\" href=\"https:\/\/www.instagram.com\/filmsnomades\/\"><img decoding=\"async\" src=\"https:\/\/www.clusteraudiovisual.cat\/wp-content\/themes\/enfold-child\/img\/icon-instagram.png\" alt=\"Films N\u00f2mades - Instagram\" \/><\/a> <a target=\"_blank\" href=\"https:\/\/vimeo.com\/filmsnomades\/\"><img decoding=\"async\" src=\"https:\/\/www.clusteraudiovisual.cat\/wp-content\/themes\/enfold-child\/img\/icon-youtube.png\" alt=\"Films N\u00f2mades - Youtube\" \/><\/a> <a target=\"_blank\" href=\"https:\/\/www.linkedin.com\/company\/filmsn%C3%B2mades-gs-s.l.\/\"><img decoding=\"async\" src=\"https:\/\/www.clusteraudiovisual.cat\/wp-content\/themes\/enfold-child\/img\/icon-linkedin.png\" alt=\"Films N\u00f2mades - Linkedin\" \/><\/a><\/p>\r\n                <\/div><img decoding=\"async\" class=\"soci_item_logo img-fluid\" src=\"https:\/\/www.clusteraudiovisual.cat\/wp-content\/uploads\/2018\/03\/48.logo-filmsNegre-1.jpg\" alt=\"Films N\u00f2mades\" title=\"Films N\u00f2mades\" \/>\r\n                    <div class=\"soci_list_activ_container\" style=\"width: 100%;background: none;\">\r\n                               <p class=\"soci_list_activ mb-0\"><span>Producci\u00f3n<\/span><span>Publicidad<\/span><span>Servicios<\/span><\/p>\r\n                               <p class=\"soci_list_serv mb-0\">No ficci\u00f3n<span class=\"separador_cats\"<\/p>\r\n                    <\/div>\r\n                <\/div><\/div><div data-title=\"films  038 partners produccion-es publicidad-es servicios-es  servicios-de-produccion \" data-actv=\"produccion-es publicidad-es servicios-es \" data-serv=\"servicios-de-produccion \" class=\"col-12 col-md-4 mb-4 border-bottom soci_box\"><div class=\"soci_item text-center\"><a class=\"soci_item_overlay\" data-fancybox=\"49908\" data-src=\"#selectableModal49908\" href=\"javascript:;\">Films&#038;Partners<\/a><div class=\"cav_fancy\" style=\"display: none;max-width:500px;\" id=\"selectableModal49908\">\r\n                        <div class=\"cav_fancy_logo text-center pb-4 border-bottom\"><img decoding=\"async\" class=\"soci_item_logo img-fluid\" src=\"https:\/\/www.clusteraudiovisual.cat\/wp-content\/uploads\/2025\/07\/LogoSoci_FilmsPartners.jpg\" alt=\"Films&#038;Partners\" title=\"Films&#038;Partners\" \/><\/div>\r\n                        <h3 class=\"cav_fancy_title\" data-selectable=\"true\">Films&#038;Partners<\/h3>\r\n                        <p class=\"cav_fancy_cat_actv\"><span>Producci\u00f3n<\/span><span>Publicidad<\/span><span>Servicios<\/span><\/p>\r\n                        <p class=\"cav_fancy_cat_serv\">Servicios de producci\u00f3n<span class=\"separador_cats\"<\/p>\r\n                        <p class=\"cav_fancy_description border-bottom\">Servicio de producci\u00f3n ejecutiva y consultor\u00eda en producci\u00f3n audiovisual. Su trabajo es prestar asesoramiento durante el proceso de producci\u00f3n para que sus clientes consigan las m\u00e1ximas eficiencias econ\u00f3micas.<\/p>\r\n                        <div class=\"cav_fancy_adress\"><p><a href=\"https:\/\/filmspartners.com\/\" target=\"_blank\" rel=\"noopener\">filmspartners.com<\/a><\/p>\n<\/div>\r\n                        <p class=\"cav_fancy_social\">  <a target=\"_blank\" href=\"https:\/\/www.instagram.com\/filmspartners\/#\"><img decoding=\"async\" src=\"https:\/\/www.clusteraudiovisual.cat\/wp-content\/themes\/enfold-child\/img\/icon-instagram.png\" alt=\"Films&#038;Partners - Instagram\" \/><\/a>  <a target=\"_blank\" href=\"https:\/\/www.linkedin.com\/company\/filmsandpartners\/\"><img decoding=\"async\" src=\"https:\/\/www.clusteraudiovisual.cat\/wp-content\/themes\/enfold-child\/img\/icon-linkedin.png\" alt=\"Films&#038;Partners - Linkedin\" \/><\/a><\/p>\r\n                <\/div><img decoding=\"async\" class=\"soci_item_logo img-fluid\" src=\"https:\/\/www.clusteraudiovisual.cat\/wp-content\/uploads\/2025\/07\/LogoSoci_FilmsPartners.jpg\" alt=\"Films&#038;Partners\" title=\"Films&#038;Partners\" \/>\r\n                    <div class=\"soci_list_activ_container\" style=\"width: 100%;background: none;\">\r\n                               <p class=\"soci_list_activ mb-0\"><span>Producci\u00f3n<\/span><span>Publicidad<\/span><span>Servicios<\/span><\/p>\r\n                               <p class=\"soci_list_serv mb-0\">Servicios de producci\u00f3n<span class=\"separador_cats\"<\/p>\r\n                    <\/div>\r\n                <\/div><\/div><div data-title=\"filou films comunicacio-es produccion-es publicidad-es  agencias-es ficcion no-ficcion eries servicios-de-produccion \" data-actv=\"comunicacio-es produccion-es publicidad-es \" data-serv=\"agencias-es ficcion no-ficcion eries servicios-de-produccion \" class=\"col-12 col-md-4 mb-4 border-bottom soci_box\"><div class=\"soci_item text-center\"><a class=\"soci_item_overlay\" data-fancybox=\"55640\" data-src=\"#selectableModal55640\" href=\"javascript:;\">Filou Films<\/a><div class=\"cav_fancy\" style=\"display: none;max-width:500px;\" id=\"selectableModal55640\">\r\n                        <div class=\"cav_fancy_logo text-center pb-4 border-bottom\"><img decoding=\"async\" class=\"soci_item_logo img-fluid\" src=\"https:\/\/www.clusteraudiovisual.cat\/wp-content\/uploads\/2026\/03\/LogoSoci_Filou-1.jpg\" alt=\"Filou Films\" title=\"Filou Films\" \/><\/div>\r\n                        <h3 class=\"cav_fancy_title\" data-selectable=\"true\">Filou Films<\/h3>\r\n                        <p class=\"cav_fancy_cat_actv\"><span>Comunicaci\u00f3n<\/span><span>Producci\u00f3n<\/span><span>Publicidad<\/span><\/p>\r\n                        <p class=\"cav_fancy_cat_serv\">Agencias<span class=\"separador_cats\">|<\/span>Ficci\u00f3n<span class=\"separador_cats\">|<\/span>No ficci\u00f3n<span class=\"separador_cats\">|<\/span>Series<span class=\"separador_cats\">|<\/span>Servicios de producci\u00f3n<span class=\"separador_cats\"<\/p>\r\n                        <p class=\"cav_fancy_description border-bottom\">Productora cinematogr\u00e1fica independiente y agencia de soluciones creativas. Apasionados por la narraci\u00f3n de historias, su equipo de directores y productores son l\u00edderes de la industria galardonados que crean documentales, series de televisi\u00f3n y contenido comercial para las principales emisoras, federaciones, distribuidoras, plataformas y marcas globales.<\/p>\r\n                        <div class=\"cav_fancy_adress\"><p><a href=\"mailto:info@thefilou.tv\">info@thefilou.tv<\/a><\/p>\n<p><a href=\"https:\/\/thefilou.tv\/\" target=\"_blank\" rel=\"noopener\">thefilou.tv<\/a><\/p>\n<\/div>\r\n                        <p class=\"cav_fancy_social\">    <\/p>\r\n                <\/div><img decoding=\"async\" class=\"soci_item_logo img-fluid\" src=\"https:\/\/www.clusteraudiovisual.cat\/wp-content\/uploads\/2026\/03\/LogoSoci_Filou-1.jpg\" alt=\"Filou Films\" title=\"Filou Films\" \/>\r\n                    <div class=\"soci_list_activ_container\" style=\"width: 100%;background: none;\">\r\n                               <p class=\"soci_list_activ mb-0\"><span>Comunicaci\u00f3n<\/span><span>Producci\u00f3n<\/span><span>Publicidad<\/span><\/p>\r\n                               <p class=\"soci_list_serv mb-0\">Agencias<span class=\"separador_cats\">|<\/span>Ficci\u00f3n<span class=\"separador_cats\">|<\/span>No ficci\u00f3n<span class=\"separador_cats\">|<\/span>Series<span class=\"separador_cats\">|<\/span>Servicios de producci\u00f3n<span class=\"separador_cats\"<\/p>\r\n                    <\/div>\r\n                <\/div><\/div><div data-title=\"fishcorb distribucion produccion-es  ficcion \" data-actv=\"distribucion produccion-es \" data-serv=\"ficcion \" class=\"col-12 col-md-4 mb-4 border-bottom soci_box\"><div class=\"soci_item text-center\"><a class=\"soci_item_overlay\" data-fancybox=\"32980\" data-src=\"#selectableModal32980\" href=\"javascript:;\">FishCorb<\/a><div class=\"cav_fancy\" style=\"display: none;max-width:500px;\" id=\"selectableModal32980\">\r\n                        <div class=\"cav_fancy_logo text-center pb-4 border-bottom\"><img decoding=\"async\" class=\"soci_item_logo img-fluid\" src=\"https:\/\/www.clusteraudiovisual.cat\/wp-content\/uploads\/2023\/05\/LogoSoci_FishCorb.jpg\" alt=\"FishCorb\" title=\"FishCorb\" \/><\/div>\r\n                        <h3 class=\"cav_fancy_title\" data-selectable=\"true\">FishCorb<\/h3>\r\n                        <p class=\"cav_fancy_cat_actv\"><span>Distribuci\u00f3n - Exhibici\u00f3n<\/span><span>Producci\u00f3n<\/span><\/p>\r\n                        <p class=\"cav_fancy_cat_serv\">Ficci\u00f3n<span class=\"separador_cats\"<\/p>\r\n                        <p class=\"cav_fancy_description border-bottom\">Productora y distribuidora cinematogr\u00e1fica.<\/p>\r\n                        <div class=\"cav_fancy_adress\"><p>Carretera de Ribes 4, despatx 216<\/p>\n<p>08520, Les Franqueses del Vall\u00e8s<\/p>\n<p>679 976 934<\/p>\n<\/div>\r\n                        <p class=\"cav_fancy_social\">    <a target=\"_blank\" href=\"https:\/\/www.linkedin.com\/company\/fishcorb-films\"><img decoding=\"async\" src=\"https:\/\/www.clusteraudiovisual.cat\/wp-content\/themes\/enfold-child\/img\/icon-linkedin.png\" alt=\"FishCorb - Linkedin\" \/><\/a><\/p>\r\n                <\/div><img decoding=\"async\" class=\"soci_item_logo img-fluid\" src=\"https:\/\/www.clusteraudiovisual.cat\/wp-content\/uploads\/2023\/05\/LogoSoci_FishCorb.jpg\" alt=\"FishCorb\" title=\"FishCorb\" \/>\r\n                    <div class=\"soci_list_activ_container\" style=\"width: 100%;background: none;\">\r\n                               <p class=\"soci_list_activ mb-0\"><span>Distribuci\u00f3n - Exhibici\u00f3n<\/span><span>Producci\u00f3n<\/span><\/p>\r\n                               <p class=\"soci_list_serv mb-0\">Ficci\u00f3n<span class=\"separador_cats\"<\/p>\r\n                    <\/div>\r\n                <\/div><\/div><div data-title=\"flock drone art integrated-systems-es servicios-es tecnologia-es  drones-es esdeveniments-es servicios-de-produccion \" data-actv=\"integrated-systems-es servicios-es tecnologia-es \" data-serv=\"drones-es esdeveniments-es servicios-de-produccion \" class=\"col-12 col-md-4 mb-4 border-bottom soci_box\"><div class=\"soci_item text-center\"><a class=\"soci_item_overlay\" data-fancybox=\"40688\" data-src=\"#selectableModal40688\" href=\"javascript:;\">Flock Drone Art<\/a><div class=\"cav_fancy\" style=\"display: none;max-width:500px;\" id=\"selectableModal40688\">\r\n                        <div class=\"cav_fancy_logo text-center pb-4 border-bottom\"><img decoding=\"async\" class=\"soci_item_logo img-fluid\" src=\"https:\/\/www.clusteraudiovisual.cat\/wp-content\/uploads\/2024\/05\/LogoSoci_FlockDroneArt.jpg\" alt=\"Flock Drone Art\" title=\"Flock Drone Art\" \/><\/div>\r\n                        <h3 class=\"cav_fancy_title\" data-selectable=\"true\">Flock Drone Art<\/h3>\r\n                        <p class=\"cav_fancy_cat_actv\"><span>Integrated Systems<\/span><span>Servicios<\/span><span>Tecnolog\u00eda<\/span><\/p>\r\n                        <p class=\"cav_fancy_cat_serv\">Drones<span class=\"separador_cats\">|<\/span>Eventos<span class=\"separador_cats\">|<\/span>Servicios de producci\u00f3n<span class=\"separador_cats\"<\/p>\r\n                        <p class=\"cav_fancy_description border-bottom\">Productora de espect\u00e1culos con drones. Ofrecen servicios para empresas, ciudades y eventos. Realizan Drone Light Shows con drones de \u00faltima generaci\u00f3n equipados con potentes luces que permiten disfrutar de un espect\u00e1culo de luces 360\u00ba con la m\u00e1xima seguridad y precisi\u00f3n.<\/p>\r\n                        <div class=\"cav_fancy_adress\"><p>C\/dels Pirineus, 74<\/p>\n<p>17460, Celr\u00e0, Girona<\/p>\n<p>645 372 278<\/p>\n<p><a href=\"mailto:miguel@flockdroneart.com\">miguel@flockdroneart.com<\/a><\/p>\n<p><a href=\"https:\/\/www.flockdroneart.com\/ca\" target=\"_blank\" rel=\"noopener\">www.flockdroneart.com<\/a><\/p>\n<\/div>\r\n                        <p class=\"cav_fancy_social\"><a target=\"_blank\" href=\"https:\/\/twitter.com\/flockdroneart\"><img decoding=\"async\" src=\"https:\/\/www.clusteraudiovisual.cat\/wp-content\/themes\/enfold-child\/img\/twitter.png\" alt=\"Flock Drone Art - Twitter\" \/><\/a> <a target=\"_blank\" href=\"https:\/\/www.facebook.com\/flockdrone\"><img decoding=\"async\" src=\"https:\/\/www.clusteraudiovisual.cat\/wp-content\/themes\/enfold-child\/img\/facebook.png\" alt=\"Flock Drone Art - Twitter\" \/><\/a> <a target=\"_blank\" href=\"https:\/\/www.instagram.com\/flockdroneart\/\"><img decoding=\"async\" src=\"https:\/\/www.clusteraudiovisual.cat\/wp-content\/themes\/enfold-child\/img\/icon-instagram.png\" alt=\"Flock Drone Art - Instagram\" \/><\/a> <a target=\"_blank\" href=\"https:\/\/www.youtube.com\/c\/FlockDroneArt\"><img decoding=\"async\" src=\"https:\/\/www.clusteraudiovisual.cat\/wp-content\/themes\/enfold-child\/img\/icon-youtube.png\" alt=\"Flock Drone Art - Youtube\" \/><\/a> <\/p>\r\n                <\/div><img decoding=\"async\" class=\"soci_item_logo img-fluid\" src=\"https:\/\/www.clusteraudiovisual.cat\/wp-content\/uploads\/2024\/05\/LogoSoci_FlockDroneArt.jpg\" alt=\"Flock Drone Art\" title=\"Flock Drone Art\" \/>\r\n                    <div class=\"soci_list_activ_container\" style=\"width: 100%;background: none;\">\r\n                               <p class=\"soci_list_activ mb-0\"><span>Integrated Systems<\/span><span>Servicios<\/span><span>Tecnolog\u00eda<\/span><\/p>\r\n                               <p class=\"soci_list_serv mb-0\">Drones<span class=\"separador_cats\">|<\/span>Eventos<span class=\"separador_cats\">|<\/span>Servicios de producci\u00f3n<span class=\"separador_cats\"<\/p>\r\n                    <\/div>\r\n                <\/div><\/div><div data-title=\"flop work comunicacio-es experiencias-inmersivas-es publicidad-es tecnologia-es  artes-visuales-es esdeveniments-es exposiciones-es mapping-es museistica-es realidad-virtual \" data-actv=\"comunicacio-es experiencias-inmersivas-es publicidad-es tecnologia-es \" data-serv=\"artes-visuales-es esdeveniments-es exposiciones-es mapping-es museistica-es realidad-virtual \" class=\"col-12 col-md-4 mb-4 border-bottom soci_box\"><div class=\"soci_item text-center\"><a class=\"soci_item_overlay\" data-fancybox=\"47413\" data-src=\"#selectableModal47413\" href=\"javascript:;\">Flop Work<\/a><div class=\"cav_fancy\" style=\"display: none;max-width:500px;\" id=\"selectableModal47413\">\r\n                        <div class=\"cav_fancy_logo text-center pb-4 border-bottom\"><img decoding=\"async\" class=\"soci_item_logo img-fluid\" src=\"https:\/\/www.clusteraudiovisual.cat\/wp-content\/uploads\/2025\/02\/LogoSoci_FlopWork.jpg\" alt=\"Flop Work\" title=\"Flop Work\" \/><\/div>\r\n                        <h3 class=\"cav_fancy_title\" data-selectable=\"true\">Flop Work<\/h3>\r\n                        <p class=\"cav_fancy_cat_actv\"><span>Comunicaci\u00f3n<\/span><span>Experiencias Inmersivas<\/span><span>Publicidad<\/span><span>Tecnolog\u00eda<\/span><\/p>\r\n                        <p class=\"cav_fancy_cat_serv\">Artes Visuales<span class=\"separador_cats\">|<\/span>Eventos<span class=\"separador_cats\">|<\/span>Exposiciones<span class=\"separador_cats\">|<\/span>Mapping<span class=\"separador_cats\">|<\/span>Muse\u00edstica<span class=\"separador_cats\">|<\/span>Realidad Virtual<span class=\"separador_cats\"<\/p>\r\n                        <p class=\"cav_fancy_description border-bottom\">Crean, desarrollan y construyen proyectos de comunicaci\u00f3n para marcas, agencias e instituciones, fusionando arte, creatividad y la \u00faltima tecnolog\u00eda.<\/p>\r\n                        <div class=\"cav_fancy_adress\"><div class=\"col-12 col-lg-3 mb-3\">C\/ Brusel\u00b7les, 67-69<\/div>\n<div class=\"col-12 col-lg-3 d-flex flex-column mb-3\">\n<p>08041, Barcelona<\/p>\n<p>931 056 631<\/p>\n<\/div>\n<p><a href=\"mailto:info@flopwork.com\">info@flopwork.com<\/a><\/p>\n<p><a href=\"https:\/\/flopwork.com\/ca\" target=\"_blank\" rel=\"noopener\">flopwork.com<\/a><\/p>\n<\/div>\r\n                        <p class=\"cav_fancy_social\">  <a target=\"_blank\" href=\"https:\/\/www.instagram.com\/flopwork\/\"><img decoding=\"async\" src=\"https:\/\/www.clusteraudiovisual.cat\/wp-content\/themes\/enfold-child\/img\/icon-instagram.png\" alt=\"Flop Work - Instagram\" \/><\/a> <a target=\"_blank\" href=\"https:\/\/vimeo.com\/flopwork\"><img decoding=\"async\" src=\"https:\/\/www.clusteraudiovisual.cat\/wp-content\/themes\/enfold-child\/img\/icon-youtube.png\" alt=\"Flop Work - Youtube\" \/><\/a> <a target=\"_blank\" href=\"https:\/\/www.linkedin.com\/company\/flop-work\"><img decoding=\"async\" src=\"https:\/\/www.clusteraudiovisual.cat\/wp-content\/themes\/enfold-child\/img\/icon-linkedin.png\" alt=\"Flop Work - Linkedin\" \/><\/a><\/p>\r\n                <\/div><img decoding=\"async\" class=\"soci_item_logo img-fluid\" src=\"https:\/\/www.clusteraudiovisual.cat\/wp-content\/uploads\/2025\/02\/LogoSoci_FlopWork.jpg\" alt=\"Flop Work\" title=\"Flop Work\" \/>\r\n                    <div class=\"soci_list_activ_container\" style=\"width: 100%;background: none;\">\r\n                               <p class=\"soci_list_activ mb-0\"><span>Comunicaci\u00f3n<\/span><span>Experiencias Inmersivas<\/span><span>Publicidad<\/span><span>Tecnolog\u00eda<\/span><\/p>\r\n                               <p class=\"soci_list_serv mb-0\">Artes Visuales<span class=\"separador_cats\">|<\/span>Eventos<span class=\"separador_cats\">|<\/span>Exposiciones<span class=\"separador_cats\">|<\/span>Mapping<span class=\"separador_cats\">|<\/span>Muse\u00edstica<span class=\"separador_cats\">|<\/span>Realidad Virtual<span class=\"separador_cats\"<\/p>\r\n                    <\/div>\r\n                <\/div><\/div><div data-title=\"fluendo tecnologia-es  digital-es inteligencia-artificial multimedia-es streaming-es tic-audiovisual-es \" data-actv=\"tecnologia-es \" data-serv=\"digital-es inteligencia-artificial multimedia-es streaming-es tic-audiovisual-es \" class=\"col-12 col-md-4 mb-4 border-bottom soci_box\"><div class=\"soci_item text-center\"><a class=\"soci_item_overlay\" data-fancybox=\"21795\" data-src=\"#selectableModal21795\" href=\"javascript:;\">Fluendo<\/a><div class=\"cav_fancy\" style=\"display: none;max-width:500px;\" id=\"selectableModal21795\">\r\n                        <div class=\"cav_fancy_logo text-center pb-4 border-bottom\"><img decoding=\"async\" class=\"soci_item_logo img-fluid\" src=\"https:\/\/www.clusteraudiovisual.cat\/wp-content\/uploads\/2022\/04\/LogoSoci_Fluendo.jpg\" alt=\"Fluendo\" title=\"Fluendo\" \/><\/div>\r\n                        <h3 class=\"cav_fancy_title\" data-selectable=\"true\">Fluendo<\/h3>\r\n                        <p class=\"cav_fancy_cat_actv\"><span>Tecnolog\u00eda<\/span><\/p>\r\n                        <p class=\"cav_fancy_cat_serv\">Digital<span class=\"separador_cats\">|<\/span>Inteligencia Artificial<span class=\"separador_cats\">|<\/span>Multimedia<span class=\"separador_cats\">|<\/span>Streaming<span class=\"separador_cats\">|<\/span>TIC Audiovisual<span class=\"separador_cats\"<\/p>\r\n                        <p class=\"cav_fancy_description border-bottom\">Desarrolladora de productos multimedia legales a partir de los dos frameworks m\u00e1s vers\u00e1tiles del mercado: GStreamer y FFmpeg. Contribuyen a la comunidad de programadores a nivel mundial y ayudan a las empresas a brindar la mejor experiencia multimedia a sus usuarios.<\/p>\r\n                        <div class=\"cav_fancy_adress\"><p>C\/ de Jordi Girona, 29<\/p>\n<p>Nexus II. Planta 1 &#8211; 1C<\/p>\n<p>08034, Barcelona<\/p>\n<p><span aria-label=\"Llamar al n\u00famero de tel\u00e9fono 936 03 42 35\">936 034 235<\/span><\/p>\n<p><a href=\"mailto:contact@fluendo.com\" target=\"_blank\" rel=\"noopener\">contact@fluendo.com<\/a><\/p>\n<p><a href=\"https:\/\/fluendo.com\/es\/\" target=\"_blank\" rel=\"noopener\">www.fluendo.com<\/a><\/p>\n<p>&nbsp;<\/p>\n<\/div>\r\n                        <p class=\"cav_fancy_social\"><a target=\"_blank\" href=\"https:\/\/twitter.com\/fluendo?lang=ca\"><img decoding=\"async\" src=\"https:\/\/www.clusteraudiovisual.cat\/wp-content\/themes\/enfold-child\/img\/twitter.png\" alt=\"Fluendo - Twitter\" \/><\/a> <a target=\"_blank\" href=\"https:\/\/es-la.facebook.com\/fluendo\/\"><img decoding=\"async\" src=\"https:\/\/www.clusteraudiovisual.cat\/wp-content\/themes\/enfold-child\/img\/facebook.png\" alt=\"Fluendo - Twitter\" \/><\/a>   <a target=\"_blank\" href=\"https:\/\/www.linkedin.com\/company\/fluendo\/?originalSubdomain=es\"><img decoding=\"async\" src=\"https:\/\/www.clusteraudiovisual.cat\/wp-content\/themes\/enfold-child\/img\/icon-linkedin.png\" alt=\"Fluendo - Linkedin\" \/><\/a><\/p>\r\n                <\/div><img decoding=\"async\" class=\"soci_item_logo img-fluid\" src=\"https:\/\/www.clusteraudiovisual.cat\/wp-content\/uploads\/2022\/04\/LogoSoci_Fluendo.jpg\" alt=\"Fluendo\" title=\"Fluendo\" \/>\r\n                    <div class=\"soci_list_activ_container\" style=\"width: 100%;background: none;\">\r\n                               <p class=\"soci_list_activ mb-0\"><span>Tecnolog\u00eda<\/span><\/p>\r\n                               <p class=\"soci_list_serv mb-0\">Digital<span class=\"separador_cats\">|<\/span>Inteligencia Artificial<span class=\"separador_cats\">|<\/span>Multimedia<span class=\"separador_cats\">|<\/span>Streaming<span class=\"separador_cats\">|<\/span>TIC Audiovisual<span class=\"separador_cats\"<\/p>\r\n                    <\/div>\r\n                <\/div><\/div><div data-title=\"fluge espais-audiovisuals-es integrated-systems-es servicios-es  alquiler-de-equipos-es congresos-es esdeveniments-es exposiciones-es festivales mapping-es museistica-es platos-es servicios-de-produccion \" data-actv=\"espais-audiovisuals-es integrated-systems-es servicios-es \" data-serv=\"alquiler-de-equipos-es congresos-es esdeveniments-es exposiciones-es festivales mapping-es museistica-es platos-es servicios-de-produccion \" class=\"col-12 col-md-4 mb-4 border-bottom soci_box\"><div class=\"soci_item text-center\"><a class=\"soci_item_overlay\" data-fancybox=\"48293\" data-src=\"#selectableModal48293\" href=\"javascript:;\">Fluge<\/a><div class=\"cav_fancy\" style=\"display: none;max-width:500px;\" id=\"selectableModal48293\">\r\n                        <div class=\"cav_fancy_logo text-center pb-4 border-bottom\"><img decoding=\"async\" class=\"soci_item_logo img-fluid\" src=\"https:\/\/www.clusteraudiovisual.cat\/wp-content\/uploads\/2025\/04\/LogoSoci_Fluge.jpg\" alt=\"Fluge\" title=\"Fluge\" \/><\/div>\r\n                        <h3 class=\"cav_fancy_title\" data-selectable=\"true\">Fluge<\/h3>\r\n                        <p class=\"cav_fancy_cat_actv\"><span>Espacios Audiovisuales<\/span><span>Integrated Systems<\/span><span>Servicios<\/span><\/p>\r\n                        <p class=\"cav_fancy_cat_serv\">Alquiler de equipos<span class=\"separador_cats\">|<\/span>Congresos<span class=\"separador_cats\">|<\/span>Eventos<span class=\"separador_cats\">|<\/span>Exposiciones<span class=\"separador_cats\">|<\/span>Festivales<span class=\"separador_cats\">|<\/span>Mapping<span class=\"separador_cats\">|<\/span>Muse\u00edstica<span class=\"separador_cats\">|<\/span>Plat\u00f3s<span class=\"separador_cats\">|<\/span>Servicios de producci\u00f3n<span class=\"separador_cats\"<\/p>\r\n                        <p class=\"cav_fancy_description border-bottom\">Con ma\u0301s de 30 an\u0303os de trayectoria, li\u0301der en el territorio espan\u0303ol y situada entre las 4 empresas del ramo ma\u0301s importantes de Europa, cuenta con el mejor equipamiento audiovisual de u\u0301ltima generacio\u0301n y en constante renovacio\u0301n de sonido, iluminacio\u0301n y vi\u0301deo para eventos corporativos, ferias y congresos, teatro, musicales, galas de premios, televisio\u0301n, giras, festivales, recintos, instalaciones audiovisuales y produccio\u0301n te\u0301cnica.<\/p>\r\n                        <div class=\"cav_fancy_adress\"><p>C\/ de Murcia, 67 Pol. Can Calder\u00f3n<\/p>\n<p>08830, Sant Boi de Llobregat<\/p>\n<p>932 239 188<\/p>\n<p><a href=\"mailto:barcelona@fluge.es\">barcelona@fluge.es<\/a><\/p>\n<p><a href=\"https:\/\/fluge.es\/\" target=\"_blank\" rel=\"noopener\">fluge.es<\/a><\/p>\n<\/div>\r\n                        <p class=\"cav_fancy_social\"><a target=\"_blank\" href=\"https:\/\/x.com\/Fluge_AV\"><img decoding=\"async\" src=\"https:\/\/www.clusteraudiovisual.cat\/wp-content\/themes\/enfold-child\/img\/twitter.png\" alt=\"Fluge - Twitter\" \/><\/a>  <a target=\"_blank\" href=\"https:\/\/www.instagram.com\/fluge_av\/\"><img decoding=\"async\" src=\"https:\/\/www.clusteraudiovisual.cat\/wp-content\/themes\/enfold-child\/img\/icon-instagram.png\" alt=\"Fluge - Instagram\" \/><\/a> <a target=\"_blank\" href=\"https:\/\/www.youtube.com\/@flugeaudiovisuales\"><img decoding=\"async\" src=\"https:\/\/www.clusteraudiovisual.cat\/wp-content\/themes\/enfold-child\/img\/icon-youtube.png\" alt=\"Fluge - Youtube\" \/><\/a> <a target=\"_blank\" href=\"https:\/\/www.linkedin.com\/company\/fluge\/\"><img decoding=\"async\" src=\"https:\/\/www.clusteraudiovisual.cat\/wp-content\/themes\/enfold-child\/img\/icon-linkedin.png\" alt=\"Fluge - Linkedin\" \/><\/a><\/p>\r\n                <\/div><img decoding=\"async\" class=\"soci_item_logo img-fluid\" src=\"https:\/\/www.clusteraudiovisual.cat\/wp-content\/uploads\/2025\/04\/LogoSoci_Fluge.jpg\" alt=\"Fluge\" title=\"Fluge\" \/>\r\n                    <div class=\"soci_list_activ_container\" style=\"width: 100%;background: none;\">\r\n                               <p class=\"soci_list_activ mb-0\"><span>Espacios Audiovisuales<\/span><span>Integrated Systems<\/span><span>Servicios<\/span><\/p>\r\n                               <p class=\"soci_list_serv mb-0\">Alquiler de equipos<span class=\"separador_cats\">|<\/span>Congresos<span class=\"separador_cats\">|<\/span>Eventos<span class=\"separador_cats\">|<\/span>Exposiciones<span class=\"separador_cats\">|<\/span>Festivales<span class=\"separador_cats\">|<\/span>Mapping<span class=\"separador_cats\">|<\/span>Muse\u00edstica<span class=\"separador_cats\">|<\/span>Plat\u00f3s<span class=\"separador_cats\">|<\/span>Servicios de producci\u00f3n<span class=\"separador_cats\"<\/p>\r\n                    <\/div>\r\n                <\/div><\/div><div data-title=\"focus tv  038 films integrated-systems-es produccion-es publicidad-es servicios-es  ficcion instalaciones-es \" data-actv=\"integrated-systems-es produccion-es publicidad-es servicios-es \" data-serv=\"ficcion instalaciones-es \" class=\"col-12 col-md-4 mb-4 border-bottom soci_box\"><div class=\"soci_item text-center\"><a class=\"soci_item_overlay\" data-fancybox=\"8209\" data-src=\"#selectableModal8209\" href=\"javascript:;\">Focus TV&#038;FILMS<\/a><div class=\"cav_fancy\" style=\"display: none;max-width:500px;\" id=\"selectableModal8209\">\r\n                        <div class=\"cav_fancy_logo text-center pb-4 border-bottom\"><img decoding=\"async\" class=\"soci_item_logo img-fluid\" src=\"https:\/\/www.clusteraudiovisual.cat\/wp-content\/uploads\/2022\/11\/LogoSoci_Focus.jpg\" alt=\"Focus TV&#038;FILMS\" title=\"Focus TV&#038;FILMS\" \/><\/div>\r\n                        <h3 class=\"cav_fancy_title\" data-selectable=\"true\">Focus TV&#038;FILMS<\/h3>\r\n                        <p class=\"cav_fancy_cat_actv\"><span>Integrated Systems<\/span><span>Producci\u00f3n<\/span><span>Publicidad<\/span><span>Servicios<\/span><\/p>\r\n                        <p class=\"cav_fancy_cat_serv\">Ficci\u00f3n<span class=\"separador_cats\">|<\/span>Instalaciones<span class=\"separador_cats\"<\/p>\r\n                        <p class=\"cav_fancy_description border-bottom\">Divisi\u00f3n del Grup Focus que ofrece la creaci\u00f3n, gesti\u00f3n y producci\u00f3n audiovisual para proyectos nacionales e internacionales, enlazando los contenidos culturales dentro de los lenguajes audiovisuales.<\/p>\r\n                        <div class=\"cav_fancy_adress\"><p>C\/ \u00c0vila, 149 &#8211; 155<\/p>\n<p>08018, Barcelona<\/p>\n<p>933 097 538<\/p>\n<p><a href=\"mailto:infobcn@focus.cat\" target=\"_blank\" rel=\"noopener\">infobcn@focus.cat<\/a><\/p>\n<p><a href=\"https:\/\/www.focus.cat\/es\/tv-y-films\/\" target=\"_blank\" rel=\"noopener\">www.focus.cat<\/a><\/p>\n<\/div>\r\n                        <p class=\"cav_fancy_social\">  <a target=\"_blank\" href=\"https:\/\/www.instagram.com\/grupfocus_\/\"><img decoding=\"async\" src=\"https:\/\/www.clusteraudiovisual.cat\/wp-content\/themes\/enfold-child\/img\/icon-instagram.png\" alt=\"Focus TV&#038;FILMS - Instagram\" \/><\/a> <a target=\"_blank\" href=\"https:\/\/www.youtube.com\/channel\/UCHo1UBGWueryu2P-vn8CRXw\"><img decoding=\"async\" src=\"https:\/\/www.clusteraudiovisual.cat\/wp-content\/themes\/enfold-child\/img\/icon-youtube.png\" alt=\"Focus TV&#038;FILMS - Youtube\" \/><\/a> <a target=\"_blank\" href=\"https:\/\/www.linkedin.com\/company\/grup-focus\/\"><img decoding=\"async\" src=\"https:\/\/www.clusteraudiovisual.cat\/wp-content\/themes\/enfold-child\/img\/icon-linkedin.png\" alt=\"Focus TV&#038;FILMS - Linkedin\" \/><\/a><\/p>\r\n                <\/div><img decoding=\"async\" class=\"soci_item_logo img-fluid\" src=\"https:\/\/www.clusteraudiovisual.cat\/wp-content\/uploads\/2022\/11\/LogoSoci_Focus.jpg\" alt=\"Focus TV&#038;FILMS\" title=\"Focus TV&#038;FILMS\" \/>\r\n                    <div class=\"soci_list_activ_container\" style=\"width: 100%;background: none;\">\r\n                               <p class=\"soci_list_activ mb-0\"><span>Integrated Systems<\/span><span>Producci\u00f3n<\/span><span>Publicidad<\/span><span>Servicios<\/span><\/p>\r\n                               <p class=\"soci_list_serv mb-0\">Ficci\u00f3n<span class=\"separador_cats\">|<\/span>Instalaciones<span class=\"separador_cats\"<\/p>\r\n                    <\/div>\r\n                <\/div><\/div><div data-title=\"fosca films produccion-es television-es  digital-es ficcion formatos-tv-es infantil-es multiplataforma-es no-ficcion \" data-actv=\"produccion-es television-es \" data-serv=\"digital-es ficcion formatos-tv-es infantil-es multiplataforma-es no-ficcion \" class=\"col-12 col-md-4 mb-4 border-bottom soci_box\"><div class=\"soci_item text-center\"><a class=\"soci_item_overlay\" data-fancybox=\"8199\" data-src=\"#selectableModal8199\" href=\"javascript:;\">Fosca Films<\/a><div class=\"cav_fancy\" style=\"display: none;max-width:500px;\" id=\"selectableModal8199\">\r\n                        <div class=\"cav_fancy_logo text-center pb-4 border-bottom\"><img decoding=\"async\" class=\"soci_item_logo img-fluid\" src=\"https:\/\/www.clusteraudiovisual.cat\/wp-content\/uploads\/2019\/02\/FOSCA-FILMS-ON.jpg\" alt=\"Fosca Films\" title=\"Fosca Films\" \/><\/div>\r\n                        <h3 class=\"cav_fancy_title\" data-selectable=\"true\">Fosca Films<\/h3>\r\n                        <p class=\"cav_fancy_cat_actv\"><span>Producci\u00f3n<\/span><span>Televisi\u00f3n<\/span><\/p>\r\n                        <p class=\"cav_fancy_cat_serv\">Digital<span class=\"separador_cats\">|<\/span>Ficci\u00f3n<span class=\"separador_cats\">|<\/span>Formatos TV<span class=\"separador_cats\">|<\/span>Infantil<span class=\"separador_cats\">|<\/span>Multiplataforma<span class=\"separador_cats\">|<\/span>No ficci\u00f3n<span class=\"separador_cats\"<\/p>\r\n                        <p class=\"cav_fancy_description border-bottom\">Productora audiovisual de largometrajes, cortometrajes y televisi\u00f3n. Con un equipo de m\u00e1s de veinte a\u00f1os de experiencia, ofrecen servicios de preproducci\u00f3n, rodaje y postproducci\u00f3n. Tambi\u00e9n trabajan con marcas y agencias y con el sector musical y teatral.<\/p>\r\n                        <div class=\"cav_fancy_adress\"><p>C\/Pallars 85, 6\u00ba 6\u00aa<\/p>\n<p>08018, Barcelona<\/p>\n<p>936 395 437<\/p>\n<p><a href=\"mailto:foscafilms@foscafilms.net\" target=\"_blank\" rel=\"noopener\">foscafilms@foscafilms.net<\/a><\/p>\n<p><a href=\"http:\/\/www.foscafilms.net\/ca\/\" target=\"_blank\" rel=\"noopener\">www.foscafilms.net<\/a><\/p>\n<\/div>\r\n                        <p class=\"cav_fancy_social\"><a target=\"_blank\" href=\"https:\/\/twitter.com\/foscafilms\"><img decoding=\"async\" src=\"https:\/\/www.clusteraudiovisual.cat\/wp-content\/themes\/enfold-child\/img\/twitter.png\" alt=\"Fosca Films - Twitter\" \/><\/a> <a target=\"_blank\" href=\"https:\/\/www.facebook.com\/foscafilms\/\"><img decoding=\"async\" src=\"https:\/\/www.clusteraudiovisual.cat\/wp-content\/themes\/enfold-child\/img\/facebook.png\" alt=\"Fosca Films - Twitter\" \/><\/a>   <a target=\"_blank\" href=\"https:\/\/www.linkedin.com\/company\/foscafilms\/\"><img decoding=\"async\" src=\"https:\/\/www.clusteraudiovisual.cat\/wp-content\/themes\/enfold-child\/img\/icon-linkedin.png\" alt=\"Fosca Films - Linkedin\" \/><\/a><\/p>\r\n                <\/div><img decoding=\"async\" class=\"soci_item_logo img-fluid\" src=\"https:\/\/www.clusteraudiovisual.cat\/wp-content\/uploads\/2019\/02\/FOSCA-FILMS-ON.jpg\" alt=\"Fosca Films\" title=\"Fosca Films\" \/>\r\n                    <div class=\"soci_list_activ_container\" style=\"width: 100%;background: none;\">\r\n                               <p class=\"soci_list_activ mb-0\"><span>Producci\u00f3n<\/span><span>Televisi\u00f3n<\/span><\/p>\r\n                               <p class=\"soci_list_serv mb-0\">Digital<span class=\"separador_cats\">|<\/span>Ficci\u00f3n<span class=\"separador_cats\">|<\/span>Formatos TV<span class=\"separador_cats\">|<\/span>Infantil<span class=\"separador_cats\">|<\/span>Multiplataforma<span class=\"separador_cats\">|<\/span>No ficci\u00f3n<span class=\"separador_cats\"<\/p>\r\n                    <\/div>\r\n                <\/div><\/div><div data-title=\"framemov experiencias-inmersivas-es produccion-es publicidad-es servicios-es  instalaciones-es inteligencia-artificial mapping-es realidad-aumentada realidad-virtual servicios-de-produccion \" data-actv=\"experiencias-inmersivas-es produccion-es publicidad-es servicios-es \" data-serv=\"instalaciones-es inteligencia-artificial mapping-es realidad-aumentada realidad-virtual servicios-de-produccion \" class=\"col-12 col-md-4 mb-4 border-bottom soci_box\"><div class=\"soci_item text-center\"><a class=\"soci_item_overlay\" data-fancybox=\"40052\" data-src=\"#selectableModal40052\" href=\"javascript:;\">Framemov<\/a><div class=\"cav_fancy\" style=\"display: none;max-width:500px;\" id=\"selectableModal40052\">\r\n                        <div class=\"cav_fancy_logo text-center pb-4 border-bottom\"><img decoding=\"async\" class=\"soci_item_logo img-fluid\" src=\"https:\/\/www.clusteraudiovisual.cat\/wp-content\/uploads\/2024\/02\/LogoSoci_Framemov.jpg\" alt=\"Framemov\" title=\"Framemov\" \/><\/div>\r\n                        <h3 class=\"cav_fancy_title\" data-selectable=\"true\">Framemov<\/h3>\r\n                        <p class=\"cav_fancy_cat_actv\"><span>Experiencias Inmersivas<\/span><span>Producci\u00f3n<\/span><span>Publicidad<\/span><span>Servicios<\/span><\/p>\r\n                        <p class=\"cav_fancy_cat_serv\">Instalaciones<span class=\"separador_cats\">|<\/span>Inteligencia Artificial<span class=\"separador_cats\">|<\/span>Mapping<span class=\"separador_cats\">|<\/span>Realidad Aumentada<span class=\"separador_cats\">|<\/span>Realidad Virtual<span class=\"separador_cats\">|<\/span>Servicios de producci\u00f3n<span class=\"separador_cats\"<\/p>\r\n                        <p class=\"cav_fancy_description border-bottom\">Productora de contenidos audiovisuales inmersivos y para publicidad. Especializada en instalaciones inmersivas, producci\u00f3n virtual y v\u00eddeo mapping.<\/p>\r\n                        <div class=\"cav_fancy_adress\"><p>C\/ Joncar 19,<\/p>\n<p>08005, Barcelona<\/p>\n<p><a href=\"mailto:info@framemov.com\" target=\"_blank\" rel=\"noopener\">info@framemov.com<\/a><\/p>\n<p><a href=\"https:\/\/framemov.com\/\" target=\"_blank\" rel=\"noopener\">www.framemov.com<\/a><\/p>\n<p>&nbsp;<\/p>\n<\/div>\r\n                        <p class=\"cav_fancy_social\"> <a target=\"_blank\" href=\"https:\/\/www.facebook.com\/framemov\"><img decoding=\"async\" src=\"https:\/\/www.clusteraudiovisual.cat\/wp-content\/themes\/enfold-child\/img\/facebook.png\" alt=\"Framemov - Twitter\" \/><\/a> <a target=\"_blank\" href=\"https:\/\/www.instagram.com\/framemov\/\"><img decoding=\"async\" src=\"https:\/\/www.clusteraudiovisual.cat\/wp-content\/themes\/enfold-child\/img\/icon-instagram.png\" alt=\"Framemov - Instagram\" \/><\/a> <a target=\"_blank\" href=\"https:\/\/www.youtube.com\/channel\/UCpjfelkCmsNzHjDjI5FVAeQ\/featured\"><img decoding=\"async\" src=\"https:\/\/www.clusteraudiovisual.cat\/wp-content\/themes\/enfold-child\/img\/icon-youtube.png\" alt=\"Framemov - Youtube\" \/><\/a> <a target=\"_blank\" href=\"https:\/\/www.linkedin.com\/company\/framemov\/\"><img decoding=\"async\" src=\"https:\/\/www.clusteraudiovisual.cat\/wp-content\/themes\/enfold-child\/img\/icon-linkedin.png\" alt=\"Framemov - Linkedin\" \/><\/a><\/p>\r\n                <\/div><img decoding=\"async\" class=\"soci_item_logo img-fluid\" src=\"https:\/\/www.clusteraudiovisual.cat\/wp-content\/uploads\/2024\/02\/LogoSoci_Framemov.jpg\" alt=\"Framemov\" title=\"Framemov\" \/>\r\n                    <div class=\"soci_list_activ_container\" style=\"width: 100%;background: none;\">\r\n                               <p class=\"soci_list_activ mb-0\"><span>Experiencias Inmersivas<\/span><span>Producci\u00f3n<\/span><span>Publicidad<\/span><span>Servicios<\/span><\/p>\r\n                               <p class=\"soci_list_serv mb-0\">Instalaciones<span class=\"separador_cats\">|<\/span>Inteligencia Artificial<span class=\"separador_cats\">|<\/span>Mapping<span class=\"separador_cats\">|<\/span>Realidad Aumentada<span class=\"separador_cats\">|<\/span>Realidad Virtual<span class=\"separador_cats\">|<\/span>Servicios de producci\u00f3n<span class=\"separador_cats\"<\/p>\r\n                    <\/div>\r\n                <\/div><\/div><div data-title=\"fuera de campo producciones distribucion produccion-es servicios-es television-es  app-es ficcion \" data-actv=\"distribucion produccion-es servicios-es television-es \" data-serv=\"app-es ficcion \" class=\"col-12 col-md-4 mb-4 border-bottom soci_box\"><div class=\"soci_item text-center\"><a class=\"soci_item_overlay\" data-fancybox=\"8136\" data-src=\"#selectableModal8136\" href=\"javascript:;\">Fuera de Campo Producciones<\/a><div class=\"cav_fancy\" style=\"display: none;max-width:500px;\" id=\"selectableModal8136\">\r\n                        <div class=\"cav_fancy_logo text-center pb-4 border-bottom\"><img decoding=\"async\" class=\"soci_item_logo img-fluid\" src=\"https:\/\/www.clusteraudiovisual.cat\/wp-content\/uploads\/2016\/12\/Fuera-de-Campo.jpg\" alt=\"Fuera de Campo Producciones\" title=\"Fuera de Campo Producciones\" \/><\/div>\r\n                        <h3 class=\"cav_fancy_title\" data-selectable=\"true\">Fuera de Campo Producciones<\/h3>\r\n                        <p class=\"cav_fancy_cat_actv\"><span>Distribuci\u00f3n - Exhibici\u00f3n<\/span><span>Producci\u00f3n<\/span><span>Servicios<\/span><span>Televisi\u00f3n<\/span><\/p>\r\n                        <p class=\"cav_fancy_cat_serv\">App<span class=\"separador_cats\">|<\/span>Ficci\u00f3n<span class=\"separador_cats\"<\/p>\r\n                        <p class=\"cav_fancy_description border-bottom\">Productora audiovisual que trabaja en el desarrollo de proyectos de largometrajes y cortometrajes de ficci\u00f3n y documental. Adem\u00e1s, lo combina con la realizaci\u00f3n de servicios de v\u00eddeo, postproducci\u00f3n y comunicaci\u00f3n.<\/p>\r\n                        <div class=\"cav_fancy_adress\"><p>Av. de l&#8217;Estatut, 1 &#8211; 13<\/p>\n<p>08035, Barcelona<\/p>\n<p>681 947 470<\/p>\n<p><a href=\"mailto:info@fueradecampofilms.com\" target=\"_blank\" rel=\"noopener\">info@fueradecampofilms.com<\/a><\/p>\n<p><a href=\"https:\/\/www.fueradecampofilms.com\/\" target=\"_blank\" rel=\"noopener\">www.fueradecampofilms.com<\/a><\/p>\n<\/div>\r\n                        <p class=\"cav_fancy_social\"><a target=\"_blank\" href=\"https:\/\/twitter.com\/FueraCampoFilms\"><img decoding=\"async\" src=\"https:\/\/www.clusteraudiovisual.cat\/wp-content\/themes\/enfold-child\/img\/twitter.png\" alt=\"Fuera de Campo Producciones - Twitter\" \/><\/a> <a target=\"_blank\" href=\"https:\/\/www.facebook.com\/FueraCampoFilms\"><img decoding=\"async\" src=\"https:\/\/www.clusteraudiovisual.cat\/wp-content\/themes\/enfold-child\/img\/facebook.png\" alt=\"Fuera de Campo Producciones - Twitter\" \/><\/a> <a target=\"_blank\" href=\"https:\/\/www.instagram.com\/fueracampofilms\/\"><img decoding=\"async\" src=\"https:\/\/www.clusteraudiovisual.cat\/wp-content\/themes\/enfold-child\/img\/icon-instagram.png\" alt=\"Fuera de Campo Producciones - Instagram\" \/><\/a> <a target=\"_blank\" href=\"https:\/\/www.youtube.com\/user\/fueracampofilms\"><img decoding=\"async\" src=\"https:\/\/www.clusteraudiovisual.cat\/wp-content\/themes\/enfold-child\/img\/icon-youtube.png\" alt=\"Fuera de Campo Producciones - Youtube\" \/><\/a> <a target=\"_blank\" href=\"https:\/\/www.linkedin.com\/company\/fuera-de-campo-films\/\"><img decoding=\"async\" src=\"https:\/\/www.clusteraudiovisual.cat\/wp-content\/themes\/enfold-child\/img\/icon-linkedin.png\" alt=\"Fuera de Campo Producciones - Linkedin\" \/><\/a><\/p>\r\n                <\/div><img decoding=\"async\" class=\"soci_item_logo img-fluid\" src=\"https:\/\/www.clusteraudiovisual.cat\/wp-content\/uploads\/2016\/12\/Fuera-de-Campo.jpg\" alt=\"Fuera de Campo Producciones\" title=\"Fuera de Campo Producciones\" \/>\r\n                    <div class=\"soci_list_activ_container\" style=\"width: 100%;background: none;\">\r\n                               <p class=\"soci_list_activ mb-0\"><span>Distribuci\u00f3n - Exhibici\u00f3n<\/span><span>Producci\u00f3n<\/span><span>Servicios<\/span><span>Televisi\u00f3n<\/span><\/p>\r\n                               <p class=\"soci_list_serv mb-0\">App<span class=\"separador_cats\">|<\/span>Ficci\u00f3n<span class=\"separador_cats\"<\/p>\r\n                    <\/div>\r\n                <\/div><\/div><div data-title=\"fundacio del gran teatre del liceu distribucion  artes-escenicas-es plataformes-ott-es \" data-actv=\"distribucion \" data-serv=\"artes-escenicas-es plataformes-ott-es \" class=\"col-12 col-md-4 mb-4 border-bottom soci_box\"><div class=\"soci_item text-center\"><a class=\"soci_item_overlay\" data-fancybox=\"32443\" data-src=\"#selectableModal32443\" href=\"javascript:;\">Fundaci\u00f3 del Gran Teatre del Liceu<\/a><div class=\"cav_fancy\" style=\"display: none;max-width:500px;\" id=\"selectableModal32443\">\r\n                        <div class=\"cav_fancy_logo text-center pb-4 border-bottom\"><img decoding=\"async\" class=\"soci_item_logo img-fluid\" src=\"https:\/\/www.clusteraudiovisual.cat\/wp-content\/uploads\/2023\/05\/Logo_Soci_Liceu.jpg\" alt=\"Fundaci\u00f3 del Gran Teatre del Liceu\" title=\"Fundaci\u00f3 del Gran Teatre del Liceu\" \/><\/div>\r\n                        <h3 class=\"cav_fancy_title\" data-selectable=\"true\">Fundaci\u00f3 del Gran Teatre del Liceu<\/h3>\r\n                        <p class=\"cav_fancy_cat_actv\"><span>Distribuci\u00f3n - Exhibici\u00f3n<\/span><\/p>\r\n                        <p class=\"cav_fancy_cat_serv\">Artes Esc\u00e9nicas<span class=\"separador_cats\">|<\/span>Plataformas OTT<span class=\"separador_cats\"<\/p>\r\n                        <p class=\"cav_fancy_description border-bottom\">Fundaci\u00f3n privada sin \u00e1nimo de lucro dedicada a la actividad oper\u00edstica y que administra El Gran Teatre del Liceu, creado en 1847 en la Rambla de Barcelona. Liceu+ es su plataforma OTT desde la que los espectadores pueden disfrutar de \u00f3peras, conciertos y podcasts en alta calidad.<\/p>\r\n                        <div class=\"cav_fancy_adress\"><p>La Rambla, 51 &#8211; 59<\/p>\n<p>08002, Barcelona<\/p>\n<p>934 859 900<\/p>\n<p><a href=\"https:\/\/www.liceubarcelona.cat\/ca\/fundacio-del-gran-teatre-del-liceu\" target=\"_blank\" rel=\"noopener\">www.liceubarcelona.cat<\/a><\/p>\n<\/div>\r\n                        <p class=\"cav_fancy_social\"><a target=\"_blank\" href=\"https:\/\/twitter.com\/Liceu_cat\/\"><img decoding=\"async\" src=\"https:\/\/www.clusteraudiovisual.cat\/wp-content\/themes\/enfold-child\/img\/twitter.png\" alt=\"Fundaci\u00f3 del Gran Teatre del Liceu - Twitter\" \/><\/a> <a target=\"_blank\" href=\"https:\/\/www.facebook.com\/liceu\"><img decoding=\"async\" src=\"https:\/\/www.clusteraudiovisual.cat\/wp-content\/themes\/enfold-child\/img\/facebook.png\" alt=\"Fundaci\u00f3 del Gran Teatre del Liceu - Twitter\" \/><\/a> <a target=\"_blank\" href=\"https:\/\/www.instagram.com\/liceu_opera_barcelona\/\"><img decoding=\"async\" src=\"https:\/\/www.clusteraudiovisual.cat\/wp-content\/themes\/enfold-child\/img\/icon-instagram.png\" alt=\"Fundaci\u00f3 del Gran Teatre del Liceu - Instagram\" \/><\/a> <a target=\"_blank\" href=\"https:\/\/www.youtube.com\/user\/LiceuOperaBarcelona\"><img decoding=\"async\" src=\"https:\/\/www.clusteraudiovisual.cat\/wp-content\/themes\/enfold-child\/img\/icon-youtube.png\" alt=\"Fundaci\u00f3 del Gran Teatre del Liceu - Youtube\" \/><\/a> <\/p>\r\n                <\/div><img decoding=\"async\" class=\"soci_item_logo img-fluid\" src=\"https:\/\/www.clusteraudiovisual.cat\/wp-content\/uploads\/2023\/05\/Logo_Soci_Liceu.jpg\" alt=\"Fundaci\u00f3 del Gran Teatre del Liceu\" title=\"Fundaci\u00f3 del Gran Teatre del Liceu\" \/>\r\n                    <div class=\"soci_list_activ_container\" style=\"width: 100%;background: none;\">\r\n                               <p class=\"soci_list_activ mb-0\"><span>Distribuci\u00f3n - Exhibici\u00f3n<\/span><\/p>\r\n                               <p class=\"soci_list_serv mb-0\">Artes Esc\u00e9nicas<span class=\"separador_cats\">|<\/span>Plataformas OTT<span class=\"separador_cats\"<\/p>\r\n                    <\/div>\r\n                <\/div><\/div><div data-title=\"fundacio la caixa comunicacio-es distribucion formacio-es  artes-escenicas-es artes-visuales-es museistica-es plataformes-ott-es \" data-actv=\"comunicacio-es distribucion formacio-es \" data-serv=\"artes-escenicas-es artes-visuales-es museistica-es plataformes-ott-es \" class=\"col-12 col-md-4 mb-4 border-bottom soci_box\"><div class=\"soci_item text-center\"><a class=\"soci_item_overlay\" data-fancybox=\"17975\" data-src=\"#selectableModal17975\" href=\"javascript:;\">Fundaci\u00f3 la Caixa<\/a><div class=\"cav_fancy\" style=\"display: none;max-width:500px;\" id=\"selectableModal17975\">\r\n                        <div class=\"cav_fancy_logo text-center pb-4 border-bottom\"><img decoding=\"async\" class=\"soci_item_logo img-fluid\" src=\"https:\/\/www.clusteraudiovisual.cat\/wp-content\/uploads\/2021\/12\/Logo_FLC_V_Color_CAT.jpg\" alt=\"Fundaci\u00f3 la Caixa\" title=\"Fundaci\u00f3 la Caixa\" \/><\/div>\r\n                        <h3 class=\"cav_fancy_title\" data-selectable=\"true\">Fundaci\u00f3 la Caixa<\/h3>\r\n                        <p class=\"cav_fancy_cat_actv\"><span>Comunicaci\u00f3n<\/span><span>Distribuci\u00f3n - Exhibici\u00f3n<\/span><span>Formaci\u00f3n<\/span><\/p>\r\n                        <p class=\"cav_fancy_cat_serv\">Artes Esc\u00e9nicas<span class=\"separador_cats\">|<\/span>Artes Visuales<span class=\"separador_cats\">|<\/span>Muse\u00edstica<span class=\"separador_cats\">|<\/span>Plataformas OTT<span class=\"separador_cats\"<\/p>\r\n                        <p class=\"cav_fancy_description border-bottom\">Fundaci\u00f3n que gestiona la obra social \"la Caixa\", que apuesta por la educaci\u00f3n, la cultura y la investigaci\u00f3n como motores de progreso.<\/p>\r\n                        <div class=\"cav_fancy_adress\"><p>Avd. Diagonal 621<\/p>\n<p>08028, Barcelona<\/p>\n<p>934 046 093<\/p>\n<p><a href=\"mailto:info@fundacionlacaixa.org\" target=\"_blank\" rel=\"noopener\">info@fundacionlacaixa.org<\/a><\/p>\n<p><a href=\"https:\/\/fundacionlacaixa.org\/ca\/\" target=\"_blank\" rel=\"noopener\">www.fundacionlacaixa.org<\/a><\/p>\n<\/div>\r\n                        <p class=\"cav_fancy_social\"><a target=\"_blank\" href=\"https:\/\/twitter.com\/FundlaCaixa\/?lang=ca\"><img decoding=\"async\" src=\"https:\/\/www.clusteraudiovisual.cat\/wp-content\/themes\/enfold-child\/img\/twitter.png\" alt=\"Fundaci\u00f3 la Caixa - Twitter\" \/><\/a> <a target=\"_blank\" href=\"https:\/\/ca-es.facebook.com\/fundlacaixa\"><img decoding=\"async\" src=\"https:\/\/www.clusteraudiovisual.cat\/wp-content\/themes\/enfold-child\/img\/facebook.png\" alt=\"Fundaci\u00f3 la Caixa - Twitter\" \/><\/a> <a target=\"_blank\" href=\"https:\/\/www.instagram.com\/fundlacaixa\/\"><img decoding=\"async\" src=\"https:\/\/www.clusteraudiovisual.cat\/wp-content\/themes\/enfold-child\/img\/icon-instagram.png\" alt=\"Fundaci\u00f3 la Caixa - Instagram\" \/><\/a> <a target=\"_blank\" href=\"https:\/\/www.youtube.com\/fundaciolacaixa\"><img decoding=\"async\" src=\"https:\/\/www.clusteraudiovisual.cat\/wp-content\/themes\/enfold-child\/img\/icon-youtube.png\" alt=\"Fundaci\u00f3 la Caixa - Youtube\" \/><\/a> <a target=\"_blank\" href=\"https:\/\/www.linkedin.com\/company\/fundlacaixa\"><img decoding=\"async\" src=\"https:\/\/www.clusteraudiovisual.cat\/wp-content\/themes\/enfold-child\/img\/icon-linkedin.png\" alt=\"Fundaci\u00f3 la Caixa - Linkedin\" \/><\/a><\/p>\r\n                <\/div><img decoding=\"async\" class=\"soci_item_logo img-fluid\" src=\"https:\/\/www.clusteraudiovisual.cat\/wp-content\/uploads\/2021\/12\/Logo_FLC_V_Color_CAT.jpg\" alt=\"Fundaci\u00f3 la Caixa\" title=\"Fundaci\u00f3 la Caixa\" \/>\r\n                    <div class=\"soci_list_activ_container\" style=\"width: 100%;background: none;\">\r\n                               <p class=\"soci_list_activ mb-0\"><span>Comunicaci\u00f3n<\/span><span>Distribuci\u00f3n - Exhibici\u00f3n<\/span><span>Formaci\u00f3n<\/span><\/p>\r\n                               <p class=\"soci_list_serv mb-0\">Artes Esc\u00e9nicas<span class=\"separador_cats\">|<\/span>Artes Visuales<span class=\"separador_cats\">|<\/span>Muse\u00edstica<span class=\"separador_cats\">|<\/span>Plataformas OTT<span class=\"separador_cats\"<\/p>\r\n                    <\/div>\r\n                <\/div><\/div><div data-title=\"fundacion epica la fura dels baus distribucion formacio-es produccion-es tecnologia-es  app-es artes-escenicas-es congresos-es digital-es esdeveniments-es exposiciones-es instalaciones-es multimedia-es parques-tecnologicos plataformes-virtuales-es salud-es tic-audiovisual-es \" data-actv=\"distribucion formacio-es produccion-es tecnologia-es \" data-serv=\"app-es artes-escenicas-es congresos-es digital-es esdeveniments-es exposiciones-es instalaciones-es multimedia-es parques-tecnologicos plataformes-virtuales-es salud-es tic-audiovisual-es \" class=\"col-12 col-md-4 mb-4 border-bottom soci_box\"><div class=\"soci_item text-center\"><a class=\"soci_item_overlay\" data-fancybox=\"8226\" data-src=\"#selectableModal8226\" href=\"javascript:;\">Fundaci\u00f3n \u00c8pica La Fura dels Baus<\/a><div class=\"cav_fancy\" style=\"display: none;max-width:500px;\" id=\"selectableModal8226\">\r\n                        <div class=\"cav_fancy_logo text-center pb-4 border-bottom\"><img decoding=\"async\" class=\"soci_item_logo img-fluid\" src=\"https:\/\/www.clusteraudiovisual.cat\/wp-content\/uploads\/2020\/08\/53.epica-logo-cas-1-2.jpg\" alt=\"Fundaci\u00f3n \u00c8pica La Fura dels Baus\" title=\"Fundaci\u00f3n \u00c8pica La Fura dels Baus\" \/><\/div>\r\n                        <h3 class=\"cav_fancy_title\" data-selectable=\"true\">Fundaci\u00f3n \u00c8pica La Fura dels Baus<\/h3>\r\n                        <p class=\"cav_fancy_cat_actv\"><span>Distribuci\u00f3n - Exhibici\u00f3n<\/span><span>Formaci\u00f3n<\/span><span>Producci\u00f3n<\/span><span>Tecnolog\u00eda<\/span><\/p>\r\n                        <p class=\"cav_fancy_cat_serv\">App<span class=\"separador_cats\">|<\/span>Artes Esc\u00e9nicas<span class=\"separador_cats\">|<\/span>Congresos<span class=\"separador_cats\">|<\/span>Digital<span class=\"separador_cats\">|<\/span>Eventos<span class=\"separador_cats\">|<\/span>Exposiciones<span class=\"separador_cats\">|<\/span>Instalaciones<span class=\"separador_cats\">|<\/span>Multimedia<span class=\"separador_cats\">|<\/span>Parques tecnol\u00f3gicos<span class=\"separador_cats\">|<\/span>Plataformes Virtuales<span class=\"separador_cats\">|<\/span>Salud<span class=\"separador_cats\">|<\/span>TIC Audiovisual<span class=\"separador_cats\"<\/p>\r\n                        <p class=\"cav_fancy_description border-bottom\">Entidad sin \u00e1nimo de lucro fruto de 40 a\u00f1os de experiencia de La Fura dels Baus. Ofrece un espacio de aprendizaje y creaci\u00f3n multidisciplinar en torno a las artes esc\u00e9nicas, estableciendo una relaci\u00f3n entre humanidades, arte, ciencia y tecnolog\u00eda.<\/p>\r\n                        <div class=\"cav_fancy_adress\"><p>C\/ d&#8217;Eduard Maristany, 293, Local C<\/p>\n<p>08912, Badalona<\/p>\n<p>680 610 419<\/p>\n<p><a href=\"mailto:info@fundacionepica.org\" target=\"_blank\" rel=\"noopener\">info@fundacionepica.org<\/a><\/p>\n<p><a href=\"https:\/\/fundacionepica.org\/ca\/\" target=\"_blank\" rel=\"noopener\">www.fundacionepica.org<\/a><\/p>\n<\/div>\r\n                        <p class=\"cav_fancy_social\"><a target=\"_blank\" href=\"https:\/\/twitter.com\/epicalafura\"><img decoding=\"async\" src=\"https:\/\/www.clusteraudiovisual.cat\/wp-content\/themes\/enfold-child\/img\/twitter.png\" alt=\"Fundaci\u00f3n \u00c8pica La Fura dels Baus - Twitter\" \/><\/a> <a target=\"_blank\" href=\"https:\/\/www.facebook.com\/epicalafuradelsbaus\/\"><img decoding=\"async\" src=\"https:\/\/www.clusteraudiovisual.cat\/wp-content\/themes\/enfold-child\/img\/facebook.png\" alt=\"Fundaci\u00f3n \u00c8pica La Fura dels Baus - Twitter\" \/><\/a> <a target=\"_blank\" href=\"https:\/\/www.instagram.com\/epicalafuradelsbaus\/\"><img decoding=\"async\" src=\"https:\/\/www.clusteraudiovisual.cat\/wp-content\/themes\/enfold-child\/img\/icon-instagram.png\" alt=\"Fundaci\u00f3n \u00c8pica La Fura dels Baus - Instagram\" \/><\/a> <a target=\"_blank\" href=\"https:\/\/www.youtube.com\/channel\/UCdL2mUcrfBmzd6M77QHK5IA\"><img decoding=\"async\" src=\"https:\/\/www.clusteraudiovisual.cat\/wp-content\/themes\/enfold-child\/img\/icon-youtube.png\" alt=\"Fundaci\u00f3n \u00c8pica La Fura dels Baus - Youtube\" \/><\/a> <a target=\"_blank\" href=\"https:\/\/www.linkedin.com\/company\/epicalafuradelsbaus\/\"><img decoding=\"async\" src=\"https:\/\/www.clusteraudiovisual.cat\/wp-content\/themes\/enfold-child\/img\/icon-linkedin.png\" alt=\"Fundaci\u00f3n \u00c8pica La Fura dels Baus - Linkedin\" \/><\/a><\/p>\r\n                <\/div><img decoding=\"async\" class=\"soci_item_logo img-fluid\" src=\"https:\/\/www.clusteraudiovisual.cat\/wp-content\/uploads\/2020\/08\/53.epica-logo-cas-1-2.jpg\" alt=\"Fundaci\u00f3n \u00c8pica La Fura dels Baus\" title=\"Fundaci\u00f3n \u00c8pica La Fura dels Baus\" \/>\r\n                    <div class=\"soci_list_activ_container\" style=\"width: 100%;background: none;\">\r\n                               <p class=\"soci_list_activ mb-0\"><span>Distribuci\u00f3n - Exhibici\u00f3n<\/span><span>Formaci\u00f3n<\/span><span>Producci\u00f3n<\/span><span>Tecnolog\u00eda<\/span><\/p>\r\n                               <p class=\"soci_list_serv mb-0\">App<span class=\"separador_cats\">|<\/span>Artes Esc\u00e9nicas<span class=\"separador_cats\">|<\/span>Congresos<span class=\"separador_cats\">|<\/span>Digital<span class=\"separador_cats\">|<\/span>Eventos<span class=\"separador_cats\">|<\/span>Exposiciones<span class=\"separador_cats\">|<\/span>Instalaciones<span class=\"separador_cats\">|<\/span>Multimedia<span class=\"separador_cats\">|<\/span>Parques tecnol\u00f3gicos<span class=\"separador_cats\">|<\/span>Plataformes Virtuales<span class=\"separador_cats\">|<\/span>Salud<span class=\"separador_cats\">|<\/span>TIC Audiovisual<span class=\"separador_cats\"<\/p>\r\n                    <\/div>\r\n                <\/div><\/div><div data-title=\"futura space experiencias-inmersivas-es tecnologia-es videojuego-es  digital-es metaverso-es multimedia-es realidad-aumentada realidad-virtual videojuegos \" data-actv=\"experiencias-inmersivas-es tecnologia-es videojuego-es \" data-serv=\"digital-es metaverso-es multimedia-es realidad-aumentada realidad-virtual videojuegos \" class=\"col-12 col-md-4 mb-4 border-bottom soci_box\"><div class=\"soci_item text-center\"><a class=\"soci_item_overlay\" data-fancybox=\"8168\" data-src=\"#selectableModal8168\" href=\"javascript:;\">Futura Space<\/a><div class=\"cav_fancy\" style=\"display: none;max-width:500px;\" id=\"selectableModal8168\">\r\n                        <div class=\"cav_fancy_logo text-center pb-4 border-bottom\"><img decoding=\"async\" class=\"soci_item_logo img-fluid\" src=\"https:\/\/www.clusteraudiovisual.cat\/wp-content\/uploads\/2018\/01\/54.futura-space2-2.jpg\" alt=\"Futura Space\" title=\"Futura Space\" \/><\/div>\r\n                        <h3 class=\"cav_fancy_title\" data-selectable=\"true\">Futura Space<\/h3>\r\n                        <p class=\"cav_fancy_cat_actv\"><span>Experiencias Inmersivas<\/span><span>Tecnolog\u00eda<\/span><span>Videojuego<\/span><\/p>\r\n                        <p class=\"cav_fancy_cat_serv\">Digital<span class=\"separador_cats\">|<\/span>Metaverso<span class=\"separador_cats\">|<\/span>Multimedia<span class=\"separador_cats\">|<\/span>Realidad Aumentada<span class=\"separador_cats\">|<\/span>Realidad Virtual<span class=\"separador_cats\">|<\/span>Videojuegos<span class=\"separador_cats\"<\/p>\r\n                        <p class=\"cav_fancy_description border-bottom\">Laboratorio creativo de I+D especializados en la creaci\u00f3n de experiencias y soluciones interactivas en realidad virtual, digital, gaming y multimedia, as\u00ed como en servicios de consultor\u00eda en entornos XR.<\/p>\r\n                        <div class=\"cav_fancy_adress\"><p>C\/ Llacuna 162 &#8211; 164<\/p>\n<p>08018, Barcelona<\/p>\n<p>932 448 023<\/p>\n<p><a href=\"mailto:hello@futura.space\" target=\"_blank\" rel=\"noopener\">hello@futura.space<\/a><\/p>\n<p><a href=\"https:\/\/www.futura.space\/es\/\" target=\"_blank\" rel=\"noopener\">www.futura.space<\/a><\/p>\n<\/div>\r\n                        <p class=\"cav_fancy_social\"><a target=\"_blank\" href=\"https:\/\/twitter.com\/futura_space\"><img decoding=\"async\" src=\"https:\/\/www.clusteraudiovisual.cat\/wp-content\/themes\/enfold-child\/img\/twitter.png\" alt=\"Futura Space - Twitter\" \/><\/a> <a target=\"_blank\" href=\"https:\/\/www.facebook.com\/futura.space\/\"><img decoding=\"async\" src=\"https:\/\/www.clusteraudiovisual.cat\/wp-content\/themes\/enfold-child\/img\/facebook.png\" alt=\"Futura Space - Twitter\" \/><\/a> <a target=\"_blank\" href=\"https:\/\/www.instagram.com\/futura.space\/\"><img decoding=\"async\" src=\"https:\/\/www.clusteraudiovisual.cat\/wp-content\/themes\/enfold-child\/img\/icon-instagram.png\" alt=\"Futura Space - Instagram\" \/><\/a> <a target=\"_blank\" href=\"https:\/\/www.youtube.com\/c\/FuturaSpace\"><img decoding=\"async\" src=\"https:\/\/www.clusteraudiovisual.cat\/wp-content\/themes\/enfold-child\/img\/icon-youtube.png\" alt=\"Futura Space - Youtube\" \/><\/a> <a target=\"_blank\" href=\"https:\/\/www.linkedin.com\/company\/futura-space\/\"><img decoding=\"async\" src=\"https:\/\/www.clusteraudiovisual.cat\/wp-content\/themes\/enfold-child\/img\/icon-linkedin.png\" alt=\"Futura Space - Linkedin\" \/><\/a><\/p>\r\n                <\/div><img decoding=\"async\" class=\"soci_item_logo img-fluid\" src=\"https:\/\/www.clusteraudiovisual.cat\/wp-content\/uploads\/2018\/01\/54.futura-space2-2.jpg\" alt=\"Futura Space\" title=\"Futura Space\" \/>\r\n                    <div class=\"soci_list_activ_container\" style=\"width: 100%;background: none;\">\r\n                               <p class=\"soci_list_activ mb-0\"><span>Experiencias Inmersivas<\/span><span>Tecnolog\u00eda<\/span><span>Videojuego<\/span><\/p>\r\n                               <p class=\"soci_list_serv mb-0\">Digital<span class=\"separador_cats\">|<\/span>Metaverso<span class=\"separador_cats\">|<\/span>Multimedia<span class=\"separador_cats\">|<\/span>Realidad Aumentada<span class=\"separador_cats\">|<\/span>Realidad Virtual<span class=\"separador_cats\">|<\/span>Videojuegos<span class=\"separador_cats\"<\/p>\r\n                    <\/div>\r\n                <\/div><\/div><div data-title=\"fx barcelona film school formacio-es videojuego-es  animacion-es escuelas-es fp-es produccion-virtual vfx-es videojuegos \" data-actv=\"formacio-es videojuego-es \" data-serv=\"animacion-es escuelas-es fp-es produccion-virtual vfx-es videojuegos \" class=\"col-12 col-md-4 mb-4 border-bottom soci_box\"><div class=\"soci_item text-center\"><a class=\"soci_item_overlay\" data-fancybox=\"8167\" data-src=\"#selectableModal8167\" href=\"javascript:;\">FX Barcelona Film School<\/a><div class=\"cav_fancy\" style=\"display: none;max-width:500px;\" id=\"selectableModal8167\">\r\n                        <div class=\"cav_fancy_logo text-center pb-4 border-bottom\"><img decoding=\"async\" class=\"soci_item_logo img-fluid\" src=\"https:\/\/www.clusteraudiovisual.cat\/wp-content\/uploads\/2023\/06\/LogoSoci_FX-Animation.jpg\" alt=\"FX Barcelona Film School\" title=\"FX Barcelona Film School\" \/><\/div>\r\n                        <h3 class=\"cav_fancy_title\" data-selectable=\"true\">FX Barcelona Film School<\/h3>\r\n                        <p class=\"cav_fancy_cat_actv\"><span>Formaci\u00f3n<\/span><span>Videojuego<\/span><\/p>\r\n                        <p class=\"cav_fancy_cat_serv\">Animaci\u00f3n<span class=\"separador_cats\">|<\/span>Escuelas<span class=\"separador_cats\">|<\/span>FP<span class=\"separador_cats\">|<\/span>Producci\u00f3n Virtual<span class=\"separador_cats\">|<\/span>Vfx<span class=\"separador_cats\">|<\/span>Videojuegos<span class=\"separador_cats\"<\/p>\r\n                        <p class=\"cav_fancy_description border-bottom\">Escuela de cine y artes digitales especializada en VFX, animaci\u00f3n, dise\u00f1o de personajes 2D\/3D, videojuegos, postproducci\u00f3n, motion graphics y concept art.<\/p>\r\n                        <div class=\"cav_fancy_adress\"><p>C\/ de Pujades, 112<\/p>\n<p>08005, Barcelona<\/p>\n<p>934 814 391<\/p>\n<p><a href=\"mailto:info@fxanimation.es\" target=\"_blank\" rel=\"noopener\">info@fxanimation.es<\/a><\/p>\n<p><a href=\"https:\/\/fxanimation.es\/ca\/cine-distribuidor\/\" target=\"_blank\" rel=\"noopener\">www.fxanimation.es<\/a><\/p>\n<\/div>\r\n                        <p class=\"cav_fancy_social\"><a target=\"_blank\" href=\"https:\/\/twitter.com\/fxanimation\"><img decoding=\"async\" src=\"https:\/\/www.clusteraudiovisual.cat\/wp-content\/themes\/enfold-child\/img\/twitter.png\" alt=\"FX Barcelona Film School - Twitter\" \/><\/a> <a target=\"_blank\" href=\"https:\/\/www.facebook.com\/FxAnimation\"><img decoding=\"async\" src=\"https:\/\/www.clusteraudiovisual.cat\/wp-content\/themes\/enfold-child\/img\/facebook.png\" alt=\"FX Barcelona Film School - Twitter\" \/><\/a>   <\/p>\r\n                <\/div><img decoding=\"async\" class=\"soci_item_logo img-fluid\" src=\"https:\/\/www.clusteraudiovisual.cat\/wp-content\/uploads\/2023\/06\/LogoSoci_FX-Animation.jpg\" alt=\"FX Barcelona Film School\" title=\"FX Barcelona Film School\" \/>\r\n                    <div class=\"soci_list_activ_container\" style=\"width: 100%;background: none;\">\r\n                               <p class=\"soci_list_activ mb-0\"><span>Formaci\u00f3n<\/span><span>Videojuego<\/span><\/p>\r\n                               <p class=\"soci_list_serv mb-0\">Animaci\u00f3n<span class=\"separador_cats\">|<\/span>Escuelas<span class=\"separador_cats\">|<\/span>FP<span class=\"separador_cats\">|<\/span>Producci\u00f3n Virtual<span class=\"separador_cats\">|<\/span>Vfx<span class=\"separador_cats\">|<\/span>Videojuegos<span class=\"separador_cats\"<\/p>\r\n                    <\/div>\r\n                <\/div><\/div><div data-title=\"g23 podcast-es postproduccion-es publicidad-es servicios-es television-es  doblaje-es ficcion locutores-es sonido \" data-actv=\"podcast-es postproduccion-es publicidad-es servicios-es television-es \" data-serv=\"doblaje-es ficcion locutores-es sonido \" class=\"col-12 col-md-4 mb-4 border-bottom soci_box\"><div class=\"soci_item text-center\"><a class=\"soci_item_overlay\" data-fancybox=\"13911\" data-src=\"#selectableModal13911\" href=\"javascript:;\">G23<\/a><div class=\"cav_fancy\" style=\"display: none;max-width:500px;\" id=\"selectableModal13911\">\r\n                        <div class=\"cav_fancy_logo text-center pb-4 border-bottom\"><img decoding=\"async\" class=\"soci_item_logo img-fluid\" src=\"https:\/\/www.clusteraudiovisual.cat\/wp-content\/uploads\/2021\/09\/logo-g23-2019-blanco.jpg\" alt=\"G23\" title=\"G23\" \/><\/div>\r\n                        <h3 class=\"cav_fancy_title\" data-selectable=\"true\">G23<\/h3>\r\n                        <p class=\"cav_fancy_cat_actv\"><span>Podcast<\/span><span>Postproducci\u00f3n<\/span><span>Publicidad<\/span><span>Servicios<\/span><span>Televisi\u00f3n<\/span><\/p>\r\n                        <p class=\"cav_fancy_cat_serv\">Doblaje<span class=\"separador_cats\">|<\/span>Ficci\u00f3n<span class=\"separador_cats\">|<\/span>Locutores<span class=\"separador_cats\">|<\/span>Sonido<span class=\"separador_cats\"<\/p>\r\n                        <p class=\"cav_fancy_description border-bottom\">Estudio de sonido especializado en postproducci\u00f3n y dise\u00f1o de sonido para televisi\u00f3n, publicidad, cine y podcast.<\/p>\r\n                        <div class=\"cav_fancy_adress\"><p>C\/ Nicaragua 48, 1\u00ba4\u00aa<\/p>\n<p>08029, Barcelona<\/p>\n<p>648 846 790<\/p>\n<p><a href=\"mailto:info@g23.es\" target=\"_blank\" rel=\"noopener\">info@g23.es<\/a><\/p>\n<p><a href=\"https:\/\/www.g23.es\/\" target=\"_blank\" rel=\"noopener\">www.g23.es<\/a><\/p>\n<\/div>\r\n                        <p class=\"cav_fancy_social\"> <a target=\"_blank\" href=\"https:\/\/www.facebook.com\/g23soundstudio\/\"><img decoding=\"async\" src=\"https:\/\/www.clusteraudiovisual.cat\/wp-content\/themes\/enfold-child\/img\/facebook.png\" alt=\"G23 - Twitter\" \/><\/a> <a target=\"_blank\" href=\"https:\/\/www.instagram.com\/g23_sound_studio\/\"><img decoding=\"async\" src=\"https:\/\/www.clusteraudiovisual.cat\/wp-content\/themes\/enfold-child\/img\/icon-instagram.png\" alt=\"G23 - Instagram\" \/><\/a>  <a target=\"_blank\" href=\"https:\/\/www.linkedin.com\/company\/-g23-\/\"><img decoding=\"async\" src=\"https:\/\/www.clusteraudiovisual.cat\/wp-content\/themes\/enfold-child\/img\/icon-linkedin.png\" alt=\"G23 - Linkedin\" \/><\/a><\/p>\r\n                <\/div><img decoding=\"async\" class=\"soci_item_logo img-fluid\" src=\"https:\/\/www.clusteraudiovisual.cat\/wp-content\/uploads\/2021\/09\/logo-g23-2019-blanco.jpg\" alt=\"G23\" title=\"G23\" \/>\r\n                    <div class=\"soci_list_activ_container\" style=\"width: 100%;background: none;\">\r\n                               <p class=\"soci_list_activ mb-0\"><span>Podcast<\/span><span>Postproducci\u00f3n<\/span><span>Publicidad<\/span><span>Servicios<\/span><span>Televisi\u00f3n<\/span><\/p>\r\n                               <p class=\"soci_list_serv mb-0\">Doblaje<span class=\"separador_cats\">|<\/span>Ficci\u00f3n<span class=\"separador_cats\">|<\/span>Locutores<span class=\"separador_cats\">|<\/span>Sonido<span class=\"separador_cats\"<\/p>\r\n                    <\/div>\r\n                <\/div><\/div><div data-title=\"gameloft comunicacio-es publicidad-es videojuego-es  videojuegos \" data-actv=\"comunicacio-es publicidad-es videojuego-es \" data-serv=\"videojuegos \" class=\"col-12 col-md-4 mb-4 border-bottom soci_box\"><div class=\"soci_item text-center\"><a class=\"soci_item_overlay\" data-fancybox=\"47291\" data-src=\"#selectableModal47291\" href=\"javascript:;\">Gameloft<\/a><div class=\"cav_fancy\" style=\"display: none;max-width:500px;\" id=\"selectableModal47291\">\r\n                        <div class=\"cav_fancy_logo text-center pb-4 border-bottom\"><img decoding=\"async\" class=\"soci_item_logo img-fluid\" src=\"https:\/\/www.clusteraudiovisual.cat\/wp-content\/uploads\/2025\/02\/LogoSoci_Gameloft.jpg\" alt=\"Gameloft\" title=\"Gameloft\" \/><\/div>\r\n                        <h3 class=\"cav_fancy_title\" data-selectable=\"true\">Gameloft<\/h3>\r\n                        <p class=\"cav_fancy_cat_actv\"><span>Comunicaci\u00f3n<\/span><span>Publicidad<\/span><span>Videojuego<\/span><\/p>\r\n                        <p class=\"cav_fancy_cat_serv\">Videojuegos<span class=\"separador_cats\"<\/p>\r\n                        <p class=\"cav_fancy_description border-bottom\">Estudio de desarrollo de videojuegos internacional. Gameloft Barcelona lleva casi dos d\u00e9cadas desarrollando juegos. Como creador de \"Asphalt 9: Legends\", una de las franquicias insignias de la compa\u00f1\u00eda, y de \"Disney Speedstorm\", el estudio est\u00e1 en constante evoluci\u00f3n y adaptaci\u00f3n para ofrecer sus juegos a todas las plataformas.<\/p>\r\n                        <div class=\"cav_fancy_adress\"><p>C\/ De N\u00e0pols, 249<\/p>\n<p>08013, Barcelona<\/p>\n<p><a href=\"https:\/\/www.gameloft.com\/\" target=\"_blank\" rel=\"noopener\">gameloft.com<\/a><\/p>\n<\/div>\r\n                        <p class=\"cav_fancy_social\"><a target=\"_blank\" href=\"https:\/\/x.com\/gameloft\"><img decoding=\"async\" src=\"https:\/\/www.clusteraudiovisual.cat\/wp-content\/themes\/enfold-child\/img\/twitter.png\" alt=\"Gameloft - Twitter\" \/><\/a> <a target=\"_blank\" href=\"https:\/\/www.facebook.com\/gameloft\/\"><img decoding=\"async\" src=\"https:\/\/www.clusteraudiovisual.cat\/wp-content\/themes\/enfold-child\/img\/facebook.png\" alt=\"Gameloft - Twitter\" \/><\/a> <a target=\"_blank\" href=\"https:\/\/www.instagram.com\/gameloft\/#\"><img decoding=\"async\" src=\"https:\/\/www.clusteraudiovisual.cat\/wp-content\/themes\/enfold-child\/img\/icon-instagram.png\" alt=\"Gameloft - Instagram\" \/><\/a> <a target=\"_blank\" href=\"https:\/\/www.youtube.com\/user\/gameloft\"><img decoding=\"async\" src=\"https:\/\/www.clusteraudiovisual.cat\/wp-content\/themes\/enfold-child\/img\/icon-youtube.png\" alt=\"Gameloft - Youtube\" \/><\/a> <a target=\"_blank\" href=\"https:\/\/www.linkedin.com\/company\/gameloft\"><img decoding=\"async\" src=\"https:\/\/www.clusteraudiovisual.cat\/wp-content\/themes\/enfold-child\/img\/icon-linkedin.png\" alt=\"Gameloft - Linkedin\" \/><\/a><\/p>\r\n                <\/div><img decoding=\"async\" class=\"soci_item_logo img-fluid\" src=\"https:\/\/www.clusteraudiovisual.cat\/wp-content\/uploads\/2025\/02\/LogoSoci_Gameloft.jpg\" alt=\"Gameloft\" title=\"Gameloft\" \/>\r\n                    <div class=\"soci_list_activ_container\" style=\"width: 100%;background: none;\">\r\n                               <p class=\"soci_list_activ mb-0\"><span>Comunicaci\u00f3n<\/span><span>Publicidad<\/span><span>Videojuego<\/span><\/p>\r\n                               <p class=\"soci_list_serv mb-0\">Videojuegos<span class=\"separador_cats\"<\/p>\r\n                    <\/div>\r\n                <\/div><\/div><div data-title=\"gazpacho postproduccion-es  digital-es diseno-es vfx-es \" data-actv=\"postproduccion-es \" data-serv=\"digital-es diseno-es vfx-es \" class=\"col-12 col-md-4 mb-4 border-bottom soci_box\"><div class=\"soci_item text-center\"><a class=\"soci_item_overlay\" data-fancybox=\"39375\" data-src=\"#selectableModal39375\" href=\"javascript:;\">Gazpacho<\/a><div class=\"cav_fancy\" style=\"display: none;max-width:500px;\" id=\"selectableModal39375\">\r\n                        <div class=\"cav_fancy_logo text-center pb-4 border-bottom\"><img decoding=\"async\" class=\"soci_item_logo img-fluid\" src=\"https:\/\/www.clusteraudiovisual.cat\/wp-content\/uploads\/2024\/01\/LogoSoci_Gazpacho.jpg\" alt=\"Gazpacho\" title=\"Gazpacho\" \/><\/div>\r\n                        <h3 class=\"cav_fancy_title\" data-selectable=\"true\">Gazpacho<\/h3>\r\n                        <p class=\"cav_fancy_cat_actv\"><span>Postproducci\u00f3n<\/span><\/p>\r\n                        <p class=\"cav_fancy_cat_serv\">Digital<span class=\"separador_cats\">|<\/span>Dise\u00f1o<span class=\"separador_cats\">|<\/span>Vfx<span class=\"separador_cats\"<\/p>\r\n                        <p class=\"cav_fancy_description border-bottom\">Empresa de postproducci\u00f3n, dise\u00f1o y VFX, producto digital y dise\u00f1o de t\u00edtulos.<\/p>\r\n                        <div class=\"cav_fancy_adress\"><p>C\/ Oriol Mestres 1, loc 3<\/p>\n<p>08034, Barcelona<\/p>\n<p>932 661 349<\/p>\n<p><a href=\"mailto:info@gazpachostudio.com\">info@gazpachostudio.com<\/a><\/p>\n<p><a href=\"https:\/\/www.gazpachostudio.com\/\" target=\"_blank\" rel=\"noopener\">www.gazpachostudio.com<\/a><\/p>\n<\/div>\r\n                        <p class=\"cav_fancy_social\">    <\/p>\r\n                <\/div><img decoding=\"async\" class=\"soci_item_logo img-fluid\" src=\"https:\/\/www.clusteraudiovisual.cat\/wp-content\/uploads\/2024\/01\/LogoSoci_Gazpacho.jpg\" alt=\"Gazpacho\" title=\"Gazpacho\" \/>\r\n                    <div class=\"soci_list_activ_container\" style=\"width: 100%;background: none;\">\r\n                               <p class=\"soci_list_activ mb-0\"><span>Postproducci\u00f3n<\/span><\/p>\r\n                               <p class=\"soci_list_serv mb-0\">Digital<span class=\"separador_cats\">|<\/span>Dise\u00f1o<span class=\"separador_cats\">|<\/span>Vfx<span class=\"separador_cats\"<\/p>\r\n                    <\/div>\r\n                <\/div><\/div><div data-title=\"gestmusic formacio-es produccion-es television-es videojuego-es  e-sports-es ficcion formatos-tv-es influencers-es no-ficcion videojuegos \" data-actv=\"formacio-es produccion-es television-es videojuego-es \" data-serv=\"e-sports-es ficcion formatos-tv-es influencers-es no-ficcion videojuegos \" class=\"col-12 col-md-4 mb-4 border-bottom soci_box\"><div class=\"soci_item text-center\"><a class=\"soci_item_overlay\" data-fancybox=\"7993\" data-src=\"#selectableModal7993\" href=\"javascript:;\">Gestmusic<\/a><div class=\"cav_fancy\" style=\"display: none;max-width:500px;\" id=\"selectableModal7993\">\r\n                        <div class=\"cav_fancy_logo text-center pb-4 border-bottom\"><img decoding=\"async\" class=\"soci_item_logo img-fluid\" src=\"https:\/\/www.clusteraudiovisual.cat\/wp-content\/uploads\/2024\/11\/LogoSoci_Gestmusic.jpg\" alt=\"Gestmusic\" title=\"Gestmusic\" \/><\/div>\r\n                        <h3 class=\"cav_fancy_title\" data-selectable=\"true\">Gestmusic<\/h3>\r\n                        <p class=\"cav_fancy_cat_actv\"><span>Formaci\u00f3n<\/span><span>Producci\u00f3n<\/span><span>Televisi\u00f3n<\/span><span>Videojuego<\/span><\/p>\r\n                        <p class=\"cav_fancy_cat_serv\">eSports<span class=\"separador_cats\">|<\/span>Ficci\u00f3n<span class=\"separador_cats\">|<\/span>Formatos TV<span class=\"separador_cats\">|<\/span>Influencers<span class=\"separador_cats\">|<\/span>No ficci\u00f3n<span class=\"separador_cats\">|<\/span>Videojuegos<span class=\"separador_cats\"<\/p>\r\n                        <p class=\"cav_fancy_description border-bottom\">Productora que desarrolla programas de entretenimiento: reality shows, concursos, late nights, entre otros.<\/p>\r\n                        <div class=\"cav_fancy_adress\"><p>C\/ Santa Elionor, 3<\/p>\n<p>08024, Barcelona<\/p>\n<p>932 536 700<\/p>\n<p><a href=\"mailto:info@gestmusic.es\" target=\"_blank\" rel=\"noopener\">info@gestmusic.es<\/a><\/p>\n<p><a href=\"https:\/\/www.gestmusic.es\/ca\/?_gl=1%2A13k79bo%2A_up%2AMQ..%2A_ga%2AMTgxNTI5NTg2NS4xNjkwMTk0Mjg1%2A_ga_26KLT0JD3M%2AMTY5MDE5NDI4NC4xLjEuMTY5MDE5NDM0MC4wLjAuMA..\" target=\"_blank\" rel=\"noopener\">www.gestmusic.es<\/a><\/p>\n<\/div>\r\n                        <p class=\"cav_fancy_social\"><a target=\"_blank\" href=\"https:\/\/twitter.com\/Gestmusic\"><img decoding=\"async\" src=\"https:\/\/www.clusteraudiovisual.cat\/wp-content\/themes\/enfold-child\/img\/twitter.png\" alt=\"Gestmusic - Twitter\" \/><\/a> <a target=\"_blank\" href=\"https:\/\/www.facebook.com\/gestmusicendemol\"><img decoding=\"async\" src=\"https:\/\/www.clusteraudiovisual.cat\/wp-content\/themes\/enfold-child\/img\/facebook.png\" alt=\"Gestmusic - Twitter\" \/><\/a>   <\/p>\r\n                <\/div><img decoding=\"async\" class=\"soci_item_logo img-fluid\" src=\"https:\/\/www.clusteraudiovisual.cat\/wp-content\/uploads\/2024\/11\/LogoSoci_Gestmusic.jpg\" alt=\"Gestmusic\" title=\"Gestmusic\" \/>\r\n                    <div class=\"soci_list_activ_container\" style=\"width: 100%;background: none;\">\r\n                               <p class=\"soci_list_activ mb-0\"><span>Formaci\u00f3n<\/span><span>Producci\u00f3n<\/span><span>Televisi\u00f3n<\/span><span>Videojuego<\/span><\/p>\r\n                               <p class=\"soci_list_serv mb-0\">eSports<span class=\"separador_cats\">|<\/span>Ficci\u00f3n<span class=\"separador_cats\">|<\/span>Formatos TV<span class=\"separador_cats\">|<\/span>Influencers<span class=\"separador_cats\">|<\/span>No ficci\u00f3n<span class=\"separador_cats\">|<\/span>Videojuegos<span class=\"separador_cats\"<\/p>\r\n                    <\/div>\r\n                <\/div><\/div><div data-title=\"golova servicios-es tecnologia-es  app-es inteligencia-artificial plataformes-virtuales-es servicios-de-produccion software-es \" data-actv=\"servicios-es tecnologia-es \" data-serv=\"app-es inteligencia-artificial plataformes-virtuales-es servicios-de-produccion software-es \" class=\"col-12 col-md-4 mb-4 border-bottom soci_box\"><div class=\"soci_item text-center\"><a class=\"soci_item_overlay\" data-fancybox=\"56372\" data-src=\"#selectableModal56372\" href=\"javascript:;\">Golova<\/a><div class=\"cav_fancy\" style=\"display: none;max-width:500px;\" id=\"selectableModal56372\">\r\n                        <div class=\"cav_fancy_logo text-center pb-4 border-bottom\"><img decoding=\"async\" class=\"soci_item_logo img-fluid\" src=\"https:\/\/www.clusteraudiovisual.cat\/wp-content\/uploads\/2026\/04\/LogoSoci_Golova.jpg\" alt=\"Golova\" title=\"Golova\" \/><\/div>\r\n                        <h3 class=\"cav_fancy_title\" data-selectable=\"true\">Golova<\/h3>\r\n                        <p class=\"cav_fancy_cat_actv\"><span>Servicios<\/span><span>Tecnolog\u00eda<\/span><\/p>\r\n                        <p class=\"cav_fancy_cat_serv\">App<span class=\"separador_cats\">|<\/span>Inteligencia Artificial<span class=\"separador_cats\">|<\/span>Plataformes Virtuales<span class=\"separador_cats\">|<\/span>Servicios de producci\u00f3n<span class=\"separador_cats\">|<\/span>Software<span class=\"separador_cats\"<\/p>\r\n                        <p class=\"cav_fancy_description border-bottom\">Plataforma cloud orientada a la gesti\u00f3n integral del alquiler de equipamientos y la producci\u00f3n t\u00e9cnica de eventos. Est\u00e1 especialmente pensada para empresas del sector audiovisual y de eventos (producci\u00f3n t\u00e9cnica, sonido, iluminaci\u00f3n, escenograf\u00eda, streaming, etc.), as\u00ed como para freelancers y proveedores log\u00edsticos. Su objetivo es digitalizar y automatizar operaciones clave: inventario, proyectos, log\u00edstica, finanzas y coordinaci\u00f3n de equipos.<\/p>\r\n                        <div class=\"cav_fancy_adress\"><p>Carrer de l&#8217;Hospital, 95<\/p>\n<p>08001, Barcelona<\/p>\n<p>672 390 777<\/p>\n<p><a href=\"mailto:hello@golova.ai\">hello@golova.ai<\/a><\/p>\n<p><a href=\"https:\/\/golova.ai\/ca\" target=\"_blank\" rel=\"noopener\">golova.ai<\/a><\/p>\n<\/div>\r\n                        <p class=\"cav_fancy_social\"><a target=\"_blank\" href=\"https:\/\/x.com\/golova_ai\"><img decoding=\"async\" src=\"https:\/\/www.clusteraudiovisual.cat\/wp-content\/themes\/enfold-child\/img\/twitter.png\" alt=\"Golova - Twitter\" \/><\/a> <a target=\"_blank\" href=\"https:\/\/www.facebook.com\/golova.io\/\"><img decoding=\"async\" src=\"https:\/\/www.clusteraudiovisual.cat\/wp-content\/themes\/enfold-child\/img\/facebook.png\" alt=\"Golova - Twitter\" \/><\/a> <a target=\"_blank\" href=\"https:\/\/www.instagram.com\/golova.ai\/\"><img decoding=\"async\" src=\"https:\/\/www.clusteraudiovisual.cat\/wp-content\/themes\/enfold-child\/img\/icon-instagram.png\" alt=\"Golova - Instagram\" \/><\/a> <a target=\"_blank\" href=\"https:\/\/www.youtube.com\/@golova_ai\"><img decoding=\"async\" src=\"https:\/\/www.clusteraudiovisual.cat\/wp-content\/themes\/enfold-child\/img\/icon-youtube.png\" alt=\"Golova - Youtube\" \/><\/a> <\/p>\r\n                <\/div><img decoding=\"async\" class=\"soci_item_logo img-fluid\" src=\"https:\/\/www.clusteraudiovisual.cat\/wp-content\/uploads\/2026\/04\/LogoSoci_Golova.jpg\" alt=\"Golova\" title=\"Golova\" \/>\r\n                    <div class=\"soci_list_activ_container\" style=\"width: 100%;background: none;\">\r\n                               <p class=\"soci_list_activ mb-0\"><span>Servicios<\/span><span>Tecnolog\u00eda<\/span><\/p>\r\n                               <p class=\"soci_list_serv mb-0\">App<span class=\"separador_cats\">|<\/span>Inteligencia Artificial<span class=\"separador_cats\">|<\/span>Plataformes Virtuales<span class=\"separador_cats\">|<\/span>Servicios de producci\u00f3n<span class=\"separador_cats\">|<\/span>Software<span class=\"separador_cats\"<\/p>\r\n                    <\/div>\r\n                <\/div><\/div><div data-title=\"goodie cardboard 360 servicios-es  realidad-virtual \" data-actv=\"servicios-es \" data-serv=\"realidad-virtual \" class=\"col-12 col-md-4 mb-4 border-bottom soci_box\"><div class=\"soci_item text-center\"><a class=\"soci_item_overlay\" data-fancybox=\"8132\" data-src=\"#selectableModal8132\" href=\"javascript:;\">Goodie Cardboard 360<\/a><div class=\"cav_fancy\" style=\"display: none;max-width:500px;\" id=\"selectableModal8132\">\r\n                        <div class=\"cav_fancy_logo text-center pb-4 border-bottom\"><img decoding=\"async\" class=\"soci_item_logo img-fluid\" src=\"https:\/\/www.clusteraudiovisual.cat\/wp-content\/uploads\/2016\/12\/Logotipos_-Goodies_sonrisa-simetrica.jpg\" alt=\"Goodie Cardboard 360\" title=\"Goodie Cardboard 360\" \/><\/div>\r\n                        <h3 class=\"cav_fancy_title\" data-selectable=\"true\">Goodie Cardboard 360<\/h3>\r\n                        <p class=\"cav_fancy_cat_actv\"><span>Servicios<\/span><\/p>\r\n                        <p class=\"cav_fancy_cat_serv\">Realidad Virtual<span class=\"separador_cats\"<\/p>\r\n                        <p class=\"cav_fancy_description border-bottom\">Provisi\u00f3n de contenidos de Realidad Virtual: fotos y v\u00eddeos 360, recorridos virtuales, showroom virtual y APP's de VR, as\u00ed como la distribuci\u00f3n de gafas de VR.<\/p>\r\n                        <div class=\"cav_fancy_adress\"><p>C\/ de D\u00e9u i Mata, 38<\/p>\n<p>08014, Barcelona<\/p>\n<p>935 399 939<\/p>\n<p><a href=\"mailto:info@goodie.es\" target=\"_blank\" rel=\"noopener\">info@goodie.es<\/a><\/p>\n<p><a href=\"https:\/\/goodie.es\/\" target=\"_blank\" rel=\"noopener\">www.goodie.es<\/a><\/p>\n<\/div>\r\n                        <p class=\"cav_fancy_social\"><a target=\"_blank\" href=\"https:\/\/twitter.com\/EsGoodie\"><img decoding=\"async\" src=\"https:\/\/www.clusteraudiovisual.cat\/wp-content\/themes\/enfold-child\/img\/twitter.png\" alt=\"Goodie Cardboard 360 - Twitter\" \/><\/a> <a target=\"_blank\" href=\"https:\/\/www.facebook.com\/Goodie360\/?fref=ts\"><img decoding=\"async\" src=\"https:\/\/www.clusteraudiovisual.cat\/wp-content\/themes\/enfold-child\/img\/facebook.png\" alt=\"Goodie Cardboard 360 - Twitter\" \/><\/a> <a target=\"_blank\" href=\"https:\/\/www.instagram.com\/goodie.es\/\"><img decoding=\"async\" src=\"https:\/\/www.clusteraudiovisual.cat\/wp-content\/themes\/enfold-child\/img\/icon-instagram.png\" alt=\"Goodie Cardboard 360 - Instagram\" \/><\/a> <a target=\"_blank\" href=\"https:\/\/www.youtube.com\/c\/GoodieBarcelona\"><img decoding=\"async\" src=\"https:\/\/www.clusteraudiovisual.cat\/wp-content\/themes\/enfold-child\/img\/icon-youtube.png\" alt=\"Goodie Cardboard 360 - Youtube\" \/><\/a> <a target=\"_blank\" href=\"https:\/\/www.linkedin.com\/company\/goodie\/about\/\"><img decoding=\"async\" src=\"https:\/\/www.clusteraudiovisual.cat\/wp-content\/themes\/enfold-child\/img\/icon-linkedin.png\" alt=\"Goodie Cardboard 360 - Linkedin\" \/><\/a><\/p>\r\n                <\/div><img decoding=\"async\" class=\"soci_item_logo img-fluid\" src=\"https:\/\/www.clusteraudiovisual.cat\/wp-content\/uploads\/2016\/12\/Logotipos_-Goodies_sonrisa-simetrica.jpg\" alt=\"Goodie Cardboard 360\" title=\"Goodie Cardboard 360\" \/>\r\n                    <div class=\"soci_list_activ_container\" style=\"width: 100%;background: none;\">\r\n                               <p class=\"soci_list_activ mb-0\"><span>Servicios<\/span><\/p>\r\n                               <p class=\"soci_list_serv mb-0\">Realidad Virtual<span class=\"separador_cats\"<\/p>\r\n                    <\/div>\r\n                <\/div><\/div><div data-title=\"gremi d\u2019empresaris de cinemes de catalunya distribucion  cines ficcion no-ficcion \" data-actv=\"distribucion \" data-serv=\"cines ficcion no-ficcion \" class=\"col-12 col-md-4 mb-4 border-bottom soci_box\"><div class=\"soci_item text-center\"><a class=\"soci_item_overlay\" data-fancybox=\"8178\" data-src=\"#selectableModal8178\" href=\"javascript:;\">Gremi d\u2019Empresaris de Cinemes de Catalunya<\/a><div class=\"cav_fancy\" style=\"display: none;max-width:500px;\" id=\"selectableModal8178\">\r\n                        <div class=\"cav_fancy_logo text-center pb-4 border-bottom\"><img decoding=\"async\" class=\"soci_item_logo img-fluid\" src=\"https:\/\/www.clusteraudiovisual.cat\/wp-content\/uploads\/2018\/04\/LogoGremi_Op2_1redimensionada-1.jpg\" alt=\"Gremi d\u2019Empresaris de Cinemes de Catalunya\" title=\"Gremi d\u2019Empresaris de Cinemes de Catalunya\" \/><\/div>\r\n                        <h3 class=\"cav_fancy_title\" data-selectable=\"true\">Gremi d\u2019Empresaris de Cinemes de Catalunya<\/h3>\r\n                        <p class=\"cav_fancy_cat_actv\"><span>Distribuci\u00f3n - Exhibici\u00f3n<\/span><\/p>\r\n                        <p class=\"cav_fancy_cat_serv\">Cines<span class=\"separador_cats\">|<\/span>Ficci\u00f3n<span class=\"separador_cats\">|<\/span>No ficci\u00f3n<span class=\"separador_cats\"<\/p>\r\n                        <p class=\"cav_fancy_description border-bottom\">Entidad que re\u00fane grandes, medianas y peque\u00f1as empresas de exhibici\u00f3n cinematogr\u00e1fica en Catalu\u00f1a.<\/p>\r\n                        <div class=\"cav_fancy_adress\"><p>C\/ Roger de Ll\u00faria, 110, entres\u00f2l 9a<\/p>\n<p>08037, Barcelona<\/p>\n<p>934 881 678<\/p>\n<p><a href=\"mailto:gremi@gremicines.com\" target=\"_blank\" rel=\"noopener\">gremi@gremicines.com<\/a><\/p>\n<p><a href=\"http:\/\/www.gremicines.com\/ca\/qui-som\" target=\"_blank\" rel=\"noopener\">www.gremicines.com<\/a><\/p>\n<\/div>\r\n                        <p class=\"cav_fancy_social\">    <\/p>\r\n                <\/div><img decoding=\"async\" class=\"soci_item_logo img-fluid\" src=\"https:\/\/www.clusteraudiovisual.cat\/wp-content\/uploads\/2018\/04\/LogoGremi_Op2_1redimensionada-1.jpg\" alt=\"Gremi d\u2019Empresaris de Cinemes de Catalunya\" title=\"Gremi d\u2019Empresaris de Cinemes de Catalunya\" \/>\r\n                    <div class=\"soci_list_activ_container\" style=\"width: 100%;background: none;\">\r\n                               <p class=\"soci_list_activ mb-0\"><span>Distribuci\u00f3n - Exhibici\u00f3n<\/span><\/p>\r\n                               <p class=\"soci_list_serv mb-0\">Cines<span class=\"separador_cats\">|<\/span>Ficci\u00f3n<span class=\"separador_cats\">|<\/span>No ficci\u00f3n<span class=\"separador_cats\"<\/p>\r\n                    <\/div>\r\n                <\/div><\/div><div data-title=\"higgins postproduction postproduccion-es servicios-es  edicio-es servicios-de-produccion vfx-es \" data-actv=\"postproduccion-es servicios-es \" data-serv=\"edicio-es servicios-de-produccion vfx-es \" class=\"col-12 col-md-4 mb-4 border-bottom soci_box\"><div class=\"soci_item text-center\"><a class=\"soci_item_overlay\" data-fancybox=\"40097\" data-src=\"#selectableModal40097\" href=\"javascript:;\">Higgins Postproduction<\/a><div class=\"cav_fancy\" style=\"display: none;max-width:500px;\" id=\"selectableModal40097\">\r\n                        <div class=\"cav_fancy_logo text-center pb-4 border-bottom\"><img decoding=\"async\" class=\"soci_item_logo img-fluid\" src=\"https:\/\/www.clusteraudiovisual.cat\/wp-content\/uploads\/2024\/03\/LogoSoci_Higgins.jpg\" alt=\"Higgins Postproduction\" title=\"Higgins Postproduction\" \/><\/div>\r\n                        <h3 class=\"cav_fancy_title\" data-selectable=\"true\">Higgins Postproduction<\/h3>\r\n                        <p class=\"cav_fancy_cat_actv\"><span>Postproducci\u00f3n<\/span><span>Servicios<\/span><\/p>\r\n                        <p class=\"cav_fancy_cat_serv\">Edici\u00f3n<span class=\"separador_cats\">|<\/span>Servicios de producci\u00f3n<span class=\"separador_cats\">|<\/span>Vfx<span class=\"separador_cats\"<\/p>\r\n                        <p class=\"cav_fancy_description border-bottom\">Ofrecen servicios de postproducci\u00f3n de imagen desde la preproducci\u00f3n hasta los deliveries finales: etalonaje, VFX, mastering y salas de edici\u00f3n.<\/p>\r\n                        <div class=\"cav_fancy_adress\"><p>C\/ Llull, 48, 5-4<\/p>\n<p>08005, Barcelona<\/p>\n<p><a href=\"mailto:hola@higgins-post.com\" target=\"_blank\" rel=\"noopener\">hola@higgins-post.com<\/a><\/p>\n<p><a href=\"https:\/\/www.higgins-post.com\/\" target=\"_blank\" rel=\"noopener\">www.higgins-post.com<\/a><\/p>\n<\/div>\r\n                        <p class=\"cav_fancy_social\">  <a target=\"_blank\" href=\"https:\/\/www.instagram.com\/higgins.bcn\/\"><img decoding=\"async\" src=\"https:\/\/www.clusteraudiovisual.cat\/wp-content\/themes\/enfold-child\/img\/icon-instagram.png\" alt=\"Higgins Postproduction - Instagram\" \/><\/a>  <a target=\"_blank\" href=\"https:\/\/www.linkedin.com\/company\/higgins-post\"><img decoding=\"async\" src=\"https:\/\/www.clusteraudiovisual.cat\/wp-content\/themes\/enfold-child\/img\/icon-linkedin.png\" alt=\"Higgins Postproduction - Linkedin\" \/><\/a><\/p>\r\n                <\/div><img decoding=\"async\" class=\"soci_item_logo img-fluid\" src=\"https:\/\/www.clusteraudiovisual.cat\/wp-content\/uploads\/2024\/03\/LogoSoci_Higgins.jpg\" alt=\"Higgins Postproduction\" title=\"Higgins Postproduction\" \/>\r\n                    <div class=\"soci_list_activ_container\" style=\"width: 100%;background: none;\">\r\n                               <p class=\"soci_list_activ mb-0\"><span>Postproducci\u00f3n<\/span><span>Servicios<\/span><\/p>\r\n                               <p class=\"soci_list_serv mb-0\">Edici\u00f3n<span class=\"separador_cats\">|<\/span>Servicios de producci\u00f3n<span class=\"separador_cats\">|<\/span>Vfx<span class=\"separador_cats\"<\/p>\r\n                    <\/div>\r\n                <\/div><\/div><div data-title=\"hulahoop media servicios-es tecnologia-es  servicios-de-produccion \" data-actv=\"servicios-es tecnologia-es \" data-serv=\"servicios-de-produccion \" class=\"col-12 col-md-4 mb-4 border-bottom soci_box\"><div class=\"soci_item text-center\"><a class=\"soci_item_overlay\" data-fancybox=\"53992\" data-src=\"#selectableModal53992\" href=\"javascript:;\">Hulahoop Media<\/a><div class=\"cav_fancy\" style=\"display: none;max-width:500px;\" id=\"selectableModal53992\">\r\n                        <div class=\"cav_fancy_logo text-center pb-4 border-bottom\"><img decoding=\"async\" class=\"soci_item_logo img-fluid\" src=\"https:\/\/www.clusteraudiovisual.cat\/wp-content\/uploads\/2025\/12\/LogoSoci_HulahoopMedia.jpg\" alt=\"Hulahoop Media\" title=\"Hulahoop Media\" \/><\/div>\r\n                        <h3 class=\"cav_fancy_title\" data-selectable=\"true\">Hulahoop Media<\/h3>\r\n                        <p class=\"cav_fancy_cat_actv\"><span>Servicios<\/span><span>Tecnolog\u00eda<\/span><\/p>\r\n                        <p class=\"cav_fancy_cat_serv\">Servicios de producci\u00f3n<span class=\"separador_cats\"<\/p>\r\n                        <p class=\"cav_fancy_description border-bottom\">Servicio de asesoramiento financiero en el que utilizan la tecnolog\u00eda para simplificar y optimizar la financiaci\u00f3n de proyectos culturales.<\/p>\r\n                        <div class=\"cav_fancy_adress\"><p><a href=\"https:\/\/hulahoop.media\/es\" target=\"_blank\" rel=\"noopener\">hulahoop.media<\/a><\/p>\n<\/div>\r\n                        <p class=\"cav_fancy_social\">  <a target=\"_blank\" href=\"https:\/\/www.instagram.com\/hulahoop.media\/\"><img decoding=\"async\" src=\"https:\/\/www.clusteraudiovisual.cat\/wp-content\/themes\/enfold-child\/img\/icon-instagram.png\" alt=\"Hulahoop Media - Instagram\" \/><\/a>  <a target=\"_blank\" href=\"https:\/\/www.linkedin.com\/company\/hulahoop-media\/\"><img decoding=\"async\" src=\"https:\/\/www.clusteraudiovisual.cat\/wp-content\/themes\/enfold-child\/img\/icon-linkedin.png\" alt=\"Hulahoop Media - Linkedin\" \/><\/a><\/p>\r\n                <\/div><img decoding=\"async\" class=\"soci_item_logo img-fluid\" src=\"https:\/\/www.clusteraudiovisual.cat\/wp-content\/uploads\/2025\/12\/LogoSoci_HulahoopMedia.jpg\" alt=\"Hulahoop Media\" title=\"Hulahoop Media\" \/>\r\n                    <div class=\"soci_list_activ_container\" style=\"width: 100%;background: none;\">\r\n                               <p class=\"soci_list_activ mb-0\"><span>Servicios<\/span><span>Tecnolog\u00eda<\/span><\/p>\r\n                               <p class=\"soci_list_serv mb-0\">Servicios de producci\u00f3n<span class=\"separador_cats\"<\/p>\r\n                    <\/div>\r\n                <\/div><\/div><div data-title=\"idea sonora podcast-es postproduccion-es publicidad-es servicios-es television-es  inteligencia-artificial locutores-es musica-es sonido videopodcast-es \" data-actv=\"podcast-es postproduccion-es publicidad-es servicios-es television-es \" data-serv=\"inteligencia-artificial locutores-es musica-es sonido videopodcast-es \" class=\"col-12 col-md-4 mb-4 border-bottom soci_box\"><div class=\"soci_item text-center\"><a class=\"soci_item_overlay\" data-fancybox=\"8126\" data-src=\"#selectableModal8126\" href=\"javascript:;\">Idea Sonora<\/a><div class=\"cav_fancy\" style=\"display: none;max-width:500px;\" id=\"selectableModal8126\">\r\n                        <div class=\"cav_fancy_logo text-center pb-4 border-bottom\"><img decoding=\"async\" class=\"soci_item_logo img-fluid\" src=\"https:\/\/www.clusteraudiovisual.cat\/wp-content\/uploads\/2026\/02\/LogoSoci_IdeaSonora.jpg\" alt=\"Idea Sonora\" title=\"Idea Sonora\" \/><\/div>\r\n                        <h3 class=\"cav_fancy_title\" data-selectable=\"true\">Idea Sonora<\/h3>\r\n                        <p class=\"cav_fancy_cat_actv\"><span>Podcast<\/span><span>Postproducci\u00f3n<\/span><span>Publicidad<\/span><span>Servicios<\/span><span>Televisi\u00f3n<\/span><\/p>\r\n                        <p class=\"cav_fancy_cat_serv\">Inteligencia Artificial<span class=\"separador_cats\">|<\/span>Locutores<span class=\"separador_cats\">|<\/span>M\u00fasica<span class=\"separador_cats\">|<\/span>Sonido<span class=\"separador_cats\">|<\/span>Videopodcast<span class=\"separador_cats\"<\/p>\r\n                        <p class=\"cav_fancy_description border-bottom\">Empresa especializada en la postproducci\u00f3n de sonido (grabaci\u00f3n de locuciones en diferentes idiomas, dise\u00f1o de sonido, selecci\u00f3n y creaci\u00f3n musical) para publicidad, corporativos, cu\u00f1as de radio, programas de TV.<\/p>\r\n                        <div class=\"cav_fancy_adress\"><p>C\/ Vic, 8<\/p>\n<p>08006, Barcelona<\/p>\n<p>934 910 651<\/p>\n<p><a href=\"https:\/\/ideasonora.com\/ca\/\" target=\"_blank\" rel=\"noopener\">idea@ideasonora.com<\/a><\/p>\n<p><a href=\"https:\/\/ideasonora.com\/ca\/\" target=\"_blank\" rel=\"noopener\">www.ideasonora.com<\/a><\/p>\n<\/div>\r\n                        <p class=\"cav_fancy_social\"><a target=\"_blank\" href=\"https:\/\/twitter.com\/ideasonora\"><img decoding=\"async\" src=\"https:\/\/www.clusteraudiovisual.cat\/wp-content\/themes\/enfold-child\/img\/twitter.png\" alt=\"Idea Sonora - Twitter\" \/><\/a> <a target=\"_blank\" href=\"https:\/\/www.facebook.com\/ideasonora\/\"><img decoding=\"async\" src=\"https:\/\/www.clusteraudiovisual.cat\/wp-content\/themes\/enfold-child\/img\/facebook.png\" alt=\"Idea Sonora - Twitter\" \/><\/a> <a target=\"_blank\" href=\"https:\/\/www.instagram.com\/ideasonora\/\"><img decoding=\"async\" src=\"https:\/\/www.clusteraudiovisual.cat\/wp-content\/themes\/enfold-child\/img\/icon-instagram.png\" alt=\"Idea Sonora - Instagram\" \/><\/a> <a target=\"_blank\" href=\"https:\/\/vimeo.com\/ideasonora\"><img decoding=\"async\" src=\"https:\/\/www.clusteraudiovisual.cat\/wp-content\/themes\/enfold-child\/img\/icon-youtube.png\" alt=\"Idea Sonora - Youtube\" \/><\/a> <\/p>\r\n                <\/div><img decoding=\"async\" class=\"soci_item_logo img-fluid\" src=\"https:\/\/www.clusteraudiovisual.cat\/wp-content\/uploads\/2026\/02\/LogoSoci_IdeaSonora.jpg\" alt=\"Idea Sonora\" title=\"Idea Sonora\" \/>\r\n                    <div class=\"soci_list_activ_container\" style=\"width: 100%;background: none;\">\r\n                               <p class=\"soci_list_activ mb-0\"><span>Podcast<\/span><span>Postproducci\u00f3n<\/span><span>Publicidad<\/span><span>Servicios<\/span><span>Televisi\u00f3n<\/span><\/p>\r\n                               <p class=\"soci_list_serv mb-0\">Inteligencia Artificial<span class=\"separador_cats\">|<\/span>Locutores<span class=\"separador_cats\">|<\/span>M\u00fasica<span class=\"separador_cats\">|<\/span>Sonido<span class=\"separador_cats\">|<\/span>Videopodcast<span class=\"separador_cats\"<\/p>\r\n                    <\/div>\r\n                <\/div><\/div><div data-title=\"ifp   8211  innovacion en formacion professional formacio-es videojuego-es  fp-es videojuegos \" data-actv=\"formacio-es videojuego-es \" data-serv=\"fp-es videojuegos \" class=\"col-12 col-md-4 mb-4 border-bottom soci_box\"><div class=\"soci_item text-center\"><a class=\"soci_item_overlay\" data-fancybox=\"45101\" data-src=\"#selectableModal45101\" href=\"javascript:;\">iFP &#8211; Innovaci\u00f3n en Formaci\u00f3n Professional<\/a><div class=\"cav_fancy\" style=\"display: none;max-width:500px;\" id=\"selectableModal45101\">\r\n                        <div class=\"cav_fancy_logo text-center pb-4 border-bottom\"><img decoding=\"async\" class=\"soci_item_logo img-fluid\" src=\"https:\/\/www.clusteraudiovisual.cat\/wp-content\/uploads\/2024\/11\/LogoSoci_IFP.jpg\" alt=\"iFP &#8211; Innovaci\u00f3n en Formaci\u00f3n Professional\" title=\"iFP &#8211; Innovaci\u00f3n en Formaci\u00f3n Professional\" \/><\/div>\r\n                        <h3 class=\"cav_fancy_title\" data-selectable=\"true\">iFP &#8211; Innovaci\u00f3n en Formaci\u00f3n Professional<\/h3>\r\n                        <p class=\"cav_fancy_cat_actv\"><span>Formaci\u00f3n<\/span><span>Videojuego<\/span><\/p>\r\n                        <p class=\"cav_fancy_cat_serv\">FP<span class=\"separador_cats\">|<\/span>Videojuegos<span class=\"separador_cats\"<\/p>\r\n                        <p class=\"cav_fancy_description border-bottom\">iFP, Innovaci\u00f3n en Formaci\u00f3n Profesional, es la instituci\u00f3n de Formaci\u00f3n Profesional de Grupo Planeta que nace en 2015 con el objetivo de introducir a los alumnos a la realidad del entorno empresarial y convertirlos en profesionales muy bien preparados para el mundo real. En el \u00e1rea audiovisual, ofrecen formaci\u00f3n en Inform\u00e1tica y Comunicaciones y en Imagen y Sonido.<\/p>\r\n                        <div class=\"cav_fancy_adress\"><p class=\"card-ifp__title\">Campus iFP d&#8217;Audiovisuals, Sanitat i TIC &#8211; L&#8217;Hospitalet<\/p>\n<p class=\"card-ifp__title-address\"><span class=\"card-ifp__address\">Av. Josep Tarradellas i Joan, 171-177 <\/span><\/p>\n<p class=\"card-ifp__title-address\"><span class=\"card-ifp__address\">08901, Hospitalet de Llobregat<\/span><\/p>\n<p class=\"card-ifp__title-address\"><span class=\"card-ifp__phone\">932 912 700<\/span><\/p>\n<p><a href=\"https:\/\/www.ifp.es\/fp-barcelona\">ipf.es<\/a><\/p>\n<\/div>\r\n                        <p class=\"cav_fancy_social\"><a target=\"_blank\" href=\"https:\/\/x.com\/ifpgrupoplaneta\"><img decoding=\"async\" src=\"https:\/\/www.clusteraudiovisual.cat\/wp-content\/themes\/enfold-child\/img\/twitter.png\" alt=\"iFP &#8211; Innovaci\u00f3n en Formaci\u00f3n Professional - Twitter\" \/><\/a> <a target=\"_blank\" href=\"https:\/\/www.facebook.com\/ifpgrupoplaneta\"><img decoding=\"async\" src=\"https:\/\/www.clusteraudiovisual.cat\/wp-content\/themes\/enfold-child\/img\/facebook.png\" alt=\"iFP &#8211; Innovaci\u00f3n en Formaci\u00f3n Professional - Twitter\" \/><\/a> <a target=\"_blank\" href=\"https:\/\/www.instagram.com\/ifp_grupoplaneta\/\"><img decoding=\"async\" src=\"https:\/\/www.clusteraudiovisual.cat\/wp-content\/themes\/enfold-child\/img\/icon-instagram.png\" alt=\"iFP &#8211; Innovaci\u00f3n en Formaci\u00f3n Professional - Instagram\" \/><\/a> <a target=\"_blank\" href=\"https:\/\/www.youtube.com\/channel\/UC2iwt3cbDZy2KDpoq4bk39Q\"><img decoding=\"async\" src=\"https:\/\/www.clusteraudiovisual.cat\/wp-content\/themes\/enfold-child\/img\/icon-youtube.png\" alt=\"iFP &#8211; Innovaci\u00f3n en Formaci\u00f3n Professional - Youtube\" \/><\/a> <a target=\"_blank\" href=\"https:\/\/www.linkedin.com\/school\/innovaci%C3%B3n-en-formaci%C3%B3n-profesional\/\"><img decoding=\"async\" src=\"https:\/\/www.clusteraudiovisual.cat\/wp-content\/themes\/enfold-child\/img\/icon-linkedin.png\" alt=\"iFP &#8211; Innovaci\u00f3n en Formaci\u00f3n Professional - Linkedin\" \/><\/a><\/p>\r\n                <\/div><img decoding=\"async\" class=\"soci_item_logo img-fluid\" src=\"https:\/\/www.clusteraudiovisual.cat\/wp-content\/uploads\/2024\/11\/LogoSoci_IFP.jpg\" alt=\"iFP &#8211; Innovaci\u00f3n en Formaci\u00f3n Professional\" title=\"iFP &#8211; Innovaci\u00f3n en Formaci\u00f3n Professional\" \/>\r\n                    <div class=\"soci_list_activ_container\" style=\"width: 100%;background: none;\">\r\n                               <p class=\"soci_list_activ mb-0\"><span>Formaci\u00f3n<\/span><span>Videojuego<\/span><\/p>\r\n                               <p class=\"soci_list_serv mb-0\">FP<span class=\"separador_cats\">|<\/span>Videojuegos<span class=\"separador_cats\"<\/p>\r\n                    <\/div>\r\n                <\/div><\/div><div data-title=\"in edit distribucion  festivales musica-es \" data-actv=\"distribucion \" data-serv=\"festivales musica-es \" class=\"col-12 col-md-4 mb-4 border-bottom soci_box\"><div class=\"soci_item text-center\"><a class=\"soci_item_overlay\" data-fancybox=\"41941\" data-src=\"#selectableModal41941\" href=\"javascript:;\">IN-EDIT<\/a><div class=\"cav_fancy\" style=\"display: none;max-width:500px;\" id=\"selectableModal41941\">\r\n                        <div class=\"cav_fancy_logo text-center pb-4 border-bottom\"><img decoding=\"async\" class=\"soci_item_logo img-fluid\" src=\"https:\/\/www.clusteraudiovisual.cat\/wp-content\/uploads\/2024\/09\/LogoSoci_In-Edit.jpg\" alt=\"IN-EDIT\" title=\"IN-EDIT\" \/><\/div>\r\n                        <h3 class=\"cav_fancy_title\" data-selectable=\"true\">IN-EDIT<\/h3>\r\n                        <p class=\"cav_fancy_cat_actv\"><span>Distribuci\u00f3n - Exhibici\u00f3n<\/span><\/p>\r\n                        <p class=\"cav_fancy_cat_serv\">Festivales<span class=\"separador_cats\">|<\/span>M\u00fasica<span class=\"separador_cats\"<\/p>\r\n                        <p class=\"cav_fancy_description border-bottom\">Festival de cine documental centrado en la m\u00fasica y fundado en 2003 en Barcelona. Con sedes tambi\u00e9n en Grecia, Brasil, M\u00e9xico, Pa\u00edses Bajos y Chile.<\/p>\r\n                        <div class=\"cav_fancy_adress\"><p><a href=\"https:\/\/es.in-edit.org\/ca\/\" target=\"_blank\" rel=\"noopener\">es.in-edit.org<\/a><\/p>\n<\/div>\r\n                        <p class=\"cav_fancy_social\"><a target=\"_blank\" href=\"https:\/\/twitter.com\/ineditfestival\"><img decoding=\"async\" src=\"https:\/\/www.clusteraudiovisual.cat\/wp-content\/themes\/enfold-child\/img\/twitter.png\" alt=\"IN-EDIT - Twitter\" \/><\/a> <a target=\"_blank\" href=\"https:\/\/www.facebook.com\/InEditFestival\"><img decoding=\"async\" src=\"https:\/\/www.clusteraudiovisual.cat\/wp-content\/themes\/enfold-child\/img\/facebook.png\" alt=\"IN-EDIT - Twitter\" \/><\/a> <a target=\"_blank\" href=\"https:\/\/www.instagram.com\/ineditfestival\/\"><img decoding=\"async\" src=\"https:\/\/www.clusteraudiovisual.cat\/wp-content\/themes\/enfold-child\/img\/icon-instagram.png\" alt=\"IN-EDIT - Instagram\" \/><\/a>  <\/p>\r\n                <\/div><img decoding=\"async\" class=\"soci_item_logo img-fluid\" src=\"https:\/\/www.clusteraudiovisual.cat\/wp-content\/uploads\/2024\/09\/LogoSoci_In-Edit.jpg\" alt=\"IN-EDIT\" title=\"IN-EDIT\" \/>\r\n                    <div class=\"soci_list_activ_container\" style=\"width: 100%;background: none;\">\r\n                               <p class=\"soci_list_activ mb-0\"><span>Distribuci\u00f3n - Exhibici\u00f3n<\/span><\/p>\r\n                               <p class=\"soci_list_serv mb-0\">Festivales<span class=\"separador_cats\">|<\/span>M\u00fasica<span class=\"separador_cats\"<\/p>\r\n                    <\/div>\r\n                <\/div><\/div><div data-title=\"incis films produccion-es servicios-es television-es  branded-content-es digital-es factual-es formatos-tv-es multimedia-es no-ficcion \" data-actv=\"produccion-es servicios-es television-es \" data-serv=\"branded-content-es digital-es factual-es formatos-tv-es multimedia-es no-ficcion \" class=\"col-12 col-md-4 mb-4 border-bottom soci_box\"><div class=\"soci_item text-center\"><a class=\"soci_item_overlay\" data-fancybox=\"8216\" data-src=\"#selectableModal8216\" href=\"javascript:;\">Inc\u00eds Films<\/a><div class=\"cav_fancy\" style=\"display: none;max-width:500px;\" id=\"selectableModal8216\">\r\n                        <div class=\"cav_fancy_logo text-center pb-4 border-bottom\"><img decoding=\"async\" class=\"soci_item_logo img-fluid\" src=\"https:\/\/www.clusteraudiovisual.cat\/wp-content\/uploads\/2020\/02\/62.descarga-18.jpg\" alt=\"Inc\u00eds Films\" title=\"Inc\u00eds Films\" \/><\/div>\r\n                        <h3 class=\"cav_fancy_title\" data-selectable=\"true\">Inc\u00eds Films<\/h3>\r\n                        <p class=\"cav_fancy_cat_actv\"><span>Producci\u00f3n<\/span><span>Servicios<\/span><span>Televisi\u00f3n<\/span><\/p>\r\n                        <p class=\"cav_fancy_cat_serv\">Branded Content<span class=\"separador_cats\">|<\/span>Digital<span class=\"separador_cats\">|<\/span>Factual<span class=\"separador_cats\">|<\/span>Formatos TV<span class=\"separador_cats\">|<\/span>Multimedia<span class=\"separador_cats\">|<\/span>No ficci\u00f3n<span class=\"separador_cats\"<\/p>\r\n                        <p class=\"cav_fancy_description border-bottom\">Productora de documentales, programas de TV y publicidad.<\/p>\r\n                        <div class=\"cav_fancy_adress\"><p>Gran Via de les Corts Catalanes, 646, 4t 2a<\/p>\n<p>08007 Barcelona<\/p>\n<p><a href=\"mailto:info@incisfilms.com\" target=\"_blank\" rel=\"noopener\">info@incisfilms.com<\/a><\/p>\n<p><a href=\"https:\/\/incisfilms.com\/\" target=\"_blank\" rel=\"noopener\">www.incisfilms.com<\/a><\/p>\n<\/div>\r\n                        <p class=\"cav_fancy_social\"><a target=\"_blank\" href=\"https:\/\/twitter.com\/IncisFilms\"><img decoding=\"async\" src=\"https:\/\/www.clusteraudiovisual.cat\/wp-content\/themes\/enfold-child\/img\/twitter.png\" alt=\"Inc\u00eds Films - Twitter\" \/><\/a> <a target=\"_blank\" href=\"https:\/\/www.facebook.com\/incisfilms\/\"><img decoding=\"async\" src=\"https:\/\/www.clusteraudiovisual.cat\/wp-content\/themes\/enfold-child\/img\/facebook.png\" alt=\"Inc\u00eds Films - Twitter\" \/><\/a> <a target=\"_blank\" href=\"https:\/\/www.instagram.com\/incisfilms\/\"><img decoding=\"async\" src=\"https:\/\/www.clusteraudiovisual.cat\/wp-content\/themes\/enfold-child\/img\/icon-instagram.png\" alt=\"Inc\u00eds Films - Instagram\" \/><\/a> <a target=\"_blank\" href=\"https:\/\/vimeo.com\/incisfilms\"><img decoding=\"async\" src=\"https:\/\/www.clusteraudiovisual.cat\/wp-content\/themes\/enfold-child\/img\/icon-youtube.png\" alt=\"Inc\u00eds Films - Youtube\" \/><\/a> <a target=\"_blank\" href=\"https:\/\/www.linkedin.com\/company\/incis-films\"><img decoding=\"async\" src=\"https:\/\/www.clusteraudiovisual.cat\/wp-content\/themes\/enfold-child\/img\/icon-linkedin.png\" alt=\"Inc\u00eds Films - Linkedin\" \/><\/a><\/p>\r\n                <\/div><img decoding=\"async\" class=\"soci_item_logo img-fluid\" src=\"https:\/\/www.clusteraudiovisual.cat\/wp-content\/uploads\/2020\/02\/62.descarga-18.jpg\" alt=\"Inc\u00eds Films\" title=\"Inc\u00eds Films\" \/>\r\n                    <div class=\"soci_list_activ_container\" style=\"width: 100%;background: none;\">\r\n                               <p class=\"soci_list_activ mb-0\"><span>Producci\u00f3n<\/span><span>Servicios<\/span><span>Televisi\u00f3n<\/span><\/p>\r\n                               <p class=\"soci_list_serv mb-0\">Branded Content<span class=\"separador_cats\">|<\/span>Digital<span class=\"separador_cats\">|<\/span>Factual<span class=\"separador_cats\">|<\/span>Formatos TV<span class=\"separador_cats\">|<\/span>Multimedia<span class=\"separador_cats\">|<\/span>No ficci\u00f3n<span class=\"separador_cats\"<\/p>\r\n                    <\/div>\r\n                <\/div><\/div><div data-title=\"infiled integrated-systems-es tecnologia-es  alquiler-de-equipos-es instalaciones-es materials-audiovisuals-es produccion-virtual showrooms-es \" data-actv=\"integrated-systems-es tecnologia-es \" data-serv=\"alquiler-de-equipos-es instalaciones-es materials-audiovisuals-es produccion-virtual showrooms-es \" class=\"col-12 col-md-4 mb-4 border-bottom soci_box\"><div class=\"soci_item text-center\"><a class=\"soci_item_overlay\" data-fancybox=\"21432\" data-src=\"#selectableModal21432\" href=\"javascript:;\">Infiled<\/a><div class=\"cav_fancy\" style=\"display: none;max-width:500px;\" id=\"selectableModal21432\">\r\n                        <div class=\"cav_fancy_logo text-center pb-4 border-bottom\"><img decoding=\"async\" class=\"soci_item_logo img-fluid\" src=\"https:\/\/www.clusteraudiovisual.cat\/wp-content\/uploads\/2022\/02\/INFiLED-Logo-Black-EPS-1.jpg\" alt=\"Infiled\" title=\"Infiled\" \/><\/div>\r\n                        <h3 class=\"cav_fancy_title\" data-selectable=\"true\">Infiled<\/h3>\r\n                        <p class=\"cav_fancy_cat_actv\"><span>Integrated Systems<\/span><span>Tecnolog\u00eda<\/span><\/p>\r\n                        <p class=\"cav_fancy_cat_serv\">Alquiler de equipos<span class=\"separador_cats\">|<\/span>Instalaciones<span class=\"separador_cats\">|<\/span>Material audiovisual<span class=\"separador_cats\">|<\/span>Producci\u00f3n Virtual<span class=\"separador_cats\">|<\/span>Showrooms<span class=\"separador_cats\"<\/p>\r\n                        <p class=\"cav_fancy_description border-bottom\">Compa\u00f1\u00eda high-tech especializada en la fabricaci\u00f3n y desarrollo de grandes equipos de v\u00eddeo LED.<\/p>\r\n                        <div class=\"cav_fancy_adress\"><p>Avd. Diagonal, 361<\/p>\n<p>08037, Barcelona<\/p>\n<p><a href=\"mailto:info.emea@infiled.com\" target=\"_blank\" rel=\"noopener\">info.emea@infiled.com<\/a><\/p>\n<p><a href=\"https:\/\/www.infiled.com\/\" target=\"_blank\" rel=\"noopener\">www.infiled.com<\/a><\/p>\n<\/div>\r\n                        <p class=\"cav_fancy_social\"><a target=\"_blank\" href=\"https:\/\/twitter.com\/infiledcom\"><img decoding=\"async\" src=\"https:\/\/www.clusteraudiovisual.cat\/wp-content\/themes\/enfold-child\/img\/twitter.png\" alt=\"Infiled - Twitter\" \/><\/a> <a target=\"_blank\" href=\"https:\/\/www.facebook.com\/InfiledHQ\/\"><img decoding=\"async\" src=\"https:\/\/www.clusteraudiovisual.cat\/wp-content\/themes\/enfold-child\/img\/facebook.png\" alt=\"Infiled - Twitter\" \/><\/a> <a target=\"_blank\" href=\"https:\/\/www.instagram.com\/infiled\/\"><img decoding=\"async\" src=\"https:\/\/www.clusteraudiovisual.cat\/wp-content\/themes\/enfold-child\/img\/icon-instagram.png\" alt=\"Infiled - Instagram\" \/><\/a> <a target=\"_blank\" href=\"https:\/\/www.youtube.com\/channel\/UCRIODkyjY-GQ1gqF5XHtEDA\"><img decoding=\"async\" src=\"https:\/\/www.clusteraudiovisual.cat\/wp-content\/themes\/enfold-child\/img\/icon-youtube.png\" alt=\"Infiled - Youtube\" \/><\/a> <a target=\"_blank\" href=\"https:\/\/www.linkedin.com\/company\/infiled\/\"><img decoding=\"async\" src=\"https:\/\/www.clusteraudiovisual.cat\/wp-content\/themes\/enfold-child\/img\/icon-linkedin.png\" alt=\"Infiled - Linkedin\" \/><\/a><\/p>\r\n                <\/div><img decoding=\"async\" class=\"soci_item_logo img-fluid\" src=\"https:\/\/www.clusteraudiovisual.cat\/wp-content\/uploads\/2022\/02\/INFiLED-Logo-Black-EPS-1.jpg\" alt=\"Infiled\" title=\"Infiled\" \/>\r\n                    <div class=\"soci_list_activ_container\" style=\"width: 100%;background: none;\">\r\n                               <p class=\"soci_list_activ mb-0\"><span>Integrated Systems<\/span><span>Tecnolog\u00eda<\/span><\/p>\r\n                               <p class=\"soci_list_serv mb-0\">Alquiler de equipos<span class=\"separador_cats\">|<\/span>Instalaciones<span class=\"separador_cats\">|<\/span>Material audiovisual<span class=\"separador_cats\">|<\/span>Producci\u00f3n Virtual<span class=\"separador_cats\">|<\/span>Showrooms<span class=\"separador_cats\"<\/p>\r\n                    <\/div>\r\n                <\/div><\/div><div data-title=\"into reality distribucion experiencias-inmersivas-es tecnologia-es  plataformes-virtuales-es realidad-virtual software-es \" data-actv=\"distribucion experiencias-inmersivas-es tecnologia-es \" data-serv=\"plataformes-virtuales-es realidad-virtual software-es \" class=\"col-12 col-md-4 mb-4 border-bottom soci_box\"><div class=\"soci_item text-center\"><a class=\"soci_item_overlay\" data-fancybox=\"41242\" data-src=\"#selectableModal41242\" href=\"javascript:;\">Into Reality<\/a><div class=\"cav_fancy\" style=\"display: none;max-width:500px;\" id=\"selectableModal41242\">\r\n                        <div class=\"cav_fancy_logo text-center pb-4 border-bottom\"><img decoding=\"async\" class=\"soci_item_logo img-fluid\" src=\"https:\/\/www.clusteraudiovisual.cat\/wp-content\/uploads\/2024\/06\/LogoSoci_IntoReality.jpg\" alt=\"Into Reality\" title=\"Into Reality\" \/><\/div>\r\n                        <h3 class=\"cav_fancy_title\" data-selectable=\"true\">Into Reality<\/h3>\r\n                        <p class=\"cav_fancy_cat_actv\"><span>Distribuci\u00f3n - Exhibici\u00f3n<\/span><span>Experiencias Inmersivas<\/span><span>Tecnolog\u00eda<\/span><\/p>\r\n                        <p class=\"cav_fancy_cat_serv\">Plataformes Virtuales<span class=\"separador_cats\">|<\/span>Realidad Virtual<span class=\"separador_cats\">|<\/span>Software<span class=\"separador_cats\"<\/p>\r\n                        <p class=\"cav_fancy_description border-bottom\">Plataforma multidispositivo basada en un reproductor web interactivo e inmersivo.<\/p>\r\n                        <div class=\"cav_fancy_adress\"><p><a href=\"https:\/\/intoreality.tv\/\">intoreality.tv<\/a><\/p>\n<\/div>\r\n                        <p class=\"cav_fancy_social\">    <\/p>\r\n                <\/div><img decoding=\"async\" class=\"soci_item_logo img-fluid\" src=\"https:\/\/www.clusteraudiovisual.cat\/wp-content\/uploads\/2024\/06\/LogoSoci_IntoReality.jpg\" alt=\"Into Reality\" title=\"Into Reality\" \/>\r\n                    <div class=\"soci_list_activ_container\" style=\"width: 100%;background: none;\">\r\n                               <p class=\"soci_list_activ mb-0\"><span>Distribuci\u00f3n - Exhibici\u00f3n<\/span><span>Experiencias Inmersivas<\/span><span>Tecnolog\u00eda<\/span><\/p>\r\n                               <p class=\"soci_list_serv mb-0\">Plataformes Virtuales<span class=\"separador_cats\">|<\/span>Realidad Virtual<span class=\"separador_cats\">|<\/span>Software<span class=\"separador_cats\"<\/p>\r\n                    <\/div>\r\n                <\/div><\/div><div data-title=\"inuit films comunicacio-es produccion-es publicidad-es  no-ficcion \" data-actv=\"comunicacio-es produccion-es publicidad-es \" data-serv=\"no-ficcion \" class=\"col-12 col-md-4 mb-4 border-bottom soci_box\"><div class=\"soci_item text-center\"><a class=\"soci_item_overlay\" data-fancybox=\"54415\" data-src=\"#selectableModal54415\" href=\"javascript:;\">Inuit Films<\/a><div class=\"cav_fancy\" style=\"display: none;max-width:500px;\" id=\"selectableModal54415\">\r\n                        <div class=\"cav_fancy_logo text-center pb-4 border-bottom\"><img decoding=\"async\" class=\"soci_item_logo img-fluid\" src=\"https:\/\/www.clusteraudiovisual.cat\/wp-content\/uploads\/2026\/01\/LogoSoci_InuitFilms.jpg\" alt=\"Inuit Films\" title=\"Inuit Films\" \/><\/div>\r\n                        <h3 class=\"cav_fancy_title\" data-selectable=\"true\">Inuit Films<\/h3>\r\n                        <p class=\"cav_fancy_cat_actv\"><span>Comunicaci\u00f3n<\/span><span>Producci\u00f3n<\/span><span>Publicidad<\/span><\/p>\r\n                        <p class=\"cav_fancy_cat_serv\">No ficci\u00f3n<span class=\"separador_cats\"<\/p>\r\n                        <p class=\"cav_fancy_description border-bottom\">Productora creativa de contenido visual emocional. Crean para todas las plataformas: redes sociales, contenido corporativo y documental.<\/p>\r\n                        <div class=\"cav_fancy_adress\"><p>C\/ Sant Joan, 13<\/p>\n<p>08350, Arenys de Mar, Barcelona<\/p>\n<p>696 866 374<\/p>\n<p><a href=\"https:\/\/inuitfilms.com\/\" target=\"_blank\" rel=\"noopener\">inuitfilms.com<\/a><\/p>\n<\/div>\r\n                        <p class=\"cav_fancy_social\"> <a target=\"_blank\" href=\"https:\/\/www.facebook.com\/InuitFilms\"><img decoding=\"async\" src=\"https:\/\/www.clusteraudiovisual.cat\/wp-content\/themes\/enfold-child\/img\/facebook.png\" alt=\"Inuit Films - Twitter\" \/><\/a> <a target=\"_blank\" href=\"https:\/\/www.instagram.com\/inuit_films\/\"><img decoding=\"async\" src=\"https:\/\/www.clusteraudiovisual.cat\/wp-content\/themes\/enfold-child\/img\/icon-instagram.png\" alt=\"Inuit Films - Instagram\" \/><\/a> <a target=\"_blank\" href=\"https:\/\/vimeo.com\/inuitfilmscreative\"><img decoding=\"async\" src=\"https:\/\/www.clusteraudiovisual.cat\/wp-content\/themes\/enfold-child\/img\/icon-youtube.png\" alt=\"Inuit Films - Youtube\" \/><\/a> <a target=\"_blank\" href=\"https:\/\/www.linkedin.com\/company\/inuit-films\/\"><img decoding=\"async\" src=\"https:\/\/www.clusteraudiovisual.cat\/wp-content\/themes\/enfold-child\/img\/icon-linkedin.png\" alt=\"Inuit Films - Linkedin\" \/><\/a><\/p>\r\n                <\/div><img decoding=\"async\" class=\"soci_item_logo img-fluid\" src=\"https:\/\/www.clusteraudiovisual.cat\/wp-content\/uploads\/2026\/01\/LogoSoci_InuitFilms.jpg\" alt=\"Inuit Films\" title=\"Inuit Films\" \/>\r\n                    <div class=\"soci_list_activ_container\" style=\"width: 100%;background: none;\">\r\n                               <p class=\"soci_list_activ mb-0\"><span>Comunicaci\u00f3n<\/span><span>Producci\u00f3n<\/span><span>Publicidad<\/span><\/p>\r\n                               <p class=\"soci_list_serv mb-0\">No ficci\u00f3n<span class=\"separador_cats\"<\/p>\r\n                    <\/div>\r\n                <\/div><\/div><div data-title=\"itaeb   8211  instituto de tecnicas audiovisuales y del espectaculo de barcelona formacio-es  escuelas-es fp-es \" data-actv=\"formacio-es \" data-serv=\"escuelas-es fp-es \" class=\"col-12 col-md-4 mb-4 border-bottom soci_box\"><div class=\"soci_item text-center\"><a class=\"soci_item_overlay\" data-fancybox=\"46885\" data-src=\"#selectableModal46885\" href=\"javascript:;\">ITAEB &#8211; Instituto de T\u00e9cnicas Audiovisuales y del Espect\u00e1culo de Barcelona<\/a><div class=\"cav_fancy\" style=\"display: none;max-width:500px;\" id=\"selectableModal46885\">\r\n                        <div class=\"cav_fancy_logo text-center pb-4 border-bottom\"><img decoding=\"async\" class=\"soci_item_logo img-fluid\" src=\"https:\/\/www.clusteraudiovisual.cat\/wp-content\/uploads\/2025\/01\/LogoSoci_ITAEB.jpg\" alt=\"ITAEB &#8211; Instituto de T\u00e9cnicas Audiovisuales y del Espect\u00e1culo de Barcelona\" title=\"ITAEB &#8211; Instituto de T\u00e9cnicas Audiovisuales y del Espect\u00e1culo de Barcelona\" \/><\/div>\r\n                        <h3 class=\"cav_fancy_title\" data-selectable=\"true\">ITAEB &#8211; Instituto de T\u00e9cnicas Audiovisuales y del Espect\u00e1culo de Barcelona<\/h3>\r\n                        <p class=\"cav_fancy_cat_actv\"><span>Formaci\u00f3n<\/span><\/p>\r\n                        <p class=\"cav_fancy_cat_serv\">Escuelas<span class=\"separador_cats\">|<\/span>FP<span class=\"separador_cats\"<\/p>\r\n                        <p class=\"cav_fancy_description border-bottom\">Instituto de ense\u00f1anzas de Imagen y Sonido y de Artes Esc\u00e9nicas. Preparan a futuros profesionales del espect\u00e1culo en vivo. Ofrecen Ciclos Formativos de Grado Medio y Superior y Bachillerato.<\/p>\r\n                        <div class=\"cav_fancy_adress\"><p><span class=\"street-address\">C\/ Sancho d&#8217;\u00c0vila, 125<\/span><\/p>\n<p><span class=\"postal-code\">08018, <\/span><span class=\"locality\">Barcelona<\/span><\/p>\n<div class=\"tel\">935 197 149<\/div>\n<div><\/div>\n<div class=\"tel\"><a href=\"mailto:a8078403@xtec.cat\">a8078403@xtec.cat<\/a><\/div>\n<p><a href=\"https:\/\/agora.xtec.cat\/ins-itaeb\/\" target=\"_blank\" rel=\"noopener\">agora.xtec.cat\/ins-itaeb<\/a><\/p>\n<\/div>\r\n                        <p class=\"cav_fancy_social\"><a target=\"_blank\" href=\"https:\/\/x.com\/Ins_ITAEB\"><img decoding=\"async\" src=\"https:\/\/www.clusteraudiovisual.cat\/wp-content\/themes\/enfold-child\/img\/twitter.png\" alt=\"ITAEB &#8211; Instituto de T\u00e9cnicas Audiovisuales y del Espect\u00e1culo de Barcelona - Twitter\" \/><\/a>  <a target=\"_blank\" href=\"https:\/\/www.instagram.com\/ins_itaeb\/\"><img decoding=\"async\" src=\"https:\/\/www.clusteraudiovisual.cat\/wp-content\/themes\/enfold-child\/img\/icon-instagram.png\" alt=\"ITAEB &#8211; Instituto de T\u00e9cnicas Audiovisuales y del Espect\u00e1culo de Barcelona - Instagram\" \/><\/a> <a target=\"_blank\" href=\"https:\/\/www.youtube.com\/@ITAEB\"><img decoding=\"async\" src=\"https:\/\/www.clusteraudiovisual.cat\/wp-content\/themes\/enfold-child\/img\/icon-youtube.png\" alt=\"ITAEB &#8211; Instituto de T\u00e9cnicas Audiovisuales y del Espect\u00e1culo de Barcelona - Youtube\" \/><\/a> <\/p>\r\n                <\/div><img decoding=\"async\" class=\"soci_item_logo img-fluid\" src=\"https:\/\/www.clusteraudiovisual.cat\/wp-content\/uploads\/2025\/01\/LogoSoci_ITAEB.jpg\" alt=\"ITAEB &#8211; Instituto de T\u00e9cnicas Audiovisuales y del Espect\u00e1culo de Barcelona\" title=\"ITAEB &#8211; Instituto de T\u00e9cnicas Audiovisuales y del Espect\u00e1culo de Barcelona\" \/>\r\n                    <div class=\"soci_list_activ_container\" style=\"width: 100%;background: none;\">\r\n                               <p class=\"soci_list_activ mb-0\"><span>Formaci\u00f3n<\/span><\/p>\r\n                               <p class=\"soci_list_serv mb-0\">Escuelas<span class=\"separador_cats\">|<\/span>FP<span class=\"separador_cats\"<\/p>\r\n                    <\/div>\r\n                <\/div><\/div><div data-title=\"k is for knowledge servicios-es  servicios-de-produccion \" data-actv=\"servicios-es \" data-serv=\"servicios-de-produccion \" class=\"col-12 col-md-4 mb-4 border-bottom soci_box\"><div class=\"soci_item text-center\"><a class=\"soci_item_overlay\" data-fancybox=\"29027\" data-src=\"#selectableModal29027\" href=\"javascript:;\">K is for Knowledge<\/a><div class=\"cav_fancy\" style=\"display: none;max-width:500px;\" id=\"selectableModal29027\">\r\n                        <div class=\"cav_fancy_logo text-center pb-4 border-bottom\"><img decoding=\"async\" class=\"soci_item_logo img-fluid\" src=\"https:\/\/www.clusteraudiovisual.cat\/wp-content\/uploads\/2022\/11\/LogoSoci_K-is-for-knowledge-2.jpg\" alt=\"K is for Knowledge\" title=\"K is for Knowledge\" \/><\/div>\r\n                        <h3 class=\"cav_fancy_title\" data-selectable=\"true\">K is for Knowledge<\/h3>\r\n                        <p class=\"cav_fancy_cat_actv\"><span>Servicios<\/span><\/p>\r\n                        <p class=\"cav_fancy_cat_serv\">Servicios de producci\u00f3n<span class=\"separador_cats\"<\/p>\r\n                        <p class=\"cav_fancy_description border-bottom\">Consultora Medioambiental. Servicios de Sostenibilidad.<\/p>\r\n                        <div class=\"cav_fancy_adress\"><p>C\/ Pere IV, 397 &#8211; 401, Nau 10<\/p>\n<p>08020, Barcelona<\/p>\n<p>687 493 018<\/p>\n<p><a href=\"mailto:mail@kfk.eco\" target=\"_blank\" rel=\"noopener\">mail@kfk.eco<\/a><\/p>\n<p><a href=\"http:\/\/www.kfk.eco\" target=\"_blank\" rel=\"noopener\">www.kfk.eco<\/a><\/p>\n<p>&nbsp;<\/p>\n<\/div>\r\n                        <p class=\"cav_fancy_social\">  <a target=\"_blank\" href=\"https:\/\/www.instagram.com\/kisforknowledge\/\"><img decoding=\"async\" src=\"https:\/\/www.clusteraudiovisual.cat\/wp-content\/themes\/enfold-child\/img\/icon-instagram.png\" alt=\"K is for Knowledge - Instagram\" \/><\/a>  <a target=\"_blank\" href=\"https:\/\/es.linkedin.com\/company\/k-is-for-knowledge\"><img decoding=\"async\" src=\"https:\/\/www.clusteraudiovisual.cat\/wp-content\/themes\/enfold-child\/img\/icon-linkedin.png\" alt=\"K is for Knowledge - Linkedin\" \/><\/a><\/p>\r\n                <\/div><img decoding=\"async\" class=\"soci_item_logo img-fluid\" src=\"https:\/\/www.clusteraudiovisual.cat\/wp-content\/uploads\/2022\/11\/LogoSoci_K-is-for-knowledge-2.jpg\" alt=\"K is for Knowledge\" title=\"K is for Knowledge\" \/>\r\n                    <div class=\"soci_list_activ_container\" style=\"width: 100%;background: none;\">\r\n                               <p class=\"soci_list_activ mb-0\"><span>Servicios<\/span><\/p>\r\n                               <p class=\"soci_list_serv mb-0\">Servicios de producci\u00f3n<span class=\"separador_cats\"<\/p>\r\n                    <\/div>\r\n                <\/div><\/div><div data-title=\"k tuin formacio-es servicios-es tecnologia-es  tic-audiovisual-es \" data-actv=\"formacio-es servicios-es tecnologia-es \" data-serv=\"tic-audiovisual-es \" class=\"col-12 col-md-4 mb-4 border-bottom soci_box\"><div class=\"soci_item text-center\"><a class=\"soci_item_overlay\" data-fancybox=\"8127\" data-src=\"#selectableModal8127\" href=\"javascript:;\">K-Tuin<\/a><div class=\"cav_fancy\" style=\"display: none;max-width:500px;\" id=\"selectableModal8127\">\r\n                        <div class=\"cav_fancy_logo text-center pb-4 border-bottom\"><img decoding=\"async\" class=\"soci_item_logo img-fluid\" src=\"https:\/\/www.clusteraudiovisual.cat\/wp-content\/uploads\/2016\/11\/LogoSoci_K-Tuin.jpg\" alt=\"K-Tuin\" title=\"K-Tuin\" \/><\/div>\r\n                        <h3 class=\"cav_fancy_title\" data-selectable=\"true\">K-Tuin<\/h3>\r\n                        <p class=\"cav_fancy_cat_actv\"><span>Formaci\u00f3n<\/span><span>Servicios<\/span><span>Tecnolog\u00eda<\/span><\/p>\r\n                        <p class=\"cav_fancy_cat_serv\">TIC Audiovisual<span class=\"separador_cats\"<\/p>\r\n                        <p class=\"cav_fancy_description border-bottom\">Empresa especializada en soluciones Apple: distribuci\u00f3n y servicio t\u00e9cnico. Tambi\u00e9n ofrece cursos de formaci\u00f3n y servicios de implementaci\u00f3n de nueva tecnolog\u00eda a empresas y centros educativos.<\/p>\r\n                        <div class=\"cav_fancy_adress\"><p>C\/ Val\u00e8ncia, 87-89<\/p>\n<p>08029, Barcelona<\/p>\n<p>934 541 001<\/p>\n<p><a href=\"https:\/\/www.k-tuin.com\/\" target=\"_blank\" rel=\"noopener\">www.k-tuin.com<\/a><\/p>\n<\/div>\r\n                        <p class=\"cav_fancy_social\"><a target=\"_blank\" href=\"https:\/\/twitter.com\/ktuin\"><img decoding=\"async\" src=\"https:\/\/www.clusteraudiovisual.cat\/wp-content\/themes\/enfold-child\/img\/twitter.png\" alt=\"K-Tuin - Twitter\" \/><\/a> <a target=\"_blank\" href=\"https:\/\/www.facebook.com\/ktuin.es\"><img decoding=\"async\" src=\"https:\/\/www.clusteraudiovisual.cat\/wp-content\/themes\/enfold-child\/img\/facebook.png\" alt=\"K-Tuin - Twitter\" \/><\/a> <a target=\"_blank\" href=\"https:\/\/www.instagram.com\/ktuin_apple\/\"><img decoding=\"async\" src=\"https:\/\/www.clusteraudiovisual.cat\/wp-content\/themes\/enfold-child\/img\/icon-instagram.png\" alt=\"K-Tuin - Instagram\" \/><\/a> <a target=\"_blank\" href=\"https:\/\/www.youtube.com\/user\/AppleKtuin\"><img decoding=\"async\" src=\"https:\/\/www.clusteraudiovisual.cat\/wp-content\/themes\/enfold-child\/img\/icon-youtube.png\" alt=\"K-Tuin - Youtube\" \/><\/a> <a target=\"_blank\" href=\"https:\/\/www.linkedin.com\/company\/k-tuin-sistemas-inform-ticos?original_referer=https%3A%2F%2Fwww.k-tuin.com%2F\"><img decoding=\"async\" src=\"https:\/\/www.clusteraudiovisual.cat\/wp-content\/themes\/enfold-child\/img\/icon-linkedin.png\" alt=\"K-Tuin - Linkedin\" \/><\/a><\/p>\r\n                <\/div><img decoding=\"async\" class=\"soci_item_logo img-fluid\" src=\"https:\/\/www.clusteraudiovisual.cat\/wp-content\/uploads\/2016\/11\/LogoSoci_K-Tuin.jpg\" alt=\"K-Tuin\" title=\"K-Tuin\" \/>\r\n                    <div class=\"soci_list_activ_container\" style=\"width: 100%;background: none;\">\r\n                               <p class=\"soci_list_activ mb-0\"><span>Formaci\u00f3n<\/span><span>Servicios<\/span><span>Tecnolog\u00eda<\/span><\/p>\r\n                               <p class=\"soci_list_serv mb-0\">TIC Audiovisual<span class=\"separador_cats\"<\/p>\r\n                    <\/div>\r\n                <\/div><\/div><div data-title=\"kokoro content comunicacio-es produccion-es  influencers-es videopodcast-es \" data-actv=\"comunicacio-es produccion-es \" data-serv=\"influencers-es videopodcast-es \" class=\"col-12 col-md-4 mb-4 border-bottom soci_box\"><div class=\"soci_item text-center\"><a class=\"soci_item_overlay\" data-fancybox=\"41334\" data-src=\"#selectableModal41334\" href=\"javascript:;\">KOKORO Content<\/a><div class=\"cav_fancy\" style=\"display: none;max-width:500px;\" id=\"selectableModal41334\">\r\n                        <div class=\"cav_fancy_logo text-center pb-4 border-bottom\"><img decoding=\"async\" class=\"soci_item_logo img-fluid\" src=\"https:\/\/www.clusteraudiovisual.cat\/wp-content\/uploads\/2024\/07\/LogoSoci_KOKORO-Content-1.jpg\" alt=\"KOKORO Content\" title=\"KOKORO Content\" \/><\/div>\r\n                        <h3 class=\"cav_fancy_title\" data-selectable=\"true\">KOKORO Content<\/h3>\r\n                        <p class=\"cav_fancy_cat_actv\"><span>Comunicaci\u00f3n<\/span><span>Producci\u00f3n<\/span><\/p>\r\n                        <p class=\"cav_fancy_cat_serv\">Influencers<span class=\"separador_cats\">|<\/span>Videopodcast<span class=\"separador_cats\"<\/p>\r\n                        <p class=\"cav_fancy_description border-bottom\">Productora especializada en audiencias j\u00f3venes, potenciando la participaci\u00f3n y creando contenido digital adaptado a diversas plataformas y redes sociales. Cuentan con una s\u00f3lida trayectoria de \u00e9xitos anteriores que respaldan su capacidad para conectar de manera efectiva con el p\u00fablico objetivo.<\/p>\r\n                        <div class=\"cav_fancy_adress\"><p><a href=\"https:\/\/kokorocontent.com\/\" target=\"_blank\" rel=\"noopener\">kokorocontent.com<\/a><\/p>\n<\/div>\r\n                        <p class=\"cav_fancy_social\"><a target=\"_blank\" href=\"https:\/\/x.com\/kokorocontent\"><img decoding=\"async\" src=\"https:\/\/www.clusteraudiovisual.cat\/wp-content\/themes\/enfold-child\/img\/twitter.png\" alt=\"KOKORO Content - Twitter\" \/><\/a>  <a target=\"_blank\" href=\"https:\/\/www.instagram.com\/kokorocontent\/\"><img decoding=\"async\" src=\"https:\/\/www.clusteraudiovisual.cat\/wp-content\/themes\/enfold-child\/img\/icon-instagram.png\" alt=\"KOKORO Content - Instagram\" \/><\/a>  <\/p>\r\n                <\/div><img decoding=\"async\" class=\"soci_item_logo img-fluid\" src=\"https:\/\/www.clusteraudiovisual.cat\/wp-content\/uploads\/2024\/07\/LogoSoci_KOKORO-Content-1.jpg\" alt=\"KOKORO Content\" title=\"KOKORO Content\" \/>\r\n                    <div class=\"soci_list_activ_container\" style=\"width: 100%;background: none;\">\r\n                               <p class=\"soci_list_activ mb-0\"><span>Comunicaci\u00f3n<\/span><span>Producci\u00f3n<\/span><\/p>\r\n                               <p class=\"soci_list_serv mb-0\">Influencers<span class=\"separador_cats\">|<\/span>Videopodcast<span class=\"separador_cats\"<\/p>\r\n                    <\/div>\r\n                <\/div><\/div><div data-title=\"konga music agency distribucion servicios-es  agencias-es estudios-de-grabacion musica-es servicios-de-produccion sonido \" data-actv=\"distribucion servicios-es \" data-serv=\"agencias-es estudios-de-grabacion musica-es servicios-de-produccion sonido \" class=\"col-12 col-md-4 mb-4 border-bottom soci_box\"><div class=\"soci_item text-center\"><a class=\"soci_item_overlay\" data-fancybox=\"46876\" data-src=\"#selectableModal46876\" href=\"javascript:;\">Konga Music Agency<\/a><div class=\"cav_fancy\" style=\"display: none;max-width:500px;\" id=\"selectableModal46876\">\r\n                        <div class=\"cav_fancy_logo text-center pb-4 border-bottom\"><img decoding=\"async\" class=\"soci_item_logo img-fluid\" src=\"https:\/\/www.clusteraudiovisual.cat\/wp-content\/uploads\/2025\/01\/LogoSoci_KongaMusicAgency.jpg\" alt=\"Konga Music Agency\" title=\"Konga Music Agency\" \/><\/div>\r\n                        <h3 class=\"cav_fancy_title\" data-selectable=\"true\">Konga Music Agency<\/h3>\r\n                        <p class=\"cav_fancy_cat_actv\"><span>Distribuci\u00f3n - Exhibici\u00f3n<\/span><span>Servicios<\/span><\/p>\r\n                        <p class=\"cav_fancy_cat_serv\">Agencias<span class=\"separador_cats\">|<\/span>Estudios de grabaci\u00f3n<span class=\"separador_cats\">|<\/span>M\u00fasica<span class=\"separador_cats\">|<\/span>Servicios de producci\u00f3n<span class=\"separador_cats\">|<\/span>Sonido<span class=\"separador_cats\"<\/p>\r\n                        <p class=\"cav_fancy_description border-bottom\">Agencia creativa de m\u00fasica. Desde el a\u00f1o 1996, desarrollan soluciones musicales a medida, aportando sus conocimientos, tanto de la industria musical como la audiovisual, a nivel creativo, estrat\u00e9gico, tecnol\u00f3gico, legal y de IP. Son expertos en m\u00fasica, en edici\u00f3n musical, en audiovisual, en derecho y en Propiedad Intelectual.<\/p>\r\n                        <div class=\"cav_fancy_adress\"><p>C\/ Esgl\u00e9sia, 4-6 2E<\/p>\n<p>08024, Barcelona<\/p>\n<p>932 172 126<\/p>\n<p><a href=\"mailto:hello@kongamusic.com\">hello@kongamusic.com<\/a><\/p>\n<p><a href=\"https:\/\/kongamusic.com\/\" target=\"_blank\" rel=\"noopener\">kongamusic.com<\/a><\/p>\n<\/div>\r\n                        <p class=\"cav_fancy_social\"> <a target=\"_blank\" href=\"https:\/\/www.facebook.com\/KongaMusic\"><img decoding=\"async\" src=\"https:\/\/www.clusteraudiovisual.cat\/wp-content\/themes\/enfold-child\/img\/facebook.png\" alt=\"Konga Music Agency - Twitter\" \/><\/a> <a target=\"_blank\" href=\"https:\/\/www.instagram.com\/kongamusicagency\/\"><img decoding=\"async\" src=\"https:\/\/www.clusteraudiovisual.cat\/wp-content\/themes\/enfold-child\/img\/icon-instagram.png\" alt=\"Konga Music Agency - Instagram\" \/><\/a> <a target=\"_blank\" href=\"https:\/\/www.youtube.com\/user\/MusicKonga\"><img decoding=\"async\" src=\"https:\/\/www.clusteraudiovisual.cat\/wp-content\/themes\/enfold-child\/img\/icon-youtube.png\" alt=\"Konga Music Agency - Youtube\" \/><\/a> <a target=\"_blank\" href=\"https:\/\/es.linkedin.com\/company\/kongamusic\"><img decoding=\"async\" src=\"https:\/\/www.clusteraudiovisual.cat\/wp-content\/themes\/enfold-child\/img\/icon-linkedin.png\" alt=\"Konga Music Agency - Linkedin\" \/><\/a><\/p>\r\n                <\/div><img decoding=\"async\" class=\"soci_item_logo img-fluid\" src=\"https:\/\/www.clusteraudiovisual.cat\/wp-content\/uploads\/2025\/01\/LogoSoci_KongaMusicAgency.jpg\" alt=\"Konga Music Agency\" title=\"Konga Music Agency\" \/>\r\n                    <div class=\"soci_list_activ_container\" style=\"width: 100%;background: none;\">\r\n                               <p class=\"soci_list_activ mb-0\"><span>Distribuci\u00f3n - Exhibici\u00f3n<\/span><span>Servicios<\/span><\/p>\r\n                               <p class=\"soci_list_serv mb-0\">Agencias<span class=\"separador_cats\">|<\/span>Estudios de grabaci\u00f3n<span class=\"separador_cats\">|<\/span>M\u00fasica<span class=\"separador_cats\">|<\/span>Servicios de producci\u00f3n<span class=\"separador_cats\">|<\/span>Sonido<span class=\"separador_cats\"<\/p>\r\n                    <\/div>\r\n                <\/div><\/div><div data-title=\"konodrac servicios-es tecnologia-es  big-data-es blockchain-es inteligencia-artificial \" data-actv=\"servicios-es tecnologia-es \" data-serv=\"big-data-es blockchain-es inteligencia-artificial \" class=\"col-12 col-md-4 mb-4 border-bottom soci_box\"><div class=\"soci_item text-center\"><a class=\"soci_item_overlay\" data-fancybox=\"8177\" data-src=\"#selectableModal8177\" href=\"javascript:;\">Konodrac<\/a><div class=\"cav_fancy\" style=\"display: none;max-width:500px;\" id=\"selectableModal8177\">\r\n                        <div class=\"cav_fancy_logo text-center pb-4 border-bottom\"><img decoding=\"async\" class=\"soci_item_logo img-fluid\" src=\"https:\/\/www.clusteraudiovisual.cat\/wp-content\/uploads\/2018\/04\/LogoSoci_Konodrac.jpg\" alt=\"Konodrac\" title=\"Konodrac\" \/><\/div>\r\n                        <h3 class=\"cav_fancy_title\" data-selectable=\"true\">Konodrac<\/h3>\r\n                        <p class=\"cav_fancy_cat_actv\"><span>Servicios<\/span><span>Tecnolog\u00eda<\/span><\/p>\r\n                        <p class=\"cav_fancy_cat_serv\">Big Data<span class=\"separador_cats\">|<\/span>Blockchain<span class=\"separador_cats\">|<\/span>Inteligencia Artificial<span class=\"separador_cats\"<\/p>\r\n                        <p class=\"cav_fancy_description border-bottom\">Ingenier\u00eda de software avanzado, expertos en tecnolog\u00edas de Big Data para televisi\u00f3n, anal\u00edtica predictiva, motores de recomendaci\u00f3n de contenidos y seguridad de datos, con una plataforma tecnol\u00f3gica propia para incorporar f\u00e1cilmente prestaciones de inteligencia de datos en las aplicaciones de sus clientes.<\/p>\r\n                        <div class=\"cav_fancy_adress\"><p>Ronda del General Mitre, 126, 6a Planta<\/p>\n<p>08021, Barcelona<\/p>\n<p><a href=\"mailto:info@konodrac.com\" target=\"_blank\" rel=\"noopener\">info@konodrac.com<\/a><\/p>\n<p><a href=\"https:\/\/www.konodrac.com\/\" target=\"_blank\" rel=\"noopener\">www.konodrac.com<\/a><\/p>\n<\/div>\r\n                        <p class=\"cav_fancy_social\"><a target=\"_blank\" href=\"https:\/\/twitter.com\/Konodrac\"><img decoding=\"async\" src=\"https:\/\/www.clusteraudiovisual.cat\/wp-content\/themes\/enfold-child\/img\/twitter.png\" alt=\"Konodrac - Twitter\" \/><\/a>  <a target=\"_blank\" href=\"https:\/\/www.instagram.com\/konodrac\/\"><img decoding=\"async\" src=\"https:\/\/www.clusteraudiovisual.cat\/wp-content\/themes\/enfold-child\/img\/icon-instagram.png\" alt=\"Konodrac - Instagram\" \/><\/a>  <a target=\"_blank\" href=\"https:\/\/www.linkedin.com\/company\/konodrac\/\"><img decoding=\"async\" src=\"https:\/\/www.clusteraudiovisual.cat\/wp-content\/themes\/enfold-child\/img\/icon-linkedin.png\" alt=\"Konodrac - Linkedin\" \/><\/a><\/p>\r\n                <\/div><img decoding=\"async\" class=\"soci_item_logo img-fluid\" src=\"https:\/\/www.clusteraudiovisual.cat\/wp-content\/uploads\/2018\/04\/LogoSoci_Konodrac.jpg\" alt=\"Konodrac\" title=\"Konodrac\" \/>\r\n                    <div class=\"soci_list_activ_container\" style=\"width: 100%;background: none;\">\r\n                               <p class=\"soci_list_activ mb-0\"><span>Servicios<\/span><span>Tecnolog\u00eda<\/span><\/p>\r\n                               <p class=\"soci_list_serv mb-0\">Big Data<span class=\"separador_cats\">|<\/span>Blockchain<span class=\"separador_cats\">|<\/span>Inteligencia Artificial<span class=\"separador_cats\"<\/p>\r\n                    <\/div>\r\n                <\/div><\/div><div data-title=\"kpmg servicios-es  abogados-es \" data-actv=\"servicios-es \" data-serv=\"abogados-es \" class=\"col-12 col-md-4 mb-4 border-bottom soci_box\"><div class=\"soci_item text-center\"><a class=\"soci_item_overlay\" data-fancybox=\"41234\" data-src=\"#selectableModal41234\" href=\"javascript:;\">KPMG<\/a><div class=\"cav_fancy\" style=\"display: none;max-width:500px;\" id=\"selectableModal41234\">\r\n                        <div class=\"cav_fancy_logo text-center pb-4 border-bottom\"><img decoding=\"async\" class=\"soci_item_logo img-fluid\" src=\"https:\/\/www.clusteraudiovisual.cat\/wp-content\/uploads\/2024\/06\/LogoSoci_KPMG.jpg\" alt=\"KPMG\" title=\"KPMG\" \/><\/div>\r\n                        <h3 class=\"cav_fancy_title\" data-selectable=\"true\">KPMG<\/h3>\r\n                        <p class=\"cav_fancy_cat_actv\"><span>Servicios<\/span><\/p>\r\n                        <p class=\"cav_fancy_cat_serv\">Abogados<span class=\"separador_cats\"<\/p>\r\n                        <p class=\"cav_fancy_description border-bottom\">Red global de firmas de servicios profesionales que ofrece servicios de auditor\u00eda, asesoramiento legal y fiscal, y asesoramiento financiero y de negocio a 156 pa\u00edses.<\/p>\r\n                        <div class=\"cav_fancy_adress\"><p>Pl. d&#8217;Europa, 41-43, Torre Realia BCN,<\/p>\n<p>08908, L&#8217;Hospitalet de Llobregat<\/p>\n<p><span aria-label=\"Llamar al n\u00famero de tel\u00e9fono 932 53 29 00\">932 532 900<\/span><\/p>\n<p><a href=\"https:\/\/kpmg.com\/es\/es\/home.html\">www.kpmg.com<\/a><\/p>\n<p>&nbsp;<\/p>\n<\/div>\r\n                        <p class=\"cav_fancy_social\"><a target=\"_blank\" href=\"https:\/\/x.com\/KPMG_ES\"><img decoding=\"async\" src=\"https:\/\/www.clusteraudiovisual.cat\/wp-content\/themes\/enfold-child\/img\/twitter.png\" alt=\"KPMG - Twitter\" \/><\/a> <a target=\"_blank\" href=\"https:\/\/www.facebook.com\/KPMGES\/\"><img decoding=\"async\" src=\"https:\/\/www.clusteraudiovisual.cat\/wp-content\/themes\/enfold-child\/img\/facebook.png\" alt=\"KPMG - Twitter\" \/><\/a>  <a target=\"_blank\" href=\"https:\/\/www.youtube.com\/user\/KPMGES\"><img decoding=\"async\" src=\"https:\/\/www.clusteraudiovisual.cat\/wp-content\/themes\/enfold-child\/img\/icon-youtube.png\" alt=\"KPMG - Youtube\" \/><\/a> <a target=\"_blank\" href=\"https:\/\/www.linkedin.com\/company\/kpmg\/\"><img decoding=\"async\" src=\"https:\/\/www.clusteraudiovisual.cat\/wp-content\/themes\/enfold-child\/img\/icon-linkedin.png\" alt=\"KPMG - Linkedin\" \/><\/a><\/p>\r\n                <\/div><img decoding=\"async\" class=\"soci_item_logo img-fluid\" src=\"https:\/\/www.clusteraudiovisual.cat\/wp-content\/uploads\/2024\/06\/LogoSoci_KPMG.jpg\" alt=\"KPMG\" title=\"KPMG\" \/>\r\n                    <div class=\"soci_list_activ_container\" style=\"width: 100%;background: none;\">\r\n                               <p class=\"soci_list_activ mb-0\"><span>Servicios<\/span><\/p>\r\n                               <p class=\"soci_list_serv mb-0\">Abogados<span class=\"separador_cats\"<\/p>\r\n                    <\/div>\r\n                <\/div><\/div><div data-title=\"l  8217 idem barcelona formacio-es videojuego-es  animacion-es artes-visuales-es digital-es diseno-es escuelas-es videojuegos \" data-actv=\"formacio-es videojuego-es \" data-serv=\"animacion-es artes-visuales-es digital-es diseno-es escuelas-es videojuegos \" class=\"col-12 col-md-4 mb-4 border-bottom soci_box\"><div class=\"soci_item text-center\"><a class=\"soci_item_overlay\" data-fancybox=\"37473\" data-src=\"#selectableModal37473\" href=\"javascript:;\">L&#8217;Idem Barcelona<\/a><div class=\"cav_fancy\" style=\"display: none;max-width:500px;\" id=\"selectableModal37473\">\r\n                        <div class=\"cav_fancy_logo text-center pb-4 border-bottom\"><img decoding=\"async\" class=\"soci_item_logo img-fluid\" src=\"https:\/\/www.clusteraudiovisual.cat\/wp-content\/uploads\/2023\/11\/LogoSoci_L-idem.jpg\" alt=\"L&#8217;Idem Barcelona\" title=\"L&#8217;Idem Barcelona\" \/><\/div>\r\n                        <h3 class=\"cav_fancy_title\" data-selectable=\"true\">L&#8217;Idem Barcelona<\/h3>\r\n                        <p class=\"cav_fancy_cat_actv\"><span>Formaci\u00f3n<\/span><span>Videojuego<\/span><\/p>\r\n                        <p class=\"cav_fancy_cat_serv\">Animaci\u00f3n<span class=\"separador_cats\">|<\/span>Artes Visuales<span class=\"separador_cats\">|<\/span>Digital<span class=\"separador_cats\">|<\/span>Dise\u00f1o<span class=\"separador_cats\">|<\/span>Escuelas<span class=\"separador_cats\">|<\/span>Videojuegos<span class=\"separador_cats\"<\/p>\r\n                        <p class=\"cav_fancy_description border-bottom\">Escuela internacional con m\u00e1s de 25 a\u00f1os de experiencia en la formaci\u00f3n de nuevos talentos de las artes creativas, especialmente en los \u00e1mbitos de la Animaci\u00f3n y el Dise\u00f1o. En su campus de Barcelona, la escuela imparte cursos superiores y m\u00e1steres internacionales en Animaci\u00f3n 2D\/3D y Videojuegos y Dise\u00f1o Digital.<\/p>\r\n                        <div class=\"cav_fancy_adress\"><p>C\/ Ciutat de Granada, 53-57<\/p>\n<p>08005, Barcelona<\/p>\n<p>934 854 550<\/p>\n<p><a href=\"mailto:info@lidembarcelona.com\" target=\"_blank\" rel=\"noopener\">info@lidembarcelona.com<\/a><\/p>\n<p><a href=\"https:\/\/www.lidembarcelona.com\/\" target=\"_blank\" rel=\"noopener\">www.lidembarcelona.com<\/a><\/p>\n<\/div>\r\n                        <p class=\"cav_fancy_social\"> <a target=\"_blank\" href=\"https:\/\/www.facebook.com\/lidembarcelona\/\"><img decoding=\"async\" src=\"https:\/\/www.clusteraudiovisual.cat\/wp-content\/themes\/enfold-child\/img\/facebook.png\" alt=\"L&#8217;Idem Barcelona - Twitter\" \/><\/a> <a target=\"_blank\" href=\"https:\/\/www.instagram.com\/lidembarcelona\/\"><img decoding=\"async\" src=\"https:\/\/www.clusteraudiovisual.cat\/wp-content\/themes\/enfold-child\/img\/icon-instagram.png\" alt=\"L&#8217;Idem Barcelona - Instagram\" \/><\/a> <a target=\"_blank\" href=\"https:\/\/www.youtube.com\/user\/lidembarcelona\"><img decoding=\"async\" src=\"https:\/\/www.clusteraudiovisual.cat\/wp-content\/themes\/enfold-child\/img\/icon-youtube.png\" alt=\"L&#8217;Idem Barcelona - Youtube\" \/><\/a> <a target=\"_blank\" href=\"https:\/\/www.linkedin.com\/school\/lidem-barcelona\/\"><img decoding=\"async\" src=\"https:\/\/www.clusteraudiovisual.cat\/wp-content\/themes\/enfold-child\/img\/icon-linkedin.png\" alt=\"L&#8217;Idem Barcelona - Linkedin\" \/><\/a><\/p>\r\n                <\/div><img decoding=\"async\" class=\"soci_item_logo img-fluid\" src=\"https:\/\/www.clusteraudiovisual.cat\/wp-content\/uploads\/2023\/11\/LogoSoci_L-idem.jpg\" alt=\"L&#8217;Idem Barcelona\" title=\"L&#8217;Idem Barcelona\" \/>\r\n                    <div class=\"soci_list_activ_container\" style=\"width: 100%;background: none;\">\r\n                               <p class=\"soci_list_activ mb-0\"><span>Formaci\u00f3n<\/span><span>Videojuego<\/span><\/p>\r\n                               <p class=\"soci_list_serv mb-0\">Animaci\u00f3n<span class=\"separador_cats\">|<\/span>Artes Visuales<span class=\"separador_cats\">|<\/span>Digital<span class=\"separador_cats\">|<\/span>Dise\u00f1o<span class=\"separador_cats\">|<\/span>Escuelas<span class=\"separador_cats\">|<\/span>Videojuegos<span class=\"separador_cats\"<\/p>\r\n                    <\/div>\r\n                <\/div><\/div><div data-title=\"la coctelera music podcast-es postproduccion-es produccion-es  branded-content-es ficcion musica-es no-ficcion sonido \" data-actv=\"podcast-es postproduccion-es produccion-es \" data-serv=\"branded-content-es ficcion musica-es no-ficcion sonido \" class=\"col-12 col-md-4 mb-4 border-bottom soci_box\"><div class=\"soci_item text-center\"><a class=\"soci_item_overlay\" data-fancybox=\"40162\" data-src=\"#selectableModal40162\" href=\"javascript:;\">La Coctelera Music<\/a><div class=\"cav_fancy\" style=\"display: none;max-width:500px;\" id=\"selectableModal40162\">\r\n                        <div class=\"cav_fancy_logo text-center pb-4 border-bottom\"><img decoding=\"async\" class=\"soci_item_logo img-fluid\" src=\"https:\/\/www.clusteraudiovisual.cat\/wp-content\/uploads\/2024\/03\/LogoSoci_La-Coctelera.jpg\" alt=\"La Coctelera Music\" title=\"La Coctelera Music\" \/><\/div>\r\n                        <h3 class=\"cav_fancy_title\" data-selectable=\"true\">La Coctelera Music<\/h3>\r\n                        <p class=\"cav_fancy_cat_actv\"><span>Podcast<\/span><span>Postproducci\u00f3n<\/span><span>Producci\u00f3n<\/span><\/p>\r\n                        <p class=\"cav_fancy_cat_serv\">Branded Content<span class=\"separador_cats\">|<\/span>Ficci\u00f3n<span class=\"separador_cats\">|<\/span>M\u00fasica<span class=\"separador_cats\">|<\/span>No ficci\u00f3n<span class=\"separador_cats\">|<\/span>Sonido<span class=\"separador_cats\"<\/p>\r\n                        <p class=\"cav_fancy_description border-bottom\">Productora especializada en podcast y sonido. Realizan producciones biling\u00fces castellano\/ingl\u00e9s y adaptan podcasts del ingl\u00e9s al castellano y viceversa. Tambi\u00e9n trabajan el branded podcast, a trav\u00e9s del cual ayudan a las empresas a comunicar y construir su identidad sonora.<\/p>\r\n                        <div class=\"cav_fancy_adress\"><p><a href=\"mailto:info@lacocteleramusic.com\">info@lacocteleramusic.com<\/a><\/p>\n<p><a href=\"https:\/\/lacocteleramusic.com\/es\/\" target=\"_blank\" rel=\"noopener\">www.lacocteleramusic.com<\/a><\/p>\n<\/div>\r\n                        <p class=\"cav_fancy_social\"> <a target=\"_blank\" href=\"https:\/\/www.facebook.com\/LaCocteleraMusic\/\"><img decoding=\"async\" src=\"https:\/\/www.clusteraudiovisual.cat\/wp-content\/themes\/enfold-child\/img\/facebook.png\" alt=\"La Coctelera Music - Twitter\" \/><\/a>   <\/p>\r\n                <\/div><img decoding=\"async\" class=\"soci_item_logo img-fluid\" src=\"https:\/\/www.clusteraudiovisual.cat\/wp-content\/uploads\/2024\/03\/LogoSoci_La-Coctelera.jpg\" alt=\"La Coctelera Music\" title=\"La Coctelera Music\" \/>\r\n                    <div class=\"soci_list_activ_container\" style=\"width: 100%;background: none;\">\r\n                               <p class=\"soci_list_activ mb-0\"><span>Podcast<\/span><span>Postproducci\u00f3n<\/span><span>Producci\u00f3n<\/span><\/p>\r\n                               <p class=\"soci_list_serv mb-0\">Branded Content<span class=\"separador_cats\">|<\/span>Ficci\u00f3n<span class=\"separador_cats\">|<\/span>M\u00fasica<span class=\"separador_cats\">|<\/span>No ficci\u00f3n<span class=\"separador_cats\">|<\/span>Sonido<span class=\"separador_cats\"<\/p>\r\n                    <\/div>\r\n                <\/div><\/div><div data-title=\"la kaseta ideas factory comunicacio-es postproduccion-es produccion-es publicidad-es servicios-es television-es  branded-content-es broadcast-es digital-es formatos-tv-es no-ficcion noticias \" data-actv=\"comunicacio-es postproduccion-es produccion-es publicidad-es servicios-es television-es \" data-serv=\"branded-content-es broadcast-es digital-es formatos-tv-es no-ficcion noticias \" class=\"col-12 col-md-4 mb-4 border-bottom soci_box\"><div class=\"soci_item text-center\"><a class=\"soci_item_overlay\" data-fancybox=\"8152\" data-src=\"#selectableModal8152\" href=\"javascript:;\">La Kaseta Ideas Factory<\/a><div class=\"cav_fancy\" style=\"display: none;max-width:500px;\" id=\"selectableModal8152\">\r\n                        <div class=\"cav_fancy_logo text-center pb-4 border-bottom\"><img decoding=\"async\" class=\"soci_item_logo img-fluid\" src=\"https:\/\/www.clusteraudiovisual.cat\/wp-content\/uploads\/2017\/01\/2020-12-28.jpg\" alt=\"La Kaseta Ideas Factory\" title=\"La Kaseta Ideas Factory\" \/><\/div>\r\n                        <h3 class=\"cav_fancy_title\" data-selectable=\"true\">La Kaseta Ideas Factory<\/h3>\r\n                        <p class=\"cav_fancy_cat_actv\"><span>Comunicaci\u00f3n<\/span><span>Postproducci\u00f3n<\/span><span>Producci\u00f3n<\/span><span>Publicidad<\/span><span>Servicios<\/span><span>Televisi\u00f3n<\/span><\/p>\r\n                        <p class=\"cav_fancy_cat_serv\">Branded Content<span class=\"separador_cats\">|<\/span>Broadcast<span class=\"separador_cats\">|<\/span>Digital<span class=\"separador_cats\">|<\/span>Formatos TV<span class=\"separador_cats\">|<\/span>No ficci\u00f3n<span class=\"separador_cats\">|<\/span>Noticias<span class=\"separador_cats\"<\/p>\r\n                        <p class=\"cav_fancy_description border-bottom\">Productora de documentales y reportajes. Tambi\u00e9n ofrece servicios de publicidad y realizaci\u00f3n de programas televisivos.<\/p>\r\n                        <div class=\"cav_fancy_adress\"><p>C\/ Nou, 73, baixos<\/p>\n<p>08500, Vic<\/p>\n<p>930 426 257<\/p>\n<p><a href=\"mailto:hello@lakaseta.com\" target=\"_blank\" rel=\"noopener\">hello@lakaseta.com<\/a><\/p>\n<p><a href=\"https:\/\/lakaseta.com\/\" target=\"_blank\" rel=\"noopener\">www.lakaseta.com<\/a><\/p>\n<\/div>\r\n                        <p class=\"cav_fancy_social\"><a target=\"_blank\" href=\"https:\/\/twitter.com\/la_kaseta\"><img decoding=\"async\" src=\"https:\/\/www.clusteraudiovisual.cat\/wp-content\/themes\/enfold-child\/img\/twitter.png\" alt=\"La Kaseta Ideas Factory - Twitter\" \/><\/a> <a target=\"_blank\" href=\"https:\/\/www.facebook.com\/LaKaseta\/\"><img decoding=\"async\" src=\"https:\/\/www.clusteraudiovisual.cat\/wp-content\/themes\/enfold-child\/img\/facebook.png\" alt=\"La Kaseta Ideas Factory - Twitter\" \/><\/a> <a target=\"_blank\" href=\"https:\/\/www.instagram.com\/la_kaseta\/\"><img decoding=\"async\" src=\"https:\/\/www.clusteraudiovisual.cat\/wp-content\/themes\/enfold-child\/img\/icon-instagram.png\" alt=\"La Kaseta Ideas Factory - Instagram\" \/><\/a> <a target=\"_blank\" href=\"https:\/\/www.youtube.com\/channel\/UC8vR5KpBWKvZL76NDr6oFsA\"><img decoding=\"async\" src=\"https:\/\/www.clusteraudiovisual.cat\/wp-content\/themes\/enfold-child\/img\/icon-youtube.png\" alt=\"La Kaseta Ideas Factory - Youtube\" \/><\/a> <a target=\"_blank\" href=\"https:\/\/www.linkedin.com\/company\/la-kaseta-ideas-factory\"><img decoding=\"async\" src=\"https:\/\/www.clusteraudiovisual.cat\/wp-content\/themes\/enfold-child\/img\/icon-linkedin.png\" alt=\"La Kaseta Ideas Factory - Linkedin\" \/><\/a><\/p>\r\n                <\/div><img decoding=\"async\" class=\"soci_item_logo img-fluid\" src=\"https:\/\/www.clusteraudiovisual.cat\/wp-content\/uploads\/2017\/01\/2020-12-28.jpg\" alt=\"La Kaseta Ideas Factory\" title=\"La Kaseta Ideas Factory\" \/>\r\n                    <div class=\"soci_list_activ_container\" style=\"width: 100%;background: none;\">\r\n                               <p class=\"soci_list_activ mb-0\"><span>Comunicaci\u00f3n<\/span><span>Postproducci\u00f3n<\/span><span>Producci\u00f3n<\/span><span>Publicidad<\/span><span>Servicios<\/span><span>Televisi\u00f3n<\/span><\/p>\r\n                               <p class=\"soci_list_serv mb-0\">Branded Content<span class=\"separador_cats\">|<\/span>Broadcast<span class=\"separador_cats\">|<\/span>Digital<span class=\"separador_cats\">|<\/span>Formatos TV<span class=\"separador_cats\">|<\/span>No ficci\u00f3n<span class=\"separador_cats\">|<\/span>Noticias<span class=\"separador_cats\"<\/p>\r\n                    <\/div>\r\n                <\/div><\/div><div data-title=\"la manchester podcast-es produccion-es radio-es television-es  esdeveniments-es ficcion formatos-tv-es locutores-es no-ficcion videopodcast-es \" data-actv=\"podcast-es produccion-es radio-es television-es \" data-serv=\"esdeveniments-es ficcion formatos-tv-es locutores-es no-ficcion videopodcast-es \" class=\"col-12 col-md-4 mb-4 border-bottom soci_box\"><div class=\"soci_item text-center\"><a class=\"soci_item_overlay\" data-fancybox=\"47943\" data-src=\"#selectableModal47943\" href=\"javascript:;\">La Manchester<\/a><div class=\"cav_fancy\" style=\"display: none;max-width:500px;\" id=\"selectableModal47943\">\r\n                        <div class=\"cav_fancy_logo text-center pb-4 border-bottom\"><img decoding=\"async\" class=\"soci_item_logo img-fluid\" src=\"https:\/\/www.clusteraudiovisual.cat\/wp-content\/uploads\/2025\/03\/LogoSoci_La-Manchester.png\" alt=\"La Manchester\" title=\"La Manchester\" \/><\/div>\r\n                        <h3 class=\"cav_fancy_title\" data-selectable=\"true\">La Manchester<\/h3>\r\n                        <p class=\"cav_fancy_cat_actv\"><span>Podcast<\/span><span>Producci\u00f3n<\/span><span>Radio<\/span><span>Televisi\u00f3n<\/span><\/p>\r\n                        <p class=\"cav_fancy_cat_serv\">Eventos<span class=\"separador_cats\">|<\/span>Ficci\u00f3n<span class=\"separador_cats\">|<\/span>Formatos TV<span class=\"separador_cats\">|<\/span>Locutores<span class=\"separador_cats\">|<\/span>No ficci\u00f3n<span class=\"separador_cats\">|<\/span>Videopodcast<span class=\"separador_cats\"<\/p>\r\n                        <p class=\"cav_fancy_description border-bottom\">Productora audiovisual de televisi\u00f3n, radio, documentales, ficci\u00f3n y eventos. Desde 2015, han producido programas de entretenimiento y actualidad como \u201cPlanta Baixa\u201d, \u201cCol\u00b7lapse\u201d y \u201cQuatre Gats\u201d, documentales como \u201cLa xarxa ultra\u201d, \u201cEl tri\u00e1ngulo de Sternberg\u201d, \u201cUcrania: huir o quedarse\u201d, \u201cShahid, crecer o morir en Palestina\u201d y \u201cBinu\u201d, programas de prime time radiof\u00f3nico como \u201cEl mat\u00ed de Catalunya R\u00e0dio\u201d y \u201cEl Suplement\u201d y podcasts como \u201cLa Turra\u201d, \u201cTerra cremada\u201d y \u201cAlgo pasa\u201d.<\/p>\r\n                        <div class=\"cav_fancy_adress\"><p>C\/ Casp, 12 \u2013 P. 1, lletra E<\/p>\n<p>08010,\u00a0Barcelona<\/p>\n<p><a href=\"https:\/\/lamanchester.com\/\" target=\"_blank\" rel=\"noopener\">lamanchester.com<\/a><\/p>\n<\/div>\r\n                        <p class=\"cav_fancy_social\"><a target=\"_blank\" href=\"https:\/\/x.com\/LaManchester\"><img decoding=\"async\" src=\"https:\/\/www.clusteraudiovisual.cat\/wp-content\/themes\/enfold-child\/img\/twitter.png\" alt=\"La Manchester - Twitter\" \/><\/a>  <a target=\"_blank\" href=\"https:\/\/www.instagram.com\/lamanchester__\/\"><img decoding=\"async\" src=\"https:\/\/www.clusteraudiovisual.cat\/wp-content\/themes\/enfold-child\/img\/icon-instagram.png\" alt=\"La Manchester - Instagram\" \/><\/a>  <\/p>\r\n                <\/div><img decoding=\"async\" class=\"soci_item_logo img-fluid\" src=\"https:\/\/www.clusteraudiovisual.cat\/wp-content\/uploads\/2025\/03\/LogoSoci_La-Manchester.png\" alt=\"La Manchester\" title=\"La Manchester\" \/>\r\n                    <div class=\"soci_list_activ_container\" style=\"width: 100%;background: none;\">\r\n                               <p class=\"soci_list_activ mb-0\"><span>Podcast<\/span><span>Producci\u00f3n<\/span><span>Radio<\/span><span>Televisi\u00f3n<\/span><\/p>\r\n                               <p class=\"soci_list_serv mb-0\">Eventos<span class=\"separador_cats\">|<\/span>Ficci\u00f3n<span class=\"separador_cats\">|<\/span>Formatos TV<span class=\"separador_cats\">|<\/span>Locutores<span class=\"separador_cats\">|<\/span>No ficci\u00f3n<span class=\"separador_cats\">|<\/span>Videopodcast<span class=\"separador_cats\"<\/p>\r\n                    <\/div>\r\n                <\/div><\/div><div data-title=\"la masia studios experiencias-inmersivas-es postproduccion-es produccion-es publicidad-es television-es videojuego-es  doblaje-es estudios-de-grabacion inmersivo-360-es largometrajes-es musica-es eries sonido videojuegos \" data-actv=\"experiencias-inmersivas-es postproduccion-es produccion-es publicidad-es television-es videojuego-es \" data-serv=\"doblaje-es estudios-de-grabacion inmersivo-360-es largometrajes-es musica-es eries sonido videojuegos \" class=\"col-12 col-md-4 mb-4 border-bottom soci_box\"><div class=\"soci_item text-center\"><a class=\"soci_item_overlay\" data-fancybox=\"47256\" data-src=\"#selectableModal47256\" href=\"javascript:;\">La Masia Studios<\/a><div class=\"cav_fancy\" style=\"display: none;max-width:500px;\" id=\"selectableModal47256\">\r\n                        <div class=\"cav_fancy_logo text-center pb-4 border-bottom\"><img decoding=\"async\" class=\"soci_item_logo img-fluid\" src=\"https:\/\/www.clusteraudiovisual.cat\/wp-content\/uploads\/2025\/02\/LogoSoci_LaMasiaStudios.jpg\" alt=\"La Masia Studios\" title=\"La Masia Studios\" \/><\/div>\r\n                        <h3 class=\"cav_fancy_title\" data-selectable=\"true\">La Masia Studios<\/h3>\r\n                        <p class=\"cav_fancy_cat_actv\"><span>Experiencias Inmersivas<\/span><span>Postproducci\u00f3n<\/span><span>Producci\u00f3n<\/span><span>Publicidad<\/span><span>Televisi\u00f3n<\/span><span>Videojuego<\/span><\/p>\r\n                        <p class=\"cav_fancy_cat_serv\">Doblaje<span class=\"separador_cats\">|<\/span>Estudios de grabaci\u00f3n<span class=\"separador_cats\">|<\/span>Inmersivo 360<span class=\"separador_cats\">|<\/span>Largometrajes<span class=\"separador_cats\">|<\/span>M\u00fasica<span class=\"separador_cats\">|<\/span>Series<span class=\"separador_cats\">|<\/span>Sonido<span class=\"separador_cats\">|<\/span>Videojuegos<span class=\"separador_cats\"<\/p>\r\n                        <p class=\"cav_fancy_description border-bottom\">Estudio creativo especializado en m\u00fasica, sonido directo y postproducci\u00f3n para productoras de contenidos, creadores independientes y marcas. Masia Studios ha trabajado en cine, series, experiencias inmersivas y audio-branding, entre otros.<\/p>\r\n                        <div class=\"cav_fancy_adress\"><p><span class=\"elementor-icon-list-text\">Cam\u00ed Antic de Santa Creu d&#8217;Olorda, S\/N<\/span><\/p>\n<p><span class=\"elementor-icon-list-text\">Molins de Rei, Barcelona<\/span><\/p>\n<p><a href=\"mailto:welcome@studioslamasia.com\">welcome@studioslamasia.com<\/a><\/p>\n<p>610 218 030<\/p>\n<p><a href=\"https:\/\/studioslamasia.com\/\" target=\"_blank\" rel=\"noopener\">studioslamasia.com<\/a><\/p>\n<\/div>\r\n                        <p class=\"cav_fancy_social\">  <a target=\"_blank\" href=\"https:\/\/www.instagram.com\/lamasiastudios\/#\"><img decoding=\"async\" src=\"https:\/\/www.clusteraudiovisual.cat\/wp-content\/themes\/enfold-child\/img\/icon-instagram.png\" alt=\"La Masia Studios - Instagram\" \/><\/a> <a target=\"_blank\" href=\"https:\/\/vimeo.com\/studioslamasia\"><img decoding=\"async\" src=\"https:\/\/www.clusteraudiovisual.cat\/wp-content\/themes\/enfold-child\/img\/icon-youtube.png\" alt=\"La Masia Studios - Youtube\" \/><\/a> <\/p>\r\n                <\/div><img decoding=\"async\" class=\"soci_item_logo img-fluid\" src=\"https:\/\/www.clusteraudiovisual.cat\/wp-content\/uploads\/2025\/02\/LogoSoci_LaMasiaStudios.jpg\" alt=\"La Masia Studios\" title=\"La Masia Studios\" \/>\r\n                    <div class=\"soci_list_activ_container\" style=\"width: 100%;background: none;\">\r\n                               <p class=\"soci_list_activ mb-0\"><span>Experiencias Inmersivas<\/span><span>Postproducci\u00f3n<\/span><span>Producci\u00f3n<\/span><span>Publicidad<\/span><span>Televisi\u00f3n<\/span><span>Videojuego<\/span><\/p>\r\n                               <p class=\"soci_list_serv mb-0\">Doblaje<span class=\"separador_cats\">|<\/span>Estudios de grabaci\u00f3n<span class=\"separador_cats\">|<\/span>Inmersivo 360<span class=\"separador_cats\">|<\/span>Largometrajes<span class=\"separador_cats\">|<\/span>M\u00fasica<span class=\"separador_cats\">|<\/span>Series<span class=\"separador_cats\">|<\/span>Sonido<span class=\"separador_cats\">|<\/span>Videojuegos<span class=\"separador_cats\"<\/p>\r\n                    <\/div>\r\n                <\/div><\/div><div data-title=\"la osa producciones audiovisuales produccion-es television-es  formatos-tv-es \" data-actv=\"produccion-es television-es \" data-serv=\"formatos-tv-es \" class=\"col-12 col-md-4 mb-4 border-bottom soci_box\"><div class=\"soci_item text-center\"><a class=\"soci_item_overlay\" data-fancybox=\"7989\" data-src=\"#selectableModal7989\" href=\"javascript:;\">La Osa Producciones Audiovisuales<\/a><div class=\"cav_fancy\" style=\"display: none;max-width:500px;\" id=\"selectableModal7989\">\r\n                        <div class=\"cav_fancy_logo text-center pb-4 border-bottom\"><img decoding=\"async\" class=\"soci_item_logo img-fluid\" src=\"https:\/\/www.clusteraudiovisual.cat\/wp-content\/uploads\/2013\/09\/LogoSoci_LaOsaProduccionesAudiovisuales.jpg\" alt=\"La Osa Producciones Audiovisuales\" title=\"La Osa Producciones Audiovisuales\" \/><\/div>\r\n                        <h3 class=\"cav_fancy_title\" data-selectable=\"true\">La Osa Producciones Audiovisuales<\/h3>\r\n                        <p class=\"cav_fancy_cat_actv\"><span>Producci\u00f3n<\/span><span>Televisi\u00f3n<\/span><\/p>\r\n                        <p class=\"cav_fancy_cat_serv\">Formatos TV<span class=\"separador_cats\"<\/p>\r\n                        <p class=\"cav_fancy_description border-bottom\">Productora especializada en la creaci\u00f3n de programas de entretenimiento para televisi\u00f3n. \"Reality shows\", concursos, \"late nights\"; adem\u00e1s de documentales.<\/p>\r\n                        <div class=\"cav_fancy_adress\"><\/div>\r\n                        <p class=\"cav_fancy_social\"><a target=\"_blank\" href=\"https:\/\/twitter.com\/fabricantestv?ref_src=twsrc%5Egoogle%7Ctwcamp%5Eserp%7Ctwgr%5Eauthor\"><img decoding=\"async\" src=\"https:\/\/www.clusteraudiovisual.cat\/wp-content\/themes\/enfold-child\/img\/twitter.png\" alt=\"La Osa Producciones Audiovisuales - Twitter\" \/><\/a>  <a target=\"_blank\" href=\"https:\/\/www.instagram.com\/fabricantes_tv\/\"><img decoding=\"async\" src=\"https:\/\/www.clusteraudiovisual.cat\/wp-content\/themes\/enfold-child\/img\/icon-instagram.png\" alt=\"La Osa Producciones Audiovisuales - Instagram\" \/><\/a>  <a target=\"_blank\" href=\"https:\/\/www.linkedin.com\/company\/fabricantesstudio\/\"><img decoding=\"async\" src=\"https:\/\/www.clusteraudiovisual.cat\/wp-content\/themes\/enfold-child\/img\/icon-linkedin.png\" alt=\"La Osa Producciones Audiovisuales - Linkedin\" \/><\/a><\/p>\r\n                <\/div><img decoding=\"async\" class=\"soci_item_logo img-fluid\" src=\"https:\/\/www.clusteraudiovisual.cat\/wp-content\/uploads\/2013\/09\/LogoSoci_LaOsaProduccionesAudiovisuales.jpg\" alt=\"La Osa Producciones Audiovisuales\" title=\"La Osa Producciones Audiovisuales\" \/>\r\n                    <div class=\"soci_list_activ_container\" style=\"width: 100%;background: none;\">\r\n                               <p class=\"soci_list_activ mb-0\"><span>Producci\u00f3n<\/span><span>Televisi\u00f3n<\/span><\/p>\r\n                               <p class=\"soci_list_serv mb-0\">Formatos TV<span class=\"separador_cats\"<\/p>\r\n                    <\/div>\r\n                <\/div><\/div><div data-title=\"la salle espais-audiovisuals-es experiencias-inmersivas-es formacio-es integrated-systems-es postproduccion-es produccion-es servicios-es tecnologia-es television-es videojuego-es  animacion-es big-data-es digital-es diseno-es factual-es ficcion infantil-es inmersivo-360-es instalaciones-es inteligencia-artificial multimedia-es parques-tecnologicos produccion-virtual realidad-aumentada realidad-virtual salud-es telecomunicaciones tic-audiovisual-es universidades vfx-es videojuegos \" data-actv=\"espais-audiovisuals-es experiencias-inmersivas-es formacio-es integrated-systems-es postproduccion-es produccion-es servicios-es tecnologia-es television-es videojuego-es \" data-serv=\"animacion-es big-data-es digital-es diseno-es factual-es ficcion infantil-es inmersivo-360-es instalaciones-es inteligencia-artificial multimedia-es parques-tecnologicos produccion-virtual realidad-aumentada realidad-virtual salud-es telecomunicaciones tic-audiovisual-es universidades vfx-es videojuegos \" class=\"col-12 col-md-4 mb-4 border-bottom soci_box\"><div class=\"soci_item text-center\"><a class=\"soci_item_overlay\" data-fancybox=\"8228\" data-src=\"#selectableModal8228\" href=\"javascript:;\">La Salle<\/a><div class=\"cav_fancy\" style=\"display: none;max-width:500px;\" id=\"selectableModal8228\">\r\n                        <div class=\"cav_fancy_logo text-center pb-4 border-bottom\"><img decoding=\"async\" class=\"soci_item_logo img-fluid\" src=\"https:\/\/www.clusteraudiovisual.cat\/wp-content\/uploads\/2020\/08\/68.lasalle-url-1.jpg\" alt=\"La Salle\" title=\"La Salle\" \/><\/div>\r\n                        <h3 class=\"cav_fancy_title\" data-selectable=\"true\">La Salle<\/h3>\r\n                        <p class=\"cav_fancy_cat_actv\"><span>Espacios Audiovisuales<\/span><span>Experiencias Inmersivas<\/span><span>Formaci\u00f3n<\/span><span>Integrated Systems<\/span><span>Postproducci\u00f3n<\/span><span>Producci\u00f3n<\/span><span>Servicios<\/span><span>Tecnolog\u00eda<\/span><span>Televisi\u00f3n<\/span><span>Videojuego<\/span><\/p>\r\n                        <p class=\"cav_fancy_cat_serv\">Animaci\u00f3n<span class=\"separador_cats\">|<\/span>Big Data<span class=\"separador_cats\">|<\/span>Digital<span class=\"separador_cats\">|<\/span>Dise\u00f1o<span class=\"separador_cats\">|<\/span>Factual<span class=\"separador_cats\">|<\/span>Ficci\u00f3n<span class=\"separador_cats\">|<\/span>Infantil<span class=\"separador_cats\">|<\/span>Inmersivo 360<span class=\"separador_cats\">|<\/span>Instalaciones<span class=\"separador_cats\">|<\/span>Inteligencia Artificial<span class=\"separador_cats\">|<\/span>Multimedia<span class=\"separador_cats\">|<\/span>Parques tecnol\u00f3gicos<span class=\"separador_cats\">|<\/span>Producci\u00f3n Virtual<span class=\"separador_cats\">|<\/span>Realidad Aumentada<span class=\"separador_cats\">|<\/span>Realidad Virtual<span class=\"separador_cats\">|<\/span>Salud<span class=\"separador_cats\">|<\/span>Telecomunicaciones<span class=\"separador_cats\">|<\/span>TIC Audiovisual<span class=\"separador_cats\">|<\/span>Universidades<span class=\"separador_cats\">|<\/span>Vfx<span class=\"separador_cats\">|<\/span>Videojuegos<span class=\"separador_cats\"<\/p>\r\n                        <p class=\"cav_fancy_description border-bottom\">Instituci\u00f3n de ense\u00f1anza con presencia internacional. Ofrece una amplia diversidad de cursos, grados, postgrados y m\u00e1sters en Animaci\u00f3n y VFX, Artes Digitales, Ingenier\u00eda de Sistemas Audiovisuales, Ingenier\u00eda Multimedia y Tecnolog\u00edas de la transformaci\u00f3n digital.<\/p>\r\n                        <div class=\"cav_fancy_adress\"><p>C\/ de Sant Joan de la Salle, 42<\/p>\n<p>08022, Barcelona<\/p>\n<p>932 902 400<\/p>\n<p><a href=\"mailto:info@salleurl.edu\" target=\"_blank\" rel=\"noopener\">info@salleurl.edu<\/a><\/p>\n<p><a href=\"https:\/\/www.salleurl.edu\/ca\" target=\"_blank\" rel=\"noopener\">www.salleurl.edu<\/a><\/p>\n<\/div>\r\n                        <p class=\"cav_fancy_social\"><a target=\"_blank\" href=\"https:\/\/twitter.com\/lasallebcn\"><img decoding=\"async\" src=\"https:\/\/www.clusteraudiovisual.cat\/wp-content\/themes\/enfold-child\/img\/twitter.png\" alt=\"La Salle - Twitter\" \/><\/a> <a target=\"_blank\" href=\"https:\/\/www.facebook.com\/LaSalleBCN\"><img decoding=\"async\" src=\"https:\/\/www.clusteraudiovisual.cat\/wp-content\/themes\/enfold-child\/img\/facebook.png\" alt=\"La Salle - Twitter\" \/><\/a> <a target=\"_blank\" href=\"https:\/\/www.instagram.com\/lasallebcn\/\"><img decoding=\"async\" src=\"https:\/\/www.clusteraudiovisual.cat\/wp-content\/themes\/enfold-child\/img\/icon-instagram.png\" alt=\"La Salle - Instagram\" \/><\/a> <a target=\"_blank\" href=\"https:\/\/www.youtube.com\/channel\/UC26lMDQ7v6m1HMaPHp6A5lg\"><img decoding=\"async\" src=\"https:\/\/www.clusteraudiovisual.cat\/wp-content\/themes\/enfold-child\/img\/icon-youtube.png\" alt=\"La Salle - Youtube\" \/><\/a> <a target=\"_blank\" href=\"https:\/\/www.linkedin.com\/school\/la-salle-bcn\/\"><img decoding=\"async\" src=\"https:\/\/www.clusteraudiovisual.cat\/wp-content\/themes\/enfold-child\/img\/icon-linkedin.png\" alt=\"La Salle - Linkedin\" \/><\/a><\/p>\r\n                <\/div><img decoding=\"async\" class=\"soci_item_logo img-fluid\" src=\"https:\/\/www.clusteraudiovisual.cat\/wp-content\/uploads\/2020\/08\/68.lasalle-url-1.jpg\" alt=\"La Salle\" title=\"La Salle\" \/>\r\n                    <div class=\"soci_list_activ_container\" style=\"width: 100%;background: none;\">\r\n                               <p class=\"soci_list_activ mb-0\"><span>Espacios Audiovisuales<\/span><span>Experiencias Inmersivas<\/span><span>Formaci\u00f3n<\/span><span>Integrated Systems<\/span><span>Postproducci\u00f3n<\/span><span>Producci\u00f3n<\/span><span>Servicios<\/span><span>Tecnolog\u00eda<\/span><span>Televisi\u00f3n<\/span><span>Videojuego<\/span><\/p>\r\n                               <p class=\"soci_list_serv mb-0\">Animaci\u00f3n<span class=\"separador_cats\">|<\/span>Big Data<span class=\"separador_cats\">|<\/span>Digital<span class=\"separador_cats\">|<\/span>Dise\u00f1o<span class=\"separador_cats\">|<\/span>Factual<span class=\"separador_cats\">|<\/span>Ficci\u00f3n<span class=\"separador_cats\">|<\/span>Infantil<span class=\"separador_cats\">|<\/span>Inmersivo 360<span class=\"separador_cats\">|<\/span>Instalaciones<span class=\"separador_cats\">|<\/span>Inteligencia Artificial<span class=\"separador_cats\">|<\/span>Multimedia<span class=\"separador_cats\">|<\/span>Parques tecnol\u00f3gicos<span class=\"separador_cats\">|<\/span>Producci\u00f3n Virtual<span class=\"separador_cats\">|<\/span>Realidad Aumentada<span class=\"separador_cats\">|<\/span>Realidad Virtual<span class=\"separador_cats\">|<\/span>Salud<span class=\"separador_cats\">|<\/span>Telecomunicaciones<span class=\"separador_cats\">|<\/span>TIC Audiovisual<span class=\"separador_cats\">|<\/span>Universidades<span class=\"separador_cats\">|<\/span>Vfx<span class=\"separador_cats\">|<\/span>Videojuegos<span class=\"separador_cats\"<\/p>\r\n                    <\/div>\r\n                <\/div><\/div><div data-title=\"la xarxa comunicacio local radio-es television-es  formatos-tv-es plataformes-ott-es tdt-es \" data-actv=\"radio-es television-es \" data-serv=\"formatos-tv-es plataformes-ott-es tdt-es \" class=\"col-12 col-md-4 mb-4 border-bottom soci_box\"><div class=\"soci_item text-center\"><a class=\"soci_item_overlay\" data-fancybox=\"8074\" data-src=\"#selectableModal8074\" href=\"javascript:;\">La xarxa comunicaci\u00f3 local<\/a><div class=\"cav_fancy\" style=\"display: none;max-width:500px;\" id=\"selectableModal8074\">\r\n                        <div class=\"cav_fancy_logo text-center pb-4 border-bottom\"><img decoding=\"async\" class=\"soci_item_logo img-fluid\" src=\"https:\/\/www.clusteraudiovisual.cat\/wp-content\/uploads\/2021\/11\/Logo_XAL.jpg\" alt=\"La xarxa comunicaci\u00f3 local\" title=\"La xarxa comunicaci\u00f3 local\" \/><\/div>\r\n                        <h3 class=\"cav_fancy_title\" data-selectable=\"true\">La xarxa comunicaci\u00f3 local<\/h3>\r\n                        <p class=\"cav_fancy_cat_actv\"><span>Radio<\/span><span>Televisi\u00f3n<\/span><\/p>\r\n                        <p class=\"cav_fancy_cat_serv\">Formatos TV<span class=\"separador_cats\">|<\/span>Plataformas OTT<span class=\"separador_cats\">|<\/span>TDT<span class=\"separador_cats\"<\/p>\r\n                        <p class=\"cav_fancy_description border-bottom\">Empresa p\u00fablica de la Diputaci\u00f3n de Barcelona cuyo objetivo es gestionar el apoyo al audiovisual local catal\u00e1n. Se desarrolla mediante las marcas de La Xarxa y de La Xarxa+, su plataforma de streaming gratuita. Ofrece servicios de asesoramiento t\u00e9cnico, jur\u00eddico, administrativo y comercial; impulsa las din\u00e1micas de cooperaci\u00f3n y concertaci\u00f3n del sector audiovisual, y promueve la producci\u00f3n y coproducci\u00f3n de contenidos por y con los medios de proximidad.<\/p>\r\n                        <div class=\"cav_fancy_adress\"><p>Travessera de les Corts, 131-159<\/p>\n<p>Pavell\u00f3 Camb\u00f3, recinte Maternitat<\/p>\n<p>08028, Barcelona<\/p>\n<p>935 080 600<\/p>\n<p><a href=\"https:\/\/www.xal.cat\/\" target=\"_blank\" rel=\"noopener\">www.xal.cat<\/a><\/p>\n<\/div>\r\n                        <p class=\"cav_fancy_social\"><a target=\"_blank\" href=\"https:\/\/twitter.com\/laxarxa\"><img decoding=\"async\" src=\"https:\/\/www.clusteraudiovisual.cat\/wp-content\/themes\/enfold-child\/img\/twitter.png\" alt=\"La xarxa comunicaci\u00f3 local - Twitter\" \/><\/a> <a target=\"_blank\" href=\"https:\/\/www.facebook.com\/laxarxa\"><img decoding=\"async\" src=\"https:\/\/www.clusteraudiovisual.cat\/wp-content\/themes\/enfold-child\/img\/facebook.png\" alt=\"La xarxa comunicaci\u00f3 local - Twitter\" \/><\/a>   <\/p>\r\n                <\/div><img decoding=\"async\" class=\"soci_item_logo img-fluid\" src=\"https:\/\/www.clusteraudiovisual.cat\/wp-content\/uploads\/2021\/11\/Logo_XAL.jpg\" alt=\"La xarxa comunicaci\u00f3 local\" title=\"La xarxa comunicaci\u00f3 local\" \/>\r\n                    <div class=\"soci_list_activ_container\" style=\"width: 100%;background: none;\">\r\n                               <p class=\"soci_list_activ mb-0\"><span>Radio<\/span><span>Televisi\u00f3n<\/span><\/p>\r\n                               <p class=\"soci_list_serv mb-0\">Formatos TV<span class=\"separador_cats\">|<\/span>Plataformas OTT<span class=\"separador_cats\">|<\/span>TDT<span class=\"separador_cats\"<\/p>\r\n                    <\/div>\r\n                <\/div><\/div><div data-title=\"lamppost vfx postproduccion-es  vfx-es \" data-actv=\"postproduccion-es \" data-serv=\"vfx-es \" class=\"col-12 col-md-4 mb-4 border-bottom soci_box\"><div class=\"soci_item text-center\"><a class=\"soci_item_overlay\" data-fancybox=\"49762\" data-src=\"#selectableModal49762\" href=\"javascript:;\">Lamppost VFX<\/a><div class=\"cav_fancy\" style=\"display: none;max-width:500px;\" id=\"selectableModal49762\">\r\n                        <div class=\"cav_fancy_logo text-center pb-4 border-bottom\"><img decoding=\"async\" class=\"soci_item_logo img-fluid\" src=\"https:\/\/www.clusteraudiovisual.cat\/wp-content\/uploads\/2025\/07\/LogoSoci_LamppostVFX.jpg\" alt=\"Lamppost VFX\" title=\"Lamppost VFX\" \/><\/div>\r\n                        <h3 class=\"cav_fancy_title\" data-selectable=\"true\">Lamppost VFX<\/h3>\r\n                        <p class=\"cav_fancy_cat_actv\"><span>Postproducci\u00f3n<\/span><\/p>\r\n                        <p class=\"cav_fancy_cat_serv\">Vfx<span class=\"separador_cats\"<\/p>\r\n                        <p class=\"cav_fancy_description border-bottom\">Estudio de efectos visuales con sede en Barcelona. Crean VFX y animaci\u00f3n para cine, televisi\u00f3n y publicidad.<\/p>\r\n                        <div class=\"cav_fancy_adress\"><p><a href=\"http:\/\/www.lamppostvfx.com\/\">lamppostvfx.com<\/a><\/p>\n<\/div>\r\n                        <p class=\"cav_fancy_social\">  <a target=\"_blank\" href=\"https:\/\/www.instagram.com\/lamppostvfx\/\"><img decoding=\"async\" src=\"https:\/\/www.clusteraudiovisual.cat\/wp-content\/themes\/enfold-child\/img\/icon-instagram.png\" alt=\"Lamppost VFX - Instagram\" \/><\/a> <a target=\"_blank\" href=\"https:\/\/vimeo.com\/lamppost\"><img decoding=\"async\" src=\"https:\/\/www.clusteraudiovisual.cat\/wp-content\/themes\/enfold-child\/img\/icon-youtube.png\" alt=\"Lamppost VFX - Youtube\" \/><\/a> <\/p>\r\n                <\/div><img decoding=\"async\" class=\"soci_item_logo img-fluid\" src=\"https:\/\/www.clusteraudiovisual.cat\/wp-content\/uploads\/2025\/07\/LogoSoci_LamppostVFX.jpg\" alt=\"Lamppost VFX\" title=\"Lamppost VFX\" \/>\r\n                    <div class=\"soci_list_activ_container\" style=\"width: 100%;background: none;\">\r\n                               <p class=\"soci_list_activ mb-0\"><span>Postproducci\u00f3n<\/span><\/p>\r\n                               <p class=\"soci_list_serv mb-0\">Vfx<span class=\"separador_cats\"<\/p>\r\n                    <\/div>\r\n                <\/div><\/div><div data-title=\"lang iberia distribucion formacio-es tecnologia-es  broadcast-es drones-es materials-audiovisuals-es produccion-virtual \" data-actv=\"distribucion formacio-es tecnologia-es \" data-serv=\"broadcast-es drones-es materials-audiovisuals-es produccion-virtual \" class=\"col-12 col-md-4 mb-4 border-bottom soci_box\"><div class=\"soci_item text-center\"><a class=\"soci_item_overlay\" data-fancybox=\"10699\" data-src=\"#selectableModal10699\" href=\"javascript:;\">Lang Iberia<\/a><div class=\"cav_fancy\" style=\"display: none;max-width:500px;\" id=\"selectableModal10699\">\r\n                        <div class=\"cav_fancy_logo text-center pb-4 border-bottom\"><img decoding=\"async\" class=\"soci_item_logo img-fluid\" src=\"https:\/\/www.clusteraudiovisual.cat\/wp-content\/uploads\/2021\/03\/72.LANG_IBERIA_logo-1.jpg\" alt=\"Lang Iberia\" title=\"Lang Iberia\" \/><\/div>\r\n                        <h3 class=\"cav_fancy_title\" data-selectable=\"true\">Lang Iberia<\/h3>\r\n                        <p class=\"cav_fancy_cat_actv\"><span>Distribuci\u00f3n - Exhibici\u00f3n<\/span><span>Formaci\u00f3n<\/span><span>Tecnolog\u00eda<\/span><\/p>\r\n                        <p class=\"cav_fancy_cat_serv\">Broadcast<span class=\"separador_cats\">|<\/span>Drones<span class=\"separador_cats\">|<\/span>Material audiovisual<span class=\"separador_cats\">|<\/span>Producci\u00f3n Virtual<span class=\"separador_cats\"<\/p>\r\n                        <p class=\"cav_fancy_description border-bottom\">Con sedes en Alemania, Suiza, Inglaterra y Espa\u00f1a es uno de los principales distribuidores europeos de dispositivos de presentaci\u00f3n visual, tanto para alquiler como para la venta. Garantiza la m\u00e1xima calidad, tanto en la gama de productos como en el servicio pre y postventa. A trav\u00e9s de la investigaci\u00f3n y desarrollo continuos, LANG est\u00e1 siempre tecnol\u00f3gicamente a la vanguardia y, en colaboraci\u00f3n con sus socios, tambi\u00e9n ofrece soluciones individuales para usuarios profesionales.<\/p>\r\n                        <div class=\"cav_fancy_adress\"><p>C\/ de la Trepadella, 12<\/p>\n<p>08755, Castellbisbal<\/p>\n<p>936 886 042<\/p>\n<p><a href=\"mailto:info@lang-iberia.com\" target=\"_blank\" rel=\"noopener\">info@lang-iberia.com<\/a><\/p>\n<p><a href=\"https:\/\/lang-iberia.com\/es\/\" target=\"_blank\" rel=\"noopener\">www.lang-iberia.com<\/a><\/p>\n<div class=\"mbr-table\">\n<div class=\"mbr-table-cell\"><\/div>\n<\/div>\n<\/div>\r\n                        <p class=\"cav_fancy_social\">    <a target=\"_blank\" href=\"https:\/\/es.linkedin.com\/company\/lang-iberia\"><img decoding=\"async\" src=\"https:\/\/www.clusteraudiovisual.cat\/wp-content\/themes\/enfold-child\/img\/icon-linkedin.png\" alt=\"Lang Iberia - Linkedin\" \/><\/a><\/p>\r\n                <\/div><img decoding=\"async\" class=\"soci_item_logo img-fluid\" src=\"https:\/\/www.clusteraudiovisual.cat\/wp-content\/uploads\/2021\/03\/72.LANG_IBERIA_logo-1.jpg\" alt=\"Lang Iberia\" title=\"Lang Iberia\" \/>\r\n                    <div class=\"soci_list_activ_container\" style=\"width: 100%;background: none;\">\r\n                               <p class=\"soci_list_activ mb-0\"><span>Distribuci\u00f3n - Exhibici\u00f3n<\/span><span>Formaci\u00f3n<\/span><span>Tecnolog\u00eda<\/span><\/p>\r\n                               <p class=\"soci_list_serv mb-0\">Broadcast<span class=\"separador_cats\">|<\/span>Drones<span class=\"separador_cats\">|<\/span>Material audiovisual<span class=\"separador_cats\">|<\/span>Producci\u00f3n Virtual<span class=\"separador_cats\"<\/p>\r\n                    <\/div>\r\n                <\/div><\/div><div data-title=\"lastcrit postproduccion-es publicidad-es radio-es television-es  ficcion sonido vfx-es \" data-actv=\"postproduccion-es publicidad-es radio-es television-es \" data-serv=\"ficcion sonido vfx-es \" class=\"col-12 col-md-4 mb-4 border-bottom soci_box\"><div class=\"soci_item text-center\"><a class=\"soci_item_overlay\" data-fancybox=\"8156\" data-src=\"#selectableModal8156\" href=\"javascript:;\">LastCrit<\/a><div class=\"cav_fancy\" style=\"display: none;max-width:500px;\" id=\"selectableModal8156\">\r\n                        <div class=\"cav_fancy_logo text-center pb-4 border-bottom\"><img decoding=\"async\" class=\"soci_item_logo img-fluid\" src=\"https:\/\/www.clusteraudiovisual.cat\/wp-content\/uploads\/2017\/02\/LASTCRIT_Barcelona-5-1.jpg\" alt=\"LastCrit\" title=\"LastCrit\" \/><\/div>\r\n                        <h3 class=\"cav_fancy_title\" data-selectable=\"true\">LastCrit<\/h3>\r\n                        <p class=\"cav_fancy_cat_actv\"><span>Postproducci\u00f3n<\/span><span>Publicidad<\/span><span>Radio<\/span><span>Televisi\u00f3n<\/span><\/p>\r\n                        <p class=\"cav_fancy_cat_serv\">Ficci\u00f3n<span class=\"separador_cats\">|<\/span>Sonido<span class=\"separador_cats\">|<\/span>Vfx<span class=\"separador_cats\"<\/p>\r\n                        <p class=\"cav_fancy_description border-bottom\">Empresa especializada en la postproducci\u00f3n de VFX y dise\u00f1o de sonido, gesti\u00f3n de actores, locutores, derechos musicales, m\u00fasicas ad hoc para publicidad, cine, radio y televisi\u00f3n.<\/p>\r\n                        <div class=\"cav_fancy_adress\"><p>C\/ del Bruc, 6, entres\u00f2l\u00a02a<\/p>\n<p>08010, Barcelona<\/p>\n<p>931 631 598<\/p>\n<p><a href=\"mailto:joana@lastcrit.com\" target=\"_blank\" rel=\"noopener\">joana@lastcrit.com<\/a><\/p>\n<p><a href=\"mailto:victor@lastcrit.com\" target=\"_blank\" rel=\"noopener\">victor@lastcrit.com<\/a><\/p>\n<p><a href=\"http:\/\/www.lastcrit.com\/ca\/\" target=\"_blank\" rel=\"noopener\">www.lastcrit.com<\/a><\/p>\n<\/div>\r\n                        <p class=\"cav_fancy_social\"> <a target=\"_blank\" href=\"https:\/\/www.facebook.com\/LASTCRIT-258412200954660\/?ref=page_internal\"><img decoding=\"async\" src=\"https:\/\/www.clusteraudiovisual.cat\/wp-content\/themes\/enfold-child\/img\/facebook.png\" alt=\"LastCrit - Twitter\" \/><\/a> <a target=\"_blank\" href=\"https:\/\/www.instagram.com\/lastcrit\/\"><img decoding=\"async\" src=\"https:\/\/www.clusteraudiovisual.cat\/wp-content\/themes\/enfold-child\/img\/icon-instagram.png\" alt=\"LastCrit - Instagram\" \/><\/a>  <\/p>\r\n                <\/div><img decoding=\"async\" class=\"soci_item_logo img-fluid\" src=\"https:\/\/www.clusteraudiovisual.cat\/wp-content\/uploads\/2017\/02\/LASTCRIT_Barcelona-5-1.jpg\" alt=\"LastCrit\" title=\"LastCrit\" \/>\r\n                    <div class=\"soci_list_activ_container\" style=\"width: 100%;background: none;\">\r\n                               <p class=\"soci_list_activ mb-0\"><span>Postproducci\u00f3n<\/span><span>Publicidad<\/span><span>Radio<\/span><span>Televisi\u00f3n<\/span><\/p>\r\n                               <p class=\"soci_list_serv mb-0\">Ficci\u00f3n<span class=\"separador_cats\">|<\/span>Sonido<span class=\"separador_cats\">|<\/span>Vfx<span class=\"separador_cats\"<\/p>\r\n                    <\/div>\r\n                <\/div><\/div><div data-title=\"lastor media produccion-es  cortometrajes-es ficcion largometrajes-es no-ficcion \" data-actv=\"produccion-es \" data-serv=\"cortometrajes-es ficcion largometrajes-es no-ficcion \" class=\"col-12 col-md-4 mb-4 border-bottom soci_box\"><div class=\"soci_item text-center\"><a class=\"soci_item_overlay\" data-fancybox=\"17537\" data-src=\"#selectableModal17537\" href=\"javascript:;\">Lastor Media<\/a><div class=\"cav_fancy\" style=\"display: none;max-width:500px;\" id=\"selectableModal17537\">\r\n                        <div class=\"cav_fancy_logo text-center pb-4 border-bottom\"><img decoding=\"async\" class=\"soci_item_logo img-fluid\" src=\"https:\/\/www.clusteraudiovisual.cat\/wp-content\/uploads\/2021\/12\/lastormedia-v1-1-1-1.jpg\" alt=\"Lastor Media\" title=\"Lastor Media\" \/><\/div>\r\n                        <h3 class=\"cav_fancy_title\" data-selectable=\"true\">Lastor Media<\/h3>\r\n                        <p class=\"cav_fancy_cat_actv\"><span>Producci\u00f3n<\/span><\/p>\r\n                        <p class=\"cav_fancy_cat_serv\">Cortometrajes<span class=\"separador_cats\">|<\/span>Ficci\u00f3n<span class=\"separador_cats\">|<\/span>Largometrajes<span class=\"separador_cats\">|<\/span>No ficci\u00f3n<span class=\"separador_cats\"<\/p>\r\n                        <p class=\"cav_fancy_description border-bottom\">Productora que desarrolla, produce y coproduce varias series de televisi\u00f3n, documentales y pel\u00edculas comerciales y arthouse.<\/p>\r\n                        <div class=\"cav_fancy_adress\"><p>Via Augusta, 9, entresol 1a<\/p>\n<p>08006, Barcelona<\/p>\n<p>934 430 769<\/p>\n<p><a href=\"mailto:info@lastormedia.com\" target=\"_blank\" rel=\"noopener\">info@lastormedia.com<\/a><\/p>\n<p><a href=\"https:\/\/lastormedia.com\/ca\/inicio-2\/\" target=\"_blank\" rel=\"noopener\">www.lastormedia.com<\/a><\/p>\n<\/div>\r\n                        <p class=\"cav_fancy_social\"><a target=\"_blank\" href=\"https:\/\/twitter.com\/lastormedia\"><img decoding=\"async\" src=\"https:\/\/www.clusteraudiovisual.cat\/wp-content\/themes\/enfold-child\/img\/twitter.png\" alt=\"Lastor Media - Twitter\" \/><\/a> <a target=\"_blank\" href=\"https:\/\/www.facebook.com\/lastormedia\/\"><img decoding=\"async\" src=\"https:\/\/www.clusteraudiovisual.cat\/wp-content\/themes\/enfold-child\/img\/facebook.png\" alt=\"Lastor Media - Twitter\" \/><\/a> <a target=\"_blank\" href=\"https:\/\/www.instagram.com\/lastormedia\/\"><img decoding=\"async\" src=\"https:\/\/www.clusteraudiovisual.cat\/wp-content\/themes\/enfold-child\/img\/icon-instagram.png\" alt=\"Lastor Media - Instagram\" \/><\/a>  <\/p>\r\n                <\/div><img decoding=\"async\" class=\"soci_item_logo img-fluid\" src=\"https:\/\/www.clusteraudiovisual.cat\/wp-content\/uploads\/2021\/12\/lastormedia-v1-1-1-1.jpg\" alt=\"Lastor Media\" title=\"Lastor Media\" \/>\r\n                    <div class=\"soci_list_activ_container\" style=\"width: 100%;background: none;\">\r\n                               <p class=\"soci_list_activ mb-0\"><span>Producci\u00f3n<\/span><\/p>\r\n                               <p class=\"soci_list_serv mb-0\">Cortometrajes<span class=\"separador_cats\">|<\/span>Ficci\u00f3n<span class=\"separador_cats\">|<\/span>Largometrajes<span class=\"separador_cats\">|<\/span>No ficci\u00f3n<span class=\"separador_cats\"<\/p>\r\n                    <\/div>\r\n                <\/div><\/div><div data-title=\"lavinia services espais-audiovisuals-es experiencias-inmersivas-es produccion-es servicios-es tecnologia-es television-es  broadcast-es esdeveniments-es gestion-de-canales inmersivo-360-es materials-audiovisuals-es museistica-es noticias platos-es realidad-virtual servicios-de-produccion streaming-es tecnicos \" data-actv=\"espais-audiovisuals-es experiencias-inmersivas-es produccion-es servicios-es tecnologia-es television-es \" data-serv=\"broadcast-es esdeveniments-es gestion-de-canales inmersivo-360-es materials-audiovisuals-es museistica-es noticias platos-es realidad-virtual servicios-de-produccion streaming-es tecnicos \" class=\"col-12 col-md-4 mb-4 border-bottom soci_box\"><div class=\"soci_item text-center\"><a class=\"soci_item_overlay\" data-fancybox=\"23292\" data-src=\"#selectableModal23292\" href=\"javascript:;\">Lavinia Services<\/a><div class=\"cav_fancy\" style=\"display: none;max-width:500px;\" id=\"selectableModal23292\">\r\n                        <div class=\"cav_fancy_logo text-center pb-4 border-bottom\"><img decoding=\"async\" class=\"soci_item_logo img-fluid\" src=\"https:\/\/www.clusteraudiovisual.cat\/wp-content\/uploads\/2022\/06\/LogoSoci_LaviniaServices.png\" alt=\"Lavinia Services\" title=\"Lavinia Services\" \/><\/div>\r\n                        <h3 class=\"cav_fancy_title\" data-selectable=\"true\">Lavinia Services<\/h3>\r\n                        <p class=\"cav_fancy_cat_actv\"><span>Espacios Audiovisuales<\/span><span>Experiencias Inmersivas<\/span><span>Producci\u00f3n<\/span><span>Servicios<\/span><span>Tecnolog\u00eda<\/span><span>Televisi\u00f3n<\/span><\/p>\r\n                        <p class=\"cav_fancy_cat_serv\">Broadcast<span class=\"separador_cats\">|<\/span>Eventos<span class=\"separador_cats\">|<\/span>Gesti\u00f3n de canales<span class=\"separador_cats\">|<\/span>Inmersivo 360<span class=\"separador_cats\">|<\/span>Material audiovisual<span class=\"separador_cats\">|<\/span>Muse\u00edstica<span class=\"separador_cats\">|<\/span>Noticias<span class=\"separador_cats\">|<\/span>Plat\u00f3s<span class=\"separador_cats\">|<\/span>Realidad Virtual<span class=\"separador_cats\">|<\/span>Servicios de producci\u00f3n<span class=\"separador_cats\">|<\/span>Streaming<span class=\"separador_cats\">|<\/span>T\u00e9cnicos<span class=\"separador_cats\"<\/p>\r\n                        <p class=\"cav_fancy_description border-bottom\">Empresa que ofrece todo tipo de soluciones integradas en todas las actividades que se desarrollen en el sector audiovisual. Desde la gesti\u00f3n de canales, directos, transmisi\u00f3n 4G, eventos, deportes y Digital Signage; hasta servicios de producci\u00f3n para productoras y canales de TV.<\/p>\r\n                        <div class=\"cav_fancy_adress\"><p>C\/ Pujades, 81<\/p>\n<p>08005, Barcelona<\/p>\n<p>932 723 410<\/p>\n<p><a href=\"https:\/\/www.lavinia.tc\/ca\/empresas\/lavinia-new-media\" target=\"_blank\" rel=\"noopener\">www.lavinia.tc<\/a><\/p>\n<\/div>\r\n                        <p class=\"cav_fancy_social\"><a target=\"_blank\" href=\"https:\/\/twitter.com\/laviniagroup\"><img decoding=\"async\" src=\"https:\/\/www.clusteraudiovisual.cat\/wp-content\/themes\/enfold-child\/img\/twitter.png\" alt=\"Lavinia Services - Twitter\" \/><\/a> <a target=\"_blank\" href=\"https:\/\/www.facebook.com\/LaviniaGrupo\/\"><img decoding=\"async\" src=\"https:\/\/www.clusteraudiovisual.cat\/wp-content\/themes\/enfold-child\/img\/facebook.png\" alt=\"Lavinia Services - Twitter\" \/><\/a> <a target=\"_blank\" href=\"https:\/\/www.instagram.com\/laviniagroup\/\"><img decoding=\"async\" src=\"https:\/\/www.clusteraudiovisual.cat\/wp-content\/themes\/enfold-child\/img\/icon-instagram.png\" alt=\"Lavinia Services - Instagram\" \/><\/a> <a target=\"_blank\" href=\"https:\/\/www.youtube.com\/user\/LaviniaGroup\"><img decoding=\"async\" src=\"https:\/\/www.clusteraudiovisual.cat\/wp-content\/themes\/enfold-child\/img\/icon-youtube.png\" alt=\"Lavinia Services - Youtube\" \/><\/a> <a target=\"_blank\" href=\"https:\/\/es.linkedin.com\/company\/lavinia?trk=feed-liker&original_referer=https%3A%2F%2Fwww.lavinia.tc%2F\"><img decoding=\"async\" src=\"https:\/\/www.clusteraudiovisual.cat\/wp-content\/themes\/enfold-child\/img\/icon-linkedin.png\" alt=\"Lavinia Services - Linkedin\" \/><\/a><\/p>\r\n                <\/div><img decoding=\"async\" class=\"soci_item_logo img-fluid\" src=\"https:\/\/www.clusteraudiovisual.cat\/wp-content\/uploads\/2022\/06\/LogoSoci_LaviniaServices.png\" alt=\"Lavinia Services\" title=\"Lavinia Services\" \/>\r\n                    <div class=\"soci_list_activ_container\" style=\"width: 100%;background: none;\">\r\n                               <p class=\"soci_list_activ mb-0\"><span>Espacios Audiovisuales<\/span><span>Experiencias Inmersivas<\/span><span>Producci\u00f3n<\/span><span>Servicios<\/span><span>Tecnolog\u00eda<\/span><span>Televisi\u00f3n<\/span><\/p>\r\n                               <p class=\"soci_list_serv mb-0\">Broadcast<span class=\"separador_cats\">|<\/span>Eventos<span class=\"separador_cats\">|<\/span>Gesti\u00f3n de canales<span class=\"separador_cats\">|<\/span>Inmersivo 360<span class=\"separador_cats\">|<\/span>Material audiovisual<span class=\"separador_cats\">|<\/span>Muse\u00edstica<span class=\"separador_cats\">|<\/span>Noticias<span class=\"separador_cats\">|<\/span>Plat\u00f3s<span class=\"separador_cats\">|<\/span>Realidad Virtual<span class=\"separador_cats\">|<\/span>Servicios de producci\u00f3n<span class=\"separador_cats\">|<\/span>Streaming<span class=\"separador_cats\">|<\/span>T\u00e9cnicos<span class=\"separador_cats\"<\/p>\r\n                    <\/div>\r\n                <\/div><\/div><div data-title=\"layers of reality espais-audiovisuals-es experiencias-inmersivas-es servicios-es tecnologia-es  exposiciones-es inmersivo-360-es metaverso-es museistica-es realidad-aumentada realidad-virtual servicios-de-produccion \" data-actv=\"espais-audiovisuals-es experiencias-inmersivas-es servicios-es tecnologia-es \" data-serv=\"exposiciones-es inmersivo-360-es metaverso-es museistica-es realidad-aumentada realidad-virtual servicios-de-produccion \" class=\"col-12 col-md-4 mb-4 border-bottom soci_box\"><div class=\"soci_item text-center\"><a class=\"soci_item_overlay\" data-fancybox=\"38454\" data-src=\"#selectableModal38454\" href=\"javascript:;\">Layers of Reality<\/a><div class=\"cav_fancy\" style=\"display: none;max-width:500px;\" id=\"selectableModal38454\">\r\n                        <div class=\"cav_fancy_logo text-center pb-4 border-bottom\"><img decoding=\"async\" class=\"soci_item_logo img-fluid\" src=\"https:\/\/www.clusteraudiovisual.cat\/wp-content\/uploads\/2023\/12\/LogoSoci_Layers-of-reality.jpg\" alt=\"Layers of Reality\" title=\"Layers of Reality\" \/><\/div>\r\n                        <h3 class=\"cav_fancy_title\" data-selectable=\"true\">Layers of Reality<\/h3>\r\n                        <p class=\"cav_fancy_cat_actv\"><span>Espacios Audiovisuales<\/span><span>Experiencias Inmersivas<\/span><span>Servicios<\/span><span>Tecnolog\u00eda<\/span><\/p>\r\n                        <p class=\"cav_fancy_cat_serv\">Exposiciones<span class=\"separador_cats\">|<\/span>Inmersivo 360<span class=\"separador_cats\">|<\/span>Metaverso<span class=\"separador_cats\">|<\/span>Muse\u00edstica<span class=\"separador_cats\">|<\/span>Realidad Aumentada<span class=\"separador_cats\">|<\/span>Realidad Virtual<span class=\"separador_cats\">|<\/span>Servicios de producci\u00f3n<span class=\"separador_cats\"<\/p>\r\n                        <p class=\"cav_fancy_description border-bottom\">Productora audiovisual especializada en la creaci\u00f3n de contenidos inmersivos. En octubre de 2019, inaugura el Centro de Artes Digitales IDEAL, como el primer espacio de experiencias inmersivas digitales del sur de Europa dirigidas al gran p\u00fablico. En marzo de 2022 inaugura un segundo espacio: MAD (Madrid Artes Digitales) en Matadero de Madrid. El IDEAL y MAD, cuentan con una sala inmersiva de m\u00e1s de 1.000 m2 proyectados a 360\u00ba, diferentes espacios con instalaciones interactivas y de inteligencia artificial y una sala con el mayor n\u00famero de dispositivos de realidad virtual de toda Europa.\r\n<\/p>\r\n                        <div class=\"cav_fancy_adress\"><p>C\/ Doctor Trueta, 196-198<\/p>\n<p>08005, Barcelona<\/p>\n<p><a href=\"mailto:info@layersofreality.com\" target=\"_blank\" rel=\"noopener\">info@layersofreality.com<\/a><\/p>\n<p><a href=\"https:\/\/layersofreality.com\/\" target=\"_blank\" rel=\"noopener\">www.layersofreality.com<\/a><\/p>\n<\/div>\r\n                        <p class=\"cav_fancy_social\"><a target=\"_blank\" href=\"https:\/\/twitter.com\/layersreality\"><img decoding=\"async\" src=\"https:\/\/www.clusteraudiovisual.cat\/wp-content\/themes\/enfold-child\/img\/twitter.png\" alt=\"Layers of Reality - Twitter\" \/><\/a>  <a target=\"_blank\" href=\"https:\/\/www.instagram.com\/layersofreality\/\"><img decoding=\"async\" src=\"https:\/\/www.clusteraudiovisual.cat\/wp-content\/themes\/enfold-child\/img\/icon-instagram.png\" alt=\"Layers of Reality - Instagram\" \/><\/a>  <a target=\"_blank\" href=\"https:\/\/www.linkedin.com\/company\/layers-of-reality\/?originalSubdomain=es\"><img decoding=\"async\" src=\"https:\/\/www.clusteraudiovisual.cat\/wp-content\/themes\/enfold-child\/img\/icon-linkedin.png\" alt=\"Layers of Reality - Linkedin\" \/><\/a><\/p>\r\n                <\/div><img decoding=\"async\" class=\"soci_item_logo img-fluid\" src=\"https:\/\/www.clusteraudiovisual.cat\/wp-content\/uploads\/2023\/12\/LogoSoci_Layers-of-reality.jpg\" alt=\"Layers of Reality\" title=\"Layers of Reality\" \/>\r\n                    <div class=\"soci_list_activ_container\" style=\"width: 100%;background: none;\">\r\n                               <p class=\"soci_list_activ mb-0\"><span>Espacios Audiovisuales<\/span><span>Experiencias Inmersivas<\/span><span>Servicios<\/span><span>Tecnolog\u00eda<\/span><\/p>\r\n                               <p class=\"soci_list_serv mb-0\">Exposiciones<span class=\"separador_cats\">|<\/span>Inmersivo 360<span class=\"separador_cats\">|<\/span>Metaverso<span class=\"separador_cats\">|<\/span>Muse\u00edstica<span class=\"separador_cats\">|<\/span>Realidad Aumentada<span class=\"separador_cats\">|<\/span>Realidad Virtual<span class=\"separador_cats\">|<\/span>Servicios de producci\u00f3n<span class=\"separador_cats\"<\/p>\r\n                    <\/div>\r\n                <\/div><\/div><div data-title=\"lci barcelona formacio-es servicios-es videojuego-es  animacion-es digital-es diseno-es escuelas-es universidades vfx-es videojuegos web-es \" data-actv=\"formacio-es servicios-es videojuego-es \" data-serv=\"animacion-es digital-es diseno-es escuelas-es universidades vfx-es videojuegos web-es \" class=\"col-12 col-md-4 mb-4 border-bottom soci_box\"><div class=\"soci_item text-center\"><a class=\"soci_item_overlay\" data-fancybox=\"8212\" data-src=\"#selectableModal8212\" href=\"javascript:;\">LCI Barcelona<\/a><div class=\"cav_fancy\" style=\"display: none;max-width:500px;\" id=\"selectableModal8212\">\r\n                        <div class=\"cav_fancy_logo text-center pb-4 border-bottom\"><img decoding=\"async\" class=\"soci_item_logo img-fluid\" src=\"https:\/\/www.clusteraudiovisual.cat\/wp-content\/uploads\/2020\/02\/75.LCI-Barcelona-1.jpg\" alt=\"LCI Barcelona\" title=\"LCI Barcelona\" \/><\/div>\r\n                        <h3 class=\"cav_fancy_title\" data-selectable=\"true\">LCI Barcelona<\/h3>\r\n                        <p class=\"cav_fancy_cat_actv\"><span>Formaci\u00f3n<\/span><span>Servicios<\/span><span>Videojuego<\/span><\/p>\r\n                        <p class=\"cav_fancy_cat_serv\">Animaci\u00f3n<span class=\"separador_cats\">|<\/span>Digital<span class=\"separador_cats\">|<\/span>Dise\u00f1o<span class=\"separador_cats\">|<\/span>Escuelas<span class=\"separador_cats\">|<\/span>Universidades<span class=\"separador_cats\">|<\/span>Vfx<span class=\"separador_cats\">|<\/span>Videojuegos<span class=\"separador_cats\">|<\/span>Web<span class=\"separador_cats\"<\/p>\r\n                        <p class=\"cav_fancy_description border-bottom\">Instituci\u00f3n internacional de ense\u00f1anzas superiores en el \u00e1mbito del dise\u00f1o y las artes visuales. Ofrecen grados y m\u00e1steres tanto oficiales como propios.<\/p>\r\n                        <div class=\"cav_fancy_adress\"><p>C\/ Balmes, 209<\/p>\n<p>08006, Barcelona<\/p>\n<p>932 372 740<\/p>\n<p><a href=\"mailto:hello@lcibarcelona.com\" target=\"_blank\" rel=\"noopener\">hello@lcibarcelona.com<\/a><\/p>\n<p><a href=\"https:\/\/www.lcibarcelona.com\/\" target=\"_blank\" rel=\"noopener\">www.lcibarcelona.com<\/a><\/p>\n<\/div>\r\n                        <p class=\"cav_fancy_social\"><a target=\"_blank\" href=\"https:\/\/twitter.com\/lci_barcelona\"><img decoding=\"async\" src=\"https:\/\/www.clusteraudiovisual.cat\/wp-content\/themes\/enfold-child\/img\/twitter.png\" alt=\"LCI Barcelona - Twitter\" \/><\/a> <a target=\"_blank\" href=\"https:\/\/www.facebook.com\/LCIBarcelona\"><img decoding=\"async\" src=\"https:\/\/www.clusteraudiovisual.cat\/wp-content\/themes\/enfold-child\/img\/facebook.png\" alt=\"LCI Barcelona - Twitter\" \/><\/a> <a target=\"_blank\" href=\"https:\/\/www.youtube.com\/LCIBarcelona\"><img decoding=\"async\" src=\"https:\/\/www.clusteraudiovisual.cat\/wp-content\/themes\/enfold-child\/img\/icon-instagram.png\" alt=\"LCI Barcelona - Instagram\" \/><\/a> <a target=\"_blank\" href=\"https:\/\/www.youtube.com\/LCIBarcelona\"><img decoding=\"async\" src=\"https:\/\/www.clusteraudiovisual.cat\/wp-content\/themes\/enfold-child\/img\/icon-youtube.png\" alt=\"LCI Barcelona - Youtube\" \/><\/a> <a target=\"_blank\" href=\"https:\/\/www.linkedin.com\/company\/lcibarcelona\"><img decoding=\"async\" src=\"https:\/\/www.clusteraudiovisual.cat\/wp-content\/themes\/enfold-child\/img\/icon-linkedin.png\" alt=\"LCI Barcelona - Linkedin\" \/><\/a><\/p>\r\n                <\/div><img decoding=\"async\" class=\"soci_item_logo img-fluid\" src=\"https:\/\/www.clusteraudiovisual.cat\/wp-content\/uploads\/2020\/02\/75.LCI-Barcelona-1.jpg\" alt=\"LCI Barcelona\" title=\"LCI Barcelona\" \/>\r\n                    <div class=\"soci_list_activ_container\" style=\"width: 100%;background: none;\">\r\n                               <p class=\"soci_list_activ mb-0\"><span>Formaci\u00f3n<\/span><span>Servicios<\/span><span>Videojuego<\/span><\/p>\r\n                               <p class=\"soci_list_serv mb-0\">Animaci\u00f3n<span class=\"separador_cats\">|<\/span>Digital<span class=\"separador_cats\">|<\/span>Dise\u00f1o<span class=\"separador_cats\">|<\/span>Escuelas<span class=\"separador_cats\">|<\/span>Universidades<span class=\"separador_cats\">|<\/span>Vfx<span class=\"separador_cats\">|<\/span>Videojuegos<span class=\"separador_cats\">|<\/span>Web<span class=\"separador_cats\"<\/p>\r\n                    <\/div>\r\n                <\/div><\/div><div data-title=\"link3rs servicios-es tecnologia-es  app-es esdeveniments-es inteligencia-artificial mobile-es servicios-de-produccion software-es streaming-es videconferencias \" data-actv=\"servicios-es tecnologia-es \" data-serv=\"app-es esdeveniments-es inteligencia-artificial mobile-es servicios-de-produccion software-es streaming-es videconferencias \" class=\"col-12 col-md-4 mb-4 border-bottom soci_box\"><div class=\"soci_item text-center\"><a class=\"soci_item_overlay\" data-fancybox=\"54049\" data-src=\"#selectableModal54049\" href=\"javascript:;\">Link3rs<\/a><div class=\"cav_fancy\" style=\"display: none;max-width:500px;\" id=\"selectableModal54049\">\r\n                        <div class=\"cav_fancy_logo text-center pb-4 border-bottom\"><img decoding=\"async\" class=\"soci_item_logo img-fluid\" src=\"https:\/\/www.clusteraudiovisual.cat\/wp-content\/uploads\/2025\/12\/LogoSoci_Link3rs.jpg\" alt=\"Link3rs\" title=\"Link3rs\" \/><\/div>\r\n                        <h3 class=\"cav_fancy_title\" data-selectable=\"true\">Link3rs<\/h3>\r\n                        <p class=\"cav_fancy_cat_actv\"><span>Servicios<\/span><span>Tecnolog\u00eda<\/span><\/p>\r\n                        <p class=\"cav_fancy_cat_serv\">App<span class=\"separador_cats\">|<\/span>Eventos<span class=\"separador_cats\">|<\/span>Inteligencia Artificial<span class=\"separador_cats\">|<\/span>Mobile<span class=\"separador_cats\">|<\/span>Servicios de producci\u00f3n<span class=\"separador_cats\">|<\/span>Software<span class=\"separador_cats\">|<\/span>Streaming<span class=\"separador_cats\">|<\/span>Videconferencias<span class=\"separador_cats\"<\/p>\r\n                        <p class=\"cav_fancy_description border-bottom\">Software y aplicaci\u00f3n de traducci\u00f3n simult\u00e1nea para eventos. Permite que el p\u00fablico escuche a los oradores en el idioma escogido, entre m\u00e1s de cincuenta, utilizando s\u00f3lo m\u00f3vil y auriculares.<\/p>\r\n                        <div class=\"cav_fancy_adress\"><p>C\/ de Pau Gallardo, 30<\/p>\n<p>08028, Barcelona<\/p>\n<p><a class=\"text-blue-500\" href=\"mailto:hello@link3rs.com\">hello@link3rs.com<\/a><\/p>\n<p><a href=\"https:\/\/link3rs.com\/\">link3rs.com<\/a><\/p>\n<\/div>\r\n                        <p class=\"cav_fancy_social\">    <\/p>\r\n                <\/div><img decoding=\"async\" class=\"soci_item_logo img-fluid\" src=\"https:\/\/www.clusteraudiovisual.cat\/wp-content\/uploads\/2025\/12\/LogoSoci_Link3rs.jpg\" alt=\"Link3rs\" title=\"Link3rs\" \/>\r\n                    <div class=\"soci_list_activ_container\" style=\"width: 100%;background: none;\">\r\n                               <p class=\"soci_list_activ mb-0\"><span>Servicios<\/span><span>Tecnolog\u00eda<\/span><\/p>\r\n                               <p class=\"soci_list_serv mb-0\">App<span class=\"separador_cats\">|<\/span>Eventos<span class=\"separador_cats\">|<\/span>Inteligencia Artificial<span class=\"separador_cats\">|<\/span>Mobile<span class=\"separador_cats\">|<\/span>Servicios de producci\u00f3n<span class=\"separador_cats\">|<\/span>Software<span class=\"separador_cats\">|<\/span>Streaming<span class=\"separador_cats\">|<\/span>Videconferencias<span class=\"separador_cats\"<\/p>\r\n                    <\/div>\r\n                <\/div><\/div><div data-title=\"lleida tv television-es  formatos-tv-es noticias \" data-actv=\"television-es \" data-serv=\"formatos-tv-es noticias \" class=\"col-12 col-md-4 mb-4 border-bottom soci_box\"><div class=\"soci_item text-center\"><a class=\"soci_item_overlay\" data-fancybox=\"21397\" data-src=\"#selectableModal21397\" href=\"javascript:;\">Lleida TV<\/a><div class=\"cav_fancy\" style=\"display: none;max-width:500px;\" id=\"selectableModal21397\">\r\n                        <div class=\"cav_fancy_logo text-center pb-4 border-bottom\"><img decoding=\"async\" class=\"soci_item_logo img-fluid\" src=\"https:\/\/www.clusteraudiovisual.cat\/wp-content\/uploads\/2022\/02\/LLTV_LOGO_02_1056px-1.jpg\" alt=\"Lleida TV\" title=\"Lleida TV\" \/><\/div>\r\n                        <h3 class=\"cav_fancy_title\" data-selectable=\"true\">Lleida TV<\/h3>\r\n                        <p class=\"cav_fancy_cat_actv\"><span>Televisi\u00f3n<\/span><\/p>\r\n                        <p class=\"cav_fancy_cat_serv\">Formatos TV<span class=\"separador_cats\">|<\/span>Noticias<span class=\"separador_cats\"<\/p>\r\n                        <p class=\"cav_fancy_description border-bottom\">Canal de televisi\u00f3n local de Lleida del Grupo Segre que empez\u00f3 sus emisiones en 2001.<\/p>\r\n                        <div class=\"cav_fancy_adress\"><p>C\/ del Riu 6<\/p>\n<p>25007, Lleida<\/p>\n<p>973 248 000<\/p>\n<p><a href=\"mailto:info@lleidatv.cat\" target=\"_blank\" rel=\"noopener\">info@lleidatv.cat<\/a><\/p>\n<p><a href=\"https:\/\/ott.lleidatv.cat\/\" target=\"_blank\" rel=\"noopener\">www.ott.lleidatv.cat<\/a><\/p>\n<\/div>\r\n                        <p class=\"cav_fancy_social\"><a target=\"_blank\" href=\"https:\/\/twitter.com\/lleidatv\"><img decoding=\"async\" src=\"https:\/\/www.clusteraudiovisual.cat\/wp-content\/themes\/enfold-child\/img\/twitter.png\" alt=\"Lleida TV - Twitter\" \/><\/a> <a target=\"_blank\" href=\"https:\/\/es-es.facebook.com\/LleidaTV\/\"><img decoding=\"async\" src=\"https:\/\/www.clusteraudiovisual.cat\/wp-content\/themes\/enfold-child\/img\/facebook.png\" alt=\"Lleida TV - Twitter\" \/><\/a> <a target=\"_blank\" href=\"https:\/\/www.instagram.com\/lleidatv\/\"><img decoding=\"async\" src=\"https:\/\/www.clusteraudiovisual.cat\/wp-content\/themes\/enfold-child\/img\/icon-instagram.png\" alt=\"Lleida TV - Instagram\" \/><\/a>  <\/p>\r\n                <\/div><img decoding=\"async\" class=\"soci_item_logo img-fluid\" src=\"https:\/\/www.clusteraudiovisual.cat\/wp-content\/uploads\/2022\/02\/LLTV_LOGO_02_1056px-1.jpg\" alt=\"Lleida TV\" title=\"Lleida TV\" \/>\r\n                    <div class=\"soci_list_activ_container\" style=\"width: 100%;background: none;\">\r\n                               <p class=\"soci_list_activ mb-0\"><span>Televisi\u00f3n<\/span><\/p>\r\n                               <p class=\"soci_list_serv mb-0\">Formatos TV<span class=\"separador_cats\">|<\/span>Noticias<span class=\"separador_cats\"<\/p>\r\n                    <\/div>\r\n                <\/div><\/div><div data-title=\"lovetv channels distribucion  gestion-de-canales plataformes-ott-es \" data-actv=\"distribucion \" data-serv=\"gestion-de-canales plataformes-ott-es \" class=\"col-12 col-md-4 mb-4 border-bottom soci_box\"><div class=\"soci_item text-center\"><a class=\"soci_item_overlay\" data-fancybox=\"35591\" data-src=\"#selectableModal35591\" href=\"javascript:;\">LoveTV Channels<\/a><div class=\"cav_fancy\" style=\"display: none;max-width:500px;\" id=\"selectableModal35591\">\r\n                        <div class=\"cav_fancy_logo text-center pb-4 border-bottom\"><img decoding=\"async\" class=\"soci_item_logo img-fluid\" src=\"https:\/\/www.clusteraudiovisual.cat\/wp-content\/uploads\/2023\/09\/LogoSoci_LoveTV-Channels.jpg\" alt=\"LoveTV Channels\" title=\"LoveTV Channels\" \/><\/div>\r\n                        <h3 class=\"cav_fancy_title\" data-selectable=\"true\">LoveTV Channels<\/h3>\r\n                        <p class=\"cav_fancy_cat_actv\"><span>Distribuci\u00f3n - Exhibici\u00f3n<\/span><\/p>\r\n                        <p class=\"cav_fancy_cat_serv\">Gesti\u00f3n de canales<span class=\"separador_cats\">|<\/span>Plataformas OTT<span class=\"separador_cats\"<\/p>\r\n                        <p class=\"cav_fancy_description border-bottom\">Producen canales de televisi\u00f3n tem\u00e1tica con contenido premium, seleccionado y programado cuidadosamente para entretener a segmentos de audiencia. Sus canales se distribuyen de forma gratuita en cualquier plataforma de TV por streaming.<\/p>\r\n                        <div class=\"cav_fancy_adress\"><p>Av. Diagonal 571, 2a planta<\/p>\n<p>08029, Barcelona<\/p>\n<p><a href=\"mailto:hello@lovetvchannels.com\" target=\"_blank\" rel=\"noopener\">hello@lovetvchannels.com<\/a><\/p>\n<p><a href=\"https:\/\/lovetvchannels.com\/\" target=\"_blank\" rel=\"noopener\">www.lovetvchannels.com<\/a><\/p>\n<\/div>\r\n                        <p class=\"cav_fancy_social\">    <a target=\"_blank\" href=\"https:\/\/es.linkedin.com\/company\/love-tv-channels\"><img decoding=\"async\" src=\"https:\/\/www.clusteraudiovisual.cat\/wp-content\/themes\/enfold-child\/img\/icon-linkedin.png\" alt=\"LoveTV Channels - Linkedin\" \/><\/a><\/p>\r\n                <\/div><img decoding=\"async\" class=\"soci_item_logo img-fluid\" src=\"https:\/\/www.clusteraudiovisual.cat\/wp-content\/uploads\/2023\/09\/LogoSoci_LoveTV-Channels.jpg\" alt=\"LoveTV Channels\" title=\"LoveTV Channels\" \/>\r\n                    <div class=\"soci_list_activ_container\" style=\"width: 100%;background: none;\">\r\n                               <p class=\"soci_list_activ mb-0\"><span>Distribuci\u00f3n - Exhibici\u00f3n<\/span><\/p>\r\n                               <p class=\"soci_list_serv mb-0\">Gesti\u00f3n de canales<span class=\"separador_cats\">|<\/span>Plataformas OTT<span class=\"separador_cats\"<\/p>\r\n                    <\/div>\r\n                <\/div><\/div><div data-title=\"mallerich films distribucion produccion-es  ficcion \" data-actv=\"distribucion produccion-es \" data-serv=\"ficcion \" class=\"col-12 col-md-4 mb-4 border-bottom soci_box\"><div class=\"soci_item text-center\"><a class=\"soci_item_overlay\" data-fancybox=\"8002\" data-src=\"#selectableModal8002\" href=\"javascript:;\">Mallerich Films<\/a><div class=\"cav_fancy\" style=\"display: none;max-width:500px;\" id=\"selectableModal8002\">\r\n                        <div class=\"cav_fancy_logo text-center pb-4 border-bottom\"><img decoding=\"async\" class=\"soci_item_logo img-fluid\" src=\"https:\/\/www.clusteraudiovisual.cat\/wp-content\/uploads\/2013\/09\/Mallerich-VECTORIAL-1.jpg\" alt=\"Mallerich Films\" title=\"Mallerich Films\" \/><\/div>\r\n                        <h3 class=\"cav_fancy_title\" data-selectable=\"true\">Mallerich Films<\/h3>\r\n                        <p class=\"cav_fancy_cat_actv\"><span>Distribuci\u00f3n - Exhibici\u00f3n<\/span><span>Producci\u00f3n<\/span><\/p>\r\n                        <p class=\"cav_fancy_cat_serv\">Ficci\u00f3n<span class=\"separador_cats\"<\/p>\r\n                        <p class=\"cav_fancy_description border-bottom\">Productora audiovisual especializada en cine y documental, que ofrece, adem\u00e1s, servicios de distribuci\u00f3n, gesti\u00f3n de derechos y de organizaci\u00f3n de festivales de cine.<\/p>\r\n                        <div class=\"cav_fancy_adress\"><p>Passeig Mare de D\u00e9u del Coll, 30, local<\/p>\n<p>08023, Barcelona<\/p>\n<p>932 033 025<\/p>\n<p><a href=\"mailto:mallerich@pacopoch.cat\" target=\"_blank\" rel=\"noopener\">mallerich@pacopoch.cat<\/a><\/p>\n<p><a href=\"https:\/\/www.pacopoch.cat\/mallerich\/\" target=\"_blank\" rel=\"noopener\">www.pacopoch.cat<\/a><\/p>\n<\/div>\r\n                        <p class=\"cav_fancy_social\"><a target=\"_blank\" href=\"https:\/\/twitter.com\/pacopochcinema\"><img decoding=\"async\" src=\"https:\/\/www.clusteraudiovisual.cat\/wp-content\/themes\/enfold-child\/img\/twitter.png\" alt=\"Mallerich Films - Twitter\" \/><\/a>  <a target=\"_blank\" href=\"https:\/\/www.instagram.com\/mallerichfilms\/\"><img decoding=\"async\" src=\"https:\/\/www.clusteraudiovisual.cat\/wp-content\/themes\/enfold-child\/img\/icon-instagram.png\" alt=\"Mallerich Films - Instagram\" \/><\/a>  <\/p>\r\n                <\/div><img decoding=\"async\" class=\"soci_item_logo img-fluid\" src=\"https:\/\/www.clusteraudiovisual.cat\/wp-content\/uploads\/2013\/09\/Mallerich-VECTORIAL-1.jpg\" alt=\"Mallerich Films\" title=\"Mallerich Films\" \/>\r\n                    <div class=\"soci_list_activ_container\" style=\"width: 100%;background: none;\">\r\n                               <p class=\"soci_list_activ mb-0\"><span>Distribuci\u00f3n - Exhibici\u00f3n<\/span><span>Producci\u00f3n<\/span><\/p>\r\n                               <p class=\"soci_list_serv mb-0\">Ficci\u00f3n<span class=\"separador_cats\"<\/p>\r\n                    <\/div>\r\n                <\/div><\/div><div data-title=\"mas acoustics integrated-systems-es postproduccion-es servicios-es  estudios-de-grabacion materials-audiovisuals-es servicios-de-produccion sonido \" data-actv=\"integrated-systems-es postproduccion-es servicios-es \" data-serv=\"estudios-de-grabacion materials-audiovisuals-es servicios-de-produccion sonido \" class=\"col-12 col-md-4 mb-4 border-bottom soci_box\"><div class=\"soci_item text-center\"><a class=\"soci_item_overlay\" data-fancybox=\"53611\" data-src=\"#selectableModal53611\" href=\"javascript:;\">Mas Acoustics<\/a><div class=\"cav_fancy\" style=\"display: none;max-width:500px;\" id=\"selectableModal53611\">\r\n                        <div class=\"cav_fancy_logo text-center pb-4 border-bottom\"><img decoding=\"async\" class=\"soci_item_logo img-fluid\" src=\"https:\/\/www.clusteraudiovisual.cat\/wp-content\/uploads\/2025\/11\/LogoSoci_MasAcoustics.jpg\" alt=\"Mas Acoustics\" title=\"Mas Acoustics\" \/><\/div>\r\n                        <h3 class=\"cav_fancy_title\" data-selectable=\"true\">Mas Acoustics<\/h3>\r\n                        <p class=\"cav_fancy_cat_actv\"><span>Integrated Systems<\/span><span>Postproducci\u00f3n<\/span><span>Servicios<\/span><\/p>\r\n                        <p class=\"cav_fancy_cat_serv\">Estudios de grabaci\u00f3n<span class=\"separador_cats\">|<\/span>Material audiovisual<span class=\"separador_cats\">|<\/span>Servicios de producci\u00f3n<span class=\"separador_cats\">|<\/span>Sonido<span class=\"separador_cats\"<\/p>\r\n                        <p class=\"cav_fancy_description border-bottom\">Distribuidora de material de marcas como Universal Audio, Moog, Spectrasonics, Brauner, Townsend Labs, Auralex y Flat Response. Tambi\u00e9n ofrecen servicios de Consultor\u00eda Ac\u00fastica.<\/p>\r\n                        <div class=\"cav_fancy_adress\"><p>C\/ Iriarte, 23-29, Local 8<\/p>\n<p>08191, Rub\u00ed (Barcelona)<\/p>\n<p>935 862 313<\/p>\n<p>936 675 997<\/p>\n<p><a class=\"underline_hover\" href=\"mailto:elisenda@masacoustics.com\">elisenda@masacoustics.com<\/a><\/p>\n<p><a href=\"https:\/\/masacoustics.com\/\" target=\"_blank\" rel=\"noopener\">masacoustics.com<\/a><\/p>\n<p><a href=\"https:\/\/masacousticspro.com\/\" target=\"_blank\" rel=\"noopener\">masacousticspro.com<\/a><\/p>\n<\/div>\r\n                        <p class=\"cav_fancy_social\"> <a target=\"_blank\" href=\"https:\/\/www.facebook.com\/masacousticsbcn\/\"><img decoding=\"async\" src=\"https:\/\/www.clusteraudiovisual.cat\/wp-content\/themes\/enfold-child\/img\/facebook.png\" alt=\"Mas Acoustics - Twitter\" \/><\/a> <a target=\"_blank\" href=\"https:\/\/www.instagram.com\/masacoustics\/?hl=es\"><img decoding=\"async\" src=\"https:\/\/www.clusteraudiovisual.cat\/wp-content\/themes\/enfold-child\/img\/icon-instagram.png\" alt=\"Mas Acoustics - Instagram\" \/><\/a> <a target=\"_blank\" href=\"https:\/\/www.youtube.com\/channel\/UC2mMfzcaFytu-yXqa6TFOlg\"><img decoding=\"async\" src=\"https:\/\/www.clusteraudiovisual.cat\/wp-content\/themes\/enfold-child\/img\/icon-youtube.png\" alt=\"Mas Acoustics - Youtube\" \/><\/a> <a target=\"_blank\" href=\"https:\/\/www.linkedin.com\/company\/mas-acoustics-barcelona-s-l-\"><img decoding=\"async\" src=\"https:\/\/www.clusteraudiovisual.cat\/wp-content\/themes\/enfold-child\/img\/icon-linkedin.png\" alt=\"Mas Acoustics - Linkedin\" \/><\/a><\/p>\r\n                <\/div><img decoding=\"async\" class=\"soci_item_logo img-fluid\" src=\"https:\/\/www.clusteraudiovisual.cat\/wp-content\/uploads\/2025\/11\/LogoSoci_MasAcoustics.jpg\" alt=\"Mas Acoustics\" title=\"Mas Acoustics\" \/>\r\n                    <div class=\"soci_list_activ_container\" style=\"width: 100%;background: none;\">\r\n                               <p class=\"soci_list_activ mb-0\"><span>Integrated Systems<\/span><span>Postproducci\u00f3n<\/span><span>Servicios<\/span><\/p>\r\n                               <p class=\"soci_list_serv mb-0\">Estudios de grabaci\u00f3n<span class=\"separador_cats\">|<\/span>Material audiovisual<span class=\"separador_cats\">|<\/span>Servicios de producci\u00f3n<span class=\"separador_cats\">|<\/span>Sonido<span class=\"separador_cats\"<\/p>\r\n                    <\/div>\r\n                <\/div><\/div><div data-title=\"massa d\u2019or produccion-es  ficcion \" data-actv=\"produccion-es \" data-serv=\"ficcion \" class=\"col-12 col-md-4 mb-4 border-bottom soci_box\"><div class=\"soci_item text-center\"><a class=\"soci_item_overlay\" data-fancybox=\"8053\" data-src=\"#selectableModal8053\" href=\"javascript:;\">Massa d\u2019Or<\/a><div class=\"cav_fancy\" style=\"display: none;max-width:500px;\" id=\"selectableModal8053\">\r\n                        <div class=\"cav_fancy_logo text-center pb-4 border-bottom\"><img decoding=\"async\" class=\"soci_item_logo img-fluid\" src=\"https:\/\/www.clusteraudiovisual.cat\/wp-content\/uploads\/2014\/02\/79.Logo-fons-transparent.jpg\" alt=\"Massa d\u2019Or\" title=\"Massa d\u2019Or\" \/><\/div>\r\n                        <h3 class=\"cav_fancy_title\" data-selectable=\"true\">Massa d\u2019Or<\/h3>\r\n                        <p class=\"cav_fancy_cat_actv\"><span>Producci\u00f3n<\/span><\/p>\r\n                        <p class=\"cav_fancy_cat_serv\">Ficci\u00f3n<span class=\"separador_cats\"<\/p>\r\n                        <p class=\"cav_fancy_description border-bottom\">Productora de largometrajes, documentales y TV movies.<\/p>\r\n                        <div class=\"cav_fancy_adress\"><p>C\/ Sant Pere M\u00e9s Alt, 66, ppal. 1a<\/p>\n<p>08003, Barcelona<\/p>\n<p>933 103 510<\/p>\n<p><a href=\"mailto:massadorproduccions@gmail.com\" target=\"_blank\" rel=\"noopener\">massadorproduccions@gmail.com<\/a><\/p>\n<p><a href=\"https:\/\/www.massadorproduccions.com\/\" target=\"_blank\" rel=\"noopener\">www.massadorproduccions.com<\/a><\/p>\n<\/div>\r\n                        <p class=\"cav_fancy_social\"><a target=\"_blank\" href=\"https:\/\/twitter.com\/isonapassola\"><img decoding=\"async\" src=\"https:\/\/www.clusteraudiovisual.cat\/wp-content\/themes\/enfold-child\/img\/twitter.png\" alt=\"Massa d\u2019Or - Twitter\" \/><\/a>  <a target=\"_blank\" href=\"https:\/\/www.instagram.com\/massadorproduccions\/\"><img decoding=\"async\" src=\"https:\/\/www.clusteraudiovisual.cat\/wp-content\/themes\/enfold-child\/img\/icon-instagram.png\" alt=\"Massa d\u2019Or - Instagram\" \/><\/a> <a target=\"_blank\" href=\"https:\/\/www.youtube.com\/user\/MassadOrProduccions\"><img decoding=\"async\" src=\"https:\/\/www.clusteraudiovisual.cat\/wp-content\/themes\/enfold-child\/img\/icon-youtube.png\" alt=\"Massa d\u2019Or - Youtube\" \/><\/a> <\/p>\r\n                <\/div><img decoding=\"async\" class=\"soci_item_logo img-fluid\" src=\"https:\/\/www.clusteraudiovisual.cat\/wp-content\/uploads\/2014\/02\/79.Logo-fons-transparent.jpg\" alt=\"Massa d\u2019Or\" title=\"Massa d\u2019Or\" \/>\r\n                    <div class=\"soci_list_activ_container\" style=\"width: 100%;background: none;\">\r\n                               <p class=\"soci_list_activ mb-0\"><span>Producci\u00f3n<\/span><\/p>\r\n                               <p class=\"soci_list_serv mb-0\">Ficci\u00f3n<span class=\"separador_cats\"<\/p>\r\n                    <\/div>\r\n                <\/div><\/div><div data-title=\"md miguel diaz audiovisuales integrated-systems-es produccion-es servicios-es  alquiler-de-equipos-es esdeveniments-es materials-audiovisuals-es servicios-de-produccion \" data-actv=\"integrated-systems-es produccion-es servicios-es \" data-serv=\"alquiler-de-equipos-es esdeveniments-es materials-audiovisuals-es servicios-de-produccion \" class=\"col-12 col-md-4 mb-4 border-bottom soci_box\"><div class=\"soci_item text-center\"><a class=\"soci_item_overlay\" data-fancybox=\"40126\" data-src=\"#selectableModal40126\" href=\"javascript:;\">MD Miguel Diaz Audiovisuales<\/a><div class=\"cav_fancy\" style=\"display: none;max-width:500px;\" id=\"selectableModal40126\">\r\n                        <div class=\"cav_fancy_logo text-center pb-4 border-bottom\"><img decoding=\"async\" class=\"soci_item_logo img-fluid\" src=\"https:\/\/www.clusteraudiovisual.cat\/wp-content\/uploads\/2024\/03\/LogoSoci_MD-Miguel-Diaz.jpg\" alt=\"MD Miguel Diaz Audiovisuales\" title=\"MD Miguel Diaz Audiovisuales\" \/><\/div>\r\n                        <h3 class=\"cav_fancy_title\" data-selectable=\"true\">MD Miguel Diaz Audiovisuales<\/h3>\r\n                        <p class=\"cav_fancy_cat_actv\"><span>Integrated Systems<\/span><span>Producci\u00f3n<\/span><span>Servicios<\/span><\/p>\r\n                        <p class=\"cav_fancy_cat_serv\">Alquiler de equipos<span class=\"separador_cats\">|<\/span>Eventos<span class=\"separador_cats\">|<\/span>Material audiovisual<span class=\"separador_cats\">|<\/span>Servicios de producci\u00f3n<span class=\"separador_cats\"<\/p>\r\n                        <p class=\"cav_fancy_description border-bottom\">Expertos en producci\u00f3n t\u00e9cnica, alquiler e instalaci\u00f3n de equipos audiovisuales para eventos, congresos, convenciones, reuniones, presentaciones de producto. Ofrece asesoramiento audiovisual, alquiler de equipos y material y producen contenido audiovisual.<\/p>\r\n                        <div class=\"cav_fancy_adress\"><p>C\/ C\u00e1diz, 19<\/p>\n<p>08940, Cornell\u00e0 de Llobregat, Barcelona<\/p>\n<p>934 303 303<\/p>\n<p><a href=\"mailto:comercial@migueldiaz.com\" target=\"_blank\" rel=\"noopener\">comercial@migueldiaz.com<\/a><\/p>\n<p><a href=\"https:\/\/www.migueldiaz.com\/index.html\" target=\"_blank\" rel=\"noopener\">www.migueldiaz.com<\/a><\/p>\n<\/div>\r\n                        <p class=\"cav_fancy_social\"> <a target=\"_blank\" href=\"https:\/\/www.facebook.com\/people\/MD-Servicios-Audiovisuales\/100066240862829\/\"><img decoding=\"async\" src=\"https:\/\/www.clusteraudiovisual.cat\/wp-content\/themes\/enfold-child\/img\/facebook.png\" alt=\"MD Miguel Diaz Audiovisuales - Twitter\" \/><\/a> <a target=\"_blank\" href=\"https:\/\/www.instagram.com\/mdaudiovisuales\/\"><img decoding=\"async\" src=\"https:\/\/www.clusteraudiovisual.cat\/wp-content\/themes\/enfold-child\/img\/icon-instagram.png\" alt=\"MD Miguel Diaz Audiovisuales - Instagram\" \/><\/a> <a target=\"_blank\" href=\"https:\/\/www.youtube.com\/user\/EdicionMD\"><img decoding=\"async\" src=\"https:\/\/www.clusteraudiovisual.cat\/wp-content\/themes\/enfold-child\/img\/icon-youtube.png\" alt=\"MD Miguel Diaz Audiovisuales - Youtube\" \/><\/a> <a target=\"_blank\" href=\"https:\/\/www.linkedin.com\/company\/md-audiovisuales\/\"><img decoding=\"async\" src=\"https:\/\/www.clusteraudiovisual.cat\/wp-content\/themes\/enfold-child\/img\/icon-linkedin.png\" alt=\"MD Miguel Diaz Audiovisuales - Linkedin\" \/><\/a><\/p>\r\n                <\/div><img decoding=\"async\" class=\"soci_item_logo img-fluid\" src=\"https:\/\/www.clusteraudiovisual.cat\/wp-content\/uploads\/2024\/03\/LogoSoci_MD-Miguel-Diaz.jpg\" alt=\"MD Miguel Diaz Audiovisuales\" title=\"MD Miguel Diaz Audiovisuales\" \/>\r\n                    <div class=\"soci_list_activ_container\" style=\"width: 100%;background: none;\">\r\n                               <p class=\"soci_list_activ mb-0\"><span>Integrated Systems<\/span><span>Producci\u00f3n<\/span><span>Servicios<\/span><\/p>\r\n                               <p class=\"soci_list_serv mb-0\">Alquiler de equipos<span class=\"separador_cats\">|<\/span>Eventos<span class=\"separador_cats\">|<\/span>Material audiovisual<span class=\"separador_cats\">|<\/span>Servicios de producci\u00f3n<span class=\"separador_cats\"<\/p>\r\n                    <\/div>\r\n                <\/div><\/div><div data-title=\"mediacrest produccion-es  ficcion formatos-tv-es largometrajes-es no-ficcion \" data-actv=\"produccion-es \" data-serv=\"ficcion formatos-tv-es largometrajes-es no-ficcion \" class=\"col-12 col-md-4 mb-4 border-bottom soci_box\"><div class=\"soci_item text-center\"><a class=\"soci_item_overlay\" data-fancybox=\"33078\" data-src=\"#selectableModal33078\" href=\"javascript:;\">Mediacrest<\/a><div class=\"cav_fancy\" style=\"display: none;max-width:500px;\" id=\"selectableModal33078\">\r\n                        <div class=\"cav_fancy_logo text-center pb-4 border-bottom\"><img decoding=\"async\" class=\"soci_item_logo img-fluid\" src=\"https:\/\/www.clusteraudiovisual.cat\/wp-content\/uploads\/2023\/05\/LogoSoci_Mediacrest.jpg\" alt=\"Mediacrest\" title=\"Mediacrest\" \/><\/div>\r\n                        <h3 class=\"cav_fancy_title\" data-selectable=\"true\">Mediacrest<\/h3>\r\n                        <p class=\"cav_fancy_cat_actv\"><span>Producci\u00f3n<\/span><\/p>\r\n                        <p class=\"cav_fancy_cat_serv\">Ficci\u00f3n<span class=\"separador_cats\">|<\/span>Formatos TV<span class=\"separador_cats\">|<\/span>Largometrajes<span class=\"separador_cats\">|<\/span>No ficci\u00f3n<span class=\"separador_cats\"<\/p>\r\n                        <p class=\"cav_fancy_description border-bottom\">Productora dirigida a operadores y plataformas audiovisuales en el mercado nacional e internacional. Producen programas de entretenimiento, documentales y ficci\u00f3n. Cuentan con un equipo experimentado y muy premiado en las tres \u00e1reas.<\/p>\r\n                        <div class=\"cav_fancy_adress\"><p>C\/ d&#8217;Ausi\u00e0s Marc, 37<\/p>\n<p>08010, Barcelona.<\/p>\n<p>935 589 000<\/p>\n<p><a href=\"mailto:info@mediacrest.com\" target=\"_blank\" rel=\"noopener\">info@mediacrest.com<\/a><\/p>\n<p><a href=\"https:\/\/mediacrest.com\/es\" target=\"_blank\" rel=\"noopener\">www.mediacrest.com<\/a><\/p>\n<\/div>\r\n                        <p class=\"cav_fancy_social\"><a target=\"_blank\" href=\"https:\/\/twitter.com\/Mediacrest_es\"><img decoding=\"async\" src=\"https:\/\/www.clusteraudiovisual.cat\/wp-content\/themes\/enfold-child\/img\/twitter.png\" alt=\"Mediacrest - Twitter\" \/><\/a> <a target=\"_blank\" href=\"https:\/\/www.facebook.com\/MediacrestES\/\"><img decoding=\"async\" src=\"https:\/\/www.clusteraudiovisual.cat\/wp-content\/themes\/enfold-child\/img\/facebook.png\" alt=\"Mediacrest - Twitter\" \/><\/a> <a target=\"_blank\" href=\"https:\/\/www.instagram.com\/mediacrest_es\/\"><img decoding=\"async\" src=\"https:\/\/www.clusteraudiovisual.cat\/wp-content\/themes\/enfold-child\/img\/icon-instagram.png\" alt=\"Mediacrest - Instagram\" \/><\/a>  <a target=\"_blank\" href=\"https:\/\/www.linkedin.com\/company\/mediacrest\"><img decoding=\"async\" src=\"https:\/\/www.clusteraudiovisual.cat\/wp-content\/themes\/enfold-child\/img\/icon-linkedin.png\" alt=\"Mediacrest - Linkedin\" \/><\/a><\/p>\r\n                <\/div><img decoding=\"async\" class=\"soci_item_logo img-fluid\" src=\"https:\/\/www.clusteraudiovisual.cat\/wp-content\/uploads\/2023\/05\/LogoSoci_Mediacrest.jpg\" alt=\"Mediacrest\" title=\"Mediacrest\" \/>\r\n                    <div class=\"soci_list_activ_container\" style=\"width: 100%;background: none;\">\r\n                               <p class=\"soci_list_activ mb-0\"><span>Producci\u00f3n<\/span><\/p>\r\n                               <p class=\"soci_list_serv mb-0\">Ficci\u00f3n<span class=\"separador_cats\">|<\/span>Formatos TV<span class=\"separador_cats\">|<\/span>Largometrajes<span class=\"separador_cats\">|<\/span>No ficci\u00f3n<span class=\"separador_cats\"<\/p>\r\n                    <\/div>\r\n                <\/div><\/div><div data-title=\"metropolitana postproduccion-es publicidad-es  animacion-es archivos-es humanos-digitales inteligencia-artificial realidad-aumentada realidad-virtual vfx-es \" data-actv=\"postproduccion-es publicidad-es \" data-serv=\"animacion-es archivos-es humanos-digitales inteligencia-artificial realidad-aumentada realidad-virtual vfx-es \" class=\"col-12 col-md-4 mb-4 border-bottom soci_box\"><div class=\"soci_item text-center\"><a class=\"soci_item_overlay\" data-fancybox=\"8110\" data-src=\"#selectableModal8110\" href=\"javascript:;\">Metropolitana<\/a><div class=\"cav_fancy\" style=\"display: none;max-width:500px;\" id=\"selectableModal8110\">\r\n                        <div class=\"cav_fancy_logo text-center pb-4 border-bottom\"><img decoding=\"async\" class=\"soci_item_logo img-fluid\" src=\"https:\/\/www.clusteraudiovisual.cat\/wp-content\/uploads\/2016\/05\/81.OR-LOGO-METROPOLITANA-01.jpg\" alt=\"Metropolitana\" title=\"Metropolitana\" \/><\/div>\r\n                        <h3 class=\"cav_fancy_title\" data-selectable=\"true\">Metropolitana<\/h3>\r\n                        <p class=\"cav_fancy_cat_actv\"><span>Postproducci\u00f3n<\/span><span>Publicidad<\/span><\/p>\r\n                        <p class=\"cav_fancy_cat_serv\">Animaci\u00f3n<span class=\"separador_cats\">|<\/span>Archivos<span class=\"separador_cats\">|<\/span>Humanos Digitales<span class=\"separador_cats\">|<\/span>Inteligencia Artificial<span class=\"separador_cats\">|<\/span>Realidad Aumentada<span class=\"separador_cats\">|<\/span>Realidad Virtual<span class=\"separador_cats\">|<\/span>Vfx<span class=\"separador_cats\"<\/p>\r\n                        <p class=\"cav_fancy_description border-bottom\">Empresa de posproducci\u00f3n y VFX que trabaja en el campo de la publicidad, el cine y la televisi\u00f3n. Tambi\u00e9n ofrece servicios de gesti\u00f3n de archivos audiovisuales online.<\/p>\r\n                        <div class=\"cav_fancy_adress\"><p>C\/ Bar\u00f3 de la Barre, 23<\/p>\n<p>08023, Barcelona<\/p>\n<p>932 840 600<\/p>\n<p><a href=\"mailto:info@metropolitana.net\" target=\"_blank\" rel=\"noopener\">info@metropolitana.net<\/a><\/p>\n<p><a href=\"https:\/\/www.metropolitana.net\/es\/\" target=\"_blank\" rel=\"noopener\">www.metropolitana.net<\/a><\/p>\n<\/div>\r\n                        <p class=\"cav_fancy_social\"><a target=\"_blank\" href=\"https:\/\/twitter.com\/metropolitana25\"><img decoding=\"async\" src=\"https:\/\/www.clusteraudiovisual.cat\/wp-content\/themes\/enfold-child\/img\/twitter.png\" alt=\"Metropolitana - Twitter\" \/><\/a> <a target=\"_blank\" href=\"https:\/\/www.facebook.com\/Metropolitana-169067532976\"><img decoding=\"async\" src=\"https:\/\/www.clusteraudiovisual.cat\/wp-content\/themes\/enfold-child\/img\/facebook.png\" alt=\"Metropolitana - Twitter\" \/><\/a> <a target=\"_blank\" href=\"https:\/\/www.instagram.com\/metropolitanapost\/\"><img decoding=\"async\" src=\"https:\/\/www.clusteraudiovisual.cat\/wp-content\/themes\/enfold-child\/img\/icon-instagram.png\" alt=\"Metropolitana - Instagram\" \/><\/a> <a target=\"_blank\" href=\"https:\/\/vimeo.com\/metropolitana\"><img decoding=\"async\" src=\"https:\/\/www.clusteraudiovisual.cat\/wp-content\/themes\/enfold-child\/img\/icon-youtube.png\" alt=\"Metropolitana - Youtube\" \/><\/a> <a target=\"_blank\" href=\"https:\/\/www.linkedin.com\/company\/2446404\/\"><img decoding=\"async\" src=\"https:\/\/www.clusteraudiovisual.cat\/wp-content\/themes\/enfold-child\/img\/icon-linkedin.png\" alt=\"Metropolitana - Linkedin\" \/><\/a><\/p>\r\n                <\/div><img decoding=\"async\" class=\"soci_item_logo img-fluid\" src=\"https:\/\/www.clusteraudiovisual.cat\/wp-content\/uploads\/2016\/05\/81.OR-LOGO-METROPOLITANA-01.jpg\" alt=\"Metropolitana\" title=\"Metropolitana\" \/>\r\n                    <div class=\"soci_list_activ_container\" style=\"width: 100%;background: none;\">\r\n                               <p class=\"soci_list_activ mb-0\"><span>Postproducci\u00f3n<\/span><span>Publicidad<\/span><\/p>\r\n                               <p class=\"soci_list_serv mb-0\">Animaci\u00f3n<span class=\"separador_cats\">|<\/span>Archivos<span class=\"separador_cats\">|<\/span>Humanos Digitales<span class=\"separador_cats\">|<\/span>Inteligencia Artificial<span class=\"separador_cats\">|<\/span>Realidad Aumentada<span class=\"separador_cats\">|<\/span>Realidad Virtual<span class=\"separador_cats\">|<\/span>Vfx<span class=\"separador_cats\"<\/p>\r\n                    <\/div>\r\n                <\/div><\/div><div data-title=\"minded factory espais-audiovisuals-es postproduccion-es produccion-es publicidad-es servicios-es television-es  agencias-es branded-content-es cortometrajes-es estudios-de-grabacion ficcion formatos-tv-es fotografia-es instalaciones-es largometrajes-es materials-audiovisuals-es no-ficcion platos-es eries telemovies-es videoclips-es \" data-actv=\"espais-audiovisuals-es postproduccion-es produccion-es publicidad-es servicios-es television-es \" data-serv=\"agencias-es branded-content-es cortometrajes-es estudios-de-grabacion ficcion formatos-tv-es fotografia-es instalaciones-es largometrajes-es materials-audiovisuals-es no-ficcion platos-es eries telemovies-es videoclips-es \" class=\"col-12 col-md-4 mb-4 border-bottom soci_box\"><div class=\"soci_item text-center\"><a class=\"soci_item_overlay\" data-fancybox=\"8169\" data-src=\"#selectableModal8169\" href=\"javascript:;\">Minded Factory<\/a><div class=\"cav_fancy\" style=\"display: none;max-width:500px;\" id=\"selectableModal8169\">\r\n                        <div class=\"cav_fancy_logo text-center pb-4 border-bottom\"><img decoding=\"async\" class=\"soci_item_logo img-fluid\" src=\"https:\/\/www.clusteraudiovisual.cat\/wp-content\/uploads\/2018\/02\/logo_web_2021_MINDED_negro-1.jpg\" alt=\"Minded Factory\" title=\"Minded Factory\" \/><\/div>\r\n                        <h3 class=\"cav_fancy_title\" data-selectable=\"true\">Minded Factory<\/h3>\r\n                        <p class=\"cav_fancy_cat_actv\"><span>Espacios Audiovisuales<\/span><span>Postproducci\u00f3n<\/span><span>Producci\u00f3n<\/span><span>Publicidad<\/span><span>Servicios<\/span><span>Televisi\u00f3n<\/span><\/p>\r\n                        <p class=\"cav_fancy_cat_serv\">Agencias<span class=\"separador_cats\">|<\/span>Branded Content<span class=\"separador_cats\">|<\/span>Cortometrajes<span class=\"separador_cats\">|<\/span>Estudios de grabaci\u00f3n<span class=\"separador_cats\">|<\/span>Ficci\u00f3n<span class=\"separador_cats\">|<\/span>Formatos TV<span class=\"separador_cats\">|<\/span>Fotograf\u00eda<span class=\"separador_cats\">|<\/span>Instalaciones<span class=\"separador_cats\">|<\/span>Largometrajes<span class=\"separador_cats\">|<\/span>Material audiovisual<span class=\"separador_cats\">|<\/span>No ficci\u00f3n<span class=\"separador_cats\">|<\/span>Plat\u00f3s<span class=\"separador_cats\">|<\/span>Series<span class=\"separador_cats\">|<\/span>Telemovies<span class=\"separador_cats\">|<\/span>Videoclips<span class=\"separador_cats\"<\/p>\r\n                        <p class=\"cav_fancy_description border-bottom\">Productora creativa internacional con sede en Espa\u00f1a, Suecia y Colombia. Desde 2008 transforman briefs en im\u00e1genes que dejan huella. Son especialistas en campa\u00f1as publicitarias, branded content, spots para TV y plataformas digitales y videoclips, combinando pensamiento estrat\u00e9gico, lenguaje cinematogr\u00e1fico y ejecuci\u00f3n t\u00e9cnica de primer nivel para proyectos que deben destacarse en cualquier pantalla. Trabajan de forma integral: ideaci\u00f3n y estrategia creativa, direcci\u00f3n art\u00edstica, casting y contrataci\u00f3n, rodaje, postproducci\u00f3n y lanzamiento. Su enfoque a\u00fana sensibilidad narrativa y rigor operativo: optimizamos presupuestos sin renunciar a la ambici\u00f3n creativa y dise\u00f1amos estructuras de producci\u00f3n pensadas para escalar en mercados internacionales. Cuentan con un pool global de directores y directores de fotograf\u00eda de reconocida trayectoria, una red de voces y miradas capaces de adaptar el lenguaje visual de cada marca a los formatos que funcionan hoy: social, broadcast y experiencias de marca. Adem\u00e1s, dan m\u00fasculo financiero a las ideas: financiamos proyectos publicitarios basados \u200b\u200ben storytelling y asesoramos en estructuras de incentivos para maximizar el alcance y retorno. Si buscas creatividad con resultados, producci\u00f3n con inteligencia financiera y una visi\u00f3n cinematogr\u00e1fica que impulse tu marca, hablemos. Ideas que impactan. Ejecuci\u00f3n que convierte.<\/p>\r\n                        <div class=\"cav_fancy_adress\"><p>C\/De la Reina Cristina 10, entresol 1 i 2<\/p>\n<p>08003, Barcelona<\/p>\n<p>933 090 778<\/p>\n<p><a href=\"mailto:barcelona@mindedfactory.com\" target=\"_blank\" rel=\"noopener\">barcelona@mindedfactory.com<\/a><\/p>\n<p><a href=\"https:\/\/www.mindedfactory.com\/\" target=\"_blank\" rel=\"noopener\">www.mindedfactory.com<\/a><\/p>\n<\/div>\r\n                        <p class=\"cav_fancy_social\"><a target=\"_blank\" href=\"https:\/\/twitter.com\/mindedfactory\/\"><img decoding=\"async\" src=\"https:\/\/www.clusteraudiovisual.cat\/wp-content\/themes\/enfold-child\/img\/twitter.png\" alt=\"Minded Factory - Twitter\" \/><\/a> <a target=\"_blank\" href=\"https:\/\/www.facebook.com\/ProductionCompanyMINDEDFILMS\/\"><img decoding=\"async\" src=\"https:\/\/www.clusteraudiovisual.cat\/wp-content\/themes\/enfold-child\/img\/facebook.png\" alt=\"Minded Factory - Twitter\" \/><\/a> <a target=\"_blank\" href=\"https:\/\/www.instagram.com\/minded_factory\/\"><img decoding=\"async\" src=\"https:\/\/www.clusteraudiovisual.cat\/wp-content\/themes\/enfold-child\/img\/icon-instagram.png\" alt=\"Minded Factory - Instagram\" \/><\/a>  <a target=\"_blank\" href=\"https:\/\/www.linkedin.com\/company\/minded-factory-production-company\/\"><img decoding=\"async\" src=\"https:\/\/www.clusteraudiovisual.cat\/wp-content\/themes\/enfold-child\/img\/icon-linkedin.png\" alt=\"Minded Factory - Linkedin\" \/><\/a><\/p>\r\n                <\/div><img decoding=\"async\" class=\"soci_item_logo img-fluid\" src=\"https:\/\/www.clusteraudiovisual.cat\/wp-content\/uploads\/2018\/02\/logo_web_2021_MINDED_negro-1.jpg\" alt=\"Minded Factory\" title=\"Minded Factory\" \/>\r\n                    <div class=\"soci_list_activ_container\" style=\"width: 100%;background: none;\">\r\n                               <p class=\"soci_list_activ mb-0\"><span>Espacios Audiovisuales<\/span><span>Postproducci\u00f3n<\/span><span>Producci\u00f3n<\/span><span>Publicidad<\/span><span>Servicios<\/span><span>Televisi\u00f3n<\/span><\/p>\r\n                               <p class=\"soci_list_serv mb-0\">Agencias<span class=\"separador_cats\">|<\/span>Branded Content<span class=\"separador_cats\">|<\/span>Cortometrajes<span class=\"separador_cats\">|<\/span>Estudios de grabaci\u00f3n<span class=\"separador_cats\">|<\/span>Ficci\u00f3n<span class=\"separador_cats\">|<\/span>Formatos TV<span class=\"separador_cats\">|<\/span>Fotograf\u00eda<span class=\"separador_cats\">|<\/span>Instalaciones<span class=\"separador_cats\">|<\/span>Largometrajes<span class=\"separador_cats\">|<\/span>Material audiovisual<span class=\"separador_cats\">|<\/span>No ficci\u00f3n<span class=\"separador_cats\">|<\/span>Plat\u00f3s<span class=\"separador_cats\">|<\/span>Series<span class=\"separador_cats\">|<\/span>Telemovies<span class=\"separador_cats\">|<\/span>Videoclips<span class=\"separador_cats\"<\/p>\r\n                    <\/div>\r\n                <\/div><\/div><div data-title=\"minifilms tv postproduccion-es produccion-es publicidad-es television-es  diseno-es edicio-es ficcion formatos-tv-es largometrajes-es no-ficcion videoclips-es \" data-actv=\"postproduccion-es produccion-es publicidad-es television-es \" data-serv=\"diseno-es edicio-es ficcion formatos-tv-es largometrajes-es no-ficcion videoclips-es \" class=\"col-12 col-md-4 mb-4 border-bottom soci_box\"><div class=\"soci_item text-center\"><a class=\"soci_item_overlay\" data-fancybox=\"55584\" data-src=\"#selectableModal55584\" href=\"javascript:;\">Minifilms TV<\/a><div class=\"cav_fancy\" style=\"display: none;max-width:500px;\" id=\"selectableModal55584\">\r\n                        <div class=\"cav_fancy_logo text-center pb-4 border-bottom\"><img decoding=\"async\" class=\"soci_item_logo img-fluid\" src=\"https:\/\/www.clusteraudiovisual.cat\/wp-content\/uploads\/2026\/02\/LogoSoci_MinifilmsTV-1.jpg\" alt=\"Minifilms TV\" title=\"Minifilms TV\" \/><\/div>\r\n                        <h3 class=\"cav_fancy_title\" data-selectable=\"true\">Minifilms TV<\/h3>\r\n                        <p class=\"cav_fancy_cat_actv\"><span>Postproducci\u00f3n<\/span><span>Producci\u00f3n<\/span><span>Publicidad<\/span><span>Televisi\u00f3n<\/span><\/p>\r\n                        <p class=\"cav_fancy_cat_serv\">Dise\u00f1o<span class=\"separador_cats\">|<\/span>Edici\u00f3n<span class=\"separador_cats\">|<\/span>Ficci\u00f3n<span class=\"separador_cats\">|<\/span>Formatos TV<span class=\"separador_cats\">|<\/span>Largometrajes<span class=\"separador_cats\">|<\/span>No ficci\u00f3n<span class=\"separador_cats\">|<\/span>Videoclips<span class=\"separador_cats\"<\/p>\r\n                        <p class=\"cav_fancy_description border-bottom\">Productora audiovisual que realiza creaci\u00f3n de contenidos y postproducci\u00f3n.<\/p>\r\n                        <div class=\"cav_fancy_adress\"><p>Av. del Marqu\u00e8s de l&#8217;Argentera, 13<\/p>\n<p>08003, Barcelona<\/p>\n<p><span class=\"elementor-icon-list-text\">933 193 146<\/span><\/p>\n<p><a href=\"mailto:info@minifilmstv.com\" target=\"_blank\" rel=\"noopener\"><span class=\"elementor-icon-list-text\">info@minifilmstv.com<\/span><\/a><\/p>\n<p><a href=\"https:\/\/minifilmstv.com\/\" target=\"_blank\" rel=\"noopener\">minifilmstv.com<\/a><\/p>\n<\/div>\r\n                        <p class=\"cav_fancy_social\">    <\/p>\r\n                <\/div><img decoding=\"async\" class=\"soci_item_logo img-fluid\" src=\"https:\/\/www.clusteraudiovisual.cat\/wp-content\/uploads\/2026\/02\/LogoSoci_MinifilmsTV-1.jpg\" alt=\"Minifilms TV\" title=\"Minifilms TV\" \/>\r\n                    <div class=\"soci_list_activ_container\" style=\"width: 100%;background: none;\">\r\n                               <p class=\"soci_list_activ mb-0\"><span>Postproducci\u00f3n<\/span><span>Producci\u00f3n<\/span><span>Publicidad<\/span><span>Televisi\u00f3n<\/span><\/p>\r\n                               <p class=\"soci_list_serv mb-0\">Dise\u00f1o<span class=\"separador_cats\">|<\/span>Edici\u00f3n<span class=\"separador_cats\">|<\/span>Ficci\u00f3n<span class=\"separador_cats\">|<\/span>Formatos TV<span class=\"separador_cats\">|<\/span>Largometrajes<span class=\"separador_cats\">|<\/span>No ficci\u00f3n<span class=\"separador_cats\">|<\/span>Videoclips<span class=\"separador_cats\"<\/p>\r\n                    <\/div>\r\n                <\/div><\/div><div data-title=\"minimovfx postproduccion-es  animacion-es inteligencia-artificial vfx-es \" data-actv=\"postproduccion-es \" data-serv=\"animacion-es inteligencia-artificial vfx-es \" class=\"col-12 col-md-4 mb-4 border-bottom soci_box\"><div class=\"soci_item text-center\"><a class=\"soci_item_overlay\" data-fancybox=\"8086\" data-src=\"#selectableModal8086\" href=\"javascript:;\">MinimoVfx<\/a><div class=\"cav_fancy\" style=\"display: none;max-width:500px;\" id=\"selectableModal8086\">\r\n                        <div class=\"cav_fancy_logo text-center pb-4 border-bottom\"><img decoding=\"async\" class=\"soci_item_logo img-fluid\" src=\"https:\/\/www.clusteraudiovisual.cat\/wp-content\/uploads\/2015\/06\/new_logo_complete_horizontal_bw_HR-2.jpg\" alt=\"MinimoVfx\" title=\"MinimoVfx\" \/><\/div>\r\n                        <h3 class=\"cav_fancy_title\" data-selectable=\"true\">MinimoVfx<\/h3>\r\n                        <p class=\"cav_fancy_cat_actv\"><span>Postproducci\u00f3n<\/span><\/p>\r\n                        <p class=\"cav_fancy_cat_serv\">Animaci\u00f3n<span class=\"separador_cats\">|<\/span>Inteligencia Artificial<span class=\"separador_cats\">|<\/span>Vfx<span class=\"separador_cats\"<\/p>\r\n                        <p class=\"cav_fancy_description border-bottom\">Con una larga experiencia previa con las empresas de VFX m\u00e1s destacadas, la propia trayectoria se centra en crear el mejor contingut para empresas de producci\u00f3n cinematogr\u00e1fica y agencias comerciales. Tambi\u00e9n sirve como socio para otros estudios de VFX y animaci\u00f3n, y ofrece recursos 3D de alta calidad para la producci\u00f3n en su primera etapa.<\/p>\r\n                        <div class=\"cav_fancy_adress\"><p dir=\"ltr\">C\/ Diputaci\u00f3, 273, 2n 2a<\/p>\n<p dir=\"ltr\">08007, Barcelona<\/p>\n<p dir=\"ltr\">936 240 619<\/p>\n<p dir=\"ltr\"><a href=\"https:\/\/www.minimovfx.com\/\" target=\"_blank\" rel=\"noopener\">www.minimovfx.com<\/a><\/p>\n<\/div>\r\n                        <p class=\"cav_fancy_social\"> <a target=\"_blank\" href=\"https:\/\/www.facebook.com\/MinimoVfx\"><img decoding=\"async\" src=\"https:\/\/www.clusteraudiovisual.cat\/wp-content\/themes\/enfold-child\/img\/facebook.png\" alt=\"MinimoVfx - Twitter\" \/><\/a> <a target=\"_blank\" href=\"https:\/\/www.instagram.com\/minimovfx\/\"><img decoding=\"async\" src=\"https:\/\/www.clusteraudiovisual.cat\/wp-content\/themes\/enfold-child\/img\/icon-instagram.png\" alt=\"MinimoVfx - Instagram\" \/><\/a> <a target=\"_blank\" href=\"https:\/\/vimeo.com\/user29244925\"><img decoding=\"async\" src=\"https:\/\/www.clusteraudiovisual.cat\/wp-content\/themes\/enfold-child\/img\/icon-youtube.png\" alt=\"MinimoVfx - Youtube\" \/><\/a> <a target=\"_blank\" href=\"https:\/\/www.linkedin.com\/company\/minimovfx\/\"><img decoding=\"async\" src=\"https:\/\/www.clusteraudiovisual.cat\/wp-content\/themes\/enfold-child\/img\/icon-linkedin.png\" alt=\"MinimoVfx - Linkedin\" \/><\/a><\/p>\r\n                <\/div><img decoding=\"async\" class=\"soci_item_logo img-fluid\" src=\"https:\/\/www.clusteraudiovisual.cat\/wp-content\/uploads\/2015\/06\/new_logo_complete_horizontal_bw_HR-2.jpg\" alt=\"MinimoVfx\" title=\"MinimoVfx\" \/>\r\n                    <div class=\"soci_list_activ_container\" style=\"width: 100%;background: none;\">\r\n                               <p class=\"soci_list_activ mb-0\"><span>Postproducci\u00f3n<\/span><\/p>\r\n                               <p class=\"soci_list_serv mb-0\">Animaci\u00f3n<span class=\"separador_cats\">|<\/span>Inteligencia Artificial<span class=\"separador_cats\">|<\/span>Vfx<span class=\"separador_cats\"<\/p>\r\n                    <\/div>\r\n                <\/div><\/div><div data-title=\"minoria absoluta formacio-es produccion-es radio-es television-es  ficcion formatos-tv-es infantil-es inteligencia-artificial museistica-es \" data-actv=\"formacio-es produccion-es radio-es television-es \" data-serv=\"ficcion formatos-tv-es infantil-es inteligencia-artificial museistica-es \" class=\"col-12 col-md-4 mb-4 border-bottom soci_box\"><div class=\"soci_item text-center\"><a class=\"soci_item_overlay\" data-fancybox=\"8038\" data-src=\"#selectableModal8038\" href=\"javascript:;\">Minoria Absoluta<\/a><div class=\"cav_fancy\" style=\"display: none;max-width:500px;\" id=\"selectableModal8038\">\r\n                        <div class=\"cav_fancy_logo text-center pb-4 border-bottom\"><img decoding=\"async\" class=\"soci_item_logo img-fluid\" src=\"https:\/\/www.clusteraudiovisual.cat\/wp-content\/uploads\/2021\/11\/Logo_MinoriaAbsoluta.jpg\" alt=\"Minoria Absoluta\" title=\"Minoria Absoluta\" \/><\/div>\r\n                        <h3 class=\"cav_fancy_title\" data-selectable=\"true\">Minoria Absoluta<\/h3>\r\n                        <p class=\"cav_fancy_cat_actv\"><span>Formaci\u00f3n<\/span><span>Producci\u00f3n<\/span><span>Radio<\/span><span>Televisi\u00f3n<\/span><\/p>\r\n                        <p class=\"cav_fancy_cat_serv\">Ficci\u00f3n<span class=\"separador_cats\">|<\/span>Formatos TV<span class=\"separador_cats\">|<\/span>Infantil<span class=\"separador_cats\">|<\/span>Inteligencia Artificial<span class=\"separador_cats\">|<\/span>Muse\u00edstica<span class=\"separador_cats\"<\/p>\r\n                        <p class=\"cav_fancy_description border-bottom\">Productora de contenidos de humor, entretenimiento, actualidad y divulgaci\u00f3n, tanto para televisi\u00f3n como para radio, teatro, realidad inmersiva o el mundo editorial.<\/p>\r\n                        <div class=\"cav_fancy_adress\"><p>C\/ Badajoz, 38 &#8211; 40, local<\/p>\n<p>08005, Barcelona<\/p>\n<p>932 241 793<\/p>\n<p><a href=\"mailto:minoriaabsoluta@minoriaabsoluta.com\" target=\"_blank\" rel=\"noopener\">minoriaabsoluta@minoriaabsoluta.com<\/a><\/p>\n<p style=\"text-align: left;\"><a href=\"https:\/\/minoriaabsoluta.com\/\" target=\"_blank\" rel=\"noopener\">www.minoriaabsoluta.com<\/a><\/p>\n<\/div>\r\n                        <p class=\"cav_fancy_social\"><a target=\"_blank\" href=\"https:\/\/twitter.com\/MinoriaAB\"><img decoding=\"async\" src=\"https:\/\/www.clusteraudiovisual.cat\/wp-content\/themes\/enfold-child\/img\/twitter.png\" alt=\"Minoria Absoluta - Twitter\" \/><\/a>  <a target=\"_blank\" href=\"https:\/\/www.instagram.com\/minoriaab\/\"><img decoding=\"async\" src=\"https:\/\/www.clusteraudiovisual.cat\/wp-content\/themes\/enfold-child\/img\/icon-instagram.png\" alt=\"Minoria Absoluta - Instagram\" \/><\/a>  <\/p>\r\n                <\/div><img decoding=\"async\" class=\"soci_item_logo img-fluid\" src=\"https:\/\/www.clusteraudiovisual.cat\/wp-content\/uploads\/2021\/11\/Logo_MinoriaAbsoluta.jpg\" alt=\"Minoria Absoluta\" title=\"Minoria Absoluta\" \/>\r\n                    <div class=\"soci_list_activ_container\" style=\"width: 100%;background: none;\">\r\n                               <p class=\"soci_list_activ mb-0\"><span>Formaci\u00f3n<\/span><span>Producci\u00f3n<\/span><span>Radio<\/span><span>Televisi\u00f3n<\/span><\/p>\r\n                               <p class=\"soci_list_serv mb-0\">Ficci\u00f3n<span class=\"separador_cats\">|<\/span>Formatos TV<span class=\"separador_cats\">|<\/span>Infantil<span class=\"separador_cats\">|<\/span>Inteligencia Artificial<span class=\"separador_cats\">|<\/span>Muse\u00edstica<span class=\"separador_cats\"<\/p>\r\n                    <\/div>\r\n                <\/div><\/div><div data-title=\"moonlight iluminacion servicios-es  esdeveniments-es servicios-de-produccion \" data-actv=\"servicios-es \" data-serv=\"esdeveniments-es servicios-de-produccion \" class=\"col-12 col-md-4 mb-4 border-bottom soci_box\"><div class=\"soci_item text-center\"><a class=\"soci_item_overlay\" data-fancybox=\"29144\" data-src=\"#selectableModal29144\" href=\"javascript:;\">Moonlight Iluminaci\u00f3n<\/a><div class=\"cav_fancy\" style=\"display: none;max-width:500px;\" id=\"selectableModal29144\">\r\n                        <div class=\"cav_fancy_logo text-center pb-4 border-bottom\"><img decoding=\"async\" class=\"soci_item_logo img-fluid\" src=\"https:\/\/www.clusteraudiovisual.cat\/wp-content\/uploads\/2022\/12\/LogoSoci_Moonlight.jpg\" alt=\"Moonlight Iluminaci\u00f3n\" title=\"Moonlight Iluminaci\u00f3n\" \/><\/div>\r\n                        <h3 class=\"cav_fancy_title\" data-selectable=\"true\">Moonlight Iluminaci\u00f3n<\/h3>\r\n                        <p class=\"cav_fancy_cat_actv\"><span>Servicios<\/span><\/p>\r\n                        <p class=\"cav_fancy_cat_serv\">Eventos<span class=\"separador_cats\">|<\/span>Servicios de producci\u00f3n<span class=\"separador_cats\"<\/p>\r\n                        <p class=\"cav_fancy_description border-bottom\">Empresa de servicios de producci\u00f3n que trabajan en la creaci\u00f3n, dise\u00f1o, programaci\u00f3n, ejecuci\u00f3n y evaluaci\u00f3n de eventos. Su trabajo se centra tanto en eventos privados, como en actos corporativos de complejidad t\u00e9cnica.<\/p>\r\n                        <div class=\"cav_fancy_adress\"><p>C\/ de Pereda, 2, Pol\u00edgon Industrial Montsol\u00eds<\/p>\n<p>08930, Sant Adri\u00e0 del Bes\u00f2s<\/p>\n<p>933 819 041<\/p>\n<p><a href=\"https:\/\/moonlight.es\/\" target=\"_blank\" rel=\"noopener\">www.moonlight.es<\/a><\/p>\n<\/div>\r\n                        <p class=\"cav_fancy_social\">    <\/p>\r\n                <\/div><img decoding=\"async\" class=\"soci_item_logo img-fluid\" src=\"https:\/\/www.clusteraudiovisual.cat\/wp-content\/uploads\/2022\/12\/LogoSoci_Moonlight.jpg\" alt=\"Moonlight Iluminaci\u00f3n\" title=\"Moonlight Iluminaci\u00f3n\" \/>\r\n                    <div class=\"soci_list_activ_container\" style=\"width: 100%;background: none;\">\r\n                               <p class=\"soci_list_activ mb-0\"><span>Servicios<\/span><\/p>\r\n                               <p class=\"soci_list_serv mb-0\">Eventos<span class=\"separador_cats\">|<\/span>Servicios de producci\u00f3n<span class=\"separador_cats\"<\/p>\r\n                    <\/div>\r\n                <\/div><\/div><div data-title=\"movilive servicios-es tecnologia-es  esdeveniments-es servicios-de-produccion streaming-es telecomunicaciones \" data-actv=\"servicios-es tecnologia-es \" data-serv=\"esdeveniments-es servicios-de-produccion streaming-es telecomunicaciones \" class=\"col-12 col-md-4 mb-4 border-bottom soci_box\"><div class=\"soci_item text-center\"><a class=\"soci_item_overlay\" data-fancybox=\"35822\" data-src=\"#selectableModal35822\" href=\"javascript:;\">Movilive<\/a><div class=\"cav_fancy\" style=\"display: none;max-width:500px;\" id=\"selectableModal35822\">\r\n                        <div class=\"cav_fancy_logo text-center pb-4 border-bottom\"><img decoding=\"async\" class=\"soci_item_logo img-fluid\" src=\"https:\/\/www.clusteraudiovisual.cat\/wp-content\/uploads\/2023\/09\/LogoSoci_Movilive.jpg\" alt=\"Movilive\" title=\"Movilive\" \/><\/div>\r\n                        <h3 class=\"cav_fancy_title\" data-selectable=\"true\">Movilive<\/h3>\r\n                        <p class=\"cav_fancy_cat_actv\"><span>Servicios<\/span><span>Tecnolog\u00eda<\/span><\/p>\r\n                        <p class=\"cav_fancy_cat_serv\">Eventos<span class=\"separador_cats\">|<\/span>Servicios de producci\u00f3n<span class=\"separador_cats\">|<\/span>Streaming<span class=\"separador_cats\">|<\/span>Telecomunicaciones<span class=\"separador_cats\"<\/p>\r\n                        <p class=\"cav_fancy_description border-bottom\">Fabricantes y desarrolladores de mochilas 4G para transmisiones de v\u00eddeo. Expertos en broadcasting y streaming digital de eventos en vivo.<\/p>\r\n                        <div class=\"cav_fancy_adress\"><p>658 989 257<\/p>\n<p><a href=\"mailto:cectelevision@gmail.com\" target=\"_blank\" rel=\"noopener\">cectelevision@gmail.com<\/a><\/p>\n<p><a href=\"https:\/\/movilive.es\/\" target=\"_blank\" rel=\"noopener\">www.movilive.es<\/a><\/p>\n<\/div>\r\n                        <p class=\"cav_fancy_social\">    <\/p>\r\n                <\/div><img decoding=\"async\" class=\"soci_item_logo img-fluid\" src=\"https:\/\/www.clusteraudiovisual.cat\/wp-content\/uploads\/2023\/09\/LogoSoci_Movilive.jpg\" alt=\"Movilive\" title=\"Movilive\" \/>\r\n                    <div class=\"soci_list_activ_container\" style=\"width: 100%;background: none;\">\r\n                               <p class=\"soci_list_activ mb-0\"><span>Servicios<\/span><span>Tecnolog\u00eda<\/span><\/p>\r\n                               <p class=\"soci_list_serv mb-0\">Eventos<span class=\"separador_cats\">|<\/span>Servicios de producci\u00f3n<span class=\"separador_cats\">|<\/span>Streaming<span class=\"separador_cats\">|<\/span>Telecomunicaciones<span class=\"separador_cats\"<\/p>\r\n                    <\/div>\r\n                <\/div><\/div><div data-title=\"mtk space espais-audiovisuals-es servicios-es  alquiler-de-equipos-es materials-audiovisuals-es platos-es servicios-de-produccion tecnicos \" data-actv=\"espais-audiovisuals-es servicios-es \" data-serv=\"alquiler-de-equipos-es materials-audiovisuals-es platos-es servicios-de-produccion tecnicos \" class=\"col-12 col-md-4 mb-4 border-bottom soci_box\"><div class=\"soci_item text-center\"><a class=\"soci_item_overlay\" data-fancybox=\"40298\" data-src=\"#selectableModal40298\" href=\"javascript:;\">MTK Space<\/a><div class=\"cav_fancy\" style=\"display: none;max-width:500px;\" id=\"selectableModal40298\">\r\n                        <div class=\"cav_fancy_logo text-center pb-4 border-bottom\"><img decoding=\"async\" class=\"soci_item_logo img-fluid\" src=\"https:\/\/www.clusteraudiovisual.cat\/wp-content\/uploads\/2024\/04\/LogoSoci_MTK-Space.jpg\" alt=\"MTK Space\" title=\"MTK Space\" \/><\/div>\r\n                        <h3 class=\"cav_fancy_title\" data-selectable=\"true\">MTK Space<\/h3>\r\n                        <p class=\"cav_fancy_cat_actv\"><span>Espacios Audiovisuales<\/span><span>Servicios<\/span><\/p>\r\n                        <p class=\"cav_fancy_cat_serv\">Alquiler de equipos<span class=\"separador_cats\">|<\/span>Material audiovisual<span class=\"separador_cats\">|<\/span>Plat\u00f3s<span class=\"separador_cats\">|<\/span>Servicios de producci\u00f3n<span class=\"separador_cats\">|<\/span>T\u00e9cnicos<span class=\"separador_cats\"<\/p>\r\n                        <p class=\"cav_fancy_description border-bottom\">Espacio de trabajo audiovisual y cultural cooperativo. Ofrecen alquiler de despachos, plat\u00f3s y material, as\u00ed como profesionales para completar cualquier equipo de rodaje. Especializados tambi\u00e9n en servicios de producci\u00f3n audiovisual.<\/p>\r\n                        <div class=\"cav_fancy_adress\"><p>C\/Anselm Clav\u00e9 17, Nau 15. Pol\u00edgon Industrial Matac\u00e0s.<\/p>\n<p>08980, Sant Feliu de Llobregat, Barcelona<\/p>\n<p>938 598 709<\/p>\n<p><a href=\"mailto:hello@mtkspace.com\">hello@mtkspace.com<\/a><\/p>\n<p><a href=\"https:\/\/mtkspace.com\/\" target=\"_blank\" rel=\"noopener\">www.mtkspace.com<\/a><\/p>\n<\/div>\r\n                        <p class=\"cav_fancy_social\"> <a target=\"_blank\" href=\"https:\/\/www.facebook.com\/mtkspace\/\"><img decoding=\"async\" src=\"https:\/\/www.clusteraudiovisual.cat\/wp-content\/themes\/enfold-child\/img\/facebook.png\" alt=\"MTK Space - Twitter\" \/><\/a> <a target=\"_blank\" href=\"https:\/\/www.instagram.com\/mtk_space\/\"><img decoding=\"async\" src=\"https:\/\/www.clusteraudiovisual.cat\/wp-content\/themes\/enfold-child\/img\/icon-instagram.png\" alt=\"MTK Space - Instagram\" \/><\/a>  <a target=\"_blank\" href=\"https:\/\/www.linkedin.com\/company\/mtk-space\/\"><img decoding=\"async\" src=\"https:\/\/www.clusteraudiovisual.cat\/wp-content\/themes\/enfold-child\/img\/icon-linkedin.png\" alt=\"MTK Space - Linkedin\" \/><\/a><\/p>\r\n                <\/div><img decoding=\"async\" class=\"soci_item_logo img-fluid\" src=\"https:\/\/www.clusteraudiovisual.cat\/wp-content\/uploads\/2024\/04\/LogoSoci_MTK-Space.jpg\" alt=\"MTK Space\" title=\"MTK Space\" \/>\r\n                    <div class=\"soci_list_activ_container\" style=\"width: 100%;background: none;\">\r\n                               <p class=\"soci_list_activ mb-0\"><span>Espacios Audiovisuales<\/span><span>Servicios<\/span><\/p>\r\n                               <p class=\"soci_list_serv mb-0\">Alquiler de equipos<span class=\"separador_cats\">|<\/span>Material audiovisual<span class=\"separador_cats\">|<\/span>Plat\u00f3s<span class=\"separador_cats\">|<\/span>Servicios de producci\u00f3n<span class=\"separador_cats\">|<\/span>T\u00e9cnicos<span class=\"separador_cats\"<\/p>\r\n                    <\/div>\r\n                <\/div><\/div><div data-title=\"multisignes postproduccion-es produccion-es servicios-es television-es  broadcast-es ficcion locutores-es mice-es multiplataforma-es museistica-es realidad-aumentada streaming-es subtitulado-es \" data-actv=\"postproduccion-es produccion-es servicios-es television-es \" data-serv=\"broadcast-es ficcion locutores-es mice-es multiplataforma-es museistica-es realidad-aumentada streaming-es subtitulado-es \" class=\"col-12 col-md-4 mb-4 border-bottom soci_box\"><div class=\"soci_item text-center\"><a class=\"soci_item_overlay\" data-fancybox=\"8184\" data-src=\"#selectableModal8184\" href=\"javascript:;\">Multisignes<\/a><div class=\"cav_fancy\" style=\"display: none;max-width:500px;\" id=\"selectableModal8184\">\r\n                        <div class=\"cav_fancy_logo text-center pb-4 border-bottom\"><img decoding=\"async\" class=\"soci_item_logo img-fluid\" src=\"https:\/\/www.clusteraudiovisual.cat\/wp-content\/uploads\/2018\/06\/logo_MultiSignes-2-1.jpg\" alt=\"Multisignes\" title=\"Multisignes\" \/><\/div>\r\n                        <h3 class=\"cav_fancy_title\" data-selectable=\"true\">Multisignes<\/h3>\r\n                        <p class=\"cav_fancy_cat_actv\"><span>Postproducci\u00f3n<\/span><span>Producci\u00f3n<\/span><span>Servicios<\/span><span>Televisi\u00f3n<\/span><\/p>\r\n                        <p class=\"cav_fancy_cat_serv\">Broadcast<span class=\"separador_cats\">|<\/span>Ficci\u00f3n<span class=\"separador_cats\">|<\/span>Locutores<span class=\"separador_cats\">|<\/span>MICE<span class=\"separador_cats\">|<\/span>Multiplataforma<span class=\"separador_cats\">|<\/span>Muse\u00edstica<span class=\"separador_cats\">|<\/span>Realidad Aumentada<span class=\"separador_cats\">|<\/span>Streaming<span class=\"separador_cats\">|<\/span>Subtitulado<span class=\"separador_cats\"<\/p>\r\n                        <p class=\"cav_fancy_description border-bottom\">Productora especializada en accesibilidad audiovisual: traducci\u00f3n, subtitulado, audiodescripci\u00f3n e interpretaci\u00f3n en lengua de signos.<\/p>\r\n                        <div class=\"cav_fancy_adress\"><p>C\/ Sim\u00f3 Dusay, 15-17 baixos<\/p>\n<p>17820, Banyoles<\/p>\n<p>972 102 907<\/p>\n<p><a href=\"mailto:multisignes@multisignes.com\" target=\"_blank\" rel=\"noopener\">multisignes@multisignes.com<\/a><\/p>\n<p><a href=\"https:\/\/www.multisignes.com\/ca\/\" target=\"_blank\" rel=\"noopener\">www.multisignes.com<\/a><\/p>\n<\/div>\r\n                        <p class=\"cav_fancy_social\"><a target=\"_blank\" href=\"https:\/\/twitter.com\/MultiSignes\"><img decoding=\"async\" src=\"https:\/\/www.clusteraudiovisual.cat\/wp-content\/themes\/enfold-child\/img\/twitter.png\" alt=\"Multisignes - Twitter\" \/><\/a> <a target=\"_blank\" href=\"https:\/\/www.facebook.com\/MultiSignesProduccionsAccessibililtat\/\"><img decoding=\"async\" src=\"https:\/\/www.clusteraudiovisual.cat\/wp-content\/themes\/enfold-child\/img\/facebook.png\" alt=\"Multisignes - Twitter\" \/><\/a> <a target=\"_blank\" href=\"https:\/\/www.instagram.com\/multisignes\/\"><img decoding=\"async\" src=\"https:\/\/www.clusteraudiovisual.cat\/wp-content\/themes\/enfold-child\/img\/icon-instagram.png\" alt=\"Multisignes - Instagram\" \/><\/a> <a target=\"_blank\" href=\"https:\/\/www.youtube.com\/channel\/UChxqRN4wPfBU4yzwNUUnvpQ\"><img decoding=\"async\" src=\"https:\/\/www.clusteraudiovisual.cat\/wp-content\/themes\/enfold-child\/img\/icon-youtube.png\" alt=\"Multisignes - Youtube\" \/><\/a> <a target=\"_blank\" href=\"https:\/\/es.linkedin.com\/company\/multisignes\"><img decoding=\"async\" src=\"https:\/\/www.clusteraudiovisual.cat\/wp-content\/themes\/enfold-child\/img\/icon-linkedin.png\" alt=\"Multisignes - Linkedin\" \/><\/a><\/p>\r\n                <\/div><img decoding=\"async\" class=\"soci_item_logo img-fluid\" src=\"https:\/\/www.clusteraudiovisual.cat\/wp-content\/uploads\/2018\/06\/logo_MultiSignes-2-1.jpg\" alt=\"Multisignes\" title=\"Multisignes\" \/>\r\n                    <div class=\"soci_list_activ_container\" style=\"width: 100%;background: none;\">\r\n                               <p class=\"soci_list_activ mb-0\"><span>Postproducci\u00f3n<\/span><span>Producci\u00f3n<\/span><span>Servicios<\/span><span>Televisi\u00f3n<\/span><\/p>\r\n                               <p class=\"soci_list_serv mb-0\">Broadcast<span class=\"separador_cats\">|<\/span>Ficci\u00f3n<span class=\"separador_cats\">|<\/span>Locutores<span class=\"separador_cats\">|<\/span>MICE<span class=\"separador_cats\">|<\/span>Multiplataforma<span class=\"separador_cats\">|<\/span>Muse\u00edstica<span class=\"separador_cats\">|<\/span>Realidad Aumentada<span class=\"separador_cats\">|<\/span>Streaming<span class=\"separador_cats\">|<\/span>Subtitulado<span class=\"separador_cats\"<\/p>\r\n                    <\/div>\r\n                <\/div><\/div><div data-title=\"neapolis espais-audiovisuals-es experiencias-inmersivas-es servicios-es  parques-audiovisuales parques-tecnologicos tic-audiovisual-es \" data-actv=\"espais-audiovisuals-es experiencias-inmersivas-es servicios-es \" data-serv=\"parques-audiovisuales parques-tecnologicos tic-audiovisual-es \" class=\"col-12 col-md-4 mb-4 border-bottom soci_box\"><div class=\"soci_item text-center\"><a class=\"soci_item_overlay\" data-fancybox=\"8006\" data-src=\"#selectableModal8006\" href=\"javascript:;\">Ne\u00e0polis<\/a><div class=\"cav_fancy\" style=\"display: none;max-width:500px;\" id=\"selectableModal8006\">\r\n                        <div class=\"cav_fancy_logo text-center pb-4 border-bottom\"><img decoding=\"async\" class=\"soci_item_logo img-fluid\" src=\"https:\/\/www.clusteraudiovisual.cat\/wp-content\/uploads\/2013\/09\/LOGO_NEAPOLIS_page-0001-1.jpg\" alt=\"Ne\u00e0polis\" title=\"Ne\u00e0polis\" \/><\/div>\r\n                        <h3 class=\"cav_fancy_title\" data-selectable=\"true\">Ne\u00e0polis<\/h3>\r\n                        <p class=\"cav_fancy_cat_actv\"><span>Espacios Audiovisuales<\/span><span>Experiencias Inmersivas<\/span><span>Servicios<\/span><\/p>\r\n                        <p class=\"cav_fancy_cat_serv\">Parques Audiovisuales<span class=\"separador_cats\">|<\/span>Parques tecnol\u00f3gicos<span class=\"separador_cats\">|<\/span>TIC Audiovisual<span class=\"separador_cats\"<\/p>\r\n                        <p class=\"cav_fancy_description border-bottom\">Agencia de Innovaci\u00f3n P\u00fablica de las TIC, el sector multimedia, la creatividad y el esp\u00edritu empresarial. A trav\u00e9s del Parque de Innovaci\u00f3n Tecnol\u00f3gica y Empresarial ofrecen un espacio de experimentaci\u00f3n, incubaci\u00f3n y crecimiento para la comunidad emprendedora de la ciudad, potenciando la innovaci\u00f3n y la colaboraci\u00f3n.<\/p>\r\n                        <div class=\"cav_fancy_adress\"><p>Rambla de l&#8217;Exposici\u00f3, 59<\/p>\n<p>08800, Vilanova i la Geltr\u00fa<\/p>\n<p>936 571 221<\/p>\n<p><a href=\"mailto:info@neapolis.cat\" target=\"_blank\" rel=\"noopener\">info@neapolis.cat<\/a><\/p>\n<p><a href=\"https:\/\/www.neapolis.cat\/\" target=\"_blank\" rel=\"noopener\">www.neapolis.cat<\/a><\/p>\n<\/div>\r\n                        <p class=\"cav_fancy_social\"><a target=\"_blank\" href=\"https:\/\/twitter.com\/neapolisvng\"><img decoding=\"async\" src=\"https:\/\/www.clusteraudiovisual.cat\/wp-content\/themes\/enfold-child\/img\/twitter.png\" alt=\"Ne\u00e0polis - Twitter\" \/><\/a> <a target=\"_blank\" href=\"https:\/\/www.facebook.com\/neapolisvng\"><img decoding=\"async\" src=\"https:\/\/www.clusteraudiovisual.cat\/wp-content\/themes\/enfold-child\/img\/facebook.png\" alt=\"Ne\u00e0polis - Twitter\" \/><\/a>  <a target=\"_blank\" href=\"https:\/\/www.youtube.com\/channel\/UCJGDbKnxytN6xq9rQqcRn6A\"><img decoding=\"async\" src=\"https:\/\/www.clusteraudiovisual.cat\/wp-content\/themes\/enfold-child\/img\/icon-youtube.png\" alt=\"Ne\u00e0polis - Youtube\" \/><\/a> <a target=\"_blank\" href=\"https:\/\/www.linkedin.com\/company\/neapolis-european-network-of-living-labs\/\"><img decoding=\"async\" src=\"https:\/\/www.clusteraudiovisual.cat\/wp-content\/themes\/enfold-child\/img\/icon-linkedin.png\" alt=\"Ne\u00e0polis - Linkedin\" \/><\/a><\/p>\r\n                <\/div><img decoding=\"async\" class=\"soci_item_logo img-fluid\" src=\"https:\/\/www.clusteraudiovisual.cat\/wp-content\/uploads\/2013\/09\/LOGO_NEAPOLIS_page-0001-1.jpg\" alt=\"Ne\u00e0polis\" title=\"Ne\u00e0polis\" \/>\r\n                    <div class=\"soci_list_activ_container\" style=\"width: 100%;background: none;\">\r\n                               <p class=\"soci_list_activ mb-0\"><span>Espacios Audiovisuales<\/span><span>Experiencias Inmersivas<\/span><span>Servicios<\/span><\/p>\r\n                               <p class=\"soci_list_serv mb-0\">Parques Audiovisuales<span class=\"separador_cats\">|<\/span>Parques tecnol\u00f3gicos<span class=\"separador_cats\">|<\/span>TIC Audiovisual<span class=\"separador_cats\"<\/p>\r\n                    <\/div>\r\n                <\/div><\/div><div data-title=\"newco audiovisual produccion-es television-es  ficcion \" data-actv=\"produccion-es television-es \" data-serv=\"ficcion \" class=\"col-12 col-md-4 mb-4 border-bottom soci_box\"><div class=\"soci_item text-center\"><a class=\"soci_item_overlay\" data-fancybox=\"8202\" data-src=\"#selectableModal8202\" href=\"javascript:;\">Newco Audiovisual<\/a><div class=\"cav_fancy\" style=\"display: none;max-width:500px;\" id=\"selectableModal8202\">\r\n                        <div class=\"cav_fancy_logo text-center pb-4 border-bottom\"><img decoding=\"async\" class=\"soci_item_logo img-fluid\" src=\"https:\/\/www.clusteraudiovisual.cat\/wp-content\/uploads\/2018\/10\/90.Logo-NewCo.jpg\" alt=\"Newco Audiovisual\" title=\"Newco Audiovisual\" \/><\/div>\r\n                        <h3 class=\"cav_fancy_title\" data-selectable=\"true\">Newco Audiovisual<\/h3>\r\n                        <p class=\"cav_fancy_cat_actv\"><span>Producci\u00f3n<\/span><span>Televisi\u00f3n<\/span><\/p>\r\n                        <p class=\"cav_fancy_cat_serv\">Ficci\u00f3n<span class=\"separador_cats\"<\/p>\r\n                        <p class=\"cav_fancy_description border-bottom\">Productora audiovisual.<\/p>\r\n                        <div class=\"cav_fancy_adress\"><p>Av. Diagonal, 497 5\u00e8<\/p>\n<p>08029, Barcelona<\/p>\n<p>653 689 776<\/p>\n<\/div>\r\n                        <p class=\"cav_fancy_social\">    <\/p>\r\n                <\/div><img decoding=\"async\" class=\"soci_item_logo img-fluid\" src=\"https:\/\/www.clusteraudiovisual.cat\/wp-content\/uploads\/2018\/10\/90.Logo-NewCo.jpg\" alt=\"Newco Audiovisual\" title=\"Newco Audiovisual\" \/>\r\n                    <div class=\"soci_list_activ_container\" style=\"width: 100%;background: none;\">\r\n                               <p class=\"soci_list_activ mb-0\"><span>Producci\u00f3n<\/span><span>Televisi\u00f3n<\/span><\/p>\r\n                               <p class=\"soci_list_serv mb-0\">Ficci\u00f3n<span class=\"separador_cats\"<\/p>\r\n                    <\/div>\r\n                <\/div><\/div><div data-title=\"newtonlab space espais-audiovisuals-es experiencias-inmersivas-es tecnologia-es  hologramas showrooms-es software-es \" data-actv=\"espais-audiovisuals-es experiencias-inmersivas-es tecnologia-es \" data-serv=\"hologramas showrooms-es software-es \" class=\"col-12 col-md-4 mb-4 border-bottom soci_box\"><div class=\"soci_item text-center\"><a class=\"soci_item_overlay\" data-fancybox=\"41306\" data-src=\"#selectableModal41306\" href=\"javascript:;\">Newtonlab Space<\/a><div class=\"cav_fancy\" style=\"display: none;max-width:500px;\" id=\"selectableModal41306\">\r\n                        <div class=\"cav_fancy_logo text-center pb-4 border-bottom\"><img decoding=\"async\" class=\"soci_item_logo img-fluid\" src=\"https:\/\/www.clusteraudiovisual.cat\/wp-content\/uploads\/2024\/06\/LogoSoci_Newtonlab-Space.jpg\" alt=\"Newtonlab Space\" title=\"Newtonlab Space\" \/><\/div>\r\n                        <h3 class=\"cav_fancy_title\" data-selectable=\"true\">Newtonlab Space<\/h3>\r\n                        <p class=\"cav_fancy_cat_actv\"><span>Espacios Audiovisuales<\/span><span>Experiencias Inmersivas<\/span><span>Tecnolog\u00eda<\/span><\/p>\r\n                        <p class=\"cav_fancy_cat_serv\">Hologramas<span class=\"separador_cats\">|<\/span>Showrooms<span class=\"separador_cats\">|<\/span>Software<span class=\"separador_cats\"<\/p>\r\n                        <p class=\"cav_fancy_description border-bottom\">Compa\u00f1\u00eda de tecnolog\u00eda audiovisual especializada en la producci\u00f3n y gesti\u00f3n de los dispositivos hologr\u00e1ficos \"The Show Window\". Su equipo tambi\u00e9n se encarga del desarrollo de software y la creaci\u00f3n de contenidos para estos dispositivos. Actualmente disponen de dos showrooms, uno en Barcelona y otro en A Coru\u00f1a.<\/p>\r\n                        <div class=\"cav_fancy_adress\"><p>Riera Pahissa, 18<\/p>\n<p>08980, Sant Feliu de Llobregat, Barcelona<\/p>\n<p><a class=\"text-size-small-footer caption\" href=\"mailto:info@newtonlabspace.com?subject=Newtonlab%20Space%20web%20mail%20\">info@newtonlabspace.com<\/a><\/p>\n<p><a href=\"https:\/\/www.newtonlabspace.com\/\" target=\"_blank\" rel=\"noopener\">newtonlabspace.com<\/a><\/p>\n<\/div>\r\n                        <p class=\"cav_fancy_social\"><a target=\"_blank\" href=\"https:\/\/x.com\/newtonlabspace\"><img decoding=\"async\" src=\"https:\/\/www.clusteraudiovisual.cat\/wp-content\/themes\/enfold-child\/img\/twitter.png\" alt=\"Newtonlab Space - Twitter\" \/><\/a> <a target=\"_blank\" href=\"https:\/\/www.facebook.com\/p\/Newtonlab-Space-100068185206965\/\"><img decoding=\"async\" src=\"https:\/\/www.clusteraudiovisual.cat\/wp-content\/themes\/enfold-child\/img\/facebook.png\" alt=\"Newtonlab Space - Twitter\" \/><\/a> <a target=\"_blank\" href=\"https:\/\/www.instagram.com\/newtonlabspace\/?hl=es\"><img decoding=\"async\" src=\"https:\/\/www.clusteraudiovisual.cat\/wp-content\/themes\/enfold-child\/img\/icon-instagram.png\" alt=\"Newtonlab Space - Instagram\" \/><\/a>  <a target=\"_blank\" href=\"https:\/\/es.linkedin.com\/company\/newtonlabspace\"><img decoding=\"async\" src=\"https:\/\/www.clusteraudiovisual.cat\/wp-content\/themes\/enfold-child\/img\/icon-linkedin.png\" alt=\"Newtonlab Space - Linkedin\" \/><\/a><\/p>\r\n                <\/div><img decoding=\"async\" class=\"soci_item_logo img-fluid\" src=\"https:\/\/www.clusteraudiovisual.cat\/wp-content\/uploads\/2024\/06\/LogoSoci_Newtonlab-Space.jpg\" alt=\"Newtonlab Space\" title=\"Newtonlab Space\" \/>\r\n                    <div class=\"soci_list_activ_container\" style=\"width: 100%;background: none;\">\r\n                               <p class=\"soci_list_activ mb-0\"><span>Espacios Audiovisuales<\/span><span>Experiencias Inmersivas<\/span><span>Tecnolog\u00eda<\/span><\/p>\r\n                               <p class=\"soci_list_serv mb-0\">Hologramas<span class=\"separador_cats\">|<\/span>Showrooms<span class=\"separador_cats\">|<\/span>Software<span class=\"separador_cats\"<\/p>\r\n                    <\/div>\r\n                <\/div><\/div><div data-title=\"next us distribucion formacio-es  no-ficcion plataformes-ott-es \" data-actv=\"distribucion formacio-es \" data-serv=\"no-ficcion plataformes-ott-es \" class=\"col-12 col-md-4 mb-4 border-bottom soci_box\"><div class=\"soci_item text-center\"><a class=\"soci_item_overlay\" data-fancybox=\"39485\" data-src=\"#selectableModal39485\" href=\"javascript:;\">Next Us<\/a><div class=\"cav_fancy\" style=\"display: none;max-width:500px;\" id=\"selectableModal39485\">\r\n                        <div class=\"cav_fancy_logo text-center pb-4 border-bottom\"><img decoding=\"async\" class=\"soci_item_logo img-fluid\" src=\"https:\/\/www.clusteraudiovisual.cat\/wp-content\/uploads\/2024\/01\/LogoSoci_NextUs.jpg\" alt=\"Next Us\" title=\"Next Us\" \/><\/div>\r\n                        <h3 class=\"cav_fancy_title\" data-selectable=\"true\">Next Us<\/h3>\r\n                        <p class=\"cav_fancy_cat_actv\"><span>Distribuci\u00f3n - Exhibici\u00f3n<\/span><span>Formaci\u00f3n<\/span><\/p>\r\n                        <p class=\"cav_fancy_cat_serv\">No ficci\u00f3n<span class=\"separador_cats\">|<\/span>Plataformas OTT<span class=\"separador_cats\"<\/p>\r\n                        <p class=\"cav_fancy_description border-bottom\">Plataforma educativa para el aprendizaje a trav\u00e9s del documental. Como parte de la comunidad educativa, proponen nuevas formas m\u00e1s retadoras y activas que faciliten experiencias de aprendizaje innovadoras. Lo hacen poniendo la fuerza del clip, las colecciones y el documental al servicio de la pedagog\u00eda, ofreciendo materiales audiovisuales de calidad que conecten desde la realidad de la imagen en movimiento.<\/p>\r\n                        <div class=\"cav_fancy_adress\"><p><a class=\"MuiTypography-root MuiLink-root MuiLink-underlineNone jss3634 MuiTypography-colorPrimary\" href=\"mailto:info@nextus.global\">info@nextus.global<\/a><\/p>\n<p><a href=\"https:\/\/nextus.global\/ca\" target=\"_blank\" rel=\"noopener\">www.nextus.global<\/a><\/p>\n<\/div>\r\n                        <p class=\"cav_fancy_social\"><a target=\"_blank\" href=\"https:\/\/twitter.com\/nextus_global\"><img decoding=\"async\" src=\"https:\/\/www.clusteraudiovisual.cat\/wp-content\/themes\/enfold-child\/img\/twitter.png\" alt=\"Next Us - Twitter\" \/><\/a>  <a target=\"_blank\" href=\"https:\/\/www.instagram.com\/nextus_glob\/\"><img decoding=\"async\" src=\"https:\/\/www.clusteraudiovisual.cat\/wp-content\/themes\/enfold-child\/img\/icon-instagram.png\" alt=\"Next Us - Instagram\" \/><\/a> <a target=\"_blank\" href=\"https:\/\/www.youtube.com\/channel\/UC4Kz9XRqjDnHCaFKkVh2Ihw\"><img decoding=\"async\" src=\"https:\/\/www.clusteraudiovisual.cat\/wp-content\/themes\/enfold-child\/img\/icon-youtube.png\" alt=\"Next Us - Youtube\" \/><\/a> <a target=\"_blank\" href=\"https:\/\/www.linkedin.com\/company\/nextusglobal\/\"><img decoding=\"async\" src=\"https:\/\/www.clusteraudiovisual.cat\/wp-content\/themes\/enfold-child\/img\/icon-linkedin.png\" alt=\"Next Us - Linkedin\" \/><\/a><\/p>\r\n                <\/div><img decoding=\"async\" class=\"soci_item_logo img-fluid\" src=\"https:\/\/www.clusteraudiovisual.cat\/wp-content\/uploads\/2024\/01\/LogoSoci_NextUs.jpg\" alt=\"Next Us\" title=\"Next Us\" \/>\r\n                    <div class=\"soci_list_activ_container\" style=\"width: 100%;background: none;\">\r\n                               <p class=\"soci_list_activ mb-0\"><span>Distribuci\u00f3n - Exhibici\u00f3n<\/span><span>Formaci\u00f3n<\/span><\/p>\r\n                               <p class=\"soci_list_serv mb-0\">No ficci\u00f3n<span class=\"separador_cats\">|<\/span>Plataformas OTT<span class=\"separador_cats\"<\/p>\r\n                    <\/div>\r\n                <\/div><\/div><div data-title=\"nihao films produccion-es publicidad-es television-es  ficcion no-ficcion \" data-actv=\"produccion-es publicidad-es television-es \" data-serv=\"ficcion no-ficcion \" class=\"col-12 col-md-4 mb-4 border-bottom soci_box\"><div class=\"soci_item text-center\"><a class=\"soci_item_overlay\" data-fancybox=\"8192\" data-src=\"#selectableModal8192\" href=\"javascript:;\">Nihao Films<\/a><div class=\"cav_fancy\" style=\"display: none;max-width:500px;\" id=\"selectableModal8192\">\r\n                        <div class=\"cav_fancy_logo text-center pb-4 border-bottom\"><img decoding=\"async\" class=\"soci_item_logo img-fluid\" src=\"https:\/\/www.clusteraudiovisual.cat\/wp-content\/uploads\/2018\/10\/91.logo_NIHAOFILMS_negre.jpg\" alt=\"Nihao Films\" title=\"Nihao Films\" \/><\/div>\r\n                        <h3 class=\"cav_fancy_title\" data-selectable=\"true\">Nihao Films<\/h3>\r\n                        <p class=\"cav_fancy_cat_actv\"><span>Producci\u00f3n<\/span><span>Publicidad<\/span><span>Televisi\u00f3n<\/span><\/p>\r\n                        <p class=\"cav_fancy_cat_serv\">Ficci\u00f3n<span class=\"separador_cats\">|<\/span>No ficci\u00f3n<span class=\"separador_cats\"<\/p>\r\n                        <p class=\"cav_fancy_description border-bottom\">Productora independiente para organizaciones y televisiones europeas y chinas, dirige documentales y reportajes culturales.<\/p>\r\n                        <div class=\"cav_fancy_adress\"><p>C\/Agramunt, 33, local 1<\/p>\n<p>08023, Barcelona<\/p>\n<p>930 242 831<\/p>\n<p><a href=\"mailto:nihao@nihaofilms.com\" target=\"_blank\" rel=\"noopener\">nihao@nihaofilms.com<\/a><\/p>\n<p><a href=\"https:\/\/www.nihaofilms.com\/ca\/inici\/\" target=\"_blank\" rel=\"noopener\">www.nihaofilms.com<\/a><\/p>\n<\/div>\r\n                        <p class=\"cav_fancy_social\"><a target=\"_blank\" href=\"https:\/\/twitter.com\/nihaofilms\"><img decoding=\"async\" src=\"https:\/\/www.clusteraudiovisual.cat\/wp-content\/themes\/enfold-child\/img\/twitter.png\" alt=\"Nihao Films - Twitter\" \/><\/a> <a target=\"_blank\" href=\"https:\/\/www.facebook.com\/nihaofilms\"><img decoding=\"async\" src=\"https:\/\/www.clusteraudiovisual.cat\/wp-content\/themes\/enfold-child\/img\/facebook.png\" alt=\"Nihao Films - Twitter\" \/><\/a> <a target=\"_blank\" href=\"https:\/\/www.instagram.com\/nihaofilms\/\"><img decoding=\"async\" src=\"https:\/\/www.clusteraudiovisual.cat\/wp-content\/themes\/enfold-child\/img\/icon-instagram.png\" alt=\"Nihao Films - Instagram\" \/><\/a> <a target=\"_blank\" href=\"https:\/\/www.youtube.com\/@nihaofilms6585\"><img decoding=\"async\" src=\"https:\/\/www.clusteraudiovisual.cat\/wp-content\/themes\/enfold-child\/img\/icon-youtube.png\" alt=\"Nihao Films - Youtube\" \/><\/a> <\/p>\r\n                <\/div><img decoding=\"async\" class=\"soci_item_logo img-fluid\" src=\"https:\/\/www.clusteraudiovisual.cat\/wp-content\/uploads\/2018\/10\/91.logo_NIHAOFILMS_negre.jpg\" alt=\"Nihao Films\" title=\"Nihao Films\" \/>\r\n                    <div class=\"soci_list_activ_container\" style=\"width: 100%;background: none;\">\r\n                               <p class=\"soci_list_activ mb-0\"><span>Producci\u00f3n<\/span><span>Publicidad<\/span><span>Televisi\u00f3n<\/span><\/p>\r\n                               <p class=\"soci_list_serv mb-0\">Ficci\u00f3n<span class=\"separador_cats\">|<\/span>No ficci\u00f3n<span class=\"separador_cats\"<\/p>\r\n                    <\/div>\r\n                <\/div><\/div><div data-title=\"noname studios videojuego-es  animacion-es arte-grafico-es videojuegos \" data-actv=\"videojuego-es \" data-serv=\"animacion-es arte-grafico-es videojuegos \" class=\"col-12 col-md-4 mb-4 border-bottom soci_box\"><div class=\"soci_item text-center\"><a class=\"soci_item_overlay\" data-fancybox=\"46088\" data-src=\"#selectableModal46088\" href=\"javascript:;\">Noname Studios<\/a><div class=\"cav_fancy\" style=\"display: none;max-width:500px;\" id=\"selectableModal46088\">\r\n                        <div class=\"cav_fancy_logo text-center pb-4 border-bottom\"><img decoding=\"async\" class=\"soci_item_logo img-fluid\" src=\"https:\/\/www.clusteraudiovisual.cat\/wp-content\/uploads\/2024\/12\/LogoSoci_Noname-Studios.jpg\" alt=\"Noname Studios\" title=\"Noname Studios\" \/><\/div>\r\n                        <h3 class=\"cav_fancy_title\" data-selectable=\"true\">Noname Studios<\/h3>\r\n                        <p class=\"cav_fancy_cat_actv\"><span>Videojuego<\/span><\/p>\r\n                        <p class=\"cav_fancy_cat_serv\">Animaci\u00f3n<span class=\"separador_cats\">|<\/span>Arte Gr\u00e1fico<span class=\"separador_cats\">|<\/span>Videojuegos<span class=\"separador_cats\"<\/p>\r\n                        <p class=\"cav_fancy_description border-bottom\">Estudio de desarrollo de videojuegos independiente con sede en Barcelona, especializado en el desarrollo de juegos de alta calidad, co-desarrollo y portabilidad. Fundado por tres profesionales con amplia experiencia en la industria de los videojuegos, actualmente cuentan con miembros del equipo ubicados por todo el mundo, incluyendo ingenieros de software, artistas gr\u00e1ficos y dise\u00f1adores de sonido. Participan activamente en todos los aspectos del proceso de desarrollo, incluyendo la conceptualizaci\u00f3n, el dise\u00f1o, la producci\u00f3n central, la portabilidad y el LiveOps.<\/p>\r\n                        <div class=\"cav_fancy_adress\"><p><a href=\"https:\/\/www.noname-studios.es\/\" target=\"_blank\" rel=\"noopener\">noname-studios.es<\/a><\/p>\n<\/div>\r\n                        <p class=\"cav_fancy_social\"><a target=\"_blank\" href=\"https:\/\/x.com\/nonamestudiobcn\"><img decoding=\"async\" src=\"https:\/\/www.clusteraudiovisual.cat\/wp-content\/themes\/enfold-child\/img\/twitter.png\" alt=\"Noname Studios - Twitter\" \/><\/a>    <a target=\"_blank\" href=\"https:\/\/www.linkedin.com\/company\/noname-studios\/\"><img decoding=\"async\" src=\"https:\/\/www.clusteraudiovisual.cat\/wp-content\/themes\/enfold-child\/img\/icon-linkedin.png\" alt=\"Noname Studios - Linkedin\" \/><\/a><\/p>\r\n                <\/div><img decoding=\"async\" class=\"soci_item_logo img-fluid\" src=\"https:\/\/www.clusteraudiovisual.cat\/wp-content\/uploads\/2024\/12\/LogoSoci_Noname-Studios.jpg\" alt=\"Noname Studios\" title=\"Noname Studios\" \/>\r\n                    <div class=\"soci_list_activ_container\" style=\"width: 100%;background: none;\">\r\n                               <p class=\"soci_list_activ mb-0\"><span>Videojuego<\/span><\/p>\r\n                               <p class=\"soci_list_serv mb-0\">Animaci\u00f3n<span class=\"separador_cats\">|<\/span>Arte Gr\u00e1fico<span class=\"separador_cats\">|<\/span>Videojuegos<span class=\"separador_cats\"<\/p>\r\n                    <\/div>\r\n                <\/div><\/div><div data-title=\"nov25studio postproduccion-es produccion-es  animacion-es arte-grafico-es artes-visuales-es diseno-es estudios-de-grabacion locutores-es musica-es sonido \" data-actv=\"postproduccion-es produccion-es \" data-serv=\"animacion-es arte-grafico-es artes-visuales-es diseno-es estudios-de-grabacion locutores-es musica-es sonido \" class=\"col-12 col-md-4 mb-4 border-bottom soci_box\"><div class=\"soci_item text-center\"><a class=\"soci_item_overlay\" data-fancybox=\"41263\" data-src=\"#selectableModal41263\" href=\"javascript:;\">Nov25Studio<\/a><div class=\"cav_fancy\" style=\"display: none;max-width:500px;\" id=\"selectableModal41263\">\r\n                        <div class=\"cav_fancy_logo text-center pb-4 border-bottom\"><img decoding=\"async\" class=\"soci_item_logo img-fluid\" src=\"https:\/\/www.clusteraudiovisual.cat\/wp-content\/uploads\/2024\/06\/LogoSoci_Nov25Studio-1.jpg\" alt=\"Nov25Studio\" title=\"Nov25Studio\" \/><\/div>\r\n                        <h3 class=\"cav_fancy_title\" data-selectable=\"true\">Nov25Studio<\/h3>\r\n                        <p class=\"cav_fancy_cat_actv\"><span>Postproducci\u00f3n<\/span><span>Producci\u00f3n<\/span><\/p>\r\n                        <p class=\"cav_fancy_cat_serv\">Animaci\u00f3n<span class=\"separador_cats\">|<\/span>Arte Gr\u00e1fico<span class=\"separador_cats\">|<\/span>Artes Visuales<span class=\"separador_cats\">|<\/span>Dise\u00f1o<span class=\"separador_cats\">|<\/span>Estudios de grabaci\u00f3n<span class=\"separador_cats\">|<\/span>Locutores<span class=\"separador_cats\">|<\/span>M\u00fasica<span class=\"separador_cats\">|<\/span>Sonido<span class=\"separador_cats\"<\/p>\r\n                        <p class=\"cav_fancy_description border-bottom\">Productora y estudio de motion graphics, animaci\u00f3n, ilustraci\u00f3n y postproducci\u00f3n de v\u00eddeo y audio.<\/p>\r\n                        <div class=\"cav_fancy_adress\"><p>Riera de Sant Andreu, 22, Entres\u00f2l<\/p>\n<p>08030, Barcelona<\/p>\n<p><span aria-label=\"Llamar al n\u00famero de tel\u00e9fono 615 61 39 02\">615 613 902<\/span><\/p>\n<p><a href=\"mailto:nov25@nov25.net\">nov25@nov25.net<\/a><\/p>\n<p><a href=\"https:\/\/nov25studio.com\/\">nov25studio.com<\/a><\/p>\n<\/div>\r\n                        <p class=\"cav_fancy_social\">  <a target=\"_blank\" href=\"https:\/\/www.instagram.com\/nov25studio\/\"><img decoding=\"async\" src=\"https:\/\/www.clusteraudiovisual.cat\/wp-content\/themes\/enfold-child\/img\/icon-instagram.png\" alt=\"Nov25Studio - Instagram\" \/><\/a>  <a target=\"_blank\" href=\"https:\/\/es.linkedin.com\/company\/nov25studio\"><img decoding=\"async\" src=\"https:\/\/www.clusteraudiovisual.cat\/wp-content\/themes\/enfold-child\/img\/icon-linkedin.png\" alt=\"Nov25Studio - Linkedin\" \/><\/a><\/p>\r\n                <\/div><img decoding=\"async\" class=\"soci_item_logo img-fluid\" src=\"https:\/\/www.clusteraudiovisual.cat\/wp-content\/uploads\/2024\/06\/LogoSoci_Nov25Studio-1.jpg\" alt=\"Nov25Studio\" title=\"Nov25Studio\" \/>\r\n                    <div class=\"soci_list_activ_container\" style=\"width: 100%;background: none;\">\r\n                               <p class=\"soci_list_activ mb-0\"><span>Postproducci\u00f3n<\/span><span>Producci\u00f3n<\/span><\/p>\r\n                               <p class=\"soci_list_serv mb-0\">Animaci\u00f3n<span class=\"separador_cats\">|<\/span>Arte Gr\u00e1fico<span class=\"separador_cats\">|<\/span>Artes Visuales<span class=\"separador_cats\">|<\/span>Dise\u00f1o<span class=\"separador_cats\">|<\/span>Estudios de grabaci\u00f3n<span class=\"separador_cats\">|<\/span>Locutores<span class=\"separador_cats\">|<\/span>M\u00fasica<span class=\"separador_cats\">|<\/span>Sonido<span class=\"separador_cats\"<\/p>\r\n                    <\/div>\r\n                <\/div><\/div><div data-title=\"nrd multimedia distribucion espais-audiovisuals-es formacio-es integrated-systems-es servicios-es tecnologia-es  5g-es altavoces-inteligentes broadcast-es digital-es estudios-de-grabacion instalaciones-es inteligencia-artificial materials-audiovisuals-es multimedia-es parques-audiovisuales parques-tecnologicos platos-es showrooms-es streaming-es tdt-es telecomunicaciones tic-audiovisual-es web-es \" data-actv=\"distribucion espais-audiovisuals-es formacio-es integrated-systems-es servicios-es tecnologia-es \" data-serv=\"5g-es altavoces-inteligentes broadcast-es digital-es estudios-de-grabacion instalaciones-es inteligencia-artificial materials-audiovisuals-es multimedia-es parques-audiovisuales parques-tecnologicos platos-es showrooms-es streaming-es tdt-es telecomunicaciones tic-audiovisual-es web-es \" class=\"col-12 col-md-4 mb-4 border-bottom soci_box\"><div class=\"soci_item text-center\"><a class=\"soci_item_overlay\" data-fancybox=\"8236\" data-src=\"#selectableModal8236\" href=\"javascript:;\">NRD Multimedia<\/a><div class=\"cav_fancy\" style=\"display: none;max-width:500px;\" id=\"selectableModal8236\">\r\n                        <div class=\"cav_fancy_logo text-center pb-4 border-bottom\"><img decoding=\"async\" class=\"soci_item_logo img-fluid\" src=\"https:\/\/www.clusteraudiovisual.cat\/wp-content\/uploads\/2020\/08\/92.NRD-LOGO-gran-1024x461-1.jpg\" alt=\"NRD Multimedia\" title=\"NRD Multimedia\" \/><\/div>\r\n                        <h3 class=\"cav_fancy_title\" data-selectable=\"true\">NRD Multimedia<\/h3>\r\n                        <p class=\"cav_fancy_cat_actv\"><span>Distribuci\u00f3n - Exhibici\u00f3n<\/span><span>Espacios Audiovisuales<\/span><span>Formaci\u00f3n<\/span><span>Integrated Systems<\/span><span>Servicios<\/span><span>Tecnolog\u00eda<\/span><\/p>\r\n                        <p class=\"cav_fancy_cat_serv\">5G<span class=\"separador_cats\">|<\/span>Altavoces Inteligentes<span class=\"separador_cats\">|<\/span>Broadcast<span class=\"separador_cats\">|<\/span>Digital<span class=\"separador_cats\">|<\/span>Estudios de grabaci\u00f3n<span class=\"separador_cats\">|<\/span>Instalaciones<span class=\"separador_cats\">|<\/span>Inteligencia Artificial<span class=\"separador_cats\">|<\/span>Material audiovisual<span class=\"separador_cats\">|<\/span>Multimedia<span class=\"separador_cats\">|<\/span>Parques Audiovisuales<span class=\"separador_cats\">|<\/span>Parques tecnol\u00f3gicos<span class=\"separador_cats\">|<\/span>Plat\u00f3s<span class=\"separador_cats\">|<\/span>Showrooms<span class=\"separador_cats\">|<\/span>Streaming<span class=\"separador_cats\">|<\/span>TDT<span class=\"separador_cats\">|<\/span>Telecomunicaciones<span class=\"separador_cats\">|<\/span>TIC Audiovisual<span class=\"separador_cats\">|<\/span>Web<span class=\"separador_cats\"<\/p>\r\n                        <p class=\"cav_fancy_description border-bottom\">Empresa que implementa soluciones para la automatizaci\u00f3n y digitalizaci\u00f3n de la producci\u00f3n audiovisual. Dise\u00f1an e integran centros avanzados de producci\u00f3n audiovisual en infraestructuras, organizaciones y medios de comunicaci\u00f3n.<\/p>\r\n                        <div class=\"cav_fancy_adress\"><p>Av. de Barcelona, 211<\/p>\n<p>08750, Molins de Rei<\/p>\n<p><span class=\"elementor-icon-list-text\">932 238 000<\/span><\/p>\n<p><a href=\"mailto:nrd@nrd.es\" target=\"_blank\" rel=\"noopener\">nrd@nrd.es<\/a><\/p>\n<p><a href=\"https:\/\/nrd.es\/\" target=\"_blank\" rel=\"noopener\">www.nrd.es<\/a><\/p>\n<\/div>\r\n                        <p class=\"cav_fancy_social\"><a target=\"_blank\" href=\"https:\/\/twitter.com\/nrdmultimedia\"><img decoding=\"async\" src=\"https:\/\/www.clusteraudiovisual.cat\/wp-content\/themes\/enfold-child\/img\/twitter.png\" alt=\"NRD Multimedia - Twitter\" \/><\/a>  <a target=\"_blank\" href=\"https:\/\/www.instagram.com\/nrdmultimedia\/\"><img decoding=\"async\" src=\"https:\/\/www.clusteraudiovisual.cat\/wp-content\/themes\/enfold-child\/img\/icon-instagram.png\" alt=\"NRD Multimedia - Instagram\" \/><\/a> <a target=\"_blank\" href=\"https:\/\/www.youtube.com\/user\/grupoadtel\/\"><img decoding=\"async\" src=\"https:\/\/www.clusteraudiovisual.cat\/wp-content\/themes\/enfold-child\/img\/icon-youtube.png\" alt=\"NRD Multimedia - Youtube\" \/><\/a> <a target=\"_blank\" href=\"https:\/\/www.linkedin.com\/company\/nrdmultimedia\/\"><img decoding=\"async\" src=\"https:\/\/www.clusteraudiovisual.cat\/wp-content\/themes\/enfold-child\/img\/icon-linkedin.png\" alt=\"NRD Multimedia - Linkedin\" \/><\/a><\/p>\r\n                <\/div><img decoding=\"async\" class=\"soci_item_logo img-fluid\" src=\"https:\/\/www.clusteraudiovisual.cat\/wp-content\/uploads\/2020\/08\/92.NRD-LOGO-gran-1024x461-1.jpg\" alt=\"NRD Multimedia\" title=\"NRD Multimedia\" \/>\r\n                    <div class=\"soci_list_activ_container\" style=\"width: 100%;background: none;\">\r\n                               <p class=\"soci_list_activ mb-0\"><span>Distribuci\u00f3n - Exhibici\u00f3n<\/span><span>Espacios Audiovisuales<\/span><span>Formaci\u00f3n<\/span><span>Integrated Systems<\/span><span>Servicios<\/span><span>Tecnolog\u00eda<\/span><\/p>\r\n                               <p class=\"soci_list_serv mb-0\">5G<span class=\"separador_cats\">|<\/span>Altavoces Inteligentes<span class=\"separador_cats\">|<\/span>Broadcast<span class=\"separador_cats\">|<\/span>Digital<span class=\"separador_cats\">|<\/span>Estudios de grabaci\u00f3n<span class=\"separador_cats\">|<\/span>Instalaciones<span class=\"separador_cats\">|<\/span>Inteligencia Artificial<span class=\"separador_cats\">|<\/span>Material audiovisual<span class=\"separador_cats\">|<\/span>Multimedia<span class=\"separador_cats\">|<\/span>Parques Audiovisuales<span class=\"separador_cats\">|<\/span>Parques tecnol\u00f3gicos<span class=\"separador_cats\">|<\/span>Plat\u00f3s<span class=\"separador_cats\">|<\/span>Showrooms<span class=\"separador_cats\">|<\/span>Streaming<span class=\"separador_cats\">|<\/span>TDT<span class=\"separador_cats\">|<\/span>Telecomunicaciones<span class=\"separador_cats\">|<\/span>TIC Audiovisual<span class=\"separador_cats\">|<\/span>Web<span class=\"separador_cats\"<\/p>\r\n                    <\/div>\r\n                <\/div><\/div><div data-title=\"octocamvision servicios-es tecnologia-es  alquiler-de-equipos-es drones-es materials-audiovisuals-es \" data-actv=\"servicios-es tecnologia-es \" data-serv=\"alquiler-de-equipos-es drones-es materials-audiovisuals-es \" class=\"col-12 col-md-4 mb-4 border-bottom soci_box\"><div class=\"soci_item text-center\"><a class=\"soci_item_overlay\" data-fancybox=\"56350\" data-src=\"#selectableModal56350\" href=\"javascript:;\">Octocamvision<\/a><div class=\"cav_fancy\" style=\"display: none;max-width:500px;\" id=\"selectableModal56350\">\r\n                        <div class=\"cav_fancy_logo text-center pb-4 border-bottom\"><img decoding=\"async\" class=\"soci_item_logo img-fluid\" src=\"https:\/\/www.clusteraudiovisual.cat\/wp-content\/uploads\/2026\/04\/LogoSoci_Octocamvision.jpg\" alt=\"Octocamvision\" title=\"Octocamvision\" \/><\/div>\r\n                        <h3 class=\"cav_fancy_title\" data-selectable=\"true\">Octocamvision<\/h3>\r\n                        <p class=\"cav_fancy_cat_actv\"><span>Servicios<\/span><span>Tecnolog\u00eda<\/span><\/p>\r\n                        <p class=\"cav_fancy_cat_serv\">Alquiler de equipos<span class=\"separador_cats\">|<\/span>Drones<span class=\"separador_cats\">|<\/span>Material audiovisual<span class=\"separador_cats\"<\/p>\r\n                        <p class=\"cav_fancy_description border-bottom\">Empresa l\u00edder de alquiler de drones profesionales para rodajes de cine y publicidad. Est\u00e1n certificados en toda Europa para volar en espacios a\u00e9reos controlados, de noche y entorno urbano.<\/p>\r\n                        <div class=\"cav_fancy_adress\"><div class=\"elementor-element elementor-element-f7c2bb6 elementor-position-inline-start elementor-view-default elementor-mobile-position-block-start elementor-widget elementor-widget-icon-box\" data-id=\"f7c2bb6\" data-element_type=\"widget\" data-e-type=\"widget\" data-widget_type=\"icon-box.default\">\n<div class=\"elementor-icon-box-wrapper\">\n<div class=\"elementor-icon-box-content\">\n<p class=\"elementor-icon-box-title\">Avinguda Cerdanyola, 75<\/p>\n<p class=\"elementor-icon-box-title\">08172, Sant Cugat del Vall\u00e8s<\/p>\n<\/div>\n<\/div>\n<\/div>\n<div class=\"elementor-element elementor-element-8ceaa40 elementor-position-inline-start elementor-view-default elementor-mobile-position-block-start elementor-widget elementor-widget-icon-box\" data-id=\"8ceaa40\" data-element_type=\"widget\" data-e-type=\"widget\" data-widget_type=\"icon-box.default\">\n<div class=\"elementor-icon-box-wrapper\">\n<div class=\"elementor-icon-box-content\">\n<p class=\"elementor-icon-box-title\">931 974 279<\/p>\n<\/div>\n<\/div>\n<\/div>\n<p><a href=\"https:\/\/octocamvision.com\/es\/\" target=\"_blank\" rel=\"noopener\">octocamvision.com<\/a><\/p>\n<\/div>\r\n                        <p class=\"cav_fancy_social\">  <a target=\"_blank\" href=\"https:\/\/www.instagram.com\/octocamvision\/\"><img decoding=\"async\" src=\"https:\/\/www.clusteraudiovisual.cat\/wp-content\/themes\/enfold-child\/img\/icon-instagram.png\" alt=\"Octocamvision - Instagram\" \/><\/a> <a target=\"_blank\" href=\"https:\/\/www.youtube.com\/@octocamvision\"><img decoding=\"async\" src=\"https:\/\/www.clusteraudiovisual.cat\/wp-content\/themes\/enfold-child\/img\/icon-youtube.png\" alt=\"Octocamvision - Youtube\" \/><\/a> <a target=\"_blank\" href=\"https:\/\/www.linkedin.com\/company\/octocamvision\/\"><img decoding=\"async\" src=\"https:\/\/www.clusteraudiovisual.cat\/wp-content\/themes\/enfold-child\/img\/icon-linkedin.png\" alt=\"Octocamvision - Linkedin\" \/><\/a><\/p>\r\n                <\/div><img decoding=\"async\" class=\"soci_item_logo img-fluid\" src=\"https:\/\/www.clusteraudiovisual.cat\/wp-content\/uploads\/2026\/04\/LogoSoci_Octocamvision.jpg\" alt=\"Octocamvision\" title=\"Octocamvision\" \/>\r\n                    <div class=\"soci_list_activ_container\" style=\"width: 100%;background: none;\">\r\n                               <p class=\"soci_list_activ mb-0\"><span>Servicios<\/span><span>Tecnolog\u00eda<\/span><\/p>\r\n                               <p class=\"soci_list_serv mb-0\">Alquiler de equipos<span class=\"separador_cats\">|<\/span>Drones<span class=\"separador_cats\">|<\/span>Material audiovisual<span class=\"separador_cats\"<\/p>\r\n                    <\/div>\r\n                <\/div><\/div><div data-title=\"onion lab experiencias-inmersivas-es publicidad-es servicios-es tecnologia-es  exposiciones-es mapping-es realidad-virtual tic-audiovisual-es \" data-actv=\"experiencias-inmersivas-es publicidad-es servicios-es tecnologia-es \" data-serv=\"exposiciones-es mapping-es realidad-virtual tic-audiovisual-es \" class=\"col-12 col-md-4 mb-4 border-bottom soci_box\"><div class=\"soci_item text-center\"><a class=\"soci_item_overlay\" data-fancybox=\"8213\" data-src=\"#selectableModal8213\" href=\"javascript:;\">Onion Lab<\/a><div class=\"cav_fancy\" style=\"display: none;max-width:500px;\" id=\"selectableModal8213\">\r\n                        <div class=\"cav_fancy_logo text-center pb-4 border-bottom\"><img decoding=\"async\" class=\"soci_item_logo img-fluid\" src=\"https:\/\/www.clusteraudiovisual.cat\/wp-content\/uploads\/2026\/03\/LogoSoci_Onionlab.jpg\" alt=\"Onion Lab\" title=\"Onion Lab\" \/><\/div>\r\n                        <h3 class=\"cav_fancy_title\" data-selectable=\"true\">Onion Lab<\/h3>\r\n                        <p class=\"cav_fancy_cat_actv\"><span>Experiencias Inmersivas<\/span><span>Publicidad<\/span><span>Servicios<\/span><span>Tecnolog\u00eda<\/span><\/p>\r\n                        <p class=\"cav_fancy_cat_serv\">Exposiciones<span class=\"separador_cats\">|<\/span>Mapping<span class=\"separador_cats\">|<\/span>Realidad Virtual<span class=\"separador_cats\">|<\/span>TIC Audiovisual<span class=\"separador_cats\"<\/p>\r\n                        <p class=\"cav_fancy_description border-bottom\">Empresa especializada en proyecci\u00f3n mapping, VR y contenidos audiovisuales para festivales, exposiciones y m\u00fasica.<\/p>\r\n                        <div class=\"cav_fancy_adress\"><p>C\/ Pere IV, 29 &#8211; 35, 6\u00e8 5aB<\/p>\n<p>08018, Barcelona<\/p>\n<p>932 809 567<\/p>\n<p><a href=\"mailto:info@onionlab.com\" target=\"_blank\" rel=\"noopener\">info@onionlab.com<\/a><\/p>\n<p><a href=\"https:\/\/www.onionlab.com\/es\/\">www.onionlab.com<\/a><\/p>\n<\/div>\r\n                        <p class=\"cav_fancy_social\"><a target=\"_blank\" href=\"https:\/\/twitter.com\/onionlab_\"><img decoding=\"async\" src=\"https:\/\/www.clusteraudiovisual.cat\/wp-content\/themes\/enfold-child\/img\/twitter.png\" alt=\"Onion Lab - Twitter\" \/><\/a> <a target=\"_blank\" href=\"https:\/\/es-es.facebook.com\/onionlab\/\"><img decoding=\"async\" src=\"https:\/\/www.clusteraudiovisual.cat\/wp-content\/themes\/enfold-child\/img\/facebook.png\" alt=\"Onion Lab - Twitter\" \/><\/a>   <\/p>\r\n                <\/div><img decoding=\"async\" class=\"soci_item_logo img-fluid\" src=\"https:\/\/www.clusteraudiovisual.cat\/wp-content\/uploads\/2026\/03\/LogoSoci_Onionlab.jpg\" alt=\"Onion Lab\" title=\"Onion Lab\" \/>\r\n                    <div class=\"soci_list_activ_container\" style=\"width: 100%;background: none;\">\r\n                               <p class=\"soci_list_activ mb-0\"><span>Experiencias Inmersivas<\/span><span>Publicidad<\/span><span>Servicios<\/span><span>Tecnolog\u00eda<\/span><\/p>\r\n                               <p class=\"soci_list_serv mb-0\">Exposiciones<span class=\"separador_cats\">|<\/span>Mapping<span class=\"separador_cats\">|<\/span>Realidad Virtual<span class=\"separador_cats\">|<\/span>TIC Audiovisual<span class=\"separador_cats\"<\/p>\r\n                    <\/div>\r\n                <\/div><\/div><div data-title=\"only postproduction postproduccion-es publicidad-es  broadcast-es cortometrajes-es edicio-es ficcion vfx-es videoclips-es \" data-actv=\"postproduccion-es publicidad-es \" data-serv=\"broadcast-es cortometrajes-es edicio-es ficcion vfx-es videoclips-es \" class=\"col-12 col-md-4 mb-4 border-bottom soci_box\"><div class=\"soci_item text-center\"><a class=\"soci_item_overlay\" data-fancybox=\"26476\" data-src=\"#selectableModal26476\" href=\"javascript:;\">Only Postproduction<\/a><div class=\"cav_fancy\" style=\"display: none;max-width:500px;\" id=\"selectableModal26476\">\r\n                        <div class=\"cav_fancy_logo text-center pb-4 border-bottom\"><img decoding=\"async\" class=\"soci_item_logo img-fluid\" src=\"https:\/\/www.clusteraudiovisual.cat\/wp-content\/uploads\/2022\/10\/LogoSoci_OnlyPostproduction.jpg\" alt=\"Only Postproduction\" title=\"Only Postproduction\" \/><\/div>\r\n                        <h3 class=\"cav_fancy_title\" data-selectable=\"true\">Only Postproduction<\/h3>\r\n                        <p class=\"cav_fancy_cat_actv\"><span>Postproducci\u00f3n<\/span><span>Publicidad<\/span><\/p>\r\n                        <p class=\"cav_fancy_cat_serv\">Broadcast<span class=\"separador_cats\">|<\/span>Cortometrajes<span class=\"separador_cats\">|<\/span>Edici\u00f3n<span class=\"separador_cats\">|<\/span>Ficci\u00f3n<span class=\"separador_cats\">|<\/span>Vfx<span class=\"separador_cats\">|<\/span>Videoclips<span class=\"separador_cats\"<\/p>\r\n                        <p class=\"cav_fancy_description border-bottom\">Estudio de postproducci\u00f3n de Barcelona que ofrece servicios de edici\u00f3n, VFX, motion graphics y edici\u00f3n de color. Trabajan con clientes locales y en remoto con clientes de todo el mundo como agencias publicitarias y creativas, plataformas, Video on Demand, ficci\u00f3n y el sector musical.<\/p>\r\n                        <div class=\"cav_fancy_adress\"><p>C\/ Mallorca, 237 bis, 1-1<\/p>\n<p>08008, Barcelona<\/p>\n<p>689 432 160<\/p>\n<p><a href=\"mailto:hola@onlypostproduction.com\" target=\"_blank\" rel=\"noopener\">hola@onlypostproduction.com<\/a><\/p>\n<p><a href=\"https:\/\/onlypostproduction.com\/\" target=\"_blank\" rel=\"noopener\">www.onlypostproduction.com<\/a><\/p>\n<\/div>\r\n                        <p class=\"cav_fancy_social\"> <a target=\"_blank\" href=\"https:\/\/www.facebook.com\/onlypostproduction\"><img decoding=\"async\" src=\"https:\/\/www.clusteraudiovisual.cat\/wp-content\/themes\/enfold-child\/img\/facebook.png\" alt=\"Only Postproduction - Twitter\" \/><\/a> <a target=\"_blank\" href=\"https:\/\/www.instagram.com\/onlypostproduction\/\"><img decoding=\"async\" src=\"https:\/\/www.clusteraudiovisual.cat\/wp-content\/themes\/enfold-child\/img\/icon-instagram.png\" alt=\"Only Postproduction - Instagram\" \/><\/a>  <a target=\"_blank\" href=\"https:\/\/www.linkedin.com\/company\/only-postproduction\/\"><img decoding=\"async\" src=\"https:\/\/www.clusteraudiovisual.cat\/wp-content\/themes\/enfold-child\/img\/icon-linkedin.png\" alt=\"Only Postproduction - Linkedin\" \/><\/a><\/p>\r\n                <\/div><img decoding=\"async\" class=\"soci_item_logo img-fluid\" src=\"https:\/\/www.clusteraudiovisual.cat\/wp-content\/uploads\/2022\/10\/LogoSoci_OnlyPostproduction.jpg\" alt=\"Only Postproduction\" title=\"Only Postproduction\" \/>\r\n                    <div class=\"soci_list_activ_container\" style=\"width: 100%;background: none;\">\r\n                               <p class=\"soci_list_activ mb-0\"><span>Postproducci\u00f3n<\/span><span>Publicidad<\/span><\/p>\r\n                               <p class=\"soci_list_serv mb-0\">Broadcast<span class=\"separador_cats\">|<\/span>Cortometrajes<span class=\"separador_cats\">|<\/span>Edici\u00f3n<span class=\"separador_cats\">|<\/span>Ficci\u00f3n<span class=\"separador_cats\">|<\/span>Vfx<span class=\"separador_cats\">|<\/span>Videoclips<span class=\"separador_cats\"<\/p>\r\n                    <\/div>\r\n                <\/div><\/div><div data-title=\"open house games videojuego-es  videojuegos \" data-actv=\"videojuego-es \" data-serv=\"videojuegos \" class=\"col-12 col-md-4 mb-4 border-bottom soci_box\"><div class=\"soci_item text-center\"><a class=\"soci_item_overlay\" data-fancybox=\"54029\" data-src=\"#selectableModal54029\" href=\"javascript:;\">Open House Games<\/a><div class=\"cav_fancy\" style=\"display: none;max-width:500px;\" id=\"selectableModal54029\">\r\n                        <div class=\"cav_fancy_logo text-center pb-4 border-bottom\"><img decoding=\"async\" class=\"soci_item_logo img-fluid\" src=\"https:\/\/www.clusteraudiovisual.cat\/wp-content\/uploads\/2025\/12\/LogoSoci_OpenHouseGames.jpg\" alt=\"Open House Games\" title=\"Open House Games\" \/><\/div>\r\n                        <h3 class=\"cav_fancy_title\" data-selectable=\"true\">Open House Games<\/h3>\r\n                        <p class=\"cav_fancy_cat_actv\"><span>Videojuego<\/span><\/p>\r\n                        <p class=\"cav_fancy_cat_serv\">Videojuegos<span class=\"separador_cats\"<\/p>\r\n                        <p class=\"cav_fancy_description border-bottom\">Estudio de videojuegos indie con sede en Barcelona Con un juego completo lanzado en los \u00faltimos a\u00f1os en todas las plataformas disponibles (\"A Tale of Paper\") y su participaci\u00f3n en varias game jams, se centran en crear juegos de un solo jugador que proporcionen experiencias conmovedoras para una variedad de jugadores.<\/p>\r\n                        <div class=\"cav_fancy_adress\"><p><a href=\"mailto:hello@openhousegamesbcn.com\">hello@openhousegamesbcn.com<\/a><\/p>\n<p><a href=\"https:\/\/www.ataleofpapergame.com\/\" target=\"_blank\" rel=\"noopener\">ataleofpapergame.com<\/a><\/p>\n<\/div>\r\n                        <p class=\"cav_fancy_social\"><a target=\"_blank\" href=\"https:\/\/x.com\/OpenHouseGames\"><img decoding=\"async\" src=\"https:\/\/www.clusteraudiovisual.cat\/wp-content\/themes\/enfold-child\/img\/twitter.png\" alt=\"Open House Games - Twitter\" \/><\/a>  <a target=\"_blank\" href=\"https:\/\/www.instagram.com\/openhousegames\/\"><img decoding=\"async\" src=\"https:\/\/www.clusteraudiovisual.cat\/wp-content\/themes\/enfold-child\/img\/icon-instagram.png\" alt=\"Open House Games - Instagram\" \/><\/a>  <\/p>\r\n                <\/div><img decoding=\"async\" class=\"soci_item_logo img-fluid\" src=\"https:\/\/www.clusteraudiovisual.cat\/wp-content\/uploads\/2025\/12\/LogoSoci_OpenHouseGames.jpg\" alt=\"Open House Games\" title=\"Open House Games\" \/>\r\n                    <div class=\"soci_list_activ_container\" style=\"width: 100%;background: none;\">\r\n                               <p class=\"soci_list_activ mb-0\"><span>Videojuego<\/span><\/p>\r\n                               <p class=\"soci_list_serv mb-0\">Videojuegos<span class=\"separador_cats\"<\/p>\r\n                    <\/div>\r\n                <\/div><\/div><div data-title=\"ottokar produccion-es  no-ficcion \" data-actv=\"produccion-es \" data-serv=\"no-ficcion \" class=\"col-12 col-md-4 mb-4 border-bottom soci_box\"><div class=\"soci_item text-center\"><a class=\"soci_item_overlay\" data-fancybox=\"8098\" data-src=\"#selectableModal8098\" href=\"javascript:;\">Ottokar<\/a><div class=\"cav_fancy\" style=\"display: none;max-width:500px;\" id=\"selectableModal8098\">\r\n                        <div class=\"cav_fancy_logo text-center pb-4 border-bottom\"><img decoding=\"async\" class=\"soci_item_logo img-fluid\" src=\"https:\/\/www.clusteraudiovisual.cat\/wp-content\/uploads\/2016\/01\/Logo-OTTOKAR-2-1.jpg\" alt=\"Ottokar\" title=\"Ottokar\" \/><\/div>\r\n                        <h3 class=\"cav_fancy_title\" data-selectable=\"true\">Ottokar<\/h3>\r\n                        <p class=\"cav_fancy_cat_actv\"><span>Producci\u00f3n<\/span><\/p>\r\n                        <p class=\"cav_fancy_cat_serv\">No ficci\u00f3n<span class=\"separador_cats\"<\/p>\r\n                        <p class=\"cav_fancy_description border-bottom\">Productora especializada en la creaci\u00f3n de contenidos audiovisuales (documentales, programas TV) en sinergia con las nuevas tecnolog\u00edas.<\/p>\r\n                        <div class=\"cav_fancy_adress\"><p>C\/ Rossell\u00f3, 34, Baixos<\/p>\n<p>08029, Barcelona<\/p>\n<p>937 426 348<\/p>\n<p><a href=\"mailto:info@ottokar.net\" target=\"_blank\" rel=\"noopener\">info@ottokar.net<\/a><\/p>\n<p><a href=\"https:\/\/www.ottokar.net\/ca\/\" target=\"_blank\" rel=\"noopener\">www.ottokar.net<\/a><\/p>\n<\/div>\r\n                        <p class=\"cav_fancy_social\"> <a target=\"_blank\" href=\"https:\/\/www.facebook.com\/ottokareditoraaudiovisual\/\"><img decoding=\"async\" src=\"https:\/\/www.clusteraudiovisual.cat\/wp-content\/themes\/enfold-child\/img\/facebook.png\" alt=\"Ottokar - Twitter\" \/><\/a>   <\/p>\r\n                <\/div><img decoding=\"async\" class=\"soci_item_logo img-fluid\" src=\"https:\/\/www.clusteraudiovisual.cat\/wp-content\/uploads\/2016\/01\/Logo-OTTOKAR-2-1.jpg\" alt=\"Ottokar\" title=\"Ottokar\" \/>\r\n                    <div class=\"soci_list_activ_container\" style=\"width: 100%;background: none;\">\r\n                               <p class=\"soci_list_activ mb-0\"><span>Producci\u00f3n<\/span><\/p>\r\n                               <p class=\"soci_list_serv mb-0\">No ficci\u00f3n<span class=\"separador_cats\"<\/p>\r\n                    <\/div>\r\n                <\/div><\/div><div data-title=\"ovide servicios-es  alquiler-de-equipos-es broadcast-es ficcion formatos-tv-es materials-audiovisuals-es no-ficcion noticias eries sonido streaming-es telecomunicaciones videoclips-es \" data-actv=\"servicios-es \" data-serv=\"alquiler-de-equipos-es broadcast-es ficcion formatos-tv-es materials-audiovisuals-es no-ficcion noticias eries sonido streaming-es telecomunicaciones videoclips-es \" class=\"col-12 col-md-4 mb-4 border-bottom soci_box\"><div class=\"soci_item text-center\"><a class=\"soci_item_overlay\" data-fancybox=\"8057\" data-src=\"#selectableModal8057\" href=\"javascript:;\">Ovide<\/a><div class=\"cav_fancy\" style=\"display: none;max-width:500px;\" id=\"selectableModal8057\">\r\n                        <div class=\"cav_fancy_logo text-center pb-4 border-bottom\"><img decoding=\"async\" class=\"soci_item_logo img-fluid\" src=\"https:\/\/www.clusteraudiovisual.cat\/wp-content\/uploads\/2014\/03\/96.OVIDE_logo-vertical_page-0001.jpg\" alt=\"Ovide\" title=\"Ovide\" \/><\/div>\r\n                        <h3 class=\"cav_fancy_title\" data-selectable=\"true\">Ovide<\/h3>\r\n                        <p class=\"cav_fancy_cat_actv\"><span>Servicios<\/span><\/p>\r\n                        <p class=\"cav_fancy_cat_serv\">Alquiler de equipos<span class=\"separador_cats\">|<\/span>Broadcast<span class=\"separador_cats\">|<\/span>Ficci\u00f3n<span class=\"separador_cats\">|<\/span>Formatos TV<span class=\"separador_cats\">|<\/span>Material audiovisual<span class=\"separador_cats\">|<\/span>No ficci\u00f3n<span class=\"separador_cats\">|<\/span>Noticias<span class=\"separador_cats\">|<\/span>Series<span class=\"separador_cats\">|<\/span>Sonido<span class=\"separador_cats\">|<\/span>Streaming<span class=\"separador_cats\">|<\/span>Telecomunicaciones<span class=\"separador_cats\">|<\/span>Videoclips<span class=\"separador_cats\"<\/p>\r\n                        <p class=\"cav_fancy_description border-bottom\">Empresa de servicios audiovisuales que ofrece equipos de alquiler para la producci\u00f3n de cine digital y televisi\u00f3n.<\/p>\r\n                        <div class=\"cav_fancy_adress\"><p style=\"font-weight: 400;\">C\/ Eduard Maristany, 396<\/p>\n<p style=\"font-weight: 400;\">08918, Badalona<\/p>\n<p>932 470 000<\/p>\n<p><a href=\"mailto:barcelona@ovide.com\" target=\"_blank\" rel=\"noopener\">barcelona@ovide.com<\/a><\/p>\n<p><a href=\"https:\/\/www.ovide.com\/\" target=\"_blank\" rel=\"noopener\">www.ovide.com<\/a><\/p>\n<\/div>\r\n                        <p class=\"cav_fancy_social\"><a target=\"_blank\" href=\"https:\/\/twitter.com\/ovidebs\"><img decoding=\"async\" src=\"https:\/\/www.clusteraudiovisual.cat\/wp-content\/themes\/enfold-child\/img\/twitter.png\" alt=\"Ovide - Twitter\" \/><\/a> <a target=\"_blank\" href=\"https:\/\/www.facebook.com\/ovidebs\"><img decoding=\"async\" src=\"https:\/\/www.clusteraudiovisual.cat\/wp-content\/themes\/enfold-child\/img\/facebook.png\" alt=\"Ovide - Twitter\" \/><\/a> <a target=\"_blank\" href=\"https:\/\/www.instagram.com\/ovidebs\/\"><img decoding=\"async\" src=\"https:\/\/www.clusteraudiovisual.cat\/wp-content\/themes\/enfold-child\/img\/icon-instagram.png\" alt=\"Ovide - Instagram\" \/><\/a>  <a target=\"_blank\" href=\"https:\/\/www.linkedin.com\/company\/ovide\/\"><img decoding=\"async\" src=\"https:\/\/www.clusteraudiovisual.cat\/wp-content\/themes\/enfold-child\/img\/icon-linkedin.png\" alt=\"Ovide - Linkedin\" \/><\/a><\/p>\r\n                <\/div><img decoding=\"async\" class=\"soci_item_logo img-fluid\" src=\"https:\/\/www.clusteraudiovisual.cat\/wp-content\/uploads\/2014\/03\/96.OVIDE_logo-vertical_page-0001.jpg\" alt=\"Ovide\" title=\"Ovide\" \/>\r\n                    <div class=\"soci_list_activ_container\" style=\"width: 100%;background: none;\">\r\n                               <p class=\"soci_list_activ mb-0\"><span>Servicios<\/span><\/p>\r\n                               <p class=\"soci_list_serv mb-0\">Alquiler de equipos<span class=\"separador_cats\">|<\/span>Broadcast<span class=\"separador_cats\">|<\/span>Ficci\u00f3n<span class=\"separador_cats\">|<\/span>Formatos TV<span class=\"separador_cats\">|<\/span>Material audiovisual<span class=\"separador_cats\">|<\/span>No ficci\u00f3n<span class=\"separador_cats\">|<\/span>Noticias<span class=\"separador_cats\">|<\/span>Series<span class=\"separador_cats\">|<\/span>Sonido<span class=\"separador_cats\">|<\/span>Streaming<span class=\"separador_cats\">|<\/span>Telecomunicaciones<span class=\"separador_cats\">|<\/span>Videoclips<span class=\"separador_cats\"<\/p>\r\n                    <\/div>\r\n                <\/div><\/div><div data-title=\"panasonic connect integrated-systems-es servicios-es tecnologia-es  broadcast-es esdeveniments-es instalaciones-es materials-audiovisuals-es showrooms-es \" data-actv=\"integrated-systems-es servicios-es tecnologia-es \" data-serv=\"broadcast-es esdeveniments-es instalaciones-es materials-audiovisuals-es showrooms-es \" class=\"col-12 col-md-4 mb-4 border-bottom soci_box\"><div class=\"soci_item text-center\"><a class=\"soci_item_overlay\" data-fancybox=\"32865\" data-src=\"#selectableModal32865\" href=\"javascript:;\">Panasonic Connect<\/a><div class=\"cav_fancy\" style=\"display: none;max-width:500px;\" id=\"selectableModal32865\">\r\n                        <div class=\"cav_fancy_logo text-center pb-4 border-bottom\"><img decoding=\"async\" class=\"soci_item_logo img-fluid\" src=\"https:\/\/www.clusteraudiovisual.cat\/wp-content\/uploads\/2023\/05\/LogoSoci_Panasonic-Connect.jpg\" alt=\"Panasonic Connect\" title=\"Panasonic Connect\" \/><\/div>\r\n                        <h3 class=\"cav_fancy_title\" data-selectable=\"true\">Panasonic Connect<\/h3>\r\n                        <p class=\"cav_fancy_cat_actv\"><span>Integrated Systems<\/span><span>Servicios<\/span><span>Tecnolog\u00eda<\/span><\/p>\r\n                        <p class=\"cav_fancy_cat_serv\">Broadcast<span class=\"separador_cats\">|<\/span>Eventos<span class=\"separador_cats\">|<\/span>Instalaciones<span class=\"separador_cats\">|<\/span>Material audiovisual<span class=\"separador_cats\">|<\/span>Showrooms<span class=\"separador_cats\"<\/p>\r\n                        <p class=\"cav_fancy_description border-bottom\">Fabricante de equipamiento audiovisual que se dedica a servir al mundo de los negocios con el objetivo de conectar las operaciones de sus clientes. Conectan su hardware especializado con las \u00faltimas tecnolog\u00edas y utilizan el conocimiento y experiencia cultivados a lo largo de su trayectoria.<\/p>\r\n                        <div class=\"cav_fancy_adress\"><p>WTC Almeda Park<\/p>\n<p>Pla\u00e7a de la Pau, s\/n, bloc 8, planta 1, local A<\/p>\n<p>08940, Cornell\u00e0 de Llobregat<\/p>\n<p>+46 8 6802600<\/p>\n<p><a href=\"https:\/\/eu.connect.panasonic.com\/es\/es\" target=\"_blank\" rel=\"noopener\">www.eu.connect.panasonic.com<\/a><\/p>\n<\/div>\r\n                        <p class=\"cav_fancy_social\">   <a target=\"_blank\" href=\"https:\/\/www.youtube.com\/@PanasonicConnectEurope\"><img decoding=\"async\" src=\"https:\/\/www.clusteraudiovisual.cat\/wp-content\/themes\/enfold-child\/img\/icon-youtube.png\" alt=\"Panasonic Connect - Youtube\" \/><\/a> <a target=\"_blank\" href=\"https:\/\/www.linkedin.com\/company\/panasonic-connect-europe\/\"><img decoding=\"async\" src=\"https:\/\/www.clusteraudiovisual.cat\/wp-content\/themes\/enfold-child\/img\/icon-linkedin.png\" alt=\"Panasonic Connect - Linkedin\" \/><\/a><\/p>\r\n                <\/div><img decoding=\"async\" class=\"soci_item_logo img-fluid\" src=\"https:\/\/www.clusteraudiovisual.cat\/wp-content\/uploads\/2023\/05\/LogoSoci_Panasonic-Connect.jpg\" alt=\"Panasonic Connect\" title=\"Panasonic Connect\" \/>\r\n                    <div class=\"soci_list_activ_container\" style=\"width: 100%;background: none;\">\r\n                               <p class=\"soci_list_activ mb-0\"><span>Integrated Systems<\/span><span>Servicios<\/span><span>Tecnolog\u00eda<\/span><\/p>\r\n                               <p class=\"soci_list_serv mb-0\">Broadcast<span class=\"separador_cats\">|<\/span>Eventos<span class=\"separador_cats\">|<\/span>Instalaciones<span class=\"separador_cats\">|<\/span>Material audiovisual<span class=\"separador_cats\">|<\/span>Showrooms<span class=\"separador_cats\"<\/p>\r\n                    <\/div>\r\n                <\/div><\/div><div data-title=\"parc audiovisual de catalunya espais-audiovisuals-es experiencias-inmersivas-es produccion-es publicidad-es servicios-es tecnologia-es television-es videojuego-es  instalaciones-es parques-audiovisuales parques-tecnologicos platos-es produccion-virtual videojuegos \" data-actv=\"espais-audiovisuals-es experiencias-inmersivas-es produccion-es publicidad-es servicios-es tecnologia-es television-es videojuego-es \" data-serv=\"instalaciones-es parques-audiovisuales parques-tecnologicos platos-es produccion-virtual videojuegos \" class=\"col-12 col-md-4 mb-4 border-bottom soci_box\"><div class=\"soci_item text-center\"><a class=\"soci_item_overlay\" data-fancybox=\"8061\" data-src=\"#selectableModal8061\" href=\"javascript:;\">Parc Audiovisual de Catalunya<\/a><div class=\"cav_fancy\" style=\"display: none;max-width:500px;\" id=\"selectableModal8061\">\r\n                        <div class=\"cav_fancy_logo text-center pb-4 border-bottom\"><img decoding=\"async\" class=\"soci_item_logo img-fluid\" src=\"https:\/\/www.clusteraudiovisual.cat\/wp-content\/uploads\/2014\/03\/logo_lateral_color.jpg\" alt=\"Parc Audiovisual de Catalunya\" title=\"Parc Audiovisual de Catalunya\" \/><\/div>\r\n                        <h3 class=\"cav_fancy_title\" data-selectable=\"true\">Parc Audiovisual de Catalunya<\/h3>\r\n                        <p class=\"cav_fancy_cat_actv\"><span>Espacios Audiovisuales<\/span><span>Experiencias Inmersivas<\/span><span>Producci\u00f3n<\/span><span>Publicidad<\/span><span>Servicios<\/span><span>Tecnolog\u00eda<\/span><span>Televisi\u00f3n<\/span><span>Videojuego<\/span><\/p>\r\n                        <p class=\"cav_fancy_cat_serv\">Instalaciones<span class=\"separador_cats\">|<\/span>Parques Audiovisuales<span class=\"separador_cats\">|<\/span>Parques tecnol\u00f3gicos<span class=\"separador_cats\">|<\/span>Plat\u00f3s<span class=\"separador_cats\">|<\/span>Producci\u00f3n Virtual<span class=\"separador_cats\">|<\/span>Videojuegos<span class=\"separador_cats\"<\/p>\r\n                        <p class=\"cav_fancy_description border-bottom\">Centro de producci\u00f3n dedicado a la creaci\u00f3n audiovisual. Lo componen plat\u00f3s y diferentes espacios para la producci\u00f3n de rodajes de cine, publicidad y televisi\u00f3n, as\u00ed como oficinas para empresas del sector.<\/p>\r\n                        <div class=\"cav_fancy_adress\"><p>Carretera BV-1274, Km 1<\/p>\n<p>08225, Terrassa<\/p>\n<p>937 875 959<\/p>\n<p><a href=\"https:\/\/www.parcaudiovisual.cat\/\" target=\"_blank\" rel=\"noopener\">www.parcaudiovisual.cat<\/a><\/p>\n<\/div>\r\n                        <p class=\"cav_fancy_social\"> <a target=\"_blank\" href=\"https:\/\/www.facebook.com\/parcaudiovisual\"><img decoding=\"async\" src=\"https:\/\/www.clusteraudiovisual.cat\/wp-content\/themes\/enfold-child\/img\/facebook.png\" alt=\"Parc Audiovisual de Catalunya - Twitter\" \/><\/a> <a target=\"_blank\" href=\"https:\/\/www.instagram.com\/parcaudiovisual\/\"><img decoding=\"async\" src=\"https:\/\/www.clusteraudiovisual.cat\/wp-content\/themes\/enfold-child\/img\/icon-instagram.png\" alt=\"Parc Audiovisual de Catalunya - Instagram\" \/><\/a> <a target=\"_blank\" href=\"https:\/\/www.youtube.com\/channel\/UC05Os70Xa8OesY40uZ_nbzQ\"><img decoding=\"async\" src=\"https:\/\/www.clusteraudiovisual.cat\/wp-content\/themes\/enfold-child\/img\/icon-youtube.png\" alt=\"Parc Audiovisual de Catalunya - Youtube\" \/><\/a> <\/p>\r\n                <\/div><img decoding=\"async\" class=\"soci_item_logo img-fluid\" src=\"https:\/\/www.clusteraudiovisual.cat\/wp-content\/uploads\/2014\/03\/logo_lateral_color.jpg\" alt=\"Parc Audiovisual de Catalunya\" title=\"Parc Audiovisual de Catalunya\" \/>\r\n                    <div class=\"soci_list_activ_container\" style=\"width: 100%;background: none;\">\r\n                               <p class=\"soci_list_activ mb-0\"><span>Espacios Audiovisuales<\/span><span>Experiencias Inmersivas<\/span><span>Producci\u00f3n<\/span><span>Publicidad<\/span><span>Servicios<\/span><span>Tecnolog\u00eda<\/span><span>Televisi\u00f3n<\/span><span>Videojuego<\/span><\/p>\r\n                               <p class=\"soci_list_serv mb-0\">Instalaciones<span class=\"separador_cats\">|<\/span>Parques Audiovisuales<span class=\"separador_cats\">|<\/span>Parques tecnol\u00f3gicos<span class=\"separador_cats\">|<\/span>Plat\u00f3s<span class=\"separador_cats\">|<\/span>Producci\u00f3n Virtual<span class=\"separador_cats\">|<\/span>Videojuegos<span class=\"separador_cats\"<\/p>\r\n                    <\/div>\r\n                <\/div><\/div><div data-title=\"peninsula corporate innovation servicios-es tecnologia-es  digital-es \" data-actv=\"servicios-es tecnologia-es \" data-serv=\"digital-es \" class=\"col-12 col-md-4 mb-4 border-bottom soci_box\"><div class=\"soci_item text-center\"><a class=\"soci_item_overlay\" data-fancybox=\"45700\" data-src=\"#selectableModal45700\" href=\"javascript:;\">Peninsula Corporate Innovation<\/a><div class=\"cav_fancy\" style=\"display: none;max-width:500px;\" id=\"selectableModal45700\">\r\n                        <div class=\"cav_fancy_logo text-center pb-4 border-bottom\"><img decoding=\"async\" class=\"soci_item_logo img-fluid\" src=\"https:\/\/www.clusteraudiovisual.cat\/wp-content\/uploads\/2024\/12\/LogoSoci_Peninsula.jpg\" alt=\"Peninsula Corporate Innovation\" title=\"Peninsula Corporate Innovation\" \/><\/div>\r\n                        <h3 class=\"cav_fancy_title\" data-selectable=\"true\">Peninsula Corporate Innovation<\/h3>\r\n                        <p class=\"cav_fancy_cat_actv\"><span>Servicios<\/span><span>Tecnolog\u00eda<\/span><\/p>\r\n                        <p class=\"cav_fancy_cat_serv\">Digital<span class=\"separador_cats\"<\/p>\r\n                        <p class=\"cav_fancy_description border-bottom\">Consultora especializada en impulsar los procesos de innovaci\u00f3n de corporaciones mediante la creaci\u00f3n de v\u00ednculos con startups.<\/p>\r\n                        <div class=\"cav_fancy_adress\"><p><span class=\"elementor-icon-list-text\">Pier 01 &#8211; Barcelona Tech City, Oficina SA1<\/span><\/p>\n<p><span class=\"elementor-icon-list-text\">Pla\u00e7a de Pau Vila, 1, 08003 Barcelona<\/span><\/p>\n<p><i class=\"icon icon-smartphone-phone-smart-mobile-2\" aria-hidden=\"true\"><\/i><span class=\"elementor-icon-list-text\">932 200 093<\/span><\/p>\n<p><i class=\"icon icon-newsletter-message-mail-envelope-email-2\" aria-hidden=\"true\"><\/i><a href=\"mailto:info@peninsula.co\"><span class=\"elementor-icon-list-text\">info@peninsula.co<\/span><\/a><\/p>\n<p><a href=\"https:\/\/peninsula.co\/\" target=\"_blank\" rel=\"noopener\">peninsula.co<\/a><\/p>\n<\/div>\r\n                        <p class=\"cav_fancy_social\"><a target=\"_blank\" href=\"https:\/\/x.com\/peninsulacorp\"><img decoding=\"async\" src=\"https:\/\/www.clusteraudiovisual.cat\/wp-content\/themes\/enfold-child\/img\/twitter.png\" alt=\"Peninsula Corporate Innovation - Twitter\" \/><\/a>    <a target=\"_blank\" href=\"https:\/\/www.linkedin.com\/company\/peninsula-corp\/\"><img decoding=\"async\" src=\"https:\/\/www.clusteraudiovisual.cat\/wp-content\/themes\/enfold-child\/img\/icon-linkedin.png\" alt=\"Peninsula Corporate Innovation - Linkedin\" \/><\/a><\/p>\r\n                <\/div><img decoding=\"async\" class=\"soci_item_logo img-fluid\" src=\"https:\/\/www.clusteraudiovisual.cat\/wp-content\/uploads\/2024\/12\/LogoSoci_Peninsula.jpg\" alt=\"Peninsula Corporate Innovation\" title=\"Peninsula Corporate Innovation\" \/>\r\n                    <div class=\"soci_list_activ_container\" style=\"width: 100%;background: none;\">\r\n                               <p class=\"soci_list_activ mb-0\"><span>Servicios<\/span><span>Tecnolog\u00eda<\/span><\/p>\r\n                               <p class=\"soci_list_serv mb-0\">Digital<span class=\"separador_cats\"<\/p>\r\n                    <\/div>\r\n                <\/div><\/div><div data-title=\"petra garmon produccion-es publicidad-es  ficcion sonido \" data-actv=\"produccion-es publicidad-es \" data-serv=\"ficcion sonido \" class=\"col-12 col-md-4 mb-4 border-bottom soci_box\"><div class=\"soci_item text-center\"><a class=\"soci_item_overlay\" data-fancybox=\"8241\" data-src=\"#selectableModal8241\" href=\"javascript:;\">Petra Garmon<\/a><div class=\"cav_fancy\" style=\"display: none;max-width:500px;\" id=\"selectableModal8241\">\r\n                        <div class=\"cav_fancy_logo text-center pb-4 border-bottom\"><img decoding=\"async\" class=\"soci_item_logo img-fluid\" src=\"https:\/\/www.clusteraudiovisual.cat\/wp-content\/uploads\/2019\/06\/99.unnamed-8.jpg\" alt=\"Petra Garmon\" title=\"Petra Garmon\" \/><\/div>\r\n                        <h3 class=\"cav_fancy_title\" data-selectable=\"true\">Petra Garmon<\/h3>\r\n                        <p class=\"cav_fancy_cat_actv\"><span>Producci\u00f3n<\/span><span>Publicidad<\/span><\/p>\r\n                        <p class=\"cav_fancy_cat_serv\">Ficci\u00f3n<span class=\"separador_cats\">|<\/span>Sonido<span class=\"separador_cats\"<\/p>\r\n                        <p class=\"cav_fancy_description border-bottom\">Productora audiovisual especializada en publicidad. Ofrece servicios de producci\u00f3n tanto en el \u00e1mbito nacional como internacional, con experiencia en Am\u00e9rica Latina, Asia y Europa.<\/p>\r\n                        <div class=\"cav_fancy_adress\"><p>C\/ Cristobal de Moura, 105, 1r 1a<\/p>\n<p>08019, Barcelona<\/p>\n<p>934 179 378<\/p>\n<p><a href=\"mailto:dime@petragarmon.com\" target=\"_blank\" rel=\"noopener\">dime@petragarmon.com<\/a><\/p>\n<p><a href=\"https:\/\/petragarmon.com\/\" target=\"_blank\" rel=\"noopener\">www.petragarmon.com<\/a><\/p>\n<\/div>\r\n                        <p class=\"cav_fancy_social\"> <a target=\"_blank\" href=\"https:\/\/www.facebook.com\/petragarmonoficial\/\"><img decoding=\"async\" src=\"https:\/\/www.clusteraudiovisual.cat\/wp-content\/themes\/enfold-child\/img\/facebook.png\" alt=\"Petra Garmon - Twitter\" \/><\/a> <a target=\"_blank\" href=\"https:\/\/www.instagram.com\/petra_garmon\/\"><img decoding=\"async\" src=\"https:\/\/www.clusteraudiovisual.cat\/wp-content\/themes\/enfold-child\/img\/icon-instagram.png\" alt=\"Petra Garmon - Instagram\" \/><\/a> <a target=\"_blank\" href=\"https:\/\/vimeo.com\/petragarmon\"><img decoding=\"async\" src=\"https:\/\/www.clusteraudiovisual.cat\/wp-content\/themes\/enfold-child\/img\/icon-youtube.png\" alt=\"Petra Garmon - Youtube\" \/><\/a> <a target=\"_blank\" href=\"https:\/\/www.linkedin.com\/company\/petra-garmon\/\"><img decoding=\"async\" src=\"https:\/\/www.clusteraudiovisual.cat\/wp-content\/themes\/enfold-child\/img\/icon-linkedin.png\" alt=\"Petra Garmon - Linkedin\" \/><\/a><\/p>\r\n                <\/div><img decoding=\"async\" class=\"soci_item_logo img-fluid\" src=\"https:\/\/www.clusteraudiovisual.cat\/wp-content\/uploads\/2019\/06\/99.unnamed-8.jpg\" alt=\"Petra Garmon\" title=\"Petra Garmon\" \/>\r\n                    <div class=\"soci_list_activ_container\" style=\"width: 100%;background: none;\">\r\n                               <p class=\"soci_list_activ mb-0\"><span>Producci\u00f3n<\/span><span>Publicidad<\/span><\/p>\r\n                               <p class=\"soci_list_serv mb-0\">Ficci\u00f3n<span class=\"separador_cats\">|<\/span>Sonido<span class=\"separador_cats\"<\/p>\r\n                    <\/div>\r\n                <\/div><\/div><div data-title=\"pijama studio postproduccion-es produccion-es publicidad-es television-es  animacion-es artes-visuales-es branded-content-es cortometrajes-es digital-es edicio-es ficcion inteligencia-artificial produccion-virtual eries telemovies-es vfx-es videoclips-es \" data-actv=\"postproduccion-es produccion-es publicidad-es television-es \" data-serv=\"animacion-es artes-visuales-es branded-content-es cortometrajes-es digital-es edicio-es ficcion inteligencia-artificial produccion-virtual eries telemovies-es vfx-es videoclips-es \" class=\"col-12 col-md-4 mb-4 border-bottom soci_box\"><div class=\"soci_item text-center\"><a class=\"soci_item_overlay\" data-fancybox=\"29132\" data-src=\"#selectableModal29132\" href=\"javascript:;\">Pijama Studio<\/a><div class=\"cav_fancy\" style=\"display: none;max-width:500px;\" id=\"selectableModal29132\">\r\n                        <div class=\"cav_fancy_logo text-center pb-4 border-bottom\"><img decoding=\"async\" class=\"soci_item_logo img-fluid\" src=\"https:\/\/www.clusteraudiovisual.cat\/wp-content\/uploads\/2022\/12\/LogoSoci_Pijama-1.jpg\" alt=\"Pijama Studio\" title=\"Pijama Studio\" \/><\/div>\r\n                        <h3 class=\"cav_fancy_title\" data-selectable=\"true\">Pijama Studio<\/h3>\r\n                        <p class=\"cav_fancy_cat_actv\"><span>Postproducci\u00f3n<\/span><span>Producci\u00f3n<\/span><span>Publicidad<\/span><span>Televisi\u00f3n<\/span><\/p>\r\n                        <p class=\"cav_fancy_cat_serv\">Animaci\u00f3n<span class=\"separador_cats\">|<\/span>Artes Visuales<span class=\"separador_cats\">|<\/span>Branded Content<span class=\"separador_cats\">|<\/span>Cortometrajes<span class=\"separador_cats\">|<\/span>Digital<span class=\"separador_cats\">|<\/span>Edici\u00f3n<span class=\"separador_cats\">|<\/span>Ficci\u00f3n<span class=\"separador_cats\">|<\/span>Inteligencia Artificial<span class=\"separador_cats\">|<\/span>Producci\u00f3n Virtual<span class=\"separador_cats\">|<\/span>Series<span class=\"separador_cats\">|<\/span>Telemovies<span class=\"separador_cats\">|<\/span>Vfx<span class=\"separador_cats\">|<\/span>Videoclips<span class=\"separador_cats\"<\/p>\r\n                        <p class=\"cav_fancy_description border-bottom\">Estudio de postproducci\u00f3n audiovisual para publicidad y ficci\u00f3n por la TV, Internet y XSS. Est\u00e1n especializados en las \u00faltimas plataformas de software y en los m\u00e1s novedosos canales de entrega y publicaci\u00f3n online. Ofrecen servicios en las \u00e1reas de Edici\u00f3n, Motion Graphics, VFX, Color Grading, 3D y Supervisi\u00f3n de Rodaje.<\/p>\r\n                        <div class=\"cav_fancy_adress\"><p>C\/ Proven\u00e7a 293, 3r<\/p>\n<p>08037, Barcelona<\/p>\n<p>934 636 778<\/p>\n<p><a href=\"https:\/\/pijama.tv\/ca\/\" target=\"_blank\" rel=\"noopener\">www.pijama.tv<\/a><\/p>\n<p>&nbsp;<\/p>\n<\/div>\r\n                        <p class=\"cav_fancy_social\"> <a target=\"_blank\" href=\"https:\/\/www.facebook.com\/pijamatv\/\"><img decoding=\"async\" src=\"https:\/\/www.clusteraudiovisual.cat\/wp-content\/themes\/enfold-child\/img\/facebook.png\" alt=\"Pijama Studio - Twitter\" \/><\/a> <a target=\"_blank\" href=\"https:\/\/www.instagram.com\/pijama_studio\/\"><img decoding=\"async\" src=\"https:\/\/www.clusteraudiovisual.cat\/wp-content\/themes\/enfold-child\/img\/icon-instagram.png\" alt=\"Pijama Studio - Instagram\" \/><\/a> <a target=\"_blank\" href=\"https:\/\/vimeo.com\/pijamatv\"><img decoding=\"async\" src=\"https:\/\/www.clusteraudiovisual.cat\/wp-content\/themes\/enfold-child\/img\/icon-youtube.png\" alt=\"Pijama Studio - Youtube\" \/><\/a> <a target=\"_blank\" href=\"https:\/\/www.linkedin.com\/company\/pijamastudio\/\"><img decoding=\"async\" src=\"https:\/\/www.clusteraudiovisual.cat\/wp-content\/themes\/enfold-child\/img\/icon-linkedin.png\" alt=\"Pijama Studio - Linkedin\" \/><\/a><\/p>\r\n                <\/div><img decoding=\"async\" class=\"soci_item_logo img-fluid\" src=\"https:\/\/www.clusteraudiovisual.cat\/wp-content\/uploads\/2022\/12\/LogoSoci_Pijama-1.jpg\" alt=\"Pijama Studio\" title=\"Pijama Studio\" \/>\r\n                    <div class=\"soci_list_activ_container\" style=\"width: 100%;background: none;\">\r\n                               <p class=\"soci_list_activ mb-0\"><span>Postproducci\u00f3n<\/span><span>Producci\u00f3n<\/span><span>Publicidad<\/span><span>Televisi\u00f3n<\/span><\/p>\r\n                               <p class=\"soci_list_serv mb-0\">Animaci\u00f3n<span class=\"separador_cats\">|<\/span>Artes Visuales<span class=\"separador_cats\">|<\/span>Branded Content<span class=\"separador_cats\">|<\/span>Cortometrajes<span class=\"separador_cats\">|<\/span>Digital<span class=\"separador_cats\">|<\/span>Edici\u00f3n<span class=\"separador_cats\">|<\/span>Ficci\u00f3n<span class=\"separador_cats\">|<\/span>Inteligencia Artificial<span class=\"separador_cats\">|<\/span>Producci\u00f3n Virtual<span class=\"separador_cats\">|<\/span>Series<span class=\"separador_cats\">|<\/span>Telemovies<span class=\"separador_cats\">|<\/span>Vfx<span class=\"separador_cats\">|<\/span>Videoclips<span class=\"separador_cats\"<\/p>\r\n                    <\/div>\r\n                <\/div><\/div><div data-title=\"plataforma per la llengua   8211  saga  salo del gaming distribucion videojuego-es  esdeveniments-es videojuegos \" data-actv=\"distribucion videojuego-es \" data-serv=\"esdeveniments-es videojuegos \" class=\"col-12 col-md-4 mb-4 border-bottom soci_box\"><div class=\"soci_item text-center\"><a class=\"soci_item_overlay\" data-fancybox=\"49735\" data-src=\"#selectableModal49735\" href=\"javascript:;\">Plataforma per la Llengua &#8211; SAGA (Sal\u00f3 del Gaming)<\/a><div class=\"cav_fancy\" style=\"display: none;max-width:500px;\" id=\"selectableModal49735\">\r\n                        <div class=\"cav_fancy_logo text-center pb-4 border-bottom\"><img decoding=\"async\" class=\"soci_item_logo img-fluid\" src=\"https:\/\/www.clusteraudiovisual.cat\/wp-content\/uploads\/2025\/07\/LogoSoci_PlataformaLlengua-SAGA.jpg\" alt=\"Plataforma per la Llengua &#8211; SAGA (Sal\u00f3 del Gaming)\" title=\"Plataforma per la Llengua &#8211; SAGA (Sal\u00f3 del Gaming)\" \/><\/div>\r\n                        <h3 class=\"cav_fancy_title\" data-selectable=\"true\">Plataforma per la Llengua &#8211; SAGA (Sal\u00f3 del Gaming)<\/h3>\r\n                        <p class=\"cav_fancy_cat_actv\"><span>Distribuci\u00f3n - Exhibici\u00f3n<\/span><span>Videojuego<\/span><\/p>\r\n                        <p class=\"cav_fancy_cat_serv\">Eventos<span class=\"separador_cats\">|<\/span>Videojuegos<span class=\"separador_cats\"<\/p>\r\n                        <p class=\"cav_fancy_description border-bottom\">Plataforma per la Llengua organiza anualmente el SAGA (Sal\u00f3n del Gaming), un evento \u00fanico donde jugar, disfrutar del gaming y conocer las \u00faltimas novedades del sector del videojuego en catal\u00e1n.<\/p>\r\n                        <div class=\"cav_fancy_adress\"><p>C\/ Sant Honorat, 7, Principal 1a.<\/p>\n<p>08002, Barcelona<\/p>\n<p>933 211 803<\/p>\n<p><a href=\"mailto:info@plataforma-llengua.cat\">info@plataforma-llengua.cat<\/a> \/\u00a0<a href=\"mailto:organitzacio@saga.cat\">organitzacio@saga.cat<\/a><\/p>\n<p><a href=\"https:\/\/www.plataforma-llengua.cat\/\">plataforma-llengua.cat<\/a> \/ <a href=\"https:\/\/saga.cat\/\">saga.cat<\/a><\/p>\n<p>&nbsp;<\/p>\n<\/div>\r\n                        <p class=\"cav_fancy_social\"><a target=\"_blank\" href=\"https:\/\/x.com\/llenguacat\"><img decoding=\"async\" src=\"https:\/\/www.clusteraudiovisual.cat\/wp-content\/themes\/enfold-child\/img\/twitter.png\" alt=\"Plataforma per la Llengua &#8211; SAGA (Sal\u00f3 del Gaming) - Twitter\" \/><\/a> <a target=\"_blank\" href=\"https:\/\/www.facebook.com\/PlataformaxLlengua\"><img decoding=\"async\" src=\"https:\/\/www.clusteraudiovisual.cat\/wp-content\/themes\/enfold-child\/img\/facebook.png\" alt=\"Plataforma per la Llengua &#8211; SAGA (Sal\u00f3 del Gaming) - Twitter\" \/><\/a> <a target=\"_blank\" href=\"https:\/\/www.instagram.com\/plataformaperlallengua\/\"><img decoding=\"async\" src=\"https:\/\/www.clusteraudiovisual.cat\/wp-content\/themes\/enfold-child\/img\/icon-instagram.png\" alt=\"Plataforma per la Llengua &#8211; SAGA (Sal\u00f3 del Gaming) - Instagram\" \/><\/a> <a target=\"_blank\" href=\"https:\/\/www.youtube.com\/plataformaxllengua\"><img decoding=\"async\" src=\"https:\/\/www.clusteraudiovisual.cat\/wp-content\/themes\/enfold-child\/img\/icon-youtube.png\" alt=\"Plataforma per la Llengua &#8211; SAGA (Sal\u00f3 del Gaming) - Youtube\" \/><\/a> <\/p>\r\n                <\/div><img decoding=\"async\" class=\"soci_item_logo img-fluid\" src=\"https:\/\/www.clusteraudiovisual.cat\/wp-content\/uploads\/2025\/07\/LogoSoci_PlataformaLlengua-SAGA.jpg\" alt=\"Plataforma per la Llengua &#8211; SAGA (Sal\u00f3 del Gaming)\" title=\"Plataforma per la Llengua &#8211; SAGA (Sal\u00f3 del Gaming)\" \/>\r\n                    <div class=\"soci_list_activ_container\" style=\"width: 100%;background: none;\">\r\n                               <p class=\"soci_list_activ mb-0\"><span>Distribuci\u00f3n - Exhibici\u00f3n<\/span><span>Videojuego<\/span><\/p>\r\n                               <p class=\"soci_list_serv mb-0\">Eventos<span class=\"separador_cats\">|<\/span>Videojuegos<span class=\"separador_cats\"<\/p>\r\n                    <\/div>\r\n                <\/div><\/div><div data-title=\"play your brand comunicacio-es produccion-es publicidad-es  agencias-es branded-content-es \" data-actv=\"comunicacio-es produccion-es publicidad-es \" data-serv=\"agencias-es branded-content-es \" class=\"col-12 col-md-4 mb-4 border-bottom soci_box\"><div class=\"soci_item text-center\"><a class=\"soci_item_overlay\" data-fancybox=\"42755\" data-src=\"#selectableModal42755\" href=\"javascript:;\">Play Your Brand<\/a><div class=\"cav_fancy\" style=\"display: none;max-width:500px;\" id=\"selectableModal42755\">\r\n                        <div class=\"cav_fancy_logo text-center pb-4 border-bottom\"><img decoding=\"async\" class=\"soci_item_logo img-fluid\" src=\"https:\/\/www.clusteraudiovisual.cat\/wp-content\/uploads\/2024\/10\/LogoSoci_Play-your-brand.jpg\" alt=\"Play Your Brand\" title=\"Play Your Brand\" \/><\/div>\r\n                        <h3 class=\"cav_fancy_title\" data-selectable=\"true\">Play Your Brand<\/h3>\r\n                        <p class=\"cav_fancy_cat_actv\"><span>Comunicaci\u00f3n<\/span><span>Producci\u00f3n<\/span><span>Publicidad<\/span><\/p>\r\n                        <p class=\"cav_fancy_cat_serv\">Agencias<span class=\"separador_cats\">|<\/span>Branded Content<span class=\"separador_cats\"<\/p>\r\n                        <p class=\"cav_fancy_description border-bottom\">Ofrecen soluciones de producci\u00f3n audiovisual on-demand que permiten a las marcas generar contenido de calidad en cualquier parte del mundo de manera sostenible, \u00e1gil y efectiva. Trabajan para marcas como Nestl\u00e9, ALDI, Vueling, Mango, Buitoni, Warner Bros, Bershka, Mapfre, Caixabank o Zurich entre otras. <\/p>\r\n                        <div class=\"cav_fancy_adress\"><p>C\/\u00a0 de Badajoz, 32, planta 1<\/p>\n<p>08005, Barcelona<\/p>\n<p><span aria-label=\"Llamar al n\u00famero de tel\u00e9fono 649 54 15 64\">649 541 564<\/span><\/p>\n<p><a href=\"https:\/\/playyourbrand.com\/\" target=\"_blank\" rel=\"noopener\">playyourbrand.com<\/a><\/p>\n<\/div>\r\n                        <p class=\"cav_fancy_social\">  <a target=\"_blank\" href=\"https:\/\/www.instagram.com\/play_your_brand\/\"><img decoding=\"async\" src=\"https:\/\/www.clusteraudiovisual.cat\/wp-content\/themes\/enfold-child\/img\/icon-instagram.png\" alt=\"Play Your Brand - Instagram\" \/><\/a> <a target=\"_blank\" href=\"https:\/\/www.youtube.com\/@PlayYourBrand\"><img decoding=\"async\" src=\"https:\/\/www.clusteraudiovisual.cat\/wp-content\/themes\/enfold-child\/img\/icon-youtube.png\" alt=\"Play Your Brand - Youtube\" \/><\/a> <a target=\"_blank\" href=\"https:\/\/www.linkedin.com\/company\/playyourbrand\"><img decoding=\"async\" src=\"https:\/\/www.clusteraudiovisual.cat\/wp-content\/themes\/enfold-child\/img\/icon-linkedin.png\" alt=\"Play Your Brand - Linkedin\" \/><\/a><\/p>\r\n                <\/div><img decoding=\"async\" class=\"soci_item_logo img-fluid\" src=\"https:\/\/www.clusteraudiovisual.cat\/wp-content\/uploads\/2024\/10\/LogoSoci_Play-your-brand.jpg\" alt=\"Play Your Brand\" title=\"Play Your Brand\" \/>\r\n                    <div class=\"soci_list_activ_container\" style=\"width: 100%;background: none;\">\r\n                               <p class=\"soci_list_activ mb-0\"><span>Comunicaci\u00f3n<\/span><span>Producci\u00f3n<\/span><span>Publicidad<\/span><\/p>\r\n                               <p class=\"soci_list_serv mb-0\">Agencias<span class=\"separador_cats\">|<\/span>Branded Content<span class=\"separador_cats\"<\/p>\r\n                    <\/div>\r\n                <\/div><\/div><div data-title=\"polar star films postproduccion-es produccion-es publicidad-es  branded-content-es cortometrajes-es digital-es ficcion largometrajes-es no-ficcion \" data-actv=\"postproduccion-es produccion-es publicidad-es \" data-serv=\"branded-content-es cortometrajes-es digital-es ficcion largometrajes-es no-ficcion \" class=\"col-12 col-md-4 mb-4 border-bottom soci_box\"><div class=\"soci_item text-center\"><a class=\"soci_item_overlay\" data-fancybox=\"8010\" data-src=\"#selectableModal8010\" href=\"javascript:;\">Polar Star Films<\/a><div class=\"cav_fancy\" style=\"display: none;max-width:500px;\" id=\"selectableModal8010\">\r\n                        <div class=\"cav_fancy_logo text-center pb-4 border-bottom\"><img decoding=\"async\" class=\"soci_item_logo img-fluid\" src=\"https:\/\/www.clusteraudiovisual.cat\/wp-content\/uploads\/2013\/09\/101.logo_polar_negro_vertical.jpg\" alt=\"Polar Star Films\" title=\"Polar Star Films\" \/><\/div>\r\n                        <h3 class=\"cav_fancy_title\" data-selectable=\"true\">Polar Star Films<\/h3>\r\n                        <p class=\"cav_fancy_cat_actv\"><span>Postproducci\u00f3n<\/span><span>Producci\u00f3n<\/span><span>Publicidad<\/span><\/p>\r\n                        <p class=\"cav_fancy_cat_serv\">Branded Content<span class=\"separador_cats\">|<\/span>Cortometrajes<span class=\"separador_cats\">|<\/span>Digital<span class=\"separador_cats\">|<\/span>Ficci\u00f3n<span class=\"separador_cats\">|<\/span>Largometrajes<span class=\"separador_cats\">|<\/span>No ficci\u00f3n<span class=\"separador_cats\"<\/p>\r\n                        <p class=\"cav_fancy_description border-bottom\">Productora audiovisual que trabaja por anunciantes y agencias. Realizan spots, branded content, comunicaci\u00f3n digital, ficci\u00f3n y documentales.<\/p>\r\n                        <div class=\"cav_fancy_adress\"><p>C\/ de Rossell\u00f3, 320, local 1<\/p>\n<p>08025, Barcelona<\/p>\n<p>932 004 777<\/p>\n<p><a href=\"mailto:info@polarstarfilms.com\" target=\"_blank\" rel=\"noopener\">info@polarstarfilms.com<\/a><\/p>\n<p><a href=\"https:\/\/www.polarstarfilms.com\/ca\/\" target=\"_blank\" rel=\"noopener\">www.polarstarfilms.com<\/a><\/p>\n<\/div>\r\n                        <p class=\"cav_fancy_social\"><a target=\"_blank\" href=\"https:\/\/twitter.com\/polarstarfilms\"><img decoding=\"async\" src=\"https:\/\/www.clusteraudiovisual.cat\/wp-content\/themes\/enfold-child\/img\/twitter.png\" alt=\"Polar Star Films - Twitter\" \/><\/a> <a target=\"_blank\" href=\"https:\/\/www.facebook.com\/polarstarfilms\"><img decoding=\"async\" src=\"https:\/\/www.clusteraudiovisual.cat\/wp-content\/themes\/enfold-child\/img\/facebook.png\" alt=\"Polar Star Films - Twitter\" \/><\/a> <a target=\"_blank\" href=\"https:\/\/www.instagram.com\/polarstarfilms\/\"><img decoding=\"async\" src=\"https:\/\/www.clusteraudiovisual.cat\/wp-content\/themes\/enfold-child\/img\/icon-instagram.png\" alt=\"Polar Star Films - Instagram\" \/><\/a> <a target=\"_blank\" href=\"http:\/\/www.youtube.com\/user\/polarstarfilms\"><img decoding=\"async\" src=\"https:\/\/www.clusteraudiovisual.cat\/wp-content\/themes\/enfold-child\/img\/icon-youtube.png\" alt=\"Polar Star Films - Youtube\" \/><\/a> <a target=\"_blank\" href=\"https:\/\/www.linkedin.com\/company\/polarstarfilms\"><img decoding=\"async\" src=\"https:\/\/www.clusteraudiovisual.cat\/wp-content\/themes\/enfold-child\/img\/icon-linkedin.png\" alt=\"Polar Star Films - Linkedin\" \/><\/a><\/p>\r\n                <\/div><img decoding=\"async\" class=\"soci_item_logo img-fluid\" src=\"https:\/\/www.clusteraudiovisual.cat\/wp-content\/uploads\/2013\/09\/101.logo_polar_negro_vertical.jpg\" alt=\"Polar Star Films\" title=\"Polar Star Films\" \/>\r\n                    <div class=\"soci_list_activ_container\" style=\"width: 100%;background: none;\">\r\n                               <p class=\"soci_list_activ mb-0\"><span>Postproducci\u00f3n<\/span><span>Producci\u00f3n<\/span><span>Publicidad<\/span><\/p>\r\n                               <p class=\"soci_list_serv mb-0\">Branded Content<span class=\"separador_cats\">|<\/span>Cortometrajes<span class=\"separador_cats\">|<\/span>Digital<span class=\"separador_cats\">|<\/span>Ficci\u00f3n<span class=\"separador_cats\">|<\/span>Largometrajes<span class=\"separador_cats\">|<\/span>No ficci\u00f3n<span class=\"separador_cats\"<\/p>\r\n                    <\/div>\r\n                <\/div><\/div><div data-title=\"pospotime postproduccion-es produccion-es publicidad-es  edicio-es ficcion largometrajes-es no-ficcion produccion-virtual \" data-actv=\"postproduccion-es produccion-es publicidad-es \" data-serv=\"edicio-es ficcion largometrajes-es no-ficcion produccion-virtual \" class=\"col-12 col-md-4 mb-4 border-bottom soci_box\"><div class=\"soci_item text-center\"><a class=\"soci_item_overlay\" data-fancybox=\"33476\" data-src=\"#selectableModal33476\" href=\"javascript:;\">Pospotime<\/a><div class=\"cav_fancy\" style=\"display: none;max-width:500px;\" id=\"selectableModal33476\">\r\n                        <div class=\"cav_fancy_logo text-center pb-4 border-bottom\"><img decoding=\"async\" class=\"soci_item_logo img-fluid\" src=\"https:\/\/www.clusteraudiovisual.cat\/wp-content\/uploads\/2023\/06\/LogoSoci_Pospotime.jpg\" alt=\"Pospotime\" title=\"Pospotime\" \/><\/div>\r\n                        <h3 class=\"cav_fancy_title\" data-selectable=\"true\">Pospotime<\/h3>\r\n                        <p class=\"cav_fancy_cat_actv\"><span>Postproducci\u00f3n<\/span><span>Producci\u00f3n<\/span><span>Publicidad<\/span><\/p>\r\n                        <p class=\"cav_fancy_cat_serv\">Edici\u00f3n<span class=\"separador_cats\">|<\/span>Ficci\u00f3n<span class=\"separador_cats\">|<\/span>Largometrajes<span class=\"separador_cats\">|<\/span>No ficci\u00f3n<span class=\"separador_cats\">|<\/span>Producci\u00f3n Virtual<span class=\"separador_cats\"<\/p>\r\n                        <p class=\"cav_fancy_description border-bottom\">Productora audiovisual con m\u00e1s de 20 a\u00f1os de experiencia en proyectos muy diversos. Desde la vertiente t\u00e9cnica hasta el desarrollo de proyectos de consultor\u00eda tecnol\u00f3gica, pasando por la realizaci\u00f3n, producci\u00f3n, montaje y postproducci\u00f3n.<\/p>\r\n                        <div class=\"cav_fancy_adress\"><p>C\/ Medes, 8-10, 5\u00e8 1a<\/p>\n<p>08023, Barcelona<\/p>\n<p>630 070 984<\/p>\n<p><a href=\"mailto:pospotime@gmail.com\" target=\"_blank\" rel=\"noopener\">pospotime@gmail.com<\/a><\/p>\n<p><a href=\"https:\/\/pospotime.wordpress.com\/\" target=\"_blank\" rel=\"noopener\">www.pospotime.wordpress.com<\/a><\/p>\n<\/div>\r\n                        <p class=\"cav_fancy_social\">    <a target=\"_blank\" href=\"https:\/\/es.linkedin.com\/company\/pospotime\"><img decoding=\"async\" src=\"https:\/\/www.clusteraudiovisual.cat\/wp-content\/themes\/enfold-child\/img\/icon-linkedin.png\" alt=\"Pospotime - Linkedin\" \/><\/a><\/p>\r\n                <\/div><img decoding=\"async\" class=\"soci_item_logo img-fluid\" src=\"https:\/\/www.clusteraudiovisual.cat\/wp-content\/uploads\/2023\/06\/LogoSoci_Pospotime.jpg\" alt=\"Pospotime\" title=\"Pospotime\" \/>\r\n                    <div class=\"soci_list_activ_container\" style=\"width: 100%;background: none;\">\r\n                               <p class=\"soci_list_activ mb-0\"><span>Postproducci\u00f3n<\/span><span>Producci\u00f3n<\/span><span>Publicidad<\/span><\/p>\r\n                               <p class=\"soci_list_serv mb-0\">Edici\u00f3n<span class=\"separador_cats\">|<\/span>Ficci\u00f3n<span class=\"separador_cats\">|<\/span>Largometrajes<span class=\"separador_cats\">|<\/span>No ficci\u00f3n<span class=\"separador_cats\">|<\/span>Producci\u00f3n Virtual<span class=\"separador_cats\"<\/p>\r\n                    <\/div>\r\n                <\/div><\/div><div data-title=\"premis zoom igualada distribucion  factual-es festivales ficcion formatos-tv-es infantil-es no-ficcion realidad-virtual eries telemovies-es videojuegos \" data-actv=\"distribucion \" data-serv=\"factual-es festivales ficcion formatos-tv-es infantil-es no-ficcion realidad-virtual eries telemovies-es videojuegos \" class=\"col-12 col-md-4 mb-4 border-bottom soci_box\"><div class=\"soci_item text-center\"><a class=\"soci_item_overlay\" data-fancybox=\"54175\" data-src=\"#selectableModal54175\" href=\"javascript:;\">Premis Zoom Igualada<\/a><div class=\"cav_fancy\" style=\"display: none;max-width:500px;\" id=\"selectableModal54175\">\r\n                        <div class=\"cav_fancy_logo text-center pb-4 border-bottom\"><img decoding=\"async\" class=\"soci_item_logo img-fluid\" src=\"https:\/\/www.clusteraudiovisual.cat\/wp-content\/uploads\/2025\/12\/LogoSoci_PremisZoom.jpg\" alt=\"Premis Zoom Igualada\" title=\"Premis Zoom Igualada\" \/><\/div>\r\n                        <h3 class=\"cav_fancy_title\" data-selectable=\"true\">Premis Zoom Igualada<\/h3>\r\n                        <p class=\"cav_fancy_cat_actv\"><span>Distribuci\u00f3n - Exhibici\u00f3n<\/span><\/p>\r\n                        <p class=\"cav_fancy_cat_serv\">Factual<span class=\"separador_cats\">|<\/span>Festivales<span class=\"separador_cats\">|<\/span>Ficci\u00f3n<span class=\"separador_cats\">|<\/span>Formatos TV<span class=\"separador_cats\">|<\/span>Infantil<span class=\"separador_cats\">|<\/span>No ficci\u00f3n<span class=\"separador_cats\">|<\/span>Realidad Virtual<span class=\"separador_cats\">|<\/span>Series<span class=\"separador_cats\">|<\/span>Telemovies<span class=\"separador_cats\">|<\/span>Videojuegos<span class=\"separador_cats\"<\/p>\r\n                        <p class=\"cav_fancy_description border-bottom\">Los Premios Zoom son los \u00fanicos galardones de la Televisi\u00f3n y las Plataformas digitales en Catalu\u00f1a. Desde hace 23 a\u00f1os reconocen los contenidos audiovisuales de calidad a nivel internacional, en distintos formatos y categor\u00edas. Es a mediados del mes de noviembre cuando tiene lugar en Igualada la Gala de entrega de Premios, que re\u00fane en una gran fiesta a m\u00e1s de 300 profesionales del sector.<\/p>\r\n                        <div class=\"cav_fancy_adress\"><p>Ateneu Igualad\u00ed, C\/ Sant Pau, 9<\/p>\n<p>08700, Igualada, Barcelona<\/p>\n<p>938 030 763<\/p>\n<p><a href=\"mailto:premsa@lidera.cat\" target=\"_blank\" rel=\"noopener\">premsa@lidera.cat<\/a><\/p>\n<p><a href=\"https:\/\/www.zoomfestival.org\/\" target=\"_blank\" rel=\"noopener\">zoomfestival.org<\/a><\/p>\n<\/div>\r\n                        <p class=\"cav_fancy_social\"><a target=\"_blank\" href=\"https:\/\/x.com\/premiszoom\"><img decoding=\"async\" src=\"https:\/\/www.clusteraudiovisual.cat\/wp-content\/themes\/enfold-child\/img\/twitter.png\" alt=\"Premis Zoom Igualada - Twitter\" \/><\/a> <a target=\"_blank\" href=\"https:\/\/www.facebook.com\/PremisZoom\/\"><img decoding=\"async\" src=\"https:\/\/www.clusteraudiovisual.cat\/wp-content\/themes\/enfold-child\/img\/facebook.png\" alt=\"Premis Zoom Igualada - Twitter\" \/><\/a> <a target=\"_blank\" href=\"https:\/\/www.instagram.com\/premiszoom\/#\"><img decoding=\"async\" src=\"https:\/\/www.clusteraudiovisual.cat\/wp-content\/themes\/enfold-child\/img\/icon-instagram.png\" alt=\"Premis Zoom Igualada - Instagram\" \/><\/a> <a target=\"_blank\" href=\"https:\/\/www.youtube.com\/channel\/UCmrBZV1xCegx50AZY1OENKw\"><img decoding=\"async\" src=\"https:\/\/www.clusteraudiovisual.cat\/wp-content\/themes\/enfold-child\/img\/icon-youtube.png\" alt=\"Premis Zoom Igualada - Youtube\" \/><\/a> <\/p>\r\n                <\/div><img decoding=\"async\" class=\"soci_item_logo img-fluid\" src=\"https:\/\/www.clusteraudiovisual.cat\/wp-content\/uploads\/2025\/12\/LogoSoci_PremisZoom.jpg\" alt=\"Premis Zoom Igualada\" title=\"Premis Zoom Igualada\" \/>\r\n                    <div class=\"soci_list_activ_container\" style=\"width: 100%;background: none;\">\r\n                               <p class=\"soci_list_activ mb-0\"><span>Distribuci\u00f3n - Exhibici\u00f3n<\/span><\/p>\r\n                               <p class=\"soci_list_serv mb-0\">Factual<span class=\"separador_cats\">|<\/span>Festivales<span class=\"separador_cats\">|<\/span>Ficci\u00f3n<span class=\"separador_cats\">|<\/span>Formatos TV<span class=\"separador_cats\">|<\/span>Infantil<span class=\"separador_cats\">|<\/span>No ficci\u00f3n<span class=\"separador_cats\">|<\/span>Realidad Virtual<span class=\"separador_cats\">|<\/span>Series<span class=\"separador_cats\">|<\/span>Telemovies<span class=\"separador_cats\">|<\/span>Videojuegos<span class=\"separador_cats\"<\/p>\r\n                    <\/div>\r\n                <\/div><\/div><div data-title=\"productions link up produccion-es servicios-es  branded-content-es cortometrajes-es ficcion largometrajes-es no-ficcion eries servicios-de-produccion \" data-actv=\"produccion-es servicios-es \" data-serv=\"branded-content-es cortometrajes-es ficcion largometrajes-es no-ficcion eries servicios-de-produccion \" class=\"col-12 col-md-4 mb-4 border-bottom soci_box\"><div class=\"soci_item text-center\"><a class=\"soci_item_overlay\" data-fancybox=\"30119\" data-src=\"#selectableModal30119\" href=\"javascript:;\">Productions Link-Up<\/a><div class=\"cav_fancy\" style=\"display: none;max-width:500px;\" id=\"selectableModal30119\">\r\n                        <div class=\"cav_fancy_logo text-center pb-4 border-bottom\"><img decoding=\"async\" class=\"soci_item_logo img-fluid\" src=\"https:\/\/www.clusteraudiovisual.cat\/wp-content\/uploads\/2023\/03\/LogoSoci_Link-Up.jpg\" alt=\"Productions Link-Up\" title=\"Productions Link-Up\" \/><\/div>\r\n                        <h3 class=\"cav_fancy_title\" data-selectable=\"true\">Productions Link-Up<\/h3>\r\n                        <p class=\"cav_fancy_cat_actv\"><span>Producci\u00f3n<\/span><span>Servicios<\/span><\/p>\r\n                        <p class=\"cav_fancy_cat_serv\">Branded Content<span class=\"separador_cats\">|<\/span>Cortometrajes<span class=\"separador_cats\">|<\/span>Ficci\u00f3n<span class=\"separador_cats\">|<\/span>Largometrajes<span class=\"separador_cats\">|<\/span>No ficci\u00f3n<span class=\"separador_cats\">|<\/span>Series<span class=\"separador_cats\">|<\/span>Servicios de producci\u00f3n<span class=\"separador_cats\"<\/p>\r\n                        <p class=\"cav_fancy_description border-bottom\">Productora audiovisual que trabaja en tres l\u00edneas principales: producci\u00f3n propia, producci\u00f3n ejecutiva para otras productoras e impulso a las nuevas generaciones. Hacen cine y televisi\u00f3n, branded content para marcas y ofrecen servicios de producci\u00f3n en Espa\u00f1a y Latinoam\u00e9rica.<\/p>\r\n                        <div class=\"cav_fancy_adress\"><p>Pla\u00e7a de Sanllehy, 2<\/p>\n<p>08024, Barcelona<\/p>\n<p><a>649 496 870<\/a><\/p>\n<p><a href=\"mailto:teresa@link-up.es\" target=\"_blank\" rel=\"noopener\">teresa@link-up.es<\/a><\/p>\n<p><a href=\"https:\/\/www.link-up.es\/\" target=\"_blank\" rel=\"noopener\">www.link-up.es<\/a><\/p>\n<\/div>\r\n                        <p class=\"cav_fancy_social\"> <a target=\"_blank\" href=\"https:\/\/www.facebook.com\/link.up.7106\/\"><img decoding=\"async\" src=\"https:\/\/www.clusteraudiovisual.cat\/wp-content\/themes\/enfold-child\/img\/facebook.png\" alt=\"Productions Link-Up - Twitter\" \/><\/a> <a target=\"_blank\" href=\"https:\/\/www.instagram.com\/linkup_barcelona\/\"><img decoding=\"async\" src=\"https:\/\/www.clusteraudiovisual.cat\/wp-content\/themes\/enfold-child\/img\/icon-instagram.png\" alt=\"Productions Link-Up - Instagram\" \/><\/a>  <a target=\"_blank\" href=\"https:\/\/www.linkedin.com\/company\/linkupbarcelona\/\"><img decoding=\"async\" src=\"https:\/\/www.clusteraudiovisual.cat\/wp-content\/themes\/enfold-child\/img\/icon-linkedin.png\" alt=\"Productions Link-Up - Linkedin\" \/><\/a><\/p>\r\n                <\/div><img decoding=\"async\" class=\"soci_item_logo img-fluid\" src=\"https:\/\/www.clusteraudiovisual.cat\/wp-content\/uploads\/2023\/03\/LogoSoci_Link-Up.jpg\" alt=\"Productions Link-Up\" title=\"Productions Link-Up\" \/>\r\n                    <div class=\"soci_list_activ_container\" style=\"width: 100%;background: none;\">\r\n                               <p class=\"soci_list_activ mb-0\"><span>Producci\u00f3n<\/span><span>Servicios<\/span><\/p>\r\n                               <p class=\"soci_list_serv mb-0\">Branded Content<span class=\"separador_cats\">|<\/span>Cortometrajes<span class=\"separador_cats\">|<\/span>Ficci\u00f3n<span class=\"separador_cats\">|<\/span>Largometrajes<span class=\"separador_cats\">|<\/span>No ficci\u00f3n<span class=\"separador_cats\">|<\/span>Series<span class=\"separador_cats\">|<\/span>Servicios de producci\u00f3n<span class=\"separador_cats\"<\/p>\r\n                    <\/div>\r\n                <\/div><\/div><div data-title=\"produktia experiencias-inmersivas-es produccion-es publicidad-es servicios-es  inmersivo-360-es materials-audiovisuals-es realidad-aumentada realidad-virtual servicios-de-produccion \" data-actv=\"experiencias-inmersivas-es produccion-es publicidad-es servicios-es \" data-serv=\"inmersivo-360-es materials-audiovisuals-es realidad-aumentada realidad-virtual servicios-de-produccion \" class=\"col-12 col-md-4 mb-4 border-bottom soci_box\"><div class=\"soci_item text-center\"><a class=\"soci_item_overlay\" data-fancybox=\"35914\" data-src=\"#selectableModal35914\" href=\"javascript:;\">Produktia<\/a><div class=\"cav_fancy\" style=\"display: none;max-width:500px;\" id=\"selectableModal35914\">\r\n                        <div class=\"cav_fancy_logo text-center pb-4 border-bottom\"><img decoding=\"async\" class=\"soci_item_logo img-fluid\" src=\"https:\/\/www.clusteraudiovisual.cat\/wp-content\/uploads\/2023\/10\/LogoSoci_Produktia.jpg\" alt=\"Produktia\" title=\"Produktia\" \/><\/div>\r\n                        <h3 class=\"cav_fancy_title\" data-selectable=\"true\">Produktia<\/h3>\r\n                        <p class=\"cav_fancy_cat_actv\"><span>Experiencias Inmersivas<\/span><span>Producci\u00f3n<\/span><span>Publicidad<\/span><span>Servicios<\/span><\/p>\r\n                        <p class=\"cav_fancy_cat_serv\">Inmersivo 360<span class=\"separador_cats\">|<\/span>Material audiovisual<span class=\"separador_cats\">|<\/span>Realidad Aumentada<span class=\"separador_cats\">|<\/span>Realidad Virtual<span class=\"separador_cats\">|<\/span>Servicios de producci\u00f3n<span class=\"separador_cats\"<\/p>\r\n                        <p class=\"cav_fancy_description border-bottom\">Productora especializada en 3D, AR, VR y 360. Ofrecen servicios para v\u00eddeos corporativos, spots publicitarios, directos, cine y alquiler de material.<\/p>\r\n                        <div class=\"cav_fancy_adress\"><p>C\/ Leiva 2B, local<\/p>\n<p>08014, Barcelona<\/p>\n<p>932 007 876<\/p>\n<p><a href=\"mailto:info@produktia.tv\" target=\"_blank\" rel=\"noopener\">info@produktia.tv<\/a><\/p>\n<p><a href=\"https:\/\/produktia.tv\/ca\/produktia-barcelona\/\" target=\"_blank\" rel=\"noopener\">www.produktia.tv<\/a><\/p>\n<\/div>\r\n                        <p class=\"cav_fancy_social\"><a target=\"_blank\" href=\"https:\/\/twitter.com\/Produktia\"><img decoding=\"async\" src=\"https:\/\/www.clusteraudiovisual.cat\/wp-content\/themes\/enfold-child\/img\/twitter.png\" alt=\"Produktia - Twitter\" \/><\/a>  <a target=\"_blank\" href=\"https:\/\/www.instagram.com\/produktiabarcelona\/\"><img decoding=\"async\" src=\"https:\/\/www.clusteraudiovisual.cat\/wp-content\/themes\/enfold-child\/img\/icon-instagram.png\" alt=\"Produktia - Instagram\" \/><\/a>  <\/p>\r\n                <\/div><img decoding=\"async\" class=\"soci_item_logo img-fluid\" src=\"https:\/\/www.clusteraudiovisual.cat\/wp-content\/uploads\/2023\/10\/LogoSoci_Produktia.jpg\" alt=\"Produktia\" title=\"Produktia\" \/>\r\n                    <div class=\"soci_list_activ_container\" style=\"width: 100%;background: none;\">\r\n                               <p class=\"soci_list_activ mb-0\"><span>Experiencias Inmersivas<\/span><span>Producci\u00f3n<\/span><span>Publicidad<\/span><span>Servicios<\/span><\/p>\r\n                               <p class=\"soci_list_serv mb-0\">Inmersivo 360<span class=\"separador_cats\">|<\/span>Material audiovisual<span class=\"separador_cats\">|<\/span>Realidad Aumentada<span class=\"separador_cats\">|<\/span>Realidad Virtual<span class=\"separador_cats\">|<\/span>Servicios de producci\u00f3n<span class=\"separador_cats\"<\/p>\r\n                    <\/div>\r\n                <\/div><\/div><div data-title=\"rakuten tv distribucion  plataformes-ott-es \" data-actv=\"distribucion \" data-serv=\"plataformes-ott-es \" class=\"col-12 col-md-4 mb-4 border-bottom soci_box\"><div class=\"soci_item text-center\"><a class=\"soci_item_overlay\" data-fancybox=\"41399\" data-src=\"#selectableModal41399\" href=\"javascript:;\">Rakuten TV<\/a><div class=\"cav_fancy\" style=\"display: none;max-width:500px;\" id=\"selectableModal41399\">\r\n                        <div class=\"cav_fancy_logo text-center pb-4 border-bottom\"><img decoding=\"async\" class=\"soci_item_logo img-fluid\" src=\"https:\/\/www.clusteraudiovisual.cat\/wp-content\/uploads\/2024\/07\/LogoSoci_RakutenTV.jpg\" alt=\"Rakuten TV\" title=\"Rakuten TV\" \/><\/div>\r\n                        <h3 class=\"cav_fancy_title\" data-selectable=\"true\">Rakuten TV<\/h3>\r\n                        <p class=\"cav_fancy_cat_actv\"><span>Distribuci\u00f3n - Exhibici\u00f3n<\/span><\/p>\r\n                        <p class=\"cav_fancy_cat_serv\">Plataformas OTT<span class=\"separador_cats\"<\/p>\r\n                        <p class=\"cav_fancy_description border-bottom\">Plataforma OTT que proporciona un amplio cat\u00e1logo de series, pel\u00edculas y documentales en streaming para todos sus usuarios. Con servicio operativo en 42 pa\u00edses de la UE.<\/p>\r\n                        <div class=\"cav_fancy_adress\"><p>C\/ De Badajoz, 60<\/p>\n<p>08005, Barcelona<\/p>\n<p><span aria-label=\"Llamar al n\u00famero de tel\u00e9fono 936 67 49 14\">936 674 914<\/span><\/p>\n<p><a href=\"https:\/\/www.rakuten.tv\/es\" target=\"_blank\" rel=\"noopener\">rakuten.tv<\/a><\/p>\n<\/div>\r\n                        <p class=\"cav_fancy_social\"><a target=\"_blank\" href=\"https:\/\/x.com\/RakutenTV_ES\"><img decoding=\"async\" src=\"https:\/\/www.clusteraudiovisual.cat\/wp-content\/themes\/enfold-child\/img\/twitter.png\" alt=\"Rakuten TV - Twitter\" \/><\/a>  <a target=\"_blank\" href=\"https:\/\/www.instagram.com\/rakutentv_es\/\"><img decoding=\"async\" src=\"https:\/\/www.clusteraudiovisual.cat\/wp-content\/themes\/enfold-child\/img\/icon-instagram.png\" alt=\"Rakuten TV - Instagram\" \/><\/a> <a target=\"_blank\" href=\"https:\/\/www.youtube.com\/@RakutenTVES\"><img decoding=\"async\" src=\"https:\/\/www.clusteraudiovisual.cat\/wp-content\/themes\/enfold-child\/img\/icon-youtube.png\" alt=\"Rakuten TV - Youtube\" \/><\/a> <a target=\"_blank\" href=\"https:\/\/www.linkedin.com\/company\/rakuten-tv\/\"><img decoding=\"async\" src=\"https:\/\/www.clusteraudiovisual.cat\/wp-content\/themes\/enfold-child\/img\/icon-linkedin.png\" alt=\"Rakuten TV - Linkedin\" \/><\/a><\/p>\r\n                <\/div><img decoding=\"async\" class=\"soci_item_logo img-fluid\" src=\"https:\/\/www.clusteraudiovisual.cat\/wp-content\/uploads\/2024\/07\/LogoSoci_RakutenTV.jpg\" alt=\"Rakuten TV\" title=\"Rakuten TV\" \/>\r\n                    <div class=\"soci_list_activ_container\" style=\"width: 100%;background: none;\">\r\n                               <p class=\"soci_list_activ mb-0\"><span>Distribuci\u00f3n - Exhibici\u00f3n<\/span><\/p>\r\n                               <p class=\"soci_list_serv mb-0\">Plataformas OTT<span class=\"separador_cats\"<\/p>\r\n                    <\/div>\r\n                <\/div><\/div><div data-title=\"reclab postproduccion-es  sonido \" data-actv=\"postproduccion-es \" data-serv=\"sonido \" class=\"col-12 col-md-4 mb-4 border-bottom soci_box\"><div class=\"soci_item text-center\"><a class=\"soci_item_overlay\" data-fancybox=\"21255\" data-src=\"#selectableModal21255\" href=\"javascript:;\">RecLab<\/a><div class=\"cav_fancy\" style=\"display: none;max-width:500px;\" id=\"selectableModal21255\">\r\n                        <div class=\"cav_fancy_logo text-center pb-4 border-bottom\"><img decoding=\"async\" class=\"soci_item_logo img-fluid\" src=\"https:\/\/www.clusteraudiovisual.cat\/wp-content\/uploads\/2022\/01\/RecLab_logo-2020-0.jpg\" alt=\"RecLab\" title=\"RecLab\" \/><\/div>\r\n                        <h3 class=\"cav_fancy_title\" data-selectable=\"true\">RecLab<\/h3>\r\n                        <p class=\"cav_fancy_cat_actv\"><span>Postproducci\u00f3n<\/span><\/p>\r\n                        <p class=\"cav_fancy_cat_serv\">Sonido<span class=\"separador_cats\"<\/p>\r\n                        <p class=\"cav_fancy_description border-bottom\">Ofrecen soluciones integrales para el sonido audiovisual en todas las etapas de producci\u00f3n: sonido directo, postproducci\u00f3n y banco de voces.\r\n<\/p>\r\n                        <div class=\"cav_fancy_adress\"><p>C\/ Guatemala, 19, local 4<\/p>\n<p>08018, Barcelona<\/p>\n<p>626 174 402<\/p>\n<p><a href=\"mailto:hola@reclab.cat\" target=\"_blank\" rel=\"noopener\">hola@reclab.cat<\/a><\/p>\n<p><a href=\"https:\/\/www.reclab.cat\/ca-ES\/index.html\" target=\"_blank\" rel=\"noopener\">www.reclab.cat<\/a><\/p>\n<p>&nbsp;<\/p>\n<\/div>\r\n                        <p class=\"cav_fancy_social\"><a target=\"_blank\" href=\"https:\/\/twitter.com\/reclabbarcelona\"><img decoding=\"async\" src=\"https:\/\/www.clusteraudiovisual.cat\/wp-content\/themes\/enfold-child\/img\/twitter.png\" alt=\"RecLab - Twitter\" \/><\/a> <a target=\"_blank\" href=\"https:\/\/es-la.facebook.com\/RecLabBarcelona\"><img decoding=\"async\" src=\"https:\/\/www.clusteraudiovisual.cat\/wp-content\/themes\/enfold-child\/img\/facebook.png\" alt=\"RecLab - Twitter\" \/><\/a> <a target=\"_blank\" href=\"https:\/\/www.instagram.com\/reclab\/\"><img decoding=\"async\" src=\"https:\/\/www.clusteraudiovisual.cat\/wp-content\/themes\/enfold-child\/img\/icon-instagram.png\" alt=\"RecLab - Instagram\" \/><\/a>  <a target=\"_blank\" href=\"https:\/\/www.linkedin.com\/company\/reclabbarcelona\/\"><img decoding=\"async\" src=\"https:\/\/www.clusteraudiovisual.cat\/wp-content\/themes\/enfold-child\/img\/icon-linkedin.png\" alt=\"RecLab - Linkedin\" \/><\/a><\/p>\r\n                <\/div><img decoding=\"async\" class=\"soci_item_logo img-fluid\" src=\"https:\/\/www.clusteraudiovisual.cat\/wp-content\/uploads\/2022\/01\/RecLab_logo-2020-0.jpg\" alt=\"RecLab\" title=\"RecLab\" \/>\r\n                    <div class=\"soci_list_activ_container\" style=\"width: 100%;background: none;\">\r\n                               <p class=\"soci_list_activ mb-0\"><span>Postproducci\u00f3n<\/span><\/p>\r\n                               <p class=\"soci_list_serv mb-0\">Sonido<span class=\"separador_cats\"<\/p>\r\n                    <\/div>\r\n                <\/div><\/div><div data-title=\"reset tv produccion-es television-es  formatos-tv-es \" data-actv=\"produccion-es television-es \" data-serv=\"formatos-tv-es \" class=\"col-12 col-md-4 mb-4 border-bottom soci_box\"><div class=\"soci_item text-center\"><a class=\"soci_item_overlay\" data-fancybox=\"7994\" data-src=\"#selectableModal7994\" href=\"javascript:;\">Reset TV<\/a><div class=\"cav_fancy\" style=\"display: none;max-width:500px;\" id=\"selectableModal7994\">\r\n                        <div class=\"cav_fancy_logo text-center pb-4 border-bottom\"><img decoding=\"async\" class=\"soci_item_logo img-fluid\" src=\"https:\/\/www.clusteraudiovisual.cat\/wp-content\/uploads\/2013\/09\/103.RESET_LOGO_POSITIU_COLOR.jpg\" alt=\"Reset TV\" title=\"Reset TV\" \/><\/div>\r\n                        <h3 class=\"cav_fancy_title\" data-selectable=\"true\">Reset TV<\/h3>\r\n                        <p class=\"cav_fancy_cat_actv\"><span>Producci\u00f3n<\/span><span>Televisi\u00f3n<\/span><\/p>\r\n                        <p class=\"cav_fancy_cat_serv\">Formatos TV<span class=\"separador_cats\"<\/p>\r\n                        <p class=\"cav_fancy_description border-bottom\">Productora especializada en la creaci\u00f3n de programas de entretenimiento para televisi\u00f3n.<\/p>\r\n                        <div class=\"cav_fancy_adress\"><p>C\/ Mestre Dalmau, 19<\/p>\n<p>08031, Barcelona<\/p>\n<p>934 272 222<\/p>\n<p><a href=\"mailto:info@reset.tv\" target=\"_blank\" rel=\"noopener\">info@reset.tv<\/a><\/p>\n<p><a href=\"http:\/\/www.reset.tv\/\" target=\"_blank\" rel=\"noopener\">www.reset.tv<\/a><\/p>\n<\/div>\r\n                        <p class=\"cav_fancy_social\"><a target=\"_blank\" href=\"https:\/\/twitter.com\/resettv\"><img decoding=\"async\" src=\"https:\/\/www.clusteraudiovisual.cat\/wp-content\/themes\/enfold-child\/img\/twitter.png\" alt=\"Reset TV - Twitter\" \/><\/a> <a target=\"_blank\" href=\"https:\/\/www.facebook.com\/pages\/Reset-TV\/475936962428370\"><img decoding=\"async\" src=\"https:\/\/www.clusteraudiovisual.cat\/wp-content\/themes\/enfold-child\/img\/facebook.png\" alt=\"Reset TV - Twitter\" \/><\/a>   <\/p>\r\n                <\/div><img decoding=\"async\" class=\"soci_item_logo img-fluid\" src=\"https:\/\/www.clusteraudiovisual.cat\/wp-content\/uploads\/2013\/09\/103.RESET_LOGO_POSITIU_COLOR.jpg\" alt=\"Reset TV\" title=\"Reset TV\" \/>\r\n                    <div class=\"soci_list_activ_container\" style=\"width: 100%;background: none;\">\r\n                               <p class=\"soci_list_activ mb-0\"><span>Producci\u00f3n<\/span><span>Televisi\u00f3n<\/span><\/p>\r\n                               <p class=\"soci_list_serv mb-0\">Formatos TV<span class=\"separador_cats\"<\/p>\r\n                    <\/div>\r\n                <\/div><\/div><div data-title=\"return servicios-es  servicios-de-produccion \" data-actv=\"servicios-es \" data-serv=\"servicios-de-produccion \" class=\"col-12 col-md-4 mb-4 border-bottom soci_box\"><div class=\"soci_item text-center\"><a class=\"soci_item_overlay\" data-fancybox=\"48987\" data-src=\"#selectableModal48987\" href=\"javascript:;\">RETURN<\/a><div class=\"cav_fancy\" style=\"display: none;max-width:500px;\" id=\"selectableModal48987\">\r\n                        <div class=\"cav_fancy_logo text-center pb-4 border-bottom\"><img decoding=\"async\" class=\"soci_item_logo img-fluid\" src=\"https:\/\/www.clusteraudiovisual.cat\/wp-content\/uploads\/2025\/05\/LogoSoci_RETURN.jpg\" alt=\"RETURN\" title=\"RETURN\" \/><\/div>\r\n                        <h3 class=\"cav_fancy_title\" data-selectable=\"true\">RETURN<\/h3>\r\n                        <p class=\"cav_fancy_cat_actv\"><span>Servicios<\/span><\/p>\r\n                        <p class=\"cav_fancy_cat_serv\">Servicios de producci\u00f3n<span class=\"separador_cats\"<\/p>\r\n                        <p class=\"cav_fancy_description border-bottom\">Dise\u00f1an y gestionan proyectos comunitarios, identifican iniciativas que promueven la sostenibilidad social de las empresas, dotan de dimensi\u00f3n social a soluciones tecnol\u00f3gicas y planes estrat\u00e9gicos y sensibilizan.<\/p>\r\n                        <div class=\"cav_fancy_adress\"><p>C\/Dom\u00e8nech 7, 2n 2a<\/p>\n<p>08012, Barcelona<\/p>\n<p>626 345 965<\/p>\n<p><a href=\"mailto:info@returnbcn.com\">info@returnbcn.com<\/a><\/p>\n<p><a href=\"https:\/\/www.returnbcn.com\/\" target=\"_blank\" rel=\"noopener\">returnbcn.com<\/a><\/p>\n<\/div>\r\n                        <p class=\"cav_fancy_social\">    <a target=\"_blank\" href=\"https:\/\/es.linkedin.com\/company\/return-bcn\"><img decoding=\"async\" src=\"https:\/\/www.clusteraudiovisual.cat\/wp-content\/themes\/enfold-child\/img\/icon-linkedin.png\" alt=\"RETURN - Linkedin\" \/><\/a><\/p>\r\n                <\/div><img decoding=\"async\" class=\"soci_item_logo img-fluid\" src=\"https:\/\/www.clusteraudiovisual.cat\/wp-content\/uploads\/2025\/05\/LogoSoci_RETURN.jpg\" alt=\"RETURN\" title=\"RETURN\" \/>\r\n                    <div class=\"soci_list_activ_container\" style=\"width: 100%;background: none;\">\r\n                               <p class=\"soci_list_activ mb-0\"><span>Servicios<\/span><\/p>\r\n                               <p class=\"soci_list_serv mb-0\">Servicios de producci\u00f3n<span class=\"separador_cats\"<\/p>\r\n                    <\/div>\r\n                <\/div><\/div><div data-title=\"risk xxi   8211  prl   038  services servicios-es  servicios-de-produccion \" data-actv=\"servicios-es \" data-serv=\"servicios-de-produccion \" class=\"col-12 col-md-4 mb-4 border-bottom soci_box\"><div class=\"soci_item text-center\"><a class=\"soci_item_overlay\" data-fancybox=\"51216\" data-src=\"#selectableModal51216\" href=\"javascript:;\">RISK XXI &#8211; Prl &#038; Services<\/a><div class=\"cav_fancy\" style=\"display: none;max-width:500px;\" id=\"selectableModal51216\">\r\n                        <div class=\"cav_fancy_logo text-center pb-4 border-bottom\"><img decoding=\"async\" class=\"soci_item_logo img-fluid\" src=\"https:\/\/www.clusteraudiovisual.cat\/wp-content\/uploads\/2025\/09\/LogoSoci_RISK21.jpg\" alt=\"RISK XXI &#8211; Prl &#038; Services\" title=\"RISK XXI &#8211; Prl &#038; Services\" \/><\/div>\r\n                        <h3 class=\"cav_fancy_title\" data-selectable=\"true\">RISK XXI &#8211; Prl &#038; Services<\/h3>\r\n                        <p class=\"cav_fancy_cat_actv\"><span>Servicios<\/span><\/p>\r\n                        <p class=\"cav_fancy_cat_serv\">Servicios de producci\u00f3n<span class=\"separador_cats\"<\/p>\r\n                        <p class=\"cav_fancy_description border-bottom\">Ofrecen todo lo relacionado con la Prevenci\u00f3n de Riesgos Laborales. Ofrecen servicio especializado fruto de m\u00e1s de 25 a\u00f1os asesorando a Productoras con proyectos de: Cine, Televisi\u00f3n, Postproducci\u00f3n, eventos, Gales, Directos, eventos deportivos, conciertos y mucho m\u00e1s.\r\nCobertura Servicio de Prevenci\u00f3n t\u00e9cnica y Vigilancia de la Salud: Evaluaciones Espec\u00edficas, Evaluaciones de Menores, Planes de emergencia, Formaci\u00f3n especializada, Plataforma de formaci\u00f3n, Coordinaci\u00f3n de actividades empresariales, Recursos Preventivos, etc.<\/p>\r\n                        <div class=\"cav_fancy_adress\"><p>C\/ Girona, 74<\/p>\n<p>08009, Barcelona<\/p>\n<p>934 577 416<\/p>\n<p><a href=\"mailto:hola@risk21.com\" target=\"_blank\" rel=\"noopener noreferrer\">hola@risk21.com<\/a><\/p>\n<p><a href=\"https:\/\/www.risk21.com\/ca\/\" target=\"_blank\" rel=\"noopener\">risk21.com<\/a><\/p>\n<\/div>\r\n                        <p class=\"cav_fancy_social\">    <\/p>\r\n                <\/div><img decoding=\"async\" class=\"soci_item_logo img-fluid\" src=\"https:\/\/www.clusteraudiovisual.cat\/wp-content\/uploads\/2025\/09\/LogoSoci_RISK21.jpg\" alt=\"RISK XXI &#8211; Prl &#038; Services\" title=\"RISK XXI &#8211; Prl &#038; Services\" \/>\r\n                    <div class=\"soci_list_activ_container\" style=\"width: 100%;background: none;\">\r\n                               <p class=\"soci_list_activ mb-0\"><span>Servicios<\/span><\/p>\r\n                               <p class=\"soci_list_serv mb-0\">Servicios de producci\u00f3n<span class=\"separador_cats\"<\/p>\r\n                    <\/div>\r\n                <\/div><\/div><div data-title=\"roca umbert fabrica de les arts espais-audiovisuals-es postproduccion-es produccion-es radio-es servicios-es television-es videojuego-es  artes-escenicas-es congresos-es estudios-de-grabacion exposiciones-es festivales formatos-tv-es musica-es noticias parques-audiovisuales platos-es streaming-es tdt-es videojuegos \" data-actv=\"espais-audiovisuals-es postproduccion-es produccion-es radio-es servicios-es television-es videojuego-es \" data-serv=\"artes-escenicas-es congresos-es estudios-de-grabacion exposiciones-es festivales formatos-tv-es musica-es noticias parques-audiovisuales platos-es streaming-es tdt-es videojuegos \" class=\"col-12 col-md-4 mb-4 border-bottom soci_box\"><div class=\"soci_item text-center\"><a class=\"soci_item_overlay\" data-fancybox=\"8073\" data-src=\"#selectableModal8073\" href=\"javascript:;\">Roca Umbert F\u00e0brica de les Arts<\/a><div class=\"cav_fancy\" style=\"display: none;max-width:500px;\" id=\"selectableModal8073\">\r\n                        <div class=\"cav_fancy_logo text-center pb-4 border-bottom\"><img decoding=\"async\" class=\"soci_item_logo img-fluid\" src=\"https:\/\/www.clusteraudiovisual.cat\/wp-content\/uploads\/2014\/11\/Simbol-Roca-Umbert-b_n-i-color-1.jpg\" alt=\"Roca Umbert F\u00e0brica de les Arts\" title=\"Roca Umbert F\u00e0brica de les Arts\" \/><\/div>\r\n                        <h3 class=\"cav_fancy_title\" data-selectable=\"true\">Roca Umbert F\u00e0brica de les Arts<\/h3>\r\n                        <p class=\"cav_fancy_cat_actv\"><span>Espacios Audiovisuales<\/span><span>Postproducci\u00f3n<\/span><span>Producci\u00f3n<\/span><span>Radio<\/span><span>Servicios<\/span><span>Televisi\u00f3n<\/span><span>Videojuego<\/span><\/p>\r\n                        <p class=\"cav_fancy_cat_serv\">Artes Esc\u00e9nicas<span class=\"separador_cats\">|<\/span>Congresos<span class=\"separador_cats\">|<\/span>Estudios de grabaci\u00f3n<span class=\"separador_cats\">|<\/span>Exposiciones<span class=\"separador_cats\">|<\/span>Festivales<span class=\"separador_cats\">|<\/span>Formatos TV<span class=\"separador_cats\">|<\/span>M\u00fasica<span class=\"separador_cats\">|<\/span>Noticias<span class=\"separador_cats\">|<\/span>Parques Audiovisuales<span class=\"separador_cats\">|<\/span>Plat\u00f3s<span class=\"separador_cats\">|<\/span>Streaming<span class=\"separador_cats\">|<\/span>TDT<span class=\"separador_cats\">|<\/span>Videojuegos<span class=\"separador_cats\"<\/p>\r\n                        <p class=\"cav_fancy_description border-bottom\">Espacio cultural en constante transformaci\u00f3n, al servicio de los procesos creativos, la formaci\u00f3n art\u00edstica y el di\u00e1logo entre las artes, que avanza cooperando con el tejido econ\u00f3mico emergente, sobre todo con la industria audiovisual. Pertenece al Ayuntamiento de Granollers y cuenta con el Centro Audiovisual y la emisora R\u00e0dio Granollers.<\/p>\r\n                        <div class=\"cav_fancy_adress\"><p dir=\"ltr\">C\/ d&#8217;Enric Prat de la Riba, 77<\/p>\n<p dir=\"ltr\">08401, Granollers<\/p>\n<p dir=\"ltr\">938 614 941<\/p>\n<p dir=\"ltr\"><a href=\"mailto:info@rocaumbert.cat\" target=\"_blank\" rel=\"noopener\">info@rocaumbert.cat<\/a><\/p>\n<p dir=\"ltr\"><a href=\"http:\/\/rocaumbert.com\/\">www.rocaumbert.com<\/a><\/p>\n<\/div>\r\n                        <p class=\"cav_fancy_social\"><a target=\"_blank\" href=\"https:\/\/twitter.com\/rocaumbertfa\"><img decoding=\"async\" src=\"https:\/\/www.clusteraudiovisual.cat\/wp-content\/themes\/enfold-child\/img\/twitter.png\" alt=\"Roca Umbert F\u00e0brica de les Arts - Twitter\" \/><\/a> <a target=\"_blank\" href=\"https:\/\/ca-es.facebook.com\/rocaumbert\"><img decoding=\"async\" src=\"https:\/\/www.clusteraudiovisual.cat\/wp-content\/themes\/enfold-child\/img\/facebook.png\" alt=\"Roca Umbert F\u00e0brica de les Arts - Twitter\" \/><\/a> <a target=\"_blank\" href=\"https:\/\/www.instagram.com\/rocaumbertfabricadelesarts\/\"><img decoding=\"async\" src=\"https:\/\/www.clusteraudiovisual.cat\/wp-content\/themes\/enfold-child\/img\/icon-instagram.png\" alt=\"Roca Umbert F\u00e0brica de les Arts - Instagram\" \/><\/a> <a target=\"_blank\" href=\"https:\/\/www.youtube.com\/channel\/UCKVjXZVrquecUSTuQad5C5A\"><img decoding=\"async\" src=\"https:\/\/www.clusteraudiovisual.cat\/wp-content\/themes\/enfold-child\/img\/icon-youtube.png\" alt=\"Roca Umbert F\u00e0brica de les Arts - Youtube\" \/><\/a> <\/p>\r\n                <\/div><img decoding=\"async\" class=\"soci_item_logo img-fluid\" src=\"https:\/\/www.clusteraudiovisual.cat\/wp-content\/uploads\/2014\/11\/Simbol-Roca-Umbert-b_n-i-color-1.jpg\" alt=\"Roca Umbert F\u00e0brica de les Arts\" title=\"Roca Umbert F\u00e0brica de les Arts\" \/>\r\n                    <div class=\"soci_list_activ_container\" style=\"width: 100%;background: none;\">\r\n                               <p class=\"soci_list_activ mb-0\"><span>Espacios Audiovisuales<\/span><span>Postproducci\u00f3n<\/span><span>Producci\u00f3n<\/span><span>Radio<\/span><span>Servicios<\/span><span>Televisi\u00f3n<\/span><span>Videojuego<\/span><\/p>\r\n                               <p class=\"soci_list_serv mb-0\">Artes Esc\u00e9nicas<span class=\"separador_cats\">|<\/span>Congresos<span class=\"separador_cats\">|<\/span>Estudios de grabaci\u00f3n<span class=\"separador_cats\">|<\/span>Exposiciones<span class=\"separador_cats\">|<\/span>Festivales<span class=\"separador_cats\">|<\/span>Formatos TV<span class=\"separador_cats\">|<\/span>M\u00fasica<span class=\"separador_cats\">|<\/span>Noticias<span class=\"separador_cats\">|<\/span>Parques Audiovisuales<span class=\"separador_cats\">|<\/span>Plat\u00f3s<span class=\"separador_cats\">|<\/span>Streaming<span class=\"separador_cats\">|<\/span>TDT<span class=\"separador_cats\">|<\/span>Videojuegos<span class=\"separador_cats\"<\/p>\r\n                    <\/div>\r\n                <\/div><\/div><div data-title=\"rosas comunicacio-es produccion-es publicidad-es  agencias-es branded-content-es digital-es \" data-actv=\"comunicacio-es produccion-es publicidad-es \" data-serv=\"agencias-es branded-content-es digital-es \" class=\"col-12 col-md-4 mb-4 border-bottom soci_box\"><div class=\"soci_item text-center\"><a class=\"soci_item_overlay\" data-fancybox=\"8171\" data-src=\"#selectableModal8171\" href=\"javascript:;\">Ros\u00e0s<\/a><div class=\"cav_fancy\" style=\"display: none;max-width:500px;\" id=\"selectableModal8171\">\r\n                        <div class=\"cav_fancy_logo text-center pb-4 border-bottom\"><img decoding=\"async\" class=\"soci_item_logo img-fluid\" src=\"https:\/\/www.clusteraudiovisual.cat\/wp-content\/uploads\/2018\/03\/image001-1.jpg\" alt=\"Ros\u00e0s\" title=\"Ros\u00e0s\" \/><\/div>\r\n                        <h3 class=\"cav_fancy_title\" data-selectable=\"true\">Ros\u00e0s<\/h3>\r\n                        <p class=\"cav_fancy_cat_actv\"><span>Comunicaci\u00f3n<\/span><span>Producci\u00f3n<\/span><span>Publicidad<\/span><\/p>\r\n                        <p class=\"cav_fancy_cat_serv\">Agencias<span class=\"separador_cats\">|<\/span>Branded Content<span class=\"separador_cats\">|<\/span>Digital<span class=\"separador_cats\"<\/p>\r\n                        <p class=\"cav_fancy_description border-bottom\">Agencia y consultora especializada en la creaci\u00f3n de contenidos, estrategia y dise\u00f1o de marca, campa\u00f1as de publicidad en el \u00e1mbito televisivo, digital y de entretenimiento<\/p>\r\n                        <div class=\"cav_fancy_adress\"><p>Via Laietana, 64, principal<\/p>\n<p>08003, Barcelona<\/p>\n<p>932 388 304<\/p>\n<p><a href=\"https:\/\/www.rosasagency.com\/\" target=\"_blank\" rel=\"noopener\">rosasagency.com<\/a><\/p>\n<\/div>\r\n                        <p class=\"cav_fancy_social\"><a target=\"_blank\" href=\"https:\/\/twitter.com\/RosasBarcelona\"><img decoding=\"async\" src=\"https:\/\/www.clusteraudiovisual.cat\/wp-content\/themes\/enfold-child\/img\/twitter.png\" alt=\"Ros\u00e0s - Twitter\" \/><\/a> <a target=\"_blank\" href=\"https:\/\/www.facebook.com\/rosasbarcelona\/\"><img decoding=\"async\" src=\"https:\/\/www.clusteraudiovisual.cat\/wp-content\/themes\/enfold-child\/img\/facebook.png\" alt=\"Ros\u00e0s - Twitter\" \/><\/a>   <\/p>\r\n                <\/div><img decoding=\"async\" class=\"soci_item_logo img-fluid\" src=\"https:\/\/www.clusteraudiovisual.cat\/wp-content\/uploads\/2018\/03\/image001-1.jpg\" alt=\"Ros\u00e0s\" title=\"Ros\u00e0s\" \/>\r\n                    <div class=\"soci_list_activ_container\" style=\"width: 100%;background: none;\">\r\n                               <p class=\"soci_list_activ mb-0\"><span>Comunicaci\u00f3n<\/span><span>Producci\u00f3n<\/span><span>Publicidad<\/span><\/p>\r\n                               <p class=\"soci_list_serv mb-0\">Agencias<span class=\"separador_cats\">|<\/span>Branded Content<span class=\"separador_cats\">|<\/span>Digital<span class=\"separador_cats\"<\/p>\r\n                    <\/div>\r\n                <\/div><\/div><div data-title=\"rtva   8211  radio i televisio d  8217 andorra podcast-es radio-es television-es  medios-de-comunicacion \" data-actv=\"podcast-es radio-es television-es \" data-serv=\"medios-de-comunicacion \" class=\"col-12 col-md-4 mb-4 border-bottom soci_box\"><div class=\"soci_item text-center\"><a class=\"soci_item_overlay\" data-fancybox=\"48891\" data-src=\"#selectableModal48891\" href=\"javascript:;\">RTVA &#8211; R\u00e0dio i Televisi\u00f3 d&#8217;Andorra<\/a><div class=\"cav_fancy\" style=\"display: none;max-width:500px;\" id=\"selectableModal48891\">\r\n                        <div class=\"cav_fancy_logo text-center pb-4 border-bottom\"><img decoding=\"async\" class=\"soci_item_logo img-fluid\" src=\"https:\/\/www.clusteraudiovisual.cat\/wp-content\/uploads\/2025\/05\/LogoSoci_RTVA.jpg\" alt=\"RTVA &#8211; R\u00e0dio i Televisi\u00f3 d&#8217;Andorra\" title=\"RTVA &#8211; R\u00e0dio i Televisi\u00f3 d&#8217;Andorra\" \/><\/div>\r\n                        <h3 class=\"cav_fancy_title\" data-selectable=\"true\">RTVA &#8211; R\u00e0dio i Televisi\u00f3 d&#8217;Andorra<\/h3>\r\n                        <p class=\"cav_fancy_cat_actv\"><span>Podcast<\/span><span>Radio<\/span><span>Televisi\u00f3n<\/span><\/p>\r\n                        <p class=\"cav_fancy_cat_serv\">Medios de comunicaci\u00f3n<span class=\"separador_cats\"<\/p>\r\n                        <p class=\"cav_fancy_description border-bottom\">Radio y Televisi\u00f3n de Andorra es una sociedad p\u00fablica de titularidad estatal, creada por la Ley de la radiodifusi\u00f3n y televisi\u00f3n p\u00fablica el 13 de abril de 2000, que gestiona el servicio p\u00fablico de radiodifusi\u00f3n y televisi\u00f3n del Principado de Andorra, y que tiene como finalidad la consolidaci\u00f3n de un servicio p\u00fablico de informaci\u00f3n que contribuya al pluralismo informativo en la formaci\u00f3n.<\/p>\r\n                        <div class=\"cav_fancy_adress\"><p>C\/ Baixada del Mol\u00ed 24, Andorra la Vella<\/p>\n<p>+376 873 777<\/p>\n<p><a href=\"mailto:rtva@rtva.ad\">rtva@rtva.ad<\/a><\/p>\n<p><a href=\"https:\/\/www.andorradifusio.ad\/\" target=\"_blank\" rel=\"noopener\">andorradifusio.ad<\/a><\/p>\n<p>&nbsp;<\/p>\n<\/div>\r\n                        <p class=\"cav_fancy_social\"><a target=\"_blank\" href=\"https:\/\/x.com\/rtvandorra\"><img decoding=\"async\" src=\"https:\/\/www.clusteraudiovisual.cat\/wp-content\/themes\/enfold-child\/img\/twitter.png\" alt=\"RTVA &#8211; R\u00e0dio i Televisi\u00f3 d&#8217;Andorra - Twitter\" \/><\/a> <a target=\"_blank\" href=\"https:\/\/www.facebook.com\/rtva.andorra\"><img decoding=\"async\" src=\"https:\/\/www.clusteraudiovisual.cat\/wp-content\/themes\/enfold-child\/img\/facebook.png\" alt=\"RTVA &#8211; R\u00e0dio i Televisi\u00f3 d&#8217;Andorra - Twitter\" \/><\/a> <a target=\"_blank\" href=\"https:\/\/www.instagram.com\/rtvandorra\/\"><img decoding=\"async\" src=\"https:\/\/www.clusteraudiovisual.cat\/wp-content\/themes\/enfold-child\/img\/icon-instagram.png\" alt=\"RTVA &#8211; R\u00e0dio i Televisi\u00f3 d&#8217;Andorra - Instagram\" \/><\/a>  <\/p>\r\n                <\/div><img decoding=\"async\" class=\"soci_item_logo img-fluid\" src=\"https:\/\/www.clusteraudiovisual.cat\/wp-content\/uploads\/2025\/05\/LogoSoci_RTVA.jpg\" alt=\"RTVA &#8211; R\u00e0dio i Televisi\u00f3 d&#8217;Andorra\" title=\"RTVA &#8211; R\u00e0dio i Televisi\u00f3 d&#8217;Andorra\" \/>\r\n                    <div class=\"soci_list_activ_container\" style=\"width: 100%;background: none;\">\r\n                               <p class=\"soci_list_activ mb-0\"><span>Podcast<\/span><span>Radio<\/span><span>Televisi\u00f3n<\/span><\/p>\r\n                               <p class=\"soci_list_serv mb-0\">Medios de comunicaci\u00f3n<span class=\"separador_cats\"<\/p>\r\n                    <\/div>\r\n                <\/div><\/div><div data-title=\"rtve catalunya radio-es television-es  ficcion formatos-tv-es no-ficcion noticias \" data-actv=\"radio-es television-es \" data-serv=\"ficcion formatos-tv-es no-ficcion noticias \" class=\"col-12 col-md-4 mb-4 border-bottom soci_box\"><div class=\"soci_item text-center\"><a class=\"soci_item_overlay\" data-fancybox=\"20173\" data-src=\"#selectableModal20173\" href=\"javascript:;\">RTVE Catalunya<\/a><div class=\"cav_fancy\" style=\"display: none;max-width:500px;\" id=\"selectableModal20173\">\r\n                        <div class=\"cav_fancy_logo text-center pb-4 border-bottom\"><img decoding=\"async\" class=\"soci_item_logo img-fluid\" src=\"https:\/\/www.clusteraudiovisual.cat\/wp-content\/uploads\/2021\/12\/descarga-10-1-1.jpg\" alt=\"RTVE Catalunya\" title=\"RTVE Catalunya\" \/><\/div>\r\n                        <h3 class=\"cav_fancy_title\" data-selectable=\"true\">RTVE Catalunya<\/h3>\r\n                        <p class=\"cav_fancy_cat_actv\"><span>Radio<\/span><span>Televisi\u00f3n<\/span><\/p>\r\n                        <p class=\"cav_fancy_cat_serv\">Ficci\u00f3n<span class=\"separador_cats\">|<\/span>Formatos TV<span class=\"separador_cats\">|<\/span>No ficci\u00f3n<span class=\"separador_cats\">|<\/span>Noticias<span class=\"separador_cats\"<\/p>\r\n                        <p class=\"cav_fancy_description border-bottom\">Centro de produccin de informativos y programas de RTVE a Catalunya.<\/p>\r\n                        <div class=\"cav_fancy_adress\"><p>C\/ Merc\u00e8 Vilaret<\/p>\n<p>08174, Sant Cugat del Vall\u00e8s<\/p>\n<p>935 823 030<\/p>\n<p><a href=\"https:\/\/www.rtve.es\/television\/catalunya\/\" target=\"_blank\" rel=\"noopener\">www.rtve.es\/television\/catalunya<\/a><\/p>\n<\/div>\r\n                        <p class=\"cav_fancy_social\"><a target=\"_blank\" href=\"https:\/\/twitter.com\/RTVECatalunya\"><img decoding=\"async\" src=\"https:\/\/www.clusteraudiovisual.cat\/wp-content\/themes\/enfold-child\/img\/twitter.png\" alt=\"RTVE Catalunya - Twitter\" \/><\/a> <a target=\"_blank\" href=\"https:\/\/www.facebook.com\/rtvecatalunya\"><img decoding=\"async\" src=\"https:\/\/www.clusteraudiovisual.cat\/wp-content\/themes\/enfold-child\/img\/facebook.png\" alt=\"RTVE Catalunya - Twitter\" \/><\/a> <a target=\"_blank\" href=\"https:\/\/www.instagram.com\/rtvecatalunya\/?hl=es\"><img decoding=\"async\" src=\"https:\/\/www.clusteraudiovisual.cat\/wp-content\/themes\/enfold-child\/img\/icon-instagram.png\" alt=\"RTVE Catalunya - Instagram\" \/><\/a> <a target=\"_blank\" href=\"https:\/\/www.youtube.com\/channel\/UCe609vWJJ1yXOTiZcjuaffQ\"><img decoding=\"async\" src=\"https:\/\/www.clusteraudiovisual.cat\/wp-content\/themes\/enfold-child\/img\/icon-youtube.png\" alt=\"RTVE Catalunya - Youtube\" \/><\/a> <\/p>\r\n                <\/div><img decoding=\"async\" class=\"soci_item_logo img-fluid\" src=\"https:\/\/www.clusteraudiovisual.cat\/wp-content\/uploads\/2021\/12\/descarga-10-1-1.jpg\" alt=\"RTVE Catalunya\" title=\"RTVE Catalunya\" \/>\r\n                    <div class=\"soci_list_activ_container\" style=\"width: 100%;background: none;\">\r\n                               <p class=\"soci_list_activ mb-0\"><span>Radio<\/span><span>Televisi\u00f3n<\/span><\/p>\r\n                               <p class=\"soci_list_serv mb-0\">Ficci\u00f3n<span class=\"separador_cats\">|<\/span>Formatos TV<span class=\"separador_cats\">|<\/span>No ficci\u00f3n<span class=\"separador_cats\">|<\/span>Noticias<span class=\"separador_cats\"<\/p>\r\n                    <\/div>\r\n                <\/div><\/div><div data-title=\"sabatellini   038  associats servicios-es  abogados-es \" data-actv=\"servicios-es \" data-serv=\"abogados-es \" class=\"col-12 col-md-4 mb-4 border-bottom soci_box\"><div class=\"soci_item text-center\"><a class=\"soci_item_overlay\" data-fancybox=\"8222\" data-src=\"#selectableModal8222\" href=\"javascript:;\">Sabatellini &#038; Associats<\/a><div class=\"cav_fancy\" style=\"display: none;max-width:500px;\" id=\"selectableModal8222\">\r\n                        <div class=\"cav_fancy_logo text-center pb-4 border-bottom\"><img decoding=\"async\" class=\"soci_item_logo img-fluid\" src=\"https:\/\/www.clusteraudiovisual.cat\/wp-content\/uploads\/2026\/03\/LogoSoci_SabatelliniAssociats.jpg\" alt=\"Sabatellini &#038; Associats\" title=\"Sabatellini &#038; Associats\" \/><\/div>\r\n                        <h3 class=\"cav_fancy_title\" data-selectable=\"true\">Sabatellini &#038; Associats<\/h3>\r\n                        <p class=\"cav_fancy_cat_actv\"><span>Servicios<\/span><\/p>\r\n                        <p class=\"cav_fancy_cat_serv\">Abogados<span class=\"separador_cats\"<\/p>\r\n                        <p class=\"cav_fancy_description border-bottom\">Empresa que ofrece servicios legales para el sector cultural, especializada en propiedad intelectual e industrial, publicidad, telecomunicaciones, derecho de la competencia y de las nuevas tecnolog\u00edas para la difusi\u00f3n de productos culturales.<\/p>\r\n                        <div class=\"cav_fancy_adress\"><p>C\/ d&#8217;Arag\u00f3, 268, 2n 2a<\/p>\n<p>08007, Barcelona<\/p>\n<p>932 150 411<\/p>\n<p><a href=\"mailto:info@sabatellini.com\" target=\"_blank\" rel=\"noopener\">info@sabatellini.com<\/a><\/p>\n<p><a href=\"https:\/\/www.sabatellini.com\/ca\/\" target=\"_blank\" rel=\"noopener\">www.sabatellini.com<\/a><\/p>\n<\/div>\r\n                        <p class=\"cav_fancy_social\">    <\/p>\r\n                <\/div><img decoding=\"async\" class=\"soci_item_logo img-fluid\" src=\"https:\/\/www.clusteraudiovisual.cat\/wp-content\/uploads\/2026\/03\/LogoSoci_SabatelliniAssociats.jpg\" alt=\"Sabatellini &#038; Associats\" title=\"Sabatellini &#038; Associats\" \/>\r\n                    <div class=\"soci_list_activ_container\" style=\"width: 100%;background: none;\">\r\n                               <p class=\"soci_list_activ mb-0\"><span>Servicios<\/span><\/p>\r\n                               <p class=\"soci_list_serv mb-0\">Abogados<span class=\"separador_cats\"<\/p>\r\n                    <\/div>\r\n                <\/div><\/div><div data-title=\"sabda distribucion experiencias-inmersivas-es tecnologia-es  artes-visuales-es inmersivo-360-es realidad-virtual \" data-actv=\"distribucion experiencias-inmersivas-es tecnologia-es \" data-serv=\"artes-visuales-es inmersivo-360-es realidad-virtual \" class=\"col-12 col-md-4 mb-4 border-bottom soci_box\"><div class=\"soci_item text-center\"><a class=\"soci_item_overlay\" data-fancybox=\"49943\" data-src=\"#selectableModal49943\" href=\"javascript:;\">SABDA<\/a><div class=\"cav_fancy\" style=\"display: none;max-width:500px;\" id=\"selectableModal49943\">\r\n                        <div class=\"cav_fancy_logo text-center pb-4 border-bottom\"><img decoding=\"async\" class=\"soci_item_logo img-fluid\" src=\"https:\/\/www.clusteraudiovisual.cat\/wp-content\/uploads\/2025\/07\/LogoSoci_SABDA.jpg\" alt=\"SABDA\" title=\"SABDA\" \/><\/div>\r\n                        <h3 class=\"cav_fancy_title\" data-selectable=\"true\">SABDA<\/h3>\r\n                        <p class=\"cav_fancy_cat_actv\"><span>Distribuci\u00f3n - Exhibici\u00f3n<\/span><span>Experiencias Inmersivas<\/span><span>Tecnolog\u00eda<\/span><\/p>\r\n                        <p class=\"cav_fancy_cat_serv\">Artes Visuales<span class=\"separador_cats\">|<\/span>Inmersivo 360<span class=\"separador_cats\">|<\/span>Realidad Virtual<span class=\"separador_cats\"<\/p>\r\n                        <p class=\"cav_fancy_description border-bottom\">Espacio multidisciplinar en el que interseccionan el arte, la tecnolog\u00eda y el bienestar. Es un estudio de experiencias inmersivas, proyecciones de arte abstracto y visuales 360, que se combinan con clases de yoga, meditaci\u00f3n y pilates.<\/p>\r\n                        <div class=\"cav_fancy_adress\"><p>Carrer de Muntaner 83B, Local 2<\/p>\n<p>08011, Barcelona<\/p>\n<p><a href=\"https:\/\/sabda.es\/\" target=\"_blank\" rel=\"noopener\">sabda.es<\/a><\/p>\n<\/div>\r\n                        <p class=\"cav_fancy_social\">  <a target=\"_blank\" href=\"https:\/\/www.instagram.com\/sabda_studio\/\"><img decoding=\"async\" src=\"https:\/\/www.clusteraudiovisual.cat\/wp-content\/themes\/enfold-child\/img\/icon-instagram.png\" alt=\"SABDA - Instagram\" \/><\/a>  <\/p>\r\n                <\/div><img decoding=\"async\" class=\"soci_item_logo img-fluid\" src=\"https:\/\/www.clusteraudiovisual.cat\/wp-content\/uploads\/2025\/07\/LogoSoci_SABDA.jpg\" alt=\"SABDA\" title=\"SABDA\" \/>\r\n                    <div class=\"soci_list_activ_container\" style=\"width: 100%;background: none;\">\r\n                               <p class=\"soci_list_activ mb-0\"><span>Distribuci\u00f3n - Exhibici\u00f3n<\/span><span>Experiencias Inmersivas<\/span><span>Tecnolog\u00eda<\/span><\/p>\r\n                               <p class=\"soci_list_serv mb-0\">Artes Visuales<span class=\"separador_cats\">|<\/span>Inmersivo 360<span class=\"separador_cats\">|<\/span>Realidad Virtual<span class=\"separador_cats\"<\/p>\r\n                    <\/div>\r\n                <\/div><\/div><div data-title=\"satisfaction iberia distribucion produccion-es television-es  factual-es ficcion formatos-tv-es no-ficcion eries telemovies-es \" data-actv=\"distribucion produccion-es television-es \" data-serv=\"factual-es ficcion formatos-tv-es no-ficcion eries telemovies-es \" class=\"col-12 col-md-4 mb-4 border-bottom soci_box\"><div class=\"soci_item text-center\"><a class=\"soci_item_overlay\" data-fancybox=\"40214\" data-src=\"#selectableModal40214\" href=\"javascript:;\">Satisfaction Iberia<\/a><div class=\"cav_fancy\" style=\"display: none;max-width:500px;\" id=\"selectableModal40214\">\r\n                        <div class=\"cav_fancy_logo text-center pb-4 border-bottom\"><img decoding=\"async\" class=\"soci_item_logo img-fluid\" src=\"https:\/\/www.clusteraudiovisual.cat\/wp-content\/uploads\/2024\/03\/LogoSoci_Satisfaction-Iberia.jpg\" alt=\"Satisfaction Iberia\" title=\"Satisfaction Iberia\" \/><\/div>\r\n                        <h3 class=\"cav_fancy_title\" data-selectable=\"true\">Satisfaction Iberia<\/h3>\r\n                        <p class=\"cav_fancy_cat_actv\"><span>Distribuci\u00f3n - Exhibici\u00f3n<\/span><span>Producci\u00f3n<\/span><span>Televisi\u00f3n<\/span><\/p>\r\n                        <p class=\"cav_fancy_cat_serv\">Factual<span class=\"separador_cats\">|<\/span>Ficci\u00f3n<span class=\"separador_cats\">|<\/span>Formatos TV<span class=\"separador_cats\">|<\/span>No ficci\u00f3n<span class=\"separador_cats\">|<\/span>Series<span class=\"separador_cats\">|<\/span>Telemovies<span class=\"separador_cats\"<\/p>\r\n                        <p class=\"cav_fancy_description border-bottom\">Productora de televisi\u00f3n con vocaci\u00f3n internacional con equipos y sedes en Barcelona y Madrid y participada por Satisfaction Group. Focalizados en cualquier g\u00e9nero de entretenimiento, ya sea factual, talent, quiz, reality o shiny floor shows y, adem\u00e1s, cuentan con IP y participaci\u00f3n en proyectos de ficci\u00f3n y documentales. Crean, desarrollan, adaptan y producen para Espa\u00f1a, Portugal, Am\u00e9rica Latina y US Hispanic.<\/p>\r\n                        <div class=\"cav_fancy_adress\"><p><a href=\"mailto:info@satisfactioniberia.com\" target=\"_blank\" rel=\"noopener\">info@satisfactioniberia.com<\/a><\/p>\n<p><a href=\"https:\/\/www.satisfactiongroup.com\/satisfaction-iberia\/\" target=\"_blank\" rel=\"noopener\">www.satisfactiongroup.com\/satisfaction-iberia<\/a><\/p>\n<p>&nbsp;<\/p>\n<\/div>\r\n                        <p class=\"cav_fancy_social\"><a target=\"_blank\" href=\"https:\/\/twitter.com\/SATISFACTION_TV\"><img decoding=\"async\" src=\"https:\/\/www.clusteraudiovisual.cat\/wp-content\/themes\/enfold-child\/img\/twitter.png\" alt=\"Satisfaction Iberia - Twitter\" \/><\/a> <a target=\"_blank\" href=\"https:\/\/www.facebook.com\/SatisfactionGroup\/\"><img decoding=\"async\" src=\"https:\/\/www.clusteraudiovisual.cat\/wp-content\/themes\/enfold-child\/img\/facebook.png\" alt=\"Satisfaction Iberia - Twitter\" \/><\/a> <a target=\"_blank\" href=\"https:\/\/www.instagram.com\/satisfactiongroup\/\"><img decoding=\"async\" src=\"https:\/\/www.clusteraudiovisual.cat\/wp-content\/themes\/enfold-child\/img\/icon-instagram.png\" alt=\"Satisfaction Iberia - Instagram\" \/><\/a>  <a target=\"_blank\" href=\"https:\/\/www.linkedin.com\/company\/satisfactiongroup\"><img decoding=\"async\" src=\"https:\/\/www.clusteraudiovisual.cat\/wp-content\/themes\/enfold-child\/img\/icon-linkedin.png\" alt=\"Satisfaction Iberia - Linkedin\" \/><\/a><\/p>\r\n                <\/div><img decoding=\"async\" class=\"soci_item_logo img-fluid\" src=\"https:\/\/www.clusteraudiovisual.cat\/wp-content\/uploads\/2024\/03\/LogoSoci_Satisfaction-Iberia.jpg\" alt=\"Satisfaction Iberia\" title=\"Satisfaction Iberia\" \/>\r\n                    <div class=\"soci_list_activ_container\" style=\"width: 100%;background: none;\">\r\n                               <p class=\"soci_list_activ mb-0\"><span>Distribuci\u00f3n - Exhibici\u00f3n<\/span><span>Producci\u00f3n<\/span><span>Televisi\u00f3n<\/span><\/p>\r\n                               <p class=\"soci_list_serv mb-0\">Factual<span class=\"separador_cats\">|<\/span>Ficci\u00f3n<span class=\"separador_cats\">|<\/span>Formatos TV<span class=\"separador_cats\">|<\/span>No ficci\u00f3n<span class=\"separador_cats\">|<\/span>Series<span class=\"separador_cats\">|<\/span>Telemovies<span class=\"separador_cats\"<\/p>\r\n                    <\/div>\r\n                <\/div><\/div><div data-title=\"segarra films distribucion produccion-es  ficcion \" data-actv=\"distribucion produccion-es \" data-serv=\"ficcion \" class=\"col-12 col-md-4 mb-4 border-bottom soci_box\"><div class=\"soci_item text-center\"><a class=\"soci_item_overlay\" data-fancybox=\"8128\" data-src=\"#selectableModal8128\" href=\"javascript:;\">Segarra Films<\/a><div class=\"cav_fancy\" style=\"display: none;max-width:500px;\" id=\"selectableModal8128\">\r\n                        <div class=\"cav_fancy_logo text-center pb-4 border-bottom\"><img decoding=\"async\" class=\"soci_item_logo img-fluid\" src=\"https:\/\/www.clusteraudiovisual.cat\/wp-content\/uploads\/2016\/11\/107.1500550898-segarra-films-1.jpg\" alt=\"Segarra Films\" title=\"Segarra Films\" \/><\/div>\r\n                        <h3 class=\"cav_fancy_title\" data-selectable=\"true\">Segarra Films<\/h3>\r\n                        <p class=\"cav_fancy_cat_actv\"><span>Distribuci\u00f3n - Exhibici\u00f3n<\/span><span>Producci\u00f3n<\/span><\/p>\r\n                        <p class=\"cav_fancy_cat_serv\">Ficci\u00f3n<span class=\"separador_cats\"<\/p>\r\n                        <p class=\"cav_fancy_description border-bottom\">Productora y distribuidora independiente especializada en el desarrollo y producci\u00f3n de largometrajes de ficci\u00f3n.<\/p>\r\n                        <div class=\"cav_fancy_adress\"><p>C\/ Juan de Garay, 13<\/p>\n<p>08041, Barcelona<\/p>\n<p>934 087 135<\/p>\n<p><a href=\"mailto:info@segarrafilms.eu\" target=\"_blank\" rel=\"noopener\">info@segarrafilms.eu<\/a><\/p>\n<p><a href=\"https:\/\/segarrafilms.eu\/es\/portada-2\/\" target=\"_blank\" rel=\"noopener\">www.segarrafilms.eu<\/a><\/p>\n<\/div>\r\n                        <p class=\"cav_fancy_social\"><a target=\"_blank\" href=\"https:\/\/twitter.com\/SegarraCine\"><img decoding=\"async\" src=\"https:\/\/www.clusteraudiovisual.cat\/wp-content\/themes\/enfold-child\/img\/twitter.png\" alt=\"Segarra Films - Twitter\" \/><\/a> <a target=\"_blank\" href=\"https:\/\/www.facebook.com\/segarrafilms\"><img decoding=\"async\" src=\"https:\/\/www.clusteraudiovisual.cat\/wp-content\/themes\/enfold-child\/img\/facebook.png\" alt=\"Segarra Films - Twitter\" \/><\/a> <a target=\"_blank\" href=\"https:\/\/www.instagram.com\/segarrafilms\/?hl=es\"><img decoding=\"async\" src=\"https:\/\/www.clusteraudiovisual.cat\/wp-content\/themes\/enfold-child\/img\/icon-instagram.png\" alt=\"Segarra Films - Instagram\" \/><\/a> <a target=\"_blank\" href=\"https:\/\/www.youtube.com\/channel\/UCvsG5prrVUP45u6fn5zz60w\/featured\"><img decoding=\"async\" src=\"https:\/\/www.clusteraudiovisual.cat\/wp-content\/themes\/enfold-child\/img\/icon-youtube.png\" alt=\"Segarra Films - Youtube\" \/><\/a> <a target=\"_blank\" href=\"https:\/\/es.linkedin.com\/company\/segarra-films-sl\"><img decoding=\"async\" src=\"https:\/\/www.clusteraudiovisual.cat\/wp-content\/themes\/enfold-child\/img\/icon-linkedin.png\" alt=\"Segarra Films - Linkedin\" \/><\/a><\/p>\r\n                <\/div><img decoding=\"async\" class=\"soci_item_logo img-fluid\" src=\"https:\/\/www.clusteraudiovisual.cat\/wp-content\/uploads\/2016\/11\/107.1500550898-segarra-films-1.jpg\" alt=\"Segarra Films\" title=\"Segarra Films\" \/>\r\n                    <div class=\"soci_list_activ_container\" style=\"width: 100%;background: none;\">\r\n                               <p class=\"soci_list_activ mb-0\"><span>Distribuci\u00f3n - Exhibici\u00f3n<\/span><span>Producci\u00f3n<\/span><\/p>\r\n                               <p class=\"soci_list_serv mb-0\">Ficci\u00f3n<span class=\"separador_cats\"<\/p>\r\n                    <\/div>\r\n                <\/div><\/div><div data-title=\"selectavision distribucion produccion-es television-es videojuego-es  animacion-es formatos-tv-es largometrajes-es publishers-es telemovies-es videojuegos \" data-actv=\"distribucion produccion-es television-es videojuego-es \" data-serv=\"animacion-es formatos-tv-es largometrajes-es publishers-es telemovies-es videojuegos \" class=\"col-12 col-md-4 mb-4 border-bottom soci_box\"><div class=\"soci_item text-center\"><a class=\"soci_item_overlay\" data-fancybox=\"39803\" data-src=\"#selectableModal39803\" href=\"javascript:;\">SelectaVisi\u00f3n<\/a><div class=\"cav_fancy\" style=\"display: none;max-width:500px;\" id=\"selectableModal39803\">\r\n                        <div class=\"cav_fancy_logo text-center pb-4 border-bottom\"><img decoding=\"async\" class=\"soci_item_logo img-fluid\" src=\"https:\/\/www.clusteraudiovisual.cat\/wp-content\/uploads\/2024\/02\/LogoSoci_SelectaVision.jpg\" alt=\"SelectaVisi\u00f3n\" title=\"SelectaVisi\u00f3n\" \/><\/div>\r\n                        <h3 class=\"cav_fancy_title\" data-selectable=\"true\">SelectaVisi\u00f3n<\/h3>\r\n                        <p class=\"cav_fancy_cat_actv\"><span>Distribuci\u00f3n - Exhibici\u00f3n<\/span><span>Producci\u00f3n<\/span><span>Televisi\u00f3n<\/span><span>Videojuego<\/span><\/p>\r\n                        <p class=\"cav_fancy_cat_serv\">Animaci\u00f3n<span class=\"separador_cats\">|<\/span>Formatos TV<span class=\"separador_cats\">|<\/span>Largometrajes<span class=\"separador_cats\">|<\/span>Publishers<span class=\"separador_cats\">|<\/span>Telemovies<span class=\"separador_cats\">|<\/span>Videojuegos<span class=\"separador_cats\"<\/p>\r\n                        <p class=\"cav_fancy_description border-bottom\">Dedicada a la gesti\u00f3n de derechos de contenidos audiovisuales y de entretenimiento para su explotaci\u00f3n en salas cinematogr\u00e1ficas, televisi\u00f3n y plataformas digitales, Home Entertainment y videojuegos. Su cat\u00e1logo incluye no s\u00f3lo Largometrajes, Series y TV Movies de imagen real, tambi\u00e9n animaci\u00f3n donde son l\u00edderes en Anime (Animaci\u00f3n Japonesa). Tambi\u00e9n crean y producen programas de televisi\u00f3n y entretenimiento.<\/p>\r\n                        <div class=\"cav_fancy_adress\"><p>C\/ Calatrava, 6, baixos<\/p>\n<p>08017, Barcelona<\/p>\n<p>933 278 092<\/p>\n<p><a href=\"https:\/\/www.selecta-vision.com\/\" target=\"_blank\" rel=\"noopener\">www.selecta-vision.com<\/a><\/p>\n<\/div>\r\n                        <p class=\"cav_fancy_social\"><a target=\"_blank\" href=\"https:\/\/twitter.com\/SelectaVision\"><img decoding=\"async\" src=\"https:\/\/www.clusteraudiovisual.cat\/wp-content\/themes\/enfold-child\/img\/twitter.png\" alt=\"SelectaVisi\u00f3n - Twitter\" \/><\/a> <a target=\"_blank\" href=\"https:\/\/www.facebook.com\/SelectaVision\/\"><img decoding=\"async\" src=\"https:\/\/www.clusteraudiovisual.cat\/wp-content\/themes\/enfold-child\/img\/facebook.png\" alt=\"SelectaVisi\u00f3n - Twitter\" \/><\/a> <a target=\"_blank\" href=\"https:\/\/www.instagram.com\/selectavision\/\"><img decoding=\"async\" src=\"https:\/\/www.clusteraudiovisual.cat\/wp-content\/themes\/enfold-child\/img\/icon-instagram.png\" alt=\"SelectaVisi\u00f3n - Instagram\" \/><\/a> <a target=\"_blank\" href=\"https:\/\/www.youtube.com\/user\/manga\"><img decoding=\"async\" src=\"https:\/\/www.clusteraudiovisual.cat\/wp-content\/themes\/enfold-child\/img\/icon-youtube.png\" alt=\"SelectaVisi\u00f3n - Youtube\" \/><\/a> <\/p>\r\n                <\/div><img decoding=\"async\" class=\"soci_item_logo img-fluid\" src=\"https:\/\/www.clusteraudiovisual.cat\/wp-content\/uploads\/2024\/02\/LogoSoci_SelectaVision.jpg\" alt=\"SelectaVisi\u00f3n\" title=\"SelectaVisi\u00f3n\" \/>\r\n                    <div class=\"soci_list_activ_container\" style=\"width: 100%;background: none;\">\r\n                               <p class=\"soci_list_activ mb-0\"><span>Distribuci\u00f3n - Exhibici\u00f3n<\/span><span>Producci\u00f3n<\/span><span>Televisi\u00f3n<\/span><span>Videojuego<\/span><\/p>\r\n                               <p class=\"soci_list_serv mb-0\">Animaci\u00f3n<span class=\"separador_cats\">|<\/span>Formatos TV<span class=\"separador_cats\">|<\/span>Largometrajes<span class=\"separador_cats\">|<\/span>Publishers<span class=\"separador_cats\">|<\/span>Telemovies<span class=\"separador_cats\">|<\/span>Videojuegos<span class=\"separador_cats\"<\/p>\r\n                    <\/div>\r\n                <\/div><\/div><div data-title=\"serielizados distribucion  festivales ficcion eries \" data-actv=\"distribucion \" data-serv=\"festivales ficcion eries \" class=\"col-12 col-md-4 mb-4 border-bottom soci_box\"><div class=\"soci_item text-center\"><a class=\"soci_item_overlay\" data-fancybox=\"8200\" data-src=\"#selectableModal8200\" href=\"javascript:;\">Serielizados<\/a><div class=\"cav_fancy\" style=\"display: none;max-width:500px;\" id=\"selectableModal8200\">\r\n                        <div class=\"cav_fancy_logo text-center pb-4 border-bottom\"><img decoding=\"async\" class=\"soci_item_logo img-fluid\" src=\"https:\/\/www.clusteraudiovisual.cat\/wp-content\/uploads\/2019\/03\/108.SerielizadosLogo.jpg\" alt=\"Serielizados\" title=\"Serielizados\" \/><\/div>\r\n                        <h3 class=\"cav_fancy_title\" data-selectable=\"true\">Serielizados<\/h3>\r\n                        <p class=\"cav_fancy_cat_actv\"><span>Distribuci\u00f3n - Exhibici\u00f3n<\/span><\/p>\r\n                        <p class=\"cav_fancy_cat_serv\">Festivales<span class=\"separador_cats\">|<\/span>Ficci\u00f3n<span class=\"separador_cats\">|<\/span>Series<span class=\"separador_cats\"<\/p>\r\n                        <p class=\"cav_fancy_description border-bottom\">Revista online dedicada al an\u00e1lisis y opini\u00f3n de series de televisi\u00f3n y todo lo que desprende de la cultura pop televisiva. Tambi\u00e9n organizan el festival de series Serielizados Fest.<\/p>\r\n                        <div class=\"cav_fancy_adress\"><p><a href=\"mailto:contacto@serielizados.com\" target=\"_blank\" rel=\"noopener\">contacto@serielizados.com<\/a><\/p>\n<p><a href=\"https:\/\/serielizados.com\/\" target=\"_blank\" rel=\"noopener\">www.serielizados.com<\/a><\/p>\n<\/div>\r\n                        <p class=\"cav_fancy_social\"><a target=\"_blank\" href=\"https:\/\/twitter.com\/serielizados\"><img decoding=\"async\" src=\"https:\/\/www.clusteraudiovisual.cat\/wp-content\/themes\/enfold-child\/img\/twitter.png\" alt=\"Serielizados - Twitter\" \/><\/a> <a target=\"_blank\" href=\"https:\/\/www.facebook.com\/serielizados\"><img decoding=\"async\" src=\"https:\/\/www.clusteraudiovisual.cat\/wp-content\/themes\/enfold-child\/img\/facebook.png\" alt=\"Serielizados - Twitter\" \/><\/a> <a target=\"_blank\" href=\"https:\/\/www.instagram.com\/serielizadosmag\/\"><img decoding=\"async\" src=\"https:\/\/www.clusteraudiovisual.cat\/wp-content\/themes\/enfold-child\/img\/icon-instagram.png\" alt=\"Serielizados - Instagram\" \/><\/a> <a target=\"_blank\" href=\"https:\/\/www.youtube.com\/user\/serielizadostv\"><img decoding=\"async\" src=\"https:\/\/www.clusteraudiovisual.cat\/wp-content\/themes\/enfold-child\/img\/icon-youtube.png\" alt=\"Serielizados - Youtube\" \/><\/a> <\/p>\r\n                <\/div><img decoding=\"async\" class=\"soci_item_logo img-fluid\" src=\"https:\/\/www.clusteraudiovisual.cat\/wp-content\/uploads\/2019\/03\/108.SerielizadosLogo.jpg\" alt=\"Serielizados\" title=\"Serielizados\" \/>\r\n                    <div class=\"soci_list_activ_container\" style=\"width: 100%;background: none;\">\r\n                               <p class=\"soci_list_activ mb-0\"><span>Distribuci\u00f3n - Exhibici\u00f3n<\/span><\/p>\r\n                               <p class=\"soci_list_serv mb-0\">Festivales<span class=\"separador_cats\">|<\/span>Ficci\u00f3n<span class=\"separador_cats\">|<\/span>Series<span class=\"separador_cats\"<\/p>\r\n                    <\/div>\r\n                <\/div><\/div><div data-title=\"sertram servicios-es tecnologia-es videojuego-es  telecomunicaciones videojuegos \" data-actv=\"servicios-es tecnologia-es videojuego-es \" data-serv=\"telecomunicaciones videojuegos \" class=\"col-12 col-md-4 mb-4 border-bottom soci_box\"><div class=\"soci_item text-center\"><a class=\"soci_item_overlay\" data-fancybox=\"33865\" data-src=\"#selectableModal33865\" href=\"javascript:;\">Sertram<\/a><div class=\"cav_fancy\" style=\"display: none;max-width:500px;\" id=\"selectableModal33865\">\r\n                        <div class=\"cav_fancy_logo text-center pb-4 border-bottom\"><img decoding=\"async\" class=\"soci_item_logo img-fluid\" src=\"https:\/\/www.clusteraudiovisual.cat\/wp-content\/uploads\/2023\/07\/Logo_Sertram.jpg\" alt=\"Sertram\" title=\"Sertram\" \/><\/div>\r\n                        <h3 class=\"cav_fancy_title\" data-selectable=\"true\">Sertram<\/h3>\r\n                        <p class=\"cav_fancy_cat_actv\"><span>Servicios<\/span><span>Tecnolog\u00eda<\/span><span>Videojuego<\/span><\/p>\r\n                        <p class=\"cav_fancy_cat_serv\">Telecomunicaciones<span class=\"separador_cats\">|<\/span>Videojuegos<span class=\"separador_cats\"<\/p>\r\n                        <p class=\"cav_fancy_description border-bottom\">Complejo Tecnol\u00f3gico con un punto neutro de interconexi\u00f3n y con oficinas en las que se pueden instalar empresas y formar parte de un ecosistema empresarial \u00fanico en Espa\u00f1a y uno de los pocos de Europa. Concentra principalmente empresas del sector de las telecomunicaciones, transporte, log\u00edstica y videojuegos.<\/p>\r\n                        <div class=\"cav_fancy_adress\"><p>C\/ de l&#8217;Acer, 30<\/p>\n<p>08038, Barcelona<\/p>\n<p>932 230 098<\/p>\n<p><a href=\"mailto:comercialST@sertram.es\" target=\"_blank\" rel=\"noopener\">comercialST@sertram.es<\/a><\/p>\n<p><a href=\"https:\/\/sertram.es\/ca\/\" target=\"_blank\" rel=\"noopener\">www.sertram.es<\/a><\/p>\n<\/div>\r\n                        <p class=\"cav_fancy_social\"><a target=\"_blank\" href=\"https:\/\/twitter.com\/sertram\"><img decoding=\"async\" src=\"https:\/\/www.clusteraudiovisual.cat\/wp-content\/themes\/enfold-child\/img\/twitter.png\" alt=\"Sertram - Twitter\" \/><\/a> <a target=\"_blank\" href=\"https:\/\/www.facebook.com\/ByteCells\/\"><img decoding=\"async\" src=\"https:\/\/www.clusteraudiovisual.cat\/wp-content\/themes\/enfold-child\/img\/facebook.png\" alt=\"Sertram - Twitter\" \/><\/a> <a target=\"_blank\" href=\"https:\/\/www.instagram.com\/sertramcomplejotecnologico\/\"><img decoding=\"async\" src=\"https:\/\/www.clusteraudiovisual.cat\/wp-content\/themes\/enfold-child\/img\/icon-instagram.png\" alt=\"Sertram - Instagram\" \/><\/a>  <\/p>\r\n                <\/div><img decoding=\"async\" class=\"soci_item_logo img-fluid\" src=\"https:\/\/www.clusteraudiovisual.cat\/wp-content\/uploads\/2023\/07\/Logo_Sertram.jpg\" alt=\"Sertram\" title=\"Sertram\" \/>\r\n                    <div class=\"soci_list_activ_container\" style=\"width: 100%;background: none;\">\r\n                               <p class=\"soci_list_activ mb-0\"><span>Servicios<\/span><span>Tecnolog\u00eda<\/span><span>Videojuego<\/span><\/p>\r\n                               <p class=\"soci_list_serv mb-0\">Telecomunicaciones<span class=\"separador_cats\">|<\/span>Videojuegos<span class=\"separador_cats\"<\/p>\r\n                    <\/div>\r\n                <\/div><\/div><div data-title=\"shoot estudios espais-audiovisuals-es servicios-es  alquiler-de-equipos-es platos-es servicios-de-produccion \" data-actv=\"espais-audiovisuals-es servicios-es \" data-serv=\"alquiler-de-equipos-es platos-es servicios-de-produccion \" class=\"col-12 col-md-4 mb-4 border-bottom soci_box\"><div class=\"soci_item text-center\"><a class=\"soci_item_overlay\" data-fancybox=\"48852\" data-src=\"#selectableModal48852\" href=\"javascript:;\">Shoot Estudios<\/a><div class=\"cav_fancy\" style=\"display: none;max-width:500px;\" id=\"selectableModal48852\">\r\n                        <div class=\"cav_fancy_logo text-center pb-4 border-bottom\"><img decoding=\"async\" class=\"soci_item_logo img-fluid\" src=\"https:\/\/www.clusteraudiovisual.cat\/wp-content\/uploads\/2025\/05\/LogoSoci_Shoot-Estudios.jpg\" alt=\"Shoot Estudios\" title=\"Shoot Estudios\" \/><\/div>\r\n                        <h3 class=\"cav_fancy_title\" data-selectable=\"true\">Shoot Estudios<\/h3>\r\n                        <p class=\"cav_fancy_cat_actv\"><span>Espacios Audiovisuales<\/span><span>Servicios<\/span><\/p>\r\n                        <p class=\"cav_fancy_cat_serv\">Alquiler de equipos<span class=\"separador_cats\">|<\/span>Plat\u00f3s<span class=\"separador_cats\">|<\/span>Servicios de producci\u00f3n<span class=\"separador_cats\"<\/p>\r\n                        <p class=\"cav_fancy_description border-bottom\">Con m\u00e1s de 14 a\u00f1os de experiencia, shoot. ha evolucionado de estudio fotogr\u00e1fico a ofrecer 5 localizaciones en el centro de Barcelona donde se recrean distintos escenarios naturales. Alquilan estudios fotogr\u00e1ficos, plat\u00f3 para rodajes publicitarios, pel\u00edculas, series, espacios para reuniones y eventos corporativos y mucho m\u00e1s.<\/p>\r\n                        <div class=\"cav_fancy_adress\"><div class=\"grve-element grve-box-icon grve-align-left grve-small\">\n<div class=\"grve-box-content\">\n<p>Pla\u00e7a Tetuan, 27, Local 1<\/p>\n<p>08010, Barcelona<\/p>\n<p class=\"grve-box-title grve-h6\">601 042 393<\/p>\n<\/div>\n<\/div>\n<div class=\"grve-element grve-box-icon grve-align-left grve-small\">\n<div class=\"grve-box-content\">\n<p class=\"grve-box-title grve-h6\"><a href=\"mailto:reservas@shootestudios.com\" target=\"_blank\" rel=\"noopener\">reservas@shootestudios.com<\/a><\/p>\n<\/div>\n<\/div>\n<p><a href=\"https:\/\/shootestudios.com\/ca\/\" target=\"_blank\" rel=\"noopener\">shootestudios.com<\/a><\/p>\n<\/div>\r\n                        <p class=\"cav_fancy_social\"><a target=\"_blank\" href=\"https:\/\/x.com\/shootestudios\"><img decoding=\"async\" src=\"https:\/\/www.clusteraudiovisual.cat\/wp-content\/themes\/enfold-child\/img\/twitter.png\" alt=\"Shoot Estudios - Twitter\" \/><\/a> <a target=\"_blank\" href=\"https:\/\/www.facebook.com\/ShootEstudios\/\"><img decoding=\"async\" src=\"https:\/\/www.clusteraudiovisual.cat\/wp-content\/themes\/enfold-child\/img\/facebook.png\" alt=\"Shoot Estudios - Twitter\" \/><\/a> <a target=\"_blank\" href=\"https:\/\/www.instagram.com\/shootestudios\/#\"><img decoding=\"async\" src=\"https:\/\/www.clusteraudiovisual.cat\/wp-content\/themes\/enfold-child\/img\/icon-instagram.png\" alt=\"Shoot Estudios - Instagram\" \/><\/a> <a target=\"_blank\" href=\"https:\/\/www.youtube.com\/shoot115\"><img decoding=\"async\" src=\"https:\/\/www.clusteraudiovisual.cat\/wp-content\/themes\/enfold-child\/img\/icon-youtube.png\" alt=\"Shoot Estudios - Youtube\" \/><\/a> <\/p>\r\n                <\/div><img decoding=\"async\" class=\"soci_item_logo img-fluid\" src=\"https:\/\/www.clusteraudiovisual.cat\/wp-content\/uploads\/2025\/05\/LogoSoci_Shoot-Estudios.jpg\" alt=\"Shoot Estudios\" title=\"Shoot Estudios\" \/>\r\n                    <div class=\"soci_list_activ_container\" style=\"width: 100%;background: none;\">\r\n                               <p class=\"soci_list_activ mb-0\"><span>Espacios Audiovisuales<\/span><span>Servicios<\/span><\/p>\r\n                               <p class=\"soci_list_serv mb-0\">Alquiler de equipos<span class=\"separador_cats\">|<\/span>Plat\u00f3s<span class=\"separador_cats\">|<\/span>Servicios de producci\u00f3n<span class=\"separador_cats\"<\/p>\r\n                    <\/div>\r\n                <\/div><\/div><div data-title=\"sonar distribucion tecnologia-es  festivales musica-es \" data-actv=\"distribucion tecnologia-es \" data-serv=\"festivales musica-es \" class=\"col-12 col-md-4 mb-4 border-bottom soci_box\"><div class=\"soci_item text-center\"><a class=\"soci_item_overlay\" data-fancybox=\"40309\" data-src=\"#selectableModal40309\" href=\"javascript:;\">S\u00f3nar<\/a><div class=\"cav_fancy\" style=\"display: none;max-width:500px;\" id=\"selectableModal40309\">\r\n                        <div class=\"cav_fancy_logo text-center pb-4 border-bottom\"><img decoding=\"async\" class=\"soci_item_logo img-fluid\" src=\"https:\/\/www.clusteraudiovisual.cat\/wp-content\/uploads\/2024\/04\/LogoSoci_Sonar.jpg\" alt=\"S\u00f3nar\" title=\"S\u00f3nar\" \/><\/div>\r\n                        <h3 class=\"cav_fancy_title\" data-selectable=\"true\">S\u00f3nar<\/h3>\r\n                        <p class=\"cav_fancy_cat_actv\"><span>Distribuci\u00f3n - Exhibici\u00f3n<\/span><span>Tecnolog\u00eda<\/span><\/p>\r\n                        <p class=\"cav_fancy_cat_serv\">Festivales<span class=\"separador_cats\">|<\/span>M\u00fasica<span class=\"separador_cats\"<\/p>\r\n                        <p class=\"cav_fancy_description border-bottom\">El Festival Internacional de M\u00fasica, Creatividad y Tecnolog\u00eda S\u00f3nar, organizado por Advanced Music, es un festival de m\u00fasica electr\u00f3nica y experimental de \u00e1mbito internacional que se celebra cada mes de junio en Barcelona. El festival se compone de dos espacios: por un lado el festival ofrece conciertos de m\u00fasica en vivo y actuaciones multidisciplinares y, por otro, el espacio de cocreaci\u00f3n y encuentro para profesionales S\u00f3nar+D, donde se exponen los avances m\u00e1s l\u00edderes en el campo de la tecnolog\u00eda, la m\u00fasica y la creatividad contempor\u00e1nea.<\/p>\r\n                        <div class=\"cav_fancy_adress\"><p><a href=\"https:\/\/sonar.es\/ca\" target=\"_blank\" rel=\"noopener\">www.sonar.es<\/a><\/p>\n<\/div>\r\n                        <p class=\"cav_fancy_social\"><a target=\"_blank\" href=\"https:\/\/twitter.com\/SonarFestival\"><img decoding=\"async\" src=\"https:\/\/www.clusteraudiovisual.cat\/wp-content\/themes\/enfold-child\/img\/twitter.png\" alt=\"S\u00f3nar - Twitter\" \/><\/a> <a target=\"_blank\" href=\"https:\/\/www.facebook.com\/SonarFestival\"><img decoding=\"async\" src=\"https:\/\/www.clusteraudiovisual.cat\/wp-content\/themes\/enfold-child\/img\/facebook.png\" alt=\"S\u00f3nar - Twitter\" \/><\/a> <a target=\"_blank\" href=\"https:\/\/www.instagram.com\/sonarfestival\/\"><img decoding=\"async\" src=\"https:\/\/www.clusteraudiovisual.cat\/wp-content\/themes\/enfold-child\/img\/icon-instagram.png\" alt=\"S\u00f3nar - Instagram\" \/><\/a> <a target=\"_blank\" href=\"https:\/\/www.youtube.com\/@SonarFestival\"><img decoding=\"async\" src=\"https:\/\/www.clusteraudiovisual.cat\/wp-content\/themes\/enfold-child\/img\/icon-youtube.png\" alt=\"S\u00f3nar - Youtube\" \/><\/a> <\/p>\r\n                <\/div><img decoding=\"async\" class=\"soci_item_logo img-fluid\" src=\"https:\/\/www.clusteraudiovisual.cat\/wp-content\/uploads\/2024\/04\/LogoSoci_Sonar.jpg\" alt=\"S\u00f3nar\" title=\"S\u00f3nar\" \/>\r\n                    <div class=\"soci_list_activ_container\" style=\"width: 100%;background: none;\">\r\n                               <p class=\"soci_list_activ mb-0\"><span>Distribuci\u00f3n - Exhibici\u00f3n<\/span><span>Tecnolog\u00eda<\/span><\/p>\r\n                               <p class=\"soci_list_serv mb-0\">Festivales<span class=\"separador_cats\">|<\/span>M\u00fasica<span class=\"separador_cats\"<\/p>\r\n                    <\/div>\r\n                <\/div><\/div><div data-title=\"sonilab studios produccion-es publicidad-es servicios-es  doblaje-es edicio-es estudios-de-grabacion servicios-de-produccion sonido subtitulado-es transcripcion videojuegos \" data-actv=\"produccion-es publicidad-es servicios-es \" data-serv=\"doblaje-es edicio-es estudios-de-grabacion servicios-de-produccion sonido subtitulado-es transcripcion videojuegos \" class=\"col-12 col-md-4 mb-4 border-bottom soci_box\"><div class=\"soci_item text-center\"><a class=\"soci_item_overlay\" data-fancybox=\"40916\" data-src=\"#selectableModal40916\" href=\"javascript:;\">Sonilab Studios<\/a><div class=\"cav_fancy\" style=\"display: none;max-width:500px;\" id=\"selectableModal40916\">\r\n                        <div class=\"cav_fancy_logo text-center pb-4 border-bottom\"><img decoding=\"async\" class=\"soci_item_logo img-fluid\" src=\"https:\/\/www.clusteraudiovisual.cat\/wp-content\/uploads\/2024\/05\/LogoSoci_Sonilab.jpg\" alt=\"Sonilab Studios\" title=\"Sonilab Studios\" \/><\/div>\r\n                        <h3 class=\"cav_fancy_title\" data-selectable=\"true\">Sonilab Studios<\/h3>\r\n                        <p class=\"cav_fancy_cat_actv\"><span>Producci\u00f3n<\/span><span>Publicidad<\/span><span>Servicios<\/span><\/p>\r\n                        <p class=\"cav_fancy_cat_serv\">Doblaje<span class=\"separador_cats\">|<\/span>Edici\u00f3n<span class=\"separador_cats\">|<\/span>Estudios de grabaci\u00f3n<span class=\"separador_cats\">|<\/span>Servicios de producci\u00f3n<span class=\"separador_cats\">|<\/span>Sonido<span class=\"separador_cats\">|<\/span>Subtitulado<span class=\"separador_cats\">|<\/span>Transcripci\u00f3n<span class=\"separador_cats\">|<\/span>Videojuegos<span class=\"separador_cats\"<\/p>\r\n                        <p class=\"cav_fancy_description border-bottom\">Estudio con m\u00e1s de dos d\u00e9cadas de experiencia dise\u00f1ando sonido en el sector audiovisual. Cuenta con unas instalaciones de 1500 m2 y ofrecen servicios de doblaje y locuci\u00f3n para todo tipo de proyectos audiovisuales, desde ficci\u00f3n hasta videojuegos. Tambi\u00e9n disponen de laboratorios la edici\u00f3n y elaboraci\u00f3n de M\u00e1steres Digitales.<\/p>\r\n                        <div class=\"cav_fancy_adress\"><p>Carretera de Molins de Rei, 133<\/p>\n<p>08205, Sabadell, Barcelona<\/p>\n<p>937 124 564<\/p>\n<p><a href=\"mailto:info@sonilab.com\">info@sonilab.com<\/a><\/p>\n<p><a href=\"https:\/\/sonilab.com\/ca\/\">www.sonilab.com<\/a><\/p>\n<\/div>\r\n                        <p class=\"cav_fancy_social\">    <a target=\"_blank\" href=\"https:\/\/www.linkedin.com\/company\/sonilabstudios\/?originalSubdomain=es\"><img decoding=\"async\" src=\"https:\/\/www.clusteraudiovisual.cat\/wp-content\/themes\/enfold-child\/img\/icon-linkedin.png\" alt=\"Sonilab Studios - Linkedin\" \/><\/a><\/p>\r\n                <\/div><img decoding=\"async\" class=\"soci_item_logo img-fluid\" src=\"https:\/\/www.clusteraudiovisual.cat\/wp-content\/uploads\/2024\/05\/LogoSoci_Sonilab.jpg\" alt=\"Sonilab Studios\" title=\"Sonilab Studios\" \/>\r\n                    <div class=\"soci_list_activ_container\" style=\"width: 100%;background: none;\">\r\n                               <p class=\"soci_list_activ mb-0\"><span>Producci\u00f3n<\/span><span>Publicidad<\/span><span>Servicios<\/span><\/p>\r\n                               <p class=\"soci_list_serv mb-0\">Doblaje<span class=\"separador_cats\">|<\/span>Edici\u00f3n<span class=\"separador_cats\">|<\/span>Estudios de grabaci\u00f3n<span class=\"separador_cats\">|<\/span>Servicios de producci\u00f3n<span class=\"separador_cats\">|<\/span>Sonido<span class=\"separador_cats\">|<\/span>Subtitulado<span class=\"separador_cats\">|<\/span>Transcripci\u00f3n<span class=\"separador_cats\">|<\/span>Videojuegos<span class=\"separador_cats\"<\/p>\r\n                    <\/div>\r\n                <\/div><\/div><div data-title=\"sono espais-audiovisuals-es experiencias-inmersivas-es integrated-systems-es postproduccion-es produccion-es servicios-es tecnologia-es  alquiler-de-equipos-es broadcast-es congresos-es esdeveniments-es exposiciones-es hologramas instalaciones-es mapping-es materials-audiovisuals-es mice-es museistica-es parques-audiovisuales platos-es produccion-virtual realidad-aumentada realidad-virtual showrooms-es sonido streaming-es telecomunicaciones tic-audiovisual-es \" data-actv=\"espais-audiovisuals-es experiencias-inmersivas-es integrated-systems-es postproduccion-es produccion-es servicios-es tecnologia-es \" data-serv=\"alquiler-de-equipos-es broadcast-es congresos-es esdeveniments-es exposiciones-es hologramas instalaciones-es mapping-es materials-audiovisuals-es mice-es museistica-es parques-audiovisuales platos-es produccion-virtual realidad-aumentada realidad-virtual showrooms-es sonido streaming-es telecomunicaciones tic-audiovisual-es \" class=\"col-12 col-md-4 mb-4 border-bottom soci_box\"><div class=\"soci_item text-center\"><a class=\"soci_item_overlay\" data-fancybox=\"8220\" data-src=\"#selectableModal8220\" href=\"javascript:;\">Sono<\/a><div class=\"cav_fancy\" style=\"display: none;max-width:500px;\" id=\"selectableModal8220\">\r\n                        <div class=\"cav_fancy_logo text-center pb-4 border-bottom\"><img decoding=\"async\" class=\"soci_item_logo img-fluid\" src=\"https:\/\/www.clusteraudiovisual.cat\/wp-content\/uploads\/2020\/02\/109.Logo_Sono_Simple.jpg\" alt=\"Sono\" title=\"Sono\" \/><\/div>\r\n                        <h3 class=\"cav_fancy_title\" data-selectable=\"true\">Sono<\/h3>\r\n                        <p class=\"cav_fancy_cat_actv\"><span>Espacios Audiovisuales<\/span><span>Experiencias Inmersivas<\/span><span>Integrated Systems<\/span><span>Postproducci\u00f3n<\/span><span>Producci\u00f3n<\/span><span>Servicios<\/span><span>Tecnolog\u00eda<\/span><\/p>\r\n                        <p class=\"cav_fancy_cat_serv\">Alquiler de equipos<span class=\"separador_cats\">|<\/span>Broadcast<span class=\"separador_cats\">|<\/span>Congresos<span class=\"separador_cats\">|<\/span>Eventos<span class=\"separador_cats\">|<\/span>Exposiciones<span class=\"separador_cats\">|<\/span>Hologramas<span class=\"separador_cats\">|<\/span>Instalaciones<span class=\"separador_cats\">|<\/span>Mapping<span class=\"separador_cats\">|<\/span>Material audiovisual<span class=\"separador_cats\">|<\/span>MICE<span class=\"separador_cats\">|<\/span>Muse\u00edstica<span class=\"separador_cats\">|<\/span>Parques Audiovisuales<span class=\"separador_cats\">|<\/span>Plat\u00f3s<span class=\"separador_cats\">|<\/span>Producci\u00f3n Virtual<span class=\"separador_cats\">|<\/span>Realidad Aumentada<span class=\"separador_cats\">|<\/span>Realidad Virtual<span class=\"separador_cats\">|<\/span>Showrooms<span class=\"separador_cats\">|<\/span>Sonido<span class=\"separador_cats\">|<\/span>Streaming<span class=\"separador_cats\">|<\/span>Telecomunicaciones<span class=\"separador_cats\">|<\/span>TIC Audiovisual<span class=\"separador_cats\"<\/p>\r\n                        <p class=\"cav_fancy_description border-bottom\">Empresa l\u00edder en servicios audiovisuales, que ofrece soluciones integrales para eventos, proyectos de integraci\u00f3n y muse\u00edsticos e instalaciones audiovisuales, con sede en Barcelona, Madrid y Sevilla con plat\u00f3s f\u00edsicos y virtuales totalmente equipados con la \u00faltima tecnolog\u00eda, con casi 50 a\u00f1os trayectoria en la creaci\u00f3n de experiencias audiovisuales.<\/p>\r\n                        <div class=\"cav_fancy_adress\"><p>C\/ del Progr\u00e9s, 29 (Pol. Industrial Almeda)<\/p>\n<p>08940, Cornell\u00e0 de Llobregat<\/p>\n<p>934 801 000<\/p>\n<p><a href=\"mailto:sono@sono.es\" target=\"_blank\" rel=\"noopener\">sono@sono.es<\/a><\/p>\n<p><a href=\"https:\/\/www.sono.es\/ca\/\" target=\"_blank\" rel=\"noopener\">www.sono.es<\/a><\/p>\n<\/div>\r\n                        <p class=\"cav_fancy_social\"><a target=\"_blank\" href=\"https:\/\/twitter.com\/SonoTecnologia\"><img decoding=\"async\" src=\"https:\/\/www.clusteraudiovisual.cat\/wp-content\/themes\/enfold-child\/img\/twitter.png\" alt=\"Sono - Twitter\" \/><\/a> <a target=\"_blank\" href=\"https:\/\/www.facebook.com\/SonoTecnologiaAudiovisual\"><img decoding=\"async\" src=\"https:\/\/www.clusteraudiovisual.cat\/wp-content\/themes\/enfold-child\/img\/facebook.png\" alt=\"Sono - Twitter\" \/><\/a> <a target=\"_blank\" href=\"https:\/\/www.instagram.com\/sonotecnologia\/\"><img decoding=\"async\" src=\"https:\/\/www.clusteraudiovisual.cat\/wp-content\/themes\/enfold-child\/img\/icon-instagram.png\" alt=\"Sono - Instagram\" \/><\/a> <a target=\"_blank\" href=\"https:\/\/www.youtube.com\/user\/SonoTecnologia\"><img decoding=\"async\" src=\"https:\/\/www.clusteraudiovisual.cat\/wp-content\/themes\/enfold-child\/img\/icon-youtube.png\" alt=\"Sono - Youtube\" \/><\/a> <a target=\"_blank\" href=\"https:\/\/www.linkedin.com\/company\/sono\"><img decoding=\"async\" src=\"https:\/\/www.clusteraudiovisual.cat\/wp-content\/themes\/enfold-child\/img\/icon-linkedin.png\" alt=\"Sono - Linkedin\" \/><\/a><\/p>\r\n                <\/div><img decoding=\"async\" class=\"soci_item_logo img-fluid\" src=\"https:\/\/www.clusteraudiovisual.cat\/wp-content\/uploads\/2020\/02\/109.Logo_Sono_Simple.jpg\" alt=\"Sono\" title=\"Sono\" \/>\r\n                    <div class=\"soci_list_activ_container\" style=\"width: 100%;background: none;\">\r\n                               <p class=\"soci_list_activ mb-0\"><span>Espacios Audiovisuales<\/span><span>Experiencias Inmersivas<\/span><span>Integrated Systems<\/span><span>Postproducci\u00f3n<\/span><span>Producci\u00f3n<\/span><span>Servicios<\/span><span>Tecnolog\u00eda<\/span><\/p>\r\n                               <p class=\"soci_list_serv mb-0\">Alquiler de equipos<span class=\"separador_cats\">|<\/span>Broadcast<span class=\"separador_cats\">|<\/span>Congresos<span class=\"separador_cats\">|<\/span>Eventos<span class=\"separador_cats\">|<\/span>Exposiciones<span class=\"separador_cats\">|<\/span>Hologramas<span class=\"separador_cats\">|<\/span>Instalaciones<span class=\"separador_cats\">|<\/span>Mapping<span class=\"separador_cats\">|<\/span>Material audiovisual<span class=\"separador_cats\">|<\/span>MICE<span class=\"separador_cats\">|<\/span>Muse\u00edstica<span class=\"separador_cats\">|<\/span>Parques Audiovisuales<span class=\"separador_cats\">|<\/span>Plat\u00f3s<span class=\"separador_cats\">|<\/span>Producci\u00f3n Virtual<span class=\"separador_cats\">|<\/span>Realidad Aumentada<span class=\"separador_cats\">|<\/span>Realidad Virtual<span class=\"separador_cats\">|<\/span>Showrooms<span class=\"separador_cats\">|<\/span>Sonido<span class=\"separador_cats\">|<\/span>Streaming<span class=\"separador_cats\">|<\/span>Telecomunicaciones<span class=\"separador_cats\">|<\/span>TIC Audiovisual<span class=\"separador_cats\"<\/p>\r\n                    <\/div>\r\n                <\/div><\/div><div data-title=\"sonoblue espais-audiovisuals-es integrated-systems-es servicios-es  alquiler-de-equipos-es esdeveniments-es materials-audiovisuals-es platos-es servicios-de-produccion tecnicos \" data-actv=\"espais-audiovisuals-es integrated-systems-es servicios-es \" data-serv=\"alquiler-de-equipos-es esdeveniments-es materials-audiovisuals-es platos-es servicios-de-produccion tecnicos \" class=\"col-12 col-md-4 mb-4 border-bottom soci_box\"><div class=\"soci_item text-center\"><a class=\"soci_item_overlay\" data-fancybox=\"55071\" data-src=\"#selectableModal55071\" href=\"javascript:;\">SonoBlue<\/a><div class=\"cav_fancy\" style=\"display: none;max-width:500px;\" id=\"selectableModal55071\">\r\n                        <div class=\"cav_fancy_logo text-center pb-4 border-bottom\"><img decoding=\"async\" class=\"soci_item_logo img-fluid\" src=\"https:\/\/www.clusteraudiovisual.cat\/wp-content\/uploads\/2026\/01\/LogoSoci_SonoBlue.jpg\" alt=\"SonoBlue\" title=\"SonoBlue\" \/><\/div>\r\n                        <h3 class=\"cav_fancy_title\" data-selectable=\"true\">SonoBlue<\/h3>\r\n                        <p class=\"cav_fancy_cat_actv\"><span>Espacios Audiovisuales<\/span><span>Integrated Systems<\/span><span>Servicios<\/span><\/p>\r\n                        <p class=\"cav_fancy_cat_serv\">Alquiler de equipos<span class=\"separador_cats\">|<\/span>Eventos<span class=\"separador_cats\">|<\/span>Material audiovisual<span class=\"separador_cats\">|<\/span>Plat\u00f3s<span class=\"separador_cats\">|<\/span>Servicios de producci\u00f3n<span class=\"separador_cats\">|<\/span>T\u00e9cnicos<span class=\"separador_cats\"<\/p>\r\n                        <p class=\"cav_fancy_description border-bottom\">Dedicada a la producci\u00f3n, dise\u00f1o de eventos y alquiler de equipos audiovisuales y t\u00e9cnicos. Con m\u00e1s de 25 a\u00f1os en el sector del entretenimiento y el espect\u00e1culo.<\/p>\r\n                        <div class=\"cav_fancy_adress\"><p>Gran Via de les Corts Catalanes, 617, 3\u00ba-2\u00aa<\/p>\n<p>08007, Barcelona<\/p>\n<p>682 439 573<\/p>\n<p><a href=\"https:\/\/sonoblue.cat\/\" target=\"_blank\" rel=\"noopener\">sonoblue.cat<\/a><\/p>\n<\/div>\r\n                        <p class=\"cav_fancy_social\"> <a target=\"_blank\" href=\"https:\/\/www.facebook.com\/Sonoblue.events\/\"><img decoding=\"async\" src=\"https:\/\/www.clusteraudiovisual.cat\/wp-content\/themes\/enfold-child\/img\/facebook.png\" alt=\"SonoBlue - Twitter\" \/><\/a> <a target=\"_blank\" href=\"https:\/\/www.instagram.com\/sonoblue.events\/\"><img decoding=\"async\" src=\"https:\/\/www.clusteraudiovisual.cat\/wp-content\/themes\/enfold-child\/img\/icon-instagram.png\" alt=\"SonoBlue - Instagram\" \/><\/a>  <\/p>\r\n                <\/div><img decoding=\"async\" class=\"soci_item_logo img-fluid\" src=\"https:\/\/www.clusteraudiovisual.cat\/wp-content\/uploads\/2026\/01\/LogoSoci_SonoBlue.jpg\" alt=\"SonoBlue\" title=\"SonoBlue\" \/>\r\n                    <div class=\"soci_list_activ_container\" style=\"width: 100%;background: none;\">\r\n                               <p class=\"soci_list_activ mb-0\"><span>Espacios Audiovisuales<\/span><span>Integrated Systems<\/span><span>Servicios<\/span><\/p>\r\n                               <p class=\"soci_list_serv mb-0\">Alquiler de equipos<span class=\"separador_cats\">|<\/span>Eventos<span class=\"separador_cats\">|<\/span>Material audiovisual<span class=\"separador_cats\">|<\/span>Plat\u00f3s<span class=\"separador_cats\">|<\/span>Servicios de producci\u00f3n<span class=\"separador_cats\">|<\/span>T\u00e9cnicos<span class=\"separador_cats\"<\/p>\r\n                    <\/div>\r\n                <\/div><\/div><div data-title=\"sourcing unicorns experiencias-inmersivas-es servicios-es  servicios-de-produccion \" data-actv=\"experiencias-inmersivas-es servicios-es \" data-serv=\"servicios-de-produccion \" class=\"col-12 col-md-4 mb-4 border-bottom soci_box\"><div class=\"soci_item text-center\"><a class=\"soci_item_overlay\" data-fancybox=\"48924\" data-src=\"#selectableModal48924\" href=\"javascript:;\">Sourcing Unicorns<\/a><div class=\"cav_fancy\" style=\"display: none;max-width:500px;\" id=\"selectableModal48924\">\r\n                        <div class=\"cav_fancy_logo text-center pb-4 border-bottom\"><img decoding=\"async\" class=\"soci_item_logo img-fluid\" src=\"https:\/\/www.clusteraudiovisual.cat\/wp-content\/uploads\/2025\/05\/LogoSoci_SourcingUnicorns.jpg\" alt=\"Sourcing Unicorns\" title=\"Sourcing Unicorns\" \/><\/div>\r\n                        <h3 class=\"cav_fancy_title\" data-selectable=\"true\">Sourcing Unicorns<\/h3>\r\n                        <p class=\"cav_fancy_cat_actv\"><span>Experiencias Inmersivas<\/span><span>Servicios<\/span><\/p>\r\n                        <p class=\"cav_fancy_cat_serv\">Servicios de producci\u00f3n<span class=\"separador_cats\"<\/p>\r\n                        <p class=\"cav_fancy_description border-bottom\">Agencia global de \"executive search\" y selecci\u00f3n de personal con una d\u00e9cada de recorrido en las industrias de las experiencias inmersivas e interactivas.\r\nSirven como socios estrat\u00e9gicos integrados para los estudios, ayud\u00e1ndoles a expandirse, construyendo equipos de alto rendimiento desde cero y navegando con \u00e9xito por nuevos mercados.<\/p>\r\n                        <div class=\"cav_fancy_adress\"><p><a href=\"mailto:info@sourcingunicorns.com\">info@sourcingunicorns.com<\/a><\/p>\n<p><a href=\"https:\/\/www.sourcingunicorns.com\/\" target=\"_blank\" rel=\"noopener\">sourcingunicorns.com<\/a><\/p>\n<\/div>\r\n                        <p class=\"cav_fancy_social\"> <a target=\"_blank\" href=\"https:\/\/www.facebook.com\/people\/Sourcing-Unicorns\/61553870649989\/\"><img decoding=\"async\" src=\"https:\/\/www.clusteraudiovisual.cat\/wp-content\/themes\/enfold-child\/img\/facebook.png\" alt=\"Sourcing Unicorns - Twitter\" \/><\/a>   <a target=\"_blank\" href=\"https:\/\/www.linkedin.com\/company\/sourcingunicorns\/\"><img decoding=\"async\" src=\"https:\/\/www.clusteraudiovisual.cat\/wp-content\/themes\/enfold-child\/img\/icon-linkedin.png\" alt=\"Sourcing Unicorns - Linkedin\" \/><\/a><\/p>\r\n                <\/div><img decoding=\"async\" class=\"soci_item_logo img-fluid\" src=\"https:\/\/www.clusteraudiovisual.cat\/wp-content\/uploads\/2025\/05\/LogoSoci_SourcingUnicorns.jpg\" alt=\"Sourcing Unicorns\" title=\"Sourcing Unicorns\" \/>\r\n                    <div class=\"soci_list_activ_container\" style=\"width: 100%;background: none;\">\r\n                               <p class=\"soci_list_activ mb-0\"><span>Experiencias Inmersivas<\/span><span>Servicios<\/span><\/p>\r\n                               <p class=\"soci_list_serv mb-0\">Servicios de producci\u00f3n<span class=\"separador_cats\"<\/p>\r\n                    <\/div>\r\n                <\/div><\/div><div data-title=\"sunomono films publicidad-es servicios-es  animacion-es artes-visuales-es branded-content-es nft-es social-media-es videopodcast-es \" data-actv=\"publicidad-es servicios-es \" data-serv=\"animacion-es artes-visuales-es branded-content-es nft-es social-media-es videopodcast-es \" class=\"col-12 col-md-4 mb-4 border-bottom soci_box\"><div class=\"soci_item text-center\"><a class=\"soci_item_overlay\" data-fancybox=\"8179\" data-src=\"#selectableModal8179\" href=\"javascript:;\">Sunomono Films<\/a><div class=\"cav_fancy\" style=\"display: none;max-width:500px;\" id=\"selectableModal8179\">\r\n                        <div class=\"cav_fancy_logo text-center pb-4 border-bottom\"><img decoding=\"async\" class=\"soci_item_logo img-fluid\" src=\"https:\/\/www.clusteraudiovisual.cat\/wp-content\/uploads\/2018\/04\/sunomono-logo-TRAZADO-1-1.jpg\" alt=\"Sunomono Films\" title=\"Sunomono Films\" \/><\/div>\r\n                        <h3 class=\"cav_fancy_title\" data-selectable=\"true\">Sunomono Films<\/h3>\r\n                        <p class=\"cav_fancy_cat_actv\"><span>Publicidad<\/span><span>Servicios<\/span><\/p>\r\n                        <p class=\"cav_fancy_cat_serv\">Animaci\u00f3n<span class=\"separador_cats\">|<\/span>Artes Visuales<span class=\"separador_cats\">|<\/span>Branded Content<span class=\"separador_cats\">|<\/span>NFT<span class=\"separador_cats\">|<\/span>Social Media<span class=\"separador_cats\">|<\/span>Videopodcast<span class=\"separador_cats\"<\/p>\r\n                        <p class=\"cav_fancy_description border-bottom\">Productora especializada en la creaci\u00f3n de contenido y comunicaci\u00f3n para empresas. Ofrece soluciones audiovisuales: v\u00eddeos corporativos, de formaci\u00f3n, para eventos y streaming y de comunicaci\u00f3n interna.<\/p>\r\n                        <div class=\"cav_fancy_adress\"><p>C\/ Moian\u00e8s, 50 bis, entresol 1<\/p>\n<p>08014, Barcelona<\/p>\n<p>616 39 73 53<\/p>\n<p><a href=\"mailto:info@sunomonofilms.com\" target=\"_blank\" rel=\"noopener\">info@sunomonofilms.com<\/a><\/p>\n<p><a href=\"https:\/\/www.sunomonofilms.com\/\" target=\"_blank\" rel=\"noopener\">www.sunomonofilms.com<\/a><\/p>\n<\/div>\r\n                        <p class=\"cav_fancy_social\"> <a target=\"_blank\" href=\"https:\/\/www.facebook.com\/sunomonofilms\/\"><img decoding=\"async\" src=\"https:\/\/www.clusteraudiovisual.cat\/wp-content\/themes\/enfold-child\/img\/facebook.png\" alt=\"Sunomono Films - Twitter\" \/><\/a>   <\/p>\r\n                <\/div><img decoding=\"async\" class=\"soci_item_logo img-fluid\" src=\"https:\/\/www.clusteraudiovisual.cat\/wp-content\/uploads\/2018\/04\/sunomono-logo-TRAZADO-1-1.jpg\" alt=\"Sunomono Films\" title=\"Sunomono Films\" \/>\r\n                    <div class=\"soci_list_activ_container\" style=\"width: 100%;background: none;\">\r\n                               <p class=\"soci_list_activ mb-0\"><span>Publicidad<\/span><span>Servicios<\/span><\/p>\r\n                               <p class=\"soci_list_serv mb-0\">Animaci\u00f3n<span class=\"separador_cats\">|<\/span>Artes Visuales<span class=\"separador_cats\">|<\/span>Branded Content<span class=\"separador_cats\">|<\/span>NFT<span class=\"separador_cats\">|<\/span>Social Media<span class=\"separador_cats\">|<\/span>Videopodcast<span class=\"separador_cats\"<\/p>\r\n                    <\/div>\r\n                <\/div><\/div><div data-title=\"tantarantana distribucion experiencias-inmersivas-es  artes-escenicas-es artes-visuales-es instalaciones-es \" data-actv=\"distribucion experiencias-inmersivas-es \" data-serv=\"artes-escenicas-es artes-visuales-es instalaciones-es \" class=\"col-12 col-md-4 mb-4 border-bottom soci_box\"><div class=\"soci_item text-center\"><a class=\"soci_item_overlay\" data-fancybox=\"43209\" data-src=\"#selectableModal43209\" href=\"javascript:;\">Tantarantana<\/a><div class=\"cav_fancy\" style=\"display: none;max-width:500px;\" id=\"selectableModal43209\">\r\n                        <div class=\"cav_fancy_logo text-center pb-4 border-bottom\"><img decoding=\"async\" class=\"soci_item_logo img-fluid\" src=\"https:\/\/www.clusteraudiovisual.cat\/wp-content\/uploads\/2024\/10\/LogoSoci_Tantarantana.jpg\" alt=\"Tantarantana\" title=\"Tantarantana\" \/><\/div>\r\n                        <h3 class=\"cav_fancy_title\" data-selectable=\"true\">Tantarantana<\/h3>\r\n                        <p class=\"cav_fancy_cat_actv\"><span>Distribuci\u00f3n - Exhibici\u00f3n<\/span><span>Experiencias Inmersivas<\/span><\/p>\r\n                        <p class=\"cav_fancy_cat_serv\">Artes Esc\u00e9nicas<span class=\"separador_cats\">|<\/span>Artes Visuales<span class=\"separador_cats\">|<\/span>Instalaciones<span class=\"separador_cats\"<\/p>\r\n                        <p class=\"cav_fancy_description border-bottom\">Centro de creaci\u00f3n y exhibici\u00f3n teatral con m\u00e1s de 30 a\u00f1os de trayectoria y, desde 2017, reconocido como F\u00e1brica de Creaci\u00f3n, que se caracteriza por su programa de soporte art\u00edstico a las compa\u00f1\u00edas y por impulsar diferentes proyectos de creaci\u00f3n comunitaria y social.<\/p>\r\n                        <div class=\"cav_fancy_adress\"><p>C\/ De les Flors, 22<\/p>\n<p>08001, Barcelona<\/p>\n<p>934 417 022<\/p>\n<p><a href=\"mailto:teatre@tantarantana.com\">teatre@tantarantana.com<\/a><\/p>\n<p><a href=\"https:\/\/tantarantana.com\/\" target=\"_blank\" rel=\"noopener\">tantarantana.com<\/a><\/p>\n<\/div>\r\n                        <p class=\"cav_fancy_social\"><a target=\"_blank\" href=\"https:\/\/x.com\/elTantarantana\"><img decoding=\"async\" src=\"https:\/\/www.clusteraudiovisual.cat\/wp-content\/themes\/enfold-child\/img\/twitter.png\" alt=\"Tantarantana - Twitter\" \/><\/a> <a target=\"_blank\" href=\"https:\/\/www.facebook.com\/teatreTantarantana\/\"><img decoding=\"async\" src=\"https:\/\/www.clusteraudiovisual.cat\/wp-content\/themes\/enfold-child\/img\/facebook.png\" alt=\"Tantarantana - Twitter\" \/><\/a> <a target=\"_blank\" href=\"https:\/\/www.instagram.com\/teatretantarantana\/\"><img decoding=\"async\" src=\"https:\/\/www.clusteraudiovisual.cat\/wp-content\/themes\/enfold-child\/img\/icon-instagram.png\" alt=\"Tantarantana - Instagram\" \/><\/a> <a target=\"_blank\" href=\"https:\/\/www.youtube.com\/user\/teatretantarantana\"><img decoding=\"async\" src=\"https:\/\/www.clusteraudiovisual.cat\/wp-content\/themes\/enfold-child\/img\/icon-youtube.png\" alt=\"Tantarantana - Youtube\" \/><\/a> <\/p>\r\n                <\/div><img decoding=\"async\" class=\"soci_item_logo img-fluid\" src=\"https:\/\/www.clusteraudiovisual.cat\/wp-content\/uploads\/2024\/10\/LogoSoci_Tantarantana.jpg\" alt=\"Tantarantana\" title=\"Tantarantana\" \/>\r\n                    <div class=\"soci_list_activ_container\" style=\"width: 100%;background: none;\">\r\n                               <p class=\"soci_list_activ mb-0\"><span>Distribuci\u00f3n - Exhibici\u00f3n<\/span><span>Experiencias Inmersivas<\/span><\/p>\r\n                               <p class=\"soci_list_serv mb-0\">Artes Esc\u00e9nicas<span class=\"separador_cats\">|<\/span>Artes Visuales<span class=\"separador_cats\">|<\/span>Instalaciones<span class=\"separador_cats\"<\/p>\r\n                    <\/div>\r\n                <\/div><\/div><div data-title=\"tbs education barcelona formacio-es  escuelas-es \" data-actv=\"formacio-es \" data-serv=\"escuelas-es \" class=\"col-12 col-md-4 mb-4 border-bottom soci_box\"><div class=\"soci_item text-center\"><a class=\"soci_item_overlay\" data-fancybox=\"54084\" data-src=\"#selectableModal54084\" href=\"javascript:;\">TBS Education Barcelona<\/a><div class=\"cav_fancy\" style=\"display: none;max-width:500px;\" id=\"selectableModal54084\">\r\n                        <div class=\"cav_fancy_logo text-center pb-4 border-bottom\"><img decoding=\"async\" class=\"soci_item_logo img-fluid\" src=\"https:\/\/www.clusteraudiovisual.cat\/wp-content\/uploads\/2025\/12\/LogoSoci_TBSEducation.jpg\" alt=\"TBS Education Barcelona\" title=\"TBS Education Barcelona\" \/><\/div>\r\n                        <h3 class=\"cav_fancy_title\" data-selectable=\"true\">TBS Education Barcelona<\/h3>\r\n                        <p class=\"cav_fancy_cat_actv\"><span>Formaci\u00f3n<\/span><\/p>\r\n                        <p class=\"cav_fancy_cat_serv\">Escuelas<span class=\"separador_cats\"<\/p>\r\n                        <p class=\"cav_fancy_description border-bottom\">Conocida como Toulouse Business School, TBS Education es una escuela de negocios europea que ofrece programas de Grado en Management, M\u00e1ster en Management, M\u00e1ster en ciencias, as\u00ed como cursos de doctorado y formaci\u00f3n ejecutiva. La escuela fue fundada en 1903 y tiene cuatro campus en Toulouse, Par\u00eds, Barcelona y Casablanca.<\/p>\r\n                        <div class=\"cav_fancy_adress\"><p>C\/ Venezuela, 116<\/p>\n<p>08019, Barcelona<\/p>\n<p>933 100 111<\/p>\n<p><a href=\"https:\/\/barcelona.tbs-education.com\/\" target=\"_blank\" rel=\"noopener\">barcelona.tbs-education.com<\/a><\/p>\n<\/div>\r\n                        <p class=\"cav_fancy_social\"><a target=\"_blank\" href=\"https:\/\/x.com\/tbs_education\"><img decoding=\"async\" src=\"https:\/\/www.clusteraudiovisual.cat\/wp-content\/themes\/enfold-child\/img\/twitter.png\" alt=\"TBS Education Barcelona - Twitter\" \/><\/a> <a target=\"_blank\" href=\"https:\/\/www.facebook.com\/TBSeducation\/?locale=es_ES\"><img decoding=\"async\" src=\"https:\/\/www.clusteraudiovisual.cat\/wp-content\/themes\/enfold-child\/img\/facebook.png\" alt=\"TBS Education Barcelona - Twitter\" \/><\/a> <a target=\"_blank\" href=\"https:\/\/www.instagram.com\/tbs_education_bcn\/\"><img decoding=\"async\" src=\"https:\/\/www.clusteraudiovisual.cat\/wp-content\/themes\/enfold-child\/img\/icon-instagram.png\" alt=\"TBS Education Barcelona - Instagram\" \/><\/a> <a target=\"_blank\" href=\"https:\/\/www.youtube.com\/playlist?list=PLJ48r0u8BR_aUpvK4pAMMkCspoyMxsn-v\"><img decoding=\"async\" src=\"https:\/\/www.clusteraudiovisual.cat\/wp-content\/themes\/enfold-child\/img\/icon-youtube.png\" alt=\"TBS Education Barcelona - Youtube\" \/><\/a> <a target=\"_blank\" href=\"https:\/\/www.linkedin.com\/school\/tbseducation\/\"><img decoding=\"async\" src=\"https:\/\/www.clusteraudiovisual.cat\/wp-content\/themes\/enfold-child\/img\/icon-linkedin.png\" alt=\"TBS Education Barcelona - Linkedin\" \/><\/a><\/p>\r\n                <\/div><img decoding=\"async\" class=\"soci_item_logo img-fluid\" src=\"https:\/\/www.clusteraudiovisual.cat\/wp-content\/uploads\/2025\/12\/LogoSoci_TBSEducation.jpg\" alt=\"TBS Education Barcelona\" title=\"TBS Education Barcelona\" \/>\r\n                    <div class=\"soci_list_activ_container\" style=\"width: 100%;background: none;\">\r\n                               <p class=\"soci_list_activ mb-0\"><span>Formaci\u00f3n<\/span><\/p>\r\n                               <p class=\"soci_list_serv mb-0\">Escuelas<span class=\"separador_cats\"<\/p>\r\n                    <\/div>\r\n                <\/div><\/div><div data-title=\"tc studio postproduccion-es produccion-es  no-ficcion \" data-actv=\"postproduccion-es produccion-es \" data-serv=\"no-ficcion \" class=\"col-12 col-md-4 mb-4 border-bottom soci_box\"><div class=\"soci_item text-center\"><a class=\"soci_item_overlay\" data-fancybox=\"54097\" data-src=\"#selectableModal54097\" href=\"javascript:;\">TC Studio<\/a><div class=\"cav_fancy\" style=\"display: none;max-width:500px;\" id=\"selectableModal54097\">\r\n                        <div class=\"cav_fancy_logo text-center pb-4 border-bottom\"><img decoding=\"async\" class=\"soci_item_logo img-fluid\" src=\"https:\/\/www.clusteraudiovisual.cat\/wp-content\/uploads\/2025\/12\/LogoSoci_TCStudio.jpg\" alt=\"TC Studio\" title=\"TC Studio\" \/><\/div>\r\n                        <h3 class=\"cav_fancy_title\" data-selectable=\"true\">TC Studio<\/h3>\r\n                        <p class=\"cav_fancy_cat_actv\"><span>Postproducci\u00f3n<\/span><span>Producci\u00f3n<\/span><\/p>\r\n                        <p class=\"cav_fancy_cat_serv\">No ficci\u00f3n<span class=\"separador_cats\"<\/p>\r\n                        <p class=\"cav_fancy_description border-bottom\">Estudio creativo de ideaci\u00f3n y producci\u00f3n de historias.<\/p>\r\n                        <div class=\"cav_fancy_adress\"><p>C\/ Pamplona, 104, Local 5<\/p>\n<p>08018, Barcelona<\/p>\n<p><a href=\"mailto:info@tcstudio.es\">info@tcstudio.es<\/a><\/p>\n<p><a href=\"https:\/\/tcstudio.es\/\" target=\"_blank\" rel=\"noopener\">tcstudio.es<\/a><\/p>\n<\/div>\r\n                        <p class=\"cav_fancy_social\">    <\/p>\r\n                <\/div><img decoding=\"async\" class=\"soci_item_logo img-fluid\" src=\"https:\/\/www.clusteraudiovisual.cat\/wp-content\/uploads\/2025\/12\/LogoSoci_TCStudio.jpg\" alt=\"TC Studio\" title=\"TC Studio\" \/>\r\n                    <div class=\"soci_list_activ_container\" style=\"width: 100%;background: none;\">\r\n                               <p class=\"soci_list_activ mb-0\"><span>Postproducci\u00f3n<\/span><span>Producci\u00f3n<\/span><\/p>\r\n                               <p class=\"soci_list_serv mb-0\">No ficci\u00f3n<span class=\"separador_cats\"<\/p>\r\n                    <\/div>\r\n                <\/div><\/div><div data-title=\"tecnocampus espais-audiovisuals-es formacio-es tecnologia-es videojuego-es  parques-tecnologicos universidades \" data-actv=\"espais-audiovisuals-es formacio-es tecnologia-es videojuego-es \" data-serv=\"parques-tecnologicos universidades \" class=\"col-12 col-md-4 mb-4 border-bottom soci_box\"><div class=\"soci_item text-center\"><a class=\"soci_item_overlay\" data-fancybox=\"21444\" data-src=\"#selectableModal21444\" href=\"javascript:;\">Tecnocampus<\/a><div class=\"cav_fancy\" style=\"display: none;max-width:500px;\" id=\"selectableModal21444\">\r\n                        <div class=\"cav_fancy_logo text-center pb-4 border-bottom\"><img decoding=\"async\" class=\"soci_item_logo img-fluid\" src=\"https:\/\/www.clusteraudiovisual.cat\/wp-content\/uploads\/2022\/03\/01-logo-cat-cmyk-tcm-V-1.jpg\" alt=\"Tecnocampus\" title=\"Tecnocampus\" \/><\/div>\r\n                        <h3 class=\"cav_fancy_title\" data-selectable=\"true\">Tecnocampus<\/h3>\r\n                        <p class=\"cav_fancy_cat_actv\"><span>Espacios Audiovisuales<\/span><span>Formaci\u00f3n<\/span><span>Tecnolog\u00eda<\/span><span>Videojuego<\/span><\/p>\r\n                        <p class=\"cav_fancy_cat_serv\">Parques tecnol\u00f3gicos<span class=\"separador_cats\">|<\/span>Universidades<span class=\"separador_cats\"<\/p>\r\n                        <p class=\"cav_fancy_description border-bottom\">Parque tecnol\u00f3gico que integra universidad y empresa en un espacio \u00fanico dedicado a la innovaci\u00f3n y el emprendimiento. Ofrecen grados y m\u00e1steres universitarios en medios audiovisuales, videojuegos y marketing.<\/p>\r\n                        <div class=\"cav_fancy_adress\"><p>Parc TecnoCampus Matar\u00f3-Maresme<\/p>\n<p>Av. Ernest Lluch, 32<\/p>\n<p>08302 Matar\u00f3<\/p>\n<p>931 696 500<\/p>\n<p><a title=\"info@tecnocampus.cat\" href=\"mailto:info@tecnocampus.cat\">info@tecnocampus.cat<\/a><\/p>\n<p><a href=\"https:\/\/www.tecnocampus.cat\/\" target=\"_blank\" rel=\"noopener\">www.tecnocampus.cat<\/a><\/p>\n<\/div>\r\n                        <p class=\"cav_fancy_social\"><a target=\"_blank\" href=\"https:\/\/twitter.com\/Tecnocampus\"><img decoding=\"async\" src=\"https:\/\/www.clusteraudiovisual.cat\/wp-content\/themes\/enfold-child\/img\/twitter.png\" alt=\"Tecnocampus - Twitter\" \/><\/a> <a target=\"_blank\" href=\"https:\/\/www.facebook.com\/Tecnocampus?fref=ts\"><img decoding=\"async\" src=\"https:\/\/www.clusteraudiovisual.cat\/wp-content\/themes\/enfold-child\/img\/facebook.png\" alt=\"Tecnocampus - Twitter\" \/><\/a> <a target=\"_blank\" href=\"https:\/\/www.instagram.com\/viueltecnocampus\/\"><img decoding=\"async\" src=\"https:\/\/www.clusteraudiovisual.cat\/wp-content\/themes\/enfold-child\/img\/icon-instagram.png\" alt=\"Tecnocampus - Instagram\" \/><\/a> <a target=\"_blank\" href=\"https:\/\/www.youtube.com\/user\/tecnocampus\"><img decoding=\"async\" src=\"https:\/\/www.clusteraudiovisual.cat\/wp-content\/themes\/enfold-child\/img\/icon-youtube.png\" alt=\"Tecnocampus - Youtube\" \/><\/a> <a target=\"_blank\" href=\"https:\/\/www.linkedin.com\/school\/fundaci-tecnocampus-matar-maresme\/\"><img decoding=\"async\" src=\"https:\/\/www.clusteraudiovisual.cat\/wp-content\/themes\/enfold-child\/img\/icon-linkedin.png\" alt=\"Tecnocampus - Linkedin\" \/><\/a><\/p>\r\n                <\/div><img decoding=\"async\" class=\"soci_item_logo img-fluid\" src=\"https:\/\/www.clusteraudiovisual.cat\/wp-content\/uploads\/2022\/03\/01-logo-cat-cmyk-tcm-V-1.jpg\" alt=\"Tecnocampus\" title=\"Tecnocampus\" \/>\r\n                    <div class=\"soci_list_activ_container\" style=\"width: 100%;background: none;\">\r\n                               <p class=\"soci_list_activ mb-0\"><span>Espacios Audiovisuales<\/span><span>Formaci\u00f3n<\/span><span>Tecnolog\u00eda<\/span><span>Videojuego<\/span><\/p>\r\n                               <p class=\"soci_list_serv mb-0\">Parques tecnol\u00f3gicos<span class=\"separador_cats\">|<\/span>Universidades<span class=\"separador_cats\"<\/p>\r\n                    <\/div>\r\n                <\/div><\/div><div data-title=\"terres landsape   038  travel communication comunicacio-es  branded-content-es digital-es diseno-es festivales \" data-actv=\"comunicacio-es \" data-serv=\"branded-content-es digital-es diseno-es festivales \" class=\"col-12 col-md-4 mb-4 border-bottom soci_box\"><div class=\"soci_item text-center\"><a class=\"soci_item_overlay\" data-fancybox=\"21358\" data-src=\"#selectableModal21358\" href=\"javascript:;\">Terres Landsape &#038; Travel Communication<\/a><div class=\"cav_fancy\" style=\"display: none;max-width:500px;\" id=\"selectableModal21358\">\r\n                        <div class=\"cav_fancy_logo text-center pb-4 border-bottom\"><img decoding=\"async\" class=\"soci_item_logo img-fluid\" src=\"https:\/\/www.clusteraudiovisual.cat\/wp-content\/uploads\/2022\/02\/Logo-Terres-1.jpg\" alt=\"Terres Landsape &#038; Travel Communication\" title=\"Terres Landsape &#038; Travel Communication\" \/><\/div>\r\n                        <h3 class=\"cav_fancy_title\" data-selectable=\"true\">Terres Landsape &#038; Travel Communication<\/h3>\r\n                        <p class=\"cav_fancy_cat_actv\"><span>Comunicaci\u00f3n<\/span><\/p>\r\n                        <p class=\"cav_fancy_cat_serv\">Branded Content<span class=\"separador_cats\">|<\/span>Digital<span class=\"separador_cats\">|<\/span>Dise\u00f1o<span class=\"separador_cats\">|<\/span>Festivales<span class=\"separador_cats\"<\/p>\r\n                        <p class=\"cav_fancy_description border-bottom\">Ofrecen soluciones v\u00eddeo-c\u00e9ntricas para la comunicaci\u00f3n tur\u00edstica. Desde la realizaci\u00f3n de los planes de comunicaci\u00f3n hasta la ejecuci\u00f3n de productos y campa\u00f1as. Ofrecen sistemas de carteler\u00eda digital y organizan eventos como el Terres Festival o Landing-New Trends on Tourism Communication.<\/p>\r\n                        <div class=\"cav_fancy_adress\"><p>C\/ Jaume I 44, entresol 2\u00aa<\/p>\n<p>43870, Amposta<\/p>\n<p>977 702 074<\/p>\n<p><a href=\"mailto:contact@terres.info\" target=\"_blank\" rel=\"noopener\">contact@terres.info<\/a><\/p>\n<p><a href=\"https:\/\/terres.info\/\" target=\"_blank\" rel=\"noopener\">www.terres.info<\/a><\/p>\n<\/div>\r\n                        <p class=\"cav_fancy_social\"><a target=\"_blank\" href=\"https:\/\/es.linkedin.com\/company\/terres-landscape-t-ravel-communication-slu\"><img decoding=\"async\" src=\"https:\/\/www.clusteraudiovisual.cat\/wp-content\/themes\/enfold-child\/img\/twitter.png\" alt=\"Terres Landsape &#038; Travel Communication - Twitter\" \/><\/a> <a target=\"_blank\" href=\"https:\/\/m.facebook.com\/Terres-Landscape-Travel-Communication-348126792572697\/?__tn__=%2As-R\"><img decoding=\"async\" src=\"https:\/\/www.clusteraudiovisual.cat\/wp-content\/themes\/enfold-child\/img\/facebook.png\" alt=\"Terres Landsape &#038; Travel Communication - Twitter\" \/><\/a>   <\/p>\r\n                <\/div><img decoding=\"async\" class=\"soci_item_logo img-fluid\" src=\"https:\/\/www.clusteraudiovisual.cat\/wp-content\/uploads\/2022\/02\/Logo-Terres-1.jpg\" alt=\"Terres Landsape &#038; Travel Communication\" title=\"Terres Landsape &#038; Travel Communication\" \/>\r\n                    <div class=\"soci_list_activ_container\" style=\"width: 100%;background: none;\">\r\n                               <p class=\"soci_list_activ mb-0\"><span>Comunicaci\u00f3n<\/span><\/p>\r\n                               <p class=\"soci_list_serv mb-0\">Branded Content<span class=\"separador_cats\">|<\/span>Digital<span class=\"separador_cats\">|<\/span>Dise\u00f1o<span class=\"separador_cats\">|<\/span>Festivales<span class=\"separador_cats\"<\/p>\r\n                    <\/div>\r\n                <\/div><\/div><div data-title=\"the creative comunicacio-es produccion-es  agencias-es branded-content-es digital-es \" data-actv=\"comunicacio-es produccion-es \" data-serv=\"agencias-es branded-content-es digital-es \" class=\"col-12 col-md-4 mb-4 border-bottom soci_box\"><div class=\"soci_item text-center\"><a class=\"soci_item_overlay\" data-fancybox=\"22227\" data-src=\"#selectableModal22227\" href=\"javascript:;\">The Creative<\/a><div class=\"cav_fancy\" style=\"display: none;max-width:500px;\" id=\"selectableModal22227\">\r\n                        <div class=\"cav_fancy_logo text-center pb-4 border-bottom\"><img decoding=\"async\" class=\"soci_item_logo img-fluid\" src=\"https:\/\/www.clusteraudiovisual.cat\/wp-content\/uploads\/2022\/04\/LogoSoci_TheCreative-1.jpg\" alt=\"The Creative\" title=\"The Creative\" \/><\/div>\r\n                        <h3 class=\"cav_fancy_title\" data-selectable=\"true\">The Creative<\/h3>\r\n                        <p class=\"cav_fancy_cat_actv\"><span>Comunicaci\u00f3n<\/span><span>Producci\u00f3n<\/span><\/p>\r\n                        <p class=\"cav_fancy_cat_serv\">Agencias<span class=\"separador_cats\">|<\/span>Branded Content<span class=\"separador_cats\">|<\/span>Digital<span class=\"separador_cats\"<\/p>\r\n                        <p class=\"cav_fancy_description border-bottom\">Agencia creativa y productora audiovisual especializada en branding y direcci\u00f3n creativa, estrategia digital, contenido audiovisual y producci\u00f3n de eventos.<\/p>\r\n                        <div class=\"cav_fancy_adress\"><p>C\/ Balmes 412<\/p>\n<p>08022, Barcelona<\/p>\n<p><a href=\"mailto:hello@thecreative.net\" target=\"_blank\" rel=\"noopener\">hello@thecreative.net<\/a><\/p>\n<p><a href=\"https:\/\/thecreativeagencybarcelona.com\/\" target=\"_blank\" rel=\"noopener\">www.thecreativeagencybarcelona.com<\/a><\/p>\n<\/div>\r\n                        <p class=\"cav_fancy_social\"><a target=\"_blank\" href=\"https:\/\/twitter.com\/thecreative_net\"><img decoding=\"async\" src=\"https:\/\/www.clusteraudiovisual.cat\/wp-content\/themes\/enfold-child\/img\/twitter.png\" alt=\"The Creative - Twitter\" \/><\/a>  <a target=\"_blank\" href=\"https:\/\/www.instagram.com\/thecreativebarcelona\/\"><img decoding=\"async\" src=\"https:\/\/www.clusteraudiovisual.cat\/wp-content\/themes\/enfold-child\/img\/icon-instagram.png\" alt=\"The Creative - Instagram\" \/><\/a>  <a target=\"_blank\" href=\"https:\/\/es.linkedin.com\/company\/thecreativenet\"><img decoding=\"async\" src=\"https:\/\/www.clusteraudiovisual.cat\/wp-content\/themes\/enfold-child\/img\/icon-linkedin.png\" alt=\"The Creative - Linkedin\" \/><\/a><\/p>\r\n                <\/div><img decoding=\"async\" class=\"soci_item_logo img-fluid\" src=\"https:\/\/www.clusteraudiovisual.cat\/wp-content\/uploads\/2022\/04\/LogoSoci_TheCreative-1.jpg\" alt=\"The Creative\" title=\"The Creative\" \/>\r\n                    <div class=\"soci_list_activ_container\" style=\"width: 100%;background: none;\">\r\n                               <p class=\"soci_list_activ mb-0\"><span>Comunicaci\u00f3n<\/span><span>Producci\u00f3n<\/span><\/p>\r\n                               <p class=\"soci_list_serv mb-0\">Agencias<span class=\"separador_cats\">|<\/span>Branded Content<span class=\"separador_cats\">|<\/span>Digital<span class=\"separador_cats\"<\/p>\r\n                    <\/div>\r\n                <\/div><\/div><div data-title=\"themoff comunicacio-es postproduccion-es produccion-es publicidad-es  digital-es \" data-actv=\"comunicacio-es postproduccion-es produccion-es publicidad-es \" data-serv=\"digital-es \" class=\"col-12 col-md-4 mb-4 border-bottom soci_box\"><div class=\"soci_item text-center\"><a class=\"soci_item_overlay\" data-fancybox=\"45706\" data-src=\"#selectableModal45706\" href=\"javascript:;\">THEMOFF<\/a><div class=\"cav_fancy\" style=\"display: none;max-width:500px;\" id=\"selectableModal45706\">\r\n                        <div class=\"cav_fancy_logo text-center pb-4 border-bottom\"><img decoding=\"async\" class=\"soci_item_logo img-fluid\" src=\"https:\/\/www.clusteraudiovisual.cat\/wp-content\/uploads\/2024\/12\/LogoSoci_THEMOFF.jpg\" alt=\"THEMOFF\" title=\"THEMOFF\" \/><\/div>\r\n                        <h3 class=\"cav_fancy_title\" data-selectable=\"true\">THEMOFF<\/h3>\r\n                        <p class=\"cav_fancy_cat_actv\"><span>Comunicaci\u00f3n<\/span><span>Postproducci\u00f3n<\/span><span>Producci\u00f3n<\/span><span>Publicidad<\/span><\/p>\r\n                        <p class=\"cav_fancy_cat_serv\">Digital<span class=\"separador_cats\"<\/p>\r\n                        <p class=\"cav_fancy_description border-bottom\">Productora de contenidos, estrategia digital y publicidad. Han trabajado en los sectores de moda, belleza, automoci\u00f3n, salud y turismo. Disponen de equipos propios de producci\u00f3n, c\u00e1maras y \u00f3pticas, y salas de postproducci\u00f3n.<\/p>\r\n                        <div class=\"cav_fancy_adress\"><p class=\"font_8 wixui-rich-text__text\"><span class=\"wixui-rich-text__text\">C\/ Bruc, 61<\/span><\/p>\n<p>08009, Barcelona<\/p>\n<p class=\"font_8 wixui-rich-text__text\"><span class=\"wixui-rich-text__text\">934 590 390<\/span><\/p>\n<p class=\"font_8 wixui-rich-text__text\"><span class=\"wixui-rich-text__text\"><a class=\"wixui-rich-text__text\" href=\"mailto:hola@themoff.es\" data-auto-recognition=\"true\">hola@themoff.es<\/a><\/span><\/p>\n<p><a href=\"https:\/\/www.themoff.es\/\" target=\"_blank\" rel=\"noopener\">themoff.es<\/a><\/p>\n<\/div>\r\n                        <p class=\"cav_fancy_social\"> <a target=\"_blank\" href=\"https:\/\/www.facebook.com\/themoff.productions\"><img decoding=\"async\" src=\"https:\/\/www.clusteraudiovisual.cat\/wp-content\/themes\/enfold-child\/img\/facebook.png\" alt=\"THEMOFF - Twitter\" \/><\/a> <a target=\"_blank\" href=\"https:\/\/www.instagram.com\/themoff_productions\/\"><img decoding=\"async\" src=\"https:\/\/www.clusteraudiovisual.cat\/wp-content\/themes\/enfold-child\/img\/icon-instagram.png\" alt=\"THEMOFF - Instagram\" \/><\/a>  <a target=\"_blank\" href=\"https:\/\/www.linkedin.com\/company\/themoff\"><img decoding=\"async\" src=\"https:\/\/www.clusteraudiovisual.cat\/wp-content\/themes\/enfold-child\/img\/icon-linkedin.png\" alt=\"THEMOFF - Linkedin\" \/><\/a><\/p>\r\n                <\/div><img decoding=\"async\" class=\"soci_item_logo img-fluid\" src=\"https:\/\/www.clusteraudiovisual.cat\/wp-content\/uploads\/2024\/12\/LogoSoci_THEMOFF.jpg\" alt=\"THEMOFF\" title=\"THEMOFF\" \/>\r\n                    <div class=\"soci_list_activ_container\" style=\"width: 100%;background: none;\">\r\n                               <p class=\"soci_list_activ mb-0\"><span>Comunicaci\u00f3n<\/span><span>Postproducci\u00f3n<\/span><span>Producci\u00f3n<\/span><span>Publicidad<\/span><\/p>\r\n                               <p class=\"soci_list_serv mb-0\">Digital<span class=\"separador_cats\"<\/p>\r\n                    <\/div>\r\n                <\/div><\/div><div data-title=\"titan os distribucion servicios-es tecnologia-es  digital-es gestion-de-canales software-es \" data-actv=\"distribucion servicios-es tecnologia-es \" data-serv=\"digital-es gestion-de-canales software-es \" class=\"col-12 col-md-4 mb-4 border-bottom soci_box\"><div class=\"soci_item text-center\"><a class=\"soci_item_overlay\" data-fancybox=\"46960\" data-src=\"#selectableModal46960\" href=\"javascript:;\">Titan OS<\/a><div class=\"cav_fancy\" style=\"display: none;max-width:500px;\" id=\"selectableModal46960\">\r\n                        <div class=\"cav_fancy_logo text-center pb-4 border-bottom\"><img decoding=\"async\" class=\"soci_item_logo img-fluid\" src=\"https:\/\/www.clusteraudiovisual.cat\/wp-content\/uploads\/2025\/01\/LogoSoci_TitanOS.jpg\" alt=\"Titan OS\" title=\"Titan OS\" \/><\/div>\r\n                        <h3 class=\"cav_fancy_title\" data-selectable=\"true\">Titan OS<\/h3>\r\n                        <p class=\"cav_fancy_cat_actv\"><span>Distribuci\u00f3n - Exhibici\u00f3n<\/span><span>Servicios<\/span><span>Tecnolog\u00eda<\/span><\/p>\r\n                        <p class=\"cav_fancy_cat_serv\">Digital<span class=\"separador_cats\">|<\/span>Gesti\u00f3n de canales<span class=\"separador_cats\">|<\/span>Software<span class=\"separador_cats\"<\/p>\r\n                        <p class=\"cav_fancy_description border-bottom\">Empresa tecnol\u00f3gica con sede en Barcelona y filiales en \u00c1msterdam y Taipei. Est\u00e1 especializada en el desarrollo de software y soluciones para maximizar el potencial de televisi\u00f3n conectada. Replantean la televisi\u00f3n para cambiar la forma en que las personas descubren contenido y c\u00f3mo las marcas conectan con las audiencias. Su objetivo es fomentar colaboraciones a trav\u00e9s de todo el ecosistema televisivo para hacer crecer sus negocios conjuntamente con fabricantes de televisores, minoristas, empresas de medios, creadores de contenido, editores y marcas.<\/p>\r\n                        <div class=\"cav_fancy_adress\"><p><a href=\"https:\/\/www.titanos.tv\/\" target=\"_blank\" rel=\"noopener\">www.titanos.tv<\/a><\/p>\n<\/div>\r\n                        <p class=\"cav_fancy_social\">    <a target=\"_blank\" href=\"https:\/\/www.linkedin.com\/company\/titanos\"><img decoding=\"async\" src=\"https:\/\/www.clusteraudiovisual.cat\/wp-content\/themes\/enfold-child\/img\/icon-linkedin.png\" alt=\"Titan OS - Linkedin\" \/><\/a><\/p>\r\n                <\/div><img decoding=\"async\" class=\"soci_item_logo img-fluid\" src=\"https:\/\/www.clusteraudiovisual.cat\/wp-content\/uploads\/2025\/01\/LogoSoci_TitanOS.jpg\" alt=\"Titan OS\" title=\"Titan OS\" \/>\r\n                    <div class=\"soci_list_activ_container\" style=\"width: 100%;background: none;\">\r\n                               <p class=\"soci_list_activ mb-0\"><span>Distribuci\u00f3n - Exhibici\u00f3n<\/span><span>Servicios<\/span><span>Tecnolog\u00eda<\/span><\/p>\r\n                               <p class=\"soci_list_serv mb-0\">Digital<span class=\"separador_cats\">|<\/span>Gesti\u00f3n de canales<span class=\"separador_cats\">|<\/span>Software<span class=\"separador_cats\"<\/p>\r\n                    <\/div>\r\n                <\/div><\/div><div data-title=\"triodos bank servicios-es  servicios-de-produccion \" data-actv=\"servicios-es \" data-serv=\"servicios-de-produccion \" class=\"col-12 col-md-4 mb-4 border-bottom soci_box\"><div class=\"soci_item text-center\"><a class=\"soci_item_overlay\" data-fancybox=\"40720\" data-src=\"#selectableModal40720\" href=\"javascript:;\">Triodos Bank<\/a><div class=\"cav_fancy\" style=\"display: none;max-width:500px;\" id=\"selectableModal40720\">\r\n                        <div class=\"cav_fancy_logo text-center pb-4 border-bottom\"><img decoding=\"async\" class=\"soci_item_logo img-fluid\" src=\"https:\/\/www.clusteraudiovisual.cat\/wp-content\/uploads\/2024\/05\/LogoSoci_TriodosBank.jpg\" alt=\"Triodos Bank\" title=\"Triodos Bank\" \/><\/div>\r\n                        <h3 class=\"cav_fancy_title\" data-selectable=\"true\">Triodos Bank<\/h3>\r\n                        <p class=\"cav_fancy_cat_actv\"><span>Servicios<\/span><\/p>\r\n                        <p class=\"cav_fancy_cat_serv\">Servicios de producci\u00f3n<span class=\"separador_cats\"<\/p>\r\n                        <p class=\"cav_fancy_description border-bottom\">Entidad de finanzas \u00e9ticas especializada en sectores como el cultural.<\/p>\r\n                        <div class=\"cav_fancy_adress\"><p>Avinguda Diagonal, 418<\/p>\n<p>08037, Barcelona<\/p>\n<p><a href=\"https:\/\/www.triodos.es\/es\" target=\"_blank\" rel=\"noopener\">www.triodos.es<\/a><\/p>\n<\/div>\r\n                        <p class=\"cav_fancy_social\"> <a target=\"_blank\" href=\"https:\/\/www.facebook.com\/Triodos.es\"><img decoding=\"async\" src=\"https:\/\/www.clusteraudiovisual.cat\/wp-content\/themes\/enfold-child\/img\/facebook.png\" alt=\"Triodos Bank - Twitter\" \/><\/a> <a target=\"_blank\" href=\"https:\/\/www.instagram.com\/triodoses\/?hl=es\"><img decoding=\"async\" src=\"https:\/\/www.clusteraudiovisual.cat\/wp-content\/themes\/enfold-child\/img\/icon-instagram.png\" alt=\"Triodos Bank - Instagram\" \/><\/a> <a target=\"_blank\" href=\"https:\/\/www.youtube.com\/user\/triodosbankspain\"><img decoding=\"async\" src=\"https:\/\/www.clusteraudiovisual.cat\/wp-content\/themes\/enfold-child\/img\/icon-youtube.png\" alt=\"Triodos Bank - Youtube\" \/><\/a> <a target=\"_blank\" href=\"https:\/\/www.linkedin.com\/company\/triodos-bank-espa-a\/\"><img decoding=\"async\" src=\"https:\/\/www.clusteraudiovisual.cat\/wp-content\/themes\/enfold-child\/img\/icon-linkedin.png\" alt=\"Triodos Bank - Linkedin\" \/><\/a><\/p>\r\n                <\/div><img decoding=\"async\" class=\"soci_item_logo img-fluid\" src=\"https:\/\/www.clusteraudiovisual.cat\/wp-content\/uploads\/2024\/05\/LogoSoci_TriodosBank.jpg\" alt=\"Triodos Bank\" title=\"Triodos Bank\" \/>\r\n                    <div class=\"soci_list_activ_container\" style=\"width: 100%;background: none;\">\r\n                               <p class=\"soci_list_activ mb-0\"><span>Servicios<\/span><\/p>\r\n                               <p class=\"soci_list_serv mb-0\">Servicios de producci\u00f3n<span class=\"separador_cats\"<\/p>\r\n                    <\/div>\r\n                <\/div><\/div><div data-title=\"tv up distribucion  plataformes-ott-es \" data-actv=\"distribucion \" data-serv=\"plataformes-ott-es \" class=\"col-12 col-md-4 mb-4 border-bottom soci_box\"><div class=\"soci_item text-center\"><a class=\"soci_item_overlay\" data-fancybox=\"21456\" data-src=\"#selectableModal21456\" href=\"javascript:;\">TV Up<\/a><div class=\"cav_fancy\" style=\"display: none;max-width:500px;\" id=\"selectableModal21456\">\r\n                        <div class=\"cav_fancy_logo text-center pb-4 border-bottom\"><img decoding=\"async\" class=\"soci_item_logo img-fluid\" src=\"https:\/\/www.clusteraudiovisual.cat\/wp-content\/uploads\/2022\/03\/TVUp-Logo.jpg\" alt=\"TV Up\" title=\"TV Up\" \/><\/div>\r\n                        <h3 class=\"cav_fancy_title\" data-selectable=\"true\">TV Up<\/h3>\r\n                        <p class=\"cav_fancy_cat_actv\"><span>Distribuci\u00f3n - Exhibici\u00f3n<\/span><\/p>\r\n                        <p class=\"cav_fancy_cat_serv\">Plataformas OTT<span class=\"separador_cats\"<\/p>\r\n                        <p class=\"cav_fancy_description border-bottom\">Plataforma de televisi\u00f3n de nueva generaci\u00f3n por operadoras virtuales PayTV. A\u00f1ade y combina canales TDT, canales premium, canales locales o propios y canales internacionales.<\/p>\r\n                        <div class=\"cav_fancy_adress\"><p>C\/ dels Vilabella, 5-7<\/p>\n<p>08500, Vic<\/p>\n<p><a href=\"https:\/\/tvup.media\/\" target=\"_blank\" rel=\"noopener\">www.tvup.media<\/a><\/p>\n<\/div>\r\n                        <p class=\"cav_fancy_social\"><a target=\"_blank\" href=\"https:\/\/twitter.com\/tvupmedia\"><img decoding=\"async\" src=\"https:\/\/www.clusteraudiovisual.cat\/wp-content\/themes\/enfold-child\/img\/twitter.png\" alt=\"TV Up - Twitter\" \/><\/a> <a target=\"_blank\" href=\"https:\/\/www.facebook.com\/tvup10\/\"><img decoding=\"async\" src=\"https:\/\/www.clusteraudiovisual.cat\/wp-content\/themes\/enfold-child\/img\/facebook.png\" alt=\"TV Up - Twitter\" \/><\/a>   <a target=\"_blank\" href=\"https:\/\/www.linkedin.com\/company\/tvupmedia\/\"><img decoding=\"async\" src=\"https:\/\/www.clusteraudiovisual.cat\/wp-content\/themes\/enfold-child\/img\/icon-linkedin.png\" alt=\"TV Up - Linkedin\" \/><\/a><\/p>\r\n                <\/div><img decoding=\"async\" class=\"soci_item_logo img-fluid\" src=\"https:\/\/www.clusteraudiovisual.cat\/wp-content\/uploads\/2022\/03\/TVUp-Logo.jpg\" alt=\"TV Up\" title=\"TV Up\" \/>\r\n                    <div class=\"soci_list_activ_container\" style=\"width: 100%;background: none;\">\r\n                               <p class=\"soci_list_activ mb-0\"><span>Distribuci\u00f3n - Exhibici\u00f3n<\/span><\/p>\r\n                               <p class=\"soci_list_serv mb-0\">Plataformas OTT<span class=\"separador_cats\"<\/p>\r\n                    <\/div>\r\n                <\/div><\/div><div data-title=\"uniunfandos postproduccion-es produccion-es publicidad-es  edicio-es servicios-de-produccion \" data-actv=\"postproduccion-es produccion-es publicidad-es \" data-serv=\"edicio-es servicios-de-produccion \" class=\"col-12 col-md-4 mb-4 border-bottom soci_box\"><div class=\"soci_item text-center\"><a class=\"soci_item_overlay\" data-fancybox=\"49683\" data-src=\"#selectableModal49683\" href=\"javascript:;\">Uniunfandos<\/a><div class=\"cav_fancy\" style=\"display: none;max-width:500px;\" id=\"selectableModal49683\">\r\n                        <div class=\"cav_fancy_logo text-center pb-4 border-bottom\"><img decoding=\"async\" class=\"soci_item_logo img-fluid\" src=\"https:\/\/www.clusteraudiovisual.cat\/wp-content\/uploads\/2025\/07\/LogoSoci_Uniunfandos.jpg\" alt=\"Uniunfandos\" title=\"Uniunfandos\" \/><\/div>\r\n                        <h3 class=\"cav_fancy_title\" data-selectable=\"true\">Uniunfandos<\/h3>\r\n                        <p class=\"cav_fancy_cat_actv\"><span>Postproducci\u00f3n<\/span><span>Producci\u00f3n<\/span><span>Publicidad<\/span><\/p>\r\n                        <p class=\"cav_fancy_cat_serv\">Edici\u00f3n<span class=\"separador_cats\">|<\/span>Servicios de producci\u00f3n<span class=\"separador_cats\"<\/p>\r\n                        <p class=\"cav_fancy_description border-bottom\">Productora que ofrece servicios integrales: producci\u00f3n, postproducci\u00f3n, motion graphics y servicios a terceros.<\/p>\r\n                        <div class=\"cav_fancy_adress\"><p>629 354 054 \/ 629 381 564<\/p>\n<p>info@uniunfandos.com<\/p>\n<p><a href=\"https:\/\/www.uniunfandos.com\/\">uniunfandos.com<\/a><\/p>\n<\/div>\r\n                        <p class=\"cav_fancy_social\"><a target=\"_blank\" href=\"https:\/\/x.com\/uniunfandos\"><img decoding=\"async\" src=\"https:\/\/www.clusteraudiovisual.cat\/wp-content\/themes\/enfold-child\/img\/twitter.png\" alt=\"Uniunfandos - Twitter\" \/><\/a>  <a target=\"_blank\" href=\"https:\/\/www.instagram.com\/uniunfandos\/\"><img decoding=\"async\" src=\"https:\/\/www.clusteraudiovisual.cat\/wp-content\/themes\/enfold-child\/img\/icon-instagram.png\" alt=\"Uniunfandos - Instagram\" \/><\/a>  <\/p>\r\n                <\/div><img decoding=\"async\" class=\"soci_item_logo img-fluid\" src=\"https:\/\/www.clusteraudiovisual.cat\/wp-content\/uploads\/2025\/07\/LogoSoci_Uniunfandos.jpg\" alt=\"Uniunfandos\" title=\"Uniunfandos\" \/>\r\n                    <div class=\"soci_list_activ_container\" style=\"width: 100%;background: none;\">\r\n                               <p class=\"soci_list_activ mb-0\"><span>Postproducci\u00f3n<\/span><span>Producci\u00f3n<\/span><span>Publicidad<\/span><\/p>\r\n                               <p class=\"soci_list_serv mb-0\">Edici\u00f3n<span class=\"separador_cats\">|<\/span>Servicios de producci\u00f3n<span class=\"separador_cats\"<\/p>\r\n                    <\/div>\r\n                <\/div><\/div><div data-title=\"universitat autonoma de barcelona formacio-es  cortometrajes-es ficcion formatos-tv-es largometrajes-es no-ficcion eries universidades videojuegos \" data-actv=\"formacio-es \" data-serv=\"cortometrajes-es ficcion formatos-tv-es largometrajes-es no-ficcion eries universidades videojuegos \" class=\"col-12 col-md-4 mb-4 border-bottom soci_box\"><div class=\"soci_item text-center\"><a class=\"soci_item_overlay\" data-fancybox=\"8165\" data-src=\"#selectableModal8165\" href=\"javascript:;\">Universitat Aut\u00f2noma de Barcelona<\/a><div class=\"cav_fancy\" style=\"display: none;max-width:500px;\" id=\"selectableModal8165\">\r\n                        <div class=\"cav_fancy_logo text-center pb-4 border-bottom\"><img decoding=\"async\" class=\"soci_item_logo img-fluid\" src=\"https:\/\/www.clusteraudiovisual.cat\/wp-content\/uploads\/2024\/07\/LogoSoci_UAB.jpg\" alt=\"Universitat Aut\u00f2noma de Barcelona\" title=\"Universitat Aut\u00f2noma de Barcelona\" \/><\/div>\r\n                        <h3 class=\"cav_fancy_title\" data-selectable=\"true\">Universitat Aut\u00f2noma de Barcelona<\/h3>\r\n                        <p class=\"cav_fancy_cat_actv\"><span>Formaci\u00f3n<\/span><\/p>\r\n                        <p class=\"cav_fancy_cat_serv\">Cortometrajes<span class=\"separador_cats\">|<\/span>Ficci\u00f3n<span class=\"separador_cats\">|<\/span>Formatos TV<span class=\"separador_cats\">|<\/span>Largometrajes<span class=\"separador_cats\">|<\/span>No ficci\u00f3n<span class=\"separador_cats\">|<\/span>Series<span class=\"separador_cats\">|<\/span>Universidades<span class=\"separador_cats\">|<\/span>Videojuegos<span class=\"separador_cats\"<\/p>\r\n                        <p class=\"cav_fancy_description border-bottom\">Universidad p\u00fablica que cuenta con la Facultad de las Ciencias de la Comunicaci\u00f3n donde se imparten grados y m\u00e1steres relacionados con el audiovisual.<\/p>\r\n                        <div class=\"cav_fancy_adress\"><p>Facultat Ci\u00e8ncies de la Comunicaci\u00f3<\/p>\n<p>Carrer de la Vinya, s\/n, edifici I<\/p>\n<p>08193, Cerdanyola del Vall\u00e8s<\/p>\n<p>935 811 993<\/p>\n<p><a href=\"mailto:ga.c.comunicacio@uab.cat\">ga.c.comunicacio@uab.cat<\/a><\/p>\n<p><a href=\"https:\/\/www.uab.cat\/comunicacio\/\" target=\"_blank\" rel=\"noopener\">www.uab.cat\/comunicacio<\/a><\/p>\n<\/div>\r\n                        <p class=\"cav_fancy_social\"><a target=\"_blank\" href=\"https:\/\/twitter.com\/FccUab\"><img decoding=\"async\" src=\"https:\/\/www.clusteraudiovisual.cat\/wp-content\/themes\/enfold-child\/img\/twitter.png\" alt=\"Universitat Aut\u00f2noma de Barcelona - Twitter\" \/><\/a> <a target=\"_blank\" href=\"https:\/\/www.facebook.com\/FacultatDeCienciesDeLaComunicacioUab\"><img decoding=\"async\" src=\"https:\/\/www.clusteraudiovisual.cat\/wp-content\/themes\/enfold-child\/img\/facebook.png\" alt=\"Universitat Aut\u00f2noma de Barcelona - Twitter\" \/><\/a> <a target=\"_blank\" href=\"https:\/\/www.instagram.com\/fccuab\/\"><img decoding=\"async\" src=\"https:\/\/www.clusteraudiovisual.cat\/wp-content\/themes\/enfold-child\/img\/icon-instagram.png\" alt=\"Universitat Aut\u00f2noma de Barcelona - Instagram\" \/><\/a>  <\/p>\r\n                <\/div><img decoding=\"async\" class=\"soci_item_logo img-fluid\" src=\"https:\/\/www.clusteraudiovisual.cat\/wp-content\/uploads\/2024\/07\/LogoSoci_UAB.jpg\" alt=\"Universitat Aut\u00f2noma de Barcelona\" title=\"Universitat Aut\u00f2noma de Barcelona\" \/>\r\n                    <div class=\"soci_list_activ_container\" style=\"width: 100%;background: none;\">\r\n                               <p class=\"soci_list_activ mb-0\"><span>Formaci\u00f3n<\/span><\/p>\r\n                               <p class=\"soci_list_serv mb-0\">Cortometrajes<span class=\"separador_cats\">|<\/span>Ficci\u00f3n<span class=\"separador_cats\">|<\/span>Formatos TV<span class=\"separador_cats\">|<\/span>Largometrajes<span class=\"separador_cats\">|<\/span>No ficci\u00f3n<span class=\"separador_cats\">|<\/span>Series<span class=\"separador_cats\">|<\/span>Universidades<span class=\"separador_cats\">|<\/span>Videojuegos<span class=\"separador_cats\"<\/p>\r\n                    <\/div>\r\n                <\/div><\/div><div data-title=\"universitat de barcelona  facultat d  8217 informacio i mitjans audiovisuals formacio-es  universidades \" data-actv=\"formacio-es \" data-serv=\"universidades \" class=\"col-12 col-md-4 mb-4 border-bottom soci_box\"><div class=\"soci_item text-center\"><a class=\"soci_item_overlay\" data-fancybox=\"8163\" data-src=\"#selectableModal8163\" href=\"javascript:;\">Universitat de Barcelona (Facultat d&#8217;Informaci\u00f3 i Mitjans Audiovisuals)<\/a><div class=\"cav_fancy\" style=\"display: none;max-width:500px;\" id=\"selectableModal8163\">\r\n                        <div class=\"cav_fancy_logo text-center pb-4 border-bottom\"><img decoding=\"async\" class=\"soci_item_logo img-fluid\" src=\"https:\/\/www.clusteraudiovisual.cat\/wp-content\/uploads\/2017\/06\/113.Informacioimitjansaudiovisuals_1tinta-2.jpg\" alt=\"Universitat de Barcelona (Facultat d&#8217;Informaci\u00f3 i Mitjans Audiovisuals)\" title=\"Universitat de Barcelona (Facultat d&#8217;Informaci\u00f3 i Mitjans Audiovisuals)\" \/><\/div>\r\n                        <h3 class=\"cav_fancy_title\" data-selectable=\"true\">Universitat de Barcelona (Facultat d&#8217;Informaci\u00f3 i Mitjans Audiovisuals)<\/h3>\r\n                        <p class=\"cav_fancy_cat_actv\"><span>Formaci\u00f3n<\/span><\/p>\r\n                        <p class=\"cav_fancy_cat_serv\">Universidades<span class=\"separador_cats\"<\/p>\r\n                        <p class=\"cav_fancy_description border-bottom\">Facultad de la Universidad de Barcelona que ofrece el grado en Comunicaci\u00f3n Audiovisual y el Grado en Gesti\u00f3n de Informaci\u00f3n y Documentaci\u00f3n Digital.<\/p>\r\n                        <div class=\"cav_fancy_adress\"><p>Facultat d&#8217;Informaci\u00f3 i Mitjans Audiovisuals<\/p>\n<p class=\"margenSuperiorLetrasBloques\">Melcior de Palau, 140<\/p>\n<p>08014, Barcelona<\/p>\n<p>934 035 770<\/p>\n<p><a href=\"mailto:sed.informacio.audiovisuals@ub.edu\" target=\"_blank\" rel=\"noopener\">sed.informacio.audiovisuals@ub.edu<\/a><\/p>\n<p><a href=\"https:\/\/www.ub.edu\/portal\/web\/informacio-mitjans-audiovisuals\" target=\"_blank\" rel=\"noopener\">www.ub.edu\/portal\/web\/informacio-mitjans-audiovisuals<\/a><\/p>\n<\/div>\r\n                        <p class=\"cav_fancy_social\"><a target=\"_blank\" href=\"https:\/\/twitter.com\/FIMA_UB\"><img decoding=\"async\" src=\"https:\/\/www.clusteraudiovisual.cat\/wp-content\/themes\/enfold-child\/img\/twitter.png\" alt=\"Universitat de Barcelona (Facultat d&#8217;Informaci\u00f3 i Mitjans Audiovisuals) - Twitter\" \/><\/a> <a target=\"_blank\" href=\"https:\/\/facebook.com\/FIMAUB\"><img decoding=\"async\" src=\"https:\/\/www.clusteraudiovisual.cat\/wp-content\/themes\/enfold-child\/img\/facebook.png\" alt=\"Universitat de Barcelona (Facultat d&#8217;Informaci\u00f3 i Mitjans Audiovisuals) - Twitter\" \/><\/a> <a target=\"_blank\" href=\"https:\/\/instagram.com\/fima_ub\"><img decoding=\"async\" src=\"https:\/\/www.clusteraudiovisual.cat\/wp-content\/themes\/enfold-child\/img\/icon-instagram.png\" alt=\"Universitat de Barcelona (Facultat d&#8217;Informaci\u00f3 i Mitjans Audiovisuals) - Instagram\" \/><\/a> <a target=\"_blank\" href=\"https:\/\/www.youtube.com\/user\/UB\"><img decoding=\"async\" src=\"https:\/\/www.clusteraudiovisual.cat\/wp-content\/themes\/enfold-child\/img\/icon-youtube.png\" alt=\"Universitat de Barcelona (Facultat d&#8217;Informaci\u00f3 i Mitjans Audiovisuals) - Youtube\" \/><\/a> <\/p>\r\n                <\/div><img decoding=\"async\" class=\"soci_item_logo img-fluid\" src=\"https:\/\/www.clusteraudiovisual.cat\/wp-content\/uploads\/2017\/06\/113.Informacioimitjansaudiovisuals_1tinta-2.jpg\" alt=\"Universitat de Barcelona (Facultat d&#8217;Informaci\u00f3 i Mitjans Audiovisuals)\" title=\"Universitat de Barcelona (Facultat d&#8217;Informaci\u00f3 i Mitjans Audiovisuals)\" \/>\r\n                    <div class=\"soci_list_activ_container\" style=\"width: 100%;background: none;\">\r\n                               <p class=\"soci_list_activ mb-0\"><span>Formaci\u00f3n<\/span><\/p>\r\n                               <p class=\"soci_list_serv mb-0\">Universidades<span class=\"separador_cats\"<\/p>\r\n                    <\/div>\r\n                <\/div><\/div><div data-title=\"universitat de barcelona  facultat de filologia i comunicacio comunicacio-es formacio-es  congresos-es instalaciones-es universidades \" data-actv=\"comunicacio-es formacio-es \" data-serv=\"congresos-es instalaciones-es universidades \" class=\"col-12 col-md-4 mb-4 border-bottom soci_box\"><div class=\"soci_item text-center\"><a class=\"soci_item_overlay\" data-fancybox=\"10729\" data-src=\"#selectableModal10729\" href=\"javascript:;\">Universitat de Barcelona (Facultat de Filologia i Comunicaci\u00f3)<\/a><div class=\"cav_fancy\" style=\"display: none;max-width:500px;\" id=\"selectableModal10729\">\r\n                        <div class=\"cav_fancy_logo text-center pb-4 border-bottom\"><img decoding=\"async\" class=\"soci_item_logo img-fluid\" src=\"https:\/\/www.clusteraudiovisual.cat\/wp-content\/uploads\/2021\/03\/114.Filologiai-comunicacio_1tinta-3.jpg\" alt=\"Universitat de Barcelona (Facultat de Filologia i Comunicaci\u00f3)\" title=\"Universitat de Barcelona (Facultat de Filologia i Comunicaci\u00f3)\" \/><\/div>\r\n                        <h3 class=\"cav_fancy_title\" data-selectable=\"true\">Universitat de Barcelona (Facultat de Filologia i Comunicaci\u00f3)<\/h3>\r\n                        <p class=\"cav_fancy_cat_actv\"><span>Comunicaci\u00f3n<\/span><span>Formaci\u00f3n<\/span><\/p>\r\n                        <p class=\"cav_fancy_cat_serv\">Congresos<span class=\"separador_cats\">|<\/span>Instalaciones<span class=\"separador_cats\">|<\/span>Universidades<span class=\"separador_cats\"<\/p>\r\n                        <p class=\"cav_fancy_description border-bottom\">Facultad de la Universidad de Barcelona especializada en estudios de Filolog\u00eda y Comunicaci\u00f3n. Ofrece el Grado de Comunicaci\u00f3n e Industrias Culturales, el M\u00e1ster universitario oficial de Comunicaci\u00f3n Especializada y el M\u00e1ster de Periodismo BCN-NY en colaboraci\u00f3n con Columbia Journalism School como t\u00edtulo propio.<\/p>\r\n                        <div class=\"cav_fancy_adress\"><p>Facultat de Filologia i Comunicaci\u00f3<\/p>\n<p class=\"margenSuperiorLetrasBloques\">Gran Via de les Corts Catalanes, 585<\/p>\n<p>08007, Barcelona<\/p>\n<p>934 035 584 | 83<\/p>\n<p><a href=\"mailto:fil-secretaria@ub.edu\">fil-secretaria@ub.edu<\/a><\/p>\n<p><a href=\"https:\/\/www.ub.edu\/portal\/web\/filologia-comunicacio\" target=\"_blank\" rel=\"noopener\">www.ub.edu\/portal\/web\/filologia-comunicacio<\/a><\/p>\n<\/div>\r\n                        <p class=\"cav_fancy_social\"><a target=\"_blank\" href=\"https:\/\/twitter.com\/FilComUB\"><img decoding=\"async\" src=\"https:\/\/www.clusteraudiovisual.cat\/wp-content\/themes\/enfold-child\/img\/twitter.png\" alt=\"Universitat de Barcelona (Facultat de Filologia i Comunicaci\u00f3) - Twitter\" \/><\/a>  <a target=\"_blank\" href=\"https:\/\/www.instagram.com\/filcomub\/\"><img decoding=\"async\" src=\"https:\/\/www.clusteraudiovisual.cat\/wp-content\/themes\/enfold-child\/img\/icon-instagram.png\" alt=\"Universitat de Barcelona (Facultat de Filologia i Comunicaci\u00f3) - Instagram\" \/><\/a> <a target=\"_blank\" href=\"hhttps:\/\/www.youtube.com\/playlist?list=PLxTI681xGgMchAsZwwGWEc1BIu-ZufWL_\"><img decoding=\"async\" src=\"https:\/\/www.clusteraudiovisual.cat\/wp-content\/themes\/enfold-child\/img\/icon-youtube.png\" alt=\"Universitat de Barcelona (Facultat de Filologia i Comunicaci\u00f3) - Youtube\" \/><\/a> <\/p>\r\n                <\/div><img decoding=\"async\" class=\"soci_item_logo img-fluid\" src=\"https:\/\/www.clusteraudiovisual.cat\/wp-content\/uploads\/2021\/03\/114.Filologiai-comunicacio_1tinta-3.jpg\" alt=\"Universitat de Barcelona (Facultat de Filologia i Comunicaci\u00f3)\" title=\"Universitat de Barcelona (Facultat de Filologia i Comunicaci\u00f3)\" \/>\r\n                    <div class=\"soci_list_activ_container\" style=\"width: 100%;background: none;\">\r\n                               <p class=\"soci_list_activ mb-0\"><span>Comunicaci\u00f3n<\/span><span>Formaci\u00f3n<\/span><\/p>\r\n                               <p class=\"soci_list_serv mb-0\">Congresos<span class=\"separador_cats\">|<\/span>Instalaciones<span class=\"separador_cats\">|<\/span>Universidades<span class=\"separador_cats\"<\/p>\r\n                    <\/div>\r\n                <\/div><\/div><div data-title=\"universitat de vic formacio-es  cortometrajes-es ficcion formatos-tv-es largometrajes-es no-ficcion eries universidades videojuegos \" data-actv=\"formacio-es \" data-serv=\"cortometrajes-es ficcion formatos-tv-es largometrajes-es no-ficcion eries universidades videojuegos \" class=\"col-12 col-md-4 mb-4 border-bottom soci_box\"><div class=\"soci_item text-center\"><a class=\"soci_item_overlay\" data-fancybox=\"8227\" data-src=\"#selectableModal8227\" href=\"javascript:;\">Universitat de Vic<\/a><div class=\"cav_fancy\" style=\"display: none;max-width:500px;\" id=\"selectableModal8227\">\r\n                        <div class=\"cav_fancy_logo text-center pb-4 border-bottom\"><img decoding=\"async\" class=\"soci_item_logo img-fluid\" src=\"https:\/\/www.clusteraudiovisual.cat\/wp-content\/uploads\/2020\/08\/121.noticia-uvic.jpg\" alt=\"Universitat de Vic\" title=\"Universitat de Vic\" \/><\/div>\r\n                        <h3 class=\"cav_fancy_title\" data-selectable=\"true\">Universitat de Vic<\/h3>\r\n                        <p class=\"cav_fancy_cat_actv\"><span>Formaci\u00f3n<\/span><\/p>\r\n                        <p class=\"cav_fancy_cat_serv\">Cortometrajes<span class=\"separador_cats\">|<\/span>Ficci\u00f3n<span class=\"separador_cats\">|<\/span>Formatos TV<span class=\"separador_cats\">|<\/span>Largometrajes<span class=\"separador_cats\">|<\/span>No ficci\u00f3n<span class=\"separador_cats\">|<\/span>Series<span class=\"separador_cats\">|<\/span>Universidades<span class=\"separador_cats\">|<\/span>Videojuegos<span class=\"separador_cats\"<\/p>\r\n                        <p class=\"cav_fancy_description border-bottom\">Universidad que ofrece grados y m\u00e1steres en el \u00e1mbito de la comunicaci\u00f3n y CFGS en imagen y sonido, comunicaciones y marketing.<\/p>\r\n                        <div class=\"cav_fancy_adress\"><p>C\/ Sagrada Fam\u00edlia, 7<\/p>\n<p>08500 Vic<\/p>\n<p>938 861 222<\/p>\n<p><a href=\"https:\/\/www.uvic.cat\/\" target=\"_blank\" rel=\"noopener\">www.uvic.cat<\/a><\/p>\n<\/div>\r\n                        <p class=\"cav_fancy_social\"><a target=\"_blank\" href=\"https:\/\/twitter.com\/uvic_ucc\"><img decoding=\"async\" src=\"https:\/\/www.clusteraudiovisual.cat\/wp-content\/themes\/enfold-child\/img\/twitter.png\" alt=\"Universitat de Vic - Twitter\" \/><\/a> <a target=\"_blank\" href=\"https:\/\/www.facebook.com\/UniversitatdeVic\"><img decoding=\"async\" src=\"https:\/\/www.clusteraudiovisual.cat\/wp-content\/themes\/enfold-child\/img\/facebook.png\" alt=\"Universitat de Vic - Twitter\" \/><\/a> <a target=\"_blank\" href=\"https:\/\/www.instagram.com\/uvic_ucc\/\"><img decoding=\"async\" src=\"https:\/\/www.clusteraudiovisual.cat\/wp-content\/themes\/enfold-child\/img\/icon-instagram.png\" alt=\"Universitat de Vic - Instagram\" \/><\/a> <a target=\"_blank\" href=\"https:\/\/www.youtube.com\/user\/UniversitatdeVic\"><img decoding=\"async\" src=\"https:\/\/www.clusteraudiovisual.cat\/wp-content\/themes\/enfold-child\/img\/icon-youtube.png\" alt=\"Universitat de Vic - Youtube\" \/><\/a> <a target=\"_blank\" href=\"https:\/\/www.linkedin.com\/school\/universitat-de-vic\/\"><img decoding=\"async\" src=\"https:\/\/www.clusteraudiovisual.cat\/wp-content\/themes\/enfold-child\/img\/icon-linkedin.png\" alt=\"Universitat de Vic - Linkedin\" \/><\/a><\/p>\r\n                <\/div><img decoding=\"async\" class=\"soci_item_logo img-fluid\" src=\"https:\/\/www.clusteraudiovisual.cat\/wp-content\/uploads\/2020\/08\/121.noticia-uvic.jpg\" alt=\"Universitat de Vic\" title=\"Universitat de Vic\" \/>\r\n                    <div class=\"soci_list_activ_container\" style=\"width: 100%;background: none;\">\r\n                               <p class=\"soci_list_activ mb-0\"><span>Formaci\u00f3n<\/span><\/p>\r\n                               <p class=\"soci_list_serv mb-0\">Cortometrajes<span class=\"separador_cats\">|<\/span>Ficci\u00f3n<span class=\"separador_cats\">|<\/span>Formatos TV<span class=\"separador_cats\">|<\/span>Largometrajes<span class=\"separador_cats\">|<\/span>No ficci\u00f3n<span class=\"separador_cats\">|<\/span>Series<span class=\"separador_cats\">|<\/span>Universidades<span class=\"separador_cats\">|<\/span>Videojuegos<span class=\"separador_cats\"<\/p>\r\n                    <\/div>\r\n                <\/div><\/div><div data-title=\"universitat internacional de catalunya formacio-es  universidades \" data-actv=\"formacio-es \" data-serv=\"universidades \" class=\"col-12 col-md-4 mb-4 border-bottom soci_box\"><div class=\"soci_item text-center\"><a class=\"soci_item_overlay\" data-fancybox=\"8229\" data-src=\"#selectableModal8229\" href=\"javascript:;\">Universitat Internacional de Catalunya<\/a><div class=\"cav_fancy\" style=\"display: none;max-width:500px;\" id=\"selectableModal8229\">\r\n                        <div class=\"cav_fancy_logo text-center pb-4 border-bottom\"><img decoding=\"async\" class=\"soci_item_logo img-fluid\" src=\"https:\/\/www.clusteraudiovisual.cat\/wp-content\/uploads\/2020\/08\/115.immedicohospitalario_imparte_primer_13517_28161248.jpg\" alt=\"Universitat Internacional de Catalunya\" title=\"Universitat Internacional de Catalunya\" \/><\/div>\r\n                        <h3 class=\"cav_fancy_title\" data-selectable=\"true\">Universitat Internacional de Catalunya<\/h3>\r\n                        <p class=\"cav_fancy_cat_actv\"><span>Formaci\u00f3n<\/span><\/p>\r\n                        <p class=\"cav_fancy_cat_serv\">Universidades<span class=\"separador_cats\"<\/p>\r\n                        <p class=\"cav_fancy_description border-bottom\">Universidad que ofrece grados y m\u00e1steres en el \u00e1mbito de la comunicaci\u00f3n y la tecnolog\u00eda.<\/p>\r\n                        <div class=\"cav_fancy_adress\"><p>C\/ Immaculada, 22<\/p>\n<p>08017, Barcelona<\/p>\n<p>932 541 800<\/p>\n<p><a href=\"mailto:info@uic.es\" target=\"_blank\" rel=\"noopener\">info@uic.es<\/a><\/p>\n<p><a href=\"https:\/\/www.uic.es\/ca\" target=\"_blank\" rel=\"noopener\">www.uic.es<\/a><\/p>\n<\/div>\r\n                        <p class=\"cav_fancy_social\"><a target=\"_blank\" href=\"https:\/\/twitter.com\/uicbarcelona\"><img decoding=\"async\" src=\"https:\/\/www.clusteraudiovisual.cat\/wp-content\/themes\/enfold-child\/img\/twitter.png\" alt=\"Universitat Internacional de Catalunya - Twitter\" \/><\/a> <a target=\"_blank\" href=\"https:\/\/www.facebook.com\/UICbarcelona\"><img decoding=\"async\" src=\"https:\/\/www.clusteraudiovisual.cat\/wp-content\/themes\/enfold-child\/img\/facebook.png\" alt=\"Universitat Internacional de Catalunya - Twitter\" \/><\/a> <a target=\"_blank\" href=\"https:\/\/www.instagram.com\/uicbarcelona\/\"><img decoding=\"async\" src=\"https:\/\/www.clusteraudiovisual.cat\/wp-content\/themes\/enfold-child\/img\/icon-instagram.png\" alt=\"Universitat Internacional de Catalunya - Instagram\" \/><\/a>  <a target=\"_blank\" href=\"https:\/\/www.linkedin.com\/school\/universitat-internacional-de-catalunya-uic\/\"><img decoding=\"async\" src=\"https:\/\/www.clusteraudiovisual.cat\/wp-content\/themes\/enfold-child\/img\/icon-linkedin.png\" alt=\"Universitat Internacional de Catalunya - Linkedin\" \/><\/a><\/p>\r\n                <\/div><img decoding=\"async\" class=\"soci_item_logo img-fluid\" src=\"https:\/\/www.clusteraudiovisual.cat\/wp-content\/uploads\/2020\/08\/115.immedicohospitalario_imparte_primer_13517_28161248.jpg\" alt=\"Universitat Internacional de Catalunya\" title=\"Universitat Internacional de Catalunya\" \/>\r\n                    <div class=\"soci_list_activ_container\" style=\"width: 100%;background: none;\">\r\n                               <p class=\"soci_list_activ mb-0\"><span>Formaci\u00f3n<\/span><\/p>\r\n                               <p class=\"soci_list_serv mb-0\">Universidades<span class=\"separador_cats\"<\/p>\r\n                    <\/div>\r\n                <\/div><\/div><div data-title=\"universitat oberta de catalunya formacio-es  cortometrajes-es ficcion formatos-tv-es no-ficcion universidades videojuegos \" data-actv=\"formacio-es \" data-serv=\"cortometrajes-es ficcion formatos-tv-es no-ficcion universidades videojuegos \" class=\"col-12 col-md-4 mb-4 border-bottom soci_box\"><div class=\"soci_item text-center\"><a class=\"soci_item_overlay\" data-fancybox=\"8166\" data-src=\"#selectableModal8166\" href=\"javascript:;\">Universitat Oberta de Catalunya<\/a><div class=\"cav_fancy\" style=\"display: none;max-width:500px;\" id=\"selectableModal8166\">\r\n                        <div class=\"cav_fancy_logo text-center pb-4 border-bottom\"><img decoding=\"async\" class=\"soci_item_logo img-fluid\" src=\"https:\/\/www.clusteraudiovisual.cat\/wp-content\/uploads\/2017\/06\/118.202-nova-marca-uoc-1.jpg\" alt=\"Universitat Oberta de Catalunya\" title=\"Universitat Oberta de Catalunya\" \/><\/div>\r\n                        <h3 class=\"cav_fancy_title\" data-selectable=\"true\">Universitat Oberta de Catalunya<\/h3>\r\n                        <p class=\"cav_fancy_cat_actv\"><span>Formaci\u00f3n<\/span><\/p>\r\n                        <p class=\"cav_fancy_cat_serv\">Cortometrajes<span class=\"separador_cats\">|<\/span>Ficci\u00f3n<span class=\"separador_cats\">|<\/span>Formatos TV<span class=\"separador_cats\">|<\/span>No ficci\u00f3n<span class=\"separador_cats\">|<\/span>Universidades<span class=\"separador_cats\">|<\/span>Videojuegos<span class=\"separador_cats\"<\/p>\r\n                        <p class=\"cav_fancy_description border-bottom\">Universidad p\u00fablica especializada en la ense\u00f1anza no presencial online que ofrece grados y m\u00e1steres relacionados con el audiovisual y la comunicaci\u00f3n.<\/p>\r\n                        <div class=\"cav_fancy_adress\"><p>Av. Tibidabo, 39-43<\/p>\n<p>08035, Barcelona<\/p>\n<p>933 263 596<\/p>\n<p><a href=\"https:\/\/www.uoc.edu\/portal\/ca\/index.html\" target=\"_blank\" rel=\"noopener\">www.uoc.edu<\/a><\/p>\n<\/div>\r\n                        <p class=\"cav_fancy_social\"><a target=\"_blank\" href=\"https:\/\/twitter.com\/UOCuniversitat\"><img decoding=\"async\" src=\"https:\/\/www.clusteraudiovisual.cat\/wp-content\/themes\/enfold-child\/img\/twitter.png\" alt=\"Universitat Oberta de Catalunya - Twitter\" \/><\/a> <a target=\"_blank\" href=\"https:\/\/www.facebook.com\/UOC.universitat\"><img decoding=\"async\" src=\"https:\/\/www.clusteraudiovisual.cat\/wp-content\/themes\/enfold-child\/img\/facebook.png\" alt=\"Universitat Oberta de Catalunya - Twitter\" \/><\/a> <a target=\"_blank\" href=\"http:\/\/instagram.com\/uocuniversitat\"><img decoding=\"async\" src=\"https:\/\/www.clusteraudiovisual.cat\/wp-content\/themes\/enfold-child\/img\/icon-instagram.png\" alt=\"Universitat Oberta de Catalunya - Instagram\" \/><\/a> <a target=\"_blank\" href=\"https:\/\/www.youtube.com\/UOC\"><img decoding=\"async\" src=\"https:\/\/www.clusteraudiovisual.cat\/wp-content\/themes\/enfold-child\/img\/icon-youtube.png\" alt=\"Universitat Oberta de Catalunya - Youtube\" \/><\/a> <a target=\"_blank\" href=\"https:\/\/www.linkedin.com\/school\/uoc\/\"><img decoding=\"async\" src=\"https:\/\/www.clusteraudiovisual.cat\/wp-content\/themes\/enfold-child\/img\/icon-linkedin.png\" alt=\"Universitat Oberta de Catalunya - Linkedin\" \/><\/a><\/p>\r\n                <\/div><img decoding=\"async\" class=\"soci_item_logo img-fluid\" src=\"https:\/\/www.clusteraudiovisual.cat\/wp-content\/uploads\/2017\/06\/118.202-nova-marca-uoc-1.jpg\" alt=\"Universitat Oberta de Catalunya\" title=\"Universitat Oberta de Catalunya\" \/>\r\n                    <div class=\"soci_list_activ_container\" style=\"width: 100%;background: none;\">\r\n                               <p class=\"soci_list_activ mb-0\"><span>Formaci\u00f3n<\/span><\/p>\r\n                               <p class=\"soci_list_serv mb-0\">Cortometrajes<span class=\"separador_cats\">|<\/span>Ficci\u00f3n<span class=\"separador_cats\">|<\/span>Formatos TV<span class=\"separador_cats\">|<\/span>No ficci\u00f3n<span class=\"separador_cats\">|<\/span>Universidades<span class=\"separador_cats\">|<\/span>Videojuegos<span class=\"separador_cats\"<\/p>\r\n                    <\/div>\r\n                <\/div><\/div><div data-title=\"universitat pompeu fabra formacio-es  cortometrajes-es ficcion formatos-tv-es largometrajes-es no-ficcion universidades videojuegos \" data-actv=\"formacio-es \" data-serv=\"cortometrajes-es ficcion formatos-tv-es largometrajes-es no-ficcion universidades videojuegos \" class=\"col-12 col-md-4 mb-4 border-bottom soci_box\"><div class=\"soci_item text-center\"><a class=\"soci_item_overlay\" data-fancybox=\"8164\" data-src=\"#selectableModal8164\" href=\"javascript:;\">Universitat Pompeu Fabra<\/a><div class=\"cav_fancy\" style=\"display: none;max-width:500px;\" id=\"selectableModal8164\">\r\n                        <div class=\"cav_fancy_logo text-center pb-4 border-bottom\"><img decoding=\"async\" class=\"soci_item_logo img-fluid\" src=\"https:\/\/www.clusteraudiovisual.cat\/wp-content\/uploads\/2017\/06\/119.cUPF_cmyk.jpg\" alt=\"Universitat Pompeu Fabra\" title=\"Universitat Pompeu Fabra\" \/><\/div>\r\n                        <h3 class=\"cav_fancy_title\" data-selectable=\"true\">Universitat Pompeu Fabra<\/h3>\r\n                        <p class=\"cav_fancy_cat_actv\"><span>Formaci\u00f3n<\/span><\/p>\r\n                        <p class=\"cav_fancy_cat_serv\">Cortometrajes<span class=\"separador_cats\">|<\/span>Ficci\u00f3n<span class=\"separador_cats\">|<\/span>Formatos TV<span class=\"separador_cats\">|<\/span>Largometrajes<span class=\"separador_cats\">|<\/span>No ficci\u00f3n<span class=\"separador_cats\">|<\/span>Universidades<span class=\"separador_cats\">|<\/span>Videojuegos<span class=\"separador_cats\"<\/p>\r\n                        <p class=\"cav_fancy_description border-bottom\">Universidad p\u00fablica que ofrece grados y m\u00e1steres en el \u00e1mbito de la comunicaci\u00f3n.<\/p>\r\n                        <div class=\"cav_fancy_adress\"><p>Facultat de Comunicaci\u00f3 &#8211; Campus del Poblenou<\/p>\n<p>C\/ Boronat, 138<\/p>\n<p>08018, Barcelona<\/p>\n<p>935 422 273<\/p>\n<p><a href=\"mailto:facultat.comunicacio@upf.edu\">facultat.comunicacio@upf.edu<\/a><\/p>\n<p><a href=\"https:\/\/www.upf.edu\/web\/universitat\/directori\/-\/asset_publisher\/xEVOEUikTu2r\/content\/id\/6245749?_com_liferay_asset_publisher_web_portlet_AssetPublisherPortlet_INSTANCE_xEVOEUikTu2r_languageId=ca_ES\" target=\"_blank\" rel=\"noopener\">www.upf.edu<\/a><\/p>\n<\/div>\r\n                        <p class=\"cav_fancy_social\"><a target=\"_blank\" href=\"https:\/\/twitter.com\/upfbarcelona\"><img decoding=\"async\" src=\"https:\/\/www.clusteraudiovisual.cat\/wp-content\/themes\/enfold-child\/img\/twitter.png\" alt=\"Universitat Pompeu Fabra - Twitter\" \/><\/a> <a target=\"_blank\" href=\"https:\/\/www.facebook.com\/UPFBarcelona\/?ref=ts&fref=ts\"><img decoding=\"async\" src=\"https:\/\/www.clusteraudiovisual.cat\/wp-content\/themes\/enfold-child\/img\/facebook.png\" alt=\"Universitat Pompeu Fabra - Twitter\" \/><\/a> <a target=\"_blank\" href=\"https:\/\/www.instagram.com\/upfbarcelona\/\"><img decoding=\"async\" src=\"https:\/\/www.clusteraudiovisual.cat\/wp-content\/themes\/enfold-child\/img\/icon-instagram.png\" alt=\"Universitat Pompeu Fabra - Instagram\" \/><\/a> <a target=\"_blank\" href=\"https:\/\/www.youtube.com\/upf\"><img decoding=\"async\" src=\"https:\/\/www.clusteraudiovisual.cat\/wp-content\/themes\/enfold-child\/img\/icon-youtube.png\" alt=\"Universitat Pompeu Fabra - Youtube\" \/><\/a> <a target=\"_blank\" href=\"https:\/\/www.linkedin.com\/school\/universitat-pompeu-fabra\/\"><img decoding=\"async\" src=\"https:\/\/www.clusteraudiovisual.cat\/wp-content\/themes\/enfold-child\/img\/icon-linkedin.png\" alt=\"Universitat Pompeu Fabra - Linkedin\" \/><\/a><\/p>\r\n                <\/div><img decoding=\"async\" class=\"soci_item_logo img-fluid\" src=\"https:\/\/www.clusteraudiovisual.cat\/wp-content\/uploads\/2017\/06\/119.cUPF_cmyk.jpg\" alt=\"Universitat Pompeu Fabra\" title=\"Universitat Pompeu Fabra\" \/>\r\n                    <div class=\"soci_list_activ_container\" style=\"width: 100%;background: none;\">\r\n                               <p class=\"soci_list_activ mb-0\"><span>Formaci\u00f3n<\/span><\/p>\r\n                               <p class=\"soci_list_serv mb-0\">Cortometrajes<span class=\"separador_cats\">|<\/span>Ficci\u00f3n<span class=\"separador_cats\">|<\/span>Formatos TV<span class=\"separador_cats\">|<\/span>Largometrajes<span class=\"separador_cats\">|<\/span>No ficci\u00f3n<span class=\"separador_cats\">|<\/span>Universidades<span class=\"separador_cats\">|<\/span>Videojuegos<span class=\"separador_cats\"<\/p>\r\n                    <\/div>\r\n                <\/div><\/div><div data-title=\"universitat rovira i virgili formacio-es  universidades \" data-actv=\"formacio-es \" data-serv=\"universidades \" class=\"col-12 col-md-4 mb-4 border-bottom soci_box\"><div class=\"soci_item text-center\"><a class=\"soci_item_overlay\" data-fancybox=\"30167\" data-src=\"#selectableModal30167\" href=\"javascript:;\">Universitat Rovira i Virgili<\/a><div class=\"cav_fancy\" style=\"display: none;max-width:500px;\" id=\"selectableModal30167\">\r\n                        <div class=\"cav_fancy_logo text-center pb-4 border-bottom\"><img decoding=\"async\" class=\"soci_item_logo img-fluid\" src=\"https:\/\/www.clusteraudiovisual.cat\/wp-content\/uploads\/2023\/03\/LogoSoci_URV-1.jpg\" alt=\"Universitat Rovira i Virgili\" title=\"Universitat Rovira i Virgili\" \/><\/div>\r\n                        <h3 class=\"cav_fancy_title\" data-selectable=\"true\">Universitat Rovira i Virgili<\/h3>\r\n                        <p class=\"cav_fancy_cat_actv\"><span>Formaci\u00f3n<\/span><\/p>\r\n                        <p class=\"cav_fancy_cat_serv\">Universidades<span class=\"separador_cats\"<\/p>\r\n                        <p class=\"cav_fancy_description border-bottom\">Universidad p\u00fablica referente de la Catalunya Sud que ofrece estudios de grado y m\u00e1ster en el \u00e1mbito de la comunicaci\u00f3n.<\/p>\r\n                        <div class=\"cav_fancy_adress\"><p>Departament d&#8217;Estudis de Comunicaci\u00f3 &#8211; Campus Catalunya<\/p>\n<p>Av. Catalunya, 35<\/p>\n<p>42002, Tarragona<\/p>\n<p>977 558 000<\/p>\n<p><a href=\"mailto:sdec@urv.cat\" target=\"_blank\" rel=\"noopener\">sdec@urv.cat<\/a><\/p>\n<p><a href=\"https:\/\/www.comunicacio.urv.cat\/ca\/\" target=\"_blank\" rel=\"noopener\">www.comunicacio.urv.cat<\/a><\/p>\n<\/div>\r\n                        <p class=\"cav_fancy_social\"><a target=\"_blank\" href=\"https:\/\/twitter.com\/universitatURV\"><img decoding=\"async\" src=\"https:\/\/www.clusteraudiovisual.cat\/wp-content\/themes\/enfold-child\/img\/twitter.png\" alt=\"Universitat Rovira i Virgili - Twitter\" \/><\/a> <a target=\"_blank\" href=\"https:\/\/www.facebook.com\/universitatURV\/\"><img decoding=\"async\" src=\"https:\/\/www.clusteraudiovisual.cat\/wp-content\/themes\/enfold-child\/img\/facebook.png\" alt=\"Universitat Rovira i Virgili - Twitter\" \/><\/a> <a target=\"_blank\" href=\"https:\/\/instagram.com\/universitatURV\/\"><img decoding=\"async\" src=\"https:\/\/www.clusteraudiovisual.cat\/wp-content\/themes\/enfold-child\/img\/icon-instagram.png\" alt=\"Universitat Rovira i Virgili - Instagram\" \/><\/a> <a target=\"_blank\" href=\"https:\/\/www.youtube.com\/canalURV\"><img decoding=\"async\" src=\"https:\/\/www.clusteraudiovisual.cat\/wp-content\/themes\/enfold-child\/img\/icon-youtube.png\" alt=\"Universitat Rovira i Virgili - Youtube\" \/><\/a> <a target=\"_blank\" href=\"https:\/\/www.linkedin.com\/school\/universitaturv\/\"><img decoding=\"async\" src=\"https:\/\/www.clusteraudiovisual.cat\/wp-content\/themes\/enfold-child\/img\/icon-linkedin.png\" alt=\"Universitat Rovira i Virgili - Linkedin\" \/><\/a><\/p>\r\n                <\/div><img decoding=\"async\" class=\"soci_item_logo img-fluid\" src=\"https:\/\/www.clusteraudiovisual.cat\/wp-content\/uploads\/2023\/03\/LogoSoci_URV-1.jpg\" alt=\"Universitat Rovira i Virgili\" title=\"Universitat Rovira i Virgili\" \/>\r\n                    <div class=\"soci_list_activ_container\" style=\"width: 100%;background: none;\">\r\n                               <p class=\"soci_list_activ mb-0\"><span>Formaci\u00f3n<\/span><\/p>\r\n                               <p class=\"soci_list_serv mb-0\">Universidades<span class=\"separador_cats\"<\/p>\r\n                    <\/div>\r\n                <\/div><\/div><div data-title=\"univrse experiencias-inmersivas-es tecnologia-es  esdeveniments-es metaverso-es realidad-virtual showrooms-es \" data-actv=\"experiencias-inmersivas-es tecnologia-es \" data-serv=\"esdeveniments-es metaverso-es realidad-virtual showrooms-es \" class=\"col-12 col-md-4 mb-4 border-bottom soci_box\"><div class=\"soci_item text-center\"><a class=\"soci_item_overlay\" data-fancybox=\"23196\" data-src=\"#selectableModal23196\" href=\"javascript:;\">UNIVRSE<\/a><div class=\"cav_fancy\" style=\"display: none;max-width:500px;\" id=\"selectableModal23196\">\r\n                        <div class=\"cav_fancy_logo text-center pb-4 border-bottom\"><img decoding=\"async\" class=\"soci_item_logo img-fluid\" src=\"https:\/\/www.clusteraudiovisual.cat\/wp-content\/uploads\/2022\/05\/LogoSoci_UNIVRSE-1.png\" alt=\"UNIVRSE\" title=\"UNIVRSE\" \/><\/div>\r\n                        <h3 class=\"cav_fancy_title\" data-selectable=\"true\">UNIVRSE<\/h3>\r\n                        <p class=\"cav_fancy_cat_actv\"><span>Experiencias Inmersivas<\/span><span>Tecnolog\u00eda<\/span><\/p>\r\n                        <p class=\"cav_fancy_cat_serv\">Eventos<span class=\"separador_cats\">|<\/span>Metaverso<span class=\"separador_cats\">|<\/span>Realidad Virtual<span class=\"separador_cats\">|<\/span>Showrooms<span class=\"separador_cats\"<\/p>\r\n                        <p class=\"cav_fancy_description border-bottom\">Especializados en crear experiencias inmersivas de realidad virtual y realidad aumentada que pueden ser compartidas con hasta 100 usuarios, cada uno con su avatar.<\/p>\r\n                        <div class=\"cav_fancy_adress\"><p>C\/ de Josep Pla, 98<\/p>\n<p>08019, Barcelona<\/p>\n<p><a href=\"mailto:hello@univr.se\" target=\"_blank\" rel=\"noopener\">hello@univr.se<\/a><\/p>\n<p><a href=\"https:\/\/www.univr.se\/\" target=\"_blank\" rel=\"noopener\">www.univr.se<\/a><\/p>\n<\/div>\r\n                        <p class=\"cav_fancy_social\">  <a target=\"_blank\" href=\"https:\/\/www.instagram.com\/univr.se\/\"><img decoding=\"async\" src=\"https:\/\/www.clusteraudiovisual.cat\/wp-content\/themes\/enfold-child\/img\/icon-instagram.png\" alt=\"UNIVRSE - Instagram\" \/><\/a>  <a target=\"_blank\" href=\"https:\/\/es.linkedin.com\/company\/univr-se?trk=similar-pages\"><img decoding=\"async\" src=\"https:\/\/www.clusteraudiovisual.cat\/wp-content\/themes\/enfold-child\/img\/icon-linkedin.png\" alt=\"UNIVRSE - Linkedin\" \/><\/a><\/p>\r\n                <\/div><img decoding=\"async\" class=\"soci_item_logo img-fluid\" src=\"https:\/\/www.clusteraudiovisual.cat\/wp-content\/uploads\/2022\/05\/LogoSoci_UNIVRSE-1.png\" alt=\"UNIVRSE\" title=\"UNIVRSE\" \/>\r\n                    <div class=\"soci_list_activ_container\" style=\"width: 100%;background: none;\">\r\n                               <p class=\"soci_list_activ mb-0\"><span>Experiencias Inmersivas<\/span><span>Tecnolog\u00eda<\/span><\/p>\r\n                               <p class=\"soci_list_serv mb-0\">Eventos<span class=\"separador_cats\">|<\/span>Metaverso<span class=\"separador_cats\">|<\/span>Realidad Virtual<span class=\"separador_cats\">|<\/span>Showrooms<span class=\"separador_cats\"<\/p>\r\n                    <\/div>\r\n                <\/div><\/div><div data-title=\"utopia produccion-es television-es  ficcion formatos-tv-es no-ficcion \" data-actv=\"produccion-es television-es \" data-serv=\"ficcion formatos-tv-es no-ficcion \" class=\"col-12 col-md-4 mb-4 border-bottom soci_box\"><div class=\"soci_item text-center\"><a class=\"soci_item_overlay\" data-fancybox=\"8026\" data-src=\"#selectableModal8026\" href=\"javascript:;\">Utopia<\/a><div class=\"cav_fancy\" style=\"display: none;max-width:500px;\" id=\"selectableModal8026\">\r\n                        <div class=\"cav_fancy_logo text-center pb-4 border-bottom\"><img decoding=\"async\" class=\"soci_item_logo img-fluid\" src=\"https:\/\/www.clusteraudiovisual.cat\/wp-content\/uploads\/2013\/09\/120.Logo-Utopia.jpg\" alt=\"Utopia\" title=\"Utopia\" \/><\/div>\r\n                        <h3 class=\"cav_fancy_title\" data-selectable=\"true\">Utopia<\/h3>\r\n                        <p class=\"cav_fancy_cat_actv\"><span>Producci\u00f3n<\/span><span>Televisi\u00f3n<\/span><\/p>\r\n                        <p class=\"cav_fancy_cat_serv\">Ficci\u00f3n<span class=\"separador_cats\">|<\/span>Formatos TV<span class=\"separador_cats\">|<\/span>No ficci\u00f3n<span class=\"separador_cats\"<\/p>\r\n                        <p class=\"cav_fancy_description border-bottom\">Productora que ofrece servicios audiovisuales de publicaciones en papel y digital. Trabajan con empresas e instituciones para mejorar su presencia, generando contenido audiovisual y digital propio y creando estrategias de comunicaci\u00f3n. Producen reportajes, documentales y programas para televisi\u00f3n y cine documental y ficci\u00f3n.<\/p>\r\n                        <div class=\"cav_fancy_adress\"><p>Gran Via de les Corts Catalanes, 718, principal 2<\/p>\n<p>08013, Barcelona<\/p>\n<p><a href=\"mailto:info@utopiaglobal.com\">info@utopiaglobal.com<\/a><\/p>\n<p><a href=\"http:\/\/www.utopiaglobal.com\/\" target=\"_blank\" rel=\"noopener\">www.utopiaglobal.com<\/a><\/p>\n<\/div>\r\n                        <p class=\"cav_fancy_social\"> <a target=\"_blank\" href=\"https:\/\/www.facebook.com\/Utopia-Global-365649014867\/\"><img decoding=\"async\" src=\"https:\/\/www.clusteraudiovisual.cat\/wp-content\/themes\/enfold-child\/img\/facebook.png\" alt=\"Utopia - Twitter\" \/><\/a>   <\/p>\r\n                <\/div><img decoding=\"async\" class=\"soci_item_logo img-fluid\" src=\"https:\/\/www.clusteraudiovisual.cat\/wp-content\/uploads\/2013\/09\/120.Logo-Utopia.jpg\" alt=\"Utopia\" title=\"Utopia\" \/>\r\n                    <div class=\"soci_list_activ_container\" style=\"width: 100%;background: none;\">\r\n                               <p class=\"soci_list_activ mb-0\"><span>Producci\u00f3n<\/span><span>Televisi\u00f3n<\/span><\/p>\r\n                               <p class=\"soci_list_serv mb-0\">Ficci\u00f3n<span class=\"separador_cats\">|<\/span>Formatos TV<span class=\"separador_cats\">|<\/span>No ficci\u00f3n<span class=\"separador_cats\"<\/p>\r\n                    <\/div>\r\n                <\/div><\/div><div data-title=\"valles oriental televisio  votv television-es  formatos-tv-es noticias \" data-actv=\"television-es \" data-serv=\"formatos-tv-es noticias \" class=\"col-12 col-md-4 mb-4 border-bottom soci_box\"><div class=\"soci_item text-center\"><a class=\"soci_item_overlay\" data-fancybox=\"16711\" data-src=\"#selectableModal16711\" href=\"javascript:;\">Vall\u00e8s Oriental Televisi\u00f3 (VOTV)<\/a><div class=\"cav_fancy\" style=\"display: none;max-width:500px;\" id=\"selectableModal16711\">\r\n                        <div class=\"cav_fancy_logo text-center pb-4 border-bottom\"><img decoding=\"async\" class=\"soci_item_logo img-fluid\" src=\"https:\/\/www.clusteraudiovisual.cat\/wp-content\/uploads\/2021\/11\/Logo_Votv_vectorial-3-1.jpg\" alt=\"Vall\u00e8s Oriental Televisi\u00f3 (VOTV)\" title=\"Vall\u00e8s Oriental Televisi\u00f3 (VOTV)\" \/><\/div>\r\n                        <h3 class=\"cav_fancy_title\" data-selectable=\"true\">Vall\u00e8s Oriental Televisi\u00f3 (VOTV)<\/h3>\r\n                        <p class=\"cav_fancy_cat_actv\"><span>Televisi\u00f3n<\/span><\/p>\r\n                        <p class=\"cav_fancy_cat_serv\">Formatos TV<span class=\"separador_cats\">|<\/span>Noticias<span class=\"separador_cats\"<\/p>\r\n                        <p class=\"cav_fancy_description border-bottom\">Televisi\u00f3n p\u00fablica digital terrestre del Vall\u00e8s Oriental, creada por el Consorcio Teledigital de la demarcaci\u00f3n de Granollers, con 12 ayuntamientos de la comarca.<\/p>\r\n                        <div class=\"cav_fancy_adress\"><p>Av. Enric Prat de la Riba, 77<\/p>\n<p>Centre Audiovisual (Edifici Roca Umbert- F\u00e0brica de les Arts)<\/p>\n<p>08401, Granollers<\/p>\n<p>938 700 791<\/p>\n<p><a href=\"mailto:info@votv.cat\" target=\"_blank\" rel=\"noopener\">info@votv.cat<\/a><\/p>\n<p><a href=\"https:\/\/votv.cat\/\" target=\"_blank\" rel=\"noopener\">www.votv.cat<\/a><\/p>\n<p>&nbsp;<\/p>\n<\/div>\r\n                        <p class=\"cav_fancy_social\"><a target=\"_blank\" href=\"https:\/\/twitter.com\/vorientaltv\"><img decoding=\"async\" src=\"https:\/\/www.clusteraudiovisual.cat\/wp-content\/themes\/enfold-child\/img\/twitter.png\" alt=\"Vall\u00e8s Oriental Televisi\u00f3 (VOTV) - Twitter\" \/><\/a>  <a target=\"_blank\" href=\"https:\/\/www.instagram.com\/votv\/\"><img decoding=\"async\" src=\"https:\/\/www.clusteraudiovisual.cat\/wp-content\/themes\/enfold-child\/img\/icon-instagram.png\" alt=\"Vall\u00e8s Oriental Televisi\u00f3 (VOTV) - Instagram\" \/><\/a> <a target=\"_blank\" href=\"https:\/\/www.youtube.com\/user\/VOTVVallesOriental\"><img decoding=\"async\" src=\"https:\/\/www.clusteraudiovisual.cat\/wp-content\/themes\/enfold-child\/img\/icon-youtube.png\" alt=\"Vall\u00e8s Oriental Televisi\u00f3 (VOTV) - Youtube\" \/><\/a> <\/p>\r\n                <\/div><img decoding=\"async\" class=\"soci_item_logo img-fluid\" src=\"https:\/\/www.clusteraudiovisual.cat\/wp-content\/uploads\/2021\/11\/Logo_Votv_vectorial-3-1.jpg\" alt=\"Vall\u00e8s Oriental Televisi\u00f3 (VOTV)\" title=\"Vall\u00e8s Oriental Televisi\u00f3 (VOTV)\" \/>\r\n                    <div class=\"soci_list_activ_container\" style=\"width: 100%;background: none;\">\r\n                               <p class=\"soci_list_activ mb-0\"><span>Televisi\u00f3n<\/span><\/p>\r\n                               <p class=\"soci_list_serv mb-0\">Formatos TV<span class=\"separador_cats\">|<\/span>Noticias<span class=\"separador_cats\"<\/p>\r\n                    <\/div>\r\n                <\/div><\/div><div data-title=\"veranda tv produccion-es publicidad-es television-es  digital-es ficcion formatos-tv-es eries \" data-actv=\"produccion-es publicidad-es television-es \" data-serv=\"digital-es ficcion formatos-tv-es eries \" class=\"col-12 col-md-4 mb-4 border-bottom soci_box\"><div class=\"soci_item text-center\"><a class=\"soci_item_overlay\" data-fancybox=\"8051\" data-src=\"#selectableModal8051\" href=\"javascript:;\">Veranda TV<\/a><div class=\"cav_fancy\" style=\"display: none;max-width:500px;\" id=\"selectableModal8051\">\r\n                        <div class=\"cav_fancy_logo text-center pb-4 border-bottom\"><img decoding=\"async\" class=\"soci_item_logo img-fluid\" src=\"https:\/\/www.clusteraudiovisual.cat\/wp-content\/uploads\/2013\/10\/122.veranda_positiu.jpg\" alt=\"Veranda TV\" title=\"Veranda TV\" \/><\/div>\r\n                        <h3 class=\"cav_fancy_title\" data-selectable=\"true\">Veranda TV<\/h3>\r\n                        <p class=\"cav_fancy_cat_actv\"><span>Producci\u00f3n<\/span><span>Publicidad<\/span><span>Televisi\u00f3n<\/span><\/p>\r\n                        <p class=\"cav_fancy_cat_serv\">Digital<span class=\"separador_cats\">|<\/span>Ficci\u00f3n<span class=\"separador_cats\">|<\/span>Formatos TV<span class=\"separador_cats\">|<\/span>Series<span class=\"separador_cats\"<\/p>\r\n                        <p class=\"cav_fancy_description border-bottom\">Productora especializada en contenidos para televisi\u00f3n y plataformas digitales: series de ficci\u00f3n, documentales, entretenimiento y contenidos publicitarios.<\/p>\r\n                        <div class=\"cav_fancy_adress\"><p>C\/ Rossell\u00f3, 34, 4t 3a<\/p>\n<p>08029, Barcelona<\/p>\n<p><a href=\"mailto:info@veranda.tv\" target=\"_blank\" rel=\"noopener\">info@veranda.tv<\/a><\/p>\n<p><a href=\"https:\/\/veranda.tv\/es\/\" target=\"_blank\" rel=\"noopener\">www.veranda.tv<\/a><\/p>\n<\/div>\r\n                        <p class=\"cav_fancy_social\"><a target=\"_blank\" href=\"https:\/\/twitter.com\/verandaTV\"><img decoding=\"async\" src=\"https:\/\/www.clusteraudiovisual.cat\/wp-content\/themes\/enfold-child\/img\/twitter.png\" alt=\"Veranda TV - Twitter\" \/><\/a>    <\/p>\r\n                <\/div><img decoding=\"async\" class=\"soci_item_logo img-fluid\" src=\"https:\/\/www.clusteraudiovisual.cat\/wp-content\/uploads\/2013\/10\/122.veranda_positiu.jpg\" alt=\"Veranda TV\" title=\"Veranda TV\" \/>\r\n                    <div class=\"soci_list_activ_container\" style=\"width: 100%;background: none;\">\r\n                               <p class=\"soci_list_activ mb-0\"><span>Producci\u00f3n<\/span><span>Publicidad<\/span><span>Televisi\u00f3n<\/span><\/p>\r\n                               <p class=\"soci_list_serv mb-0\">Digital<span class=\"separador_cats\">|<\/span>Ficci\u00f3n<span class=\"separador_cats\">|<\/span>Formatos TV<span class=\"separador_cats\">|<\/span>Series<span class=\"separador_cats\"<\/p>\r\n                    <\/div>\r\n                <\/div><\/div><div data-title=\"videolab espais-audiovisuals-es postproduccion-es produccion-es servicios-es tecnologia-es  archivos-es broadcast-es cines congresos-es cortometrajes-es digital-es doblaje-es e-sports-es estudios-de-grabacion largometrajes-es locutores-es materials-audiovisuals-es multimedia-es platos-es sonido streaming-es subtitulado-es \" data-actv=\"espais-audiovisuals-es postproduccion-es produccion-es servicios-es tecnologia-es \" data-serv=\"archivos-es broadcast-es cines congresos-es cortometrajes-es digital-es doblaje-es e-sports-es estudios-de-grabacion largometrajes-es locutores-es materials-audiovisuals-es multimedia-es platos-es sonido streaming-es subtitulado-es \" class=\"col-12 col-md-4 mb-4 border-bottom soci_box\"><div class=\"soci_item text-center\"><a class=\"soci_item_overlay\" data-fancybox=\"8188\" data-src=\"#selectableModal8188\" href=\"javascript:;\">Videolab<\/a><div class=\"cav_fancy\" style=\"display: none;max-width:500px;\" id=\"selectableModal8188\">\r\n                        <div class=\"cav_fancy_logo text-center pb-4 border-bottom\"><img decoding=\"async\" class=\"soci_item_logo img-fluid\" src=\"https:\/\/www.clusteraudiovisual.cat\/wp-content\/uploads\/2018\/06\/124.LOGO-VIDEOLAB-AUDIOVISUAL-BLAU.jpg\" alt=\"Videolab\" title=\"Videolab\" \/><\/div>\r\n                        <h3 class=\"cav_fancy_title\" data-selectable=\"true\">Videolab<\/h3>\r\n                        <p class=\"cav_fancy_cat_actv\"><span>Espacios Audiovisuales<\/span><span>Postproducci\u00f3n<\/span><span>Producci\u00f3n<\/span><span>Servicios<\/span><span>Tecnolog\u00eda<\/span><\/p>\r\n                        <p class=\"cav_fancy_cat_serv\">Archivos<span class=\"separador_cats\">|<\/span>Broadcast<span class=\"separador_cats\">|<\/span>Cines<span class=\"separador_cats\">|<\/span>Congresos<span class=\"separador_cats\">|<\/span>Cortometrajes<span class=\"separador_cats\">|<\/span>Digital<span class=\"separador_cats\">|<\/span>Doblaje<span class=\"separador_cats\">|<\/span>eSports<span class=\"separador_cats\">|<\/span>Estudios de grabaci\u00f3n<span class=\"separador_cats\">|<\/span>Largometrajes<span class=\"separador_cats\">|<\/span>Locutores<span class=\"separador_cats\">|<\/span>Material audiovisual<span class=\"separador_cats\">|<\/span>Multimedia<span class=\"separador_cats\">|<\/span>Plat\u00f3s<span class=\"separador_cats\">|<\/span>Sonido<span class=\"separador_cats\">|<\/span>Streaming<span class=\"separador_cats\">|<\/span>Subtitulado<span class=\"separador_cats\"<\/p>\r\n                        <p class=\"cav_fancy_description border-bottom\">Laboratorio de digitalizaci\u00f3n de formatos anal\u00f3gicos a digitales. Ofrecen soluciones de postproducci\u00f3n y gesti\u00f3n de contenidos y venta de material.<\/p>\r\n                        <div class=\"cav_fancy_adress\"><p>C\/ Santal\u00f3, 133<\/p>\n<p>08021, Barcelona<\/p>\n<p>932 005 400<\/p>\n<p><a href=\"mailto:info@videolab.es\" target=\"_blank\" rel=\"noopener\">info@videolab.es<\/a><\/p>\n<p><a href=\"https:\/\/www.videolab.es\/\" target=\"_blank\" rel=\"noopener\">www.videolab.es<\/a><\/p>\n<\/div>\r\n                        <p class=\"cav_fancy_social\"><a target=\"_blank\" href=\"https:\/\/twitter.com\/videolab_bcn\"><img decoding=\"async\" src=\"https:\/\/www.clusteraudiovisual.cat\/wp-content\/themes\/enfold-child\/img\/twitter.png\" alt=\"Videolab - Twitter\" \/><\/a>    <\/p>\r\n                <\/div><img decoding=\"async\" class=\"soci_item_logo img-fluid\" src=\"https:\/\/www.clusteraudiovisual.cat\/wp-content\/uploads\/2018\/06\/124.LOGO-VIDEOLAB-AUDIOVISUAL-BLAU.jpg\" alt=\"Videolab\" title=\"Videolab\" \/>\r\n                    <div class=\"soci_list_activ_container\" style=\"width: 100%;background: none;\">\r\n                               <p class=\"soci_list_activ mb-0\"><span>Espacios Audiovisuales<\/span><span>Postproducci\u00f3n<\/span><span>Producci\u00f3n<\/span><span>Servicios<\/span><span>Tecnolog\u00eda<\/span><\/p>\r\n                               <p class=\"soci_list_serv mb-0\">Archivos<span class=\"separador_cats\">|<\/span>Broadcast<span class=\"separador_cats\">|<\/span>Cines<span class=\"separador_cats\">|<\/span>Congresos<span class=\"separador_cats\">|<\/span>Cortometrajes<span class=\"separador_cats\">|<\/span>Digital<span class=\"separador_cats\">|<\/span>Doblaje<span class=\"separador_cats\">|<\/span>eSports<span class=\"separador_cats\">|<\/span>Estudios de grabaci\u00f3n<span class=\"separador_cats\">|<\/span>Largometrajes<span class=\"separador_cats\">|<\/span>Locutores<span class=\"separador_cats\">|<\/span>Material audiovisual<span class=\"separador_cats\">|<\/span>Multimedia<span class=\"separador_cats\">|<\/span>Plat\u00f3s<span class=\"separador_cats\">|<\/span>Sonido<span class=\"separador_cats\">|<\/span>Streaming<span class=\"separador_cats\">|<\/span>Subtitulado<span class=\"separador_cats\"<\/p>\r\n                    <\/div>\r\n                <\/div><\/div><div data-title=\"wallvideo integrated-systems-es servicios-es  alquiler-de-equipos-es congresos-es mice-es sonido \" data-actv=\"integrated-systems-es servicios-es \" data-serv=\"alquiler-de-equipos-es congresos-es mice-es sonido \" class=\"col-12 col-md-4 mb-4 border-bottom soci_box\"><div class=\"soci_item text-center\"><a class=\"soci_item_overlay\" data-fancybox=\"8214\" data-src=\"#selectableModal8214\" href=\"javascript:;\">Wallvideo<\/a><div class=\"cav_fancy\" style=\"display: none;max-width:500px;\" id=\"selectableModal8214\">\r\n                        <div class=\"cav_fancy_logo text-center pb-4 border-bottom\"><img decoding=\"async\" class=\"soci_item_logo img-fluid\" src=\"https:\/\/www.clusteraudiovisual.cat\/wp-content\/uploads\/2020\/02\/126.Logotip_WallVideo_v2-012.jpg\" alt=\"Wallvideo\" title=\"Wallvideo\" \/><\/div>\r\n                        <h3 class=\"cav_fancy_title\" data-selectable=\"true\">Wallvideo<\/h3>\r\n                        <p class=\"cav_fancy_cat_actv\"><span>Integrated Systems<\/span><span>Servicios<\/span><\/p>\r\n                        <p class=\"cav_fancy_cat_serv\">Alquiler de equipos<span class=\"separador_cats\">|<\/span>Congresos<span class=\"separador_cats\">|<\/span>MICE<span class=\"separador_cats\">|<\/span>Sonido<span class=\"separador_cats\"<\/p>\r\n                        <p class=\"cav_fancy_description border-bottom\">Empresa que ofrece servicios t\u00e9cnicos de traducci\u00f3n simult\u00e1nea de idiomas.<\/p>\r\n                        <div class=\"cav_fancy_adress\"><p>Av. Maresme, 124, 2n 2a<\/p>\n<p>08918, Badalona<\/p>\n<p>933 832 006<\/p>\n<p><a href=\"mailto:info@wallvideo.es\" target=\"_blank\" rel=\"noopener\">info@wallvideo.es<\/a><\/p>\n<p><a href=\"https:\/\/www.wallvideo.es\/ca\/\" target=\"_blank\" rel=\"noopener\">www.wallvideo.es<\/a><\/p>\n<\/div>\r\n                        <p class=\"cav_fancy_social\">  <a target=\"_blank\" href=\"https:\/\/www.instagram.com\/wallvideosa\/\"><img decoding=\"async\" src=\"https:\/\/www.clusteraudiovisual.cat\/wp-content\/themes\/enfold-child\/img\/icon-instagram.png\" alt=\"Wallvideo - Instagram\" \/><\/a>  <a target=\"_blank\" href=\"https:\/\/www.linkedin.com\/company\/wallvideo\/\"><img decoding=\"async\" src=\"https:\/\/www.clusteraudiovisual.cat\/wp-content\/themes\/enfold-child\/img\/icon-linkedin.png\" alt=\"Wallvideo - Linkedin\" \/><\/a><\/p>\r\n                <\/div><img decoding=\"async\" class=\"soci_item_logo img-fluid\" src=\"https:\/\/www.clusteraudiovisual.cat\/wp-content\/uploads\/2020\/02\/126.Logotip_WallVideo_v2-012.jpg\" alt=\"Wallvideo\" title=\"Wallvideo\" \/>\r\n                    <div class=\"soci_list_activ_container\" style=\"width: 100%;background: none;\">\r\n                               <p class=\"soci_list_activ mb-0\"><span>Integrated Systems<\/span><span>Servicios<\/span><\/p>\r\n                               <p class=\"soci_list_serv mb-0\">Alquiler de equipos<span class=\"separador_cats\">|<\/span>Congresos<span class=\"separador_cats\">|<\/span>MICE<span class=\"separador_cats\">|<\/span>Sonido<span class=\"separador_cats\"<\/p>\r\n                    <\/div>\r\n                <\/div><\/div><div data-title=\"watchity tecnologia-es  digital-es multimedia-es streaming-es tic-audiovisual-es \" data-actv=\"tecnologia-es \" data-serv=\"digital-es multimedia-es streaming-es tic-audiovisual-es \" class=\"col-12 col-md-4 mb-4 border-bottom soci_box\"><div class=\"soci_item text-center\"><a class=\"soci_item_overlay\" data-fancybox=\"8160\" data-src=\"#selectableModal8160\" href=\"javascript:;\">Watchity<\/a><div class=\"cav_fancy\" style=\"display: none;max-width:500px;\" id=\"selectableModal8160\">\r\n                        <div class=\"cav_fancy_logo text-center pb-4 border-bottom\"><img decoding=\"async\" class=\"soci_item_logo img-fluid\" src=\"https:\/\/www.clusteraudiovisual.cat\/wp-content\/uploads\/2017\/04\/logo-watchity.jpg\" alt=\"Watchity\" title=\"Watchity\" \/><\/div>\r\n                        <h3 class=\"cav_fancy_title\" data-selectable=\"true\">Watchity<\/h3>\r\n                        <p class=\"cav_fancy_cat_actv\"><span>Tecnolog\u00eda<\/span><\/p>\r\n                        <p class=\"cav_fancy_cat_serv\">Digital<span class=\"separador_cats\">|<\/span>Multimedia<span class=\"separador_cats\">|<\/span>Streaming<span class=\"separador_cats\">|<\/span>TIC Audiovisual<span class=\"separador_cats\"<\/p>\r\n                        <p class=\"cav_fancy_description border-bottom\">Plataforma corporativa de video engagement que permite a los equipos de marketing, comunicaci\u00f3n, RRHH, formaci\u00f3n o servicio al cliente crear y emitir eventos online y contenidos en v\u00eddeo de car\u00e1cter profesional, generando una experiencia visual e interactiva completa para la audiencia.<\/p>\r\n                        <div class=\"cav_fancy_adress\"><p>C\/ de la Ind\u00fastria, 60, local 7<\/p>\n<p>08025, Barcelona<\/p>\n<p>931 807 120<\/p>\n<p><a href=\"https:\/\/www.watchity.com\/es\/\" target=\"_blank\" rel=\"noopener\">www.watchity.com<\/a><\/p>\n<\/div>\r\n                        <p class=\"cav_fancy_social\"><a target=\"_blank\" href=\"https:\/\/twitter.com\/watchity\"><img decoding=\"async\" src=\"https:\/\/www.clusteraudiovisual.cat\/wp-content\/themes\/enfold-child\/img\/twitter.png\" alt=\"Watchity - Twitter\" \/><\/a> <a target=\"_blank\" href=\"https:\/\/www.facebook.com\/watchity\/\"><img decoding=\"async\" src=\"https:\/\/www.clusteraudiovisual.cat\/wp-content\/themes\/enfold-child\/img\/facebook.png\" alt=\"Watchity - Twitter\" \/><\/a> <a target=\"_blank\" href=\"https:\/\/www.instagram.com\/watchity_\/\"><img decoding=\"async\" src=\"https:\/\/www.clusteraudiovisual.cat\/wp-content\/themes\/enfold-child\/img\/icon-instagram.png\" alt=\"Watchity - Instagram\" \/><\/a> <a target=\"_blank\" href=\"https:\/\/www.youtube.com\/user\/watchity1\/\"><img decoding=\"async\" src=\"https:\/\/www.clusteraudiovisual.cat\/wp-content\/themes\/enfold-child\/img\/icon-youtube.png\" alt=\"Watchity - Youtube\" \/><\/a> <a target=\"_blank\" href=\"https:\/\/www.linkedin.com\/company\/watchity\"><img decoding=\"async\" src=\"https:\/\/www.clusteraudiovisual.cat\/wp-content\/themes\/enfold-child\/img\/icon-linkedin.png\" alt=\"Watchity - Linkedin\" \/><\/a><\/p>\r\n                <\/div><img decoding=\"async\" class=\"soci_item_logo img-fluid\" src=\"https:\/\/www.clusteraudiovisual.cat\/wp-content\/uploads\/2017\/04\/logo-watchity.jpg\" alt=\"Watchity\" title=\"Watchity\" \/>\r\n                    <div class=\"soci_list_activ_container\" style=\"width: 100%;background: none;\">\r\n                               <p class=\"soci_list_activ mb-0\"><span>Tecnolog\u00eda<\/span><\/p>\r\n                               <p class=\"soci_list_serv mb-0\">Digital<span class=\"separador_cats\">|<\/span>Multimedia<span class=\"separador_cats\">|<\/span>Streaming<span class=\"separador_cats\">|<\/span>TIC Audiovisual<span class=\"separador_cats\"<\/p>\r\n                    <\/div>\r\n                <\/div><\/div><div data-title=\"we are cp comunicacio-es produccion-es publicidad-es television-es  artes-visuales-es esdeveniments-es fotografia-es social-media-es videoclips-es \" data-actv=\"comunicacio-es produccion-es publicidad-es television-es \" data-serv=\"artes-visuales-es esdeveniments-es fotografia-es social-media-es videoclips-es \" class=\"col-12 col-md-4 mb-4 border-bottom soci_box\"><div class=\"soci_item text-center\"><a class=\"soci_item_overlay\" data-fancybox=\"37420\" data-src=\"#selectableModal37420\" href=\"javascript:;\">WE ARE CP<\/a><div class=\"cav_fancy\" style=\"display: none;max-width:500px;\" id=\"selectableModal37420\">\r\n                        <div class=\"cav_fancy_logo text-center pb-4 border-bottom\"><img decoding=\"async\" class=\"soci_item_logo img-fluid\" src=\"https:\/\/www.clusteraudiovisual.cat\/wp-content\/uploads\/2023\/11\/WeAreCP_LogoSoci.jpg\" alt=\"WE ARE CP\" title=\"WE ARE CP\" \/><\/div>\r\n                        <h3 class=\"cav_fancy_title\" data-selectable=\"true\">WE ARE CP<\/h3>\r\n                        <p class=\"cav_fancy_cat_actv\"><span>Comunicaci\u00f3n<\/span><span>Producci\u00f3n<\/span><span>Publicidad<\/span><span>Televisi\u00f3n<\/span><\/p>\r\n                        <p class=\"cav_fancy_cat_serv\">Artes Visuales<span class=\"separador_cats\">|<\/span>Eventos<span class=\"separador_cats\">|<\/span>Fotograf\u00eda<span class=\"separador_cats\">|<\/span>Social Media<span class=\"separador_cats\">|<\/span>Videoclips<span class=\"separador_cats\"<\/p>\r\n                        <p class=\"cav_fancy_description border-bottom\">Hubo de contenidos y producci\u00f3n. Ofrecen servicio integral de generaci\u00f3n y producci\u00f3n de contenidos en todas las etapas del proceso de creaci\u00f3n y producci\u00f3n. Tienen 25 a\u00f1os de experiencia, tanto nacional como internacional, que les permite cubrir todas las \u00e1reas de marketing y comunicaci\u00f3n, respondiendo a todas las demandas del mercado. Son un equipo multidisciplinar de 30 profesionales, con amplia y contrastada experiencia unido al talento de las nuevas generaciones, con oficinas en Madrid y Barcelona.<\/p>\r\n                        <div class=\"cav_fancy_adress\"><p>C\/ Morales, 21-27<\/p>\n<p>08029, Barcelona<\/p>\n<p>934 196 202<\/p>\n<p><a href=\"mailto:hola@wearecp.es\" target=\"_blank\" rel=\"noopener\">hola@wearecp.es<\/a><\/p>\n<p><a href=\"https:\/\/www.wearecp.es\/\" target=\"_blank\" rel=\"noopener\">www.wearecp.es<\/a><\/p>\n<\/div>\r\n                        <p class=\"cav_fancy_social\"><a target=\"_blank\" href=\"https:\/\/twitter.com\/wearecp_es\"><img decoding=\"async\" src=\"https:\/\/www.clusteraudiovisual.cat\/wp-content\/themes\/enfold-child\/img\/twitter.png\" alt=\"WE ARE CP - Twitter\" \/><\/a> <a target=\"_blank\" href=\"https:\/\/www.facebook.com\/wearecp.es\"><img decoding=\"async\" src=\"https:\/\/www.clusteraudiovisual.cat\/wp-content\/themes\/enfold-child\/img\/facebook.png\" alt=\"WE ARE CP - Twitter\" \/><\/a> <a target=\"_blank\" href=\"https:\/\/www.instagram.com\/wearecp.es\/\"><img decoding=\"async\" src=\"https:\/\/www.clusteraudiovisual.cat\/wp-content\/themes\/enfold-child\/img\/icon-instagram.png\" alt=\"WE ARE CP - Instagram\" \/><\/a> <a target=\"_blank\" href=\"https:\/\/www.youtube.com\/channel\/UCVpDqBfTePF5NoqvCHISGgQ\"><img decoding=\"async\" src=\"https:\/\/www.clusteraudiovisual.cat\/wp-content\/themes\/enfold-child\/img\/icon-youtube.png\" alt=\"WE ARE CP - Youtube\" \/><\/a> <a target=\"_blank\" href=\"https:\/\/es.linkedin.com\/company\/wearecp\"><img decoding=\"async\" src=\"https:\/\/www.clusteraudiovisual.cat\/wp-content\/themes\/enfold-child\/img\/icon-linkedin.png\" alt=\"WE ARE CP - Linkedin\" \/><\/a><\/p>\r\n                <\/div><img decoding=\"async\" class=\"soci_item_logo img-fluid\" src=\"https:\/\/www.clusteraudiovisual.cat\/wp-content\/uploads\/2023\/11\/WeAreCP_LogoSoci.jpg\" alt=\"WE ARE CP\" title=\"WE ARE CP\" \/>\r\n                    <div class=\"soci_list_activ_container\" style=\"width: 100%;background: none;\">\r\n                               <p class=\"soci_list_activ mb-0\"><span>Comunicaci\u00f3n<\/span><span>Producci\u00f3n<\/span><span>Publicidad<\/span><span>Televisi\u00f3n<\/span><\/p>\r\n                               <p class=\"soci_list_serv mb-0\">Artes Visuales<span class=\"separador_cats\">|<\/span>Eventos<span class=\"separador_cats\">|<\/span>Fotograf\u00eda<span class=\"separador_cats\">|<\/span>Social Media<span class=\"separador_cats\">|<\/span>Videoclips<span class=\"separador_cats\"<\/p>\r\n                    <\/div>\r\n                <\/div><\/div><div data-title=\"webfine   8211  streamingbarcelona servicios-es tecnologia-es  streaming-es \" data-actv=\"servicios-es tecnologia-es \" data-serv=\"streaming-es \" class=\"col-12 col-md-4 mb-4 border-bottom soci_box\"><div class=\"soci_item text-center\"><a class=\"soci_item_overlay\" data-fancybox=\"47590\" data-src=\"#selectableModal47590\" href=\"javascript:;\">WEBfine &#8211; StreamingBarcelona<\/a><div class=\"cav_fancy\" style=\"display: none;max-width:500px;\" id=\"selectableModal47590\">\r\n                        <div class=\"cav_fancy_logo text-center pb-4 border-bottom\"><img decoding=\"async\" class=\"soci_item_logo img-fluid\" src=\"https:\/\/www.clusteraudiovisual.cat\/wp-content\/uploads\/2025\/03\/LogoSoci_Webfine-StreamingBarcelona.jpg\" alt=\"WEBfine &#8211; StreamingBarcelona\" title=\"WEBfine &#8211; StreamingBarcelona\" \/><\/div>\r\n                        <h3 class=\"cav_fancy_title\" data-selectable=\"true\">WEBfine &#8211; StreamingBarcelona<\/h3>\r\n                        <p class=\"cav_fancy_cat_actv\"><span>Servicios<\/span><span>Tecnolog\u00eda<\/span><\/p>\r\n                        <p class=\"cav_fancy_cat_serv\">Streaming<span class=\"separador_cats\"<\/p>\r\n                        <p class=\"cav_fancy_description border-bottom\">WEBfine fue creada en 2003 con el objetivo de ayudar a sus clientes a desarrollar sus proyectos en Internet. Despu\u00e9s de a\u00f1os desarrollando sitios web y aplicaciones, abrieron la divisi\u00f3n de streaming, StramingBarcelona, \u200b\u200bcubriendo como primer proyecto la instalaci\u00f3n de 3 servidores de videostreaming en directo por el Parlament de Catalunya. Desde entonces, ofrecen la experiencia adquirida a trav\u00e9s de m\u00e1s de 30 instalaciones y mantenimiento de canales fijos de emisi\u00f3n permanente y m\u00e1s de 3.000 eventos puntuales en vivo.<\/p>\r\n                        <div class=\"cav_fancy_adress\"><p>C\/ Ventura Plaja, 45,<\/p>\n<p>08028, Barcelona<\/p>\n<p>934470401<\/p>\n<p><a href=\"mailto:web@webfine.com\">web@webfine.com<\/a><\/p>\n<p><a href=\"https:\/\/www.webfine.com\/\" target=\"_blank\" rel=\"noopener\">webfine.com<\/a><\/p>\n<\/div>\r\n                        <p class=\"cav_fancy_social\"><a target=\"_blank\" href=\"https:\/\/x.com\/webfine\"><img decoding=\"async\" src=\"https:\/\/www.clusteraudiovisual.cat\/wp-content\/themes\/enfold-child\/img\/twitter.png\" alt=\"WEBfine &#8211; StreamingBarcelona - Twitter\" \/><\/a> <a target=\"_blank\" href=\"https:\/\/www.facebook.com\/WEBfine.StreamingBarcelona\"><img decoding=\"async\" src=\"https:\/\/www.clusteraudiovisual.cat\/wp-content\/themes\/enfold-child\/img\/facebook.png\" alt=\"WEBfine &#8211; StreamingBarcelona - Twitter\" \/><\/a>  <a target=\"_blank\" href=\"https:\/\/www.youtube.com\/@Streamingbarcelona\"><img decoding=\"async\" src=\"https:\/\/www.clusteraudiovisual.cat\/wp-content\/themes\/enfold-child\/img\/icon-youtube.png\" alt=\"WEBfine &#8211; StreamingBarcelona - Youtube\" \/><\/a> <a target=\"_blank\" href=\"https:\/\/www.linkedin.com\/company\/webfine-sl\/\"><img decoding=\"async\" src=\"https:\/\/www.clusteraudiovisual.cat\/wp-content\/themes\/enfold-child\/img\/icon-linkedin.png\" alt=\"WEBfine &#8211; StreamingBarcelona - Linkedin\" \/><\/a><\/p>\r\n                <\/div><img decoding=\"async\" class=\"soci_item_logo img-fluid\" src=\"https:\/\/www.clusteraudiovisual.cat\/wp-content\/uploads\/2025\/03\/LogoSoci_Webfine-StreamingBarcelona.jpg\" alt=\"WEBfine &#8211; StreamingBarcelona\" title=\"WEBfine &#8211; StreamingBarcelona\" \/>\r\n                    <div class=\"soci_list_activ_container\" style=\"width: 100%;background: none;\">\r\n                               <p class=\"soci_list_activ mb-0\"><span>Servicios<\/span><span>Tecnolog\u00eda<\/span><\/p>\r\n                               <p class=\"soci_list_serv mb-0\">Streaming<span class=\"separador_cats\"<\/p>\r\n                    <\/div>\r\n                <\/div><\/div><div data-title=\"window sight distribucion  artes-visuales-es streaming-es \" data-actv=\"distribucion \" data-serv=\"artes-visuales-es streaming-es \" class=\"col-12 col-md-4 mb-4 border-bottom soci_box\"><div class=\"soci_item text-center\"><a class=\"soci_item_overlay\" data-fancybox=\"14787\" data-src=\"#selectableModal14787\" href=\"javascript:;\">Window Sight<\/a><div class=\"cav_fancy\" style=\"display: none;max-width:500px;\" id=\"selectableModal14787\">\r\n                        <div class=\"cav_fancy_logo text-center pb-4 border-bottom\"><img decoding=\"async\" class=\"soci_item_logo img-fluid\" src=\"https:\/\/www.clusteraudiovisual.cat\/wp-content\/uploads\/2021\/10\/windowsight-full-red.jpg\" alt=\"Window Sight\" title=\"Window Sight\" \/><\/div>\r\n                        <h3 class=\"cav_fancy_title\" data-selectable=\"true\">Window Sight<\/h3>\r\n                        <p class=\"cav_fancy_cat_actv\"><span>Distribuci\u00f3n - Exhibici\u00f3n<\/span><\/p>\r\n                        <p class=\"cav_fancy_cat_serv\">Artes Visuales<span class=\"separador_cats\">|<\/span>Streaming<span class=\"separador_cats\"<\/p>\r\n                        <p class=\"cav_fancy_description border-bottom\">La plataforma de streaming de arte visual y fotograf\u00eda para cualquier pantalla que transforma cualquier sitio en un espacio de inspiraci\u00f3n. Lo que empez\u00f3 como un experimento se ha convertido en una comunidad. Tienen como objetivo llenar de arte los hogares y las empresas a la vez que apoyan a los artistas.<\/p>\r\n                        <div class=\"cav_fancy_adress\"><p>Carretera de Montcada, 670<\/p>\n<p>08227, Terrassa<\/p>\n<p><a href=\"https:\/\/windowsight.com\/\" target=\"_blank\" rel=\"noopener\">www.windowsight.com<\/a><\/p>\n<\/div>\r\n                        <p class=\"cav_fancy_social\"> <a target=\"_blank\" href=\"https:\/\/www.facebook.com\/WindowSightApp\"><img decoding=\"async\" src=\"https:\/\/www.clusteraudiovisual.cat\/wp-content\/themes\/enfold-child\/img\/facebook.png\" alt=\"Window Sight - Twitter\" \/><\/a> <a target=\"_blank\" href=\"https:\/\/www.instagram.com\/windowsight\/\"><img decoding=\"async\" src=\"https:\/\/www.clusteraudiovisual.cat\/wp-content\/themes\/enfold-child\/img\/icon-instagram.png\" alt=\"Window Sight - Instagram\" \/><\/a> <a target=\"_blank\" href=\"https:\/\/www.youtube.com\/channel\/UCQzlhak0cFkglIMAiBTWaOg\"><img decoding=\"async\" src=\"https:\/\/www.clusteraudiovisual.cat\/wp-content\/themes\/enfold-child\/img\/icon-youtube.png\" alt=\"Window Sight - Youtube\" \/><\/a> <a target=\"_blank\" href=\"https:\/\/www.linkedin.com\/company\/windowsightsl\/\"><img decoding=\"async\" src=\"https:\/\/www.clusteraudiovisual.cat\/wp-content\/themes\/enfold-child\/img\/icon-linkedin.png\" alt=\"Window Sight - Linkedin\" \/><\/a><\/p>\r\n                <\/div><img decoding=\"async\" class=\"soci_item_logo img-fluid\" src=\"https:\/\/www.clusteraudiovisual.cat\/wp-content\/uploads\/2021\/10\/windowsight-full-red.jpg\" alt=\"Window Sight\" title=\"Window Sight\" \/>\r\n                    <div class=\"soci_list_activ_container\" style=\"width: 100%;background: none;\">\r\n                               <p class=\"soci_list_activ mb-0\"><span>Distribuci\u00f3n - Exhibici\u00f3n<\/span><\/p>\r\n                               <p class=\"soci_list_serv mb-0\">Artes Visuales<span class=\"separador_cats\">|<\/span>Streaming<span class=\"separador_cats\"<\/p>\r\n                    <\/div>\r\n                <\/div><\/div><div data-title=\"youplanet produccion-es publicidad-es  agencias-es branded-content-es digital-es e-sports-es formatos-tv-es influencers-es \" data-actv=\"produccion-es publicidad-es \" data-serv=\"agencias-es branded-content-es digital-es e-sports-es formatos-tv-es influencers-es \" class=\"col-12 col-md-4 mb-4 border-bottom soci_box\"><div class=\"soci_item text-center\"><a class=\"soci_item_overlay\" data-fancybox=\"16994\" data-src=\"#selectableModal16994\" href=\"javascript:;\">YouPlanet<\/a><div class=\"cav_fancy\" style=\"display: none;max-width:500px;\" id=\"selectableModal16994\">\r\n                        <div class=\"cav_fancy_logo text-center pb-4 border-bottom\"><img decoding=\"async\" class=\"soci_item_logo img-fluid\" src=\"https:\/\/www.clusteraudiovisual.cat\/wp-content\/uploads\/2021\/12\/LOGOS-YOUPLANET-CMYK-2.jpg\" alt=\"YouPlanet\" title=\"YouPlanet\" \/><\/div>\r\n                        <h3 class=\"cav_fancy_title\" data-selectable=\"true\">YouPlanet<\/h3>\r\n                        <p class=\"cav_fancy_cat_actv\"><span>Producci\u00f3n<\/span><span>Publicidad<\/span><\/p>\r\n                        <p class=\"cav_fancy_cat_serv\">Agencias<span class=\"separador_cats\">|<\/span>Branded Content<span class=\"separador_cats\">|<\/span>Digital<span class=\"separador_cats\">|<\/span>eSports<span class=\"separador_cats\">|<\/span>Formatos TV<span class=\"separador_cats\">|<\/span>Influencers<span class=\"separador_cats\"<\/p>\r\n                        <p class=\"cav_fancy_description border-bottom\">Agencia de marketing de influencers y branded content y productora y distribuidora de contenidos.<\/p>\r\n                        <div class=\"cav_fancy_adress\"><p>C\/ d&#8217;\u00c0vila, 41<\/p>\n<p>08005, Barcelona<\/p>\n<p>932 222 055<\/p>\n<p><a href=\"https:\/\/youplanet.com\/es\" target=\"_blank\" rel=\"noopener\">www.youplanet.com<\/a><\/p>\n<\/div>\r\n                        <p class=\"cav_fancy_social\"><a target=\"_blank\" href=\"https:\/\/twitter.com\/youplanet_es\"><img decoding=\"async\" src=\"https:\/\/www.clusteraudiovisual.cat\/wp-content\/themes\/enfold-child\/img\/twitter.png\" alt=\"YouPlanet - Twitter\" \/><\/a>  <a target=\"_blank\" href=\"https:\/\/www.instagram.com\/youplanet.es\"><img decoding=\"async\" src=\"https:\/\/www.clusteraudiovisual.cat\/wp-content\/themes\/enfold-child\/img\/icon-instagram.png\" alt=\"YouPlanet - Instagram\" \/><\/a> <a target=\"_blank\" href=\"https:\/\/www.youtube.com\/channel\/UCk1w46wgvAEXLMu-GjhaSDg\"><img decoding=\"async\" src=\"https:\/\/www.clusteraudiovisual.cat\/wp-content\/themes\/enfold-child\/img\/icon-youtube.png\" alt=\"YouPlanet - Youtube\" \/><\/a> <a target=\"_blank\" href=\"https:\/\/www.linkedin.com\/company\/youplanet\/\"><img decoding=\"async\" src=\"https:\/\/www.clusteraudiovisual.cat\/wp-content\/themes\/enfold-child\/img\/icon-linkedin.png\" alt=\"YouPlanet - Linkedin\" \/><\/a><\/p>\r\n                <\/div><img decoding=\"async\" class=\"soci_item_logo img-fluid\" src=\"https:\/\/www.clusteraudiovisual.cat\/wp-content\/uploads\/2021\/12\/LOGOS-YOUPLANET-CMYK-2.jpg\" alt=\"YouPlanet\" title=\"YouPlanet\" \/>\r\n                    <div class=\"soci_list_activ_container\" style=\"width: 100%;background: none;\">\r\n                               <p class=\"soci_list_activ mb-0\"><span>Producci\u00f3n<\/span><span>Publicidad<\/span><\/p>\r\n                               <p class=\"soci_list_serv mb-0\">Agencias<span class=\"separador_cats\">|<\/span>Branded Content<span class=\"separador_cats\">|<\/span>Digital<span class=\"separador_cats\">|<\/span>eSports<span class=\"separador_cats\">|<\/span>Formatos TV<span class=\"separador_cats\">|<\/span>Influencers<span class=\"separador_cats\"<\/p>\r\n                    <\/div>\r\n                <\/div><\/div><div data-title=\"zoopa espais-audiovisuals-es experiencias-inmersivas-es produccion-es publicidad-es  agencias-es branded-content-es digital-es diseno-es e-sports-es ficcion formatos-tv-es influencers-es inmersivo-360-es realidad-aumentada realidad-virtual \" data-actv=\"espais-audiovisuals-es experiencias-inmersivas-es produccion-es publicidad-es \" data-serv=\"agencias-es branded-content-es digital-es diseno-es e-sports-es ficcion formatos-tv-es influencers-es inmersivo-360-es realidad-aumentada realidad-virtual \" class=\"col-12 col-md-4 mb-4 border-bottom soci_box\"><div class=\"soci_item text-center\"><a class=\"soci_item_overlay\" data-fancybox=\"8078\" data-src=\"#selectableModal8078\" href=\"javascript:;\">Zoopa<\/a><div class=\"cav_fancy\" style=\"display: none;max-width:500px;\" id=\"selectableModal8078\">\r\n                        <div class=\"cav_fancy_logo text-center pb-4 border-bottom\"><img decoding=\"async\" class=\"soci_item_logo img-fluid\" src=\"https:\/\/www.clusteraudiovisual.cat\/wp-content\/uploads\/2014\/11\/129.descarga-21.jpg\" alt=\"Zoopa\" title=\"Zoopa\" \/><\/div>\r\n                        <h3 class=\"cav_fancy_title\" data-selectable=\"true\">Zoopa<\/h3>\r\n                        <p class=\"cav_fancy_cat_actv\"><span>Espacios Audiovisuales<\/span><span>Experiencias Inmersivas<\/span><span>Producci\u00f3n<\/span><span>Publicidad<\/span><\/p>\r\n                        <p class=\"cav_fancy_cat_serv\">Agencias<span class=\"separador_cats\">|<\/span>Branded Content<span class=\"separador_cats\">|<\/span>Digital<span class=\"separador_cats\">|<\/span>Dise\u00f1o<span class=\"separador_cats\">|<\/span>eSports<span class=\"separador_cats\">|<\/span>Ficci\u00f3n<span class=\"separador_cats\">|<\/span>Formatos TV<span class=\"separador_cats\">|<\/span>Influencers<span class=\"separador_cats\">|<\/span>Inmersivo 360<span class=\"separador_cats\">|<\/span>Realidad Aumentada<span class=\"separador_cats\">|<\/span>Realidad Virtual<span class=\"separador_cats\"<\/p>\r\n                        <p class=\"cav_fancy_description border-bottom\">Estudio creativo especializado en televisi\u00f3n, marketing, branded content, influencers y desarrollo de apps y juegos.<\/p>\r\n                        <div class=\"cav_fancy_adress\"><p dir=\"ltr\">C\/ del Dr. Trueta, 158<\/p>\n<p dir=\"ltr\">08005, Barcelona<\/p>\n<p>932 247 744<\/p>\n<p><a href=\"mailto:zoopa@zoopa.es\" target=\"_blank\" rel=\"noopener\">zoopa@zoopa.es<\/a><\/p>\n<p><a href=\"https:\/\/zoopa.es\/\" target=\"_blank\" rel=\"noopener\">www.zoopa.es<\/a><\/p>\n<\/div>\r\n                        <p class=\"cav_fancy_social\"><a target=\"_blank\" href=\"https:\/\/twitter.com\/zoopanetwork\"><img decoding=\"async\" src=\"https:\/\/www.clusteraudiovisual.cat\/wp-content\/themes\/enfold-child\/img\/twitter.png\" alt=\"Zoopa - Twitter\" \/><\/a> <a target=\"_blank\" href=\"https:\/\/www.facebook.com\/Zoopa.TV\"><img decoding=\"async\" src=\"https:\/\/www.clusteraudiovisual.cat\/wp-content\/themes\/enfold-child\/img\/facebook.png\" alt=\"Zoopa - Twitter\" \/><\/a> <a target=\"_blank\" href=\"https:\/\/www.instagram.com\/zoopanetwork\/\"><img decoding=\"async\" src=\"https:\/\/www.clusteraudiovisual.cat\/wp-content\/themes\/enfold-child\/img\/icon-instagram.png\" alt=\"Zoopa - Instagram\" \/><\/a> <a target=\"_blank\" href=\"https:\/\/www.youtube.com\/zoopa\"><img decoding=\"async\" src=\"https:\/\/www.clusteraudiovisual.cat\/wp-content\/themes\/enfold-child\/img\/icon-youtube.png\" alt=\"Zoopa - Youtube\" \/><\/a> <a target=\"_blank\" href=\"https:\/\/www.linkedin.com\/company\/zoopa\/\"><img decoding=\"async\" src=\"https:\/\/www.clusteraudiovisual.cat\/wp-content\/themes\/enfold-child\/img\/icon-linkedin.png\" alt=\"Zoopa - Linkedin\" \/><\/a><\/p>\r\n                <\/div><img decoding=\"async\" class=\"soci_item_logo img-fluid\" src=\"https:\/\/www.clusteraudiovisual.cat\/wp-content\/uploads\/2014\/11\/129.descarga-21.jpg\" alt=\"Zoopa\" title=\"Zoopa\" \/>\r\n                    <div class=\"soci_list_activ_container\" style=\"width: 100%;background: none;\">\r\n                               <p class=\"soci_list_activ mb-0\"><span>Espacios Audiovisuales<\/span><span>Experiencias Inmersivas<\/span><span>Producci\u00f3n<\/span><span>Publicidad<\/span><\/p>\r\n                               <p class=\"soci_list_serv mb-0\">Agencias<span class=\"separador_cats\">|<\/span>Branded Content<span class=\"separador_cats\">|<\/span>Digital<span class=\"separador_cats\">|<\/span>Dise\u00f1o<span class=\"separador_cats\">|<\/span>eSports<span class=\"separador_cats\">|<\/span>Ficci\u00f3n<span class=\"separador_cats\">|<\/span>Formatos TV<span class=\"separador_cats\">|<\/span>Influencers<span class=\"separador_cats\">|<\/span>Inmersivo 360<span class=\"separador_cats\">|<\/span>Realidad Aumentada<span class=\"separador_cats\">|<\/span>Realidad Virtual<span class=\"separador_cats\"<\/p>\r\n                    <\/div>\r\n                <\/div><\/div><\/div><\/div><\/div><\/div><\/div><\/div>\n<\/div><\/section><\/div><\/p>\n","protected":false},"excerpt":{"rendered":"","protected":false},"author":1,"featured_media":0,"parent":0,"menu_order":0,"comment_status":"closed","ping_status":"closed","template":"","meta":{"_acf_changed":false,"footnotes":""},"class_list":["post-6943","page","type-page","status-publish","hentry"],"acf":[],"yoast_head":"<!-- This site is optimized with the Yoast SEO plugin v27.0 - https:\/\/yoast.com\/product\/yoast-seo-wordpress\/ -->\n<title>SOCIOS - Cl\u00faster Audiovisual<\/title>\n<meta name=\"description\" content=\"Nuestros socios son una agrupaci\u00f3n de empresas de producci\u00f3n, servicios de producci\u00f3n, postproducci\u00f3n, plat\u00f3s y parques audiovisuales y tecnol\u00f3gicos, distribuci\u00f3n y exhibici\u00f3n, televisi\u00f3n radio y podcast, experiencias inmersivas (VR, XR, AR, metaverso y mapping), tecnolog\u00eda, comunicaci\u00f3n y publicidad, videojuegos, formaci\u00f3n, y eventos y servicios integrados.\" \/>\n<meta name=\"robots\" content=\"index, follow, max-snippet:-1, max-image-preview:large, max-video-preview:-1\" \/>\n<link rel=\"canonical\" href=\"https:\/\/www.clusteraudiovisual.cat\/es\/los-socios-del-cluster-audiovisual\/\" \/>\n<meta property=\"og:locale\" content=\"es_ES\" \/>\n<meta property=\"og:type\" content=\"article\" \/>\n<meta property=\"og:title\" content=\"SOCIOS - Cl\u00faster Audiovisual\" \/>\n<meta property=\"og:description\" content=\"Nuestros socios son una agrupaci\u00f3n de empresas de producci\u00f3n, servicios de producci\u00f3n, postproducci\u00f3n, plat\u00f3s y parques audiovisuales y tecnol\u00f3gicos, distribuci\u00f3n y exhibici\u00f3n, televisi\u00f3n radio y podcast, experiencias inmersivas (VR, XR, AR, metaverso y mapping), tecnolog\u00eda, comunicaci\u00f3n y publicidad, videojuegos, formaci\u00f3n, y eventos y servicios integrados.\" \/>\n<meta property=\"og:url\" content=\"https:\/\/www.clusteraudiovisual.cat\/es\/los-socios-del-cluster-audiovisual\/\" \/>\n<meta property=\"og:site_name\" content=\"Cl\u00faster Audiovisual\" \/>\n<meta property=\"article:modified_time\" content=\"2026-01-05T12:25:38+00:00\" \/>\n<meta name=\"twitter:card\" content=\"summary_large_image\" \/>\n<meta name=\"twitter:label1\" content=\"Tiempo de lectura\" \/>\n\t<meta name=\"twitter:data1\" content=\"346 minutos\" \/>\n<script type=\"application\/ld+json\" class=\"yoast-schema-graph\">{\"@context\":\"https:\/\/schema.org\",\"@graph\":[{\"@type\":\"WebPage\",\"@id\":\"https:\/\/www.clusteraudiovisual.cat\/es\/los-socios-del-cluster-audiovisual\/\",\"url\":\"https:\/\/www.clusteraudiovisual.cat\/es\/los-socios-del-cluster-audiovisual\/\",\"name\":\"SOCIOS - Cl\u00faster Audiovisual\",\"isPartOf\":{\"@id\":\"https:\/\/www.clusteraudiovisual.cat\/es\/#website\"},\"datePublished\":\"2021-02-12T15:03:35+00:00\",\"dateModified\":\"2026-01-05T12:25:38+00:00\",\"description\":\"Nuestros socios son una agrupaci\u00f3n de empresas de producci\u00f3n, servicios de producci\u00f3n, postproducci\u00f3n, plat\u00f3s y parques audiovisuales y tecnol\u00f3gicos, distribuci\u00f3n y exhibici\u00f3n, televisi\u00f3n radio y podcast, experiencias inmersivas (VR, XR, AR, metaverso y mapping), tecnolog\u00eda, comunicaci\u00f3n y publicidad, videojuegos, formaci\u00f3n, y eventos y servicios integrados.\",\"inLanguage\":\"es\",\"potentialAction\":[{\"@type\":\"ReadAction\",\"target\":[\"https:\/\/www.clusteraudiovisual.cat\/es\/los-socios-del-cluster-audiovisual\/\"]}]},{\"@type\":\"WebSite\",\"@id\":\"https:\/\/www.clusteraudiovisual.cat\/es\/#website\",\"url\":\"https:\/\/www.clusteraudiovisual.cat\/es\/\",\"name\":\"Cl\u00faster Audiovisual\",\"description\":\"Associaci\u00f3 d&#039;empreses que integren el sector audiovisual.\",\"potentialAction\":[{\"@type\":\"SearchAction\",\"target\":{\"@type\":\"EntryPoint\",\"urlTemplate\":\"https:\/\/www.clusteraudiovisual.cat\/es\/?s={search_term_string}\"},\"query-input\":{\"@type\":\"PropertyValueSpecification\",\"valueRequired\":true,\"valueName\":\"search_term_string\"}}],\"inLanguage\":\"es\"}]}<\/script>\n<!-- \/ Yoast SEO plugin. -->","yoast_head_json":{"title":"SOCIOS - Cl\u00faster Audiovisual","description":"Nuestros socios son una agrupaci\u00f3n de empresas de producci\u00f3n, servicios de producci\u00f3n, postproducci\u00f3n, plat\u00f3s y parques audiovisuales y tecnol\u00f3gicos, distribuci\u00f3n y exhibici\u00f3n, televisi\u00f3n radio y podcast, experiencias inmersivas (VR, XR, AR, metaverso y mapping), tecnolog\u00eda, comunicaci\u00f3n y publicidad, videojuegos, formaci\u00f3n, y eventos y servicios integrados.","robots":{"index":"index","follow":"follow","max-snippet":"max-snippet:-1","max-image-preview":"max-image-preview:large","max-video-preview":"max-video-preview:-1"},"canonical":"https:\/\/www.clusteraudiovisual.cat\/es\/los-socios-del-cluster-audiovisual\/","og_locale":"es_ES","og_type":"article","og_title":"SOCIOS - Cl\u00faster Audiovisual","og_description":"Nuestros socios son una agrupaci\u00f3n de empresas de producci\u00f3n, servicios de producci\u00f3n, postproducci\u00f3n, plat\u00f3s y parques audiovisuales y tecnol\u00f3gicos, distribuci\u00f3n y exhibici\u00f3n, televisi\u00f3n radio y podcast, experiencias inmersivas (VR, XR, AR, metaverso y mapping), tecnolog\u00eda, comunicaci\u00f3n y publicidad, videojuegos, formaci\u00f3n, y eventos y servicios integrados.","og_url":"https:\/\/www.clusteraudiovisual.cat\/es\/los-socios-del-cluster-audiovisual\/","og_site_name":"Cl\u00faster Audiovisual","article_modified_time":"2026-01-05T12:25:38+00:00","twitter_card":"summary_large_image","twitter_misc":{"Tiempo de lectura":"346 minutos"},"schema":{"@context":"https:\/\/schema.org","@graph":[{"@type":"WebPage","@id":"https:\/\/www.clusteraudiovisual.cat\/es\/los-socios-del-cluster-audiovisual\/","url":"https:\/\/www.clusteraudiovisual.cat\/es\/los-socios-del-cluster-audiovisual\/","name":"SOCIOS - Cl\u00faster Audiovisual","isPartOf":{"@id":"https:\/\/www.clusteraudiovisual.cat\/es\/#website"},"datePublished":"2021-02-12T15:03:35+00:00","dateModified":"2026-01-05T12:25:38+00:00","description":"Nuestros socios son una agrupaci\u00f3n de empresas de producci\u00f3n, servicios de producci\u00f3n, postproducci\u00f3n, plat\u00f3s y parques audiovisuales y tecnol\u00f3gicos, distribuci\u00f3n y exhibici\u00f3n, televisi\u00f3n radio y podcast, experiencias inmersivas (VR, XR, AR, metaverso y mapping), tecnolog\u00eda, comunicaci\u00f3n y publicidad, videojuegos, formaci\u00f3n, y eventos y servicios integrados.","inLanguage":"es","potentialAction":[{"@type":"ReadAction","target":["https:\/\/www.clusteraudiovisual.cat\/es\/los-socios-del-cluster-audiovisual\/"]}]},{"@type":"WebSite","@id":"https:\/\/www.clusteraudiovisual.cat\/es\/#website","url":"https:\/\/www.clusteraudiovisual.cat\/es\/","name":"Cl\u00faster Audiovisual","description":"Associaci\u00f3 d&#039;empreses que integren el sector audiovisual.","potentialAction":[{"@type":"SearchAction","target":{"@type":"EntryPoint","urlTemplate":"https:\/\/www.clusteraudiovisual.cat\/es\/?s={search_term_string}"},"query-input":{"@type":"PropertyValueSpecification","valueRequired":true,"valueName":"search_term_string"}}],"inLanguage":"es"}]}},"_links":{"self":[{"href":"https:\/\/www.clusteraudiovisual.cat\/es\/wp-json\/wp\/v2\/pages\/6943","targetHints":{"allow":["GET"]}}],"collection":[{"href":"https:\/\/www.clusteraudiovisual.cat\/es\/wp-json\/wp\/v2\/pages"}],"about":[{"href":"https:\/\/www.clusteraudiovisual.cat\/es\/wp-json\/wp\/v2\/types\/page"}],"author":[{"embeddable":true,"href":"https:\/\/www.clusteraudiovisual.cat\/es\/wp-json\/wp\/v2\/users\/1"}],"replies":[{"embeddable":true,"href":"https:\/\/www.clusteraudiovisual.cat\/es\/wp-json\/wp\/v2\/comments?post=6943"}],"version-history":[{"count":68,"href":"https:\/\/www.clusteraudiovisual.cat\/es\/wp-json\/wp\/v2\/pages\/6943\/revisions"}],"predecessor-version":[{"id":54357,"href":"https:\/\/www.clusteraudiovisual.cat\/es\/wp-json\/wp\/v2\/pages\/6943\/revisions\/54357"}],"wp:attachment":[{"href":"https:\/\/www.clusteraudiovisual.cat\/es\/wp-json\/wp\/v2\/media?parent=6943"}],"curies":[{"name":"wp","href":"https:\/\/api.w.org\/{rel}","templated":true}]}}