{"id":56496,"date":"2026-04-24T15:03:33","date_gmt":"2026-04-24T13:03:33","guid":{"rendered":"https:\/\/www.clusteraudiovisual.cat\/?page_id=56496"},"modified":"2026-04-24T15:03:37","modified_gmt":"2026-04-24T13:03:37","slug":"financial-day-del-audiovisual","status":"publish","type":"page","link":"https:\/\/www.clusteraudiovisual.cat\/es\/financial-day-del-audiovisual\/","title":{"rendered":"Financial Day del Audiovisual"},"content":{"rendered":"<div id='av_section_1'  class='avia-section av-c4rbvkg-908c02cd3f9be877905e591cabc521af main_color avia-section-default avia-no-border-styling  avia-builder-el-0  el_before_av_section  avia-builder-el-first  avia-bg-style-scroll container_wrap fullsize'  ><div class='container av-section-cont-open' ><main  role=\"main\" itemprop=\"mainContentOfPage\"  class='template-page content av-content-full alpha units'><div class='post-entry post-entry-type-page post-entry-56496'><div class='entry-content-wrapper clearfix'>\n\n<style type=\"text\/css\" data-created_by=\"avia_inline_auto\" id=\"style-css-av-bqa0qa8-002d573852553ede6dd8f08fe3397207\">\n.avia-image-container.av-bqa0qa8-002d573852553ede6dd8f08fe3397207 img.avia_image{\nbox-shadow:none;\n}\n.avia-image-container.av-bqa0qa8-002d573852553ede6dd8f08fe3397207 .av-image-caption-overlay-center{\ncolor:#ffffff;\n}\n<\/style>\n<div  class='avia-image-container av-bqa0qa8-002d573852553ede6dd8f08fe3397207 av-styling- avia-align-center  avia-builder-el-1  el_before_av_hr  avia-builder-el-first '   itemprop=\"image\" itemscope=\"itemscope\" itemtype=\"https:\/\/schema.org\/ImageObject\" ><div class=\"avia-image-container-inner\"><div class=\"avia-image-overlay-wrap\"><img decoding=\"async\" fetchpriority=\"high\" class='wp-image-51324 avia-img-lazy-loading-not-51324 avia_image ' src=\"https:\/\/www.clusteraudiovisual.cat\/wp-content\/uploads\/2025\/09\/FinancialDay_Header.jpg\" alt='' title='FinancialDay_Header'  height=\"400\" width=\"1500\"  itemprop=\"thumbnailUrl\" srcset=\"https:\/\/www.clusteraudiovisual.cat\/wp-content\/uploads\/2025\/09\/FinancialDay_Header.jpg 1500w, https:\/\/www.clusteraudiovisual.cat\/wp-content\/uploads\/2025\/09\/FinancialDay_Header-300x80.jpg 300w, https:\/\/www.clusteraudiovisual.cat\/wp-content\/uploads\/2025\/09\/FinancialDay_Header-1030x275.jpg 1030w, https:\/\/www.clusteraudiovisual.cat\/wp-content\/uploads\/2025\/09\/FinancialDay_Header-768x205.jpg 768w, https:\/\/www.clusteraudiovisual.cat\/wp-content\/uploads\/2025\/09\/FinancialDay_Header-705x188.jpg 705w\" sizes=\"(max-width: 1500px) 100vw, 1500px\" \/><\/div><\/div><\/div>\n\n<style type=\"text\/css\" data-created_by=\"avia_inline_auto\" id=\"style-css-av-bcemc28-2e7cf68e666236c455f8d740a3153aff\">\n#top .hr.hr-invisible.av-bcemc28-2e7cf68e666236c455f8d740a3153aff{\nheight:35px;\n}\n<\/style>\n<div  class='hr av-bcemc28-2e7cf68e666236c455f8d740a3153aff hr-invisible  avia-builder-el-2  el_after_av_image  el_before_av_one_fifth '><span class='hr-inner '><span class=\"hr-inner-style\"><\/span><\/span><\/div>\n\n<style type=\"text\/css\" data-created_by=\"avia_inline_auto\" id=\"style-css-av-arp9ru8-e6d44f697d1d09ad4d8d1813f918763f\">\n.flex_column.av-arp9ru8-e6d44f697d1d09ad4d8d1813f918763f{\nborder-radius:0px 0px 0px 0px;\npadding:0px 0px 0px 0px;\n}\n<\/style>\n<div  class='flex_column av-arp9ru8-e6d44f697d1d09ad4d8d1813f918763f av_one_fifth  avia-builder-el-3  el_after_av_hr  el_before_av_three_fifth  first flex_column_div av-zero-column-padding  '     ><\/div>\n<style type=\"text\/css\" data-created_by=\"avia_inline_auto\" id=\"style-css-av-agvwa7k-6ef18d9807fe4049e059671c24ab0edd\">\n.flex_column.av-agvwa7k-6ef18d9807fe4049e059671c24ab0edd{\nborder-radius:0px 0px 0px 0px;\npadding:0px 0px 0px 0px;\n}\n<\/style>\n<div  class='flex_column av-agvwa7k-6ef18d9807fe4049e059671c24ab0edd av_three_fifth  avia-builder-el-4  el_after_av_one_fifth  el_before_av_one_fifth  flex_column_div av-zero-column-padding  '     ><section  class='av_textblock_section av-9u75uk0-4dab790228b46c41945e82d6a14117ba '   itemscope=\"itemscope\" itemtype=\"https:\/\/schema.org\/CreativeWork\" ><div class='avia_textblock'  itemprop=\"text\" ><h2 style=\"text-align: center;\"><span style=\"color: #0200e7;\">FINANCIAL DAY DEL AUDIOVISUAL<br \/>\n<\/span><\/h2>\n<\/div><\/section><br \/>\n\n<style type=\"text\/css\" data-created_by=\"avia_inline_auto\" id=\"style-css-av-9cfjvdc-60bb387cd09e52514a8acbba1d6f25dc\">\n#top .hr.hr-invisible.av-9cfjvdc-60bb387cd09e52514a8acbba1d6f25dc{\nheight:20px;\n}\n<\/style>\n<div  class='hr av-9cfjvdc-60bb387cd09e52514a8acbba1d6f25dc hr-invisible  avia-builder-el-6  el_after_av_textblock  el_before_av_textblock '><span class='hr-inner '><span class=\"hr-inner-style\"><\/span><\/span><\/div><br \/>\n<section  class='av_textblock_section av-wkkacw-1356fb6d553696f071a73b42c2fc82a8 '   itemscope=\"itemscope\" itemtype=\"https:\/\/schema.org\/CreativeWork\" ><div class='avia_textblock'  itemprop=\"text\" ><h5 style=\"text-align: center;\">El Financial Day del Audiovisual es el gran encuentro anual destinado a dar a conocer las principales fuentes de financiaci\u00f3n dirigidas a toda la cadena de valor del sector audiovisual.<\/h5>\n<h5 style=\"text-align: center;\"><br class=\"avia-permanent-lb\" \/>Impulsado por el Cl\u00faster Audiovisual de Catalunya, cuenta con la participaci\u00f3n de un gran abanico de instituciones y entidades p\u00fablicas y privadas que presentan el funcionamiento de sus ayudas o subvenciones dedicadas a proyectos de contenido, tecnol\u00f3gicos y de desarrollo empresarial.<\/h5>\n<\/div><\/section><\/p><\/div>\n<style type=\"text\/css\" data-created_by=\"avia_inline_auto\" id=\"style-css-av-8mbta4w-ba73083afa15d608427b373eff0c73e2\">\n.flex_column.av-8mbta4w-ba73083afa15d608427b373eff0c73e2{\nborder-radius:0px 0px 0px 0px;\npadding:0px 0px 0px 0px;\n}\n<\/style>\n<div  class='flex_column av-8mbta4w-ba73083afa15d608427b373eff0c73e2 av_one_fifth  avia-builder-el-8  el_after_av_three_fifth  el_before_av_one_fifth  flex_column_div av-zero-column-padding  '     ><\/div>\n<style type=\"text\/css\" data-created_by=\"avia_inline_auto\" id=\"style-css-av-sbyw0g-3a40faeb28d4379ba634089a90cca3a5\">\n.flex_column.av-sbyw0g-3a40faeb28d4379ba634089a90cca3a5{\nborder-radius:0px 0px 0px 0px;\npadding:0px 0px 0px 0px;\n}\n<\/style>\n<div  class='flex_column av-sbyw0g-3a40faeb28d4379ba634089a90cca3a5 av_one_fifth  avia-builder-el-9  el_after_av_one_fifth  el_before_av_three_fifth  first flex_column_div av-zero-column-padding  column-top-margin'     ><\/div>\n<style type=\"text\/css\" data-created_by=\"avia_inline_auto\" id=\"style-css-av-r6446o-e8f47ec07e05353b80901afebfeeb053\">\n.flex_column.av-r6446o-e8f47ec07e05353b80901afebfeeb053{\nborder-radius:0px 0px 0px 0px;\npadding:0px 0px 0px 0px;\n}\n<\/style>\n<div  class='flex_column av-r6446o-e8f47ec07e05353b80901afebfeeb053 av_three_fifth  avia-builder-el-10  el_after_av_one_fifth  el_before_av_one_fifth  flex_column_div av-zero-column-padding  column-top-margin'     ><section  class='av_textblock_section av-79jvjow-35fe97b0b146efff8f5b1586c6c06537 '   itemscope=\"itemscope\" itemtype=\"https:\/\/schema.org\/CreativeWork\" ><div class='avia_textblock'  itemprop=\"text\" ><h3 style=\"text-align: center;\"><span style=\"color: #0200e7;\">2a EDICI\u00d3N \u00b7 17 DE SEPTIEMBRE DE 2025<br \/>\n<\/span><\/h3>\n<\/div><\/section><br \/>\n\n<style type=\"text\/css\" data-created_by=\"avia_inline_auto\" id=\"style-css-av-od755c-7d8244fd0514cbab54e1bccbc0e53178\">\n#top .hr.hr-invisible.av-od755c-7d8244fd0514cbab54e1bccbc0e53178{\nheight:20px;\n}\n<\/style>\n<div  class='hr av-od755c-7d8244fd0514cbab54e1bccbc0e53178 hr-invisible  avia-builder-el-12  el_after_av_textblock  el_before_av_textblock '><span class='hr-inner '><span class=\"hr-inner-style\"><\/span><\/span><\/div><br \/>\n<section  class='av_textblock_section av-65dan68-68693fa779e310eb9fc173cc3319a8c7 '   itemscope=\"itemscope\" itemtype=\"https:\/\/schema.org\/CreativeWork\" ><div class='avia_textblock'  itemprop=\"text\" ><h5 style=\"text-align: center;\">Contamos con la presencia de:<\/h5>\n<h5 style=\"text-align: center;\"><br class=\"avia-permanent-lb\" \/>Spain Audiovisual Hub, ENISA, ICF, ICO, CDTI, SETT, ICEC, Parlamento Europeo, ACCI\u00d3, ICAA, CESCE, ICEX, CREA-SGR, Barcelona Activa, Triodos Bank, Direcci\u00f3n General de Innovaci\u00f3n y Cultural Digital, Direcci\u00f3n General de Pol\u00edtica Ling\u00fc\u00edstica en los \u00c1mbitos Tecnol\u00f3gico y Audiovisual, EIT Culture &amp; Creativity y Film Financing Market.<\/h5>\n<\/div><\/section><\/p><\/div>\n<style type=\"text\/css\" data-created_by=\"avia_inline_auto\" id=\"style-css-av-5y251sg-db2b25f2fabe2fdc9c5385854489aa27\">\n.flex_column.av-5y251sg-db2b25f2fabe2fdc9c5385854489aa27{\nborder-radius:0px 0px 0px 0px;\npadding:0px 0px 0px 0px;\n}\n<\/style>\n<div  class='flex_column av-5y251sg-db2b25f2fabe2fdc9c5385854489aa27 av_one_fifth  avia-builder-el-14  el_after_av_three_fifth  avia-builder-el-last  flex_column_div av-zero-column-padding  column-top-margin'     ><\/div><\/div><\/div><\/main><!-- close content main element --><\/div><\/div>\n<style type=\"text\/css\" data-created_by=\"avia_inline_auto\" id=\"style-css-av-5gj3pps-6d93a1a7ef16a6dbef1553e059f8e0f0\">\n.avia-section.av-5gj3pps-6d93a1a7ef16a6dbef1553e059f8e0f0{\nbackground-color:#0310b0;\nbackground-image:unset;\n}\n<\/style>\n<div id='av_section_2'  class='avia-section av-5gj3pps-6d93a1a7ef16a6dbef1553e059f8e0f0 main_color avia-section-default avia-no-border-styling  avia-builder-el-15  el_after_av_section  avia-builder-el-last  avia-bg-style-scroll container_wrap fullsize'  ><div class='container av-section-cont-open' ><div class='template-page content av-content-full alpha units'><div class='post-entry post-entry-type-page post-entry-56496'><div class='entry-content-wrapper clearfix'>\n<div  class='flex_column av-4uqtej4-bcfc4057f51b3c2888409ab8e06675c5 av_one_half  avia-builder-el-16  el_before_av_one_half  avia-builder-el-first  first flex_column_div  '     ><section  class='av_textblock_section av-4iqik6o-1f54b7c4c0b000af042123de9086d101 '   itemscope=\"itemscope\" itemtype=\"https:\/\/schema.org\/CreativeWork\" ><div class='avia_textblock'  itemprop=\"text\" ><h3 style=\"text-align: center;\"><span style=\"color: #ffffff;\">EDICI\u00d3N 2025<br \/>\n<\/span><\/h3>\n<\/div><\/section><br \/>\n\n<style type=\"text\/css\" data-created_by=\"avia_inline_auto\" id=\"style-css-av-3ts1b68-7d4be112f1a7864e5ab2f7b1a53c673b\">\n#top .hr.hr-invisible.av-3ts1b68-7d4be112f1a7864e5ab2f7b1a53c673b{\nheight:20px;\n}\n<\/style>\n<div  class='hr av-3ts1b68-7d4be112f1a7864e5ab2f7b1a53c673b hr-invisible  avia-builder-el-18  el_after_av_textblock  el_before_av_video '><span class='hr-inner '><span class=\"hr-inner-style\"><\/span><\/span><\/div><br \/>\n<div  class='avia-video av-cc8q1c-42b218b732aca39cd1be771b6cc90c55 avia-video-16-9 av-no-preview-image avia-video-load-always av-lazyload-immediate av-lazyload-video-embed'  itemprop=\"video\" itemtype=\"https:\/\/schema.org\/VideoObject\"  data-original_url='https:\/\/youtu.be\/pWP_she5WGE'><script type='text\/html' class='av-video-tmpl'><div class='avia-iframe-wrap'><iframe loading=\"lazy\" title=\"Financial Day de l&#039;Audiovisual 2025\" width=\"1500\" height=\"844\" src=\"https:\/\/www.youtube.com\/embed\/pWP_she5WGE?feature=oembed&autoplay=0&loop=0&controls=1&mute=0\" frameborder=\"0\" allow=\"accelerometer; autoplay; clipboard-write; encrypted-media; gyroscope; picture-in-picture; web-share\" referrerpolicy=\"strict-origin-when-cross-origin\" allowfullscreen><\/iframe><\/div><\/script><div class='av-click-to-play-overlay'><div class=\"avia_playpause_icon\"><\/div><\/div><\/div><br \/>\n<div  class='avia-button-wrap av-2zc90a8-437147dcb36bc4b00646cb2417f5f579-wrap avia-button-center  avia-builder-el-20  el_after_av_video  avia-builder-el-last '>\n<style type=\"text\/css\" data-created_by=\"avia_inline_auto\" id=\"style-css-av-2zc90a8-437147dcb36bc4b00646cb2417f5f579\">\n#top #wrap_all .avia-button.av-2zc90a8-437147dcb36bc4b00646cb2417f5f579{\nbackground-color:#ffffff;\nborder-color:#ffffff;\ncolor:#0310b0;\ntransition:all 0.4s ease-in-out;\n}\n#top #wrap_all .avia-button.av-2zc90a8-437147dcb36bc4b00646cb2417f5f579:hover{\nbackground-color:#0310b0;\ncolor:#ffffff;\ntransition:all 0.4s ease-in-out;\n}\n#top #wrap_all .avia-button.av-2zc90a8-437147dcb36bc4b00646cb2417f5f579 .avia-svg-icon svg:first-child{\nfill:#0310b0;\nstroke:#0310b0;\n}\n#top #wrap_all .avia-button.av-2zc90a8-437147dcb36bc4b00646cb2417f5f579:hover .avia-svg-icon svg:first-child{\nfill:#ffffff;\nstroke:#ffffff;\n}\n<\/style>\n<a href='https:\/\/www.clusteraudiovisual.cat\/una-vintena-dinstitucions-presenten-els-seus-ajuts-a-la-segona-edicio-del-financial-day-de-laudiovisual\/'  class='avia-button av-2zc90a8-437147dcb36bc4b00646cb2417f5f579 av-link-btn avia-icon_select-no avia-size-x-large avia-position-center'  target=\"_blank\"  rel=\"noopener noreferrer\"  aria-label=\"CONSULTA EL RESUMEN DE LAS PRESENTACIONES\"><span class='avia_iconbox_title' >CONSULTA EL RESUMEN DE LAS PRESENTACIONES<\/span><\/a><\/div><\/p><\/div><div  class='flex_column av-2pp35g0-320b05c93ca949018d2aac1dc4062cbe av_one_half  avia-builder-el-21  el_after_av_one_half  avia-builder-el-last  flex_column_div  '     ><section  class='av_textblock_section av-1xpjaeo-9bf833e432e774e2d360690f848ad660 '   itemscope=\"itemscope\" itemtype=\"https:\/\/schema.org\/CreativeWork\" ><div class='avia_textblock'  itemprop=\"text\" ><h3 style=\"text-align: center;\"><span style=\"color: #ffffff;\">EDICI\u00d3 2024<br \/>\n<\/span><\/h3>\n<\/div><\/section><br \/>\n\n<style type=\"text\/css\" data-created_by=\"avia_inline_auto\" id=\"style-css-av-1gdn5lc-c1fcd202329a7a8a9eb6214aabe251c8\">\n#top .hr.hr-invisible.av-1gdn5lc-c1fcd202329a7a8a9eb6214aabe251c8{\nheight:20px;\n}\n<\/style>\n<div  class='hr av-1gdn5lc-c1fcd202329a7a8a9eb6214aabe251c8 hr-invisible  avia-builder-el-23  el_after_av_textblock  el_before_av_video '><span class='hr-inner '><span class=\"hr-inner-style\"><\/span><\/span><\/div><br \/>\n<div  class='avia-video av-11xivio-a63cc158bfcc85ab53cd3f1282bed0f9 avia-video-16-9 av-no-preview-image avia-video-load-always av-lazyload-immediate av-lazyload-video-embed'  itemprop=\"video\" itemtype=\"https:\/\/schema.org\/VideoObject\"  data-original_url='https:\/\/youtu.be\/Nbh4JEsCvb8'><script type='text\/html' class='av-video-tmpl'><div class='avia-iframe-wrap'><iframe loading=\"lazy\" title=\"Financial Day de l&#039;Audiovisual 2024\" width=\"1500\" height=\"844\" src=\"https:\/\/www.youtube.com\/embed\/Nbh4JEsCvb8?feature=oembed&autoplay=0&loop=0&controls=1&mute=0\" frameborder=\"0\" allow=\"accelerometer; autoplay; clipboard-write; encrypted-media; gyroscope; picture-in-picture; web-share\" referrerpolicy=\"strict-origin-when-cross-origin\" allowfullscreen><\/iframe><\/div><\/script><div class='av-click-to-play-overlay'><div class=\"avia_playpause_icon\"><\/div><\/div><\/div><br \/>\n<div  class='avia-button-wrap av-woyw8g-9e55b9296707425d6abe483f0581557b-wrap avia-button-center  avia-builder-el-25  el_after_av_video  avia-builder-el-last '>\n<style type=\"text\/css\" data-created_by=\"avia_inline_auto\" id=\"style-css-av-woyw8g-9e55b9296707425d6abe483f0581557b\">\n#top #wrap_all .avia-button.av-woyw8g-9e55b9296707425d6abe483f0581557b{\nbackground-color:#ffffff;\nborder-color:#ffffff;\ncolor:#0310b0;\ntransition:all 0.4s ease-in-out;\n}\n#top #wrap_all .avia-button.av-woyw8g-9e55b9296707425d6abe483f0581557b:hover{\nbackground-color:#0310b0;\ncolor:#ffffff;\ntransition:all 0.4s ease-in-out;\n}\n#top #wrap_all .avia-button.av-woyw8g-9e55b9296707425d6abe483f0581557b .avia-svg-icon svg:first-child{\nfill:#0310b0;\nstroke:#0310b0;\n}\n#top #wrap_all .avia-button.av-woyw8g-9e55b9296707425d6abe483f0581557b:hover .avia-svg-icon svg:first-child{\nfill:#ffffff;\nstroke:#ffffff;\n}\n<\/style>\n<a href='https:\/\/www.clusteraudiovisual.cat\/celebrem-la-primera-edicio-del-financial-day-de-laudiovisual\/'  class='avia-button av-woyw8g-9e55b9296707425d6abe483f0581557b av-link-btn avia-icon_select-no avia-size-x-large avia-position-center'  target=\"_blank\"  rel=\"noopener noreferrer\"  aria-label=\"CONSULTA EL RESUMEN DE LAS PRESENTACIONES\"><span class='avia_iconbox_title' >CONSULTA EL RESUMEN DE LAS PRESENTACIONES<\/span><\/a><\/div><\/p><\/div><\/p>\n","protected":false},"excerpt":{"rendered":"","protected":false},"author":10,"featured_media":0,"parent":0,"menu_order":0,"comment_status":"closed","ping_status":"closed","template":"","meta":{"_acf_changed":false,"footnotes":""},"class_list":["post-56496","page","type-page","status-publish","hentry"],"acf":[],"yoast_head":"<!-- This site is optimized with the Yoast SEO plugin v27.0 - https:\/\/yoast.com\/product\/yoast-seo-wordpress\/ -->\n<title>Financial Day del Audiovisual - Cl\u00faster Audiovisual<\/title>\n<meta name=\"robots\" content=\"index, follow, max-snippet:-1, max-image-preview:large, max-video-preview:-1\" \/>\n<link rel=\"canonical\" href=\"https:\/\/www.clusteraudiovisual.cat\/es\/financial-day-del-audiovisual\/\" \/>\n<meta property=\"og:locale\" content=\"es_ES\" \/>\n<meta property=\"og:type\" content=\"article\" \/>\n<meta property=\"og:title\" content=\"Financial Day del Audiovisual - Cl\u00faster Audiovisual\" \/>\n<meta property=\"og:url\" content=\"https:\/\/www.clusteraudiovisual.cat\/es\/financial-day-del-audiovisual\/\" \/>\n<meta property=\"og:site_name\" content=\"Cl\u00faster Audiovisual\" \/>\n<meta property=\"article:modified_time\" content=\"2026-04-24T13:03:37+00:00\" \/>\n<meta name=\"twitter:card\" content=\"summary_large_image\" \/>\n<meta name=\"twitter:label1\" content=\"Tiempo de lectura\" \/>\n\t<meta name=\"twitter:data1\" content=\"2 minutos\" \/>\n<script type=\"application\/ld+json\" class=\"yoast-schema-graph\">{\"@context\":\"https:\/\/schema.org\",\"@graph\":[{\"@type\":\"WebPage\",\"@id\":\"https:\/\/www.clusteraudiovisual.cat\/es\/financial-day-del-audiovisual\/\",\"url\":\"https:\/\/www.clusteraudiovisual.cat\/es\/financial-day-del-audiovisual\/\",\"name\":\"Financial Day del Audiovisual - Cl\u00faster Audiovisual\",\"isPartOf\":{\"@id\":\"https:\/\/www.clusteraudiovisual.cat\/es\/#website\"},\"datePublished\":\"2026-04-24T13:03:33+00:00\",\"dateModified\":\"2026-04-24T13:03:37+00:00\",\"inLanguage\":\"es\",\"potentialAction\":[{\"@type\":\"ReadAction\",\"target\":[\"https:\/\/www.clusteraudiovisual.cat\/es\/financial-day-del-audiovisual\/\"]}]},{\"@type\":\"WebSite\",\"@id\":\"https:\/\/www.clusteraudiovisual.cat\/es\/#website\",\"url\":\"https:\/\/www.clusteraudiovisual.cat\/es\/\",\"name\":\"Cl\u00faster Audiovisual\",\"description\":\"Associaci\u00f3 d&#039;empreses que integren el sector audiovisual.\",\"potentialAction\":[{\"@type\":\"SearchAction\",\"target\":{\"@type\":\"EntryPoint\",\"urlTemplate\":\"https:\/\/www.clusteraudiovisual.cat\/es\/?s={search_term_string}\"},\"query-input\":{\"@type\":\"PropertyValueSpecification\",\"valueRequired\":true,\"valueName\":\"search_term_string\"}}],\"inLanguage\":\"es\"}]}<\/script>\n<!-- \/ Yoast SEO plugin. -->","yoast_head_json":{"title":"Financial Day del Audiovisual - Cl\u00faster Audiovisual","robots":{"index":"index","follow":"follow","max-snippet":"max-snippet:-1","max-image-preview":"max-image-preview:large","max-video-preview":"max-video-preview:-1"},"canonical":"https:\/\/www.clusteraudiovisual.cat\/es\/financial-day-del-audiovisual\/","og_locale":"es_ES","og_type":"article","og_title":"Financial Day del Audiovisual - Cl\u00faster Audiovisual","og_url":"https:\/\/www.clusteraudiovisual.cat\/es\/financial-day-del-audiovisual\/","og_site_name":"Cl\u00faster Audiovisual","article_modified_time":"2026-04-24T13:03:37+00:00","twitter_card":"summary_large_image","twitter_misc":{"Tiempo de lectura":"2 minutos"},"schema":{"@context":"https:\/\/schema.org","@graph":[{"@type":"WebPage","@id":"https:\/\/www.clusteraudiovisual.cat\/es\/financial-day-del-audiovisual\/","url":"https:\/\/www.clusteraudiovisual.cat\/es\/financial-day-del-audiovisual\/","name":"Financial Day del Audiovisual - Cl\u00faster Audiovisual","isPartOf":{"@id":"https:\/\/www.clusteraudiovisual.cat\/es\/#website"},"datePublished":"2026-04-24T13:03:33+00:00","dateModified":"2026-04-24T13:03:37+00:00","inLanguage":"es","potentialAction":[{"@type":"ReadAction","target":["https:\/\/www.clusteraudiovisual.cat\/es\/financial-day-del-audiovisual\/"]}]},{"@type":"WebSite","@id":"https:\/\/www.clusteraudiovisual.cat\/es\/#website","url":"https:\/\/www.clusteraudiovisual.cat\/es\/","name":"Cl\u00faster Audiovisual","description":"Associaci\u00f3 d&#039;empreses que integren el sector audiovisual.","potentialAction":[{"@type":"SearchAction","target":{"@type":"EntryPoint","urlTemplate":"https:\/\/www.clusteraudiovisual.cat\/es\/?s={search_term_string}"},"query-input":{"@type":"PropertyValueSpecification","valueRequired":true,"valueName":"search_term_string"}}],"inLanguage":"es"}]}},"_links":{"self":[{"href":"https:\/\/www.clusteraudiovisual.cat\/es\/wp-json\/wp\/v2\/pages\/56496","targetHints":{"allow":["GET"]}}],"collection":[{"href":"https:\/\/www.clusteraudiovisual.cat\/es\/wp-json\/wp\/v2\/pages"}],"about":[{"href":"https:\/\/www.clusteraudiovisual.cat\/es\/wp-json\/wp\/v2\/types\/page"}],"author":[{"embeddable":true,"href":"https:\/\/www.clusteraudiovisual.cat\/es\/wp-json\/wp\/v2\/users\/10"}],"replies":[{"embeddable":true,"href":"https:\/\/www.clusteraudiovisual.cat\/es\/wp-json\/wp\/v2\/comments?post=56496"}],"version-history":[{"count":5,"href":"https:\/\/www.clusteraudiovisual.cat\/es\/wp-json\/wp\/v2\/pages\/56496\/revisions"}],"predecessor-version":[{"id":56526,"href":"https:\/\/www.clusteraudiovisual.cat\/es\/wp-json\/wp\/v2\/pages\/56496\/revisions\/56526"}],"wp:attachment":[{"href":"https:\/\/www.clusteraudiovisual.cat\/es\/wp-json\/wp\/v2\/media?parent=56496"}],"curies":[{"name":"wp","href":"https:\/\/api.w.org\/{rel}","templated":true}]}}