{"id":53901,"date":"2025-11-21T14:17:34","date_gmt":"2025-11-21T13:17:34","guid":{"rendered":"https:\/\/www.clusteraudiovisual.cat\/?page_id=53901"},"modified":"2025-11-21T14:22:30","modified_gmt":"2025-11-21T13:22:30","slug":"como-llegar","status":"publish","type":"page","link":"https:\/\/www.clusteraudiovisual.cat\/es\/talentaudiovisual\/como-llegar\/","title":{"rendered":"C\u00d3MO LLEGAR"},"content":{"rendered":"<div id='full_slider_1'  class='avia-fullwidth-slider main_color avia-shadow av-small-hide av-mini-hide  avia-builder-el-0  el_before_av_slideshow_full  avia-builder-el-first   container_wrap fullsize'  ><div  class='avia-slideshow av-16bzxrp-eda9a0cb03e3e9576b7f57c34cd9bdd3 avia-slideshow-featured_large av_slideshow_full avia-slide-slider av-small-hide av-mini-hide av-slideshow-ui av-control-hidden av-no-slider-navigation av-hide-nav-arrows av-slideshow-manual av-loop-once av-loop-manual-endless av-default-height-applied   avia-slideshow-1' data-slideshow-options=\"{&quot;animation&quot;:&quot;slide&quot;,&quot;autoplay&quot;:false,&quot;loop_autoplay&quot;:&quot;once&quot;,&quot;interval&quot;:5,&quot;loop_manual&quot;:&quot;manual-endless&quot;,&quot;autoplay_stopper&quot;:false,&quot;noNavigation&quot;:true,&quot;bg_slider&quot;:false,&quot;keep_padding&quot;:false,&quot;hoverpause&quot;:false,&quot;show_slide_delay&quot;:0}\"  itemprop=\"image\" itemscope=\"itemscope\" itemtype=\"https:\/\/schema.org\/ImageObject\" ><ul class='avia-slideshow-inner ' style='padding-bottom: 26.666666666667%;'><li  class='avia-slideshow-slide av-16bzxrp-eda9a0cb03e3e9576b7f57c34cd9bdd3__0  av-single-slide slide-1 slide-odd'><div data-rel='slideshow-1' class='avia-slide-wrap '   ><img decoding=\"async\" fetchpriority=\"high\" class=\"wp-image-53087 avia-img-lazy-loading-not-53087\"  src=\"https:\/\/www.clusteraudiovisual.cat\/wp-content\/uploads\/2025\/11\/STalent2025_Banner_Web_Cast.jpg\" width=\"1500\" height=\"400\" title='STalent2025_Banner_Web_Cast' alt=''  itemprop=\"thumbnailUrl\" srcset=\"https:\/\/www.clusteraudiovisual.cat\/wp-content\/uploads\/2025\/11\/STalent2025_Banner_Web_Cast.jpg 1500w, https:\/\/www.clusteraudiovisual.cat\/wp-content\/uploads\/2025\/11\/STalent2025_Banner_Web_Cast-300x80.jpg 300w, https:\/\/www.clusteraudiovisual.cat\/wp-content\/uploads\/2025\/11\/STalent2025_Banner_Web_Cast-1030x275.jpg 1030w, https:\/\/www.clusteraudiovisual.cat\/wp-content\/uploads\/2025\/11\/STalent2025_Banner_Web_Cast-768x205.jpg 768w, https:\/\/www.clusteraudiovisual.cat\/wp-content\/uploads\/2025\/11\/STalent2025_Banner_Web_Cast-705x188.jpg 705w\" sizes=\"(max-width: 1500px) 100vw, 1500px\" \/><\/div><\/li><\/ul><\/div><\/div>\n<div id='full_slider_2'  class='avia-fullwidth-slider main_color avia-shadow av-desktop-hide av-medium-hide  avia-builder-el-1  el_after_av_slideshow_full  el_before_av_submenu   slider-not-first container_wrap fullsize'  ><div  class='avia-slideshow av-12eyrzp-a3353b7cbd3e97c2bd592e107ae3d046 avia-slideshow-featured_large av_slideshow_full avia-slide-slider av-desktop-hide av-medium-hide av-slideshow-ui av-control-hidden av-no-slider-navigation av-hide-nav-arrows av-slideshow-manual av-loop-once av-loop-manual-endless av-default-height-applied   avia-slideshow-2' data-slideshow-options=\"{&quot;animation&quot;:&quot;slide&quot;,&quot;autoplay&quot;:false,&quot;loop_autoplay&quot;:&quot;once&quot;,&quot;interval&quot;:5,&quot;loop_manual&quot;:&quot;manual-endless&quot;,&quot;autoplay_stopper&quot;:false,&quot;noNavigation&quot;:true,&quot;bg_slider&quot;:false,&quot;keep_padding&quot;:false,&quot;hoverpause&quot;:false,&quot;show_slide_delay&quot;:0}\"  itemprop=\"image\" itemscope=\"itemscope\" itemtype=\"https:\/\/schema.org\/ImageObject\" ><ul class='avia-slideshow-inner ' style='padding-bottom: 105%;'><li  class='avia-slideshow-slide av-12eyrzp-a3353b7cbd3e97c2bd592e107ae3d046__0  av-single-slide slide-1 slide-odd'><div data-rel='slideshow-2' class='avia-slide-wrap '   ><img decoding=\"async\" fetchpriority=\"high\" class=\"wp-image-53096 avia-img-lazy-loading-not-53096\"  src=\"https:\/\/www.clusteraudiovisual.cat\/wp-content\/uploads\/2025\/11\/STalent2025_Banner_Web_Responsive_Cast-600x630.jpg\" width=\"600\" height=\"630\" title='STalent2025_Banner_Web_Responsive_Cast' alt=''  itemprop=\"thumbnailUrl\"   \/><\/div><\/li><\/ul><\/div><\/div>\n<div class='clear'><\/div><div id='sub_menu1'  class='av-submenu-container av-khaeyens-50815dafa008407ebf9d6bc2eb067d8b alternate_color av-switch-768  avia-builder-el-2  el_after_av_slideshow_full  el_before_av_section  av-sticky-submenu submenu-not-first container_wrap fullsize' style='z-index:301' ><div class='container av-menu-mobile-active av-submenu-pos-center'><a href=\"#\" class=\"mobile_menu_toggle\"><span class='avia-svg-icon avia-font-svg_entypo-fontello' data-av_svg_icon='list' data-av_iconset='svg_entypo-fontello'><svg version=\"1.1\" xmlns=\"http:\/\/www.w3.org\/2000\/svg\" width=\"22\" height=\"32\" viewBox=\"0 0 22 32\" preserveAspectRatio=\"xMidYMid meet\" aria-labelledby='av-svg-title-1' aria-describedby='av-svg-desc-1' role=\"graphics-symbol\" aria-hidden=\"true\">\n<title id='av-svg-title-1'>List<\/title>\n<desc id='av-svg-desc-1'>List<\/desc>\n<path d=\"M3.2 20.8q0.64 0 1.12 0.48t0.48 1.12-0.48 1.12-1.12 0.48h-1.6q-0.64 0-1.12-0.48t-0.48-1.12 0.448-1.12 1.152-0.48h1.6zM3.2 14.4q0.64 0 1.12 0.48t0.48 1.12-0.48 1.12-1.12 0.48h-1.6q-0.64 0-1.12-0.48t-0.48-1.12 0.448-1.12 1.152-0.48h1.6zM3.2 8q0.64 0 1.12 0.48t0.48 1.12-0.48 1.12-1.12 0.48h-1.6q-0.64 0-1.12-0.48t-0.48-1.12 0.448-1.12 1.152-0.48h1.6zM9.6 11.2q-0.64 0-1.12-0.48t-0.48-1.12 0.48-1.12 1.12-0.48h11.2q0.704 0 1.152 0.48t0.448 1.12-0.48 1.12-1.12 0.48h-11.2zM20.8 14.4q0.704 0 1.152 0.48t0.448 1.12-0.48 1.12-1.12 0.48h-11.2q-0.64 0-1.12-0.48t-0.48-1.12 0.48-1.12 1.12-0.48h11.2zM20.8 20.8q0.704 0 1.152 0.48t0.448 1.12-0.48 1.12-1.12 0.48h-11.2q-0.64 0-1.12-0.48t-0.48-1.12 0.48-1.12 1.12-0.48h11.2z\"><\/path>\n<\/svg><\/span><span class=\"av-current-placeholder\">Men\u00fa<\/span><\/a><ul id=\"menu-stalent-2025-cast\" class=\"av-subnav-menu\" role=\"menu\"><li role=\"menuitem\" id=\"menu-item-42094\" class=\"menu-item menu-item-type-post_type menu-item-object-page menu-item-top-level menu-item-top-level-1\"><a href=\"https:\/\/www.clusteraudiovisual.cat\/es\/talentaudiovisual\/\" itemprop=\"url\" tabindex=\"0\"><span class=\"avia-bullet\"><\/span><span class=\"avia-menu-text\">INICIO<\/span><span class=\"avia-menu-fx\"><span class=\"avia-arrow-wrap\"><span class=\"avia-arrow\"><\/span><\/span><\/span><\/a><\/li>\n<li role=\"menuitem\" id=\"menu-item-51069\" class=\"menu-item menu-item-type-post_type menu-item-object-page menu-item-has-children menu-item-top-level menu-item-top-level-2\"><a href=\"https:\/\/www.clusteraudiovisual.cat\/es\/talentaudiovisual\/programacion-2025\/\" itemprop=\"url\" tabindex=\"0\"><span class=\"avia-bullet\"><\/span><span class=\"avia-menu-text\">PROGRAMACI\u00d3N<\/span><span class=\"avia-menu-fx\"><span class=\"avia-arrow-wrap\"><span class=\"avia-arrow\"><\/span><\/span><\/span><\/a>\n\n\n<ul class=\"sub-menu\">\n\t<li role=\"menuitem\" id=\"menu-item-51082\" class=\"menu-item menu-item-type-post_type menu-item-object-page\"><a href=\"https:\/\/www.clusteraudiovisual.cat\/es\/talentaudiovisual\/conferencias-y-sesiones-2025\/\" itemprop=\"url\" tabindex=\"0\"><span class=\"avia-bullet\"><\/span><span class=\"avia-menu-text\">CONFERENCIAS Y SESIONES<\/span><\/a><\/li>\n\t<li role=\"menuitem\" id=\"menu-item-51110\" class=\"menu-item menu-item-type-post_type menu-item-object-page\"><a href=\"https:\/\/www.clusteraudiovisual.cat\/es\/talentaudiovisual\/pantalla-en-vivo-2025\/\" itemprop=\"url\" tabindex=\"0\"><span class=\"avia-bullet\"><\/span><span class=\"avia-menu-text\">PANTALLA EN VIVO<\/span><\/a><\/li>\n\t<li role=\"menuitem\" id=\"menu-item-51123\" class=\"menu-item menu-item-type-post_type menu-item-object-page\"><a href=\"https:\/\/www.clusteraudiovisual.cat\/es\/talentaudiovisual\/mercado-de-nuevos-profesionales-2025\/\" itemprop=\"url\" tabindex=\"0\"><span class=\"avia-bullet\"><\/span><span class=\"avia-menu-text\">MERCADO DE NUEVOS PROFESIONALES<\/span><\/a><\/li>\n\t<li role=\"menuitem\" id=\"menu-item-51137\" class=\"menu-item menu-item-type-post_type menu-item-object-page\"><a href=\"https:\/\/www.clusteraudiovisual.cat\/es\/talentaudiovisual\/international-distribution-meetings-2025\/\" itemprop=\"url\" tabindex=\"0\"><span class=\"avia-bullet\"><\/span><span class=\"avia-menu-text\">INTERNATIONAL DISTRIBUTION MEETINGS<\/span><\/a><\/li>\n\t<li role=\"menuitem\" id=\"menu-item-51147\" class=\"menu-item menu-item-type-post_type menu-item-object-page\"><a href=\"https:\/\/www.clusteraudiovisual.cat\/es\/talentaudiovisual\/pitching-2025\/\" itemprop=\"url\" tabindex=\"0\"><span class=\"avia-bullet\"><\/span><span class=\"avia-menu-text\">PITCHING<\/span><\/a><\/li>\n\t<li role=\"menuitem\" id=\"menu-item-51096\" class=\"menu-item menu-item-type-post_type menu-item-object-page\"><a href=\"https:\/\/www.clusteraudiovisual.cat\/es\/talentaudiovisual\/pitching-internacional-distribucion-2025\/\" itemprop=\"url\" tabindex=\"0\"><span class=\"avia-bullet\"><\/span><span class=\"avia-menu-text\">PITCHING INTERNACIONAL DISTRIBUCI\u00d3N<\/span><\/a><\/li>\n<\/ul>\n<\/li>\n<li role=\"menuitem\" id=\"menu-item-42106\" class=\"menu-item menu-item-type-custom menu-item-object-custom menu-item-has-children menu-item-top-level menu-item-top-level-3\"><a href=\"#\" itemprop=\"url\" tabindex=\"0\"><span class=\"avia-bullet\"><\/span><span class=\"avia-menu-text\">PARTICIPANTES<\/span><span class=\"avia-menu-fx\"><span class=\"avia-arrow-wrap\"><span class=\"avia-arrow\"><\/span><\/span><\/span><\/a>\n\n\n<ul class=\"sub-menu\">\n\t<li role=\"menuitem\" id=\"menu-item-42108\" class=\"menu-item menu-item-type-post_type menu-item-object-page\"><a href=\"https:\/\/www.clusteraudiovisual.cat\/es\/talentaudiovisual\/centros-universitarios-participantes\/\" itemprop=\"url\" tabindex=\"0\"><span class=\"avia-bullet\"><\/span><span class=\"avia-menu-text\">CENTROS UNIVERSITARIOS<\/span><\/a><\/li>\n\t<li role=\"menuitem\" id=\"menu-item-42112\" class=\"menu-item menu-item-type-post_type menu-item-object-page\"><a href=\"https:\/\/www.clusteraudiovisual.cat\/es\/talentaudiovisual\/empresas-participantes\/\" itemprop=\"url\" tabindex=\"0\"><span class=\"avia-bullet\"><\/span><span class=\"avia-menu-text\">EMPRESAS<\/span><\/a><\/li>\n\t<li role=\"menuitem\" id=\"menu-item-51148\" class=\"menu-item menu-item-type-post_type menu-item-object-page\"><a href=\"https:\/\/www.clusteraudiovisual.cat\/es\/talentaudiovisual\/pitching-2025\/\" itemprop=\"url\" tabindex=\"0\"><span class=\"avia-bullet\"><\/span><span class=\"avia-menu-text\">PITCHING<\/span><\/a><\/li>\n<\/ul>\n<\/li>\n<li role=\"menuitem\" id=\"menu-item-42107\" class=\"menu-item menu-item-type-custom menu-item-object-custom menu-item-has-children menu-item-top-level menu-item-top-level-4\"><a href=\"#\" itemprop=\"url\" tabindex=\"0\"><span class=\"avia-bullet\"><\/span><span class=\"avia-menu-text\">ARCHIVO<\/span><span class=\"avia-menu-fx\"><span class=\"avia-arrow-wrap\"><span class=\"avia-arrow\"><\/span><\/span><\/span><\/a>\n\n\n<ul class=\"sub-menu\">\n\t<li role=\"menuitem\" id=\"menu-item-42109\" class=\"menu-item menu-item-type-post_type menu-item-object-page\"><a href=\"https:\/\/www.clusteraudiovisual.cat\/es\/historico-proyectos\/\" itemprop=\"url\" tabindex=\"0\"><span class=\"avia-bullet\"><\/span><span class=\"avia-menu-text\">PITCHING HIST\u00d3RICO PROYECTOS<\/span><\/a><\/li>\n\t<li role=\"menuitem\" id=\"menu-item-42111\" class=\"menu-item menu-item-type-post_type menu-item-object-page\"><a href=\"https:\/\/www.clusteraudiovisual.cat\/es\/talentaudiovisual\/ediciones-anteriores\/\" itemprop=\"url\" tabindex=\"0\"><span class=\"avia-bullet\"><\/span><span class=\"avia-menu-text\">EDICIONES ANTERIORES<\/span><\/a><\/li>\n<\/ul>\n<\/li>\n<li role=\"menuitem\" id=\"menu-item-53924\" class=\"menu-item menu-item-type-custom menu-item-object-custom menu-item-has-children menu-item-top-level menu-item-top-level-5\"><a href=\"#\" itemprop=\"url\" tabindex=\"0\"><span class=\"avia-bullet\"><\/span><span class=\"avia-menu-text\">INFO<\/span><span class=\"avia-menu-fx\"><span class=\"avia-arrow-wrap\"><span class=\"avia-arrow\"><\/span><\/span><\/span><\/a>\n\n\n<ul class=\"sub-menu\">\n\t<li role=\"menuitem\" id=\"menu-item-53923\" class=\"menu-item menu-item-type-post_type menu-item-object-page\"><a href=\"https:\/\/www.clusteraudiovisual.cat\/es\/talentaudiovisual\/como-llegar\/\" itemprop=\"url\" tabindex=\"0\"><span class=\"avia-bullet\"><\/span><span class=\"avia-menu-text\">C\u00d3MO LLEGAR<\/span><\/a><\/li>\n\t<li role=\"menuitem\" id=\"menu-item-42110\" class=\"menu-item menu-item-type-post_type menu-item-object-page\"><a href=\"https:\/\/www.clusteraudiovisual.cat\/es\/talentaudiovisual\/contacta\/\" itemprop=\"url\" tabindex=\"0\"><span class=\"avia-bullet\"><\/span><span class=\"avia-menu-text\">CONTACTA<\/span><\/a><\/li>\n<\/ul>\n<\/li>\n<li role=\"menuitem\" id=\"menu-item-wpml-ls-724-es\" class=\"menu-item-language menu-item-language-current menu-item wpml-ls-slot-724 wpml-ls-item wpml-ls-item-es wpml-ls-current-language wpml-ls-menu-item menu-item-type-wpml_ls_menu_item menu-item-object-wpml_ls_menu_item menu-item-has-children menu-item-top-level menu-item-top-level-6\"><a href=\"https:\/\/www.clusteraudiovisual.cat\/es\/\" itemprop=\"url\" tabindex=\"0\"><span class=\"avia-bullet\"><\/span><span class=\"avia-menu-text\"><img decoding=\"async\"\n            class=\"wpml-ls-flag\"\n            src=\"https:\/\/www.clusteraudiovisual.cat\/wp-content\/plugins\/sitepress-multilingual-cms\/res\/flags\/es.png\"\n            alt=\"Espa\u00f1ol\"\n            loading=\"lazy\"\n            \n            \n    \/><\/span><span class=\"avia-menu-fx\"><span class=\"avia-arrow-wrap\"><span class=\"avia-arrow\"><\/span><\/span><\/span><\/a>\n\n\n<ul class=\"sub-menu\">\n\t<li role=\"menuitem\" id=\"menu-item-wpml-ls-724-ca\" class=\"menu-item-language menu-item wpml-ls-slot-724 wpml-ls-item wpml-ls-item-ca wpml-ls-menu-item wpml-ls-first-item menu-item-type-wpml_ls_menu_item menu-item-object-wpml_ls_menu_item\"><a title=\"Cambiar a Catal\u00e1n\" href=\"https:\/\/www.clusteraudiovisual.cat\/\" itemprop=\"url\" tabindex=\"0\"><span class=\"avia-bullet\"><\/span><span class=\"avia-menu-text\"><img decoding=\"async\"\n            class=\"wpml-ls-flag\"\n            src=\"https:\/\/www.clusteraudiovisual.cat\/wp-content\/plugins\/sitepress-multilingual-cms\/res\/flags\/ca.png\"\n            alt=\"Catal\u00e1n\"\n            loading=\"lazy\"\n            \n            \n    \/><\/span><\/a><\/li>\n\t<li role=\"menuitem\" id=\"menu-item-wpml-ls-724-en\" class=\"menu-item-language menu-item wpml-ls-slot-724 wpml-ls-item wpml-ls-item-en wpml-ls-menu-item wpml-ls-last-item menu-item-type-wpml_ls_menu_item menu-item-object-wpml_ls_menu_item\"><a title=\"Cambiar a Ingl\u00e9s\" href=\"https:\/\/www.clusteraudiovisual.cat\/en\/\" itemprop=\"url\" tabindex=\"0\"><span class=\"avia-bullet\"><\/span><span class=\"avia-menu-text\"><img decoding=\"async\"\n            class=\"wpml-ls-flag\"\n            src=\"https:\/\/www.clusteraudiovisual.cat\/wp-content\/plugins\/sitepress-multilingual-cms\/res\/flags\/en.png\"\n            alt=\"Ingl\u00e9s\"\n            loading=\"lazy\"\n            \n            \n    \/><\/span><\/a><\/li>\n<\/ul>\n<\/li>\n<\/ul><\/div><\/div><div class='sticky_placeholder'><\/div>\n<div id='av_section_1'  class='avia-section av-14aml-8b10e75f45b753211320664672523ba1 main_color avia-section-default avia-no-border-styling  avia-builder-el-3  el_after_av_submenu  el_before_av_section  avia-bg-style-scroll container_wrap fullsize'  ><div class='container av-section-cont-open' ><div class='template-page content av-content-full alpha units'><div class='post-entry post-entry-type-page post-entry-53901'><div class='entry-content-wrapper clearfix'>\n\n<style type=\"text\/css\" data-created_by=\"avia_inline_auto\" id=\"style-css-av-2xy7h-9fcaf03956a0d4fb8ea536f0e5566699\">\n.flex_column.av-2xy7h-9fcaf03956a0d4fb8ea536f0e5566699{\nborder-radius:0px 0px 0px 0px;\npadding:0px 0px 0px 0px;\n}\n<\/style>\n<div  class='flex_column av-2xy7h-9fcaf03956a0d4fb8ea536f0e5566699 av_one_fifth  avia-builder-el-4  el_before_av_three_fifth  avia-builder-el-first  first flex_column_div av-zero-column-padding  '     ><\/div>\n<style type=\"text\/css\" data-created_by=\"avia_inline_auto\" id=\"style-css-av-240yx-65b8330ad1da913370cf3d715c25cef8\">\n.flex_column.av-240yx-65b8330ad1da913370cf3d715c25cef8{\nborder-radius:0px 0px 0px 0px;\npadding:0px 0px 0px 0px;\n}\n<\/style>\n<div  class='flex_column av-240yx-65b8330ad1da913370cf3d715c25cef8 av_three_fifth  avia-builder-el-5  el_after_av_one_fifth  el_before_av_one_fifth  flex_column_div av-zero-column-padding  '     ><section  class='av_textblock_section av-khaf0a85-2a3ace746bca34b9eda4937f23689f98 '   itemscope=\"itemscope\" itemtype=\"https:\/\/schema.org\/CreativeWork\" ><div class='avia_textblock'  itemprop=\"text\" ><h1 style=\"text-align: center;\"><span style=\"color: #ab185f;\">C\u00d3MO LLEGAR<\/span><\/h1>\n<\/div><\/section><\/div>\n<style type=\"text\/css\" data-created_by=\"avia_inline_auto\" id=\"style-css-av-1j6yx-70b8ff5882dff8c27213fab74caecdc4\">\n.flex_column.av-1j6yx-70b8ff5882dff8c27213fab74caecdc4{\nborder-radius:0px 0px 0px 0px;\npadding:0px 0px 0px 0px;\n}\n<\/style>\n<div  class='flex_column av-1j6yx-70b8ff5882dff8c27213fab74caecdc4 av_one_fifth  avia-builder-el-7  el_after_av_three_fifth  el_before_av_one_fifth  flex_column_div av-zero-column-padding  '     ><\/div>\n<style type=\"text\/css\" data-created_by=\"avia_inline_auto\" id=\"style-css-av-1j6yx-16-2023b88ce5f78ac68f777695fa1ab3bb\">\n.flex_column.av-1j6yx-16-2023b88ce5f78ac68f777695fa1ab3bb{\nborder-radius:0px 0px 0px 0px;\npadding:0px 0px 0px 0px;\n}\n<\/style>\n<div  class='flex_column av-1j6yx-16-2023b88ce5f78ac68f777695fa1ab3bb av_one_fifth  avia-builder-el-8  el_after_av_one_fifth  el_before_av_three_fifth  first flex_column_div av-zero-column-padding  column-top-margin'     ><\/div>\n<style type=\"text\/css\" data-created_by=\"avia_inline_auto\" id=\"style-css-av-397dv-e3802e00663396da6e56ec7213795f50\">\n.flex_column.av-397dv-e3802e00663396da6e56ec7213795f50{\nborder-radius:0px 0px 0px 0px;\npadding:0px 0px 0px 0px;\n}\n<\/style>\n<div  class='flex_column av-397dv-e3802e00663396da6e56ec7213795f50 av_three_fifth  avia-builder-el-9  el_after_av_one_fifth  el_before_av_one_fifth  flex_column_div av-zero-column-padding  column-top-margin'     ><section  class='av_textblock_section av-mi8vu7du-c9a3c93e760ddd5ef88bb90ea00a5509 '   itemscope=\"itemscope\" itemtype=\"https:\/\/schema.org\/CreativeWork\" ><div class='avia_textblock'  itemprop=\"text\" ><h2 style=\"text-align: center;\"><span style=\"color: #ab185f;\">DISSENY HUB BARCELONA<\/span><\/h2>\n<h2 style=\"text-align: center;\"><span style=\"color: #ab185f;\">Pla\u00e7a de les Gl\u00f2ries Catalanes, 38<\/span><\/h2>\n<\/div><\/section><\/div>\n<style type=\"text\/css\" data-created_by=\"avia_inline_auto\" id=\"style-css-av-1j6yx-15-6fa5fe6753abb53eed5e6fd044a8e417\">\n.flex_column.av-1j6yx-15-6fa5fe6753abb53eed5e6fd044a8e417{\nborder-radius:0px 0px 0px 0px;\npadding:0px 0px 0px 0px;\n}\n<\/style>\n<div  class='flex_column av-1j6yx-15-6fa5fe6753abb53eed5e6fd044a8e417 av_one_fifth  avia-builder-el-11  el_after_av_three_fifth  el_before_av_hr  flex_column_div av-zero-column-padding  column-top-margin'     ><\/div>\n<style type=\"text\/css\" data-created_by=\"avia_inline_auto\" id=\"style-css-av-jku3il-7ca264cac80c3726eaa4a35f5220610d\">\n#top .hr.hr-invisible.av-jku3il-7ca264cac80c3726eaa4a35f5220610d{\nheight:35px;\n}\n<\/style>\n<div  class='hr av-jku3il-7ca264cac80c3726eaa4a35f5220610d hr-invisible  avia-builder-el-12  el_after_av_one_fifth  el_before_av_textblock '><span class='hr-inner '><span class=\"hr-inner-style\"><\/span><\/span><\/div>\n<section  class='av_textblock_section av-mi8vx04p-7a77ca2c4528aca78071552490559bdd '   itemscope=\"itemscope\" itemtype=\"https:\/\/schema.org\/CreativeWork\" ><div class='avia_textblock'  itemprop=\"text\" ><h5 style=\"text-align: center;\"><span style=\"color: #ab185f;\">Transportes<\/span><\/h5>\n<p style=\"text-align: center;\"><strong>Metro<\/strong>: L\u00ednea 1 &#8211; Gl\u00f2ries.<\/p>\n<p style=\"text-align: center;\"><strong>Autob\u00fas<\/strong>: L\u00edneas 7, 192, X1, H12, V23, N2, N7.<\/p>\n<p style=\"text-align: center;\"><strong>Tranv\u00eda<\/strong>: L\u00edneas T4, T5, T6 \u2013 Gl\u00f2ries.<\/p>\n<p style=\"text-align: center;\"><strong>Estaciones Bicing<\/strong>: Meridiana\/Encants i Bol\u00edvia\/\u00c0vila.<\/p>\n<p style=\"text-align: center;\"><strong>Puntos de anclaje de bicicletas:<\/strong><br \/>\nCalle Irena Sendler, 1.<br \/>\nCalle Badajoz, 175-177.<\/p>\n<p style=\"text-align: center;\"><strong>Tren<\/strong>: Renfe-Rodalies de Catalunya, l\u00edneas R1, R3, R4 y R12 &#8211; Arc de Triomf; y l\u00edneas R1, R2 y R11 &#8211; El Clot-Arag\u00f3.<\/p>\n<\/div><\/section>\n<\/div><\/div><\/div><!-- close content main div --><\/div><\/div><div id='av_section_2'  class='avia-section av-zgdr9x-37be964553503ab9ec404131d38f7e63 footer_color avia-section-default avia-no-shadow  avia-builder-el-14  el_after_av_section  el_before_av_section  avia-bg-style-scroll container_wrap fullsize'  ><div class='container av-section-cont-open' ><div class='template-page content av-content-full alpha units'><div class='post-entry post-entry-type-page post-entry-53901'><div class='entry-content-wrapper clearfix'>\n<div  class='avia-logo-element-container av-ygjw39-977426b10c44e948d19cb4e3b29ae0c3 av-border-deactivate avia-logo-grid avia-content-slider avia-smallarrow-slider avia-content-grid-active noHover avia-content-slider-odd  avia-builder-el-15  el_before_av_partner  avia-builder-el-first  avia-content-slider1' ><div class='avia-smallarrow-slider-heading '><div class='new-special-heading'><h6 class='av-logo-special-heading-text '>LA SEMANA DEL TALENTO AUDIOVISUAL TIENE EL APOYO DE:<\/h6><\/div><\/div><div class=\"avia-content-slider-inner\"><div class=\"slide-entry-wrap\"><div  class='slide-entry av-w3wp0l-0d9008bb4b18dace3eca0d11e27a8194 flex_column no_margin av_one_fifth real-thumbnail post-entry slide-entry-overview slide-loop-1 slide-parity-odd  first'><span class='av-partner-fake-img' style='padding-bottom:50%; background-image:url(https:\/\/www.clusteraudiovisual.cat\/wp-content\/uploads\/2024\/10\/ST_Logo_Footer_ICEC-1.jpg);'><\/span><\/div><div  class='slide-entry av-319q45-8d41f73b0846f7247917013507966339 flex_column no_margin av_one_fifth real-thumbnail post-entry slide-entry-overview slide-loop-2 slide-parity-even  '><span class='av-partner-fake-img' style='padding-bottom:50%; background-image:url(https:\/\/www.clusteraudiovisual.cat\/wp-content\/uploads\/2025\/10\/ST_Logo_AjuntamentBarcelona_2025.jpg);'><\/span><\/div><div  class='slide-entry av-th0uc5-e39062e44fcb8fd53a48d9d4eb86ff80 flex_column no_margin av_one_fifth real-thumbnail post-entry slide-entry-overview slide-loop-3 slide-parity-odd  '><span class='av-partner-fake-img' style='padding-bottom:50%; background-image:url(https:\/\/www.clusteraudiovisual.cat\/wp-content\/uploads\/2022\/10\/ST_Logo_Footer_Web_Gencat_Recerca.jpg);'><\/span><\/div><div  class='slide-entry av-2t5l51-829264998f6aa9a70a126573e74550d2 flex_column no_margin av_one_fifth real-thumbnail post-entry slide-entry-overview slide-loop-4 slide-parity-even  '><span class='av-partner-fake-img' style='padding-bottom:50%; background-image:url(https:\/\/www.clusteraudiovisual.cat\/wp-content\/uploads\/2025\/10\/ST_Logo_Footer_Ministerio-Cultura.jpg);'><\/span><\/div><div  class='slide-entry av-p2k3yt-d99e30a6781a6048c587ec926d8ac2c3 flex_column no_margin av_one_fifth real-thumbnail post-entry slide-entry-overview slide-loop-5 slide-parity-odd post-entry-last '><span class='av-partner-fake-img' style='padding-bottom:50%; background-image:url(https:\/\/www.clusteraudiovisual.cat\/wp-content\/uploads\/2024\/10\/ST_Logo_Footer_ACCIO.jpg);'><\/span><\/div><\/div><\/div><\/div>\n<div  class='avia-logo-element-container av-oitdjp-ef7660b9da4b9ab2bf78befd64316961 av-border-deactivate avia-logo-grid avia-content-slider avia-smallarrow-slider avia-content-grid-active noHover avia-content-slider-odd  avia-builder-el-16  el_after_av_partner  el_before_av_textblock  avia-content-slider2' ><div class='avia-smallarrow-slider-heading '><div class='new-special-heading'><h6 class='av-logo-special-heading-text '>CON LA COLABORACI\u00d3N DE:<\/h6><\/div><\/div><div class=\"avia-content-slider-inner\"><div class=\"slide-entry-wrap\"><div  class='slide-entry av-mxtjt1-a31adb418f2a1770f9cd6825a3f21a53 flex_column no_margin av_one_fifth real-thumbnail post-entry slide-entry-overview slide-loop-1 slide-parity-odd  first'><img decoding=\"async\" fetchpriority=\"high\" width=\"800\" height=\"400\" src=\"https:\/\/www.clusteraudiovisual.cat\/wp-content\/uploads\/2025\/10\/ST_Logo_Colaborador_DHub.jpg\" class=\"wp-image-52753 avia-img-lazy-loading-not-52753 attachment-no scaling size-no scaling\" alt=\"\" srcset=\"https:\/\/www.clusteraudiovisual.cat\/wp-content\/uploads\/2025\/10\/ST_Logo_Colaborador_DHub.jpg 800w, https:\/\/www.clusteraudiovisual.cat\/wp-content\/uploads\/2025\/10\/ST_Logo_Colaborador_DHub-300x150.jpg 300w, https:\/\/www.clusteraudiovisual.cat\/wp-content\/uploads\/2025\/10\/ST_Logo_Colaborador_DHub-768x384.jpg 768w, https:\/\/www.clusteraudiovisual.cat\/wp-content\/uploads\/2025\/10\/ST_Logo_Colaborador_DHub-705x353.jpg 705w\" sizes=\"(max-width: 800px) 100vw, 800px\" \/><\/div><div  class='slide-entry av-l0w73p-e9b0a80fb884b49ab9452a49ff0810b0 flex_column no_margin av_one_fifth real-thumbnail post-entry slide-entry-overview slide-loop-2 slide-parity-even  '><img decoding=\"async\" fetchpriority=\"high\" width=\"800\" height=\"400\" src=\"https:\/\/www.clusteraudiovisual.cat\/wp-content\/uploads\/2022\/10\/ST_Logo_Footer_Web_BarcelonaActiva.jpg\" class=\"wp-image-25791 avia-img-lazy-loading-not-25791 attachment-no scaling size-no scaling\" alt=\"\" srcset=\"https:\/\/www.clusteraudiovisual.cat\/wp-content\/uploads\/2022\/10\/ST_Logo_Footer_Web_BarcelonaActiva.jpg 800w, https:\/\/www.clusteraudiovisual.cat\/wp-content\/uploads\/2022\/10\/ST_Logo_Footer_Web_BarcelonaActiva-300x150.jpg 300w, https:\/\/www.clusteraudiovisual.cat\/wp-content\/uploads\/2022\/10\/ST_Logo_Footer_Web_BarcelonaActiva-768x384.jpg 768w, https:\/\/www.clusteraudiovisual.cat\/wp-content\/uploads\/2022\/10\/ST_Logo_Footer_Web_BarcelonaActiva-705x353.jpg 705w\" sizes=\"(max-width: 800px) 100vw, 800px\" \/><\/div><div  class='slide-entry av-ioyxo5-d33375784ef260556a57c313827bfd6c flex_column no_margin av_one_fifth real-thumbnail post-entry slide-entry-overview slide-loop-3 slide-parity-odd  '><img decoding=\"async\" fetchpriority=\"high\" width=\"800\" height=\"400\" src=\"https:\/\/www.clusteraudiovisual.cat\/wp-content\/uploads\/2022\/10\/ST_Logo_Footer_Web_AcademiaCC.jpg\" class=\"wp-image-25797 avia-img-lazy-loading-not-25797 attachment-no scaling size-no scaling\" alt=\"\" srcset=\"https:\/\/www.clusteraudiovisual.cat\/wp-content\/uploads\/2022\/10\/ST_Logo_Footer_Web_AcademiaCC.jpg 800w, https:\/\/www.clusteraudiovisual.cat\/wp-content\/uploads\/2022\/10\/ST_Logo_Footer_Web_AcademiaCC-300x150.jpg 300w, https:\/\/www.clusteraudiovisual.cat\/wp-content\/uploads\/2022\/10\/ST_Logo_Footer_Web_AcademiaCC-768x384.jpg 768w, https:\/\/www.clusteraudiovisual.cat\/wp-content\/uploads\/2022\/10\/ST_Logo_Footer_Web_AcademiaCC-705x353.jpg 705w\" sizes=\"(max-width: 800px) 100vw, 800px\" \/><\/div><div  class='slide-entry av-gtq0w5-9d4b6fb13675c10741ca72f3d03c3042 flex_column no_margin av_one_fifth real-thumbnail post-entry slide-entry-overview slide-loop-4 slide-parity-even  '><img decoding=\"async\" fetchpriority=\"high\" width=\"800\" height=\"400\" src=\"https:\/\/www.clusteraudiovisual.cat\/wp-content\/uploads\/2022\/10\/ST_Logo_Footer_Web_SGAE.jpg\" class=\"wp-image-25800 avia-img-lazy-loading-not-25800 attachment-no scaling size-no scaling\" alt=\"\" srcset=\"https:\/\/www.clusteraudiovisual.cat\/wp-content\/uploads\/2022\/10\/ST_Logo_Footer_Web_SGAE.jpg 800w, https:\/\/www.clusteraudiovisual.cat\/wp-content\/uploads\/2022\/10\/ST_Logo_Footer_Web_SGAE-300x150.jpg 300w, https:\/\/www.clusteraudiovisual.cat\/wp-content\/uploads\/2022\/10\/ST_Logo_Footer_Web_SGAE-768x384.jpg 768w, https:\/\/www.clusteraudiovisual.cat\/wp-content\/uploads\/2022\/10\/ST_Logo_Footer_Web_SGAE-705x353.jpg 705w\" sizes=\"(max-width: 800px) 100vw, 800px\" \/><\/div><div  class='slide-entry av-frifad-26dbb3b4d4ece404773b86160314751f flex_column no_margin av_one_fifth real-thumbnail post-entry slide-entry-overview slide-loop-5 slide-parity-odd post-entry-last '><img decoding=\"async\" fetchpriority=\"high\" width=\"800\" height=\"400\" src=\"https:\/\/www.clusteraudiovisual.cat\/wp-content\/uploads\/2025\/11\/ST_Logo_Colaborador_MIA-1.jpg\" class=\"wp-image-53280 avia-img-lazy-loading-not-53280 attachment-no scaling size-no scaling\" alt=\"\" srcset=\"https:\/\/www.clusteraudiovisual.cat\/wp-content\/uploads\/2025\/11\/ST_Logo_Colaborador_MIA-1.jpg 800w, https:\/\/www.clusteraudiovisual.cat\/wp-content\/uploads\/2025\/11\/ST_Logo_Colaborador_MIA-1-300x150.jpg 300w, https:\/\/www.clusteraudiovisual.cat\/wp-content\/uploads\/2025\/11\/ST_Logo_Colaborador_MIA-1-768x384.jpg 768w, https:\/\/www.clusteraudiovisual.cat\/wp-content\/uploads\/2025\/11\/ST_Logo_Colaborador_MIA-1-705x353.jpg 705w\" sizes=\"(max-width: 800px) 100vw, 800px\" \/><\/div><\/div><\/div><\/div>\n<section  class='av_textblock_section av-ersezp-c0df33cb8c109f39cef97390d36cf292 '   itemscope=\"itemscope\" itemtype=\"https:\/\/schema.org\/CreativeWork\" ><div class='avia_textblock peu-text-sil'  itemprop=\"text\" ><h5 style=\"text-align: left;\"><strong>La Semana del Talento Audiovisual es un evento dise\u00f1ado y organizado con un compromiso con la sostenibilidad y la minimizaci\u00f3n de los impactos ambientales negativos.<\/strong><\/h5>\n<\/div><\/section>\n\n<style type=\"text\/css\" data-created_by=\"avia_inline_auto\" id=\"style-css-av-d3yzud-57a0e85c6d63b4b933913f263a528382\">\n#top .hr.av-d3yzud-57a0e85c6d63b4b933913f263a528382{\nmargin-top:20px;\nmargin-bottom:30px;\n}\n.hr.av-d3yzud-57a0e85c6d63b4b933913f263a528382 .hr-inner{\nwidth:100%;\nborder-color:#e8e8e8;\n}\n<\/style>\n<div  class='hr av-d3yzud-57a0e85c6d63b4b933913f263a528382 hr-custom  avia-builder-el-18  el_after_av_textblock  el_before_av_three_fifth  hr-left hr-icon-no'><span class='hr-inner inner-border-av-border-thin'><span class=\"hr-inner-style\"><\/span><\/span><\/div>\n\n<style type=\"text\/css\" data-created_by=\"avia_inline_auto\" id=\"style-css-av-beghmd-f5b02129413cde37ff916c005fd1e5be\">\n.flex_column.av-beghmd-f5b02129413cde37ff916c005fd1e5be{\nborder-radius:0px 0px 0px 0px;\npadding:0px 0px 0px 0px;\n}\n<\/style>\n<div  class='flex_column av-beghmd-f5b02129413cde37ff916c005fd1e5be av_three_fifth  avia-builder-el-19  el_after_av_hr  el_before_av_one_fifth  first flex_column_div av-zero-column-padding  '     ><section  class='av_textblock_section av-94hqrp-b520084062131d9b6d4c86641c33c64b '   itemscope=\"itemscope\" itemtype=\"https:\/\/schema.org\/CreativeWork\" ><div class='avia_textblock peu-text-sil'  itemprop=\"text\" ><p style=\"text-align: left;\">Via Laietana 32-34, 4\u00aa planta. Barcelona, 08003. Telf: 616663567<\/p>\n<\/div><\/section><\/div>\n<style type=\"text\/css\" data-created_by=\"avia_inline_auto\" id=\"style-css-av-7n1g2t-44e1369a07395ac350427b6fd24cdd9a\">\n.flex_column.av-7n1g2t-44e1369a07395ac350427b6fd24cdd9a{\nborder-radius:0px 0px 0px 0px;\npadding:0px 0px 0px 0px;\n}\n<\/style>\n<div  class='flex_column av-7n1g2t-44e1369a07395ac350427b6fd24cdd9a av_one_fifth  avia-builder-el-21  el_after_av_three_fifth  el_before_av_one_fifth  flex_column_div av-zero-column-padding  '     ><section  class='av_textblock_section av-68tymt-0cb1c98f10c9496cca907c54101e3a3e '   itemscope=\"itemscope\" itemtype=\"https:\/\/schema.org\/CreativeWork\" ><div class='avia_textblock'  itemprop=\"text\" ><h6><a style=\"font-size: 0;\" href=\"https:\/\/www.facebook.com\/clusteraudiovisualcatalunya\" target=\"_blank\" rel=\"noopener\">facebook<img loading=\"lazy\" decoding=\"async\" class=\"size-full wp-image-265 alignnone\" src=\"https:\/\/www.clusteraudiovisual.cat\/wp-content\/uploads\/2024\/12\/icon-facebook.png\" alt=\"facebook\" width=\"25\" height=\"25\" \/><\/a> <a style=\"font-size: 0;\" href=\"https:\/\/twitter.com\/ClusterAVCat\" target=\"_blank\" rel=\"noopener\">x<img loading=\"lazy\" decoding=\"async\" class=\"size-full wp-image-267 alignnone\" src=\"https:\/\/www.clusteraudiovisual.cat\/wp-content\/uploads\/2024\/12\/icon-twitter.png\" alt=\"x\/twitter\" width=\"25\" height=\"25\" \/> \u00a0<\/a> <a style=\"font-size: 0;\" href=\"https:\/\/www.instagram.com\/clusteravcat\/\" target=\"_blank\" rel=\"noopener\">instagram<img loading=\"lazy\" decoding=\"async\" class=\"size-full wp-image-266 alignnone\" src=\"https:\/\/www.clusteraudiovisual.cat\/wp-content\/uploads\/2024\/12\/icon-instagram.png\" alt=\"instagram\" width=\"25\" height=\"25\" \/><\/a> <a style=\"font-size: 0;\" href=\"https:\/\/www.youtube.com\/channel\/UCjZkfy-Dhqb4XZmaX-XWhRA\" target=\"_blank\" rel=\"noopener\">youtube<img loading=\"lazy\" decoding=\"async\" class=\"size-full wp-image-266 alignnone\" src=\"https:\/\/www.clusteraudiovisual.cat\/wp-content\/uploads\/2024\/12\/icon-youtube.png\" alt=\"youtube\" width=\"25\" height=\"25\" \/><\/a>\u00a0<a style=\"font-size: 0;\" href=\"https:\/\/www.linkedin.com\/company\/cl%C3%BAster-audiovisual-de-catalunya\/\" target=\"_blank\" rel=\"noopener\">linkedIn<img loading=\"lazy\" decoding=\"async\" class=\"size-full wp-image-266 alignnone\" src=\"https:\/\/www.clusteraudiovisual.cat\/wp-content\/uploads\/2024\/12\/icon-linkedin.png\" alt=\"linkedIn\" width=\"25\" height=\"25\" \/><\/a><\/h6>\n<\/div><\/section><\/div>\n<style type=\"text\/css\" data-created_by=\"avia_inline_auto\" id=\"style-css-av-4kvm0l-05513d1c0ff3576707d273d032ffe2e4\">\n.flex_column.av-4kvm0l-05513d1c0ff3576707d273d032ffe2e4{\nborder-radius:0px 0px 0px 0px;\npadding:0px 0px 0px 0px;\n}\n<\/style>\n<div  class='flex_column av-4kvm0l-05513d1c0ff3576707d273d032ffe2e4 av_one_fifth  avia-builder-el-23  el_after_av_one_fifth  avia-builder-el-last  flex_column_div av-zero-column-padding  '     ><section  class='av_textblock_section av-1y7h45-537905466f77bafc728d846305624c0f '   itemscope=\"itemscope\" itemtype=\"https:\/\/schema.org\/CreativeWork\" ><div class='avia_textblock peu-text-sil'  itemprop=\"text\" ><p style=\"text-align: right;\"><a href=\"http:\/\/clusteraudiovisual.cat\/bases-legals\/\" target=\"_blank\" rel=\"noopener\">Bases legales<\/a><\/p>\n<h6><\/h6>\n<\/div><\/section><\/div>\n<\/p>\n<\/div><\/div><\/div><!-- close content main div --><\/div><\/div>\n<style type=\"text\/css\" data-created_by=\"avia_inline_auto\" id=\"style-css-av-khmh3th4-160a81b60e5cefde7bcca14eb3ee324c\">\n.avia-section.av-khmh3th4-160a81b60e5cefde7bcca14eb3ee324c{\nbackground-color:#f6f6f6;\nbackground-image:unset;\nmargin-top:1px;\nmargin-bottom:1px;\n}\n<\/style>\n<div id='socketsil'  class='avia-section av-khmh3th4-160a81b60e5cefde7bcca14eb3ee324c alternate_color avia-section-small avia-no-border-styling  avia-builder-el-25  el_after_av_section  avia-builder-el-last  socketsil avia-bg-style-scroll av-minimum-height av-minimum-height-custom av-height-custom  container_wrap fullsize'   data-av_minimum_height_px='10'><div class='container av-section-cont-open' style='height:10px'><div class='template-page content av-content-full alpha units'><div class='post-entry post-entry-type-page post-entry-53901'><div class='entry-content-wrapper clearfix'>\n\n<style type=\"text\/css\" data-created_by=\"avia_inline_auto\" id=\"style-css-av-gs5fo-a2ffb1829b267f5f46f3b65c7a56a1df\">\n.flex_column.av-gs5fo-a2ffb1829b267f5f46f3b65c7a56a1df{\nborder-radius:0px 0px 0px 0px;\npadding:0px 0px 0px 0px;\n}\n<\/style>\n<div  class='flex_column av-gs5fo-a2ffb1829b267f5f46f3b65c7a56a1df av_one_half  avia-builder-el-26  el_before_av_one_half  avia-builder-el-first  first flex_column_div av-zero-column-padding  '     ><section  class='av_textblock_section av-khmh41q8-4f8e7e4052462e73f2fcab7eccebead7 '   itemscope=\"itemscope\" itemtype=\"https:\/\/schema.org\/CreativeWork\" ><div class='avia_textblock'  itemprop=\"text\" ><p>\u00a9 2020 Cl\u00faster Audiovisual de Catalunya<\/p>\n<\/div><\/section><\/div>\n<style type=\"text\/css\" data-created_by=\"avia_inline_auto\" id=\"style-css-av-8802k-0b8d78f3f57f2e0c6ce1641cec1ad48b\">\n.flex_column.av-8802k-0b8d78f3f57f2e0c6ce1641cec1ad48b{\nborder-radius:0px 0px 0px 0px;\npadding:0px 0px 0px 0px;\n}\n<\/style>\n<div  class='flex_column av-8802k-0b8d78f3f57f2e0c6ce1641cec1ad48b av_one_half  avia-builder-el-28  el_after_av_one_half  avia-builder-el-last  flex_column_div av-zero-column-padding  '     ><section  class='av_textblock_section av-khmh41q8-12-7994e2101f6556fcde1776ec876c18e2 '   itemscope=\"itemscope\" itemtype=\"https:\/\/schema.org\/CreativeWork\" ><div class='avia_textblock'  itemprop=\"text\" ><p style=\"text-align: right;\">Web desarrollada por <a href=\"https:\/\/www.lasaladeta.com\/\" target=\"_blank\" rel=\"noopener\">La Saladeta<\/a><\/p>\n<\/div><\/section><\/div>\n\n","protected":false},"excerpt":{"rendered":"","protected":false},"author":10,"featured_media":53096,"parent":1317,"menu_order":0,"comment_status":"closed","ping_status":"closed","template":"","meta":{"_acf_changed":false,"footnotes":""},"class_list":["post-53901","page","type-page","status-publish","has-post-thumbnail","hentry"],"acf":[],"yoast_head":"<!-- This site is optimized with the Yoast SEO plugin v27.0 - https:\/\/yoast.com\/product\/yoast-seo-wordpress\/ -->\n<title>C\u00d3MO LLEGAR - Cl\u00faster Audiovisual<\/title>\n<meta name=\"description\" content=\"Si tienes alguna duda acerca de la Semana del Talento Audiovisual, no dudes y contacta con nosotros a trav\u00e9s de este formulario.\" \/>\n<meta name=\"robots\" content=\"index, follow, max-snippet:-1, max-image-preview:large, max-video-preview:-1\" \/>\n<link rel=\"canonical\" href=\"https:\/\/www.clusteraudiovisual.cat\/es\/talentaudiovisual\/como-llegar\/\" \/>\n<meta property=\"og:locale\" content=\"es_ES\" \/>\n<meta property=\"og:type\" content=\"article\" \/>\n<meta property=\"og:title\" content=\"C\u00d3MO LLEGAR - Cl\u00faster Audiovisual\" \/>\n<meta property=\"og:description\" content=\"Si tienes alguna duda acerca de la Semana del Talento Audiovisual, no dudes y contacta con nosotros a trav\u00e9s de este formulario.\" \/>\n<meta property=\"og:url\" content=\"https:\/\/www.clusteraudiovisual.cat\/es\/talentaudiovisual\/como-llegar\/\" \/>\n<meta property=\"og:site_name\" content=\"Cl\u00faster Audiovisual\" \/>\n<meta property=\"article:modified_time\" content=\"2025-11-21T13:22:30+00:00\" \/>\n<meta property=\"og:image\" content=\"https:\/\/www.clusteraudiovisual.cat\/wp-content\/uploads\/2025\/11\/STalent2025_Banner_Web_Responsive_Cast.jpg\" \/>\n\t<meta property=\"og:image:width\" content=\"600\" \/>\n\t<meta property=\"og:image:height\" content=\"676\" \/>\n\t<meta property=\"og:image:type\" content=\"image\/jpeg\" \/>\n<meta name=\"twitter:card\" content=\"summary_large_image\" \/>\n<meta name=\"twitter:image\" content=\"https:\/\/www.clusteraudiovisual.cat\/wp-content\/uploads\/2022\/10\/Agenda_STalent2022-1030x579.jpg\" \/>\n<meta name=\"twitter:label1\" content=\"Tiempo de lectura\" \/>\n\t<meta name=\"twitter:data1\" content=\"4 minutos\" \/>\n<script type=\"application\/ld+json\" class=\"yoast-schema-graph\">{\"@context\":\"https:\/\/schema.org\",\"@graph\":[{\"@type\":\"WebPage\",\"@id\":\"https:\/\/www.clusteraudiovisual.cat\/es\/talentaudiovisual\/como-llegar\/\",\"url\":\"https:\/\/www.clusteraudiovisual.cat\/es\/talentaudiovisual\/como-llegar\/\",\"name\":\"C\u00d3MO LLEGAR - Cl\u00faster Audiovisual\",\"isPartOf\":{\"@id\":\"https:\/\/www.clusteraudiovisual.cat\/es\/#website\"},\"primaryImageOfPage\":{\"@id\":\"https:\/\/www.clusteraudiovisual.cat\/es\/talentaudiovisual\/como-llegar\/#primaryimage\"},\"image\":{\"@id\":\"https:\/\/www.clusteraudiovisual.cat\/es\/talentaudiovisual\/como-llegar\/#primaryimage\"},\"thumbnailUrl\":\"https:\/\/www.clusteraudiovisual.cat\/wp-content\/uploads\/2025\/11\/STalent2025_Banner_Web_Responsive_Cast.jpg\",\"datePublished\":\"2025-11-21T13:17:34+00:00\",\"dateModified\":\"2025-11-21T13:22:30+00:00\",\"description\":\"Si tienes alguna duda acerca de la Semana del Talento Audiovisual, no dudes y contacta con nosotros a trav\u00e9s de este formulario.\",\"breadcrumb\":{\"@id\":\"https:\/\/www.clusteraudiovisual.cat\/es\/talentaudiovisual\/como-llegar\/#breadcrumb\"},\"inLanguage\":\"es\",\"potentialAction\":[{\"@type\":\"ReadAction\",\"target\":[\"https:\/\/www.clusteraudiovisual.cat\/es\/talentaudiovisual\/como-llegar\/\"]}]},{\"@type\":\"ImageObject\",\"inLanguage\":\"es\",\"@id\":\"https:\/\/www.clusteraudiovisual.cat\/es\/talentaudiovisual\/como-llegar\/#primaryimage\",\"url\":\"https:\/\/www.clusteraudiovisual.cat\/wp-content\/uploads\/2025\/11\/STalent2025_Banner_Web_Responsive_Cast.jpg\",\"contentUrl\":\"https:\/\/www.clusteraudiovisual.cat\/wp-content\/uploads\/2025\/11\/STalent2025_Banner_Web_Responsive_Cast.jpg\",\"width\":600,\"height\":676},{\"@type\":\"BreadcrumbList\",\"@id\":\"https:\/\/www.clusteraudiovisual.cat\/es\/talentaudiovisual\/como-llegar\/#breadcrumb\",\"itemListElement\":[{\"@type\":\"ListItem\",\"position\":1,\"name\":\"Semana del Talento Audiovisual 2025\",\"item\":\"https:\/\/www.clusteraudiovisual.cat\/es\/talentaudiovisual\/\"},{\"@type\":\"ListItem\",\"position\":2,\"name\":\"C\u00d3MO LLEGAR\"}]},{\"@type\":\"WebSite\",\"@id\":\"https:\/\/www.clusteraudiovisual.cat\/es\/#website\",\"url\":\"https:\/\/www.clusteraudiovisual.cat\/es\/\",\"name\":\"Cl\u00faster Audiovisual\",\"description\":\"Associaci\u00f3 d&#039;empreses que integren el sector audiovisual.\",\"potentialAction\":[{\"@type\":\"SearchAction\",\"target\":{\"@type\":\"EntryPoint\",\"urlTemplate\":\"https:\/\/www.clusteraudiovisual.cat\/es\/?s={search_term_string}\"},\"query-input\":{\"@type\":\"PropertyValueSpecification\",\"valueRequired\":true,\"valueName\":\"search_term_string\"}}],\"inLanguage\":\"es\"}]}<\/script>\n<!-- \/ Yoast SEO plugin. -->","yoast_head_json":{"title":"C\u00d3MO LLEGAR - Cl\u00faster Audiovisual","description":"Si tienes alguna duda acerca de la Semana del Talento Audiovisual, no dudes y contacta con nosotros a trav\u00e9s de este formulario.","robots":{"index":"index","follow":"follow","max-snippet":"max-snippet:-1","max-image-preview":"max-image-preview:large","max-video-preview":"max-video-preview:-1"},"canonical":"https:\/\/www.clusteraudiovisual.cat\/es\/talentaudiovisual\/como-llegar\/","og_locale":"es_ES","og_type":"article","og_title":"C\u00d3MO LLEGAR - Cl\u00faster Audiovisual","og_description":"Si tienes alguna duda acerca de la Semana del Talento Audiovisual, no dudes y contacta con nosotros a trav\u00e9s de este formulario.","og_url":"https:\/\/www.clusteraudiovisual.cat\/es\/talentaudiovisual\/como-llegar\/","og_site_name":"Cl\u00faster Audiovisual","article_modified_time":"2025-11-21T13:22:30+00:00","og_image":[{"width":600,"height":676,"url":"https:\/\/www.clusteraudiovisual.cat\/wp-content\/uploads\/2025\/11\/STalent2025_Banner_Web_Responsive_Cast.jpg","type":"image\/jpeg"}],"twitter_card":"summary_large_image","twitter_image":"https:\/\/www.clusteraudiovisual.cat\/wp-content\/uploads\/2022\/10\/Agenda_STalent2022-1030x579.jpg","twitter_misc":{"Tiempo de lectura":"4 minutos"},"schema":{"@context":"https:\/\/schema.org","@graph":[{"@type":"WebPage","@id":"https:\/\/www.clusteraudiovisual.cat\/es\/talentaudiovisual\/como-llegar\/","url":"https:\/\/www.clusteraudiovisual.cat\/es\/talentaudiovisual\/como-llegar\/","name":"C\u00d3MO LLEGAR - Cl\u00faster Audiovisual","isPartOf":{"@id":"https:\/\/www.clusteraudiovisual.cat\/es\/#website"},"primaryImageOfPage":{"@id":"https:\/\/www.clusteraudiovisual.cat\/es\/talentaudiovisual\/como-llegar\/#primaryimage"},"image":{"@id":"https:\/\/www.clusteraudiovisual.cat\/es\/talentaudiovisual\/como-llegar\/#primaryimage"},"thumbnailUrl":"https:\/\/www.clusteraudiovisual.cat\/wp-content\/uploads\/2025\/11\/STalent2025_Banner_Web_Responsive_Cast.jpg","datePublished":"2025-11-21T13:17:34+00:00","dateModified":"2025-11-21T13:22:30+00:00","description":"Si tienes alguna duda acerca de la Semana del Talento Audiovisual, no dudes y contacta con nosotros a trav\u00e9s de este formulario.","breadcrumb":{"@id":"https:\/\/www.clusteraudiovisual.cat\/es\/talentaudiovisual\/como-llegar\/#breadcrumb"},"inLanguage":"es","potentialAction":[{"@type":"ReadAction","target":["https:\/\/www.clusteraudiovisual.cat\/es\/talentaudiovisual\/como-llegar\/"]}]},{"@type":"ImageObject","inLanguage":"es","@id":"https:\/\/www.clusteraudiovisual.cat\/es\/talentaudiovisual\/como-llegar\/#primaryimage","url":"https:\/\/www.clusteraudiovisual.cat\/wp-content\/uploads\/2025\/11\/STalent2025_Banner_Web_Responsive_Cast.jpg","contentUrl":"https:\/\/www.clusteraudiovisual.cat\/wp-content\/uploads\/2025\/11\/STalent2025_Banner_Web_Responsive_Cast.jpg","width":600,"height":676},{"@type":"BreadcrumbList","@id":"https:\/\/www.clusteraudiovisual.cat\/es\/talentaudiovisual\/como-llegar\/#breadcrumb","itemListElement":[{"@type":"ListItem","position":1,"name":"Semana del Talento Audiovisual 2025","item":"https:\/\/www.clusteraudiovisual.cat\/es\/talentaudiovisual\/"},{"@type":"ListItem","position":2,"name":"C\u00d3MO LLEGAR"}]},{"@type":"WebSite","@id":"https:\/\/www.clusteraudiovisual.cat\/es\/#website","url":"https:\/\/www.clusteraudiovisual.cat\/es\/","name":"Cl\u00faster Audiovisual","description":"Associaci\u00f3 d&#039;empreses que integren el sector audiovisual.","potentialAction":[{"@type":"SearchAction","target":{"@type":"EntryPoint","urlTemplate":"https:\/\/www.clusteraudiovisual.cat\/es\/?s={search_term_string}"},"query-input":{"@type":"PropertyValueSpecification","valueRequired":true,"valueName":"search_term_string"}}],"inLanguage":"es"}]}},"_links":{"self":[{"href":"https:\/\/www.clusteraudiovisual.cat\/es\/wp-json\/wp\/v2\/pages\/53901","targetHints":{"allow":["GET"]}}],"collection":[{"href":"https:\/\/www.clusteraudiovisual.cat\/es\/wp-json\/wp\/v2\/pages"}],"about":[{"href":"https:\/\/www.clusteraudiovisual.cat\/es\/wp-json\/wp\/v2\/types\/page"}],"author":[{"embeddable":true,"href":"https:\/\/www.clusteraudiovisual.cat\/es\/wp-json\/wp\/v2\/users\/10"}],"replies":[{"embeddable":true,"href":"https:\/\/www.clusteraudiovisual.cat\/es\/wp-json\/wp\/v2\/comments?post=53901"}],"version-history":[{"count":4,"href":"https:\/\/www.clusteraudiovisual.cat\/es\/wp-json\/wp\/v2\/pages\/53901\/revisions"}],"predecessor-version":[{"id":53919,"href":"https:\/\/www.clusteraudiovisual.cat\/es\/wp-json\/wp\/v2\/pages\/53901\/revisions\/53919"}],"up":[{"embeddable":true,"href":"https:\/\/www.clusteraudiovisual.cat\/es\/wp-json\/wp\/v2\/pages\/1317"}],"wp:featuredmedia":[{"embeddable":true,"href":"https:\/\/www.clusteraudiovisual.cat\/es\/wp-json\/wp\/v2\/media\/53096"}],"wp:attachment":[{"href":"https:\/\/www.clusteraudiovisual.cat\/es\/wp-json\/wp\/v2\/media?parent=53901"}],"curies":[{"name":"wp","href":"https:\/\/api.w.org\/{rel}","templated":true}]}}