{"id":41537,"date":"2024-09-26T13:46:58","date_gmt":"2024-09-26T11:46:58","guid":{"rendered":"https:\/\/www.clusteraudiovisual.cat\/?page_id=41537"},"modified":"2025-11-17T16:53:38","modified_gmt":"2025-11-17T15:53:38","slug":"programacion-2025","status":"publish","type":"page","link":"https:\/\/www.clusteraudiovisual.cat\/es\/talentaudiovisual\/programacion-2025\/","title":{"rendered":"Programaci\u00f3n 2025"},"content":{"rendered":"<div id='full_slider_1'  class='avia-fullwidth-slider main_color avia-shadow av-small-hide av-mini-hide  avia-builder-el-0  el_before_av_slideshow_full  avia-builder-el-first   container_wrap fullsize'  ><div  class='avia-slideshow av-bxyi42p-20380cacadb4d7318a83a6ed6fa30c5b avia-slideshow-featured_large av_slideshow_full avia-slide-slider av-small-hide av-mini-hide av-slideshow-ui av-control-hidden av-no-slider-navigation av-hide-nav-arrows av-slideshow-manual av-loop-once av-loop-manual-endless av-default-height-applied   avia-slideshow-1' data-slideshow-options=\"{&quot;animation&quot;:&quot;slide&quot;,&quot;autoplay&quot;:false,&quot;loop_autoplay&quot;:&quot;once&quot;,&quot;interval&quot;:5,&quot;loop_manual&quot;:&quot;manual-endless&quot;,&quot;autoplay_stopper&quot;:false,&quot;noNavigation&quot;:true,&quot;bg_slider&quot;:false,&quot;keep_padding&quot;:false,&quot;hoverpause&quot;:false,&quot;show_slide_delay&quot;:0}\"  itemprop=\"image\" itemscope=\"itemscope\" itemtype=\"https:\/\/schema.org\/ImageObject\" ><ul class='avia-slideshow-inner ' style='padding-bottom: 26.666666666667%;'><li  class='avia-slideshow-slide av-bxyi42p-20380cacadb4d7318a83a6ed6fa30c5b__0  av-single-slide slide-1 slide-odd'><div data-rel='slideshow-1' class='avia-slide-wrap '   ><img decoding=\"async\" fetchpriority=\"high\" class=\"wp-image-53087 avia-img-lazy-loading-not-53087\"  src=\"https:\/\/www.clusteraudiovisual.cat\/wp-content\/uploads\/2025\/11\/STalent2025_Banner_Web_Cast.jpg\" width=\"1500\" height=\"400\" title='STalent2025_Banner_Web_Cast' alt=''  itemprop=\"thumbnailUrl\" srcset=\"https:\/\/www.clusteraudiovisual.cat\/wp-content\/uploads\/2025\/11\/STalent2025_Banner_Web_Cast.jpg 1500w, https:\/\/www.clusteraudiovisual.cat\/wp-content\/uploads\/2025\/11\/STalent2025_Banner_Web_Cast-300x80.jpg 300w, https:\/\/www.clusteraudiovisual.cat\/wp-content\/uploads\/2025\/11\/STalent2025_Banner_Web_Cast-1030x275.jpg 1030w, https:\/\/www.clusteraudiovisual.cat\/wp-content\/uploads\/2025\/11\/STalent2025_Banner_Web_Cast-768x205.jpg 768w, https:\/\/www.clusteraudiovisual.cat\/wp-content\/uploads\/2025\/11\/STalent2025_Banner_Web_Cast-705x188.jpg 705w\" sizes=\"(max-width: 1500px) 100vw, 1500px\" \/><\/div><\/li><\/ul><\/div><\/div>\n<div id='full_slider_2'  class='avia-fullwidth-slider main_color avia-shadow av-desktop-hide av-medium-hide  avia-builder-el-1  el_after_av_slideshow_full  el_before_av_submenu   slider-not-first container_wrap fullsize'  ><div  class='avia-slideshow av-auo6wjl-fb42cb3be2b79f608839cf42ea68f342 avia-slideshow-featured_large av_slideshow_full avia-slide-slider av-desktop-hide av-medium-hide av-slideshow-ui av-control-hidden av-no-slider-navigation av-hide-nav-arrows av-slideshow-manual av-loop-once av-loop-manual-endless av-default-height-applied   avia-slideshow-2' data-slideshow-options=\"{&quot;animation&quot;:&quot;slide&quot;,&quot;autoplay&quot;:false,&quot;loop_autoplay&quot;:&quot;once&quot;,&quot;interval&quot;:5,&quot;loop_manual&quot;:&quot;manual-endless&quot;,&quot;autoplay_stopper&quot;:false,&quot;noNavigation&quot;:true,&quot;bg_slider&quot;:false,&quot;keep_padding&quot;:false,&quot;hoverpause&quot;:false,&quot;show_slide_delay&quot;:0}\"  itemprop=\"image\" itemscope=\"itemscope\" itemtype=\"https:\/\/schema.org\/ImageObject\" ><ul class='avia-slideshow-inner ' style='padding-bottom: 105%;'><li  class='avia-slideshow-slide av-auo6wjl-fb42cb3be2b79f608839cf42ea68f342__0  av-single-slide slide-1 slide-odd'><div data-rel='slideshow-2' class='avia-slide-wrap '   ><img decoding=\"async\" fetchpriority=\"high\" class=\"wp-image-53096 avia-img-lazy-loading-not-53096\"  src=\"https:\/\/www.clusteraudiovisual.cat\/wp-content\/uploads\/2025\/11\/STalent2025_Banner_Web_Responsive_Cast-600x630.jpg\" width=\"600\" height=\"630\" title='STalent2025_Banner_Web_Responsive_Cast' alt=''  itemprop=\"thumbnailUrl\"   \/><\/div><\/li><\/ul><\/div><\/div>\n<div class='clear'><\/div><div id='sub_menu1'  class='av-submenu-container av-udjnejd-704f29b8b7ff30f56bbb00b714331b2e alternate_color av-switch-768  avia-builder-el-2  el_after_av_slideshow_full  el_before_av_masonry_gallery  av-sticky-submenu submenu-not-first container_wrap fullsize' style='z-index:301' ><div class='container av-menu-mobile-active av-submenu-pos-center'><a href=\"#\" class=\"mobile_menu_toggle\"><span class='avia-svg-icon avia-font-svg_entypo-fontello' data-av_svg_icon='list' data-av_iconset='svg_entypo-fontello'><svg version=\"1.1\" xmlns=\"http:\/\/www.w3.org\/2000\/svg\" width=\"22\" height=\"32\" viewBox=\"0 0 22 32\" preserveAspectRatio=\"xMidYMid meet\" aria-labelledby='av-svg-title-1' aria-describedby='av-svg-desc-1' role=\"graphics-symbol\" aria-hidden=\"true\">\n<title id='av-svg-title-1'>List<\/title>\n<desc id='av-svg-desc-1'>List<\/desc>\n<path d=\"M3.2 20.8q0.64 0 1.12 0.48t0.48 1.12-0.48 1.12-1.12 0.48h-1.6q-0.64 0-1.12-0.48t-0.48-1.12 0.448-1.12 1.152-0.48h1.6zM3.2 14.4q0.64 0 1.12 0.48t0.48 1.12-0.48 1.12-1.12 0.48h-1.6q-0.64 0-1.12-0.48t-0.48-1.12 0.448-1.12 1.152-0.48h1.6zM3.2 8q0.64 0 1.12 0.48t0.48 1.12-0.48 1.12-1.12 0.48h-1.6q-0.64 0-1.12-0.48t-0.48-1.12 0.448-1.12 1.152-0.48h1.6zM9.6 11.2q-0.64 0-1.12-0.48t-0.48-1.12 0.48-1.12 1.12-0.48h11.2q0.704 0 1.152 0.48t0.448 1.12-0.48 1.12-1.12 0.48h-11.2zM20.8 14.4q0.704 0 1.152 0.48t0.448 1.12-0.48 1.12-1.12 0.48h-11.2q-0.64 0-1.12-0.48t-0.48-1.12 0.48-1.12 1.12-0.48h11.2zM20.8 20.8q0.704 0 1.152 0.48t0.448 1.12-0.48 1.12-1.12 0.48h-11.2q-0.64 0-1.12-0.48t-0.48-1.12 0.48-1.12 1.12-0.48h11.2z\"><\/path>\n<\/svg><\/span><span class=\"av-current-placeholder\">Men\u00fa<\/span><\/a><ul id=\"menu-stalent-2025-cast\" class=\"av-subnav-menu\" role=\"menu\"><li role=\"menuitem\" id=\"menu-item-42094\" class=\"menu-item menu-item-type-post_type menu-item-object-page menu-item-top-level menu-item-top-level-1\"><a href=\"https:\/\/www.clusteraudiovisual.cat\/es\/talentaudiovisual\/\" itemprop=\"url\" tabindex=\"0\"><span class=\"avia-bullet\"><\/span><span class=\"avia-menu-text\">INICIO<\/span><span class=\"avia-menu-fx\"><span class=\"avia-arrow-wrap\"><span class=\"avia-arrow\"><\/span><\/span><\/span><\/a><\/li>\n<li role=\"menuitem\" id=\"menu-item-51069\" class=\"menu-item menu-item-type-post_type menu-item-object-page menu-item-has-children menu-item-top-level menu-item-top-level-2\"><a href=\"https:\/\/www.clusteraudiovisual.cat\/es\/talentaudiovisual\/programacion-2025\/\" itemprop=\"url\" tabindex=\"0\"><span class=\"avia-bullet\"><\/span><span class=\"avia-menu-text\">PROGRAMACI\u00d3N<\/span><span class=\"avia-menu-fx\"><span class=\"avia-arrow-wrap\"><span class=\"avia-arrow\"><\/span><\/span><\/span><\/a>\n\n\n<ul class=\"sub-menu\">\n\t<li role=\"menuitem\" id=\"menu-item-51082\" class=\"menu-item menu-item-type-post_type menu-item-object-page\"><a href=\"https:\/\/www.clusteraudiovisual.cat\/es\/talentaudiovisual\/conferencias-y-sesiones-2025\/\" itemprop=\"url\" tabindex=\"0\"><span class=\"avia-bullet\"><\/span><span class=\"avia-menu-text\">CONFERENCIAS Y SESIONES<\/span><\/a><\/li>\n\t<li role=\"menuitem\" id=\"menu-item-51110\" class=\"menu-item menu-item-type-post_type menu-item-object-page\"><a href=\"https:\/\/www.clusteraudiovisual.cat\/es\/talentaudiovisual\/pantalla-en-vivo-2025\/\" itemprop=\"url\" tabindex=\"0\"><span class=\"avia-bullet\"><\/span><span class=\"avia-menu-text\">PANTALLA EN VIVO<\/span><\/a><\/li>\n\t<li role=\"menuitem\" id=\"menu-item-51123\" class=\"menu-item menu-item-type-post_type menu-item-object-page\"><a href=\"https:\/\/www.clusteraudiovisual.cat\/es\/talentaudiovisual\/mercado-de-nuevos-profesionales-2025\/\" itemprop=\"url\" tabindex=\"0\"><span class=\"avia-bullet\"><\/span><span class=\"avia-menu-text\">MERCADO DE NUEVOS PROFESIONALES<\/span><\/a><\/li>\n\t<li role=\"menuitem\" id=\"menu-item-51137\" class=\"menu-item menu-item-type-post_type menu-item-object-page\"><a href=\"https:\/\/www.clusteraudiovisual.cat\/es\/talentaudiovisual\/international-distribution-meetings-2025\/\" itemprop=\"url\" tabindex=\"0\"><span class=\"avia-bullet\"><\/span><span class=\"avia-menu-text\">INTERNATIONAL DISTRIBUTION MEETINGS<\/span><\/a><\/li>\n\t<li role=\"menuitem\" id=\"menu-item-51147\" class=\"menu-item menu-item-type-post_type menu-item-object-page\"><a href=\"https:\/\/www.clusteraudiovisual.cat\/es\/talentaudiovisual\/pitching-2025\/\" itemprop=\"url\" tabindex=\"0\"><span class=\"avia-bullet\"><\/span><span class=\"avia-menu-text\">PITCHING<\/span><\/a><\/li>\n\t<li role=\"menuitem\" id=\"menu-item-51096\" class=\"menu-item menu-item-type-post_type menu-item-object-page\"><a href=\"https:\/\/www.clusteraudiovisual.cat\/es\/talentaudiovisual\/pitching-internacional-distribucion-2025\/\" itemprop=\"url\" tabindex=\"0\"><span class=\"avia-bullet\"><\/span><span class=\"avia-menu-text\">PITCHING INTERNACIONAL DISTRIBUCI\u00d3N<\/span><\/a><\/li>\n<\/ul>\n<\/li>\n<li role=\"menuitem\" id=\"menu-item-42106\" class=\"menu-item menu-item-type-custom menu-item-object-custom menu-item-has-children menu-item-top-level menu-item-top-level-3\"><a href=\"#\" itemprop=\"url\" tabindex=\"0\"><span class=\"avia-bullet\"><\/span><span class=\"avia-menu-text\">PARTICIPANTES<\/span><span class=\"avia-menu-fx\"><span class=\"avia-arrow-wrap\"><span class=\"avia-arrow\"><\/span><\/span><\/span><\/a>\n\n\n<ul class=\"sub-menu\">\n\t<li role=\"menuitem\" id=\"menu-item-42108\" class=\"menu-item menu-item-type-post_type menu-item-object-page\"><a href=\"https:\/\/www.clusteraudiovisual.cat\/es\/talentaudiovisual\/centros-universitarios-participantes\/\" itemprop=\"url\" tabindex=\"0\"><span class=\"avia-bullet\"><\/span><span class=\"avia-menu-text\">CENTROS UNIVERSITARIOS<\/span><\/a><\/li>\n\t<li role=\"menuitem\" id=\"menu-item-42112\" class=\"menu-item menu-item-type-post_type menu-item-object-page\"><a href=\"https:\/\/www.clusteraudiovisual.cat\/es\/talentaudiovisual\/empresas-participantes\/\" itemprop=\"url\" tabindex=\"0\"><span class=\"avia-bullet\"><\/span><span class=\"avia-menu-text\">EMPRESAS<\/span><\/a><\/li>\n\t<li role=\"menuitem\" id=\"menu-item-51148\" class=\"menu-item menu-item-type-post_type menu-item-object-page\"><a href=\"https:\/\/www.clusteraudiovisual.cat\/es\/talentaudiovisual\/pitching-2025\/\" itemprop=\"url\" tabindex=\"0\"><span class=\"avia-bullet\"><\/span><span class=\"avia-menu-text\">PITCHING<\/span><\/a><\/li>\n<\/ul>\n<\/li>\n<li role=\"menuitem\" id=\"menu-item-42107\" class=\"menu-item menu-item-type-custom menu-item-object-custom menu-item-has-children menu-item-top-level menu-item-top-level-4\"><a href=\"#\" itemprop=\"url\" tabindex=\"0\"><span class=\"avia-bullet\"><\/span><span class=\"avia-menu-text\">ARCHIVO<\/span><span class=\"avia-menu-fx\"><span class=\"avia-arrow-wrap\"><span class=\"avia-arrow\"><\/span><\/span><\/span><\/a>\n\n\n<ul class=\"sub-menu\">\n\t<li role=\"menuitem\" id=\"menu-item-42109\" class=\"menu-item menu-item-type-post_type menu-item-object-page\"><a href=\"https:\/\/www.clusteraudiovisual.cat\/es\/historico-proyectos\/\" itemprop=\"url\" tabindex=\"0\"><span class=\"avia-bullet\"><\/span><span class=\"avia-menu-text\">PITCHING HIST\u00d3RICO PROYECTOS<\/span><\/a><\/li>\n\t<li role=\"menuitem\" id=\"menu-item-42111\" class=\"menu-item menu-item-type-post_type menu-item-object-page\"><a href=\"https:\/\/www.clusteraudiovisual.cat\/es\/talentaudiovisual\/ediciones-anteriores\/\" itemprop=\"url\" tabindex=\"0\"><span class=\"avia-bullet\"><\/span><span class=\"avia-menu-text\">EDICIONES ANTERIORES<\/span><\/a><\/li>\n<\/ul>\n<\/li>\n<li role=\"menuitem\" id=\"menu-item-53924\" class=\"menu-item menu-item-type-custom menu-item-object-custom menu-item-has-children menu-item-top-level menu-item-top-level-5\"><a href=\"#\" itemprop=\"url\" tabindex=\"0\"><span class=\"avia-bullet\"><\/span><span class=\"avia-menu-text\">INFO<\/span><span class=\"avia-menu-fx\"><span class=\"avia-arrow-wrap\"><span class=\"avia-arrow\"><\/span><\/span><\/span><\/a>\n\n\n<ul class=\"sub-menu\">\n\t<li role=\"menuitem\" id=\"menu-item-53923\" class=\"menu-item menu-item-type-post_type menu-item-object-page\"><a href=\"https:\/\/www.clusteraudiovisual.cat\/es\/talentaudiovisual\/como-llegar\/\" itemprop=\"url\" tabindex=\"0\"><span class=\"avia-bullet\"><\/span><span class=\"avia-menu-text\">C\u00d3MO LLEGAR<\/span><\/a><\/li>\n\t<li role=\"menuitem\" id=\"menu-item-42110\" class=\"menu-item menu-item-type-post_type menu-item-object-page\"><a href=\"https:\/\/www.clusteraudiovisual.cat\/es\/talentaudiovisual\/contacta\/\" itemprop=\"url\" tabindex=\"0\"><span class=\"avia-bullet\"><\/span><span class=\"avia-menu-text\">CONTACTA<\/span><\/a><\/li>\n<\/ul>\n<\/li>\n<li role=\"menuitem\" id=\"menu-item-wpml-ls-724-es\" class=\"menu-item-language menu-item-language-current menu-item wpml-ls-slot-724 wpml-ls-item wpml-ls-item-es wpml-ls-current-language wpml-ls-menu-item menu-item-type-wpml_ls_menu_item menu-item-object-wpml_ls_menu_item menu-item-has-children menu-item-top-level menu-item-top-level-6\"><a href=\"https:\/\/www.clusteraudiovisual.cat\/es\/\" itemprop=\"url\" tabindex=\"0\"><span class=\"avia-bullet\"><\/span><span class=\"avia-menu-text\"><img decoding=\"async\"\n            class=\"wpml-ls-flag\"\n            src=\"https:\/\/www.clusteraudiovisual.cat\/wp-content\/plugins\/sitepress-multilingual-cms\/res\/flags\/es.png\"\n            alt=\"Espa\u00f1ol\"\n            loading=\"lazy\"\n            \n            \n    \/><\/span><span class=\"avia-menu-fx\"><span class=\"avia-arrow-wrap\"><span class=\"avia-arrow\"><\/span><\/span><\/span><\/a>\n\n\n<ul class=\"sub-menu\">\n\t<li role=\"menuitem\" id=\"menu-item-wpml-ls-724-ca\" class=\"menu-item-language menu-item wpml-ls-slot-724 wpml-ls-item wpml-ls-item-ca wpml-ls-menu-item wpml-ls-first-item menu-item-type-wpml_ls_menu_item menu-item-object-wpml_ls_menu_item\"><a title=\"Cambiar a Catal\u00e1n\" href=\"https:\/\/www.clusteraudiovisual.cat\/\" itemprop=\"url\" tabindex=\"0\"><span class=\"avia-bullet\"><\/span><span class=\"avia-menu-text\"><img decoding=\"async\"\n            class=\"wpml-ls-flag\"\n            src=\"https:\/\/www.clusteraudiovisual.cat\/wp-content\/plugins\/sitepress-multilingual-cms\/res\/flags\/ca.png\"\n            alt=\"Catal\u00e1n\"\n            loading=\"lazy\"\n            \n            \n    \/><\/span><\/a><\/li>\n\t<li role=\"menuitem\" id=\"menu-item-wpml-ls-724-en\" class=\"menu-item-language menu-item wpml-ls-slot-724 wpml-ls-item wpml-ls-item-en wpml-ls-menu-item wpml-ls-last-item menu-item-type-wpml_ls_menu_item menu-item-object-wpml_ls_menu_item\"><a title=\"Cambiar a Ingl\u00e9s\" href=\"https:\/\/www.clusteraudiovisual.cat\/en\/\" itemprop=\"url\" tabindex=\"0\"><span class=\"avia-bullet\"><\/span><span class=\"avia-menu-text\"><img decoding=\"async\"\n            class=\"wpml-ls-flag\"\n            src=\"https:\/\/www.clusteraudiovisual.cat\/wp-content\/plugins\/sitepress-multilingual-cms\/res\/flags\/en.png\"\n            alt=\"Ingl\u00e9s\"\n            loading=\"lazy\"\n            \n            \n    \/><\/span><\/a><\/li>\n<\/ul>\n<\/li>\n<\/ul><\/div><\/div><div class='sticky_placeholder'><\/div>\n\n<style type=\"text\/css\" data-created_by=\"avia_inline_auto\" id=\"style-css-av-iviwrl-cd2541fea7acd5c2102fe5776b54fe80\">\n#top .av-masonry.av-iviwrl-cd2541fea7acd5c2102fe5776b54fe80{\nbackground-color:#ffffff;\n}\n<\/style>\n<div id='av-masonry-1' class='av-masonry av-iviwrl-cd2541fea7acd5c2102fe5776b54fe80 noHover av-flex-size av-large-gap av-hover-overlay-active av-masonry-animation-active av-masonry-col-6 av-caption-always av-caption-style-overlay av-masonry-gallery av-small-hide av-mini-hide ' data-post_id=\"41537\"><div class=\"av-masonry-container isotope av-js-disabled\"><div class='av-masonry-entry isotope-item av-masonry-item-no-image '><\/div><a href=\"https:\/\/www.clusteraudiovisual.cat\/es\/talentaudiovisual\/conferencias-y-sesiones-2025\/\"  aria-label=\"image Conferencias y sesiones\"  id='av-masonry-1-item-52610' data-av-masonry-item='52610' class='av-masonry-entry isotope-item post-52610 attachment type-attachment status-inherit hentry  av-masonry-item-with-image' title=\"Conferencias y sesiones\" alt=\"Confer\u00e8ncies i sessions\"  data-av-masonry-custom-link=\"https:\/\/www.clusteraudiovisual.cat\/es\/talentaudiovisual\/conferencias-y-sesiones-2025\/\"  itemprop=\"thumbnailUrl\" ><div class='av-inner-masonry-sizer'><\/div><figure class='av-inner-masonry main_color'><div class=\"av-masonry-outerimage-container\"><div class='av-masonry-image-container'  ><img decoding=\"async\" width=\"500\" height=\"500\" loading=\"lazy\" class=\"wp-image-52610 avia-img-lazy-loading-52610\"  src=\"https:\/\/www.clusteraudiovisual.cat\/wp-content\/uploads\/2025\/10\/STalent_MenuMoscaic_ConferenciesISessions.jpg\" title=\"Conferencias y sesiones\" alt=\"Confer\u00e8ncies i sessions\" srcset=\"https:\/\/www.clusteraudiovisual.cat\/wp-content\/uploads\/2025\/10\/STalent_MenuMoscaic_ConferenciesISessions.jpg 500w, https:\/\/www.clusteraudiovisual.cat\/wp-content\/uploads\/2025\/10\/STalent_MenuMoscaic_ConferenciesISessions-300x300.jpg 300w, https:\/\/www.clusteraudiovisual.cat\/wp-content\/uploads\/2025\/10\/STalent_MenuMoscaic_ConferenciesISessions-80x80.jpg 80w, https:\/\/www.clusteraudiovisual.cat\/wp-content\/uploads\/2025\/10\/STalent_MenuMoscaic_ConferenciesISessions-36x36.jpg 36w, https:\/\/www.clusteraudiovisual.cat\/wp-content\/uploads\/2025\/10\/STalent_MenuMoscaic_ConferenciesISessions-180x180.jpg 180w\" sizes=\"auto, (max-width: 500px) 100vw, 500px\" \/><\/div><\/div><figcaption class='av-inner-masonry-content site-background'><div class='av-inner-masonry-content-pos'><div class='av-inner-masonry-content-pos-content'><div class='avia-arrow'><\/div><h3 class='av-masonry-entry-title entry-title '  itemprop=\"headline\" >Conferencias y sesiones<\/h3><\/div><\/div><\/figcaption><\/figure><\/a><!--end av-masonry entry--><a href=\"https:\/\/www.clusteraudiovisual.cat\/es\/talentaudiovisual\/pantalla-en-vivo-2025\/\"  aria-label=\"image Pantalla en vivo\"  id='av-masonry-1-item-52874' data-av-masonry-item='52874' class='av-masonry-entry isotope-item post-52874 attachment type-attachment status-inherit hentry  av-masonry-item-with-image' title=\"Pantalla en vivo\" alt=\"Pantalla en viu\"  data-av-masonry-custom-link=\"https:\/\/www.clusteraudiovisual.cat\/es\/talentaudiovisual\/pantalla-en-vivo-2025\/\"  itemprop=\"thumbnailUrl\" ><div class='av-inner-masonry-sizer'><\/div><figure class='av-inner-masonry main_color'><div class=\"av-masonry-outerimage-container\"><div class='av-masonry-image-container'  ><img decoding=\"async\" width=\"500\" height=\"500\" loading=\"lazy\" class=\"wp-image-52874 avia-img-lazy-loading-52874\"  src=\"https:\/\/www.clusteraudiovisual.cat\/wp-content\/uploads\/2025\/10\/STalent_MenuMoscaic_PantallaEnViu.jpg\" title=\"Pantalla en vivo\" alt=\"Pantalla en viu\" srcset=\"https:\/\/www.clusteraudiovisual.cat\/wp-content\/uploads\/2025\/10\/STalent_MenuMoscaic_PantallaEnViu.jpg 500w, https:\/\/www.clusteraudiovisual.cat\/wp-content\/uploads\/2025\/10\/STalent_MenuMoscaic_PantallaEnViu-300x300.jpg 300w, https:\/\/www.clusteraudiovisual.cat\/wp-content\/uploads\/2025\/10\/STalent_MenuMoscaic_PantallaEnViu-80x80.jpg 80w, https:\/\/www.clusteraudiovisual.cat\/wp-content\/uploads\/2025\/10\/STalent_MenuMoscaic_PantallaEnViu-36x36.jpg 36w, https:\/\/www.clusteraudiovisual.cat\/wp-content\/uploads\/2025\/10\/STalent_MenuMoscaic_PantallaEnViu-180x180.jpg 180w\" sizes=\"auto, (max-width: 500px) 100vw, 500px\" \/><\/div><\/div><figcaption class='av-inner-masonry-content site-background'><div class='av-inner-masonry-content-pos'><div class='av-inner-masonry-content-pos-content'><div class='avia-arrow'><\/div><h3 class='av-masonry-entry-title entry-title '  itemprop=\"headline\" >Pantalla en vivo<\/h3><\/div><\/div><\/figcaption><\/figure><\/a><!--end av-masonry entry--><a href=\"https:\/\/www.clusteraudiovisual.cat\/es\/talentaudiovisual\/mercado-de-nuevos-profesionales-2025\/\"  aria-label=\"image Mercado de nuevos profesionales\"  id='av-masonry-1-item-52619' data-av-masonry-item='52619' class='av-masonry-entry isotope-item post-52619 attachment type-attachment status-inherit hentry  av-masonry-item-with-image' title=\"Mercado de nuevos profesionales\" alt=\"Mercat de nous professionals\"  data-av-masonry-custom-link=\"https:\/\/www.clusteraudiovisual.cat\/es\/talentaudiovisual\/mercado-de-nuevos-profesionales-2025\/\"  itemprop=\"thumbnailUrl\" ><div class='av-inner-masonry-sizer'><\/div><figure class='av-inner-masonry main_color'><div class=\"av-masonry-outerimage-container\"><div class='av-masonry-image-container'  ><img decoding=\"async\" width=\"500\" height=\"500\" loading=\"lazy\" class=\"wp-image-52619 avia-img-lazy-loading-52619\"  src=\"https:\/\/www.clusteraudiovisual.cat\/wp-content\/uploads\/2025\/10\/STalent_MenuMoscaic_MercatDeNousProfessionals.jpg\" title=\"Mercado de nuevos profesionales\" alt=\"Mercat de nous professionals\" srcset=\"https:\/\/www.clusteraudiovisual.cat\/wp-content\/uploads\/2025\/10\/STalent_MenuMoscaic_MercatDeNousProfessionals.jpg 500w, https:\/\/www.clusteraudiovisual.cat\/wp-content\/uploads\/2025\/10\/STalent_MenuMoscaic_MercatDeNousProfessionals-300x300.jpg 300w, https:\/\/www.clusteraudiovisual.cat\/wp-content\/uploads\/2025\/10\/STalent_MenuMoscaic_MercatDeNousProfessionals-80x80.jpg 80w, https:\/\/www.clusteraudiovisual.cat\/wp-content\/uploads\/2025\/10\/STalent_MenuMoscaic_MercatDeNousProfessionals-36x36.jpg 36w, https:\/\/www.clusteraudiovisual.cat\/wp-content\/uploads\/2025\/10\/STalent_MenuMoscaic_MercatDeNousProfessionals-180x180.jpg 180w\" sizes=\"auto, (max-width: 500px) 100vw, 500px\" \/><\/div><\/div><figcaption class='av-inner-masonry-content site-background'><div class='av-inner-masonry-content-pos'><div class='av-inner-masonry-content-pos-content'><div class='avia-arrow'><\/div><h3 class='av-masonry-entry-title entry-title '  itemprop=\"headline\" >Mercado de nuevos profesionales<\/h3><\/div><\/div><\/figcaption><\/figure><\/a><!--end av-masonry entry--><a href=\"https:\/\/www.clusteraudiovisual.cat\/es\/talentaudiovisual\/international-distribution-meetings-2025\/\"  aria-label=\"image International Distribution Meetings\"  id='av-masonry-1-item-52613' data-av-masonry-item='52613' class='av-masonry-entry isotope-item post-52613 attachment type-attachment status-inherit hentry  av-masonry-item-with-image' title=\"International Distribution Meetings\" alt=\"International Distribution Meetings\"  data-av-masonry-custom-link=\"https:\/\/www.clusteraudiovisual.cat\/es\/talentaudiovisual\/international-distribution-meetings-2025\/\"  itemprop=\"thumbnailUrl\" ><div class='av-inner-masonry-sizer'><\/div><figure class='av-inner-masonry main_color'><div class=\"av-masonry-outerimage-container\"><div class='av-masonry-image-container'  ><img decoding=\"async\" width=\"500\" height=\"500\" loading=\"lazy\" class=\"wp-image-52613 avia-img-lazy-loading-52613\"  src=\"https:\/\/www.clusteraudiovisual.cat\/wp-content\/uploads\/2025\/10\/STalent_MenuMoscaic_InternationalDistributionMeetings.jpg\" title=\"International Distribution Meetings\" alt=\"International Distribution Meetings\" srcset=\"https:\/\/www.clusteraudiovisual.cat\/wp-content\/uploads\/2025\/10\/STalent_MenuMoscaic_InternationalDistributionMeetings.jpg 500w, https:\/\/www.clusteraudiovisual.cat\/wp-content\/uploads\/2025\/10\/STalent_MenuMoscaic_InternationalDistributionMeetings-300x300.jpg 300w, https:\/\/www.clusteraudiovisual.cat\/wp-content\/uploads\/2025\/10\/STalent_MenuMoscaic_InternationalDistributionMeetings-80x80.jpg 80w, https:\/\/www.clusteraudiovisual.cat\/wp-content\/uploads\/2025\/10\/STalent_MenuMoscaic_InternationalDistributionMeetings-36x36.jpg 36w, https:\/\/www.clusteraudiovisual.cat\/wp-content\/uploads\/2025\/10\/STalent_MenuMoscaic_InternationalDistributionMeetings-180x180.jpg 180w\" sizes=\"auto, (max-width: 500px) 100vw, 500px\" \/><\/div><\/div><figcaption class='av-inner-masonry-content site-background'><div class='av-inner-masonry-content-pos'><div class='av-inner-masonry-content-pos-content'><div class='avia-arrow'><\/div><h3 class='av-masonry-entry-title entry-title '  itemprop=\"headline\" >International Distribution Meetings<\/h3><\/div><\/div><\/figcaption><\/figure><\/a><!--end av-masonry entry--><a href=\"https:\/\/www.clusteraudiovisual.cat\/es\/talentaudiovisual\/pitching-2025\/\"  aria-label=\"image Pitching audiovisual\"  id='av-masonry-1-item-52622' data-av-masonry-item='52622' class='av-masonry-entry isotope-item post-52622 attachment type-attachment status-inherit hentry  av-masonry-item-with-image' title=\"Pitching audiovisual\" alt=\"Pitching Audiovisual 2025\"  data-av-masonry-custom-link=\"https:\/\/www.clusteraudiovisual.cat\/es\/talentaudiovisual\/pitching-2025\/\"  itemprop=\"thumbnailUrl\" ><div class='av-inner-masonry-sizer'><\/div><figure class='av-inner-masonry main_color'><div class=\"av-masonry-outerimage-container\"><div class='av-masonry-image-container'  ><img decoding=\"async\" width=\"500\" height=\"500\" loading=\"lazy\" class=\"wp-image-52622 avia-img-lazy-loading-52622\"  src=\"https:\/\/www.clusteraudiovisual.cat\/wp-content\/uploads\/2025\/10\/STalent_MenuMoscaic_PitchingAudiovisual.jpg\" title=\"Pitching audiovisual\" alt=\"Pitching Audiovisual 2025\" srcset=\"https:\/\/www.clusteraudiovisual.cat\/wp-content\/uploads\/2025\/10\/STalent_MenuMoscaic_PitchingAudiovisual.jpg 500w, https:\/\/www.clusteraudiovisual.cat\/wp-content\/uploads\/2025\/10\/STalent_MenuMoscaic_PitchingAudiovisual-300x300.jpg 300w, https:\/\/www.clusteraudiovisual.cat\/wp-content\/uploads\/2025\/10\/STalent_MenuMoscaic_PitchingAudiovisual-80x80.jpg 80w, https:\/\/www.clusteraudiovisual.cat\/wp-content\/uploads\/2025\/10\/STalent_MenuMoscaic_PitchingAudiovisual-36x36.jpg 36w, https:\/\/www.clusteraudiovisual.cat\/wp-content\/uploads\/2025\/10\/STalent_MenuMoscaic_PitchingAudiovisual-180x180.jpg 180w\" sizes=\"auto, (max-width: 500px) 100vw, 500px\" \/><\/div><\/div><figcaption class='av-inner-masonry-content site-background'><div class='av-inner-masonry-content-pos'><div class='av-inner-masonry-content-pos-content'><div class='avia-arrow'><\/div><h3 class='av-masonry-entry-title entry-title '  itemprop=\"headline\" >Pitching audiovisual<\/h3><\/div><\/div><\/figcaption><\/figure><\/a><!--end av-masonry entry--><a href=\"https:\/\/www.clusteraudiovisual.cat\/es\/talentaudiovisual\/pitching-internacional-distribucion-2025\/\"  aria-label=\"image Pitching internacional distribuci\u00f3n\"  id='av-masonry-1-item-52607' data-av-masonry-item='52607' class='av-masonry-entry isotope-item post-52607 attachment type-attachment status-inherit hentry  av-masonry-item-with-image' title=\"Pitching internacional distribuci\u00f3n\" alt=\"Pitching distribuci\u00f3 internacional\"  data-av-masonry-custom-link=\"https:\/\/www.clusteraudiovisual.cat\/es\/talentaudiovisual\/pitching-internacional-distribucion-2025\/\"  itemprop=\"thumbnailUrl\" ><div class='av-inner-masonry-sizer'><\/div><figure class='av-inner-masonry main_color'><div class=\"av-masonry-outerimage-container\"><div class='av-masonry-image-container'  ><img decoding=\"async\" width=\"500\" height=\"500\" loading=\"lazy\" class=\"wp-image-52607 avia-img-lazy-loading-52607\"  src=\"https:\/\/www.clusteraudiovisual.cat\/wp-content\/uploads\/2025\/10\/STalent_MenuMoscaic_PitchingDistribucioInternacional.jpg\" title=\"Pitching internacional distribuci\u00f3n\" alt=\"Pitching distribuci\u00f3 internacional\" srcset=\"https:\/\/www.clusteraudiovisual.cat\/wp-content\/uploads\/2025\/10\/STalent_MenuMoscaic_PitchingDistribucioInternacional.jpg 500w, https:\/\/www.clusteraudiovisual.cat\/wp-content\/uploads\/2025\/10\/STalent_MenuMoscaic_PitchingDistribucioInternacional-300x300.jpg 300w, https:\/\/www.clusteraudiovisual.cat\/wp-content\/uploads\/2025\/10\/STalent_MenuMoscaic_PitchingDistribucioInternacional-80x80.jpg 80w, https:\/\/www.clusteraudiovisual.cat\/wp-content\/uploads\/2025\/10\/STalent_MenuMoscaic_PitchingDistribucioInternacional-36x36.jpg 36w, https:\/\/www.clusteraudiovisual.cat\/wp-content\/uploads\/2025\/10\/STalent_MenuMoscaic_PitchingDistribucioInternacional-180x180.jpg 180w\" sizes=\"auto, (max-width: 500px) 100vw, 500px\" \/><\/div><\/div><figcaption class='av-inner-masonry-content site-background'><div class='av-inner-masonry-content-pos'><div class='av-inner-masonry-content-pos-content'><div class='avia-arrow'><\/div><h3 class='av-masonry-entry-title entry-title '  itemprop=\"headline\" >Pitching internacional distribuci\u00f3n<\/h3><\/div><\/div><\/figcaption><\/figure><\/a><!--end av-masonry entry--><\/div><\/div>\n<div id='av_section_1'  class='avia-section av-2t745mh-33f1af4bd3e3d4e89046cc0e845e9fee main_color avia-section-default avia-no-border-styling  avia-builder-el-4  el_after_av_masonry_gallery  el_before_av_layout_row  avia-bg-style-scroll container_wrap fullsize'  ><div class='container av-section-cont-open' ><div class='template-page content av-content-full alpha units'><div class='post-entry post-entry-type-page post-entry-41537'><div class='entry-content-wrapper clearfix'>\n\n<style type=\"text\/css\" data-created_by=\"avia_inline_auto\" id=\"style-css-av-2kr22zd-b3256a8cd26282a73bda9984a2016e19\">\n.flex_column.av-2kr22zd-b3256a8cd26282a73bda9984a2016e19{\nborder-radius:0px 0px 0px 0px;\npadding:0px 0px 0px 0px;\n}\n<\/style>\n<div  class='flex_column av-2kr22zd-b3256a8cd26282a73bda9984a2016e19 av_one_fifth  avia-builder-el-5  el_before_av_three_fifth  avia-builder-el-first  first flex_column_div av-zero-column-padding  '     ><\/div>\n<style type=\"text\/css\" data-created_by=\"avia_inline_auto\" id=\"style-css-av-26sbnrt-2766735532f6f28699089ab8b180ed60\">\n.flex_column.av-26sbnrt-2766735532f6f28699089ab8b180ed60{\nborder-radius:0px 0px 0px 0px;\npadding:0px 0px 0px 0px;\n}\n<\/style>\n<div  class='flex_column av-26sbnrt-2766735532f6f28699089ab8b180ed60 av_three_fifth  avia-builder-el-6  el_after_av_one_fifth  el_before_av_one_fifth  flex_column_div av-zero-column-padding  '     ><section  class='av_textblock_section av-1j4n2wp-b3a9b1fc6eb62cba0aed9aee13b0d91b '   itemscope=\"itemscope\" itemtype=\"https:\/\/schema.org\/CreativeWork\" ><div class='avia_textblock'  itemprop=\"text\" ><h1 style=\"text-align: center;\"><span style=\"color: #ab185f;\">PROGRAMACI\u00d3N<\/span><\/h1>\n<h5 style=\"text-align: center;\">La Semana del Talento Audiovisual engloba una serie de actividades que tienen como objetivo conectar el nuevo talento emergente de los centros universitarios y formativos catalanes en el \u00e1mbito audiovisual con las industrias culturales y creativas.<\/h5>\n<\/div><\/section><\/div>\n<style type=\"text\/css\" data-created_by=\"avia_inline_auto\" id=\"style-css-av-lj4zh5-0e40da6493d5cf0d52ed269a803621e8\">\n.flex_column.av-lj4zh5-0e40da6493d5cf0d52ed269a803621e8{\nborder-radius:0px 0px 0px 0px;\npadding:0px 0px 0px 0px;\n}\n<\/style>\n<div  class='flex_column av-lj4zh5-0e40da6493d5cf0d52ed269a803621e8 av_one_fifth  avia-builder-el-8  el_after_av_three_fifth  avia-builder-el-last  flex_column_div av-zero-column-padding  '     ><\/div>\n\n<\/div><\/div><\/div><!-- close content main div --><\/div><\/div><div id='av-layout-grid-1'  class='av-layout-grid-container av-800n7j5-e78f484ad48634da5e5b213a4c6934bc entry-content-wrapper main_color av-flex-cells  avia-builder-el-9  el_after_av_section  el_before_av_layout_row  grid-row-not-first  container_wrap fullsize'  >\n\n<style type=\"text\/css\" data-created_by=\"avia_inline_auto\" id=\"style-css-av-7si1p35-85986cfc7955bf51bfb76dac64b47b95\">\n.flex_cell.av-7si1p35-85986cfc7955bf51bfb76dac64b47b95{\nvertical-align:top;\nbackground-color:#ab185f;\n}\n.responsive #top #wrap_all .flex_cell.av-7si1p35-85986cfc7955bf51bfb76dac64b47b95{\npadding:30px 30px 30px 30px !important;\n}\n<\/style>\n<div class='flex_cell av-7si1p35-85986cfc7955bf51bfb76dac64b47b95 av-gridrow-cell av_one_fifth no_margin  avia-builder-el-10  el_before_av_cell_one_fifth  avia-builder-el-first  content-align-top'  ><div class='flex_cell_inner'><section  class='av_textblock_section av-mhlqojd5-032920ef4855eceeed4b6ba913a68ff3 '   itemscope=\"itemscope\" itemtype=\"https:\/\/schema.org\/CreativeWork\" ><div class='avia_textblock'  itemprop=\"text\" ><h2><span style=\"color: #ffffff;\">LUNES 24<\/span><\/h2>\n<h2><span style=\"color: #ffffff;\">NOVIEMBRE 2025<\/span><\/h2>\n<h5><span style=\"color: #ffffff;\">15:30 h <a href=\"https:\/\/www.clusteraudiovisual.cat\/es\/talentaudiovisual\/mercado-de-nuevos-profesionales-2025\/\" target=\"_blank\" rel=\"noopener\">Mercado de nuevos profesionales<\/a><\/span><\/h5>\n<\/div><\/section><br \/>\n\n<style type=\"text\/css\" data-created_by=\"avia_inline_auto\" id=\"style-css-av-74o42dd-715ff6aa93149e995129ed36ef5e853d\">\n#top .hr.av-74o42dd-715ff6aa93149e995129ed36ef5e853d{\nmargin-top:1PX;\nmargin-bottom:1px;\n}\n.hr.av-74o42dd-715ff6aa93149e995129ed36ef5e853d .hr-inner{\nwidth:20PX;\nborder-color:#ffffff;\n}\n<\/style>\n<div  class='hr av-74o42dd-715ff6aa93149e995129ed36ef5e853d hr-custom  avia-builder-el-12  el_after_av_textblock  el_before_av_textblock  hr-left hr-icon-no'><span class='hr-inner inner-border-av-border-thin'><span class=\"hr-inner-style\"><\/span><\/span><\/div><br \/>\n<section  class='av_textblock_section av-mhlqpb44-2bad8072ace71f429de6218cd15cecd0 '   itemscope=\"itemscope\" itemtype=\"https:\/\/schema.org\/CreativeWork\" ><div class='avia_textblock'  itemprop=\"text\" ><h5><span style=\"color: #ffffff;\">19:00 h <a href=\"https:\/\/www.clusteraudiovisual.cat\/es\/talentaudiovisual\/conferencias-y-sesiones-2025\/#conversacin-con-talento--eduard-sola-y-jlia-de-paz\" target=\"_blank\" rel=\"noopener\">Conversaci\u00f3n con talento \u00b7 Eduard Sola y J\u00falia de Paz<\/a><\/span><\/h5>\n<\/div><\/section><\/p>\n<\/div><\/div>\n<style type=\"text\/css\" data-created_by=\"avia_inline_auto\" id=\"style-css-av-6im03pd-b72154f3eef46caec0e9bcf26619ef22\">\n.flex_cell.av-6im03pd-b72154f3eef46caec0e9bcf26619ef22{\nvertical-align:top;\nbackground-color:#bc1f61;\n}\n.responsive #top #wrap_all .flex_cell.av-6im03pd-b72154f3eef46caec0e9bcf26619ef22{\npadding:30px 30px 30px 30px !important;\n}\n<\/style>\n<div class='flex_cell av-6im03pd-b72154f3eef46caec0e9bcf26619ef22 av-gridrow-cell av_one_fifth no_margin  avia-builder-el-14  el_after_av_cell_one_fifth  el_before_av_cell_one_fifth  content-align-top'  ><div class='flex_cell_inner'><section  class='av_textblock_section av-mhlqqb83-2ba1526ef1fc7fdfc3048b7f32f68207 '   itemscope=\"itemscope\" itemtype=\"https:\/\/schema.org\/CreativeWork\" ><div class='avia_textblock'  itemprop=\"text\" ><h2><span style=\"color: #ffffff;\">MARTES 25<\/span><\/h2>\n<h2><span style=\"color: #ffffff;\">NOVIEMBRE 2025<\/span><\/h2>\n<h5><span style=\"color: #ffffff;\">10:00 h <a href=\"https:\/\/www.clusteraudiovisual.cat\/es\/talentaudiovisual\/conferencias-y-sesiones-2025\/#audiencias-en-tiempos-de-algoritmos\" target=\"_blank\" rel=\"noopener\">Jornada \u00b7 Audiencias en tiempo de algoritmos<\/a><\/span><\/h5>\n<\/div><\/section><br \/>\n\n<style type=\"text\/css\" data-created_by=\"avia_inline_auto\" id=\"style-css-av-67rdlpd-084f3c5177329f67eae5909abbe9545c\">\n#top .hr.av-67rdlpd-084f3c5177329f67eae5909abbe9545c{\nmargin-top:1PX;\nmargin-bottom:1px;\n}\n.hr.av-67rdlpd-084f3c5177329f67eae5909abbe9545c .hr-inner{\nwidth:20PX;\nborder-color:#ffffff;\n}\n<\/style>\n<div  class='hr av-67rdlpd-084f3c5177329f67eae5909abbe9545c hr-custom  avia-builder-el-16  el_after_av_textblock  el_before_av_textblock  hr-left hr-icon-no'><span class='hr-inner inner-border-av-border-thin'><span class=\"hr-inner-style\"><\/span><\/span><\/div><br \/>\n<section  class='av_textblock_section av-mhlqqrda-cee98f37376752f99cfa6846d8d531ec '   itemscope=\"itemscope\" itemtype=\"https:\/\/schema.org\/CreativeWork\" ><div class='avia_textblock'  itemprop=\"text\" ><h5><span style=\"color: #ffffff;\">15:30 h <a href=\"https:\/\/www.clusteraudiovisual.cat\/es\/talentaudiovisual\/conferencias-y-sesiones-2025\/#meetinnovations\" target=\"_blank\" rel=\"noopener\">MeetInnovations<\/a><\/span><\/h5>\n<\/div><\/section><br \/>\n\n<style type=\"text\/css\" data-created_by=\"avia_inline_auto\" id=\"style-css-av-5o1e6td-37bc2cbf8929440a68f03b8066a90097\">\n#top .hr.av-5o1e6td-37bc2cbf8929440a68f03b8066a90097{\nmargin-top:1PX;\nmargin-bottom:1px;\n}\n.hr.av-5o1e6td-37bc2cbf8929440a68f03b8066a90097 .hr-inner{\nwidth:20PX;\nborder-color:#ffffff;\n}\n<\/style>\n<div  class='hr av-5o1e6td-37bc2cbf8929440a68f03b8066a90097 hr-custom  avia-builder-el-18  el_after_av_textblock  el_before_av_textblock  hr-left hr-icon-no'><span class='hr-inner inner-border-av-border-thin'><span class=\"hr-inner-style\"><\/span><\/span><\/div><br \/>\n<section  class='av_textblock_section av-mhlqr9in-a0d829f48e4b743e464d80fc9fb0b41f '   itemscope=\"itemscope\" itemtype=\"https:\/\/schema.org\/CreativeWork\" ><div class='avia_textblock'  itemprop=\"text\" ><h5><span style=\"color: #ffffff;\">18:00 h <a href=\"https:\/\/www.clusteraudiovisual.cat\/es\/talentaudiovisual\/pantalla-en-vivo-2025\/\" target=\"_blank\" rel=\"noopener\">Pantalla en vivo<\/a><\/span><\/h5>\n<\/div><\/section><br \/>\n\n<style type=\"text\/css\" data-created_by=\"avia_inline_auto\" id=\"style-css-av-5ffk7lt-ef74bed65dc6b4c1c44bc04e7b4fa814\">\n#top .hr.av-5ffk7lt-ef74bed65dc6b4c1c44bc04e7b4fa814{\nmargin-top:1PX;\nmargin-bottom:1px;\n}\n.hr.av-5ffk7lt-ef74bed65dc6b4c1c44bc04e7b4fa814 .hr-inner{\nwidth:20PX;\nborder-color:#ffffff;\n}\n<\/style>\n<div  class='hr av-5ffk7lt-ef74bed65dc6b4c1c44bc04e7b4fa814 hr-custom  avia-builder-el-20  el_after_av_textblock  el_before_av_textblock  hr-left hr-icon-no'><span class='hr-inner inner-border-av-border-thin'><span class=\"hr-inner-style\"><\/span><\/span><\/div><br \/>\n<section  class='av_textblock_section av-mhlqs5u7-40ebd22f705b44018cdf798f23911b02 '   itemscope=\"itemscope\" itemtype=\"https:\/\/schema.org\/CreativeWork\" ><div class='avia_textblock'  itemprop=\"text\" ><h5><span style=\"color: #ffffff;\">18:30h <a href=\"https:\/\/www.clusteraudiovisual.cat\/es\/talentaudiovisual\/conferencias-y-sesiones-2025\/#el-fascinante-viaje-de-la-produccin\" target=\"_blank\" rel=\"noopener\">Mesa redonda \u00b7 El fascinante viaje de la producci\u00f3n<\/a><\/span><\/h5>\n<\/div><\/section><\/p>\n<\/div><\/div>\n<style type=\"text\/css\" data-created_by=\"avia_inline_auto\" id=\"style-css-av-i38tj5-40510d1dc25f6f6b464a6d023471220d\">\n.flex_cell.av-i38tj5-40510d1dc25f6f6b464a6d023471220d{\nvertical-align:top;\nbackground-color:#cc2764;\n}\n.responsive #top #wrap_all .flex_cell.av-i38tj5-40510d1dc25f6f6b464a6d023471220d{\npadding:30px 30px 30px 30px !important;\n}\n<\/style>\n<div class='flex_cell av-i38tj5-40510d1dc25f6f6b464a6d023471220d av-gridrow-cell av_one_fifth no_margin  avia-builder-el-22  el_after_av_cell_one_fifth  el_before_av_cell_one_fifth  content-align-top'  ><div class='flex_cell_inner'><section  class='av_textblock_section av-mhlqtqp4-fd8c558e28d02d061a386fc355981fa1 '   itemscope=\"itemscope\" itemtype=\"https:\/\/schema.org\/CreativeWork\" ><div class='avia_textblock'  itemprop=\"text\" ><h2><span style=\"color: #ffffff;\">MI\u00c9RCOLES 26<\/span><\/h2>\n<h2><span style=\"color: #ffffff;\">NOVIEMBRE 2025<\/span><\/h2>\n<h5><span style=\"color: #ffffff;\">9:30 h <a href=\"https:\/\/www.clusteraudiovisual.cat\/es\/talentaudiovisual\/pitching-2025\/\" target=\"_blank\" rel=\"noopener\">Pitching Audiovisual \u00b7 Ficci\u00f3n<\/a><\/span><\/h5>\n<\/div><\/section><br \/>\n\n<style type=\"text\/css\" data-created_by=\"avia_inline_auto\" id=\"style-css-av-f82ee9-85dd575d8a62a887da04f80353c79b84\">\n#top .hr.av-f82ee9-85dd575d8a62a887da04f80353c79b84{\nmargin-top:1PX;\nmargin-bottom:1px;\n}\n.hr.av-f82ee9-85dd575d8a62a887da04f80353c79b84 .hr-inner{\nwidth:20PX;\nborder-color:#ffffff;\n}\n<\/style>\n<div  class='hr av-f82ee9-85dd575d8a62a887da04f80353c79b84 hr-custom  avia-builder-el-24  el_after_av_textblock  el_before_av_textblock  hr-left hr-icon-no'><span class='hr-inner inner-border-av-border-thin'><span class=\"hr-inner-style\"><\/span><\/span><\/div><br \/>\n<section  class='av_textblock_section av-mhlqu4hf-2f5f885eace86b7beeedd35160f97998 '   itemscope=\"itemscope\" itemtype=\"https:\/\/schema.org\/CreativeWork\" ><div class='avia_textblock'  itemprop=\"text\" ><h5><span style=\"color: #ffffff;\">16:00 h <a href=\"https:\/\/www.clusteraudiovisual.cat\/es\/talentaudiovisual\/pitching-2025\/\" target=\"_blank\" rel=\"noopener\">Pitching Audiovisual \u00b7 Videojuegos<\/a><\/span><\/h5>\n<\/div><\/section><\/p>\n<\/div><\/div>\n<style type=\"text\/css\" data-created_by=\"avia_inline_auto\" id=\"style-css-av-3tprjj5-42d6b0c45a98c256e3a1a4238b42d8d0\">\n.flex_cell.av-3tprjj5-42d6b0c45a98c256e3a1a4238b42d8d0{\nvertical-align:top;\nbackground-color:#dd2f66;\n}\n.responsive #top #wrap_all .flex_cell.av-3tprjj5-42d6b0c45a98c256e3a1a4238b42d8d0{\npadding:30px 30px 30px 30px !important;\n}\n<\/style>\n<div class='flex_cell av-3tprjj5-42d6b0c45a98c256e3a1a4238b42d8d0 av-gridrow-cell av_one_fifth no_margin  avia-builder-el-26  el_after_av_cell_one_fifth  el_before_av_cell_one_fifth  content-align-top'  ><div class='flex_cell_inner'><section  class='av_textblock_section av-mhlquoue-8b24347fff2fda17fd73c7a911ea0506 '   itemscope=\"itemscope\" itemtype=\"https:\/\/schema.org\/CreativeWork\" ><div class='avia_textblock'  itemprop=\"text\" ><h2><span style=\"color: #ffffff;\">JUEVES 27<\/span><\/h2>\n<h2><span style=\"color: #ffffff;\">NOVIEMBRE 2025<\/span><\/h2>\n<h5><span style=\"color: #ffffff;\">10:00 h <a href=\"https:\/\/www.clusteraudiovisual.cat\/es\/talentaudiovisual\/pitching-2025\/\" target=\"_blank\" rel=\"noopener\">Pitching Audiovisual \u00b7 No Ficci\u00f3n + Entretenimento<\/a><\/span><\/h5>\n<\/div><\/section><br \/>\n\n<style type=\"text\/css\" data-created_by=\"avia_inline_auto\" id=\"style-css-av-3jkme81-b31566fff5f1f2df1121046c8b8cdfa8\">\n#top .hr.av-3jkme81-b31566fff5f1f2df1121046c8b8cdfa8{\nmargin-top:1PX;\nmargin-bottom:1px;\n}\n.hr.av-3jkme81-b31566fff5f1f2df1121046c8b8cdfa8 .hr-inner{\nwidth:20PX;\nborder-color:#ffffff;\n}\n<\/style>\n<div  class='hr av-3jkme81-b31566fff5f1f2df1121046c8b8cdfa8 hr-custom  avia-builder-el-28  el_after_av_textblock  el_before_av_textblock  hr-left hr-icon-no'><span class='hr-inner inner-border-av-border-thin'><span class=\"hr-inner-style\"><\/span><\/span><\/div><br \/>\n<section  class='av_textblock_section av-mhlqvd0r-99bb64285a4bf2f9fe258880c4de21b5 '   itemscope=\"itemscope\" itemtype=\"https:\/\/schema.org\/CreativeWork\" ><div class='avia_textblock'  itemprop=\"text\" ><h5><span style=\"color: #ffffff;\">15:30 h <a href=\"https:\/\/www.clusteraudiovisual.cat\/es\/talentaudiovisual\/pitching-2025\/\" target=\"_blank\" rel=\"noopener\">Pitching Audiovisual \u00b7 Nuevas tecnolog\u00edas y experiencias inmersivas<\/a><\/span><\/h5>\n<\/div><\/section><br \/>\n\n<style type=\"text\/css\" data-created_by=\"avia_inline_auto\" id=\"style-css-av-32may01-a970b1c72677c0bb672092e391c5e63d\">\n#top .hr.av-32may01-a970b1c72677c0bb672092e391c5e63d{\nmargin-top:1PX;\nmargin-bottom:1px;\n}\n.hr.av-32may01-a970b1c72677c0bb672092e391c5e63d .hr-inner{\nwidth:20PX;\nborder-color:#ffffff;\n}\n<\/style>\n<div  class='hr av-32may01-a970b1c72677c0bb672092e391c5e63d hr-custom  avia-builder-el-30  el_after_av_textblock  el_before_av_textblock  hr-left hr-icon-no'><span class='hr-inner inner-border-av-border-thin'><span class=\"hr-inner-style\"><\/span><\/span><\/div><br \/>\n<section  class='av_textblock_section av-mhlqvneq-5d8177e1fbb7d088f835da0ed9040a41 '   itemscope=\"itemscope\" itemtype=\"https:\/\/schema.org\/CreativeWork\" ><div class='avia_textblock'  itemprop=\"text\" ><h5><span style=\"color: #ffffff;\">16:00 h <a href=\"https:\/\/www.clusteraudiovisual.cat\/es\/talentaudiovisual\/international-distribution-meetings-2025\/\" target=\"_blank\" rel=\"noopener\">International Distribution Meetings<\/a><\/span><\/h5>\n<\/div><\/section><br \/>\n\n<style type=\"text\/css\" data-created_by=\"avia_inline_auto\" id=\"style-css-av-2hok65d-77747bba9f1802edc87c6860b844c080\">\n#top .hr.av-2hok65d-77747bba9f1802edc87c6860b844c080{\nmargin-top:1PX;\nmargin-bottom:1px;\n}\n.hr.av-2hok65d-77747bba9f1802edc87c6860b844c080 .hr-inner{\nwidth:20PX;\nborder-color:#ffffff;\n}\n<\/style>\n<div  class='hr av-2hok65d-77747bba9f1802edc87c6860b844c080 hr-custom  avia-builder-el-32  el_after_av_textblock  el_before_av_textblock  hr-left hr-icon-no'><span class='hr-inner inner-border-av-border-thin'><span class=\"hr-inner-style\"><\/span><\/span><\/div><br \/>\n<section  class='av_textblock_section av-mhlqw2cb-30db65ef91b8a7f7e98241caada1f75f '   itemscope=\"itemscope\" itemtype=\"https:\/\/schema.org\/CreativeWork\" ><div class='avia_textblock'  itemprop=\"text\" ><h5><span style=\"color: #ffffff;\">17:00 h <a href=\"https:\/\/www.clusteraudiovisual.cat\/es\/talentaudiovisual\/conferencias-y-sesiones-2025\/#meet-the-experts--animacin\" target=\"_blank\" rel=\"noopener\">Meet the experts \u00b7 Animaci\u00f3n<\/a><\/span><\/h5>\n<\/div><\/section><\/p>\n<\/div><\/div>\n<style type=\"text\/css\" data-created_by=\"avia_inline_auto\" id=\"style-css-av-1w6knq9-eb3dfe3944245715aa921c0292f3a083\">\n.flex_cell.av-1w6knq9-eb3dfe3944245715aa921c0292f3a083{\nvertical-align:top;\nbackground-color:#ee3769;\n}\n.responsive #top #wrap_all .flex_cell.av-1w6knq9-eb3dfe3944245715aa921c0292f3a083{\npadding:30px 30px 30px 30px !important;\n}\n<\/style>\n<div class='flex_cell av-1w6knq9-eb3dfe3944245715aa921c0292f3a083 av-gridrow-cell av_one_fifth no_margin  avia-builder-el-34  el_after_av_cell_one_fifth  avia-builder-el-last  content-align-top'  ><div class='flex_cell_inner'><section  class='av_textblock_section av-mhlqwty2-df6a56fb85de2dd21009c30225463c3a '   itemscope=\"itemscope\" itemtype=\"https:\/\/schema.org\/CreativeWork\" ><div class='avia_textblock'  itemprop=\"text\" ><h2><span style=\"color: #ffffff;\">VIERNES 28<\/span><\/h2>\n<h2><span style=\"color: #ffffff;\">NOVIEMBRE 2025<\/span><\/h2>\n<h5><span style=\"color: #ffffff;\">10:00 h <a href=\"https:\/\/www.clusteraudiovisual.cat\/es\/talentaudiovisual\/pitching-internacional-distribucion-2025\/\" target=\"_blank\" rel=\"noopener\">Pitching internacional distribuci\u00f3n<\/a><\/span><\/h5>\n<\/div><\/section>\n<\/div><\/div><\/div><div id='av-layout-grid-2'  class='av-layout-grid-container av-1qmckzl-b824b6517d206b637891621e5c131d71 entry-content-wrapper alternate_color av-flex-cells  avia-builder-el-36  el_after_av_layout_row  el_before_av_section  grid-row-not-first  container_wrap fullsize'  >\n<div class='flex_cell av-18v7r35-97445d21beacdff5b914051d0e27b42c av-gridrow-cell av_one_full no_margin  avia-builder-el-37  avia-builder-el-no-sibling '  ><div class='flex_cell_inner'><section  class='av_textblock_section av-u8hk75-65d662368a939bebab695ead05161f3e '   itemscope=\"itemscope\" itemtype=\"https:\/\/schema.org\/CreativeWork\" ><div class='avia_textblock'  itemprop=\"text\" ><h2><span style=\"color: #ab185f;\">DISSENY HUB BARCELONA<\/span><\/h2>\n<h2><span style=\"color: #ab185f;\">Pla\u00e7a de les Gl\u00f2ries Catalanes, 38<\/span><\/h2>\n<\/div><\/section>\n<\/div><\/div>\n<\/div><\/p>\n<div id='av_section_2'  class='avia-section av-9sfg5a9-c5061839d7fdee63bcd3e1ab3b2d6280 footer_color avia-section-default avia-no-shadow  avia-builder-el-39  el_after_av_layout_row  el_before_av_section  avia-bg-style-scroll container_wrap fullsize'  ><div class='container av-section-cont-open' ><div class='template-page content av-content-full alpha units'><div class='post-entry post-entry-type-page post-entry-41537'><div class='entry-content-wrapper clearfix'>\n<div  class='avia-logo-element-container av-9a4wl29-2026633f39a654caee47d9016851e2af av-border-deactivate avia-logo-grid avia-content-slider avia-smallarrow-slider avia-content-grid-active noHover avia-content-slider-odd  avia-builder-el-40  el_before_av_partner  avia-builder-el-first  avia-content-slider1' ><div class='avia-smallarrow-slider-heading '><div class='new-special-heading'><h6 class='av-logo-special-heading-text '>LA SEMANA DEL TALENTO AUDIOVISUAL TIENE EL APOYO DE:<\/h6><\/div><\/div><div class=\"avia-content-slider-inner\"><div class=\"slide-entry-wrap\"><div  class='slide-entry av-911bw0x-6be613ee7498de0d2e432b04c8f69a66 flex_column no_margin av_one_fifth real-thumbnail post-entry slide-entry-overview slide-loop-1 slide-parity-odd  first'><span class='av-partner-fake-img' style='padding-bottom:50%; background-image:url(https:\/\/www.clusteraudiovisual.cat\/wp-content\/uploads\/2024\/10\/ST_Logo_Footer_ICEC-1.jpg);'><\/span><\/div><div  class='slide-entry av-8m4pwht-661cbdd6244fba13b0abb8a6aa3cb382 flex_column no_margin av_one_fifth real-thumbnail post-entry slide-entry-overview slide-loop-2 slide-parity-even  '><span class='av-partner-fake-img' style='padding-bottom:50%; background-image:url(https:\/\/www.clusteraudiovisual.cat\/wp-content\/uploads\/2025\/10\/ST_Logo_AjuntamentBarcelona_2025.jpg);'><\/span><\/div><div  class='slide-entry av-817if35-2bf18c56a5946d2e861f1ce1b2a01318 flex_column no_margin av_one_fifth real-thumbnail post-entry slide-entry-overview slide-loop-3 slide-parity-odd  '><span class='av-partner-fake-img' style='padding-bottom:50%; background-image:url(https:\/\/www.clusteraudiovisual.cat\/wp-content\/uploads\/2022\/10\/ST_Logo_Footer_Web_Gencat_Recerca.jpg);'><\/span><\/div><div  class='slide-entry av-7t11fa9-6144a4f556196b727db5c3d2c68dcbf9 flex_column no_margin av_one_fifth real-thumbnail post-entry slide-entry-overview slide-loop-4 slide-parity-even  '><span class='av-partner-fake-img' style='padding-bottom:50%; background-image:url(https:\/\/www.clusteraudiovisual.cat\/wp-content\/uploads\/2025\/10\/ST_Logo_Footer_Ministerio-Cultura.jpg);'><\/span><\/div><div  class='slide-entry av-73sk3b5-188b5de89a9999a70ce3ea9ca42fdbc3 flex_column no_margin av_one_fifth real-thumbnail post-entry slide-entry-overview slide-loop-5 slide-parity-odd post-entry-last '><span class='av-partner-fake-img' style='padding-bottom:50%; background-image:url(https:\/\/www.clusteraudiovisual.cat\/wp-content\/uploads\/2024\/10\/ST_Logo_Footer_ACCIO.jpg);'><\/span><\/div><\/div><\/div><\/div>\n<div  class='avia-logo-element-container av-6hod40x-51638e20e64e33054b66d3288d7f1835 av-border-deactivate avia-logo-grid avia-content-slider avia-smallarrow-slider avia-content-grid-active noHover avia-content-slider-odd  avia-builder-el-41  el_after_av_partner  el_before_av_textblock  avia-content-slider2' ><div class='avia-smallarrow-slider-heading '><div class='new-special-heading'><h6 class='av-logo-special-heading-text '>CON LA COLABORACI\u00d3N DE:<\/h6><\/div><\/div><div class=\"avia-content-slider-inner\"><div class=\"slide-entry-wrap\"><div  class='slide-entry av-6f2crlt-58a16b26d97c7ebb1cba29a3535bf33c flex_column no_margin av_one_fifth real-thumbnail post-entry slide-entry-overview slide-loop-1 slide-parity-odd  first'><img decoding=\"async\" fetchpriority=\"high\" width=\"800\" height=\"400\" src=\"https:\/\/www.clusteraudiovisual.cat\/wp-content\/uploads\/2025\/10\/ST_Logo_Colaborador_DHub.jpg\" class=\"wp-image-52753 avia-img-lazy-loading-not-52753 attachment-no scaling size-no scaling\" alt=\"\" srcset=\"https:\/\/www.clusteraudiovisual.cat\/wp-content\/uploads\/2025\/10\/ST_Logo_Colaborador_DHub.jpg 800w, https:\/\/www.clusteraudiovisual.cat\/wp-content\/uploads\/2025\/10\/ST_Logo_Colaborador_DHub-300x150.jpg 300w, https:\/\/www.clusteraudiovisual.cat\/wp-content\/uploads\/2025\/10\/ST_Logo_Colaborador_DHub-768x384.jpg 768w, https:\/\/www.clusteraudiovisual.cat\/wp-content\/uploads\/2025\/10\/ST_Logo_Colaborador_DHub-705x353.jpg 705w\" sizes=\"(max-width: 800px) 100vw, 800px\" \/><\/div><div  class='slide-entry av-kwgidd-434b833679096ce8d527edcc459d47d3 flex_column no_margin av_one_fifth real-thumbnail post-entry slide-entry-overview slide-loop-2 slide-parity-even  '><img decoding=\"async\" fetchpriority=\"high\" width=\"800\" height=\"400\" src=\"https:\/\/www.clusteraudiovisual.cat\/wp-content\/uploads\/2022\/10\/ST_Logo_Footer_Web_BarcelonaActiva.jpg\" class=\"wp-image-25791 avia-img-lazy-loading-not-25791 attachment-no scaling size-no scaling\" alt=\"\" srcset=\"https:\/\/www.clusteraudiovisual.cat\/wp-content\/uploads\/2022\/10\/ST_Logo_Footer_Web_BarcelonaActiva.jpg 800w, https:\/\/www.clusteraudiovisual.cat\/wp-content\/uploads\/2022\/10\/ST_Logo_Footer_Web_BarcelonaActiva-300x150.jpg 300w, https:\/\/www.clusteraudiovisual.cat\/wp-content\/uploads\/2022\/10\/ST_Logo_Footer_Web_BarcelonaActiva-768x384.jpg 768w, https:\/\/www.clusteraudiovisual.cat\/wp-content\/uploads\/2022\/10\/ST_Logo_Footer_Web_BarcelonaActiva-705x353.jpg 705w\" sizes=\"(max-width: 800px) 100vw, 800px\" \/><\/div><div  class='slide-entry av-5e4xyxt-f2f65537c0a1ebad70c0869758febe8c flex_column no_margin av_one_fifth real-thumbnail post-entry slide-entry-overview slide-loop-3 slide-parity-odd  '><img decoding=\"async\" fetchpriority=\"high\" width=\"800\" height=\"400\" src=\"https:\/\/www.clusteraudiovisual.cat\/wp-content\/uploads\/2022\/10\/ST_Logo_Footer_Web_AcademiaCC.jpg\" class=\"wp-image-25797 avia-img-lazy-loading-not-25797 attachment-no scaling size-no scaling\" alt=\"\" srcset=\"https:\/\/www.clusteraudiovisual.cat\/wp-content\/uploads\/2022\/10\/ST_Logo_Footer_Web_AcademiaCC.jpg 800w, https:\/\/www.clusteraudiovisual.cat\/wp-content\/uploads\/2022\/10\/ST_Logo_Footer_Web_AcademiaCC-300x150.jpg 300w, https:\/\/www.clusteraudiovisual.cat\/wp-content\/uploads\/2022\/10\/ST_Logo_Footer_Web_AcademiaCC-768x384.jpg 768w, https:\/\/www.clusteraudiovisual.cat\/wp-content\/uploads\/2022\/10\/ST_Logo_Footer_Web_AcademiaCC-705x353.jpg 705w\" sizes=\"(max-width: 800px) 100vw, 800px\" \/><\/div><div  class='slide-entry av-4rrzx29-6fcd55d80ba86298bff0bb5f4511843b flex_column no_margin av_one_fifth real-thumbnail post-entry slide-entry-overview slide-loop-4 slide-parity-even  '><img decoding=\"async\" fetchpriority=\"high\" width=\"800\" height=\"400\" src=\"https:\/\/www.clusteraudiovisual.cat\/wp-content\/uploads\/2022\/10\/ST_Logo_Footer_Web_SGAE.jpg\" class=\"wp-image-25800 avia-img-lazy-loading-not-25800 attachment-no scaling size-no scaling\" alt=\"\" srcset=\"https:\/\/www.clusteraudiovisual.cat\/wp-content\/uploads\/2022\/10\/ST_Logo_Footer_Web_SGAE.jpg 800w, https:\/\/www.clusteraudiovisual.cat\/wp-content\/uploads\/2022\/10\/ST_Logo_Footer_Web_SGAE-300x150.jpg 300w, https:\/\/www.clusteraudiovisual.cat\/wp-content\/uploads\/2022\/10\/ST_Logo_Footer_Web_SGAE-768x384.jpg 768w, https:\/\/www.clusteraudiovisual.cat\/wp-content\/uploads\/2022\/10\/ST_Logo_Footer_Web_SGAE-705x353.jpg 705w\" sizes=\"(max-width: 800px) 100vw, 800px\" \/><\/div><div  class='slide-entry av-4j016bl-d17469b82f8c63fe0586b62809fa07c8 flex_column no_margin av_one_fifth real-thumbnail post-entry slide-entry-overview slide-loop-5 slide-parity-odd post-entry-last '><img decoding=\"async\" fetchpriority=\"high\" width=\"800\" height=\"400\" src=\"https:\/\/www.clusteraudiovisual.cat\/wp-content\/uploads\/2025\/11\/ST_Logo_Colaborador_MIA-1.jpg\" class=\"wp-image-53280 avia-img-lazy-loading-not-53280 attachment-no scaling size-no scaling\" alt=\"\" srcset=\"https:\/\/www.clusteraudiovisual.cat\/wp-content\/uploads\/2025\/11\/ST_Logo_Colaborador_MIA-1.jpg 800w, https:\/\/www.clusteraudiovisual.cat\/wp-content\/uploads\/2025\/11\/ST_Logo_Colaborador_MIA-1-300x150.jpg 300w, https:\/\/www.clusteraudiovisual.cat\/wp-content\/uploads\/2025\/11\/ST_Logo_Colaborador_MIA-1-768x384.jpg 768w, https:\/\/www.clusteraudiovisual.cat\/wp-content\/uploads\/2025\/11\/ST_Logo_Colaborador_MIA-1-705x353.jpg 705w\" sizes=\"(max-width: 800px) 100vw, 800px\" \/><\/div><\/div><\/div><\/div>\n<section  class='av_textblock_section av-3t1tx0h-645365840c45bf83a34d3c2cd88b96c3 '   itemscope=\"itemscope\" itemtype=\"https:\/\/schema.org\/CreativeWork\" ><div class='avia_textblock peu-text-sil'  itemprop=\"text\" ><h5 style=\"text-align: left;\"><strong>La Semana del Talento Audiovisual es un evento dise\u00f1ado y organizado con un compromiso con la sostenibilidad y la minimizaci\u00f3n de los impactos ambientales negativos.<\/strong><\/h5>\n<\/div><\/section>\n\n<style type=\"text\/css\" data-created_by=\"avia_inline_auto\" id=\"style-css-av-3mh641t-bc0942cd5d9759fda11d248907378dfb\">\n#top .hr.av-3mh641t-bc0942cd5d9759fda11d248907378dfb{\nmargin-top:20px;\nmargin-bottom:30px;\n}\n.hr.av-3mh641t-bc0942cd5d9759fda11d248907378dfb .hr-inner{\nwidth:100%;\nborder-color:#e8e8e8;\n}\n<\/style>\n<div  class='hr av-3mh641t-bc0942cd5d9759fda11d248907378dfb hr-custom  avia-builder-el-43  el_after_av_textblock  el_before_av_three_fifth  hr-left hr-icon-no'><span class='hr-inner inner-border-av-border-thin'><span class=\"hr-inner-style\"><\/span><\/span><\/div>\n\n<style type=\"text\/css\" data-created_by=\"avia_inline_auto\" id=\"style-css-av-36huy75-c0cc7bacd10db74a460a6a94b3c4b6dc\">\n.flex_column.av-36huy75-c0cc7bacd10db74a460a6a94b3c4b6dc{\nborder-radius:0px 0px 0px 0px;\npadding:0px 0px 0px 0px;\n}\n<\/style>\n<div  class='flex_column av-36huy75-c0cc7bacd10db74a460a6a94b3c4b6dc av_three_fifth  avia-builder-el-44  el_after_av_hr  el_before_av_one_fifth  first flex_column_div av-zero-column-padding  '     ><section  class='av_textblock_section av-2pnvyox-84503638d9126c4d3b617edcfbb77032 '   itemscope=\"itemscope\" itemtype=\"https:\/\/schema.org\/CreativeWork\" ><div class='avia_textblock peu-text-sil'  itemprop=\"text\" ><p style=\"text-align: left;\">Via Laietana 32-34, 4\u00aa planta. Barcelona, 08003. Telf: 616663567<\/p>\n<\/div><\/section><\/div>\n<style type=\"text\/css\" data-created_by=\"avia_inline_auto\" id=\"style-css-av-269c2m9-af1b9c3e6642ea557b5eb6211778b828\">\n.flex_column.av-269c2m9-af1b9c3e6642ea557b5eb6211778b828{\nborder-radius:0px 0px 0px 0px;\npadding:0px 0px 0px 0px;\n}\n<\/style>\n<div  class='flex_column av-269c2m9-af1b9c3e6642ea557b5eb6211778b828 av_one_fifth  avia-builder-el-46  el_after_av_three_fifth  el_before_av_one_fifth  flex_column_div av-zero-column-padding  '     ><section  class='av_textblock_section av-1fpis1t-fca9de9d2827ff26dfcc5c6f7ece0d74 '   itemscope=\"itemscope\" itemtype=\"https:\/\/schema.org\/CreativeWork\" ><div class='avia_textblock'  itemprop=\"text\" ><h6><a style=\"font-size: 0;\" href=\"https:\/\/www.facebook.com\/clusteraudiovisualcatalunya\" target=\"_blank\" rel=\"noopener\">facebook<img loading=\"lazy\" decoding=\"async\" class=\"size-full wp-image-265 alignnone\" src=\"https:\/\/www.clusteraudiovisual.cat\/wp-content\/uploads\/2024\/12\/icon-facebook.png\" alt=\"facebook\" width=\"25\" height=\"25\" \/><\/a> <a style=\"font-size: 0;\" href=\"https:\/\/twitter.com\/ClusterAVCat\" target=\"_blank\" rel=\"noopener\">x<img loading=\"lazy\" decoding=\"async\" class=\"size-full wp-image-267 alignnone\" src=\"https:\/\/www.clusteraudiovisual.cat\/wp-content\/uploads\/2024\/12\/icon-twitter.png\" alt=\"x\/twitter\" width=\"25\" height=\"25\" \/> \u00a0<\/a> <a style=\"font-size: 0;\" href=\"https:\/\/www.instagram.com\/clusteravcat\/\" target=\"_blank\" rel=\"noopener\">instagram<img loading=\"lazy\" decoding=\"async\" class=\"size-full wp-image-266 alignnone\" src=\"https:\/\/www.clusteraudiovisual.cat\/wp-content\/uploads\/2024\/12\/icon-instagram.png\" alt=\"instagram\" width=\"25\" height=\"25\" \/><\/a> <a style=\"font-size: 0;\" href=\"https:\/\/www.youtube.com\/channel\/UCjZkfy-Dhqb4XZmaX-XWhRA\" target=\"_blank\" rel=\"noopener\">youtube<img loading=\"lazy\" decoding=\"async\" class=\"size-full wp-image-266 alignnone\" src=\"https:\/\/www.clusteraudiovisual.cat\/wp-content\/uploads\/2024\/12\/icon-youtube.png\" alt=\"youtube\" width=\"25\" height=\"25\" \/><\/a>\u00a0<a style=\"font-size: 0;\" href=\"https:\/\/www.linkedin.com\/company\/cl%C3%BAster-audiovisual-de-catalunya\/\" target=\"_blank\" rel=\"noopener\">linkedIn<img loading=\"lazy\" decoding=\"async\" class=\"size-full wp-image-266 alignnone\" src=\"https:\/\/www.clusteraudiovisual.cat\/wp-content\/uploads\/2024\/12\/icon-linkedin.png\" alt=\"linkedIn\" width=\"25\" height=\"25\" \/><\/a><\/h6>\n<\/div><\/section><\/div>\n<style type=\"text\/css\" data-created_by=\"avia_inline_auto\" id=\"style-css-av-10hh9pd-744353d984d54cffc2a5f65526914ba3\">\n.flex_column.av-10hh9pd-744353d984d54cffc2a5f65526914ba3{\nborder-radius:0px 0px 0px 0px;\npadding:0px 0px 0px 0px;\n}\n<\/style>\n<div  class='flex_column av-10hh9pd-744353d984d54cffc2a5f65526914ba3 av_one_fifth  avia-builder-el-48  el_after_av_one_fifth  avia-builder-el-last  flex_column_div av-zero-column-padding  '     ><section  class='av_textblock_section av-sr79k1-b717d80032a0a451949cb79011b55f6b '   itemscope=\"itemscope\" itemtype=\"https:\/\/schema.org\/CreativeWork\" ><div class='avia_textblock peu-text-sil'  itemprop=\"text\" ><p style=\"text-align: right;\"><a href=\"http:\/\/clusteraudiovisual.cat\/bases-legals\/\" target=\"_blank\" rel=\"noopener\">Bases legales<\/a><\/p>\n<h6><\/h6>\n<\/div><\/section><\/div>\n\n<\/div><\/div><\/div><!-- close content main div --><\/div><\/div>\n<style type=\"text\/css\" data-created_by=\"avia_inline_auto\" id=\"style-css-av-2qxb73t-de192dc408e802475c4b4167bcb1fa88\">\n.avia-section.av-2qxb73t-de192dc408e802475c4b4167bcb1fa88{\nbackground-color:#f6f6f6;\nbackground-image:unset;\nmargin-top:1px;\nmargin-bottom:1px;\n}\n<\/style>\n<div id='socketsil'  class='avia-section av-2qxb73t-de192dc408e802475c4b4167bcb1fa88 alternate_color avia-section-small avia-no-border-styling  avia-builder-el-50  el_after_av_section  avia-builder-el-last  socketsil avia-bg-style-scroll av-minimum-height av-minimum-height-custom av-height-custom  container_wrap fullsize'   data-av_minimum_height_px='10'><div class='container av-section-cont-open' style='height:10px'><div class='template-page content av-content-full alpha units'><div class='post-entry post-entry-type-page post-entry-41537'><div class='entry-content-wrapper clearfix'>\n\n<style type=\"text\/css\" data-created_by=\"avia_inline_auto\" id=\"style-css-av-1z9hkop-e4e0578383aac653a1628fe1c4d07f4a\">\n.flex_column.av-1z9hkop-e4e0578383aac653a1628fe1c4d07f4a{\nborder-radius:0px 0px 0px 0px;\npadding:0px 0px 0px 0px;\n}\n<\/style>\n<div  class='flex_column av-1z9hkop-e4e0578383aac653a1628fe1c4d07f4a av_one_half  avia-builder-el-51  el_before_av_one_half  avia-builder-el-first  first flex_column_div av-zero-column-padding  '     ><section  class='av_textblock_section av-1ofed4p-c25db6c6afb90925178c92069f2f094d '   itemscope=\"itemscope\" itemtype=\"https:\/\/schema.org\/CreativeWork\" ><div class='avia_textblock'  itemprop=\"text\" ><p>\u00a9 2020 Cl\u00faster Audiovisual de Catalunya<\/p>\n<\/div><\/section><\/div>\n<style type=\"text\/css\" data-created_by=\"avia_inline_auto\" id=\"style-css-av-1cs4wxl-aeb3e3c189b5cfa6e15b5ef133ac6abb\">\n.flex_column.av-1cs4wxl-aeb3e3c189b5cfa6e15b5ef133ac6abb{\nborder-radius:0px 0px 0px 0px;\npadding:0px 0px 0px 0px;\n}\n<\/style>\n<div  class='flex_column av-1cs4wxl-aeb3e3c189b5cfa6e15b5ef133ac6abb av_one_half  avia-builder-el-53  el_after_av_one_half  avia-builder-el-last  flex_column_div av-zero-column-padding  '     ><section  class='av_textblock_section av-ij4yc9-6ca1af77597cc6ac873c9c48ac6961d4 '   itemscope=\"itemscope\" itemtype=\"https:\/\/schema.org\/CreativeWork\" ><div class='avia_textblock'  itemprop=\"text\" ><p style=\"text-align: right;\">Web desarrollada por <a href=\"https:\/\/www.lasaladeta.com\/\" target=\"_blank\" rel=\"noopener\">La Saladeta<\/a><\/p>\n<\/div><\/section><\/div>\n\n","protected":false},"excerpt":{"rendered":"","protected":false},"author":10,"featured_media":53096,"parent":1317,"menu_order":0,"comment_status":"closed","ping_status":"closed","template":"","meta":{"_acf_changed":false,"footnotes":""},"class_list":["post-41537","page","type-page","status-publish","has-post-thumbnail","hentry"],"acf":[],"yoast_head":"<!-- This site is optimized with the Yoast SEO plugin v27.0 - https:\/\/yoast.com\/product\/yoast-seo-wordpress\/ -->\n<title>Programaci\u00f3n 2025 - Cl\u00faster Audiovisual<\/title>\n<meta name=\"description\" content=\"Conoce la programaci\u00f3n en la Semana del Talento Audiovisual, que engloba una serie de actividades que tienen como objetivo conectar el nuevo talento emergente de los centros universitarios y formativos catalanes en el \u00e1mbito audiovisual con las industrias culturales y creativas.\" \/>\n<meta name=\"robots\" content=\"index, follow, max-snippet:-1, max-image-preview:large, max-video-preview:-1\" \/>\n<link rel=\"canonical\" href=\"https:\/\/www.clusteraudiovisual.cat\/es\/talentaudiovisual\/programacion-2025\/\" \/>\n<meta property=\"og:locale\" content=\"es_ES\" \/>\n<meta property=\"og:type\" content=\"article\" \/>\n<meta property=\"og:title\" content=\"Programaci\u00f3n 2025 - Cl\u00faster Audiovisual\" \/>\n<meta property=\"og:description\" content=\"Conoce la programaci\u00f3n en la Semana del Talento Audiovisual, que engloba una serie de actividades que tienen como objetivo conectar el nuevo talento emergente de los centros universitarios y formativos catalanes en el \u00e1mbito audiovisual con las industrias culturales y creativas.\" \/>\n<meta property=\"og:url\" content=\"https:\/\/www.clusteraudiovisual.cat\/es\/talentaudiovisual\/programacion-2025\/\" \/>\n<meta property=\"og:site_name\" content=\"Cl\u00faster Audiovisual\" \/>\n<meta property=\"article:modified_time\" content=\"2025-11-17T15:53:38+00:00\" \/>\n<meta property=\"og:image\" content=\"https:\/\/www.clusteraudiovisual.cat\/wp-content\/uploads\/2025\/11\/STalent2025_Banner_Web_Responsive_Cast.jpg\" \/>\n\t<meta property=\"og:image:width\" content=\"600\" \/>\n\t<meta property=\"og:image:height\" content=\"676\" \/>\n\t<meta property=\"og:image:type\" content=\"image\/jpeg\" \/>\n<meta name=\"twitter:card\" content=\"summary_large_image\" \/>\n<meta name=\"twitter:image\" content=\"https:\/\/www.clusteraudiovisual.cat\/wp-content\/uploads\/2022\/10\/Agenda_STalent2022-1030x579.jpg\" \/>\n<meta name=\"twitter:label1\" content=\"Tiempo de lectura\" \/>\n\t<meta name=\"twitter:data1\" content=\"6 minutos\" \/>\n<script type=\"application\/ld+json\" class=\"yoast-schema-graph\">{\"@context\":\"https:\/\/schema.org\",\"@graph\":[{\"@type\":\"WebPage\",\"@id\":\"https:\/\/www.clusteraudiovisual.cat\/es\/talentaudiovisual\/programacion-2025\/\",\"url\":\"https:\/\/www.clusteraudiovisual.cat\/es\/talentaudiovisual\/programacion-2025\/\",\"name\":\"Programaci\u00f3n 2025 - Cl\u00faster Audiovisual\",\"isPartOf\":{\"@id\":\"https:\/\/www.clusteraudiovisual.cat\/es\/#website\"},\"primaryImageOfPage\":{\"@id\":\"https:\/\/www.clusteraudiovisual.cat\/es\/talentaudiovisual\/programacion-2025\/#primaryimage\"},\"image\":{\"@id\":\"https:\/\/www.clusteraudiovisual.cat\/es\/talentaudiovisual\/programacion-2025\/#primaryimage\"},\"thumbnailUrl\":\"https:\/\/www.clusteraudiovisual.cat\/wp-content\/uploads\/2025\/11\/STalent2025_Banner_Web_Responsive_Cast.jpg\",\"datePublished\":\"2024-09-26T11:46:58+00:00\",\"dateModified\":\"2025-11-17T15:53:38+00:00\",\"description\":\"Conoce la programaci\u00f3n en la Semana del Talento Audiovisual, que engloba una serie de actividades que tienen como objetivo conectar el nuevo talento emergente de los centros universitarios y formativos catalanes en el \u00e1mbito audiovisual con las industrias culturales y creativas.\",\"breadcrumb\":{\"@id\":\"https:\/\/www.clusteraudiovisual.cat\/es\/talentaudiovisual\/programacion-2025\/#breadcrumb\"},\"inLanguage\":\"es\",\"potentialAction\":[{\"@type\":\"ReadAction\",\"target\":[\"https:\/\/www.clusteraudiovisual.cat\/es\/talentaudiovisual\/programacion-2025\/\"]}]},{\"@type\":\"ImageObject\",\"inLanguage\":\"es\",\"@id\":\"https:\/\/www.clusteraudiovisual.cat\/es\/talentaudiovisual\/programacion-2025\/#primaryimage\",\"url\":\"https:\/\/www.clusteraudiovisual.cat\/wp-content\/uploads\/2025\/11\/STalent2025_Banner_Web_Responsive_Cast.jpg\",\"contentUrl\":\"https:\/\/www.clusteraudiovisual.cat\/wp-content\/uploads\/2025\/11\/STalent2025_Banner_Web_Responsive_Cast.jpg\",\"width\":600,\"height\":676},{\"@type\":\"BreadcrumbList\",\"@id\":\"https:\/\/www.clusteraudiovisual.cat\/es\/talentaudiovisual\/programacion-2025\/#breadcrumb\",\"itemListElement\":[{\"@type\":\"ListItem\",\"position\":1,\"name\":\"Semana del Talento Audiovisual 2025\",\"item\":\"https:\/\/www.clusteraudiovisual.cat\/es\/talentaudiovisual\/\"},{\"@type\":\"ListItem\",\"position\":2,\"name\":\"Programaci\u00f3n 2025\"}]},{\"@type\":\"WebSite\",\"@id\":\"https:\/\/www.clusteraudiovisual.cat\/es\/#website\",\"url\":\"https:\/\/www.clusteraudiovisual.cat\/es\/\",\"name\":\"Cl\u00faster Audiovisual\",\"description\":\"Associaci\u00f3 d&#039;empreses que integren el sector audiovisual.\",\"potentialAction\":[{\"@type\":\"SearchAction\",\"target\":{\"@type\":\"EntryPoint\",\"urlTemplate\":\"https:\/\/www.clusteraudiovisual.cat\/es\/?s={search_term_string}\"},\"query-input\":{\"@type\":\"PropertyValueSpecification\",\"valueRequired\":true,\"valueName\":\"search_term_string\"}}],\"inLanguage\":\"es\"}]}<\/script>\n<!-- \/ Yoast SEO plugin. -->","yoast_head_json":{"title":"Programaci\u00f3n 2025 - Cl\u00faster Audiovisual","description":"Conoce la programaci\u00f3n en la Semana del Talento Audiovisual, que engloba una serie de actividades que tienen como objetivo conectar el nuevo talento emergente de los centros universitarios y formativos catalanes en el \u00e1mbito audiovisual con las industrias culturales y creativas.","robots":{"index":"index","follow":"follow","max-snippet":"max-snippet:-1","max-image-preview":"max-image-preview:large","max-video-preview":"max-video-preview:-1"},"canonical":"https:\/\/www.clusteraudiovisual.cat\/es\/talentaudiovisual\/programacion-2025\/","og_locale":"es_ES","og_type":"article","og_title":"Programaci\u00f3n 2025 - Cl\u00faster Audiovisual","og_description":"Conoce la programaci\u00f3n en la Semana del Talento Audiovisual, que engloba una serie de actividades que tienen como objetivo conectar el nuevo talento emergente de los centros universitarios y formativos catalanes en el \u00e1mbito audiovisual con las industrias culturales y creativas.","og_url":"https:\/\/www.clusteraudiovisual.cat\/es\/talentaudiovisual\/programacion-2025\/","og_site_name":"Cl\u00faster Audiovisual","article_modified_time":"2025-11-17T15:53:38+00:00","og_image":[{"width":600,"height":676,"url":"https:\/\/www.clusteraudiovisual.cat\/wp-content\/uploads\/2025\/11\/STalent2025_Banner_Web_Responsive_Cast.jpg","type":"image\/jpeg"}],"twitter_card":"summary_large_image","twitter_image":"https:\/\/www.clusteraudiovisual.cat\/wp-content\/uploads\/2022\/10\/Agenda_STalent2022-1030x579.jpg","twitter_misc":{"Tiempo de lectura":"6 minutos"},"schema":{"@context":"https:\/\/schema.org","@graph":[{"@type":"WebPage","@id":"https:\/\/www.clusteraudiovisual.cat\/es\/talentaudiovisual\/programacion-2025\/","url":"https:\/\/www.clusteraudiovisual.cat\/es\/talentaudiovisual\/programacion-2025\/","name":"Programaci\u00f3n 2025 - Cl\u00faster Audiovisual","isPartOf":{"@id":"https:\/\/www.clusteraudiovisual.cat\/es\/#website"},"primaryImageOfPage":{"@id":"https:\/\/www.clusteraudiovisual.cat\/es\/talentaudiovisual\/programacion-2025\/#primaryimage"},"image":{"@id":"https:\/\/www.clusteraudiovisual.cat\/es\/talentaudiovisual\/programacion-2025\/#primaryimage"},"thumbnailUrl":"https:\/\/www.clusteraudiovisual.cat\/wp-content\/uploads\/2025\/11\/STalent2025_Banner_Web_Responsive_Cast.jpg","datePublished":"2024-09-26T11:46:58+00:00","dateModified":"2025-11-17T15:53:38+00:00","description":"Conoce la programaci\u00f3n en la Semana del Talento Audiovisual, que engloba una serie de actividades que tienen como objetivo conectar el nuevo talento emergente de los centros universitarios y formativos catalanes en el \u00e1mbito audiovisual con las industrias culturales y creativas.","breadcrumb":{"@id":"https:\/\/www.clusteraudiovisual.cat\/es\/talentaudiovisual\/programacion-2025\/#breadcrumb"},"inLanguage":"es","potentialAction":[{"@type":"ReadAction","target":["https:\/\/www.clusteraudiovisual.cat\/es\/talentaudiovisual\/programacion-2025\/"]}]},{"@type":"ImageObject","inLanguage":"es","@id":"https:\/\/www.clusteraudiovisual.cat\/es\/talentaudiovisual\/programacion-2025\/#primaryimage","url":"https:\/\/www.clusteraudiovisual.cat\/wp-content\/uploads\/2025\/11\/STalent2025_Banner_Web_Responsive_Cast.jpg","contentUrl":"https:\/\/www.clusteraudiovisual.cat\/wp-content\/uploads\/2025\/11\/STalent2025_Banner_Web_Responsive_Cast.jpg","width":600,"height":676},{"@type":"BreadcrumbList","@id":"https:\/\/www.clusteraudiovisual.cat\/es\/talentaudiovisual\/programacion-2025\/#breadcrumb","itemListElement":[{"@type":"ListItem","position":1,"name":"Semana del Talento Audiovisual 2025","item":"https:\/\/www.clusteraudiovisual.cat\/es\/talentaudiovisual\/"},{"@type":"ListItem","position":2,"name":"Programaci\u00f3n 2025"}]},{"@type":"WebSite","@id":"https:\/\/www.clusteraudiovisual.cat\/es\/#website","url":"https:\/\/www.clusteraudiovisual.cat\/es\/","name":"Cl\u00faster Audiovisual","description":"Associaci\u00f3 d&#039;empreses que integren el sector audiovisual.","potentialAction":[{"@type":"SearchAction","target":{"@type":"EntryPoint","urlTemplate":"https:\/\/www.clusteraudiovisual.cat\/es\/?s={search_term_string}"},"query-input":{"@type":"PropertyValueSpecification","valueRequired":true,"valueName":"search_term_string"}}],"inLanguage":"es"}]}},"_links":{"self":[{"href":"https:\/\/www.clusteraudiovisual.cat\/es\/wp-json\/wp\/v2\/pages\/41537","targetHints":{"allow":["GET"]}}],"collection":[{"href":"https:\/\/www.clusteraudiovisual.cat\/es\/wp-json\/wp\/v2\/pages"}],"about":[{"href":"https:\/\/www.clusteraudiovisual.cat\/es\/wp-json\/wp\/v2\/types\/page"}],"author":[{"embeddable":true,"href":"https:\/\/www.clusteraudiovisual.cat\/es\/wp-json\/wp\/v2\/users\/10"}],"replies":[{"embeddable":true,"href":"https:\/\/www.clusteraudiovisual.cat\/es\/wp-json\/wp\/v2\/comments?post=41537"}],"version-history":[{"count":37,"href":"https:\/\/www.clusteraudiovisual.cat\/es\/wp-json\/wp\/v2\/pages\/41537\/revisions"}],"predecessor-version":[{"id":53806,"href":"https:\/\/www.clusteraudiovisual.cat\/es\/wp-json\/wp\/v2\/pages\/41537\/revisions\/53806"}],"up":[{"embeddable":true,"href":"https:\/\/www.clusteraudiovisual.cat\/es\/wp-json\/wp\/v2\/pages\/1317"}],"wp:featuredmedia":[{"embeddable":true,"href":"https:\/\/www.clusteraudiovisual.cat\/es\/wp-json\/wp\/v2\/media\/53096"}],"wp:attachment":[{"href":"https:\/\/www.clusteraudiovisual.cat\/es\/wp-json\/wp\/v2\/media?parent=41537"}],"curies":[{"name":"wp","href":"https:\/\/api.w.org\/{rel}","templated":true}]}}