{"id":38461,"date":"2023-12-20T14:36:18","date_gmt":"2023-12-20T13:36:18","guid":{"rendered":"https:\/\/www.clusteraudiovisual.cat\/?page_id=38461"},"modified":"2025-04-24T16:07:31","modified_gmt":"2025-04-24T14:07:31","slug":"actualidad","status":"publish","type":"page","link":"https:\/\/www.clusteraudiovisual.cat\/es\/actualidad\/","title":{"rendered":"ACTUALIDAD"},"content":{"rendered":"\n<style type=\"text\/css\" data-created_by=\"avia_inline_auto\" id=\"style-css-av-kkzwnloj-18bda138474b6732fc39987726ad96f6\">\n.avia-section.av-kkzwnloj-18bda138474b6732fc39987726ad96f6{\nbackground-color:#f1f5fa;\nbackground-image:unset;\n}\n<\/style>\n<div id='av_section_1'  class='avia-section av-kkzwnloj-18bda138474b6732fc39987726ad96f6 main_color avia-section-default avia-no-border-styling  avia-builder-el-0  el_before_av_one_full  avia-builder-el-first  avia-bg-style-scroll av-minimum-height av-minimum-height-custom av-height-custom  container_wrap fullsize'   data-av_minimum_height_px='288'><div class='container av-section-cont-open' style='height:288px'><main  role=\"main\" itemprop=\"mainContentOfPage\"  class='template-page content av-content-full alpha units'><div class='post-entry post-entry-type-page post-entry-38461'><div class='entry-content-wrapper clearfix'>\n\n<style type=\"text\/css\" data-created_by=\"avia_inline_auto\" id=\"style-css-av-27a7vd-44fb16a57346a04707570c3ac16c7a70\">\n.flex_column.av-27a7vd-44fb16a57346a04707570c3ac16c7a70{\nborder-radius:0px 0px 0px 0px;\npadding:0px 0px 0px 0px;\n}\n<\/style>\n<div  class='flex_column av-27a7vd-44fb16a57346a04707570c3ac16c7a70 av_three_fifth  avia-builder-el-1  avia-builder-el-no-sibling  first flex_column_div av-zero-column-padding  '     ><section  class='av_textblock_section av-2pad7d-d6064bd81fcdcae9752e728a2759a006 '   itemscope=\"itemscope\" itemtype=\"https:\/\/schema.org\/CreativeWork\" ><div class='avia_textblock'  itemprop=\"text\" ><h1><span style=\"color: #33485d;\">ACTUALIDAD<\/span><\/h1>\n<\/div><\/section><\/div><\/div><\/div><\/main><!-- close content main element --><\/div><\/div><div id='after_section_1'  class='main_color av_default_container_wrap container_wrap fullsize'  ><div class='container av-section-cont-open' ><div class='template-page content av-content-full alpha units'><div class='post-entry post-entry-type-page post-entry-38461'><div class='entry-content-wrapper clearfix'>\n<style type=\"text\/css\" data-created_by=\"avia_inline_auto\" id=\"style-css-av-23r4h4-a6b631633e2a3edc4efb23fe9ed05dc2\">\n.flex_column.av-23r4h4-a6b631633e2a3edc4efb23fe9ed05dc2{\nborder-radius:0px 0px 0px 0px;\npadding:0px 0px 0px 0px;\n}\n<\/style>\n<div  class='flex_column av-23r4h4-a6b631633e2a3edc4efb23fe9ed05dc2 av_one_full  avia-builder-el-3  el_after_av_section  el_before_av_section  avia-builder-el-no-sibling  first flex_column_div av-zero-column-padding  '     ><style type=\"text\/css\" data-created_by=\"avia_inline_auto\" id=\"style-css-av-kkzqhvf6-04857b4555d67b53f37df82b1bb72fb3\">\n#top .av-masonry.av-kkzqhvf6-04857b4555d67b53f37df82b1bb72fb3{\nbackground-color:#ffffff;\n}\n<\/style>\n<div id='av-masonry-entry-sil' class='av-masonry av-kkzqhvf6-04857b4555d67b53f37df82b1bb72fb3 noHover av-fixed-size av-large-gap av-hover-overlay-active av-masonry-animation-active av-masonry-col-4 av-caption-on-hover-hide av-caption-style-overlay av-masonry-entries av-orientation-square av-masonry-entry-sil' data-post_id=\"38461\"><div class=\"av-masonry-container isotope av-js-disabled\"><div class='av-masonry-entry isotope-item av-masonry-item-no-image '><\/div><a href=\"https:\/\/www.clusteraudiovisual.cat\/es\/el-sector-audiovisual-catalan-viaja-a-corea-del-sur-para-analizar-modelos-y-tecnologias-que-transforman-la-industria\/\"  id='av-masonry-1-item-56326' data-av-masonry-item='56326' class='av-masonry-entry isotope-item post-56326 post type-post status-publish format-standard has-post-thumbnail hentry category-actualidad  av-masonry-item-with-image' title=\"2026_Noticia_Missi\u00f3Corea_1\"   itemscope=\"itemscope\" itemtype=\"https:\/\/schema.org\/CreativeWork\" ><div class='av-inner-masonry-sizer'><\/div><figure class='av-inner-masonry main_color'><div class=\"av-masonry-outerimage-container\"><div class='av-masonry-image-container' style=\"background-image: url(https:\/\/www.clusteraudiovisual.cat\/wp-content\/uploads\/2026\/04\/2026_Noticia_MissioCorea_1-1-705x499.jpg);\"  title=\"2026_Noticia_Missi\u00f3Corea_1\" ><\/div><\/div><figcaption class='av-inner-masonry-content site-background'><div class='av-inner-masonry-content-pos'><div class='av-inner-masonry-content-pos-content'><div class='avia-arrow'><\/div><h3 class='av-masonry-entry-title entry-title '  itemprop=\"headline\" >El sector audiovisual catal\u00e1n viaja a Corea del Sur para analizar modelos y tecnolog\u00edas que transforman la industria<\/h3><span class='av-masonry-date meta-color updated'>20 de abril de 2026<\/span><span class=\"av-masonry-text-sep text-sep-author\">\/<\/span><span class='av-masonry-author meta-color author'><span class='fn'>por ngrinyo<\/span><\/span><\/div><\/div><\/figcaption><\/figure><\/a><!--end av-masonry entry--><a href=\"https:\/\/www.clusteraudiovisual.cat\/es\/convocatoria-cr-eu-in-heritage-publicadas-dos-expresiones-de-interes-para-involucrar-a-lideres-de-innovacion-e-inversores\/\"  id='av-masonry-1-item-55826' data-av-masonry-item='55826' class='av-masonry-entry isotope-item post-55826 post type-post status-publish format-standard has-post-thumbnail hentry category-actualidad  av-masonry-item-with-image' title=\"CREUIN-Heritage_Expression of interest_Innovation leaders and investors\"   itemscope=\"itemscope\" itemtype=\"https:\/\/schema.org\/CreativeWork\" ><div class='av-inner-masonry-sizer'><\/div><figure class='av-inner-masonry main_color'><div class=\"av-masonry-outerimage-container\"><div class='av-masonry-image-container' style=\"background-image: url(https:\/\/www.clusteraudiovisual.cat\/wp-content\/uploads\/2026\/03\/CREUIN-Heritage_Expression-of-interest_Innovation-leaders-and-investors-564x705.jpg);\"  title=\"CREUIN-Heritage_Expression of interest_Innovation leaders and investors\" ><\/div><\/div><figcaption class='av-inner-masonry-content site-background'><div class='av-inner-masonry-content-pos'><div class='av-inner-masonry-content-pos-content'><div class='avia-arrow'><\/div><h3 class='av-masonry-entry-title entry-title '  itemprop=\"headline\" >Convocatoria CR.EU.IN. HERITAGE: publicadas dos expresiones de inter\u00e9s para involucrar a l\u00edderes de innovaci\u00f3n e inversores<\/h3><span class='av-masonry-date meta-color updated'>26 de marzo de 2026<\/span><span class=\"av-masonry-text-sep text-sep-author\">\/<\/span><span class='av-masonry-author meta-color author'><span class='fn'>por ngrinyo<\/span><\/span><\/div><\/div><\/figcaption><\/figure><\/a><!--end av-masonry entry--><a href=\"https:\/\/www.clusteraudiovisual.cat\/es\/la-semana-del-talento-reduce-su-huella-de-carbono\/\"  id='av-masonry-1-item-55929' data-av-masonry-item='55929' class='av-masonry-entry isotope-item post-55929 post type-post status-publish format-standard has-post-thumbnail hentry category-actualidad  av-masonry-item-with-image' title=\"ST2025_Noticia_Sostenibilitat\"   itemscope=\"itemscope\" itemtype=\"https:\/\/schema.org\/CreativeWork\" ><div class='av-inner-masonry-sizer'><\/div><figure class='av-inner-masonry main_color'><div class=\"av-masonry-outerimage-container\"><div class='av-masonry-image-container' style=\"background-image: url(https:\/\/www.clusteraudiovisual.cat\/wp-content\/uploads\/2026\/02\/ST2025_Noticia_Sostenibilitat-705x470.jpg);\"  title=\"ST2025_Noticia_Sostenibilitat\" ><\/div><\/div><figcaption class='av-inner-masonry-content site-background'><div class='av-inner-masonry-content-pos'><div class='av-inner-masonry-content-pos-content'><div class='avia-arrow'><\/div><h3 class='av-masonry-entry-title entry-title '  itemprop=\"headline\" >La Semana del Talento reduce su huella de carbono<\/h3><span class='av-masonry-date meta-color updated'>26 de febrero de 2026<\/span><span class=\"av-masonry-text-sep text-sep-author\">\/<\/span><span class='av-masonry-author meta-color author'><span class='fn'>por ngrinyo<\/span><\/span><\/div><\/div><\/figcaption><\/figure><\/a><!--end av-masonry entry--><a href=\"https:\/\/www.clusteraudiovisual.cat\/es\/cr-eu-in-heritage-subvenciones-para-la-innovacion-del-patrimonio-cultural\/\"  id='av-masonry-1-item-55543' data-av-masonry-item='55543' class='av-masonry-entry isotope-item post-55543 post type-post status-publish format-standard has-post-thumbnail hentry category-actualidad  av-masonry-item-with-image' title=\"2026_Call_CREU_Noticia_Graella\"   itemscope=\"itemscope\" itemtype=\"https:\/\/schema.org\/CreativeWork\" ><div class='av-inner-masonry-sizer'><\/div><figure class='av-inner-masonry main_color'><div class=\"av-masonry-outerimage-container\"><div class='av-masonry-image-container' style=\"background-image: url(https:\/\/www.clusteraudiovisual.cat\/wp-content\/uploads\/2026\/02\/2026_Call_CREU_Noticia_Graella-564x705.jpg);\"  title=\"2026_Call_CREU_Noticia_Graella\" ><\/div><\/div><figcaption class='av-inner-masonry-content site-background'><div class='av-inner-masonry-content-pos'><div class='av-inner-masonry-content-pos-content'><div class='avia-arrow'><\/div><h3 class='av-masonry-entry-title entry-title '  itemprop=\"headline\" >CR. EU. IN. HERITAGE: Subvenciones para la innovaci\u00f3n del patrimonio cultural<\/h3><span class='av-masonry-date meta-color updated'>25 de febrero de 2026<\/span><span class=\"av-masonry-text-sep text-sep-author\">\/<\/span><span class='av-masonry-author meta-color author'><span class='fn'>por ngrinyo<\/span><\/span><\/div><\/div><\/figcaption><\/figure><\/a><!--end av-masonry entry--><a href=\"https:\/\/www.clusteraudiovisual.cat\/es\/el-cluster-audiovisual-de-catalunya-agente-identificador-de-las-tendencias-mas-innovadoras-en-ise-2026\/\"  id='av-masonry-1-item-55939' data-av-masonry-item='55939' class='av-masonry-entry isotope-item post-55939 post type-post status-publish format-standard has-post-thumbnail hentry category-actualidad  av-masonry-item-with-image' title=\"2026_Noticia_ISE_2\"   itemscope=\"itemscope\" itemtype=\"https:\/\/schema.org\/CreativeWork\" ><div class='av-inner-masonry-sizer'><\/div><figure class='av-inner-masonry main_color'><div class=\"av-masonry-outerimage-container\"><div class='av-masonry-image-container' style=\"background-image: url(https:\/\/www.clusteraudiovisual.cat\/wp-content\/uploads\/2026\/02\/2026_Noticia_ISE_2-705x470.jpg);\"  title=\"2026_Noticia_ISE_2\" ><\/div><\/div><figcaption class='av-inner-masonry-content site-background'><div class='av-inner-masonry-content-pos'><div class='av-inner-masonry-content-pos-content'><div class='avia-arrow'><\/div><h3 class='av-masonry-entry-title entry-title '  itemprop=\"headline\" >El Cl\u00faster Audiovisual de Catalunya, agente identificador de las tendencias m\u00e1s innovadoras en ISE 2026<\/h3><span class='av-masonry-date meta-color updated'>10 de febrero de 2026<\/span><span class=\"av-masonry-text-sep text-sep-author\">\/<\/span><span class='av-masonry-author meta-color author'><span class='fn'>por ngrinyo<\/span><\/span><\/div><\/div><\/figcaption><\/figure><\/a><!--end av-masonry entry--><a href=\"https:\/\/www.clusteraudiovisual.cat\/es\/publicado-el-primer-informe-de-robotica-audiovisual-del-cluster-audiovisual-de-catalunya\/\"  id='av-masonry-1-item-55459' data-av-masonry-item='55459' class='av-masonry-entry isotope-item post-55459 post type-post status-publish format-standard has-post-thumbnail hentry category-actualidad  av-masonry-item-with-image' title=\"degradat-SWITCH-ROBOTICA-baixa\"   itemscope=\"itemscope\" itemtype=\"https:\/\/schema.org\/CreativeWork\" ><div class='av-inner-masonry-sizer'><\/div><figure class='av-inner-masonry main_color'><div class=\"av-masonry-outerimage-container\"><div class='av-masonry-image-container' style=\"background-image: url(https:\/\/www.clusteraudiovisual.cat\/wp-content\/uploads\/2026\/02\/degradat-SWITCH-ROBOTICA-baixa-705x446.jpg);\"  title=\"degradat-SWITCH-ROBOTICA-baixa\" ><\/div><\/div><figcaption class='av-inner-masonry-content site-background'><div class='av-inner-masonry-content-pos'><div class='av-inner-masonry-content-pos-content'><div class='avia-arrow'><\/div><h3 class='av-masonry-entry-title entry-title '  itemprop=\"headline\" >Publicado el primer informe de rob\u00f3tica audiovisual del Cl\u00faster Audiovisual de Catalunya<\/h3><span class='av-masonry-date meta-color updated'>3 de febrero de 2026<\/span><span class=\"av-masonry-text-sep text-sep-author\">\/<\/span><span class='av-masonry-author meta-color author'><span class='fn'>por ngrinyo<\/span><\/span><\/div><\/div><\/figcaption><\/figure><\/a><!--end av-masonry entry--><a href=\"https:\/\/www.clusteraudiovisual.cat\/es\/las-empresas-del-cluster-audiovisual-de-catalunya-en-ise-2026\/\"  id='av-masonry-1-item-55233' data-av-masonry-item='55233' class='av-masonry-entry isotope-item post-55233 post type-post status-publish format-standard has-post-thumbnail hentry category-actualidad  av-masonry-item-with-image' title=\"ISE2026_Noticia_Socis\"   itemscope=\"itemscope\" itemtype=\"https:\/\/schema.org\/CreativeWork\" ><div class='av-inner-masonry-sizer'><\/div><figure class='av-inner-masonry main_color'><div class=\"av-masonry-outerimage-container\"><div class='av-masonry-image-container' style=\"background-image: url(https:\/\/www.clusteraudiovisual.cat\/wp-content\/uploads\/2026\/01\/ISE2026_Noticia_Socis-705x446.jpg);\"  title=\"ISE2026_Noticia_Socis\" ><\/div><\/div><figcaption class='av-inner-masonry-content site-background'><div class='av-inner-masonry-content-pos'><div class='av-inner-masonry-content-pos-content'><div class='avia-arrow'><\/div><h3 class='av-masonry-entry-title entry-title '  itemprop=\"headline\" >Las empresas del Cl\u00faster Audiovisual de Catalunya en ISE 2026!<\/h3><span class='av-masonry-date meta-color updated'>29 de enero de 2026<\/span><span class=\"av-masonry-text-sep text-sep-author\">\/<\/span><span class='av-masonry-author meta-color author'><span class='fn'>por ngrinyo<\/span><\/span><\/div><\/div><\/figcaption><\/figure><\/a><!--end av-masonry entry--><a href=\"https:\/\/www.clusteraudiovisual.cat\/es\/el-sector-audiovisual-catalan-supera-ya-los-9-000-me-en-volumen-de-negocio\/\"  id='av-masonry-1-item-55964' data-av-masonry-item='55964' class='av-masonry-entry isotope-item post-55964 post type-post status-publish format-standard has-post-thumbnail hentry category-actualidad  av-masonry-item-with-image' title=\"2026_Noticia_InformeSector\"   itemscope=\"itemscope\" itemtype=\"https:\/\/schema.org\/CreativeWork\" ><div class='av-inner-masonry-sizer'><\/div><figure class='av-inner-masonry main_color'><div class=\"av-masonry-outerimage-container\"><div class='av-masonry-image-container' style=\"background-image: url(https:\/\/www.clusteraudiovisual.cat\/wp-content\/uploads\/2026\/02\/2026_Noticia_InformeSector-705x397.jpg);\"  title=\"2026_Noticia_InformeSector\" ><\/div><\/div><figcaption class='av-inner-masonry-content site-background'><div class='av-inner-masonry-content-pos'><div class='av-inner-masonry-content-pos-content'><div class='avia-arrow'><\/div><h3 class='av-masonry-entry-title entry-title '  itemprop=\"headline\" >El sector audiovisual catal\u00e1n supera ya los 9.000 M\u20ac en volumen de negocio<\/h3><span class='av-masonry-date meta-color updated'>27 de enero de 2026<\/span><span class=\"av-masonry-text-sep text-sep-author\">\/<\/span><span class='av-masonry-author meta-color author'><span class='fn'>por ngrinyo<\/span><\/span><\/div><\/div><\/figcaption><\/figure><\/a><!--end av-masonry entry--><a href=\"https:\/\/www.clusteraudiovisual.cat\/es\/el-cluster-audiovisual-de-cataluna-abre-el-ciclo-de-sesiones-de-la-redcau-sobre-las-oportunidades-de-financiacion-de-la-sett\/\"  id='av-masonry-1-item-49293' data-av-masonry-item='49293' class='av-masonry-entry isotope-item post-49293 post type-post status-publish format-standard has-post-thumbnail hentry category-actualidad  av-masonry-item-with-image' title=\"2025_Noticia_Jornada-SETT\"   itemscope=\"itemscope\" itemtype=\"https:\/\/schema.org\/CreativeWork\" ><div class='av-inner-masonry-sizer'><\/div><figure class='av-inner-masonry main_color'><div class=\"av-masonry-outerimage-container\"><div class='av-masonry-image-container' style=\"background-image: url(https:\/\/www.clusteraudiovisual.cat\/wp-content\/uploads\/2025\/05\/2025_Noticia_Jornada-SETT-705x529.jpg);\"  title=\"2025_Noticia_Jornada-SETT\" ><\/div><\/div><figcaption class='av-inner-masonry-content site-background'><div class='av-inner-masonry-content-pos'><div class='av-inner-masonry-content-pos-content'><div class='avia-arrow'><\/div><h3 class='av-masonry-entry-title entry-title '  itemprop=\"headline\" >El Cl\u00faster Audiovisual de Catalu\u00f1a abre el ciclo de sesiones de la REDCAU sobre las oportunidades de financiaci\u00f3n de la SETT<\/h3><span class='av-masonry-date meta-color updated'>7 de mayo de 2025<\/span><span class=\"av-masonry-text-sep text-sep-author\">\/<\/span><span class='av-masonry-author meta-color author'><span class='fn'>por ngrinyo<\/span><\/span><\/div><\/div><\/figcaption><\/figure><\/a><!--end av-masonry entry--><a href=\"https:\/\/www.clusteraudiovisual.cat\/es\/los-retos-y-tendencias-del-audiovisual-y-la-moda-en-el-zoom-marcas-2025\/\"  id='av-masonry-1-item-49287' data-av-masonry-item='49287' class='av-masonry-entry isotope-item post-49287 post type-post status-publish format-standard has-post-thumbnail hentry category-actualidad  av-masonry-item-with-image' title=\"2025_Noticia_ZoomMarques\"   itemscope=\"itemscope\" itemtype=\"https:\/\/schema.org\/CreativeWork\" ><div class='av-inner-masonry-sizer'><\/div><figure class='av-inner-masonry main_color'><div class=\"av-masonry-outerimage-container\"><div class='av-masonry-image-container' style=\"background-image: url(https:\/\/www.clusteraudiovisual.cat\/wp-content\/uploads\/2025\/04\/2025_Noticia_ZoomMarques-705x397.jpg);\"  title=\"2025_Noticia_ZoomMarques\" ><\/div><\/div><figcaption class='av-inner-masonry-content site-background'><div class='av-inner-masonry-content-pos'><div class='av-inner-masonry-content-pos-content'><div class='avia-arrow'><\/div><h3 class='av-masonry-entry-title entry-title '  itemprop=\"headline\" >Los retos y tendencias del audiovisual y la moda en el Zoom Marcas 2025<\/h3><span class='av-masonry-date meta-color updated'>18 de abril de 2025<\/span><span class=\"av-masonry-text-sep text-sep-author\">\/<\/span><span class='av-masonry-author meta-color author'><span class='fn'>por ngrinyo<\/span><\/span><\/div><\/div><\/figcaption><\/figure><\/a><!--end av-masonry entry--><a href=\"https:\/\/www.clusteraudiovisual.cat\/es\/la-semana-del-talento-cada-vez-mas-verde\/\"  id='av-masonry-1-item-49278' data-av-masonry-item='49278' class='av-masonry-entry isotope-item post-49278 post type-post status-publish format-standard has-post-thumbnail hentry category-actualidad  av-masonry-item-with-image' title=\"ST2024_Noticia_PetjadaCarboni\"   itemscope=\"itemscope\" itemtype=\"https:\/\/schema.org\/CreativeWork\" ><div class='av-inner-masonry-sizer'><\/div><figure class='av-inner-masonry main_color'><div class=\"av-masonry-outerimage-container\"><div class='av-masonry-image-container' style=\"background-image: url(https:\/\/www.clusteraudiovisual.cat\/wp-content\/uploads\/2025\/03\/ST2024_Noticia_PetjadaCarboni-705x470.jpg);\"  title=\"ST2024_Noticia_PetjadaCarboni\" ><\/div><\/div><figcaption class='av-inner-masonry-content site-background'><div class='av-inner-masonry-content-pos'><div class='av-inner-masonry-content-pos-content'><div class='avia-arrow'><\/div><h3 class='av-masonry-entry-title entry-title '  itemprop=\"headline\" >La Semana del Talento, cada vez m\u00e1s verde<\/h3><span class='av-masonry-date meta-color updated'>31 de marzo de 2025<\/span><span class=\"av-masonry-text-sep text-sep-author\">\/<\/span><span class='av-masonry-author meta-color author'><span class='fn'>por ngrinyo<\/span><\/span><\/div><\/div><\/figcaption><\/figure><\/a><!--end av-masonry entry--><a href=\"https:\/\/www.clusteraudiovisual.cat\/es\/impulsamos-la-innovacion-audiovisual-en-el-sector-del-deporte\/\"  id='av-masonry-1-item-49271' data-av-masonry-item='49271' class='av-masonry-entry isotope-item post-49271 post type-post status-publish format-standard has-post-thumbnail hentry category-actualidad  av-masonry-item-with-image' title=\"2025_Noticia_Intercluster-Indescat\"   itemscope=\"itemscope\" itemtype=\"https:\/\/schema.org\/CreativeWork\" ><div class='av-inner-masonry-sizer'><\/div><figure class='av-inner-masonry main_color'><div class=\"av-masonry-outerimage-container\"><div class='av-masonry-image-container' style=\"background-image: url(https:\/\/www.clusteraudiovisual.cat\/wp-content\/uploads\/2025\/02\/2025_Noticia_Intercluster-Indescat-705x529.jpg);\"  title=\"2025_Noticia_Intercluster-Indescat\" ><\/div><\/div><figcaption class='av-inner-masonry-content site-background'><div class='av-inner-masonry-content-pos'><div class='av-inner-masonry-content-pos-content'><div class='avia-arrow'><\/div><h3 class='av-masonry-entry-title entry-title '  itemprop=\"headline\" >Impulsamos la innovaci\u00f3n audiovisual en el sector del deporte<\/h3><span class='av-masonry-date meta-color updated'>26 de febrero de 2025<\/span><span class=\"av-masonry-text-sep text-sep-author\">\/<\/span><span class='av-masonry-author meta-color author'><span class='fn'>por ngrinyo<\/span><\/span><\/div><\/div><\/figcaption><\/figure><\/a><!--end av-masonry entry--><a href=\"https:\/\/www.clusteraudiovisual.cat\/es\/el-cluster-audiovisual-de-cataluna-se-consolida-como-agente-clave-en-el-ise-2025\/\"  id='av-masonry-1-item-49253' data-av-masonry-item='49253' class='av-masonry-entry isotope-item post-49253 post type-post status-publish format-standard has-post-thumbnail hentry category-actualidad  av-masonry-item-with-image' title=\"ISE_2025_Edicions-anteriors\"   itemscope=\"itemscope\" itemtype=\"https:\/\/schema.org\/CreativeWork\" ><div class='av-inner-masonry-sizer'><\/div><figure class='av-inner-masonry main_color'><div class=\"av-masonry-outerimage-container\"><div class='av-masonry-image-container' style=\"background-image: url(https:\/\/www.clusteraudiovisual.cat\/wp-content\/uploads\/2025\/02\/ISE_2025_Edicions-anteriors-705x470.jpg);\"  title=\"ISE_2025_Edicions-anteriors\" ><\/div><\/div><figcaption class='av-inner-masonry-content site-background'><div class='av-inner-masonry-content-pos'><div class='av-inner-masonry-content-pos-content'><div class='avia-arrow'><\/div><h3 class='av-masonry-entry-title entry-title '  itemprop=\"headline\" >El Cl\u00faster Audiovisual de Catalu\u00f1a se consolida como agente clave en el ISE 2025<\/h3><span class='av-masonry-date meta-color updated'>10 de febrero de 2025<\/span><span class=\"av-masonry-text-sep text-sep-author\">\/<\/span><span class='av-masonry-author meta-color author'><span class='fn'>por ngrinyo<\/span><\/span><\/div><\/div><\/figcaption><\/figure><\/a><!--end av-masonry entry--><a href=\"https:\/\/www.clusteraudiovisual.cat\/es\/crece-un-14-el-volumen-de-negocio-del-sector-audiovisual-catalan\/\"  id='av-masonry-1-item-49238' data-av-masonry-item='49238' class='av-masonry-entry isotope-item post-49238 post type-post status-publish format-standard has-post-thumbnail hentry category-actualidad  av-masonry-item-with-image' title=\"2025_Noticia_Presentacio-informe-audiovisual-accio-ise\"   itemscope=\"itemscope\" itemtype=\"https:\/\/schema.org\/CreativeWork\" ><div class='av-inner-masonry-sizer'><\/div><figure class='av-inner-masonry main_color'><div class=\"av-masonry-outerimage-container\"><div class='av-masonry-image-container' style=\"background-image: url(https:\/\/www.clusteraudiovisual.cat\/wp-content\/uploads\/2025\/01\/2025_Noticia_Presentacio-informe-audiovisual-accio-ise-705x397.jpg);\"  title=\"2025_Noticia_Presentacio-informe-audiovisual-accio-ise\" ><\/div><\/div><figcaption class='av-inner-masonry-content site-background'><div class='av-inner-masonry-content-pos'><div class='av-inner-masonry-content-pos-content'><div class='avia-arrow'><\/div><h3 class='av-masonry-entry-title entry-title '  itemprop=\"headline\" >Crece un 14% el volumen de negocio del sector audiovisual catal\u00e1n<\/h3><span class='av-masonry-date meta-color updated'>27 de enero de 2025<\/span><span class=\"av-masonry-text-sep text-sep-author\">\/<\/span><span class='av-masonry-author meta-color author'><span class='fn'>por ngrinyo<\/span><\/span><\/div><\/div><\/figcaption><\/figure><\/a><!--end av-masonry entry--><a href=\"https:\/\/www.clusteraudiovisual.cat\/es\/descubre-las-empresas-socias-del-cluster-presentes-en-la-feria-ise-2025\/\"  id='av-masonry-1-item-49226' data-av-masonry-item='49226' class='av-masonry-entry isotope-item post-49226 post type-post status-publish format-standard has-post-thumbnail hentry category-actualidad  av-masonry-item-with-image' title=\"ISE 2025 Header Web responsive_1\"   itemscope=\"itemscope\" itemtype=\"https:\/\/schema.org\/CreativeWork\" ><div class='av-inner-masonry-sizer'><\/div><figure class='av-inner-masonry main_color'><div class=\"av-masonry-outerimage-container\"><div class='av-masonry-image-container' style=\"background-image: url(https:\/\/www.clusteraudiovisual.cat\/wp-content\/uploads\/2024\/12\/ISE-2025-Header-Web-responsive_1-626x705.jpg);\"  title=\"ISE 2025 Header Web responsive_1\" ><\/div><\/div><figcaption class='av-inner-masonry-content site-background'><div class='av-inner-masonry-content-pos'><div class='av-inner-masonry-content-pos-content'><div class='avia-arrow'><\/div><h3 class='av-masonry-entry-title entry-title '  itemprop=\"headline\" >Descubre las empresas socias del Cl\u00faster presentes en la Feria ISE 2025<\/h3><span class='av-masonry-date meta-color updated'>9 de enero de 2025<\/span><span class=\"av-masonry-text-sep text-sep-author\">\/<\/span><span class='av-masonry-author meta-color author'><span class='fn'>por ngrinyo<\/span><\/span><\/div><\/div><\/figcaption><\/figure><\/a><!--end av-masonry entry--><a href=\"https:\/\/www.clusteraudiovisual.cat\/es\/podcast-produccion-virtual\/\"  id='av-masonry-1-item-45421' data-av-masonry-item='45421' class='av-masonry-entry isotope-item post-45421 post type-post status-publish format-standard has-post-thumbnail hentry category-actualidad  av-masonry-item-with-image' title=\"2024_Podcast_Catalunya-virtual-production_2\"   itemscope=\"itemscope\" itemtype=\"https:\/\/schema.org\/CreativeWork\" ><div class='av-inner-masonry-sizer'><\/div><figure class='av-inner-masonry main_color'><div class=\"av-masonry-outerimage-container\"><div class='av-masonry-image-container' style=\"background-image: url(https:\/\/www.clusteraudiovisual.cat\/wp-content\/uploads\/2024\/12\/2024_Podcast_Catalunya-virtual-production_2-705x397.jpg);\"  title=\"2024_Podcast_Catalunya-virtual-production_2\" ><\/div><\/div><figcaption class='av-inner-masonry-content site-background'><div class='av-inner-masonry-content-pos'><div class='av-inner-masonry-content-pos-content'><div class='avia-arrow'><\/div><h3 class='av-masonry-entry-title entry-title '  itemprop=\"headline\" >Catalu\u00f1a, l\u00edder en producci\u00f3n virtual<\/h3><span class='av-masonry-date meta-color updated'>10 de diciembre de 2024<\/span><span class=\"av-masonry-text-sep text-sep-author\">\/<\/span><span class='av-masonry-author meta-color author'><span class='fn'>por ngrinyo<\/span><\/span><\/div><\/div><\/figcaption><\/figure><\/a><!--end av-masonry entry--><a href=\"https:\/\/www.clusteraudiovisual.cat\/es\/el-cluster-audiovisual-celebra-con-exito-su-tercera-inmersion-estrategica\/\"  id='av-masonry-1-item-43456' data-av-masonry-item='43456' class='av-masonry-entry isotope-item post-43456 post type-post status-publish format-standard has-post-thumbnail hentry category-actualidad  av-masonry-item-with-image' title=\"2024_Noticia_Immersi\u00f3-Estrat\u00e8gica_1\"   itemscope=\"itemscope\" itemtype=\"https:\/\/schema.org\/CreativeWork\" ><div class='av-inner-masonry-sizer'><\/div><figure class='av-inner-masonry main_color'><div class=\"av-masonry-outerimage-container\"><div class='av-masonry-image-container' style=\"background-image: url(https:\/\/www.clusteraudiovisual.cat\/wp-content\/uploads\/2024\/10\/2024_Noticia_Immersio-Estrategica_1-705x397.jpg);\"  title=\"2024_Noticia_Immersi\u00f3-Estrat\u00e8gica_1\" ><\/div><\/div><figcaption class='av-inner-masonry-content site-background'><div class='av-inner-masonry-content-pos'><div class='av-inner-masonry-content-pos-content'><div class='avia-arrow'><\/div><h3 class='av-masonry-entry-title entry-title '  itemprop=\"headline\" >El Cl\u00faster Audiovisual celebra con \u00e9xito su tercera Inmersi\u00f3n Estrat\u00e9gica<\/h3><span class='av-masonry-date meta-color updated'>20 de septiembre de 2024<\/span><span class=\"av-masonry-text-sep text-sep-author\">\/<\/span><span class='av-masonry-author meta-color author'><span class='fn'>por ngrinyo<\/span><\/span><\/div><\/div><\/figcaption><\/figure><\/a><!--end av-masonry entry--><a href=\"https:\/\/www.clusteraudiovisual.cat\/es\/autenticamente-vina-un-trabajo-cooperativo-entre-audiovisual-y-mundo-vitivinicola\/\"  id='av-masonry-1-item-41736' data-av-masonry-item='41736' class='av-masonry-entry isotope-item post-41736 post type-post status-publish format-standard has-post-thumbnail hentry category-actualidad  av-masonry-item-with-image' title=\"2024_Actualitat_Autenticament-vinya\"   itemscope=\"itemscope\" itemtype=\"https:\/\/schema.org\/CreativeWork\" ><div class='av-inner-masonry-sizer'><\/div><figure class='av-inner-masonry main_color'><div class=\"av-masonry-outerimage-container\"><div class='av-masonry-image-container' style=\"background-image: url(https:\/\/www.clusteraudiovisual.cat\/wp-content\/uploads\/2024\/08\/2024_Actualitat_Autenticament-vinya-705x321.jpg);\"  title=\"2024_Actualitat_Autenticament-vinya\" ><\/div><\/div><figcaption class='av-inner-masonry-content site-background'><div class='av-inner-masonry-content-pos'><div class='av-inner-masonry-content-pos-content'><div class='avia-arrow'><\/div><h3 class='av-masonry-entry-title entry-title '  itemprop=\"headline\" >\u201cAut\u00e9nticamente vi\u00f1a\u201d, un trabajo cooperativo entre audiovisual y mundo vitivin\u00edcola<\/h3><span class='av-masonry-date meta-color updated'>1 de agosto de 2024<\/span><span class=\"av-masonry-text-sep text-sep-author\">\/<\/span><span class='av-masonry-author meta-color author'><span class='fn'>por ngrinyo<\/span><\/span><\/div><\/div><\/figcaption><\/figure><\/a><!--end av-masonry entry--><\/div><a class='av-masonry-pagination av-masonry-load-more' href='#load-more'  data-link='category, 1'  data-term_rel='IN'  data-wc_prod_visible=''  data-wc_prod_hidden='hide'  data-wc_prod_featured=''  data-wc_prod_sale=''  data-prod_order_by=''  data-prod_order=''  data-date_filter=''  data-date_filter_start=''  data-date_filter_end=''  data-date_filter_format='yy\/mm\/dd'  data-period_filter_unit_1=''  data-period_filter_unit_2=''  data-page_element_filter=''  data-sort='no'  data-query_orderby='date'  data-query_order='DESC'  data-caption_elements='title'  data-caption_styling='overlay'  data-caption_display='on-hover-hide'  data-img_copyright=''  data-size='fixed'  data-orientation='av-orientation-square'  data-image_size='masonry'  data-gap='large'  data-columns='4'  data-av-desktop-columns=''  data-av-medium-columns=''  data-av-small-columns=''  data-av-mini-columns=''  data-items='18'  data-paginate='load_more'  data-color='custom'  data-custom_bg='#ffffff'  data-img_copyright_font=''  data-av-desktop-font-img_copyright_font=''  data-av-medium-font-img_copyright_font=''  data-av-small-font-img_copyright_font=''  data-av-mini-font-img_copyright_font=''  data-img_copyright_color=''  data-img_copyright_bg=''  data-animation='active'  data-animation_duration=''  data-animation_custom_bg_color=''  data-animation_custom_bg_color_multi_list=''  data-animation_z_index_curtain='100'  data-overlay_fx='active'  data-img_scrset=''  data-lazy_loading='enabled'  data-av-desktop-hide=''  data-av-medium-hide=''  data-av-small-hide=''  data-av-mini-hide=''  data-alb_description=''  data-id='av-masonry-entry-sil'  data-custom_class='av-masonry-entry-sil'  data-template_class=''  data-av_uid='av-kkzqhvf6'  data-sc_version='1.0'  data-ids=''  data-action=''  data-post_type='post, page, attachment, revision, nav_menu_item, custom_css, customize_changeset, oembed_cache, user_request, wp_block, wp_template, wp_template_part, wp_global_styles, wp_navigation, wp_font_family, wp_font_face, wpcode, acf-taxonomy, acf-post-type, acf-ui-options-page, acf-field-group, acf-field, alb_custom_layout, avia_framework_post, class, tribe_venue, tribe_organizer, tribe_events, tribe-ea-record, deleted_event, soci-cav, prj-cav, subvencio-cav, projecte-propi, dades-sector, int-practiques, int-estatut, int-assemblea, int-recurs, projecte-innovacio, portfolio, tec_calendar_embed'  data-offset='0'  data-container_links='active'  data-link_dest=''  data-lightbox_text=''  data-container_class='av-masonry-entries'  data-auto_ratio='1.7'  data-set_breadcrumb='1'  data-custom_markup=''  data-taxonomy='category'  data-categories='21'  data-avno='8fa805aac4'>Cargar m\u00e1s<\/a><\/div><\/div><\/p>\n<\/div><\/div><\/div><!-- close content main div --><\/div><\/div>\n<style type=\"text\/css\" data-created_by=\"avia_inline_auto\" id=\"style-css-av-kl7zittb-e42b5e993ee8dfdfea5e02be1daa33a0\">\n.avia-section.av-kl7zittb-e42b5e993ee8dfdfea5e02be1daa33a0{\nbackground-color:#3f94cc;\nbackground-image:url(https:\/\/www.clusteraudiovisual.cat\/wp-content\/uploads\/2021\/02\/ilustracio-cluster-3.png);\nbackground-repeat:no-repeat;\nbackground-position:0% 100%;\nbackground-attachment:scroll;\n}\n<\/style>\n<div id='av_section_2'  class='avia-section av-kl7zittb-e42b5e993ee8dfdfea5e02be1daa33a0 alternate_color avia-section-large avia-no-border-styling  avia-builder-el-5  el_after_av_one_full  avia-builder-el-last  mailchimp avia-bg-style-scroll container_wrap fullsize'  data-section-bg-repeat='no-repeat'><div class='container av-section-cont-open' ><div class='template-page content av-content-full alpha units'><div class='post-entry post-entry-type-page post-entry-38461'><div class='entry-content-wrapper clearfix'>\n\n<style type=\"text\/css\" data-created_by=\"avia_inline_auto\" id=\"style-css-av-46z8rc-fad23752e097a31c89901a520d00e319\">\n.flex_column.av-46z8rc-fad23752e097a31c89901a520d00e319{\nborder-radius:0px 0px 0px 0px;\npadding:0px 0px 0px 0px;\n}\n<\/style>\n<div  class='flex_column av-46z8rc-fad23752e097a31c89901a520d00e319 av_one_half  avia-builder-el-6  el_before_av_one_half  avia-builder-el-first  first flex_column_div av-zero-column-padding  '     ><style type=\"text\/css\" data-created_by=\"avia_inline_auto\" id=\"style-css-av-kl7zwz8r-44cb6071ef313817eec6f7b46a446018\">\n#top .av_textblock_section.av-kl7zwz8r-44cb6071ef313817eec6f7b46a446018 .avia_textblock{\ncolor:#ffffff;\n}\n<\/style>\n<section  class='av_textblock_section av-kl7zwz8r-44cb6071ef313817eec6f7b46a446018 '   itemscope=\"itemscope\" itemtype=\"https:\/\/schema.org\/CreativeWork\" ><div class='avia_textblock av_inherit_color'  itemprop=\"text\" ><h3>Subscriu-te al butllet\u00ed<\/h3>\n<\/div><\/section><\/div>\n<style type=\"text\/css\" data-created_by=\"avia_inline_auto\" id=\"style-css-av-2nw7vc-ec20e3f11b902de911f14824512ab1ce\">\n.flex_column.av-2nw7vc-ec20e3f11b902de911f14824512ab1ce{\nborder-radius:0px 0px 0px 0px;\npadding:0px 0px 0px 0px;\n}\n<\/style>\n<div  class='flex_column av-2nw7vc-ec20e3f11b902de911f14824512ab1ce av_one_half  avia-builder-el-8  el_after_av_one_half  avia-builder-el-last  flex_column_div av-zero-column-padding  '     ><form action=\"https:\/\/www.clusteraudiovisual.cat\/es\/actualidad\/\" method=\"post\"  data-av-custom-send='mailchimp_send'data-fields-with-error=\"Found errors in the following field(s):\" class=\"avia_ajax_form av-form-labels-visible   avia-builder-el-9  avia-builder-el-no-sibling   avia-mailchimp-form \" data-avia-form-id=\"1\" data-avia-redirect='' ><fieldset><p class='  first_form  form_element form_element_half' id='element_avia_1_1'><label for=\"avia_1_1\">Nom<\/label> <input name=\"avia_1_1\" class=\"text_input \" type=\"text\" id=\"avia_1_1\" value=\"\" \/><\/p><p class='  form_element form_element_half' id='element_avia_0_1'><label for=\"avia_0_1\">Adre\u00e7a electr\u00f2nica <abbr class=\"required\" title=\"requerido\">*<\/abbr><\/label> <input name=\"avia_0_1\" class=\"text_input is_email\" type=\"text\" id=\"avia_0_1\" value=\"\" \/><\/p><p class=\"form_element  first_form  form_element form_element_fourth av-last-visible-form-element modified_width\"><input type=\"hidden\" value=\"1\" name=\"avia_generated_form1\" \/><input type=\"submit\" value=\"Em subscric\" class=\"button\"  data-sending-label=\"Enviando\"\/><\/p><p class=\"hidden\"><input type=\"text\" name=\"avia_avia_username_1\" class=\"hidden \" id=\"avia_avia_username_1\" value=\"\" \/><\/p><\/fieldset><\/form><div id=\"ajaxresponse_1\" class=\"ajaxresponse ajaxresponse_1 hidden\"><\/div><\/div>\n\n","protected":false},"excerpt":{"rendered":"","protected":false},"author":1,"featured_media":0,"parent":0,"menu_order":0,"comment_status":"closed","ping_status":"closed","template":"","meta":{"_acf_changed":false,"footnotes":""},"class_list":["post-38461","page","type-page","status-publish","hentry"],"acf":[],"yoast_head":"<!-- This site is optimized with the Yoast SEO plugin v27.0 - https:\/\/yoast.com\/product\/yoast-seo-wordpress\/ -->\n<title>ACTUALIDAD - Cl\u00faster Audiovisual<\/title>\n<meta name=\"robots\" content=\"index, follow, max-snippet:-1, max-image-preview:large, max-video-preview:-1\" \/>\n<link rel=\"canonical\" href=\"https:\/\/www.clusteraudiovisual.cat\/es\/actualidad\/\" \/>\n<meta property=\"og:locale\" content=\"es_ES\" \/>\n<meta property=\"og:type\" content=\"article\" \/>\n<meta property=\"og:title\" content=\"ACTUALIDAD - Cl\u00faster Audiovisual\" \/>\n<meta property=\"og:url\" content=\"https:\/\/www.clusteraudiovisual.cat\/es\/actualidad\/\" \/>\n<meta property=\"og:site_name\" content=\"Cl\u00faster Audiovisual\" \/>\n<meta property=\"article:modified_time\" content=\"2025-04-24T14:07:31+00:00\" \/>\n<meta name=\"twitter:card\" content=\"summary_large_image\" \/>\n<meta name=\"twitter:label1\" content=\"Tiempo de lectura\" \/>\n\t<meta name=\"twitter:data1\" content=\"3 minutos\" \/>\n<script type=\"application\/ld+json\" class=\"yoast-schema-graph\">{\"@context\":\"https:\/\/schema.org\",\"@graph\":[{\"@type\":\"WebPage\",\"@id\":\"https:\/\/www.clusteraudiovisual.cat\/es\/actualidad\/\",\"url\":\"https:\/\/www.clusteraudiovisual.cat\/es\/actualidad\/\",\"name\":\"ACTUALIDAD - Cl\u00faster Audiovisual\",\"isPartOf\":{\"@id\":\"https:\/\/www.clusteraudiovisual.cat\/es\/#website\"},\"datePublished\":\"2023-12-20T13:36:18+00:00\",\"dateModified\":\"2025-04-24T14:07:31+00:00\",\"inLanguage\":\"es\",\"potentialAction\":[{\"@type\":\"ReadAction\",\"target\":[\"https:\/\/www.clusteraudiovisual.cat\/es\/actualidad\/\"]}]},{\"@type\":\"WebSite\",\"@id\":\"https:\/\/www.clusteraudiovisual.cat\/es\/#website\",\"url\":\"https:\/\/www.clusteraudiovisual.cat\/es\/\",\"name\":\"Cl\u00faster Audiovisual\",\"description\":\"Associaci\u00f3 d&#039;empreses que integren el sector audiovisual.\",\"potentialAction\":[{\"@type\":\"SearchAction\",\"target\":{\"@type\":\"EntryPoint\",\"urlTemplate\":\"https:\/\/www.clusteraudiovisual.cat\/es\/?s={search_term_string}\"},\"query-input\":{\"@type\":\"PropertyValueSpecification\",\"valueRequired\":true,\"valueName\":\"search_term_string\"}}],\"inLanguage\":\"es\"}]}<\/script>\n<!-- \/ Yoast SEO plugin. -->","yoast_head_json":{"title":"ACTUALIDAD - Cl\u00faster Audiovisual","robots":{"index":"index","follow":"follow","max-snippet":"max-snippet:-1","max-image-preview":"max-image-preview:large","max-video-preview":"max-video-preview:-1"},"canonical":"https:\/\/www.clusteraudiovisual.cat\/es\/actualidad\/","og_locale":"es_ES","og_type":"article","og_title":"ACTUALIDAD - Cl\u00faster Audiovisual","og_url":"https:\/\/www.clusteraudiovisual.cat\/es\/actualidad\/","og_site_name":"Cl\u00faster Audiovisual","article_modified_time":"2025-04-24T14:07:31+00:00","twitter_card":"summary_large_image","twitter_misc":{"Tiempo de lectura":"3 minutos"},"schema":{"@context":"https:\/\/schema.org","@graph":[{"@type":"WebPage","@id":"https:\/\/www.clusteraudiovisual.cat\/es\/actualidad\/","url":"https:\/\/www.clusteraudiovisual.cat\/es\/actualidad\/","name":"ACTUALIDAD - Cl\u00faster Audiovisual","isPartOf":{"@id":"https:\/\/www.clusteraudiovisual.cat\/es\/#website"},"datePublished":"2023-12-20T13:36:18+00:00","dateModified":"2025-04-24T14:07:31+00:00","inLanguage":"es","potentialAction":[{"@type":"ReadAction","target":["https:\/\/www.clusteraudiovisual.cat\/es\/actualidad\/"]}]},{"@type":"WebSite","@id":"https:\/\/www.clusteraudiovisual.cat\/es\/#website","url":"https:\/\/www.clusteraudiovisual.cat\/es\/","name":"Cl\u00faster Audiovisual","description":"Associaci\u00f3 d&#039;empreses que integren el sector audiovisual.","potentialAction":[{"@type":"SearchAction","target":{"@type":"EntryPoint","urlTemplate":"https:\/\/www.clusteraudiovisual.cat\/es\/?s={search_term_string}"},"query-input":{"@type":"PropertyValueSpecification","valueRequired":true,"valueName":"search_term_string"}}],"inLanguage":"es"}]}},"_links":{"self":[{"href":"https:\/\/www.clusteraudiovisual.cat\/es\/wp-json\/wp\/v2\/pages\/38461","targetHints":{"allow":["GET"]}}],"collection":[{"href":"https:\/\/www.clusteraudiovisual.cat\/es\/wp-json\/wp\/v2\/pages"}],"about":[{"href":"https:\/\/www.clusteraudiovisual.cat\/es\/wp-json\/wp\/v2\/types\/page"}],"author":[{"embeddable":true,"href":"https:\/\/www.clusteraudiovisual.cat\/es\/wp-json\/wp\/v2\/users\/1"}],"replies":[{"embeddable":true,"href":"https:\/\/www.clusteraudiovisual.cat\/es\/wp-json\/wp\/v2\/comments?post=38461"}],"version-history":[{"count":4,"href":"https:\/\/www.clusteraudiovisual.cat\/es\/wp-json\/wp\/v2\/pages\/38461\/revisions"}],"predecessor-version":[{"id":48682,"href":"https:\/\/www.clusteraudiovisual.cat\/es\/wp-json\/wp\/v2\/pages\/38461\/revisions\/48682"}],"wp:attachment":[{"href":"https:\/\/www.clusteraudiovisual.cat\/es\/wp-json\/wp\/v2\/media?parent=38461"}],"curies":[{"name":"wp","href":"https:\/\/api.w.org\/{rel}","templated":true}]}}