{"id":20982,"date":"2022-01-12T18:10:15","date_gmt":"2022-01-12T18:10:15","guid":{"rendered":"https:\/\/www.clusteraudiovisual.cat\/?page_id=20982"},"modified":"2022-01-27T14:46:14","modified_gmt":"2022-01-27T14:46:14","slug":"test-es","status":"publish","type":"page","link":"https:\/\/www.clusteraudiovisual.cat\/es\/test-es\/","title":{"rendered":"Test ES"},"content":{"rendered":"<div id=\"cav_projectes\"><div id=\"cav_projectes_filters\" class=\"\"> <div id=\"cav_projectes_filters_inner\"><div id=\"prj_form_filter\">\r\n\r\n    <div id=\"prj_form_filter_container\">\r\n\r\n        <div class=\"filter-group group_title\"><h3>Busca por:<\/h3><\/div>\r\n\r\n        <div class=\"filter-group select_multiple_filter select_multiple_any\"><h3 class=\"cav_prj_filter_title\">A\u00f1o<\/h3><select id=\"filter_cav_prj_any\" name=\"filter_cav_prj_any\" multiple=\"multiple\"><option value=\".467\">2015<\/option><option value=\".464\">2016<\/option><option value=\".463\">2017<\/option><option value=\".461\">2018<\/option><option value=\".459\">2019<\/option><option value=\".457\">2020<\/option><option value=\".455\">2021<\/option><option value=\".685\">2022<\/option><option value=\".707\">2023<\/option><option value=\".729\">2024<\/option><option value=\".816\">2025<\/option><\/select><\/div>        <div class=\"filter-group select_multiple_filter select_multiple_cat\"><h3 class=\"cav_filter_prj_title\">Categor\u00eda<\/h3><select id=\"filter_cav_prj_cat\" name=\"filter_cav_prj_cat\" multiple=\"multiple\"><option value=\".701\">Digital Creativa<\/option><option value=\".731\">Entretenimiento<\/option><option value=\".444\">Ficci\u00f3n<\/option><option value=\".449\">Formatos TV<\/option><option value=\".447\">No Ficci\u00f3n<\/option><option value=\".703\">Nuevas Tecnolog\u00edas y Experiencias Inmersivas<\/option><option value=\".451\">Nuevas Ventanas<\/option><option value=\".453\">Videojuegos<\/option><\/select><\/div>        <div class=\"filter-group select_multiple_filter select_multiple_uni\"><h3 class=\"cav_filter_prj_title\">Universidad<\/h3><select id=\"filter_cav_prj_uni\" name=\"filter_cav_prj_uni\" multiple=\"multiple\"><option value=\".481\">BAU Centre Universitari de Disseny<\/option><option value=\".484\">Blanquerna &#8211; Universitat Ramon Llull<\/option><option value=\".495\">CITM (Centre de la Imatge i la Tecnologia Multim\u00e8dia)<\/option><option value=\".493\">ENTI (Escola de Noves Tecnologies Interactives)<\/option><option value=\".503\">Escola Universit\u00e0ria ERAM<\/option><option value=\".515\">ESDi Escuela Superior de Dise\u00f1o<\/option><option value=\".667\">FAMU (Film and TV School of the Academy of Performing Arts in Pragu)<\/option><option value=\".521\">Film Academy Baden-W\u00fcrttemberg GmbH (Filmakademie Baden-W\u00fcrttemberg GmbH)<\/option><option value=\".669\">Internationale FilmSchule K\u00f6ln<\/option><option value=\".487\">La Salle &#8211; Universitat Ramon Llull<\/option><option value=\".712\">LCI Barcelona<\/option><option value=\".671\">London Film School<\/option><option value=\".673\">Milano Civica Scuola di Cinema<\/option><option value=\".675\">Tallin University<\/option><option value=\".483\">TecnoCampus<\/option><option value=\".681\">UNATC (Universitatea Na\u021bional\u0103 de Art\u0103 Teatral\u0103 \u0219i Cinematografic\u0103<\/option><option value=\".677\">Universidad Carlos III de Madrid<\/option><option value=\".715\">Universidad de Alcal\u00e1<\/option><option value=\".679\">Universidad de Murcia<\/option><option value=\".505\">Universidad de Navarra<\/option><option value=\".735\">Universidad de Sevilla<\/option><option value=\".501\">Universidade da Coru\u00f1a<\/option><option value=\".519\">Universitat Abat Oliva<\/option><option value=\".469\">Universitat Aut\u00f2noma de Barcelona<\/option><option value=\".517\">Universitat Complutense de Madrid<\/option><option value=\".471\">Universitat de Barcelona<\/option><option value=\".513\">Universitat de Copenhaguen (Copenhagen University)<\/option><option value=\".473\">Universitat de Lleida<\/option><option value=\".509\">Universitat de Val\u00e8ncia<\/option><option value=\".475\">Universitat de Vic<\/option><option value=\".511\">Universitat de Zagreb (Sveu\u010dili\u0161te u Zagrebu)<\/option><option value=\".489\">Universitat del Pa\u00eds Basc (Euskal Herriko Unibertsitatea)<\/option><option value=\".477\">Universitat Internacional de Catalunya<\/option><option value=\".709\">Universitat Jaume I<\/option><option value=\".507\">Universitat Oberta de Catalunya<\/option><option value=\".497\">Universitat Polit\u00e8cnica de Catalunya<\/option><option value=\".479\">Universitat Pompeu Fabra<\/option><option value=\".499\">Universitat Rovira i Virgili<\/option><\/select><\/div>        <div class=\"filter-group group_button\">\r\n\r\n            <a id=\"cav_clear_prj_filters\">Borrar filtros<\/a>\r\n\r\n        <\/div>\r\n\r\n    <\/div>\r\n\r\n<\/div>\r\n\r\n\r\n\r\n\r\n <\/div> <\/div><script type=\"text\/javascript\">document.addEventListener(\"DOMContentLoaded\", function(event) { isFilterOn = true; });<\/script><div id=\"cav_projectes_slider_ref\" style=\"position: relative; width: 100%;\"><\/div><div id=\"cav_projectes_slider\" class=\"\"><div id=\"prj_slider_controls\" class=\"\"><div id=\"prj_slider_link_izq\" class=\"\"><\/div><div id=\"prj_slider_link_der\" class=\"\"><\/div><div id=\"prj_slider_link_close\" class=\"\"><\/div><\/div><div id=\"cav_projectes_slider_loader\" class=\"\"><img loading=\"lazy\" decoding=\"async\" width=\"32\" height=\"32\" src=\"https:\/\/www.clusteraudiovisual.cat\/wp-content\/themes\/enfold-child\/img\/ajax-loader-c.gif\" alt=\"loading\"><\/div><div id=\"cav_projectes_owl_slider\"><div id=\"cav_projectes_inner_slider\" class=\"\"><img decoding=\"async\" src=\"https:\/\/www.clusteraudiovisual.cat\/wp-content\/themes\/enfold-child\/img\/ajax-loader-lin-corto.gif\" alt=\"loading\"><\/div><div id=\"prj_slider\" class=\"owl-carousel\"><div id=\"18075\" class=\"prj_slider_item\" data-id=\"18075\"><div class=\"prj_inner_slide\"><div class=\"prj_slide_img\"><img decoding=\"async\" class=\"img_projecte 18075\" src=\"https:\/\/www.clusteraudiovisual.cat\/wp-content\/uploads\/2021\/12\/tacon.png\" alt=\"\u00a1Eres tan travesti!\" title=\"\u00a1Eres tan travesti!\" \/><\/div><div class=\"prj_slide_data\"><div class=\"prj_slide_data_inner\"><p class=\"prj_slide_data_title\">\u00a1Eres tan travesti!<\/p><p class=\"prj_slide_data_equip\"><strong>Equipo:<\/strong> C\u00e9sar Est\u00e9vez, Miguel Retegui<\/p><p class=\"prj_slide_data_uni\"><strong>Universidad:<\/strong> Blanquerna &#8211; Universitat Ramon Llull<span class=\"\"<\/p><p class=\"prj_slide_data_any\"><strong>A\u00f1o:<\/strong> 2019<span class=\"\"<\/p><p class=\"prj_slide_data_cat\"><strong>Categor\u00eda:<\/strong> Formatos TV<span class=\"\"<\/p><div class=\"prj_slide_data_sinopsi_container\"><p class=\"sinopsi_title\" data-id=\"sinopsi_18075\"><span class=\"sinopsi_toggle\">[+]<\/span> Sinopsis<\/p><div id=\"sinopsi_18075\" class=\"prj_slide_data_sinopsi\"><div class=\"prj_slide_data_sinopsi_inner\"><p>La Prohibida, Killer Queen, Drag Sethlas y Chanel Anorex son 4 travestis espa\u00f1olas que buscan dar un paso m\u00e1s en su carrera art\u00edstica y poder cumplir as\u00ed su meta final. Para conseguir su objetivo las veremos trabajar, divertirse, sufrir y conectar con su lado m\u00e1s personal.<br \/>\nUn docureality que nos acerca al travestismo de nuestro pa\u00eds siguiendo el d\u00eda a d\u00eda de nuestras protagonistas, ense\u00f1\u00e1ndonos lo que son de d\u00eda y lo que son de noche.<br \/>\n\u00a1Eres Tan Travesti! trae alegr\u00eda, diversi\u00f3n y, sobre todo, una buena fiesta entre amigas. No lo pienses m\u00e1s. \u00a1\u00danete a la fantas\u00eda!<\/p>\n<\/div><\/div><\/div><\/div><\/div><\/div><\/div><div id=\"51702\" class=\"prj_slider_item\" data-id=\"51702\"><div class=\"prj_inner_slide\"><div class=\"prj_slide_img\"><img decoding=\"async\" class=\"img_projecte 51702\" src=\"https:\/\/www.clusteraudiovisual.cat\/wp-content\/uploads\/2025\/10\/ST25_Projecte_\u00a1Que-follon.jpg\" alt=\"\u00a1Qu\u00e9 foll\u00f3n!\" title=\"\u00a1Qu\u00e9 foll\u00f3n!\" \/><\/div><div class=\"prj_slide_data\"><div class=\"prj_slide_data_inner\"><p class=\"prj_slide_data_title\">\u00a1Qu\u00e9 foll\u00f3n!<\/p><p class=\"prj_slide_data_equip\"><strong>Equipo:<\/strong> Sergio Abellaneda Segovia, Ainoa Pastor L\u00f3pez<\/p><p class=\"prj_slide_data_uni\"><strong>Universidad:<\/strong> Universidad de Murcia<span class=\"\"<\/p><p class=\"prj_slide_data_any\"><strong>A\u00f1o:<\/strong> 2025<span class=\"\"<\/p><p class=\"prj_slide_data_cat\"><strong>Categor\u00eda:<\/strong> Ficci\u00f3n<span class=\"\"<\/p><div class=\"prj_slide_data_sinopsi_container\"><p class=\"sinopsi_title\" data-id=\"sinopsi_51702\"><span class=\"sinopsi_toggle\">[+]<\/span> Sinopsis<\/p><div id=\"sinopsi_51702\" class=\"prj_slide_data_sinopsi\"><div class=\"prj_slide_data_sinopsi_inner\"><p>\u00bfAcaso no ser\u00eda interesante plantear una serie de comedia en la que los protagonistas fueran personas mayores? <em>\u00a1Qu\u00e9 foll\u00f3n!<\/em> es un proyecto de ficci\u00f3n seriada de formato sitcom <em>verit\u00e9<\/em>.<\/p>\n<\/div><\/div><\/div><\/div><\/div><\/div><\/div><div id=\"18266\" class=\"prj_slider_item\" data-id=\"18266\"><div class=\"prj_inner_slide\"><div class=\"prj_slide_img\"><img decoding=\"async\" class=\"img_projecte 18266\" src=\"https:\/\/www.clusteraudiovisual.cat\/wp-content\/uploads\/2021\/12\/vuelvealpueblo-1.png\" alt=\"\u00a1Vuelve al pueblo!\" title=\"\u00a1Vuelve al pueblo!\" \/><\/div><div class=\"prj_slide_data\"><div class=\"prj_slide_data_inner\"><p class=\"prj_slide_data_title\">\u00a1Vuelve al pueblo!<\/p><p class=\"prj_slide_data_equip\"><strong>Equipo:<\/strong> Mar\u00eda del Mar Alf\u00e9rez L\u00f3pez, Lara Amores L\u00f3pez<\/p><p class=\"prj_slide_data_uni\"><strong>Universidad:<\/strong> Blanquerna &#8211; Universitat Ramon Llull<span class=\"\"<\/p><p class=\"prj_slide_data_any\"><strong>A\u00f1o:<\/strong> 2021<span class=\"\"<\/p><p class=\"prj_slide_data_cat\"><strong>Categor\u00eda:<\/strong> Formatos TV<span class=\"\"<\/p><div class=\"prj_slide_data_sinopsi_container\"><p class=\"sinopsi_title\" data-id=\"sinopsi_18266\"><span class=\"sinopsi_toggle\">[+]<\/span> Sinopsis<\/p><div id=\"sinopsi_18266\" class=\"prj_slide_data_sinopsi\"><div class=\"prj_slide_data_sinopsi_inner\"><p>Durante su juventud, mucha gente opt\u00f3 por irse de su pueblo a la ciudad para encontrar un trabajo y prosperidad. Ahora, solo quedan casas vac\u00edas en un municipio que necesita gente. En <em>\u00a1Vuelve Al Pueblo!<\/em>, cuatro j\u00f3venes urbanitas con ganas de cambiar de aires har\u00e1n match con cuatro abuelos para vivir juntos en este municipio. Juntos se embarcar\u00e1n en una aventura rural para darle una segunda vida al pueblo que vio crecer al abuelo y empezar as\u00ed, una nueva etapa en el mismo.<\/p>\n<\/div><\/div><\/div><\/div><\/div><\/div><\/div><div id=\"17815\" class=\"prj_slider_item\" data-id=\"17815\"><div class=\"prj_inner_slide\"><div class=\"prj_slide_img\"><img decoding=\"async\" class=\"img_projecte 17815\" src=\"https:\/\/www.clusteraudiovisual.cat\/wp-content\/uploads\/2021\/12\/subesobajas.png\" alt=\"\u00bfSubes o Bajas?\" title=\"\u00bfSubes o Bajas?\" \/><\/div><div class=\"prj_slide_data\"><div class=\"prj_slide_data_inner\"><p class=\"prj_slide_data_title\">\u00bfSubes o Bajas?<\/p><p class=\"prj_slide_data_equip\"><strong>Equipo:<\/strong> Helena Calduch, Marc Soler<\/p><p class=\"prj_slide_data_uni\"><strong>Universidad:<\/strong> Universitat Rovira i Virgili<span class=\"\"<\/p><p class=\"prj_slide_data_any\"><strong>A\u00f1o:<\/strong> 2017<span class=\"\"<\/p><p class=\"prj_slide_data_cat\"><strong>Categor\u00eda:<\/strong> Formatos TV<span class=\"\"<\/p><div class=\"prj_slide_data_sinopsi_container\"><p class=\"sinopsi_title\" data-id=\"sinopsi_17815\"><span class=\"sinopsi_toggle\">[+]<\/span> Sinopsis<\/p><div id=\"sinopsi_17815\" class=\"prj_slide_data_sinopsi\"><div class=\"prj_slide_data_sinopsi_inner\"><p><em>\u00bfSubes o bajas?<\/em> es un quiz-show con elementos de game-show donde cuatro parejas de concursantes compiten para llegar a la fase final: un reto que se disputar\u00e1 en unas plataformas suspendidas en el aire para alcanzar 100.000\u20ac. Si aciertan las preguntas, subir\u00e1n de nivel. Pero, si fallan, bajar\u00e1n de altura y la posibilidad de ganar el premio ser\u00e1 menor. Para lograrlo, antes deber\u00e1n superar tres rondas previas a la final, donde demostrar\u00e1n su ingenio, constancia y rapidez, adem\u00e1s de la compenetraci\u00f3n con su pareja. Con el game y el humor como elementos principales, este concurso, reta a distintas parejas a partir de dos elementos clave: sus conocimientos y habilidades.<\/p>\n<\/div><\/div><\/div><\/div><\/div><\/div><\/div><div id=\"44543\" class=\"prj_slider_item\" data-id=\"44543\"><div class=\"prj_inner_slide\"><div class=\"prj_slide_img\"><img decoding=\"async\" class=\"img_projecte 44543\" src=\"https:\/\/www.clusteraudiovisual.cat\/wp-content\/uploads\/2024\/10\/ST24_Projecte_Estudi-i-visualitzacio-de-les-caracteristiques-textils-a-traves-del-mitja-audiovisual.jpg\" alt=\".txt\" title=\".txt\" \/><\/div><div class=\"prj_slide_data\"><div class=\"prj_slide_data_inner\"><p class=\"prj_slide_data_title\">.txt<\/p><p class=\"prj_slide_data_equip\"><strong>Equipo:<\/strong> Xavier Herrera<\/p><p class=\"prj_slide_data_uni\"><strong>Universidad:<\/strong> BAU Centre Universitari de Disseny<span class=\"\"<\/p><p class=\"prj_slide_data_any\"><strong>A\u00f1o:<\/strong> 2024<span class=\"\"<\/p><p class=\"prj_slide_data_cat\"><strong>Categor\u00eda:<\/strong> Nuevas Tecnolog\u00edas y Experiencias Inmersivas<span class=\"\"<\/p><div class=\"prj_slide_data_sinopsi_container\"><p class=\"sinopsi_title\" data-id=\"sinopsi_44543\"><span class=\"sinopsi_toggle\">[+]<\/span> Sinopsis<\/p><div id=\"sinopsi_44543\" class=\"prj_slide_data_sinopsi\"><div class=\"prj_slide_data_sinopsi_inner\"><p>Este proyecto explora la relaci\u00f3n entre moda y tecnolog\u00eda audiovisual. A trav\u00e9s de la creaci\u00f3n de artefactos, las propiedades f\u00edsicas de los tejidos se convierten en experiencias visuales y sensoriales inmersivas. El proyecto ofrece una nueva manera de entender los tejidos, conectando el dise\u00f1o tradicional con innovaciones digitales.<\/p>\n<\/div><\/div><\/div><\/div><\/div><\/div><\/div><div id=\"18434\" class=\"prj_slider_item\" data-id=\"18434\"><div class=\"prj_inner_slide\"><div class=\"prj_slide_img\"><img decoding=\"async\" class=\"img_projecte 18434\" src=\"https:\/\/www.clusteraudiovisual.cat\/wp-content\/uploads\/2021\/12\/desocupada.png\" alt=\"(Des)ocupada\" title=\"(Des)ocupada\" \/><\/div><div class=\"prj_slide_data\"><div class=\"prj_slide_data_inner\"><p class=\"prj_slide_data_title\">(Des)ocupada<\/p><p class=\"prj_slide_data_equip\"><strong>Equipo:<\/strong> Cristina Aubach, Paula M\u00aa L\u00f3pez<\/p><p class=\"prj_slide_data_uni\"><strong>Universidad:<\/strong> Blanquerna &#8211; Universitat Ramon Llull<span class=\"\"<\/p><p class=\"prj_slide_data_any\"><strong>A\u00f1o:<\/strong> 2020<span class=\"\"<\/p><p class=\"prj_slide_data_cat\"><strong>Categor\u00eda:<\/strong> Ficci\u00f3n<span class=\"\"<\/p><div class=\"prj_slide_data_sinopsi_container\"><p class=\"sinopsi_title\" data-id=\"sinopsi_18434\"><span class=\"sinopsi_toggle\">[+]<\/span> Sinopsis<\/p><div id=\"sinopsi_18434\" class=\"prj_slide_data_sinopsi\"><div class=\"prj_slide_data_sinopsi_inner\"><p>A Cleo, reci\u00e9n graduada en Comunicaci\u00f3n Audiovisual, la han echado del \u00faltimo trabajo temporal y del piso que compart\u00eda con sus amigos. Desempleada y desalojada, entrar\u00e1 en un c\u00edrculo vicioso de trabajos precarios que ir\u00e1n desde captadora de firmas hasta webcammer er\u00f3tica, pasando por camarera en un local de<em> fastfood<\/em> y repartidora de comida a domicilio, entre otros. A su vez, iniciar\u00e1 la b\u00fasqueda de un lugar asequible y decente donde poder vivir. Su pasi\u00f3n por el cine y la voluntad de aligerar las adversidades con las que chocar\u00e1, hacen que Cleo viva cada momento como si fuera una pel\u00edcula y nunca se rinda en su b\u00fasqueda de una estabilidad vital.<\/p>\n<\/div><\/div><\/div><\/div><\/div><\/div><\/div><div id=\"26701\" class=\"prj_slider_item\" data-id=\"26701\"><div class=\"prj_inner_slide\"><div class=\"prj_slide_img\"><img decoding=\"async\" class=\"img_projecte 26701\" src=\"https:\/\/www.clusteraudiovisual.cat\/wp-content\/uploads\/2022\/10\/ST22_Projecte_7.jpg\" alt=\"#7\" title=\"#7\" \/><\/div><div class=\"prj_slide_data\"><div class=\"prj_slide_data_inner\"><p class=\"prj_slide_data_title\">#7<\/p><p class=\"prj_slide_data_equip\"><strong>Equipo:<\/strong> Alex Nieto Guarasa<\/p><p class=\"prj_slide_data_uni\"><strong>Universidad:<\/strong> Universitat Pompeu Fabra<span class=\"\"<\/p><p class=\"prj_slide_data_any\"><strong>A\u00f1o:<\/strong> 2022<span class=\"\"<\/p><p class=\"prj_slide_data_cat\"><strong>Categor\u00eda:<\/strong> Nuevas Ventanas<span class=\"\"<\/p><div class=\"prj_slide_data_sinopsi_container\"><p class=\"sinopsi_title\" data-id=\"sinopsi_26701\"><span class=\"sinopsi_toggle\">[+]<\/span> Sinopsis<\/p><div id=\"sinopsi_26701\" class=\"prj_slide_data_sinopsi\"><div class=\"prj_slide_data_sinopsi_inner\"><p>\u00ab#7\u00bb es un WebDoc donde el usuario tendr\u00e1 que reconstruir el recuerdo de una persona que muri\u00f3 hace tiempo mediante los recuerdos que han quedado vigentes en las personas que le conocieron. Es un documental web de autor que busca redescubrir y reconstruir la imagen del primo del autor, el cual, con tan solo diecis\u00e9is a\u00f1os, muri\u00f3 de muerte s\u00fabita en un campo de f\u00fatbol en Hospitalet mientras entrenaba. Una muerte que dej\u00f3 muy tocada a la familia y que hizo que el mundo se hundiera de la noche al d\u00eda. A partir de ese momento, la familia cre\u00f3 una asociaci\u00f3n (Asociaci\u00f3n Espa\u00f1ola contra la muerte s\u00fabita) con la que poder luchar contra esta enfermedad, salvar vidas y hacer que ninguna otra familia pase por lo mismo.<\/p>\n<\/div><\/div><\/div><\/div><\/div><\/div><\/div><div id=\"18000\" class=\"prj_slider_item\" data-id=\"18000\"><div class=\"prj_inner_slide\"><div class=\"prj_slide_img\"><img decoding=\"async\" class=\"img_projecte 18000\" src=\"https:\/\/www.clusteraudiovisual.cat\/wp-content\/uploads\/2021\/12\/photofactory.png\" alt=\"#Photofactory\" title=\"#Photofactory\" \/><\/div><div class=\"prj_slide_data\"><div class=\"prj_slide_data_inner\"><p class=\"prj_slide_data_title\">#Photofactory<\/p><p class=\"prj_slide_data_equip\"><strong>Equipo:<\/strong> Giulia Abbate, Hajar Echenouili, Bel\u00e9n Navas<\/p><p class=\"prj_slide_data_uni\"><strong>Universidad:<\/strong> Universitat Aut\u00f2noma de Barcelona<span class=\"\"<\/p><p class=\"prj_slide_data_any\"><strong>A\u00f1o:<\/strong> 2018<span class=\"\"<\/p><p class=\"prj_slide_data_cat\"><strong>Categor\u00eda:<\/strong> Formatos TV<span class=\"\"<\/p><div class=\"prj_slide_data_sinopsi_container\"><p class=\"sinopsi_title\" data-id=\"sinopsi_18000\"><span class=\"sinopsi_toggle\">[+]<\/span> Sinopsis<\/p><div id=\"sinopsi_18000\" class=\"prj_slide_data_sinopsi\"><div class=\"prj_slide_data_sinopsi_inner\"><p>#PhotoFactory es un proyecto divulgativo y de entretenimiento en el cual se ense\u00f1an t\u00e9cnicas fotogr\u00e1ficas al alcance del p\u00fablico juvenil. #PhotoFactory incentiva la creatividad de este p\u00fablico y lo acerca al trabajo de profesionales.<\/p>\n<p>A trav\u00e9s de las redes sociales, el espectador podr\u00e1 seguir como Natt y Helena, las dos anclas del proyecto, se aventuran en el mundo de la fotograf\u00eda mientras exploran nuevos lugares de inter\u00e9s cultural. En televisi\u00f3n, Phos compartir\u00e1 su conocimiento y referencias e identificar\u00e1 los errores de las chicas para que as\u00ed tambi\u00e9n podamos conseguir grandes fotos.<\/p>\n<\/div><\/div><\/div><\/div><\/div><\/div><\/div><div id=\"18107\" class=\"prj_slider_item\" data-id=\"18107\"><div class=\"prj_inner_slide\"><div class=\"prj_slide_img\"><img decoding=\"async\" class=\"img_projecte 18107\" src=\"https:\/\/www.clusteraudiovisual.cat\/wp-content\/uploads\/2021\/12\/pinkelephant.png\" alt=\"#pinkelephant\" title=\"#pinkelephant\" \/><\/div><div class=\"prj_slide_data\"><div class=\"prj_slide_data_inner\"><p class=\"prj_slide_data_title\">#pinkelephant<\/p><p class=\"prj_slide_data_equip\"><strong>Equipo:<\/strong> Alicia Miquel, Maria Albert, Queralt Serrats, Nat\u00e0lia Celma<\/p><p class=\"prj_slide_data_uni\"><strong>Universidad:<\/strong> Blanquerna &#8211; Universitat Ramon Llull<span class=\"\"<\/p><p class=\"prj_slide_data_any\"><strong>A\u00f1o:<\/strong> 2021<span class=\"\"<\/p><p class=\"prj_slide_data_cat\"><strong>Categor\u00eda:<\/strong> Ficci\u00f3n<span class=\"\"<\/p><div class=\"prj_slide_data_sinopsi_container\"><p class=\"sinopsi_title\" data-id=\"sinopsi_18107\"><span class=\"sinopsi_toggle\">[+]<\/span> Sinopsis<\/p><div id=\"sinopsi_18107\" class=\"prj_slide_data_sinopsi\"><div class=\"prj_slide_data_sinopsi_inner\"><p>Una noche de verano y cinco amigas adolescentes bailando en un chiringuito de playa. Un recuerdo id\u00edlico y lejano que contrasta con el presente de Cleo, sentada en su escritorio delante del ordenador y en pleno confinamiento domiciliario a causa de la pandemia de la COVID-19. Ella y sus otras cuatro amigas \u2013Laura, Viki, Sara y Lea\u2013 pasan el tiempo haciendo videollamada y jugando siempre al mismo juego de dibujo online. Entre clases virtuales, angustia, peleas de Sara con su padre y discusiones de Lea con su novio t\u00f3xico Jan, Viki encuentra Pink Elephant, un juego de retos por TikTok, y empieza a jugar sin pensarlo demasiado. El video de su primera prueba se hacer viral en las redes sociales.<\/p>\n<\/div><\/div><\/div><\/div><\/div><\/div><\/div><div id=\"18414\" class=\"prj_slider_item\" data-id=\"18414\"><div class=\"prj_inner_slide\"><div class=\"prj_slide_img\"><img decoding=\"async\" class=\"img_projecte 18414\" src=\"https:\/\/www.clusteraudiovisual.cat\/wp-content\/uploads\/2021\/12\/11.png\" alt=\"11\" title=\"11\" \/><\/div><div class=\"prj_slide_data\"><div class=\"prj_slide_data_inner\"><p class=\"prj_slide_data_title\">11<\/p><p class=\"prj_slide_data_equip\"><strong>Equipo:<\/strong> Paula Serra, Cl\u00e0udia Serra<\/p><p class=\"prj_slide_data_uni\"><strong>Universidad:<\/strong> Universitat Pompeu Fabra<span class=\"\"<\/p><p class=\"prj_slide_data_any\"><strong>A\u00f1o:<\/strong> 2020<span class=\"\"<\/p><p class=\"prj_slide_data_cat\"><strong>Categor\u00eda:<\/strong> Ficci\u00f3n<span class=\"\"<\/p><div class=\"prj_slide_data_sinopsi_container\"><p class=\"sinopsi_title\" data-id=\"sinopsi_18414\"><span class=\"sinopsi_toggle\">[+]<\/span> Sinopsis<\/p><div id=\"sinopsi_18414\" class=\"prj_slide_data_sinopsi\"><div class=\"prj_slide_data_sinopsi_inner\"><p>\u00c0lex, una <em>scouter<\/em>, queda atrapada con su grupo en una casa de los Pirineos durante una tormenta de nieve. Pero no est\u00e1n solos: en el refugio aparece Leo, un ni\u00f1o misterioso que nadie sabe de d\u00f3nde ha salido. \u00c0lex intenta garantizar la seguridad de todos mientras no llega el rescate que les va a sacar de all\u00ed, pero Leo complica la situaci\u00f3n y lleva a la\u00a0<em>scouter<\/em>\u00a0al l\u00edmite de sus fuerzas y de su moral. En la lucha por no perder el control de la situaci\u00f3n, \u00c0lex se ve obligada a hacer cosas que nunca habr\u00eda imaginado.<\/p>\n<\/div><\/div><\/div><\/div><\/div><\/div><\/div><div id=\"26673\" class=\"prj_slider_item\" data-id=\"26673\"><div class=\"prj_inner_slide\"><div class=\"prj_slide_img\"><img decoding=\"async\" class=\"img_projecte 26673\" src=\"https:\/\/www.clusteraudiovisual.cat\/wp-content\/uploads\/2022\/11\/ST22_Projecte_16.53h.jpg\" alt=\"16:53h\" title=\"16:53h\" \/><\/div><div class=\"prj_slide_data\"><div class=\"prj_slide_data_inner\"><p class=\"prj_slide_data_title\">16:53h<\/p><p class=\"prj_slide_data_equip\"><strong>Equipo:<\/strong> Edgar Rodr\u00edguez Prados<\/p><p class=\"prj_slide_data_uni\"><strong>Universidad:<\/strong> Universitat Aut\u00f2noma de Barcelona<span class=\"\"<\/p><p class=\"prj_slide_data_any\"><strong>A\u00f1o:<\/strong> 2022<span class=\"\"<\/p><p class=\"prj_slide_data_cat\"><strong>Categor\u00eda:<\/strong> No Ficci\u00f3n<span class=\"\"<\/p><div class=\"prj_slide_data_sinopsi_container\"><p class=\"sinopsi_title\" data-id=\"sinopsi_26673\"><span class=\"sinopsi_toggle\">[+]<\/span> Sinopsis<\/p><div id=\"sinopsi_26673\" class=\"prj_slide_data_sinopsi\"><div class=\"prj_slide_data_sinopsi_inner\"><p>De acuerdo con varios profesionales del \u00e1mbito de la psicolog\u00eda, un gran n\u00famero de v\u00edctimas de un atentado terrorista desarrollar\u00e1n un trastorno mental. A\u00fan as\u00ed, con un tratamiento especial pueden recuperarse. Pero, \u00bfes esto del todo cierto? Despu\u00e9s de cinco a\u00f1os del atentado del 17 de agosto de 2017 en La Rambla, ha pasado suficiente tiempo para valorar si el abordaje psicol\u00f3gico hacia las v\u00edctimas ha sido efectivo.<\/p>\n<\/div><\/div><\/div><\/div><\/div><\/div><\/div><div id=\"26675\" class=\"prj_slider_item\" data-id=\"26675\"><div class=\"prj_inner_slide\"><div class=\"prj_slide_img\"><img decoding=\"async\" class=\"img_projecte 26675\" src=\"https:\/\/www.clusteraudiovisual.cat\/wp-content\/uploads\/2022\/10\/ST22_Projecte_16x25mil.jpg\" alt=\"16&#215;25 mil.\" title=\"16&#215;25 mil.\" \/><\/div><div class=\"prj_slide_data\"><div class=\"prj_slide_data_inner\"><p class=\"prj_slide_data_title\">16&#215;25 mil.<\/p><p class=\"prj_slide_data_equip\"><strong>Equipo:<\/strong> Toni Molist Santos-Garcia, Josep Sol\u00e0<\/p><p class=\"prj_slide_data_uni\"><strong>Universidad:<\/strong> Universitat de Vic<span class=\"\"<\/p><p class=\"prj_slide_data_any\"><strong>A\u00f1o:<\/strong> 2022<span class=\"\"<\/p><p class=\"prj_slide_data_cat\"><strong>Categor\u00eda:<\/strong> No Ficci\u00f3n<span class=\"\"<\/p><div class=\"prj_slide_data_sinopsi_container\"><p class=\"sinopsi_title\" data-id=\"sinopsi_26675\"><span class=\"sinopsi_toggle\">[+]<\/span> Sinopsis<\/p><div id=\"sinopsi_26675\" class=\"prj_slide_data_sinopsi\"><div class=\"prj_slide_data_sinopsi_inner\"><p>Joan Par\u00e9s, un apasionado del motor, se adapta a una nueva vida despu\u00e9s de perder un brazo y una pierna en un accidente laboral. Actualmente, continua luchando para poder cumplir su sue\u00f1o de competir en el Dakar.<\/p>\n<\/div><\/div><\/div><\/div><\/div><\/div><\/div><\/div><\/div><\/div>        \r\n        <div id=\"cav_projectes_content\" class=\"\">\r\n\r\n            <div id=\"cav_projectes_content_inner\">\r\n                <div id=\"cav_projectes_content_loader\"><img loading=\"lazy\" decoding=\"async\" width=\"32\" height=\"32\" src=\"https:\/\/www.clusteraudiovisual.cat\/wp-content\/themes\/enfold-child\/img\/ajax-loader-c.gif\" alt=\"loading\"><\/div>\r\n                <div id=\"cav_projectes_list\"><div id=\"prj_grid\" class=\"prj_grid\"><div class=\"grid-item grid-sizer prj_filter_on 449  459  484  animate__animated animate__zoomIn animate__faster\"><div class=\"prj_item_container\"><div class=\"prj_item_link\" data-id=\"18075\"><\/div><img decoding=\"async\" class=\"img_projecte\" src=\"https:\/\/www.clusteraudiovisual.cat\/wp-content\/uploads\/2021\/12\/tacon.png\" alt=\"\u00a1Eres tan travesti!\" title=\"\u00a1Eres tan travesti!\" \/><div class=\"prj_item_title\">\u00a1Eres tan travesti!<\/div><\/div><\/div><div class=\"grid-item  prj_filter_on 444  816  679  animate__animated animate__zoomIn animate__faster\"><div class=\"prj_item_container\"><div class=\"prj_item_link\" data-id=\"51702\"><\/div><img decoding=\"async\" class=\"img_projecte\" src=\"https:\/\/www.clusteraudiovisual.cat\/wp-content\/uploads\/2025\/10\/ST25_Projecte_\u00a1Que-follon.jpg\" alt=\"\u00a1Qu\u00e9 foll\u00f3n!\" title=\"\u00a1Qu\u00e9 foll\u00f3n!\" \/><div class=\"prj_item_title\">\u00a1Qu\u00e9 foll\u00f3n!<\/div><\/div><\/div><div class=\"grid-item  prj_filter_on 449  455  484  animate__animated animate__zoomIn animate__faster\"><div class=\"prj_item_container\"><div class=\"prj_item_link\" data-id=\"18266\"><\/div><img decoding=\"async\" class=\"img_projecte\" src=\"https:\/\/www.clusteraudiovisual.cat\/wp-content\/uploads\/2021\/12\/vuelvealpueblo-1.png\" alt=\"\u00a1Vuelve al pueblo!\" title=\"\u00a1Vuelve al pueblo!\" \/><div class=\"prj_item_title\">\u00a1Vuelve al pueblo!<\/div><\/div><\/div><div class=\"grid-item  prj_filter_on 449  463  499  animate__animated animate__zoomIn animate__faster\"><div class=\"prj_item_container\"><div class=\"prj_item_link\" data-id=\"17815\"><\/div><img decoding=\"async\" class=\"img_projecte\" src=\"https:\/\/www.clusteraudiovisual.cat\/wp-content\/uploads\/2021\/12\/subesobajas.png\" alt=\"\u00bfSubes o Bajas?\" title=\"\u00bfSubes o Bajas?\" \/><div class=\"prj_item_title\">\u00bfSubes o Bajas?<\/div><\/div><\/div><div class=\"grid-item  prj_filter_on 703  729  481  animate__animated animate__zoomIn animate__faster\"><div class=\"prj_item_container\"><div class=\"prj_item_link\" data-id=\"44543\"><\/div><img decoding=\"async\" class=\"img_projecte\" src=\"https:\/\/www.clusteraudiovisual.cat\/wp-content\/uploads\/2024\/10\/ST24_Projecte_Estudi-i-visualitzacio-de-les-caracteristiques-textils-a-traves-del-mitja-audiovisual.jpg\" alt=\".txt\" title=\".txt\" \/><div class=\"prj_item_title\">.txt<\/div><\/div><\/div><div class=\"grid-item  prj_filter_on 444  457  484  animate__animated animate__zoomIn animate__faster\"><div class=\"prj_item_container\"><div class=\"prj_item_link\" data-id=\"18434\"><\/div><img decoding=\"async\" class=\"img_projecte\" src=\"https:\/\/www.clusteraudiovisual.cat\/wp-content\/uploads\/2021\/12\/desocupada.png\" alt=\"(Des)ocupada\" title=\"(Des)ocupada\" \/><div class=\"prj_item_title\">(Des)ocupada<\/div><\/div><\/div><div class=\"grid-item  prj_filter_on 451  685  479  animate__animated animate__zoomIn animate__faster\"><div class=\"prj_item_container\"><div class=\"prj_item_link\" data-id=\"26701\"><\/div><img decoding=\"async\" class=\"img_projecte\" src=\"https:\/\/www.clusteraudiovisual.cat\/wp-content\/uploads\/2022\/10\/ST22_Projecte_7.jpg\" alt=\"#7\" title=\"#7\" \/><div class=\"prj_item_title\">#7<\/div><\/div><\/div><div class=\"grid-item  prj_filter_on 449  461  469  animate__animated animate__zoomIn animate__faster\"><div class=\"prj_item_container\"><div class=\"prj_item_link\" data-id=\"18000\"><\/div><img decoding=\"async\" class=\"img_projecte\" src=\"https:\/\/www.clusteraudiovisual.cat\/wp-content\/uploads\/2021\/12\/photofactory.png\" alt=\"#Photofactory\" title=\"#Photofactory\" \/><div class=\"prj_item_title\">#Photofactory<\/div><\/div><\/div><div class=\"grid-item  prj_filter_on 444  455  484  animate__animated animate__zoomIn animate__faster\"><div class=\"prj_item_container\"><div class=\"prj_item_link\" data-id=\"18107\"><\/div><img decoding=\"async\" class=\"img_projecte\" src=\"https:\/\/www.clusteraudiovisual.cat\/wp-content\/uploads\/2021\/12\/pinkelephant.png\" alt=\"#pinkelephant\" title=\"#pinkelephant\" \/><div class=\"prj_item_title\">#pinkelephant<\/div><\/div><\/div><div class=\"grid-item  prj_filter_on 444  457  479  animate__animated animate__zoomIn animate__faster\"><div class=\"prj_item_container\"><div class=\"prj_item_link\" data-id=\"18414\"><\/div><img decoding=\"async\" class=\"img_projecte\" src=\"https:\/\/www.clusteraudiovisual.cat\/wp-content\/uploads\/2021\/12\/11.png\" alt=\"11\" title=\"11\" \/><div class=\"prj_item_title\">11<\/div><\/div><\/div><div class=\"grid-item  prj_filter_on 447  685  469  animate__animated animate__zoomIn animate__faster\"><div class=\"prj_item_container\"><div class=\"prj_item_link\" data-id=\"26673\"><\/div><img decoding=\"async\" class=\"img_projecte\" src=\"https:\/\/www.clusteraudiovisual.cat\/wp-content\/uploads\/2022\/11\/ST22_Projecte_16.53h.jpg\" alt=\"16:53h\" title=\"16:53h\" \/><div class=\"prj_item_title\">16:53h<\/div><\/div><\/div><div class=\"grid-item  prj_filter_on 447  685  475  animate__animated animate__zoomIn animate__faster\"><div class=\"prj_item_container\"><div class=\"prj_item_link\" data-id=\"26675\"><\/div><img decoding=\"async\" class=\"img_projecte\" src=\"https:\/\/www.clusteraudiovisual.cat\/wp-content\/uploads\/2022\/10\/ST22_Projecte_16x25mil.jpg\" alt=\"16&#215;25 mil.\" title=\"16&#215;25 mil.\" \/><div class=\"prj_item_title\">16&#215;25 mil.<\/div><\/div><\/div><\/div><\/div><\/div><div id=\"cav_projectes_more_loader\" class=\"\"><img loading=\"lazy\" decoding=\"async\" width=\"32\" height=\"32\" src=\"https:\/\/www.clusteraudiovisual.cat\/wp-content\/themes\/enfold-child\/img\/ajax-loader-c.gif\" alt=\"loading\"><\/div><div id=\"cav_projectes_nomore\" class=\"\"><h3>Nig\u00fan proyecto encontrado<\/h3><\/div><div id=\"cav_projectes_nomore_plus\" class=\"\"><h3>No hay m\u00e1s proyectos<\/h3><\/div><div id=\"cav_projectes_more_button\" class=\"\"><a id=\"cav_load_more_prj\">Cargar m\u00e1s proyectos<\/a><\/div><\/div><\/div>\n","protected":false},"excerpt":{"rendered":"","protected":false},"author":1,"featured_media":0,"parent":0,"menu_order":0,"comment_status":"closed","ping_status":"closed","template":"","meta":{"_acf_changed":false,"footnotes":""},"class_list":["post-20982","page","type-page","status-publish","hentry"],"acf":[],"yoast_head":"<!-- This site is optimized with the Yoast SEO plugin v27.0 - https:\/\/yoast.com\/product\/yoast-seo-wordpress\/ -->\n<title>Test ES - Cl\u00faster Audiovisual<\/title>\n<meta name=\"robots\" content=\"index, follow, max-snippet:-1, max-image-preview:large, max-video-preview:-1\" \/>\n<link rel=\"canonical\" href=\"https:\/\/www.clusteraudiovisual.cat\/es\/test-es\/\" \/>\n<meta property=\"og:locale\" content=\"es_ES\" \/>\n<meta property=\"og:type\" content=\"article\" \/>\n<meta property=\"og:title\" content=\"Test ES - Cl\u00faster Audiovisual\" \/>\n<meta property=\"og:url\" content=\"https:\/\/www.clusteraudiovisual.cat\/es\/test-es\/\" \/>\n<meta property=\"og:site_name\" content=\"Cl\u00faster Audiovisual\" \/>\n<meta property=\"article:modified_time\" content=\"2022-01-27T14:46:14+00:00\" \/>\n<meta name=\"twitter:card\" content=\"summary_large_image\" \/>\n<script type=\"application\/ld+json\" class=\"yoast-schema-graph\">{\"@context\":\"https:\/\/schema.org\",\"@graph\":[{\"@type\":\"WebPage\",\"@id\":\"https:\/\/www.clusteraudiovisual.cat\/es\/test-es\/\",\"url\":\"https:\/\/www.clusteraudiovisual.cat\/es\/test-es\/\",\"name\":\"Test ES - Cl\u00faster Audiovisual\",\"isPartOf\":{\"@id\":\"https:\/\/www.clusteraudiovisual.cat\/es\/#website\"},\"datePublished\":\"2022-01-12T18:10:15+00:00\",\"dateModified\":\"2022-01-27T14:46:14+00:00\",\"inLanguage\":\"es\",\"potentialAction\":[{\"@type\":\"ReadAction\",\"target\":[\"https:\/\/www.clusteraudiovisual.cat\/es\/test-es\/\"]}]},{\"@type\":\"WebSite\",\"@id\":\"https:\/\/www.clusteraudiovisual.cat\/es\/#website\",\"url\":\"https:\/\/www.clusteraudiovisual.cat\/es\/\",\"name\":\"Cl\u00faster Audiovisual\",\"description\":\"Associaci\u00f3 d&#039;empreses que integren el sector audiovisual.\",\"potentialAction\":[{\"@type\":\"SearchAction\",\"target\":{\"@type\":\"EntryPoint\",\"urlTemplate\":\"https:\/\/www.clusteraudiovisual.cat\/es\/?s={search_term_string}\"},\"query-input\":{\"@type\":\"PropertyValueSpecification\",\"valueRequired\":true,\"valueName\":\"search_term_string\"}}],\"inLanguage\":\"es\"}]}<\/script>\n<!-- \/ Yoast SEO plugin. -->","yoast_head_json":{"title":"Test ES - Cl\u00faster Audiovisual","robots":{"index":"index","follow":"follow","max-snippet":"max-snippet:-1","max-image-preview":"max-image-preview:large","max-video-preview":"max-video-preview:-1"},"canonical":"https:\/\/www.clusteraudiovisual.cat\/es\/test-es\/","og_locale":"es_ES","og_type":"article","og_title":"Test ES - Cl\u00faster Audiovisual","og_url":"https:\/\/www.clusteraudiovisual.cat\/es\/test-es\/","og_site_name":"Cl\u00faster Audiovisual","article_modified_time":"2022-01-27T14:46:14+00:00","twitter_card":"summary_large_image","schema":{"@context":"https:\/\/schema.org","@graph":[{"@type":"WebPage","@id":"https:\/\/www.clusteraudiovisual.cat\/es\/test-es\/","url":"https:\/\/www.clusteraudiovisual.cat\/es\/test-es\/","name":"Test ES - Cl\u00faster Audiovisual","isPartOf":{"@id":"https:\/\/www.clusteraudiovisual.cat\/es\/#website"},"datePublished":"2022-01-12T18:10:15+00:00","dateModified":"2022-01-27T14:46:14+00:00","inLanguage":"es","potentialAction":[{"@type":"ReadAction","target":["https:\/\/www.clusteraudiovisual.cat\/es\/test-es\/"]}]},{"@type":"WebSite","@id":"https:\/\/www.clusteraudiovisual.cat\/es\/#website","url":"https:\/\/www.clusteraudiovisual.cat\/es\/","name":"Cl\u00faster Audiovisual","description":"Associaci\u00f3 d&#039;empreses que integren el sector audiovisual.","potentialAction":[{"@type":"SearchAction","target":{"@type":"EntryPoint","urlTemplate":"https:\/\/www.clusteraudiovisual.cat\/es\/?s={search_term_string}"},"query-input":{"@type":"PropertyValueSpecification","valueRequired":true,"valueName":"search_term_string"}}],"inLanguage":"es"}]}},"_links":{"self":[{"href":"https:\/\/www.clusteraudiovisual.cat\/es\/wp-json\/wp\/v2\/pages\/20982","targetHints":{"allow":["GET"]}}],"collection":[{"href":"https:\/\/www.clusteraudiovisual.cat\/es\/wp-json\/wp\/v2\/pages"}],"about":[{"href":"https:\/\/www.clusteraudiovisual.cat\/es\/wp-json\/wp\/v2\/types\/page"}],"author":[{"embeddable":true,"href":"https:\/\/www.clusteraudiovisual.cat\/es\/wp-json\/wp\/v2\/users\/1"}],"replies":[{"embeddable":true,"href":"https:\/\/www.clusteraudiovisual.cat\/es\/wp-json\/wp\/v2\/comments?post=20982"}],"version-history":[{"count":0,"href":"https:\/\/www.clusteraudiovisual.cat\/es\/wp-json\/wp\/v2\/pages\/20982\/revisions"}],"wp:attachment":[{"href":"https:\/\/www.clusteraudiovisual.cat\/es\/wp-json\/wp\/v2\/media?parent=20982"}],"curies":[{"name":"wp","href":"https:\/\/api.w.org\/{rel}","templated":true}]}}