{"id":1595,"date":"2020-11-11T21:32:55","date_gmt":"2020-11-11T21:32:55","guid":{"rendered":"https:\/\/www.clusteraudiovisual.cat\/talentaudiovisual\/participants-universitats\/"},"modified":"2026-03-12T13:22:42","modified_gmt":"2026-03-12T12:22:42","slug":"centros-universitarios-participantes","status":"publish","type":"page","link":"https:\/\/www.clusteraudiovisual.cat\/es\/talentaudiovisual\/centros-universitarios-participantes\/","title":{"rendered":"Centros universitarios participantes"},"content":{"rendered":"<div id='full_slider_1'  class='avia-fullwidth-slider main_color avia-shadow av-small-hide av-mini-hide  avia-builder-el-0  el_before_av_slideshow_full  avia-builder-el-first   container_wrap fullsize'  ><div  class='avia-slideshow av-16admrv-f7594a2f131adb4be56bf1c1aa3fdc09 avia-slideshow-featured_large av_slideshow_full avia-slide-slider av-small-hide av-mini-hide av-slideshow-ui av-control-hidden av-no-slider-navigation av-hide-nav-arrows av-slideshow-manual av-loop-once av-loop-manual-endless av-default-height-applied   avia-slideshow-1' data-slideshow-options=\"{&quot;animation&quot;:&quot;slide&quot;,&quot;autoplay&quot;:false,&quot;loop_autoplay&quot;:&quot;once&quot;,&quot;interval&quot;:5,&quot;loop_manual&quot;:&quot;manual-endless&quot;,&quot;autoplay_stopper&quot;:false,&quot;noNavigation&quot;:true,&quot;bg_slider&quot;:false,&quot;keep_padding&quot;:false,&quot;hoverpause&quot;:false,&quot;show_slide_delay&quot;:0}\"  itemprop=\"image\" itemscope=\"itemscope\" itemtype=\"https:\/\/schema.org\/ImageObject\" ><ul class='avia-slideshow-inner ' style='padding-bottom: 26.666666666667%;'><li  class='avia-slideshow-slide av-16admrv-f7594a2f131adb4be56bf1c1aa3fdc09__0  av-single-slide slide-1 slide-odd'><div data-rel='slideshow-1' class='avia-slide-wrap '   ><img decoding=\"async\" fetchpriority=\"high\" class=\"wp-image-53087 avia-img-lazy-loading-not-53087\"  src=\"https:\/\/www.clusteraudiovisual.cat\/wp-content\/uploads\/2025\/11\/STalent2025_Banner_Web_Cast.jpg\" width=\"1500\" height=\"400\" title='STalent2025_Banner_Web_Cast' alt=''  itemprop=\"thumbnailUrl\" srcset=\"https:\/\/www.clusteraudiovisual.cat\/wp-content\/uploads\/2025\/11\/STalent2025_Banner_Web_Cast.jpg 1500w, https:\/\/www.clusteraudiovisual.cat\/wp-content\/uploads\/2025\/11\/STalent2025_Banner_Web_Cast-300x80.jpg 300w, https:\/\/www.clusteraudiovisual.cat\/wp-content\/uploads\/2025\/11\/STalent2025_Banner_Web_Cast-1030x275.jpg 1030w, https:\/\/www.clusteraudiovisual.cat\/wp-content\/uploads\/2025\/11\/STalent2025_Banner_Web_Cast-768x205.jpg 768w, https:\/\/www.clusteraudiovisual.cat\/wp-content\/uploads\/2025\/11\/STalent2025_Banner_Web_Cast-705x188.jpg 705w\" sizes=\"(max-width: 1500px) 100vw, 1500px\" \/><\/div><\/li><\/ul><\/div><\/div>\n<div id='full_slider_2'  class='avia-fullwidth-slider main_color avia-shadow av-desktop-hide av-medium-hide  avia-builder-el-1  el_after_av_slideshow_full  el_before_av_submenu   slider-not-first container_wrap fullsize'  ><div  class='avia-slideshow av-12nxcez-a53b29084b5df93670c87223354e3d35 avia-slideshow-featured_large av_slideshow_full avia-slide-slider av-desktop-hide av-medium-hide av-slideshow-ui av-control-hidden av-no-slider-navigation av-hide-nav-arrows av-slideshow-manual av-loop-once av-loop-manual-endless av-default-height-applied   avia-slideshow-2' data-slideshow-options=\"{&quot;animation&quot;:&quot;slide&quot;,&quot;autoplay&quot;:false,&quot;loop_autoplay&quot;:&quot;once&quot;,&quot;interval&quot;:5,&quot;loop_manual&quot;:&quot;manual-endless&quot;,&quot;autoplay_stopper&quot;:false,&quot;noNavigation&quot;:true,&quot;bg_slider&quot;:false,&quot;keep_padding&quot;:false,&quot;hoverpause&quot;:false,&quot;show_slide_delay&quot;:0}\"  itemprop=\"image\" itemscope=\"itemscope\" itemtype=\"https:\/\/schema.org\/ImageObject\" ><ul class='avia-slideshow-inner ' style='padding-bottom: 105%;'><li  class='avia-slideshow-slide av-12nxcez-a53b29084b5df93670c87223354e3d35__0  av-single-slide slide-1 slide-odd'><div data-rel='slideshow-2' class='avia-slide-wrap '   ><img decoding=\"async\" fetchpriority=\"high\" class=\"wp-image-53096 avia-img-lazy-loading-not-53096\"  src=\"https:\/\/www.clusteraudiovisual.cat\/wp-content\/uploads\/2025\/11\/STalent2025_Banner_Web_Responsive_Cast-600x630.jpg\" width=\"600\" height=\"630\" title='STalent2025_Banner_Web_Responsive_Cast' alt=''  itemprop=\"thumbnailUrl\"   \/><\/div><\/li><\/ul><\/div><\/div>\n<div class='clear'><\/div><div id='sub_menu1'  class='av-submenu-container av-khaeyens-1431bac6e598df7772c13c67aa8d0ca1 alternate_color  avia-builder-el-2  el_after_av_slideshow_full  el_before_av_section  av-sticky-submenu submenu-not-first container_wrap fullsize' style='z-index:301' ><div class='container av-menu-mobile-disabled av-submenu-pos-center'><ul id=\"menu-stalent-2025-cast\" class=\"av-subnav-menu\" role=\"menu\"><li role=\"menuitem\" id=\"menu-item-42094\" class=\"menu-item menu-item-type-post_type menu-item-object-page menu-item-top-level menu-item-top-level-1\"><a href=\"https:\/\/www.clusteraudiovisual.cat\/es\/talentaudiovisual\/\" itemprop=\"url\" tabindex=\"0\"><span class=\"avia-bullet\"><\/span><span class=\"avia-menu-text\">INICIO<\/span><span class=\"avia-menu-fx\"><span class=\"avia-arrow-wrap\"><span class=\"avia-arrow\"><\/span><\/span><\/span><\/a><\/li>\n<li role=\"menuitem\" id=\"menu-item-51069\" class=\"menu-item menu-item-type-post_type menu-item-object-page menu-item-has-children menu-item-top-level menu-item-top-level-2\"><a href=\"https:\/\/www.clusteraudiovisual.cat\/es\/talentaudiovisual\/programacion-2025\/\" itemprop=\"url\" tabindex=\"0\"><span class=\"avia-bullet\"><\/span><span class=\"avia-menu-text\">PROGRAMACI\u00d3N<\/span><span class=\"avia-menu-fx\"><span class=\"avia-arrow-wrap\"><span class=\"avia-arrow\"><\/span><\/span><\/span><\/a>\n\n\n<ul class=\"sub-menu\">\n\t<li role=\"menuitem\" id=\"menu-item-51082\" class=\"menu-item menu-item-type-post_type menu-item-object-page\"><a href=\"https:\/\/www.clusteraudiovisual.cat\/es\/talentaudiovisual\/conferencias-y-sesiones-2025\/\" itemprop=\"url\" tabindex=\"0\"><span class=\"avia-bullet\"><\/span><span class=\"avia-menu-text\">CONFERENCIAS Y SESIONES<\/span><\/a><\/li>\n\t<li role=\"menuitem\" id=\"menu-item-51110\" class=\"menu-item menu-item-type-post_type menu-item-object-page\"><a href=\"https:\/\/www.clusteraudiovisual.cat\/es\/talentaudiovisual\/pantalla-en-vivo-2025\/\" itemprop=\"url\" tabindex=\"0\"><span class=\"avia-bullet\"><\/span><span class=\"avia-menu-text\">PANTALLA EN VIVO<\/span><\/a><\/li>\n\t<li role=\"menuitem\" id=\"menu-item-51123\" class=\"menu-item menu-item-type-post_type menu-item-object-page\"><a href=\"https:\/\/www.clusteraudiovisual.cat\/es\/talentaudiovisual\/mercado-de-nuevos-profesionales-2025\/\" itemprop=\"url\" tabindex=\"0\"><span class=\"avia-bullet\"><\/span><span class=\"avia-menu-text\">MERCADO DE NUEVOS PROFESIONALES<\/span><\/a><\/li>\n\t<li role=\"menuitem\" id=\"menu-item-51137\" class=\"menu-item menu-item-type-post_type menu-item-object-page\"><a href=\"https:\/\/www.clusteraudiovisual.cat\/es\/talentaudiovisual\/international-distribution-meetings-2025\/\" itemprop=\"url\" tabindex=\"0\"><span class=\"avia-bullet\"><\/span><span class=\"avia-menu-text\">INTERNATIONAL DISTRIBUTION MEETINGS<\/span><\/a><\/li>\n\t<li role=\"menuitem\" id=\"menu-item-51147\" class=\"menu-item menu-item-type-post_type menu-item-object-page\"><a href=\"https:\/\/www.clusteraudiovisual.cat\/es\/talentaudiovisual\/pitching-2025\/\" itemprop=\"url\" tabindex=\"0\"><span class=\"avia-bullet\"><\/span><span class=\"avia-menu-text\">PITCHING<\/span><\/a><\/li>\n\t<li role=\"menuitem\" id=\"menu-item-51096\" class=\"menu-item menu-item-type-post_type menu-item-object-page\"><a href=\"https:\/\/www.clusteraudiovisual.cat\/es\/talentaudiovisual\/pitching-internacional-distribucion-2025\/\" itemprop=\"url\" tabindex=\"0\"><span class=\"avia-bullet\"><\/span><span class=\"avia-menu-text\">PITCHING INTERNACIONAL DISTRIBUCI\u00d3N<\/span><\/a><\/li>\n<\/ul>\n<\/li>\n<li role=\"menuitem\" id=\"menu-item-42106\" class=\"menu-item menu-item-type-custom menu-item-object-custom menu-item-has-children menu-item-top-level menu-item-top-level-3\"><a href=\"#\" itemprop=\"url\" tabindex=\"0\"><span class=\"avia-bullet\"><\/span><span class=\"avia-menu-text\">PARTICIPANTES<\/span><span class=\"avia-menu-fx\"><span class=\"avia-arrow-wrap\"><span class=\"avia-arrow\"><\/span><\/span><\/span><\/a>\n\n\n<ul class=\"sub-menu\">\n\t<li role=\"menuitem\" id=\"menu-item-42108\" class=\"menu-item menu-item-type-post_type menu-item-object-page\"><a href=\"https:\/\/www.clusteraudiovisual.cat\/es\/talentaudiovisual\/centros-universitarios-participantes\/\" itemprop=\"url\" tabindex=\"0\"><span class=\"avia-bullet\"><\/span><span class=\"avia-menu-text\">CENTROS UNIVERSITARIOS<\/span><\/a><\/li>\n\t<li role=\"menuitem\" id=\"menu-item-42112\" class=\"menu-item menu-item-type-post_type menu-item-object-page\"><a href=\"https:\/\/www.clusteraudiovisual.cat\/es\/talentaudiovisual\/empresas-participantes\/\" itemprop=\"url\" tabindex=\"0\"><span class=\"avia-bullet\"><\/span><span class=\"avia-menu-text\">EMPRESAS<\/span><\/a><\/li>\n\t<li role=\"menuitem\" id=\"menu-item-51148\" class=\"menu-item menu-item-type-post_type menu-item-object-page\"><a href=\"https:\/\/www.clusteraudiovisual.cat\/es\/talentaudiovisual\/pitching-2025\/\" itemprop=\"url\" tabindex=\"0\"><span class=\"avia-bullet\"><\/span><span class=\"avia-menu-text\">PITCHING<\/span><\/a><\/li>\n<\/ul>\n<\/li>\n<li role=\"menuitem\" id=\"menu-item-42107\" class=\"menu-item menu-item-type-custom menu-item-object-custom menu-item-has-children menu-item-top-level menu-item-top-level-4\"><a href=\"#\" itemprop=\"url\" tabindex=\"0\"><span class=\"avia-bullet\"><\/span><span class=\"avia-menu-text\">ARCHIVO<\/span><span class=\"avia-menu-fx\"><span class=\"avia-arrow-wrap\"><span class=\"avia-arrow\"><\/span><\/span><\/span><\/a>\n\n\n<ul class=\"sub-menu\">\n\t<li role=\"menuitem\" id=\"menu-item-42109\" class=\"menu-item menu-item-type-post_type menu-item-object-page\"><a href=\"https:\/\/www.clusteraudiovisual.cat\/es\/historico-proyectos\/\" itemprop=\"url\" tabindex=\"0\"><span class=\"avia-bullet\"><\/span><span class=\"avia-menu-text\">PITCHING HIST\u00d3RICO PROYECTOS<\/span><\/a><\/li>\n\t<li role=\"menuitem\" id=\"menu-item-42111\" class=\"menu-item menu-item-type-post_type menu-item-object-page\"><a href=\"https:\/\/www.clusteraudiovisual.cat\/es\/talentaudiovisual\/ediciones-anteriores\/\" itemprop=\"url\" tabindex=\"0\"><span class=\"avia-bullet\"><\/span><span class=\"avia-menu-text\">EDICIONES ANTERIORES<\/span><\/a><\/li>\n<\/ul>\n<\/li>\n<li role=\"menuitem\" id=\"menu-item-53924\" class=\"menu-item menu-item-type-custom menu-item-object-custom menu-item-has-children menu-item-top-level menu-item-top-level-5\"><a href=\"#\" itemprop=\"url\" tabindex=\"0\"><span class=\"avia-bullet\"><\/span><span class=\"avia-menu-text\">INFO<\/span><span class=\"avia-menu-fx\"><span class=\"avia-arrow-wrap\"><span class=\"avia-arrow\"><\/span><\/span><\/span><\/a>\n\n\n<ul class=\"sub-menu\">\n\t<li role=\"menuitem\" id=\"menu-item-53923\" class=\"menu-item menu-item-type-post_type menu-item-object-page\"><a href=\"https:\/\/www.clusteraudiovisual.cat\/es\/talentaudiovisual\/como-llegar\/\" itemprop=\"url\" tabindex=\"0\"><span class=\"avia-bullet\"><\/span><span class=\"avia-menu-text\">C\u00d3MO LLEGAR<\/span><\/a><\/li>\n\t<li role=\"menuitem\" id=\"menu-item-42110\" class=\"menu-item menu-item-type-post_type menu-item-object-page\"><a href=\"https:\/\/www.clusteraudiovisual.cat\/es\/talentaudiovisual\/contacta\/\" itemprop=\"url\" tabindex=\"0\"><span class=\"avia-bullet\"><\/span><span class=\"avia-menu-text\">CONTACTA<\/span><\/a><\/li>\n<\/ul>\n<\/li>\n<li role=\"menuitem\" id=\"menu-item-wpml-ls-724-es\" class=\"menu-item-language menu-item-language-current menu-item wpml-ls-slot-724 wpml-ls-item wpml-ls-item-es wpml-ls-current-language wpml-ls-menu-item menu-item-type-wpml_ls_menu_item menu-item-object-wpml_ls_menu_item menu-item-has-children menu-item-top-level menu-item-top-level-6\"><a href=\"https:\/\/www.clusteraudiovisual.cat\/es\/\" itemprop=\"url\" tabindex=\"0\"><span class=\"avia-bullet\"><\/span><span class=\"avia-menu-text\"><img decoding=\"async\"\n            class=\"wpml-ls-flag\"\n            src=\"https:\/\/www.clusteraudiovisual.cat\/wp-content\/plugins\/sitepress-multilingual-cms\/res\/flags\/es.png\"\n            alt=\"Espa\u00f1ol\"\n            loading=\"lazy\"\n            \n            \n    \/><\/span><span class=\"avia-menu-fx\"><span class=\"avia-arrow-wrap\"><span class=\"avia-arrow\"><\/span><\/span><\/span><\/a>\n\n\n<ul class=\"sub-menu\">\n\t<li role=\"menuitem\" id=\"menu-item-wpml-ls-724-ca\" class=\"menu-item-language menu-item wpml-ls-slot-724 wpml-ls-item wpml-ls-item-ca wpml-ls-menu-item wpml-ls-first-item menu-item-type-wpml_ls_menu_item menu-item-object-wpml_ls_menu_item\"><a title=\"Cambiar a Catal\u00e1n\" href=\"https:\/\/www.clusteraudiovisual.cat\/\" itemprop=\"url\" tabindex=\"0\"><span class=\"avia-bullet\"><\/span><span class=\"avia-menu-text\"><img decoding=\"async\"\n            class=\"wpml-ls-flag\"\n            src=\"https:\/\/www.clusteraudiovisual.cat\/wp-content\/plugins\/sitepress-multilingual-cms\/res\/flags\/ca.png\"\n            alt=\"Catal\u00e1n\"\n            loading=\"lazy\"\n            \n            \n    \/><\/span><\/a><\/li>\n\t<li role=\"menuitem\" id=\"menu-item-wpml-ls-724-en\" class=\"menu-item-language menu-item wpml-ls-slot-724 wpml-ls-item wpml-ls-item-en wpml-ls-menu-item wpml-ls-last-item menu-item-type-wpml_ls_menu_item menu-item-object-wpml_ls_menu_item\"><a title=\"Cambiar a Ingl\u00e9s\" href=\"https:\/\/www.clusteraudiovisual.cat\/en\/\" itemprop=\"url\" tabindex=\"0\"><span class=\"avia-bullet\"><\/span><span class=\"avia-menu-text\"><img decoding=\"async\"\n            class=\"wpml-ls-flag\"\n            src=\"https:\/\/www.clusteraudiovisual.cat\/wp-content\/plugins\/sitepress-multilingual-cms\/res\/flags\/en.png\"\n            alt=\"Ingl\u00e9s\"\n            loading=\"lazy\"\n            \n            \n    \/><\/span><\/a><\/li>\n<\/ul>\n<\/li>\n<\/ul><\/div><\/div><div class='sticky_placeholder'><\/div>\n<div id='av_section_1'  class='avia-section av-14aml-8b10e75f45b753211320664672523ba1 main_color avia-section-default avia-no-border-styling  avia-builder-el-3  el_after_av_submenu  el_before_av_section  avia-bg-style-scroll container_wrap fullsize'  ><div class='container av-section-cont-open' ><div class='template-page content av-content-full alpha units'><div class='post-entry post-entry-type-page post-entry-1595'><div class='entry-content-wrapper clearfix'>\n\n<style type=\"text\/css\" data-created_by=\"avia_inline_auto\" id=\"style-css-av-2xy7h-9fcaf03956a0d4fb8ea536f0e5566699\">\n.flex_column.av-2xy7h-9fcaf03956a0d4fb8ea536f0e5566699{\nborder-radius:0px 0px 0px 0px;\npadding:0px 0px 0px 0px;\n}\n<\/style>\n<div  class='flex_column av-2xy7h-9fcaf03956a0d4fb8ea536f0e5566699 av_one_fifth  avia-builder-el-4  el_before_av_three_fifth  avia-builder-el-first  first flex_column_div av-zero-column-padding  '     ><\/div>\n<style type=\"text\/css\" data-created_by=\"avia_inline_auto\" id=\"style-css-av-240yx-65b8330ad1da913370cf3d715c25cef8\">\n.flex_column.av-240yx-65b8330ad1da913370cf3d715c25cef8{\nborder-radius:0px 0px 0px 0px;\npadding:0px 0px 0px 0px;\n}\n<\/style>\n<div  class='flex_column av-240yx-65b8330ad1da913370cf3d715c25cef8 av_three_fifth  avia-builder-el-5  el_after_av_one_fifth  el_before_av_one_fifth  flex_column_div av-zero-column-padding  '     ><section  class='av_textblock_section av-khaf0a85-2a3ace746bca34b9eda4937f23689f98 '   itemscope=\"itemscope\" itemtype=\"https:\/\/schema.org\/CreativeWork\" ><div class='avia_textblock'  itemprop=\"text\" ><h1 style=\"text-align: center;\"><span style=\"color: #ab185f;\">CENTROS UNIVERSITARIOS PARTICIPANTES<\/span><\/h1>\n<h5 style=\"text-align: center;\"><\/h5>\n<\/div><\/section><\/div>\n<style type=\"text\/css\" data-created_by=\"avia_inline_auto\" id=\"style-css-av-1j6yx-70b8ff5882dff8c27213fab74caecdc4\">\n.flex_column.av-1j6yx-70b8ff5882dff8c27213fab74caecdc4{\nborder-radius:0px 0px 0px 0px;\npadding:0px 0px 0px 0px;\n}\n<\/style>\n<div  class='flex_column av-1j6yx-70b8ff5882dff8c27213fab74caecdc4 av_one_fifth  avia-builder-el-7  el_after_av_three_fifth  el_before_av_partner  flex_column_div av-zero-column-padding  '     ><\/div><div  class='avia-logo-element-container av-6pvdqj-b4081fb0e77cf124f31e364208135c87 av-border-deactivate avia-logo-grid avia-content-slider avia-smallarrow-slider avia-content-grid-active noHover avia-content-slider-even  avia-builder-el-8  el_after_av_one_fifth  avia-builder-el-last  avia-content-slider1' ><div class='avia-smallarrow-slider-heading  no-logo-slider-heading '><div class='new-special-heading'>&nbsp;<\/div><\/div><div class=\"avia-content-slider-inner\"><div class=\"slide-entry-wrap\"><div  class='slide-entry av-1tyzfmj-05b69afaa4f5f97ff627d7c902111a76 flex_column no_margin av_one_sixth real-thumbnail post-entry slide-entry-overview slide-loop-1 slide-parity-odd  first'><img decoding=\"async\" fetchpriority=\"high\" width=\"1181\" height=\"1181\" src=\"https:\/\/www.clusteraudiovisual.cat\/wp-content\/uploads\/2020\/11\/BAU-LOGO.jpg\" class=\"wp-image-2060 avia-img-lazy-loading-not-2060 attachment-no scaling size-no scaling\" alt=\"\" srcset=\"https:\/\/www.clusteraudiovisual.cat\/wp-content\/uploads\/2020\/11\/BAU-LOGO.jpg 1181w, https:\/\/www.clusteraudiovisual.cat\/wp-content\/uploads\/2020\/11\/BAU-LOGO-300x300.jpg 300w, https:\/\/www.clusteraudiovisual.cat\/wp-content\/uploads\/2020\/11\/BAU-LOGO-1030x1030.jpg 1030w, https:\/\/www.clusteraudiovisual.cat\/wp-content\/uploads\/2020\/11\/BAU-LOGO-80x80.jpg 80w, https:\/\/www.clusteraudiovisual.cat\/wp-content\/uploads\/2020\/11\/BAU-LOGO-768x768.jpg 768w, https:\/\/www.clusteraudiovisual.cat\/wp-content\/uploads\/2020\/11\/BAU-LOGO-36x36.jpg 36w, https:\/\/www.clusteraudiovisual.cat\/wp-content\/uploads\/2020\/11\/BAU-LOGO-180x180.jpg 180w, https:\/\/www.clusteraudiovisual.cat\/wp-content\/uploads\/2020\/11\/BAU-LOGO-705x705.jpg 705w\" sizes=\"(max-width: 1181px) 100vw, 1181px\" \/><\/div><div  class='slide-entry av-1rjjpq3-53bf13cc14ebe3cc3ed48565b0d53088 flex_column no_margin av_one_sixth real-thumbnail post-entry slide-entry-overview slide-loop-2 slide-parity-even  '><img decoding=\"async\" fetchpriority=\"high\" width=\"200\" height=\"200\" src=\"https:\/\/www.clusteraudiovisual.cat\/wp-content\/uploads\/2020\/11\/Blanquerna-U-Logo-1.png\" class=\"wp-image-2030 avia-img-lazy-loading-not-2030 attachment-no scaling size-no scaling\" alt=\"\" srcset=\"https:\/\/www.clusteraudiovisual.cat\/wp-content\/uploads\/2020\/11\/Blanquerna-U-Logo-1.png 200w, https:\/\/www.clusteraudiovisual.cat\/wp-content\/uploads\/2020\/11\/Blanquerna-U-Logo-1-80x80.png 80w, https:\/\/www.clusteraudiovisual.cat\/wp-content\/uploads\/2020\/11\/Blanquerna-U-Logo-1-36x36.png 36w, https:\/\/www.clusteraudiovisual.cat\/wp-content\/uploads\/2020\/11\/Blanquerna-U-Logo-1-180x180.png 180w\" sizes=\"(max-width: 200px) 100vw, 200px\" \/><\/div><div  class='slide-entry av-1qn40or-97490d2302c5ce00a13d32d527c9e16d flex_column no_margin av_one_sixth real-thumbnail post-entry slide-entry-overview slide-loop-3 slide-parity-odd  '><img decoding=\"async\" fetchpriority=\"high\" width=\"1181\" height=\"1181\" src=\"https:\/\/www.clusteraudiovisual.cat\/wp-content\/uploads\/2023\/10\/STalent_Logo_CITM-UPC.jpg\" class=\"wp-image-37125 avia-img-lazy-loading-not-37125 attachment-no scaling size-no scaling\" alt=\"\" srcset=\"https:\/\/www.clusteraudiovisual.cat\/wp-content\/uploads\/2023\/10\/STalent_Logo_CITM-UPC.jpg 1181w, https:\/\/www.clusteraudiovisual.cat\/wp-content\/uploads\/2023\/10\/STalent_Logo_CITM-UPC-300x300.jpg 300w, https:\/\/www.clusteraudiovisual.cat\/wp-content\/uploads\/2023\/10\/STalent_Logo_CITM-UPC-1030x1030.jpg 1030w, https:\/\/www.clusteraudiovisual.cat\/wp-content\/uploads\/2023\/10\/STalent_Logo_CITM-UPC-80x80.jpg 80w, https:\/\/www.clusteraudiovisual.cat\/wp-content\/uploads\/2023\/10\/STalent_Logo_CITM-UPC-768x768.jpg 768w, https:\/\/www.clusteraudiovisual.cat\/wp-content\/uploads\/2023\/10\/STalent_Logo_CITM-UPC-36x36.jpg 36w, https:\/\/www.clusteraudiovisual.cat\/wp-content\/uploads\/2023\/10\/STalent_Logo_CITM-UPC-180x180.jpg 180w, https:\/\/www.clusteraudiovisual.cat\/wp-content\/uploads\/2023\/10\/STalent_Logo_CITM-UPC-705x705.jpg 705w\" sizes=\"(max-width: 1181px) 100vw, 1181px\" \/><\/div><div  class='slide-entry av-1oriw3f-92567052fd1e214680cdfc041eb4176b flex_column no_margin av_one_sixth real-thumbnail post-entry slide-entry-overview slide-loop-4 slide-parity-even  '><img decoding=\"async\" fetchpriority=\"high\" width=\"1181\" height=\"1181\" src=\"https:\/\/www.clusteraudiovisual.cat\/wp-content\/uploads\/2020\/11\/ENTI-LOGO.jpg\" class=\"wp-image-2056 avia-img-lazy-loading-not-2056 attachment-no scaling size-no scaling\" alt=\"\" srcset=\"https:\/\/www.clusteraudiovisual.cat\/wp-content\/uploads\/2020\/11\/ENTI-LOGO.jpg 1181w, https:\/\/www.clusteraudiovisual.cat\/wp-content\/uploads\/2020\/11\/ENTI-LOGO-300x300.jpg 300w, https:\/\/www.clusteraudiovisual.cat\/wp-content\/uploads\/2020\/11\/ENTI-LOGO-1030x1030.jpg 1030w, https:\/\/www.clusteraudiovisual.cat\/wp-content\/uploads\/2020\/11\/ENTI-LOGO-80x80.jpg 80w, https:\/\/www.clusteraudiovisual.cat\/wp-content\/uploads\/2020\/11\/ENTI-LOGO-768x768.jpg 768w, https:\/\/www.clusteraudiovisual.cat\/wp-content\/uploads\/2020\/11\/ENTI-LOGO-36x36.jpg 36w, https:\/\/www.clusteraudiovisual.cat\/wp-content\/uploads\/2020\/11\/ENTI-LOGO-180x180.jpg 180w, https:\/\/www.clusteraudiovisual.cat\/wp-content\/uploads\/2020\/11\/ENTI-LOGO-705x705.jpg 705w\" sizes=\"(max-width: 1181px) 100vw, 1181px\" \/><\/div><div  class='slide-entry av-1mtrykr-22712755bfec3cec9fa6461ed9f5fe69 flex_column no_margin av_one_sixth real-thumbnail post-entry slide-entry-overview slide-loop-5 slide-parity-odd  '><img decoding=\"async\" fetchpriority=\"high\" width=\"1181\" height=\"1181\" src=\"https:\/\/www.clusteraudiovisual.cat\/wp-content\/uploads\/2020\/11\/ERAM-LOGO.jpg\" class=\"wp-image-2054 avia-img-lazy-loading-not-2054 attachment-no scaling size-no scaling\" alt=\"\" srcset=\"https:\/\/www.clusteraudiovisual.cat\/wp-content\/uploads\/2020\/11\/ERAM-LOGO.jpg 1181w, https:\/\/www.clusteraudiovisual.cat\/wp-content\/uploads\/2020\/11\/ERAM-LOGO-300x300.jpg 300w, https:\/\/www.clusteraudiovisual.cat\/wp-content\/uploads\/2020\/11\/ERAM-LOGO-1030x1030.jpg 1030w, https:\/\/www.clusteraudiovisual.cat\/wp-content\/uploads\/2020\/11\/ERAM-LOGO-80x80.jpg 80w, https:\/\/www.clusteraudiovisual.cat\/wp-content\/uploads\/2020\/11\/ERAM-LOGO-768x768.jpg 768w, https:\/\/www.clusteraudiovisual.cat\/wp-content\/uploads\/2020\/11\/ERAM-LOGO-36x36.jpg 36w, https:\/\/www.clusteraudiovisual.cat\/wp-content\/uploads\/2020\/11\/ERAM-LOGO-180x180.jpg 180w, https:\/\/www.clusteraudiovisual.cat\/wp-content\/uploads\/2020\/11\/ERAM-LOGO-705x705.jpg 705w\" sizes=\"(max-width: 1181px) 100vw, 1181px\" \/><\/div><div  class='slide-entry av-1kqr4mz-692bab087e5a5698316b9089fbba0188 flex_column no_margin av_one_sixth real-thumbnail post-entry slide-entry-overview slide-loop-6 slide-parity-even  '><img decoding=\"async\" fetchpriority=\"high\" width=\"1181\" height=\"1181\" src=\"https:\/\/www.clusteraudiovisual.cat\/wp-content\/uploads\/2022\/10\/ST_Logo_Universitats_ESCAC.jpg\" class=\"wp-image-26349 avia-img-lazy-loading-not-26349 attachment-no scaling size-no scaling\" alt=\"\" srcset=\"https:\/\/www.clusteraudiovisual.cat\/wp-content\/uploads\/2022\/10\/ST_Logo_Universitats_ESCAC.jpg 1181w, https:\/\/www.clusteraudiovisual.cat\/wp-content\/uploads\/2022\/10\/ST_Logo_Universitats_ESCAC-300x300.jpg 300w, https:\/\/www.clusteraudiovisual.cat\/wp-content\/uploads\/2022\/10\/ST_Logo_Universitats_ESCAC-1030x1030.jpg 1030w, https:\/\/www.clusteraudiovisual.cat\/wp-content\/uploads\/2022\/10\/ST_Logo_Universitats_ESCAC-80x80.jpg 80w, https:\/\/www.clusteraudiovisual.cat\/wp-content\/uploads\/2022\/10\/ST_Logo_Universitats_ESCAC-768x768.jpg 768w, https:\/\/www.clusteraudiovisual.cat\/wp-content\/uploads\/2022\/10\/ST_Logo_Universitats_ESCAC-36x36.jpg 36w, https:\/\/www.clusteraudiovisual.cat\/wp-content\/uploads\/2022\/10\/ST_Logo_Universitats_ESCAC-180x180.jpg 180w, https:\/\/www.clusteraudiovisual.cat\/wp-content\/uploads\/2022\/10\/ST_Logo_Universitats_ESCAC-705x705.jpg 705w\" sizes=\"(max-width: 1181px) 100vw, 1181px\" \/><\/div><\/div><div class=\"slide-entry-wrap\"><div  class='slide-entry av-1i9dyqj-381d5bd7c7a5d13f9bc570e8520b9a00 flex_column no_margin av_one_sixth real-thumbnail post-entry slide-entry-overview slide-loop-7 slide-parity-odd  first'><img decoding=\"async\" fetchpriority=\"high\" width=\"225\" height=\"225\" src=\"https:\/\/www.clusteraudiovisual.cat\/wp-content\/uploads\/2026\/03\/ST_Logo_Universitats_ESDI.jpg\" class=\"wp-image-55730 avia-img-lazy-loading-not-55730 attachment-no scaling size-no scaling\" alt=\"\" srcset=\"https:\/\/www.clusteraudiovisual.cat\/wp-content\/uploads\/2026\/03\/ST_Logo_Universitats_ESDI.jpg 225w, https:\/\/www.clusteraudiovisual.cat\/wp-content\/uploads\/2026\/03\/ST_Logo_Universitats_ESDI-80x80.jpg 80w, https:\/\/www.clusteraudiovisual.cat\/wp-content\/uploads\/2026\/03\/ST_Logo_Universitats_ESDI-36x36.jpg 36w, https:\/\/www.clusteraudiovisual.cat\/wp-content\/uploads\/2026\/03\/ST_Logo_Universitats_ESDI-180x180.jpg 180w\" sizes=\"(max-width: 225px) 100vw, 225px\" \/><\/div><div  class='slide-entry av-1ee9tiz-b06de7c8eec2b87618d2a4d2af331bc0 flex_column no_margin av_one_sixth real-thumbnail post-entry slide-entry-overview slide-loop-8 slide-parity-even  '><img decoding=\"async\" fetchpriority=\"high\" width=\"1181\" height=\"1181\" src=\"https:\/\/www.clusteraudiovisual.cat\/wp-content\/uploads\/2020\/11\/La-Salle-LOGO.jpg\" class=\"wp-image-2052 avia-img-lazy-loading-not-2052 attachment-no scaling size-no scaling\" alt=\"\" srcset=\"https:\/\/www.clusteraudiovisual.cat\/wp-content\/uploads\/2020\/11\/La-Salle-LOGO.jpg 1181w, https:\/\/www.clusteraudiovisual.cat\/wp-content\/uploads\/2020\/11\/La-Salle-LOGO-300x300.jpg 300w, https:\/\/www.clusteraudiovisual.cat\/wp-content\/uploads\/2020\/11\/La-Salle-LOGO-1030x1030.jpg 1030w, https:\/\/www.clusteraudiovisual.cat\/wp-content\/uploads\/2020\/11\/La-Salle-LOGO-80x80.jpg 80w, https:\/\/www.clusteraudiovisual.cat\/wp-content\/uploads\/2020\/11\/La-Salle-LOGO-768x768.jpg 768w, https:\/\/www.clusteraudiovisual.cat\/wp-content\/uploads\/2020\/11\/La-Salle-LOGO-36x36.jpg 36w, https:\/\/www.clusteraudiovisual.cat\/wp-content\/uploads\/2020\/11\/La-Salle-LOGO-180x180.jpg 180w, https:\/\/www.clusteraudiovisual.cat\/wp-content\/uploads\/2020\/11\/La-Salle-LOGO-705x705.jpg 705w\" sizes=\"(max-width: 1181px) 100vw, 1181px\" \/><\/div><div  class='slide-entry av-1d1if2z-2dd3c8e3a57ce1217f4daaf62598cec5 flex_column no_margin av_one_sixth real-thumbnail post-entry slide-entry-overview slide-loop-9 slide-parity-odd  '><img decoding=\"async\" fetchpriority=\"high\" width=\"1181\" height=\"1181\" src=\"https:\/\/www.clusteraudiovisual.cat\/wp-content\/uploads\/2022\/10\/ST_Logo_Universitats_LCI.jpg\" class=\"wp-image-26605 avia-img-lazy-loading-not-26605 attachment-no scaling size-no scaling\" alt=\"\" srcset=\"https:\/\/www.clusteraudiovisual.cat\/wp-content\/uploads\/2022\/10\/ST_Logo_Universitats_LCI.jpg 1181w, https:\/\/www.clusteraudiovisual.cat\/wp-content\/uploads\/2022\/10\/ST_Logo_Universitats_LCI-300x300.jpg 300w, https:\/\/www.clusteraudiovisual.cat\/wp-content\/uploads\/2022\/10\/ST_Logo_Universitats_LCI-1030x1030.jpg 1030w, https:\/\/www.clusteraudiovisual.cat\/wp-content\/uploads\/2022\/10\/ST_Logo_Universitats_LCI-80x80.jpg 80w, https:\/\/www.clusteraudiovisual.cat\/wp-content\/uploads\/2022\/10\/ST_Logo_Universitats_LCI-768x768.jpg 768w, https:\/\/www.clusteraudiovisual.cat\/wp-content\/uploads\/2022\/10\/ST_Logo_Universitats_LCI-36x36.jpg 36w, https:\/\/www.clusteraudiovisual.cat\/wp-content\/uploads\/2022\/10\/ST_Logo_Universitats_LCI-180x180.jpg 180w, https:\/\/www.clusteraudiovisual.cat\/wp-content\/uploads\/2022\/10\/ST_Logo_Universitats_LCI-705x705.jpg 705w\" sizes=\"(max-width: 1181px) 100vw, 1181px\" \/><\/div><div  class='slide-entry av-18c762j-9b82c85763567fefde0269981f8067df flex_column no_margin av_one_sixth real-thumbnail post-entry slide-entry-overview slide-loop-10 slide-parity-even  '><img decoding=\"async\" fetchpriority=\"high\" width=\"1181\" height=\"1181\" src=\"https:\/\/www.clusteraudiovisual.cat\/wp-content\/uploads\/2020\/11\/Tecnocampus-logo.jpg\" class=\"wp-image-2050 avia-img-lazy-loading-not-2050 attachment-no scaling size-no scaling\" alt=\"\" srcset=\"https:\/\/www.clusteraudiovisual.cat\/wp-content\/uploads\/2020\/11\/Tecnocampus-logo.jpg 1181w, https:\/\/www.clusteraudiovisual.cat\/wp-content\/uploads\/2020\/11\/Tecnocampus-logo-300x300.jpg 300w, https:\/\/www.clusteraudiovisual.cat\/wp-content\/uploads\/2020\/11\/Tecnocampus-logo-1030x1030.jpg 1030w, https:\/\/www.clusteraudiovisual.cat\/wp-content\/uploads\/2020\/11\/Tecnocampus-logo-80x80.jpg 80w, https:\/\/www.clusteraudiovisual.cat\/wp-content\/uploads\/2020\/11\/Tecnocampus-logo-768x768.jpg 768w, https:\/\/www.clusteraudiovisual.cat\/wp-content\/uploads\/2020\/11\/Tecnocampus-logo-36x36.jpg 36w, https:\/\/www.clusteraudiovisual.cat\/wp-content\/uploads\/2020\/11\/Tecnocampus-logo-180x180.jpg 180w, https:\/\/www.clusteraudiovisual.cat\/wp-content\/uploads\/2020\/11\/Tecnocampus-logo-705x705.jpg 705w\" sizes=\"(max-width: 1181px) 100vw, 1181px\" \/><\/div><div  class='slide-entry av-14m5f7v-cecbe13063a143a8d6f9c701050b6996 flex_column no_margin av_one_sixth real-thumbnail post-entry slide-entry-overview slide-loop-11 slide-parity-odd  '><img decoding=\"async\" fetchpriority=\"high\" width=\"1181\" height=\"1181\" src=\"https:\/\/www.clusteraudiovisual.cat\/wp-content\/uploads\/2023\/10\/STalent_Logo_Universidad_Castilla-LaMancha.jpg\" class=\"wp-image-37128 avia-img-lazy-loading-not-37128 attachment-no scaling size-no scaling\" alt=\"\" srcset=\"https:\/\/www.clusteraudiovisual.cat\/wp-content\/uploads\/2023\/10\/STalent_Logo_Universidad_Castilla-LaMancha.jpg 1181w, https:\/\/www.clusteraudiovisual.cat\/wp-content\/uploads\/2023\/10\/STalent_Logo_Universidad_Castilla-LaMancha-300x300.jpg 300w, https:\/\/www.clusteraudiovisual.cat\/wp-content\/uploads\/2023\/10\/STalent_Logo_Universidad_Castilla-LaMancha-1030x1030.jpg 1030w, https:\/\/www.clusteraudiovisual.cat\/wp-content\/uploads\/2023\/10\/STalent_Logo_Universidad_Castilla-LaMancha-80x80.jpg 80w, https:\/\/www.clusteraudiovisual.cat\/wp-content\/uploads\/2023\/10\/STalent_Logo_Universidad_Castilla-LaMancha-768x768.jpg 768w, https:\/\/www.clusteraudiovisual.cat\/wp-content\/uploads\/2023\/10\/STalent_Logo_Universidad_Castilla-LaMancha-36x36.jpg 36w, https:\/\/www.clusteraudiovisual.cat\/wp-content\/uploads\/2023\/10\/STalent_Logo_Universidad_Castilla-LaMancha-180x180.jpg 180w, https:\/\/www.clusteraudiovisual.cat\/wp-content\/uploads\/2023\/10\/STalent_Logo_Universidad_Castilla-LaMancha-705x705.jpg 705w\" sizes=\"(max-width: 1181px) 100vw, 1181px\" \/><\/div><div  class='slide-entry av-127wkiz-a876d36414915429e3cee4927807fe4d flex_column no_margin av_one_sixth real-thumbnail post-entry slide-entry-overview slide-loop-12 slide-parity-even  '><img decoding=\"async\" fetchpriority=\"high\" width=\"1181\" height=\"1181\" src=\"https:\/\/www.clusteraudiovisual.cat\/wp-content\/uploads\/2022\/10\/ST_Logo_Universitats_UMurcia.jpg\" class=\"wp-image-26104 avia-img-lazy-loading-not-26104 attachment-no scaling size-no scaling\" alt=\"\" srcset=\"https:\/\/www.clusteraudiovisual.cat\/wp-content\/uploads\/2022\/10\/ST_Logo_Universitats_UMurcia.jpg 1181w, https:\/\/www.clusteraudiovisual.cat\/wp-content\/uploads\/2022\/10\/ST_Logo_Universitats_UMurcia-300x300.jpg 300w, https:\/\/www.clusteraudiovisual.cat\/wp-content\/uploads\/2022\/10\/ST_Logo_Universitats_UMurcia-1030x1030.jpg 1030w, https:\/\/www.clusteraudiovisual.cat\/wp-content\/uploads\/2022\/10\/ST_Logo_Universitats_UMurcia-80x80.jpg 80w, https:\/\/www.clusteraudiovisual.cat\/wp-content\/uploads\/2022\/10\/ST_Logo_Universitats_UMurcia-768x768.jpg 768w, https:\/\/www.clusteraudiovisual.cat\/wp-content\/uploads\/2022\/10\/ST_Logo_Universitats_UMurcia-36x36.jpg 36w, https:\/\/www.clusteraudiovisual.cat\/wp-content\/uploads\/2022\/10\/ST_Logo_Universitats_UMurcia-180x180.jpg 180w, https:\/\/www.clusteraudiovisual.cat\/wp-content\/uploads\/2022\/10\/ST_Logo_Universitats_UMurcia-705x705.jpg 705w\" sizes=\"(max-width: 1181px) 100vw, 1181px\" \/><\/div><\/div><div class=\"slide-entry-wrap\"><div  class='slide-entry av-11gnrvv-8e353a49485e162966d285c4a8c1e782 flex_column no_margin av_one_sixth real-thumbnail post-entry slide-entry-overview slide-loop-13 slide-parity-odd  first'><img decoding=\"async\" fetchpriority=\"high\" width=\"1181\" height=\"1181\" src=\"https:\/\/www.clusteraudiovisual.cat\/wp-content\/uploads\/2024\/10\/STalent_Logo_Universidad_Sevilla.jpg\" class=\"wp-image-42814 avia-img-lazy-loading-not-42814 attachment-no scaling size-no scaling\" alt=\"\" srcset=\"https:\/\/www.clusteraudiovisual.cat\/wp-content\/uploads\/2024\/10\/STalent_Logo_Universidad_Sevilla.jpg 1181w, https:\/\/www.clusteraudiovisual.cat\/wp-content\/uploads\/2024\/10\/STalent_Logo_Universidad_Sevilla-300x300.jpg 300w, https:\/\/www.clusteraudiovisual.cat\/wp-content\/uploads\/2024\/10\/STalent_Logo_Universidad_Sevilla-1030x1030.jpg 1030w, https:\/\/www.clusteraudiovisual.cat\/wp-content\/uploads\/2024\/10\/STalent_Logo_Universidad_Sevilla-80x80.jpg 80w, https:\/\/www.clusteraudiovisual.cat\/wp-content\/uploads\/2024\/10\/STalent_Logo_Universidad_Sevilla-768x768.jpg 768w, https:\/\/www.clusteraudiovisual.cat\/wp-content\/uploads\/2024\/10\/STalent_Logo_Universidad_Sevilla-36x36.jpg 36w, https:\/\/www.clusteraudiovisual.cat\/wp-content\/uploads\/2024\/10\/STalent_Logo_Universidad_Sevilla-180x180.jpg 180w, https:\/\/www.clusteraudiovisual.cat\/wp-content\/uploads\/2024\/10\/STalent_Logo_Universidad_Sevilla-705x705.jpg 705w\" sizes=\"(max-width: 1181px) 100vw, 1181px\" \/><\/div><div  class='slide-entry av-z6kyff-1c0bb374df565efa33c06916a9aa9a3b flex_column no_margin av_one_sixth real-thumbnail post-entry slide-entry-overview slide-loop-14 slide-parity-even  '><img decoding=\"async\" fetchpriority=\"high\" width=\"1181\" height=\"1181\" src=\"https:\/\/www.clusteraudiovisual.cat\/wp-content\/uploads\/2023\/10\/STalent_Logo_Universitat_Pais-vasc.jpg\" class=\"wp-image-37131 avia-img-lazy-loading-not-37131 attachment-no scaling size-no scaling\" alt=\"\" srcset=\"https:\/\/www.clusteraudiovisual.cat\/wp-content\/uploads\/2023\/10\/STalent_Logo_Universitat_Pais-vasc.jpg 1181w, https:\/\/www.clusteraudiovisual.cat\/wp-content\/uploads\/2023\/10\/STalent_Logo_Universitat_Pais-vasc-300x300.jpg 300w, https:\/\/www.clusteraudiovisual.cat\/wp-content\/uploads\/2023\/10\/STalent_Logo_Universitat_Pais-vasc-1030x1030.jpg 1030w, https:\/\/www.clusteraudiovisual.cat\/wp-content\/uploads\/2023\/10\/STalent_Logo_Universitat_Pais-vasc-80x80.jpg 80w, https:\/\/www.clusteraudiovisual.cat\/wp-content\/uploads\/2023\/10\/STalent_Logo_Universitat_Pais-vasc-768x768.jpg 768w, https:\/\/www.clusteraudiovisual.cat\/wp-content\/uploads\/2023\/10\/STalent_Logo_Universitat_Pais-vasc-36x36.jpg 36w, https:\/\/www.clusteraudiovisual.cat\/wp-content\/uploads\/2023\/10\/STalent_Logo_Universitat_Pais-vasc-180x180.jpg 180w, https:\/\/www.clusteraudiovisual.cat\/wp-content\/uploads\/2023\/10\/STalent_Logo_Universitat_Pais-vasc-705x705.jpg 705w\" sizes=\"(max-width: 1181px) 100vw, 1181px\" \/><\/div><div  class='slide-entry av-y9hgwr-e9c042e423fad0356a1343606801bc40 flex_column no_margin av_one_sixth real-thumbnail post-entry slide-entry-overview slide-loop-15 slide-parity-odd  '><img decoding=\"async\" fetchpriority=\"high\" width=\"1181\" height=\"1181\" src=\"https:\/\/www.clusteraudiovisual.cat\/wp-content\/uploads\/2022\/10\/ST_Logo_Universitats_UCoruna.jpg\" class=\"wp-image-26107 avia-img-lazy-loading-not-26107 attachment-no scaling size-no scaling\" alt=\"\" srcset=\"https:\/\/www.clusteraudiovisual.cat\/wp-content\/uploads\/2022\/10\/ST_Logo_Universitats_UCoruna.jpg 1181w, https:\/\/www.clusteraudiovisual.cat\/wp-content\/uploads\/2022\/10\/ST_Logo_Universitats_UCoruna-300x300.jpg 300w, https:\/\/www.clusteraudiovisual.cat\/wp-content\/uploads\/2022\/10\/ST_Logo_Universitats_UCoruna-1030x1030.jpg 1030w, https:\/\/www.clusteraudiovisual.cat\/wp-content\/uploads\/2022\/10\/ST_Logo_Universitats_UCoruna-80x80.jpg 80w, https:\/\/www.clusteraudiovisual.cat\/wp-content\/uploads\/2022\/10\/ST_Logo_Universitats_UCoruna-768x768.jpg 768w, https:\/\/www.clusteraudiovisual.cat\/wp-content\/uploads\/2022\/10\/ST_Logo_Universitats_UCoruna-36x36.jpg 36w, https:\/\/www.clusteraudiovisual.cat\/wp-content\/uploads\/2022\/10\/ST_Logo_Universitats_UCoruna-180x180.jpg 180w, https:\/\/www.clusteraudiovisual.cat\/wp-content\/uploads\/2022\/10\/ST_Logo_Universitats_UCoruna-705x705.jpg 705w\" sizes=\"(max-width: 1181px) 100vw, 1181px\" \/><\/div><div  class='slide-entry av-vqqd63-a09d354c2d4b515ac9307502e747dd60 flex_column no_margin av_one_sixth real-thumbnail post-entry slide-entry-overview slide-loop-16 slide-parity-even  '><img decoding=\"async\" fetchpriority=\"high\" width=\"1181\" height=\"1181\" src=\"https:\/\/www.clusteraudiovisual.cat\/wp-content\/uploads\/2020\/11\/Abat-Oliba-Logo.jpg\" class=\"wp-image-2062 avia-img-lazy-loading-not-2062 attachment-no scaling size-no scaling\" alt=\"\" srcset=\"https:\/\/www.clusteraudiovisual.cat\/wp-content\/uploads\/2020\/11\/Abat-Oliba-Logo.jpg 1181w, https:\/\/www.clusteraudiovisual.cat\/wp-content\/uploads\/2020\/11\/Abat-Oliba-Logo-300x300.jpg 300w, https:\/\/www.clusteraudiovisual.cat\/wp-content\/uploads\/2020\/11\/Abat-Oliba-Logo-1030x1030.jpg 1030w, https:\/\/www.clusteraudiovisual.cat\/wp-content\/uploads\/2020\/11\/Abat-Oliba-Logo-80x80.jpg 80w, https:\/\/www.clusteraudiovisual.cat\/wp-content\/uploads\/2020\/11\/Abat-Oliba-Logo-768x768.jpg 768w, https:\/\/www.clusteraudiovisual.cat\/wp-content\/uploads\/2020\/11\/Abat-Oliba-Logo-36x36.jpg 36w, https:\/\/www.clusteraudiovisual.cat\/wp-content\/uploads\/2020\/11\/Abat-Oliba-Logo-180x180.jpg 180w, https:\/\/www.clusteraudiovisual.cat\/wp-content\/uploads\/2020\/11\/Abat-Oliba-Logo-705x705.jpg 705w\" sizes=\"(max-width: 1181px) 100vw, 1181px\" \/><\/div><div  class='slide-entry av-va9qaj-4c45f25ba452f94100366961acec6292 flex_column no_margin av_one_sixth real-thumbnail post-entry slide-entry-overview slide-loop-17 slide-parity-odd  '><img decoding=\"async\" fetchpriority=\"high\" width=\"1181\" height=\"1181\" src=\"https:\/\/www.clusteraudiovisual.cat\/wp-content\/uploads\/2024\/10\/STalent_Logo_UAB.jpg\" class=\"wp-image-42820 avia-img-lazy-loading-not-42820 attachment-no scaling size-no scaling\" alt=\"\" srcset=\"https:\/\/www.clusteraudiovisual.cat\/wp-content\/uploads\/2024\/10\/STalent_Logo_UAB.jpg 1181w, https:\/\/www.clusteraudiovisual.cat\/wp-content\/uploads\/2024\/10\/STalent_Logo_UAB-300x300.jpg 300w, https:\/\/www.clusteraudiovisual.cat\/wp-content\/uploads\/2024\/10\/STalent_Logo_UAB-1030x1030.jpg 1030w, https:\/\/www.clusteraudiovisual.cat\/wp-content\/uploads\/2024\/10\/STalent_Logo_UAB-80x80.jpg 80w, https:\/\/www.clusteraudiovisual.cat\/wp-content\/uploads\/2024\/10\/STalent_Logo_UAB-768x768.jpg 768w, https:\/\/www.clusteraudiovisual.cat\/wp-content\/uploads\/2024\/10\/STalent_Logo_UAB-36x36.jpg 36w, https:\/\/www.clusteraudiovisual.cat\/wp-content\/uploads\/2024\/10\/STalent_Logo_UAB-180x180.jpg 180w, https:\/\/www.clusteraudiovisual.cat\/wp-content\/uploads\/2024\/10\/STalent_Logo_UAB-705x705.jpg 705w\" sizes=\"(max-width: 1181px) 100vw, 1181px\" \/><\/div><div  class='slide-entry av-2y4z8r-cd110ecd54ed338bd12a2cc288055536 flex_column no_margin av_one_sixth real-thumbnail post-entry slide-entry-overview slide-loop-18 slide-parity-even  '><img decoding=\"async\" fetchpriority=\"high\" width=\"1181\" height=\"1181\" src=\"https:\/\/www.clusteraudiovisual.cat\/wp-content\/uploads\/2022\/11\/ST_Logo_Universitats_UB-Filcom.jpg\" class=\"wp-image-28843 avia-img-lazy-loading-not-28843 attachment-no scaling size-no scaling\" alt=\"\" srcset=\"https:\/\/www.clusteraudiovisual.cat\/wp-content\/uploads\/2022\/11\/ST_Logo_Universitats_UB-Filcom.jpg 1181w, https:\/\/www.clusteraudiovisual.cat\/wp-content\/uploads\/2022\/11\/ST_Logo_Universitats_UB-Filcom-300x300.jpg 300w, https:\/\/www.clusteraudiovisual.cat\/wp-content\/uploads\/2022\/11\/ST_Logo_Universitats_UB-Filcom-1030x1030.jpg 1030w, https:\/\/www.clusteraudiovisual.cat\/wp-content\/uploads\/2022\/11\/ST_Logo_Universitats_UB-Filcom-80x80.jpg 80w, https:\/\/www.clusteraudiovisual.cat\/wp-content\/uploads\/2022\/11\/ST_Logo_Universitats_UB-Filcom-768x768.jpg 768w, https:\/\/www.clusteraudiovisual.cat\/wp-content\/uploads\/2022\/11\/ST_Logo_Universitats_UB-Filcom-36x36.jpg 36w, https:\/\/www.clusteraudiovisual.cat\/wp-content\/uploads\/2022\/11\/ST_Logo_Universitats_UB-Filcom-180x180.jpg 180w, https:\/\/www.clusteraudiovisual.cat\/wp-content\/uploads\/2022\/11\/ST_Logo_Universitats_UB-Filcom-705x705.jpg 705w\" sizes=\"(max-width: 1181px) 100vw, 1181px\" \/><\/div><\/div><div class=\"slide-entry-wrap\"><div  class='slide-entry av-qxkfvf-00da53e8bb82c8199739c50d191caace flex_column no_margin av_one_sixth real-thumbnail post-entry slide-entry-overview slide-loop-19 slide-parity-odd  first'><img decoding=\"async\" fetchpriority=\"high\" width=\"1181\" height=\"1181\" src=\"https:\/\/www.clusteraudiovisual.cat\/wp-content\/uploads\/2022\/11\/ST_Logo_Universitats_UB-MitjansAV.jpg\" class=\"wp-image-28840 avia-img-lazy-loading-not-28840 attachment-no scaling size-no scaling\" alt=\"\" srcset=\"https:\/\/www.clusteraudiovisual.cat\/wp-content\/uploads\/2022\/11\/ST_Logo_Universitats_UB-MitjansAV.jpg 1181w, https:\/\/www.clusteraudiovisual.cat\/wp-content\/uploads\/2022\/11\/ST_Logo_Universitats_UB-MitjansAV-300x300.jpg 300w, https:\/\/www.clusteraudiovisual.cat\/wp-content\/uploads\/2022\/11\/ST_Logo_Universitats_UB-MitjansAV-1030x1030.jpg 1030w, https:\/\/www.clusteraudiovisual.cat\/wp-content\/uploads\/2022\/11\/ST_Logo_Universitats_UB-MitjansAV-80x80.jpg 80w, https:\/\/www.clusteraudiovisual.cat\/wp-content\/uploads\/2022\/11\/ST_Logo_Universitats_UB-MitjansAV-768x768.jpg 768w, https:\/\/www.clusteraudiovisual.cat\/wp-content\/uploads\/2022\/11\/ST_Logo_Universitats_UB-MitjansAV-36x36.jpg 36w, https:\/\/www.clusteraudiovisual.cat\/wp-content\/uploads\/2022\/11\/ST_Logo_Universitats_UB-MitjansAV-180x180.jpg 180w, https:\/\/www.clusteraudiovisual.cat\/wp-content\/uploads\/2022\/11\/ST_Logo_Universitats_UB-MitjansAV-705x705.jpg 705w\" sizes=\"(max-width: 1181px) 100vw, 1181px\" \/><\/div><div  class='slide-entry av-p7mxiz-cfa0df9e1b7208b72a21fb6a6caed63e flex_column no_margin av_one_sixth real-thumbnail post-entry slide-entry-overview slide-loop-20 slide-parity-even  '><img decoding=\"async\" fetchpriority=\"high\" width=\"1181\" height=\"1181\" src=\"https:\/\/www.clusteraudiovisual.cat\/wp-content\/uploads\/2020\/11\/UdL-Logo.jpg\" class=\"wp-image-2042 avia-img-lazy-loading-not-2042 attachment-no scaling size-no scaling\" alt=\"\" srcset=\"https:\/\/www.clusteraudiovisual.cat\/wp-content\/uploads\/2020\/11\/UdL-Logo.jpg 1181w, https:\/\/www.clusteraudiovisual.cat\/wp-content\/uploads\/2020\/11\/UdL-Logo-300x300.jpg 300w, https:\/\/www.clusteraudiovisual.cat\/wp-content\/uploads\/2020\/11\/UdL-Logo-1030x1030.jpg 1030w, https:\/\/www.clusteraudiovisual.cat\/wp-content\/uploads\/2020\/11\/UdL-Logo-80x80.jpg 80w, https:\/\/www.clusteraudiovisual.cat\/wp-content\/uploads\/2020\/11\/UdL-Logo-768x768.jpg 768w, https:\/\/www.clusteraudiovisual.cat\/wp-content\/uploads\/2020\/11\/UdL-Logo-36x36.jpg 36w, https:\/\/www.clusteraudiovisual.cat\/wp-content\/uploads\/2020\/11\/UdL-Logo-180x180.jpg 180w, https:\/\/www.clusteraudiovisual.cat\/wp-content\/uploads\/2020\/11\/UdL-Logo-705x705.jpg 705w\" sizes=\"(max-width: 1181px) 100vw, 1181px\" \/><\/div><div  class='slide-entry av-nr7hzv-9ef59760d654c93938f726875965674a flex_column no_margin av_one_sixth real-thumbnail post-entry slide-entry-overview slide-loop-21 slide-parity-odd  '><img decoding=\"async\" fetchpriority=\"high\" width=\"900\" height=\"900\" src=\"https:\/\/www.clusteraudiovisual.cat\/wp-content\/uploads\/2020\/11\/valencia.jpg\" class=\"wp-image-2022 avia-img-lazy-loading-not-2022 attachment-no scaling size-no scaling\" alt=\"\" srcset=\"https:\/\/www.clusteraudiovisual.cat\/wp-content\/uploads\/2020\/11\/valencia.jpg 900w, https:\/\/www.clusteraudiovisual.cat\/wp-content\/uploads\/2020\/11\/valencia-300x300.jpg 300w, https:\/\/www.clusteraudiovisual.cat\/wp-content\/uploads\/2020\/11\/valencia-80x80.jpg 80w, https:\/\/www.clusteraudiovisual.cat\/wp-content\/uploads\/2020\/11\/valencia-768x768.jpg 768w, https:\/\/www.clusteraudiovisual.cat\/wp-content\/uploads\/2020\/11\/valencia-36x36.jpg 36w, https:\/\/www.clusteraudiovisual.cat\/wp-content\/uploads\/2020\/11\/valencia-180x180.jpg 180w, https:\/\/www.clusteraudiovisual.cat\/wp-content\/uploads\/2020\/11\/valencia-705x705.jpg 705w\" sizes=\"(max-width: 900px) 100vw, 900px\" \/><\/div><div  class='slide-entry av-mcn5l7-999cb87f1503022d2b5d743c8d9929e8 flex_column no_margin av_one_sixth real-thumbnail post-entry slide-entry-overview slide-loop-22 slide-parity-even  '><img decoding=\"async\" fetchpriority=\"high\" width=\"1181\" height=\"1181\" src=\"https:\/\/www.clusteraudiovisual.cat\/wp-content\/uploads\/2020\/11\/UVIC-Logo.jpg\" class=\"wp-image-2032 avia-img-lazy-loading-not-2032 attachment-no scaling size-no scaling\" alt=\"\" srcset=\"https:\/\/www.clusteraudiovisual.cat\/wp-content\/uploads\/2020\/11\/UVIC-Logo.jpg 1181w, https:\/\/www.clusteraudiovisual.cat\/wp-content\/uploads\/2020\/11\/UVIC-Logo-300x300.jpg 300w, https:\/\/www.clusteraudiovisual.cat\/wp-content\/uploads\/2020\/11\/UVIC-Logo-1030x1030.jpg 1030w, https:\/\/www.clusteraudiovisual.cat\/wp-content\/uploads\/2020\/11\/UVIC-Logo-80x80.jpg 80w, https:\/\/www.clusteraudiovisual.cat\/wp-content\/uploads\/2020\/11\/UVIC-Logo-768x768.jpg 768w, https:\/\/www.clusteraudiovisual.cat\/wp-content\/uploads\/2020\/11\/UVIC-Logo-36x36.jpg 36w, https:\/\/www.clusteraudiovisual.cat\/wp-content\/uploads\/2020\/11\/UVIC-Logo-180x180.jpg 180w, https:\/\/www.clusteraudiovisual.cat\/wp-content\/uploads\/2020\/11\/UVIC-Logo-705x705.jpg 705w\" sizes=\"(max-width: 1181px) 100vw, 1181px\" \/><\/div><div  class='slide-entry av-kue4y3-a4175f338a467de541a46be6c81e1b41 flex_column no_margin av_one_sixth real-thumbnail post-entry slide-entry-overview slide-loop-23 slide-parity-odd  '><img decoding=\"async\" fetchpriority=\"high\" width=\"1181\" height=\"1181\" src=\"https:\/\/www.clusteraudiovisual.cat\/wp-content\/uploads\/2022\/10\/ST_Logo_Universitats_UIC.jpg\" class=\"wp-image-26110 avia-img-lazy-loading-not-26110 attachment-no scaling size-no scaling\" alt=\"\" srcset=\"https:\/\/www.clusteraudiovisual.cat\/wp-content\/uploads\/2022\/10\/ST_Logo_Universitats_UIC.jpg 1181w, https:\/\/www.clusteraudiovisual.cat\/wp-content\/uploads\/2022\/10\/ST_Logo_Universitats_UIC-300x300.jpg 300w, https:\/\/www.clusteraudiovisual.cat\/wp-content\/uploads\/2022\/10\/ST_Logo_Universitats_UIC-1030x1030.jpg 1030w, https:\/\/www.clusteraudiovisual.cat\/wp-content\/uploads\/2022\/10\/ST_Logo_Universitats_UIC-80x80.jpg 80w, https:\/\/www.clusteraudiovisual.cat\/wp-content\/uploads\/2022\/10\/ST_Logo_Universitats_UIC-768x768.jpg 768w, https:\/\/www.clusteraudiovisual.cat\/wp-content\/uploads\/2022\/10\/ST_Logo_Universitats_UIC-36x36.jpg 36w, https:\/\/www.clusteraudiovisual.cat\/wp-content\/uploads\/2022\/10\/ST_Logo_Universitats_UIC-180x180.jpg 180w, https:\/\/www.clusteraudiovisual.cat\/wp-content\/uploads\/2022\/10\/ST_Logo_Universitats_UIC-705x705.jpg 705w\" sizes=\"(max-width: 1181px) 100vw, 1181px\" \/><\/div><div  class='slide-entry av-iu5eej-cc619d56a498753bd8f7aad39c3532da flex_column no_margin av_one_sixth real-thumbnail post-entry slide-entry-overview slide-loop-24 slide-parity-even  '><img decoding=\"async\" fetchpriority=\"high\" width=\"1181\" height=\"1181\" src=\"https:\/\/www.clusteraudiovisual.cat\/wp-content\/uploads\/2020\/11\/UOC-Logo.jpg\" class=\"wp-image-2038 avia-img-lazy-loading-not-2038 attachment-no scaling size-no scaling\" alt=\"\" srcset=\"https:\/\/www.clusteraudiovisual.cat\/wp-content\/uploads\/2020\/11\/UOC-Logo.jpg 1181w, https:\/\/www.clusteraudiovisual.cat\/wp-content\/uploads\/2020\/11\/UOC-Logo-300x300.jpg 300w, https:\/\/www.clusteraudiovisual.cat\/wp-content\/uploads\/2020\/11\/UOC-Logo-1030x1030.jpg 1030w, https:\/\/www.clusteraudiovisual.cat\/wp-content\/uploads\/2020\/11\/UOC-Logo-80x80.jpg 80w, https:\/\/www.clusteraudiovisual.cat\/wp-content\/uploads\/2020\/11\/UOC-Logo-768x768.jpg 768w, https:\/\/www.clusteraudiovisual.cat\/wp-content\/uploads\/2020\/11\/UOC-Logo-36x36.jpg 36w, https:\/\/www.clusteraudiovisual.cat\/wp-content\/uploads\/2020\/11\/UOC-Logo-180x180.jpg 180w, https:\/\/www.clusteraudiovisual.cat\/wp-content\/uploads\/2020\/11\/UOC-Logo-705x705.jpg 705w\" sizes=\"(max-width: 1181px) 100vw, 1181px\" \/><\/div><\/div><div class=\"slide-entry-wrap\"><div  class='slide-entry av-h03cu3-08105e8d5922143b62a0224ed862a14c flex_column no_margin av_one_sixth real-thumbnail post-entry slide-entry-overview slide-loop-25 slide-parity-odd  first'><img decoding=\"async\" fetchpriority=\"high\" width=\"1181\" height=\"1181\" src=\"https:\/\/www.clusteraudiovisual.cat\/wp-content\/uploads\/2022\/10\/ST_Logo_Universitats_JaumeI.jpg\" class=\"wp-image-26113 avia-img-lazy-loading-not-26113 attachment-no scaling size-no scaling\" alt=\"\" srcset=\"https:\/\/www.clusteraudiovisual.cat\/wp-content\/uploads\/2022\/10\/ST_Logo_Universitats_JaumeI.jpg 1181w, https:\/\/www.clusteraudiovisual.cat\/wp-content\/uploads\/2022\/10\/ST_Logo_Universitats_JaumeI-300x300.jpg 300w, https:\/\/www.clusteraudiovisual.cat\/wp-content\/uploads\/2022\/10\/ST_Logo_Universitats_JaumeI-1030x1030.jpg 1030w, https:\/\/www.clusteraudiovisual.cat\/wp-content\/uploads\/2022\/10\/ST_Logo_Universitats_JaumeI-80x80.jpg 80w, https:\/\/www.clusteraudiovisual.cat\/wp-content\/uploads\/2022\/10\/ST_Logo_Universitats_JaumeI-768x768.jpg 768w, https:\/\/www.clusteraudiovisual.cat\/wp-content\/uploads\/2022\/10\/ST_Logo_Universitats_JaumeI-36x36.jpg 36w, https:\/\/www.clusteraudiovisual.cat\/wp-content\/uploads\/2022\/10\/ST_Logo_Universitats_JaumeI-180x180.jpg 180w, https:\/\/www.clusteraudiovisual.cat\/wp-content\/uploads\/2022\/10\/ST_Logo_Universitats_JaumeI-705x705.jpg 705w\" sizes=\"(max-width: 1181px) 100vw, 1181px\" \/><\/div><div  class='slide-entry av-gfm1mj-23a56e16f369195f632ba4c17561b0c4 flex_column no_margin av_one_sixth real-thumbnail post-entry slide-entry-overview slide-loop-26 slide-parity-even  '><img decoding=\"async\" fetchpriority=\"high\" width=\"1181\" height=\"1181\" src=\"https:\/\/www.clusteraudiovisual.cat\/wp-content\/uploads\/2020\/11\/UPF-logo.jpg\" class=\"wp-image-2036 avia-img-lazy-loading-not-2036 attachment-no scaling size-no scaling\" alt=\"\" srcset=\"https:\/\/www.clusteraudiovisual.cat\/wp-content\/uploads\/2020\/11\/UPF-logo.jpg 1181w, https:\/\/www.clusteraudiovisual.cat\/wp-content\/uploads\/2020\/11\/UPF-logo-300x300.jpg 300w, https:\/\/www.clusteraudiovisual.cat\/wp-content\/uploads\/2020\/11\/UPF-logo-1030x1030.jpg 1030w, https:\/\/www.clusteraudiovisual.cat\/wp-content\/uploads\/2020\/11\/UPF-logo-80x80.jpg 80w, https:\/\/www.clusteraudiovisual.cat\/wp-content\/uploads\/2020\/11\/UPF-logo-768x768.jpg 768w, https:\/\/www.clusteraudiovisual.cat\/wp-content\/uploads\/2020\/11\/UPF-logo-36x36.jpg 36w, https:\/\/www.clusteraudiovisual.cat\/wp-content\/uploads\/2020\/11\/UPF-logo-180x180.jpg 180w, https:\/\/www.clusteraudiovisual.cat\/wp-content\/uploads\/2020\/11\/UPF-logo-705x705.jpg 705w\" sizes=\"(max-width: 1181px) 100vw, 1181px\" \/><\/div><div  class='slide-entry av-ehvjjf-6713a7513b7c3f5403f168a782b3bedc flex_column no_margin av_one_sixth real-thumbnail post-entry slide-entry-overview slide-loop-27 slide-parity-odd post-entry-last '><img decoding=\"async\" fetchpriority=\"high\" width=\"1181\" height=\"1181\" src=\"https:\/\/www.clusteraudiovisual.cat\/wp-content\/uploads\/2020\/11\/URIV-LOGO.jpg\" class=\"wp-image-2034 avia-img-lazy-loading-not-2034 attachment-no scaling size-no scaling\" alt=\"\" srcset=\"https:\/\/www.clusteraudiovisual.cat\/wp-content\/uploads\/2020\/11\/URIV-LOGO.jpg 1181w, https:\/\/www.clusteraudiovisual.cat\/wp-content\/uploads\/2020\/11\/URIV-LOGO-300x300.jpg 300w, https:\/\/www.clusteraudiovisual.cat\/wp-content\/uploads\/2020\/11\/URIV-LOGO-1030x1030.jpg 1030w, https:\/\/www.clusteraudiovisual.cat\/wp-content\/uploads\/2020\/11\/URIV-LOGO-80x80.jpg 80w, https:\/\/www.clusteraudiovisual.cat\/wp-content\/uploads\/2020\/11\/URIV-LOGO-768x768.jpg 768w, https:\/\/www.clusteraudiovisual.cat\/wp-content\/uploads\/2020\/11\/URIV-LOGO-36x36.jpg 36w, https:\/\/www.clusteraudiovisual.cat\/wp-content\/uploads\/2020\/11\/URIV-LOGO-180x180.jpg 180w, https:\/\/www.clusteraudiovisual.cat\/wp-content\/uploads\/2020\/11\/URIV-LOGO-705x705.jpg 705w\" sizes=\"(max-width: 1181px) 100vw, 1181px\" \/><\/div><\/div><\/div><\/div>\n<\/div><\/div><\/div><!-- close content main div --><\/div><\/div><div id='av_section_2'  class='avia-section av-zrw263-8c1c930aec0258f001ebd07648c8b752 footer_color avia-section-default avia-no-shadow  avia-builder-el-9  el_after_av_section  el_before_av_section  avia-bg-style-scroll container_wrap fullsize'  ><div class='container av-section-cont-open' ><div class='template-page content av-content-full alpha units'><div class='post-entry post-entry-type-page post-entry-1595'><div class='entry-content-wrapper clearfix'>\n<div  class='avia-logo-element-container av-xe0xaz-c15005354ec0bdce06a5f57acdbf59b3 av-border-deactivate avia-logo-grid avia-content-slider avia-smallarrow-slider avia-content-grid-active noHover avia-content-slider-odd  avia-builder-el-10  el_before_av_partner  avia-builder-el-first  avia-content-slider2' ><div class='avia-smallarrow-slider-heading '><div class='new-special-heading'><h6 class='av-logo-special-heading-text '>LA SEMANA DEL TALENTO AUDIOVISUAL TIENE EL APOYO DE:<\/h6><\/div><\/div><div class=\"avia-content-slider-inner\"><div class=\"slide-entry-wrap\"><div  class='slide-entry av-w88icr-202676ac084a90bf476459402572c65f flex_column no_margin av_one_fifth real-thumbnail post-entry slide-entry-overview slide-loop-1 slide-parity-odd  first'><span class='av-partner-fake-img' style='padding-bottom:50%; background-image:url(https:\/\/www.clusteraudiovisual.cat\/wp-content\/uploads\/2024\/10\/ST_Logo_Footer_ICEC-1.jpg);'><\/span><\/div><div  class='slide-entry av-ugdk0b-3f85e772a9a019550ff683340eb0856e flex_column no_margin av_one_fifth real-thumbnail post-entry slide-entry-overview slide-loop-2 slide-parity-even  '><span class='av-partner-fake-img' style='padding-bottom:50%; background-image:url(https:\/\/www.clusteraudiovisual.cat\/wp-content\/uploads\/2025\/10\/ST_Logo_AjuntamentBarcelona_2025.jpg);'><\/span><\/div><div  class='slide-entry av-toztwb-f37d5dcce8adfb1f638bab8e0a394fa7 flex_column no_margin av_one_fifth real-thumbnail post-entry slide-entry-overview slide-loop-3 slide-parity-odd  '><span class='av-partner-fake-img' style='padding-bottom:50%; background-image:url(https:\/\/www.clusteraudiovisual.cat\/wp-content\/uploads\/2022\/10\/ST_Logo_Footer_Web_Gencat_Recerca.jpg);'><\/span><\/div><div  class='slide-entry av-r5eah7-2f94d2317cbb3d6d37b97280cbbcde6a flex_column no_margin av_one_fifth real-thumbnail post-entry slide-entry-overview slide-loop-4 slide-parity-even  '><span class='av-partner-fake-img' style='padding-bottom:50%; background-image:url(https:\/\/www.clusteraudiovisual.cat\/wp-content\/uploads\/2025\/10\/ST_Logo_Footer_Ministerio-Cultura.jpg);'><\/span><\/div><div  class='slide-entry av-q9gtaz-208143244e0756c5a5bc7dbb55f6016d flex_column no_margin av_one_fifth real-thumbnail post-entry slide-entry-overview slide-loop-5 slide-parity-odd post-entry-last '><span class='av-partner-fake-img' style='padding-bottom:50%; background-image:url(https:\/\/www.clusteraudiovisual.cat\/wp-content\/uploads\/2024\/10\/ST_Logo_Footer_ACCIO.jpg);'><\/span><\/div><\/div><\/div><\/div>\n<div  class='avia-logo-element-container av-os638b-f99fefc21ee2e3dc786d6477f2527b07 av-border-deactivate avia-logo-grid avia-content-slider avia-smallarrow-slider avia-content-grid-active noHover avia-content-slider-odd  avia-builder-el-11  el_after_av_partner  el_before_av_textblock  avia-content-slider3' ><div class='avia-smallarrow-slider-heading '><div class='new-special-heading'><h6 class='av-logo-special-heading-text '>CON LA COLABORACI\u00d3N DE:<\/h6><\/div><\/div><div class=\"avia-content-slider-inner\"><div class=\"slide-entry-wrap\"><div  class='slide-entry av-mj2umz-bc346c082e34fab52f65cb76236c2827 flex_column no_margin av_one_fifth real-thumbnail post-entry slide-entry-overview slide-loop-1 slide-parity-odd  first'><img decoding=\"async\" fetchpriority=\"high\" width=\"800\" height=\"400\" src=\"https:\/\/www.clusteraudiovisual.cat\/wp-content\/uploads\/2025\/10\/ST_Logo_Colaborador_DHub.jpg\" class=\"wp-image-52753 avia-img-lazy-loading-not-52753 attachment-no scaling size-no scaling\" alt=\"\" srcset=\"https:\/\/www.clusteraudiovisual.cat\/wp-content\/uploads\/2025\/10\/ST_Logo_Colaborador_DHub.jpg 800w, https:\/\/www.clusteraudiovisual.cat\/wp-content\/uploads\/2025\/10\/ST_Logo_Colaborador_DHub-300x150.jpg 300w, https:\/\/www.clusteraudiovisual.cat\/wp-content\/uploads\/2025\/10\/ST_Logo_Colaborador_DHub-768x384.jpg 768w, https:\/\/www.clusteraudiovisual.cat\/wp-content\/uploads\/2025\/10\/ST_Logo_Colaborador_DHub-705x353.jpg 705w\" sizes=\"(max-width: 800px) 100vw, 800px\" \/><\/div><div  class='slide-entry av-kqbqvv-598dc02aef168a23560198ecd74e8a6a flex_column no_margin av_one_fifth real-thumbnail post-entry slide-entry-overview slide-loop-2 slide-parity-even  '><img decoding=\"async\" fetchpriority=\"high\" width=\"800\" height=\"400\" src=\"https:\/\/www.clusteraudiovisual.cat\/wp-content\/uploads\/2022\/10\/ST_Logo_Footer_Web_BarcelonaActiva.jpg\" class=\"wp-image-25791 avia-img-lazy-loading-not-25791 attachment-no scaling size-no scaling\" alt=\"\" srcset=\"https:\/\/www.clusteraudiovisual.cat\/wp-content\/uploads\/2022\/10\/ST_Logo_Footer_Web_BarcelonaActiva.jpg 800w, https:\/\/www.clusteraudiovisual.cat\/wp-content\/uploads\/2022\/10\/ST_Logo_Footer_Web_BarcelonaActiva-300x150.jpg 300w, https:\/\/www.clusteraudiovisual.cat\/wp-content\/uploads\/2022\/10\/ST_Logo_Footer_Web_BarcelonaActiva-768x384.jpg 768w, https:\/\/www.clusteraudiovisual.cat\/wp-content\/uploads\/2022\/10\/ST_Logo_Footer_Web_BarcelonaActiva-705x353.jpg 705w\" sizes=\"(max-width: 800px) 100vw, 800px\" \/><\/div><div  class='slide-entry av-j6o597-40e45b97e3cd8b927ed24b099de6c4f2 flex_column no_margin av_one_fifth real-thumbnail post-entry slide-entry-overview slide-loop-3 slide-parity-odd  '><img decoding=\"async\" fetchpriority=\"high\" width=\"800\" height=\"400\" src=\"https:\/\/www.clusteraudiovisual.cat\/wp-content\/uploads\/2022\/10\/ST_Logo_Footer_Web_AcademiaCC.jpg\" class=\"wp-image-25797 avia-img-lazy-loading-not-25797 attachment-no scaling size-no scaling\" alt=\"\" srcset=\"https:\/\/www.clusteraudiovisual.cat\/wp-content\/uploads\/2022\/10\/ST_Logo_Footer_Web_AcademiaCC.jpg 800w, https:\/\/www.clusteraudiovisual.cat\/wp-content\/uploads\/2022\/10\/ST_Logo_Footer_Web_AcademiaCC-300x150.jpg 300w, https:\/\/www.clusteraudiovisual.cat\/wp-content\/uploads\/2022\/10\/ST_Logo_Footer_Web_AcademiaCC-768x384.jpg 768w, https:\/\/www.clusteraudiovisual.cat\/wp-content\/uploads\/2022\/10\/ST_Logo_Footer_Web_AcademiaCC-705x353.jpg 705w\" sizes=\"(max-width: 800px) 100vw, 800px\" \/><\/div><div  class='slide-entry av-hbmqjf-b6fe531a764bff06b54663e59edc9857 flex_column no_margin av_one_fifth real-thumbnail post-entry slide-entry-overview slide-loop-4 slide-parity-even  '><img decoding=\"async\" fetchpriority=\"high\" width=\"800\" height=\"400\" src=\"https:\/\/www.clusteraudiovisual.cat\/wp-content\/uploads\/2022\/10\/ST_Logo_Footer_Web_SGAE.jpg\" class=\"wp-image-25800 avia-img-lazy-loading-not-25800 attachment-no scaling size-no scaling\" alt=\"\" srcset=\"https:\/\/www.clusteraudiovisual.cat\/wp-content\/uploads\/2022\/10\/ST_Logo_Footer_Web_SGAE.jpg 800w, https:\/\/www.clusteraudiovisual.cat\/wp-content\/uploads\/2022\/10\/ST_Logo_Footer_Web_SGAE-300x150.jpg 300w, https:\/\/www.clusteraudiovisual.cat\/wp-content\/uploads\/2022\/10\/ST_Logo_Footer_Web_SGAE-768x384.jpg 768w, https:\/\/www.clusteraudiovisual.cat\/wp-content\/uploads\/2022\/10\/ST_Logo_Footer_Web_SGAE-705x353.jpg 705w\" sizes=\"(max-width: 800px) 100vw, 800px\" \/><\/div><div  class='slide-entry av-fbt7u3-9f1225f7c435c996b717f73a8d83c0ef flex_column no_margin av_one_fifth real-thumbnail post-entry slide-entry-overview slide-loop-5 slide-parity-odd post-entry-last '><img decoding=\"async\" fetchpriority=\"high\" width=\"800\" height=\"400\" src=\"https:\/\/www.clusteraudiovisual.cat\/wp-content\/uploads\/2025\/11\/ST_Logo_Colaborador_MIA-1.jpg\" class=\"wp-image-53280 avia-img-lazy-loading-not-53280 attachment-no scaling size-no scaling\" alt=\"\" srcset=\"https:\/\/www.clusteraudiovisual.cat\/wp-content\/uploads\/2025\/11\/ST_Logo_Colaborador_MIA-1.jpg 800w, https:\/\/www.clusteraudiovisual.cat\/wp-content\/uploads\/2025\/11\/ST_Logo_Colaborador_MIA-1-300x150.jpg 300w, https:\/\/www.clusteraudiovisual.cat\/wp-content\/uploads\/2025\/11\/ST_Logo_Colaborador_MIA-1-768x384.jpg 768w, https:\/\/www.clusteraudiovisual.cat\/wp-content\/uploads\/2025\/11\/ST_Logo_Colaborador_MIA-1-705x353.jpg 705w\" sizes=\"(max-width: 800px) 100vw, 800px\" \/><\/div><\/div><\/div><\/div>\n<section  class='av_textblock_section av-e0jm4b-68be010789fa38b3a06887bd864427a8 '   itemscope=\"itemscope\" itemtype=\"https:\/\/schema.org\/CreativeWork\" ><div class='avia_textblock peu-text-sil'  itemprop=\"text\" ><h5 style=\"text-align: left;\"><strong>La Semana del Talento Audiovisual es un evento dise\u00f1ado y organizado con un compromiso con la sostenibilidad y la minimizaci\u00f3n de los impactos ambientales negativos.<\/strong><\/h5>\n<\/div><\/section>\n\n<style type=\"text\/css\" data-created_by=\"avia_inline_auto\" id=\"style-css-av-c4ahbv-db9bb3c067b687d7ce2c60634cb749e1\">\n#top .hr.av-c4ahbv-db9bb3c067b687d7ce2c60634cb749e1{\nmargin-top:20px;\nmargin-bottom:30px;\n}\n.hr.av-c4ahbv-db9bb3c067b687d7ce2c60634cb749e1 .hr-inner{\nwidth:100%;\nborder-color:#e8e8e8;\n}\n<\/style>\n<div  class='hr av-c4ahbv-db9bb3c067b687d7ce2c60634cb749e1 hr-custom  avia-builder-el-13  el_after_av_textblock  el_before_av_three_fifth  hr-left hr-icon-no'><span class='hr-inner inner-border-av-border-thin'><span class=\"hr-inner-style\"><\/span><\/span><\/div>\n\n<style type=\"text\/css\" data-created_by=\"avia_inline_auto\" id=\"style-css-av-aql7qz-eaefaf5f5082debb3f810d68021a7db7\">\n.flex_column.av-aql7qz-eaefaf5f5082debb3f810d68021a7db7{\nborder-radius:0px 0px 0px 0px;\npadding:0px 0px 0px 0px;\n}\n<\/style>\n<div  class='flex_column av-aql7qz-eaefaf5f5082debb3f810d68021a7db7 av_three_fifth  avia-builder-el-14  el_after_av_hr  el_before_av_one_fifth  first flex_column_div av-zero-column-padding  '     ><section  class='av_textblock_section av-8g71cb-29ee66862cb72278aade158530b22209 '   itemscope=\"itemscope\" itemtype=\"https:\/\/schema.org\/CreativeWork\" ><div class='avia_textblock peu-text-sil'  itemprop=\"text\" ><p style=\"text-align: left;\">Via Laietana 32-34, 4\u00aa planta. Barcelona, 08003. Telf: 616663567<\/p>\n<\/div><\/section><\/div>\n<style type=\"text\/css\" data-created_by=\"avia_inline_auto\" id=\"style-css-av-6zllrf-25a67ec6b73618e2cef3958c74280e0b\">\n.flex_column.av-6zllrf-25a67ec6b73618e2cef3958c74280e0b{\nborder-radius:0px 0px 0px 0px;\npadding:0px 0px 0px 0px;\n}\n<\/style>\n<div  class='flex_column av-6zllrf-25a67ec6b73618e2cef3958c74280e0b av_one_fifth  avia-builder-el-16  el_after_av_three_fifth  el_before_av_one_fifth  flex_column_div av-zero-column-padding  '     ><section  class='av_textblock_section av-6gvy7v-ce511b50de43e6eb5fd0ab1b577dea0d '   itemscope=\"itemscope\" itemtype=\"https:\/\/schema.org\/CreativeWork\" ><div class='avia_textblock'  itemprop=\"text\" ><h6><a style=\"font-size: 0;\" href=\"https:\/\/www.facebook.com\/clusteraudiovisualcatalunya\" target=\"_blank\" rel=\"noopener\">facebook<img loading=\"lazy\" decoding=\"async\" class=\"size-full wp-image-265 alignnone\" src=\"https:\/\/www.clusteraudiovisual.cat\/wp-content\/uploads\/2024\/12\/icon-facebook.png\" alt=\"facebook\" width=\"25\" height=\"25\" \/><\/a> <a style=\"font-size: 0;\" href=\"https:\/\/twitter.com\/ClusterAVCat\" target=\"_blank\" rel=\"noopener\">x<img loading=\"lazy\" decoding=\"async\" class=\"size-full wp-image-267 alignnone\" src=\"https:\/\/www.clusteraudiovisual.cat\/wp-content\/uploads\/2024\/12\/icon-twitter.png\" alt=\"x\/twitter\" width=\"25\" height=\"25\" \/> \u00a0<\/a> <a style=\"font-size: 0;\" href=\"https:\/\/www.instagram.com\/clusteravcat\/\" target=\"_blank\" rel=\"noopener\">instagram<img loading=\"lazy\" decoding=\"async\" class=\"size-full wp-image-266 alignnone\" src=\"https:\/\/www.clusteraudiovisual.cat\/wp-content\/uploads\/2024\/12\/icon-instagram.png\" alt=\"instagram\" width=\"25\" height=\"25\" \/><\/a> <a style=\"font-size: 0;\" href=\"https:\/\/www.youtube.com\/channel\/UCjZkfy-Dhqb4XZmaX-XWhRA\" target=\"_blank\" rel=\"noopener\">youtube<img loading=\"lazy\" decoding=\"async\" class=\"size-full wp-image-266 alignnone\" src=\"https:\/\/www.clusteraudiovisual.cat\/wp-content\/uploads\/2024\/12\/icon-youtube.png\" alt=\"youtube\" width=\"25\" height=\"25\" \/><\/a>\u00a0<a style=\"font-size: 0;\" href=\"https:\/\/www.linkedin.com\/company\/cl%C3%BAster-audiovisual-de-catalunya\/\" target=\"_blank\" rel=\"noopener\">linkedIn<img loading=\"lazy\" decoding=\"async\" class=\"size-full wp-image-266 alignnone\" src=\"https:\/\/www.clusteraudiovisual.cat\/wp-content\/uploads\/2024\/12\/icon-linkedin.png\" alt=\"linkedIn\" width=\"25\" height=\"25\" \/><\/a><\/h6>\n<\/div><\/section><\/div>\n<style type=\"text\/css\" data-created_by=\"avia_inline_auto\" id=\"style-css-av-4dq6t7-e8f724cb8d18f89a9089455004e0ad96\">\n.flex_column.av-4dq6t7-e8f724cb8d18f89a9089455004e0ad96{\nborder-radius:0px 0px 0px 0px;\npadding:0px 0px 0px 0px;\n}\n<\/style>\n<div  class='flex_column av-4dq6t7-e8f724cb8d18f89a9089455004e0ad96 av_one_fifth  avia-builder-el-18  el_after_av_one_fifth  avia-builder-el-last  flex_column_div av-zero-column-padding  '     ><section  class='av_textblock_section av-2rgpjv-2895831a869dcf5c0c4a9421e4829c46 '   itemscope=\"itemscope\" itemtype=\"https:\/\/schema.org\/CreativeWork\" ><div class='avia_textblock peu-text-sil'  itemprop=\"text\" ><p style=\"text-align: right;\"><a href=\"http:\/\/clusteraudiovisual.cat\/bases-legals\/\" target=\"_blank\" rel=\"noopener\">Bases legales<\/a><\/p>\n<h6><\/h6>\n<\/div><\/section><\/div>\n<\/p>\n<\/div><\/div><\/div><!-- close content main div --><\/div><\/div>\n<style type=\"text\/css\" data-created_by=\"avia_inline_auto\" id=\"style-css-av-khmh3th4-160a81b60e5cefde7bcca14eb3ee324c\">\n.avia-section.av-khmh3th4-160a81b60e5cefde7bcca14eb3ee324c{\nbackground-color:#f6f6f6;\nbackground-image:unset;\nmargin-top:1px;\nmargin-bottom:1px;\n}\n<\/style>\n<div id='socketsil'  class='avia-section av-khmh3th4-160a81b60e5cefde7bcca14eb3ee324c alternate_color avia-section-small avia-no-border-styling  avia-builder-el-20  el_after_av_section  avia-builder-el-last  socketsil avia-bg-style-scroll av-minimum-height av-minimum-height-custom av-height-custom  container_wrap fullsize'   data-av_minimum_height_px='10'><div class='container av-section-cont-open' style='height:10px'><div class='template-page content av-content-full alpha units'><div class='post-entry post-entry-type-page post-entry-1595'><div class='entry-content-wrapper clearfix'>\n\n<style type=\"text\/css\" data-created_by=\"avia_inline_auto\" id=\"style-css-av-gs5fo-a2ffb1829b267f5f46f3b65c7a56a1df\">\n.flex_column.av-gs5fo-a2ffb1829b267f5f46f3b65c7a56a1df{\nborder-radius:0px 0px 0px 0px;\npadding:0px 0px 0px 0px;\n}\n<\/style>\n<div  class='flex_column av-gs5fo-a2ffb1829b267f5f46f3b65c7a56a1df av_one_half  avia-builder-el-21  el_before_av_one_half  avia-builder-el-first  first flex_column_div av-zero-column-padding  '     ><section  class='av_textblock_section av-khmh41q8-4f8e7e4052462e73f2fcab7eccebead7 '   itemscope=\"itemscope\" itemtype=\"https:\/\/schema.org\/CreativeWork\" ><div class='avia_textblock'  itemprop=\"text\" ><p>\u00a9 2020 Cl\u00faster Audiovisual de Catalunya<\/p>\n<\/div><\/section><\/div>\n<style type=\"text\/css\" data-created_by=\"avia_inline_auto\" id=\"style-css-av-8802k-0b8d78f3f57f2e0c6ce1641cec1ad48b\">\n.flex_column.av-8802k-0b8d78f3f57f2e0c6ce1641cec1ad48b{\nborder-radius:0px 0px 0px 0px;\npadding:0px 0px 0px 0px;\n}\n<\/style>\n<div  class='flex_column av-8802k-0b8d78f3f57f2e0c6ce1641cec1ad48b av_one_half  avia-builder-el-23  el_after_av_one_half  avia-builder-el-last  flex_column_div av-zero-column-padding  '     ><section  class='av_textblock_section av-khmh41q8-45-559827791c48e3ede98f53130bcfa241 '   itemscope=\"itemscope\" itemtype=\"https:\/\/schema.org\/CreativeWork\" ><div class='avia_textblock'  itemprop=\"text\" ><p style=\"text-align: right;\">Web desarrollada por <a href=\"https:\/\/www.lasaladeta.com\/\" target=\"_blank\" rel=\"noopener\">La Saladeta<\/a><\/p>\n<\/div><\/section><\/div>\n\n","protected":false},"excerpt":{"rendered":"","protected":false},"author":1,"featured_media":53096,"parent":1317,"menu_order":0,"comment_status":"closed","ping_status":"closed","template":"","meta":{"_acf_changed":false,"footnotes":""},"class_list":["post-1595","page","type-page","status-publish","has-post-thumbnail","hentry"],"acf":[],"yoast_head":"<!-- This site is optimized with the Yoast SEO plugin v27.0 - https:\/\/yoast.com\/product\/yoast-seo-wordpress\/ -->\n<title>Centros universitarios participantes - Cl\u00faster Audiovisual<\/title>\n<meta name=\"description\" content=\"Aqu\u00ed pod\u00e9is descubrir todos los centros universitarios participantes que os encontrar\u00e9is en la Semana del Talento.\" \/>\n<meta name=\"robots\" content=\"index, follow, max-snippet:-1, max-image-preview:large, max-video-preview:-1\" \/>\n<link rel=\"canonical\" href=\"https:\/\/www.clusteraudiovisual.cat\/es\/talentaudiovisual\/centros-universitarios-participantes\/\" \/>\n<meta property=\"og:locale\" content=\"es_ES\" \/>\n<meta property=\"og:type\" content=\"article\" \/>\n<meta property=\"og:title\" content=\"Centros universitarios participantes - Cl\u00faster Audiovisual\" \/>\n<meta property=\"og:description\" content=\"Aqu\u00ed pod\u00e9is descubrir todos los centros universitarios participantes que os encontrar\u00e9is en la Semana del Talento.\" \/>\n<meta property=\"og:url\" content=\"https:\/\/www.clusteraudiovisual.cat\/es\/talentaudiovisual\/centros-universitarios-participantes\/\" \/>\n<meta property=\"og:site_name\" content=\"Cl\u00faster Audiovisual\" \/>\n<meta property=\"article:modified_time\" content=\"2026-03-12T12:22:42+00:00\" \/>\n<meta property=\"og:image\" content=\"https:\/\/www.clusteraudiovisual.cat\/wp-content\/uploads\/2025\/11\/STalent2025_Banner_Web_Responsive_Cast.jpg\" \/>\n\t<meta property=\"og:image:width\" content=\"600\" \/>\n\t<meta property=\"og:image:height\" content=\"676\" \/>\n\t<meta property=\"og:image:type\" content=\"image\/jpeg\" \/>\n<meta name=\"twitter:card\" content=\"summary_large_image\" \/>\n<meta name=\"twitter:label1\" content=\"Tiempo de lectura\" \/>\n\t<meta name=\"twitter:data1\" content=\"9 minutos\" \/>\n<script type=\"application\/ld+json\" class=\"yoast-schema-graph\">{\"@context\":\"https:\/\/schema.org\",\"@graph\":[{\"@type\":\"WebPage\",\"@id\":\"https:\/\/www.clusteraudiovisual.cat\/es\/talentaudiovisual\/centros-universitarios-participantes\/\",\"url\":\"https:\/\/www.clusteraudiovisual.cat\/es\/talentaudiovisual\/centros-universitarios-participantes\/\",\"name\":\"Centros universitarios participantes - Cl\u00faster Audiovisual\",\"isPartOf\":{\"@id\":\"https:\/\/www.clusteraudiovisual.cat\/es\/#website\"},\"primaryImageOfPage\":{\"@id\":\"https:\/\/www.clusteraudiovisual.cat\/es\/talentaudiovisual\/centros-universitarios-participantes\/#primaryimage\"},\"image\":{\"@id\":\"https:\/\/www.clusteraudiovisual.cat\/es\/talentaudiovisual\/centros-universitarios-participantes\/#primaryimage\"},\"thumbnailUrl\":\"https:\/\/www.clusteraudiovisual.cat\/wp-content\/uploads\/2025\/11\/STalent2025_Banner_Web_Responsive_Cast.jpg\",\"datePublished\":\"2020-11-11T21:32:55+00:00\",\"dateModified\":\"2026-03-12T12:22:42+00:00\",\"description\":\"Aqu\u00ed pod\u00e9is descubrir todos los centros universitarios participantes que os encontrar\u00e9is en la Semana del Talento.\",\"breadcrumb\":{\"@id\":\"https:\/\/www.clusteraudiovisual.cat\/es\/talentaudiovisual\/centros-universitarios-participantes\/#breadcrumb\"},\"inLanguage\":\"es\",\"potentialAction\":[{\"@type\":\"ReadAction\",\"target\":[\"https:\/\/www.clusteraudiovisual.cat\/es\/talentaudiovisual\/centros-universitarios-participantes\/\"]}]},{\"@type\":\"ImageObject\",\"inLanguage\":\"es\",\"@id\":\"https:\/\/www.clusteraudiovisual.cat\/es\/talentaudiovisual\/centros-universitarios-participantes\/#primaryimage\",\"url\":\"https:\/\/www.clusteraudiovisual.cat\/wp-content\/uploads\/2025\/11\/STalent2025_Banner_Web_Responsive_Cast.jpg\",\"contentUrl\":\"https:\/\/www.clusteraudiovisual.cat\/wp-content\/uploads\/2025\/11\/STalent2025_Banner_Web_Responsive_Cast.jpg\",\"width\":600,\"height\":676},{\"@type\":\"BreadcrumbList\",\"@id\":\"https:\/\/www.clusteraudiovisual.cat\/es\/talentaudiovisual\/centros-universitarios-participantes\/#breadcrumb\",\"itemListElement\":[{\"@type\":\"ListItem\",\"position\":1,\"name\":\"Semana del Talento Audiovisual 2025\",\"item\":\"https:\/\/www.clusteraudiovisual.cat\/es\/talentaudiovisual\/\"},{\"@type\":\"ListItem\",\"position\":2,\"name\":\"Centros universitarios participantes\"}]},{\"@type\":\"WebSite\",\"@id\":\"https:\/\/www.clusteraudiovisual.cat\/es\/#website\",\"url\":\"https:\/\/www.clusteraudiovisual.cat\/es\/\",\"name\":\"Cl\u00faster Audiovisual\",\"description\":\"Associaci\u00f3 d&#039;empreses que integren el sector audiovisual.\",\"potentialAction\":[{\"@type\":\"SearchAction\",\"target\":{\"@type\":\"EntryPoint\",\"urlTemplate\":\"https:\/\/www.clusteraudiovisual.cat\/es\/?s={search_term_string}\"},\"query-input\":{\"@type\":\"PropertyValueSpecification\",\"valueRequired\":true,\"valueName\":\"search_term_string\"}}],\"inLanguage\":\"es\"}]}<\/script>\n<!-- \/ Yoast SEO plugin. -->","yoast_head_json":{"title":"Centros universitarios participantes - Cl\u00faster Audiovisual","description":"Aqu\u00ed pod\u00e9is descubrir todos los centros universitarios participantes que os encontrar\u00e9is en la Semana del Talento.","robots":{"index":"index","follow":"follow","max-snippet":"max-snippet:-1","max-image-preview":"max-image-preview:large","max-video-preview":"max-video-preview:-1"},"canonical":"https:\/\/www.clusteraudiovisual.cat\/es\/talentaudiovisual\/centros-universitarios-participantes\/","og_locale":"es_ES","og_type":"article","og_title":"Centros universitarios participantes - Cl\u00faster Audiovisual","og_description":"Aqu\u00ed pod\u00e9is descubrir todos los centros universitarios participantes que os encontrar\u00e9is en la Semana del Talento.","og_url":"https:\/\/www.clusteraudiovisual.cat\/es\/talentaudiovisual\/centros-universitarios-participantes\/","og_site_name":"Cl\u00faster Audiovisual","article_modified_time":"2026-03-12T12:22:42+00:00","og_image":[{"width":600,"height":676,"url":"https:\/\/www.clusteraudiovisual.cat\/wp-content\/uploads\/2025\/11\/STalent2025_Banner_Web_Responsive_Cast.jpg","type":"image\/jpeg"}],"twitter_card":"summary_large_image","twitter_misc":{"Tiempo de lectura":"9 minutos"},"schema":{"@context":"https:\/\/schema.org","@graph":[{"@type":"WebPage","@id":"https:\/\/www.clusteraudiovisual.cat\/es\/talentaudiovisual\/centros-universitarios-participantes\/","url":"https:\/\/www.clusteraudiovisual.cat\/es\/talentaudiovisual\/centros-universitarios-participantes\/","name":"Centros universitarios participantes - Cl\u00faster Audiovisual","isPartOf":{"@id":"https:\/\/www.clusteraudiovisual.cat\/es\/#website"},"primaryImageOfPage":{"@id":"https:\/\/www.clusteraudiovisual.cat\/es\/talentaudiovisual\/centros-universitarios-participantes\/#primaryimage"},"image":{"@id":"https:\/\/www.clusteraudiovisual.cat\/es\/talentaudiovisual\/centros-universitarios-participantes\/#primaryimage"},"thumbnailUrl":"https:\/\/www.clusteraudiovisual.cat\/wp-content\/uploads\/2025\/11\/STalent2025_Banner_Web_Responsive_Cast.jpg","datePublished":"2020-11-11T21:32:55+00:00","dateModified":"2026-03-12T12:22:42+00:00","description":"Aqu\u00ed pod\u00e9is descubrir todos los centros universitarios participantes que os encontrar\u00e9is en la Semana del Talento.","breadcrumb":{"@id":"https:\/\/www.clusteraudiovisual.cat\/es\/talentaudiovisual\/centros-universitarios-participantes\/#breadcrumb"},"inLanguage":"es","potentialAction":[{"@type":"ReadAction","target":["https:\/\/www.clusteraudiovisual.cat\/es\/talentaudiovisual\/centros-universitarios-participantes\/"]}]},{"@type":"ImageObject","inLanguage":"es","@id":"https:\/\/www.clusteraudiovisual.cat\/es\/talentaudiovisual\/centros-universitarios-participantes\/#primaryimage","url":"https:\/\/www.clusteraudiovisual.cat\/wp-content\/uploads\/2025\/11\/STalent2025_Banner_Web_Responsive_Cast.jpg","contentUrl":"https:\/\/www.clusteraudiovisual.cat\/wp-content\/uploads\/2025\/11\/STalent2025_Banner_Web_Responsive_Cast.jpg","width":600,"height":676},{"@type":"BreadcrumbList","@id":"https:\/\/www.clusteraudiovisual.cat\/es\/talentaudiovisual\/centros-universitarios-participantes\/#breadcrumb","itemListElement":[{"@type":"ListItem","position":1,"name":"Semana del Talento Audiovisual 2025","item":"https:\/\/www.clusteraudiovisual.cat\/es\/talentaudiovisual\/"},{"@type":"ListItem","position":2,"name":"Centros universitarios participantes"}]},{"@type":"WebSite","@id":"https:\/\/www.clusteraudiovisual.cat\/es\/#website","url":"https:\/\/www.clusteraudiovisual.cat\/es\/","name":"Cl\u00faster Audiovisual","description":"Associaci\u00f3 d&#039;empreses que integren el sector audiovisual.","potentialAction":[{"@type":"SearchAction","target":{"@type":"EntryPoint","urlTemplate":"https:\/\/www.clusteraudiovisual.cat\/es\/?s={search_term_string}"},"query-input":{"@type":"PropertyValueSpecification","valueRequired":true,"valueName":"search_term_string"}}],"inLanguage":"es"}]}},"_links":{"self":[{"href":"https:\/\/www.clusteraudiovisual.cat\/es\/wp-json\/wp\/v2\/pages\/1595","targetHints":{"allow":["GET"]}}],"collection":[{"href":"https:\/\/www.clusteraudiovisual.cat\/es\/wp-json\/wp\/v2\/pages"}],"about":[{"href":"https:\/\/www.clusteraudiovisual.cat\/es\/wp-json\/wp\/v2\/types\/page"}],"author":[{"embeddable":true,"href":"https:\/\/www.clusteraudiovisual.cat\/es\/wp-json\/wp\/v2\/users\/1"}],"replies":[{"embeddable":true,"href":"https:\/\/www.clusteraudiovisual.cat\/es\/wp-json\/wp\/v2\/comments?post=1595"}],"version-history":[{"count":24,"href":"https:\/\/www.clusteraudiovisual.cat\/es\/wp-json\/wp\/v2\/pages\/1595\/revisions"}],"predecessor-version":[{"id":55738,"href":"https:\/\/www.clusteraudiovisual.cat\/es\/wp-json\/wp\/v2\/pages\/1595\/revisions\/55738"}],"up":[{"embeddable":true,"href":"https:\/\/www.clusteraudiovisual.cat\/es\/wp-json\/wp\/v2\/pages\/1317"}],"wp:featuredmedia":[{"embeddable":true,"href":"https:\/\/www.clusteraudiovisual.cat\/es\/wp-json\/wp\/v2\/media\/53096"}],"wp:attachment":[{"href":"https:\/\/www.clusteraudiovisual.cat\/es\/wp-json\/wp\/v2\/media?parent=1595"}],"curies":[{"name":"wp","href":"https:\/\/api.w.org\/{rel}","templated":true}]}}