{"id":13067,"date":"2021-04-14T09:47:49","date_gmt":"2021-04-14T09:47:49","guid":{"rendered":"https:\/\/www.clusteraudiovisual.cat\/?page_id=13067"},"modified":"2026-04-13T11:05:44","modified_gmt":"2026-04-13T09:05:44","slug":"pantalla-en-vivo","status":"publish","type":"page","link":"https:\/\/www.clusteraudiovisual.cat\/es\/pantalla-en-vivo\/","title":{"rendered":"Pantalla en vivo"},"content":{"rendered":"<div id='av_section_1'  class='avia-section av-37u8ex-543364433f8d222eac016d689ff6a29b main_color avia-section-default avia-no-border-styling  avia-builder-el-0  el_before_av_section  avia-builder-el-first  avia-bg-style-scroll container_wrap fullsize'  ><div class='container av-section-cont-open' ><main  role=\"main\" itemprop=\"mainContentOfPage\"  class='template-page content av-content-full alpha units'><div class='post-entry post-entry-type-page post-entry-13067'><div class='entry-content-wrapper clearfix'>\n<div  class='flex_column av-hlum6qz-e3a812cc616cad08def20f1f1ff1e6ce av_one_full  avia-builder-el-1  el_before_av_one_fifth  avia-builder-el-first  first flex_column_div  '     ><style type=\"text\/css\" data-created_by=\"avia_inline_auto\" id=\"style-css-av-m9k3afi2-ebcad2b86c3ecfebc769991eeab159cb\">\n.avia-image-container.av-m9k3afi2-ebcad2b86c3ecfebc769991eeab159cb img.avia_image{\nbox-shadow:none;\n}\n.avia-image-container.av-m9k3afi2-ebcad2b86c3ecfebc769991eeab159cb .av-image-caption-overlay-center{\ncolor:#ffffff;\n}\n<\/style>\n<div  class='avia-image-container av-m9k3afi2-ebcad2b86c3ecfebc769991eeab159cb av-styling- avia-align-center  avia-builder-el-2  avia-builder-el-no-sibling '   itemprop=\"image\" itemscope=\"itemscope\" itemtype=\"https:\/\/schema.org\/ImageObject\" ><div class=\"avia-image-container-inner\"><div class=\"avia-image-overlay-wrap\"><img decoding=\"async\" fetchpriority=\"high\" class='wp-image-48120 avia-img-lazy-loading-not-48120 avia_image ' src=\"https:\/\/www.clusteraudiovisual.cat\/wp-content\/uploads\/2025\/04\/logo-pantallaenviu-300x143.png\" alt='' title='logo-pantallaenviu'  height=\"143\" width=\"300\"  itemprop=\"thumbnailUrl\" srcset=\"https:\/\/www.clusteraudiovisual.cat\/wp-content\/uploads\/2025\/04\/logo-pantallaenviu-300x143.png 300w, https:\/\/www.clusteraudiovisual.cat\/wp-content\/uploads\/2025\/04\/logo-pantallaenviu-1030x491.png 1030w, https:\/\/www.clusteraudiovisual.cat\/wp-content\/uploads\/2025\/04\/logo-pantallaenviu-768x366.png 768w, https:\/\/www.clusteraudiovisual.cat\/wp-content\/uploads\/2025\/04\/logo-pantallaenviu-1536x732.png 1536w, https:\/\/www.clusteraudiovisual.cat\/wp-content\/uploads\/2025\/04\/logo-pantallaenviu-2048x977.png 2048w, https:\/\/www.clusteraudiovisual.cat\/wp-content\/uploads\/2025\/04\/logo-pantallaenviu-1500x715.png 1500w, https:\/\/www.clusteraudiovisual.cat\/wp-content\/uploads\/2025\/04\/logo-pantallaenviu-705x336.png 705w\" sizes=\"(max-width: 300px) 100vw, 300px\" \/><\/div><\/div><\/div><\/div>\n<style type=\"text\/css\" data-created_by=\"avia_inline_auto\" id=\"style-css-av-5zpylt-388482e2f7d31c906d8d6f1bfe3587b0\">\n.flex_column.av-5zpylt-388482e2f7d31c906d8d6f1bfe3587b0{\nborder-radius:0px 0px 0px 0px;\npadding:0px 0px 0px 0px;\n}\n<\/style>\n<div  class='flex_column av-5zpylt-388482e2f7d31c906d8d6f1bfe3587b0 av_one_fifth  avia-builder-el-3  el_after_av_one_full  el_before_av_three_fifth  first flex_column_div av-zero-column-padding  column-top-margin'     ><\/div>\n<style type=\"text\/css\" data-created_by=\"avia_inline_auto\" id=\"style-css-av-42stm9-c0695b7ccefecf07055d6a75000e2991\">\n.flex_column.av-42stm9-c0695b7ccefecf07055d6a75000e2991{\nborder-radius:0px 0px 0px 0px;\npadding:0px 0px 0px 0px;\n}\n<\/style>\n<div  class='flex_column av-42stm9-c0695b7ccefecf07055d6a75000e2991 av_three_fifth  avia-builder-el-4  el_after_av_one_fifth  el_before_av_one_fifth  flex_column_div av-zero-column-padding  column-top-margin'     ><section  class='av_textblock_section av-kl81izn8-bf86fe0d7e412c80b9d1dd8e898d44a7 '   itemscope=\"itemscope\" itemtype=\"https:\/\/schema.org\/CreativeWork\" ><div class='avia_textblock'  itemprop=\"text\" ><h5 style=\"text-align: center;\">Iniciativa incluida dentro de la l\u00ednea estrat\u00e9gica de apoyo al talento emergente del Cl\u00faster Audiovisual.<\/h5>\n<\/div><\/section><\/div>\n<style type=\"text\/css\" data-created_by=\"avia_inline_auto\" id=\"style-css-av-5zpylt-37-b8c9dadedf144e7d45d49f181ff299ca\">\n.flex_column.av-5zpylt-37-b8c9dadedf144e7d45d49f181ff299ca{\nborder-radius:0px 0px 0px 0px;\npadding:0px 0px 0px 0px;\n}\n<\/style>\n<div  class='flex_column av-5zpylt-37-b8c9dadedf144e7d45d49f181ff299ca av_one_fifth  avia-builder-el-6  el_after_av_three_fifth  el_before_av_one_fifth  flex_column_div av-zero-column-padding  column-top-margin'     ><\/div>\n<style type=\"text\/css\" data-created_by=\"avia_inline_auto\" id=\"style-css-av-5zpylt-34-33d8b7d30a906a670b3d723d1ec5adb8\">\n.flex_column.av-5zpylt-34-33d8b7d30a906a670b3d723d1ec5adb8{\nborder-radius:0px 0px 0px 0px;\npadding:0px 0px 0px 0px;\n}\n<\/style>\n<div  class='flex_column av-5zpylt-34-33d8b7d30a906a670b3d723d1ec5adb8 av_one_fifth  avia-builder-el-7  el_after_av_one_fifth  el_before_av_three_fifth  first flex_column_div av-zero-column-padding  column-top-margin'     ><\/div>\n<style type=\"text\/css\" data-created_by=\"avia_inline_auto\" id=\"style-css-av-42stm9-36-9b5ef7c19cf6d91846f528cf3fa6b605\">\n.flex_column.av-42stm9-36-9b5ef7c19cf6d91846f528cf3fa6b605{\nborder-radius:0px 0px 0px 0px;\npadding:0px 0px 0px 0px;\n}\n<\/style>\n<div  class='flex_column av-42stm9-36-9b5ef7c19cf6d91846f528cf3fa6b605 av_three_fifth  avia-builder-el-8  el_after_av_one_fifth  el_before_av_one_fifth  flex_column_div av-zero-column-padding  column-top-margin'     ><section  class='av_textblock_section av-kl81izn8-35-2940830af7d20b9e456c0a39e2c0d193 '   itemscope=\"itemscope\" itemtype=\"https:\/\/schema.org\/CreativeWork\" ><div class='avia_textblock'  itemprop=\"text\" ><h5 style=\"text-align: center;\">Ofrece una primera experiencia de profesionalizaci\u00f3n a estudiantes y reci\u00e9n graduados\/as en el \u00e1mbito del audiovisual. Con la tutorizaci\u00f3n de profesionales del sector, realizan proyectos audiovisuales en conexi\u00f3n con proyectos emergentes de artes en vivo, para los que el resultado ser\u00e1 una herramienta de promoci\u00f3n y visibilizaci\u00f3n de sus trabajos.<\/h5>\n<\/div><\/section><\/div>\n<style type=\"text\/css\" data-created_by=\"avia_inline_auto\" id=\"style-css-av-5zpylt-33-44542382ce57cb4cd68c85e43ced7273\">\n.flex_column.av-5zpylt-33-44542382ce57cb4cd68c85e43ced7273{\nborder-radius:0px 0px 0px 0px;\npadding:0px 0px 0px 0px;\n}\n<\/style>\n<div  class='flex_column av-5zpylt-33-44542382ce57cb4cd68c85e43ced7273 av_one_fifth  avia-builder-el-10  el_after_av_three_fifth  el_before_av_one_fifth  flex_column_div av-zero-column-padding  column-top-margin'     ><\/div>\n<style type=\"text\/css\" data-created_by=\"avia_inline_auto\" id=\"style-css-av-5zpylt-30-848eb4572193f9de1d2f9719f4ffc049\">\n.flex_column.av-5zpylt-30-848eb4572193f9de1d2f9719f4ffc049{\nborder-radius:0px 0px 0px 0px;\npadding:0px 0px 0px 0px;\n}\n<\/style>\n<div  class='flex_column av-5zpylt-30-848eb4572193f9de1d2f9719f4ffc049 av_one_fifth  avia-builder-el-11  el_after_av_one_fifth  el_before_av_three_fifth  first flex_column_div av-zero-column-padding  column-top-margin'     ><\/div>\n<style type=\"text\/css\" data-created_by=\"avia_inline_auto\" id=\"style-css-av-42stm9-32-fe367ca358a4d7300e6c1bbfe35da0e2\">\n.flex_column.av-42stm9-32-fe367ca358a4d7300e6c1bbfe35da0e2{\nborder-radius:0px 0px 0px 0px;\npadding:0px 0px 0px 0px;\n}\n<\/style>\n<div  class='flex_column av-42stm9-32-fe367ca358a4d7300e6c1bbfe35da0e2 av_three_fifth  avia-builder-el-12  el_after_av_one_fifth  el_before_av_one_fifth  flex_column_div av-zero-column-padding  column-top-margin'     ><section  class='av_textblock_section av-kl81izn8-31-88a1f353910cb2bd30a09e749c8dd84d '   itemscope=\"itemscope\" itemtype=\"https:\/\/schema.org\/CreativeWork\" ><div class='avia_textblock'  itemprop=\"text\" ><h5 style=\"text-align: center;\">El proyecto tiene precedentes en la Mesa de trabajo sobre industria cultural con representantes del \u00e1mbito audiovisual y otros agentes culturales relevantes de la ciudad de Barcelona. Se identificaron necesidades en com\u00fan entre las disciplinas a la hora de ofrecer apoyo al talento y se pusieron las bases para el desarrollo del que despu\u00e9s ser\u00e1 Pantalla en vivo.<\/h5>\n<\/div><\/section><\/div>\n<style type=\"text\/css\" data-created_by=\"avia_inline_auto\" id=\"style-css-av-5zpylt-29-22f317f2fcd76cd73d92b1d50065506b\">\n.flex_column.av-5zpylt-29-22f317f2fcd76cd73d92b1d50065506b{\nborder-radius:0px 0px 0px 0px;\npadding:0px 0px 0px 0px;\n}\n<\/style>\n<div  class='flex_column av-5zpylt-29-22f317f2fcd76cd73d92b1d50065506b av_one_fifth  avia-builder-el-14  el_after_av_three_fifth  avia-builder-el-last  flex_column_div av-zero-column-padding  column-top-margin'     ><\/div>\n\n<\/div><\/div><\/main><!-- close content main element --><\/div><\/div><div id='av_section_2'  class='avia-section av-hfk2r2j-446828273f87e5006f42351b610235f8 main_color avia-section-default avia-no-border-styling  avia-builder-el-15  el_after_av_section  avia-builder-el-last  avia-bg-style-scroll container_wrap fullsize'  ><div class='container av-section-cont-open' ><div class='template-page content av-content-full alpha units'><div class='post-entry post-entry-type-page post-entry-13067'><div class='entry-content-wrapper clearfix'>\n\n<style type=\"text\/css\" data-created_by=\"avia_inline_auto\" id=\"style-css-av-gs5oj8r-655683910e2bbd54e480932f334b9233\">\n.flex_column.av-gs5oj8r-655683910e2bbd54e480932f334b9233{\nborder-radius:0px 0px 0px 0px;\npadding:0px 0px 0px 0px;\n}\n<\/style>\n<div  class='flex_column av-gs5oj8r-655683910e2bbd54e480932f334b9233 av_one_fifth  avia-builder-el-16  el_before_av_three_fifth  avia-builder-el-first  first flex_column_div av-zero-column-padding  '     ><\/div>\n<style type=\"text\/css\" data-created_by=\"avia_inline_auto\" id=\"style-css-av-gi2boqz-5b66f0a40fbbe0d0fd897bd8ccf4e972\">\n.flex_column.av-gi2boqz-5b66f0a40fbbe0d0fd897bd8ccf4e972{\nborder-radius:0px 0px 0px 0px;\npadding:0px 0px 0px 0px;\n}\n<\/style>\n<div  class='flex_column av-gi2boqz-5b66f0a40fbbe0d0fd897bd8ccf4e972 av_three_fifth  avia-builder-el-17  el_after_av_one_fifth  el_before_av_one_fifth  flex_column_div av-zero-column-padding  '     ><section  class='av_textblock_section av-fvxezjf-911e5917a6a7cc0a803a0504257332f4 '   itemscope=\"itemscope\" itemtype=\"https:\/\/schema.org\/CreativeWork\" ><div class='avia_textblock'  itemprop=\"text\" ><h5 style=\"text-align: center;\">En las 8 ediciones del proyecto se ha contado con&#8230;<\/h5>\n<\/div><\/section><\/div>\n<style type=\"text\/css\" data-created_by=\"avia_inline_auto\" id=\"style-css-av-fgxttzf-d8f57cced2927c63a55cd1bf9f6ad2a3\">\n.flex_column.av-fgxttzf-d8f57cced2927c63a55cd1bf9f6ad2a3{\nborder-radius:0px 0px 0px 0px;\npadding:0px 0px 0px 0px;\n}\n<\/style>\n<div  class='flex_column av-fgxttzf-d8f57cced2927c63a55cd1bf9f6ad2a3 av_one_fifth  avia-builder-el-19  el_after_av_three_fifth  el_before_av_one_fifth  flex_column_div av-zero-column-padding  '     ><\/div>\n<style type=\"text\/css\" data-created_by=\"avia_inline_auto\" id=\"style-css-av-evjh2cr-f526355c61101d381bb4623324bff34c\">\n.flex_column.av-evjh2cr-f526355c61101d381bb4623324bff34c{\nborder-radius:0px 0px 0px 0px;\npadding:0px 0px 0px 0px;\n}\n<\/style>\n<div  class='flex_column av-evjh2cr-f526355c61101d381bb4623324bff34c av_one_fifth  avia-builder-el-20  el_after_av_one_fifth  el_before_av_one_fifth  first flex_column_div av-zero-column-padding  column-top-margin'     ><style type=\"text\/css\" data-created_by=\"avia_inline_auto\" id=\"style-css-av-m9cjkhdy-795d10640701a398153c610db8d642c9\">\n#top .av_textblock_section.av-m9cjkhdy-795d10640701a398153c610db8d642c9 .avia_textblock{\nfont-size:40px;\n}\n<\/style>\n<section  class='av_textblock_section av-m9cjkhdy-795d10640701a398153c610db8d642c9 '   itemscope=\"itemscope\" itemtype=\"https:\/\/schema.org\/CreativeWork\" ><div class='avia_textblock'  itemprop=\"text\" ><h1 style=\"text-align: center;\"><span style=\"color: #9906ff;\">265<\/span><\/h1>\n<h6 style=\"text-align: center;\"><strong><span style=\"color: #9906ff;\"><span style=\"background-color: #b9fff7;\">INT\u00c9RPRETES Y OTROS COLABORADORES<\/span><\/span><\/strong><\/h6>\n<\/div><\/section><\/div>\n<style type=\"text\/css\" data-created_by=\"avia_inline_auto\" id=\"style-css-av-egqhtm3-8b8c43c06e1559b4f3850364f0d1725a\">\n.flex_column.av-egqhtm3-8b8c43c06e1559b4f3850364f0d1725a{\nborder-radius:0px 0px 0px 0px;\npadding:0px 0px 0px 0px;\n}\n<\/style>\n<div  class='flex_column av-egqhtm3-8b8c43c06e1559b4f3850364f0d1725a av_one_fifth  avia-builder-el-22  el_after_av_one_fifth  el_before_av_one_fifth  flex_column_div av-zero-column-padding  column-top-margin'     ><style type=\"text\/css\" data-created_by=\"avia_inline_auto\" id=\"style-css-av-m9cjky5w-0b6de0c11da9b57788f16f1910ebe6f2\">\n#top .av_textblock_section.av-m9cjky5w-0b6de0c11da9b57788f16f1910ebe6f2 .avia_textblock{\nfont-size:40px;\n}\n<\/style>\n<section  class='av_textblock_section av-m9cjky5w-0b6de0c11da9b57788f16f1910ebe6f2 '   itemscope=\"itemscope\" itemtype=\"https:\/\/schema.org\/CreativeWork\" ><div class='avia_textblock'  itemprop=\"text\" ><h1 style=\"text-align: center;\"><span style=\"color: #9906ff;\">71<\/span><\/h1>\n<h6 style=\"text-align: center;\"><strong><span style=\"color: #9906ff;\"><span style=\"background-color: #b9fff7;\">CREATIVOS ARTES EN VIVO<\/span><\/span><\/strong><\/h6>\n<\/div><\/section><\/div>\n<style type=\"text\/css\" data-created_by=\"avia_inline_auto\" id=\"style-css-av-e4sgfd7-45f40e4d8e3e0330b387e8d0667f1079\">\n.flex_column.av-e4sgfd7-45f40e4d8e3e0330b387e8d0667f1079{\nborder-radius:0px 0px 0px 0px;\npadding:0px 0px 0px 0px;\n}\n<\/style>\n<div  class='flex_column av-e4sgfd7-45f40e4d8e3e0330b387e8d0667f1079 av_one_fifth  avia-builder-el-24  el_after_av_one_fifth  el_before_av_one_fifth  flex_column_div av-zero-column-padding  column-top-margin'     ><style type=\"text\/css\" data-created_by=\"avia_inline_auto\" id=\"style-css-av-m9cjlcan-af8b8b9b0c87a5bbcfce6572e6b416f2\">\n#top .av_textblock_section.av-m9cjlcan-af8b8b9b0c87a5bbcfce6572e6b416f2 .avia_textblock{\nfont-size:40px;\n}\n<\/style>\n<section  class='av_textblock_section av-m9cjlcan-af8b8b9b0c87a5bbcfce6572e6b416f2 '   itemscope=\"itemscope\" itemtype=\"https:\/\/schema.org\/CreativeWork\" ><div class='avia_textblock'  itemprop=\"text\" ><h1 style=\"text-align: center;\"><span style=\"color: #9906ff;\">56<\/span><\/h1>\n<h6 style=\"text-align: center;\"><strong><span style=\"color: #9906ff;\"><span style=\"background-color: #b9fff7;\">PROYECTOS REALIZADOS<\/span><\/span><\/strong><\/h6>\n<\/div><\/section><\/div>\n<style type=\"text\/css\" data-created_by=\"avia_inline_auto\" id=\"style-css-av-dmyrfkb-75f8167b5a4eb77a4aba310fd156c2d7\">\n.flex_column.av-dmyrfkb-75f8167b5a4eb77a4aba310fd156c2d7{\nborder-radius:0px 0px 0px 0px;\npadding:0px 0px 0px 0px;\n}\n<\/style>\n<div  class='flex_column av-dmyrfkb-75f8167b5a4eb77a4aba310fd156c2d7 av_one_fifth  avia-builder-el-26  el_after_av_one_fifth  el_before_av_one_fifth  flex_column_div av-zero-column-padding  column-top-margin'     ><style type=\"text\/css\" data-created_by=\"avia_inline_auto\" id=\"style-css-av-m9cjlo5l-bf542efdd004afc056da11b529c859b1\">\n#top .av_textblock_section.av-m9cjlo5l-bf542efdd004afc056da11b529c859b1 .avia_textblock{\nfont-size:40px;\n}\n<\/style>\n<section  class='av_textblock_section av-m9cjlo5l-bf542efdd004afc056da11b529c859b1 '   itemscope=\"itemscope\" itemtype=\"https:\/\/schema.org\/CreativeWork\" ><div class='avia_textblock'  itemprop=\"text\" ><h1 style=\"text-align: center;\"><span style=\"color: #9906ff;\">165<\/span><\/h1>\n<h6 style=\"text-align: center;\"><strong><span style=\"color: #9906ff;\"><span style=\"background-color: #b9fff7;\">TALENTOS <\/span><\/span><\/strong><strong><span style=\"color: #9906ff;\"><span style=\"background-color: #b9fff7;\">AUDIOVISUALES<\/span><\/span><\/strong><\/h6>\n<\/div><\/section><\/div>\n<style type=\"text\/css\" data-created_by=\"avia_inline_auto\" id=\"style-css-av-1b4l3ij-6fbf1e4fb32ac05a2e772ab5c192b4b3\">\n.flex_column.av-1b4l3ij-6fbf1e4fb32ac05a2e772ab5c192b4b3{\nborder-radius:0px 0px 0px 0px;\npadding:0px 0px 0px 0px;\n}\n<\/style>\n<div  class='flex_column av-1b4l3ij-6fbf1e4fb32ac05a2e772ab5c192b4b3 av_one_fifth  avia-builder-el-28  el_after_av_one_fifth  el_before_av_hr  flex_column_div av-zero-column-padding  column-top-margin'     ><style type=\"text\/css\" data-created_by=\"avia_inline_auto\" id=\"style-css-av-m9cjm0sn-311fcf0b95ba5b6ffa045c235f38c378\">\n#top .av_textblock_section.av-m9cjm0sn-311fcf0b95ba5b6ffa045c235f38c378 .avia_textblock{\nfont-size:40px;\n}\n<\/style>\n<section  class='av_textblock_section av-m9cjm0sn-311fcf0b95ba5b6ffa045c235f38c378 '   itemscope=\"itemscope\" itemtype=\"https:\/\/schema.org\/CreativeWork\" ><div class='avia_textblock'  itemprop=\"text\" ><h1 style=\"text-align: center;\"><span style=\"color: #9906ff;\">16<\/span><\/h1>\n<h6 style=\"text-align: center;\"><strong><span style=\"color: #9906ff;\"><span style=\"background-color: #b9fff7;\">UNIVERSIDADES IMPLICADAS<\/span><\/span><\/strong><\/h6>\n<h6 style=\"text-align: center;\"><strong>\u00a0<\/strong><\/h6>\n<\/div><\/section><\/div>\n<style type=\"text\/css\" data-created_by=\"avia_inline_auto\" id=\"style-css-av-colr3zf-131e8d92a14cab92e1675722350664fa\">\n#top .hr.hr-invisible.av-colr3zf-131e8d92a14cab92e1675722350664fa{\nheight:100px;\n}\n<\/style>\n<div  class='hr av-colr3zf-131e8d92a14cab92e1675722350664fa hr-invisible  avia-builder-el-30  el_after_av_one_fifth  el_before_av_textblock '><span class='hr-inner '><span class=\"hr-inner-style\"><\/span><\/span><\/div>\n<section  class='av_textblock_section av-ccfqi8b-990ef0c81cc0c71f4a325c9c1046e952 '   itemscope=\"itemscope\" itemtype=\"https:\/\/schema.org\/CreativeWork\" ><div class='avia_textblock'  itemprop=\"text\" ><h2 style=\"text-align: center;\"><span style=\"color: #9906ff;\">\u00bfC\u00d3MO FUNCIONA?<br \/>\n<\/span><\/h2>\n<\/div><\/section>\n\n<style type=\"text\/css\" data-created_by=\"avia_inline_auto\" id=\"style-css-av-bkikdm3-f432800cd2543ec1c701c19e2fe75f73\">\n.flex_column.av-bkikdm3-f432800cd2543ec1c701c19e2fe75f73{\nborder-radius:0px 0px 0px 0px;\npadding:0px 0px 0px 0px;\n}\n<\/style>\n<div  class='flex_column av-bkikdm3-f432800cd2543ec1c701c19e2fe75f73 av_one_fifth  avia-builder-el-32  el_after_av_textblock  el_before_av_three_fifth  first flex_column_div av-zero-column-padding  column-top-margin'     ><\/div>\n<style type=\"text\/css\" data-created_by=\"avia_inline_auto\" id=\"style-css-av-b35f8ff-e6f24dea9352d3610aea2bb14c28f204\">\n.flex_column.av-b35f8ff-e6f24dea9352d3610aea2bb14c28f204{\nborder-radius:0px 0px 0px 0px;\npadding:0px 0px 0px 0px;\n}\n<\/style>\n<div  class='flex_column av-b35f8ff-e6f24dea9352d3610aea2bb14c28f204 av_three_fifth  avia-builder-el-33  el_after_av_one_fifth  el_before_av_one_fifth  flex_column_div av-zero-column-padding  column-top-margin'     ><section  class='av_textblock_section av-aoci4uj-94351893d8ee36fdc2a6be65a03027d6 '   itemscope=\"itemscope\" itemtype=\"https:\/\/schema.org\/CreativeWork\" ><div class='avia_textblock'  itemprop=\"text\" ><h5 style=\"text-align: center;\">Por una parte, se realiza una convocatoria p\u00fablica mediante las universidades para conseguir la participaci\u00f3n de j\u00f3venes que se encuentran en los \u00faltimos a\u00f1os de sus estudios o es han graduado recientemente en comunicaci\u00f3n audiovisual.<\/h5>\n<\/div><\/section><\/div>\n<style type=\"text\/css\" data-created_by=\"avia_inline_auto\" id=\"style-css-av-a8nwrvv-f3ba1f89bf89257c725be709562f9c6d\">\n.flex_column.av-a8nwrvv-f3ba1f89bf89257c725be709562f9c6d{\nborder-radius:0px 0px 0px 0px;\npadding:0px 0px 0px 0px;\n}\n<\/style>\n<div  class='flex_column av-a8nwrvv-f3ba1f89bf89257c725be709562f9c6d av_one_fifth  avia-builder-el-35  el_after_av_three_fifth  el_before_av_one_fifth  flex_column_div av-zero-column-padding  column-top-margin'     ><\/div>\n<style type=\"text\/css\" data-created_by=\"avia_inline_auto\" id=\"style-css-av-a2930nf-f761d687da9b75789f31f5f70f83d9fd\">\n.flex_column.av-a2930nf-f761d687da9b75789f31f5f70f83d9fd{\nborder-radius:0px 0px 0px 0px;\npadding:0px 0px 0px 0px;\n}\n<\/style>\n<div  class='flex_column av-a2930nf-f761d687da9b75789f31f5f70f83d9fd av_one_fifth  avia-builder-el-36  el_after_av_one_fifth  el_before_av_three_fifth  first flex_column_div av-zero-column-padding  column-top-margin'     ><\/div>\n<style type=\"text\/css\" data-created_by=\"avia_inline_auto\" id=\"style-css-av-9evtivf-93c7a4269cd0ca6216ac797b2a6be522\">\n.flex_column.av-9evtivf-93c7a4269cd0ca6216ac797b2a6be522{\nborder-radius:0px 0px 0px 0px;\npadding:0px 0px 0px 0px;\n}\n<\/style>\n<div  class='flex_column av-9evtivf-93c7a4269cd0ca6216ac797b2a6be522 av_three_fifth  avia-builder-el-37  el_after_av_one_fifth  el_before_av_one_fifth  flex_column_div av-zero-column-padding  column-top-margin'     ><section  class='av_textblock_section av-8vm7j4b-a2e29048e204676c0715aa1e603fd7af '   itemscope=\"itemscope\" itemtype=\"https:\/\/schema.org\/CreativeWork\" ><div class='avia_textblock'  itemprop=\"text\" ><h5 style=\"text-align: center;\">Por otra parte, escuelas y entidades de reconocido prestigio de diferentes disciplinas de las artes en vivo hacen una curadur\u00eda de proyectos art\u00edsticos. Se cuenta con trabajos de final de estudios de alumnos del Institut del Teatre y del Taller de M\u00fasics, entre otros.<\/h5>\n<\/div><\/section><\/div>\n<style type=\"text\/css\" data-created_by=\"avia_inline_auto\" id=\"style-css-av-8p8e7m3-69d5da0232cb9401e57cf6cb9e61a1bf\">\n.flex_column.av-8p8e7m3-69d5da0232cb9401e57cf6cb9e61a1bf{\nborder-radius:0px 0px 0px 0px;\npadding:0px 0px 0px 0px;\n}\n<\/style>\n<div  class='flex_column av-8p8e7m3-69d5da0232cb9401e57cf6cb9e61a1bf av_one_fifth  avia-builder-el-39  el_after_av_three_fifth  el_before_av_one_fifth  flex_column_div av-zero-column-padding  column-top-margin'     ><\/div>\n<style type=\"text\/css\" data-created_by=\"avia_inline_auto\" id=\"style-css-av-83omedn-979d34be67942c32d387ca37eb933869\">\n.flex_column.av-83omedn-979d34be67942c32d387ca37eb933869{\nborder-radius:0px 0px 0px 0px;\npadding:0px 0px 0px 0px;\n}\n<\/style>\n<div  class='flex_column av-83omedn-979d34be67942c32d387ca37eb933869 av_one_fifth  avia-builder-el-40  el_after_av_one_fifth  el_before_av_three_fifth  first flex_column_div av-zero-column-padding  column-top-margin'     ><\/div>\n<style type=\"text\/css\" data-created_by=\"avia_inline_auto\" id=\"style-css-av-7khifd7-3076a0c87f24add804b4abda232b1c32\">\n.flex_column.av-7khifd7-3076a0c87f24add804b4abda232b1c32{\nborder-radius:0px 0px 0px 0px;\npadding:0px 0px 0px 0px;\n}\n<\/style>\n<div  class='flex_column av-7khifd7-3076a0c87f24add804b4abda232b1c32 av_three_fifth  avia-builder-el-41  el_after_av_one_fifth  el_before_av_one_fifth  flex_column_div av-zero-column-padding  column-top-margin'     ><section  class='av_textblock_section av-74o7qq3-d24b201242c59d0b8f36af24898f223f '   itemscope=\"itemscope\" itemtype=\"https:\/\/schema.org\/CreativeWork\" ><div class='avia_textblock'  itemprop=\"text\" ><h5 style=\"text-align: center;\">Se crean equipos audiovisuales con perfiles heterog\u00e9neos que trabajan en la producci\u00f3n de un proyecto en un contexto de di\u00e1logo con los equipos art\u00edsticos, siempre con el acompa\u00f1amiento de profesionales reconocidos\/as de la industria audiovisual.<\/h5>\n<\/div><\/section><\/div>\n<style type=\"text\/css\" data-created_by=\"avia_inline_auto\" id=\"style-css-av-6u6179n-46e3d824360457c50264ab36213c65aa\">\n.flex_column.av-6u6179n-46e3d824360457c50264ab36213c65aa{\nborder-radius:0px 0px 0px 0px;\npadding:0px 0px 0px 0px;\n}\n<\/style>\n<div  class='flex_column av-6u6179n-46e3d824360457c50264ab36213c65aa av_one_fifth  avia-builder-el-43  el_after_av_three_fifth  el_before_av_hr  flex_column_div av-zero-column-padding  column-top-margin'     ><\/div>\n<style type=\"text\/css\" data-created_by=\"avia_inline_auto\" id=\"style-css-av-mlaeff-84f356a01fc09b45cfff18abbd285d1c\">\n#top .hr.hr-invisible.av-mlaeff-84f356a01fc09b45cfff18abbd285d1c{\nheight:100px;\n}\n<\/style>\n<div  class='hr av-mlaeff-84f356a01fc09b45cfff18abbd285d1c hr-invisible  avia-builder-el-44  el_after_av_one_fifth  el_before_av_textblock '><span class='hr-inner '><span class=\"hr-inner-style\"><\/span><\/span><\/div>\n<section  class='av_textblock_section av-5way0zv-fa783ae7697fd8f22ab1287f80741b18 '   itemscope=\"itemscope\" itemtype=\"https:\/\/schema.org\/CreativeWork\" ><div class='avia_textblock'  itemprop=\"text\" ><h2 style=\"text-align: center;\"><span style=\"color: #9906ff;\">ENCUENTRA TODOS LOS V\u00cdDEOS EN NUESTRO CANAL DE YOUTUBE<br \/>\n<\/span><\/h2>\n<\/div><\/section>\n\n<style type=\"text\/css\" data-created_by=\"avia_inline_auto\" id=\"style-css-av-5if0cbv-224c1be8a8b365b9c1d4d36405011be8\">\n.flex_column.av-5if0cbv-224c1be8a8b365b9c1d4d36405011be8{\nborder-radius:0px 0px 0px 0px;\npadding:0px 0px 0px 0px;\n}\n<\/style>\n<div  class='flex_column av-5if0cbv-224c1be8a8b365b9c1d4d36405011be8 av_one_fifth  avia-builder-el-46  el_after_av_textblock  el_before_av_three_fifth  first flex_column_div av-zero-column-padding  column-top-margin'     ><\/div>\n<style type=\"text\/css\" data-created_by=\"avia_inline_auto\" id=\"style-css-av-4wavi7f-f39e187a1c78f6efffcee841123a4601\">\n.flex_column.av-4wavi7f-f39e187a1c78f6efffcee841123a4601{\nborder-radius:0px 0px 0px 0px;\npadding:0px 0px 0px 0px;\n}\n<\/style>\n<div  class='flex_column av-4wavi7f-f39e187a1c78f6efffcee841123a4601 av_three_fifth  avia-builder-el-47  el_after_av_one_fifth  el_before_av_one_fifth  flex_column_div av-zero-column-padding  column-top-margin'     ><style type=\"text\/css\" data-created_by=\"avia_inline_auto\" id=\"style-css-av-giq697-26098197969bc0b344c1f65286bacfa4\">\n.avia-image-container.av-giq697-26098197969bc0b344c1f65286bacfa4 img.avia_image{\nbox-shadow:none;\n}\n.avia-image-container.av-giq697-26098197969bc0b344c1f65286bacfa4 .av-image-caption-overlay-center{\ncolor:#ffffff;\n}\n<\/style>\n<div  class='avia-image-container av-giq697-26098197969bc0b344c1f65286bacfa4 av-styling- av-img-linked avia-align-center  avia-builder-el-48  avia-builder-el-no-sibling '   itemprop=\"image\" itemscope=\"itemscope\" itemtype=\"https:\/\/schema.org\/ImageObject\" ><div class=\"avia-image-container-inner\"><div class=\"avia-image-overlay-wrap\"><a href=\"https:\/\/www.youtube.com\/playlist?list=PLRf3KItH1M3P1PuvoEFHJ1vBgbhd59BS1\" class='avia_image '  target=\"_blank\"  rel=\"noopener noreferrer\" aria-label='Web_Pacte-del-talent_Canal-Youtube'><img decoding=\"async\" fetchpriority=\"high\" class='wp-image-40455 avia-img-lazy-loading-not-40455 avia_image ' src=\"https:\/\/www.clusteraudiovisual.cat\/wp-content\/uploads\/2024\/04\/Web_Pacte-del-talent_Canal-Youtube.png\" alt='Pacto del Talento - Canal de Youtube' title='Web_Pacte-del-talent_Canal-Youtube'  height=\"1080\" width=\"1920\"  itemprop=\"thumbnailUrl\" srcset=\"https:\/\/www.clusteraudiovisual.cat\/wp-content\/uploads\/2024\/04\/Web_Pacte-del-talent_Canal-Youtube.png 1920w, https:\/\/www.clusteraudiovisual.cat\/wp-content\/uploads\/2024\/04\/Web_Pacte-del-talent_Canal-Youtube-300x169.png 300w, https:\/\/www.clusteraudiovisual.cat\/wp-content\/uploads\/2024\/04\/Web_Pacte-del-talent_Canal-Youtube-1030x579.png 1030w, https:\/\/www.clusteraudiovisual.cat\/wp-content\/uploads\/2024\/04\/Web_Pacte-del-talent_Canal-Youtube-768x432.png 768w, https:\/\/www.clusteraudiovisual.cat\/wp-content\/uploads\/2024\/04\/Web_Pacte-del-talent_Canal-Youtube-1536x864.png 1536w, https:\/\/www.clusteraudiovisual.cat\/wp-content\/uploads\/2024\/04\/Web_Pacte-del-talent_Canal-Youtube-1500x844.png 1500w, https:\/\/www.clusteraudiovisual.cat\/wp-content\/uploads\/2024\/04\/Web_Pacte-del-talent_Canal-Youtube-705x397.png 705w\" sizes=\"(max-width: 1920px) 100vw, 1920px\" \/><\/a><\/div><\/div><\/div><\/div>\n<style type=\"text\/css\" data-created_by=\"avia_inline_auto\" id=\"style-css-av-3vvsuyz-ee24e52ae2fecc12da21450108959c19\">\n.flex_column.av-3vvsuyz-ee24e52ae2fecc12da21450108959c19{\nborder-radius:0px 0px 0px 0px;\npadding:0px 0px 0px 0px;\n}\n<\/style>\n<div  class='flex_column av-3vvsuyz-ee24e52ae2fecc12da21450108959c19 av_one_fifth  avia-builder-el-49  el_after_av_three_fifth  el_before_av_hr  flex_column_div av-zero-column-padding  column-top-margin'     ><\/div>\n<style type=\"text\/css\" data-created_by=\"avia_inline_auto\" id=\"style-css-av-3fjig4r-e34bef032eef3160bbe08cdfaeb7d1b9\">\n#top .hr.hr-invisible.av-3fjig4r-e34bef032eef3160bbe08cdfaeb7d1b9{\nheight:100px;\n}\n<\/style>\n<div  class='hr av-3fjig4r-e34bef032eef3160bbe08cdfaeb7d1b9 hr-invisible  avia-builder-el-50  el_after_av_one_fifth  el_before_av_partner '><span class='hr-inner '><span class=\"hr-inner-style\"><\/span><\/span><\/div>\n<div  class='avia-logo-element-container av-355usvf-10144d3c76845a2319310739b3d5bae4 av-border-deactivate avia-logo-grid avia-content-slider avia-smallarrow-slider avia-content-grid-active noHover avia-content-slider-odd  avia-builder-el-51  el_after_av_hr  avia-builder-el-last  avia-content-slider1' ><div class='avia-smallarrow-slider-heading '><div class='new-special-heading'><h6 class='av-logo-special-heading-text '>EN COLABORACI\u00d3N CON:<\/h6><\/div><\/div><div class=\"avia-content-slider-inner\"><div class=\"slide-entry-wrap\"><div  class='slide-entry av-9ecx63-c0dc316dd009dc839016261979f538ee flex_column no_margin av_one_fifth real-thumbnail post-entry slide-entry-overview slide-loop-1 slide-parity-odd  first'><img decoding=\"async\" fetchpriority=\"high\" width=\"800\" height=\"400\" src=\"https:\/\/www.clusteraudiovisual.cat\/wp-content\/uploads\/2022\/11\/ST2022_PacteTalent_Collaboradors_InstitutDelTeatre.jpg\" class=\"wp-image-27884 avia-img-lazy-loading-not-27884 attachment-no scaling size-no scaling\" alt=\"\" srcset=\"https:\/\/www.clusteraudiovisual.cat\/wp-content\/uploads\/2022\/11\/ST2022_PacteTalent_Collaboradors_InstitutDelTeatre.jpg 800w, https:\/\/www.clusteraudiovisual.cat\/wp-content\/uploads\/2022\/11\/ST2022_PacteTalent_Collaboradors_InstitutDelTeatre-300x150.jpg 300w, https:\/\/www.clusteraudiovisual.cat\/wp-content\/uploads\/2022\/11\/ST2022_PacteTalent_Collaboradors_InstitutDelTeatre-768x384.jpg 768w, https:\/\/www.clusteraudiovisual.cat\/wp-content\/uploads\/2022\/11\/ST2022_PacteTalent_Collaboradors_InstitutDelTeatre-705x353.jpg 705w\" sizes=\"(max-width: 800px) 100vw, 800px\" \/><\/div><div  class='slide-entry av-298lruz-bfddc17d94938f8376eedf75f435558b flex_column no_margin av_one_fifth real-thumbnail post-entry slide-entry-overview slide-loop-2 slide-parity-even  '><img decoding=\"async\" fetchpriority=\"high\" width=\"800\" height=\"400\" src=\"https:\/\/www.clusteraudiovisual.cat\/wp-content\/uploads\/2022\/11\/ST2022_PacteTalent_Collaboradors_TallerDeMusics.jpg\" class=\"wp-image-27878 avia-img-lazy-loading-not-27878 attachment-no scaling size-no scaling\" alt=\"\" srcset=\"https:\/\/www.clusteraudiovisual.cat\/wp-content\/uploads\/2022\/11\/ST2022_PacteTalent_Collaboradors_TallerDeMusics.jpg 800w, https:\/\/www.clusteraudiovisual.cat\/wp-content\/uploads\/2022\/11\/ST2022_PacteTalent_Collaboradors_TallerDeMusics-300x150.jpg 300w, https:\/\/www.clusteraudiovisual.cat\/wp-content\/uploads\/2022\/11\/ST2022_PacteTalent_Collaboradors_TallerDeMusics-768x384.jpg 768w, https:\/\/www.clusteraudiovisual.cat\/wp-content\/uploads\/2022\/11\/ST2022_PacteTalent_Collaboradors_TallerDeMusics-705x353.jpg 705w\" sizes=\"(max-width: 800px) 100vw, 800px\" \/><\/div><div  class='slide-entry av-1gw2nu3-00540eaceca14594e268155ef0d9ee31 flex_column no_margin av_one_fifth real-thumbnail post-entry slide-entry-overview slide-loop-3 slide-parity-odd  '><img decoding=\"async\" fetchpriority=\"high\" width=\"800\" height=\"400\" src=\"https:\/\/www.clusteraudiovisual.cat\/wp-content\/uploads\/2022\/11\/ST2022_PacteTalent_Collaboradors_CentralDelCirc.jpg\" class=\"wp-image-27881 avia-img-lazy-loading-not-27881 attachment-no scaling size-no scaling\" alt=\"\" srcset=\"https:\/\/www.clusteraudiovisual.cat\/wp-content\/uploads\/2022\/11\/ST2022_PacteTalent_Collaboradors_CentralDelCirc.jpg 800w, https:\/\/www.clusteraudiovisual.cat\/wp-content\/uploads\/2022\/11\/ST2022_PacteTalent_Collaboradors_CentralDelCirc-300x150.jpg 300w, https:\/\/www.clusteraudiovisual.cat\/wp-content\/uploads\/2022\/11\/ST2022_PacteTalent_Collaboradors_CentralDelCirc-768x384.jpg 768w, https:\/\/www.clusteraudiovisual.cat\/wp-content\/uploads\/2022\/11\/ST2022_PacteTalent_Collaboradors_CentralDelCirc-705x353.jpg 705w\" sizes=\"(max-width: 800px) 100vw, 800px\" \/><\/div><div  class='slide-entry av-171664r-b2832ea60370e270c686532fad4cd9e0 flex_column no_margin av_one_fifth real-thumbnail post-entry slide-entry-overview slide-loop-4 slide-parity-even  '><img decoding=\"async\" fetchpriority=\"high\" width=\"800\" height=\"400\" src=\"https:\/\/www.clusteraudiovisual.cat\/wp-content\/uploads\/2025\/11\/Logo_3Cat_Colaborador_PantallaEnViu.jpg\" class=\"wp-image-53816 avia-img-lazy-loading-not-53816 attachment-no scaling size-no scaling\" alt=\"\" srcset=\"https:\/\/www.clusteraudiovisual.cat\/wp-content\/uploads\/2025\/11\/Logo_3Cat_Colaborador_PantallaEnViu.jpg 800w, https:\/\/www.clusteraudiovisual.cat\/wp-content\/uploads\/2025\/11\/Logo_3Cat_Colaborador_PantallaEnViu-300x150.jpg 300w, https:\/\/www.clusteraudiovisual.cat\/wp-content\/uploads\/2025\/11\/Logo_3Cat_Colaborador_PantallaEnViu-768x384.jpg 768w, https:\/\/www.clusteraudiovisual.cat\/wp-content\/uploads\/2025\/11\/Logo_3Cat_Colaborador_PantallaEnViu-705x353.jpg 705w\" sizes=\"(max-width: 800px) 100vw, 800px\" \/><\/div><div  class='slide-entry av-qgwjsb-96d73568f9920e85e9c851693e0e286b flex_column no_margin av_one_fifth real-thumbnail post-entry slide-entry-overview slide-loop-5 slide-parity-odd post-entry-last '><img decoding=\"async\" fetchpriority=\"high\" width=\"800\" height=\"400\" src=\"https:\/\/www.clusteraudiovisual.cat\/wp-content\/uploads\/2025\/11\/Logo_In-edit_Colaborador_PantallaEnViu.jpg\" class=\"wp-image-53819 avia-img-lazy-loading-not-53819 attachment-no scaling size-no scaling\" alt=\"\" srcset=\"https:\/\/www.clusteraudiovisual.cat\/wp-content\/uploads\/2025\/11\/Logo_In-edit_Colaborador_PantallaEnViu.jpg 800w, https:\/\/www.clusteraudiovisual.cat\/wp-content\/uploads\/2025\/11\/Logo_In-edit_Colaborador_PantallaEnViu-300x150.jpg 300w, https:\/\/www.clusteraudiovisual.cat\/wp-content\/uploads\/2025\/11\/Logo_In-edit_Colaborador_PantallaEnViu-768x384.jpg 768w, https:\/\/www.clusteraudiovisual.cat\/wp-content\/uploads\/2025\/11\/Logo_In-edit_Colaborador_PantallaEnViu-705x353.jpg 705w\" sizes=\"(max-width: 800px) 100vw, 800px\" \/><\/div><\/div><\/div><\/div>\n\n","protected":false},"excerpt":{"rendered":"","protected":false},"author":5,"featured_media":0,"parent":0,"menu_order":0,"comment_status":"closed","ping_status":"closed","template":"","meta":{"_acf_changed":false,"footnotes":""},"class_list":["post-13067","page","type-page","status-publish","hentry"],"acf":[],"yoast_head":"<!-- This site is optimized with the Yoast SEO plugin v27.0 - https:\/\/yoast.com\/product\/yoast-seo-wordpress\/ -->\n<title>Pantalla en vivo - Cl\u00faster Audiovisual<\/title>\n<meta name=\"description\" content=\"Pacto del talento, una iniciativa incluida dentro de la l\u00ednea estrat\u00e9gica de apoyo al talento emergente del Cl\u00faster Audiovisual.\" \/>\n<meta name=\"robots\" content=\"index, follow, max-snippet:-1, max-image-preview:large, max-video-preview:-1\" \/>\n<link rel=\"canonical\" href=\"https:\/\/www.clusteraudiovisual.cat\/es\/pantalla-en-vivo\/\" \/>\n<meta property=\"og:locale\" content=\"es_ES\" \/>\n<meta property=\"og:type\" content=\"article\" \/>\n<meta property=\"og:title\" content=\"Pantalla en vivo - Cl\u00faster Audiovisual\" \/>\n<meta property=\"og:description\" content=\"Pacto del talento, una iniciativa incluida dentro de la l\u00ednea estrat\u00e9gica de apoyo al talento emergente del Cl\u00faster Audiovisual.\" \/>\n<meta property=\"og:url\" content=\"https:\/\/www.clusteraudiovisual.cat\/es\/pantalla-en-vivo\/\" \/>\n<meta property=\"og:site_name\" content=\"Cl\u00faster Audiovisual\" \/>\n<meta property=\"article:modified_time\" content=\"2026-04-13T09:05:44+00:00\" \/>\n<meta name=\"twitter:card\" content=\"summary_large_image\" \/>\n<meta name=\"twitter:label1\" content=\"Tiempo de lectura\" \/>\n\t<meta name=\"twitter:data1\" content=\"3 minutos\" \/>\n<script type=\"application\/ld+json\" class=\"yoast-schema-graph\">{\"@context\":\"https:\/\/schema.org\",\"@graph\":[{\"@type\":\"WebPage\",\"@id\":\"https:\/\/www.clusteraudiovisual.cat\/es\/pantalla-en-vivo\/\",\"url\":\"https:\/\/www.clusteraudiovisual.cat\/es\/pantalla-en-vivo\/\",\"name\":\"Pantalla en vivo - Cl\u00faster Audiovisual\",\"isPartOf\":{\"@id\":\"https:\/\/www.clusteraudiovisual.cat\/es\/#website\"},\"datePublished\":\"2021-04-14T09:47:49+00:00\",\"dateModified\":\"2026-04-13T09:05:44+00:00\",\"description\":\"Pacto del talento, una iniciativa incluida dentro de la l\u00ednea estrat\u00e9gica de apoyo al talento emergente del Cl\u00faster Audiovisual.\",\"inLanguage\":\"es\",\"potentialAction\":[{\"@type\":\"ReadAction\",\"target\":[\"https:\/\/www.clusteraudiovisual.cat\/es\/pantalla-en-vivo\/\"]}]},{\"@type\":\"WebSite\",\"@id\":\"https:\/\/www.clusteraudiovisual.cat\/es\/#website\",\"url\":\"https:\/\/www.clusteraudiovisual.cat\/es\/\",\"name\":\"Cl\u00faster Audiovisual\",\"description\":\"Associaci\u00f3 d&#039;empreses que integren el sector audiovisual.\",\"potentialAction\":[{\"@type\":\"SearchAction\",\"target\":{\"@type\":\"EntryPoint\",\"urlTemplate\":\"https:\/\/www.clusteraudiovisual.cat\/es\/?s={search_term_string}\"},\"query-input\":{\"@type\":\"PropertyValueSpecification\",\"valueRequired\":true,\"valueName\":\"search_term_string\"}}],\"inLanguage\":\"es\"}]}<\/script>\n<!-- \/ Yoast SEO plugin. -->","yoast_head_json":{"title":"Pantalla en vivo - Cl\u00faster Audiovisual","description":"Pacto del talento, una iniciativa incluida dentro de la l\u00ednea estrat\u00e9gica de apoyo al talento emergente del Cl\u00faster Audiovisual.","robots":{"index":"index","follow":"follow","max-snippet":"max-snippet:-1","max-image-preview":"max-image-preview:large","max-video-preview":"max-video-preview:-1"},"canonical":"https:\/\/www.clusteraudiovisual.cat\/es\/pantalla-en-vivo\/","og_locale":"es_ES","og_type":"article","og_title":"Pantalla en vivo - Cl\u00faster Audiovisual","og_description":"Pacto del talento, una iniciativa incluida dentro de la l\u00ednea estrat\u00e9gica de apoyo al talento emergente del Cl\u00faster Audiovisual.","og_url":"https:\/\/www.clusteraudiovisual.cat\/es\/pantalla-en-vivo\/","og_site_name":"Cl\u00faster Audiovisual","article_modified_time":"2026-04-13T09:05:44+00:00","twitter_card":"summary_large_image","twitter_misc":{"Tiempo de lectura":"3 minutos"},"schema":{"@context":"https:\/\/schema.org","@graph":[{"@type":"WebPage","@id":"https:\/\/www.clusteraudiovisual.cat\/es\/pantalla-en-vivo\/","url":"https:\/\/www.clusteraudiovisual.cat\/es\/pantalla-en-vivo\/","name":"Pantalla en vivo - Cl\u00faster Audiovisual","isPartOf":{"@id":"https:\/\/www.clusteraudiovisual.cat\/es\/#website"},"datePublished":"2021-04-14T09:47:49+00:00","dateModified":"2026-04-13T09:05:44+00:00","description":"Pacto del talento, una iniciativa incluida dentro de la l\u00ednea estrat\u00e9gica de apoyo al talento emergente del Cl\u00faster Audiovisual.","inLanguage":"es","potentialAction":[{"@type":"ReadAction","target":["https:\/\/www.clusteraudiovisual.cat\/es\/pantalla-en-vivo\/"]}]},{"@type":"WebSite","@id":"https:\/\/www.clusteraudiovisual.cat\/es\/#website","url":"https:\/\/www.clusteraudiovisual.cat\/es\/","name":"Cl\u00faster Audiovisual","description":"Associaci\u00f3 d&#039;empreses que integren el sector audiovisual.","potentialAction":[{"@type":"SearchAction","target":{"@type":"EntryPoint","urlTemplate":"https:\/\/www.clusteraudiovisual.cat\/es\/?s={search_term_string}"},"query-input":{"@type":"PropertyValueSpecification","valueRequired":true,"valueName":"search_term_string"}}],"inLanguage":"es"}]}},"_links":{"self":[{"href":"https:\/\/www.clusteraudiovisual.cat\/es\/wp-json\/wp\/v2\/pages\/13067","targetHints":{"allow":["GET"]}}],"collection":[{"href":"https:\/\/www.clusteraudiovisual.cat\/es\/wp-json\/wp\/v2\/pages"}],"about":[{"href":"https:\/\/www.clusteraudiovisual.cat\/es\/wp-json\/wp\/v2\/types\/page"}],"author":[{"embeddable":true,"href":"https:\/\/www.clusteraudiovisual.cat\/es\/wp-json\/wp\/v2\/users\/5"}],"replies":[{"embeddable":true,"href":"https:\/\/www.clusteraudiovisual.cat\/es\/wp-json\/wp\/v2\/comments?post=13067"}],"version-history":[{"count":21,"href":"https:\/\/www.clusteraudiovisual.cat\/es\/wp-json\/wp\/v2\/pages\/13067\/revisions"}],"predecessor-version":[{"id":56156,"href":"https:\/\/www.clusteraudiovisual.cat\/es\/wp-json\/wp\/v2\/pages\/13067\/revisions\/56156"}],"wp:attachment":[{"href":"https:\/\/www.clusteraudiovisual.cat\/es\/wp-json\/wp\/v2\/media?parent=13067"}],"curies":[{"name":"wp","href":"https:\/\/api.w.org\/{rel}","templated":true}]}}