{"id":41833,"date":"2024-10-01T15:54:06","date_gmt":"2024-10-01T13:54:06","guid":{"rendered":"https:\/\/www.clusteraudiovisual.cat\/?page_id=41833"},"modified":"2025-12-23T14:09:31","modified_gmt":"2025-12-23T13:09:31","slug":"audiovisual-pitch-2025","status":"publish","type":"page","link":"https:\/\/www.clusteraudiovisual.cat\/en\/talentaudiovisual\/audiovisual-pitch-2025\/","title":{"rendered":"Audiovisual Pitch 2025"},"content":{"rendered":"<div id='full_slider_1'  class='avia-fullwidth-slider main_color avia-shadow av-small-hide av-mini-hide  avia-builder-el-0  el_before_av_slideshow_full  avia-builder-el-first   container_wrap fullsize'  ><div  class='avia-slideshow av-blsny15-ca950de5bbcf941ac16083091d76293e avia-slideshow-featured_large av_slideshow_full avia-slide-slider av-small-hide av-mini-hide av-slideshow-ui av-control-hidden av-no-slider-navigation av-hide-nav-arrows av-slideshow-manual av-loop-once av-loop-manual-endless av-default-height-applied   avia-slideshow-1' data-slideshow-options=\"{&quot;animation&quot;:&quot;slide&quot;,&quot;autoplay&quot;:false,&quot;loop_autoplay&quot;:&quot;once&quot;,&quot;interval&quot;:5,&quot;loop_manual&quot;:&quot;manual-endless&quot;,&quot;autoplay_stopper&quot;:false,&quot;noNavigation&quot;:true,&quot;bg_slider&quot;:false,&quot;keep_padding&quot;:false,&quot;hoverpause&quot;:false,&quot;show_slide_delay&quot;:0}\"  itemprop=\"image\" itemscope=\"itemscope\" itemtype=\"https:\/\/schema.org\/ImageObject\" ><ul class='avia-slideshow-inner ' style='padding-bottom: 26.666666666667%;'><li  class='avia-slideshow-slide av-blsny15-ca950de5bbcf941ac16083091d76293e__0  av-single-slide slide-1 slide-odd'><div data-rel='slideshow-1' class='avia-slide-wrap '   ><img decoding=\"async\" fetchpriority=\"high\" class=\"wp-image-53083 avia-img-lazy-loading-not-53083\"  src=\"https:\/\/www.clusteraudiovisual.cat\/wp-content\/uploads\/2025\/11\/STalent2025_Banner_Web_Eng.jpg\" width=\"1500\" height=\"400\" title='STalent2025_Banner_Web_Eng' alt=''  itemprop=\"thumbnailUrl\" srcset=\"https:\/\/www.clusteraudiovisual.cat\/wp-content\/uploads\/2025\/11\/STalent2025_Banner_Web_Eng.jpg 1500w, https:\/\/www.clusteraudiovisual.cat\/wp-content\/uploads\/2025\/11\/STalent2025_Banner_Web_Eng-300x80.jpg 300w, https:\/\/www.clusteraudiovisual.cat\/wp-content\/uploads\/2025\/11\/STalent2025_Banner_Web_Eng-1030x275.jpg 1030w, https:\/\/www.clusteraudiovisual.cat\/wp-content\/uploads\/2025\/11\/STalent2025_Banner_Web_Eng-768x205.jpg 768w, https:\/\/www.clusteraudiovisual.cat\/wp-content\/uploads\/2025\/11\/STalent2025_Banner_Web_Eng-705x188.jpg 705w\" sizes=\"(max-width: 1500px) 100vw, 1500px\" \/><\/div><\/li><\/ul><\/div><\/div>\n<div id='full_slider_2'  class='avia-fullwidth-slider main_color avia-shadow av-desktop-hide av-medium-hide  avia-builder-el-1  el_after_av_slideshow_full  el_before_av_submenu   slider-not-first container_wrap fullsize'  ><div  class='avia-slideshow av-13gl5nt-21d5bf1e4c74b32c0a24abe5110721f7 avia-slideshow-featured_large av_slideshow_full avia-slide-slider av-desktop-hide av-medium-hide av-slideshow-ui av-control-hidden av-no-slider-navigation av-hide-nav-arrows av-slideshow-manual av-loop-once av-loop-manual-endless av-default-height-applied   avia-slideshow-2' data-slideshow-options=\"{&quot;animation&quot;:&quot;slide&quot;,&quot;autoplay&quot;:false,&quot;loop_autoplay&quot;:&quot;once&quot;,&quot;interval&quot;:5,&quot;loop_manual&quot;:&quot;manual-endless&quot;,&quot;autoplay_stopper&quot;:false,&quot;noNavigation&quot;:true,&quot;bg_slider&quot;:false,&quot;keep_padding&quot;:false,&quot;hoverpause&quot;:false,&quot;show_slide_delay&quot;:0}\"  itemprop=\"image\" itemscope=\"itemscope\" itemtype=\"https:\/\/schema.org\/ImageObject\" ><ul class='avia-slideshow-inner ' style='padding-bottom: 105%;'><li  class='avia-slideshow-slide av-13gl5nt-21d5bf1e4c74b32c0a24abe5110721f7__0  av-single-slide slide-1 slide-odd'><div data-rel='slideshow-2' class='avia-slide-wrap '   ><img decoding=\"async\" fetchpriority=\"high\" class=\"wp-image-53092 avia-img-lazy-loading-not-53092\"  src=\"https:\/\/www.clusteraudiovisual.cat\/wp-content\/uploads\/2025\/11\/STalent2025_Banner_Web_Responsive_Eng-600x630.jpg\" width=\"600\" height=\"630\" title='STalent2025_Banner_Web_Responsive_Eng' alt=''  itemprop=\"thumbnailUrl\"   \/><\/div><\/li><\/ul><\/div><\/div>\n<div class='clear'><\/div><div id='sub_menu1'  class='av-submenu-container av-khaeyens-9bdb3cc9b054bee604b1ba4deea40e39 alternate_color av-switch-768  avia-builder-el-2  el_after_av_slideshow_full  el_before_av_masonry_gallery  av-sticky-submenu submenu-not-first container_wrap fullsize' style='z-index:301' ><div class='container av-menu-mobile-active av-submenu-pos-center'><a href=\"#\" class=\"mobile_menu_toggle\"><span class='avia-svg-icon avia-font-svg_entypo-fontello' data-av_svg_icon='list' data-av_iconset='svg_entypo-fontello'><svg version=\"1.1\" xmlns=\"http:\/\/www.w3.org\/2000\/svg\" width=\"22\" height=\"32\" viewBox=\"0 0 22 32\" preserveAspectRatio=\"xMidYMid meet\" aria-labelledby='av-svg-title-1' aria-describedby='av-svg-desc-1' role=\"graphics-symbol\" aria-hidden=\"true\">\n<title id='av-svg-title-1'>List<\/title>\n<desc id='av-svg-desc-1'>List<\/desc>\n<path d=\"M3.2 20.8q0.64 0 1.12 0.48t0.48 1.12-0.48 1.12-1.12 0.48h-1.6q-0.64 0-1.12-0.48t-0.48-1.12 0.448-1.12 1.152-0.48h1.6zM3.2 14.4q0.64 0 1.12 0.48t0.48 1.12-0.48 1.12-1.12 0.48h-1.6q-0.64 0-1.12-0.48t-0.48-1.12 0.448-1.12 1.152-0.48h1.6zM3.2 8q0.64 0 1.12 0.48t0.48 1.12-0.48 1.12-1.12 0.48h-1.6q-0.64 0-1.12-0.48t-0.48-1.12 0.448-1.12 1.152-0.48h1.6zM9.6 11.2q-0.64 0-1.12-0.48t-0.48-1.12 0.48-1.12 1.12-0.48h11.2q0.704 0 1.152 0.48t0.448 1.12-0.48 1.12-1.12 0.48h-11.2zM20.8 14.4q0.704 0 1.152 0.48t0.448 1.12-0.48 1.12-1.12 0.48h-11.2q-0.64 0-1.12-0.48t-0.48-1.12 0.48-1.12 1.12-0.48h11.2zM20.8 20.8q0.704 0 1.152 0.48t0.448 1.12-0.48 1.12-1.12 0.48h-11.2q-0.64 0-1.12-0.48t-0.48-1.12 0.48-1.12 1.12-0.48h11.2z\"><\/path>\n<\/svg><\/span><span class=\"av-current-placeholder\">Menu<\/span><\/a><ul id=\"menu-stalent-2025-eng\" class=\"av-subnav-menu\" role=\"menu\"><li role=\"menuitem\" id=\"menu-item-42228\" class=\"menu-item menu-item-type-post_type menu-item-object-page menu-item-top-level menu-item-top-level-1\"><a href=\"https:\/\/www.clusteraudiovisual.cat\/en\/talentaudiovisual\/\" itemprop=\"url\" tabindex=\"0\"><span class=\"avia-bullet\"><\/span><span class=\"avia-menu-text\">HOME<\/span><span class=\"avia-menu-fx\"><span class=\"avia-arrow-wrap\"><span class=\"avia-arrow\"><\/span><\/span><\/span><\/a><\/li>\n<li role=\"menuitem\" id=\"menu-item-42224\" class=\"menu-item menu-item-type-post_type menu-item-object-page menu-item-has-children menu-item-top-level menu-item-top-level-2\"><a href=\"https:\/\/www.clusteraudiovisual.cat\/en\/talentaudiovisual\/program-2025\/\" itemprop=\"url\" tabindex=\"0\"><span class=\"avia-bullet\"><\/span><span class=\"avia-menu-text\">PROGRAM<\/span><span class=\"avia-menu-fx\"><span class=\"avia-arrow-wrap\"><span class=\"avia-arrow\"><\/span><\/span><\/span><\/a>\n\n\n<ul class=\"sub-menu\">\n\t<li role=\"menuitem\" id=\"menu-item-42223\" class=\"menu-item menu-item-type-post_type menu-item-object-page\"><a href=\"https:\/\/www.clusteraudiovisual.cat\/en\/talentaudiovisual\/conferences-2025\/\" itemprop=\"url\" tabindex=\"0\"><span class=\"avia-bullet\"><\/span><span class=\"avia-menu-text\">CONFERENCES &#038; SESSIONS<\/span><\/a><\/li>\n\t<li role=\"menuitem\" id=\"menu-item-42222\" class=\"menu-item menu-item-type-post_type menu-item-object-page\"><a href=\"https:\/\/www.clusteraudiovisual.cat\/en\/talentaudiovisual\/live-arts-screen-2025\/\" itemprop=\"url\" tabindex=\"0\"><span class=\"avia-bullet\"><\/span><span class=\"avia-menu-text\">LIVE ARTS SCREEN<\/span><\/a><\/li>\n\t<li role=\"menuitem\" id=\"menu-item-42233\" class=\"menu-item menu-item-type-post_type menu-item-object-page\"><a href=\"https:\/\/www.clusteraudiovisual.cat\/en\/talentaudiovisual\/market-for-new-professionals-2025\/\" itemprop=\"url\" tabindex=\"0\"><span class=\"avia-bullet\"><\/span><span class=\"avia-menu-text\">MARKET FOR NEW PROFESSIONALS<\/span><\/a><\/li>\n\t<li role=\"menuitem\" id=\"menu-item-42232\" class=\"menu-item menu-item-type-post_type menu-item-object-page\"><a href=\"https:\/\/www.clusteraudiovisual.cat\/en\/talentaudiovisual\/international-distribution-meetings-2025\/\" itemprop=\"url\" tabindex=\"0\"><span class=\"avia-bullet\"><\/span><span class=\"avia-menu-text\">INTERNATIONAL DISTRIBUTION MEETINGS<\/span><\/a><\/li>\n\t<li role=\"menuitem\" id=\"menu-item-42229\" class=\"menu-item menu-item-type-post_type menu-item-object-page\"><a href=\"https:\/\/www.clusteraudiovisual.cat\/en\/talentaudiovisual\/audiovisual-pitch-2025\/\" itemprop=\"url\" tabindex=\"0\"><span class=\"avia-bullet\"><\/span><span class=\"avia-menu-text\">AUDIOVISUAL PITCH<\/span><\/a><\/li>\n\t<li role=\"menuitem\" id=\"menu-item-42234\" class=\"menu-item menu-item-type-post_type menu-item-object-page\"><a href=\"https:\/\/www.clusteraudiovisual.cat\/en\/talentaudiovisual\/international-distribution-pitch-2025\/\" itemprop=\"url\" tabindex=\"0\"><span class=\"avia-bullet\"><\/span><span class=\"avia-menu-text\">INTERNATIONAL DISTRIBUTION PITCH<\/span><\/a><\/li>\n<\/ul>\n<\/li>\n<li role=\"menuitem\" id=\"menu-item-42235\" class=\"menu-item menu-item-type-custom menu-item-object-custom menu-item-has-children menu-item-top-level menu-item-top-level-3\"><a href=\"#\" itemprop=\"url\" tabindex=\"0\"><span class=\"avia-bullet\"><\/span><span class=\"avia-menu-text\">PARTICIPANTS<\/span><span class=\"avia-menu-fx\"><span class=\"avia-arrow-wrap\"><span class=\"avia-arrow\"><\/span><\/span><\/span><\/a>\n\n\n<ul class=\"sub-menu\">\n\t<li role=\"menuitem\" id=\"menu-item-42227\" class=\"menu-item menu-item-type-post_type menu-item-object-page\"><a href=\"https:\/\/www.clusteraudiovisual.cat\/en\/talentaudiovisual\/participants-universitats\/\" itemprop=\"url\" tabindex=\"0\"><span class=\"avia-bullet\"><\/span><span class=\"avia-menu-text\">UNIVERSITY CENTERS<\/span><\/a><\/li>\n\t<li role=\"menuitem\" id=\"menu-item-42230\" class=\"menu-item menu-item-type-post_type menu-item-object-page\"><a href=\"https:\/\/www.clusteraudiovisual.cat\/en\/talentaudiovisual\/participants-empreses\/\" itemprop=\"url\" tabindex=\"0\"><span class=\"avia-bullet\"><\/span><span class=\"avia-menu-text\">COMPANIES<\/span><\/a><\/li>\n\t<li role=\"menuitem\" id=\"menu-item-42237\" class=\"menu-item menu-item-type-post_type menu-item-object-page\"><a href=\"https:\/\/www.clusteraudiovisual.cat\/en\/talentaudiovisual\/audiovisual-pitch-2025\/\" itemprop=\"url\" tabindex=\"0\"><span class=\"avia-bullet\"><\/span><span class=\"avia-menu-text\">AUDIOVISUAL PITCH<\/span><\/a><\/li>\n<\/ul>\n<\/li>\n<li role=\"menuitem\" id=\"menu-item-42236\" class=\"menu-item menu-item-type-custom menu-item-object-custom menu-item-has-children menu-item-top-level menu-item-top-level-4\"><a href=\"#\" itemprop=\"url\" tabindex=\"0\"><span class=\"avia-bullet\"><\/span><span class=\"avia-menu-text\">ARCHIVE<\/span><span class=\"avia-menu-fx\"><span class=\"avia-arrow-wrap\"><span class=\"avia-arrow\"><\/span><\/span><\/span><\/a>\n\n\n<ul class=\"sub-menu\">\n\t<li role=\"menuitem\" id=\"menu-item-42226\" class=\"menu-item menu-item-type-post_type menu-item-object-page\"><a href=\"https:\/\/www.clusteraudiovisual.cat\/en\/historic-projectes\/\" itemprop=\"url\" tabindex=\"0\"><span class=\"avia-bullet\"><\/span><span class=\"avia-menu-text\">PITCH PROJECT HISTORY<\/span><\/a><\/li>\n\t<li role=\"menuitem\" id=\"menu-item-42225\" class=\"menu-item menu-item-type-post_type menu-item-object-page\"><a href=\"https:\/\/www.clusteraudiovisual.cat\/en\/talentaudiovisual\/previous-editions\/\" itemprop=\"url\" tabindex=\"0\"><span class=\"avia-bullet\"><\/span><span class=\"avia-menu-text\">PREVIOUS EDITIONS<\/span><\/a><\/li>\n<\/ul>\n<\/li>\n<li role=\"menuitem\" id=\"menu-item-53926\" class=\"menu-item menu-item-type-custom menu-item-object-custom menu-item-has-children menu-item-top-level menu-item-top-level-5\"><a href=\"#\" itemprop=\"url\" tabindex=\"0\"><span class=\"avia-bullet\"><\/span><span class=\"avia-menu-text\">INFO<\/span><span class=\"avia-menu-fx\"><span class=\"avia-arrow-wrap\"><span class=\"avia-arrow\"><\/span><\/span><\/span><\/a>\n\n\n<ul class=\"sub-menu\">\n\t<li role=\"menuitem\" id=\"menu-item-53925\" class=\"menu-item menu-item-type-post_type menu-item-object-page\"><a href=\"https:\/\/www.clusteraudiovisual.cat\/en\/talentaudiovisual\/getting-here\/\" itemprop=\"url\" tabindex=\"0\"><span class=\"avia-bullet\"><\/span><span class=\"avia-menu-text\">GETTING HERE<\/span><\/a><\/li>\n\t<li role=\"menuitem\" id=\"menu-item-42231\" class=\"menu-item menu-item-type-post_type menu-item-object-page\"><a href=\"https:\/\/www.clusteraudiovisual.cat\/en\/talentaudiovisual\/contacta\/\" itemprop=\"url\" tabindex=\"0\"><span class=\"avia-bullet\"><\/span><span class=\"avia-menu-text\">CONTACT US<\/span><\/a><\/li>\n<\/ul>\n<\/li>\n<li role=\"menuitem\" id=\"menu-item-wpml-ls-724-en\" class=\"menu-item-language menu-item-language-current menu-item wpml-ls-slot-724 wpml-ls-item wpml-ls-item-en wpml-ls-current-language wpml-ls-menu-item wpml-ls-last-item menu-item-type-wpml_ls_menu_item menu-item-object-wpml_ls_menu_item menu-item-has-children menu-item-top-level menu-item-top-level-6\"><a href=\"https:\/\/www.clusteraudiovisual.cat\/en\/\" itemprop=\"url\" tabindex=\"0\"><span class=\"avia-bullet\"><\/span><span class=\"avia-menu-text\"><img decoding=\"async\"\n            class=\"wpml-ls-flag\"\n            src=\"https:\/\/www.clusteraudiovisual.cat\/wp-content\/plugins\/sitepress-multilingual-cms\/res\/flags\/en.png\"\n            alt=\"English\"\n            loading=\"lazy\"\n            \n            \n    \/><\/span><span class=\"avia-menu-fx\"><span class=\"avia-arrow-wrap\"><span class=\"avia-arrow\"><\/span><\/span><\/span><\/a>\n\n\n<ul class=\"sub-menu\">\n\t<li role=\"menuitem\" id=\"menu-item-wpml-ls-724-ca\" class=\"menu-item-language menu-item wpml-ls-slot-724 wpml-ls-item wpml-ls-item-ca wpml-ls-menu-item wpml-ls-first-item menu-item-type-wpml_ls_menu_item menu-item-object-wpml_ls_menu_item\"><a title=\"Switch to Catalan\" href=\"https:\/\/www.clusteraudiovisual.cat\/\" itemprop=\"url\" tabindex=\"0\"><span class=\"avia-bullet\"><\/span><span class=\"avia-menu-text\"><img decoding=\"async\"\n            class=\"wpml-ls-flag\"\n            src=\"https:\/\/www.clusteraudiovisual.cat\/wp-content\/plugins\/sitepress-multilingual-cms\/res\/flags\/ca.png\"\n            alt=\"Catalan\"\n            loading=\"lazy\"\n            \n            \n    \/><\/span><\/a><\/li>\n\t<li role=\"menuitem\" id=\"menu-item-wpml-ls-724-es\" class=\"menu-item-language menu-item wpml-ls-slot-724 wpml-ls-item wpml-ls-item-es wpml-ls-menu-item menu-item-type-wpml_ls_menu_item menu-item-object-wpml_ls_menu_item\"><a title=\"Switch to Spanish\" href=\"https:\/\/www.clusteraudiovisual.cat\/es\/\" itemprop=\"url\" tabindex=\"0\"><span class=\"avia-bullet\"><\/span><span class=\"avia-menu-text\"><img decoding=\"async\"\n            class=\"wpml-ls-flag\"\n            src=\"https:\/\/www.clusteraudiovisual.cat\/wp-content\/plugins\/sitepress-multilingual-cms\/res\/flags\/es.png\"\n            alt=\"Spanish\"\n            loading=\"lazy\"\n            \n            \n    \/><\/span><\/a><\/li>\n<\/ul>\n<\/li>\n<\/ul><\/div><\/div><div class='sticky_placeholder'><\/div>\n\n<style type=\"text\/css\" data-created_by=\"avia_inline_auto\" id=\"style-css-av-k4u04p-5dbf5b4b0557be642611c230a1648797\">\n#top .av-masonry.av-k4u04p-5dbf5b4b0557be642611c230a1648797{\nbackground-color:#ffffff;\n}\n<\/style>\n<div id='av-masonry-1' class='av-masonry av-k4u04p-5dbf5b4b0557be642611c230a1648797 noHover av-flex-size av-large-gap av-hover-overlay-active av-masonry-animation-active av-masonry-col-6 av-caption-always av-caption-style-overlay av-masonry-gallery av-small-hide av-mini-hide ' data-post_id=\"41833\"><div class=\"av-masonry-container isotope av-js-disabled\"><div class='av-masonry-entry isotope-item av-masonry-item-no-image '><\/div><a href=\"https:\/\/www.clusteraudiovisual.cat\/en\/talentaudiovisual\/conferences-2025\/\"  aria-label=\"image Conferences &#038; Sessions\"  id='av-masonry-1-item-52609' data-av-masonry-item='52609' class='av-masonry-entry isotope-item post-52609 attachment type-attachment status-inherit hentry  av-masonry-item-with-image' title=\"Conferences &#038; Sessions\" alt=\"Confer\u00e8ncies i sessions\"  data-av-masonry-custom-link=\"https:\/\/www.clusteraudiovisual.cat\/en\/talentaudiovisual\/conferences-2025\/\"  itemprop=\"thumbnailUrl\" ><div class='av-inner-masonry-sizer'><\/div><figure class='av-inner-masonry main_color'><div class=\"av-masonry-outerimage-container\"><div class='av-masonry-image-container'  ><img decoding=\"async\" width=\"500\" height=\"500\" loading=\"lazy\" class=\"wp-image-52609 avia-img-lazy-loading-52609\"  src=\"https:\/\/www.clusteraudiovisual.cat\/wp-content\/uploads\/2025\/10\/STalent_MenuMoscaic_ConferenciesISessions.jpg\" title=\"Conferences &#038; Sessions\" alt=\"Confer\u00e8ncies i sessions\" srcset=\"https:\/\/www.clusteraudiovisual.cat\/wp-content\/uploads\/2025\/10\/STalent_MenuMoscaic_ConferenciesISessions.jpg 500w, https:\/\/www.clusteraudiovisual.cat\/wp-content\/uploads\/2025\/10\/STalent_MenuMoscaic_ConferenciesISessions-300x300.jpg 300w, https:\/\/www.clusteraudiovisual.cat\/wp-content\/uploads\/2025\/10\/STalent_MenuMoscaic_ConferenciesISessions-80x80.jpg 80w, https:\/\/www.clusteraudiovisual.cat\/wp-content\/uploads\/2025\/10\/STalent_MenuMoscaic_ConferenciesISessions-36x36.jpg 36w, https:\/\/www.clusteraudiovisual.cat\/wp-content\/uploads\/2025\/10\/STalent_MenuMoscaic_ConferenciesISessions-180x180.jpg 180w\" sizes=\"auto, (max-width: 500px) 100vw, 500px\" \/><\/div><\/div><figcaption class='av-inner-masonry-content site-background'><div class='av-inner-masonry-content-pos'><div class='av-inner-masonry-content-pos-content'><div class='avia-arrow'><\/div><h3 class='av-masonry-entry-title entry-title '  itemprop=\"headline\" >Conferences &#038; Sessions<\/h3><\/div><\/div><\/figcaption><\/figure><\/a><!--end av-masonry entry--><a href=\"https:\/\/www.clusteraudiovisual.cat\/en\/talentaudiovisual\/live-arts-screen-2025\/\"  aria-label=\"image Live Arts Screen\"  id='av-masonry-1-item-52876' data-av-masonry-item='52876' class='av-masonry-entry isotope-item post-52876 attachment type-attachment status-inherit hentry  av-masonry-item-with-image' title=\"Live Arts Screen\" alt=\"Pantalla en viu\"  data-av-masonry-custom-link=\"https:\/\/www.clusteraudiovisual.cat\/en\/talentaudiovisual\/live-arts-screen-2025\/\"  itemprop=\"thumbnailUrl\" ><div class='av-inner-masonry-sizer'><\/div><figure class='av-inner-masonry main_color'><div class=\"av-masonry-outerimage-container\"><div class='av-masonry-image-container'  ><img decoding=\"async\" width=\"500\" height=\"500\" loading=\"lazy\" class=\"wp-image-52876 avia-img-lazy-loading-52876\"  src=\"https:\/\/www.clusteraudiovisual.cat\/wp-content\/uploads\/2025\/10\/STalent_MenuMoscaic_PantallaEnViu.jpg\" title=\"Live Arts Screen\" alt=\"Pantalla en viu\" srcset=\"https:\/\/www.clusteraudiovisual.cat\/wp-content\/uploads\/2025\/10\/STalent_MenuMoscaic_PantallaEnViu.jpg 500w, https:\/\/www.clusteraudiovisual.cat\/wp-content\/uploads\/2025\/10\/STalent_MenuMoscaic_PantallaEnViu-300x300.jpg 300w, https:\/\/www.clusteraudiovisual.cat\/wp-content\/uploads\/2025\/10\/STalent_MenuMoscaic_PantallaEnViu-80x80.jpg 80w, https:\/\/www.clusteraudiovisual.cat\/wp-content\/uploads\/2025\/10\/STalent_MenuMoscaic_PantallaEnViu-36x36.jpg 36w, https:\/\/www.clusteraudiovisual.cat\/wp-content\/uploads\/2025\/10\/STalent_MenuMoscaic_PantallaEnViu-180x180.jpg 180w\" sizes=\"auto, (max-width: 500px) 100vw, 500px\" \/><\/div><\/div><figcaption class='av-inner-masonry-content site-background'><div class='av-inner-masonry-content-pos'><div class='av-inner-masonry-content-pos-content'><div class='avia-arrow'><\/div><h3 class='av-masonry-entry-title entry-title '  itemprop=\"headline\" >Live Arts Screen<\/h3><\/div><\/div><\/figcaption><\/figure><\/a><!--end av-masonry entry--><a href=\"https:\/\/www.clusteraudiovisual.cat\/en\/talentaudiovisual\/market-for-new-professionals-2025\/\"  aria-label=\"image Market for New Professionals\"  id='av-masonry-1-item-52618' data-av-masonry-item='52618' class='av-masonry-entry isotope-item post-52618 attachment type-attachment status-inherit hentry  av-masonry-item-with-image' title=\"Market for New Professionals\" alt=\"Mercat de nous professionals\"  data-av-masonry-custom-link=\"https:\/\/www.clusteraudiovisual.cat\/en\/talentaudiovisual\/market-for-new-professionals-2025\/\"  itemprop=\"thumbnailUrl\" ><div class='av-inner-masonry-sizer'><\/div><figure class='av-inner-masonry main_color'><div class=\"av-masonry-outerimage-container\"><div class='av-masonry-image-container'  ><img decoding=\"async\" width=\"500\" height=\"500\" loading=\"lazy\" class=\"wp-image-52618 avia-img-lazy-loading-52618\"  src=\"https:\/\/www.clusteraudiovisual.cat\/wp-content\/uploads\/2025\/10\/STalent_MenuMoscaic_MercatDeNousProfessionals.jpg\" title=\"Market for New Professionals\" alt=\"Mercat de nous professionals\" srcset=\"https:\/\/www.clusteraudiovisual.cat\/wp-content\/uploads\/2025\/10\/STalent_MenuMoscaic_MercatDeNousProfessionals.jpg 500w, https:\/\/www.clusteraudiovisual.cat\/wp-content\/uploads\/2025\/10\/STalent_MenuMoscaic_MercatDeNousProfessionals-300x300.jpg 300w, https:\/\/www.clusteraudiovisual.cat\/wp-content\/uploads\/2025\/10\/STalent_MenuMoscaic_MercatDeNousProfessionals-80x80.jpg 80w, https:\/\/www.clusteraudiovisual.cat\/wp-content\/uploads\/2025\/10\/STalent_MenuMoscaic_MercatDeNousProfessionals-36x36.jpg 36w, https:\/\/www.clusteraudiovisual.cat\/wp-content\/uploads\/2025\/10\/STalent_MenuMoscaic_MercatDeNousProfessionals-180x180.jpg 180w\" sizes=\"auto, (max-width: 500px) 100vw, 500px\" \/><\/div><\/div><figcaption class='av-inner-masonry-content site-background'><div class='av-inner-masonry-content-pos'><div class='av-inner-masonry-content-pos-content'><div class='avia-arrow'><\/div><h3 class='av-masonry-entry-title entry-title '  itemprop=\"headline\" >Market for New Professionals<\/h3><\/div><\/div><\/figcaption><\/figure><\/a><!--end av-masonry entry--><a href=\"https:\/\/www.clusteraudiovisual.cat\/en\/talentaudiovisual\/international-distribution-meetings-2025\/\"  aria-label=\"image International Distribution Meetings\"  id='av-masonry-1-item-52612' data-av-masonry-item='52612' class='av-masonry-entry isotope-item post-52612 attachment type-attachment status-inherit hentry  av-masonry-item-with-image' title=\"International Distribution Meetings\" alt=\"International Distribution Meetings\"  data-av-masonry-custom-link=\"https:\/\/www.clusteraudiovisual.cat\/en\/talentaudiovisual\/international-distribution-meetings-2025\/\"  itemprop=\"thumbnailUrl\" ><div class='av-inner-masonry-sizer'><\/div><figure class='av-inner-masonry main_color'><div class=\"av-masonry-outerimage-container\"><div class='av-masonry-image-container'  ><img decoding=\"async\" width=\"500\" height=\"500\" loading=\"lazy\" class=\"wp-image-52612 avia-img-lazy-loading-52612\"  src=\"https:\/\/www.clusteraudiovisual.cat\/wp-content\/uploads\/2025\/10\/STalent_MenuMoscaic_InternationalDistributionMeetings.jpg\" title=\"International Distribution Meetings\" alt=\"International Distribution Meetings\" srcset=\"https:\/\/www.clusteraudiovisual.cat\/wp-content\/uploads\/2025\/10\/STalent_MenuMoscaic_InternationalDistributionMeetings.jpg 500w, https:\/\/www.clusteraudiovisual.cat\/wp-content\/uploads\/2025\/10\/STalent_MenuMoscaic_InternationalDistributionMeetings-300x300.jpg 300w, https:\/\/www.clusteraudiovisual.cat\/wp-content\/uploads\/2025\/10\/STalent_MenuMoscaic_InternationalDistributionMeetings-80x80.jpg 80w, https:\/\/www.clusteraudiovisual.cat\/wp-content\/uploads\/2025\/10\/STalent_MenuMoscaic_InternationalDistributionMeetings-36x36.jpg 36w, https:\/\/www.clusteraudiovisual.cat\/wp-content\/uploads\/2025\/10\/STalent_MenuMoscaic_InternationalDistributionMeetings-180x180.jpg 180w\" sizes=\"auto, (max-width: 500px) 100vw, 500px\" \/><\/div><\/div><figcaption class='av-inner-masonry-content site-background'><div class='av-inner-masonry-content-pos'><div class='av-inner-masonry-content-pos-content'><div class='avia-arrow'><\/div><h3 class='av-masonry-entry-title entry-title '  itemprop=\"headline\" >International Distribution Meetings<\/h3><\/div><\/div><\/figcaption><\/figure><\/a><!--end av-masonry entry--><a href=\"https:\/\/www.clusteraudiovisual.cat\/en\/talentaudiovisual\/audiovisual-pitch-2025\/\"  aria-label=\"image Audiovisual Pitch\"  id='av-masonry-1-item-52621' data-av-masonry-item='52621' class='av-masonry-entry isotope-item post-52621 attachment type-attachment status-inherit hentry  av-masonry-item-with-image' title=\"Audiovisual Pitch\" alt=\"Pitching Audiovisual 2025\"  data-av-masonry-custom-link=\"https:\/\/www.clusteraudiovisual.cat\/en\/talentaudiovisual\/audiovisual-pitch-2025\/\"  itemprop=\"thumbnailUrl\" ><div class='av-inner-masonry-sizer'><\/div><figure class='av-inner-masonry main_color'><div class=\"av-masonry-outerimage-container\"><div class='av-masonry-image-container'  ><img decoding=\"async\" width=\"500\" height=\"500\" loading=\"lazy\" class=\"wp-image-52621 avia-img-lazy-loading-52621\"  src=\"https:\/\/www.clusteraudiovisual.cat\/wp-content\/uploads\/2025\/10\/STalent_MenuMoscaic_PitchingAudiovisual.jpg\" title=\"Audiovisual Pitch\" alt=\"Pitching Audiovisual 2025\" srcset=\"https:\/\/www.clusteraudiovisual.cat\/wp-content\/uploads\/2025\/10\/STalent_MenuMoscaic_PitchingAudiovisual.jpg 500w, https:\/\/www.clusteraudiovisual.cat\/wp-content\/uploads\/2025\/10\/STalent_MenuMoscaic_PitchingAudiovisual-300x300.jpg 300w, https:\/\/www.clusteraudiovisual.cat\/wp-content\/uploads\/2025\/10\/STalent_MenuMoscaic_PitchingAudiovisual-80x80.jpg 80w, https:\/\/www.clusteraudiovisual.cat\/wp-content\/uploads\/2025\/10\/STalent_MenuMoscaic_PitchingAudiovisual-36x36.jpg 36w, https:\/\/www.clusteraudiovisual.cat\/wp-content\/uploads\/2025\/10\/STalent_MenuMoscaic_PitchingAudiovisual-180x180.jpg 180w\" sizes=\"auto, (max-width: 500px) 100vw, 500px\" \/><\/div><\/div><figcaption class='av-inner-masonry-content site-background'><div class='av-inner-masonry-content-pos'><div class='av-inner-masonry-content-pos-content'><div class='avia-arrow'><\/div><h3 class='av-masonry-entry-title entry-title '  itemprop=\"headline\" >Audiovisual Pitch<\/h3><\/div><\/div><\/figcaption><\/figure><\/a><!--end av-masonry entry--><a href=\"https:\/\/www.clusteraudiovisual.cat\/en\/talentaudiovisual\/international-distribution-pitch-2025\/\"  aria-label=\"image International Distribution Pitch\"  id='av-masonry-1-item-52606' data-av-masonry-item='52606' class='av-masonry-entry isotope-item post-52606 attachment type-attachment status-inherit hentry  av-masonry-item-with-image' title=\"International Distribution Pitch\" alt=\"Pitching distribuci\u00f3 internacional\"  data-av-masonry-custom-link=\"https:\/\/www.clusteraudiovisual.cat\/en\/talentaudiovisual\/international-distribution-pitch-2025\/\"  itemprop=\"thumbnailUrl\" ><div class='av-inner-masonry-sizer'><\/div><figure class='av-inner-masonry main_color'><div class=\"av-masonry-outerimage-container\"><div class='av-masonry-image-container'  ><img decoding=\"async\" width=\"500\" height=\"500\" loading=\"lazy\" class=\"wp-image-52606 avia-img-lazy-loading-52606\"  src=\"https:\/\/www.clusteraudiovisual.cat\/wp-content\/uploads\/2025\/10\/STalent_MenuMoscaic_PitchingDistribucioInternacional.jpg\" title=\"International Distribution Pitch\" alt=\"Pitching distribuci\u00f3 internacional\" srcset=\"https:\/\/www.clusteraudiovisual.cat\/wp-content\/uploads\/2025\/10\/STalent_MenuMoscaic_PitchingDistribucioInternacional.jpg 500w, https:\/\/www.clusteraudiovisual.cat\/wp-content\/uploads\/2025\/10\/STalent_MenuMoscaic_PitchingDistribucioInternacional-300x300.jpg 300w, https:\/\/www.clusteraudiovisual.cat\/wp-content\/uploads\/2025\/10\/STalent_MenuMoscaic_PitchingDistribucioInternacional-80x80.jpg 80w, https:\/\/www.clusteraudiovisual.cat\/wp-content\/uploads\/2025\/10\/STalent_MenuMoscaic_PitchingDistribucioInternacional-36x36.jpg 36w, https:\/\/www.clusteraudiovisual.cat\/wp-content\/uploads\/2025\/10\/STalent_MenuMoscaic_PitchingDistribucioInternacional-180x180.jpg 180w\" sizes=\"auto, (max-width: 500px) 100vw, 500px\" \/><\/div><\/div><figcaption class='av-inner-masonry-content site-background'><div class='av-inner-masonry-content-pos'><div class='av-inner-masonry-content-pos-content'><div class='avia-arrow'><\/div><h3 class='av-masonry-entry-title entry-title '  itemprop=\"headline\" >International Distribution Pitch<\/h3><\/div><\/div><\/figcaption><\/figure><\/a><!--end av-masonry entry--><\/div><\/div>\n<div id='av_section_1'  class='avia-section av-c4guc09-97beb68a4f35807b50db17254b32daa4 main_color avia-section-default avia-no-border-styling  avia-builder-el-4  el_after_av_masonry_gallery  el_before_av_layout_row  avia-bg-style-scroll container_wrap fullsize'  ><div class='container av-section-cont-open' ><div class='template-page content av-content-full alpha units'><div class='post-entry post-entry-type-page post-entry-41833'><div class='entry-content-wrapper clearfix'>\n\n<style type=\"text\/css\" data-created_by=\"avia_inline_auto\" id=\"style-css-av-js4z1-e72a518337bd25974265e0690c03ab58\">\n.flex_column.av-js4z1-e72a518337bd25974265e0690c03ab58{\nborder-radius:0px 0px 0px 0px;\npadding:0px 0px 0px 0px;\n}\n<\/style>\n<div  class='flex_column av-js4z1-e72a518337bd25974265e0690c03ab58 av_one_half  avia-builder-el-5  el_before_av_textblock  avia-builder-el-first  first flex_column_div av-zero-column-padding  '     ><section  class='av_textblock_section av-khnkxt79-daf22e7a7f10e9d62fd065704f6154d8 '   itemscope=\"itemscope\" itemtype=\"https:\/\/schema.org\/CreativeWork\" ><div class='avia_textblock'  itemprop=\"text\" ><h1 style=\"text-align: left;\"><span style=\"color: #ab185f;\">AUDIOVISUAL PITCH<br \/>\n<\/span><\/h1>\n<\/div><\/section><\/div><section  class='av_textblock_section av-khnkxt79-4-5db66ee6f12243961085155018645ca7 '   itemscope=\"itemscope\" itemtype=\"https:\/\/schema.org\/CreativeWork\" ><div class='avia_textblock'  itemprop=\"text\" ><p>The University-Industry Audiovisual Pitch is the main act of the Talent Week. For three days, final degree projects from Catalan, Spanish and International University Centers are shown in front of a round table made up of professionals from the audiovisual industry in the categories of fiction, non-fiction, entertainment, video games and new technologies and immersive experiences.<\/p>\n<\/div><\/section>\n\n<style type=\"text\/css\" data-created_by=\"avia_inline_auto\" id=\"style-css-av-ur05c9-5323c4a14e2cab2dbe6d59e29d682729\">\n#top .hr.hr-invisible.av-ur05c9-5323c4a14e2cab2dbe6d59e29d682729{\nheight:35px;\n}\n<\/style>\n<div  class='hr av-ur05c9-5323c4a14e2cab2dbe6d59e29d682729 hr-invisible  avia-builder-el-8  el_after_av_textblock  el_before_av_textblock '><span class='hr-inner '><span class=\"hr-inner-style\"><\/span><\/span><\/div>\n<section  class='av_textblock_section av-mhszopt8-8d07d780bf749e8dfffe88ed9115bf0d '   itemscope=\"itemscope\" itemtype=\"https:\/\/schema.org\/CreativeWork\" ><div class='avia_textblock'  itemprop=\"text\" ><h2 style=\"text-align: left;\"><span style=\"color: #ab185f;\">SPECIAL INDUSTRY AWARD<\/span><\/h2>\n<p data-start=\"0\" data-end=\"233\">The Special Industry Award is an initiative launched by several member companies of the Catalan Audiovisual Cluster with the aim of supporting the completion of a non-fiction work from the projects presented at the Audiovisual Talent Week Pitch.<\/p>\n<p data-start=\"235\" data-end=\"420\" data-is-last-node=\"\" data-is-only-node=\"\">Participating companies grant a prize consisting of their services to the winning project, allowing it to benefit from the various services available across the audiovisual value chain.<\/p>\n<p data-start=\"235\" data-end=\"420\" data-is-last-node=\"\" data-is-only-node=\"\">The winner of the 2025 Industry Special Award is <em><strong>Matrescencia<\/strong><\/em>, by <strong>Claudia Vizuete<\/strong> and <strong>Andrea Lajara<\/strong>, from TecnoCampus.<\/p>\n<p>The participating companies in this year\u2019s edition are:<\/p>\n<ul>\n<li><strong><a style=\"color: #3366ff;\" href=\"https:\/\/www.benece.es\/\" target=\"_blank\" rel=\"noopener\">Benec\u00e9 Produccions<\/a><\/strong>. Support and consultancy for the project\u2019s production.<\/li>\n<li><strong><a style=\"color: #3366ff;\" href=\"https:\/\/www.metropolitana.net\/\" target=\"_blank\" rel=\"noopener\">Metropolitana<\/a><\/strong>. 40 hours of color grading.<\/li>\n<li><strong><a style=\"color: #3366ff;\" href=\"https:\/\/www.ovide.com\/\" target=\"_blank\" rel=\"noopener\">Ovide<\/a><\/strong>. Camera equipment for up to 6 weeks.<\/li>\n<li><strong><a style=\"color: #3366ff;\" href=\"https:\/\/bso.es\/\" target=\"_blank\" rel=\"noopener\">BSO (Banda Sonora Original)<\/a><\/strong>. Three days of audio editing and mixing, or creation of 30 minutes of original music.<\/li>\n<li><strong><a style=\"color: #3366ff;\" href=\"https:\/\/onlypostproduction.com\/\">Only Postproduction<\/a><\/strong>. Finishing and DCP creation for distribution, verification in a cinema scope screening room with 5.1 audio, and private screening.<\/li>\n<li><strong><a style=\"color: #3366ff;\" href=\"https:\/\/www.higgins-post.com\/\">Higgins Postproduction<\/a><\/strong>. One editing room for 2 months and a screening in the projection room for final cut review.<\/li>\n<li><strong><a style=\"color: #3366ff;\" href=\"https:\/\/nov25studio.com\/\">Nov25Studio<\/a><\/strong>. 25 hours of editing in After Effects.<\/li>\n<\/ul>\n<\/div><\/section>\n\n<style type=\"text\/css\" data-created_by=\"avia_inline_auto\" id=\"style-css-av-t4no21-f269a5f68be037272d32b7872d50822b\">\n#top .hr.hr-invisible.av-t4no21-f269a5f68be037272d32b7872d50822b{\nheight:35px;\n}\n<\/style>\n<div  class='hr av-t4no21-f269a5f68be037272d32b7872d50822b hr-invisible  avia-builder-el-10  el_after_av_textblock  el_before_av_textblock '><span class='hr-inner '><span class=\"hr-inner-style\"><\/span><\/span><\/div>\n<section  class='av_textblock_section av-mhszv4xo-86c21228cc3dd77052728ad930e26bac '   itemscope=\"itemscope\" itemtype=\"https:\/\/schema.org\/CreativeWork\" ><div class='avia_textblock'  itemprop=\"text\" ><h2 style=\"text-align: left;\"><span style=\"color: #ab185f;\">DEVELOPMENT AWARDS<\/span><\/h2>\n<p data-start=\"0\" data-end=\"207\">A total of five development awards are granted, one for each Pitch session, this year in the categories of Fiction, Non-Fiction, Entertainment, Video Games, and New Technologies &amp; Immersive Experiences.<\/p>\n<p data-start=\"209\" data-end=\"430\">All awards include a monetary prize of \u20ac2,000* and mentorship from industry experts. All projects participating in each session are eligible for the award. Winners are chosen by the professionals attending each session.<\/p>\n<p data-start=\"432\" data-end=\"472\" data-is-last-node=\"\" data-is-only-node=\"\">*NOTE: Cash prizes are subject to taxes.<\/p>\n<\/div><\/section>\n\n<style type=\"text\/css\" data-created_by=\"avia_inline_auto\" id=\"style-css-av-mjilmpyd-a42aa729c47d1f2ea52e196c30959b78\">\n#top .hr.hr-invisible.av-mjilmpyd-a42aa729c47d1f2ea52e196c30959b78{\nheight:15px;\n}\n<\/style>\n<div  class='hr av-mjilmpyd-a42aa729c47d1f2ea52e196c30959b78 hr-invisible  avia-builder-el-12  el_after_av_textblock  el_before_av_textblock '><span class='hr-inner '><span class=\"hr-inner-style\"><\/span><\/span><\/div>\n<section  class='av_textblock_section av-mjiloc4i-3a8730c4c0507f5125dea783f3b795f1 '   itemscope=\"itemscope\" itemtype=\"https:\/\/schema.org\/CreativeWork\" ><div class='avia_textblock'  itemprop=\"text\" ><p>The winning projects of the 2025 Development Awards are:<\/p>\n<ul>\n<li>Fiction: <em><strong>IKAW MAG-SABI<\/strong><\/em>, by Jelwen Arconado Arlantico. From ESDi &#8211; Escola Superior de Disseny.<\/li>\n<li>Non Fiction: <strong><em>Cartograf\u00eda del recuerdo<\/em><\/strong>, by Sama Salloum. From Universitat Pompeu Fabra.<\/li>\n<li>Entertainment: <em><strong>Caracremada<\/strong><\/em>, by Lourdes P\u00e9rez Sala<span data-sheets-root=\"1\">. From Universitat de Vic &#8211; Universitat Central de Catalunya.<\/span><\/li>\n<li>Video Games: <em><strong>Sorority Rush<\/strong><\/em>, by Alexandra Teixid\u00f3 Castellana. From Universitat Aut\u00f2noma de Barcelona.<\/li>\n<li>New Technologies and Immersive Experiences: <em><strong>Cartograf\u00edas invisibles<\/strong><\/em>, by Humbert Torrego Vanrell. From Universitat Aut\u00f2noma de Barcelona.<\/li>\n<\/ul>\n<\/div><\/section>\n<\/div><\/div><\/div><!-- close content main div --><\/div><\/div><div id='av-layout-grid-1'  class='av-layout-grid-container av-a62vc89-927e35557fb72ec033b04bc00b6353e7 entry-content-wrapper alternate_color av-flex-cells  avia-builder-el-14  el_after_av_section  el_before_av_section  grid-row-not-first  container_wrap fullsize'  >\n<div class='flex_cell av-a1l60bt-76eb8326fbb21717e7a27a287819b6f9 av-gridrow-cell av_one_full no_margin  avia-builder-el-15  avia-builder-el-no-sibling '  ><div class='flex_cell_inner'><section  class='av_textblock_section av-lpcpb5yk-78963b239d459d4975629f5a6d6c0531 '   itemscope=\"itemscope\" itemtype=\"https:\/\/schema.org\/CreativeWork\" ><div class='avia_textblock'  itemprop=\"text\" ><h2 style=\"text-align: center;\"><span style=\"color: #ab185f;\">SELECTED PROJECTS FOR AUDIOVISUAL PITCH 2025<\/span><\/h2>\n<\/div><\/section><br \/>\n\n<style type=\"text\/css\" data-created_by=\"avia_inline_auto\" id=\"style-css-av-9ad8nrd-1f65b5817ff424f247aad4ffc3f331f9\">\n#top .hr.hr-invisible.av-9ad8nrd-1f65b5817ff424f247aad4ffc3f331f9{\nheight:20px;\n}\n<\/style>\n<div  class='hr av-9ad8nrd-1f65b5817ff424f247aad4ffc3f331f9 hr-invisible  avia-builder-el-17  el_after_av_textblock  el_before_av_textblock '><span class='hr-inner '><span class=\"hr-inner-style\"><\/span><\/span><\/div><br \/>\n<section  class='av_textblock_section av-m3d167vq-94a37940820405e04bcbbba40a90bce0 '   itemscope=\"itemscope\" itemtype=\"https:\/\/schema.org\/CreativeWork\" ><div class='avia_textblock'  itemprop=\"text\" ><p style=\"text-align: left;\"><div id=\"cav_projectes\"><div id=\"cav_projectes_slider_ref\" style=\"position: relative; width: 100%;\"><\/div><div id=\"cav_projectes_slider\" class=\"\"><div id=\"prj_slider_controls\" class=\"\"><div id=\"prj_slider_link_izq\" class=\"\"><\/div><div id=\"prj_slider_link_der\" class=\"\"><\/div><div id=\"prj_slider_link_close\" class=\"\"><\/div><\/div><div id=\"cav_projectes_slider_loader\" class=\"\"><img loading=\"lazy\" decoding=\"async\" width=\"32\" height=\"32\" src=\"https:\/\/www.clusteraudiovisual.cat\/wp-content\/themes\/enfold-child\/img\/ajax-loader-c.gif\" alt=\"loading\"><\/div><div id=\"cav_projectes_owl_slider\"><div id=\"cav_projectes_inner_slider\" class=\"\"><img decoding=\"async\" src=\"https:\/\/www.clusteraudiovisual.cat\/wp-content\/themes\/enfold-child\/img\/ajax-loader-lin-corto.gif\" alt=\"loading\"><\/div><div id=\"prj_slider\" class=\"owl-carousel\"><div id=\"52191\" class=\"prj_slider_item\" data-id=\"52191\"><div class=\"prj_inner_slide\"><div class=\"prj_slide_img\"><img decoding=\"async\" class=\"img_projecte 52191\" src=\"https:\/\/www.clusteraudiovisual.cat\/wp-content\/uploads\/2025\/10\/ST25_Projecte_\u00a1Que-follon.jpg\" alt=\"\u00a1Qu\u00e9 foll\u00f3n!\" title=\"\u00a1Qu\u00e9 foll\u00f3n!\" \/><\/div><div class=\"prj_slide_data\"><div class=\"prj_slide_data_inner\"><p class=\"prj_slide_data_title\">\u00a1Qu\u00e9 foll\u00f3n!<\/p><p class=\"prj_slide_data_equip\"><strong>Team:<\/strong> Sergio Abellaneda Segovia, Ainoa Pastor L\u00f3pez<\/p><p class=\"prj_slide_data_uni\"><strong>University:<\/strong> Universidad de Murcia<span class=\"\"<\/p><p class=\"prj_slide_data_any\"><strong>Year:<\/strong> 2025<span class=\"\"<\/p><p class=\"prj_slide_data_cat\"><strong>Category:<\/strong> Fiction<span class=\"\"<\/p><div class=\"prj_slide_data_sinopsi_container\"><p class=\"sinopsi_title\" data-id=\"sinopsi_52191\"><span class=\"sinopsi_toggle\">[+]<\/span> Synopsis<\/p><div id=\"sinopsi_52191\" class=\"prj_slide_data_sinopsi\"><div class=\"prj_slide_data_sinopsi_inner\"><p>Wouldn\u2019t it be interesting to develop a comedy series starring older adults? <em>\u00a1Qu\u00e9 foll\u00f3n!<\/em> is a serialized fiction project in a verit\u00e9 sitcom format.<\/p>\n<\/div><\/div><\/div><\/div><\/div><\/div><\/div><div id=\"52189\" class=\"prj_slider_item\" data-id=\"52189\"><div class=\"prj_inner_slide\"><div class=\"prj_slide_img\"><img decoding=\"async\" class=\"img_projecte 52189\" src=\"https:\/\/www.clusteraudiovisual.cat\/wp-content\/uploads\/2025\/10\/ST25_Projecte_ALL-IN-TODO-O-NADA.jpg\" alt=\"ALL IN\" title=\"ALL IN\" \/><\/div><div class=\"prj_slide_data\"><div class=\"prj_slide_data_inner\"><p class=\"prj_slide_data_title\">ALL IN<\/p><p class=\"prj_slide_data_equip\"><strong>Team:<\/strong> Maria del Carmen Rodriguez Rossi, Valentina Afanador Acosta<\/p><p class=\"prj_slide_data_uni\"><strong>University:<\/strong> Universitat de Val\u00e8ncia<span class=\"\"<\/p><p class=\"prj_slide_data_any\"><strong>Year:<\/strong> 2025<span class=\"\"<\/p><p class=\"prj_slide_data_cat\"><strong>Category:<\/strong> Entertainment<span class=\"\"<\/p><div class=\"prj_slide_data_sinopsi_container\"><p class=\"sinopsi_title\" data-id=\"sinopsi_52189\"><span class=\"sinopsi_toggle\">[+]<\/span> Synopsis<\/p><div id=\"sinopsi_52189\" class=\"prj_slide_data_sinopsi\"><div class=\"prj_slide_data_sinopsi_inner\"><p><em>ALL IN<\/em> \u00a0is a docu-reality that celebrates the courage of those who decide to start from scratch in a new country. Eight real stories of foreigners writing a new chapter in Valencia: learning an unfamiliar language, adapting to new customs, falling in love, and rebuilding their lives far from home.<\/p>\n<p>Migrating is not just about changing cities\u2026 it\u2019s about reinventing yourself, putting everything on the line for a different future. This program showcases the human, entertaining, and emotional side of migration: the challenges, the successes, and the magic of discovering that there is always a second chance to shine.<\/p>\n<p><em>ALL IN<\/em> is more than a television format: it is an inspiring, relatable, and essential portrait for today\u2019s audience, designed to move, entertain, and allow viewers to see themselves reflected in the stories of others.<\/p>\n<\/div><\/div><\/div><\/div><\/div><\/div><\/div><div id=\"52187\" class=\"prj_slider_item\" data-id=\"52187\"><div class=\"prj_inner_slide\"><div class=\"prj_slide_img\"><img decoding=\"async\" class=\"img_projecte 52187\" src=\"https:\/\/www.clusteraudiovisual.cat\/wp-content\/uploads\/2025\/10\/ST25_Projecte_Bath-Life.jpg\" alt=\"Bath Life\" title=\"Bath Life\" \/><\/div><div class=\"prj_slide_data\"><div class=\"prj_slide_data_inner\"><p class=\"prj_slide_data_title\">Bath Life<\/p><p class=\"prj_slide_data_equip\"><strong>Team:<\/strong> Adri\u00e1n Carro, Marco Berrocal<\/p><p class=\"prj_slide_data_uni\"><strong>University:<\/strong> TecnoCampus<span class=\"\"<\/p><p class=\"prj_slide_data_any\"><strong>Year:<\/strong> 2025<span class=\"\"<\/p><p class=\"prj_slide_data_cat\"><strong>Category:<\/strong> New Technologies and Immersive Experiences<span class=\"\"<\/p><div class=\"prj_slide_data_sinopsi_container\"><p class=\"sinopsi_title\" data-id=\"sinopsi_52187\"><span class=\"sinopsi_toggle\">[+]<\/span> Synopsis<\/p><div id=\"sinopsi_52187\" class=\"prj_slide_data_sinopsi\"><div class=\"prj_slide_data_sinopsi_inner\"><p><em>Bath Life<\/em> is an immersive audiovisual experience using projection, animation, surround sound, and vibration, aiming to tell the story of an individual solely through their experiences in a bathroom. The user can live the emotions, hear the sounds as if they were there, and visualize the different environments through which the narrative unfolds. <em>Bath Life<\/em> represents the stages of human life, with each stage offering distinct perspectives, sensations, and emotions. It presents life in a unique way\u2014seated on the toilet\u2014experiencing each physical and psychological element and upheaval that most humans encounter throughout their lives.<\/p>\n<\/div><\/div><\/div><\/div><\/div><\/div><\/div><div id=\"52127\" class=\"prj_slider_item\" data-id=\"52127\"><div class=\"prj_inner_slide\"><div class=\"prj_slide_img\"><img decoding=\"async\" class=\"img_projecte 52127\" src=\"https:\/\/www.clusteraudiovisual.cat\/wp-content\/uploads\/2025\/10\/ST25_Projecte_Bramallops.jpg\" alt=\"Bramallops\" title=\"Bramallops\" \/><\/div><div class=\"prj_slide_data\"><div class=\"prj_slide_data_inner\"><p class=\"prj_slide_data_title\">Bramallops<\/p><p class=\"prj_slide_data_equip\"><strong>Team:<\/strong> Ariadna Pu\u00e9rtolas, \u00c0ngel Nicol\u00e0s<\/p><p class=\"prj_slide_data_uni\"><strong>University:<\/strong> Universitat de Barcelona<span class=\"\">|<\/span>Universitat de Lleida<span class=\"\"<\/p><p class=\"prj_slide_data_any\"><strong>Year:<\/strong> 2025<span class=\"\"<\/p><p class=\"prj_slide_data_cat\"><strong>Category:<\/strong> Fiction<span class=\"\"<\/p><div class=\"prj_slide_data_sinopsi_container\"><p class=\"sinopsi_title\" data-id=\"sinopsi_52127\"><span class=\"sinopsi_toggle\">[+]<\/span> Synopsis<\/p><div id=\"sinopsi_52127\" class=\"prj_slide_data_sinopsi\"><div class=\"prj_slide_data_sinopsi_inner\"><p>Bramallops is a comedy miniseries that takes us into the teenage world of Catalan <em data-start=\"86\" data-end=\"98\">pubillatge<\/em> (heir traditions) and all the chaos that unfolds when the rightful heir of the village of Bramallops disappears.<\/p>\n<\/div><\/div><\/div><\/div><\/div><\/div><\/div><div id=\"52185\" class=\"prj_slider_item\" data-id=\"52185\"><div class=\"prj_inner_slide\"><div class=\"prj_slide_img\"><img decoding=\"async\" class=\"img_projecte 52185\" src=\"https:\/\/www.clusteraudiovisual.cat\/wp-content\/uploads\/2025\/10\/ST25_Projecte_Bugzonia.jpg\" alt=\"BugZonia\" title=\"BugZonia\" \/><\/div><div class=\"prj_slide_data\"><div class=\"prj_slide_data_inner\"><p class=\"prj_slide_data_title\">BugZonia<\/p><p class=\"prj_slide_data_equip\"><strong>Team:<\/strong> Ivan Berlanga Roman, Javier Valencia Padilla<\/p><p class=\"prj_slide_data_uni\"><strong>University:<\/strong> <\/p><p class=\"prj_slide_data_any\"><strong>Year:<\/strong> 2025<span class=\"\"<\/p><p class=\"prj_slide_data_cat\"><strong>Category:<\/strong> Videogames<span class=\"\"<\/p><div class=\"prj_slide_data_sinopsi_container\"><p class=\"sinopsi_title\" data-id=\"sinopsi_52185\"><span class=\"sinopsi_toggle\">[+]<\/span> Synopsis<\/p><div id=\"sinopsi_52185\" class=\"prj_slide_data_sinopsi\"><div class=\"prj_slide_data_sinopsi_inner\"><p>BugZonia is a turn-based strategy video game featuring two factions: the ants, representing resource exploitation, and the termites, protecting the ecosystem. Each player controls three units with unique abilities on a hexagonal board, with the main objective of securing the largest amount of territory. The game is designed for 15-minute matches and is suitable for players aged ten and up.<\/p>\n<\/div><\/div><\/div><\/div><\/div><\/div><\/div><div id=\"52183\" class=\"prj_slider_item\" data-id=\"52183\"><div class=\"prj_inner_slide\"><div class=\"prj_slide_img\"><img decoding=\"async\" class=\"img_projecte 52183\" src=\"https:\/\/www.clusteraudiovisual.cat\/wp-content\/uploads\/2025\/10\/ST25_Projecte_Caracremada.jpg\" alt=\"Caracremada\" title=\"Caracremada\" \/><\/div><div class=\"prj_slide_data\"><div class=\"prj_slide_data_inner\"><p class=\"prj_slide_data_title\">Caracremada<\/p><p class=\"prj_slide_data_equip\"><strong>Team:<\/strong> Lourdes P\u00e9rez Sala<\/p><p class=\"prj_slide_data_uni\"><strong>University:<\/strong> Universitat de Vic<span class=\"\"<\/p><p class=\"prj_slide_data_any\"><strong>Year:<\/strong> 2025<span class=\"\"<\/p><p class=\"prj_slide_data_cat\"><strong>Category:<\/strong> Entertainment<span class=\"\"<\/p><div class=\"prj_slide_data_sinopsi_container\"><p class=\"sinopsi_title\" data-id=\"sinopsi_52183\"><span class=\"sinopsi_toggle\">[+]<\/span> Synopsis<\/p><div id=\"sinopsi_52183\" class=\"prj_slide_data_sinopsi\"><div class=\"prj_slide_data_sinopsi_inner\"><p>A podcast series that explores key moments in the life and struggle of Ramon Vila Capdevila, <em>Caracremada<\/em>, one of the last active figures of the anti-Franco guerrilla in Catalonia.<\/p>\n<\/div><\/div><\/div><\/div><\/div><\/div><\/div><div id=\"52181\" class=\"prj_slider_item\" data-id=\"52181\"><div class=\"prj_inner_slide\"><div class=\"prj_slide_img\"><img decoding=\"async\" class=\"img_projecte 52181\" src=\"https:\/\/www.clusteraudiovisual.cat\/wp-content\/uploads\/2025\/10\/ST25_Projecte_Cartografia-del-Recuerdo.jpg\" alt=\"Cartograf\u00eda del Recuerdo\" title=\"Cartograf\u00eda del Recuerdo\" \/><\/div><div class=\"prj_slide_data\"><div class=\"prj_slide_data_inner\"><p class=\"prj_slide_data_title\">Cartograf\u00eda del Recuerdo<\/p><p class=\"prj_slide_data_equip\"><strong>Team:<\/strong> Sama Salloum Asfar<\/p><p class=\"prj_slide_data_uni\"><strong>University:<\/strong> Universitat Pompeu Fabra<span class=\"\"<\/p><p class=\"prj_slide_data_any\"><strong>Year:<\/strong> 2025<span class=\"\"<\/p><p class=\"prj_slide_data_cat\"><strong>Category:<\/strong> Non-fiction<span class=\"\"<\/p><div class=\"prj_slide_data_sinopsi_container\"><p class=\"sinopsi_title\" data-id=\"sinopsi_52181\"><span class=\"sinopsi_toggle\">[+]<\/span> Synopsis<\/p><div id=\"sinopsi_52181\" class=\"prj_slide_data_sinopsi\"><div class=\"prj_slide_data_sinopsi_inner\"><p>A web documentary that maps Palestine through inherited memory, stitching together wounds caused by systematic destruction and exile. In the face of erasing memory, <em>Cartograf\u00eda del Recuerdo<\/em> seeks to preserve it as an act of resistance: a chronological map (1939\u2013present) where points reveal the interviewees\u2019 memories, recreated through <em>tatreez<\/em>, traditional Palestinian embroidery. It creates diaspora patterns that record memories and displacements, with a bilingual interface reflecting that growing up in the diaspora also means living on the border between languages.<\/p>\n<\/div><\/div><\/div><\/div><\/div><\/div><\/div><div id=\"52161\" class=\"prj_slider_item\" data-id=\"52161\"><div class=\"prj_inner_slide\"><div class=\"prj_slide_img\"><img decoding=\"async\" class=\"img_projecte 52161\" src=\"https:\/\/www.clusteraudiovisual.cat\/wp-content\/uploads\/2025\/10\/ST25_Projecte_Cartografies-Invisibles.jpg\" alt=\"Cartografies invisibles\" title=\"Cartografies invisibles\" \/><\/div><div class=\"prj_slide_data\"><div class=\"prj_slide_data_inner\"><p class=\"prj_slide_data_title\">Cartografies invisibles<\/p><p class=\"prj_slide_data_equip\"><strong>Team:<\/strong> Humbert Torrego Vanrell<\/p><p class=\"prj_slide_data_uni\"><strong>University:<\/strong> Universitat Aut\u00f2noma de Barcelona<span class=\"\"<\/p><p class=\"prj_slide_data_any\"><strong>Year:<\/strong> 2025<span class=\"\"<\/p><p class=\"prj_slide_data_cat\"><strong>Category:<\/strong> New Technologies and Immersive Experiences<span class=\"\"<\/p><div class=\"prj_slide_data_sinopsi_container\"><p class=\"sinopsi_title\" data-id=\"sinopsi_52161\"><span class=\"sinopsi_toggle\">[+]<\/span> Synopsis<\/p><div id=\"sinopsi_52161\" class=\"prj_slide_data_sinopsi\"><div class=\"prj_slide_data_sinopsi_inner\"><p>InZone, an organization affiliated with the University of Geneva, provides access to higher education for refugees living in camps in Jordan, Kenya, Niger, and Bangladesh. Through my collaboration with them, the proposal emerged to integrate an interactive and immersive resource into the InZone website: a digital map that, using geolocation, allows users to locate themselves relative to the camps, calculate distances, explore contextual data, and access 360\u00ba immersive views. The goal is to make a reality\u2014often conveyed only through cold statistics or sensationalist headlines\u2014visible, understandable, and emotionally relatable.<\/p>\n<\/div><\/div><\/div><\/div><\/div><\/div><\/div><div id=\"52179\" class=\"prj_slider_item\" data-id=\"52179\"><div class=\"prj_inner_slide\"><div class=\"prj_slide_img\"><img decoding=\"async\" class=\"img_projecte 52179\" src=\"https:\/\/www.clusteraudiovisual.cat\/wp-content\/uploads\/2025\/10\/ST25_Projecte_DALLA-ON-EREM.jpg\" alt=\"D\u2019all\u00e0 on \u00e9rem\" title=\"D\u2019all\u00e0 on \u00e9rem\" \/><\/div><div class=\"prj_slide_data\"><div class=\"prj_slide_data_inner\"><p class=\"prj_slide_data_title\">D\u2019all\u00e0 on \u00e9rem<\/p><p class=\"prj_slide_data_equip\"><strong>Team:<\/strong> Carla Boix<\/p><p class=\"prj_slide_data_uni\"><strong>University:<\/strong> BAU Centre Universitari de Disseny<span class=\"\"<\/p><p class=\"prj_slide_data_any\"><strong>Year:<\/strong> 2025<span class=\"\"<\/p><p class=\"prj_slide_data_cat\"><strong>Category:<\/strong> Non-fiction<span class=\"\"<\/p><div class=\"prj_slide_data_sinopsi_container\"><p class=\"sinopsi_title\" data-id=\"sinopsi_52179\"><span class=\"sinopsi_toggle\">[+]<\/span> Synopsis<\/p><div id=\"sinopsi_52179\" class=\"prj_slide_data_sinopsi\"><div class=\"prj_slide_data_sinopsi_inner\"><p><em>D\u2019all\u00e0 on \u00e9rem<\/em> is a poetic and reflective audiovisual piece that explores depopulation in rural areas. Through three generations, the miniseries combines memory and the present to give voice to a landscape that, despite its silence, still wants to be heard. This pilot piece opens the door to an eight-episode documentary series about loss, beauty, and the transformation of the rural world.<\/p>\n<\/div><\/div><\/div><\/div><\/div><\/div><\/div><div id=\"52177\" class=\"prj_slider_item\" data-id=\"52177\"><div class=\"prj_inner_slide\"><div class=\"prj_slide_img\"><img decoding=\"async\" class=\"img_projecte 52177\" src=\"https:\/\/www.clusteraudiovisual.cat\/wp-content\/uploads\/2025\/10\/ST25_Projecte_DORAMAS.jpg\" alt=\"DORAMAS\" title=\"DORAMAS\" \/><\/div><div class=\"prj_slide_data\"><div class=\"prj_slide_data_inner\"><p class=\"prj_slide_data_title\">DORAMAS<\/p><p class=\"prj_slide_data_equip\"><strong>Team:<\/strong> Lydia Amaro Moya<\/p><p class=\"prj_slide_data_uni\"><strong>University:<\/strong> Universitat Oberta de Catalunya<span class=\"\"<\/p><p class=\"prj_slide_data_any\"><strong>Year:<\/strong> 2025<span class=\"\"<\/p><p class=\"prj_slide_data_cat\"><strong>Category:<\/strong> Non-fiction<span class=\"\"<\/p><div class=\"prj_slide_data_sinopsi_container\"><p class=\"sinopsi_title\" data-id=\"sinopsi_52177\"><span class=\"sinopsi_toggle\">[+]<\/span> Synopsis<\/p><div id=\"sinopsi_52177\" class=\"prj_slide_data_sinopsi\"><div class=\"prj_slide_data_sinopsi_inner\"><p><em>DORAMAS <\/em>is a documentary centered on the giant lizard of Gran Canaria, which has become a symbol of resistance against the controversial invasion of cats. Combining scientific rigor, sensitivity, and cinematic aesthetics, it connects viewers with the island\u2019s natural richness and Canarian identity, inviting them to empathize with its wildlife and reflect on the urgent need to preserve the island\u2019s environmental heritage.<\/p>\n<\/div><\/div><\/div><\/div><\/div><\/div><\/div><div id=\"52175\" class=\"prj_slider_item\" data-id=\"52175\"><div class=\"prj_inner_slide\"><div class=\"prj_slide_img\"><img decoding=\"async\" class=\"img_projecte 52175\" src=\"https:\/\/www.clusteraudiovisual.cat\/wp-content\/uploads\/2025\/10\/ST25_Projecte_El-sonido-de-La-Paz.jpg\" alt=\"El sonido de La Paz\" title=\"El sonido de La Paz\" \/><\/div><div class=\"prj_slide_data\"><div class=\"prj_slide_data_inner\"><p class=\"prj_slide_data_title\">El sonido de La Paz<\/p><p class=\"prj_slide_data_equip\"><strong>Team:<\/strong> Antonio Triano Garc\u00eda<\/p><p class=\"prj_slide_data_uni\"><strong>University:<\/strong> Universidad de Sevilla<span class=\"\"<\/p><p class=\"prj_slide_data_any\"><strong>Year:<\/strong> 2025<span class=\"\"<\/p><p class=\"prj_slide_data_cat\"><strong>Category:<\/strong> Non-fiction<span class=\"\"<\/p><div class=\"prj_slide_data_sinopsi_container\"><p class=\"sinopsi_title\" data-id=\"sinopsi_52175\"><span class=\"sinopsi_toggle\">[+]<\/span> Synopsis<\/p><div id=\"sinopsi_52175\" class=\"prj_slide_data_sinopsi\"><div class=\"prj_slide_data_sinopsi_inner\"><p>During the Spanish Civil War, when violence ravaged Spain, Hinojales (Huelva) was an unusual exception: a town without any executions.<\/p>\n<\/div><\/div><\/div><\/div><\/div><\/div><\/div><div id=\"52173\" class=\"prj_slider_item\" data-id=\"52173\"><div class=\"prj_inner_slide\"><div class=\"prj_slide_img\"><img decoding=\"async\" class=\"img_projecte 52173\" src=\"https:\/\/www.clusteraudiovisual.cat\/wp-content\/uploads\/2025\/10\/ST25_Projecte_El-Ultimo-Acto.jpg\" alt=\"El \u00daltimo Acto\" title=\"El \u00daltimo Acto\" \/><\/div><div class=\"prj_slide_data\"><div class=\"prj_slide_data_inner\"><p class=\"prj_slide_data_title\">El \u00daltimo Acto<\/p><p class=\"prj_slide_data_equip\"><strong>Team:<\/strong> Luca Bonzano, X\u00e8nia Bonifacio<\/p><p class=\"prj_slide_data_uni\"><strong>University:<\/strong> Universitat Aut\u00f2noma de Barcelona<span class=\"\"<\/p><p class=\"prj_slide_data_any\"><strong>Year:<\/strong> 2025<span class=\"\"<\/p><p class=\"prj_slide_data_cat\"><strong>Category:<\/strong> Videogames<span class=\"\"<\/p><div class=\"prj_slide_data_sinopsi_container\"><p class=\"sinopsi_title\" data-id=\"sinopsi_52173\"><span class=\"sinopsi_toggle\">[+]<\/span> Synopsis<\/p><div id=\"sinopsi_52173\" class=\"prj_slide_data_sinopsi\"><div class=\"prj_slide_data_sinopsi_inner\"><p>In <em>El \u00daltimo Acto<\/em>, a point-and-click puzzle game, the player takes on the role of a detective investigating a mysterious explosion at the Magne Circus and the subsequent disappearance of a large portion of the audience.<\/p>\n<\/div><\/div><\/div><\/div><\/div><\/div><\/div><div id=\"52171\" class=\"prj_slider_item\" data-id=\"52171\"><div class=\"prj_inner_slide\"><div class=\"prj_slide_img\"><img decoding=\"async\" class=\"img_projecte 52171\" src=\"https:\/\/www.clusteraudiovisual.cat\/wp-content\/uploads\/2025\/10\/ST25_Projecte_Els-5-sentits.jpg\" alt=\"Els 5 sentits\" title=\"Els 5 sentits\" \/><\/div><div class=\"prj_slide_data\"><div class=\"prj_slide_data_inner\"><p class=\"prj_slide_data_title\">Els 5 sentits<\/p><p class=\"prj_slide_data_equip\"><strong>Team:<\/strong> Raquel Vicente, Carla Martinez<\/p><p class=\"prj_slide_data_uni\"><strong>University:<\/strong> TecnoCampus<span class=\"\"<\/p><p class=\"prj_slide_data_any\"><strong>Year:<\/strong> 2025<span class=\"\"<\/p><p class=\"prj_slide_data_cat\"><strong>Category:<\/strong> Entertainment<span class=\"\"<\/p><div class=\"prj_slide_data_sinopsi_container\"><p class=\"sinopsi_title\" data-id=\"sinopsi_52171\"><span class=\"sinopsi_toggle\">[+]<\/span> Synopsis<\/p><div id=\"sinopsi_52171\" class=\"prj_slide_data_sinopsi\"><div class=\"prj_slide_data_sinopsi_inner\"><p>It is an entertainment competition where participants must test all five human senses to complete various challenges and reach the grand final, where they will compete to win \u20ac3,000.<\/p>\n<\/div><\/div><\/div><\/div><\/div><\/div><\/div><div id=\"52129\" class=\"prj_slider_item\" data-id=\"52129\"><div class=\"prj_inner_slide\"><div class=\"prj_slide_img\"><img decoding=\"async\" class=\"img_projecte 52129\" src=\"https:\/\/www.clusteraudiovisual.cat\/wp-content\/uploads\/2025\/10\/ST25_Projecte_Ermitanas.jpg\" alt=\"Ermita\u00f1as\" title=\"Ermita\u00f1as\" \/><\/div><div class=\"prj_slide_data\"><div class=\"prj_slide_data_inner\"><p class=\"prj_slide_data_title\">Ermita\u00f1as<\/p><p class=\"prj_slide_data_equip\"><strong>Team:<\/strong> Emma Loughman, Luc\u00eda Wong<\/p><p class=\"prj_slide_data_uni\"><strong>University:<\/strong> Blanquerna &#8211; Universitat Ramon Llull<span class=\"\"<\/p><p class=\"prj_slide_data_any\"><strong>Year:<\/strong> 2025<span class=\"\"<\/p><p class=\"prj_slide_data_cat\"><strong>Category:<\/strong> Fiction<span class=\"\"<\/p><div class=\"prj_slide_data_sinopsi_container\"><p class=\"sinopsi_title\" data-id=\"sinopsi_52129\"><span class=\"sinopsi_toggle\">[+]<\/span> Synopsis<\/p><div id=\"sinopsi_52129\" class=\"prj_slide_data_sinopsi\"><div class=\"prj_slide_data_sinopsi_inner\"><p>After several years living in the city, Maria is forced to return to her hometown when she receives a phone call: her twin sister has disappeared without a trace.<\/p>\n<\/div><\/div><\/div><\/div><\/div><\/div><\/div><div id=\"52169\" class=\"prj_slider_item\" data-id=\"52169\"><div class=\"prj_inner_slide\"><div class=\"prj_slide_img\"><img decoding=\"async\" class=\"img_projecte 52169\" src=\"https:\/\/www.clusteraudiovisual.cat\/wp-content\/uploads\/2025\/10\/ST25_Projecte_Fora-de-Ruta.jpg\" alt=\"Fora de Ruta\" title=\"Fora de Ruta\" \/><\/div><div class=\"prj_slide_data\"><div class=\"prj_slide_data_inner\"><p class=\"prj_slide_data_title\">Fora de Ruta<\/p><p class=\"prj_slide_data_equip\"><strong>Team:<\/strong> Marina Corbal\u00e1n, Ainhoa Ben\u00edtez<\/p><p class=\"prj_slide_data_uni\"><strong>University:<\/strong> Universitat Rovira i Virgili<span class=\"\"<\/p><p class=\"prj_slide_data_any\"><strong>Year:<\/strong> 2025<span class=\"\"<\/p><p class=\"prj_slide_data_cat\"><strong>Category:<\/strong> Fiction<span class=\"\"<\/p><div class=\"prj_slide_data_sinopsi_container\"><p class=\"sinopsi_title\" data-id=\"sinopsi_52169\"><span class=\"sinopsi_toggle\">[+]<\/span> Synopsis<\/p><div id=\"sinopsi_52169\" class=\"prj_slide_data_sinopsi\"><div class=\"prj_slide_data_sinopsi_inner\"><p><em>Fora de Ruta<\/em> is an absurd yet tender comedy about love, friendship, and life\u2019s unexpected twists. On her wedding day, Alba just wants everything to go perfectly. But when she decides to take her best friend\u2019s car to avoid seeing her fianc\u00e9, nothing goes as planned. What was meant to be a simple bathroom stop turns into a nightmare: a broken-down car, no signal, and a series of surreal characters appearing along the way.<\/p>\n<\/div><\/div><\/div><\/div><\/div><\/div><\/div><div id=\"52167\" class=\"prj_slider_item\" data-id=\"52167\"><div class=\"prj_inner_slide\"><div class=\"prj_slide_img\"><img decoding=\"async\" class=\"img_projecte 52167\" src=\"https:\/\/www.clusteraudiovisual.cat\/wp-content\/uploads\/2025\/10\/ST25_Projecte_Fuga.jpg\" alt=\"Fuga\" title=\"Fuga\" \/><\/div><div class=\"prj_slide_data\"><div class=\"prj_slide_data_inner\"><p class=\"prj_slide_data_title\">Fuga<\/p><p class=\"prj_slide_data_equip\"><strong>Team:<\/strong> Maria Prous, Laura Gili<\/p><p class=\"prj_slide_data_uni\"><strong>University:<\/strong> BAU Centre Universitari de Disseny<span class=\"\"<\/p><p class=\"prj_slide_data_any\"><strong>Year:<\/strong> 2025<span class=\"\"<\/p><p class=\"prj_slide_data_cat\"><strong>Category:<\/strong> New Technologies and Immersive Experiences<span class=\"\"<\/p><div class=\"prj_slide_data_sinopsi_container\"><p class=\"sinopsi_title\" data-id=\"sinopsi_52167\"><span class=\"sinopsi_toggle\">[+]<\/span> Synopsis<\/p><div id=\"sinopsi_52167\" class=\"prj_slide_data_sinopsi\"><div class=\"prj_slide_data_sinopsi_inner\"><p><em>Fuga <\/em>is an immersive audiovisual installation set in disused industrial spaces that transforms the audience\u2019s movement into real-time imagery, celebrating creativity as a collective experience.<\/p>\n<\/div><\/div><\/div><\/div><\/div><\/div><\/div><div id=\"52165\" class=\"prj_slider_item\" data-id=\"52165\"><div class=\"prj_inner_slide\"><div class=\"prj_slide_img\"><img decoding=\"async\" class=\"img_projecte 52165\" src=\"https:\/\/www.clusteraudiovisual.cat\/wp-content\/uploads\/2025\/10\/ST25_Projecte_IKAW-MAG-SABI.jpg\" alt=\"IKAW MAG-SABI\" title=\"IKAW MAG-SABI\" \/><\/div><div class=\"prj_slide_data\"><div class=\"prj_slide_data_inner\"><p class=\"prj_slide_data_title\">IKAW MAG-SABI<\/p><p class=\"prj_slide_data_equip\"><strong>Team:<\/strong> Jelwen Arconado Arlantico<\/p><p class=\"prj_slide_data_uni\"><strong>University:<\/strong> ESDi Escuela Superior de Dise\u00f1o<span class=\"\"<\/p><p class=\"prj_slide_data_any\"><strong>Year:<\/strong> 2025<span class=\"\"<\/p><p class=\"prj_slide_data_cat\"><strong>Category:<\/strong> Fiction<span class=\"\"<\/p><div class=\"prj_slide_data_sinopsi_container\"><p class=\"sinopsi_title\" data-id=\"sinopsi_52165\"><span class=\"sinopsi_toggle\">[+]<\/span> Synopsis<\/p><div id=\"sinopsi_52165\" class=\"prj_slide_data_sinopsi\"><div class=\"prj_slide_data_sinopsi_inner\"><p>The work focuses on brief scenes from the daily life of a young girl who is forced to act as her mother\u2019s spokesperson, as her mother does not master the local language. Throughout the scenes, the phrase <strong>\u201c<\/strong>Ikaw mag-sabi<strong>\u201d<\/strong> (\u201cyou say it\u201d), spoken by the mother, becomes a constant hammering that shapes the girl\u2019s mood, forcing her to mediate between her family\u2019s foreign culture and the local environment. As the story unfolds, similar expressions multiply, further cementing her role as an involuntary translator. What initially seems like a simple game gradually overwhelms her: every phone call she must answer, every conflict she must clarify, slowly exhausts her. When her mother looks at her and says <strong>\u201c<\/strong>Ikaw mag-sabi<strong>,\u201d<\/strong> the girl hesitates and becomes frustrated\u2014until one day, a sudden, definitive, and ruthless piece of news she must translate for her mother marks a turning point in the story.<\/p>\n<p>This short film represents the experience of many immigrant children who, from a very young age, act as intermediaries between their foreign parents and their surroundings\u2014children who become bridges across cultural divides. At the same time, the work reveals an underlying conflict that remains strikingly relevant in the European context.<\/p>\n<\/div><\/div><\/div><\/div><\/div><\/div><\/div><div id=\"52163\" class=\"prj_slider_item\" data-id=\"52163\"><div class=\"prj_inner_slide\"><div class=\"prj_slide_img\"><img decoding=\"async\" class=\"img_projecte 52163\" src=\"https:\/\/www.clusteraudiovisual.cat\/wp-content\/uploads\/2025\/10\/ST25_Projecte_Kiitos-Ona.jpg\" alt=\"Kiitos, Ona\" title=\"Kiitos, Ona\" \/><\/div><div class=\"prj_slide_data\"><div class=\"prj_slide_data_inner\"><p class=\"prj_slide_data_title\">Kiitos, Ona<\/p><p class=\"prj_slide_data_equip\"><strong>Team:<\/strong> Gemma Benet, Alba Bellsol\u00e0<\/p><p class=\"prj_slide_data_uni\"><strong>University:<\/strong> Universitat Aut\u00f2noma de Barcelona<span class=\"\"<\/p><p class=\"prj_slide_data_any\"><strong>Year:<\/strong> 2025<span class=\"\"<\/p><p class=\"prj_slide_data_cat\"><strong>Category:<\/strong> Fiction<span class=\"\"<\/p><div class=\"prj_slide_data_sinopsi_container\"><p class=\"sinopsi_title\" data-id=\"sinopsi_52163\"><span class=\"sinopsi_toggle\">[+]<\/span> Synopsis<\/p><div id=\"sinopsi_52163\" class=\"prj_slide_data_sinopsi\"><div class=\"prj_slide_data_sinopsi_inner\"><p>Feature film about Ona, a young woman from Barcelona who is still coping with the loss of her father. One day, she finds some photographs of him and his old camera, and driven by nostalgia, she decides to travel to Finland to reconnect with her father\u2019s memory. In an unfamiliar and cold environment, Ona feels lost, but she forms an unexpected connection with an elderly woman who, like her, is navigating the path of grief.<\/p>\n<\/div><\/div><\/div><\/div><\/div><\/div><\/div><div id=\"52159\" class=\"prj_slider_item\" data-id=\"52159\"><div class=\"prj_inner_slide\"><div class=\"prj_slide_img\"><img decoding=\"async\" class=\"img_projecte 52159\" src=\"https:\/\/www.clusteraudiovisual.cat\/wp-content\/uploads\/2025\/10\/ST25_Projecte_La-cumbre-de-las-bestias.jpg\" alt=\"La cumbre de las bestias\" title=\"La cumbre de las bestias\" \/><\/div><div class=\"prj_slide_data\"><div class=\"prj_slide_data_inner\"><p class=\"prj_slide_data_title\">La cumbre de las bestias<\/p><p class=\"prj_slide_data_equip\"><strong>Team:<\/strong> Esther L\u00f3pez Encinas, Aar\u00f3n Arbon\u00e9s Caballero<\/p><p class=\"prj_slide_data_uni\"><strong>University:<\/strong> Universitat Aut\u00f2noma de Barcelona<span class=\"\"<\/p><p class=\"prj_slide_data_any\"><strong>Year:<\/strong> 2025<span class=\"\"<\/p><p class=\"prj_slide_data_cat\"><strong>Category:<\/strong> Fiction<span class=\"\"<\/p><div class=\"prj_slide_data_sinopsi_container\"><p class=\"sinopsi_title\" data-id=\"sinopsi_52159\"><span class=\"sinopsi_toggle\">[+]<\/span> Synopsis<\/p><div id=\"sinopsi_52159\" class=\"prj_slide_data_sinopsi\"><div class=\"prj_slide_data_sinopsi_inner\"><p>A 15-minute satirical short film that presents a dystopia in which bullfighting is the center of Spanish culture and is threatened by the extinction of the bull.<\/p>\n<\/div><\/div><\/div><\/div><\/div><\/div><\/div><div id=\"52157\" class=\"prj_slider_item\" data-id=\"52157\"><div class=\"prj_inner_slide\"><div class=\"prj_slide_img\"><img decoding=\"async\" class=\"img_projecte 52157\" src=\"https:\/\/www.clusteraudiovisual.cat\/wp-content\/uploads\/2025\/10\/ST25_Projecte_Les-coses-que-ens-fan-por.jpg\" alt=\"Les coses que ens fan por\" title=\"Les coses que ens fan por\" \/><\/div><div class=\"prj_slide_data\"><div class=\"prj_slide_data_inner\"><p class=\"prj_slide_data_title\">Les coses que ens fan por<\/p><p class=\"prj_slide_data_equip\"><strong>Team:<\/strong> Irene Castellon, Maria Mayoral, Aida Pi\u00f1ero<\/p><p class=\"prj_slide_data_uni\"><strong>University:<\/strong> Universitat de Barcelona<span class=\"\">|<\/span>Universitat de Lleida<span class=\"\"<\/p><p class=\"prj_slide_data_any\"><strong>Year:<\/strong> 2025<span class=\"\"<\/p><p class=\"prj_slide_data_cat\"><strong>Category:<\/strong> Fiction<span class=\"\"<\/p><div class=\"prj_slide_data_sinopsi_container\"><p class=\"sinopsi_title\" data-id=\"sinopsi_52157\"><span class=\"sinopsi_toggle\">[+]<\/span> Synopsis<\/p><div id=\"sinopsi_52157\" class=\"prj_slide_data_sinopsi\"><div class=\"prj_slide_data_sinopsi_inner\"><p>Children\u2019s animated series (ages 6\u20139). Each episode presents a new adventure in which a group of nine-year-old children faces a typical fear for their age: spiders, elevators, or a friend drifting away. With humor, imagination, and teamwork, they discover that no challenge is too big when faced together. They are accompanied by a group of small, mischievous, magical beings\u2014the Espantalletres\u2014who turn fears into games and opportunities to grow and learn how to manage different anxieties.<\/p>\n<\/div><\/div><\/div><\/div><\/div><\/div><\/div><div id=\"52155\" class=\"prj_slider_item\" data-id=\"52155\"><div class=\"prj_inner_slide\"><div class=\"prj_slide_img\"><img decoding=\"async\" class=\"img_projecte 52155\" src=\"https:\/\/www.clusteraudiovisual.cat\/wp-content\/uploads\/2025\/10\/ST25_Projecte_Lumen.-Letern-dia.jpg\" alt=\"Lumen. L&#8217;etern dia\" title=\"Lumen. L&#8217;etern dia\" \/><\/div><div class=\"prj_slide_data\"><div class=\"prj_slide_data_inner\"><p class=\"prj_slide_data_title\">Lumen. L&#8217;etern dia<\/p><p class=\"prj_slide_data_equip\"><strong>Team:<\/strong> Hilda Heras Fernandez<\/p><p class=\"prj_slide_data_uni\"><strong>University:<\/strong> BAU Centre Universitari de Disseny<span class=\"\"<\/p><p class=\"prj_slide_data_any\"><strong>Year:<\/strong> 2025<span class=\"\"<\/p><p class=\"prj_slide_data_cat\"><strong>Category:<\/strong> New Technologies and Immersive Experiences<span class=\"\"<\/p><div class=\"prj_slide_data_sinopsi_container\"><p class=\"sinopsi_title\" data-id=\"sinopsi_52155\"><span class=\"sinopsi_toggle\">[+]<\/span> Synopsis<\/p><div id=\"sinopsi_52155\" class=\"prj_slide_data_sinopsi\"><div class=\"prj_slide_data_sinopsi_inner\"><p>A generative audiovisual piece that transforms real data from the city and production sectors into sounds and images, revealing how the night has vanished under constant production.<\/p>\n<\/div><\/div><\/div><\/div><\/div><\/div><\/div><div id=\"52154\" class=\"prj_slider_item\" data-id=\"52154\"><div class=\"prj_inner_slide\"><div class=\"prj_slide_img\"><img decoding=\"async\" class=\"img_projecte 52154\" src=\"https:\/\/www.clusteraudiovisual.cat\/wp-content\/uploads\/2025\/10\/ST25_Projecte_Mans-daprenent.jpg\" alt=\"Mans d&#8217;aprenent\" title=\"Mans d&#8217;aprenent\" \/><\/div><div class=\"prj_slide_data\"><div class=\"prj_slide_data_inner\"><p class=\"prj_slide_data_title\">Mans d&#8217;aprenent<\/p><p class=\"prj_slide_data_equip\"><strong>Team:<\/strong> Judit Puig<\/p><p class=\"prj_slide_data_uni\"><strong>University:<\/strong> BAU Centre Universitari de Disseny<span class=\"\"<\/p><p class=\"prj_slide_data_any\"><strong>Year:<\/strong> 2025<span class=\"\"<\/p><p class=\"prj_slide_data_cat\"><strong>Category:<\/strong> New Technologies and Immersive Experiences<span class=\"\"<\/p><div class=\"prj_slide_data_sinopsi_container\"><p class=\"sinopsi_title\" data-id=\"sinopsi_52154\"><span class=\"sinopsi_toggle\">[+]<\/span> Synopsis<\/p><div id=\"sinopsi_52154\" class=\"prj_slide_data_sinopsi\"><div class=\"prj_slide_data_sinopsi_inner\"><p>Interactive audiovisual installation that reflects on sensory life in the digital age, highlighting how craftsmanship and tacit knowledge play an essential role in a context dominated by technology and the virtual world.<\/p>\n<\/div><\/div><\/div><\/div><\/div><\/div><\/div><div id=\"52153\" class=\"prj_slider_item\" data-id=\"52153\"><div class=\"prj_inner_slide\"><div class=\"prj_slide_img\"><img decoding=\"async\" class=\"img_projecte 52153\" src=\"https:\/\/www.clusteraudiovisual.cat\/wp-content\/uploads\/2025\/10\/ST25_Projecte_Miravall.jpg\" alt=\"Miravall\" title=\"Miravall\" \/><\/div><div class=\"prj_slide_data\"><div class=\"prj_slide_data_inner\"><p class=\"prj_slide_data_title\">Miravall<\/p><p class=\"prj_slide_data_equip\"><strong>Team:<\/strong> Pol Parre\u00f1o, Marc Llin\u00e0s<\/p><p class=\"prj_slide_data_uni\"><strong>University:<\/strong> Universitat Pompeu Fabra<span class=\"\"<\/p><p class=\"prj_slide_data_any\"><strong>Year:<\/strong> 2025<span class=\"\"<\/p><p class=\"prj_slide_data_cat\"><strong>Category:<\/strong> Fiction<span class=\"\"<\/p><div class=\"prj_slide_data_sinopsi_container\"><p class=\"sinopsi_title\" data-id=\"sinopsi_52153\"><span class=\"sinopsi_toggle\">[+]<\/span> Synopsis<\/p><div id=\"sinopsi_52153\" class=\"prj_slide_data_sinopsi\"><div class=\"prj_slide_data_sinopsi_inner\"><p><em>Miravall <\/em>tells the story of a small-town nobody, an ungrateful son from a well-off family, who wants to escape his hometown in a camper van. His plans go awry when, after accidentally killing a work colleague, his mobster father and a persistent tax inspector threaten him upon discovering the truth.<\/p>\n<\/div><\/div><\/div><\/div><\/div><\/div><\/div><div id=\"52151\" class=\"prj_slider_item\" data-id=\"52151\"><div class=\"prj_inner_slide\"><div class=\"prj_slide_img\"><img decoding=\"async\" class=\"img_projecte 52151\" src=\"https:\/\/www.clusteraudiovisual.cat\/wp-content\/uploads\/2025\/10\/ST25_Projecte_Nadal-del-97.jpg\" alt=\"Nadal del 97\" title=\"Nadal del 97\" \/><\/div><div class=\"prj_slide_data\"><div class=\"prj_slide_data_inner\"><p class=\"prj_slide_data_title\">Nadal del 97<\/p><p class=\"prj_slide_data_equip\"><strong>Team:<\/strong> V\u00edctor Lasala i Gonz\u00e1lez, Pau Giralt Rico<\/p><p class=\"prj_slide_data_uni\"><strong>University:<\/strong> Universitat de Barcelona<span class=\"\"<\/p><p class=\"prj_slide_data_any\"><strong>Year:<\/strong> 2025<span class=\"\"<\/p><p class=\"prj_slide_data_cat\"><strong>Category:<\/strong> Fiction<span class=\"\"<\/p><div class=\"prj_slide_data_sinopsi_container\"><p class=\"sinopsi_title\" data-id=\"sinopsi_52151\"><span class=\"sinopsi_toggle\">[+]<\/span> Synopsis<\/p><div id=\"sinopsi_52151\" class=\"prj_slide_data_sinopsi\"><div class=\"prj_slide_data_sinopsi_inner\"><p><em>Nadal del 97<\/em> is a melodrama feature film that explores the relationship between two young siblings who, after the death of their parents, return to the family home in an attempt to reconcile, organize, and resolve the lingering tensions that keep them apart.<\/p>\n<\/div><\/div><\/div><\/div><\/div><\/div><\/div><div id=\"52149\" class=\"prj_slider_item\" data-id=\"52149\"><div class=\"prj_inner_slide\"><div class=\"prj_slide_img\"><img decoding=\"async\" class=\"img_projecte 52149\" src=\"https:\/\/www.clusteraudiovisual.cat\/wp-content\/uploads\/2025\/10\/ST25_Projecte_No-solo-musas.jpg\" alt=\"No solo musas\" title=\"No solo musas\" \/><\/div><div class=\"prj_slide_data\"><div class=\"prj_slide_data_inner\"><p class=\"prj_slide_data_title\">No solo musas<\/p><p class=\"prj_slide_data_equip\"><strong>Team:<\/strong> Mireia Mart\u00ednez Cerde\u00f1o<\/p><p class=\"prj_slide_data_uni\"><strong>University:<\/strong> Universitat Oberta de Catalunya<span class=\"\"<\/p><p class=\"prj_slide_data_any\"><strong>Year:<\/strong> 2025<span class=\"\"<\/p><p class=\"prj_slide_data_cat\"><strong>Category:<\/strong> Non-fiction<span class=\"\"<\/p><div class=\"prj_slide_data_sinopsi_container\"><p class=\"sinopsi_title\" data-id=\"sinopsi_52149\"><span class=\"sinopsi_toggle\">[+]<\/span> Synopsis<\/p><div id=\"sinopsi_52149\" class=\"prj_slide_data_sinopsi\"><div class=\"prj_slide_data_sinopsi_inner\"><p><em>No Solo Musas<\/em> is a documentary series that reveals the untold stories of six Spanish female painters who defied social norms to leave their mark on the early 20th-century art world.<\/p>\n<\/div><\/div><\/div><\/div><\/div><\/div><\/div><div id=\"52146\" class=\"prj_slider_item\" data-id=\"52146\"><div class=\"prj_inner_slide\"><div class=\"prj_slide_img\"><img decoding=\"async\" class=\"img_projecte 52146\" src=\"https:\/\/www.clusteraudiovisual.cat\/wp-content\/uploads\/2025\/10\/ST25_Projecte_Noroi.jpg\" alt=\"Noroi\" title=\"Noroi\" \/><\/div><div class=\"prj_slide_data\"><div class=\"prj_slide_data_inner\"><p class=\"prj_slide_data_title\">Noroi<\/p><p class=\"prj_slide_data_equip\"><strong>Team:<\/strong> Gerard Pag\u00e8s, Adri\u00e0 Polanco<\/p><p class=\"prj_slide_data_uni\"><strong>University:<\/strong> TecnoCampus<span class=\"\"<\/p><p class=\"prj_slide_data_any\"><strong>Year:<\/strong> 2025<span class=\"\"<\/p><p class=\"prj_slide_data_cat\"><strong>Category:<\/strong> Videogames<span class=\"\"<\/p><div class=\"prj_slide_data_sinopsi_container\"><p class=\"sinopsi_title\" data-id=\"sinopsi_52146\"><span class=\"sinopsi_toggle\">[+]<\/span> Synopsis<\/p><div id=\"sinopsi_52146\" class=\"prj_slide_data_sinopsi\"><div class=\"prj_slide_data_sinopsi_inner\"><p>Control a warrior monk and his magical shuriken in this 3D platformer. Jump, fight, and collect the Jizou that will lift the curse from the Noroi temple.<\/p>\n<\/div><\/div><\/div><\/div><\/div><\/div><\/div><div id=\"52145\" class=\"prj_slider_item\" data-id=\"52145\"><div class=\"prj_inner_slide\"><div class=\"prj_slide_img\"><img decoding=\"async\" class=\"img_projecte 52145\" src=\"https:\/\/www.clusteraudiovisual.cat\/wp-content\/uploads\/2025\/10\/ST25_Projecte_Paraula-de-pas.jpg\" alt=\"Paraula de pas\" title=\"Paraula de pas\" \/><\/div><div class=\"prj_slide_data\"><div class=\"prj_slide_data_inner\"><p class=\"prj_slide_data_title\">Paraula de pas<\/p><p class=\"prj_slide_data_equip\"><strong>Team:<\/strong> Tom\u00e0s G\u00f3mez, Llu\u00eds Afonso<\/p><p class=\"prj_slide_data_uni\"><strong>University:<\/strong> Universitat Pompeu Fabra<span class=\"\"<\/p><p class=\"prj_slide_data_any\"><strong>Year:<\/strong> 2025<span class=\"\"<\/p><p class=\"prj_slide_data_cat\"><strong>Category:<\/strong> Entertainment<span class=\"\"<\/p><div class=\"prj_slide_data_sinopsi_container\"><p class=\"sinopsi_title\" data-id=\"sinopsi_52145\"><span class=\"sinopsi_toggle\">[+]<\/span> Synopsis<\/p><div id=\"sinopsi_52145\" class=\"prj_slide_data_sinopsi\"><div class=\"prj_slide_data_sinopsi_inner\"><p>A television format in which eight pairs of strangers must travel across Catalonia without money or mobile phones, negotiating food, transportation, and accommodation while speaking only Catalan.<\/p>\n<\/div><\/div><\/div><\/div><\/div><\/div><\/div><div id=\"52141\" class=\"prj_slider_item\" data-id=\"52141\"><div class=\"prj_inner_slide\"><div class=\"prj_slide_img\"><img decoding=\"async\" class=\"img_projecte 52141\" src=\"https:\/\/www.clusteraudiovisual.cat\/wp-content\/uploads\/2025\/10\/ST25_Projecte_RE80BINA.jpg\" alt=\"RE80BINA\" title=\"RE80BINA\" \/><\/div><div class=\"prj_slide_data\"><div class=\"prj_slide_data_inner\"><p class=\"prj_slide_data_title\">RE80BINA<\/p><p class=\"prj_slide_data_equip\"><strong>Team:<\/strong> Eva Vidal Rodr\u00edguez, Nairee Bravo S\u00e1nchez<\/p><p class=\"prj_slide_data_uni\"><strong>University:<\/strong> TecnoCampus<span class=\"\"<\/p><p class=\"prj_slide_data_any\"><strong>Year:<\/strong> 2025<span class=\"\"<\/p><p class=\"prj_slide_data_cat\"><strong>Category:<\/strong> Non-fiction<span class=\"\"<\/p><div class=\"prj_slide_data_sinopsi_container\"><p class=\"sinopsi_title\" data-id=\"sinopsi_52141\"><span class=\"sinopsi_toggle\">[+]<\/span> Synopsis<\/p><div id=\"sinopsi_52141\" class=\"prj_slide_data_sinopsi\"><div class=\"prj_slide_data_sinopsi_inner\"><p><em>RE80BINA<\/em> is a documentary series that revisits the vibrant Barcelona of the 1980s, exploring the city\u2019s iconic nightlife venues of the era.<\/p>\n<\/div><\/div><\/div><\/div><\/div><\/div><\/div><div id=\"52139\" class=\"prj_slider_item\" data-id=\"52139\"><div class=\"prj_inner_slide\"><div class=\"prj_slide_img\"><img decoding=\"async\" class=\"img_projecte 52139\" src=\"https:\/\/www.clusteraudiovisual.cat\/wp-content\/uploads\/2025\/10\/ST25_Projecte_Recordant-el-futur.jpg\" alt=\"Recordant el futur\" title=\"Recordant el futur\" \/><\/div><div class=\"prj_slide_data\"><div class=\"prj_slide_data_inner\"><p class=\"prj_slide_data_title\">Recordant el futur<\/p><p class=\"prj_slide_data_equip\"><strong>Team:<\/strong> Carla Mart\u00ednez<\/p><p class=\"prj_slide_data_uni\"><strong>University:<\/strong> BAU Centre Universitari de Disseny<span class=\"\"<\/p><p class=\"prj_slide_data_any\"><strong>Year:<\/strong> 2025<span class=\"\"<\/p><p class=\"prj_slide_data_cat\"><strong>Category:<\/strong> New Technologies and Immersive Experiences<span class=\"\"<\/p><div class=\"prj_slide_data_sinopsi_container\"><p class=\"sinopsi_title\" data-id=\"sinopsi_52139\"><span class=\"sinopsi_toggle\">[+]<\/span> Synopsis<\/p><div id=\"sinopsi_52139\" class=\"prj_slide_data_sinopsi\"><div class=\"prj_slide_data_sinopsi_inner\"><p><em>Remembering the Future<\/em> is an immersive virtual reality experience in which the user travels through a personal memory that changes according to their lifestyle habits, showing how these habits influence the memory of the future. The goal is to provide an emotional and educational shock therapy, raise awareness about the importance of maintaining cognitive health, and serve as a preventive therapy for Alzheimer\u2019s disease.<\/p>\n<\/div><\/div><\/div><\/div><\/div><\/div><\/div><div id=\"52137\" class=\"prj_slider_item\" data-id=\"52137\"><div class=\"prj_inner_slide\"><div class=\"prj_slide_img\"><img decoding=\"async\" class=\"img_projecte 52137\" src=\"https:\/\/www.clusteraudiovisual.cat\/wp-content\/uploads\/2025\/10\/ST25_Projecte_Sorority-Rush.jpg\" alt=\"Sorority Rush\" title=\"Sorority Rush\" \/><\/div><div class=\"prj_slide_data\"><div class=\"prj_slide_data_inner\"><p class=\"prj_slide_data_title\">Sorority Rush<\/p><p class=\"prj_slide_data_equip\"><strong>Team:<\/strong> Alexandra Teixid\u00f3<\/p><p class=\"prj_slide_data_uni\"><strong>University:<\/strong> Universitat Aut\u00f2noma de Barcelona<span class=\"\"<\/p><p class=\"prj_slide_data_any\"><strong>Year:<\/strong> 2025<span class=\"\"<\/p><p class=\"prj_slide_data_cat\"><strong>Category:<\/strong> Videogames<span class=\"\"<\/p><div class=\"prj_slide_data_sinopsi_container\"><p class=\"sinopsi_title\" data-id=\"sinopsi_52137\"><span class=\"sinopsi_toggle\">[+]<\/span> Synopsis<\/p><div id=\"sinopsi_52137\" class=\"prj_slide_data_sinopsi\"><div class=\"prj_slide_data_sinopsi_inner\"><p>A graphic adventure video game that explores the concept of American fraternities. Through humor and touches of horror, it aims to critique and satirize this social system.<\/p>\n<\/div><\/div><\/div><\/div><\/div><\/div><\/div><div id=\"52133\" class=\"prj_slider_item\" data-id=\"52133\"><div class=\"prj_inner_slide\"><div class=\"prj_slide_img\"><img decoding=\"async\" class=\"img_projecte 52133\" src=\"https:\/\/www.clusteraudiovisual.cat\/wp-content\/uploads\/2025\/10\/ST25_Projecte_Talent-Tattoo.jpg\" alt=\"Talent Tattoo\" title=\"Talent Tattoo\" \/><\/div><div class=\"prj_slide_data\"><div class=\"prj_slide_data_inner\"><p class=\"prj_slide_data_title\">Talent Tattoo<\/p><p class=\"prj_slide_data_equip\"><strong>Team:<\/strong> Paula Cuenca Mata<\/p><p class=\"prj_slide_data_uni\"><strong>University:<\/strong> Universitat Oberta de Catalunya<span class=\"\"<\/p><p class=\"prj_slide_data_any\"><strong>Year:<\/strong> 2025<span class=\"\"<\/p><p class=\"prj_slide_data_cat\"><strong>Category:<\/strong> Entertainment<span class=\"\"<\/p><div class=\"prj_slide_data_sinopsi_container\"><p class=\"sinopsi_title\" data-id=\"sinopsi_52133\"><span class=\"sinopsi_toggle\">[+]<\/span> Synopsis<\/p><div id=\"sinopsi_52133\" class=\"prj_slide_data_sinopsi\"><div class=\"prj_slide_data_sinopsi_inner\"><p><em>Talent Tattoo<\/em> is a competition featuring eight emerging artists who will face a series of challenges throughout the show to prove their skills, grow as professionals, and establish themselves as some of the best up-and-coming tattoo artists in Catalonia.<\/p>\n<p>Each episode runs approximately 45\u201350 minutes and is divided into two distinct parts: a masterclass, where renowned artists visit the program to share knowledge, tips, and techniques, and an elimination challenge, where contestants must create a piece following the jury\u2019s guidelines.<\/p>\n<p>To make the format more dynamic and entertaining, the show will also include various game dynamics and surprise mechanics.<\/p>\n<\/div><\/div><\/div><\/div><\/div><\/div><\/div><div id=\"52135\" class=\"prj_slider_item\" data-id=\"52135\"><div class=\"prj_inner_slide\"><div class=\"prj_slide_img\"><img decoding=\"async\" class=\"img_projecte 52135\" src=\"https:\/\/www.clusteraudiovisual.cat\/wp-content\/uploads\/2025\/10\/ST25_Projecte_Un-Ultim-Esforc.jpg\" alt=\"Un \u00daltim Esfor\u00e7\" title=\"Un \u00daltim Esfor\u00e7\" \/><\/div><div class=\"prj_slide_data\"><div class=\"prj_slide_data_inner\"><p class=\"prj_slide_data_title\">Un \u00daltim Esfor\u00e7<\/p><p class=\"prj_slide_data_equip\"><strong>Team:<\/strong> Ana Tortosa Parra, Laura Morales<\/p><p class=\"prj_slide_data_uni\"><strong>University:<\/strong> Universitat Aut\u00f2noma de Barcelona<span class=\"\"<\/p><p class=\"prj_slide_data_any\"><strong>Year:<\/strong> 2025<span class=\"\"<\/p><p class=\"prj_slide_data_cat\"><strong>Category:<\/strong> Fiction<span class=\"\"<\/p><div class=\"prj_slide_data_sinopsi_container\"><p class=\"sinopsi_title\" data-id=\"sinopsi_52135\"><span class=\"sinopsi_toggle\">[+]<\/span> Synopsis<\/p><div id=\"sinopsi_52135\" class=\"prj_slide_data_sinopsi\"><div class=\"prj_slide_data_sinopsi_inner\"><p>In a sweltering Barcelona of 2025, four construction workers build a private swimming pool under extreme working conditions imposed by the construction company. After the eldest worker dies from heatstroke, the others take revenge by destroying the project.<\/p>\n<\/div><\/div><\/div><\/div><\/div><\/div><\/div><div id=\"52131\" class=\"prj_slider_item\" data-id=\"52131\"><div class=\"prj_inner_slide\"><div class=\"prj_slide_img\"><img decoding=\"async\" class=\"img_projecte 52131\" src=\"https:\/\/www.clusteraudiovisual.cat\/wp-content\/uploads\/2025\/10\/ST25_Projecte_Voces-en-silencio-Matrescencia.jpg\" alt=\"Voces en silencio &#8211; Matrescencia\" title=\"Voces en silencio &#8211; Matrescencia\" \/><\/div><div class=\"prj_slide_data\"><div class=\"prj_slide_data_inner\"><p class=\"prj_slide_data_title\">Voces en silencio &#8211; Matrescencia<\/p><p class=\"prj_slide_data_equip\"><strong>Team:<\/strong> Claudia Vizuete, Andrea Lajara<\/p><p class=\"prj_slide_data_uni\"><strong>University:<\/strong> TecnoCampus<span class=\"\"<\/p><p class=\"prj_slide_data_any\"><strong>Year:<\/strong> 2025<span class=\"\"<\/p><p class=\"prj_slide_data_cat\"><strong>Category:<\/strong> Non-fiction<span class=\"\"<\/p><div class=\"prj_slide_data_sinopsi_container\"><p class=\"sinopsi_title\" data-id=\"sinopsi_52131\"><span class=\"sinopsi_toggle\">[+]<\/span> Synopsis<\/p><div id=\"sinopsi_52131\" class=\"prj_slide_data_sinopsi\"><div class=\"prj_slide_data_sinopsi_inner\"><p>The pilot episode <em>Matrescencia<\/em> of the documentary series <em>Voces en silencio<\/em> is a film that explores motherhood through intimacy and vulnerability, revealing the emotions, challenges, and silences that accompany many mothers. Through real-life stories, it aims to shed light on maternal mental health and create a space for listening, empathy, and understanding.<\/p>\n<\/div><\/div><\/div><\/div><\/div><\/div><\/div><\/div><\/div><\/div>        \r\n        <div id=\"cav_projectes_content\" class=\"\">\r\n\r\n            <div id=\"cav_projectes_content_inner\">\r\n                <div id=\"cav_projectes_content_loader\"><img loading=\"lazy\" decoding=\"async\" width=\"32\" height=\"32\" src=\"https:\/\/www.clusteraudiovisual.cat\/wp-content\/themes\/enfold-child\/img\/ajax-loader-c.gif\" alt=\"loading\"><\/div>\r\n                <div id=\"cav_projectes_list\"><div id=\"prj_grid\" class=\"prj_grid\"><div class=\"grid-item grid-sizer  445  815  678  animate__animated animate__zoomIn animate__faster\"><div class=\"prj_item_container\"><div class=\"prj_item_link\" data-id=\"52191\"><\/div><img decoding=\"async\" class=\"img_projecte\" src=\"https:\/\/www.clusteraudiovisual.cat\/wp-content\/uploads\/2025\/10\/ST25_Projecte_\u00a1Que-follon.jpg\" alt=\"\u00a1Qu\u00e9 foll\u00f3n!\" title=\"\u00a1Qu\u00e9 foll\u00f3n!\" \/><div class=\"prj_item_title prj_item_extra_title\">\u00a1Qu\u00e9 foll\u00f3n!<\/div><\/div><\/div><div class=\"grid-item   732  815  508  animate__animated animate__zoomIn animate__faster\"><div class=\"prj_item_container\"><div class=\"prj_item_link\" data-id=\"52189\"><\/div><img decoding=\"async\" class=\"img_projecte\" src=\"https:\/\/www.clusteraudiovisual.cat\/wp-content\/uploads\/2025\/10\/ST25_Projecte_ALL-IN-TODO-O-NADA.jpg\" alt=\"ALL IN\" title=\"ALL IN\" \/><div class=\"prj_item_title prj_item_extra_title\">ALL IN<\/div><\/div><\/div><div class=\"grid-item   704  815  482  animate__animated animate__zoomIn animate__faster\"><div class=\"prj_item_container\"><div class=\"prj_item_link\" data-id=\"52187\"><\/div><img decoding=\"async\" class=\"img_projecte\" src=\"https:\/\/www.clusteraudiovisual.cat\/wp-content\/uploads\/2025\/10\/ST25_Projecte_Bath-Life.jpg\" alt=\"Bath Life\" title=\"Bath Life\" \/><div class=\"prj_item_title prj_item_extra_title\">Bath Life<\/div><\/div><\/div><div class=\"grid-item   445  815  470 472  animate__animated animate__zoomIn animate__faster\"><div class=\"prj_item_container\"><div class=\"prj_item_link\" data-id=\"52127\"><\/div><img decoding=\"async\" class=\"img_projecte\" src=\"https:\/\/www.clusteraudiovisual.cat\/wp-content\/uploads\/2025\/10\/ST25_Projecte_Bramallops.jpg\" alt=\"Bramallops\" title=\"Bramallops\" \/><div class=\"prj_item_title prj_item_extra_title\">Bramallops<\/div><\/div><\/div><div class=\"grid-item   452  815   animate__animated animate__zoomIn animate__faster\"><div class=\"prj_item_container\"><div class=\"prj_item_link\" data-id=\"52185\"><\/div><img decoding=\"async\" class=\"img_projecte\" src=\"https:\/\/www.clusteraudiovisual.cat\/wp-content\/uploads\/2025\/10\/ST25_Projecte_Bugzonia.jpg\" alt=\"BugZonia\" title=\"BugZonia\" \/><div class=\"prj_item_title prj_item_extra_title\">BugZonia<\/div><\/div><\/div><div class=\"grid-item   732  815  474  animate__animated animate__zoomIn animate__faster\"><div class=\"prj_item_container\"><div class=\"prj_item_link\" data-id=\"52183\"><\/div><img decoding=\"async\" class=\"img_projecte\" src=\"https:\/\/www.clusteraudiovisual.cat\/wp-content\/uploads\/2025\/10\/ST25_Projecte_Caracremada.jpg\" alt=\"Caracremada\" title=\"Caracremada\" \/><div class=\"prj_item_title prj_item_extra_title\">Caracremada<\/div><\/div><\/div><div class=\"grid-item   446  815  478  animate__animated animate__zoomIn animate__faster\"><div class=\"prj_item_container\"><div class=\"prj_item_link\" data-id=\"52181\"><\/div><img decoding=\"async\" class=\"img_projecte\" src=\"https:\/\/www.clusteraudiovisual.cat\/wp-content\/uploads\/2025\/10\/ST25_Projecte_Cartografia-del-Recuerdo.jpg\" alt=\"Cartograf\u00eda del Recuerdo\" title=\"Cartograf\u00eda del Recuerdo\" \/><div class=\"prj_item_title prj_item_extra_title\">Cartograf\u00eda del Recuerdo<\/div><\/div><\/div><div class=\"grid-item   704  815  468  animate__animated animate__zoomIn animate__faster\"><div class=\"prj_item_container\"><div class=\"prj_item_link\" data-id=\"52161\"><\/div><img decoding=\"async\" class=\"img_projecte\" src=\"https:\/\/www.clusteraudiovisual.cat\/wp-content\/uploads\/2025\/10\/ST25_Projecte_Cartografies-Invisibles.jpg\" alt=\"Cartografies invisibles\" title=\"Cartografies invisibles\" \/><div class=\"prj_item_title prj_item_extra_title\">Cartografies invisibles<\/div><\/div><\/div><div class=\"grid-item   446  815  480  animate__animated animate__zoomIn animate__faster\"><div class=\"prj_item_container\"><div class=\"prj_item_link\" data-id=\"52179\"><\/div><img decoding=\"async\" class=\"img_projecte\" src=\"https:\/\/www.clusteraudiovisual.cat\/wp-content\/uploads\/2025\/10\/ST25_Projecte_DALLA-ON-EREM.jpg\" alt=\"D\u2019all\u00e0 on \u00e9rem\" title=\"D\u2019all\u00e0 on \u00e9rem\" \/><div class=\"prj_item_title prj_item_extra_title\">D\u2019all\u00e0 on \u00e9rem<\/div><\/div><\/div><div class=\"grid-item   446  815  506  animate__animated animate__zoomIn animate__faster\"><div class=\"prj_item_container\"><div class=\"prj_item_link\" data-id=\"52177\"><\/div><img decoding=\"async\" class=\"img_projecte\" src=\"https:\/\/www.clusteraudiovisual.cat\/wp-content\/uploads\/2025\/10\/ST25_Projecte_DORAMAS.jpg\" alt=\"DORAMAS\" title=\"DORAMAS\" \/><div class=\"prj_item_title prj_item_extra_title\">DORAMAS<\/div><\/div><\/div><div class=\"grid-item   446  815  734  animate__animated animate__zoomIn animate__faster\"><div class=\"prj_item_container\"><div class=\"prj_item_link\" data-id=\"52175\"><\/div><img decoding=\"async\" class=\"img_projecte\" src=\"https:\/\/www.clusteraudiovisual.cat\/wp-content\/uploads\/2025\/10\/ST25_Projecte_El-sonido-de-La-Paz.jpg\" alt=\"El sonido de La Paz\" title=\"El sonido de La Paz\" \/><div class=\"prj_item_title prj_item_extra_title\">El sonido de La Paz<\/div><\/div><\/div><div class=\"grid-item   452  815  468  animate__animated animate__zoomIn animate__faster\"><div class=\"prj_item_container\"><div class=\"prj_item_link\" data-id=\"52173\"><\/div><img decoding=\"async\" class=\"img_projecte\" src=\"https:\/\/www.clusteraudiovisual.cat\/wp-content\/uploads\/2025\/10\/ST25_Projecte_El-Ultimo-Acto.jpg\" alt=\"El \u00daltimo Acto\" title=\"El \u00daltimo Acto\" \/><div class=\"prj_item_title prj_item_extra_title\">El \u00daltimo Acto<\/div><\/div><\/div><div class=\"grid-item   732  815  482  animate__animated animate__zoomIn animate__faster\"><div class=\"prj_item_container\"><div class=\"prj_item_link\" data-id=\"52171\"><\/div><img decoding=\"async\" class=\"img_projecte\" src=\"https:\/\/www.clusteraudiovisual.cat\/wp-content\/uploads\/2025\/10\/ST25_Projecte_Els-5-sentits.jpg\" alt=\"Els 5 sentits\" title=\"Els 5 sentits\" \/><div class=\"prj_item_title prj_item_extra_title\">Els 5 sentits<\/div><\/div><\/div><div class=\"grid-item   445  815  485  animate__animated animate__zoomIn animate__faster\"><div class=\"prj_item_container\"><div class=\"prj_item_link\" data-id=\"52129\"><\/div><img decoding=\"async\" class=\"img_projecte\" src=\"https:\/\/www.clusteraudiovisual.cat\/wp-content\/uploads\/2025\/10\/ST25_Projecte_Ermitanas.jpg\" alt=\"Ermita\u00f1as\" title=\"Ermita\u00f1as\" \/><div class=\"prj_item_title prj_item_extra_title\">Ermita\u00f1as<\/div><\/div><\/div><div class=\"grid-item   445  815  498  animate__animated animate__zoomIn animate__faster\"><div class=\"prj_item_container\"><div class=\"prj_item_link\" data-id=\"52169\"><\/div><img decoding=\"async\" class=\"img_projecte\" src=\"https:\/\/www.clusteraudiovisual.cat\/wp-content\/uploads\/2025\/10\/ST25_Projecte_Fora-de-Ruta.jpg\" alt=\"Fora de Ruta\" title=\"Fora de Ruta\" \/><div class=\"prj_item_title prj_item_extra_title\">Fora de Ruta<\/div><\/div><\/div><div class=\"grid-item   704  815  480  animate__animated animate__zoomIn animate__faster\"><div class=\"prj_item_container\"><div class=\"prj_item_link\" data-id=\"52167\"><\/div><img decoding=\"async\" class=\"img_projecte\" src=\"https:\/\/www.clusteraudiovisual.cat\/wp-content\/uploads\/2025\/10\/ST25_Projecte_Fuga.jpg\" alt=\"Fuga\" title=\"Fuga\" \/><div class=\"prj_item_title prj_item_extra_title\">Fuga<\/div><\/div><\/div><div class=\"grid-item   445  815  514  animate__animated animate__zoomIn animate__faster\"><div class=\"prj_item_container\"><div class=\"prj_item_link\" data-id=\"52165\"><\/div><img decoding=\"async\" class=\"img_projecte\" src=\"https:\/\/www.clusteraudiovisual.cat\/wp-content\/uploads\/2025\/10\/ST25_Projecte_IKAW-MAG-SABI.jpg\" alt=\"IKAW MAG-SABI\" title=\"IKAW MAG-SABI\" \/><div class=\"prj_item_title prj_item_extra_title\">IKAW MAG-SABI<\/div><\/div><\/div><div class=\"grid-item   445  815  468  animate__animated animate__zoomIn animate__faster\"><div class=\"prj_item_container\"><div class=\"prj_item_link\" data-id=\"52163\"><\/div><img decoding=\"async\" class=\"img_projecte\" src=\"https:\/\/www.clusteraudiovisual.cat\/wp-content\/uploads\/2025\/10\/ST25_Projecte_Kiitos-Ona.jpg\" alt=\"Kiitos, Ona\" title=\"Kiitos, Ona\" \/><div class=\"prj_item_title prj_item_extra_title\">Kiitos, Ona<\/div><\/div><\/div><div class=\"grid-item   445  815  468  animate__animated animate__zoomIn animate__faster\"><div class=\"prj_item_container\"><div class=\"prj_item_link\" data-id=\"52159\"><\/div><img decoding=\"async\" class=\"img_projecte\" src=\"https:\/\/www.clusteraudiovisual.cat\/wp-content\/uploads\/2025\/10\/ST25_Projecte_La-cumbre-de-las-bestias.jpg\" alt=\"La cumbre de las bestias\" title=\"La cumbre de las bestias\" \/><div class=\"prj_item_title prj_item_extra_title\">La cumbre de las bestias<\/div><\/div><\/div><div class=\"grid-item   445  815  470 472  animate__animated animate__zoomIn animate__faster\"><div class=\"prj_item_container\"><div class=\"prj_item_link\" data-id=\"52157\"><\/div><img decoding=\"async\" class=\"img_projecte\" src=\"https:\/\/www.clusteraudiovisual.cat\/wp-content\/uploads\/2025\/10\/ST25_Projecte_Les-coses-que-ens-fan-por.jpg\" alt=\"Les coses que ens fan por\" title=\"Les coses que ens fan por\" \/><div class=\"prj_item_title prj_item_extra_title\">Les coses que ens fan por<\/div><\/div><\/div><div class=\"grid-item   704  815  480  animate__animated animate__zoomIn animate__faster\"><div class=\"prj_item_container\"><div class=\"prj_item_link\" data-id=\"52155\"><\/div><img decoding=\"async\" class=\"img_projecte\" src=\"https:\/\/www.clusteraudiovisual.cat\/wp-content\/uploads\/2025\/10\/ST25_Projecte_Lumen.-Letern-dia.jpg\" alt=\"Lumen. L&#8217;etern dia\" title=\"Lumen. L&#8217;etern dia\" \/><div class=\"prj_item_title prj_item_extra_title\">Lumen. L&#8217;etern dia<\/div><\/div><\/div><div class=\"grid-item   704  815  480  animate__animated animate__zoomIn animate__faster\"><div class=\"prj_item_container\"><div class=\"prj_item_link\" data-id=\"52154\"><\/div><img decoding=\"async\" class=\"img_projecte\" src=\"https:\/\/www.clusteraudiovisual.cat\/wp-content\/uploads\/2025\/10\/ST25_Projecte_Mans-daprenent.jpg\" alt=\"Mans d&#8217;aprenent\" title=\"Mans d&#8217;aprenent\" \/><div class=\"prj_item_title prj_item_extra_title\">Mans d&#8217;aprenent<\/div><\/div><\/div><div class=\"grid-item   445  815  478  animate__animated animate__zoomIn animate__faster\"><div class=\"prj_item_container\"><div class=\"prj_item_link\" data-id=\"52153\"><\/div><img decoding=\"async\" class=\"img_projecte\" src=\"https:\/\/www.clusteraudiovisual.cat\/wp-content\/uploads\/2025\/10\/ST25_Projecte_Miravall.jpg\" alt=\"Miravall\" title=\"Miravall\" \/><div class=\"prj_item_title prj_item_extra_title\">Miravall<\/div><\/div><\/div><div class=\"grid-item   445  815  470  animate__animated animate__zoomIn animate__faster\"><div class=\"prj_item_container\"><div class=\"prj_item_link\" data-id=\"52151\"><\/div><img decoding=\"async\" class=\"img_projecte\" src=\"https:\/\/www.clusteraudiovisual.cat\/wp-content\/uploads\/2025\/10\/ST25_Projecte_Nadal-del-97.jpg\" alt=\"Nadal del 97\" title=\"Nadal del 97\" \/><div class=\"prj_item_title prj_item_extra_title\">Nadal del 97<\/div><\/div><\/div><div class=\"grid-item   446  815  506  animate__animated animate__zoomIn animate__faster\"><div class=\"prj_item_container\"><div class=\"prj_item_link\" data-id=\"52149\"><\/div><img decoding=\"async\" class=\"img_projecte\" src=\"https:\/\/www.clusteraudiovisual.cat\/wp-content\/uploads\/2025\/10\/ST25_Projecte_No-solo-musas.jpg\" alt=\"No solo musas\" title=\"No solo musas\" \/><div class=\"prj_item_title prj_item_extra_title\">No solo musas<\/div><\/div><\/div><div class=\"grid-item   452  815  482  animate__animated animate__zoomIn animate__faster\"><div class=\"prj_item_container\"><div class=\"prj_item_link\" data-id=\"52146\"><\/div><img decoding=\"async\" class=\"img_projecte\" src=\"https:\/\/www.clusteraudiovisual.cat\/wp-content\/uploads\/2025\/10\/ST25_Projecte_Noroi.jpg\" alt=\"Noroi\" title=\"Noroi\" \/><div class=\"prj_item_title prj_item_extra_title\">Noroi<\/div><\/div><\/div><div class=\"grid-item   732  815  478  animate__animated animate__zoomIn animate__faster\"><div class=\"prj_item_container\"><div class=\"prj_item_link\" data-id=\"52145\"><\/div><img decoding=\"async\" class=\"img_projecte\" src=\"https:\/\/www.clusteraudiovisual.cat\/wp-content\/uploads\/2025\/10\/ST25_Projecte_Paraula-de-pas.jpg\" alt=\"Paraula de pas\" title=\"Paraula de pas\" \/><div class=\"prj_item_title prj_item_extra_title\">Paraula de pas<\/div><\/div><\/div><div class=\"grid-item   446  815  482  animate__animated animate__zoomIn animate__faster\"><div class=\"prj_item_container\"><div class=\"prj_item_link\" data-id=\"52141\"><\/div><img decoding=\"async\" class=\"img_projecte\" src=\"https:\/\/www.clusteraudiovisual.cat\/wp-content\/uploads\/2025\/10\/ST25_Projecte_RE80BINA.jpg\" alt=\"RE80BINA\" title=\"RE80BINA\" \/><div class=\"prj_item_title prj_item_extra_title\">RE80BINA<\/div><\/div><\/div><div class=\"grid-item   704  815  480  animate__animated animate__zoomIn animate__faster\"><div class=\"prj_item_container\"><div class=\"prj_item_link\" data-id=\"52139\"><\/div><img decoding=\"async\" class=\"img_projecte\" src=\"https:\/\/www.clusteraudiovisual.cat\/wp-content\/uploads\/2025\/10\/ST25_Projecte_Recordant-el-futur.jpg\" alt=\"Recordant el futur\" title=\"Recordant el futur\" \/><div class=\"prj_item_title prj_item_extra_title\">Recordant el futur<\/div><\/div><\/div><div class=\"grid-item   452  815  468  animate__animated animate__zoomIn animate__faster\"><div class=\"prj_item_container\"><div class=\"prj_item_link\" data-id=\"52137\"><\/div><img decoding=\"async\" class=\"img_projecte\" src=\"https:\/\/www.clusteraudiovisual.cat\/wp-content\/uploads\/2025\/10\/ST25_Projecte_Sorority-Rush.jpg\" alt=\"Sorority Rush\" title=\"Sorority Rush\" \/><div class=\"prj_item_title prj_item_extra_title\">Sorority Rush<\/div><\/div><\/div><div class=\"grid-item   732  815  506  animate__animated animate__zoomIn animate__faster\"><div class=\"prj_item_container\"><div class=\"prj_item_link\" data-id=\"52133\"><\/div><img decoding=\"async\" class=\"img_projecte\" src=\"https:\/\/www.clusteraudiovisual.cat\/wp-content\/uploads\/2025\/10\/ST25_Projecte_Talent-Tattoo.jpg\" alt=\"Talent Tattoo\" title=\"Talent Tattoo\" \/><div class=\"prj_item_title prj_item_extra_title\">Talent Tattoo<\/div><\/div><\/div><div class=\"grid-item   445  815  468  animate__animated animate__zoomIn animate__faster\"><div class=\"prj_item_container\"><div class=\"prj_item_link\" data-id=\"52135\"><\/div><img decoding=\"async\" class=\"img_projecte\" src=\"https:\/\/www.clusteraudiovisual.cat\/wp-content\/uploads\/2025\/10\/ST25_Projecte_Un-Ultim-Esforc.jpg\" alt=\"Un \u00daltim Esfor\u00e7\" title=\"Un \u00daltim Esfor\u00e7\" \/><div class=\"prj_item_title prj_item_extra_title\">Un \u00daltim Esfor\u00e7<\/div><\/div><\/div><div class=\"grid-item   446  815  482  animate__animated animate__zoomIn animate__faster\"><div class=\"prj_item_container\"><div class=\"prj_item_link\" data-id=\"52131\"><\/div><img decoding=\"async\" class=\"img_projecte\" src=\"https:\/\/www.clusteraudiovisual.cat\/wp-content\/uploads\/2025\/10\/ST25_Projecte_Voces-en-silencio-Matrescencia.jpg\" alt=\"Voces en silencio &#8211; Matrescencia\" title=\"Voces en silencio &#8211; Matrescencia\" \/><div class=\"prj_item_title prj_item_extra_title\">Voces en silencio &#8211; Matrescencia<\/div><\/div><\/div><\/div><\/div><\/div><div id=\"cav_projectes_more_loader\" class=\"\"><img loading=\"lazy\" decoding=\"async\" width=\"32\" height=\"32\" src=\"https:\/\/www.clusteraudiovisual.cat\/wp-content\/themes\/enfold-child\/img\/ajax-loader-c.gif\" alt=\"loading\"><\/div><\/div><\/div><\/p>\n<\/div><\/section><br \/>\n\n<style type=\"text\/css\" data-created_by=\"avia_inline_auto\" id=\"style-css-av-8shkxnt-4affb6dfb5892ec48d75a2e7e4b81ebc\">\n#top .hr.hr-invisible.av-8shkxnt-4affb6dfb5892ec48d75a2e7e4b81ebc{\nheight:20px;\n}\n<\/style>\n<div  class='hr av-8shkxnt-4affb6dfb5892ec48d75a2e7e4b81ebc hr-invisible'><span class='hr-inner '><span class=\"hr-inner-style\"><\/span><\/span><\/div><br \/>\n<div  class='avia-button-wrap av-m3d16tjj-e88193f18f8588b0e66781c799b90d95-wrap avia-button-center  butotalent invalid-custom-class-found'>\n<style type=\"text\/css\" data-created_by=\"avia_inline_auto\" id=\"style-css-av-m3d16tjj-e88193f18f8588b0e66781c799b90d95\">\n#top #wrap_all .avia-button.av-m3d16tjj-e88193f18f8588b0e66781c799b90d95{\nbackground-color:#ab185f;\nborder-color:#ab185f;\ncolor:#ffffff;\ntransition:all 0.4s ease-in-out;\n}\n#top #wrap_all .avia-button.av-m3d16tjj-e88193f18f8588b0e66781c799b90d95:hover{\nbackground-color:#ab185f;\ncolor:white;\ntransition:all 0.4s ease-in-out;\n}\n#top #wrap_all .avia-button.av-m3d16tjj-e88193f18f8588b0e66781c799b90d95 .avia-svg-icon svg:first-child{\nfill:#ffffff;\nstroke:#ffffff;\n}\n#top #wrap_all .avia-button.av-m3d16tjj-e88193f18f8588b0e66781c799b90d95:hover .avia-svg-icon svg:first-child{\nfill:white;\nstroke:white;\n}\n<\/style>\n<a href='https:\/\/www.clusteraudiovisual.cat\/en\/historic-projectes\/'  class='avia-button av-m3d16tjj-e88193f18f8588b0e66781c799b90d95 av-link-btn avia-icon_select-no avia-size-large avia-position-center'   aria-label=\"SEE THE PROJECTS OF ALL THE PITCH EDITIONS\"><span class='avia_iconbox_title' >SEE THE PROJECTS OF ALL THE PITCH EDITIONS<\/span><\/a><\/div><\/p>\n<\/div><\/div>\n<\/div><\/p>\n<\/div><\/div><\/div><!-- close content main div --><\/div><\/div><div id='av_section_2'  class='avia-section av-9zyp8q1-89b3e3f03127c6db2e038521f27b0890 footer_color avia-section-default avia-no-shadow avia-bg-style-scroll container_wrap fullsize'  ><div class='container av-section-cont-open' ><div class='template-page content av-content-full alpha units'><div class='post-entry post-entry-type-page post-entry-41833'><div class='entry-content-wrapper clearfix'>\n<div  class='avia-logo-element-container av-99e6889-e877886134a39c383acb14aa7f56a40d av-border-deactivate avia-logo-grid avia-content-slider avia-smallarrow-slider avia-content-grid-active noHover avia-content-slider-odd avia-content-slider1' ><div class='avia-smallarrow-slider-heading '><div class='new-special-heading'><h6 class='av-logo-special-heading-text '>THE AUDIOVISUAL TALENT WEEK HAS THE SUPPORT OF:<\/h6><\/div><\/div><div class=\"avia-content-slider-inner\"><div class=\"slide-entry-wrap\"><div  class='slide-entry av-8zx54x5-db7fd185f4a1bb743e7d31e469556b46 flex_column no_margin av_one_fifth real-thumbnail post-entry slide-entry-overview slide-loop-1 slide-parity-odd  first'><span class='av-partner-fake-img' style='padding-bottom:50%; background-image:url(https:\/\/www.clusteraudiovisual.cat\/wp-content\/uploads\/2024\/10\/ST_Logo_Footer_ICEC-1.jpg);'><\/span><\/div><div  class='slide-entry av-8d904vd-e866344914942693bf04cdf2af522ef8 flex_column no_margin av_one_fifth real-thumbnail post-entry slide-entry-overview slide-loop-2 slide-parity-even  '><span class='av-partner-fake-img' style='padding-bottom:50%; background-image:url(https:\/\/www.clusteraudiovisual.cat\/wp-content\/uploads\/2025\/10\/ST_Logo_AjuntamentBarcelona_2025.jpg);'><\/span><\/div><div  class='slide-entry av-88slyi1-df90ac7d9fa4cbbd00a5bc84a49f42a3 flex_column no_margin av_one_fifth real-thumbnail post-entry slide-entry-overview slide-loop-3 slide-parity-odd  '><span class='av-partner-fake-img' style='padding-bottom:50%; background-image:url(https:\/\/www.clusteraudiovisual.cat\/wp-content\/uploads\/2022\/10\/ST_Logo_Footer_Web_Gencat_Recerca.jpg);'><\/span><\/div><div  class='slide-entry av-7ibleh5-1c01eb6ec9a44f189c56caa815bdbf5c flex_column no_margin av_one_fifth real-thumbnail post-entry slide-entry-overview slide-loop-4 slide-parity-even  '><span class='av-partner-fake-img' style='padding-bottom:50%; background-image:url(https:\/\/www.clusteraudiovisual.cat\/wp-content\/uploads\/2025\/10\/ST_Logo_Footer_Ministerio-Cultura.jpg);'><\/span><\/div><div  class='slide-entry av-2k4nk9-74ed28cc6b9891f8f72305d39992f794 flex_column no_margin av_one_fifth real-thumbnail post-entry slide-entry-overview slide-loop-5 slide-parity-odd post-entry-last '><span class='av-partner-fake-img' style='padding-bottom:50%; background-image:url(https:\/\/www.clusteraudiovisual.cat\/wp-content\/uploads\/2024\/10\/ST_Logo_Footer_ACCIO.jpg);'><\/span><\/div><\/div><\/div><\/div>\n<div  class='avia-logo-element-container av-2h5hjd-c7a101e399d06af911dd04b02a0a0638 av-border-deactivate avia-logo-grid avia-content-slider avia-smallarrow-slider avia-content-grid-active noHover avia-content-slider-odd avia-content-slider2' ><div class='avia-smallarrow-slider-heading '><div class='new-special-heading'><h6 class='av-logo-special-heading-text '>WITH THE COLLABORATION OF:<\/h6><\/div><\/div><div class=\"avia-content-slider-inner\"><div class=\"slide-entry-wrap\"><div  class='slide-entry av-6cysv61-bd5e96ac431fc00c74f5cdd0c8b35b70 flex_column no_margin av_one_fifth real-thumbnail post-entry slide-entry-overview slide-loop-1 slide-parity-odd  first'><img decoding=\"async\" fetchpriority=\"high\" width=\"800\" height=\"400\" src=\"https:\/\/www.clusteraudiovisual.cat\/wp-content\/uploads\/2025\/10\/ST_Logo_Colaborador_DHub.jpg\" class=\"wp-image-52752 avia-img-lazy-loading-not-52752 attachment-no scaling size-no scaling\" alt=\"\" srcset=\"https:\/\/www.clusteraudiovisual.cat\/wp-content\/uploads\/2025\/10\/ST_Logo_Colaborador_DHub.jpg 800w, https:\/\/www.clusteraudiovisual.cat\/wp-content\/uploads\/2025\/10\/ST_Logo_Colaborador_DHub-300x150.jpg 300w, https:\/\/www.clusteraudiovisual.cat\/wp-content\/uploads\/2025\/10\/ST_Logo_Colaborador_DHub-768x384.jpg 768w, https:\/\/www.clusteraudiovisual.cat\/wp-content\/uploads\/2025\/10\/ST_Logo_Colaborador_DHub-705x353.jpg 705w\" sizes=\"(max-width: 800px) 100vw, 800px\" \/><\/div><div  class='slide-entry av-5kuq3xl-db0028f8948c64d3e1a6656ea65cfced flex_column no_margin av_one_fifth real-thumbnail post-entry slide-entry-overview slide-loop-2 slide-parity-even  '><img decoding=\"async\" fetchpriority=\"high\" width=\"800\" height=\"400\" src=\"https:\/\/www.clusteraudiovisual.cat\/wp-content\/uploads\/2022\/10\/ST_Logo_Footer_Web_BarcelonaActiva.jpg\" class=\"wp-image-25790 avia-img-lazy-loading-not-25790 attachment-no scaling size-no scaling\" alt=\"\" srcset=\"https:\/\/www.clusteraudiovisual.cat\/wp-content\/uploads\/2022\/10\/ST_Logo_Footer_Web_BarcelonaActiva.jpg 800w, https:\/\/www.clusteraudiovisual.cat\/wp-content\/uploads\/2022\/10\/ST_Logo_Footer_Web_BarcelonaActiva-300x150.jpg 300w, https:\/\/www.clusteraudiovisual.cat\/wp-content\/uploads\/2022\/10\/ST_Logo_Footer_Web_BarcelonaActiva-768x384.jpg 768w, https:\/\/www.clusteraudiovisual.cat\/wp-content\/uploads\/2022\/10\/ST_Logo_Footer_Web_BarcelonaActiva-705x353.jpg 705w\" sizes=\"(max-width: 800px) 100vw, 800px\" \/><\/div><div  class='slide-entry av-59h8621-3fe30e191afd3be93f2b69bb9ddd9a38 flex_column no_margin av_one_fifth real-thumbnail post-entry slide-entry-overview slide-loop-3 slide-parity-odd  '><img decoding=\"async\" fetchpriority=\"high\" width=\"800\" height=\"400\" src=\"https:\/\/www.clusteraudiovisual.cat\/wp-content\/uploads\/2022\/10\/ST_Logo_Footer_Web_AcademiaCC.jpg\" class=\"wp-image-25796 avia-img-lazy-loading-not-25796 attachment-no scaling size-no scaling\" alt=\"\" srcset=\"https:\/\/www.clusteraudiovisual.cat\/wp-content\/uploads\/2022\/10\/ST_Logo_Footer_Web_AcademiaCC.jpg 800w, https:\/\/www.clusteraudiovisual.cat\/wp-content\/uploads\/2022\/10\/ST_Logo_Footer_Web_AcademiaCC-300x150.jpg 300w, https:\/\/www.clusteraudiovisual.cat\/wp-content\/uploads\/2022\/10\/ST_Logo_Footer_Web_AcademiaCC-768x384.jpg 768w, https:\/\/www.clusteraudiovisual.cat\/wp-content\/uploads\/2022\/10\/ST_Logo_Footer_Web_AcademiaCC-705x353.jpg 705w\" sizes=\"(max-width: 800px) 100vw, 800px\" \/><\/div><div  class='slide-entry av-4wvm095-051f05a942454de5699ca53a05aa11e1 flex_column no_margin av_one_fifth real-thumbnail post-entry slide-entry-overview slide-loop-4 slide-parity-even  '><img decoding=\"async\" fetchpriority=\"high\" width=\"800\" height=\"400\" src=\"https:\/\/www.clusteraudiovisual.cat\/wp-content\/uploads\/2022\/10\/ST_Logo_Footer_Web_SGAE.jpg\" class=\"wp-image-25799 avia-img-lazy-loading-not-25799 attachment-no scaling size-no scaling\" alt=\"\" srcset=\"https:\/\/www.clusteraudiovisual.cat\/wp-content\/uploads\/2022\/10\/ST_Logo_Footer_Web_SGAE.jpg 800w, https:\/\/www.clusteraudiovisual.cat\/wp-content\/uploads\/2022\/10\/ST_Logo_Footer_Web_SGAE-300x150.jpg 300w, https:\/\/www.clusteraudiovisual.cat\/wp-content\/uploads\/2022\/10\/ST_Logo_Footer_Web_SGAE-768x384.jpg 768w, https:\/\/www.clusteraudiovisual.cat\/wp-content\/uploads\/2022\/10\/ST_Logo_Footer_Web_SGAE-705x353.jpg 705w\" sizes=\"(max-width: 800px) 100vw, 800px\" \/><\/div><div  class='slide-entry av-4kppotl-63c0766a7f87a2633425d974c6840e98 flex_column no_margin av_one_fifth real-thumbnail post-entry slide-entry-overview slide-loop-5 slide-parity-odd post-entry-last '><img decoding=\"async\" fetchpriority=\"high\" width=\"800\" height=\"400\" src=\"https:\/\/www.clusteraudiovisual.cat\/wp-content\/uploads\/2025\/11\/ST_Logo_Colaborador_MIA-1.jpg\" class=\"wp-image-53279 avia-img-lazy-loading-not-53279 attachment-no scaling size-no scaling\" alt=\"\" srcset=\"https:\/\/www.clusteraudiovisual.cat\/wp-content\/uploads\/2025\/11\/ST_Logo_Colaborador_MIA-1.jpg 800w, https:\/\/www.clusteraudiovisual.cat\/wp-content\/uploads\/2025\/11\/ST_Logo_Colaborador_MIA-1-300x150.jpg 300w, https:\/\/www.clusteraudiovisual.cat\/wp-content\/uploads\/2025\/11\/ST_Logo_Colaborador_MIA-1-768x384.jpg 768w, https:\/\/www.clusteraudiovisual.cat\/wp-content\/uploads\/2025\/11\/ST_Logo_Colaborador_MIA-1-705x353.jpg 705w\" sizes=\"(max-width: 800px) 100vw, 800px\" \/><\/div><\/div><\/div><\/div>\n<section  class='av_textblock_section av-3rwmq6h-e94e5870421086c9fefe9e6a7e73c0aa '   itemscope=\"itemscope\" itemtype=\"https:\/\/schema.org\/CreativeWork\" ><div class='avia_textblock peu-text-sil'  itemprop=\"text\" ><h5 style=\"text-align: left;\"><strong>Audiovisual Talent Week is an event designed and organized with a commitment to sustainability and the minimization of negative environmental impacts.<\/strong><\/h5>\n<\/div><\/section>\n\n<style type=\"text\/css\" data-created_by=\"avia_inline_auto\" id=\"style-css-av-3g8ap3d-14a8cf921898e85edf50fe4672b41690\">\n#top .hr.av-3g8ap3d-14a8cf921898e85edf50fe4672b41690{\nmargin-top:20px;\nmargin-bottom:30px;\n}\n.hr.av-3g8ap3d-14a8cf921898e85edf50fe4672b41690 .hr-inner{\nwidth:100%;\nborder-color:#e8e8e8;\n}\n<\/style>\n<div  class='hr av-3g8ap3d-14a8cf921898e85edf50fe4672b41690 hr-custom hr-left hr-icon-no'><span class='hr-inner inner-border-av-border-thin'><span class=\"hr-inner-style\"><\/span><\/span><\/div>\n\n<style type=\"text\/css\" data-created_by=\"avia_inline_auto\" id=\"style-css-av-2unvb3d-b416d8176f5e4cd957ab2a0e26eba15f\">\n.flex_column.av-2unvb3d-b416d8176f5e4cd957ab2a0e26eba15f{\nborder-radius:0px 0px 0px 0px;\npadding:0px 0px 0px 0px;\n}\n<\/style>\n<div  class='flex_column av-2unvb3d-b416d8176f5e4cd957ab2a0e26eba15f av_three_fifth first flex_column_div av-zero-column-padding  '     ><section  class='av_textblock_section av-2hp3gtl-e303ec2c396d80c45cc93bf2f627a552 '   itemscope=\"itemscope\" itemtype=\"https:\/\/schema.org\/CreativeWork\" ><div class='avia_textblock peu-text-sil'  itemprop=\"text\" ><p style=\"text-align: left;\">Via Laietana, 32-34, 4th floor. Barcelona 08003. +34 616663567<\/p>\n<\/div><\/section><\/div>\n<style type=\"text\/css\" data-created_by=\"avia_inline_auto\" id=\"style-css-av-1zqgkp5-6cf3772e9fda87f78010244a8c702668\">\n.flex_column.av-1zqgkp5-6cf3772e9fda87f78010244a8c702668{\nborder-radius:0px 0px 0px 0px;\npadding:0px 0px 0px 0px;\n}\n<\/style>\n<div  class='flex_column av-1zqgkp5-6cf3772e9fda87f78010244a8c702668 av_one_fifth flex_column_div av-zero-column-padding  '     ><section  class='av_textblock_section av-1u3k1qh-f9c1356f0b2f83a9f40c103ccff29dcc '   itemscope=\"itemscope\" itemtype=\"https:\/\/schema.org\/CreativeWork\" ><div class='avia_textblock'  itemprop=\"text\" ><h6><a style=\"font-size: 0;\" href=\"https:\/\/www.facebook.com\/clusteraudiovisualcatalunya\" target=\"_blank\" rel=\"noopener\">facebook<img loading=\"lazy\" decoding=\"async\" class=\"size-full wp-image-265 alignnone\" src=\"https:\/\/www.clusteraudiovisual.cat\/wp-content\/uploads\/2024\/12\/icon-facebook.png\" alt=\"facebook\" width=\"25\" height=\"25\" \/><\/a> <a style=\"font-size: 0;\" href=\"https:\/\/twitter.com\/ClusterAVCat\" target=\"_blank\" rel=\"noopener\">x<img loading=\"lazy\" decoding=\"async\" class=\"size-full wp-image-267 alignnone\" src=\"https:\/\/www.clusteraudiovisual.cat\/wp-content\/uploads\/2024\/12\/icon-twitter.png\" alt=\"x\/twitter\" width=\"25\" height=\"25\" \/> \u00a0<\/a> <a style=\"font-size: 0;\" href=\"https:\/\/www.instagram.com\/clusteravcat\/\" target=\"_blank\" rel=\"noopener\">instagram<img loading=\"lazy\" decoding=\"async\" class=\"size-full wp-image-266 alignnone\" src=\"https:\/\/www.clusteraudiovisual.cat\/wp-content\/uploads\/2024\/12\/icon-instagram.png\" alt=\"instagram\" width=\"25\" height=\"25\" \/><\/a> <a style=\"font-size: 0;\" href=\"https:\/\/www.youtube.com\/channel\/UCjZkfy-Dhqb4XZmaX-XWhRA\" target=\"_blank\" rel=\"noopener\">youtube<img loading=\"lazy\" decoding=\"async\" class=\"size-full wp-image-266 alignnone\" src=\"https:\/\/www.clusteraudiovisual.cat\/wp-content\/uploads\/2024\/12\/icon-youtube.png\" alt=\"youtube\" width=\"25\" height=\"25\" \/><\/a>\u00a0<a style=\"font-size: 0;\" href=\"https:\/\/www.linkedin.com\/company\/cl%C3%BAster-audiovisual-de-catalunya\/\" target=\"_blank\" rel=\"noopener\">linkedIn<img loading=\"lazy\" decoding=\"async\" class=\"size-full wp-image-266 alignnone\" src=\"https:\/\/www.clusteraudiovisual.cat\/wp-content\/uploads\/2024\/12\/icon-linkedin.png\" alt=\"linkedIn\" width=\"25\" height=\"25\" \/><\/a><\/h6>\n<\/div><\/section><\/div>\n<style type=\"text\/css\" data-created_by=\"avia_inline_auto\" id=\"style-css-av-141wh49-54a1c6078a7fa8d4a86a41f9f21f39e2\">\n.flex_column.av-141wh49-54a1c6078a7fa8d4a86a41f9f21f39e2{\nborder-radius:0px 0px 0px 0px;\npadding:0px 0px 0px 0px;\n}\n<\/style>\n<div  class='flex_column av-141wh49-54a1c6078a7fa8d4a86a41f9f21f39e2 av_one_fifth flex_column_div av-zero-column-padding  '     ><section  class='av_textblock_section av-p5y2cp-db6ee40df8bce250b8481a105012d66b '   itemscope=\"itemscope\" itemtype=\"https:\/\/schema.org\/CreativeWork\" ><div class='avia_textblock peu-text-sil'  itemprop=\"text\" ><p style=\"text-align: right;\"><a href=\"http:\/\/clusteraudiovisual.cat\/bases-legals\/\" target=\"_blank\" rel=\"noopener\">Legal basis<\/a><\/p>\n<h6><\/h6>\n<\/div><\/section><\/div>\n\n<\/div><\/div><\/div><!-- close content main div --><\/div><\/div>\n<style type=\"text\/css\" data-created_by=\"avia_inline_auto\" id=\"style-css-av-2na5jt5-566c3629cdbcd8a66b3fde628c9de737\">\n.avia-section.av-2na5jt5-566c3629cdbcd8a66b3fde628c9de737{\nbackground-color:#f6f6f6;\nbackground-image:unset;\nmargin-top:1px;\nmargin-bottom:1px;\n}\n<\/style>\n<div id='socketsil'  class='avia-section av-2na5jt5-566c3629cdbcd8a66b3fde628c9de737 alternate_color avia-section-small avia-no-border-styling  socketsil avia-bg-style-scroll av-minimum-height av-minimum-height-custom av-height-custom  container_wrap fullsize'   data-av_minimum_height_px='10'><div class='container av-section-cont-open' style='height:10px'><div class='template-page content av-content-full alpha units'><div class='post-entry post-entry-type-page post-entry-41833'><div class='entry-content-wrapper clearfix'>\n\n<style type=\"text\/css\" data-created_by=\"avia_inline_auto\" id=\"style-css-av-7ld03t-5b26bb0d3f301f7b9667965ea9532dd5\">\n.flex_column.av-7ld03t-5b26bb0d3f301f7b9667965ea9532dd5{\nborder-radius:0px 0px 0px 0px;\npadding:0px 0px 0px 0px;\n}\n<\/style>\n<div  class='flex_column av-7ld03t-5b26bb0d3f301f7b9667965ea9532dd5 av_one_half first flex_column_div av-zero-column-padding  '     ><section  class='av_textblock_section av-1s6bc2x-69a84ae865e14ecaa2557d29584f17a1 '   itemscope=\"itemscope\" itemtype=\"https:\/\/schema.org\/CreativeWork\" ><div class='avia_textblock'  itemprop=\"text\" ><p>\u00a9 2020 Cl\u00faster Audiovisual de Catalunya<\/p>\n<\/div><\/section><\/div>\n<style type=\"text\/css\" data-created_by=\"avia_inline_auto\" id=\"style-css-av-1cucd55-21f1264a5b76f7cd9d923000c1becf6b\">\n.flex_column.av-1cucd55-21f1264a5b76f7cd9d923000c1becf6b{\nborder-radius:0px 0px 0px 0px;\npadding:0px 0px 0px 0px;\n}\n<\/style>\n<div  class='flex_column av-1cucd55-21f1264a5b76f7cd9d923000c1becf6b av_one_half flex_column_div av-zero-column-padding  '     ><section  class='av_textblock_section av-v0aidl-f97fcfedb6e286fa35a106c5bf9b88a8 '   itemscope=\"itemscope\" itemtype=\"https:\/\/schema.org\/CreativeWork\" ><div class='avia_textblock'  itemprop=\"text\" ><p style=\"text-align: right;\">Developed by <a href=\"https:\/\/www.lasaladeta.com\/\" target=\"_blank\" rel=\"noopener\">La Saladeta<\/a><\/p>\n<\/div><\/section><\/div>\n\n","protected":false},"excerpt":{"rendered":"","protected":false},"author":10,"featured_media":53092,"parent":1315,"menu_order":0,"comment_status":"closed","ping_status":"closed","template":"","meta":{"_acf_changed":false,"footnotes":""},"class_list":["post-41833","page","type-page","status-publish","has-post-thumbnail","hentry"],"acf":[],"yoast_head":"<!-- This site is optimized with the Yoast SEO plugin v27.0 - https:\/\/yoast.com\/product\/yoast-seo-wordpress\/ -->\n<title>Audiovisual Pitch 2025 - Cl\u00faster Audiovisual<\/title>\n<meta name=\"description\" content=\"The University-Industry Audiovisual Pitch is the main act of the Talent Week. For three days, final degree projects from Catalan...\" \/>\n<meta name=\"robots\" content=\"index, follow, max-snippet:-1, max-image-preview:large, max-video-preview:-1\" \/>\n<link rel=\"canonical\" href=\"https:\/\/www.clusteraudiovisual.cat\/en\/talentaudiovisual\/audiovisual-pitch-2025\/\" \/>\n<meta property=\"og:locale\" content=\"en_US\" \/>\n<meta property=\"og:type\" content=\"article\" \/>\n<meta property=\"og:title\" content=\"Audiovisual Pitch 2025 - Cl\u00faster Audiovisual\" \/>\n<meta property=\"og:description\" content=\"The University-Industry Audiovisual Pitch is the main act of the Talent Week. For three days, final degree projects from Catalan...\" \/>\n<meta property=\"og:url\" content=\"https:\/\/www.clusteraudiovisual.cat\/en\/talentaudiovisual\/audiovisual-pitch-2025\/\" \/>\n<meta property=\"og:site_name\" content=\"Cl\u00faster Audiovisual\" \/>\n<meta property=\"article:modified_time\" content=\"2025-12-23T13:09:31+00:00\" \/>\n<meta property=\"og:image\" content=\"https:\/\/www.clusteraudiovisual.cat\/wp-content\/uploads\/2025\/11\/STalent2025_Banner_Web_Responsive_Eng.jpg\" \/>\n\t<meta property=\"og:image:width\" content=\"600\" \/>\n\t<meta property=\"og:image:height\" content=\"676\" \/>\n\t<meta property=\"og:image:type\" content=\"image\/jpeg\" \/>\n<meta name=\"twitter:card\" content=\"summary_large_image\" \/>\n<meta name=\"twitter:label1\" content=\"Est. reading time\" \/>\n\t<meta name=\"twitter:data1\" content=\"34 minutes\" \/>\n<script type=\"application\/ld+json\" class=\"yoast-schema-graph\">{\"@context\":\"https:\/\/schema.org\",\"@graph\":[{\"@type\":\"WebPage\",\"@id\":\"https:\/\/www.clusteraudiovisual.cat\/en\/talentaudiovisual\/audiovisual-pitch-2025\/\",\"url\":\"https:\/\/www.clusteraudiovisual.cat\/en\/talentaudiovisual\/audiovisual-pitch-2025\/\",\"name\":\"Audiovisual Pitch 2025 - Cl\u00faster Audiovisual\",\"isPartOf\":{\"@id\":\"https:\/\/www.clusteraudiovisual.cat\/en\/#website\"},\"primaryImageOfPage\":{\"@id\":\"https:\/\/www.clusteraudiovisual.cat\/en\/talentaudiovisual\/audiovisual-pitch-2025\/#primaryimage\"},\"image\":{\"@id\":\"https:\/\/www.clusteraudiovisual.cat\/en\/talentaudiovisual\/audiovisual-pitch-2025\/#primaryimage\"},\"thumbnailUrl\":\"https:\/\/www.clusteraudiovisual.cat\/wp-content\/uploads\/2025\/11\/STalent2025_Banner_Web_Responsive_Eng.jpg\",\"datePublished\":\"2024-10-01T13:54:06+00:00\",\"dateModified\":\"2025-12-23T13:09:31+00:00\",\"description\":\"The University-Industry Audiovisual Pitch is the main act of the Talent Week. For three days, final degree projects from Catalan...\",\"breadcrumb\":{\"@id\":\"https:\/\/www.clusteraudiovisual.cat\/en\/talentaudiovisual\/audiovisual-pitch-2025\/#breadcrumb\"},\"inLanguage\":\"en-US\",\"potentialAction\":[{\"@type\":\"ReadAction\",\"target\":[\"https:\/\/www.clusteraudiovisual.cat\/en\/talentaudiovisual\/audiovisual-pitch-2025\/\"]}]},{\"@type\":\"ImageObject\",\"inLanguage\":\"en-US\",\"@id\":\"https:\/\/www.clusteraudiovisual.cat\/en\/talentaudiovisual\/audiovisual-pitch-2025\/#primaryimage\",\"url\":\"https:\/\/www.clusteraudiovisual.cat\/wp-content\/uploads\/2025\/11\/STalent2025_Banner_Web_Responsive_Eng.jpg\",\"contentUrl\":\"https:\/\/www.clusteraudiovisual.cat\/wp-content\/uploads\/2025\/11\/STalent2025_Banner_Web_Responsive_Eng.jpg\",\"width\":600,\"height\":676},{\"@type\":\"BreadcrumbList\",\"@id\":\"https:\/\/www.clusteraudiovisual.cat\/en\/talentaudiovisual\/audiovisual-pitch-2025\/#breadcrumb\",\"itemListElement\":[{\"@type\":\"ListItem\",\"position\":1,\"name\":\"Audiovisual Talent Week 2025\",\"item\":\"https:\/\/www.clusteraudiovisual.cat\/en\/talentaudiovisual\/\"},{\"@type\":\"ListItem\",\"position\":2,\"name\":\"Audiovisual Pitch 2025\"}]},{\"@type\":\"WebSite\",\"@id\":\"https:\/\/www.clusteraudiovisual.cat\/en\/#website\",\"url\":\"https:\/\/www.clusteraudiovisual.cat\/en\/\",\"name\":\"Cl\u00faster Audiovisual\",\"description\":\"Associaci\u00f3 d&#039;empreses que integren el sector audiovisual.\",\"potentialAction\":[{\"@type\":\"SearchAction\",\"target\":{\"@type\":\"EntryPoint\",\"urlTemplate\":\"https:\/\/www.clusteraudiovisual.cat\/en\/?s={search_term_string}\"},\"query-input\":{\"@type\":\"PropertyValueSpecification\",\"valueRequired\":true,\"valueName\":\"search_term_string\"}}],\"inLanguage\":\"en-US\"}]}<\/script>\n<!-- \/ Yoast SEO plugin. -->","yoast_head_json":{"title":"Audiovisual Pitch 2025 - Cl\u00faster Audiovisual","description":"The University-Industry Audiovisual Pitch is the main act of the Talent Week. For three days, final degree projects from Catalan...","robots":{"index":"index","follow":"follow","max-snippet":"max-snippet:-1","max-image-preview":"max-image-preview:large","max-video-preview":"max-video-preview:-1"},"canonical":"https:\/\/www.clusteraudiovisual.cat\/en\/talentaudiovisual\/audiovisual-pitch-2025\/","og_locale":"en_US","og_type":"article","og_title":"Audiovisual Pitch 2025 - Cl\u00faster Audiovisual","og_description":"The University-Industry Audiovisual Pitch is the main act of the Talent Week. For three days, final degree projects from Catalan...","og_url":"https:\/\/www.clusteraudiovisual.cat\/en\/talentaudiovisual\/audiovisual-pitch-2025\/","og_site_name":"Cl\u00faster Audiovisual","article_modified_time":"2025-12-23T13:09:31+00:00","og_image":[{"width":600,"height":676,"url":"https:\/\/www.clusteraudiovisual.cat\/wp-content\/uploads\/2025\/11\/STalent2025_Banner_Web_Responsive_Eng.jpg","type":"image\/jpeg"}],"twitter_card":"summary_large_image","twitter_misc":{"Est. reading time":"34 minutes"},"schema":{"@context":"https:\/\/schema.org","@graph":[{"@type":"WebPage","@id":"https:\/\/www.clusteraudiovisual.cat\/en\/talentaudiovisual\/audiovisual-pitch-2025\/","url":"https:\/\/www.clusteraudiovisual.cat\/en\/talentaudiovisual\/audiovisual-pitch-2025\/","name":"Audiovisual Pitch 2025 - Cl\u00faster Audiovisual","isPartOf":{"@id":"https:\/\/www.clusteraudiovisual.cat\/en\/#website"},"primaryImageOfPage":{"@id":"https:\/\/www.clusteraudiovisual.cat\/en\/talentaudiovisual\/audiovisual-pitch-2025\/#primaryimage"},"image":{"@id":"https:\/\/www.clusteraudiovisual.cat\/en\/talentaudiovisual\/audiovisual-pitch-2025\/#primaryimage"},"thumbnailUrl":"https:\/\/www.clusteraudiovisual.cat\/wp-content\/uploads\/2025\/11\/STalent2025_Banner_Web_Responsive_Eng.jpg","datePublished":"2024-10-01T13:54:06+00:00","dateModified":"2025-12-23T13:09:31+00:00","description":"The University-Industry Audiovisual Pitch is the main act of the Talent Week. For three days, final degree projects from Catalan...","breadcrumb":{"@id":"https:\/\/www.clusteraudiovisual.cat\/en\/talentaudiovisual\/audiovisual-pitch-2025\/#breadcrumb"},"inLanguage":"en-US","potentialAction":[{"@type":"ReadAction","target":["https:\/\/www.clusteraudiovisual.cat\/en\/talentaudiovisual\/audiovisual-pitch-2025\/"]}]},{"@type":"ImageObject","inLanguage":"en-US","@id":"https:\/\/www.clusteraudiovisual.cat\/en\/talentaudiovisual\/audiovisual-pitch-2025\/#primaryimage","url":"https:\/\/www.clusteraudiovisual.cat\/wp-content\/uploads\/2025\/11\/STalent2025_Banner_Web_Responsive_Eng.jpg","contentUrl":"https:\/\/www.clusteraudiovisual.cat\/wp-content\/uploads\/2025\/11\/STalent2025_Banner_Web_Responsive_Eng.jpg","width":600,"height":676},{"@type":"BreadcrumbList","@id":"https:\/\/www.clusteraudiovisual.cat\/en\/talentaudiovisual\/audiovisual-pitch-2025\/#breadcrumb","itemListElement":[{"@type":"ListItem","position":1,"name":"Audiovisual Talent Week 2025","item":"https:\/\/www.clusteraudiovisual.cat\/en\/talentaudiovisual\/"},{"@type":"ListItem","position":2,"name":"Audiovisual Pitch 2025"}]},{"@type":"WebSite","@id":"https:\/\/www.clusteraudiovisual.cat\/en\/#website","url":"https:\/\/www.clusteraudiovisual.cat\/en\/","name":"Cl\u00faster Audiovisual","description":"Associaci\u00f3 d&#039;empreses que integren el sector audiovisual.","potentialAction":[{"@type":"SearchAction","target":{"@type":"EntryPoint","urlTemplate":"https:\/\/www.clusteraudiovisual.cat\/en\/?s={search_term_string}"},"query-input":{"@type":"PropertyValueSpecification","valueRequired":true,"valueName":"search_term_string"}}],"inLanguage":"en-US"}]}},"_links":{"self":[{"href":"https:\/\/www.clusteraudiovisual.cat\/en\/wp-json\/wp\/v2\/pages\/41833","targetHints":{"allow":["GET"]}}],"collection":[{"href":"https:\/\/www.clusteraudiovisual.cat\/en\/wp-json\/wp\/v2\/pages"}],"about":[{"href":"https:\/\/www.clusteraudiovisual.cat\/en\/wp-json\/wp\/v2\/types\/page"}],"author":[{"embeddable":true,"href":"https:\/\/www.clusteraudiovisual.cat\/en\/wp-json\/wp\/v2\/users\/10"}],"replies":[{"embeddable":true,"href":"https:\/\/www.clusteraudiovisual.cat\/en\/wp-json\/wp\/v2\/comments?post=41833"}],"version-history":[{"count":30,"href":"https:\/\/www.clusteraudiovisual.cat\/en\/wp-json\/wp\/v2\/pages\/41833\/revisions"}],"predecessor-version":[{"id":54344,"href":"https:\/\/www.clusteraudiovisual.cat\/en\/wp-json\/wp\/v2\/pages\/41833\/revisions\/54344"}],"up":[{"embeddable":true,"href":"https:\/\/www.clusteraudiovisual.cat\/en\/wp-json\/wp\/v2\/pages\/1315"}],"wp:featuredmedia":[{"embeddable":true,"href":"https:\/\/www.clusteraudiovisual.cat\/en\/wp-json\/wp\/v2\/media\/53092"}],"wp:attachment":[{"href":"https:\/\/www.clusteraudiovisual.cat\/en\/wp-json\/wp\/v2\/media?parent=41833"}],"curies":[{"name":"wp","href":"https:\/\/api.w.org\/{rel}","templated":true}]}}