{"id":41804,"date":"2024-10-01T15:35:06","date_gmt":"2024-10-01T13:35:06","guid":{"rendered":"https:\/\/www.clusteraudiovisual.cat\/?page_id=41804"},"modified":"2026-03-11T11:16:53","modified_gmt":"2026-03-11T10:16:53","slug":"live-arts-screen-2025","status":"publish","type":"page","link":"https:\/\/www.clusteraudiovisual.cat\/en\/talentaudiovisual\/live-arts-screen-2025\/","title":{"rendered":"Live Arts Screen 2025"},"content":{"rendered":"<div id='full_slider_1'  class='avia-fullwidth-slider main_color avia-shadow av-small-hide av-mini-hide  avia-builder-el-0  el_before_av_slideshow_full  avia-builder-el-first   container_wrap fullsize'  ><div  class='avia-slideshow av-bsr75d8-be04a03402413a1fc03a1d2012de4a44 avia-slideshow-featured_large av_slideshow_full avia-slide-slider av-small-hide av-mini-hide av-slideshow-ui av-control-hidden av-no-slider-navigation av-hide-nav-arrows av-slideshow-manual av-loop-once av-loop-manual-endless av-default-height-applied   avia-slideshow-1' data-slideshow-options=\"{&quot;animation&quot;:&quot;slide&quot;,&quot;autoplay&quot;:false,&quot;loop_autoplay&quot;:&quot;once&quot;,&quot;interval&quot;:5,&quot;loop_manual&quot;:&quot;manual-endless&quot;,&quot;autoplay_stopper&quot;:false,&quot;noNavigation&quot;:true,&quot;bg_slider&quot;:false,&quot;keep_padding&quot;:false,&quot;hoverpause&quot;:false,&quot;show_slide_delay&quot;:0}\"  itemprop=\"image\" itemscope=\"itemscope\" itemtype=\"https:\/\/schema.org\/ImageObject\" ><ul class='avia-slideshow-inner ' style='padding-bottom: 26.666666666667%;'><li  class='avia-slideshow-slide av-bsr75d8-be04a03402413a1fc03a1d2012de4a44__0  av-single-slide slide-1 slide-odd'><div data-rel='slideshow-1' class='avia-slide-wrap '   ><img decoding=\"async\" fetchpriority=\"high\" class=\"wp-image-53083 avia-img-lazy-loading-not-53083\"  src=\"https:\/\/www.clusteraudiovisual.cat\/wp-content\/uploads\/2025\/11\/STalent2025_Banner_Web_Eng.jpg\" width=\"1500\" height=\"400\" title='STalent2025_Banner_Web_Eng' alt=''  itemprop=\"thumbnailUrl\" srcset=\"https:\/\/www.clusteraudiovisual.cat\/wp-content\/uploads\/2025\/11\/STalent2025_Banner_Web_Eng.jpg 1500w, https:\/\/www.clusteraudiovisual.cat\/wp-content\/uploads\/2025\/11\/STalent2025_Banner_Web_Eng-300x80.jpg 300w, https:\/\/www.clusteraudiovisual.cat\/wp-content\/uploads\/2025\/11\/STalent2025_Banner_Web_Eng-1030x275.jpg 1030w, https:\/\/www.clusteraudiovisual.cat\/wp-content\/uploads\/2025\/11\/STalent2025_Banner_Web_Eng-768x205.jpg 768w, https:\/\/www.clusteraudiovisual.cat\/wp-content\/uploads\/2025\/11\/STalent2025_Banner_Web_Eng-705x188.jpg 705w\" sizes=\"(max-width: 1500px) 100vw, 1500px\" \/><\/div><\/li><\/ul><\/div><\/div>\n<div id='full_slider_2'  class='avia-fullwidth-slider main_color avia-shadow av-desktop-hide av-medium-hide  avia-builder-el-1  el_after_av_slideshow_full  el_before_av_submenu   slider-not-first container_wrap fullsize'  ><div  class='avia-slideshow av-asz1ox8-aafcc6898806f9c531b7fab7374af07d avia-slideshow-featured_large av_slideshow_full avia-slide-slider av-desktop-hide av-medium-hide av-slideshow-ui av-control-hidden av-no-slider-navigation av-hide-nav-arrows av-slideshow-manual av-loop-once av-loop-manual-endless av-default-height-applied   avia-slideshow-2' data-slideshow-options=\"{&quot;animation&quot;:&quot;slide&quot;,&quot;autoplay&quot;:false,&quot;loop_autoplay&quot;:&quot;once&quot;,&quot;interval&quot;:5,&quot;loop_manual&quot;:&quot;manual-endless&quot;,&quot;autoplay_stopper&quot;:false,&quot;noNavigation&quot;:true,&quot;bg_slider&quot;:false,&quot;keep_padding&quot;:false,&quot;hoverpause&quot;:false,&quot;show_slide_delay&quot;:0}\"  itemprop=\"image\" itemscope=\"itemscope\" itemtype=\"https:\/\/schema.org\/ImageObject\" ><ul class='avia-slideshow-inner ' style='padding-bottom: 105%;'><li  class='avia-slideshow-slide av-asz1ox8-aafcc6898806f9c531b7fab7374af07d__0  av-single-slide slide-1 slide-odd'><div data-rel='slideshow-2' class='avia-slide-wrap '   ><img decoding=\"async\" fetchpriority=\"high\" class=\"wp-image-53092 avia-img-lazy-loading-not-53092\"  src=\"https:\/\/www.clusteraudiovisual.cat\/wp-content\/uploads\/2025\/11\/STalent2025_Banner_Web_Responsive_Eng-600x630.jpg\" width=\"600\" height=\"630\" title='STalent2025_Banner_Web_Responsive_Eng' alt=''  itemprop=\"thumbnailUrl\"   \/><\/div><\/li><\/ul><\/div><\/div>\n<div class='clear'><\/div><div id='sub_menu1'  class='av-submenu-container av-gsws8bg-e9c7308b7cc80cdf2cbff40550f4cfb4 alternate_color av-switch-768  avia-builder-el-2  el_after_av_slideshow_full  el_before_av_masonry_gallery  av-sticky-submenu submenu-not-first container_wrap fullsize' style='z-index:301' ><div class='container av-menu-mobile-active av-submenu-pos-center'><a href=\"#\" class=\"mobile_menu_toggle\"><span class='avia-svg-icon avia-font-svg_entypo-fontello' data-av_svg_icon='list' data-av_iconset='svg_entypo-fontello'><svg version=\"1.1\" xmlns=\"http:\/\/www.w3.org\/2000\/svg\" width=\"22\" height=\"32\" viewBox=\"0 0 22 32\" preserveAspectRatio=\"xMidYMid meet\" aria-labelledby='av-svg-title-1' aria-describedby='av-svg-desc-1' role=\"graphics-symbol\" aria-hidden=\"true\">\n<title id='av-svg-title-1'>List<\/title>\n<desc id='av-svg-desc-1'>List<\/desc>\n<path d=\"M3.2 20.8q0.64 0 1.12 0.48t0.48 1.12-0.48 1.12-1.12 0.48h-1.6q-0.64 0-1.12-0.48t-0.48-1.12 0.448-1.12 1.152-0.48h1.6zM3.2 14.4q0.64 0 1.12 0.48t0.48 1.12-0.48 1.12-1.12 0.48h-1.6q-0.64 0-1.12-0.48t-0.48-1.12 0.448-1.12 1.152-0.48h1.6zM3.2 8q0.64 0 1.12 0.48t0.48 1.12-0.48 1.12-1.12 0.48h-1.6q-0.64 0-1.12-0.48t-0.48-1.12 0.448-1.12 1.152-0.48h1.6zM9.6 11.2q-0.64 0-1.12-0.48t-0.48-1.12 0.48-1.12 1.12-0.48h11.2q0.704 0 1.152 0.48t0.448 1.12-0.48 1.12-1.12 0.48h-11.2zM20.8 14.4q0.704 0 1.152 0.48t0.448 1.12-0.48 1.12-1.12 0.48h-11.2q-0.64 0-1.12-0.48t-0.48-1.12 0.48-1.12 1.12-0.48h11.2zM20.8 20.8q0.704 0 1.152 0.48t0.448 1.12-0.48 1.12-1.12 0.48h-11.2q-0.64 0-1.12-0.48t-0.48-1.12 0.48-1.12 1.12-0.48h11.2z\"><\/path>\n<\/svg><\/span><span class=\"av-current-placeholder\">Menu<\/span><\/a><ul id=\"menu-stalent-2025-eng\" class=\"av-subnav-menu\" role=\"menu\"><li role=\"menuitem\" id=\"menu-item-42228\" class=\"menu-item menu-item-type-post_type menu-item-object-page menu-item-top-level menu-item-top-level-1\"><a href=\"https:\/\/www.clusteraudiovisual.cat\/en\/talentaudiovisual\/\" itemprop=\"url\" tabindex=\"0\"><span class=\"avia-bullet\"><\/span><span class=\"avia-menu-text\">HOME<\/span><span class=\"avia-menu-fx\"><span class=\"avia-arrow-wrap\"><span class=\"avia-arrow\"><\/span><\/span><\/span><\/a><\/li>\n<li role=\"menuitem\" id=\"menu-item-42224\" class=\"menu-item menu-item-type-post_type menu-item-object-page menu-item-has-children menu-item-top-level menu-item-top-level-2\"><a href=\"https:\/\/www.clusteraudiovisual.cat\/en\/talentaudiovisual\/program-2025\/\" itemprop=\"url\" tabindex=\"0\"><span class=\"avia-bullet\"><\/span><span class=\"avia-menu-text\">PROGRAM<\/span><span class=\"avia-menu-fx\"><span class=\"avia-arrow-wrap\"><span class=\"avia-arrow\"><\/span><\/span><\/span><\/a>\n\n\n<ul class=\"sub-menu\">\n\t<li role=\"menuitem\" id=\"menu-item-42223\" class=\"menu-item menu-item-type-post_type menu-item-object-page\"><a href=\"https:\/\/www.clusteraudiovisual.cat\/en\/talentaudiovisual\/conferences-2025\/\" itemprop=\"url\" tabindex=\"0\"><span class=\"avia-bullet\"><\/span><span class=\"avia-menu-text\">CONFERENCES &#038; SESSIONS<\/span><\/a><\/li>\n\t<li role=\"menuitem\" id=\"menu-item-42222\" class=\"menu-item menu-item-type-post_type menu-item-object-page\"><a href=\"https:\/\/www.clusteraudiovisual.cat\/en\/talentaudiovisual\/live-arts-screen-2025\/\" itemprop=\"url\" tabindex=\"0\"><span class=\"avia-bullet\"><\/span><span class=\"avia-menu-text\">LIVE ARTS SCREEN<\/span><\/a><\/li>\n\t<li role=\"menuitem\" id=\"menu-item-42233\" class=\"menu-item menu-item-type-post_type menu-item-object-page\"><a href=\"https:\/\/www.clusteraudiovisual.cat\/en\/talentaudiovisual\/market-for-new-professionals-2025\/\" itemprop=\"url\" tabindex=\"0\"><span class=\"avia-bullet\"><\/span><span class=\"avia-menu-text\">MARKET FOR NEW PROFESSIONALS<\/span><\/a><\/li>\n\t<li role=\"menuitem\" id=\"menu-item-42232\" class=\"menu-item menu-item-type-post_type menu-item-object-page\"><a href=\"https:\/\/www.clusteraudiovisual.cat\/en\/talentaudiovisual\/international-distribution-meetings-2025\/\" itemprop=\"url\" tabindex=\"0\"><span class=\"avia-bullet\"><\/span><span class=\"avia-menu-text\">INTERNATIONAL DISTRIBUTION MEETINGS<\/span><\/a><\/li>\n\t<li role=\"menuitem\" id=\"menu-item-42229\" class=\"menu-item menu-item-type-post_type menu-item-object-page\"><a href=\"https:\/\/www.clusteraudiovisual.cat\/en\/talentaudiovisual\/audiovisual-pitch-2025\/\" itemprop=\"url\" tabindex=\"0\"><span class=\"avia-bullet\"><\/span><span class=\"avia-menu-text\">AUDIOVISUAL PITCH<\/span><\/a><\/li>\n\t<li role=\"menuitem\" id=\"menu-item-42234\" class=\"menu-item menu-item-type-post_type menu-item-object-page\"><a href=\"https:\/\/www.clusteraudiovisual.cat\/en\/talentaudiovisual\/international-distribution-pitch-2025\/\" itemprop=\"url\" tabindex=\"0\"><span class=\"avia-bullet\"><\/span><span class=\"avia-menu-text\">INTERNATIONAL DISTRIBUTION PITCH<\/span><\/a><\/li>\n<\/ul>\n<\/li>\n<li role=\"menuitem\" id=\"menu-item-42235\" class=\"menu-item menu-item-type-custom menu-item-object-custom menu-item-has-children menu-item-top-level menu-item-top-level-3\"><a href=\"#\" itemprop=\"url\" tabindex=\"0\"><span class=\"avia-bullet\"><\/span><span class=\"avia-menu-text\">PARTICIPANTS<\/span><span class=\"avia-menu-fx\"><span class=\"avia-arrow-wrap\"><span class=\"avia-arrow\"><\/span><\/span><\/span><\/a>\n\n\n<ul class=\"sub-menu\">\n\t<li role=\"menuitem\" id=\"menu-item-42227\" class=\"menu-item menu-item-type-post_type menu-item-object-page\"><a href=\"https:\/\/www.clusteraudiovisual.cat\/en\/talentaudiovisual\/participants-universitats\/\" itemprop=\"url\" tabindex=\"0\"><span class=\"avia-bullet\"><\/span><span class=\"avia-menu-text\">UNIVERSITY CENTERS<\/span><\/a><\/li>\n\t<li role=\"menuitem\" id=\"menu-item-42230\" class=\"menu-item menu-item-type-post_type menu-item-object-page\"><a href=\"https:\/\/www.clusteraudiovisual.cat\/en\/talentaudiovisual\/participants-empreses\/\" itemprop=\"url\" tabindex=\"0\"><span class=\"avia-bullet\"><\/span><span class=\"avia-menu-text\">COMPANIES<\/span><\/a><\/li>\n\t<li role=\"menuitem\" id=\"menu-item-42237\" class=\"menu-item menu-item-type-post_type menu-item-object-page\"><a href=\"https:\/\/www.clusteraudiovisual.cat\/en\/talentaudiovisual\/audiovisual-pitch-2025\/\" itemprop=\"url\" tabindex=\"0\"><span class=\"avia-bullet\"><\/span><span class=\"avia-menu-text\">AUDIOVISUAL PITCH<\/span><\/a><\/li>\n<\/ul>\n<\/li>\n<li role=\"menuitem\" id=\"menu-item-42236\" class=\"menu-item menu-item-type-custom menu-item-object-custom menu-item-has-children menu-item-top-level menu-item-top-level-4\"><a href=\"#\" itemprop=\"url\" tabindex=\"0\"><span class=\"avia-bullet\"><\/span><span class=\"avia-menu-text\">ARCHIVE<\/span><span class=\"avia-menu-fx\"><span class=\"avia-arrow-wrap\"><span class=\"avia-arrow\"><\/span><\/span><\/span><\/a>\n\n\n<ul class=\"sub-menu\">\n\t<li role=\"menuitem\" id=\"menu-item-42226\" class=\"menu-item menu-item-type-post_type menu-item-object-page\"><a href=\"https:\/\/www.clusteraudiovisual.cat\/en\/historic-projectes\/\" itemprop=\"url\" tabindex=\"0\"><span class=\"avia-bullet\"><\/span><span class=\"avia-menu-text\">PITCH PROJECT HISTORY<\/span><\/a><\/li>\n\t<li role=\"menuitem\" id=\"menu-item-42225\" class=\"menu-item menu-item-type-post_type menu-item-object-page\"><a href=\"https:\/\/www.clusteraudiovisual.cat\/en\/talentaudiovisual\/previous-editions\/\" itemprop=\"url\" tabindex=\"0\"><span class=\"avia-bullet\"><\/span><span class=\"avia-menu-text\">PREVIOUS EDITIONS<\/span><\/a><\/li>\n<\/ul>\n<\/li>\n<li role=\"menuitem\" id=\"menu-item-53926\" class=\"menu-item menu-item-type-custom menu-item-object-custom menu-item-has-children menu-item-top-level menu-item-top-level-5\"><a href=\"#\" itemprop=\"url\" tabindex=\"0\"><span class=\"avia-bullet\"><\/span><span class=\"avia-menu-text\">INFO<\/span><span class=\"avia-menu-fx\"><span class=\"avia-arrow-wrap\"><span class=\"avia-arrow\"><\/span><\/span><\/span><\/a>\n\n\n<ul class=\"sub-menu\">\n\t<li role=\"menuitem\" id=\"menu-item-53925\" class=\"menu-item menu-item-type-post_type menu-item-object-page\"><a href=\"https:\/\/www.clusteraudiovisual.cat\/en\/talentaudiovisual\/getting-here\/\" itemprop=\"url\" tabindex=\"0\"><span class=\"avia-bullet\"><\/span><span class=\"avia-menu-text\">GETTING HERE<\/span><\/a><\/li>\n\t<li role=\"menuitem\" id=\"menu-item-42231\" class=\"menu-item menu-item-type-post_type menu-item-object-page\"><a href=\"https:\/\/www.clusteraudiovisual.cat\/en\/talentaudiovisual\/contacta\/\" itemprop=\"url\" tabindex=\"0\"><span class=\"avia-bullet\"><\/span><span class=\"avia-menu-text\">CONTACT US<\/span><\/a><\/li>\n<\/ul>\n<\/li>\n<li role=\"menuitem\" id=\"menu-item-wpml-ls-724-en\" class=\"menu-item-language menu-item-language-current menu-item wpml-ls-slot-724 wpml-ls-item wpml-ls-item-en wpml-ls-current-language wpml-ls-menu-item wpml-ls-last-item menu-item-type-wpml_ls_menu_item menu-item-object-wpml_ls_menu_item menu-item-has-children menu-item-top-level menu-item-top-level-6\"><a href=\"https:\/\/www.clusteraudiovisual.cat\/en\/\" itemprop=\"url\" tabindex=\"0\"><span class=\"avia-bullet\"><\/span><span class=\"avia-menu-text\"><img decoding=\"async\"\n            class=\"wpml-ls-flag\"\n            src=\"https:\/\/www.clusteraudiovisual.cat\/wp-content\/plugins\/sitepress-multilingual-cms\/res\/flags\/en.png\"\n            alt=\"English\"\n            loading=\"lazy\"\n            \n            \n    \/><\/span><span class=\"avia-menu-fx\"><span class=\"avia-arrow-wrap\"><span class=\"avia-arrow\"><\/span><\/span><\/span><\/a>\n\n\n<ul class=\"sub-menu\">\n\t<li role=\"menuitem\" id=\"menu-item-wpml-ls-724-ca\" class=\"menu-item-language menu-item wpml-ls-slot-724 wpml-ls-item wpml-ls-item-ca wpml-ls-menu-item wpml-ls-first-item menu-item-type-wpml_ls_menu_item menu-item-object-wpml_ls_menu_item\"><a title=\"Switch to Catalan\" href=\"https:\/\/www.clusteraudiovisual.cat\/\" itemprop=\"url\" tabindex=\"0\"><span class=\"avia-bullet\"><\/span><span class=\"avia-menu-text\"><img decoding=\"async\"\n            class=\"wpml-ls-flag\"\n            src=\"https:\/\/www.clusteraudiovisual.cat\/wp-content\/plugins\/sitepress-multilingual-cms\/res\/flags\/ca.png\"\n            alt=\"Catalan\"\n            loading=\"lazy\"\n            \n            \n    \/><\/span><\/a><\/li>\n\t<li role=\"menuitem\" id=\"menu-item-wpml-ls-724-es\" class=\"menu-item-language menu-item wpml-ls-slot-724 wpml-ls-item wpml-ls-item-es wpml-ls-menu-item menu-item-type-wpml_ls_menu_item menu-item-object-wpml_ls_menu_item\"><a title=\"Switch to Spanish\" href=\"https:\/\/www.clusteraudiovisual.cat\/es\/\" itemprop=\"url\" tabindex=\"0\"><span class=\"avia-bullet\"><\/span><span class=\"avia-menu-text\"><img decoding=\"async\"\n            class=\"wpml-ls-flag\"\n            src=\"https:\/\/www.clusteraudiovisual.cat\/wp-content\/plugins\/sitepress-multilingual-cms\/res\/flags\/es.png\"\n            alt=\"Spanish\"\n            loading=\"lazy\"\n            \n            \n    \/><\/span><\/a><\/li>\n<\/ul>\n<\/li>\n<\/ul><\/div><\/div><div class='sticky_placeholder'><\/div>\n\n<style type=\"text\/css\" data-created_by=\"avia_inline_auto\" id=\"style-css-av-jytiwc-510bfd06e08c37dc07027420e82c50ad\">\n#top .av-masonry.av-jytiwc-510bfd06e08c37dc07027420e82c50ad{\nbackground-color:#ffffff;\n}\n<\/style>\n<div id='av-masonry-1' class='av-masonry av-jytiwc-510bfd06e08c37dc07027420e82c50ad noHover av-flex-size av-large-gap av-hover-overlay-active av-masonry-animation-active av-masonry-col-6 av-caption-always av-caption-style-overlay av-masonry-gallery av-small-hide av-mini-hide ' data-post_id=\"41804\"><div class=\"av-masonry-container isotope av-js-disabled\"><div class='av-masonry-entry isotope-item av-masonry-item-no-image '><\/div><a href=\"https:\/\/www.clusteraudiovisual.cat\/en\/talentaudiovisual\/conferences-2025\/\"  aria-label=\"image Conferences &#038; Sessions\"  id='av-masonry-1-item-52609' data-av-masonry-item='52609' class='av-masonry-entry isotope-item post-52609 attachment type-attachment status-inherit hentry  av-masonry-item-with-image' title=\"Conferences &#038; Sessions\" alt=\"Confer\u00e8ncies i sessions\"  data-av-masonry-custom-link=\"https:\/\/www.clusteraudiovisual.cat\/en\/talentaudiovisual\/conferences-2025\/\"  itemprop=\"thumbnailUrl\" ><div class='av-inner-masonry-sizer'><\/div><figure class='av-inner-masonry main_color'><div class=\"av-masonry-outerimage-container\"><div class='av-masonry-image-container'  ><img decoding=\"async\" width=\"500\" height=\"500\" loading=\"lazy\" class=\"wp-image-52609 avia-img-lazy-loading-52609\"  src=\"https:\/\/www.clusteraudiovisual.cat\/wp-content\/uploads\/2025\/10\/STalent_MenuMoscaic_ConferenciesISessions.jpg\" title=\"Conferences &#038; Sessions\" alt=\"Confer\u00e8ncies i sessions\" srcset=\"https:\/\/www.clusteraudiovisual.cat\/wp-content\/uploads\/2025\/10\/STalent_MenuMoscaic_ConferenciesISessions.jpg 500w, https:\/\/www.clusteraudiovisual.cat\/wp-content\/uploads\/2025\/10\/STalent_MenuMoscaic_ConferenciesISessions-300x300.jpg 300w, https:\/\/www.clusteraudiovisual.cat\/wp-content\/uploads\/2025\/10\/STalent_MenuMoscaic_ConferenciesISessions-80x80.jpg 80w, https:\/\/www.clusteraudiovisual.cat\/wp-content\/uploads\/2025\/10\/STalent_MenuMoscaic_ConferenciesISessions-36x36.jpg 36w, https:\/\/www.clusteraudiovisual.cat\/wp-content\/uploads\/2025\/10\/STalent_MenuMoscaic_ConferenciesISessions-180x180.jpg 180w\" sizes=\"auto, (max-width: 500px) 100vw, 500px\" \/><\/div><\/div><figcaption class='av-inner-masonry-content site-background'><div class='av-inner-masonry-content-pos'><div class='av-inner-masonry-content-pos-content'><div class='avia-arrow'><\/div><h3 class='av-masonry-entry-title entry-title '  itemprop=\"headline\" >Conferences &#038; Sessions<\/h3><\/div><\/div><\/figcaption><\/figure><\/a><!--end av-masonry entry--><a href=\"https:\/\/www.clusteraudiovisual.cat\/en\/talentaudiovisual\/live-arts-screen-2025\/\"  aria-label=\"image Live Arts Screen\"  id='av-masonry-1-item-52876' data-av-masonry-item='52876' class='av-masonry-entry isotope-item post-52876 attachment type-attachment status-inherit hentry  av-masonry-item-with-image' title=\"Live Arts Screen\" alt=\"Pantalla en viu\"  data-av-masonry-custom-link=\"https:\/\/www.clusteraudiovisual.cat\/en\/talentaudiovisual\/live-arts-screen-2025\/\"  itemprop=\"thumbnailUrl\" ><div class='av-inner-masonry-sizer'><\/div><figure class='av-inner-masonry main_color'><div class=\"av-masonry-outerimage-container\"><div class='av-masonry-image-container'  ><img decoding=\"async\" width=\"500\" height=\"500\" loading=\"lazy\" class=\"wp-image-52876 avia-img-lazy-loading-52876\"  src=\"https:\/\/www.clusteraudiovisual.cat\/wp-content\/uploads\/2025\/10\/STalent_MenuMoscaic_PantallaEnViu.jpg\" title=\"Live Arts Screen\" alt=\"Pantalla en viu\" srcset=\"https:\/\/www.clusteraudiovisual.cat\/wp-content\/uploads\/2025\/10\/STalent_MenuMoscaic_PantallaEnViu.jpg 500w, https:\/\/www.clusteraudiovisual.cat\/wp-content\/uploads\/2025\/10\/STalent_MenuMoscaic_PantallaEnViu-300x300.jpg 300w, https:\/\/www.clusteraudiovisual.cat\/wp-content\/uploads\/2025\/10\/STalent_MenuMoscaic_PantallaEnViu-80x80.jpg 80w, https:\/\/www.clusteraudiovisual.cat\/wp-content\/uploads\/2025\/10\/STalent_MenuMoscaic_PantallaEnViu-36x36.jpg 36w, https:\/\/www.clusteraudiovisual.cat\/wp-content\/uploads\/2025\/10\/STalent_MenuMoscaic_PantallaEnViu-180x180.jpg 180w\" sizes=\"auto, (max-width: 500px) 100vw, 500px\" \/><\/div><\/div><figcaption class='av-inner-masonry-content site-background'><div class='av-inner-masonry-content-pos'><div class='av-inner-masonry-content-pos-content'><div class='avia-arrow'><\/div><h3 class='av-masonry-entry-title entry-title '  itemprop=\"headline\" >Live Arts Screen<\/h3><\/div><\/div><\/figcaption><\/figure><\/a><!--end av-masonry entry--><a href=\"https:\/\/www.clusteraudiovisual.cat\/en\/talentaudiovisual\/market-for-new-professionals-2025\/\"  aria-label=\"image Market for New Professionals\"  id='av-masonry-1-item-52618' data-av-masonry-item='52618' class='av-masonry-entry isotope-item post-52618 attachment type-attachment status-inherit hentry  av-masonry-item-with-image' title=\"Market for New Professionals\" alt=\"Mercat de nous professionals\"  data-av-masonry-custom-link=\"https:\/\/www.clusteraudiovisual.cat\/en\/talentaudiovisual\/market-for-new-professionals-2025\/\"  itemprop=\"thumbnailUrl\" ><div class='av-inner-masonry-sizer'><\/div><figure class='av-inner-masonry main_color'><div class=\"av-masonry-outerimage-container\"><div class='av-masonry-image-container'  ><img decoding=\"async\" width=\"500\" height=\"500\" loading=\"lazy\" class=\"wp-image-52618 avia-img-lazy-loading-52618\"  src=\"https:\/\/www.clusteraudiovisual.cat\/wp-content\/uploads\/2025\/10\/STalent_MenuMoscaic_MercatDeNousProfessionals.jpg\" title=\"Market for New Professionals\" alt=\"Mercat de nous professionals\" srcset=\"https:\/\/www.clusteraudiovisual.cat\/wp-content\/uploads\/2025\/10\/STalent_MenuMoscaic_MercatDeNousProfessionals.jpg 500w, https:\/\/www.clusteraudiovisual.cat\/wp-content\/uploads\/2025\/10\/STalent_MenuMoscaic_MercatDeNousProfessionals-300x300.jpg 300w, https:\/\/www.clusteraudiovisual.cat\/wp-content\/uploads\/2025\/10\/STalent_MenuMoscaic_MercatDeNousProfessionals-80x80.jpg 80w, https:\/\/www.clusteraudiovisual.cat\/wp-content\/uploads\/2025\/10\/STalent_MenuMoscaic_MercatDeNousProfessionals-36x36.jpg 36w, https:\/\/www.clusteraudiovisual.cat\/wp-content\/uploads\/2025\/10\/STalent_MenuMoscaic_MercatDeNousProfessionals-180x180.jpg 180w\" sizes=\"auto, (max-width: 500px) 100vw, 500px\" \/><\/div><\/div><figcaption class='av-inner-masonry-content site-background'><div class='av-inner-masonry-content-pos'><div class='av-inner-masonry-content-pos-content'><div class='avia-arrow'><\/div><h3 class='av-masonry-entry-title entry-title '  itemprop=\"headline\" >Market for New Professionals<\/h3><\/div><\/div><\/figcaption><\/figure><\/a><!--end av-masonry entry--><a href=\"https:\/\/www.clusteraudiovisual.cat\/en\/talentaudiovisual\/international-distribution-meetings-2025\/\"  aria-label=\"image International Distribution Meetings\"  id='av-masonry-1-item-52612' data-av-masonry-item='52612' class='av-masonry-entry isotope-item post-52612 attachment type-attachment status-inherit hentry  av-masonry-item-with-image' title=\"International Distribution Meetings\" alt=\"International Distribution Meetings\"  data-av-masonry-custom-link=\"https:\/\/www.clusteraudiovisual.cat\/en\/talentaudiovisual\/international-distribution-meetings-2025\/\"  itemprop=\"thumbnailUrl\" ><div class='av-inner-masonry-sizer'><\/div><figure class='av-inner-masonry main_color'><div class=\"av-masonry-outerimage-container\"><div class='av-masonry-image-container'  ><img decoding=\"async\" width=\"500\" height=\"500\" loading=\"lazy\" class=\"wp-image-52612 avia-img-lazy-loading-52612\"  src=\"https:\/\/www.clusteraudiovisual.cat\/wp-content\/uploads\/2025\/10\/STalent_MenuMoscaic_InternationalDistributionMeetings.jpg\" title=\"International Distribution Meetings\" alt=\"International Distribution Meetings\" srcset=\"https:\/\/www.clusteraudiovisual.cat\/wp-content\/uploads\/2025\/10\/STalent_MenuMoscaic_InternationalDistributionMeetings.jpg 500w, https:\/\/www.clusteraudiovisual.cat\/wp-content\/uploads\/2025\/10\/STalent_MenuMoscaic_InternationalDistributionMeetings-300x300.jpg 300w, https:\/\/www.clusteraudiovisual.cat\/wp-content\/uploads\/2025\/10\/STalent_MenuMoscaic_InternationalDistributionMeetings-80x80.jpg 80w, https:\/\/www.clusteraudiovisual.cat\/wp-content\/uploads\/2025\/10\/STalent_MenuMoscaic_InternationalDistributionMeetings-36x36.jpg 36w, https:\/\/www.clusteraudiovisual.cat\/wp-content\/uploads\/2025\/10\/STalent_MenuMoscaic_InternationalDistributionMeetings-180x180.jpg 180w\" sizes=\"auto, (max-width: 500px) 100vw, 500px\" \/><\/div><\/div><figcaption class='av-inner-masonry-content site-background'><div class='av-inner-masonry-content-pos'><div class='av-inner-masonry-content-pos-content'><div class='avia-arrow'><\/div><h3 class='av-masonry-entry-title entry-title '  itemprop=\"headline\" >International Distribution Meetings<\/h3><\/div><\/div><\/figcaption><\/figure><\/a><!--end av-masonry entry--><a href=\"https:\/\/www.clusteraudiovisual.cat\/en\/talentaudiovisual\/audiovisual-pitch-2025\/\"  aria-label=\"image Audiovisual Pitch\"  id='av-masonry-1-item-52621' data-av-masonry-item='52621' class='av-masonry-entry isotope-item post-52621 attachment type-attachment status-inherit hentry  av-masonry-item-with-image' title=\"Audiovisual Pitch\" alt=\"Pitching Audiovisual 2025\"  data-av-masonry-custom-link=\"https:\/\/www.clusteraudiovisual.cat\/en\/talentaudiovisual\/audiovisual-pitch-2025\/\"  itemprop=\"thumbnailUrl\" ><div class='av-inner-masonry-sizer'><\/div><figure class='av-inner-masonry main_color'><div class=\"av-masonry-outerimage-container\"><div class='av-masonry-image-container'  ><img decoding=\"async\" width=\"500\" height=\"500\" loading=\"lazy\" class=\"wp-image-52621 avia-img-lazy-loading-52621\"  src=\"https:\/\/www.clusteraudiovisual.cat\/wp-content\/uploads\/2025\/10\/STalent_MenuMoscaic_PitchingAudiovisual.jpg\" title=\"Audiovisual Pitch\" alt=\"Pitching Audiovisual 2025\" srcset=\"https:\/\/www.clusteraudiovisual.cat\/wp-content\/uploads\/2025\/10\/STalent_MenuMoscaic_PitchingAudiovisual.jpg 500w, https:\/\/www.clusteraudiovisual.cat\/wp-content\/uploads\/2025\/10\/STalent_MenuMoscaic_PitchingAudiovisual-300x300.jpg 300w, https:\/\/www.clusteraudiovisual.cat\/wp-content\/uploads\/2025\/10\/STalent_MenuMoscaic_PitchingAudiovisual-80x80.jpg 80w, https:\/\/www.clusteraudiovisual.cat\/wp-content\/uploads\/2025\/10\/STalent_MenuMoscaic_PitchingAudiovisual-36x36.jpg 36w, https:\/\/www.clusteraudiovisual.cat\/wp-content\/uploads\/2025\/10\/STalent_MenuMoscaic_PitchingAudiovisual-180x180.jpg 180w\" sizes=\"auto, (max-width: 500px) 100vw, 500px\" \/><\/div><\/div><figcaption class='av-inner-masonry-content site-background'><div class='av-inner-masonry-content-pos'><div class='av-inner-masonry-content-pos-content'><div class='avia-arrow'><\/div><h3 class='av-masonry-entry-title entry-title '  itemprop=\"headline\" >Audiovisual Pitch<\/h3><\/div><\/div><\/figcaption><\/figure><\/a><!--end av-masonry entry--><a href=\"https:\/\/www.clusteraudiovisual.cat\/en\/talentaudiovisual\/international-distribution-pitch-2025\/\"  aria-label=\"image International Distribution Pitch\"  id='av-masonry-1-item-52606' data-av-masonry-item='52606' class='av-masonry-entry isotope-item post-52606 attachment type-attachment status-inherit hentry  av-masonry-item-with-image' title=\"International Distribution Pitch\" alt=\"Pitching distribuci\u00f3 internacional\"  data-av-masonry-custom-link=\"https:\/\/www.clusteraudiovisual.cat\/en\/talentaudiovisual\/international-distribution-pitch-2025\/\"  itemprop=\"thumbnailUrl\" ><div class='av-inner-masonry-sizer'><\/div><figure class='av-inner-masonry main_color'><div class=\"av-masonry-outerimage-container\"><div class='av-masonry-image-container'  ><img decoding=\"async\" width=\"500\" height=\"500\" loading=\"lazy\" class=\"wp-image-52606 avia-img-lazy-loading-52606\"  src=\"https:\/\/www.clusteraudiovisual.cat\/wp-content\/uploads\/2025\/10\/STalent_MenuMoscaic_PitchingDistribucioInternacional.jpg\" title=\"International Distribution Pitch\" alt=\"Pitching distribuci\u00f3 internacional\" srcset=\"https:\/\/www.clusteraudiovisual.cat\/wp-content\/uploads\/2025\/10\/STalent_MenuMoscaic_PitchingDistribucioInternacional.jpg 500w, https:\/\/www.clusteraudiovisual.cat\/wp-content\/uploads\/2025\/10\/STalent_MenuMoscaic_PitchingDistribucioInternacional-300x300.jpg 300w, https:\/\/www.clusteraudiovisual.cat\/wp-content\/uploads\/2025\/10\/STalent_MenuMoscaic_PitchingDistribucioInternacional-80x80.jpg 80w, https:\/\/www.clusteraudiovisual.cat\/wp-content\/uploads\/2025\/10\/STalent_MenuMoscaic_PitchingDistribucioInternacional-36x36.jpg 36w, https:\/\/www.clusteraudiovisual.cat\/wp-content\/uploads\/2025\/10\/STalent_MenuMoscaic_PitchingDistribucioInternacional-180x180.jpg 180w\" sizes=\"auto, (max-width: 500px) 100vw, 500px\" \/><\/div><\/div><figcaption class='av-inner-masonry-content site-background'><div class='av-inner-masonry-content-pos'><div class='av-inner-masonry-content-pos-content'><div class='avia-arrow'><\/div><h3 class='av-masonry-entry-title entry-title '  itemprop=\"headline\" >International Distribution Pitch<\/h3><\/div><\/div><\/figcaption><\/figure><\/a><!--end av-masonry entry--><\/div><\/div>\n<div id='av_section_1'  class='avia-section av-14aml-8b10e75f45b753211320664672523ba1 main_color avia-section-default avia-no-border-styling  avia-builder-el-4  el_after_av_masonry_gallery  el_before_av_section  avia-bg-style-scroll container_wrap fullsize'  ><div class='container av-section-cont-open' ><div class='template-page content av-content-full alpha units'><div class='post-entry post-entry-type-page post-entry-41804'><div class='entry-content-wrapper clearfix'>\n<div  class='flex_column av-d6hfg98-f0cb63c0837b7435a70d606c137d96ef av_one_full  avia-builder-el-5  el_before_av_one_half  avia-builder-el-first  first flex_column_div  '     ><section  class='av_textblock_section av-khaf0a85-2a3ace746bca34b9eda4937f23689f98 '   itemscope=\"itemscope\" itemtype=\"https:\/\/schema.org\/CreativeWork\" ><div class='avia_textblock'  itemprop=\"text\" ><h1 style=\"text-align: left;\"><span style=\"color: #ab185f;\">LIVE ARTS SCREEN<\/span><\/h1>\n<h4><strong>Tuesday 25th November 2025 \u00b7 From 6pm to 7:30pm<\/strong><\/h4>\n<h5>Foyer room of the Disseny Hub Barcelona (Pla\u00e7a de les Gl\u00f2ries Catalanes, 38)<\/h5>\n<h5>Entry is free upon registration<\/h5>\n<\/div><\/section><\/div><div  class='flex_column av-cmx1igc-6bf5d94b092c1dd3c2d918ba802e663d av_one_half  avia-builder-el-7  el_after_av_one_full  el_before_av_one_half  first flex_column_div  column-top-margin'     ><section  class='av_textblock_section av-l8vspfl4-df8c3be5185219534c74806154b5b810 '   itemscope=\"itemscope\" itemtype=\"https:\/\/schema.org\/CreativeWork\" ><div class='avia_textblock'  itemprop=\"text\" ><p>The Talent Pact is an initiative of the Audiovisual Cluster of Catalonia that was born with the aim of helping emerging talent to professionalize and to connect with the fields of the performing and audiovisual arts. As part of the Talent Week, there is a presentation of the work produced.<\/p>\n<p>You can see all the videos from the previous editions on the <strong><a style=\"color: #3366ff;\" href=\"https:\/\/www.youtube.com\/playlist?list=PLRf3KItH1M3P1PuvoEFHJ1vBgbhd59BS1\" target=\"_blank\" rel=\"noopener\">Youtube channel<\/a><\/strong> of the Catalan Audiovisual Cluster.<\/p>\n<\/div><\/section><\/div><div  class='flex_column av-c3t7f9o-e48adc0bd6d6c672e9e4a50905b30080 av_one_half  avia-builder-el-9  el_after_av_one_half  el_before_av_one_full  flex_column_div  column-top-margin'     ><style type=\"text\/css\" data-created_by=\"avia_inline_auto\" id=\"style-css-av-m37fix08-485af955622bc61577102c6e554583cc\">\n.avia-image-container.av-m37fix08-485af955622bc61577102c6e554583cc img.avia_image{\nbox-shadow:none;\n}\n.avia-image-container.av-m37fix08-485af955622bc61577102c6e554583cc .av-image-caption-overlay-center{\ncolor:#ffffff;\n}\n<\/style>\n<div  class='avia-image-container av-m37fix08-485af955622bc61577102c6e554583cc av-styling- avia-align-center  avia-builder-el-10  avia-builder-el-no-sibling '   itemprop=\"image\" itemscope=\"itemscope\" itemtype=\"https:\/\/schema.org\/ImageObject\" ><div class=\"avia-image-container-inner\"><div class=\"avia-image-overlay-wrap\"><img decoding=\"async\" fetchpriority=\"high\" class='wp-image-32746 avia-img-lazy-loading-not-32746 avia_image ' src=\"https:\/\/www.clusteraudiovisual.cat\/wp-content\/uploads\/2023\/05\/2023_Noticia_Convocatoria-Pacte-del-Talent.jpg\" alt='Talent Pact' title='2023_Noticia_Convocatoria-Pacte-del-Talent'  height=\"1440\" width=\"1920\"  itemprop=\"thumbnailUrl\" srcset=\"https:\/\/www.clusteraudiovisual.cat\/wp-content\/uploads\/2023\/05\/2023_Noticia_Convocatoria-Pacte-del-Talent.jpg 1920w, https:\/\/www.clusteraudiovisual.cat\/wp-content\/uploads\/2023\/05\/2023_Noticia_Convocatoria-Pacte-del-Talent-300x225.jpg 300w, https:\/\/www.clusteraudiovisual.cat\/wp-content\/uploads\/2023\/05\/2023_Noticia_Convocatoria-Pacte-del-Talent-1030x773.jpg 1030w, https:\/\/www.clusteraudiovisual.cat\/wp-content\/uploads\/2023\/05\/2023_Noticia_Convocatoria-Pacte-del-Talent-768x576.jpg 768w, https:\/\/www.clusteraudiovisual.cat\/wp-content\/uploads\/2023\/05\/2023_Noticia_Convocatoria-Pacte-del-Talent-1536x1152.jpg 1536w, https:\/\/www.clusteraudiovisual.cat\/wp-content\/uploads\/2023\/05\/2023_Noticia_Convocatoria-Pacte-del-Talent-1500x1125.jpg 1500w, https:\/\/www.clusteraudiovisual.cat\/wp-content\/uploads\/2023\/05\/2023_Noticia_Convocatoria-Pacte-del-Talent-705x529.jpg 705w\" sizes=\"(max-width: 1920px) 100vw, 1920px\" \/><\/div><\/div><\/div><\/div><div  class='flex_column av-3sbmulo-39277fc8ba81344774f1401e6ab2f937 av_one_full  avia-builder-el-11  el_after_av_one_half  el_before_av_one_third  first flex_column_div  column-top-margin'     ><section  class='av_textblock_section av-mhxldk12-08aaee21daf9132079db9b4993ad2db4 '   itemscope=\"itemscope\" itemtype=\"https:\/\/schema.org\/CreativeWork\" ><div class='avia_textblock'  itemprop=\"text\" ><h6>This year the eighth edition of Live Arts Screen was held. 16 audiovisual creators and 6 artists participated and created the following pieces:<\/h6>\n<\/div><\/section><\/div>\n<style type=\"text\/css\" data-created_by=\"avia_inline_auto\" id=\"style-css-av-3hk839o-d68378da5dd79a2f6f740ba795eaccbf\">\n.flex_column.av-3hk839o-d68378da5dd79a2f6f740ba795eaccbf{\nborder-radius:0px 0px 0px 0px;\npadding:0px 0px 0px 0px;\nbackground-color:#f6f6f6;\n}\n<\/style>\n<div  class='flex_column av-3hk839o-d68378da5dd79a2f6f740ba795eaccbf av_one_third  avia-builder-el-13  el_after_av_one_full  el_before_av_one_third  first flex_column_div av-zero-column-padding  column-top-margin'     ><section  class='av_textblock_section av-mhxlfnp8-30aa377a86ed97f9287c92bae45ee452 '   itemscope=\"itemscope\" itemtype=\"https:\/\/schema.org\/CreativeWork\" ><div class='avia_textblock'  itemprop=\"text\" ><h3><strong><span style=\"color: #ab185f;\">Circ<\/span><\/strong><\/h3>\n<p>In collaboration with La Central del Circ.<\/p>\n<p>With the projects <em><strong>Cos i Crit<\/strong><\/em> by the artist Adriana Gilabert and the audiovisual creators Iv\u00e1n Pe\u00f1alver Quiles, Carla Nu\u00f1ez and N\u00faria Sanclemente; and <em><strong>INSULA<\/strong> <\/em>by the artist Alex Duran and the audiovisual creators Alba Jim\u00e9nez Ib\u00e1\u00f1ez, Cl\u00e0udia Pascual Sabat\u00e9 and Aitana Ramos Zapata.<\/p>\n<\/div><\/section><\/div>\n<style type=\"text\/css\" data-created_by=\"avia_inline_auto\" id=\"style-css-av-2zyqvm4-a1381a4535533370e77837dc4b2f8866\">\n.flex_column.av-2zyqvm4-a1381a4535533370e77837dc4b2f8866{\nborder-radius:0px 0px 0px 0px;\npadding:0px 0px 0px 0px;\nbackground-color:#f6f6f6;\n}\n<\/style>\n<div  class='flex_column av-2zyqvm4-a1381a4535533370e77837dc4b2f8866 av_one_third  avia-builder-el-15  el_after_av_one_third  el_before_av_one_third  flex_column_div av-zero-column-padding  column-top-margin'     ><section  class='av_textblock_section av-mhxlh6r8-0aba22ac1dd81d0f8ca1c19840e456df '   itemscope=\"itemscope\" itemtype=\"https:\/\/schema.org\/CreativeWork\" ><div class='avia_textblock'  itemprop=\"text\" ><h3><strong><span style=\"color: #ab185f;\">M\u00fasica<\/span><\/strong><\/h3>\n<p>In collaboration with Taller de M\u00fasics ESEM (Escola Superior d&#8217;Estudis Musicals).<\/p>\n<p>With the projects <em><strong>UNA PART DE MI<\/strong><\/em> by the artist Ona Casacuberta and the audiovisual creators Grau Mayans, Laura Garcia Iglesias and Judith Carlota Velasco; and <em><strong>PICONERO <\/strong><\/em>by the artist\u00a0Elena Nieto.<\/p>\n<\/div><\/section><\/div>\n<style type=\"text\/css\" data-created_by=\"avia_inline_auto\" id=\"style-css-av-2plonyk-191f59bac2418ee1acbed686a0ddfa91\">\n.flex_column.av-2plonyk-191f59bac2418ee1acbed686a0ddfa91{\nborder-radius:0px 0px 0px 0px;\npadding:0px 0px 0px 0px;\nbackground-color:#f6f6f6;\n}\n<\/style>\n<div  class='flex_column av-2plonyk-191f59bac2418ee1acbed686a0ddfa91 av_one_third  avia-builder-el-17  el_after_av_one_third  el_before_av_hr  flex_column_div av-zero-column-padding  column-top-margin'     ><section  class='av_textblock_section av-mhxliw1a-b6c13a18ad3b16256746ed878efa22d8 '   itemscope=\"itemscope\" itemtype=\"https:\/\/schema.org\/CreativeWork\" ><div class='avia_textblock'  itemprop=\"text\" ><h3><strong><span style=\"color: #ab185f;\">Dansa<\/span><\/strong><\/h3>\n<p>In collaboration with CSD (Conservatori Superior de Dansa) from the Institut del Teatre.<\/p>\n<p>With the projects <em><strong>FORMORIA<\/strong><\/em> by the artist Miguel \u00c1ngel Ram\u00edrez and the audiovisual creators Arnau Bofarull, Nicol\u00e1s Fern\u00e1ndez, Alba Iglesias Reguera and Am\u00e0lia Baldrich Gonzalez; and <em><strong>Transformosis<\/strong><\/em>by the artist Ferri Amaya and the audiovisual creators Ariadna Singh, Gemma Benet and Alba Garc\u00eda.<\/p>\n<\/div><\/section><\/div>\n<style type=\"text\/css\" data-created_by=\"avia_inline_auto\" id=\"style-css-av-28v3ulo-8a3382f63f6805aa42ccce308a7c456c\">\n#top .hr.hr-invisible.av-28v3ulo-8a3382f63f6805aa42ccce308a7c456c{\nheight:35px;\n}\n<\/style>\n<div  class='hr av-28v3ulo-8a3382f63f6805aa42ccce308a7c456c hr-invisible  avia-builder-el-19  el_after_av_one_third  el_before_av_partner '><span class='hr-inner '><span class=\"hr-inner-style\"><\/span><\/span><\/div>\n<div  class='avia-logo-element-container av-mhxlcsvr-c05c73f65cfbe6baa249c4c8c7868877 av-border-deactivate avia-logo-grid avia-content-slider avia-smallarrow-slider avia-content-grid-active noHover avia-content-slider-odd  avia-builder-el-20  el_after_av_hr  avia-builder-el-last  avia-content-slider1' ><div class='avia-smallarrow-slider-heading '><div class='new-special-heading'><h6 class='av-logo-special-heading-text '>IN COLLABORATION WITH:<\/h6><\/div><\/div><div class=\"avia-content-slider-inner\"><div class=\"slide-entry-wrap\"><div  class='slide-entry av-1ivrv8s-777c1129afac5ecbba2fb8bbd268a798 flex_column no_margin av_one_fifth real-thumbnail post-entry slide-entry-overview slide-loop-1 slide-parity-odd  first'><img decoding=\"async\" fetchpriority=\"high\" width=\"800\" height=\"400\" src=\"https:\/\/www.clusteraudiovisual.cat\/wp-content\/uploads\/2022\/11\/ST2022_PacteTalent_Collaboradors_InstitutDelTeatre.jpg\" class=\"wp-image-27883 avia-img-lazy-loading-not-27883 attachment-no scaling size-no scaling\" alt=\"\" srcset=\"https:\/\/www.clusteraudiovisual.cat\/wp-content\/uploads\/2022\/11\/ST2022_PacteTalent_Collaboradors_InstitutDelTeatre.jpg 800w, https:\/\/www.clusteraudiovisual.cat\/wp-content\/uploads\/2022\/11\/ST2022_PacteTalent_Collaboradors_InstitutDelTeatre-300x150.jpg 300w, https:\/\/www.clusteraudiovisual.cat\/wp-content\/uploads\/2022\/11\/ST2022_PacteTalent_Collaboradors_InstitutDelTeatre-768x384.jpg 768w, https:\/\/www.clusteraudiovisual.cat\/wp-content\/uploads\/2022\/11\/ST2022_PacteTalent_Collaboradors_InstitutDelTeatre-705x353.jpg 705w\" sizes=\"(max-width: 800px) 100vw, 800px\" \/><\/div><div  class='slide-entry av-168b9gs-ed0bd7eaac9615db7ace627018c2aa64 flex_column no_margin av_one_fifth real-thumbnail post-entry slide-entry-overview slide-loop-2 slide-parity-even  '><img decoding=\"async\" fetchpriority=\"high\" width=\"800\" height=\"400\" src=\"https:\/\/www.clusteraudiovisual.cat\/wp-content\/uploads\/2022\/11\/ST2022_PacteTalent_Collaboradors_TallerDeMusics.jpg\" class=\"wp-image-27877 avia-img-lazy-loading-not-27877 attachment-no scaling size-no scaling\" alt=\"\" srcset=\"https:\/\/www.clusteraudiovisual.cat\/wp-content\/uploads\/2022\/11\/ST2022_PacteTalent_Collaboradors_TallerDeMusics.jpg 800w, https:\/\/www.clusteraudiovisual.cat\/wp-content\/uploads\/2022\/11\/ST2022_PacteTalent_Collaboradors_TallerDeMusics-300x150.jpg 300w, https:\/\/www.clusteraudiovisual.cat\/wp-content\/uploads\/2022\/11\/ST2022_PacteTalent_Collaboradors_TallerDeMusics-768x384.jpg 768w, https:\/\/www.clusteraudiovisual.cat\/wp-content\/uploads\/2022\/11\/ST2022_PacteTalent_Collaboradors_TallerDeMusics-705x353.jpg 705w\" sizes=\"(max-width: 800px) 100vw, 800px\" \/><\/div><div  class='slide-entry av-oyi59o-8533fa5f4b8f2d6bcaf760cb1d3c98cf flex_column no_margin av_one_fifth real-thumbnail post-entry slide-entry-overview slide-loop-3 slide-parity-odd  '><img decoding=\"async\" fetchpriority=\"high\" width=\"800\" height=\"400\" src=\"https:\/\/www.clusteraudiovisual.cat\/wp-content\/uploads\/2022\/11\/ST2022_PacteTalent_Collaboradors_CentralDelCirc.jpg\" class=\"wp-image-27880 avia-img-lazy-loading-not-27880 attachment-no scaling size-no scaling\" alt=\"\" srcset=\"https:\/\/www.clusteraudiovisual.cat\/wp-content\/uploads\/2022\/11\/ST2022_PacteTalent_Collaboradors_CentralDelCirc.jpg 800w, https:\/\/www.clusteraudiovisual.cat\/wp-content\/uploads\/2022\/11\/ST2022_PacteTalent_Collaboradors_CentralDelCirc-300x150.jpg 300w, https:\/\/www.clusteraudiovisual.cat\/wp-content\/uploads\/2022\/11\/ST2022_PacteTalent_Collaboradors_CentralDelCirc-768x384.jpg 768w, https:\/\/www.clusteraudiovisual.cat\/wp-content\/uploads\/2022\/11\/ST2022_PacteTalent_Collaboradors_CentralDelCirc-705x353.jpg 705w\" sizes=\"(max-width: 800px) 100vw, 800px\" \/><\/div><div  class='slide-entry av-mi63pqrn-a38fc0953e02cebc8633d53dc745a05e flex_column no_margin av_one_fifth real-thumbnail post-entry slide-entry-overview slide-loop-4 slide-parity-even  '><img decoding=\"async\" fetchpriority=\"high\" width=\"800\" height=\"400\" src=\"https:\/\/www.clusteraudiovisual.cat\/wp-content\/uploads\/2025\/11\/Logo_3Cat_Colaborador_PantallaEnViu.jpg\" class=\"wp-image-53815 avia-img-lazy-loading-not-53815 attachment-no scaling size-no scaling\" alt=\"\" srcset=\"https:\/\/www.clusteraudiovisual.cat\/wp-content\/uploads\/2025\/11\/Logo_3Cat_Colaborador_PantallaEnViu.jpg 800w, https:\/\/www.clusteraudiovisual.cat\/wp-content\/uploads\/2025\/11\/Logo_3Cat_Colaborador_PantallaEnViu-300x150.jpg 300w, https:\/\/www.clusteraudiovisual.cat\/wp-content\/uploads\/2025\/11\/Logo_3Cat_Colaborador_PantallaEnViu-768x384.jpg 768w, https:\/\/www.clusteraudiovisual.cat\/wp-content\/uploads\/2025\/11\/Logo_3Cat_Colaborador_PantallaEnViu-705x353.jpg 705w\" sizes=\"(max-width: 800px) 100vw, 800px\" \/><\/div><div  class='slide-entry av-mi63pvpc-4738b6e9c16d19007d6446bd3e75791b flex_column no_margin av_one_fifth real-thumbnail post-entry slide-entry-overview slide-loop-5 slide-parity-odd post-entry-last '><img decoding=\"async\" fetchpriority=\"high\" width=\"800\" height=\"400\" src=\"https:\/\/www.clusteraudiovisual.cat\/wp-content\/uploads\/2025\/11\/Logo_In-edit_Colaborador_PantallaEnViu.jpg\" class=\"wp-image-53818 avia-img-lazy-loading-not-53818 attachment-no scaling size-no scaling\" alt=\"\" srcset=\"https:\/\/www.clusteraudiovisual.cat\/wp-content\/uploads\/2025\/11\/Logo_In-edit_Colaborador_PantallaEnViu.jpg 800w, https:\/\/www.clusteraudiovisual.cat\/wp-content\/uploads\/2025\/11\/Logo_In-edit_Colaborador_PantallaEnViu-300x150.jpg 300w, https:\/\/www.clusteraudiovisual.cat\/wp-content\/uploads\/2025\/11\/Logo_In-edit_Colaborador_PantallaEnViu-768x384.jpg 768w, https:\/\/www.clusteraudiovisual.cat\/wp-content\/uploads\/2025\/11\/Logo_In-edit_Colaborador_PantallaEnViu-705x353.jpg 705w\" sizes=\"(max-width: 800px) 100vw, 800px\" \/><\/div><\/div><\/div><\/div>\n<\/div><\/div><\/div><!-- close content main div --><\/div><\/div><div id='av_section_2'  class='avia-section av-zpdm5o-1d84d211a17d37d5d5c02c4da838654e footer_color avia-section-default avia-no-shadow  avia-builder-el-21  el_after_av_section  el_before_av_section  avia-bg-style-scroll container_wrap fullsize'  ><div class='container av-section-cont-open' ><div class='template-page content av-content-full alpha units'><div class='post-entry post-entry-type-page post-entry-41804'><div class='entry-content-wrapper clearfix'>\n<div  class='avia-logo-element-container av-9awetf0-ecbcf7171e6be2fe8dbb166a0bb892ac av-border-deactivate avia-logo-grid avia-content-slider avia-smallarrow-slider avia-content-grid-active noHover avia-content-slider-odd  avia-builder-el-22  el_before_av_partner  avia-builder-el-first  avia-content-slider2' ><div class='avia-smallarrow-slider-heading '><div class='new-special-heading'><h6 class='av-logo-special-heading-text '>THE AUDIOVISUAL TALENT WEEK HAS THE SUPPORT OF:<\/h6><\/div><\/div><div class=\"avia-content-slider-inner\"><div class=\"slide-entry-wrap\"><div  class='slide-entry av-8txk2r0-318cc631999d3f476298ec81ae9245eb flex_column no_margin av_one_fifth real-thumbnail post-entry slide-entry-overview slide-loop-1 slide-parity-odd  first'><span class='av-partner-fake-img' style='padding-bottom:50%; background-image:url(https:\/\/www.clusteraudiovisual.cat\/wp-content\/uploads\/2024\/10\/ST_Logo_Footer_ICEC-1.jpg);'><\/span><\/div><div  class='slide-entry av-8mf2umk-c687673083c1528d725cdad81a4979c5 flex_column no_margin av_one_fifth real-thumbnail post-entry slide-entry-overview slide-loop-2 slide-parity-even  '><span class='av-partner-fake-img' style='padding-bottom:50%; background-image:url(https:\/\/www.clusteraudiovisual.cat\/wp-content\/uploads\/2025\/10\/ST_Logo_AjuntamentBarcelona_2025.jpg);'><\/span><\/div><div  class='slide-entry av-87qbsa4-21d3853488667c1faa9367a76e48cdac flex_column no_margin av_one_fifth real-thumbnail post-entry slide-entry-overview slide-loop-3 slide-parity-odd  '><span class='av-partner-fake-img' style='padding-bottom:50%; background-image:url(https:\/\/www.clusteraudiovisual.cat\/wp-content\/uploads\/2022\/10\/ST_Logo_Footer_Web_Gencat_Recerca.jpg);'><\/span><\/div><div  class='slide-entry av-7sw9yng-b1cca972aef70edb9328597de450c2db flex_column no_margin av_one_fifth real-thumbnail post-entry slide-entry-overview slide-loop-4 slide-parity-even  '><span class='av-partner-fake-img' style='padding-bottom:50%; background-image:url(https:\/\/www.clusteraudiovisual.cat\/wp-content\/uploads\/2025\/10\/ST_Logo_Footer_Ministerio-Cultura.jpg);'><\/span><\/div><div  class='slide-entry av-p5j27g-a4910c944c4622d25be52d7d904b2262 flex_column no_margin av_one_fifth real-thumbnail post-entry slide-entry-overview slide-loop-5 slide-parity-odd post-entry-last '><span class='av-partner-fake-img' style='padding-bottom:50%; background-image:url(https:\/\/www.clusteraudiovisual.cat\/wp-content\/uploads\/2024\/10\/ST_Logo_Footer_ACCIO.jpg);'><\/span><\/div><\/div><\/div><\/div>\n<div  class='avia-logo-element-container av-6ltv28c-357a18e62ff84b3a094899b9ce21d916 av-border-deactivate avia-logo-grid avia-content-slider avia-smallarrow-slider avia-content-grid-active noHover avia-content-slider-odd  avia-builder-el-23  el_after_av_partner  el_before_av_textblock  avia-content-slider3' ><div class='avia-smallarrow-slider-heading '><div class='new-special-heading'><h6 class='av-logo-special-heading-text '>WITH THE COLLABORATION OF:<\/h6><\/div><\/div><div class=\"avia-content-slider-inner\"><div class=\"slide-entry-wrap\"><div  class='slide-entry av-65pjuwc-d9cf91b0a3893af8ab4b31f833d522a6 flex_column no_margin av_one_fifth real-thumbnail post-entry slide-entry-overview slide-loop-1 slide-parity-odd  first'><img decoding=\"async\" fetchpriority=\"high\" width=\"800\" height=\"400\" src=\"https:\/\/www.clusteraudiovisual.cat\/wp-content\/uploads\/2025\/10\/ST_Logo_Colaborador_DHub.jpg\" class=\"wp-image-52752 avia-img-lazy-loading-not-52752 attachment-no scaling size-no scaling\" alt=\"\" srcset=\"https:\/\/www.clusteraudiovisual.cat\/wp-content\/uploads\/2025\/10\/ST_Logo_Colaborador_DHub.jpg 800w, https:\/\/www.clusteraudiovisual.cat\/wp-content\/uploads\/2025\/10\/ST_Logo_Colaborador_DHub-300x150.jpg 300w, https:\/\/www.clusteraudiovisual.cat\/wp-content\/uploads\/2025\/10\/ST_Logo_Colaborador_DHub-768x384.jpg 768w, https:\/\/www.clusteraudiovisual.cat\/wp-content\/uploads\/2025\/10\/ST_Logo_Colaborador_DHub-705x353.jpg 705w\" sizes=\"(max-width: 800px) 100vw, 800px\" \/><\/div><div  class='slide-entry av-5u65q4s-c1e47c6e1004d8d2b9d01496946b1088 flex_column no_margin av_one_fifth real-thumbnail post-entry slide-entry-overview slide-loop-2 slide-parity-even  '><img decoding=\"async\" fetchpriority=\"high\" width=\"800\" height=\"400\" src=\"https:\/\/www.clusteraudiovisual.cat\/wp-content\/uploads\/2022\/10\/ST_Logo_Footer_Web_BarcelonaActiva.jpg\" class=\"wp-image-25790 avia-img-lazy-loading-not-25790 attachment-no scaling size-no scaling\" alt=\"\" srcset=\"https:\/\/www.clusteraudiovisual.cat\/wp-content\/uploads\/2022\/10\/ST_Logo_Footer_Web_BarcelonaActiva.jpg 800w, https:\/\/www.clusteraudiovisual.cat\/wp-content\/uploads\/2022\/10\/ST_Logo_Footer_Web_BarcelonaActiva-300x150.jpg 300w, https:\/\/www.clusteraudiovisual.cat\/wp-content\/uploads\/2022\/10\/ST_Logo_Footer_Web_BarcelonaActiva-768x384.jpg 768w, https:\/\/www.clusteraudiovisual.cat\/wp-content\/uploads\/2022\/10\/ST_Logo_Footer_Web_BarcelonaActiva-705x353.jpg 705w\" sizes=\"(max-width: 800px) 100vw, 800px\" \/><\/div><div  class='slide-entry av-5ht8hrg-bdf90f7d03306066951df4ff99c8ca89 flex_column no_margin av_one_fifth real-thumbnail post-entry slide-entry-overview slide-loop-3 slide-parity-odd  '><img decoding=\"async\" fetchpriority=\"high\" width=\"800\" height=\"400\" src=\"https:\/\/www.clusteraudiovisual.cat\/wp-content\/uploads\/2022\/10\/ST_Logo_Footer_Web_AcademiaCC.jpg\" class=\"wp-image-25796 avia-img-lazy-loading-not-25796 attachment-no scaling size-no scaling\" alt=\"\" srcset=\"https:\/\/www.clusteraudiovisual.cat\/wp-content\/uploads\/2022\/10\/ST_Logo_Footer_Web_AcademiaCC.jpg 800w, https:\/\/www.clusteraudiovisual.cat\/wp-content\/uploads\/2022\/10\/ST_Logo_Footer_Web_AcademiaCC-300x150.jpg 300w, https:\/\/www.clusteraudiovisual.cat\/wp-content\/uploads\/2022\/10\/ST_Logo_Footer_Web_AcademiaCC-768x384.jpg 768w, https:\/\/www.clusteraudiovisual.cat\/wp-content\/uploads\/2022\/10\/ST_Logo_Footer_Web_AcademiaCC-705x353.jpg 705w\" sizes=\"(max-width: 800px) 100vw, 800px\" \/><\/div><div  class='slide-entry av-4scu3fw-d8c48b328e49f0b9bb5878cb11bbfe4e flex_column no_margin av_one_fifth real-thumbnail post-entry slide-entry-overview slide-loop-4 slide-parity-even  '><img decoding=\"async\" fetchpriority=\"high\" width=\"800\" height=\"400\" src=\"https:\/\/www.clusteraudiovisual.cat\/wp-content\/uploads\/2022\/10\/ST_Logo_Footer_Web_SGAE.jpg\" class=\"wp-image-25799 avia-img-lazy-loading-not-25799 attachment-no scaling size-no scaling\" alt=\"\" srcset=\"https:\/\/www.clusteraudiovisual.cat\/wp-content\/uploads\/2022\/10\/ST_Logo_Footer_Web_SGAE.jpg 800w, https:\/\/www.clusteraudiovisual.cat\/wp-content\/uploads\/2022\/10\/ST_Logo_Footer_Web_SGAE-300x150.jpg 300w, https:\/\/www.clusteraudiovisual.cat\/wp-content\/uploads\/2022\/10\/ST_Logo_Footer_Web_SGAE-768x384.jpg 768w, https:\/\/www.clusteraudiovisual.cat\/wp-content\/uploads\/2022\/10\/ST_Logo_Footer_Web_SGAE-705x353.jpg 705w\" sizes=\"(max-width: 800px) 100vw, 800px\" \/><\/div><div  class='slide-entry av-47fqwcs-152d1e03f3477a6a82ca25e0d00ef5b5 flex_column no_margin av_one_fifth real-thumbnail post-entry slide-entry-overview slide-loop-5 slide-parity-odd post-entry-last '><img decoding=\"async\" fetchpriority=\"high\" width=\"800\" height=\"400\" src=\"https:\/\/www.clusteraudiovisual.cat\/wp-content\/uploads\/2025\/11\/ST_Logo_Colaborador_MIA-1.jpg\" class=\"wp-image-53279 avia-img-lazy-loading-not-53279 attachment-no scaling size-no scaling\" alt=\"\" srcset=\"https:\/\/www.clusteraudiovisual.cat\/wp-content\/uploads\/2025\/11\/ST_Logo_Colaborador_MIA-1.jpg 800w, https:\/\/www.clusteraudiovisual.cat\/wp-content\/uploads\/2025\/11\/ST_Logo_Colaborador_MIA-1-300x150.jpg 300w, https:\/\/www.clusteraudiovisual.cat\/wp-content\/uploads\/2025\/11\/ST_Logo_Colaborador_MIA-1-768x384.jpg 768w, https:\/\/www.clusteraudiovisual.cat\/wp-content\/uploads\/2025\/11\/ST_Logo_Colaborador_MIA-1-705x353.jpg 705w\" sizes=\"(max-width: 800px) 100vw, 800px\" \/><\/div><\/div><\/div><\/div>\n<section  class='av_textblock_section av-3wpafl8-b82c908f1ee7232658e9bdf6dd071629 '   itemscope=\"itemscope\" itemtype=\"https:\/\/schema.org\/CreativeWork\" ><div class='avia_textblock peu-text-sil'  itemprop=\"text\" ><h5 style=\"text-align: left;\"><strong>Audiovisual Talent Week is an event designed and organized with a commitment to sustainability and the minimization of negative environmental impacts.<\/strong><\/h5>\n<\/div><\/section>\n\n<style type=\"text\/css\" data-created_by=\"avia_inline_auto\" id=\"style-css-av-3mzkeuk-84255dde14b4252340e8d7027e8f0c2b\">\n#top .hr.av-3mzkeuk-84255dde14b4252340e8d7027e8f0c2b{\nmargin-top:20px;\nmargin-bottom:30px;\n}\n.hr.av-3mzkeuk-84255dde14b4252340e8d7027e8f0c2b .hr-inner{\nwidth:100%;\nborder-color:#e8e8e8;\n}\n<\/style>\n<div  class='hr av-3mzkeuk-84255dde14b4252340e8d7027e8f0c2b hr-custom  avia-builder-el-25  el_after_av_textblock  el_before_av_three_fifth  hr-left hr-icon-no'><span class='hr-inner inner-border-av-border-thin'><span class=\"hr-inner-style\"><\/span><\/span><\/div>\n\n<style type=\"text\/css\" data-created_by=\"avia_inline_auto\" id=\"style-css-av-35gpi98-a177af61f6aba0d748093ac4d50650c8\">\n.flex_column.av-35gpi98-a177af61f6aba0d748093ac4d50650c8{\nborder-radius:0px 0px 0px 0px;\npadding:0px 0px 0px 0px;\n}\n<\/style>\n<div  class='flex_column av-35gpi98-a177af61f6aba0d748093ac4d50650c8 av_three_fifth  avia-builder-el-26  el_after_av_hr  el_before_av_one_fifth  first flex_column_div av-zero-column-padding  '     ><section  class='av_textblock_section av-2r6azl8-de6e721ae036acb56aa6324e13618aee '   itemscope=\"itemscope\" itemtype=\"https:\/\/schema.org\/CreativeWork\" ><div class='avia_textblock peu-text-sil'  itemprop=\"text\" ><p style=\"text-align: left;\">Via Laietana, 32-34, 4th floor. Barcelona 08003. +34 616663567<\/p>\n<\/div><\/section><\/div>\n<style type=\"text\/css\" data-created_by=\"avia_inline_auto\" id=\"style-css-av-1yzq7m4-300b55e377c084b4f7594fcf95d275b9\">\n.flex_column.av-1yzq7m4-300b55e377c084b4f7594fcf95d275b9{\nborder-radius:0px 0px 0px 0px;\npadding:0px 0px 0px 0px;\n}\n<\/style>\n<div  class='flex_column av-1yzq7m4-300b55e377c084b4f7594fcf95d275b9 av_one_fifth  avia-builder-el-28  el_after_av_three_fifth  el_before_av_one_fifth  flex_column_div av-zero-column-padding  '     ><section  class='av_textblock_section av-1n3497w-254f89f5ca5a3e2d9e581b964012ac79 '   itemscope=\"itemscope\" itemtype=\"https:\/\/schema.org\/CreativeWork\" ><div class='avia_textblock'  itemprop=\"text\" ><h6><a style=\"font-size: 0;\" href=\"https:\/\/www.facebook.com\/clusteraudiovisualcatalunya\" target=\"_blank\" rel=\"noopener\">facebook<img loading=\"lazy\" decoding=\"async\" class=\"size-full wp-image-265 alignnone\" src=\"https:\/\/www.clusteraudiovisual.cat\/wp-content\/uploads\/2024\/12\/icon-facebook.png\" alt=\"facebook\" width=\"25\" height=\"25\" \/><\/a> <a style=\"font-size: 0;\" href=\"https:\/\/twitter.com\/ClusterAVCat\" target=\"_blank\" rel=\"noopener\">x<img loading=\"lazy\" decoding=\"async\" class=\"size-full wp-image-267 alignnone\" src=\"https:\/\/www.clusteraudiovisual.cat\/wp-content\/uploads\/2024\/12\/icon-twitter.png\" alt=\"x\/twitter\" width=\"25\" height=\"25\" \/> \u00a0<\/a> <a style=\"font-size: 0;\" href=\"https:\/\/www.instagram.com\/clusteravcat\/\" target=\"_blank\" rel=\"noopener\">instagram<img loading=\"lazy\" decoding=\"async\" class=\"size-full wp-image-266 alignnone\" src=\"https:\/\/www.clusteraudiovisual.cat\/wp-content\/uploads\/2024\/12\/icon-instagram.png\" alt=\"instagram\" width=\"25\" height=\"25\" \/><\/a> <a style=\"font-size: 0;\" href=\"https:\/\/www.youtube.com\/channel\/UCjZkfy-Dhqb4XZmaX-XWhRA\" target=\"_blank\" rel=\"noopener\">youtube<img loading=\"lazy\" decoding=\"async\" class=\"size-full wp-image-266 alignnone\" src=\"https:\/\/www.clusteraudiovisual.cat\/wp-content\/uploads\/2024\/12\/icon-youtube.png\" alt=\"youtube\" width=\"25\" height=\"25\" \/><\/a>\u00a0<a style=\"font-size: 0;\" href=\"https:\/\/www.linkedin.com\/company\/cl%C3%BAster-audiovisual-de-catalunya\/\" target=\"_blank\" rel=\"noopener\">linkedIn<img loading=\"lazy\" decoding=\"async\" class=\"size-full wp-image-266 alignnone\" src=\"https:\/\/www.clusteraudiovisual.cat\/wp-content\/uploads\/2024\/12\/icon-linkedin.png\" alt=\"linkedIn\" width=\"25\" height=\"25\" \/><\/a><\/h6>\n<\/div><\/section><\/div>\n<style type=\"text\/css\" data-created_by=\"avia_inline_auto\" id=\"style-css-av-44qz64-db2d65bc2442af0485d252942eb7aac4\">\n.flex_column.av-44qz64-db2d65bc2442af0485d252942eb7aac4{\nborder-radius:0px 0px 0px 0px;\npadding:0px 0px 0px 0px;\n}\n<\/style>\n<div  class='flex_column av-44qz64-db2d65bc2442af0485d252942eb7aac4 av_one_fifth  avia-builder-el-30  el_after_av_one_fifth  avia-builder-el-last  flex_column_div av-zero-column-padding  '     ><section  class='av_textblock_section av-lq3wi4-55315a7b436490cdafe11090ce2ac477 '   itemscope=\"itemscope\" itemtype=\"https:\/\/schema.org\/CreativeWork\" ><div class='avia_textblock peu-text-sil'  itemprop=\"text\" ><p style=\"text-align: right;\"><a href=\"http:\/\/clusteraudiovisual.cat\/bases-legals\/\" target=\"_blank\" rel=\"noopener\">Legal basis<\/a><\/p>\n<h6><\/h6>\n<\/div><\/section><\/div>\n<\/p>\n<\/div><\/div><\/div><!-- close content main div --><\/div><\/div>\n<style type=\"text\/css\" data-created_by=\"avia_inline_auto\" id=\"style-css-av-2jl3630-62b0b6e6951a6ad770fa9c98a11209f2\">\n.avia-section.av-2jl3630-62b0b6e6951a6ad770fa9c98a11209f2{\nbackground-color:#f6f6f6;\nbackground-image:unset;\nmargin-top:1px;\nmargin-bottom:1px;\n}\n<\/style>\n<div id='socketsil'  class='avia-section av-2jl3630-62b0b6e6951a6ad770fa9c98a11209f2 alternate_color avia-section-small avia-no-border-styling  avia-builder-el-32  el_after_av_section  avia-builder-el-last  socketsil avia-bg-style-scroll av-minimum-height av-minimum-height-custom av-height-custom  container_wrap fullsize'   data-av_minimum_height_px='10'><div class='container av-section-cont-open' style='height:10px'><div class='template-page content av-content-full alpha units'><div class='post-entry post-entry-type-page post-entry-41804'><div class='entry-content-wrapper clearfix'>\n\n<style type=\"text\/css\" data-created_by=\"avia_inline_auto\" id=\"style-css-av-2a0b1nw-2d156e3f8a92f5b5714c3b7cfc52a604\">\n.flex_column.av-2a0b1nw-2d156e3f8a92f5b5714c3b7cfc52a604{\nborder-radius:0px 0px 0px 0px;\npadding:0px 0px 0px 0px;\n}\n<\/style>\n<div  class='flex_column av-2a0b1nw-2d156e3f8a92f5b5714c3b7cfc52a604 av_one_half  avia-builder-el-33  el_before_av_one_half  avia-builder-el-first  first flex_column_div av-zero-column-padding  '     ><section  class='av_textblock_section av-1g04ato-290d4e212907f11f6a239323ae03a170 '   itemscope=\"itemscope\" itemtype=\"https:\/\/schema.org\/CreativeWork\" ><div class='avia_textblock'  itemprop=\"text\" ><p>\u00a9 2020 Cl\u00faster Audiovisual de Catalunya<\/p>\n<\/div><\/section><\/div>\n<style type=\"text\/css\" data-created_by=\"avia_inline_auto\" id=\"style-css-av-1cd2sks-148214a2d0f8d49e0a3217fd0f08e06f\">\n.flex_column.av-1cd2sks-148214a2d0f8d49e0a3217fd0f08e06f{\nborder-radius:0px 0px 0px 0px;\npadding:0px 0px 0px 0px;\n}\n<\/style>\n<div  class='flex_column av-1cd2sks-148214a2d0f8d49e0a3217fd0f08e06f av_one_half  avia-builder-el-35  el_after_av_one_half  avia-builder-el-last  flex_column_div av-zero-column-padding  '     ><section  class='av_textblock_section av-thp26k-0be94650f26fe7a615c25cc5e272b6a1 '   itemscope=\"itemscope\" itemtype=\"https:\/\/schema.org\/CreativeWork\" ><div class='avia_textblock'  itemprop=\"text\" ><p style=\"text-align: right;\">Developed by <a href=\"https:\/\/www.lasaladeta.com\/\" target=\"_blank\" rel=\"noopener\">La Saladeta<\/a><\/p>\n<\/div><\/section><\/div>\n\n","protected":false},"excerpt":{"rendered":"","protected":false},"author":10,"featured_media":53092,"parent":1315,"menu_order":0,"comment_status":"closed","ping_status":"closed","template":"","meta":{"_acf_changed":false,"footnotes":""},"class_list":["post-41804","page","type-page","status-publish","has-post-thumbnail","hentry"],"acf":[],"yoast_head":"<!-- This site is optimized with the Yoast SEO plugin v27.0 - https:\/\/yoast.com\/product\/yoast-seo-wordpress\/ -->\n<title>Live Arts Screen 2025 - Cl\u00faster Audiovisual<\/title>\n<meta name=\"description\" content=\"The Talent Pact is an initiative of the Audiovisual Cluster of Catalonia that was born with the aim of helping emerging talent to professionalize and to connect with the fields of the performing and audiovisual arts.\" \/>\n<meta name=\"robots\" content=\"index, follow, max-snippet:-1, max-image-preview:large, max-video-preview:-1\" \/>\n<link rel=\"canonical\" href=\"https:\/\/www.clusteraudiovisual.cat\/en\/talentaudiovisual\/live-arts-screen-2025\/\" \/>\n<meta property=\"og:locale\" content=\"en_US\" \/>\n<meta property=\"og:type\" content=\"article\" \/>\n<meta property=\"og:title\" content=\"Live Arts Screen 2025 - Cl\u00faster Audiovisual\" \/>\n<meta property=\"og:description\" content=\"The Talent Pact is an initiative of the Audiovisual Cluster of Catalonia that was born with the aim of helping emerging talent to professionalize and to connect with the fields of the performing and audiovisual arts.\" \/>\n<meta property=\"og:url\" content=\"https:\/\/www.clusteraudiovisual.cat\/en\/talentaudiovisual\/live-arts-screen-2025\/\" \/>\n<meta property=\"og:site_name\" content=\"Cl\u00faster Audiovisual\" \/>\n<meta property=\"article:modified_time\" content=\"2026-03-11T10:16:53+00:00\" \/>\n<meta property=\"og:image\" content=\"https:\/\/www.clusteraudiovisual.cat\/wp-content\/uploads\/2025\/11\/STalent2025_Banner_Web_Responsive_Eng.jpg\" \/>\n\t<meta property=\"og:image:width\" content=\"600\" \/>\n\t<meta property=\"og:image:height\" content=\"676\" \/>\n\t<meta property=\"og:image:type\" content=\"image\/jpeg\" \/>\n<meta name=\"twitter:card\" content=\"summary_large_image\" \/>\n<meta name=\"twitter:image\" content=\"https:\/\/www.clusteraudiovisual.cat\/wp-content\/uploads\/2022\/10\/Agenda_STalent2022-1030x579.jpg\" \/>\n<meta name=\"twitter:label1\" content=\"Est. reading time\" \/>\n\t<meta name=\"twitter:data1\" content=\"7 minutes\" \/>\n<script type=\"application\/ld+json\" class=\"yoast-schema-graph\">{\"@context\":\"https:\/\/schema.org\",\"@graph\":[{\"@type\":\"WebPage\",\"@id\":\"https:\/\/www.clusteraudiovisual.cat\/en\/talentaudiovisual\/live-arts-screen-2025\/\",\"url\":\"https:\/\/www.clusteraudiovisual.cat\/en\/talentaudiovisual\/live-arts-screen-2025\/\",\"name\":\"Live Arts Screen 2025 - Cl\u00faster Audiovisual\",\"isPartOf\":{\"@id\":\"https:\/\/www.clusteraudiovisual.cat\/en\/#website\"},\"primaryImageOfPage\":{\"@id\":\"https:\/\/www.clusteraudiovisual.cat\/en\/talentaudiovisual\/live-arts-screen-2025\/#primaryimage\"},\"image\":{\"@id\":\"https:\/\/www.clusteraudiovisual.cat\/en\/talentaudiovisual\/live-arts-screen-2025\/#primaryimage\"},\"thumbnailUrl\":\"https:\/\/www.clusteraudiovisual.cat\/wp-content\/uploads\/2025\/11\/STalent2025_Banner_Web_Responsive_Eng.jpg\",\"datePublished\":\"2024-10-01T13:35:06+00:00\",\"dateModified\":\"2026-03-11T10:16:53+00:00\",\"description\":\"The Talent Pact is an initiative of the Audiovisual Cluster of Catalonia that was born with the aim of helping emerging talent to professionalize and to connect with the fields of the performing and audiovisual arts.\",\"breadcrumb\":{\"@id\":\"https:\/\/www.clusteraudiovisual.cat\/en\/talentaudiovisual\/live-arts-screen-2025\/#breadcrumb\"},\"inLanguage\":\"en-US\",\"potentialAction\":[{\"@type\":\"ReadAction\",\"target\":[\"https:\/\/www.clusteraudiovisual.cat\/en\/talentaudiovisual\/live-arts-screen-2025\/\"]}]},{\"@type\":\"ImageObject\",\"inLanguage\":\"en-US\",\"@id\":\"https:\/\/www.clusteraudiovisual.cat\/en\/talentaudiovisual\/live-arts-screen-2025\/#primaryimage\",\"url\":\"https:\/\/www.clusteraudiovisual.cat\/wp-content\/uploads\/2025\/11\/STalent2025_Banner_Web_Responsive_Eng.jpg\",\"contentUrl\":\"https:\/\/www.clusteraudiovisual.cat\/wp-content\/uploads\/2025\/11\/STalent2025_Banner_Web_Responsive_Eng.jpg\",\"width\":600,\"height\":676},{\"@type\":\"BreadcrumbList\",\"@id\":\"https:\/\/www.clusteraudiovisual.cat\/en\/talentaudiovisual\/live-arts-screen-2025\/#breadcrumb\",\"itemListElement\":[{\"@type\":\"ListItem\",\"position\":1,\"name\":\"Audiovisual Talent Week 2025\",\"item\":\"https:\/\/www.clusteraudiovisual.cat\/en\/talentaudiovisual\/\"},{\"@type\":\"ListItem\",\"position\":2,\"name\":\"Live Arts Screen 2025\"}]},{\"@type\":\"WebSite\",\"@id\":\"https:\/\/www.clusteraudiovisual.cat\/en\/#website\",\"url\":\"https:\/\/www.clusteraudiovisual.cat\/en\/\",\"name\":\"Cl\u00faster Audiovisual\",\"description\":\"Associaci\u00f3 d&#039;empreses que integren el sector audiovisual.\",\"potentialAction\":[{\"@type\":\"SearchAction\",\"target\":{\"@type\":\"EntryPoint\",\"urlTemplate\":\"https:\/\/www.clusteraudiovisual.cat\/en\/?s={search_term_string}\"},\"query-input\":{\"@type\":\"PropertyValueSpecification\",\"valueRequired\":true,\"valueName\":\"search_term_string\"}}],\"inLanguage\":\"en-US\"}]}<\/script>\n<!-- \/ Yoast SEO plugin. -->","yoast_head_json":{"title":"Live Arts Screen 2025 - Cl\u00faster Audiovisual","description":"The Talent Pact is an initiative of the Audiovisual Cluster of Catalonia that was born with the aim of helping emerging talent to professionalize and to connect with the fields of the performing and audiovisual arts.","robots":{"index":"index","follow":"follow","max-snippet":"max-snippet:-1","max-image-preview":"max-image-preview:large","max-video-preview":"max-video-preview:-1"},"canonical":"https:\/\/www.clusteraudiovisual.cat\/en\/talentaudiovisual\/live-arts-screen-2025\/","og_locale":"en_US","og_type":"article","og_title":"Live Arts Screen 2025 - Cl\u00faster Audiovisual","og_description":"The Talent Pact is an initiative of the Audiovisual Cluster of Catalonia that was born with the aim of helping emerging talent to professionalize and to connect with the fields of the performing and audiovisual arts.","og_url":"https:\/\/www.clusteraudiovisual.cat\/en\/talentaudiovisual\/live-arts-screen-2025\/","og_site_name":"Cl\u00faster Audiovisual","article_modified_time":"2026-03-11T10:16:53+00:00","og_image":[{"width":600,"height":676,"url":"https:\/\/www.clusteraudiovisual.cat\/wp-content\/uploads\/2025\/11\/STalent2025_Banner_Web_Responsive_Eng.jpg","type":"image\/jpeg"}],"twitter_card":"summary_large_image","twitter_image":"https:\/\/www.clusteraudiovisual.cat\/wp-content\/uploads\/2022\/10\/Agenda_STalent2022-1030x579.jpg","twitter_misc":{"Est. reading time":"7 minutes"},"schema":{"@context":"https:\/\/schema.org","@graph":[{"@type":"WebPage","@id":"https:\/\/www.clusteraudiovisual.cat\/en\/talentaudiovisual\/live-arts-screen-2025\/","url":"https:\/\/www.clusteraudiovisual.cat\/en\/talentaudiovisual\/live-arts-screen-2025\/","name":"Live Arts Screen 2025 - Cl\u00faster Audiovisual","isPartOf":{"@id":"https:\/\/www.clusteraudiovisual.cat\/en\/#website"},"primaryImageOfPage":{"@id":"https:\/\/www.clusteraudiovisual.cat\/en\/talentaudiovisual\/live-arts-screen-2025\/#primaryimage"},"image":{"@id":"https:\/\/www.clusteraudiovisual.cat\/en\/talentaudiovisual\/live-arts-screen-2025\/#primaryimage"},"thumbnailUrl":"https:\/\/www.clusteraudiovisual.cat\/wp-content\/uploads\/2025\/11\/STalent2025_Banner_Web_Responsive_Eng.jpg","datePublished":"2024-10-01T13:35:06+00:00","dateModified":"2026-03-11T10:16:53+00:00","description":"The Talent Pact is an initiative of the Audiovisual Cluster of Catalonia that was born with the aim of helping emerging talent to professionalize and to connect with the fields of the performing and audiovisual arts.","breadcrumb":{"@id":"https:\/\/www.clusteraudiovisual.cat\/en\/talentaudiovisual\/live-arts-screen-2025\/#breadcrumb"},"inLanguage":"en-US","potentialAction":[{"@type":"ReadAction","target":["https:\/\/www.clusteraudiovisual.cat\/en\/talentaudiovisual\/live-arts-screen-2025\/"]}]},{"@type":"ImageObject","inLanguage":"en-US","@id":"https:\/\/www.clusteraudiovisual.cat\/en\/talentaudiovisual\/live-arts-screen-2025\/#primaryimage","url":"https:\/\/www.clusteraudiovisual.cat\/wp-content\/uploads\/2025\/11\/STalent2025_Banner_Web_Responsive_Eng.jpg","contentUrl":"https:\/\/www.clusteraudiovisual.cat\/wp-content\/uploads\/2025\/11\/STalent2025_Banner_Web_Responsive_Eng.jpg","width":600,"height":676},{"@type":"BreadcrumbList","@id":"https:\/\/www.clusteraudiovisual.cat\/en\/talentaudiovisual\/live-arts-screen-2025\/#breadcrumb","itemListElement":[{"@type":"ListItem","position":1,"name":"Audiovisual Talent Week 2025","item":"https:\/\/www.clusteraudiovisual.cat\/en\/talentaudiovisual\/"},{"@type":"ListItem","position":2,"name":"Live Arts Screen 2025"}]},{"@type":"WebSite","@id":"https:\/\/www.clusteraudiovisual.cat\/en\/#website","url":"https:\/\/www.clusteraudiovisual.cat\/en\/","name":"Cl\u00faster Audiovisual","description":"Associaci\u00f3 d&#039;empreses que integren el sector audiovisual.","potentialAction":[{"@type":"SearchAction","target":{"@type":"EntryPoint","urlTemplate":"https:\/\/www.clusteraudiovisual.cat\/en\/?s={search_term_string}"},"query-input":{"@type":"PropertyValueSpecification","valueRequired":true,"valueName":"search_term_string"}}],"inLanguage":"en-US"}]}},"_links":{"self":[{"href":"https:\/\/www.clusteraudiovisual.cat\/en\/wp-json\/wp\/v2\/pages\/41804","targetHints":{"allow":["GET"]}}],"collection":[{"href":"https:\/\/www.clusteraudiovisual.cat\/en\/wp-json\/wp\/v2\/pages"}],"about":[{"href":"https:\/\/www.clusteraudiovisual.cat\/en\/wp-json\/wp\/v2\/types\/page"}],"author":[{"embeddable":true,"href":"https:\/\/www.clusteraudiovisual.cat\/en\/wp-json\/wp\/v2\/users\/10"}],"replies":[{"embeddable":true,"href":"https:\/\/www.clusteraudiovisual.cat\/en\/wp-json\/wp\/v2\/comments?post=41804"}],"version-history":[{"count":33,"href":"https:\/\/www.clusteraudiovisual.cat\/en\/wp-json\/wp\/v2\/pages\/41804\/revisions"}],"predecessor-version":[{"id":55693,"href":"https:\/\/www.clusteraudiovisual.cat\/en\/wp-json\/wp\/v2\/pages\/41804\/revisions\/55693"}],"up":[{"embeddable":true,"href":"https:\/\/www.clusteraudiovisual.cat\/en\/wp-json\/wp\/v2\/pages\/1315"}],"wp:featuredmedia":[{"embeddable":true,"href":"https:\/\/www.clusteraudiovisual.cat\/en\/wp-json\/wp\/v2\/media\/53092"}],"wp:attachment":[{"href":"https:\/\/www.clusteraudiovisual.cat\/en\/wp-json\/wp\/v2\/media?parent=41804"}],"curies":[{"name":"wp","href":"https:\/\/api.w.org\/{rel}","templated":true}]}}