{"id":41781,"date":"2024-10-01T15:25:21","date_gmt":"2024-10-01T13:25:21","guid":{"rendered":"https:\/\/www.clusteraudiovisual.cat\/?page_id=41781"},"modified":"2025-12-23T13:47:22","modified_gmt":"2025-12-23T12:47:22","slug":"conferences-2025","status":"publish","type":"page","link":"https:\/\/www.clusteraudiovisual.cat\/en\/talentaudiovisual\/conferences-2025\/","title":{"rendered":"Conferences &#038; Sessions 2025"},"content":{"rendered":"<div id='full_slider_1'  class='avia-fullwidth-slider main_color avia-shadow av-small-hide av-mini-hide  avia-builder-el-0  el_before_av_slideshow_full  avia-builder-el-first   container_wrap fullsize'  ><div  class='avia-slideshow av-bqd3v9x-428a24ca8b0085e7975f61723742dbde avia-slideshow-featured_large av_slideshow_full avia-slide-slider av-small-hide av-mini-hide av-slideshow-ui av-control-hidden av-no-slider-navigation av-hide-nav-arrows av-slideshow-manual av-loop-once av-loop-manual-endless av-default-height-applied   avia-slideshow-1' data-slideshow-options=\"{&quot;animation&quot;:&quot;slide&quot;,&quot;autoplay&quot;:false,&quot;loop_autoplay&quot;:&quot;once&quot;,&quot;interval&quot;:5,&quot;loop_manual&quot;:&quot;manual-endless&quot;,&quot;autoplay_stopper&quot;:false,&quot;noNavigation&quot;:true,&quot;bg_slider&quot;:false,&quot;keep_padding&quot;:false,&quot;hoverpause&quot;:false,&quot;show_slide_delay&quot;:0}\"  itemprop=\"image\" itemscope=\"itemscope\" itemtype=\"https:\/\/schema.org\/ImageObject\" ><ul class='avia-slideshow-inner ' style='padding-bottom: 26.666666666667%;'><li  class='avia-slideshow-slide av-bqd3v9x-428a24ca8b0085e7975f61723742dbde__0  av-single-slide slide-1 slide-odd'><div data-rel='slideshow-1' class='avia-slide-wrap '   ><img decoding=\"async\" fetchpriority=\"high\" class=\"wp-image-53083 avia-img-lazy-loading-not-53083\"  src=\"https:\/\/www.clusteraudiovisual.cat\/wp-content\/uploads\/2025\/11\/STalent2025_Banner_Web_Eng.jpg\" width=\"1500\" height=\"400\" title='STalent2025_Banner_Web_Eng' alt=''  itemprop=\"thumbnailUrl\" srcset=\"https:\/\/www.clusteraudiovisual.cat\/wp-content\/uploads\/2025\/11\/STalent2025_Banner_Web_Eng.jpg 1500w, https:\/\/www.clusteraudiovisual.cat\/wp-content\/uploads\/2025\/11\/STalent2025_Banner_Web_Eng-300x80.jpg 300w, https:\/\/www.clusteraudiovisual.cat\/wp-content\/uploads\/2025\/11\/STalent2025_Banner_Web_Eng-1030x275.jpg 1030w, https:\/\/www.clusteraudiovisual.cat\/wp-content\/uploads\/2025\/11\/STalent2025_Banner_Web_Eng-768x205.jpg 768w, https:\/\/www.clusteraudiovisual.cat\/wp-content\/uploads\/2025\/11\/STalent2025_Banner_Web_Eng-705x188.jpg 705w\" sizes=\"(max-width: 1500px) 100vw, 1500px\" \/><\/div><\/li><\/ul><\/div><\/div>\n<div id='full_slider_2'  class='avia-fullwidth-slider main_color avia-shadow av-desktop-hide av-medium-hide  avia-builder-el-1  el_after_av_slideshow_full  el_before_av_submenu   slider-not-first container_wrap fullsize'  ><div  class='avia-slideshow av-atxktzp-1244ac3664e6bc9a8c96fbb3a1d4c783 avia-slideshow-featured_large av_slideshow_full avia-slide-slider av-desktop-hide av-medium-hide av-slideshow-ui av-control-hidden av-no-slider-navigation av-hide-nav-arrows av-slideshow-manual av-loop-once av-loop-manual-endless av-default-height-applied   avia-slideshow-2' data-slideshow-options=\"{&quot;animation&quot;:&quot;slide&quot;,&quot;autoplay&quot;:false,&quot;loop_autoplay&quot;:&quot;once&quot;,&quot;interval&quot;:5,&quot;loop_manual&quot;:&quot;manual-endless&quot;,&quot;autoplay_stopper&quot;:false,&quot;noNavigation&quot;:true,&quot;bg_slider&quot;:false,&quot;keep_padding&quot;:false,&quot;hoverpause&quot;:false,&quot;show_slide_delay&quot;:0}\"  itemprop=\"image\" itemscope=\"itemscope\" itemtype=\"https:\/\/schema.org\/ImageObject\" ><ul class='avia-slideshow-inner ' style='padding-bottom: 105%;'><li  class='avia-slideshow-slide av-atxktzp-1244ac3664e6bc9a8c96fbb3a1d4c783__0  av-single-slide slide-1 slide-odd'><div data-rel='slideshow-2' class='avia-slide-wrap '   ><img decoding=\"async\" fetchpriority=\"high\" class=\"wp-image-53092 avia-img-lazy-loading-not-53092\"  src=\"https:\/\/www.clusteraudiovisual.cat\/wp-content\/uploads\/2025\/11\/STalent2025_Banner_Web_Responsive_Eng-600x630.jpg\" width=\"600\" height=\"630\" title='STalent2025_Banner_Web_Responsive_Eng' alt=''  itemprop=\"thumbnailUrl\"   \/><\/div><\/li><\/ul><\/div><\/div>\n<div class='clear'><\/div><div id='sub_menu1'  class='av-submenu-container av-1r8ummb-66aa239d989e0830ef55840042f75d9e alternate_color av-switch-768  avia-builder-el-2  el_after_av_slideshow_full  el_before_av_masonry_gallery  av-sticky-submenu submenu-not-first container_wrap fullsize' style='z-index:301' ><div class='container av-menu-mobile-active av-submenu-pos-center'><a href=\"#\" class=\"mobile_menu_toggle\"><span class='avia-svg-icon avia-font-svg_entypo-fontello' data-av_svg_icon='list' data-av_iconset='svg_entypo-fontello'><svg version=\"1.1\" xmlns=\"http:\/\/www.w3.org\/2000\/svg\" width=\"22\" height=\"32\" viewBox=\"0 0 22 32\" preserveAspectRatio=\"xMidYMid meet\" aria-labelledby='av-svg-title-1' aria-describedby='av-svg-desc-1' role=\"graphics-symbol\" aria-hidden=\"true\">\n<title id='av-svg-title-1'>List<\/title>\n<desc id='av-svg-desc-1'>List<\/desc>\n<path d=\"M3.2 20.8q0.64 0 1.12 0.48t0.48 1.12-0.48 1.12-1.12 0.48h-1.6q-0.64 0-1.12-0.48t-0.48-1.12 0.448-1.12 1.152-0.48h1.6zM3.2 14.4q0.64 0 1.12 0.48t0.48 1.12-0.48 1.12-1.12 0.48h-1.6q-0.64 0-1.12-0.48t-0.48-1.12 0.448-1.12 1.152-0.48h1.6zM3.2 8q0.64 0 1.12 0.48t0.48 1.12-0.48 1.12-1.12 0.48h-1.6q-0.64 0-1.12-0.48t-0.48-1.12 0.448-1.12 1.152-0.48h1.6zM9.6 11.2q-0.64 0-1.12-0.48t-0.48-1.12 0.48-1.12 1.12-0.48h11.2q0.704 0 1.152 0.48t0.448 1.12-0.48 1.12-1.12 0.48h-11.2zM20.8 14.4q0.704 0 1.152 0.48t0.448 1.12-0.48 1.12-1.12 0.48h-11.2q-0.64 0-1.12-0.48t-0.48-1.12 0.48-1.12 1.12-0.48h11.2zM20.8 20.8q0.704 0 1.152 0.48t0.448 1.12-0.48 1.12-1.12 0.48h-11.2q-0.64 0-1.12-0.48t-0.48-1.12 0.48-1.12 1.12-0.48h11.2z\"><\/path>\n<\/svg><\/span><span class=\"av-current-placeholder\">Menu<\/span><\/a><ul id=\"menu-stalent-2025-eng\" class=\"av-subnav-menu\" role=\"menu\"><li role=\"menuitem\" id=\"menu-item-42228\" class=\"menu-item menu-item-type-post_type menu-item-object-page menu-item-top-level menu-item-top-level-1\"><a href=\"https:\/\/www.clusteraudiovisual.cat\/en\/talentaudiovisual\/\" itemprop=\"url\" tabindex=\"0\"><span class=\"avia-bullet\"><\/span><span class=\"avia-menu-text\">HOME<\/span><span class=\"avia-menu-fx\"><span class=\"avia-arrow-wrap\"><span class=\"avia-arrow\"><\/span><\/span><\/span><\/a><\/li>\n<li role=\"menuitem\" id=\"menu-item-42224\" class=\"menu-item menu-item-type-post_type menu-item-object-page menu-item-has-children menu-item-top-level menu-item-top-level-2\"><a href=\"https:\/\/www.clusteraudiovisual.cat\/en\/talentaudiovisual\/program-2025\/\" itemprop=\"url\" tabindex=\"0\"><span class=\"avia-bullet\"><\/span><span class=\"avia-menu-text\">PROGRAM<\/span><span class=\"avia-menu-fx\"><span class=\"avia-arrow-wrap\"><span class=\"avia-arrow\"><\/span><\/span><\/span><\/a>\n\n\n<ul class=\"sub-menu\">\n\t<li role=\"menuitem\" id=\"menu-item-42223\" class=\"menu-item menu-item-type-post_type menu-item-object-page\"><a href=\"https:\/\/www.clusteraudiovisual.cat\/en\/talentaudiovisual\/conferences-2025\/\" itemprop=\"url\" tabindex=\"0\"><span class=\"avia-bullet\"><\/span><span class=\"avia-menu-text\">CONFERENCES &#038; SESSIONS<\/span><\/a><\/li>\n\t<li role=\"menuitem\" id=\"menu-item-42222\" class=\"menu-item menu-item-type-post_type menu-item-object-page\"><a href=\"https:\/\/www.clusteraudiovisual.cat\/en\/talentaudiovisual\/live-arts-screen-2025\/\" itemprop=\"url\" tabindex=\"0\"><span class=\"avia-bullet\"><\/span><span class=\"avia-menu-text\">LIVE ARTS SCREEN<\/span><\/a><\/li>\n\t<li role=\"menuitem\" id=\"menu-item-42233\" class=\"menu-item menu-item-type-post_type menu-item-object-page\"><a href=\"https:\/\/www.clusteraudiovisual.cat\/en\/talentaudiovisual\/market-for-new-professionals-2025\/\" itemprop=\"url\" tabindex=\"0\"><span class=\"avia-bullet\"><\/span><span class=\"avia-menu-text\">MARKET FOR NEW PROFESSIONALS<\/span><\/a><\/li>\n\t<li role=\"menuitem\" id=\"menu-item-42232\" class=\"menu-item menu-item-type-post_type menu-item-object-page\"><a href=\"https:\/\/www.clusteraudiovisual.cat\/en\/talentaudiovisual\/international-distribution-meetings-2025\/\" itemprop=\"url\" tabindex=\"0\"><span class=\"avia-bullet\"><\/span><span class=\"avia-menu-text\">INTERNATIONAL DISTRIBUTION MEETINGS<\/span><\/a><\/li>\n\t<li role=\"menuitem\" id=\"menu-item-42229\" class=\"menu-item menu-item-type-post_type menu-item-object-page\"><a href=\"https:\/\/www.clusteraudiovisual.cat\/en\/talentaudiovisual\/audiovisual-pitch-2025\/\" itemprop=\"url\" tabindex=\"0\"><span class=\"avia-bullet\"><\/span><span class=\"avia-menu-text\">AUDIOVISUAL PITCH<\/span><\/a><\/li>\n\t<li role=\"menuitem\" id=\"menu-item-42234\" class=\"menu-item menu-item-type-post_type menu-item-object-page\"><a href=\"https:\/\/www.clusteraudiovisual.cat\/en\/talentaudiovisual\/international-distribution-pitch-2025\/\" itemprop=\"url\" tabindex=\"0\"><span class=\"avia-bullet\"><\/span><span class=\"avia-menu-text\">INTERNATIONAL DISTRIBUTION PITCH<\/span><\/a><\/li>\n<\/ul>\n<\/li>\n<li role=\"menuitem\" id=\"menu-item-42235\" class=\"menu-item menu-item-type-custom menu-item-object-custom menu-item-has-children menu-item-top-level menu-item-top-level-3\"><a href=\"#\" itemprop=\"url\" tabindex=\"0\"><span class=\"avia-bullet\"><\/span><span class=\"avia-menu-text\">PARTICIPANTS<\/span><span class=\"avia-menu-fx\"><span class=\"avia-arrow-wrap\"><span class=\"avia-arrow\"><\/span><\/span><\/span><\/a>\n\n\n<ul class=\"sub-menu\">\n\t<li role=\"menuitem\" id=\"menu-item-42227\" class=\"menu-item menu-item-type-post_type menu-item-object-page\"><a href=\"https:\/\/www.clusteraudiovisual.cat\/en\/talentaudiovisual\/participants-universitats\/\" itemprop=\"url\" tabindex=\"0\"><span class=\"avia-bullet\"><\/span><span class=\"avia-menu-text\">UNIVERSITY CENTERS<\/span><\/a><\/li>\n\t<li role=\"menuitem\" id=\"menu-item-42230\" class=\"menu-item menu-item-type-post_type menu-item-object-page\"><a href=\"https:\/\/www.clusteraudiovisual.cat\/en\/talentaudiovisual\/participants-empreses\/\" itemprop=\"url\" tabindex=\"0\"><span class=\"avia-bullet\"><\/span><span class=\"avia-menu-text\">COMPANIES<\/span><\/a><\/li>\n\t<li role=\"menuitem\" id=\"menu-item-42237\" class=\"menu-item menu-item-type-post_type menu-item-object-page\"><a href=\"https:\/\/www.clusteraudiovisual.cat\/en\/talentaudiovisual\/audiovisual-pitch-2025\/\" itemprop=\"url\" tabindex=\"0\"><span class=\"avia-bullet\"><\/span><span class=\"avia-menu-text\">AUDIOVISUAL PITCH<\/span><\/a><\/li>\n<\/ul>\n<\/li>\n<li role=\"menuitem\" id=\"menu-item-42236\" class=\"menu-item menu-item-type-custom menu-item-object-custom menu-item-has-children menu-item-top-level menu-item-top-level-4\"><a href=\"#\" itemprop=\"url\" tabindex=\"0\"><span class=\"avia-bullet\"><\/span><span class=\"avia-menu-text\">ARCHIVE<\/span><span class=\"avia-menu-fx\"><span class=\"avia-arrow-wrap\"><span class=\"avia-arrow\"><\/span><\/span><\/span><\/a>\n\n\n<ul class=\"sub-menu\">\n\t<li role=\"menuitem\" id=\"menu-item-42226\" class=\"menu-item menu-item-type-post_type menu-item-object-page\"><a href=\"https:\/\/www.clusteraudiovisual.cat\/en\/historic-projectes\/\" itemprop=\"url\" tabindex=\"0\"><span class=\"avia-bullet\"><\/span><span class=\"avia-menu-text\">PITCH PROJECT HISTORY<\/span><\/a><\/li>\n\t<li role=\"menuitem\" id=\"menu-item-42225\" class=\"menu-item menu-item-type-post_type menu-item-object-page\"><a href=\"https:\/\/www.clusteraudiovisual.cat\/en\/talentaudiovisual\/previous-editions\/\" itemprop=\"url\" tabindex=\"0\"><span class=\"avia-bullet\"><\/span><span class=\"avia-menu-text\">PREVIOUS EDITIONS<\/span><\/a><\/li>\n<\/ul>\n<\/li>\n<li role=\"menuitem\" id=\"menu-item-53926\" class=\"menu-item menu-item-type-custom menu-item-object-custom menu-item-has-children menu-item-top-level menu-item-top-level-5\"><a href=\"#\" itemprop=\"url\" tabindex=\"0\"><span class=\"avia-bullet\"><\/span><span class=\"avia-menu-text\">INFO<\/span><span class=\"avia-menu-fx\"><span class=\"avia-arrow-wrap\"><span class=\"avia-arrow\"><\/span><\/span><\/span><\/a>\n\n\n<ul class=\"sub-menu\">\n\t<li role=\"menuitem\" id=\"menu-item-53925\" class=\"menu-item menu-item-type-post_type menu-item-object-page\"><a href=\"https:\/\/www.clusteraudiovisual.cat\/en\/talentaudiovisual\/getting-here\/\" itemprop=\"url\" tabindex=\"0\"><span class=\"avia-bullet\"><\/span><span class=\"avia-menu-text\">GETTING HERE<\/span><\/a><\/li>\n\t<li role=\"menuitem\" id=\"menu-item-42231\" class=\"menu-item menu-item-type-post_type menu-item-object-page\"><a href=\"https:\/\/www.clusteraudiovisual.cat\/en\/talentaudiovisual\/contacta\/\" itemprop=\"url\" tabindex=\"0\"><span class=\"avia-bullet\"><\/span><span class=\"avia-menu-text\">CONTACT US<\/span><\/a><\/li>\n<\/ul>\n<\/li>\n<li role=\"menuitem\" id=\"menu-item-wpml-ls-724-en\" class=\"menu-item-language menu-item-language-current menu-item wpml-ls-slot-724 wpml-ls-item wpml-ls-item-en wpml-ls-current-language wpml-ls-menu-item wpml-ls-last-item menu-item-type-wpml_ls_menu_item menu-item-object-wpml_ls_menu_item menu-item-has-children menu-item-top-level menu-item-top-level-6\"><a href=\"https:\/\/www.clusteraudiovisual.cat\/en\/\" itemprop=\"url\" tabindex=\"0\"><span class=\"avia-bullet\"><\/span><span class=\"avia-menu-text\"><img decoding=\"async\"\n            class=\"wpml-ls-flag\"\n            src=\"https:\/\/www.clusteraudiovisual.cat\/wp-content\/plugins\/sitepress-multilingual-cms\/res\/flags\/en.png\"\n            alt=\"English\"\n            loading=\"lazy\"\n            \n            \n    \/><\/span><span class=\"avia-menu-fx\"><span class=\"avia-arrow-wrap\"><span class=\"avia-arrow\"><\/span><\/span><\/span><\/a>\n\n\n<ul class=\"sub-menu\">\n\t<li role=\"menuitem\" id=\"menu-item-wpml-ls-724-ca\" class=\"menu-item-language menu-item wpml-ls-slot-724 wpml-ls-item wpml-ls-item-ca wpml-ls-menu-item wpml-ls-first-item menu-item-type-wpml_ls_menu_item menu-item-object-wpml_ls_menu_item\"><a title=\"Switch to Catalan\" href=\"https:\/\/www.clusteraudiovisual.cat\/\" itemprop=\"url\" tabindex=\"0\"><span class=\"avia-bullet\"><\/span><span class=\"avia-menu-text\"><img decoding=\"async\"\n            class=\"wpml-ls-flag\"\n            src=\"https:\/\/www.clusteraudiovisual.cat\/wp-content\/plugins\/sitepress-multilingual-cms\/res\/flags\/ca.png\"\n            alt=\"Catalan\"\n            loading=\"lazy\"\n            \n            \n    \/><\/span><\/a><\/li>\n\t<li role=\"menuitem\" id=\"menu-item-wpml-ls-724-es\" class=\"menu-item-language menu-item wpml-ls-slot-724 wpml-ls-item wpml-ls-item-es wpml-ls-menu-item menu-item-type-wpml_ls_menu_item menu-item-object-wpml_ls_menu_item\"><a title=\"Switch to Spanish\" href=\"https:\/\/www.clusteraudiovisual.cat\/es\/\" itemprop=\"url\" tabindex=\"0\"><span class=\"avia-bullet\"><\/span><span class=\"avia-menu-text\"><img decoding=\"async\"\n            class=\"wpml-ls-flag\"\n            src=\"https:\/\/www.clusteraudiovisual.cat\/wp-content\/plugins\/sitepress-multilingual-cms\/res\/flags\/es.png\"\n            alt=\"Spanish\"\n            loading=\"lazy\"\n            \n            \n    \/><\/span><\/a><\/li>\n<\/ul>\n<\/li>\n<\/ul><\/div><\/div><div class='sticky_placeholder'><\/div>\n\n<style type=\"text\/css\" data-created_by=\"avia_inline_auto\" id=\"style-css-av-kj8oxh-9c7c13ea5ba30369dfb4a709758f0918\">\n#top .av-masonry.av-kj8oxh-9c7c13ea5ba30369dfb4a709758f0918{\nbackground-color:#ffffff;\n}\n<\/style>\n<div id='av-masonry-1' class='av-masonry av-kj8oxh-9c7c13ea5ba30369dfb4a709758f0918 noHover av-flex-size av-large-gap av-hover-overlay-active av-masonry-animation-active av-masonry-col-6 av-caption-always av-caption-style-overlay av-masonry-gallery av-small-hide av-mini-hide ' data-post_id=\"41781\"><div class=\"av-masonry-container isotope av-js-disabled\"><div class='av-masonry-entry isotope-item av-masonry-item-no-image '><\/div><a href=\"https:\/\/www.clusteraudiovisual.cat\/en\/talentaudiovisual\/conferences-2025\/\"  aria-label=\"image Conferences &#038; Sessions\"  id='av-masonry-1-item-52609' data-av-masonry-item='52609' class='av-masonry-entry isotope-item post-52609 attachment type-attachment status-inherit hentry  av-masonry-item-with-image' title=\"Conferences &#038; Sessions\" alt=\"Confer\u00e8ncies i sessions\"  data-av-masonry-custom-link=\"https:\/\/www.clusteraudiovisual.cat\/en\/talentaudiovisual\/conferences-2025\/\"  itemprop=\"thumbnailUrl\" ><div class='av-inner-masonry-sizer'><\/div><figure class='av-inner-masonry main_color'><div class=\"av-masonry-outerimage-container\"><div class='av-masonry-image-container'  ><img decoding=\"async\" width=\"500\" height=\"500\" loading=\"lazy\" class=\"wp-image-52609 avia-img-lazy-loading-52609\"  src=\"https:\/\/www.clusteraudiovisual.cat\/wp-content\/uploads\/2025\/10\/STalent_MenuMoscaic_ConferenciesISessions.jpg\" title=\"Conferences &#038; Sessions\" alt=\"Confer\u00e8ncies i sessions\" srcset=\"https:\/\/www.clusteraudiovisual.cat\/wp-content\/uploads\/2025\/10\/STalent_MenuMoscaic_ConferenciesISessions.jpg 500w, https:\/\/www.clusteraudiovisual.cat\/wp-content\/uploads\/2025\/10\/STalent_MenuMoscaic_ConferenciesISessions-300x300.jpg 300w, https:\/\/www.clusteraudiovisual.cat\/wp-content\/uploads\/2025\/10\/STalent_MenuMoscaic_ConferenciesISessions-80x80.jpg 80w, https:\/\/www.clusteraudiovisual.cat\/wp-content\/uploads\/2025\/10\/STalent_MenuMoscaic_ConferenciesISessions-36x36.jpg 36w, https:\/\/www.clusteraudiovisual.cat\/wp-content\/uploads\/2025\/10\/STalent_MenuMoscaic_ConferenciesISessions-180x180.jpg 180w\" sizes=\"auto, (max-width: 500px) 100vw, 500px\" \/><\/div><\/div><figcaption class='av-inner-masonry-content site-background'><div class='av-inner-masonry-content-pos'><div class='av-inner-masonry-content-pos-content'><div class='avia-arrow'><\/div><h3 class='av-masonry-entry-title entry-title '  itemprop=\"headline\" >Conferences &#038; Sessions<\/h3><\/div><\/div><\/figcaption><\/figure><\/a><!--end av-masonry entry--><a href=\"https:\/\/www.clusteraudiovisual.cat\/en\/talentaudiovisual\/live-arts-screen-2025\/\"  aria-label=\"image Live Arts Screen\"  id='av-masonry-1-item-52876' data-av-masonry-item='52876' class='av-masonry-entry isotope-item post-52876 attachment type-attachment status-inherit hentry  av-masonry-item-with-image' title=\"Live Arts Screen\" alt=\"Pantalla en viu\"  data-av-masonry-custom-link=\"https:\/\/www.clusteraudiovisual.cat\/en\/talentaudiovisual\/live-arts-screen-2025\/\"  itemprop=\"thumbnailUrl\" ><div class='av-inner-masonry-sizer'><\/div><figure class='av-inner-masonry main_color'><div class=\"av-masonry-outerimage-container\"><div class='av-masonry-image-container'  ><img decoding=\"async\" width=\"500\" height=\"500\" loading=\"lazy\" class=\"wp-image-52876 avia-img-lazy-loading-52876\"  src=\"https:\/\/www.clusteraudiovisual.cat\/wp-content\/uploads\/2025\/10\/STalent_MenuMoscaic_PantallaEnViu.jpg\" title=\"Live Arts Screen\" alt=\"Pantalla en viu\" srcset=\"https:\/\/www.clusteraudiovisual.cat\/wp-content\/uploads\/2025\/10\/STalent_MenuMoscaic_PantallaEnViu.jpg 500w, https:\/\/www.clusteraudiovisual.cat\/wp-content\/uploads\/2025\/10\/STalent_MenuMoscaic_PantallaEnViu-300x300.jpg 300w, https:\/\/www.clusteraudiovisual.cat\/wp-content\/uploads\/2025\/10\/STalent_MenuMoscaic_PantallaEnViu-80x80.jpg 80w, https:\/\/www.clusteraudiovisual.cat\/wp-content\/uploads\/2025\/10\/STalent_MenuMoscaic_PantallaEnViu-36x36.jpg 36w, https:\/\/www.clusteraudiovisual.cat\/wp-content\/uploads\/2025\/10\/STalent_MenuMoscaic_PantallaEnViu-180x180.jpg 180w\" sizes=\"auto, (max-width: 500px) 100vw, 500px\" \/><\/div><\/div><figcaption class='av-inner-masonry-content site-background'><div class='av-inner-masonry-content-pos'><div class='av-inner-masonry-content-pos-content'><div class='avia-arrow'><\/div><h3 class='av-masonry-entry-title entry-title '  itemprop=\"headline\" >Live Arts Screen<\/h3><\/div><\/div><\/figcaption><\/figure><\/a><!--end av-masonry entry--><a href=\"https:\/\/www.clusteraudiovisual.cat\/en\/talentaudiovisual\/market-for-new-professionals-2025\/\"  aria-label=\"image Market for New Professionals\"  id='av-masonry-1-item-52618' data-av-masonry-item='52618' class='av-masonry-entry isotope-item post-52618 attachment type-attachment status-inherit hentry  av-masonry-item-with-image' title=\"Market for New Professionals\" alt=\"Mercat de nous professionals\"  data-av-masonry-custom-link=\"https:\/\/www.clusteraudiovisual.cat\/en\/talentaudiovisual\/market-for-new-professionals-2025\/\"  itemprop=\"thumbnailUrl\" ><div class='av-inner-masonry-sizer'><\/div><figure class='av-inner-masonry main_color'><div class=\"av-masonry-outerimage-container\"><div class='av-masonry-image-container'  ><img decoding=\"async\" width=\"500\" height=\"500\" loading=\"lazy\" class=\"wp-image-52618 avia-img-lazy-loading-52618\"  src=\"https:\/\/www.clusteraudiovisual.cat\/wp-content\/uploads\/2025\/10\/STalent_MenuMoscaic_MercatDeNousProfessionals.jpg\" title=\"Market for New Professionals\" alt=\"Mercat de nous professionals\" srcset=\"https:\/\/www.clusteraudiovisual.cat\/wp-content\/uploads\/2025\/10\/STalent_MenuMoscaic_MercatDeNousProfessionals.jpg 500w, https:\/\/www.clusteraudiovisual.cat\/wp-content\/uploads\/2025\/10\/STalent_MenuMoscaic_MercatDeNousProfessionals-300x300.jpg 300w, https:\/\/www.clusteraudiovisual.cat\/wp-content\/uploads\/2025\/10\/STalent_MenuMoscaic_MercatDeNousProfessionals-80x80.jpg 80w, https:\/\/www.clusteraudiovisual.cat\/wp-content\/uploads\/2025\/10\/STalent_MenuMoscaic_MercatDeNousProfessionals-36x36.jpg 36w, https:\/\/www.clusteraudiovisual.cat\/wp-content\/uploads\/2025\/10\/STalent_MenuMoscaic_MercatDeNousProfessionals-180x180.jpg 180w\" sizes=\"auto, (max-width: 500px) 100vw, 500px\" \/><\/div><\/div><figcaption class='av-inner-masonry-content site-background'><div class='av-inner-masonry-content-pos'><div class='av-inner-masonry-content-pos-content'><div class='avia-arrow'><\/div><h3 class='av-masonry-entry-title entry-title '  itemprop=\"headline\" >Market for New Professionals<\/h3><\/div><\/div><\/figcaption><\/figure><\/a><!--end av-masonry entry--><a href=\"https:\/\/www.clusteraudiovisual.cat\/en\/talentaudiovisual\/international-distribution-meetings-2025\/\"  aria-label=\"image International Distribution Meetings\"  id='av-masonry-1-item-52612' data-av-masonry-item='52612' class='av-masonry-entry isotope-item post-52612 attachment type-attachment status-inherit hentry  av-masonry-item-with-image' title=\"International Distribution Meetings\" alt=\"International Distribution Meetings\"  data-av-masonry-custom-link=\"https:\/\/www.clusteraudiovisual.cat\/en\/talentaudiovisual\/international-distribution-meetings-2025\/\"  itemprop=\"thumbnailUrl\" ><div class='av-inner-masonry-sizer'><\/div><figure class='av-inner-masonry main_color'><div class=\"av-masonry-outerimage-container\"><div class='av-masonry-image-container'  ><img decoding=\"async\" width=\"500\" height=\"500\" loading=\"lazy\" class=\"wp-image-52612 avia-img-lazy-loading-52612\"  src=\"https:\/\/www.clusteraudiovisual.cat\/wp-content\/uploads\/2025\/10\/STalent_MenuMoscaic_InternationalDistributionMeetings.jpg\" title=\"International Distribution Meetings\" alt=\"International Distribution Meetings\" srcset=\"https:\/\/www.clusteraudiovisual.cat\/wp-content\/uploads\/2025\/10\/STalent_MenuMoscaic_InternationalDistributionMeetings.jpg 500w, https:\/\/www.clusteraudiovisual.cat\/wp-content\/uploads\/2025\/10\/STalent_MenuMoscaic_InternationalDistributionMeetings-300x300.jpg 300w, https:\/\/www.clusteraudiovisual.cat\/wp-content\/uploads\/2025\/10\/STalent_MenuMoscaic_InternationalDistributionMeetings-80x80.jpg 80w, https:\/\/www.clusteraudiovisual.cat\/wp-content\/uploads\/2025\/10\/STalent_MenuMoscaic_InternationalDistributionMeetings-36x36.jpg 36w, https:\/\/www.clusteraudiovisual.cat\/wp-content\/uploads\/2025\/10\/STalent_MenuMoscaic_InternationalDistributionMeetings-180x180.jpg 180w\" sizes=\"auto, (max-width: 500px) 100vw, 500px\" \/><\/div><\/div><figcaption class='av-inner-masonry-content site-background'><div class='av-inner-masonry-content-pos'><div class='av-inner-masonry-content-pos-content'><div class='avia-arrow'><\/div><h3 class='av-masonry-entry-title entry-title '  itemprop=\"headline\" >International Distribution Meetings<\/h3><\/div><\/div><\/figcaption><\/figure><\/a><!--end av-masonry entry--><a href=\"https:\/\/www.clusteraudiovisual.cat\/en\/talentaudiovisual\/audiovisual-pitch-2025\/\"  aria-label=\"image Audiovisual Pitch\"  id='av-masonry-1-item-52621' data-av-masonry-item='52621' class='av-masonry-entry isotope-item post-52621 attachment type-attachment status-inherit hentry  av-masonry-item-with-image' title=\"Audiovisual Pitch\" alt=\"Pitching Audiovisual 2025\"  data-av-masonry-custom-link=\"https:\/\/www.clusteraudiovisual.cat\/en\/talentaudiovisual\/audiovisual-pitch-2025\/\"  itemprop=\"thumbnailUrl\" ><div class='av-inner-masonry-sizer'><\/div><figure class='av-inner-masonry main_color'><div class=\"av-masonry-outerimage-container\"><div class='av-masonry-image-container'  ><img decoding=\"async\" width=\"500\" height=\"500\" loading=\"lazy\" class=\"wp-image-52621 avia-img-lazy-loading-52621\"  src=\"https:\/\/www.clusteraudiovisual.cat\/wp-content\/uploads\/2025\/10\/STalent_MenuMoscaic_PitchingAudiovisual.jpg\" title=\"Audiovisual Pitch\" alt=\"Pitching Audiovisual 2025\" srcset=\"https:\/\/www.clusteraudiovisual.cat\/wp-content\/uploads\/2025\/10\/STalent_MenuMoscaic_PitchingAudiovisual.jpg 500w, https:\/\/www.clusteraudiovisual.cat\/wp-content\/uploads\/2025\/10\/STalent_MenuMoscaic_PitchingAudiovisual-300x300.jpg 300w, https:\/\/www.clusteraudiovisual.cat\/wp-content\/uploads\/2025\/10\/STalent_MenuMoscaic_PitchingAudiovisual-80x80.jpg 80w, https:\/\/www.clusteraudiovisual.cat\/wp-content\/uploads\/2025\/10\/STalent_MenuMoscaic_PitchingAudiovisual-36x36.jpg 36w, https:\/\/www.clusteraudiovisual.cat\/wp-content\/uploads\/2025\/10\/STalent_MenuMoscaic_PitchingAudiovisual-180x180.jpg 180w\" sizes=\"auto, (max-width: 500px) 100vw, 500px\" \/><\/div><\/div><figcaption class='av-inner-masonry-content site-background'><div class='av-inner-masonry-content-pos'><div class='av-inner-masonry-content-pos-content'><div class='avia-arrow'><\/div><h3 class='av-masonry-entry-title entry-title '  itemprop=\"headline\" >Audiovisual Pitch<\/h3><\/div><\/div><\/figcaption><\/figure><\/a><!--end av-masonry entry--><a href=\"https:\/\/www.clusteraudiovisual.cat\/en\/talentaudiovisual\/international-distribution-pitch-2025\/\"  aria-label=\"image International Distribution Pitch\"  id='av-masonry-1-item-52606' data-av-masonry-item='52606' class='av-masonry-entry isotope-item post-52606 attachment type-attachment status-inherit hentry  av-masonry-item-with-image' title=\"International Distribution Pitch\" alt=\"Pitching distribuci\u00f3 internacional\"  data-av-masonry-custom-link=\"https:\/\/www.clusteraudiovisual.cat\/en\/talentaudiovisual\/international-distribution-pitch-2025\/\"  itemprop=\"thumbnailUrl\" ><div class='av-inner-masonry-sizer'><\/div><figure class='av-inner-masonry main_color'><div class=\"av-masonry-outerimage-container\"><div class='av-masonry-image-container'  ><img decoding=\"async\" width=\"500\" height=\"500\" loading=\"lazy\" class=\"wp-image-52606 avia-img-lazy-loading-52606\"  src=\"https:\/\/www.clusteraudiovisual.cat\/wp-content\/uploads\/2025\/10\/STalent_MenuMoscaic_PitchingDistribucioInternacional.jpg\" title=\"International Distribution Pitch\" alt=\"Pitching distribuci\u00f3 internacional\" srcset=\"https:\/\/www.clusteraudiovisual.cat\/wp-content\/uploads\/2025\/10\/STalent_MenuMoscaic_PitchingDistribucioInternacional.jpg 500w, https:\/\/www.clusteraudiovisual.cat\/wp-content\/uploads\/2025\/10\/STalent_MenuMoscaic_PitchingDistribucioInternacional-300x300.jpg 300w, https:\/\/www.clusteraudiovisual.cat\/wp-content\/uploads\/2025\/10\/STalent_MenuMoscaic_PitchingDistribucioInternacional-80x80.jpg 80w, https:\/\/www.clusteraudiovisual.cat\/wp-content\/uploads\/2025\/10\/STalent_MenuMoscaic_PitchingDistribucioInternacional-36x36.jpg 36w, https:\/\/www.clusteraudiovisual.cat\/wp-content\/uploads\/2025\/10\/STalent_MenuMoscaic_PitchingDistribucioInternacional-180x180.jpg 180w\" sizes=\"auto, (max-width: 500px) 100vw, 500px\" \/><\/div><\/div><figcaption class='av-inner-masonry-content site-background'><div class='av-inner-masonry-content-pos'><div class='av-inner-masonry-content-pos-content'><div class='avia-arrow'><\/div><h3 class='av-masonry-entry-title entry-title '  itemprop=\"headline\" >International Distribution Pitch<\/h3><\/div><\/div><\/figcaption><\/figure><\/a><!--end av-masonry entry--><\/div><\/div>\n<div id='av_section_1'  class='avia-section av-dunsw9v-8774c416cb9b891ce1c451106b4c4a71 main_color avia-section-default avia-no-border-styling  avia-builder-el-4  el_after_av_masonry_gallery  el_before_av_tab_section  av-small-hide av-mini-hide avia-bg-style-scroll container_wrap fullsize'  ><div class='container av-section-cont-open' ><div class='template-page content av-content-full alpha units'><div class='post-entry post-entry-type-page post-entry-41781'><div class='entry-content-wrapper clearfix'>\n\n<style type=\"text\/css\" data-created_by=\"avia_inline_auto\" id=\"style-css-av-3tmlszn-2e575ed5da1384e9e1190f7c49dfd8bf\">\n.flex_column.av-3tmlszn-2e575ed5da1384e9e1190f7c49dfd8bf{\nborder-radius:0px 0px 0px 0px;\npadding:0px 0px 0px 0px;\n}\n<\/style>\n<div  class='flex_column av-3tmlszn-2e575ed5da1384e9e1190f7c49dfd8bf av_one_full  avia-builder-el-5  avia-builder-el-no-sibling  first flex_column_div av-zero-column-padding  '     ><section  class='av_textblock_section av-3mfwyn7-0e9a677c1790d8c8aa668b575775f54d '   itemscope=\"itemscope\" itemtype=\"https:\/\/schema.org\/CreativeWork\" ><div class='avia_textblock'  itemprop=\"text\" ><h1 style=\"text-align: left;\"><span style=\"color: #ab185f;\">CONFERENCES &amp; SESSIONS<\/span><\/h1>\n<\/div><\/section><\/div>\n\n\n<style type=\"text\/css\" data-created_by=\"avia_inline_auto\" id=\"style-css-av-mhn7jkqr-1843f4c6c30c96661b7ab4f57263c5f6\">\n.av-tab-section-outer-container.av-mhn7jkqr-1843f4c6c30c96661b7ab4f57263c5f6 .av-tab-section-tab-title-container{\nbackground-color:rgba(238,55,105,0.15);\n}\n#top .av-tab-section-outer-container.av-mhn7jkqr-1843f4c6c30c96661b7ab4f57263c5f6 .av-active-tab-title.av-section-tab-title{\ncolor:#ab185f;\n}\n<\/style>\n<\/div><\/div><\/div><!-- close content main div --><\/div><\/div><div id='av-tab-section-1'  class='av-tab-section-container entry-content-wrapper main_color av-tab-no-transition av-tab-content-auto av-small-hide av-mini-hide av-tab-above-content  avia-builder-el-7  el_after_av_section  el_before_av_section  tab-section-not-first container_wrap fullsize'  ><div class='av-tab-section-outer-container av-mhn7jkqr-1843f4c6c30c96661b7ab4f57263c5f6 av-small-hide av-mini-hide'><div class='av-tab-section-tab-title-container avia-tab-title-padding-default' role='tablist'><a href='#audiences-in-the-age-of-algorithms' data-av-tab-section-title='1' class='av-section-tab-title av-active-tab-title no-scroll av-elz81h-d27a059aa49b547f153156e4f70e5e5f av-tab-no-icon av-tab-no-image ' role='tab' tabindex='0' aria-controls='av-tab-section-1-1'><span class='av-outer-tab-title'><span class='av-inner-tab-title'>AUDIENCES IN THE AGE OF ALGORITHMS<\/span><\/span><span class=\"av-tab-arrow-container\"><span><\/span><\/span><\/a><a href='#conversation-with-talent--eduard-sola-jlia-de-paz' data-av-tab-section-title='2' class='av-section-tab-title  av-p7vmjrp-553e1b3579bae4d754350b9504182756 av-tab-no-icon av-tab-no-image ' role='tab' tabindex='0' aria-controls='av-tab-section-1-2'><span class='av-outer-tab-title'><span class='av-inner-tab-title'>CONVERSATION WITH TALENT \u00b7 EDUARD SOLA &amp; J\u00daLIA DE PAZ<\/span><\/span><span class=\"av-tab-arrow-container\"><span><\/span><\/span><\/a><a href='#the-fascinating-journey-of-production' data-av-tab-section-title='3' class='av-section-tab-title  av-hwoq0gl-8277acda506c67dda6d5ca430a9b25cb av-tab-no-icon av-tab-no-image ' role='tab' tabindex='0' aria-controls='av-tab-section-1-3'><span class='av-outer-tab-title'><span class='av-inner-tab-title'>THE FASCINATING JOURNEY OF PRODUCTION<\/span><\/span><span class=\"av-tab-arrow-container\"><span><\/span><\/span><\/a><a href='#meet-the-experts--animaci' data-av-tab-section-title='4' class='av-section-tab-title  av-a1pih05-473f1d730025ae5b8134fac8b2ce45f0 av-tab-no-icon av-tab-no-image ' role='tab' tabindex='0' aria-controls='av-tab-section-1-4'><span class='av-outer-tab-title'><span class='av-inner-tab-title'>MEET THE EXPERTS \u00b7 ANIMACI\u00d3<\/span><\/span><span class=\"av-tab-arrow-container\"><span><\/span><\/span><\/a><a href='#meetinnovations' data-av-tab-section-title='5' class='av-section-tab-title  av-4bzh3p1-dca7930e55b3a4b31466532924a1427b av-tab-no-icon av-tab-no-image ' role='tab' tabindex='0' aria-controls='av-tab-section-1-5'><span class='av-outer-tab-title'><span class='av-inner-tab-title'>MEETINNOVATIONS<\/span><\/span><span class=\"av-tab-arrow-container\"><span><\/span><\/span><\/a><\/div><div class='avia-slideshow-arrows av-tabsection-arrow' ><a href='#prev' class='prev-slide av_prev_tab_section av-tab-section-slide avia-svg-icon avia-font-svg_entypo-fontello' data-av_svg_icon='left-open-big' data-av_iconset='svg_entypo-fontello' tabindex='-1' title=\"Previous\"><svg version=\"1.1\" xmlns=\"http:\/\/www.w3.org\/2000\/svg\" width=\"15\" height=\"32\" viewBox=\"0 0 15 32\" preserveAspectRatio=\"xMidYMid meet\" aria-labelledby='av-svg-title-2' aria-describedby='av-svg-desc-2' role=\"graphics-symbol\" aria-hidden=\"true\">\n<title id='av-svg-title-2'>Previous<\/title>\n<desc id='av-svg-desc-2'>Previous<\/desc>\n<path d=\"M14.464 27.84q0.832 0.832 0 1.536-0.832 0.832-1.536 0l-12.544-12.608q-0.768-0.768 0-1.6l12.544-12.608q0.704-0.832 1.536 0 0.832 0.704 0 1.536l-11.456 11.904z\"><\/path>\n<\/svg><span class='avia_hidden_link_text'>Previous<\/span><\/a><a href='#next' class='next-slide av_next_tab_section av-tab-section-slide avia-svg-icon avia-font-svg_entypo-fontello' data-av_svg_icon='right-open-big' data-av_iconset='svg_entypo-fontello' tabindex='-1' title=\"Next\"><svg version=\"1.1\" xmlns=\"http:\/\/www.w3.org\/2000\/svg\" width=\"15\" height=\"32\" viewBox=\"0 0 15 32\" preserveAspectRatio=\"xMidYMid meet\" aria-labelledby='av-svg-title-3' aria-describedby='av-svg-desc-3' role=\"graphics-symbol\" aria-hidden=\"true\">\n<title id='av-svg-title-3'>Next<\/title>\n<desc id='av-svg-desc-3'>Next<\/desc>\n<path d=\"M0.416 27.84l11.456-11.84-11.456-11.904q-0.832-0.832 0-1.536 0.832-0.832 1.536 0l12.544 12.608q0.768 0.832 0 1.6l-12.544 12.608q-0.704 0.832-1.536 0-0.832-0.704 0-1.536z\"><\/path>\n<\/svg><span class='avia_hidden_link_text'>Next<\/span><\/a><\/div><div class='av-tab-section-inner-container avia-section-default' style='width:500vw; left:0%;'><span class=\"av_prev_tab_section av_tab_navigation\"><\/span><span class=\"av_next_tab_section av_tab_navigation\"><\/span>\n\n<style type=\"text\/css\" data-created_by=\"avia_inline_auto\" id=\"style-css-av-elz81h-d27a059aa49b547f153156e4f70e5e5f\">\n.av-layout-tab.av-elz81h-d27a059aa49b547f153156e4f70e5e5f{\nvertical-align:top;\n}\n<\/style>\n<div id='av-tab-section-1-1' class='av-layout-tab av-elz81h-d27a059aa49b547f153156e4f70e5e5f av-animation-delay-container  avia-builder-el-8  el_before_av_tab_sub_section  avia-builder-el-first  av-active-tab-content __av_init_open ' data-av-deeplink-tabs=\"\" data-av-tab-section-content=\"1\" data-tab-section-id=\"audiences-in-the-age-of-algorithms\"><div class=\"av-layout-tab-inner\"><div class=\"container\"><p><div  class='flex_column av-146ijohh-8e50acd73e873df698a0b25ab60935de av_one_half  avia-builder-el-9  el_before_av_one_half  avia-builder-el-first  first flex_column_div  '     ><section  class='av_textblock_section av-mhn7q37i-7db9053761a13d2874214e3b94f048de '   itemscope=\"itemscope\" itemtype=\"https:\/\/schema.org\/CreativeWork\" ><div class='avia_textblock'  itemprop=\"text\" ><h2><strong>Conference \u00b7 Audiences in the Age of Algorithms<\/strong><\/h2>\n<h6>Tuesday 25th November<\/h6>\n<h6><br class=\"avia-permanent-lb\" \/>From 10am to 2pm<\/h6>\n<h6><br class=\"avia-permanent-lb\" \/>Auditorium of the Disseny Hub Barcelona (Pla\u00e7a de les Gl\u00f2ries Catalanes, 38)<\/h6>\n<h6><br class=\"avia-permanent-lb\" \/>Entry is free upon registration<\/h6>\n<h6><br class=\"avia-permanent-lb\" \/>The conference will be held in Catalan &amp; Spanish and will feature two keynote talks and two panel discussions, with a break from 11:45am to 12:15pm<\/h6>\n<\/div><\/section><\/div>\n<style type=\"text\/css\" data-created_by=\"avia_inline_auto\" id=\"style-css-av-139jfhed-b073dafb584afc2613eba1a18d0d1992\">\n.flex_column.av-139jfhed-b073dafb584afc2613eba1a18d0d1992{\nborder-radius:0px 0px 0px 0px;\npadding:0px 0px 0px 0px;\n}\n<\/style>\n<div  class='flex_column av-139jfhed-b073dafb584afc2613eba1a18d0d1992 av_one_half  avia-builder-el-11  el_after_av_one_half  el_before_av_hr  flex_column_div av-zero-column-padding  '     ><style type=\"text\/css\" data-created_by=\"avia_inline_auto\" id=\"style-css-av-12ybcl4l-8c55043c651566699a66e91ad0e2e340\">\n.avia-image-container.av-12ybcl4l-8c55043c651566699a66e91ad0e2e340 img.avia_image{\nbox-shadow:none;\n}\n.avia-image-container.av-12ybcl4l-8c55043c651566699a66e91ad0e2e340 .av-image-caption-overlay-center{\ncolor:#ffffff;\n}\n<\/style>\n<div  class='avia-image-container av-12ybcl4l-8c55043c651566699a66e91ad0e2e340 av-styling- avia-align-center  avia-builder-el-12  avia-builder-el-no-sibling '   itemprop=\"image\" itemscope=\"itemscope\" itemtype=\"https:\/\/schema.org\/ImageObject\" ><div class=\"avia-image-container-inner\"><div class=\"avia-image-overlay-wrap\"><img decoding=\"async\" fetchpriority=\"high\" class='wp-image-52694 avia-img-lazy-loading-not-52694 avia_image ' src=\"https:\/\/www.clusteraudiovisual.cat\/wp-content\/uploads\/2025\/10\/STalent2025_JornadaAudiencies-scaled.jpg\" alt='Les infraestructures i tecnologies de l\u2019estrat\u00e8gia audiovisual catalana' title='STalent2025_JornadaAudiencies'  height=\"1706\" width=\"2560\"  itemprop=\"thumbnailUrl\" srcset=\"https:\/\/www.clusteraudiovisual.cat\/wp-content\/uploads\/2025\/10\/STalent2025_JornadaAudiencies-scaled.jpg 2560w, https:\/\/www.clusteraudiovisual.cat\/wp-content\/uploads\/2025\/10\/STalent2025_JornadaAudiencies-300x200.jpg 300w, https:\/\/www.clusteraudiovisual.cat\/wp-content\/uploads\/2025\/10\/STalent2025_JornadaAudiencies-1030x687.jpg 1030w, https:\/\/www.clusteraudiovisual.cat\/wp-content\/uploads\/2025\/10\/STalent2025_JornadaAudiencies-768x512.jpg 768w, https:\/\/www.clusteraudiovisual.cat\/wp-content\/uploads\/2025\/10\/STalent2025_JornadaAudiencies-1536x1024.jpg 1536w, https:\/\/www.clusteraudiovisual.cat\/wp-content\/uploads\/2025\/10\/STalent2025_JornadaAudiencies-2048x1365.jpg 2048w, https:\/\/www.clusteraudiovisual.cat\/wp-content\/uploads\/2025\/10\/STalent2025_JornadaAudiencies-1500x1000.jpg 1500w, https:\/\/www.clusteraudiovisual.cat\/wp-content\/uploads\/2025\/10\/STalent2025_JornadaAudiencies-705x470.jpg 705w\" sizes=\"(max-width: 2560px) 100vw, 2560px\" \/><\/div><\/div><\/div><\/div>\n<style type=\"text\/css\" data-created_by=\"avia_inline_auto\" id=\"style-css-av-12ksmq39-34fb00392fb34e414378606d5eeeb4e6\">\n#top .hr.hr-invisible.av-12ksmq39-34fb00392fb34e414378606d5eeeb4e6{\nheight:50px;\n}\n<\/style>\n<div  class='hr av-12ksmq39-34fb00392fb34e414378606d5eeeb4e6 hr-invisible  avia-builder-el-13  el_after_av_one_half  el_before_av_textblock '><span class='hr-inner '><span class=\"hr-inner-style\"><\/span><\/span><\/div><br \/>\n<section  class='av_textblock_section av-mhn7qukt-e07fd4636263281d1b257fc78a3cba38 '   itemscope=\"itemscope\" itemtype=\"https:\/\/schema.org\/CreativeWork\" ><div class='avia_textblock'  itemprop=\"text\" ><h6><strong>Presented and moderated by Marina Romero, journalist at 3Cat.<\/strong><\/h6>\n<\/div><\/section><br \/>\n\n<style type=\"text\/css\" data-created_by=\"avia_inline_auto\" id=\"style-css-av-3s73ydx-dc079218b62c4311287e9339cbefffcb\">\n#top .hr.hr-invisible.av-3s73ydx-dc079218b62c4311287e9339cbefffcb{\nheight:35px;\n}\n<\/style>\n<div  class='hr av-3s73ydx-dc079218b62c4311287e9339cbefffcb hr-invisible  avia-builder-el-15  el_after_av_textblock  el_before_av_textblock '><span class='hr-inner '><span class=\"hr-inner-style\"><\/span><\/span><\/div><br \/>\n<section  class='av_textblock_section av-mhn7splb-44429b887d5efddfa933223bceaba0f0 '   itemscope=\"itemscope\" itemtype=\"https:\/\/schema.org\/CreativeWork\" ><div class='avia_textblock'  itemprop=\"text\" ><h6><strong>10am \u00b7 Keynote \u201cReality and Challenges of Audience Measurement\u201d<\/strong><\/h6>\n<h6>With <strong data-start=\"5\" data-end=\"28\">Miguel \u00c1ngel Font\u00e1n<\/strong>, General Director of <strong data-start=\"50\" data-end=\"91\" data-is-last-node=\"\">AIMC (Association for Media Research)<\/strong><\/h6>\n<p>The keynote will address the key principles of audience measurement and its implementation in Spain. It will explain the different audience measurement models, their characteristics, advantages, and limitations, as well as the current challenges faced by the industry. Technology is advancing faster than measurement. Media and audiovisual content now transcend traditional television within the digital universe. Multiple touchpoints, diverse and ever-changing devices, and new approaches\u2026 What is the industry doing? What can we expect?<\/p>\n<\/div><\/section><br \/>\n\n<style type=\"text\/css\" data-created_by=\"avia_inline_auto\" id=\"style-css-av-11nbw3hx-ee6c63ea4f9d46048caa1c6f14a9166d\">\n#top .hr.hr-invisible.av-11nbw3hx-ee6c63ea4f9d46048caa1c6f14a9166d{\nheight:15px;\n}\n<\/style>\n<div  class='hr av-11nbw3hx-ee6c63ea4f9d46048caa1c6f14a9166d hr-invisible  avia-builder-el-17  el_after_av_textblock  el_before_av_textblock '><span class='hr-inner '><span class=\"hr-inner-style\"><\/span><\/span><\/div><br \/>\n<section  class='av_textblock_section av-mhn7uwtr-a7bafb00249cadb6d4105dcef02425aa '   itemscope=\"itemscope\" itemtype=\"https:\/\/schema.org\/CreativeWork\" ><div class='avia_textblock'  itemprop=\"text\" ><h6><strong>10:45am \u00b7 Roundtable \u201cTrends and Innovations in Audience Measurement\u201d<br \/>\n<\/strong><\/h6>\n<p>How is technology revolutionizing the way we measure and interpret audiovisual consumption?<br \/>\nThis session will explore algorithms and artificial intelligence, real-time audience measurement, cross-channel data integration (TV, digital platforms, and online environments), as well as hyper-segmentation, engagement, and programmatic advertising.<\/p>\n<p>Top-level speakers will share their insights and experiences from different areas of the industry. An essential discussion to understand the latest trends in audience measurement and how they are reshaping media and advertising strategies.<\/p>\n<p>With <span style=\"font-weight: 400;\"><strong>Eduard Nafria<\/strong>, <\/span>Insights &amp; Business Development Director at <span style=\"font-weight: 400;\"><strong>Kantar Media<\/strong>; <\/span><span style=\"font-weight: 400;\"><strong>Carles Manteca<\/strong>, Media Business Developer at <strong>Konodrac<\/strong>; <strong>Ricardo Vaca<\/strong> CEO at <strong>Barlovento Comunicaci\u00f3n<\/strong>; and <strong>David S\u00e1nchez<\/strong>, Director at <strong>GfK<\/strong>.<\/span><\/p>\n<\/div><\/section><br \/>\n\n<style type=\"text\/css\" data-created_by=\"avia_inline_auto\" id=\"style-css-av-10y8et05-7ef8e82b1f2ee352aa495e9813a049fb\">\n#top .hr.hr-invisible.av-10y8et05-7ef8e82b1f2ee352aa495e9813a049fb{\nheight:35px;\n}\n<\/style>\n<div  class='hr av-10y8et05-7ef8e82b1f2ee352aa495e9813a049fb hr-invisible  avia-builder-el-19  el_after_av_textblock  el_before_av_textblock '><span class='hr-inner '><span class=\"hr-inner-style\"><\/span><\/span><\/div><br \/>\n<section  class='av_textblock_section av-mhn7v3op-ddad7891dced785fe13dea373f327bf0 '   itemscope=\"itemscope\" itemtype=\"https:\/\/schema.org\/CreativeWork\" ><div class='avia_textblock'  itemprop=\"text\" ><h6><strong>11:45am \u00b7 Coffee break<\/strong><\/h6>\n<\/div><\/section><br \/>\n\n<style type=\"text\/css\" data-created_by=\"avia_inline_auto\" id=\"style-css-av-10e6gkut-b6df476aa07d0cf4addcfc2ed6ddbe0b\">\n#top .hr.hr-invisible.av-10e6gkut-b6df476aa07d0cf4addcfc2ed6ddbe0b{\nheight:50px;\n}\n<\/style>\n<div  class='hr av-10e6gkut-b6df476aa07d0cf4addcfc2ed6ddbe0b hr-invisible  avia-builder-el-21  el_after_av_textblock  el_before_av_textblock '><span class='hr-inner '><span class=\"hr-inner-style\"><\/span><\/span><\/div><br \/>\n<section  class='av_textblock_section av-mhn7xeb0-3c320eb5b20e62099d766033ce38b4c4 '   itemscope=\"itemscope\" itemtype=\"https:\/\/schema.org\/CreativeWork\" ><div class='avia_textblock'  itemprop=\"text\" ><h6><strong>12:15pm \u00b7 Keynote \u201cThe Alpha DNA Enigma: Decoding the Keys to the Next Generation\u201d<br \/>\n<\/strong><\/h6>\n<h6>With Regina Arenas Rovira, Head of the Citizenship Knowledge Hub at 3Cat<\/h6>\n<p>Young people are the future \u2014 but what are Alphas like today? Born after 2010, the oldest are already entering adolescence. Technology is not an aspiration for them; immediacy is essential. They are community builders who need to express themselves freely.<\/p>\n<p>Discover how the Innovation and Knowledge team at 3Cat uses research on the motivations and needs of Alphas to strengthen the bond with audiences and create meaningful content in a hyper-fragmented media landscape full of challenges and opportunities.<\/p>\n<\/div><\/section><br \/>\n\n<style type=\"text\/css\" data-created_by=\"avia_inline_auto\" id=\"style-css-av-zx4byd1-b933e127c26228f251d3bba7f943aeed\">\n#top .hr.hr-invisible.av-zx4byd1-b933e127c26228f251d3bba7f943aeed{\nheight:35px;\n}\n<\/style>\n<div  class='hr av-zx4byd1-b933e127c26228f251d3bba7f943aeed hr-invisible  avia-builder-el-23  el_after_av_textblock  el_before_av_textblock '><span class='hr-inner '><span class=\"hr-inner-style\"><\/span><\/span><\/div><br \/>\n<section  class='av_textblock_section av-mhn80exu-5e9a35365c74c4a37955ce666469d539 '   itemscope=\"itemscope\" itemtype=\"https:\/\/schema.org\/CreativeWork\" ><div class='avia_textblock'  itemprop=\"text\" ><div dir=\"ltr\">\n<div>\n<h6><strong>12.45pm \u00b7 Roundtable &#8220;From Zapping to the Algorithm&#8221;<\/strong><\/h6>\n<p>How has content consumption changed in the digital age? This roundtable will explore the evolution of audience habits \u2014 from traditional channel surfing to new algorithm-based decision engines. Topics will include content fatigue, the most successful genres and formats, hit content, and the growing power of audiences in shaping programming. An essential conversation to understand how audiences and technology are redefining the future of media.<\/p>\n<p>With <strong>Maties Ramos<\/strong>, Head of the Innovation, Insights and Audiences Department at <strong>3Cat<\/strong>; <strong>Laura Folguera<\/strong>, Content Director of <strong>La 2 Catalunya<\/strong>; <strong>Georgina Ferri<\/strong>, General Director of <strong>BETEV\u00c9<\/strong>; and <strong>Miquel Herrada<\/strong>, Director of Operations at <strong>La Xarxa Audiovisual Local (XAL)<\/strong>.<\/p>\n<\/div>\n<\/div>\n<div dir=\"ltr\"><\/div>\n<\/div><\/section><br \/>\n\n<style type=\"text\/css\" data-created_by=\"avia_inline_auto\" id=\"style-css-av-znslmc5-0cf5ba5813e19a0df6c31afd885a81e7\">\n#top .hr.hr-invisible.av-znslmc5-0cf5ba5813e19a0df6c31afd885a81e7{\nheight:75px;\n}\n<\/style>\n<div  class='hr av-znslmc5-0cf5ba5813e19a0df6c31afd885a81e7 hr-invisible  avia-builder-el-25  el_after_av_textblock  el_before_av_textblock '><span class='hr-inner '><span class=\"hr-inner-style\"><\/span><\/span><\/div><br \/>\n<section  class='av_textblock_section av-mhn80x7v-c8aa2ab2d78b3326e469ad4cc7ff8ffa '   itemscope=\"itemscope\" itemtype=\"https:\/\/schema.org\/CreativeWork\" ><div class='avia_textblock'  itemprop=\"text\" ><div dir=\"ltr\">\n<div>\n<h5>More information about the speakers:<\/h5>\n<\/div>\n<\/div>\n<div dir=\"ltr\"><\/div>\n<\/div><\/section><br \/>\n\n<style type=\"text\/css\" data-created_by=\"avia_inline_auto\" id=\"style-css-av-yzqxcr9-14f0b1d34240765777f54cddd087cdb1\">\n.flex_column.av-yzqxcr9-14f0b1d34240765777f54cddd087cdb1{\nborder-radius:0px 0px 0px 0px;\npadding:0px 0px 0px 0px;\n}\n<\/style>\n<div  class='flex_column av-yzqxcr9-14f0b1d34240765777f54cddd087cdb1 av_one_fourth  avia-builder-el-27  el_after_av_textblock  el_before_av_one_fourth  first flex_column_div av-zero-column-padding  column-top-margin'     ><style type=\"text\/css\" data-created_by=\"avia_inline_auto\" id=\"style-css-av-yw2e9hx-4e634f2b78d428cdd4b336b97c9af1c1\">\n#top #wrap_all .avia-team-member.av-yw2e9hx-4e634f2b78d428cdd4b336b97c9af1c1 .team-member-name{\ncolor:#b02b2c;\n}\n.avia-team-member.av-yw2e9hx-4e634f2b78d428cdd4b336b97c9af1c1 .team-member-job-title{\ncolor:#b02b2c;\n}\n<\/style>\n<section  class='avia-team-member av-yw2e9hx-4e634f2b78d428cdd4b336b97c9af1c1  avia-builder-el-28  avia-builder-el-no-sibling '  itemscope=\"itemscope\" itemtype=\"https:\/\/schema.org\/Person\" ><div class=\"team-img-container\"><img decoding=\"async\" fetchpriority=\"high\" class='wp-image-53053 avia-img-lazy-loading-not-53053 avia_image avia_image_team' src=\"https:\/\/www.clusteraudiovisual.cat\/wp-content\/uploads\/2025\/11\/STalent2025_Conferencies_Ponent_Audiencies_MarinaRomero.jpg\" alt='Marina Romero'  itemprop=\"image\"   height=\"300\" width=\"300\" srcset=\"https:\/\/www.clusteraudiovisual.cat\/wp-content\/uploads\/2025\/11\/STalent2025_Conferencies_Ponent_Audiencies_MarinaRomero.jpg 300w, https:\/\/www.clusteraudiovisual.cat\/wp-content\/uploads\/2025\/11\/STalent2025_Conferencies_Ponent_Audiencies_MarinaRomero-80x80.jpg 80w, https:\/\/www.clusteraudiovisual.cat\/wp-content\/uploads\/2025\/11\/STalent2025_Conferencies_Ponent_Audiencies_MarinaRomero-36x36.jpg 36w, https:\/\/www.clusteraudiovisual.cat\/wp-content\/uploads\/2025\/11\/STalent2025_Conferencies_Ponent_Audiencies_MarinaRomero-180x180.jpg 180w\" sizes=\"(max-width: 300px) 100vw, 300px\" \/><\/div><h3 class='team-member-name '  itemprop=\"name\" >Marina Romero<\/h3><div class='team-member-description '  itemprop=\"description\" ><p>She began her career at R\u00e0dio Sant Cugat. After hosting the program \u201cPa\u00eds km 0\u201d for two seasons on La Xarxa de Comunicaci\u00f3 Local and working at Catalunya R\u00e0dio as a news editor and presenter since 2018, in September 2024 she became the host of the current affairs program \u201cM\u00e9snit\u201d on 3Cat.<\/p>\n<\/div><span class='hidden team-member-affiliation'  itemprop=\"affiliation\" >Cl\u00faster Audiovisual<\/span><\/section><\/div>\n<style type=\"text\/css\" data-created_by=\"avia_inline_auto\" id=\"style-css-av-y8epomt-8509ac0101fa84e214808356f57cc8b0\">\n.flex_column.av-y8epomt-8509ac0101fa84e214808356f57cc8b0{\nborder-radius:0px 0px 0px 0px;\npadding:0px 0px 0px 0px;\n}\n<\/style>\n<div  class='flex_column av-y8epomt-8509ac0101fa84e214808356f57cc8b0 av_one_fourth  avia-builder-el-29  el_after_av_one_fourth  el_before_av_one_fourth  flex_column_div av-zero-column-padding  column-top-margin'     ><section  class='avia-team-member av-xsq8lzp-e04170d5a699a8950c6944cbe00c5c02  avia-builder-el-30  avia-builder-el-no-sibling '  itemscope=\"itemscope\" itemtype=\"https:\/\/schema.org\/Person\" ><div class=\"team-img-container\"><img decoding=\"async\" fetchpriority=\"high\" class='wp-image-53058 avia-img-lazy-loading-not-53058 avia_image avia_image_team' src=\"https:\/\/www.clusteraudiovisual.cat\/wp-content\/uploads\/2025\/11\/STalent2025_Conferencies_Ponent_Audiencies_EduardNafria.jpg\" alt='Eduard Nafria'  itemprop=\"image\"   height=\"300\" width=\"300\" srcset=\"https:\/\/www.clusteraudiovisual.cat\/wp-content\/uploads\/2025\/11\/STalent2025_Conferencies_Ponent_Audiencies_EduardNafria.jpg 300w, https:\/\/www.clusteraudiovisual.cat\/wp-content\/uploads\/2025\/11\/STalent2025_Conferencies_Ponent_Audiencies_EduardNafria-80x80.jpg 80w, https:\/\/www.clusteraudiovisual.cat\/wp-content\/uploads\/2025\/11\/STalent2025_Conferencies_Ponent_Audiencies_EduardNafria-36x36.jpg 36w, https:\/\/www.clusteraudiovisual.cat\/wp-content\/uploads\/2025\/11\/STalent2025_Conferencies_Ponent_Audiencies_EduardNafria-180x180.jpg 180w\" sizes=\"(max-width: 300px) 100vw, 300px\" \/><\/div><h3 class='team-member-name '  itemprop=\"name\" >Eduard Nafria<\/h3><div class='team-member-description '  itemprop=\"description\" ><p>Director of Insights and Business Development at Kantar Media, responsible for new projects in digital measurement, TV census data audience, integration with other information panels, social audience, and out-of-home audience measurement. Over the years, he has held several positions at Sofres Audiencia de Medios, TNS, and Kantar Media, including Director of Statistics, Director of Software Development, Commercial Director, and Technical General Director.<\/p>\n<\/div><span class='hidden team-member-affiliation'  itemprop=\"affiliation\" >Cl\u00faster Audiovisual<\/span><\/section><\/div>\n<style type=\"text\/css\" data-created_by=\"avia_inline_auto\" id=\"style-css-av-xczfy39-9a2fcd5b0e26f09d8295f6aaffe25e96\">\n.flex_column.av-xczfy39-9a2fcd5b0e26f09d8295f6aaffe25e96{\nborder-radius:0px 0px 0px 0px;\npadding:0px 0px 0px 0px;\n}\n<\/style>\n<div  class='flex_column av-xczfy39-9a2fcd5b0e26f09d8295f6aaffe25e96 av_one_fourth  avia-builder-el-31  el_after_av_one_fourth  el_before_av_one_fourth  flex_column_div av-zero-column-padding  column-top-margin'     ><style type=\"text\/css\" data-created_by=\"avia_inline_auto\" id=\"style-css-av-wowedth-4e2bb452f69f6d3d69a1fd7ac678e166\">\n#top #wrap_all .avia-team-member.av-wowedth-4e2bb452f69f6d3d69a1fd7ac678e166 .team-member-name{\ncolor:#b02b2c;\n}\n.avia-team-member.av-wowedth-4e2bb452f69f6d3d69a1fd7ac678e166 .team-member-job-title{\ncolor:#b02b2c;\n}\n<\/style>\n<section  class='avia-team-member av-wowedth-4e2bb452f69f6d3d69a1fd7ac678e166  avia-builder-el-32  avia-builder-el-no-sibling '  itemscope=\"itemscope\" itemtype=\"https:\/\/schema.org\/Person\" ><div class=\"team-img-container\"><img decoding=\"async\" fetchpriority=\"high\" class='wp-image-52662 avia-img-lazy-loading-not-52662 avia_image avia_image_team' src=\"https:\/\/www.clusteraudiovisual.cat\/wp-content\/uploads\/2025\/10\/STalent2025_Conferencies_Ponent_Audiencies_MiguelAngelFontan.jpg\" alt='Miguel \u00c1ngel Font\u00e1n'  itemprop=\"image\"   height=\"300\" width=\"300\" srcset=\"https:\/\/www.clusteraudiovisual.cat\/wp-content\/uploads\/2025\/10\/STalent2025_Conferencies_Ponent_Audiencies_MiguelAngelFontan.jpg 300w, https:\/\/www.clusteraudiovisual.cat\/wp-content\/uploads\/2025\/10\/STalent2025_Conferencies_Ponent_Audiencies_MiguelAngelFontan-80x80.jpg 80w, https:\/\/www.clusteraudiovisual.cat\/wp-content\/uploads\/2025\/10\/STalent2025_Conferencies_Ponent_Audiencies_MiguelAngelFontan-36x36.jpg 36w, https:\/\/www.clusteraudiovisual.cat\/wp-content\/uploads\/2025\/10\/STalent2025_Conferencies_Ponent_Audiencies_MiguelAngelFontan-180x180.jpg 180w\" sizes=\"(max-width: 300px) 100vw, 300px\" \/><\/div><h3 class='team-member-name '  itemprop=\"name\" >Miguel \u00c1ngel Font\u00e1n<\/h3><div class='team-member-description '  itemprop=\"description\" ><p>General Director of the Asociaci\u00f3n para la Investigaci\u00f3n de Medios de Comunicaci\u00f3n (AIMC). The association conducts the Estudio General de Medios (EGM), as well as other market research studies related to the media industry, audience measurement, and consumer behavior, in addition to auditing external measurement operations.<\/p>\n<\/div><span class='hidden team-member-affiliation'  itemprop=\"affiliation\" >Cl\u00faster Audiovisual<\/span><\/section><\/div>\n<style type=\"text\/css\" data-created_by=\"avia_inline_auto\" id=\"style-css-av-wagp3v9-6a428d107b831db68e62cf32d7c0507e\">\n.flex_column.av-wagp3v9-6a428d107b831db68e62cf32d7c0507e{\nborder-radius:0px 0px 0px 0px;\npadding:0px 0px 0px 0px;\n}\n<\/style>\n<div  class='flex_column av-wagp3v9-6a428d107b831db68e62cf32d7c0507e av_one_fourth  avia-builder-el-33  el_after_av_one_fourth  el_before_av_one_fourth  flex_column_div av-zero-column-padding  column-top-margin'     ><style type=\"text\/css\" data-created_by=\"avia_inline_auto\" id=\"style-css-av-w3cg53p-05d90ac682f9fc00bed3cc33e0609468\">\n#top #wrap_all .avia-team-member.av-w3cg53p-05d90ac682f9fc00bed3cc33e0609468 .team-member-name{\ncolor:#b02b2c;\n}\n.avia-team-member.av-w3cg53p-05d90ac682f9fc00bed3cc33e0609468 .team-member-job-title{\ncolor:#b02b2c;\n}\n<\/style>\n<section  class='avia-team-member av-w3cg53p-05d90ac682f9fc00bed3cc33e0609468  avia-builder-el-34  avia-builder-el-no-sibling '  itemscope=\"itemscope\" itemtype=\"https:\/\/schema.org\/Person\" ><div class=\"team-img-container\"><img decoding=\"async\" fetchpriority=\"high\" class='wp-image-52666 avia-img-lazy-loading-not-52666 avia_image avia_image_team' src=\"https:\/\/www.clusteraudiovisual.cat\/wp-content\/uploads\/2025\/10\/STalent2025_Conferencies_Ponent_Audiencies_CarlesManteca.jpg\" alt='Carles Manteca'  itemprop=\"image\"   height=\"300\" width=\"300\" srcset=\"https:\/\/www.clusteraudiovisual.cat\/wp-content\/uploads\/2025\/10\/STalent2025_Conferencies_Ponent_Audiencies_CarlesManteca.jpg 300w, https:\/\/www.clusteraudiovisual.cat\/wp-content\/uploads\/2025\/10\/STalent2025_Conferencies_Ponent_Audiencies_CarlesManteca-80x80.jpg 80w, https:\/\/www.clusteraudiovisual.cat\/wp-content\/uploads\/2025\/10\/STalent2025_Conferencies_Ponent_Audiencies_CarlesManteca-36x36.jpg 36w, https:\/\/www.clusteraudiovisual.cat\/wp-content\/uploads\/2025\/10\/STalent2025_Conferencies_Ponent_Audiencies_CarlesManteca-180x180.jpg 180w\" sizes=\"(max-width: 300px) 100vw, 300px\" \/><\/div><h3 class='team-member-name '  itemprop=\"name\" >Carles Manteca<\/h3><div class='team-member-description '  itemprop=\"description\" ><p>Media Business Developer at Konodrac and consultant specializing in innovation, strategy, and content. With more than 25 years of experience, he has worked in leading media groups in Spain such as Mediapro Group, PRISA Group, GOD\u00d3 Group, and 3Cat, where he served as Director of Broadcasting and Programming for the channels, as well as Marketing and Commercial Director for all the corporation\u2019s media outlets.<\/p>\n<\/div><span class='hidden team-member-affiliation'  itemprop=\"affiliation\" >Cl\u00faster Audiovisual<\/span><\/section><\/div>\n<style type=\"text\/css\" data-created_by=\"avia_inline_auto\" id=\"style-css-av-vgyo2z9-9d6e064ea589963c16d6597f40ff9944\">\n.flex_column.av-vgyo2z9-9d6e064ea589963c16d6597f40ff9944{\nborder-radius:0px 0px 0px 0px;\npadding:0px 0px 0px 0px;\n}\n<\/style>\n<div  class='flex_column av-vgyo2z9-9d6e064ea589963c16d6597f40ff9944 av_one_fourth  avia-builder-el-35  el_after_av_one_fourth  el_before_av_one_fourth  first flex_column_div av-zero-column-padding  column-top-margin'     ><style type=\"text\/css\" data-created_by=\"avia_inline_auto\" id=\"style-css-av-v0doqph-5e772fc1ae067de235b55f3f4a66e1ad\">\n#top #wrap_all .avia-team-member.av-v0doqph-5e772fc1ae067de235b55f3f4a66e1ad .team-member-name{\ncolor:#b02b2c;\n}\n.avia-team-member.av-v0doqph-5e772fc1ae067de235b55f3f4a66e1ad .team-member-job-title{\ncolor:#b02b2c;\n}\n<\/style>\n<section  class='avia-team-member av-v0doqph-5e772fc1ae067de235b55f3f4a66e1ad  avia-builder-el-36  avia-builder-el-no-sibling '  itemscope=\"itemscope\" itemtype=\"https:\/\/schema.org\/Person\" ><div class=\"team-img-container\"><img decoding=\"async\" fetchpriority=\"high\" class='wp-image-53048 avia-img-lazy-loading-not-53048 avia_image avia_image_team' src=\"https:\/\/www.clusteraudiovisual.cat\/wp-content\/uploads\/2025\/11\/STalent2025_Conferencies_Ponent_Audiencies_RicardoVaca.jpg\" alt='Ricardo Vaca'  itemprop=\"image\"   height=\"300\" width=\"300\" srcset=\"https:\/\/www.clusteraudiovisual.cat\/wp-content\/uploads\/2025\/11\/STalent2025_Conferencies_Ponent_Audiencies_RicardoVaca.jpg 300w, https:\/\/www.clusteraudiovisual.cat\/wp-content\/uploads\/2025\/11\/STalent2025_Conferencies_Ponent_Audiencies_RicardoVaca-80x80.jpg 80w, https:\/\/www.clusteraudiovisual.cat\/wp-content\/uploads\/2025\/11\/STalent2025_Conferencies_Ponent_Audiencies_RicardoVaca-36x36.jpg 36w, https:\/\/www.clusteraudiovisual.cat\/wp-content\/uploads\/2025\/11\/STalent2025_Conferencies_Ponent_Audiencies_RicardoVaca-180x180.jpg 180w\" sizes=\"(max-width: 300px) 100vw, 300px\" \/><\/div><h3 class='team-member-name '  itemprop=\"name\" >Ricardo Vaca<\/h3><div class='team-member-description '  itemprop=\"description\" ><p>Founder and president of Barlovento Comunicaci\u00f3n, a consultancy specializing in the television, audiovisual, and digital ecosystem. Since 1977, he has worked in radio, television, and press, having directed several radio stations. He was General Director of Cadena Rato and the first General Director of Onda Cero. He also worked at Antena 3 Radio and TV, where he held various operational management positions.<\/p>\n<\/div><span class='hidden team-member-affiliation'  itemprop=\"affiliation\" >Cl\u00faster Audiovisual<\/span><\/section><\/div>\n<style type=\"text\/css\" data-created_by=\"avia_inline_auto\" id=\"style-css-av-ulu205x-a238b0af057bce245c23ff7e2ee59497\">\n.flex_column.av-ulu205x-a238b0af057bce245c23ff7e2ee59497{\nborder-radius:0px 0px 0px 0px;\npadding:0px 0px 0px 0px;\n}\n<\/style>\n<div  class='flex_column av-ulu205x-a238b0af057bce245c23ff7e2ee59497 av_one_fourth  avia-builder-el-37  el_after_av_one_fourth  el_before_av_one_fourth  flex_column_div av-zero-column-padding  column-top-margin'     ><style type=\"text\/css\" data-created_by=\"avia_inline_auto\" id=\"style-css-av-30a6eet-651cef4292601079aae79f7acee5132c\">\n#top #wrap_all .avia-team-member.av-30a6eet-651cef4292601079aae79f7acee5132c .team-member-name{\ncolor:#b02b2c;\n}\n.avia-team-member.av-30a6eet-651cef4292601079aae79f7acee5132c .team-member-job-title{\ncolor:#b02b2c;\n}\n<\/style>\n<section  class='avia-team-member av-30a6eet-651cef4292601079aae79f7acee5132c  avia-builder-el-38  avia-builder-el-no-sibling '  itemscope=\"itemscope\" itemtype=\"https:\/\/schema.org\/Person\" ><div class=\"team-img-container\"><img decoding=\"async\" fetchpriority=\"high\" class='wp-image-52670 avia-img-lazy-loading-not-52670 avia_image avia_image_team' src=\"https:\/\/www.clusteraudiovisual.cat\/wp-content\/uploads\/2025\/10\/STalent2025_Conferencies_Ponent_Audiencies_DavidSanchez.jpg\" alt='David S\u00e1nchez'  itemprop=\"image\"   height=\"300\" width=\"300\" srcset=\"https:\/\/www.clusteraudiovisual.cat\/wp-content\/uploads\/2025\/10\/STalent2025_Conferencies_Ponent_Audiencies_DavidSanchez.jpg 300w, https:\/\/www.clusteraudiovisual.cat\/wp-content\/uploads\/2025\/10\/STalent2025_Conferencies_Ponent_Audiencies_DavidSanchez-80x80.jpg 80w, https:\/\/www.clusteraudiovisual.cat\/wp-content\/uploads\/2025\/10\/STalent2025_Conferencies_Ponent_Audiencies_DavidSanchez-36x36.jpg 36w, https:\/\/www.clusteraudiovisual.cat\/wp-content\/uploads\/2025\/10\/STalent2025_Conferencies_Ponent_Audiencies_DavidSanchez-180x180.jpg 180w\" sizes=\"(max-width: 300px) 100vw, 300px\" \/><\/div><h3 class='team-member-name '  itemprop=\"name\" >David S\u00e1nchez<\/h3><div class='team-member-description '  itemprop=\"description\" ><p>Director at GfK. He has developed his professional career in consulting firms and research institutes with a clear focus on developing measurement and research solutions within the fields of media and consumer behavior. He currently leads the development of nPeople, the \u201csingle-source\u201d measurement solution.<\/p>\n<\/div><span class='hidden team-member-affiliation'  itemprop=\"affiliation\" >Cl\u00faster Audiovisual<\/span><\/section><\/div>\n<style type=\"text\/css\" data-created_by=\"avia_inline_auto\" id=\"style-css-av-tgm580l-770c64f4873ce45b1816d38a5b30b5f6\">\n.flex_column.av-tgm580l-770c64f4873ce45b1816d38a5b30b5f6{\nborder-radius:0px 0px 0px 0px;\npadding:0px 0px 0px 0px;\n}\n<\/style>\n<div  class='flex_column av-tgm580l-770c64f4873ce45b1816d38a5b30b5f6 av_one_fourth  avia-builder-el-39  el_after_av_one_fourth  el_before_av_one_fourth  flex_column_div av-zero-column-padding  column-top-margin'     ><style type=\"text\/css\" data-created_by=\"avia_inline_auto\" id=\"style-css-av-t6aig7p-1025ecce6ba4504f033d77f9b19df723\">\n#top #wrap_all .avia-team-member.av-t6aig7p-1025ecce6ba4504f033d77f9b19df723 .team-member-name{\ncolor:#b02b2c;\n}\n.avia-team-member.av-t6aig7p-1025ecce6ba4504f033d77f9b19df723 .team-member-job-title{\ncolor:#b02b2c;\n}\n<\/style>\n<section  class='avia-team-member av-t6aig7p-1025ecce6ba4504f033d77f9b19df723  avia-builder-el-40  avia-builder-el-no-sibling '  itemscope=\"itemscope\" itemtype=\"https:\/\/schema.org\/Person\" ><div class=\"team-img-container\"><img decoding=\"async\" fetchpriority=\"high\" class='wp-image-52674 avia-img-lazy-loading-not-52674 avia_image avia_image_team' src=\"https:\/\/www.clusteraudiovisual.cat\/wp-content\/uploads\/2025\/10\/STalent2025_Conferencies_Ponent_Audiencies_ReginaArenas.jpg\" alt='Regina Arenas'  itemprop=\"image\"   height=\"300\" width=\"300\" srcset=\"https:\/\/www.clusteraudiovisual.cat\/wp-content\/uploads\/2025\/10\/STalent2025_Conferencies_Ponent_Audiencies_ReginaArenas.jpg 300w, https:\/\/www.clusteraudiovisual.cat\/wp-content\/uploads\/2025\/10\/STalent2025_Conferencies_Ponent_Audiencies_ReginaArenas-80x80.jpg 80w, https:\/\/www.clusteraudiovisual.cat\/wp-content\/uploads\/2025\/10\/STalent2025_Conferencies_Ponent_Audiencies_ReginaArenas-36x36.jpg 36w, https:\/\/www.clusteraudiovisual.cat\/wp-content\/uploads\/2025\/10\/STalent2025_Conferencies_Ponent_Audiencies_ReginaArenas-180x180.jpg 180w\" sizes=\"(max-width: 300px) 100vw, 300px\" \/><\/div><h3 class='team-member-name '  itemprop=\"name\" >Regina Arenas<\/h3><div class='team-member-description '  itemprop=\"description\" ><p>Head of the Citizenship Knowledge Hub at 3Cat. Psychologist and mediator with more than 18 years of experience in consumer insights. She is responsible for exploring the needs of Catalan citizens to provide a more strategic vision that enhances audience understanding.<\/p>\n<\/div><span class='hidden team-member-affiliation'  itemprop=\"affiliation\" >Cl\u00faster Audiovisual<\/span><\/section><\/div>\n<style type=\"text\/css\" data-created_by=\"avia_inline_auto\" id=\"style-css-av-2w3fg1h-366eed959f1cd737b6293a21edc084b1\">\n.flex_column.av-2w3fg1h-366eed959f1cd737b6293a21edc084b1{\nborder-radius:0px 0px 0px 0px;\npadding:0px 0px 0px 0px;\n}\n<\/style>\n<div  class='flex_column av-2w3fg1h-366eed959f1cd737b6293a21edc084b1 av_one_fourth  avia-builder-el-41  el_after_av_one_fourth  el_before_av_one_fourth  flex_column_div av-zero-column-padding  column-top-margin'     ><style type=\"text\/css\" data-created_by=\"avia_inline_auto\" id=\"style-css-av-sgzy3md-227b0dffe2a2ede2fba827fc9d86bfac\">\n#top #wrap_all .avia-team-member.av-sgzy3md-227b0dffe2a2ede2fba827fc9d86bfac .team-member-name{\ncolor:#b02b2c;\n}\n.avia-team-member.av-sgzy3md-227b0dffe2a2ede2fba827fc9d86bfac .team-member-job-title{\ncolor:#b02b2c;\n}\n<\/style>\n<section  class='avia-team-member av-sgzy3md-227b0dffe2a2ede2fba827fc9d86bfac  avia-builder-el-42  avia-builder-el-no-sibling '  itemscope=\"itemscope\" itemtype=\"https:\/\/schema.org\/Person\" ><div class=\"team-img-container\"><img decoding=\"async\" fetchpriority=\"high\" class='wp-image-52686 avia-img-lazy-loading-not-52686 avia_image avia_image_team' src=\"https:\/\/www.clusteraudiovisual.cat\/wp-content\/uploads\/2025\/10\/STalent2025_Conferencies_Ponent_Audiencies_MatiesRamos.jpg\" alt='Maties Ramos'  itemprop=\"image\"   height=\"300\" width=\"300\" srcset=\"https:\/\/www.clusteraudiovisual.cat\/wp-content\/uploads\/2025\/10\/STalent2025_Conferencies_Ponent_Audiencies_MatiesRamos.jpg 300w, https:\/\/www.clusteraudiovisual.cat\/wp-content\/uploads\/2025\/10\/STalent2025_Conferencies_Ponent_Audiencies_MatiesRamos-80x80.jpg 80w, https:\/\/www.clusteraudiovisual.cat\/wp-content\/uploads\/2025\/10\/STalent2025_Conferencies_Ponent_Audiencies_MatiesRamos-36x36.jpg 36w, https:\/\/www.clusteraudiovisual.cat\/wp-content\/uploads\/2025\/10\/STalent2025_Conferencies_Ponent_Audiencies_MatiesRamos-180x180.jpg 180w\" sizes=\"(max-width: 300px) 100vw, 300px\" \/><\/div><h3 class='team-member-name '  itemprop=\"name\" >Maties Ramos<\/h3><div class='team-member-description '  itemprop=\"description\" ><p>Head of the Innovation, Knowledge and Audiences Department at 3Cat, responsible for consumption, impact and audience analysis, as well as research and market studies. She has over 20 years of experience in marketing, digital strategy, analytics, and research.<\/p>\n<\/div><span class='hidden team-member-affiliation'  itemprop=\"affiliation\" >Cl\u00faster Audiovisual<\/span><\/section><\/div>\n<style type=\"text\/css\" data-created_by=\"avia_inline_auto\" id=\"style-css-av-rz2uxo5-5395aec0ace15fa12af4b7bdeabafe2e\">\n.flex_column.av-rz2uxo5-5395aec0ace15fa12af4b7bdeabafe2e{\nborder-radius:0px 0px 0px 0px;\npadding:0px 0px 0px 0px;\n}\n<\/style>\n<div  class='flex_column av-rz2uxo5-5395aec0ace15fa12af4b7bdeabafe2e av_one_fourth  avia-builder-el-43  el_after_av_one_fourth  el_before_av_one_fourth  first flex_column_div av-zero-column-padding  column-top-margin'     ><style type=\"text\/css\" data-created_by=\"avia_inline_auto\" id=\"style-css-av-rirgo8l-b7c27282956de57075caebbdfba799b3\">\n#top #wrap_all .avia-team-member.av-rirgo8l-b7c27282956de57075caebbdfba799b3 .team-member-name{\ncolor:#b02b2c;\n}\n.avia-team-member.av-rirgo8l-b7c27282956de57075caebbdfba799b3 .team-member-job-title{\ncolor:#b02b2c;\n}\n<\/style>\n<section  class='avia-team-member av-rirgo8l-b7c27282956de57075caebbdfba799b3  avia-builder-el-44  avia-builder-el-no-sibling '  itemscope=\"itemscope\" itemtype=\"https:\/\/schema.org\/Person\" ><div class=\"team-img-container\"><img decoding=\"async\" fetchpriority=\"high\" class='wp-image-52682 avia-img-lazy-loading-not-52682 avia_image avia_image_team' src=\"https:\/\/www.clusteraudiovisual.cat\/wp-content\/uploads\/2025\/10\/STalent2025_Conferencies_Ponent_Audiencies_LauraFolguera.jpg\" alt='Laura Folguera'  itemprop=\"image\"   height=\"300\" width=\"300\" srcset=\"https:\/\/www.clusteraudiovisual.cat\/wp-content\/uploads\/2025\/10\/STalent2025_Conferencies_Ponent_Audiencies_LauraFolguera.jpg 300w, https:\/\/www.clusteraudiovisual.cat\/wp-content\/uploads\/2025\/10\/STalent2025_Conferencies_Ponent_Audiencies_LauraFolguera-80x80.jpg 80w, https:\/\/www.clusteraudiovisual.cat\/wp-content\/uploads\/2025\/10\/STalent2025_Conferencies_Ponent_Audiencies_LauraFolguera-36x36.jpg 36w, https:\/\/www.clusteraudiovisual.cat\/wp-content\/uploads\/2025\/10\/STalent2025_Conferencies_Ponent_Audiencies_LauraFolguera-180x180.jpg 180w\" sizes=\"(max-width: 300px) 100vw, 300px\" \/><\/div><h3 class='team-member-name '  itemprop=\"name\" >Laura Folguera<\/h3><div class='team-member-description '  itemprop=\"description\" ><p>Content Director of La 2 Catalunya. She has developed her professional career for over 20 years at RTVE\u2019s Production Centre in Sant Cugat. She began as a reporter for \u201cEl Escarabajo Verde\u201d and has since worked in the programmes and news departments in Catalonia. In 2016, she directed the magazine \u201cTips,\u201d in 2017 she became the coordinator of La 2 in Catalonia, and in 2021 she took on the role of Director of Programme Production at TVE in Catalonia.<\/p>\n<\/div><span class='hidden team-member-affiliation'  itemprop=\"affiliation\" >Cl\u00faster Audiovisual<\/span><\/section><\/div>\n<style type=\"text\/css\" data-created_by=\"avia_inline_auto\" id=\"style-css-av-qwoa4ol-9ea43afae62cb0f6685e7792346eb31e\">\n.flex_column.av-qwoa4ol-9ea43afae62cb0f6685e7792346eb31e{\nborder-radius:0px 0px 0px 0px;\npadding:0px 0px 0px 0px;\n}\n<\/style>\n<div  class='flex_column av-qwoa4ol-9ea43afae62cb0f6685e7792346eb31e av_one_fourth  avia-builder-el-45  el_after_av_one_fourth  el_before_av_one_fourth  flex_column_div av-zero-column-padding  column-top-margin'     ><style type=\"text\/css\" data-created_by=\"avia_inline_auto\" id=\"style-css-av-qg763ud-73749f3acb8731c3b168495cc771ee3f\">\n#top #wrap_all .avia-team-member.av-qg763ud-73749f3acb8731c3b168495cc771ee3f .team-member-name{\ncolor:#b02b2c;\n}\n.avia-team-member.av-qg763ud-73749f3acb8731c3b168495cc771ee3f .team-member-job-title{\ncolor:#b02b2c;\n}\n<\/style>\n<section  class='avia-team-member av-qg763ud-73749f3acb8731c3b168495cc771ee3f  avia-builder-el-46  avia-builder-el-no-sibling '  itemscope=\"itemscope\" itemtype=\"https:\/\/schema.org\/Person\" ><div class=\"team-img-container\"><img decoding=\"async\" fetchpriority=\"high\" class='wp-image-52678 avia-img-lazy-loading-not-52678 avia_image avia_image_team' src=\"https:\/\/www.clusteraudiovisual.cat\/wp-content\/uploads\/2025\/10\/STalent2025_Conferencies_Ponent_Audiencies_GeorginaFerri.jpg\" alt='Georgina Ferri'  itemprop=\"image\"   height=\"300\" width=\"300\" srcset=\"https:\/\/www.clusteraudiovisual.cat\/wp-content\/uploads\/2025\/10\/STalent2025_Conferencies_Ponent_Audiencies_GeorginaFerri.jpg 300w, https:\/\/www.clusteraudiovisual.cat\/wp-content\/uploads\/2025\/10\/STalent2025_Conferencies_Ponent_Audiencies_GeorginaFerri-80x80.jpg 80w, https:\/\/www.clusteraudiovisual.cat\/wp-content\/uploads\/2025\/10\/STalent2025_Conferencies_Ponent_Audiencies_GeorginaFerri-36x36.jpg 36w, https:\/\/www.clusteraudiovisual.cat\/wp-content\/uploads\/2025\/10\/STalent2025_Conferencies_Ponent_Audiencies_GeorginaFerri-180x180.jpg 180w\" sizes=\"(max-width: 300px) 100vw, 300px\" \/><\/div><h3 class='team-member-name '  itemprop=\"name\" >Georgina Ferri<\/h3><div class='team-member-description '  itemprop=\"description\" ><p>General Director of BETEV\u00c9. She has 18 years of experience in television, digital, and transmedia journalism, 11 of which leading and managing teams in local television (Televisi\u00f3 de L\u2019Hospitalet), at a global digital media outlet in Madrid (Terra.es), and in both print and digital press in Catalonia (ARA newspaper), where she also served as General Director for five years.<\/p>\n<\/div><span class='hidden team-member-affiliation'  itemprop=\"affiliation\" >Cl\u00faster Audiovisual<\/span><\/section><\/div>\n<style type=\"text\/css\" data-created_by=\"avia_inline_auto\" id=\"style-css-av-q2ptjhx-ec4b7a4783b4487d9f97d78d9548efb0\">\n.flex_column.av-q2ptjhx-ec4b7a4783b4487d9f97d78d9548efb0{\nborder-radius:0px 0px 0px 0px;\npadding:0px 0px 0px 0px;\n}\n<\/style>\n<div  class='flex_column av-q2ptjhx-ec4b7a4783b4487d9f97d78d9548efb0 av_one_fourth  avia-builder-el-47  el_after_av_one_fourth  avia-builder-el-last  flex_column_div av-zero-column-padding  column-top-margin'     ><style type=\"text\/css\" data-created_by=\"avia_inline_auto\" id=\"style-css-av-pk1608l-87c4edb3f3dd9b4621b53299e944b64d\">\n#top #wrap_all .avia-team-member.av-pk1608l-87c4edb3f3dd9b4621b53299e944b64d .team-member-name{\ncolor:#b02b2c;\n}\n.avia-team-member.av-pk1608l-87c4edb3f3dd9b4621b53299e944b64d .team-member-job-title{\ncolor:#b02b2c;\n}\n<\/style>\n<section  class='avia-team-member av-pk1608l-87c4edb3f3dd9b4621b53299e944b64d  avia-builder-el-48  avia-builder-el-no-sibling '  itemscope=\"itemscope\" itemtype=\"https:\/\/schema.org\/Person\" ><div class=\"team-img-container\"><img decoding=\"async\" fetchpriority=\"high\" class='wp-image-52689 avia-img-lazy-loading-not-52689 avia_image avia_image_team' src=\"https:\/\/www.clusteraudiovisual.cat\/wp-content\/uploads\/2025\/10\/STalent2025_Conferencies_Ponent_Audiencies_MiquelHerrada.jpg\" alt='Miquel Herrada'  itemprop=\"image\"   height=\"300\" width=\"300\" srcset=\"https:\/\/www.clusteraudiovisual.cat\/wp-content\/uploads\/2025\/10\/STalent2025_Conferencies_Ponent_Audiencies_MiquelHerrada.jpg 300w, https:\/\/www.clusteraudiovisual.cat\/wp-content\/uploads\/2025\/10\/STalent2025_Conferencies_Ponent_Audiencies_MiquelHerrada-80x80.jpg 80w, https:\/\/www.clusteraudiovisual.cat\/wp-content\/uploads\/2025\/10\/STalent2025_Conferencies_Ponent_Audiencies_MiquelHerrada-36x36.jpg 36w, https:\/\/www.clusteraudiovisual.cat\/wp-content\/uploads\/2025\/10\/STalent2025_Conferencies_Ponent_Audiencies_MiquelHerrada-180x180.jpg 180w\" sizes=\"(max-width: 300px) 100vw, 300px\" \/><\/div><h3 class='team-member-name '  itemprop=\"name\" >Miquel Herrada<\/h3><div class='team-member-description '  itemprop=\"description\" ><p>Director of Operations at the Xarxa Audiovisual Local (XAL). He has over 20 years of experience in the local audiovisual communication sector in Catalonia and is committed to the digital transformation and innovation of local media.<\/p>\n<\/div><span class='hidden team-member-affiliation'  itemprop=\"affiliation\" >Cl\u00faster Audiovisual<\/span><\/section><\/div><\/p>\n<\/div><\/div><\/div>\n<style type=\"text\/css\" data-created_by=\"avia_inline_auto\" id=\"style-css-av-p7vmjrp-553e1b3579bae4d754350b9504182756\">\n.av-layout-tab.av-p7vmjrp-553e1b3579bae4d754350b9504182756{\nvertical-align:top;\n}\n<\/style>\n<div id='av-tab-section-1-2' class='av-layout-tab av-p7vmjrp-553e1b3579bae4d754350b9504182756 av-animation-delay-container  avia-builder-el-49  el_after_av_tab_sub_section  el_before_av_tab_sub_section  ' data-av-deeplink-tabs=\"\" data-av-tab-section-content=\"2\" data-tab-section-id=\"conversation-with-talent--eduard-sola-jlia-de-paz\"><div class=\"av-layout-tab-inner\"><div class=\"container\"><section  class='av_textblock_section av-onyfsgl-b573962dba40165d07b0f0dd2cb5ac7e '   itemscope=\"itemscope\" itemtype=\"https:\/\/schema.org\/CreativeWork\" ><div class='avia_textblock'  itemprop=\"text\" ><h2><strong>Conversation with Talent \u00b7 Eduard Sola &amp; J\u00falia de Paz<\/strong><\/h2>\n<\/div><\/section><br \/>\n<section  class='av_textblock_section av-o7wbw2d-25fc9ee92c59840ff2e539d5a3c3e496 '   itemscope=\"itemscope\" itemtype=\"https:\/\/schema.org\/CreativeWork\" ><div class='avia_textblock'  itemprop=\"text\" ><h6>Monday 24th November<\/h6>\n<h6><br class=\"avia-permanent-lb\" \/>From 7pm to 8:30pm<\/h6>\n<h6><br class=\"avia-permanent-lb\" \/>Auditorium of the Disseny Hub Barcelona (Pla\u00e7a de les Gl\u00f2ries Catalanes, 38)<\/h6>\n<h6><br class=\"avia-permanent-lb\" \/>Entry is free upon registration<\/h6>\n<h6><br class=\"avia-permanent-lb\" \/>The session will be held in Catalan<\/h6>\n<\/div><\/section><br \/>\n\n<style type=\"text\/css\" data-created_by=\"avia_inline_auto\" id=\"style-css-av-mqw5m8l-dc8eb4e1890ecedeadfcb4ed0c0c786f\">\n#top .hr.hr-invisible.av-mqw5m8l-dc8eb4e1890ecedeadfcb4ed0c0c786f{\nheight:50px;\n}\n<\/style>\n<div  class='hr av-mqw5m8l-dc8eb4e1890ecedeadfcb4ed0c0c786f hr-invisible  avia-builder-el-52  el_after_av_textblock  el_before_av_textblock '><span class='hr-inner '><span class=\"hr-inner-style\"><\/span><\/span><\/div><br \/>\n<section  class='av_textblock_section av-mcq5pg5-e8b232de6654f33509f7380776633206 '   itemscope=\"itemscope\" itemtype=\"https:\/\/schema.org\/CreativeWork\" ><div class='avia_textblock'  itemprop=\"text\" ><p data-start=\"0\" data-end=\"603\">Director <strong>J\u00falia de Paz<\/strong> and screenwriter <strong>Eduard Sola<\/strong> share their journey and experience on how to build stories that captivate audiences. With the support and moderation of the Catalan Film Academy, the session will reflect on the role of new talent in the audiovisual sector, the opportunities to make a name for oneself, and the importance of maintaining an authentic voice amid the challenges of the industry. This session aims to be a space for dialogue and inspiration, to understand how new generations can create from authenticity, sensitivity, and the desire to make fiction a mirror of reality.<\/p>\n<p data-start=\"605\" data-end=\"667\" data-is-last-node=\"\" data-is-only-node=\"\">Moderated by <strong>Laia Aubia<\/strong>, Director of the <strong>Catalan Film Academy<\/strong>.<\/p>\n<\/div><\/section><br \/>\n<div  class='flex_column av-lu7ksk5-b10569e26164c8cb89acb9016772056d av_one_fourth  avia-builder-el-54  el_after_av_textblock  el_before_av_one_fourth  first flex_column_div  column-top-margin'     ><style type=\"text\/css\" data-created_by=\"avia_inline_auto\" id=\"style-css-av-2vd689h-b45256a2ea3a890e4b1f0365444ae8d8\">\n#top #wrap_all .avia-team-member.av-2vd689h-b45256a2ea3a890e4b1f0365444ae8d8 .team-member-name{\ncolor:#b02b2c;\n}\n.avia-team-member.av-2vd689h-b45256a2ea3a890e4b1f0365444ae8d8 .team-member-job-title{\ncolor:#b02b2c;\n}\n<\/style>\n<section  class='avia-team-member av-2vd689h-b45256a2ea3a890e4b1f0365444ae8d8  avia-builder-el-55  avia-builder-el-no-sibling '  itemscope=\"itemscope\" itemtype=\"https:\/\/schema.org\/Person\" ><div class=\"team-img-container\"><img decoding=\"async\" fetchpriority=\"high\" class='wp-image-52807 avia-img-lazy-loading-not-52807 avia_image avia_image_team' src=\"https:\/\/www.clusteraudiovisual.cat\/wp-content\/uploads\/2025\/10\/STalent2025_Conferencies_ConversesAmbTalents_EduardSola.jpg\" alt='Eduard Sola'  itemprop=\"image\"   height=\"300\" width=\"300\" srcset=\"https:\/\/www.clusteraudiovisual.cat\/wp-content\/uploads\/2025\/10\/STalent2025_Conferencies_ConversesAmbTalents_EduardSola.jpg 300w, https:\/\/www.clusteraudiovisual.cat\/wp-content\/uploads\/2025\/10\/STalent2025_Conferencies_ConversesAmbTalents_EduardSola-80x80.jpg 80w, https:\/\/www.clusteraudiovisual.cat\/wp-content\/uploads\/2025\/10\/STalent2025_Conferencies_ConversesAmbTalents_EduardSola-36x36.jpg 36w, https:\/\/www.clusteraudiovisual.cat\/wp-content\/uploads\/2025\/10\/STalent2025_Conferencies_ConversesAmbTalents_EduardSola-180x180.jpg 180w\" sizes=\"(max-width: 300px) 100vw, 300px\" \/><\/div><h3 class='team-member-name '  itemprop=\"name\" >Eduard Sola<\/h3><div class='team-member-description '  itemprop=\"description\" ><p>He has combined writing for television series (\u201cS\u00e9 qui\u00e9n eres\u201d, \u201cBenvinguts a la fam\u00edlia\u201d, \u201cCites\u201d) with screenwriting for films (\u201cBarcelona, nit d\u2019estiu\u201d, \u201cBarcelona, nit d\u2019hivern\u201d, \u201cMar\u00eda (y los dem\u00e1s)\u201d, \u201cLa voluntaria\u201d, \u201cLa virgen roja\u201d).<\/p>\n<p>In 2024, he premiered as a screenwriter with \u201cCasa en flames\u201d, directed by Dani de la Orden, which became the most successful Catalan film at the box office to date and earned him a Gaud\u00ed Award, a Goya Award, and a Feroz Award for Best Original Screenplay. That same year, he also participated in the series \u201cQuerer\u201d, directed by Alauda Ruiz de Az\u00faa, for which he won a Feroz Award for Best Series Screenplay alongside J\u00falia de Paz.<\/p>\n<\/div><span class='hidden team-member-affiliation'  itemprop=\"affiliation\" >Cl\u00faster Audiovisual<\/span><\/section><\/div><div  class='flex_column av-l1nuc45-1f18d79abb8904bf65d77b4e92589f67 av_one_fourth  avia-builder-el-56  el_after_av_one_fourth  el_before_av_one_fourth  flex_column_div  column-top-margin'     ><style type=\"text\/css\" data-created_by=\"avia_inline_auto\" id=\"style-css-av-k9dt8tx-8f054018351818def18f10efb601b8ee\">\n#top #wrap_all .avia-team-member.av-k9dt8tx-8f054018351818def18f10efb601b8ee .team-member-name{\ncolor:#b02b2c;\n}\n.avia-team-member.av-k9dt8tx-8f054018351818def18f10efb601b8ee .team-member-job-title{\ncolor:#b02b2c;\n}\n<\/style>\n<section  class='avia-team-member av-k9dt8tx-8f054018351818def18f10efb601b8ee  avia-builder-el-57  avia-builder-el-no-sibling '  itemscope=\"itemscope\" itemtype=\"https:\/\/schema.org\/Person\" ><div class=\"team-img-container\"><img decoding=\"async\" fetchpriority=\"high\" class='wp-image-52732 avia-img-lazy-loading-not-52732 avia_image avia_image_team' src=\"https:\/\/www.clusteraudiovisual.cat\/wp-content\/uploads\/2025\/10\/STalent2025_Conferencies_ConversesAmbTalents_JuliaDePaz.jpg\" alt='J\u00falia de Paz'  itemprop=\"image\"   height=\"300\" width=\"300\" srcset=\"https:\/\/www.clusteraudiovisual.cat\/wp-content\/uploads\/2025\/10\/STalent2025_Conferencies_ConversesAmbTalents_JuliaDePaz.jpg 300w, https:\/\/www.clusteraudiovisual.cat\/wp-content\/uploads\/2025\/10\/STalent2025_Conferencies_ConversesAmbTalents_JuliaDePaz-80x80.jpg 80w, https:\/\/www.clusteraudiovisual.cat\/wp-content\/uploads\/2025\/10\/STalent2025_Conferencies_ConversesAmbTalents_JuliaDePaz-36x36.jpg 36w, https:\/\/www.clusteraudiovisual.cat\/wp-content\/uploads\/2025\/10\/STalent2025_Conferencies_ConversesAmbTalents_JuliaDePaz-180x180.jpg 180w\" sizes=\"(max-width: 300px) 100vw, 300px\" \/><\/div><h3 class='team-member-name '  itemprop=\"name\" >J\u00falia de Paz<\/h3><div class='team-member-description '  itemprop=\"description\" ><p>She began her professional career with her debut feature, \"Ama\" (premiered at the M\u00e1laga Film Festival, where it received the Silver Biznaga for Best Leading Actress and the Feroz Puerta Oscura Award for Best Film, and was later nominated for the Goya Award for Best Adapted Screenplay).<\/p>\n<p>Her next project, the short film \"Harta\" (winner of three Biznagas at the M\u00e1laga Film Festival, the Gaud\u00ed Award for Best Short Film, among others), served as the seed for her second feature film, \"La buena hija\", which will premiere at the Tallinn International Film Festival.<\/p>\n<p>In 2024, she worked as second director on the series \"Las largas sombras\" (Clara Roquet, produced by Disney+), and during the latest edition of the San Sebasti\u00e1n Film Festival, the series \"Querer\" (directed by Alauda Ruiz de Az\u00faa) was screened, for which she co-wrote the script alongside Eduard Sola.<\/p>\n<\/div><span class='hidden team-member-affiliation'  itemprop=\"affiliation\" >Cl\u00faster Audiovisual<\/span><\/section><\/div><div  class='flex_column av-jupjbrp-23a0324d4da337b19eddf98cbadb0f0c av_one_fourth  avia-builder-el-58  el_after_av_one_fourth  el_before_av_one_fourth  flex_column_div  column-top-margin'     ><style type=\"text\/css\" data-created_by=\"avia_inline_auto\" id=\"style-css-av-jlr78ut-9c551db4825db24d4f10d8c7abb5a673\">\n#top #wrap_all .avia-team-member.av-jlr78ut-9c551db4825db24d4f10d8c7abb5a673 .team-member-name{\ncolor:#b02b2c;\n}\n.avia-team-member.av-jlr78ut-9c551db4825db24d4f10d8c7abb5a673 .team-member-job-title{\ncolor:#b02b2c;\n}\n<\/style>\n<section  class='avia-team-member av-jlr78ut-9c551db4825db24d4f10d8c7abb5a673  avia-builder-el-59  avia-builder-el-no-sibling '  itemscope=\"itemscope\" itemtype=\"https:\/\/schema.org\/Person\" ><div class=\"team-img-container\"><img decoding=\"async\" fetchpriority=\"high\" class='wp-image-52814 avia-img-lazy-loading-not-52814 avia_image avia_image_team' src=\"https:\/\/www.clusteraudiovisual.cat\/wp-content\/uploads\/2025\/10\/STalent2025_Conferencies_ConversesAmbTalents_LaiaAubia.jpg\" alt='Laia Aubia'  itemprop=\"image\"   height=\"300\" width=\"300\" srcset=\"https:\/\/www.clusteraudiovisual.cat\/wp-content\/uploads\/2025\/10\/STalent2025_Conferencies_ConversesAmbTalents_LaiaAubia.jpg 300w, https:\/\/www.clusteraudiovisual.cat\/wp-content\/uploads\/2025\/10\/STalent2025_Conferencies_ConversesAmbTalents_LaiaAubia-80x80.jpg 80w, https:\/\/www.clusteraudiovisual.cat\/wp-content\/uploads\/2025\/10\/STalent2025_Conferencies_ConversesAmbTalents_LaiaAubia-36x36.jpg 36w, https:\/\/www.clusteraudiovisual.cat\/wp-content\/uploads\/2025\/10\/STalent2025_Conferencies_ConversesAmbTalents_LaiaAubia-180x180.jpg 180w\" sizes=\"(max-width: 300px) 100vw, 300px\" \/><\/div><h3 class='team-member-name '  itemprop=\"name\" >Laia Aubia<\/h3><div class='team-member-description '  itemprop=\"description\" ><p>She worked as a researcher and lecturer at Pompeu Fabra University (UPF) and contributed to the creation of the Audiovisual Production Observatory (OPA). In 2007, she coordinated the Barcelona-Catalunya Film Commission, and in 2010, she became the head of distribution at the DocsBarcelona Festival.<\/p>\n<p>Since 2018, she has been the Director of the Catalan Film Academy, the organization behind initiatives such as the Gaud\u00ed Awards and the Pep\u00f3n Coromina Award, where she oversees the preselection processes and coordinates all related training and networking activities.<\/p>\n<\/div><span class='hidden team-member-affiliation'  itemprop=\"affiliation\" >Cl\u00faster Audiovisual<\/span><\/section><\/div><div  class='flex_column av-j9gwbjp-ab2b85730cbd5b5834aea9e7a3160e17 av_one_fourth  avia-builder-el-60  el_after_av_one_fourth  el_before_av_partner  flex_column_div  column-top-margin'     ><\/div><div  class='avia-logo-element-container av-im8p0et-02d498191126b872f9028af199e1210b av-border-deactivate avia-logo-grid avia-content-slider avia-smallarrow-slider avia-content-grid-active noHover avia-content-slider-odd  avia-builder-el-61  el_after_av_one_fourth  avia-builder-el-last  avia-content-slider1' ><div class='avia-smallarrow-slider-heading '><div class='new-special-heading'><h6 class='av-logo-special-heading-text '>IN COLLABORATION WITH:<\/h6><\/div><\/div><div class=\"avia-content-slider-inner\"><div class=\"slide-entry-wrap\"><div  class='slide-entry av-i27gi6t-2b771eb78b08b8e32ff8a920f7bc168d flex_column no_margin av_one_fifth real-thumbnail post-entry slide-entry-overview slide-loop-1 slide-parity-odd post-entry-last first'><img decoding=\"async\" fetchpriority=\"high\" width=\"800\" height=\"400\" src=\"https:\/\/www.clusteraudiovisual.cat\/wp-content\/uploads\/2022\/10\/ST_Logo_Footer_Web_AcademiaCC.jpg\" class=\"wp-image-25796 avia-img-lazy-loading-not-25796 attachment-no scaling size-no scaling\" alt=\"\" srcset=\"https:\/\/www.clusteraudiovisual.cat\/wp-content\/uploads\/2022\/10\/ST_Logo_Footer_Web_AcademiaCC.jpg 800w, https:\/\/www.clusteraudiovisual.cat\/wp-content\/uploads\/2022\/10\/ST_Logo_Footer_Web_AcademiaCC-300x150.jpg 300w, https:\/\/www.clusteraudiovisual.cat\/wp-content\/uploads\/2022\/10\/ST_Logo_Footer_Web_AcademiaCC-768x384.jpg 768w, https:\/\/www.clusteraudiovisual.cat\/wp-content\/uploads\/2022\/10\/ST_Logo_Footer_Web_AcademiaCC-705x353.jpg 705w\" sizes=\"(max-width: 800px) 100vw, 800px\" \/><\/div><\/div><\/div><\/div><\/p>\n<\/div><\/div><\/div>\n<style type=\"text\/css\" data-created_by=\"avia_inline_auto\" id=\"style-css-av-hwoq0gl-8277acda506c67dda6d5ca430a9b25cb\">\n.av-layout-tab.av-hwoq0gl-8277acda506c67dda6d5ca430a9b25cb{\nvertical-align:top;\n}\n<\/style>\n<div id='av-tab-section-1-3' class='av-layout-tab av-hwoq0gl-8277acda506c67dda6d5ca430a9b25cb av-animation-delay-container  avia-builder-el-62  el_after_av_tab_sub_section  el_before_av_tab_sub_section  ' data-av-deeplink-tabs=\"\" data-av-tab-section-content=\"3\" data-tab-section-id=\"the-fascinating-journey-of-production\"><div class=\"av-layout-tab-inner\"><div class=\"container\"><p><div  class='flex_column av-h42nyr9-544d326b63e7fd4d821c20363cbd93e3 av_one_half  avia-builder-el-63  el_before_av_one_half  avia-builder-el-first  first flex_column_div  '     ><section  class='av_textblock_section av-gm2yhqt-5512ca19da5f908533cbd2e5ffea1839 '   itemscope=\"itemscope\" itemtype=\"https:\/\/schema.org\/CreativeWork\" ><div class='avia_textblock'  itemprop=\"text\" ><h2><strong>Roundtable \u00b7 The Fascinating Journey of Production<\/strong><\/h2>\n<h6>Tuesday 25th November<\/h6>\n<h6><br class=\"avia-permanent-lb\" \/>From 6:30pm to 8:15pm<\/h6>\n<h6><br class=\"avia-permanent-lb\" \/>Auditorium of the Disseny Hub Barcelona (Pla\u00e7a de les Gl\u00f2ries Catalanes, 38)<\/h6>\n<h6><br class=\"avia-permanent-lb\" \/>Entry is free upon registration<\/h6>\n<section class=\"av_textblock_section av-o7wbw2d-25fc9ee92c59840ff2e539d5a3c3e496 \">\n<div class=\"avia_textblock\">\n<h6><br class=\"avia-permanent-lb\" \/>The session will be held in Catalan<\/h6>\n<\/div>\n<\/section>\n<\/div><\/section><\/div>\n<style type=\"text\/css\" data-created_by=\"avia_inline_auto\" id=\"style-css-av-fhotdud-de8c0f21f1d17a84c379c8ab6e3dba10\">\n.flex_column.av-fhotdud-de8c0f21f1d17a84c379c8ab6e3dba10{\nborder-radius:0px 0px 0px 0px;\npadding:0px 0px 0px 0px;\n}\n<\/style>\n<div  class='flex_column av-fhotdud-de8c0f21f1d17a84c379c8ab6e3dba10 av_one_half  avia-builder-el-65  el_after_av_one_half  el_before_av_hr  flex_column_div av-zero-column-padding  '     ><style type=\"text\/css\" data-created_by=\"avia_inline_auto\" id=\"style-css-av-et5c99x-62b0eddf475282728d8e2a2777fbd997\">\n.avia-image-container.av-et5c99x-62b0eddf475282728d8e2a2777fbd997 img.avia_image{\nbox-shadow:none;\n}\n.avia-image-container.av-et5c99x-62b0eddf475282728d8e2a2777fbd997 .av-image-caption-overlay-center{\ncolor:#ffffff;\n}\n<\/style>\n<div  class='avia-image-container av-et5c99x-62b0eddf475282728d8e2a2777fbd997 av-styling- avia-align-center  avia-builder-el-66  avia-builder-el-no-sibling '   itemprop=\"image\" itemscope=\"itemscope\" itemtype=\"https:\/\/schema.org\/ImageObject\" ><div class=\"avia-image-container-inner\"><div class=\"avia-image-overlay-wrap\"><img decoding=\"async\" fetchpriority=\"high\" class='wp-image-52841 avia-img-lazy-loading-not-52841 avia_image ' src=\"https:\/\/www.clusteraudiovisual.cat\/wp-content\/uploads\/2025\/10\/STalent2025_ImatgeSuport_SessioProduccio.jpg\" alt='Les infraestructures i tecnologies de l\u2019estrat\u00e8gia audiovisual catalana' title='STalent2025_ImatgeSuport_SessioProduccio'  height=\"1200\" width=\"1799\"  itemprop=\"thumbnailUrl\" srcset=\"https:\/\/www.clusteraudiovisual.cat\/wp-content\/uploads\/2025\/10\/STalent2025_ImatgeSuport_SessioProduccio.jpg 1799w, https:\/\/www.clusteraudiovisual.cat\/wp-content\/uploads\/2025\/10\/STalent2025_ImatgeSuport_SessioProduccio-300x200.jpg 300w, https:\/\/www.clusteraudiovisual.cat\/wp-content\/uploads\/2025\/10\/STalent2025_ImatgeSuport_SessioProduccio-1030x687.jpg 1030w, https:\/\/www.clusteraudiovisual.cat\/wp-content\/uploads\/2025\/10\/STalent2025_ImatgeSuport_SessioProduccio-768x512.jpg 768w, https:\/\/www.clusteraudiovisual.cat\/wp-content\/uploads\/2025\/10\/STalent2025_ImatgeSuport_SessioProduccio-1536x1025.jpg 1536w, https:\/\/www.clusteraudiovisual.cat\/wp-content\/uploads\/2025\/10\/STalent2025_ImatgeSuport_SessioProduccio-1500x1001.jpg 1500w, https:\/\/www.clusteraudiovisual.cat\/wp-content\/uploads\/2025\/10\/STalent2025_ImatgeSuport_SessioProduccio-705x470.jpg 705w\" sizes=\"(max-width: 1799px) 100vw, 1799px\" \/><\/div><\/div><\/div><\/div>\n<style type=\"text\/css\" data-created_by=\"avia_inline_auto\" id=\"style-css-av-em8amxh-89dbc8a54f09889bf1a7570b916e27f2\">\n#top .hr.hr-invisible.av-em8amxh-89dbc8a54f09889bf1a7570b916e27f2{\nheight:50px;\n}\n<\/style>\n<div  class='hr av-em8amxh-89dbc8a54f09889bf1a7570b916e27f2 hr-invisible  avia-builder-el-67  el_after_av_one_half  el_before_av_textblock '><span class='hr-inner '><span class=\"hr-inner-style\"><\/span><\/span><\/div><br \/>\n<section  class='av_textblock_section av-e0hsmk5-ba32dd1560ac0565ac0541901fbb3afe '   itemscope=\"itemscope\" itemtype=\"https:\/\/schema.org\/CreativeWork\" ><div class='avia_textblock'  itemprop=\"text\" ><p>Behind every film, series, or documentary lies a journey full of creative decisions, logistical challenges, and a strong dose of strategic vision. This session aims to uncover how an audiovisual project is brought to life\u2014from its initial idea to its arrival on screens\u2014focusing on a key yet often underappreciated figure: the executive producer. From the conception of the project and the search for funding and co-producers to team management and coordination with creators, broadcasters, and platforms.<\/p>\n<p>The speakers will share how to strike a balance between creativity and financial viability, how major production decisions are made, and what new trends are shaping the audiovisual landscape in Catalonia and beyond.<\/p>\n<p>An essential gathering to understand how production is far more than logistics and budgets\u2014it is vision, leadership, and passion for making stories that move us come to life.<\/p>\n<p>With <strong style=\"font-weight: 400;\">Tono Folguera<\/strong> from <strong style=\"font-weight: 400;\">Lastor Media<\/strong>, <span style=\"font-weight: 400;\"><strong>Mireia Graell<\/strong> from <strong>Ringo Media<\/strong> and <\/span><span style=\"font-weight: 400;\"><strong>Arlette Peyret<\/strong> from <strong>Brutal Media<\/strong>. Moderated by <\/span><span style=\"font-weight: 400;\"><strong>Xavier Atance<\/strong> from <strong>Benec\u00e9 Produccions<\/strong>.<\/span><\/p>\n<\/div><\/section><br \/>\n\n<style type=\"text\/css\" data-created_by=\"avia_inline_auto\" id=\"style-css-av-mhxc2v2y-5948334b9c6fb9ba12c896e9bb1dbbdb\">\n#top .hr.hr-invisible.av-mhxc2v2y-5948334b9c6fb9ba12c896e9bb1dbbdb{\nheight:15px;\n}\n<\/style>\n<div  class='hr av-mhxc2v2y-5948334b9c6fb9ba12c896e9bb1dbbdb hr-invisible  avia-builder-el-69  el_after_av_textblock  el_before_av_textblock '><span class='hr-inner '><span class=\"hr-inner-style\"><\/span><\/span><\/div><br \/>\n<section  class='av_textblock_section av-mhxc4ecx-03e73b0220846084f110357e1676d75a '   itemscope=\"itemscope\" itemtype=\"https:\/\/schema.org\/CreativeWork\" ><div class='avia_textblock'  itemprop=\"text\" ><p>In addition, we will have the presence of:<\/p>\n<ul>\n<li><strong>Gerard Sim\u00f3<\/strong> and <strong>Adriana Ulldemolins<\/strong>, members of the Vig\u00edlia Collective, creators of <em><strong>L&#8217;edat imminent<\/strong><\/em> (Talent Week 2021 project). Film nominated for the Gaud\u00ed Award for Best New Direction. It has been awarded the Best Spanish Film Screenplay Award at the Gij\u00f3n Festival, has obtained the Special Mention of the Jury at the Cork Festival, the M\u00e1laga Work in Progress National Award 2023 and the Special Award at the Giffoni Festival.<\/li>\n<li><strong>Laura Torres<\/strong>, director of <em><strong>Corral Negro<\/strong><\/em> (Talent Week 2023 project). Selected at the International Short Film Festival Interfilm Berlin (Green Film Competition section), the Almargo International Film Festival (official national short film section) and the London Awards International Film Festival (Best International Short Film &#8211; Winner Gold Documentary award).<\/li>\n<\/ul>\n<\/div><\/section><br \/>\n\n<style type=\"text\/css\" data-created_by=\"avia_inline_auto\" id=\"style-css-av-mhxc30ul-ba4f57b48faff9ecdadf86c9e59ad3fe\">\n#top .hr.hr-invisible.av-mhxc30ul-ba4f57b48faff9ecdadf86c9e59ad3fe{\nheight:35px;\n}\n<\/style>\n<div  class='hr av-mhxc30ul-ba4f57b48faff9ecdadf86c9e59ad3fe hr-invisible  avia-builder-el-71  el_after_av_textblock  el_before_av_one_fourth '><span class='hr-inner '><span class=\"hr-inner-style\"><\/span><\/span><\/div><br \/>\n\n<style type=\"text\/css\" data-created_by=\"avia_inline_auto\" id=\"style-css-av-dge6dx1-4c5001594dd688a945a8d2e992784a88\">\n.flex_column.av-dge6dx1-4c5001594dd688a945a8d2e992784a88{\nborder-radius:0px 0px 0px 0px;\npadding:0px 0px 0px 0px;\n}\n<\/style>\n<div  class='flex_column av-dge6dx1-4c5001594dd688a945a8d2e992784a88 av_one_fourth  avia-builder-el-72  el_after_av_hr  el_before_av_one_fourth  first flex_column_div av-zero-column-padding  '     ><style type=\"text\/css\" data-created_by=\"avia_inline_auto\" id=\"style-css-av-czy98ad-237df41983119ca98458fca2f7f5f8c7\">\n#top #wrap_all .avia-team-member.av-czy98ad-237df41983119ca98458fca2f7f5f8c7 .team-member-name{\ncolor:#b02b2c;\n}\n.avia-team-member.av-czy98ad-237df41983119ca98458fca2f7f5f8c7 .team-member-job-title{\ncolor:#b02b2c;\n}\n<\/style>\n<section  class='avia-team-member av-czy98ad-237df41983119ca98458fca2f7f5f8c7  avia-builder-el-73  avia-builder-el-no-sibling '  itemscope=\"itemscope\" itemtype=\"https:\/\/schema.org\/Person\" ><div class=\"team-img-container\"><img decoding=\"async\" fetchpriority=\"high\" class='wp-image-52977 avia-img-lazy-loading-not-52977 avia_image avia_image_team' src=\"https:\/\/www.clusteraudiovisual.cat\/wp-content\/uploads\/2025\/10\/STalent2025_Conferencies_Ponent_Produccio_TonoFolguera.jpg\" alt='Tono Folguera'  itemprop=\"image\"   height=\"300\" width=\"300\" srcset=\"https:\/\/www.clusteraudiovisual.cat\/wp-content\/uploads\/2025\/10\/STalent2025_Conferencies_Ponent_Produccio_TonoFolguera.jpg 300w, https:\/\/www.clusteraudiovisual.cat\/wp-content\/uploads\/2025\/10\/STalent2025_Conferencies_Ponent_Produccio_TonoFolguera-80x80.jpg 80w, https:\/\/www.clusteraudiovisual.cat\/wp-content\/uploads\/2025\/10\/STalent2025_Conferencies_Ponent_Produccio_TonoFolguera-36x36.jpg 36w, https:\/\/www.clusteraudiovisual.cat\/wp-content\/uploads\/2025\/10\/STalent2025_Conferencies_Ponent_Produccio_TonoFolguera-180x180.jpg 180w\" sizes=\"(max-width: 300px) 100vw, 300px\" \/><\/div><h3 class='team-member-name '  itemprop=\"name\" >Tono Folguera<\/h3><div class='team-member-description '  itemprop=\"description\" ><p>He has a career of over 20 years in the production of documentaries and fiction films. He is the founder of the production companies Lastor Media and Vila\u00fct Films and has collaborated with directors such as Clara Roquet (\"Libertad\"), Carla Sim\u00f3n (\"Alcarr\u00e0s\"), Carlos Marques-Marcet (\"Polvo ser\u00e1n\"), Elena Mart\u00edn Gimeno (\"Creatura\"), Mikel Gurrea (\"Suro\"), Marcel Barrena (\"Mediterr\u00e1neo\"), Mounia Akl (\"Costa Brava\"), Patricia Font (\"El maestro que prometi\u00f3 el mar\"), and Carles Bosch (\"Petitet\").<\/p>\n<p>He won the Golden Bear at the 2022 Berlin Film Festival for the film Alcarr\u00e0s. Among his main achievements are three Goya Awards from the Spanish Film Academy, ten Gaud\u00ed Awards from the Catalan Film Academy, three nominations for the European Film Awards, and two Golden Biznagas at the M\u00e1laga Film Festival. His most recent production, Forastera (Luc\u00eda Ale\u00f1ar), received the FIPRESCI Prize at the Toronto Film Festival.<\/p>\n<\/div><span class='hidden team-member-affiliation'  itemprop=\"affiliation\" >Cl\u00faster Audiovisual<\/span><\/section><\/div>\n<style type=\"text\/css\" data-created_by=\"avia_inline_auto\" id=\"style-css-av-cn27zed-a829befb6ca1507807f055108f279d59\">\n.flex_column.av-cn27zed-a829befb6ca1507807f055108f279d59{\nborder-radius:0px 0px 0px 0px;\npadding:0px 0px 0px 0px;\n}\n<\/style>\n<div  class='flex_column av-cn27zed-a829befb6ca1507807f055108f279d59 av_one_fourth  avia-builder-el-74  el_after_av_one_fourth  el_before_av_one_fourth  flex_column_div av-zero-column-padding  '     ><style type=\"text\/css\" data-created_by=\"avia_inline_auto\" id=\"style-css-av-c4u8l2t-a940e512e82b267f57705906290dc32e\">\n#top #wrap_all .avia-team-member.av-c4u8l2t-a940e512e82b267f57705906290dc32e .team-member-name{\ncolor:#b02b2c;\n}\n.avia-team-member.av-c4u8l2t-a940e512e82b267f57705906290dc32e .team-member-job-title{\ncolor:#b02b2c;\n}\n<\/style>\n<section  class='avia-team-member av-c4u8l2t-a940e512e82b267f57705906290dc32e  avia-builder-el-75  avia-builder-el-no-sibling '  itemscope=\"itemscope\" itemtype=\"https:\/\/schema.org\/Person\" ><div class=\"team-img-container\"><img decoding=\"async\" fetchpriority=\"high\" class='wp-image-52834 avia-img-lazy-loading-not-52834 avia_image avia_image_team' src=\"https:\/\/www.clusteraudiovisual.cat\/wp-content\/uploads\/2025\/10\/STalent2025_Conferencies_Ponent_Produccio_MireiaGraell_\u00a9-Frank-Schoepgens.jpg\" alt='Mireia Graell'  itemprop=\"image\"   height=\"300\" width=\"300\" srcset=\"https:\/\/www.clusteraudiovisual.cat\/wp-content\/uploads\/2025\/10\/STalent2025_Conferencies_Ponent_Produccio_MireiaGraell_\u00a9-Frank-Schoepgens.jpg 300w, https:\/\/www.clusteraudiovisual.cat\/wp-content\/uploads\/2025\/10\/STalent2025_Conferencies_Ponent_Produccio_MireiaGraell_\u00a9-Frank-Schoepgens-80x80.jpg 80w, https:\/\/www.clusteraudiovisual.cat\/wp-content\/uploads\/2025\/10\/STalent2025_Conferencies_Ponent_Produccio_MireiaGraell_\u00a9-Frank-Schoepgens-36x36.jpg 36w, https:\/\/www.clusteraudiovisual.cat\/wp-content\/uploads\/2025\/10\/STalent2025_Conferencies_Ponent_Produccio_MireiaGraell_\u00a9-Frank-Schoepgens-180x180.jpg 180w\" sizes=\"(max-width: 300px) 100vw, 300px\" \/><\/div><h3 class='team-member-name '  itemprop=\"name\" >Mireia Graell<\/h3><div class='team-member-description '  itemprop=\"description\" ><p>In 2017, she founded Ringo Media, a production company committed to authentic storytelling. Some of her recent films include \u201cMatria\u201d by \u00c1lvaro Gago (premiered at Berlinale Panorama), \u201cDiari de la meva sextorsi\u00f3\u201d by Patricia Franquesa (winner of the Gaud\u00ed Award for Best Documentary), and \u201cLa furia\u201d by Gemma Blasco (premiered at SXSW in Austin and winner of three Biznagas at the M\u00e1laga Film Festival).<\/p>\n<\/div><span class='hidden team-member-affiliation'  itemprop=\"affiliation\" >Cl\u00faster Audiovisual<\/span><\/section><\/div>\n<style type=\"text\/css\" data-created_by=\"avia_inline_auto\" id=\"style-css-av-bjyp45x-72f2ebb73c088564a2b9cf622dcd43dc\">\n.flex_column.av-bjyp45x-72f2ebb73c088564a2b9cf622dcd43dc{\nborder-radius:0px 0px 0px 0px;\npadding:0px 0px 0px 0px;\n}\n<\/style>\n<div  class='flex_column av-bjyp45x-72f2ebb73c088564a2b9cf622dcd43dc av_one_fourth  avia-builder-el-76  el_after_av_one_fourth  el_before_av_one_fourth  flex_column_div av-zero-column-padding  '     ><style type=\"text\/css\" data-created_by=\"avia_inline_auto\" id=\"style-css-av-b9ki6gl-7c24fa0cfe6f719155eafb9aa3383086\">\n#top #wrap_all .avia-team-member.av-b9ki6gl-7c24fa0cfe6f719155eafb9aa3383086 .team-member-name{\ncolor:#b02b2c;\n}\n.avia-team-member.av-b9ki6gl-7c24fa0cfe6f719155eafb9aa3383086 .team-member-job-title{\ncolor:#b02b2c;\n}\n<\/style>\n<section  class='avia-team-member av-b9ki6gl-7c24fa0cfe6f719155eafb9aa3383086  avia-builder-el-77  avia-builder-el-no-sibling '  itemscope=\"itemscope\" itemtype=\"https:\/\/schema.org\/Person\" ><div class=\"team-img-container\"><img decoding=\"async\" fetchpriority=\"high\" class='wp-image-52826 avia-img-lazy-loading-not-52826 avia_image avia_image_team' src=\"https:\/\/www.clusteraudiovisual.cat\/wp-content\/uploads\/2025\/10\/STalent2025_Conferencies_Ponent_Produccio_ArlettePeyret.jpg\" alt='Arlette Peyret'  itemprop=\"image\"   height=\"300\" width=\"300\" srcset=\"https:\/\/www.clusteraudiovisual.cat\/wp-content\/uploads\/2025\/10\/STalent2025_Conferencies_Ponent_Produccio_ArlettePeyret.jpg 300w, https:\/\/www.clusteraudiovisual.cat\/wp-content\/uploads\/2025\/10\/STalent2025_Conferencies_Ponent_Produccio_ArlettePeyret-80x80.jpg 80w, https:\/\/www.clusteraudiovisual.cat\/wp-content\/uploads\/2025\/10\/STalent2025_Conferencies_Ponent_Produccio_ArlettePeyret-36x36.jpg 36w, https:\/\/www.clusteraudiovisual.cat\/wp-content\/uploads\/2025\/10\/STalent2025_Conferencies_Ponent_Produccio_ArlettePeyret-180x180.jpg 180w\" sizes=\"(max-width: 300px) 100vw, 300px\" \/><\/div><h3 class='team-member-name '  itemprop=\"name\" >Arlette Peyret<\/h3><div class='team-member-description '  itemprop=\"description\" ><p>Business director and executive producer with over 18 years of experience in the audiovisual industry, leading the development and production of TV series, films, documentaries, and entertainment formats.<br \/>\nAs an executive producer, her credits include \u201cEl Mapa de los anhelos\u201d (Netflix, upcoming release), \u201cAsalto al Banco Central\u201d (Netflix), \u201cVintage\u201d (3Cat), \u201cLa Academia\u201d (Sony Pictures Television), \u201cLas cintas de Rosa Peral\u201d (Netflix), \u201cBienvenidos a Ed\u00e9n\u201d (Netflix), \u201cEl Club de los Lectores Criminales\u201d (Netflix), \u201cEl Caso Wanninkhof-Carabantes\u201d (Netflix), \u201cThis is Football\u201d (Amazon Prime), \u201cLes de l\u2019h\u00f2quei\u201d (Netflix, 3Cat), and \u201cThis is Art\u201d (Movistar, 3Cat), among others.<\/p>\n<\/div><span class='hidden team-member-affiliation'  itemprop=\"affiliation\" >Cl\u00faster Audiovisual<\/span><\/section><\/div>\n<style type=\"text\/css\" data-created_by=\"avia_inline_auto\" id=\"style-css-av-aur3xlh-9ad64d71a100d47e5b8577f22518372f\">\n.flex_column.av-aur3xlh-9ad64d71a100d47e5b8577f22518372f{\nborder-radius:0px 0px 0px 0px;\npadding:0px 0px 0px 0px;\n}\n<\/style>\n<div  class='flex_column av-aur3xlh-9ad64d71a100d47e5b8577f22518372f av_one_fourth  avia-builder-el-78  el_after_av_one_fourth  avia-builder-el-last  flex_column_div av-zero-column-padding  '     ><style type=\"text\/css\" data-created_by=\"avia_inline_auto\" id=\"style-css-av-ac9avsl-26ba07ab76567d44c38db97261cb914c\">\n#top #wrap_all .avia-team-member.av-ac9avsl-26ba07ab76567d44c38db97261cb914c .team-member-name{\ncolor:#b02b2c;\n}\n.avia-team-member.av-ac9avsl-26ba07ab76567d44c38db97261cb914c .team-member-job-title{\ncolor:#b02b2c;\n}\n<\/style>\n<section  class='avia-team-member av-ac9avsl-26ba07ab76567d44c38db97261cb914c  avia-builder-el-79  avia-builder-el-no-sibling '  itemscope=\"itemscope\" itemtype=\"https:\/\/schema.org\/Person\" ><div class=\"team-img-container\"><img decoding=\"async\" fetchpriority=\"high\" class='wp-image-52829 avia-img-lazy-loading-not-52829 avia_image avia_image_team' src=\"https:\/\/www.clusteraudiovisual.cat\/wp-content\/uploads\/2025\/10\/STalent2025_Conferencies_Ponent_Produccio_XavierAtance.jpg\" alt='Xavier Atance'  itemprop=\"image\"   height=\"300\" width=\"300\" srcset=\"https:\/\/www.clusteraudiovisual.cat\/wp-content\/uploads\/2025\/10\/STalent2025_Conferencies_Ponent_Produccio_XavierAtance.jpg 300w, https:\/\/www.clusteraudiovisual.cat\/wp-content\/uploads\/2025\/10\/STalent2025_Conferencies_Ponent_Produccio_XavierAtance-80x80.jpg 80w, https:\/\/www.clusteraudiovisual.cat\/wp-content\/uploads\/2025\/10\/STalent2025_Conferencies_Ponent_Produccio_XavierAtance-36x36.jpg 36w, https:\/\/www.clusteraudiovisual.cat\/wp-content\/uploads\/2025\/10\/STalent2025_Conferencies_Ponent_Produccio_XavierAtance-180x180.jpg 180w\" sizes=\"(max-width: 300px) 100vw, 300px\" \/><\/div><h3 class='team-member-name '  itemprop=\"name\" >Xavier Atance<\/h3><div class='team-member-description '  itemprop=\"description\" ><p>In 1986, he founded Benec\u00e9 Produccions, where he serves as managing director and production designer. He has been president of PAC (2006\u20132012), president of PROA, and a member of the boards of FAPAE and PIAF. He is currently a board member of the Catalan Audiovisual Cluster.<\/p>\n<p>As an executive film producer, he has participated in titles such as \u201cEl sue\u00f1o de Sigena\u201d, \u201cMujeres calvas\u201d, \u201cEl cad\u00e1ver de Anna Fritz\u201d, \u201cF\u00e8nix 11\u00b723\u201d, \u201cLes dues nits d\u2019ahir\u201d, \u201cMaragall i la Lluna\u201d, \u201cLos condenados\u201d, \u201cEl payaso y el F\u00fchrer\u201d, \u201cDies d\u2019agost\u201d, \u201cEl caso Pinochet\u201d, and \u201cCravan vs. Cravan\u201d, among others.<\/p>\n<p>In television, he has created and produced formats such as \u201cGent de Mercats\u201d, \u201cHelv\u00e8tica\u201d, and \u201cBogeria a la pastisseria\u201d. At the same time, he has developed an extensive teaching career in universities and master\u2019s programs.<\/p>\n<\/div><span class='hidden team-member-affiliation'  itemprop=\"affiliation\" >Cl\u00faster Audiovisual<\/span><\/section><\/div><\/p>\n<\/div><\/div><\/div>\n<style type=\"text\/css\" data-created_by=\"avia_inline_auto\" id=\"style-css-av-a1pih05-473f1d730025ae5b8134fac8b2ce45f0\">\n.av-layout-tab.av-a1pih05-473f1d730025ae5b8134fac8b2ce45f0{\nvertical-align:top;\n}\n<\/style>\n<div id='av-tab-section-1-4' class='av-layout-tab av-a1pih05-473f1d730025ae5b8134fac8b2ce45f0 av-animation-delay-container  avia-builder-el-80  el_after_av_tab_sub_section  el_before_av_tab_sub_section  ' data-av-deeplink-tabs=\"\" data-av-tab-section-content=\"4\" data-tab-section-id=\"meet-the-experts--animaci\"><div class=\"av-layout-tab-inner\"><div class=\"container\"><p><div  class='flex_column av-9d6ox79-1331597c58688413ad2aacdbbfd18797 av_one_half  avia-builder-el-81  el_before_av_one_half  avia-builder-el-first  first flex_column_div  '     ><section  class='av_textblock_section av-wam179-210ad57cc8bcf14dd4e64d4304e26a5f '   itemscope=\"itemscope\" itemtype=\"https:\/\/schema.org\/CreativeWork\" ><div class='avia_textblock'  itemprop=\"text\" ><h2><strong>Meet the Experts \u00b7 Animation<\/strong><\/h2>\n<h6>Thursday 27th November<\/h6>\n<h6><br class=\"avia-permanent-lb\" \/>From 5pm to 6:45pm<\/h6>\n<h6><br class=\"avia-permanent-lb\" \/>Room L\/M of the Disseny Hub Barcelona (Pla\u00e7a de les Gl\u00f2ries Catalanes, 38)<\/h6>\n<h6><br class=\"avia-permanent-lb\" \/>Entry is free upon registration<\/h6>\n<h6><br class=\"avia-permanent-lb\" \/>The session will be held in Catalan &amp; Spanish<\/h6>\n<\/div><\/section><\/div>\n<style type=\"text\/css\" data-created_by=\"avia_inline_auto\" id=\"style-css-av-7m98f91-c2cf2a2a52156f9fd39ea0248eaff37d\">\n.flex_column.av-7m98f91-c2cf2a2a52156f9fd39ea0248eaff37d{\nborder-radius:0px 0px 0px 0px;\npadding:0px 0px 0px 0px;\n}\n<\/style>\n<div  class='flex_column av-7m98f91-c2cf2a2a52156f9fd39ea0248eaff37d av_one_half  avia-builder-el-83  el_after_av_one_half  el_before_av_hr  flex_column_div av-zero-column-padding  '     ><style type=\"text\/css\" data-created_by=\"avia_inline_auto\" id=\"style-css-av-7bf32j9-d8d35fa3e22a1e08358b16428672d39e\">\n.avia-image-container.av-7bf32j9-d8d35fa3e22a1e08358b16428672d39e img.avia_image{\nbox-shadow:none;\n}\n.avia-image-container.av-7bf32j9-d8d35fa3e22a1e08358b16428672d39e .av-image-caption-overlay-center{\ncolor:#ffffff;\n}\n<\/style>\n<div  class='avia-image-container av-7bf32j9-d8d35fa3e22a1e08358b16428672d39e av-styling- avia-align-center  avia-builder-el-84  avia-builder-el-no-sibling '   itemprop=\"image\" itemscope=\"itemscope\" itemtype=\"https:\/\/schema.org\/ImageObject\" ><div class=\"avia-image-container-inner\"><div class=\"avia-image-overlay-wrap\"><img decoding=\"async\" fetchpriority=\"high\" class='wp-image-52851 avia-img-lazy-loading-not-52851 avia_image ' src=\"https:\/\/www.clusteraudiovisual.cat\/wp-content\/uploads\/2025\/10\/STalent2025_ImatgeSuport_MeetTheExperts-scaled.jpg\" alt='Les infraestructures i tecnologies de l\u2019estrat\u00e8gia audiovisual catalana' title='STalent2025_ImatgeSuport_MeetTheExperts'  height=\"1707\" width=\"2560\"  itemprop=\"thumbnailUrl\" srcset=\"https:\/\/www.clusteraudiovisual.cat\/wp-content\/uploads\/2025\/10\/STalent2025_ImatgeSuport_MeetTheExperts-scaled.jpg 2560w, https:\/\/www.clusteraudiovisual.cat\/wp-content\/uploads\/2025\/10\/STalent2025_ImatgeSuport_MeetTheExperts-300x200.jpg 300w, https:\/\/www.clusteraudiovisual.cat\/wp-content\/uploads\/2025\/10\/STalent2025_ImatgeSuport_MeetTheExperts-1030x687.jpg 1030w, https:\/\/www.clusteraudiovisual.cat\/wp-content\/uploads\/2025\/10\/STalent2025_ImatgeSuport_MeetTheExperts-768x512.jpg 768w, https:\/\/www.clusteraudiovisual.cat\/wp-content\/uploads\/2025\/10\/STalent2025_ImatgeSuport_MeetTheExperts-1536x1024.jpg 1536w, https:\/\/www.clusteraudiovisual.cat\/wp-content\/uploads\/2025\/10\/STalent2025_ImatgeSuport_MeetTheExperts-2048x1366.jpg 2048w, https:\/\/www.clusteraudiovisual.cat\/wp-content\/uploads\/2025\/10\/STalent2025_ImatgeSuport_MeetTheExperts-1500x1000.jpg 1500w, https:\/\/www.clusteraudiovisual.cat\/wp-content\/uploads\/2025\/10\/STalent2025_ImatgeSuport_MeetTheExperts-705x470.jpg 705w\" sizes=\"(max-width: 2560px) 100vw, 2560px\" \/><\/div><\/div><\/div><\/div>\n<style type=\"text\/css\" data-created_by=\"avia_inline_auto\" id=\"style-css-av-6rfc5bp-72dc4448faf1a2fd3f308ddaeba9fb4f\">\n#top .hr.hr-invisible.av-6rfc5bp-72dc4448faf1a2fd3f308ddaeba9fb4f{\nheight:50px;\n}\n<\/style>\n<div  class='hr av-6rfc5bp-72dc4448faf1a2fd3f308ddaeba9fb4f hr-invisible  avia-builder-el-85  el_after_av_one_half  el_before_av_textblock '><span class='hr-inner '><span class=\"hr-inner-style\"><\/span><\/span><\/div><br \/>\n<section  class='av_textblock_section av-67lwf4l-ceb950984a1822746078d3f119d32e74 '   itemscope=\"itemscope\" itemtype=\"https:\/\/schema.org\/CreativeWork\" ><div class='avia_textblock'  itemprop=\"text\" ><p data-start=\"0\" data-end=\"227\">A meeting point to gain an in-depth understanding of the work carried out in different audiovisual professions, led by expert women who, in conversation with the attending audience, share the day-to-day aspects of their work.<\/p>\n<p data-start=\"229\" data-end=\"318\">This year, the focus will be on the roles and tasks involved in the field of animation with <strong>Anna Solanas<\/strong>,\u00a0<strong>Lyona Ivanova<\/strong>,\u00a0<strong>Paula Mart\u00edn<\/strong>,\u00a0<strong>Daniela Belmonte<\/strong> and <strong>Yennifer Jaramillo<\/strong>.<\/p>\n<\/div><\/section><br \/>\n<div  class='flex_column av-2g5q5it-e6c84bdbb3983aa87c8e6e963230f93d av_one_fifth  avia-builder-el-87  el_after_av_textblock  el_before_av_one_fifth  first flex_column_div  column-top-margin'     ><style type=\"text\/css\" data-created_by=\"avia_inline_auto\" id=\"style-css-av-lh35c1h-cd4f938c6e1ddea947a376d33dfb8e90\">\n#top #wrap_all .avia-team-member.av-lh35c1h-cd4f938c6e1ddea947a376d33dfb8e90 .team-member-name{\ncolor:#b02b2c;\n}\n.avia-team-member.av-lh35c1h-cd4f938c6e1ddea947a376d33dfb8e90 .team-member-job-title{\ncolor:#b02b2c;\n}\n<\/style>\n<section  class='avia-team-member av-lh35c1h-cd4f938c6e1ddea947a376d33dfb8e90  avia-builder-el-88  avia-builder-el-no-sibling '  itemscope=\"itemscope\" itemtype=\"https:\/\/schema.org\/Person\" ><div class=\"team-img-container\"><img decoding=\"async\" fetchpriority=\"high\" class='wp-image-36896 avia-img-lazy-loading-not-36896 avia_image avia_image_team' src=\"https:\/\/www.clusteraudiovisual.cat\/wp-content\/uploads\/2023\/10\/STalent2023_Meet-the-experts_Anna-Solanas.jpg\" alt='Anna Solanas'  itemprop=\"image\"   height=\"300\" width=\"300\" srcset=\"https:\/\/www.clusteraudiovisual.cat\/wp-content\/uploads\/2023\/10\/STalent2023_Meet-the-experts_Anna-Solanas.jpg 300w, https:\/\/www.clusteraudiovisual.cat\/wp-content\/uploads\/2023\/10\/STalent2023_Meet-the-experts_Anna-Solanas-80x80.jpg 80w, https:\/\/www.clusteraudiovisual.cat\/wp-content\/uploads\/2023\/10\/STalent2023_Meet-the-experts_Anna-Solanas-36x36.jpg 36w, https:\/\/www.clusteraudiovisual.cat\/wp-content\/uploads\/2023\/10\/STalent2023_Meet-the-experts_Anna-Solanas-180x180.jpg 180w\" sizes=\"(max-width: 300px) 100vw, 300px\" \/><\/div><h3 class='team-member-name '  itemprop=\"name\" >Anna Solanas<\/h3><div class='team-member-description '  itemprop=\"description\" ><p>In 2001, together with Marc Riba, they created the graduation project \"El negre \u00e9s el color dels d\u00e9us,\" which became their first short film and marked the beginning of a collaboration that now spans 18 years. In this initial project, they established the foundations of their style, heavily influenced by Eastern European and former Soviet Union children\u2019s animation from the second half of the 20th century, where puppets take center stage.<\/p>\n<p>Through their own production company, \"I + G Stop Motion\" (founded in 2004), they have produced seventeen short films. Their projects have been featured in over 2,000 festivals across five continents, winning more than a hundred awards, including a Goya nomination, the M\u00e9li\u00e8s d\u2019Argent for Best European Short Film, and a Gaud\u00ed Award.<\/p>\n<p>In March 2013, they occupied one of the halls of the prestigious Museo da Marioneta in Lisbon, exhibiting all the protagonists of their projects.<\/p>\n<p>They have also given lectures at international animation festivals such as Anim\u2019est in Bucharest (Romania), Animated Dreams in Tallinn (Estonia), Multfilm in Krasnoyarsk (Russia), monstra in Lisbon (Portugal), and FestAnka in Zilina (Slovakia), and have served as jurors for both national and international animation and film festivals.<\/p>\n<\/div><span class='hidden team-member-affiliation'  itemprop=\"affiliation\" >Cl\u00faster Audiovisual<\/span><\/section><\/div><div  class='flex_column av-7zy4dx-d6475fb90b8828ac8c32e52a032296b7 av_one_fifth  avia-builder-el-89  el_after_av_one_fifth  el_before_av_one_fifth  flex_column_div  column-top-margin'     ><style type=\"text\/css\" data-created_by=\"avia_inline_auto\" id=\"style-css-av-mhne3i31-96578e1e1c3b5e201e8f46a08305fd9d\">\n#top #wrap_all .avia-team-member.av-mhne3i31-96578e1e1c3b5e201e8f46a08305fd9d .team-member-name{\ncolor:#b02b2c;\n}\n.avia-team-member.av-mhne3i31-96578e1e1c3b5e201e8f46a08305fd9d .team-member-job-title{\ncolor:#b02b2c;\n}\n<\/style>\n<section  class='avia-team-member av-mhne3i31-96578e1e1c3b5e201e8f46a08305fd9d  avia-builder-el-90  avia-builder-el-no-sibling '  itemscope=\"itemscope\" itemtype=\"https:\/\/schema.org\/Person\" ><div class=\"team-img-container\"><img decoding=\"async\" fetchpriority=\"high\" class='wp-image-53501 avia-img-lazy-loading-not-53501 avia_image avia_image_team' src=\"https:\/\/www.clusteraudiovisual.cat\/wp-content\/uploads\/2025\/11\/STalent2025_MeetTheExperts_Ponent_LyonaIvanova.jpg\" alt='Lyona Ivanova'  itemprop=\"image\"   height=\"300\" width=\"300\" srcset=\"https:\/\/www.clusteraudiovisual.cat\/wp-content\/uploads\/2025\/11\/STalent2025_MeetTheExperts_Ponent_LyonaIvanova.jpg 300w, https:\/\/www.clusteraudiovisual.cat\/wp-content\/uploads\/2025\/11\/STalent2025_MeetTheExperts_Ponent_LyonaIvanova-80x80.jpg 80w, https:\/\/www.clusteraudiovisual.cat\/wp-content\/uploads\/2025\/11\/STalent2025_MeetTheExperts_Ponent_LyonaIvanova-36x36.jpg 36w, https:\/\/www.clusteraudiovisual.cat\/wp-content\/uploads\/2025\/11\/STalent2025_MeetTheExperts_Ponent_LyonaIvanova-180x180.jpg 180w\" sizes=\"(max-width: 300px) 100vw, 300px\" \/><\/div><h3 class='team-member-name '  itemprop=\"name\" >Lyona Ivanova<\/h3><div class='team-member-description '  itemprop=\"description\" ><p>Marta Puig (Lyona Ivanova) is a director and illustrator. She trained at ESCAC and graduated in 2001 with a specialization in directing. For her final graduation project, she created a stop-motion short film, \u201cLa bici roja.\u201d<\/p>\n<p>Since then, she has directed around a hundred music videos for bands such as Love of Lesbian, Sidonie, Lori Meyers, Leiva, Carlos Sadness, Amaral, Pau Vallv\u00e9, and The New Raemon.<\/p>\n<p>In the advertising world, she has produced several stop-motion commercials for clients including Mans Unides, UNICEF, Estrella Damm, Royal, and Nestl\u00e9.<\/p>\n<p>She has taught stop-motion techniques in the Master\u2019s program in Scenographic Design at Elisava. She combines directing with illustration and has published 20 books to date; her first was the story written by Santi Balmes of Love of Lesbian, \u201cJo matar\u00e9 monstres per tu,\u201d and she recently published \u201cSex\u00a1oh!\u201d, which discusses female sexuality, sexual education, and the pursuit of pleasure. She is currently in production on her first animated feature film, \u201cEl dia que Ewan McGregor em va presentar els seus pares.\u201d<\/p>\n<\/div><span class='hidden team-member-affiliation'  itemprop=\"affiliation\" >Cl\u00faster Audiovisual<\/span><\/section><\/div><div  class='flex_column av-1rygeut-a4fde8a14b5d27c6e446073b18633cc9 av_one_fifth  avia-builder-el-91  el_after_av_one_fifth  el_before_av_one_fifth  flex_column_div  column-top-margin'     ><style type=\"text\/css\" data-created_by=\"avia_inline_auto\" id=\"style-css-av-mhne3r7m-3ee8fd745ab68779169f9984100d529b\">\n#top #wrap_all .avia-team-member.av-mhne3r7m-3ee8fd745ab68779169f9984100d529b .team-member-name{\ncolor:#b02b2c;\n}\n.avia-team-member.av-mhne3r7m-3ee8fd745ab68779169f9984100d529b .team-member-job-title{\ncolor:#b02b2c;\n}\n<\/style>\n<section  class='avia-team-member av-mhne3r7m-3ee8fd745ab68779169f9984100d529b  avia-builder-el-92  avia-builder-el-no-sibling '  itemscope=\"itemscope\" itemtype=\"https:\/\/schema.org\/Person\" ><div class=\"team-img-container\"><img decoding=\"async\" fetchpriority=\"high\" class='wp-image-53504 avia-img-lazy-loading-not-53504 avia_image avia_image_team' src=\"https:\/\/www.clusteraudiovisual.cat\/wp-content\/uploads\/2025\/11\/STalent2025_MeetTheExperts_Ponent_PaulaMartin.jpg\" alt='Paula Mart\u00edn'  itemprop=\"image\"   height=\"300\" width=\"300\" srcset=\"https:\/\/www.clusteraudiovisual.cat\/wp-content\/uploads\/2025\/11\/STalent2025_MeetTheExperts_Ponent_PaulaMartin.jpg 300w, https:\/\/www.clusteraudiovisual.cat\/wp-content\/uploads\/2025\/11\/STalent2025_MeetTheExperts_Ponent_PaulaMartin-80x80.jpg 80w, https:\/\/www.clusteraudiovisual.cat\/wp-content\/uploads\/2025\/11\/STalent2025_MeetTheExperts_Ponent_PaulaMartin-36x36.jpg 36w, https:\/\/www.clusteraudiovisual.cat\/wp-content\/uploads\/2025\/11\/STalent2025_MeetTheExperts_Ponent_PaulaMartin-180x180.jpg 180w\" sizes=\"(max-width: 300px) 100vw, 300px\" \/><\/div><h3 class='team-member-name '  itemprop=\"name\" >Paula Mart\u00edn<\/h3><div class='team-member-description '  itemprop=\"description\" ><p>She is an Environment Artist with knowledge of Technical Art and experience working with game engines such as Unity and Unreal Engine.<\/p>\n<p>In 2014, she completed a Higher Vocational Training program in 3D Animation, Video Games, and Interactive Environments. Afterward, in 2016, she continued her studies with a degree in Artistic Creation for Video Games.<\/p>\n<p>She currently works as an Environment Artist at Penguin Armada and has previously collaborated as a freelance artist with several companies, including Paradox Interactive. She also has experience teaching 3D Art at various schools.<\/p>\n<\/div><span class='hidden team-member-affiliation'  itemprop=\"affiliation\" >Cl\u00faster Audiovisual<\/span><\/section><\/div><div  class='flex_column av-142z1yt-57435b05e41b4a7f1048d110e3686b70 av_one_fifth  avia-builder-el-93  el_after_av_one_fifth  el_before_av_one_fifth  flex_column_div  column-top-margin'     ><style type=\"text\/css\" data-created_by=\"avia_inline_auto\" id=\"style-css-av-mhne3zwl-05f800ac45bb0c5433d8da320d925ca4\">\n#top #wrap_all .avia-team-member.av-mhne3zwl-05f800ac45bb0c5433d8da320d925ca4 .team-member-name{\ncolor:#b02b2c;\n}\n.avia-team-member.av-mhne3zwl-05f800ac45bb0c5433d8da320d925ca4 .team-member-job-title{\ncolor:#b02b2c;\n}\n<\/style>\n<section  class='avia-team-member av-mhne3zwl-05f800ac45bb0c5433d8da320d925ca4  avia-builder-el-94  avia-builder-el-no-sibling '  itemscope=\"itemscope\" itemtype=\"https:\/\/schema.org\/Person\" ><div class=\"team-img-container\"><img decoding=\"async\" fetchpriority=\"high\" class='wp-image-53507 avia-img-lazy-loading-not-53507 avia_image avia_image_team' src=\"https:\/\/www.clusteraudiovisual.cat\/wp-content\/uploads\/2025\/11\/STalent2025_MeetTheExperts_Ponent_DanielaBelmonte.jpg\" alt='Daniela Belmonte'  itemprop=\"image\"   height=\"300\" width=\"300\" srcset=\"https:\/\/www.clusteraudiovisual.cat\/wp-content\/uploads\/2025\/11\/STalent2025_MeetTheExperts_Ponent_DanielaBelmonte.jpg 300w, https:\/\/www.clusteraudiovisual.cat\/wp-content\/uploads\/2025\/11\/STalent2025_MeetTheExperts_Ponent_DanielaBelmonte-80x80.jpg 80w, https:\/\/www.clusteraudiovisual.cat\/wp-content\/uploads\/2025\/11\/STalent2025_MeetTheExperts_Ponent_DanielaBelmonte-36x36.jpg 36w, https:\/\/www.clusteraudiovisual.cat\/wp-content\/uploads\/2025\/11\/STalent2025_MeetTheExperts_Ponent_DanielaBelmonte-180x180.jpg 180w\" sizes=\"(max-width: 300px) 100vw, 300px\" \/><\/div><h3 class='team-member-name '  itemprop=\"name\" >Daniela Belmonte<\/h3><div class='team-member-description '  itemprop=\"description\" ><p>With a deep passion for storytelling and animated cinema, she began her career as a 3D generalist after graduating in Animation and Digital Art in Mexico. During this period, she discovered her vocation for character animation, which led her to an intensive summer course at Vancouver Film School and later motivated her move to Barcelona to specialize in animation and storytelling at Pepe School Land.<\/p>\n<p>Her career spans projects in video games, virtual reality, and advertising, and she has collaborated on productions such as a VR experience of \"Black Mirror\" and the music video \"Paranoia\" by Heartsteel, where she brought the iconic characters from \"League of Legends\" to life.<\/p>\n<p>After her recent participation as an animator on the pilot of the independent series \"Catwalk,\" her current focus is on independent animation, where she seeks to explore new ways to continue improving and begin telling her own stories.<\/p>\n<\/div><span class='hidden team-member-affiliation'  itemprop=\"affiliation\" >Cl\u00faster Audiovisual<\/span><\/section><\/div><div  class='flex_column av-sblpp1-95ae90534ca173d90d1a2e4eddc27c57 av_one_fifth  avia-builder-el-95  el_after_av_one_fifth  el_before_av_hr  flex_column_div  column-top-margin'     ><style type=\"text\/css\" data-created_by=\"avia_inline_auto\" id=\"style-css-av-mhne4b3x-44bacde5ceace72e9a4a07ef8751af30\">\n#top #wrap_all .avia-team-member.av-mhne4b3x-44bacde5ceace72e9a4a07ef8751af30 .team-member-name{\ncolor:#b02b2c;\n}\n.avia-team-member.av-mhne4b3x-44bacde5ceace72e9a4a07ef8751af30 .team-member-job-title{\ncolor:#b02b2c;\n}\n<\/style>\n<section  class='avia-team-member av-mhne4b3x-44bacde5ceace72e9a4a07ef8751af30  avia-builder-el-96  avia-builder-el-no-sibling '  itemscope=\"itemscope\" itemtype=\"https:\/\/schema.org\/Person\" ><div class=\"team-img-container\"><img decoding=\"async\" fetchpriority=\"high\" class='wp-image-53510 avia-img-lazy-loading-not-53510 avia_image avia_image_team' src=\"https:\/\/www.clusteraudiovisual.cat\/wp-content\/uploads\/2025\/11\/STalent2025_MeetTheExperts_Ponent_YenniferJaramillo.jpg\" alt='Yennifer Jaramillo'  itemprop=\"image\"   height=\"300\" width=\"300\" srcset=\"https:\/\/www.clusteraudiovisual.cat\/wp-content\/uploads\/2025\/11\/STalent2025_MeetTheExperts_Ponent_YenniferJaramillo.jpg 300w, https:\/\/www.clusteraudiovisual.cat\/wp-content\/uploads\/2025\/11\/STalent2025_MeetTheExperts_Ponent_YenniferJaramillo-80x80.jpg 80w, https:\/\/www.clusteraudiovisual.cat\/wp-content\/uploads\/2025\/11\/STalent2025_MeetTheExperts_Ponent_YenniferJaramillo-36x36.jpg 36w, https:\/\/www.clusteraudiovisual.cat\/wp-content\/uploads\/2025\/11\/STalent2025_MeetTheExperts_Ponent_YenniferJaramillo-180x180.jpg 180w\" sizes=\"(max-width: 300px) 100vw, 300px\" \/><\/div><h3 class='team-member-name '  itemprop=\"name\" >Yennifer Jaramillo<\/h3><div class='team-member-description '  itemprop=\"description\" ><p>She is a 3D animator trained at Pepe School Land, with experience in advertising, video game development, and independent animation projects.<\/p>\n<p>She has worked on advertising campaigns for The Glenlivet, collaborated on the development of a video game by the Spanish artist Okuda San Miguel, and recently participated in the pilot of the independent series \"Catwalk,\" winner of the Next Lab Generation 2024.<\/p>\n<p>She is currently part of the animation studio Boni is Scared, where she collaborates on a new independent project. Her approach combines technical skill, creativity, and visual storytelling to bring ideas to life with personality and emotion.<\/p>\n<\/div><span class='hidden team-member-affiliation'  itemprop=\"affiliation\" >Cl\u00faster Audiovisual<\/span><\/section><\/div>\n<style type=\"text\/css\" data-created_by=\"avia_inline_auto\" id=\"style-css-av-5or69hx-a2188a1a364569fc28f8d827199b911e\">\n#top .hr.hr-invisible.av-5or69hx-a2188a1a364569fc28f8d827199b911e{\nheight:50px;\n}\n<\/style>\n<div  class='hr av-5or69hx-a2188a1a364569fc28f8d827199b911e hr-invisible  avia-builder-el-97  el_after_av_one_fifth  el_before_av_partner '><span class='hr-inner '><span class=\"hr-inner-style\"><\/span><\/span><\/div><br \/>\n<div  class='avia-logo-element-container av-5b2uxdh-2d63bc0770390c75a41211e648fcc556 av-border-deactivate avia-logo-grid avia-content-slider avia-smallarrow-slider avia-content-grid-active noHover avia-content-slider-odd  avia-builder-el-98  el_after_av_hr  avia-builder-el-last  avia-content-slider2' ><div class='avia-smallarrow-slider-heading '><div class='new-special-heading'><h6 class='av-logo-special-heading-text '>IN COLLABORATION WITH:<\/h6><\/div><\/div><div class=\"avia-content-slider-inner\"><div class=\"slide-entry-wrap\"><div  class='slide-entry av-51o1505-510025f6b5700a73c6af52241d3b18ad flex_column no_margin av_one_fifth real-thumbnail post-entry slide-entry-overview slide-loop-1 slide-parity-odd post-entry-last first'><img decoding=\"async\" fetchpriority=\"high\" width=\"800\" height=\"400\" src=\"https:\/\/www.clusteraudiovisual.cat\/wp-content\/uploads\/2025\/11\/ST_Logo_Colaborador_MIA-1.jpg\" class=\"wp-image-53279 avia-img-lazy-loading-not-53279 attachment-no scaling size-no scaling\" alt=\"\" srcset=\"https:\/\/www.clusteraudiovisual.cat\/wp-content\/uploads\/2025\/11\/ST_Logo_Colaborador_MIA-1.jpg 800w, https:\/\/www.clusteraudiovisual.cat\/wp-content\/uploads\/2025\/11\/ST_Logo_Colaborador_MIA-1-300x150.jpg 300w, https:\/\/www.clusteraudiovisual.cat\/wp-content\/uploads\/2025\/11\/ST_Logo_Colaborador_MIA-1-768x384.jpg 768w, https:\/\/www.clusteraudiovisual.cat\/wp-content\/uploads\/2025\/11\/ST_Logo_Colaborador_MIA-1-705x353.jpg 705w\" sizes=\"(max-width: 800px) 100vw, 800px\" \/><\/div><\/div><\/div><\/div><\/p>\n<\/div><\/div><\/div>\n<style type=\"text\/css\" data-created_by=\"avia_inline_auto\" id=\"style-css-av-4bzh3p1-dca7930e55b3a4b31466532924a1427b\">\n.av-layout-tab.av-4bzh3p1-dca7930e55b3a4b31466532924a1427b{\nvertical-align:top;\n}\n<\/style>\n<div id='av-tab-section-1-5' class='av-layout-tab av-4bzh3p1-dca7930e55b3a4b31466532924a1427b av-animation-delay-container  avia-builder-el-99  el_after_av_tab_sub_section  avia-builder-el-last  ' data-av-deeplink-tabs=\"\" data-av-tab-section-content=\"5\" data-tab-section-id=\"meetinnovations\"><div class=\"av-layout-tab-inner\"><div class=\"container\"><p>\n<style type=\"text\/css\" data-created_by=\"avia_inline_auto\" id=\"style-css-av-3r672vp-ed3ba3a40167e350be66524d862f372f\">\n.flex_column.av-3r672vp-ed3ba3a40167e350be66524d862f372f{\nborder-radius:0px 0px 0px 0px;\npadding:0px 0px 0px 0px;\n}\n<\/style>\n<div  class='flex_column av-3r672vp-ed3ba3a40167e350be66524d862f372f av_one_half  avia-builder-el-100  el_before_av_one_half  avia-builder-el-first  first flex_column_div av-zero-column-padding  '     ><section  class='av_textblock_section av-3l2i4np-e78cd5a993e83ee7e522a1ac27378b83 '   itemscope=\"itemscope\" itemtype=\"https:\/\/schema.org\/CreativeWork\" ><div class='avia_textblock'  itemprop=\"text\" ><h2><strong>MeetInnovations<\/strong><\/h2>\n<h6>Tuesday 25th November<\/h6>\n<h6><br class=\"avia-permanent-lb\" \/>From 3:30pm to 5:30pm<\/h6>\n<h6><br class=\"avia-permanent-lb\" \/>Foyer Room of the Disseny Hub Barcelona (Pla\u00e7a de les Gl\u00f2ries Catalanes, 38)<\/h6>\n<h6><br class=\"avia-permanent-lb\" \/>Entry is free upon registration<\/h6>\n<h6><br class=\"avia-permanent-lb\" \/>The session will be held in Catalan<\/h6>\n<\/div><\/section><\/div>\n<style type=\"text\/css\" data-created_by=\"avia_inline_auto\" id=\"style-css-av-75tl6d-78a982635e2e2866e01a99cc7a944185\">\n.flex_column.av-75tl6d-78a982635e2e2866e01a99cc7a944185{\nborder-radius:0px 0px 0px 0px;\npadding:0px 0px 0px 0px;\n}\n<\/style>\n<div  class='flex_column av-75tl6d-78a982635e2e2866e01a99cc7a944185 av_one_half  avia-builder-el-102  el_after_av_one_half  el_before_av_hr  flex_column_div av-zero-column-padding  '     ><style type=\"text\/css\" data-created_by=\"avia_inline_auto\" id=\"style-css-av-1l78u8l-38ec7bda43db7adb08ea20ca9bb60962\">\n.avia-image-container.av-1l78u8l-38ec7bda43db7adb08ea20ca9bb60962 img.avia_image{\nbox-shadow:none;\n}\n.avia-image-container.av-1l78u8l-38ec7bda43db7adb08ea20ca9bb60962 .av-image-caption-overlay-center{\ncolor:#ffffff;\n}\n<\/style>\n<div  class='avia-image-container av-1l78u8l-38ec7bda43db7adb08ea20ca9bb60962 av-styling- avia-align-center  avia-builder-el-103  avia-builder-el-no-sibling '   itemprop=\"image\" itemscope=\"itemscope\" itemtype=\"https:\/\/schema.org\/ImageObject\" ><div class=\"avia-image-container-inner\"><div class=\"avia-image-overlay-wrap\"><img decoding=\"async\" fetchpriority=\"high\" class='wp-image-52988 avia-img-lazy-loading-not-52988 avia_image ' src=\"https:\/\/www.clusteraudiovisual.cat\/wp-content\/uploads\/2025\/10\/STalent25_MeetInnovations_ImatgeSuport.jpg\" alt='Les infraestructures i tecnologies de l\u2019estrat\u00e8gia audiovisual catalana' title='STalent25_MeetInnovations_ImatgeSuport'  height=\"1201\" width=\"1800\"  itemprop=\"thumbnailUrl\" srcset=\"https:\/\/www.clusteraudiovisual.cat\/wp-content\/uploads\/2025\/10\/STalent25_MeetInnovations_ImatgeSuport.jpg 1800w, https:\/\/www.clusteraudiovisual.cat\/wp-content\/uploads\/2025\/10\/STalent25_MeetInnovations_ImatgeSuport-300x200.jpg 300w, https:\/\/www.clusteraudiovisual.cat\/wp-content\/uploads\/2025\/10\/STalent25_MeetInnovations_ImatgeSuport-1030x687.jpg 1030w, https:\/\/www.clusteraudiovisual.cat\/wp-content\/uploads\/2025\/10\/STalent25_MeetInnovations_ImatgeSuport-768x512.jpg 768w, https:\/\/www.clusteraudiovisual.cat\/wp-content\/uploads\/2025\/10\/STalent25_MeetInnovations_ImatgeSuport-1536x1025.jpg 1536w, https:\/\/www.clusteraudiovisual.cat\/wp-content\/uploads\/2025\/10\/STalent25_MeetInnovations_ImatgeSuport-1500x1001.jpg 1500w, https:\/\/www.clusteraudiovisual.cat\/wp-content\/uploads\/2025\/10\/STalent25_MeetInnovations_ImatgeSuport-705x470.jpg 705w\" sizes=\"(max-width: 1800px) 100vw, 1800px\" \/><\/div><\/div><\/div><\/div>\n<style type=\"text\/css\" data-created_by=\"avia_inline_auto\" id=\"style-css-av-4lu47p-1bd683d0746f320f4b74082583889f95\">\n#top .hr.hr-invisible.av-4lu47p-1bd683d0746f320f4b74082583889f95{\nheight:35px;\n}\n<\/style>\n<div  class='hr av-4lu47p-1bd683d0746f320f4b74082583889f95 hr-invisible  avia-builder-el-104  el_after_av_one_half  el_before_av_textblock '><span class='hr-inner '><span class=\"hr-inner-style\"><\/span><\/span><\/div><br \/>\n<section  class='av_textblock_section av-ikzjjp-84bb27190bf946760936b143bc0484b6 '   itemscope=\"itemscope\" itemtype=\"https:\/\/schema.org\/CreativeWork\" ><div class='avia_textblock'  itemprop=\"text\" ><div>\n<div>\n<p data-start=\"0\" data-end=\"408\"><strong data-start=\"0\" data-end=\"19\">MeetInnovations<\/strong> is a series of sessions dedicated to presenting and showcasing the most innovative university research, investigation, and business projects in the audiovisual field. These meetings serve as a connection point between students, researchers, educators, and industry professionals, with the aim of highlighting emerging research and solutions that can transform the audiovisual landscape.<\/p>\n<p data-start=\"410\" data-end=\"614\">Each session includes project presentations, spaces for debate, and networking opportunities, fostering knowledge exchange that promotes collaboration and inspires new ideas in audiovisual technologies.<\/p>\n<p data-start=\"616\" data-end=\"694\" data-is-last-node=\"\" data-is-only-node=\"\">This is an initiative of the <strong data-start=\"645\" data-end=\"679\">University-Business-Technology<\/strong> working group.<\/p>\n<\/div>\n<\/div>\n<div><\/div>\n<div><\/div>\n<div><\/div>\n<\/div><\/section><br \/>\n\n<style type=\"text\/css\" data-created_by=\"avia_inline_auto\" id=\"style-css-av-mhxax31k-70cbd7f81c705630a8b1e0c3b7da8a92\">\n#top .hr.hr-invisible.av-mhxax31k-70cbd7f81c705630a8b1e0c3b7da8a92{\nheight:20px;\n}\n<\/style>\n<div  class='hr av-mhxax31k-70cbd7f81c705630a8b1e0c3b7da8a92 hr-invisible  avia-builder-el-106  el_after_av_textblock  el_before_av_textblock '><span class='hr-inner '><span class=\"hr-inner-style\"><\/span><\/span><\/div><br \/>\n<section  class='av_textblock_section av-mhxaxg98-70e2d9e7d3831a23b573615707383011 '   itemscope=\"itemscope\" itemtype=\"https:\/\/schema.org\/CreativeWork\" ><div class='avia_textblock'  itemprop=\"text\" ><div>\n<div>\n<p data-start=\"0\" data-end=\"408\">On this occasion we will be able to learn about four projects:<\/p>\n<\/div>\n<\/div>\n<div><\/div>\n<div><\/div>\n<div><\/div>\n<\/div><\/section><br \/>\n<div  class='flex_column av-5vgrys5-c067cb72471133879b5589536fbe9e4d av_one_fourth  avia-builder-el-108  el_after_av_textblock  el_before_av_one_fourth  first flex_column_div  column-top-margin'     ><p>\n<style type=\"text\/css\" data-created_by=\"avia_inline_auto\" id=\"style-css-av-53wpdh1-c425485342d96765ff81a020e0a493a2\">\n.avia-image-container.av-53wpdh1-c425485342d96765ff81a020e0a493a2 img.avia_image{\nbox-shadow:none;\n}\n.avia-image-container.av-53wpdh1-c425485342d96765ff81a020e0a493a2 .av-image-caption-overlay-center{\ncolor:#ffffff;\n}\n<\/style>\n<div  class='avia-image-container av-53wpdh1-c425485342d96765ff81a020e0a493a2 av-styling- avia-align-center  avia-builder-el-109  el_before_av_hr  avia-builder-el-first '   itemprop=\"image\" itemscope=\"itemscope\" itemtype=\"https:\/\/schema.org\/ImageObject\" ><div class=\"avia-image-container-inner\"><div class=\"avia-image-overlay-wrap\"><img decoding=\"async\" fetchpriority=\"high\" class='wp-image-53656 avia-img-lazy-loading-not-53656 avia_image ' src=\"https:\/\/www.clusteraudiovisual.cat\/wp-content\/uploads\/2025\/11\/ST25_MeetInnovations_AIandMusic.jpg\" alt='Apricot by Link3rs' title='ST25_MeetInnovations_AIandMusic'  height=\"700\" width=\"860\"  itemprop=\"thumbnailUrl\" srcset=\"https:\/\/www.clusteraudiovisual.cat\/wp-content\/uploads\/2025\/11\/ST25_MeetInnovations_AIandMusic.jpg 860w, https:\/\/www.clusteraudiovisual.cat\/wp-content\/uploads\/2025\/11\/ST25_MeetInnovations_AIandMusic-300x244.jpg 300w, https:\/\/www.clusteraudiovisual.cat\/wp-content\/uploads\/2025\/11\/ST25_MeetInnovations_AIandMusic-768x625.jpg 768w, https:\/\/www.clusteraudiovisual.cat\/wp-content\/uploads\/2025\/11\/ST25_MeetInnovations_AIandMusic-705x574.jpg 705w\" sizes=\"(max-width: 860px) 100vw, 860px\" \/><\/div><\/div><\/div><br \/>\n\n<style type=\"text\/css\" data-created_by=\"avia_inline_auto\" id=\"style-css-av-i1edqt-498a19ea1e425e0ca64275130070aa7e\">\n#top .hr.hr-invisible.av-i1edqt-498a19ea1e425e0ca64275130070aa7e{\nheight:15px;\n}\n<\/style>\n<div  class='hr av-i1edqt-498a19ea1e425e0ca64275130070aa7e hr-invisible  avia-builder-el-110  el_after_av_image  el_before_av_textblock '><span class='hr-inner '><span class=\"hr-inner-style\"><\/span><\/span><\/div><br \/>\n<section  class='av_textblock_section av-mhxaykxu-ee091da098a829978ed1d6cd3deda53e '   itemscope=\"itemscope\" itemtype=\"https:\/\/schema.org\/CreativeWork\" ><div class='avia_textblock'  itemprop=\"text\" ><h3><strong>AI&amp;Music<\/strong><\/h3>\n<p dir=\"ltr\">CIT UPC &#8211; Centre d&#8217;Innovaci\u00f3 i Tecnologia de la Universitat Polit\u00e8cnica de Catalunya<\/p>\n<p dir=\"ltr\">Presented by: Ferran Marques and Carles Sora, co-principal researchers of the project.<\/p>\n<p dir=\"ltr\">AI &amp; Music powered by S+T+ARTS (Science, Technology &amp; the Arts) was a European project promoted by S\u00f3nar, the UPC and Betev\u00e9 that explored the links between artificial intelligence and musical creation. The program combined performances, workshops and artistic research to show the possibilities of machine learning applied to music. The Thinking Lab was the nerve center, a space for co-creation and debate between artists, scientists and professionals. Co-creation groups have also been developed that have experimented with neural networks, emotion analysis and motion capture. The project culminates in a paper that has collected emerging practices and challenges on music and AI.<\/p>\n<\/div><\/section><\/p><\/div><div  class='flex_column av-4g5mmgl-e7b2dd71959707f1f7e16909d5451f78 av_one_fourth  avia-builder-el-112  el_after_av_one_fourth  el_before_av_one_fourth  flex_column_div  column-top-margin'     ><p>\n<style type=\"text\/css\" data-created_by=\"avia_inline_auto\" id=\"style-css-av-43rvdud-3840be7d4d1063032b2d1330a65db07f\">\n.avia-image-container.av-43rvdud-3840be7d4d1063032b2d1330a65db07f img.avia_image{\nbox-shadow:none;\n}\n.avia-image-container.av-43rvdud-3840be7d4d1063032b2d1330a65db07f .av-image-caption-overlay-center{\ncolor:#ffffff;\n}\n<\/style>\n<div  class='avia-image-container av-43rvdud-3840be7d4d1063032b2d1330a65db07f av-styling- avia-align-center  avia-builder-el-113  el_before_av_hr  avia-builder-el-first '   itemprop=\"image\" itemscope=\"itemscope\" itemtype=\"https:\/\/schema.org\/ImageObject\" ><div class=\"avia-image-container-inner\"><div class=\"avia-image-overlay-wrap\"><img decoding=\"async\" fetchpriority=\"high\" class='wp-image-53659 avia-img-lazy-loading-not-53659 avia_image ' src=\"https:\/\/www.clusteraudiovisual.cat\/wp-content\/uploads\/2025\/11\/ST25_MeetInnovations_CLIPE.jpg\" alt='Apricot by Link3rs' title='ST25_MeetInnovations_CLIPE'  height=\"700\" width=\"860\"  itemprop=\"thumbnailUrl\" srcset=\"https:\/\/www.clusteraudiovisual.cat\/wp-content\/uploads\/2025\/11\/ST25_MeetInnovations_CLIPE.jpg 860w, https:\/\/www.clusteraudiovisual.cat\/wp-content\/uploads\/2025\/11\/ST25_MeetInnovations_CLIPE-300x244.jpg 300w, https:\/\/www.clusteraudiovisual.cat\/wp-content\/uploads\/2025\/11\/ST25_MeetInnovations_CLIPE-768x625.jpg 768w, https:\/\/www.clusteraudiovisual.cat\/wp-content\/uploads\/2025\/11\/ST25_MeetInnovations_CLIPE-705x574.jpg 705w\" sizes=\"(max-width: 860px) 100vw, 860px\" \/><\/div><\/div><\/div><br \/>\n\n<style type=\"text\/css\" data-created_by=\"avia_inline_auto\" id=\"style-css-av-3ldxnh1-408a9e2186906df3b09076fbd2f13fe2\">\n#top .hr.hr-invisible.av-3ldxnh1-408a9e2186906df3b09076fbd2f13fe2{\nheight:15px;\n}\n<\/style>\n<div  class='hr av-3ldxnh1-408a9e2186906df3b09076fbd2f13fe2 hr-invisible  avia-builder-el-114  el_after_av_image  el_before_av_textblock '><span class='hr-inner '><span class=\"hr-inner-style\"><\/span><\/span><\/div><br \/>\n<section  class='av_textblock_section av-mhxazjdh-7111d50483233bd6112ed061aaa3af0a '   itemscope=\"itemscope\" itemtype=\"https:\/\/schema.org\/CreativeWork\" ><div class='avia_textblock'  itemprop=\"text\" ><h3><strong>CLIPE<\/strong><\/h3>\n<p dir=\"ltr\">CIT UPC &#8211; Centre d&#8217;Innovaci\u00f3 i Tecnologia de la Universitat Polit\u00e8cnica de Catalunya<\/p>\n<p>Presented by: Maria del Mar Nicol\u00e0s, Department of Innovation and Technology Transfer at the UPC.<\/p>\n<p>The <em>CLIPE<\/em> project develops new techniques for creating and controlling interactive virtual characters, taking advantage of advances in human digitization, artificial intelligence and visualization technologies. It focuses on training a new generation of researchers through a multidisciplinary network that integrates universities, research centers and companies. The aim is to address both technical aspects and transversal skills, combining academic research and practical applications. Leading European partners, both in education and industry, participate to ensure the impact and transfer of knowledge. <em>CLIPE<\/em> seeks to enrich virtual environments by making them more alive, populated and interactive for diverse uses such as virtual reality, simulation and immersive digital content.<\/p>\n<p dir=\"ltr\"><span style=\"font-weight: 400;\">Un projecte de la investigadora <\/span><span style=\"font-weight: 400;\">N\u00faria Pelechano.<\/span><\/p>\n<\/div><\/section><\/p><\/div><div  class='flex_column av-2y2ggid-0e3805d5bde387b485fd013be00c300b av_one_fourth  avia-builder-el-116  el_after_av_one_fourth  el_before_av_one_fourth  flex_column_div  column-top-margin'     ><p>\n<style type=\"text\/css\" data-created_by=\"avia_inline_auto\" id=\"style-css-av-2jrxnit-5bddb69763981cc6335d9464534baca1\">\n.avia-image-container.av-2jrxnit-5bddb69763981cc6335d9464534baca1 img.avia_image{\nbox-shadow:none;\n}\n.avia-image-container.av-2jrxnit-5bddb69763981cc6335d9464534baca1 .av-image-caption-overlay-center{\ncolor:#ffffff;\n}\n<\/style>\n<div  class='avia-image-container av-2jrxnit-5bddb69763981cc6335d9464534baca1 av-styling- avia-align-center  avia-builder-el-117  el_before_av_hr  avia-builder-el-first '   itemprop=\"image\" itemscope=\"itemscope\" itemtype=\"https:\/\/schema.org\/ImageObject\" ><div class=\"avia-image-container-inner\"><div class=\"avia-image-overlay-wrap\"><img decoding=\"async\" fetchpriority=\"high\" class='wp-image-53663 avia-img-lazy-loading-not-53663 avia_image ' src=\"https:\/\/www.clusteraudiovisual.cat\/wp-content\/uploads\/2025\/11\/ST25_MeetInnovations_DocIA.jpg\" alt='Apricot by Link3rs' title='ST25_MeetInnovations_DocIA'  height=\"700\" width=\"860\"  itemprop=\"thumbnailUrl\" srcset=\"https:\/\/www.clusteraudiovisual.cat\/wp-content\/uploads\/2025\/11\/ST25_MeetInnovations_DocIA.jpg 860w, https:\/\/www.clusteraudiovisual.cat\/wp-content\/uploads\/2025\/11\/ST25_MeetInnovations_DocIA-300x244.jpg 300w, https:\/\/www.clusteraudiovisual.cat\/wp-content\/uploads\/2025\/11\/ST25_MeetInnovations_DocIA-768x625.jpg 768w, https:\/\/www.clusteraudiovisual.cat\/wp-content\/uploads\/2025\/11\/ST25_MeetInnovations_DocIA-705x574.jpg 705w\" sizes=\"(max-width: 860px) 100vw, 860px\" \/><\/div><\/div><\/div><br \/>\n\n<style type=\"text\/css\" data-created_by=\"avia_inline_auto\" id=\"style-css-av-20di1rp-5e391865c6134b47dc02635288307a2d\">\n#top .hr.hr-invisible.av-20di1rp-5e391865c6134b47dc02635288307a2d{\nheight:15px;\n}\n<\/style>\n<div  class='hr av-20di1rp-5e391865c6134b47dc02635288307a2d hr-invisible  avia-builder-el-118  el_after_av_image  el_before_av_textblock '><span class='hr-inner '><span class=\"hr-inner-style\"><\/span><\/span><\/div><br \/>\n<section  class='av_textblock_section av-mhxb03ff-cc6e94c070f283f3dd806e74f209c3ea '   itemscope=\"itemscope\" itemtype=\"https:\/\/schema.org\/CreativeWork\" ><div class='avia_textblock'  itemprop=\"text\" ><h3><strong>DocIA<\/strong><\/h3>\n<p dir=\"ltr\">Fundaci\u00f3 Bosch i Gimpera (UB)<\/p>\n<p>Presented by: Jordi Vitri\u00e0, professor at the University of Barcelona and director of the Chair of AI and Media (UB-3Cat); and Patricia Huguet from Nextus.<\/p>\n<p>DocIA is a pioneering initiative, developed in collaboration between next us, the platform for teachers who want to educate in critical thinking, and the University of Barcelona, \u200b\u200bwhich explores how generative artificial intelligence can transform the educational value of documentary films. The aim is to extend the useful life and social impact of documentary content, turning it into a pedagogical tool that promotes critical thinking, gender equality, historical memory and media ethics.<\/p>\n<\/div><\/section><\/p><\/div><div  class='flex_column av-1gd9z9x-4deb15fb3a1ae62ee462a252a838bf88 av_one_fourth  avia-builder-el-120  el_after_av_one_fourth  avia-builder-el-last  flex_column_div  column-top-margin'     ><p>\n<style type=\"text\/css\" data-created_by=\"avia_inline_auto\" id=\"style-css-av-zpobxx-c640f6be57c4e28e0b6a2417813157f4\">\n.avia-image-container.av-zpobxx-c640f6be57c4e28e0b6a2417813157f4 img.avia_image{\nbox-shadow:none;\n}\n.avia-image-container.av-zpobxx-c640f6be57c4e28e0b6a2417813157f4 .av-image-caption-overlay-center{\ncolor:#ffffff;\n}\n<\/style>\n<div  class='avia-image-container av-zpobxx-c640f6be57c4e28e0b6a2417813157f4 av-styling- avia-align-center  avia-builder-el-121  el_before_av_hr  avia-builder-el-first '   itemprop=\"image\" itemscope=\"itemscope\" itemtype=\"https:\/\/schema.org\/ImageObject\" ><div class=\"avia-image-container-inner\"><div class=\"avia-image-overlay-wrap\"><img decoding=\"async\" fetchpriority=\"high\" class='wp-image-53667 avia-img-lazy-loading-not-53667 avia_image ' src=\"https:\/\/www.clusteraudiovisual.cat\/wp-content\/uploads\/2025\/11\/ST25_MeetInnovations_FotoNEX.jpg\" alt='Apricot by Link3rs' title='ST25_MeetInnovations_FotoNEX'  height=\"700\" width=\"860\"  itemprop=\"thumbnailUrl\" srcset=\"https:\/\/www.clusteraudiovisual.cat\/wp-content\/uploads\/2025\/11\/ST25_MeetInnovations_FotoNEX.jpg 860w, https:\/\/www.clusteraudiovisual.cat\/wp-content\/uploads\/2025\/11\/ST25_MeetInnovations_FotoNEX-300x244.jpg 300w, https:\/\/www.clusteraudiovisual.cat\/wp-content\/uploads\/2025\/11\/ST25_MeetInnovations_FotoNEX-768x625.jpg 768w, https:\/\/www.clusteraudiovisual.cat\/wp-content\/uploads\/2025\/11\/ST25_MeetInnovations_FotoNEX-705x574.jpg 705w\" sizes=\"(max-width: 860px) 100vw, 860px\" \/><\/div><\/div><\/div><br \/>\n\n<style type=\"text\/css\" data-created_by=\"avia_inline_auto\" id=\"style-css-av-ik5jat-5d91b5707521b26196d76fac23eeb520\">\n#top .hr.hr-invisible.av-ik5jat-5d91b5707521b26196d76fac23eeb520{\nheight:15px;\n}\n<\/style>\n<div  class='hr av-ik5jat-5d91b5707521b26196d76fac23eeb520 hr-invisible  avia-builder-el-122  el_after_av_image  el_before_av_textblock '><span class='hr-inner '><span class=\"hr-inner-style\"><\/span><\/span><\/div><br \/>\n<section  class='av_textblock_section av-mhxb0qtq-b097f824ee57c559b2560a4cb7b7007f '   itemscope=\"itemscope\" itemtype=\"https:\/\/schema.org\/CreativeWork\" ><div class='avia_textblock'  itemprop=\"text\" ><h3><strong>FotoNEX<\/strong><\/h3>\n<p dir=\"ltr\">StartUB!<\/p>\n<p>Presented by: Yelena Smirnova, PhD Founder and promoter of FotoNEX, researcher and professor at the University of Barcelona.<\/p>\n<p>FotoNEX is a new way to connect photographers and clients. Its mission is to create the reference platform for booking photography services, guaranteeing trust, transparency, quality and ease for both photographers and clients. For photographers, FotoNEX offers tools to create a professional profile, showcase their portfolio, manage their calendar and availability, and receive payments securely. For clients, it includes an advanced search engine by specialty and location, direct communication, verified reviews, appointment scheduling and a payment system that protects both parties.<\/p>\n<\/div><\/section><\/p><\/div><\/p>\n<\/div><\/div><\/div><\/div><\/div><\/div><div id='av_section_2'  class='avia-section av-z053gyd-8324ad109d4da86151c8a4174b6da9c3 main_color avia-section-default avia-no-border-styling  avia-builder-el-124  el_after_av_tab_section  el_before_av_section  av-desktop-hide av-medium-hide avia-bg-style-scroll container_wrap fullsize'  ><div class='container av-section-cont-open' ><div class='template-page content av-content-full alpha units'><div class='post-entry post-entry-type-page post-entry-41781'><div class='entry-content-wrapper clearfix'>\n<section  class='av_textblock_section av-mhnee1xx-a8e011a8110e2addee395bec00182d29 '   itemscope=\"itemscope\" itemtype=\"https:\/\/schema.org\/CreativeWork\" ><div class='av-desktop-hide av-medium-hide avia_textblock'  itemprop=\"text\" ><h2 style=\"text-align: left;\"><span style=\"color: #ab185f;\">CONFERENCES &amp; SESSIONS<\/span><\/h2>\n<p>Auditorium of the Disseny Hub Barcelona (Pla\u00e7a de les Gl\u00f2ries Catalanes, 38)<\/p>\n<p>Entry is free upon registration<\/p>\n<\/div><\/section>\n\n<style type=\"text\/css\" data-created_by=\"avia_inline_auto\" id=\"style-css-av-yq4nnbp-2a5f6f06283a99a04e63a1e1d2b4b3ae\">\n#top .hr.hr-invisible.av-yq4nnbp-2a5f6f06283a99a04e63a1e1d2b4b3ae{\nheight:35px;\n}\n<\/style>\n<div  class='hr av-yq4nnbp-2a5f6f06283a99a04e63a1e1d2b4b3ae hr-invisible  avia-builder-el-126  el_after_av_textblock  el_before_av_button '><span class='hr-inner '><span class=\"hr-inner-style\"><\/span><\/span><\/div>\n<div  class='avia-button-wrap av-mhneewmv-a226e0563d8fd14190fb150f19c764f3-wrap avia-button-center  avia-builder-el-127  el_after_av_hr  el_before_av_button  butotalent invalid-custom-class-found'>\n<style type=\"text\/css\" data-created_by=\"avia_inline_auto\" id=\"style-css-av-mhneewmv-a226e0563d8fd14190fb150f19c764f3\">\n#top #wrap_all .avia-button.av-mhneewmv-a226e0563d8fd14190fb150f19c764f3{\nbackground-color:#ab185f;\nborder-color:#ab185f;\ncolor:#ffffff;\ntransition:all 0.4s ease-in-out;\nmargin:10px 10px 10px 10px;\n}\n#top #wrap_all .avia-button.av-mhneewmv-a226e0563d8fd14190fb150f19c764f3:hover{\nbackground-color:#ab185f;\ncolor:white;\ntransition:all 0.4s ease-in-out;\n}\n#top #wrap_all .avia-button.av-mhneewmv-a226e0563d8fd14190fb150f19c764f3 .avia-svg-icon svg:first-child{\nfill:#ffffff;\nstroke:#ffffff;\n}\n#top #wrap_all .avia-button.av-mhneewmv-a226e0563d8fd14190fb150f19c764f3:hover .avia-svg-icon svg:first-child{\nfill:white;\nstroke:white;\n}\n<\/style>\n<a href='https:\/\/www.clusteraudiovisual.cat\/en\/talentaudiovisual\/conferences-2025\/#audiencies'  class='avia-button av-mhneewmv-a226e0563d8fd14190fb150f19c764f3 av-link-btn avia-icon_select-no avia-size-x-large avia-position-center av-desktop-hide av-medium-hide'   aria-label=\"CONFERENCE \u00b7 AUDIENCES IN THE AGE OF ALGORITHMS\"><span class='avia_iconbox_title' >CONFERENCE \u00b7 AUDIENCES IN THE AGE OF ALGORITHMS<\/span><\/a><\/div>\n<div  class='avia-button-wrap av-mhnefgli-3416f5a9471ec574719fcba77a33cc93-wrap avia-button-center  avia-builder-el-128  el_after_av_button  el_before_av_button  butotalent invalid-custom-class-found'>\n<style type=\"text\/css\" data-created_by=\"avia_inline_auto\" id=\"style-css-av-mhnefgli-3416f5a9471ec574719fcba77a33cc93\">\n#top #wrap_all .avia-button.av-mhnefgli-3416f5a9471ec574719fcba77a33cc93{\nbackground-color:#ab185f;\nborder-color:#ab185f;\ncolor:#ffffff;\ntransition:all 0.4s ease-in-out;\nmargin:10px 10px 10px 10px;\n}\n#top #wrap_all .avia-button.av-mhnefgli-3416f5a9471ec574719fcba77a33cc93:hover{\nbackground-color:#ab185f;\ncolor:white;\ntransition:all 0.4s ease-in-out;\n}\n#top #wrap_all .avia-button.av-mhnefgli-3416f5a9471ec574719fcba77a33cc93 .avia-svg-icon svg:first-child{\nfill:#ffffff;\nstroke:#ffffff;\n}\n#top #wrap_all .avia-button.av-mhnefgli-3416f5a9471ec574719fcba77a33cc93:hover .avia-svg-icon svg:first-child{\nfill:white;\nstroke:white;\n}\n<\/style>\n<a href='https:\/\/www.clusteraudiovisual.cat\/en\/talentaudiovisual\/conferences-2025\/#talents'  class='avia-button av-mhnefgli-3416f5a9471ec574719fcba77a33cc93 av-link-btn avia-icon_select-no avia-size-x-large avia-position-center av-desktop-hide av-medium-hide'   aria-label=\"CONVERSATION WITH TALENT \u00b7 EDUARD SOLA &amp; J\u00daLIA DE PAZ\"><span class='avia_iconbox_title' >CONVERSATION WITH TALENT \u00b7 EDUARD SOLA &amp; J\u00daLIA DE PAZ<\/span><\/a><\/div>\n<div  class='avia-button-wrap av-mhneg8na-b764ce05dbf65efcfc5a000d48dbab5b-wrap avia-button-center  avia-builder-el-129  el_after_av_button  el_before_av_button  butotalent invalid-custom-class-found'>\n<style type=\"text\/css\" data-created_by=\"avia_inline_auto\" id=\"style-css-av-mhneg8na-b764ce05dbf65efcfc5a000d48dbab5b\">\n#top #wrap_all .avia-button.av-mhneg8na-b764ce05dbf65efcfc5a000d48dbab5b{\nbackground-color:#ab185f;\nborder-color:#ab185f;\ncolor:#ffffff;\ntransition:all 0.4s ease-in-out;\nmargin:10px 10px 10px 10px;\n}\n#top #wrap_all .avia-button.av-mhneg8na-b764ce05dbf65efcfc5a000d48dbab5b:hover{\nbackground-color:#ab185f;\ncolor:white;\ntransition:all 0.4s ease-in-out;\n}\n#top #wrap_all .avia-button.av-mhneg8na-b764ce05dbf65efcfc5a000d48dbab5b .avia-svg-icon svg:first-child{\nfill:#ffffff;\nstroke:#ffffff;\n}\n#top #wrap_all .avia-button.av-mhneg8na-b764ce05dbf65efcfc5a000d48dbab5b:hover .avia-svg-icon svg:first-child{\nfill:white;\nstroke:white;\n}\n<\/style>\n<a href='https:\/\/www.clusteraudiovisual.cat\/en\/talentaudiovisual\/conferences-2025\/#produccio'  class='avia-button av-mhneg8na-b764ce05dbf65efcfc5a000d48dbab5b av-link-btn avia-icon_select-no avia-size-x-large avia-position-center av-desktop-hide av-medium-hide'   aria-label=\"ROUNDTABLE \u00b7 THE FASCINATING JOURNEY OF PRODUCTION\"><span class='avia_iconbox_title' >ROUNDTABLE \u00b7 THE FASCINATING JOURNEY OF PRODUCTION<\/span><\/a><\/div>\n<div  class='avia-button-wrap av-mhnegjni-ed454119580e7b0e0a106370769668e2-wrap avia-button-center  avia-builder-el-130  el_after_av_button  el_before_av_button  butotalent invalid-custom-class-found'>\n<style type=\"text\/css\" data-created_by=\"avia_inline_auto\" id=\"style-css-av-mhnegjni-ed454119580e7b0e0a106370769668e2\">\n#top #wrap_all .avia-button.av-mhnegjni-ed454119580e7b0e0a106370769668e2{\nbackground-color:#ab185f;\nborder-color:#ab185f;\ncolor:#ffffff;\ntransition:all 0.4s ease-in-out;\nmargin:10px 10px 10px 10px;\npadding:30px 50px 30px 50px;\n}\n#top #wrap_all .avia-button.av-mhnegjni-ed454119580e7b0e0a106370769668e2:hover{\nbackground-color:#ab185f;\ncolor:white;\ntransition:all 0.4s ease-in-out;\n}\n#top #wrap_all .avia-button.av-mhnegjni-ed454119580e7b0e0a106370769668e2 .avia-svg-icon svg:first-child{\nfill:#ffffff;\nstroke:#ffffff;\n}\n#top #wrap_all .avia-button.av-mhnegjni-ed454119580e7b0e0a106370769668e2:hover .avia-svg-icon svg:first-child{\nfill:white;\nstroke:white;\n}\n<\/style>\n<a href='https:\/\/www.clusteraudiovisual.cat\/en\/talentaudiovisual\/conferences-2025\/#meet-the-experts'  class='avia-button av-mhnegjni-ed454119580e7b0e0a106370769668e2 av-link-btn avia-icon_select-no avia-size-x-large avia-position-center av-desktop-hide av-medium-hide'   aria-label=\"MEET THE EXPERTS \u00b7 ANIMATION\"><span class='avia_iconbox_title' >MEET THE EXPERTS \u00b7 ANIMATION<\/span><\/a><\/div>\n<div  class='avia-button-wrap av-mhnegp8d-db8e98d84a8240c014baaea0ab3f4ce3-wrap avia-button-center  avia-builder-el-131  el_after_av_button  el_before_av_hr  butotalent invalid-custom-class-found'>\n<style type=\"text\/css\" data-created_by=\"avia_inline_auto\" id=\"style-css-av-mhnegp8d-db8e98d84a8240c014baaea0ab3f4ce3\">\n#top #wrap_all .avia-button.av-mhnegp8d-db8e98d84a8240c014baaea0ab3f4ce3{\nbackground-color:#ab185f;\nborder-color:#ab185f;\ncolor:#ffffff;\ntransition:all 0.4s ease-in-out;\nmargin:10px 10px 10px 10px;\npadding:30px 80px 30px 80px;\n}\n#top #wrap_all .avia-button.av-mhnegp8d-db8e98d84a8240c014baaea0ab3f4ce3:hover{\nbackground-color:#ab185f;\ncolor:white;\ntransition:all 0.4s ease-in-out;\n}\n#top #wrap_all .avia-button.av-mhnegp8d-db8e98d84a8240c014baaea0ab3f4ce3 .avia-svg-icon svg:first-child{\nfill:#ffffff;\nstroke:#ffffff;\n}\n#top #wrap_all .avia-button.av-mhnegp8d-db8e98d84a8240c014baaea0ab3f4ce3:hover .avia-svg-icon svg:first-child{\nfill:white;\nstroke:white;\n}\n<\/style>\n<a href='https:\/\/www.clusteraudiovisual.cat\/en\/talentaudiovisual\/conferences-2025\/#meetinnovations'  class='avia-button av-mhnegp8d-db8e98d84a8240c014baaea0ab3f4ce3 av-link-btn avia-icon_select-no avia-size-x-large avia-position-center av-desktop-hide av-medium-hide'   aria-label=\"MEETINNOVATIONS\"><span class='avia_iconbox_title' >MEETINNOVATIONS<\/span><\/a><\/div>\n\n<style type=\"text\/css\" data-created_by=\"avia_inline_auto\" id=\"style-css-av-y9sjnyt-c3ec254bf0ab93a96982dfd87de9c8cc\">\n#top .hr.av-y9sjnyt-c3ec254bf0ab93a96982dfd87de9c8cc{\nmargin-top:20px;\nmargin-bottom:30px;\n}\n.hr.av-y9sjnyt-c3ec254bf0ab93a96982dfd87de9c8cc .hr-inner{\nwidth:100%;\nborder-color:#e8e8e8;\n}\n<\/style>\n<div  class='hr av-y9sjnyt-c3ec254bf0ab93a96982dfd87de9c8cc hr-custom  avia-builder-el-132  el_after_av_button  el_before_av_textblock  av-desktop-hide av-medium-hide hr-left hr-icon-no'><span class='hr-inner inner-border-av-border-thin'><span class=\"hr-inner-style\"><\/span><\/span><\/div>\n<section  id=\"audiencies\"  class='av_textblock_section av-xtl9alx-ce47c7a658395ba915789d48a159eb3e '   itemscope=\"itemscope\" itemtype=\"https:\/\/schema.org\/CreativeWork\" ><div class='avia_textblock'  itemprop=\"text\" ><h2><strong>Conference \u00b7 Audiences in the Age of Algorithms<\/strong><\/h2>\n<h6>Tuesday 25th November<\/h6>\n<h6><br class=\"avia-permanent-lb\" \/>From 10am to 2pm<\/h6>\n<h6><br class=\"avia-permanent-lb\" \/>Auditorium of the Disseny Hub Barcelona (Pla\u00e7a de les Gl\u00f2ries Catalanes, 38)<\/h6>\n<h6><br class=\"avia-permanent-lb\" \/>Entry is free upon registration<\/h6>\n<h6><br class=\"avia-permanent-lb\" \/>The conference will be held in Catalan &amp; Spanish and will feature\u00a0two keynote talks and two panel discussions, with a\u00a0break from 11:45am to 12:15pm<\/h6>\n<\/div><\/section>\n\n<style type=\"text\/css\" data-created_by=\"avia_inline_auto\" id=\"style-css-av-wfs3yut-47b1db117906d0ac214e4067dde97284\">\n#top .hr.hr-invisible.av-wfs3yut-47b1db117906d0ac214e4067dde97284{\nheight:35px;\n}\n<\/style>\n<div  class='hr av-wfs3yut-47b1db117906d0ac214e4067dde97284 hr-invisible  avia-builder-el-134  el_after_av_textblock  el_before_av_textblock  av-desktop-hide av-medium-hide'><span class='hr-inner '><span class=\"hr-inner-style\"><\/span><\/span><\/div>\n<section  class='av_textblock_section av-vxcbsid-41cb67efeddd96a42955b53a39ad96e4 '   itemscope=\"itemscope\" itemtype=\"https:\/\/schema.org\/CreativeWork\" ><div class='avia_textblock'  itemprop=\"text\" ><section class=\"av_textblock_section av-mhn7qukt-e07fd4636263281d1b257fc78a3cba38 \">\n<div class=\"avia_textblock\">\n<h6><strong>Presented and moderated by Marina Romero, journalist at 3Cat.<\/strong><\/h6>\n<\/div>\n<\/section>\n<\/div><\/section>\n\n<style type=\"text\/css\" data-created_by=\"avia_inline_auto\" id=\"style-css-av-vesuq7p-fe1160b8ddb7507ced680d92e92d5a7e\">\n#top .hr.hr-invisible.av-vesuq7p-fe1160b8ddb7507ced680d92e92d5a7e{\nheight:35px;\n}\n<\/style>\n<div  class='hr av-vesuq7p-fe1160b8ddb7507ced680d92e92d5a7e hr-invisible  avia-builder-el-136  el_after_av_textblock  el_before_av_textblock  av-desktop-hide av-medium-hide'><span class='hr-inner '><span class=\"hr-inner-style\"><\/span><\/span><\/div>\n<section  class='av_textblock_section av-uvowcph-d41c74f8428d62a9c352ded124173b4b '   itemscope=\"itemscope\" itemtype=\"https:\/\/schema.org\/CreativeWork\" ><div class='avia_textblock'  itemprop=\"text\" ><h6><strong>10am \u00b7 Keynote \u201cReality and Challenges of Audience Measurement\u201d<\/strong><\/h6>\n<h6>With\u00a0Miguel \u00c1ngel Font\u00e1n, General Director of\u00a0AIMC (Association for Media Research)<\/h6>\n<p>The keynote will address the key principles of audience measurement and its implementation in Spain. It will explain the different audience measurement models, their characteristics, advantages, and limitations, as well as the current challenges faced by the industry. Technology is advancing faster than measurement. Media and audiovisual content now transcend traditional television within the digital universe. Multiple touchpoints, diverse and ever-changing devices, and new approaches\u2026 What is the industry doing? What can we expect?<\/p>\n<h6><\/h6>\n<\/div><\/section>\n\n<style type=\"text\/css\" data-created_by=\"avia_inline_auto\" id=\"style-css-av-ukodnth-cbed165f4dc5e70cc9f05646e689ca1f\">\n#top .hr.hr-invisible.av-ukodnth-cbed165f4dc5e70cc9f05646e689ca1f{\nheight:35px;\n}\n<\/style>\n<div  class='hr av-ukodnth-cbed165f4dc5e70cc9f05646e689ca1f hr-invisible  avia-builder-el-138  el_after_av_textblock  el_before_av_textblock  av-desktop-hide av-medium-hide'><span class='hr-inner '><span class=\"hr-inner-style\"><\/span><\/span><\/div>\n<section  class='av_textblock_section av-u4gm56d-450ca44cc097299fc212ec0384bacb6d '   itemscope=\"itemscope\" itemtype=\"https:\/\/schema.org\/CreativeWork\" ><div class='avia_textblock'  itemprop=\"text\" ><h6><strong>10:45am \u00b7 Roundtable \u201cTrends and Innovations in Audience Measurement\u201d<br \/>\n<\/strong><\/h6>\n<p>How is technology revolutionizing the way we measure and interpret audiovisual consumption?<br \/>\nThis session will explore algorithms and artificial intelligence, real-time audience measurement, cross-channel data integration (TV, digital platforms, and online environments), as well as hyper-segmentation, engagement, and programmatic advertising.<\/p>\n<p>Top-level speakers will share their insights and experiences from different areas of the industry. An essential discussion to understand the latest trends in audience measurement and how they are reshaping media and advertising strategies.<\/p>\n<p>With\u00a0<strong>Eduard Nafria<\/strong>,\u00a0Insights &amp; Business Development Director at\u00a0<strong>Kantar Media<\/strong>;\u00a0<strong>Carles Manteca<\/strong>, Media Business Developer at\u00a0<strong>Konodrac<\/strong>;\u00a0<strong>Ricardo Vaca<\/strong>\u00a0CEO at\u00a0<strong>Barlovento Comunicaci\u00f3n<\/strong>; and\u00a0<strong>David S\u00e1nchez<\/strong>, Director at <strong>GfK<\/strong>.<\/p>\n<\/div><\/section>\n\n<style type=\"text\/css\" data-created_by=\"avia_inline_auto\" id=\"style-css-av-ti1tnbp-cb5c606a6603ca2b9314df9ed4aa9265\">\n#top .hr.hr-invisible.av-ti1tnbp-cb5c606a6603ca2b9314df9ed4aa9265{\nheight:35px;\n}\n<\/style>\n<div  class='hr av-ti1tnbp-cb5c606a6603ca2b9314df9ed4aa9265 hr-invisible  avia-builder-el-140  el_after_av_textblock  el_before_av_textblock  av-desktop-hide av-medium-hide'><span class='hr-inner '><span class=\"hr-inner-style\"><\/span><\/span><\/div>\n<section  class='av_textblock_section av-tavhnxx-0ae700509efef9ef6482cfc740f126ef '   itemscope=\"itemscope\" itemtype=\"https:\/\/schema.org\/CreativeWork\" ><div class='avia_textblock'  itemprop=\"text\" ><h6><strong>11:45am \u00b7 Coffee break<\/strong><\/h6>\n<\/div><\/section>\n\n<style type=\"text\/css\" data-created_by=\"avia_inline_auto\" id=\"style-css-av-ssgs2hh-402e74de4d33ff58124be5b5f672570d\">\n#top .hr.hr-invisible.av-ssgs2hh-402e74de4d33ff58124be5b5f672570d{\nheight:35px;\n}\n<\/style>\n<div  class='hr av-ssgs2hh-402e74de4d33ff58124be5b5f672570d hr-invisible  avia-builder-el-142  el_after_av_textblock  el_before_av_textblock  av-desktop-hide av-medium-hide'><span class='hr-inner '><span class=\"hr-inner-style\"><\/span><\/span><\/div>\n<section  class='av_textblock_section av-2u60awl-e6492d1d5b6c4aca3e9a52609faea806 '   itemscope=\"itemscope\" itemtype=\"https:\/\/schema.org\/CreativeWork\" ><div class='avia_textblock'  itemprop=\"text\" ><h6><strong>12:15pm \u00b7 Keynote \u201cThe Alpha DNA Enigma: Decoding the Keys to the Next Generation\u201d<br \/>\n<\/strong><\/h6>\n<h6>With Regina Arenas Rovira, Head of the Citizenship Knowledge Hub at 3Cat<\/h6>\n<p>Young people are the future \u2014 but what are Alphas like today? Born after 2010, the oldest are already entering adolescence. Technology is not an aspiration for them; immediacy is essential. They are community builders who need to express themselves freely.<\/p>\n<p>Discover how the Innovation and Knowledge team at 3Cat uses research on the motivations and needs of Alphas to strengthen the bond with audiences and create meaningful content in a hyper-fragmented media landscape full of challenges and opportunities.<\/p>\n<\/div><\/section>\n\n<style type=\"text\/css\" data-created_by=\"avia_inline_auto\" id=\"style-css-av-rsaxn4l-2c47d13d4851d6d6ce986a72b3bfe2c1\">\n#top .hr.hr-invisible.av-rsaxn4l-2c47d13d4851d6d6ce986a72b3bfe2c1{\nheight:35px;\n}\n<\/style>\n<div  class='hr av-rsaxn4l-2c47d13d4851d6d6ce986a72b3bfe2c1 hr-invisible  avia-builder-el-144  el_after_av_textblock  el_before_av_textblock  av-desktop-hide av-medium-hide'><span class='hr-inner '><span class=\"hr-inner-style\"><\/span><\/span><\/div>\n<section  class='av_textblock_section av-r7ek5yt-a1a429a57d7b2e771bec5adf0a354c93 '   itemscope=\"itemscope\" itemtype=\"https:\/\/schema.org\/CreativeWork\" ><div class='avia_textblock'  itemprop=\"text\" ><div dir=\"ltr\">\n<div>\n<h6><strong>12.45pm \u00b7 Roundtable \u201cFrom Zapping to the Algorithm\u201d<\/strong><\/h6>\n<p>How has content consumption changed in the digital age? This roundtable will explore the evolution of audience habits \u2014 from traditional channel surfing to new algorithm-based decision engines. Topics will include content fatigue, the most successful genres and formats, hit content, and the growing power of audiences in shaping programming. An essential conversation to understand how audiences and technology are redefining the future of media.<\/p>\n<p>With\u00a0<strong>Maties Ramos<\/strong>, Head of the Innovation, Insights and Audiences Department at\u00a0<strong>3Cat<\/strong>;\u00a0<strong>Laura Folguera<\/strong>, Content Director of <strong>La 2 Catalunya<\/strong>;\u00a0<strong>Georgina Ferri<\/strong>, General Director of\u00a0<strong>BETEV\u00c9<\/strong>; and\u00a0<strong>Miquel Herrada<\/strong>, Director of Operations at\u00a0<strong>La Xarxa Audiovisual Local (XAL)<\/strong>.<\/p>\n<\/div>\n<\/div>\n<div dir=\"ltr\"><\/div>\n<\/div><\/section>\n\n<style type=\"text\/css\" data-created_by=\"avia_inline_auto\" id=\"style-css-av-r3hvfpx-6a6413008ab365f261fa63826980e206\">\n#top .hr.hr-invisible.av-r3hvfpx-6a6413008ab365f261fa63826980e206{\nheight:75px;\n}\n<\/style>\n<div  class='hr av-r3hvfpx-6a6413008ab365f261fa63826980e206 hr-invisible  avia-builder-el-146  el_after_av_textblock  el_before_av_textblock '><span class='hr-inner '><span class=\"hr-inner-style\"><\/span><\/span><\/div>\n<section  class='av_textblock_section av-q9z0el1-f367d2c39871deb2cf1bff97d2ce0a3e '   itemscope=\"itemscope\" itemtype=\"https:\/\/schema.org\/CreativeWork\" ><div class='avia_textblock'  itemprop=\"text\" ><div dir=\"ltr\">\n<div>\n<section class=\"av_textblock_section av-mhn80x7v-c8aa2ab2d78b3326e469ad4cc7ff8ffa \">\n<div class=\"avia_textblock\">\n<div dir=\"ltr\">\n<div>\n<h5>More information about the speakers:<\/h5>\n<\/div>\n<\/div>\n<\/div>\n<\/section>\n<div class=\"flex_column av-yzqxcr9-14f0b1d34240765777f54cddd087cdb1 av_one_fourth avia-builder-el-29 el_after_av_textblock el_before_av_one_fourth first flex_column_div av-zero-column-padding column-top-margin\"><\/div>\n<\/div>\n<\/div>\n<div dir=\"ltr\"><\/div>\n<\/div><\/section>\n\n<style type=\"text\/css\" data-created_by=\"avia_inline_auto\" id=\"style-css-av-q3msyet-832ac32c5b5f2ad886a3237beb9ea5f4\">\n#top #wrap_all .avia-team-member.av-q3msyet-832ac32c5b5f2ad886a3237beb9ea5f4 .team-member-name{\ncolor:#b02b2c;\n}\n.avia-team-member.av-q3msyet-832ac32c5b5f2ad886a3237beb9ea5f4 .team-member-job-title{\ncolor:#b02b2c;\n}\n<\/style>\n<section  class='avia-team-member av-q3msyet-832ac32c5b5f2ad886a3237beb9ea5f4  avia-builder-el-148  el_after_av_textblock  el_before_av_team_member '  itemscope=\"itemscope\" itemtype=\"https:\/\/schema.org\/Person\" ><div class=\"team-img-container\"><img decoding=\"async\" fetchpriority=\"high\" class='wp-image-53053 avia-img-lazy-loading-not-53053 avia_image avia_image_team' src=\"https:\/\/www.clusteraudiovisual.cat\/wp-content\/uploads\/2025\/11\/STalent2025_Conferencies_Ponent_Audiencies_MarinaRomero.jpg\" alt='Marina Romero'  itemprop=\"image\"   height=\"300\" width=\"300\" srcset=\"https:\/\/www.clusteraudiovisual.cat\/wp-content\/uploads\/2025\/11\/STalent2025_Conferencies_Ponent_Audiencies_MarinaRomero.jpg 300w, https:\/\/www.clusteraudiovisual.cat\/wp-content\/uploads\/2025\/11\/STalent2025_Conferencies_Ponent_Audiencies_MarinaRomero-80x80.jpg 80w, https:\/\/www.clusteraudiovisual.cat\/wp-content\/uploads\/2025\/11\/STalent2025_Conferencies_Ponent_Audiencies_MarinaRomero-36x36.jpg 36w, https:\/\/www.clusteraudiovisual.cat\/wp-content\/uploads\/2025\/11\/STalent2025_Conferencies_Ponent_Audiencies_MarinaRomero-180x180.jpg 180w\" sizes=\"(max-width: 300px) 100vw, 300px\" \/><\/div><h3 class='team-member-name '  itemprop=\"name\" >Marina Romero<\/h3><div class='team-member-description '  itemprop=\"description\" ><p>She began her career at R\u00e0dio Sant Cugat. After hosting the program \u201cPa\u00eds km 0\u201d for two seasons on La Xarxa de Comunicaci\u00f3 Local and working at Catalunya R\u00e0dio as a news editor and presenter since 2018, in September 2024 she became the host of the current affairs program \u201cM\u00e9snit\u201d on 3Cat.<\/p>\n<\/div><span class='hidden team-member-affiliation'  itemprop=\"affiliation\" >Cl\u00faster Audiovisual<\/span><\/section>\n<section  class='avia-team-member av-pfvb79x-366a0fe2a12b6704d6cf2164d47398a2  avia-builder-el-149  el_after_av_team_member  el_before_av_team_member '  itemscope=\"itemscope\" itemtype=\"https:\/\/schema.org\/Person\" ><div class=\"team-img-container\"><img decoding=\"async\" fetchpriority=\"high\" class='wp-image-53058 avia-img-lazy-loading-not-53058 avia_image avia_image_team' src=\"https:\/\/www.clusteraudiovisual.cat\/wp-content\/uploads\/2025\/11\/STalent2025_Conferencies_Ponent_Audiencies_EduardNafria.jpg\" alt='Eduard Nafria'  itemprop=\"image\"   height=\"300\" width=\"300\" srcset=\"https:\/\/www.clusteraudiovisual.cat\/wp-content\/uploads\/2025\/11\/STalent2025_Conferencies_Ponent_Audiencies_EduardNafria.jpg 300w, https:\/\/www.clusteraudiovisual.cat\/wp-content\/uploads\/2025\/11\/STalent2025_Conferencies_Ponent_Audiencies_EduardNafria-80x80.jpg 80w, https:\/\/www.clusteraudiovisual.cat\/wp-content\/uploads\/2025\/11\/STalent2025_Conferencies_Ponent_Audiencies_EduardNafria-36x36.jpg 36w, https:\/\/www.clusteraudiovisual.cat\/wp-content\/uploads\/2025\/11\/STalent2025_Conferencies_Ponent_Audiencies_EduardNafria-180x180.jpg 180w\" sizes=\"(max-width: 300px) 100vw, 300px\" \/><\/div><h3 class='team-member-name '  itemprop=\"name\" >Eduard Nafria<\/h3><div class='team-member-description '  itemprop=\"description\" ><p>Director of Insights and Business Development at Kantar Media, responsible for new projects in digital measurement, TV census data audience, integration with other information panels, social audience, and out-of-home audience measurement. Over the years, he has held several positions at Sofres Audiencia de Medios, TNS, and Kantar Media, including Director of Statistics, Director of Software Development, Commercial Director, and Technical General Director.<\/p>\n<\/div><span class='hidden team-member-affiliation'  itemprop=\"affiliation\" >Cl\u00faster Audiovisual<\/span><\/section>\n\n<style type=\"text\/css\" data-created_by=\"avia_inline_auto\" id=\"style-css-av-p0zy845-f3797081c6245ce88c041f89f1e6ff49\">\n#top #wrap_all .avia-team-member.av-p0zy845-f3797081c6245ce88c041f89f1e6ff49 .team-member-name{\ncolor:#b02b2c;\n}\n.avia-team-member.av-p0zy845-f3797081c6245ce88c041f89f1e6ff49 .team-member-job-title{\ncolor:#b02b2c;\n}\n<\/style>\n<section  class='avia-team-member av-p0zy845-f3797081c6245ce88c041f89f1e6ff49  avia-builder-el-150  el_after_av_team_member  el_before_av_team_member '  itemscope=\"itemscope\" itemtype=\"https:\/\/schema.org\/Person\" ><div class=\"team-img-container\"><img decoding=\"async\" fetchpriority=\"high\" class='wp-image-52662 avia-img-lazy-loading-not-52662 avia_image avia_image_team' src=\"https:\/\/www.clusteraudiovisual.cat\/wp-content\/uploads\/2025\/10\/STalent2025_Conferencies_Ponent_Audiencies_MiguelAngelFontan.jpg\" alt='Miguel \u00c1ngel Font\u00e1n'  itemprop=\"image\"   height=\"300\" width=\"300\" srcset=\"https:\/\/www.clusteraudiovisual.cat\/wp-content\/uploads\/2025\/10\/STalent2025_Conferencies_Ponent_Audiencies_MiguelAngelFontan.jpg 300w, https:\/\/www.clusteraudiovisual.cat\/wp-content\/uploads\/2025\/10\/STalent2025_Conferencies_Ponent_Audiencies_MiguelAngelFontan-80x80.jpg 80w, https:\/\/www.clusteraudiovisual.cat\/wp-content\/uploads\/2025\/10\/STalent2025_Conferencies_Ponent_Audiencies_MiguelAngelFontan-36x36.jpg 36w, https:\/\/www.clusteraudiovisual.cat\/wp-content\/uploads\/2025\/10\/STalent2025_Conferencies_Ponent_Audiencies_MiguelAngelFontan-180x180.jpg 180w\" sizes=\"(max-width: 300px) 100vw, 300px\" \/><\/div><h3 class='team-member-name '  itemprop=\"name\" >Miguel \u00c1ngel Font\u00e1n<\/h3><div class='team-member-description '  itemprop=\"description\" ><p>General Director of the Asociaci\u00f3n para la Investigaci\u00f3n de Medios de Comunicaci\u00f3n (AIMC). The association conducts the Estudio General de Medios (EGM), as well as other market research studies related to the media industry, audience measurement, and consumer behavior, in addition to auditing external measurement operations.<\/p>\n<\/div><span class='hidden team-member-affiliation'  itemprop=\"affiliation\" >Cl\u00faster Audiovisual<\/span><\/section>\n\n<style type=\"text\/css\" data-created_by=\"avia_inline_auto\" id=\"style-css-av-ol1nhzp-2474a3be93cfaed15631abd0246155c4\">\n#top #wrap_all .avia-team-member.av-ol1nhzp-2474a3be93cfaed15631abd0246155c4 .team-member-name{\ncolor:#b02b2c;\n}\n.avia-team-member.av-ol1nhzp-2474a3be93cfaed15631abd0246155c4 .team-member-job-title{\ncolor:#b02b2c;\n}\n<\/style>\n<section  class='avia-team-member av-ol1nhzp-2474a3be93cfaed15631abd0246155c4  avia-builder-el-151  el_after_av_team_member  el_before_av_team_member '  itemscope=\"itemscope\" itemtype=\"https:\/\/schema.org\/Person\" ><div class=\"team-img-container\"><img decoding=\"async\" fetchpriority=\"high\" class='wp-image-52666 avia-img-lazy-loading-not-52666 avia_image avia_image_team' src=\"https:\/\/www.clusteraudiovisual.cat\/wp-content\/uploads\/2025\/10\/STalent2025_Conferencies_Ponent_Audiencies_CarlesManteca.jpg\" alt='Carles Manteca'  itemprop=\"image\"   height=\"300\" width=\"300\" srcset=\"https:\/\/www.clusteraudiovisual.cat\/wp-content\/uploads\/2025\/10\/STalent2025_Conferencies_Ponent_Audiencies_CarlesManteca.jpg 300w, https:\/\/www.clusteraudiovisual.cat\/wp-content\/uploads\/2025\/10\/STalent2025_Conferencies_Ponent_Audiencies_CarlesManteca-80x80.jpg 80w, https:\/\/www.clusteraudiovisual.cat\/wp-content\/uploads\/2025\/10\/STalent2025_Conferencies_Ponent_Audiencies_CarlesManteca-36x36.jpg 36w, https:\/\/www.clusteraudiovisual.cat\/wp-content\/uploads\/2025\/10\/STalent2025_Conferencies_Ponent_Audiencies_CarlesManteca-180x180.jpg 180w\" sizes=\"(max-width: 300px) 100vw, 300px\" \/><\/div><h3 class='team-member-name '  itemprop=\"name\" >Carles Manteca<\/h3><div class='team-member-description '  itemprop=\"description\" ><p>Media Business Developer at Konodrac and consultant specializing in innovation, strategy, and content. With more than 25 years of experience, he has worked in leading media groups in Spain such as Mediapro Group, PRISA Group, GOD\u00d3 Group, and 3Cat, where he served as Director of Broadcasting and Programming for the channels, as well as Marketing and Commercial Director for all the corporation\u2019s media outlets.<\/p>\n<\/div><span class='hidden team-member-affiliation'  itemprop=\"affiliation\" >Cl\u00faster Audiovisual<\/span><\/section>\n\n<style type=\"text\/css\" data-created_by=\"avia_inline_auto\" id=\"style-css-av-2e7rpxx-dec9d917d6b8b07f0da821f06e44a965\">\n#top #wrap_all .avia-team-member.av-2e7rpxx-dec9d917d6b8b07f0da821f06e44a965 .team-member-name{\ncolor:#b02b2c;\n}\n.avia-team-member.av-2e7rpxx-dec9d917d6b8b07f0da821f06e44a965 .team-member-job-title{\ncolor:#b02b2c;\n}\n<\/style>\n<section  class='avia-team-member av-2e7rpxx-dec9d917d6b8b07f0da821f06e44a965  avia-builder-el-152  el_after_av_team_member  el_before_av_team_member '  itemscope=\"itemscope\" itemtype=\"https:\/\/schema.org\/Person\" ><div class=\"team-img-container\"><img decoding=\"async\" fetchpriority=\"high\" class='wp-image-53048 avia-img-lazy-loading-not-53048 avia_image avia_image_team' src=\"https:\/\/www.clusteraudiovisual.cat\/wp-content\/uploads\/2025\/11\/STalent2025_Conferencies_Ponent_Audiencies_RicardoVaca.jpg\" alt='Ricardo Vaca'  itemprop=\"image\"   height=\"300\" width=\"300\" srcset=\"https:\/\/www.clusteraudiovisual.cat\/wp-content\/uploads\/2025\/11\/STalent2025_Conferencies_Ponent_Audiencies_RicardoVaca.jpg 300w, https:\/\/www.clusteraudiovisual.cat\/wp-content\/uploads\/2025\/11\/STalent2025_Conferencies_Ponent_Audiencies_RicardoVaca-80x80.jpg 80w, https:\/\/www.clusteraudiovisual.cat\/wp-content\/uploads\/2025\/11\/STalent2025_Conferencies_Ponent_Audiencies_RicardoVaca-36x36.jpg 36w, https:\/\/www.clusteraudiovisual.cat\/wp-content\/uploads\/2025\/11\/STalent2025_Conferencies_Ponent_Audiencies_RicardoVaca-180x180.jpg 180w\" sizes=\"(max-width: 300px) 100vw, 300px\" \/><\/div><h3 class='team-member-name '  itemprop=\"name\" >Ricardo Vaca<\/h3><div class='team-member-description '  itemprop=\"description\" ><p>Founder and president of Barlovento Comunicaci\u00f3n, a consultancy specializing in the television, audiovisual, and digital ecosystem. Since 1977, he has worked in radio, television, and press, having directed several radio stations. He was General Director of Cadena Rato and the first General Director of Onda Cero. He also worked at Antena 3 Radio and TV, where he held various operational management positions.<\/p>\n<\/div><span class='hidden team-member-affiliation'  itemprop=\"affiliation\" >Cl\u00faster Audiovisual<\/span><\/section>\n\n<style type=\"text\/css\" data-created_by=\"avia_inline_auto\" id=\"style-css-av-njznnyt-1b8cf6ac240e3104ac217cf2f2eceff8\">\n#top #wrap_all .avia-team-member.av-njznnyt-1b8cf6ac240e3104ac217cf2f2eceff8 .team-member-name{\ncolor:#b02b2c;\n}\n.avia-team-member.av-njznnyt-1b8cf6ac240e3104ac217cf2f2eceff8 .team-member-job-title{\ncolor:#b02b2c;\n}\n<\/style>\n<section  class='avia-team-member av-njznnyt-1b8cf6ac240e3104ac217cf2f2eceff8  avia-builder-el-153  el_after_av_team_member  el_before_av_team_member '  itemscope=\"itemscope\" itemtype=\"https:\/\/schema.org\/Person\" ><div class=\"team-img-container\"><img decoding=\"async\" fetchpriority=\"high\" class='wp-image-52670 avia-img-lazy-loading-not-52670 avia_image avia_image_team' src=\"https:\/\/www.clusteraudiovisual.cat\/wp-content\/uploads\/2025\/10\/STalent2025_Conferencies_Ponent_Audiencies_DavidSanchez.jpg\" alt='David S\u00e1nchez'  itemprop=\"image\"   height=\"300\" width=\"300\" srcset=\"https:\/\/www.clusteraudiovisual.cat\/wp-content\/uploads\/2025\/10\/STalent2025_Conferencies_Ponent_Audiencies_DavidSanchez.jpg 300w, https:\/\/www.clusteraudiovisual.cat\/wp-content\/uploads\/2025\/10\/STalent2025_Conferencies_Ponent_Audiencies_DavidSanchez-80x80.jpg 80w, https:\/\/www.clusteraudiovisual.cat\/wp-content\/uploads\/2025\/10\/STalent2025_Conferencies_Ponent_Audiencies_DavidSanchez-36x36.jpg 36w, https:\/\/www.clusteraudiovisual.cat\/wp-content\/uploads\/2025\/10\/STalent2025_Conferencies_Ponent_Audiencies_DavidSanchez-180x180.jpg 180w\" sizes=\"(max-width: 300px) 100vw, 300px\" \/><\/div><h3 class='team-member-name '  itemprop=\"name\" >David S\u00e1nchez<\/h3><div class='team-member-description '  itemprop=\"description\" ><p>Director at GfK. He has developed his professional career in consulting firms and research institutes with a clear focus on developing measurement and research solutions within the fields of media and consumer behavior. He currently leads the development of nPeople, the \u201csingle-source\u201d measurement solution.<\/p>\n<\/div><span class='hidden team-member-affiliation'  itemprop=\"affiliation\" >Cl\u00faster Audiovisual<\/span><\/section>\n\n<style type=\"text\/css\" data-created_by=\"avia_inline_auto\" id=\"style-css-av-n844agl-0ced661a6f1f2695419fadcd4888f185\">\n#top #wrap_all .avia-team-member.av-n844agl-0ced661a6f1f2695419fadcd4888f185 .team-member-name{\ncolor:#b02b2c;\n}\n.avia-team-member.av-n844agl-0ced661a6f1f2695419fadcd4888f185 .team-member-job-title{\ncolor:#b02b2c;\n}\n<\/style>\n<section  class='avia-team-member av-n844agl-0ced661a6f1f2695419fadcd4888f185  avia-builder-el-154  el_after_av_team_member  el_before_av_team_member '  itemscope=\"itemscope\" itemtype=\"https:\/\/schema.org\/Person\" ><div class=\"team-img-container\"><img decoding=\"async\" fetchpriority=\"high\" class='wp-image-52674 avia-img-lazy-loading-not-52674 avia_image avia_image_team' src=\"https:\/\/www.clusteraudiovisual.cat\/wp-content\/uploads\/2025\/10\/STalent2025_Conferencies_Ponent_Audiencies_ReginaArenas.jpg\" alt='Regina Arenas'  itemprop=\"image\"   height=\"300\" width=\"300\" srcset=\"https:\/\/www.clusteraudiovisual.cat\/wp-content\/uploads\/2025\/10\/STalent2025_Conferencies_Ponent_Audiencies_ReginaArenas.jpg 300w, https:\/\/www.clusteraudiovisual.cat\/wp-content\/uploads\/2025\/10\/STalent2025_Conferencies_Ponent_Audiencies_ReginaArenas-80x80.jpg 80w, https:\/\/www.clusteraudiovisual.cat\/wp-content\/uploads\/2025\/10\/STalent2025_Conferencies_Ponent_Audiencies_ReginaArenas-36x36.jpg 36w, https:\/\/www.clusteraudiovisual.cat\/wp-content\/uploads\/2025\/10\/STalent2025_Conferencies_Ponent_Audiencies_ReginaArenas-180x180.jpg 180w\" sizes=\"(max-width: 300px) 100vw, 300px\" \/><\/div><h3 class='team-member-name '  itemprop=\"name\" >Regina Arenas<\/h3><div class='team-member-description '  itemprop=\"description\" ><p>Head of the Citizenship Knowledge Hub at 3Cat. Psychologist and mediator with more than 18 years of experience in consumer insights. She is responsible for exploring the needs of Catalan citizens to provide a more strategic vision that enhances audience understanding.<\/p>\n<\/div><span class='hidden team-member-affiliation'  itemprop=\"affiliation\" >Cl\u00faster Audiovisual<\/span><\/section>\n\n<style type=\"text\/css\" data-created_by=\"avia_inline_auto\" id=\"style-css-av-mt239bp-f7f8d16f6dda6f18143d14356ca2ff23\">\n#top #wrap_all .avia-team-member.av-mt239bp-f7f8d16f6dda6f18143d14356ca2ff23 .team-member-name{\ncolor:#b02b2c;\n}\n.avia-team-member.av-mt239bp-f7f8d16f6dda6f18143d14356ca2ff23 .team-member-job-title{\ncolor:#b02b2c;\n}\n<\/style>\n<section  class='avia-team-member av-mt239bp-f7f8d16f6dda6f18143d14356ca2ff23  avia-builder-el-155  el_after_av_team_member  el_before_av_team_member '  itemscope=\"itemscope\" itemtype=\"https:\/\/schema.org\/Person\" ><div class=\"team-img-container\"><img decoding=\"async\" fetchpriority=\"high\" class='wp-image-52686 avia-img-lazy-loading-not-52686 avia_image avia_image_team' src=\"https:\/\/www.clusteraudiovisual.cat\/wp-content\/uploads\/2025\/10\/STalent2025_Conferencies_Ponent_Audiencies_MatiesRamos.jpg\" alt='Maties Ramos'  itemprop=\"image\"   height=\"300\" width=\"300\" srcset=\"https:\/\/www.clusteraudiovisual.cat\/wp-content\/uploads\/2025\/10\/STalent2025_Conferencies_Ponent_Audiencies_MatiesRamos.jpg 300w, https:\/\/www.clusteraudiovisual.cat\/wp-content\/uploads\/2025\/10\/STalent2025_Conferencies_Ponent_Audiencies_MatiesRamos-80x80.jpg 80w, https:\/\/www.clusteraudiovisual.cat\/wp-content\/uploads\/2025\/10\/STalent2025_Conferencies_Ponent_Audiencies_MatiesRamos-36x36.jpg 36w, https:\/\/www.clusteraudiovisual.cat\/wp-content\/uploads\/2025\/10\/STalent2025_Conferencies_Ponent_Audiencies_MatiesRamos-180x180.jpg 180w\" sizes=\"(max-width: 300px) 100vw, 300px\" \/><\/div><h3 class='team-member-name '  itemprop=\"name\" >Maties Ramos<\/h3><div class='team-member-description '  itemprop=\"description\" ><p>Head of the Innovation, Knowledge and Audiences Department at 3Cat, responsible for consumption, impact and audience analysis, as well as research and market studies. She has over 20 years of experience in marketing, digital strategy, analytics, and research.<\/p>\n<\/div><span class='hidden team-member-affiliation'  itemprop=\"affiliation\" >Cl\u00faster Audiovisual<\/span><\/section>\n\n<style type=\"text\/css\" data-created_by=\"avia_inline_auto\" id=\"style-css-av-m4oe1bp-19360038f25aab4ef349d58f601d6e69\">\n#top #wrap_all .avia-team-member.av-m4oe1bp-19360038f25aab4ef349d58f601d6e69 .team-member-name{\ncolor:#b02b2c;\n}\n.avia-team-member.av-m4oe1bp-19360038f25aab4ef349d58f601d6e69 .team-member-job-title{\ncolor:#b02b2c;\n}\n<\/style>\n<section  class='avia-team-member av-m4oe1bp-19360038f25aab4ef349d58f601d6e69  avia-builder-el-156  el_after_av_team_member  el_before_av_team_member '  itemscope=\"itemscope\" itemtype=\"https:\/\/schema.org\/Person\" ><div class=\"team-img-container\"><img decoding=\"async\" fetchpriority=\"high\" class='wp-image-52682 avia-img-lazy-loading-not-52682 avia_image avia_image_team' src=\"https:\/\/www.clusteraudiovisual.cat\/wp-content\/uploads\/2025\/10\/STalent2025_Conferencies_Ponent_Audiencies_LauraFolguera.jpg\" alt='Laura Folguera'  itemprop=\"image\"   height=\"300\" width=\"300\" srcset=\"https:\/\/www.clusteraudiovisual.cat\/wp-content\/uploads\/2025\/10\/STalent2025_Conferencies_Ponent_Audiencies_LauraFolguera.jpg 300w, https:\/\/www.clusteraudiovisual.cat\/wp-content\/uploads\/2025\/10\/STalent2025_Conferencies_Ponent_Audiencies_LauraFolguera-80x80.jpg 80w, https:\/\/www.clusteraudiovisual.cat\/wp-content\/uploads\/2025\/10\/STalent2025_Conferencies_Ponent_Audiencies_LauraFolguera-36x36.jpg 36w, https:\/\/www.clusteraudiovisual.cat\/wp-content\/uploads\/2025\/10\/STalent2025_Conferencies_Ponent_Audiencies_LauraFolguera-180x180.jpg 180w\" sizes=\"(max-width: 300px) 100vw, 300px\" \/><\/div><h3 class='team-member-name '  itemprop=\"name\" >Laura Folguera<\/h3><div class='team-member-description '  itemprop=\"description\" ><p>Content Director of La 2 Catalunya. She has developed her professional career for over 20 years at RTVE\u2019s Production Centre in Sant Cugat. She began as a reporter for \u201cEl Escarabajo Verde\u201d and has since worked in the programmes and news departments in Catalonia. In 2016, she directed the magazine \u201cTips,\u201d in 2017 she became the coordinator of La 2 in Catalonia, and in 2021 she took on the role of Director of Programme Production at TVE in Catalonia.<\/p>\n<\/div><span class='hidden team-member-affiliation'  itemprop=\"affiliation\" >Cl\u00faster Audiovisual<\/span><\/section>\n\n<style type=\"text\/css\" data-created_by=\"avia_inline_auto\" id=\"style-css-av-ls2nl79-be08f6a27b1e82af0931429af6e7e932\">\n#top #wrap_all .avia-team-member.av-ls2nl79-be08f6a27b1e82af0931429af6e7e932 .team-member-name{\ncolor:#b02b2c;\n}\n.avia-team-member.av-ls2nl79-be08f6a27b1e82af0931429af6e7e932 .team-member-job-title{\ncolor:#b02b2c;\n}\n<\/style>\n<section  class='avia-team-member av-ls2nl79-be08f6a27b1e82af0931429af6e7e932  avia-builder-el-157  el_after_av_team_member  el_before_av_team_member '  itemscope=\"itemscope\" itemtype=\"https:\/\/schema.org\/Person\" ><div class=\"team-img-container\"><img decoding=\"async\" fetchpriority=\"high\" class='wp-image-52678 avia-img-lazy-loading-not-52678 avia_image avia_image_team' src=\"https:\/\/www.clusteraudiovisual.cat\/wp-content\/uploads\/2025\/10\/STalent2025_Conferencies_Ponent_Audiencies_GeorginaFerri.jpg\" alt='Georgina Ferri'  itemprop=\"image\"   height=\"300\" width=\"300\" srcset=\"https:\/\/www.clusteraudiovisual.cat\/wp-content\/uploads\/2025\/10\/STalent2025_Conferencies_Ponent_Audiencies_GeorginaFerri.jpg 300w, https:\/\/www.clusteraudiovisual.cat\/wp-content\/uploads\/2025\/10\/STalent2025_Conferencies_Ponent_Audiencies_GeorginaFerri-80x80.jpg 80w, https:\/\/www.clusteraudiovisual.cat\/wp-content\/uploads\/2025\/10\/STalent2025_Conferencies_Ponent_Audiencies_GeorginaFerri-36x36.jpg 36w, https:\/\/www.clusteraudiovisual.cat\/wp-content\/uploads\/2025\/10\/STalent2025_Conferencies_Ponent_Audiencies_GeorginaFerri-180x180.jpg 180w\" sizes=\"(max-width: 300px) 100vw, 300px\" \/><\/div><h3 class='team-member-name '  itemprop=\"name\" >Georgina Ferri<\/h3><div class='team-member-description '  itemprop=\"description\" ><p>General Director of BETEV\u00c9. She has 18 years of experience in television, digital, and transmedia journalism, 11 of which leading and managing teams in local television (Televisi\u00f3 de L\u2019Hospitalet), at a global digital media outlet in Madrid (Terra.es), and in both print and digital press in Catalonia (ARA newspaper), where she also served as General Director for five years.<\/p>\n<\/div><span class='hidden team-member-affiliation'  itemprop=\"affiliation\" >Cl\u00faster Audiovisual<\/span><\/section>\n\n<style type=\"text\/css\" data-created_by=\"avia_inline_auto\" id=\"style-css-av-lk18s1h-9af831c6a50e2e418d468c612766a279\">\n#top #wrap_all .avia-team-member.av-lk18s1h-9af831c6a50e2e418d468c612766a279 .team-member-name{\ncolor:#b02b2c;\n}\n.avia-team-member.av-lk18s1h-9af831c6a50e2e418d468c612766a279 .team-member-job-title{\ncolor:#b02b2c;\n}\n<\/style>\n<section  class='avia-team-member av-lk18s1h-9af831c6a50e2e418d468c612766a279  avia-builder-el-158  el_after_av_team_member  el_before_av_hr '  itemscope=\"itemscope\" itemtype=\"https:\/\/schema.org\/Person\" ><div class=\"team-img-container\"><img decoding=\"async\" fetchpriority=\"high\" class='wp-image-52689 avia-img-lazy-loading-not-52689 avia_image avia_image_team' src=\"https:\/\/www.clusteraudiovisual.cat\/wp-content\/uploads\/2025\/10\/STalent2025_Conferencies_Ponent_Audiencies_MiquelHerrada.jpg\" alt='Miquel Herrada'  itemprop=\"image\"   height=\"300\" width=\"300\" srcset=\"https:\/\/www.clusteraudiovisual.cat\/wp-content\/uploads\/2025\/10\/STalent2025_Conferencies_Ponent_Audiencies_MiquelHerrada.jpg 300w, https:\/\/www.clusteraudiovisual.cat\/wp-content\/uploads\/2025\/10\/STalent2025_Conferencies_Ponent_Audiencies_MiquelHerrada-80x80.jpg 80w, https:\/\/www.clusteraudiovisual.cat\/wp-content\/uploads\/2025\/10\/STalent2025_Conferencies_Ponent_Audiencies_MiquelHerrada-36x36.jpg 36w, https:\/\/www.clusteraudiovisual.cat\/wp-content\/uploads\/2025\/10\/STalent2025_Conferencies_Ponent_Audiencies_MiquelHerrada-180x180.jpg 180w\" sizes=\"(max-width: 300px) 100vw, 300px\" \/><\/div><h3 class='team-member-name '  itemprop=\"name\" >Miquel Herrada<\/h3><div class='team-member-description '  itemprop=\"description\" ><p>Director of Operations at the Xarxa Audiovisual Local (XAL). He has over 20 years of experience in the local audiovisual communication sector in Catalonia and is committed to the digital transformation and innovation of local media.<\/p>\n<\/div><span class='hidden team-member-affiliation'  itemprop=\"affiliation\" >Cl\u00faster Audiovisual<\/span><\/section>\n\n<style type=\"text\/css\" data-created_by=\"avia_inline_auto\" id=\"style-css-av-l3eja45-f04274b3af2e698115ba1a4a7e6de12c\">\n#top .hr.av-l3eja45-f04274b3af2e698115ba1a4a7e6de12c{\nmargin-top:20px;\nmargin-bottom:30px;\n}\n.hr.av-l3eja45-f04274b3af2e698115ba1a4a7e6de12c .hr-inner{\nwidth:100%;\nborder-color:#e8e8e8;\n}\n<\/style>\n<div  class='hr av-l3eja45-f04274b3af2e698115ba1a4a7e6de12c hr-custom  avia-builder-el-159  el_after_av_team_member  el_before_av_textblock  av-desktop-hide av-medium-hide hr-left hr-icon-no'><span class='hr-inner inner-border-av-border-thin'><span class=\"hr-inner-style\"><\/span><\/span><\/div>\n<section  id=\"talents\"  class='av_textblock_section av-khb20r9-c9c8db47054bf5e813454312eb76f7e3 '   itemscope=\"itemscope\" itemtype=\"https:\/\/schema.org\/CreativeWork\" ><div class='avia_textblock'  itemprop=\"text\" ><h2><strong>Conversation with Talent \u00b7 Eduard Sola &amp; J\u00falia de Paz<\/strong><\/h2>\n<\/div><\/section>\n<section  class='av_textblock_section av-jz09vw5-df87cdac6dd6c2fece23a9550483a4a4 '   itemscope=\"itemscope\" itemtype=\"https:\/\/schema.org\/CreativeWork\" ><div class='avia_textblock'  itemprop=\"text\" ><section class=\"av_textblock_section av-o7wbw2d-25fc9ee92c59840ff2e539d5a3c3e496 \">\n<div class=\"avia_textblock\">\n<h6>Monday 24th November<\/h6>\n<h6><br class=\"avia-permanent-lb\" \/>From 7pm to 8:30pm<\/h6>\n<h6><br class=\"avia-permanent-lb\" \/>Auditorium of the Disseny Hub Barcelona (Pla\u00e7a de les Gl\u00f2ries Catalanes, 38)<\/h6>\n<h6><br class=\"avia-permanent-lb\" \/>Entry is free upon registration<\/h6>\n<h6><br class=\"avia-permanent-lb\" \/>The session will be held in Catalan<\/h6>\n<\/div>\n<\/section>\n<div class=\"hr av-np9kxxx-fa2e44ceb4c774597bbafdf892d84664 hr-invisible avia-builder-el-54 el_after_av_textblock el_before_av_button \"><\/div>\n<\/div><\/section>\n\n<style type=\"text\/css\" data-created_by=\"avia_inline_auto\" id=\"style-css-av-ikv3lpx-218187e3ba0bc0a623963089b799e4af\">\n#top .hr.hr-invisible.av-ikv3lpx-218187e3ba0bc0a623963089b799e4af{\nheight:35px;\n}\n<\/style>\n<div  class='hr av-ikv3lpx-218187e3ba0bc0a623963089b799e4af hr-invisible  avia-builder-el-162  el_after_av_textblock  el_before_av_textblock  av-desktop-hide av-medium-hide'><span class='hr-inner '><span class=\"hr-inner-style\"><\/span><\/span><\/div>\n<section  class='av_textblock_section av-hzrvn3p-c8ca0fe39d08d8abe0241763b6bc6b78 '   itemscope=\"itemscope\" itemtype=\"https:\/\/schema.org\/CreativeWork\" ><div class='avia_textblock'  itemprop=\"text\" ><p data-start=\"0\" data-end=\"603\">Director\u00a0<strong>J\u00falia de Paz<\/strong>\u00a0and screenwriter\u00a0<strong>Eduard Sola<\/strong>\u00a0share their journey and experience on how to build stories that captivate audiences. With the support and moderation of the Catalan Film Academy, the session will reflect on the role of new talent in the audiovisual sector, the opportunities to make a name for oneself, and the importance of maintaining an authentic voice amid the challenges of the industry. This session aims to be a space for dialogue and inspiration, to understand how new generations can create from authenticity, sensitivity, and the desire to make fiction a mirror of reality.<\/p>\n<p data-start=\"605\" data-end=\"667\" data-is-last-node=\"\" data-is-only-node=\"\">Moderated by\u00a0<strong>Laia Aubia<\/strong>, Director of the\u00a0<strong>Catalan Film Academy<\/strong>.<\/p>\n<\/div><\/section>\n\n<style type=\"text\/css\" data-created_by=\"avia_inline_auto\" id=\"style-css-av-hks8cdx-41669bcddbdbe8776a655ce3c7a2373e\">\n#top #wrap_all .avia-team-member.av-hks8cdx-41669bcddbdbe8776a655ce3c7a2373e .team-member-name{\ncolor:#b02b2c;\n}\n.avia-team-member.av-hks8cdx-41669bcddbdbe8776a655ce3c7a2373e .team-member-job-title{\ncolor:#b02b2c;\n}\n<\/style>\n<section  class='avia-team-member av-hks8cdx-41669bcddbdbe8776a655ce3c7a2373e  avia-builder-el-164  el_after_av_textblock  el_before_av_team_member '  itemscope=\"itemscope\" itemtype=\"https:\/\/schema.org\/Person\" ><div class=\"team-img-container\"><img decoding=\"async\" fetchpriority=\"high\" class='wp-image-52807 avia-img-lazy-loading-not-52807 avia_image avia_image_team' src=\"https:\/\/www.clusteraudiovisual.cat\/wp-content\/uploads\/2025\/10\/STalent2025_Conferencies_ConversesAmbTalents_EduardSola.jpg\" alt='Eduard Sola'  itemprop=\"image\"   height=\"300\" width=\"300\" srcset=\"https:\/\/www.clusteraudiovisual.cat\/wp-content\/uploads\/2025\/10\/STalent2025_Conferencies_ConversesAmbTalents_EduardSola.jpg 300w, https:\/\/www.clusteraudiovisual.cat\/wp-content\/uploads\/2025\/10\/STalent2025_Conferencies_ConversesAmbTalents_EduardSola-80x80.jpg 80w, https:\/\/www.clusteraudiovisual.cat\/wp-content\/uploads\/2025\/10\/STalent2025_Conferencies_ConversesAmbTalents_EduardSola-36x36.jpg 36w, https:\/\/www.clusteraudiovisual.cat\/wp-content\/uploads\/2025\/10\/STalent2025_Conferencies_ConversesAmbTalents_EduardSola-180x180.jpg 180w\" sizes=\"(max-width: 300px) 100vw, 300px\" \/><\/div><h3 class='team-member-name '  itemprop=\"name\" >Eduard Sola<\/h3><div class='team-member-description '  itemprop=\"description\" ><p>He has combined writing for television series (\u201cS\u00e9 qui\u00e9n eres\u201d, \u201cBenvinguts a la fam\u00edlia\u201d, \u201cCites\u201d) with screenwriting for films (\u201cBarcelona, nit d\u2019estiu\u201d, \u201cBarcelona, nit d\u2019hivern\u201d, \u201cMar\u00eda (y los dem\u00e1s)\u201d, \u201cLa voluntaria\u201d, \u201cLa virgen roja\u201d).<\/p>\n<p>In 2024, he premiered as a screenwriter with \u201cCasa en flames\u201d, directed by Dani de la Orden, which became the most successful Catalan film at the box office to date and earned him a Gaud\u00ed Award, a Goya Award, and a Feroz Award for Best Original Screenplay. That same year, he also participated in the series \u201cQuerer\u201d, directed by Alauda Ruiz de Az\u00faa, for which he won a Feroz Award for Best Series Screenplay alongside J\u00falia de Paz.<\/p>\n<\/div><span class='hidden team-member-affiliation'  itemprop=\"affiliation\" >Cl\u00faster Audiovisual<\/span><\/section>\n\n<style type=\"text\/css\" data-created_by=\"avia_inline_auto\" id=\"style-css-av-h3qefp1-ed17dcb242018156423a432e37020abb\">\n#top #wrap_all .avia-team-member.av-h3qefp1-ed17dcb242018156423a432e37020abb .team-member-name{\ncolor:#b02b2c;\n}\n.avia-team-member.av-h3qefp1-ed17dcb242018156423a432e37020abb .team-member-job-title{\ncolor:#b02b2c;\n}\n<\/style>\n<section  class='avia-team-member av-h3qefp1-ed17dcb242018156423a432e37020abb  avia-builder-el-165  el_after_av_team_member  el_before_av_team_member '  itemscope=\"itemscope\" itemtype=\"https:\/\/schema.org\/Person\" ><div class=\"team-img-container\"><img decoding=\"async\" fetchpriority=\"high\" class='wp-image-52732 avia-img-lazy-loading-not-52732 avia_image avia_image_team' src=\"https:\/\/www.clusteraudiovisual.cat\/wp-content\/uploads\/2025\/10\/STalent2025_Conferencies_ConversesAmbTalents_JuliaDePaz.jpg\" alt='J\u00falia de Paz'  itemprop=\"image\"   height=\"300\" width=\"300\" srcset=\"https:\/\/www.clusteraudiovisual.cat\/wp-content\/uploads\/2025\/10\/STalent2025_Conferencies_ConversesAmbTalents_JuliaDePaz.jpg 300w, https:\/\/www.clusteraudiovisual.cat\/wp-content\/uploads\/2025\/10\/STalent2025_Conferencies_ConversesAmbTalents_JuliaDePaz-80x80.jpg 80w, https:\/\/www.clusteraudiovisual.cat\/wp-content\/uploads\/2025\/10\/STalent2025_Conferencies_ConversesAmbTalents_JuliaDePaz-36x36.jpg 36w, https:\/\/www.clusteraudiovisual.cat\/wp-content\/uploads\/2025\/10\/STalent2025_Conferencies_ConversesAmbTalents_JuliaDePaz-180x180.jpg 180w\" sizes=\"(max-width: 300px) 100vw, 300px\" \/><\/div><h3 class='team-member-name '  itemprop=\"name\" >J\u00falia de Paz<\/h3><div class='team-member-description '  itemprop=\"description\" ><p>She began her professional career with her debut feature, \"Ama\" (premiered at the M\u00e1laga Film Festival, where it received the Silver Biznaga for Best Leading Actress and the Feroz Puerta Oscura Award for Best Film, and was later nominated for the Goya Award for Best Adapted Screenplay).<\/p>\n<p>Her next project, the short film \"Harta\" (winner of three Biznagas at the M\u00e1laga Film Festival, the Gaud\u00ed Award for Best Short Film, among others), served as the seed for her second feature film, \"La buena hija\", which will premiere at the Tallinn International Film Festival.<\/p>\n<p>In 2024, she worked as second director on the series \"Las largas sombras\" (Clara Roquet, produced by Disney+), and during the latest edition of the San Sebasti\u00e1n Film Festival, the series \"Querer\" (directed by Alauda Ruiz de Az\u00faa) was screened, for which she co-wrote the script alongside Eduard Sola.<\/p>\n<\/div><span class='hidden team-member-affiliation'  itemprop=\"affiliation\" >Cl\u00faster Audiovisual<\/span><\/section>\n\n<style type=\"text\/css\" data-created_by=\"avia_inline_auto\" id=\"style-css-av-gqs3qph-1013fe3cae8b416462e0509280754e39\">\n#top #wrap_all .avia-team-member.av-gqs3qph-1013fe3cae8b416462e0509280754e39 .team-member-name{\ncolor:#b02b2c;\n}\n.avia-team-member.av-gqs3qph-1013fe3cae8b416462e0509280754e39 .team-member-job-title{\ncolor:#b02b2c;\n}\n<\/style>\n<section  class='avia-team-member av-gqs3qph-1013fe3cae8b416462e0509280754e39  avia-builder-el-166  el_after_av_team_member  el_before_av_partner '  itemscope=\"itemscope\" itemtype=\"https:\/\/schema.org\/Person\" ><div class=\"team-img-container\"><img decoding=\"async\" fetchpriority=\"high\" class='wp-image-52814 avia-img-lazy-loading-not-52814 avia_image avia_image_team' src=\"https:\/\/www.clusteraudiovisual.cat\/wp-content\/uploads\/2025\/10\/STalent2025_Conferencies_ConversesAmbTalents_LaiaAubia.jpg\" alt='Laia Aubia'  itemprop=\"image\"   height=\"300\" width=\"300\" srcset=\"https:\/\/www.clusteraudiovisual.cat\/wp-content\/uploads\/2025\/10\/STalent2025_Conferencies_ConversesAmbTalents_LaiaAubia.jpg 300w, https:\/\/www.clusteraudiovisual.cat\/wp-content\/uploads\/2025\/10\/STalent2025_Conferencies_ConversesAmbTalents_LaiaAubia-80x80.jpg 80w, https:\/\/www.clusteraudiovisual.cat\/wp-content\/uploads\/2025\/10\/STalent2025_Conferencies_ConversesAmbTalents_LaiaAubia-36x36.jpg 36w, https:\/\/www.clusteraudiovisual.cat\/wp-content\/uploads\/2025\/10\/STalent2025_Conferencies_ConversesAmbTalents_LaiaAubia-180x180.jpg 180w\" sizes=\"(max-width: 300px) 100vw, 300px\" \/><\/div><h3 class='team-member-name '  itemprop=\"name\" >Laia Aubia<\/h3><div class='team-member-description '  itemprop=\"description\" ><p>She worked as a researcher and lecturer at Pompeu Fabra University (UPF) and contributed to the creation of the Audiovisual Production Observatory (OPA). In 2007, she coordinated the Barcelona-Catalunya Film Commission, and in 2010, she became the head of distribution at the DocsBarcelona Festival.<\/p>\n<p>Since 2018, she has been the Director of the Catalan Film Academy, the organization behind initiatives such as the Gaud\u00ed Awards and the Pep\u00f3n Coromina Award, where she oversees the preselection processes and coordinates all related training and networking activities.<\/p>\n<\/div><span class='hidden team-member-affiliation'  itemprop=\"affiliation\" >Cl\u00faster Audiovisual<\/span><\/section>\n<div  class='avia-logo-element-container av-g5x9zpx-5c80e4f255bb6948a3bd464fa58cd71f av-border-deactivate avia-logo-grid avia-content-slider avia-smallarrow-slider avia-content-grid-active noHover avia-content-slider-odd  avia-builder-el-167  el_after_av_team_member  el_before_av_hr  avia-content-slider3' ><div class='avia-smallarrow-slider-heading '><div class='new-special-heading'><h6 class='av-logo-special-heading-text '>IN COLLABORATION WITH:<\/h6><\/div><\/div><div class=\"avia-content-slider-inner\"><div class=\"slide-entry-wrap\"><div  class='slide-entry av-fvj320l-f433fdf61dd6a4df3c03f1ef8be05a9c flex_column no_margin av_one_fifth real-thumbnail post-entry slide-entry-overview slide-loop-1 slide-parity-odd post-entry-last first'><img decoding=\"async\" fetchpriority=\"high\" width=\"800\" height=\"400\" src=\"https:\/\/www.clusteraudiovisual.cat\/wp-content\/uploads\/2022\/10\/ST_Logo_Footer_Web_AcademiaCC.jpg\" class=\"wp-image-25796 avia-img-lazy-loading-not-25796 attachment-no scaling size-no scaling\" alt=\"\" srcset=\"https:\/\/www.clusteraudiovisual.cat\/wp-content\/uploads\/2022\/10\/ST_Logo_Footer_Web_AcademiaCC.jpg 800w, https:\/\/www.clusteraudiovisual.cat\/wp-content\/uploads\/2022\/10\/ST_Logo_Footer_Web_AcademiaCC-300x150.jpg 300w, https:\/\/www.clusteraudiovisual.cat\/wp-content\/uploads\/2022\/10\/ST_Logo_Footer_Web_AcademiaCC-768x384.jpg 768w, https:\/\/www.clusteraudiovisual.cat\/wp-content\/uploads\/2022\/10\/ST_Logo_Footer_Web_AcademiaCC-705x353.jpg 705w\" sizes=\"(max-width: 800px) 100vw, 800px\" \/><\/div><\/div><\/div><\/div>\n\n<style type=\"text\/css\" data-created_by=\"avia_inline_auto\" id=\"style-css-av-falp54l-893b3e916833177886962288659ae6cd\">\n#top .hr.av-falp54l-893b3e916833177886962288659ae6cd{\nmargin-top:20px;\nmargin-bottom:30px;\n}\n.hr.av-falp54l-893b3e916833177886962288659ae6cd .hr-inner{\nwidth:100%;\nborder-color:#e8e8e8;\n}\n<\/style>\n<div  class='hr av-falp54l-893b3e916833177886962288659ae6cd hr-custom  avia-builder-el-168  el_after_av_partner  el_before_av_textblock  av-desktop-hide av-medium-hide hr-left hr-icon-no'><span class='hr-inner inner-border-av-border-thin'><span class=\"hr-inner-style\"><\/span><\/span><\/div>\n<section  id=\"produccio\"  class='av_textblock_section av-1id755h-518f5081fe3c2c0f12fbaad36b5272da '   itemscope=\"itemscope\" itemtype=\"https:\/\/schema.org\/CreativeWork\" ><div class='avia_textblock'  itemprop=\"text\" ><h2><strong>Roundtable \u00b7 The Fascinating Journey of Production<\/strong><\/h2>\n<h6>Tuesday 25th November<\/h6>\n<h6><br class=\"avia-permanent-lb\" \/>From 6:30pm to 8:15pm<\/h6>\n<h6><br class=\"avia-permanent-lb\" \/>Auditorium of the Disseny Hub Barcelona (Pla\u00e7a de les Gl\u00f2ries Catalanes, 38)<\/h6>\n<h6><br class=\"avia-permanent-lb\" \/>Entry is free upon registration<\/h6>\n<section class=\"av_textblock_section av-o7wbw2d-25fc9ee92c59840ff2e539d5a3c3e496 \">\n<div class=\"avia_textblock\">\n<h6><br class=\"avia-permanent-lb\" \/>The session will be held in Catalan<\/h6>\n<\/div>\n<\/section>\n<\/div><\/section>\n\n<style type=\"text\/css\" data-created_by=\"avia_inline_auto\" id=\"style-css-av-1cv486t-b8ae87a5948ead29559202958de96e69\">\n#top .hr.hr-invisible.av-1cv486t-b8ae87a5948ead29559202958de96e69{\nheight:35px;\n}\n<\/style>\n<div  class='hr av-1cv486t-b8ae87a5948ead29559202958de96e69 hr-invisible  avia-builder-el-170  el_after_av_textblock  el_before_av_textblock  av-desktop-hide av-medium-hide'><span class='hr-inner '><span class=\"hr-inner-style\"><\/span><\/span><\/div>\n<section  class='av_textblock_section av-1ai3j05-701524b103772b426ae4cbcb3cc9784c '   itemscope=\"itemscope\" itemtype=\"https:\/\/schema.org\/CreativeWork\" ><div class='avia_textblock'  itemprop=\"text\" ><p>Behind every film, series, or documentary lies a journey full of creative decisions, logistical challenges, and a strong dose of strategic vision. This session aims to uncover how an audiovisual project is brought to life\u2014from its initial idea to its arrival on screens\u2014focusing on a key yet often underappreciated figure: the executive producer. From the conception of the project and the search for funding and co-producers to team management and coordination with creators, broadcasters, and platforms.<\/p>\n<p>The speakers will share how to strike a balance between creativity and financial viability, how major production decisions are made, and what new trends are shaping the audiovisual landscape in Catalonia and beyond.<\/p>\n<p>An essential gathering to understand how production is far more than logistics and budgets\u2014it is vision, leadership, and passion for making stories that move us come to life.<\/p>\n<p>With\u00a0<strong>Tono Folguera<\/strong>\u00a0from\u00a0<strong>Lastor Media<\/strong>,\u00a0<strong>Mireia Graell<\/strong>\u00a0from\u00a0<strong>Ringo Media<\/strong>\u00a0and\u00a0<strong>Arlette Peyret<\/strong>\u00a0from\u00a0<strong>Brutal Media<\/strong>. Moderated by\u00a0<strong>Xavier Atance<\/strong>\u00a0from\u00a0<strong>Benec\u00e9 Produccions<\/strong>.<\/p>\n<\/div><\/section>\n\n<style type=\"text\/css\" data-created_by=\"avia_inline_auto\" id=\"style-css-av-mhxc5402-fd9bdb8026e7ee4e49da4dc2b56b4f7a\">\n#top .hr.hr-invisible.av-mhxc5402-fd9bdb8026e7ee4e49da4dc2b56b4f7a{\nheight:15px;\n}\n<\/style>\n<div  class='hr av-mhxc5402-fd9bdb8026e7ee4e49da4dc2b56b4f7a hr-invisible  avia-builder-el-172  el_after_av_textblock  el_before_av_textblock  av-desktop-hide av-medium-hide'><span class='hr-inner '><span class=\"hr-inner-style\"><\/span><\/span><\/div>\n<section  class='av_textblock_section av-14evq2d-71790918dbc24e6241940607a72cd7f2 '   itemscope=\"itemscope\" itemtype=\"https:\/\/schema.org\/CreativeWork\" ><div class='avia_textblock'  itemprop=\"text\" ><p>In addition, we will have the presence of:<\/p>\n<ul>\n<li><strong>Gerard Sim\u00f3<\/strong> and <strong>Adriana Ulldemolins<\/strong>, members of the Vig\u00edlia Collective, creators of <em><strong>L&#8217;edat imminent<\/strong><\/em> (Talent Week 2021 project). Film nominated for the Gaud\u00ed Award for Best New Direction. It has been awarded the Best Spanish Film Screenplay Award at the Gij\u00f3n Festival, has obtained the Special Mention of the Jury at the Cork Festival, the M\u00e1laga Work in Progress National Award 2023 and the Special Award at the Giffoni Festival.<\/li>\n<li><strong>Laura Torres<\/strong>, director of <em><strong>Corral Negro<\/strong><\/em> (Talent Week 2023 project). Selected at the International Short Film Festival Interfilm Berlin (Green Film Competition section), the Almargo International Film Festival (official national short film section) and the London Awards International Film Festival (Best International Short Film &#8211; Winner Gold Documentary award).<\/li>\n<\/ul>\n<\/div><\/section>\n\n<style type=\"text\/css\" data-created_by=\"avia_inline_auto\" id=\"style-css-av-ssbzsl-33fd6977e7fc05fd5dc16163a7aed9a4\">\n#top .hr.hr-invisible.av-ssbzsl-33fd6977e7fc05fd5dc16163a7aed9a4{\nheight:35px;\n}\n<\/style>\n<div  class='hr av-ssbzsl-33fd6977e7fc05fd5dc16163a7aed9a4 hr-invisible  avia-builder-el-174  el_after_av_textblock  el_before_av_team_member  av-desktop-hide av-medium-hide'><span class='hr-inner '><span class=\"hr-inner-style\"><\/span><\/span><\/div>\n\n<style type=\"text\/css\" data-created_by=\"avia_inline_auto\" id=\"style-css-av-cq7820l-ef64754c8571b6f3bea8677fec969eb1\">\n#top #wrap_all .avia-team-member.av-cq7820l-ef64754c8571b6f3bea8677fec969eb1 .team-member-name{\ncolor:#b02b2c;\n}\n.avia-team-member.av-cq7820l-ef64754c8571b6f3bea8677fec969eb1 .team-member-job-title{\ncolor:#b02b2c;\n}\n<\/style>\n<section  class='avia-team-member av-cq7820l-ef64754c8571b6f3bea8677fec969eb1  avia-builder-el-175  el_after_av_hr  el_before_av_team_member '  itemscope=\"itemscope\" itemtype=\"https:\/\/schema.org\/Person\" ><div class=\"team-img-container\"><img decoding=\"async\" fetchpriority=\"high\" class='wp-image-52977 avia-img-lazy-loading-not-52977 avia_image avia_image_team' src=\"https:\/\/www.clusteraudiovisual.cat\/wp-content\/uploads\/2025\/10\/STalent2025_Conferencies_Ponent_Produccio_TonoFolguera.jpg\" alt='Tono Folguera'  itemprop=\"image\"   height=\"300\" width=\"300\" srcset=\"https:\/\/www.clusteraudiovisual.cat\/wp-content\/uploads\/2025\/10\/STalent2025_Conferencies_Ponent_Produccio_TonoFolguera.jpg 300w, https:\/\/www.clusteraudiovisual.cat\/wp-content\/uploads\/2025\/10\/STalent2025_Conferencies_Ponent_Produccio_TonoFolguera-80x80.jpg 80w, https:\/\/www.clusteraudiovisual.cat\/wp-content\/uploads\/2025\/10\/STalent2025_Conferencies_Ponent_Produccio_TonoFolguera-36x36.jpg 36w, https:\/\/www.clusteraudiovisual.cat\/wp-content\/uploads\/2025\/10\/STalent2025_Conferencies_Ponent_Produccio_TonoFolguera-180x180.jpg 180w\" sizes=\"(max-width: 300px) 100vw, 300px\" \/><\/div><h3 class='team-member-name '  itemprop=\"name\" >Tono Folguera<\/h3><div class='team-member-description '  itemprop=\"description\" ><p>He has a career of over 20 years in the production of documentaries and fiction films. He is the founder of the production companies Lastor Media and Vila\u00fct Films and has collaborated with directors such as Clara Roquet (\"Libertad\"), Carla Sim\u00f3n (\"Alcarr\u00e0s\"), Carlos Marques-Marcet (\"Polvo ser\u00e1n\"), Elena Mart\u00edn Gimeno (\"Creatura\"), Mikel Gurrea (\"Suro\"), Marcel Barrena (\"Mediterr\u00e1neo\"), Mounia Akl (\"Costa Brava\"), Patricia Font (\"El maestro que prometi\u00f3 el mar\"), and Carles Bosch (\"Petitet\").<\/p>\n<p>He won the Golden Bear at the 2022 Berlin Film Festival for the film Alcarr\u00e0s. Among his main achievements are three Goya Awards from the Spanish Film Academy, ten Gaud\u00ed Awards from the Catalan Film Academy, three nominations for the European Film Awards, and two Golden Biznagas at the M\u00e1laga Film Festival. His most recent production, Forastera (Luc\u00eda Ale\u00f1ar), received the FIPRESCI Prize at the Toronto Film Festival.<\/p>\n<\/div><span class='hidden team-member-affiliation'  itemprop=\"affiliation\" >Cl\u00faster Audiovisual<\/span><\/section>\n\n<style type=\"text\/css\" data-created_by=\"avia_inline_auto\" id=\"style-css-av-c0giuxh-1172ed2d3f7d8d79d24ab5670a59e50a\">\n#top #wrap_all .avia-team-member.av-c0giuxh-1172ed2d3f7d8d79d24ab5670a59e50a .team-member-name{\ncolor:#b02b2c;\n}\n.avia-team-member.av-c0giuxh-1172ed2d3f7d8d79d24ab5670a59e50a .team-member-job-title{\ncolor:#b02b2c;\n}\n<\/style>\n<section  class='avia-team-member av-c0giuxh-1172ed2d3f7d8d79d24ab5670a59e50a  avia-builder-el-176  el_after_av_team_member  el_before_av_team_member '  itemscope=\"itemscope\" itemtype=\"https:\/\/schema.org\/Person\" ><div class=\"team-img-container\"><img decoding=\"async\" fetchpriority=\"high\" class='wp-image-52834 avia-img-lazy-loading-not-52834 avia_image avia_image_team' src=\"https:\/\/www.clusteraudiovisual.cat\/wp-content\/uploads\/2025\/10\/STalent2025_Conferencies_Ponent_Produccio_MireiaGraell_\u00a9-Frank-Schoepgens.jpg\" alt='Mireia Graell'  itemprop=\"image\"   height=\"300\" width=\"300\" srcset=\"https:\/\/www.clusteraudiovisual.cat\/wp-content\/uploads\/2025\/10\/STalent2025_Conferencies_Ponent_Produccio_MireiaGraell_\u00a9-Frank-Schoepgens.jpg 300w, https:\/\/www.clusteraudiovisual.cat\/wp-content\/uploads\/2025\/10\/STalent2025_Conferencies_Ponent_Produccio_MireiaGraell_\u00a9-Frank-Schoepgens-80x80.jpg 80w, https:\/\/www.clusteraudiovisual.cat\/wp-content\/uploads\/2025\/10\/STalent2025_Conferencies_Ponent_Produccio_MireiaGraell_\u00a9-Frank-Schoepgens-36x36.jpg 36w, https:\/\/www.clusteraudiovisual.cat\/wp-content\/uploads\/2025\/10\/STalent2025_Conferencies_Ponent_Produccio_MireiaGraell_\u00a9-Frank-Schoepgens-180x180.jpg 180w\" sizes=\"(max-width: 300px) 100vw, 300px\" \/><\/div><h3 class='team-member-name '  itemprop=\"name\" >Mireia Graell<\/h3><div class='team-member-description '  itemprop=\"description\" ><p>In 2017, she founded Ringo Media, a production company committed to authentic storytelling. Some of her recent films include \u201cMatria\u201d by \u00c1lvaro Gago (premiered at Berlinale Panorama), \u201cDiari de la meva sextorsi\u00f3\u201d by Patricia Franquesa (winner of the Gaud\u00ed Award for Best Documentary), and \u201cLa furia\u201d by Gemma Blasco (premiered at SXSW in Austin and winner of three Biznagas at the M\u00e1laga Film Festival).<\/p>\n<\/div><span class='hidden team-member-affiliation'  itemprop=\"affiliation\" >Cl\u00faster Audiovisual<\/span><\/section>\n\n<style type=\"text\/css\" data-created_by=\"avia_inline_auto\" id=\"style-css-av-bxa3cgl-da9792ee1c85c00c3f14c1358fa16733\">\n#top #wrap_all .avia-team-member.av-bxa3cgl-da9792ee1c85c00c3f14c1358fa16733 .team-member-name{\ncolor:#b02b2c;\n}\n.avia-team-member.av-bxa3cgl-da9792ee1c85c00c3f14c1358fa16733 .team-member-job-title{\ncolor:#b02b2c;\n}\n<\/style>\n<section  class='avia-team-member av-bxa3cgl-da9792ee1c85c00c3f14c1358fa16733  avia-builder-el-177  el_after_av_team_member  el_before_av_team_member '  itemscope=\"itemscope\" itemtype=\"https:\/\/schema.org\/Person\" ><div class=\"team-img-container\"><img decoding=\"async\" fetchpriority=\"high\" class='wp-image-52826 avia-img-lazy-loading-not-52826 avia_image avia_image_team' src=\"https:\/\/www.clusteraudiovisual.cat\/wp-content\/uploads\/2025\/10\/STalent2025_Conferencies_Ponent_Produccio_ArlettePeyret.jpg\" alt='Arlette Peyret'  itemprop=\"image\"   height=\"300\" width=\"300\" srcset=\"https:\/\/www.clusteraudiovisual.cat\/wp-content\/uploads\/2025\/10\/STalent2025_Conferencies_Ponent_Produccio_ArlettePeyret.jpg 300w, https:\/\/www.clusteraudiovisual.cat\/wp-content\/uploads\/2025\/10\/STalent2025_Conferencies_Ponent_Produccio_ArlettePeyret-80x80.jpg 80w, https:\/\/www.clusteraudiovisual.cat\/wp-content\/uploads\/2025\/10\/STalent2025_Conferencies_Ponent_Produccio_ArlettePeyret-36x36.jpg 36w, https:\/\/www.clusteraudiovisual.cat\/wp-content\/uploads\/2025\/10\/STalent2025_Conferencies_Ponent_Produccio_ArlettePeyret-180x180.jpg 180w\" sizes=\"(max-width: 300px) 100vw, 300px\" \/><\/div><h3 class='team-member-name '  itemprop=\"name\" >Arlette Peyret<\/h3><div class='team-member-description '  itemprop=\"description\" ><p>Business director and executive producer with over 18 years of experience in the audiovisual industry, leading the development and production of TV series, films, documentaries, and entertainment formats.<br \/>\nAs an executive producer, her credits include \u201cEl Mapa de los anhelos\u201d (Netflix, upcoming release), \u201cAsalto al Banco Central\u201d (Netflix), \u201cVintage\u201d (3Cat), \u201cLa Academia\u201d (Sony Pictures Television), \u201cLas cintas de Rosa Peral\u201d (Netflix), \u201cBienvenidos a Ed\u00e9n\u201d (Netflix), \u201cEl Club de los Lectores Criminales\u201d (Netflix), \u201cEl Caso Wanninkhof-Carabantes\u201d (Netflix), \u201cThis is Football\u201d (Amazon Prime), \u201cLes de l\u2019h\u00f2quei\u201d (Netflix, 3Cat), and \u201cThis is Art\u201d (Movistar, 3Cat), among others.<\/p>\n<\/div><span class='hidden team-member-affiliation'  itemprop=\"affiliation\" >Cl\u00faster Audiovisual<\/span><\/section>\n\n<style type=\"text\/css\" data-created_by=\"avia_inline_auto\" id=\"style-css-av-b4eki8l-d3c9709d1f286e4895e4fdf4ec7d320b\">\n#top #wrap_all .avia-team-member.av-b4eki8l-d3c9709d1f286e4895e4fdf4ec7d320b .team-member-name{\ncolor:#b02b2c;\n}\n.avia-team-member.av-b4eki8l-d3c9709d1f286e4895e4fdf4ec7d320b .team-member-job-title{\ncolor:#b02b2c;\n}\n<\/style>\n<section  class='avia-team-member av-b4eki8l-d3c9709d1f286e4895e4fdf4ec7d320b  avia-builder-el-178  el_after_av_team_member  el_before_av_hr '  itemscope=\"itemscope\" itemtype=\"https:\/\/schema.org\/Person\" ><div class=\"team-img-container\"><img decoding=\"async\" fetchpriority=\"high\" class='wp-image-52829 avia-img-lazy-loading-not-52829 avia_image avia_image_team' src=\"https:\/\/www.clusteraudiovisual.cat\/wp-content\/uploads\/2025\/10\/STalent2025_Conferencies_Ponent_Produccio_XavierAtance.jpg\" alt='Xavier Atance'  itemprop=\"image\"   height=\"300\" width=\"300\" srcset=\"https:\/\/www.clusteraudiovisual.cat\/wp-content\/uploads\/2025\/10\/STalent2025_Conferencies_Ponent_Produccio_XavierAtance.jpg 300w, https:\/\/www.clusteraudiovisual.cat\/wp-content\/uploads\/2025\/10\/STalent2025_Conferencies_Ponent_Produccio_XavierAtance-80x80.jpg 80w, https:\/\/www.clusteraudiovisual.cat\/wp-content\/uploads\/2025\/10\/STalent2025_Conferencies_Ponent_Produccio_XavierAtance-36x36.jpg 36w, https:\/\/www.clusteraudiovisual.cat\/wp-content\/uploads\/2025\/10\/STalent2025_Conferencies_Ponent_Produccio_XavierAtance-180x180.jpg 180w\" sizes=\"(max-width: 300px) 100vw, 300px\" \/><\/div><h3 class='team-member-name '  itemprop=\"name\" >Xavier Atance<\/h3><div class='team-member-description '  itemprop=\"description\" ><p>In 1986, he founded Benec\u00e9 Produccions, where he serves as managing director and production designer. He has been president of PAC (2006\u20132012), president of PROA, and a member of the boards of FAPAE and PIAF. He is currently a board member of the Catalan Audiovisual Cluster.<\/p>\n<p>As an executive film producer, he has participated in titles such as \u201cEl sue\u00f1o de Sigena\u201d, \u201cMujeres calvas\u201d, \u201cEl cad\u00e1ver de Anna Fritz\u201d, \u201cF\u00e8nix 11\u00b723\u201d, \u201cLes dues nits d\u2019ahir\u201d, \u201cMaragall i la Lluna\u201d, \u201cLos condenados\u201d, \u201cEl payaso y el F\u00fchrer\u201d, \u201cDies d\u2019agost\u201d, \u201cEl caso Pinochet\u201d, and \u201cCravan vs. Cravan\u201d, among others.<\/p>\n<p>In television, he has created and produced formats such as \u201cGent de Mercats\u201d, \u201cHelv\u00e8tica\u201d, and \u201cBogeria a la pastisseria\u201d. At the same time, he has developed an extensive teaching career in universities and master\u2019s programs.<\/p>\n<\/div><span class='hidden team-member-affiliation'  itemprop=\"affiliation\" >Cl\u00faster Audiovisual<\/span><\/section>\n\n<style type=\"text\/css\" data-created_by=\"avia_inline_auto\" id=\"style-css-av-atsgi6t-274e3f207382c403000e2c08dfd33c2c\">\n#top .hr.av-atsgi6t-274e3f207382c403000e2c08dfd33c2c{\nmargin-top:20px;\nmargin-bottom:30px;\n}\n.hr.av-atsgi6t-274e3f207382c403000e2c08dfd33c2c .hr-inner{\nwidth:100%;\nborder-color:#e8e8e8;\n}\n<\/style>\n<div  class='hr av-atsgi6t-274e3f207382c403000e2c08dfd33c2c hr-custom  avia-builder-el-179  el_after_av_team_member  el_before_av_textblock  av-desktop-hide av-medium-hide hr-left hr-icon-no'><span class='hr-inner inner-border-av-border-thin'><span class=\"hr-inner-style\"><\/span><\/span><\/div>\n<section  id=\"meet-the-experts\"  class='av_textblock_section av-abep7at-3dfffc3f9cf9f16d7ceaf6971dc01616 '   itemscope=\"itemscope\" itemtype=\"https:\/\/schema.org\/CreativeWork\" ><div class='avia_textblock'  itemprop=\"text\" ><h2><strong>Meet the Experts \u00b7 Animation<\/strong><\/h2>\n<h6>Thursday 27th November<\/h6>\n<h6><br class=\"avia-permanent-lb\" \/>From 5pm to 6:45pm<\/h6>\n<h6><br class=\"avia-permanent-lb\" \/>Room L\/M of the Disseny Hub Barcelona (Pla\u00e7a de les Gl\u00f2ries Catalanes, 38)<\/h6>\n<h6><br class=\"avia-permanent-lb\" \/>Entry is free upon registration<\/h6>\n<h6><br class=\"avia-permanent-lb\" \/>The session will be held in Catalan &amp; Spanish<\/h6>\n<\/div><\/section>\n\n<style type=\"text\/css\" data-created_by=\"avia_inline_auto\" id=\"style-css-av-8s3vyph-94e4586237a39ef51e564f28465faa1b\">\n#top .hr.hr-invisible.av-8s3vyph-94e4586237a39ef51e564f28465faa1b{\nheight:35px;\n}\n<\/style>\n<div  class='hr av-8s3vyph-94e4586237a39ef51e564f28465faa1b hr-invisible  avia-builder-el-181  el_after_av_textblock  el_before_av_image  av-desktop-hide av-medium-hide'><span class='hr-inner '><span class=\"hr-inner-style\"><\/span><\/span><\/div>\n\n<style type=\"text\/css\" data-created_by=\"avia_inline_auto\" id=\"style-css-av-8knm1it-3a65a973c6fa0c74f72cb74425faba31\">\n.avia-image-container.av-8knm1it-3a65a973c6fa0c74f72cb74425faba31 img.avia_image{\nbox-shadow:none;\n}\n.avia-image-container.av-8knm1it-3a65a973c6fa0c74f72cb74425faba31 .av-image-caption-overlay-center{\ncolor:#ffffff;\n}\n<\/style>\n<div  class='avia-image-container av-8knm1it-3a65a973c6fa0c74f72cb74425faba31 av-styling- avia-align-center  avia-builder-el-182  el_after_av_hr  el_before_av_hr '   itemprop=\"image\" itemscope=\"itemscope\" itemtype=\"https:\/\/schema.org\/ImageObject\" ><div class=\"avia-image-container-inner\"><div class=\"avia-image-overlay-wrap\"><img decoding=\"async\" fetchpriority=\"high\" class='wp-image-52851 avia-img-lazy-loading-not-52851 avia_image ' src=\"https:\/\/www.clusteraudiovisual.cat\/wp-content\/uploads\/2025\/10\/STalent2025_ImatgeSuport_MeetTheExperts-scaled.jpg\" alt='Les infraestructures i tecnologies de l\u2019estrat\u00e8gia audiovisual catalana' title='STalent2025_ImatgeSuport_MeetTheExperts'  height=\"1707\" width=\"2560\"  itemprop=\"thumbnailUrl\" srcset=\"https:\/\/www.clusteraudiovisual.cat\/wp-content\/uploads\/2025\/10\/STalent2025_ImatgeSuport_MeetTheExperts-scaled.jpg 2560w, https:\/\/www.clusteraudiovisual.cat\/wp-content\/uploads\/2025\/10\/STalent2025_ImatgeSuport_MeetTheExperts-300x200.jpg 300w, https:\/\/www.clusteraudiovisual.cat\/wp-content\/uploads\/2025\/10\/STalent2025_ImatgeSuport_MeetTheExperts-1030x687.jpg 1030w, https:\/\/www.clusteraudiovisual.cat\/wp-content\/uploads\/2025\/10\/STalent2025_ImatgeSuport_MeetTheExperts-768x512.jpg 768w, https:\/\/www.clusteraudiovisual.cat\/wp-content\/uploads\/2025\/10\/STalent2025_ImatgeSuport_MeetTheExperts-1536x1024.jpg 1536w, https:\/\/www.clusteraudiovisual.cat\/wp-content\/uploads\/2025\/10\/STalent2025_ImatgeSuport_MeetTheExperts-2048x1366.jpg 2048w, https:\/\/www.clusteraudiovisual.cat\/wp-content\/uploads\/2025\/10\/STalent2025_ImatgeSuport_MeetTheExperts-1500x1000.jpg 1500w, https:\/\/www.clusteraudiovisual.cat\/wp-content\/uploads\/2025\/10\/STalent2025_ImatgeSuport_MeetTheExperts-705x470.jpg 705w\" sizes=\"(max-width: 2560px) 100vw, 2560px\" \/><\/div><\/div><\/div>\n\n<style type=\"text\/css\" data-created_by=\"avia_inline_auto\" id=\"style-css-av-7vsgthx-5acc8b13cdbfebaa51eff8add958cc96\">\n#top .hr.hr-invisible.av-7vsgthx-5acc8b13cdbfebaa51eff8add958cc96{\nheight:35px;\n}\n<\/style>\n<div  class='hr av-7vsgthx-5acc8b13cdbfebaa51eff8add958cc96 hr-invisible  avia-builder-el-183  el_after_av_image  el_before_av_textblock  av-desktop-hide av-medium-hide'><span class='hr-inner '><span class=\"hr-inner-style\"><\/span><\/span><\/div>\n<section  class='av_textblock_section av-7pxixv9-6c39a6c20b21fa761f6083169ae01dd1 '   itemscope=\"itemscope\" itemtype=\"https:\/\/schema.org\/CreativeWork\" ><div class='avia_textblock'  itemprop=\"text\" ><p data-start=\"0\" data-end=\"227\">A meeting point to gain an in-depth understanding of the work carried out in different audiovisual professions, led by expert women who, in conversation with the attending audience, share the day-to-day aspects of their work.<\/p>\n<p data-start=\"229\" data-end=\"318\">This year, the focus will be on the roles and tasks involved in the field of animation with\u00a0<strong>Anna Solanas<\/strong>,\u00a0<strong>Lyona Ivanova<\/strong>,\u00a0<strong>Paula Mart\u00edn<\/strong>,\u00a0<strong>Daniela Belmonte<\/strong>\u00a0and\u00a0<strong>Yennifer Jaramillo<\/strong>.<\/p>\n<\/div><\/section>\n\n<style type=\"text\/css\" data-created_by=\"avia_inline_auto\" id=\"style-css-av-70jmkad-2dc2365a204804f5786c46fe0f779010\">\n#top #wrap_all .avia-team-member.av-70jmkad-2dc2365a204804f5786c46fe0f779010 .team-member-name{\ncolor:#b02b2c;\n}\n.avia-team-member.av-70jmkad-2dc2365a204804f5786c46fe0f779010 .team-member-job-title{\ncolor:#b02b2c;\n}\n<\/style>\n<section  class='avia-team-member av-70jmkad-2dc2365a204804f5786c46fe0f779010  avia-builder-el-185  el_after_av_textblock  el_before_av_team_member '  itemscope=\"itemscope\" itemtype=\"https:\/\/schema.org\/Person\" ><div class=\"team-img-container\"><img decoding=\"async\" fetchpriority=\"high\" class='wp-image-36896 avia-img-lazy-loading-not-36896 avia_image avia_image_team' src=\"https:\/\/www.clusteraudiovisual.cat\/wp-content\/uploads\/2023\/10\/STalent2023_Meet-the-experts_Anna-Solanas.jpg\" alt='Anna Solanas'  itemprop=\"image\"   height=\"300\" width=\"300\" srcset=\"https:\/\/www.clusteraudiovisual.cat\/wp-content\/uploads\/2023\/10\/STalent2023_Meet-the-experts_Anna-Solanas.jpg 300w, https:\/\/www.clusteraudiovisual.cat\/wp-content\/uploads\/2023\/10\/STalent2023_Meet-the-experts_Anna-Solanas-80x80.jpg 80w, https:\/\/www.clusteraudiovisual.cat\/wp-content\/uploads\/2023\/10\/STalent2023_Meet-the-experts_Anna-Solanas-36x36.jpg 36w, https:\/\/www.clusteraudiovisual.cat\/wp-content\/uploads\/2023\/10\/STalent2023_Meet-the-experts_Anna-Solanas-180x180.jpg 180w\" sizes=\"(max-width: 300px) 100vw, 300px\" \/><\/div><h3 class='team-member-name '  itemprop=\"name\" >Anna Solanas<\/h3><div class='team-member-description '  itemprop=\"description\" ><p>In 2001, together with Marc Riba, they created the graduation project \"El negre \u00e9s el color dels d\u00e9us,\" which became their first short film and marked the beginning of a collaboration that now spans 18 years. In this initial project, they established the foundations of their style, heavily influenced by Eastern European and former Soviet Union children\u2019s animation from the second half of the 20th century, where puppets take center stage.<\/p>\n<p>Through their own production company, \"I + G Stop Motion\" (founded in 2004), they have produced seventeen short films. Their projects have been featured in over 2,000 festivals across five continents, winning more than a hundred awards, including a Goya nomination, the M\u00e9li\u00e8s d\u2019Argent for Best European Short Film, and a Gaud\u00ed Award.<\/p>\n<p>In March 2013, they occupied one of the halls of the prestigious Museo da Marioneta in Lisbon, exhibiting all the protagonists of their projects.<\/p>\n<p>They have also given lectures at international animation festivals such as Anim\u2019est in Bucharest (Romania), Animated Dreams in Tallinn (Estonia), Multfilm in Krasnoyarsk (Russia), monstra in Lisbon (Portugal), and FestAnka in Zilina (Slovakia), and have served as jurors for both national and international animation and film festivals.<\/p>\n<\/div><span class='hidden team-member-affiliation'  itemprop=\"affiliation\" >Cl\u00faster Audiovisual<\/span><\/section>\n\n<style type=\"text\/css\" data-created_by=\"avia_inline_auto\" id=\"style-css-av-6qb13o5-bfe2bf8737ed6dd7d41f11cdf244da00\">\n#top #wrap_all .avia-team-member.av-6qb13o5-bfe2bf8737ed6dd7d41f11cdf244da00 .team-member-name{\ncolor:#b02b2c;\n}\n.avia-team-member.av-6qb13o5-bfe2bf8737ed6dd7d41f11cdf244da00 .team-member-job-title{\ncolor:#b02b2c;\n}\n<\/style>\n<section  class='avia-team-member av-6qb13o5-bfe2bf8737ed6dd7d41f11cdf244da00  avia-builder-el-186  el_after_av_team_member  el_before_av_team_member '  itemscope=\"itemscope\" itemtype=\"https:\/\/schema.org\/Person\" ><div class=\"team-img-container\"><img decoding=\"async\" fetchpriority=\"high\" class='wp-image-53501 avia-img-lazy-loading-not-53501 avia_image avia_image_team' src=\"https:\/\/www.clusteraudiovisual.cat\/wp-content\/uploads\/2025\/11\/STalent2025_MeetTheExperts_Ponent_LyonaIvanova.jpg\" alt='Lyona Ivanova'  itemprop=\"image\"   height=\"300\" width=\"300\" srcset=\"https:\/\/www.clusteraudiovisual.cat\/wp-content\/uploads\/2025\/11\/STalent2025_MeetTheExperts_Ponent_LyonaIvanova.jpg 300w, https:\/\/www.clusteraudiovisual.cat\/wp-content\/uploads\/2025\/11\/STalent2025_MeetTheExperts_Ponent_LyonaIvanova-80x80.jpg 80w, https:\/\/www.clusteraudiovisual.cat\/wp-content\/uploads\/2025\/11\/STalent2025_MeetTheExperts_Ponent_LyonaIvanova-36x36.jpg 36w, https:\/\/www.clusteraudiovisual.cat\/wp-content\/uploads\/2025\/11\/STalent2025_MeetTheExperts_Ponent_LyonaIvanova-180x180.jpg 180w\" sizes=\"(max-width: 300px) 100vw, 300px\" \/><\/div><h3 class='team-member-name '  itemprop=\"name\" >Lyona Ivanova<\/h3><div class='team-member-description '  itemprop=\"description\" ><p>Marta Puig (Lyona Ivanova) is a director and illustrator. She trained at ESCAC and graduated in 2001 with a specialization in directing. For her final graduation project, she created a stop-motion short film, \u201cLa bici roja.\u201d<\/p>\n<p>Since then, she has directed around a hundred music videos for bands such as Love of Lesbian, Sidonie, Lori Meyers, Leiva, Carlos Sadness, Amaral, Pau Vallv\u00e9, and The New Raemon.<\/p>\n<p>In the advertising world, she has produced several stop-motion commercials for clients including Mans Unides, UNICEF, Estrella Damm, Royal, and Nestl\u00e9.<\/p>\n<p>She has taught stop-motion techniques in the Master\u2019s program in Scenographic Design at Elisava. She combines directing with illustration and has published 20 books to date; her first was the story written by Santi Balmes of Love of Lesbian, \u201cJo matar\u00e9 monstres per tu,\u201d and she recently published \u201cSex\u00a1oh!\u201d, which discusses female sexuality, sexual education, and the pursuit of pleasure. She is currently in production on her first animated feature film, \u201cEl dia que Ewan McGregor em va presentar els seus pares.\u201d<\/p>\n<\/div><span class='hidden team-member-affiliation'  itemprop=\"affiliation\" >Cl\u00faster Audiovisual<\/span><\/section>\n\n<style type=\"text\/css\" data-created_by=\"avia_inline_auto\" id=\"style-css-av-6cm26s5-90d1e4a0dcdae5b9080316455e72dccc\">\n#top #wrap_all .avia-team-member.av-6cm26s5-90d1e4a0dcdae5b9080316455e72dccc .team-member-name{\ncolor:#b02b2c;\n}\n.avia-team-member.av-6cm26s5-90d1e4a0dcdae5b9080316455e72dccc .team-member-job-title{\ncolor:#b02b2c;\n}\n<\/style>\n<section  class='avia-team-member av-6cm26s5-90d1e4a0dcdae5b9080316455e72dccc  avia-builder-el-187  el_after_av_team_member  el_before_av_team_member '  itemscope=\"itemscope\" itemtype=\"https:\/\/schema.org\/Person\" ><div class=\"team-img-container\"><img decoding=\"async\" fetchpriority=\"high\" class='wp-image-53504 avia-img-lazy-loading-not-53504 avia_image avia_image_team' src=\"https:\/\/www.clusteraudiovisual.cat\/wp-content\/uploads\/2025\/11\/STalent2025_MeetTheExperts_Ponent_PaulaMartin.jpg\" alt='Paula Mart\u00edn'  itemprop=\"image\"   height=\"300\" width=\"300\" srcset=\"https:\/\/www.clusteraudiovisual.cat\/wp-content\/uploads\/2025\/11\/STalent2025_MeetTheExperts_Ponent_PaulaMartin.jpg 300w, https:\/\/www.clusteraudiovisual.cat\/wp-content\/uploads\/2025\/11\/STalent2025_MeetTheExperts_Ponent_PaulaMartin-80x80.jpg 80w, https:\/\/www.clusteraudiovisual.cat\/wp-content\/uploads\/2025\/11\/STalent2025_MeetTheExperts_Ponent_PaulaMartin-36x36.jpg 36w, https:\/\/www.clusteraudiovisual.cat\/wp-content\/uploads\/2025\/11\/STalent2025_MeetTheExperts_Ponent_PaulaMartin-180x180.jpg 180w\" sizes=\"(max-width: 300px) 100vw, 300px\" \/><\/div><h3 class='team-member-name '  itemprop=\"name\" >Paula Mart\u00edn<\/h3><div class='team-member-description '  itemprop=\"description\" ><p>She is an Environment Artist with knowledge of Technical Art and experience working with game engines such as Unity and Unreal Engine.<\/p>\n<p>In 2014, she completed a Higher Vocational Training program in 3D Animation, Video Games, and Interactive Environments. Afterward, in 2016, she continued her studies with a degree in Artistic Creation for Video Games.<\/p>\n<p>She currently works as an Environment Artist at Penguin Armada and has previously collaborated as a freelance artist with several companies, including Paradox Interactive. She also has experience teaching 3D Art at various schools.<\/p>\n<\/div><span class='hidden team-member-affiliation'  itemprop=\"affiliation\" >Cl\u00faster Audiovisual<\/span><\/section>\n\n<style type=\"text\/css\" data-created_by=\"avia_inline_auto\" id=\"style-css-av-5tw5n5h-c88aa58941d8e5472e6b187b3fd8dbbc\">\n#top #wrap_all .avia-team-member.av-5tw5n5h-c88aa58941d8e5472e6b187b3fd8dbbc .team-member-name{\ncolor:#b02b2c;\n}\n.avia-team-member.av-5tw5n5h-c88aa58941d8e5472e6b187b3fd8dbbc .team-member-job-title{\ncolor:#b02b2c;\n}\n<\/style>\n<section  class='avia-team-member av-5tw5n5h-c88aa58941d8e5472e6b187b3fd8dbbc  avia-builder-el-188  el_after_av_team_member  el_before_av_team_member '  itemscope=\"itemscope\" itemtype=\"https:\/\/schema.org\/Person\" ><div class=\"team-img-container\"><img decoding=\"async\" fetchpriority=\"high\" class='wp-image-53507 avia-img-lazy-loading-not-53507 avia_image avia_image_team' src=\"https:\/\/www.clusteraudiovisual.cat\/wp-content\/uploads\/2025\/11\/STalent2025_MeetTheExperts_Ponent_DanielaBelmonte.jpg\" alt='Daniela Belmonte'  itemprop=\"image\"   height=\"300\" width=\"300\" srcset=\"https:\/\/www.clusteraudiovisual.cat\/wp-content\/uploads\/2025\/11\/STalent2025_MeetTheExperts_Ponent_DanielaBelmonte.jpg 300w, https:\/\/www.clusteraudiovisual.cat\/wp-content\/uploads\/2025\/11\/STalent2025_MeetTheExperts_Ponent_DanielaBelmonte-80x80.jpg 80w, https:\/\/www.clusteraudiovisual.cat\/wp-content\/uploads\/2025\/11\/STalent2025_MeetTheExperts_Ponent_DanielaBelmonte-36x36.jpg 36w, https:\/\/www.clusteraudiovisual.cat\/wp-content\/uploads\/2025\/11\/STalent2025_MeetTheExperts_Ponent_DanielaBelmonte-180x180.jpg 180w\" sizes=\"(max-width: 300px) 100vw, 300px\" \/><\/div><h3 class='team-member-name '  itemprop=\"name\" >Daniela Belmonte<\/h3><div class='team-member-description '  itemprop=\"description\" ><p>With a deep passion for storytelling and animated cinema, she began her career as a 3D generalist after graduating in Animation and Digital Art in Mexico. During this period, she discovered her vocation for character animation, which led her to an intensive summer course at Vancouver Film School and later motivated her move to Barcelona to specialize in animation and storytelling at Pepe School Land.<\/p>\n<p>Her career spans projects in video games, virtual reality, and advertising, and she has collaborated on productions such as a VR experience of \"Black Mirror\" and the music video \"Paranoia\" by Heartsteel, where she brought the iconic characters from \"League of Legends\" to life.<\/p>\n<p>After her recent participation as an animator on the pilot of the independent series \"Catwalk,\" her current focus is on independent animation, where she seeks to explore new ways to continue improving and begin telling her own stories.<\/p>\n<\/div><span class='hidden team-member-affiliation'  itemprop=\"affiliation\" >Cl\u00faster Audiovisual<\/span><\/section>\n\n<style type=\"text\/css\" data-created_by=\"avia_inline_auto\" id=\"style-css-av-58evunp-54119f453d1a7eb931c17230c2321c26\">\n#top #wrap_all .avia-team-member.av-58evunp-54119f453d1a7eb931c17230c2321c26 .team-member-name{\ncolor:#b02b2c;\n}\n.avia-team-member.av-58evunp-54119f453d1a7eb931c17230c2321c26 .team-member-job-title{\ncolor:#b02b2c;\n}\n<\/style>\n<section  class='avia-team-member av-58evunp-54119f453d1a7eb931c17230c2321c26  avia-builder-el-189  el_after_av_team_member  el_before_av_partner '  itemscope=\"itemscope\" itemtype=\"https:\/\/schema.org\/Person\" ><div class=\"team-img-container\"><img decoding=\"async\" fetchpriority=\"high\" class='wp-image-53510 avia-img-lazy-loading-not-53510 avia_image avia_image_team' src=\"https:\/\/www.clusteraudiovisual.cat\/wp-content\/uploads\/2025\/11\/STalent2025_MeetTheExperts_Ponent_YenniferJaramillo.jpg\" alt='Yennifer Jaramillo'  itemprop=\"image\"   height=\"300\" width=\"300\" srcset=\"https:\/\/www.clusteraudiovisual.cat\/wp-content\/uploads\/2025\/11\/STalent2025_MeetTheExperts_Ponent_YenniferJaramillo.jpg 300w, https:\/\/www.clusteraudiovisual.cat\/wp-content\/uploads\/2025\/11\/STalent2025_MeetTheExperts_Ponent_YenniferJaramillo-80x80.jpg 80w, https:\/\/www.clusteraudiovisual.cat\/wp-content\/uploads\/2025\/11\/STalent2025_MeetTheExperts_Ponent_YenniferJaramillo-36x36.jpg 36w, https:\/\/www.clusteraudiovisual.cat\/wp-content\/uploads\/2025\/11\/STalent2025_MeetTheExperts_Ponent_YenniferJaramillo-180x180.jpg 180w\" sizes=\"(max-width: 300px) 100vw, 300px\" \/><\/div><h3 class='team-member-name '  itemprop=\"name\" >Yennifer Jaramillo<\/h3><div class='team-member-description '  itemprop=\"description\" ><p>She is a 3D animator trained at Pepe School Land, with experience in advertising, video game development, and independent animation projects.<\/p>\n<p>She has worked on advertising campaigns for The Glenlivet, collaborated on the development of a video game by the Spanish artist Okuda San Miguel, and recently participated in the pilot of the independent series \"Catwalk,\" winner of the Next Lab Generation 2024.<\/p>\n<p>She is currently part of the animation studio Boni is Scared, where she collaborates on a new independent project. Her approach combines technical skill, creativity, and visual storytelling to bring ideas to life with personality and emotion.<\/p>\n<\/div><span class='hidden team-member-affiliation'  itemprop=\"affiliation\" >Cl\u00faster Audiovisual<\/span><\/section>\n<div  class='avia-logo-element-container av-4opm5p1-c3b697122e81639582754ce14306d894 av-border-deactivate avia-logo-grid avia-content-slider avia-smallarrow-slider avia-content-grid-active noHover avia-content-slider-odd  avia-builder-el-190  el_after_av_team_member  el_before_av_hr  avia-content-slider4' ><div class='avia-smallarrow-slider-heading '><div class='new-special-heading'><h6 class='av-logo-special-heading-text '>IN COLLABORATION WITH:<\/h6><\/div><\/div><div class=\"avia-content-slider-inner\"><div class=\"slide-entry-wrap\"><div  class='slide-entry av-gfcm9h-2155cea52a50af16b80e18b006af141c flex_column no_margin av_one_fifth real-thumbnail post-entry slide-entry-overview slide-loop-1 slide-parity-odd post-entry-last first'><img decoding=\"async\" fetchpriority=\"high\" width=\"800\" height=\"400\" src=\"https:\/\/www.clusteraudiovisual.cat\/wp-content\/uploads\/2025\/11\/ST_Logo_Colaborador_MIA-1.jpg\" class=\"wp-image-53279 avia-img-lazy-loading-not-53279 attachment-no scaling size-no scaling\" alt=\"\" srcset=\"https:\/\/www.clusteraudiovisual.cat\/wp-content\/uploads\/2025\/11\/ST_Logo_Colaborador_MIA-1.jpg 800w, https:\/\/www.clusteraudiovisual.cat\/wp-content\/uploads\/2025\/11\/ST_Logo_Colaborador_MIA-1-300x150.jpg 300w, https:\/\/www.clusteraudiovisual.cat\/wp-content\/uploads\/2025\/11\/ST_Logo_Colaborador_MIA-1-768x384.jpg 768w, https:\/\/www.clusteraudiovisual.cat\/wp-content\/uploads\/2025\/11\/ST_Logo_Colaborador_MIA-1-705x353.jpg 705w\" sizes=\"(max-width: 800px) 100vw, 800px\" \/><\/div><\/div><\/div><\/div>\n\n<style type=\"text\/css\" data-created_by=\"avia_inline_auto\" id=\"style-css-av-41qvn2t-825cd01ec901f8ad7d35efea773b054f\">\n#top .hr.av-41qvn2t-825cd01ec901f8ad7d35efea773b054f{\nmargin-top:20px;\nmargin-bottom:30px;\n}\n.hr.av-41qvn2t-825cd01ec901f8ad7d35efea773b054f .hr-inner{\nwidth:100%;\nborder-color:#e8e8e8;\n}\n<\/style>\n<div  class='hr av-41qvn2t-825cd01ec901f8ad7d35efea773b054f hr-custom  avia-builder-el-191  el_after_av_partner  el_before_av_textblock  av-desktop-hide av-medium-hide hr-left hr-icon-no'><span class='hr-inner inner-border-av-border-thin'><span class=\"hr-inner-style\"><\/span><\/span><\/div>\n<section  id=\"meetinnovations\"  class='av_textblock_section av-3b53m7p-3cc2a31d14d51a889e1db7a0cbe6466d '   itemscope=\"itemscope\" itemtype=\"https:\/\/schema.org\/CreativeWork\" ><div class='avia_textblock'  itemprop=\"text\" ><h2><strong>MeetInnovations<\/strong><\/h2>\n<h6>Tuesday 25th November<\/h6>\n<h6><br class=\"avia-permanent-lb\" \/>From 3:30pm to 5:30pm<\/h6>\n<h6><br class=\"avia-permanent-lb\" \/>Foyer Room of the Disseny Hub Barcelona (Pla\u00e7a de les Gl\u00f2ries Catalanes, 38)<\/h6>\n<h6><br class=\"avia-permanent-lb\" \/>Entry is free upon registration<\/h6>\n<h6><br class=\"avia-permanent-lb\" \/>The session will be held in Catalan<\/h6>\n<\/div><\/section>\n\n<style type=\"text\/css\" data-created_by=\"avia_inline_auto\" id=\"style-css-av-2a6do0l-76499f33900161a98a1e395edcb22ce2\">\n#top .hr.hr-invisible.av-2a6do0l-76499f33900161a98a1e395edcb22ce2{\nheight:35px;\n}\n<\/style>\n<div  class='hr av-2a6do0l-76499f33900161a98a1e395edcb22ce2 hr-invisible  avia-builder-el-193  el_after_av_textblock  el_before_av_image  av-desktop-hide av-medium-hide'><span class='hr-inner '><span class=\"hr-inner-style\"><\/span><\/span><\/div>\n\n<style type=\"text\/css\" data-created_by=\"avia_inline_auto\" id=\"style-css-av-1lcs65x-175a0794fc488162cf0b7e336157e304\">\n.avia-image-container.av-1lcs65x-175a0794fc488162cf0b7e336157e304 img.avia_image{\nbox-shadow:none;\n}\n.avia-image-container.av-1lcs65x-175a0794fc488162cf0b7e336157e304 .av-image-caption-overlay-center{\ncolor:#ffffff;\n}\n<\/style>\n<div  class='avia-image-container av-1lcs65x-175a0794fc488162cf0b7e336157e304 av-styling- avia-align-center  avia-builder-el-194  el_after_av_hr  el_before_av_hr '   itemprop=\"image\" itemscope=\"itemscope\" itemtype=\"https:\/\/schema.org\/ImageObject\" ><div class=\"avia-image-container-inner\"><div class=\"avia-image-overlay-wrap\"><img decoding=\"async\" fetchpriority=\"high\" class='wp-image-52988 avia-img-lazy-loading-not-52988 avia_image ' src=\"https:\/\/www.clusteraudiovisual.cat\/wp-content\/uploads\/2025\/10\/STalent25_MeetInnovations_ImatgeSuport.jpg\" alt='Les infraestructures i tecnologies de l\u2019estrat\u00e8gia audiovisual catalana' title='STalent25_MeetInnovations_ImatgeSuport'  height=\"1201\" width=\"1800\"  itemprop=\"thumbnailUrl\" srcset=\"https:\/\/www.clusteraudiovisual.cat\/wp-content\/uploads\/2025\/10\/STalent25_MeetInnovations_ImatgeSuport.jpg 1800w, https:\/\/www.clusteraudiovisual.cat\/wp-content\/uploads\/2025\/10\/STalent25_MeetInnovations_ImatgeSuport-300x200.jpg 300w, https:\/\/www.clusteraudiovisual.cat\/wp-content\/uploads\/2025\/10\/STalent25_MeetInnovations_ImatgeSuport-1030x687.jpg 1030w, https:\/\/www.clusteraudiovisual.cat\/wp-content\/uploads\/2025\/10\/STalent25_MeetInnovations_ImatgeSuport-768x512.jpg 768w, https:\/\/www.clusteraudiovisual.cat\/wp-content\/uploads\/2025\/10\/STalent25_MeetInnovations_ImatgeSuport-1536x1025.jpg 1536w, https:\/\/www.clusteraudiovisual.cat\/wp-content\/uploads\/2025\/10\/STalent25_MeetInnovations_ImatgeSuport-1500x1001.jpg 1500w, https:\/\/www.clusteraudiovisual.cat\/wp-content\/uploads\/2025\/10\/STalent25_MeetInnovations_ImatgeSuport-705x470.jpg 705w\" sizes=\"(max-width: 1800px) 100vw, 1800px\" \/><\/div><\/div><\/div>\n\n<style type=\"text\/css\" data-created_by=\"avia_inline_auto\" id=\"style-css-av-19aeb79-7b2c682bded450bdef6aa343245bdfb9\">\n#top .hr.hr-invisible.av-19aeb79-7b2c682bded450bdef6aa343245bdfb9{\nheight:35px;\n}\n<\/style>\n<div  class='hr av-19aeb79-7b2c682bded450bdef6aa343245bdfb9 hr-invisible  avia-builder-el-195  el_after_av_image  el_before_av_textblock  av-desktop-hide av-medium-hide'><span class='hr-inner '><span class=\"hr-inner-style\"><\/span><\/span><\/div>\n<section  class='av_textblock_section av-nn1wc5-ffbc65ff982060a5ae2c2f0df75644c0 '   itemscope=\"itemscope\" itemtype=\"https:\/\/schema.org\/CreativeWork\" ><div class='avia_textblock'  itemprop=\"text\" ><div>\n<div>\n<p data-start=\"0\" data-end=\"408\"><strong data-start=\"0\" data-end=\"19\">MeetInnovations<\/strong>\u00a0is a series of sessions dedicated to presenting and showcasing the most innovative university research, investigation, and business projects in the audiovisual field. These meetings serve as a connection point between students, researchers, educators, and industry professionals, with the aim of highlighting emerging research and solutions that can transform the audiovisual landscape.<\/p>\n<p data-start=\"410\" data-end=\"614\">Each session includes project presentations, spaces for debate, and networking opportunities, fostering knowledge exchange that promotes collaboration and inspires new ideas in audiovisual technologies.<\/p>\n<p data-start=\"616\" data-end=\"694\" data-is-last-node=\"\" data-is-only-node=\"\">This is an initiative of the\u00a0<strong data-start=\"645\" data-end=\"679\">University-Business-Technology<\/strong>\u00a0working group.<\/p>\n<\/div>\n<\/div>\n<div><\/div>\n<div><\/div>\n<div><\/div>\n<\/div><\/section>\n\n<style type=\"text\/css\" data-created_by=\"avia_inline_auto\" id=\"style-css-av-mhxb40yk-0d4d90f223fe3b2a9a73a757b704ad4b\">\n#top .hr.hr-invisible.av-mhxb40yk-0d4d90f223fe3b2a9a73a757b704ad4b{\nheight:20px;\n}\n<\/style>\n<div  class='hr av-mhxb40yk-0d4d90f223fe3b2a9a73a757b704ad4b hr-invisible  avia-builder-el-197  el_after_av_textblock  el_before_av_textblock  av-desktop-hide av-medium-hide'><span class='hr-inner '><span class=\"hr-inner-style\"><\/span><\/span><\/div>\n<section  class='av_textblock_section av-qynvrp-91bc25900a0d85f31054ae5005cbdec2 '   itemscope=\"itemscope\" itemtype=\"https:\/\/schema.org\/CreativeWork\" ><div class='avia_textblock'  itemprop=\"text\" ><div>\n<div>\n<p data-start=\"0\" data-end=\"408\">On this occasion we will be able to learn about four projects:<\/p>\n<\/div>\n<\/div>\n<div><\/div>\n<div><\/div>\n<div><\/div>\n<\/div><\/section>\n\n<style type=\"text\/css\" data-created_by=\"avia_inline_auto\" id=\"style-css-av-70vcswl-6c61899e1328e1ca259a7a9f3b40e47f\">\n#top .hr.hr-invisible.av-70vcswl-6c61899e1328e1ca259a7a9f3b40e47f{\nheight:20px;\n}\n<\/style>\n<div  class='hr av-70vcswl-6c61899e1328e1ca259a7a9f3b40e47f hr-invisible  avia-builder-el-199  el_after_av_textblock  el_before_av_image  av-desktop-hide av-medium-hide'><span class='hr-inner '><span class=\"hr-inner-style\"><\/span><\/span><\/div>\n\n<style type=\"text\/css\" data-created_by=\"avia_inline_auto\" id=\"style-css-av-6tkz2lx-5c12f556e3c450b7a6fd72255f9a3a22\">\n.avia-image-container.av-6tkz2lx-5c12f556e3c450b7a6fd72255f9a3a22 img.avia_image{\nbox-shadow:none;\n}\n.avia-image-container.av-6tkz2lx-5c12f556e3c450b7a6fd72255f9a3a22 .av-image-caption-overlay-center{\ncolor:#ffffff;\n}\n<\/style>\n<div  class='avia-image-container av-6tkz2lx-5c12f556e3c450b7a6fd72255f9a3a22 av-styling- avia-align-center  avia-builder-el-200  el_after_av_hr  el_before_av_hr '   itemprop=\"image\" itemscope=\"itemscope\" itemtype=\"https:\/\/schema.org\/ImageObject\" ><div class=\"avia-image-container-inner\"><div class=\"avia-image-overlay-wrap\"><img decoding=\"async\" fetchpriority=\"high\" class='wp-image-53656 avia-img-lazy-loading-not-53656 avia_image ' src=\"https:\/\/www.clusteraudiovisual.cat\/wp-content\/uploads\/2025\/11\/ST25_MeetInnovations_AIandMusic.jpg\" alt='Apricot by Link3rs' title='ST25_MeetInnovations_AIandMusic'  height=\"700\" width=\"860\"  itemprop=\"thumbnailUrl\" srcset=\"https:\/\/www.clusteraudiovisual.cat\/wp-content\/uploads\/2025\/11\/ST25_MeetInnovations_AIandMusic.jpg 860w, https:\/\/www.clusteraudiovisual.cat\/wp-content\/uploads\/2025\/11\/ST25_MeetInnovations_AIandMusic-300x244.jpg 300w, https:\/\/www.clusteraudiovisual.cat\/wp-content\/uploads\/2025\/11\/ST25_MeetInnovations_AIandMusic-768x625.jpg 768w, https:\/\/www.clusteraudiovisual.cat\/wp-content\/uploads\/2025\/11\/ST25_MeetInnovations_AIandMusic-705x574.jpg 705w\" sizes=\"(max-width: 860px) 100vw, 860px\" \/><\/div><\/div><\/div>\n\n<style type=\"text\/css\" data-created_by=\"avia_inline_auto\" id=\"style-css-av-mhxb7gu4-7e4a890b959f628c94b70a333630d148\">\n#top .hr.hr-invisible.av-mhxb7gu4-7e4a890b959f628c94b70a333630d148{\nheight:15px;\n}\n<\/style>\n<div  class='hr av-mhxb7gu4-7e4a890b959f628c94b70a333630d148 hr-invisible  avia-builder-el-201  el_after_av_image  el_before_av_textblock  av-desktop-hide av-medium-hide'><span class='hr-inner '><span class=\"hr-inner-style\"><\/span><\/span><\/div>\n<section  class='av_textblock_section av-6856v4l-c5ea409216e5e7b4a4058e1562c231de '   itemscope=\"itemscope\" itemtype=\"https:\/\/schema.org\/CreativeWork\" ><div class='avia_textblock'  itemprop=\"text\" ><h3><strong>AI&amp;Music<\/strong><\/h3>\n<p dir=\"ltr\">CIT UPC &#8211; Centre d&#8217;Innovaci\u00f3 i Tecnologia de la Universitat Polit\u00e8cnica de Catalunya<\/p>\n<p dir=\"ltr\">Presented by: Ferran Marques and Carles Sora, co-principal researchers of the project.<\/p>\n<p dir=\"ltr\">AI &amp; Music powered by S+T+ARTS (Science, Technology &amp; the Arts) was a European project promoted by S\u00f3nar, the UPC and Betev\u00e9 that explored the links between artificial intelligence and musical creation. The program combined performances, workshops and artistic research to show the possibilities of machine learning applied to music. The Thinking Lab was the nerve center, a space for co-creation and debate between artists, scientists and professionals. Co-creation groups have also been developed that have experimented with neural networks, emotion analysis and motion capture. The project culminates in a paper that has collected emerging practices and challenges on music and AI.<\/p>\n<\/div><\/section>\n\n<style type=\"text\/css\" data-created_by=\"avia_inline_auto\" id=\"style-css-av-5sul6vp-7598d426bc5007b252170fe0a59348f4\">\n#top .hr.hr-invisible.av-5sul6vp-7598d426bc5007b252170fe0a59348f4{\nheight:20px;\n}\n<\/style>\n<div  class='hr av-5sul6vp-7598d426bc5007b252170fe0a59348f4 hr-invisible  avia-builder-el-203  el_after_av_textblock  el_before_av_image  av-desktop-hide av-medium-hide'><span class='hr-inner '><span class=\"hr-inner-style\"><\/span><\/span><\/div>\n\n<style type=\"text\/css\" data-created_by=\"avia_inline_auto\" id=\"style-css-av-5h2i4ol-7b2f58fdac16004d30c3c54ee8c13cb9\">\n.avia-image-container.av-5h2i4ol-7b2f58fdac16004d30c3c54ee8c13cb9 img.avia_image{\nbox-shadow:none;\n}\n.avia-image-container.av-5h2i4ol-7b2f58fdac16004d30c3c54ee8c13cb9 .av-image-caption-overlay-center{\ncolor:#ffffff;\n}\n<\/style>\n<div  class='avia-image-container av-5h2i4ol-7b2f58fdac16004d30c3c54ee8c13cb9 av-styling- avia-align-center  avia-builder-el-204  el_after_av_hr  el_before_av_hr '   itemprop=\"image\" itemscope=\"itemscope\" itemtype=\"https:\/\/schema.org\/ImageObject\" ><div class=\"avia-image-container-inner\"><div class=\"avia-image-overlay-wrap\"><img decoding=\"async\" fetchpriority=\"high\" class='wp-image-53659 avia-img-lazy-loading-not-53659 avia_image ' src=\"https:\/\/www.clusteraudiovisual.cat\/wp-content\/uploads\/2025\/11\/ST25_MeetInnovations_CLIPE.jpg\" alt='Apricot by Link3rs' title='ST25_MeetInnovations_CLIPE'  height=\"700\" width=\"860\"  itemprop=\"thumbnailUrl\" srcset=\"https:\/\/www.clusteraudiovisual.cat\/wp-content\/uploads\/2025\/11\/ST25_MeetInnovations_CLIPE.jpg 860w, https:\/\/www.clusteraudiovisual.cat\/wp-content\/uploads\/2025\/11\/ST25_MeetInnovations_CLIPE-300x244.jpg 300w, https:\/\/www.clusteraudiovisual.cat\/wp-content\/uploads\/2025\/11\/ST25_MeetInnovations_CLIPE-768x625.jpg 768w, https:\/\/www.clusteraudiovisual.cat\/wp-content\/uploads\/2025\/11\/ST25_MeetInnovations_CLIPE-705x574.jpg 705w\" sizes=\"(max-width: 860px) 100vw, 860px\" \/><\/div><\/div><\/div>\n\n<style type=\"text\/css\" data-created_by=\"avia_inline_auto\" id=\"style-css-av-4sxup2t-6e5f6615710a9ae799f81cd9503d87d2\">\n#top .hr.hr-invisible.av-4sxup2t-6e5f6615710a9ae799f81cd9503d87d2{\nheight:15px;\n}\n<\/style>\n<div  class='hr av-4sxup2t-6e5f6615710a9ae799f81cd9503d87d2 hr-invisible  avia-builder-el-205  el_after_av_image  el_before_av_textblock  av-desktop-hide av-medium-hide'><span class='hr-inner '><span class=\"hr-inner-style\"><\/span><\/span><\/div>\n<section  class='av_textblock_section av-4dln5hx-2818f29cb36aedb6721649da45f71968 '   itemscope=\"itemscope\" itemtype=\"https:\/\/schema.org\/CreativeWork\" ><div class='avia_textblock'  itemprop=\"text\" ><h3><strong>CLIPE<\/strong><\/h3>\n<p dir=\"ltr\">CIT UPC &#8211; Centre d&#8217;Innovaci\u00f3 i Tecnologia de la Universitat Polit\u00e8cnica de Catalunya<\/p>\n<p>Presented by: Maria del Mar Nicol\u00e0s, Department of Innovation and Technology Transfer at the UPC.<\/p>\n<p>The <em>CLIPE<\/em> project develops new techniques for creating and controlling interactive virtual characters, taking advantage of advances in human digitization, artificial intelligence and visualization technologies. It focuses on training a new generation of researchers through a multidisciplinary network that integrates universities, research centers and companies. The aim is to address both technical aspects and transversal skills, combining academic research and practical applications. Leading European partners, both in education and industry, participate to ensure the impact and transfer of knowledge. <em>CLIPE<\/em> seeks to enrich virtual environments by making them more alive, populated and interactive for diverse uses such as virtual reality, simulation and immersive digital content.<\/p>\n<p dir=\"ltr\"><span style=\"font-weight: 400;\">Un projecte de la investigadora <\/span><span style=\"font-weight: 400;\">N\u00faria Pelechano.<\/span><\/p>\n<\/div><\/section>\n\n<style type=\"text\/css\" data-created_by=\"avia_inline_auto\" id=\"style-css-av-3xsem0l-a6e23e074e6844704f10584b7b964840\">\n#top .hr.hr-invisible.av-3xsem0l-a6e23e074e6844704f10584b7b964840{\nheight:20px;\n}\n<\/style>\n<div  class='hr av-3xsem0l-a6e23e074e6844704f10584b7b964840 hr-invisible  avia-builder-el-207  el_after_av_textblock  el_before_av_image  av-desktop-hide av-medium-hide'><span class='hr-inner '><span class=\"hr-inner-style\"><\/span><\/span><\/div>\n\n<style type=\"text\/css\" data-created_by=\"avia_inline_auto\" id=\"style-css-av-3e20705-3e5871d7c75883cce49f58c10fd1a855\">\n.avia-image-container.av-3e20705-3e5871d7c75883cce49f58c10fd1a855 img.avia_image{\nbox-shadow:none;\n}\n.avia-image-container.av-3e20705-3e5871d7c75883cce49f58c10fd1a855 .av-image-caption-overlay-center{\ncolor:#ffffff;\n}\n<\/style>\n<div  class='avia-image-container av-3e20705-3e5871d7c75883cce49f58c10fd1a855 av-styling- avia-align-center  avia-builder-el-208  el_after_av_hr  el_before_av_hr '   itemprop=\"image\" itemscope=\"itemscope\" itemtype=\"https:\/\/schema.org\/ImageObject\" ><div class=\"avia-image-container-inner\"><div class=\"avia-image-overlay-wrap\"><img decoding=\"async\" fetchpriority=\"high\" class='wp-image-53663 avia-img-lazy-loading-not-53663 avia_image ' src=\"https:\/\/www.clusteraudiovisual.cat\/wp-content\/uploads\/2025\/11\/ST25_MeetInnovations_DocIA.jpg\" alt='Apricot by Link3rs' title='ST25_MeetInnovations_DocIA'  height=\"700\" width=\"860\"  itemprop=\"thumbnailUrl\" srcset=\"https:\/\/www.clusteraudiovisual.cat\/wp-content\/uploads\/2025\/11\/ST25_MeetInnovations_DocIA.jpg 860w, https:\/\/www.clusteraudiovisual.cat\/wp-content\/uploads\/2025\/11\/ST25_MeetInnovations_DocIA-300x244.jpg 300w, https:\/\/www.clusteraudiovisual.cat\/wp-content\/uploads\/2025\/11\/ST25_MeetInnovations_DocIA-768x625.jpg 768w, https:\/\/www.clusteraudiovisual.cat\/wp-content\/uploads\/2025\/11\/ST25_MeetInnovations_DocIA-705x574.jpg 705w\" sizes=\"(max-width: 860px) 100vw, 860px\" \/><\/div><\/div><\/div>\n\n<style type=\"text\/css\" data-created_by=\"avia_inline_auto\" id=\"style-css-av-35u81o5-670640b74c512cf6dbe15cc5eea8ba71\">\n#top .hr.hr-invisible.av-35u81o5-670640b74c512cf6dbe15cc5eea8ba71{\nheight:15px;\n}\n<\/style>\n<div  class='hr av-35u81o5-670640b74c512cf6dbe15cc5eea8ba71 hr-invisible  avia-builder-el-209  el_after_av_image  el_before_av_textblock  av-desktop-hide av-medium-hide'><span class='hr-inner '><span class=\"hr-inner-style\"><\/span><\/span><\/div>\n<section  class='av_textblock_section av-2dvi6vp-7c56c85424c7c9f109a58ff643bc927c '   itemscope=\"itemscope\" itemtype=\"https:\/\/schema.org\/CreativeWork\" ><div class='avia_textblock'  itemprop=\"text\" ><h3><strong>DocIA<\/strong><\/h3>\n<p dir=\"ltr\">Fundaci\u00f3 Bosch i Gimpera (UB)<\/p>\n<p>Presented by: Jordi Vitri\u00e0, professor at the University of Barcelona and director of the Chair of AI and Media (UB-3Cat) and Patricia Huguet from Nextus.<\/p>\n<p>DocAI is a pioneering initiative, developed in collaboration between next us, the platform for teachers who want to educate in critical thinking, and the University of Barcelona, \u200b\u200bwhich explores how generative artificial intelligence can transform the educational value of documentary films. The aim is to extend the useful life and social impact of documentary content, turning it into a pedagogical tool that promotes critical thinking, gender equality, historical memory and media ethics.<\/p>\n<\/div><\/section>\n\n<style type=\"text\/css\" data-created_by=\"avia_inline_auto\" id=\"style-css-av-29mo7w5-01b7c5db7b79516157555c79039a30e9\">\n#top .hr.hr-invisible.av-29mo7w5-01b7c5db7b79516157555c79039a30e9{\nheight:20px;\n}\n<\/style>\n<div  class='hr av-29mo7w5-01b7c5db7b79516157555c79039a30e9 hr-invisible  avia-builder-el-211  el_after_av_textblock  el_before_av_image  av-desktop-hide av-medium-hide'><span class='hr-inner '><span class=\"hr-inner-style\"><\/span><\/span><\/div>\n\n<style type=\"text\/css\" data-created_by=\"avia_inline_auto\" id=\"style-css-av-5g52wl-663457e05351fe3189fbf4533745b4cb\">\n.avia-image-container.av-5g52wl-663457e05351fe3189fbf4533745b4cb img.avia_image{\nbox-shadow:none;\n}\n.avia-image-container.av-5g52wl-663457e05351fe3189fbf4533745b4cb .av-image-caption-overlay-center{\ncolor:#ffffff;\n}\n<\/style>\n<div  class='avia-image-container av-5g52wl-663457e05351fe3189fbf4533745b4cb av-styling- avia-align-center  avia-builder-el-212  el_after_av_hr  el_before_av_hr '   itemprop=\"image\" itemscope=\"itemscope\" itemtype=\"https:\/\/schema.org\/ImageObject\" ><div class=\"avia-image-container-inner\"><div class=\"avia-image-overlay-wrap\"><img decoding=\"async\" fetchpriority=\"high\" class='wp-image-53667 avia-img-lazy-loading-not-53667 avia_image ' src=\"https:\/\/www.clusteraudiovisual.cat\/wp-content\/uploads\/2025\/11\/ST25_MeetInnovations_FotoNEX.jpg\" alt='Apricot by Link3rs' title='ST25_MeetInnovations_FotoNEX'  height=\"700\" width=\"860\"  itemprop=\"thumbnailUrl\" srcset=\"https:\/\/www.clusteraudiovisual.cat\/wp-content\/uploads\/2025\/11\/ST25_MeetInnovations_FotoNEX.jpg 860w, https:\/\/www.clusteraudiovisual.cat\/wp-content\/uploads\/2025\/11\/ST25_MeetInnovations_FotoNEX-300x244.jpg 300w, https:\/\/www.clusteraudiovisual.cat\/wp-content\/uploads\/2025\/11\/ST25_MeetInnovations_FotoNEX-768x625.jpg 768w, https:\/\/www.clusteraudiovisual.cat\/wp-content\/uploads\/2025\/11\/ST25_MeetInnovations_FotoNEX-705x574.jpg 705w\" sizes=\"(max-width: 860px) 100vw, 860px\" \/><\/div><\/div><\/div>\n\n<style type=\"text\/css\" data-created_by=\"avia_inline_auto\" id=\"style-css-av-19ztiqd-7d6b4493486b3ed608862ea51506d901\">\n#top .hr.hr-invisible.av-19ztiqd-7d6b4493486b3ed608862ea51506d901{\nheight:15px;\n}\n<\/style>\n<div  class='hr av-19ztiqd-7d6b4493486b3ed608862ea51506d901 hr-invisible  avia-builder-el-213  el_after_av_image  el_before_av_textblock  av-desktop-hide av-medium-hide'><span class='hr-inner '><span class=\"hr-inner-style\"><\/span><\/span><\/div>\n<section  class='av_textblock_section av-scdks5-77c97d4a67f9327eb382adfb12203cee '   itemscope=\"itemscope\" itemtype=\"https:\/\/schema.org\/CreativeWork\" ><div class='avia_textblock'  itemprop=\"text\" ><h3><strong>FotoNEX<\/strong><\/h3>\n<p dir=\"ltr\">StartUB!<\/p>\n<p>Presented by: Yelena Smirnova, PhD Founder and promoter of FotoNEX, researcher and professor at the University of Barcelona.<\/p>\n<p>FotoNEX is a new way to connect photographers and clients. Its mission is to create the reference platform for booking photography services, guaranteeing trust, transparency, quality and ease for both photographers and clients. For photographers, FotoNEX offers tools to create a professional profile, showcase their portfolio, manage their calendar and availability, and receive payments securely. For clients, it includes an advanced search engine by specialty and location, direct communication, verified reviews, appointment scheduling and a payment system that protects both parties.<\/p>\n<\/div><\/section>\n<\/div><\/div><\/div><!-- close content main div --><\/div><\/div><div id='av_section_3'  class='avia-section av-a3jd0id-18db064cda89fa98910a7fcc71f60ea3 footer_color avia-section-default avia-no-shadow  avia-builder-el-215  el_after_av_section  el_before_av_section  avia-bg-style-scroll container_wrap fullsize'  ><div class='container av-section-cont-open' ><div class='template-page content av-content-full alpha units'><div class='post-entry post-entry-type-page post-entry-41781'><div class='entry-content-wrapper clearfix'>\n<div  class='avia-logo-element-container av-ykcuk5-f39da22493e62672917a768853e26362 av-border-deactivate avia-logo-grid avia-content-slider avia-smallarrow-slider avia-content-grid-active noHover avia-content-slider-odd  avia-builder-el-216  el_before_av_partner  avia-builder-el-first  avia-content-slider5' ><div class='avia-smallarrow-slider-heading '><div class='new-special-heading'><h6 class='av-logo-special-heading-text '>THE AUDIOVISUAL TALENT WEEK HAS THE SUPPORT OF:<\/h6><\/div><\/div><div class=\"avia-content-slider-inner\"><div class=\"slide-entry-wrap\"><div  class='slide-entry av-woq08l-5a079a7097f4814d2f36273e2a20ead2 flex_column no_margin av_one_fifth real-thumbnail post-entry slide-entry-overview slide-loop-1 slide-parity-odd  first'><span class='av-partner-fake-img' style='padding-bottom:50%; background-image:url(https:\/\/www.clusteraudiovisual.cat\/wp-content\/uploads\/2024\/10\/ST_Logo_Footer_ICEC-1.jpg);'><\/span><\/div><div  class='slide-entry av-8kuvj3p-4756b26b08975295032e0a6d888dd42c flex_column no_margin av_one_fifth real-thumbnail post-entry slide-entry-overview slide-loop-2 slide-parity-even  '><span class='av-partner-fake-img' style='padding-bottom:50%; background-image:url(https:\/\/www.clusteraudiovisual.cat\/wp-content\/uploads\/2025\/10\/ST_Logo_AjuntamentBarcelona_2025.jpg);'><\/span><\/div><div  class='slide-entry av-896pxhx-5f1239df1d8ae7d78a5d560446d1baa1 flex_column no_margin av_one_fifth real-thumbnail post-entry slide-entry-overview slide-loop-3 slide-parity-odd  '><span class='av-partner-fake-img' style='padding-bottom:50%; background-image:url(https:\/\/www.clusteraudiovisual.cat\/wp-content\/uploads\/2022\/10\/ST_Logo_Footer_Web_Gencat_Recerca.jpg);'><\/span><\/div><div  class='slide-entry av-7erj27p-73129b31b7fa55ca56fd03d29f98f227 flex_column no_margin av_one_fifth real-thumbnail post-entry slide-entry-overview slide-loop-4 slide-parity-even  '><span class='av-partner-fake-img' style='padding-bottom:50%; background-image:url(https:\/\/www.clusteraudiovisual.cat\/wp-content\/uploads\/2025\/10\/ST_Logo_Footer_Ministerio-Cultura.jpg);'><\/span><\/div><div  class='slide-entry av-2knxyt-77ca2b0f41b902ea3d9962dcc15a245a flex_column no_margin av_one_fifth real-thumbnail post-entry slide-entry-overview slide-loop-5 slide-parity-odd post-entry-last '><span class='av-partner-fake-img' style='padding-bottom:50%; background-image:url(https:\/\/www.clusteraudiovisual.cat\/wp-content\/uploads\/2024\/10\/ST_Logo_Footer_ACCIO.jpg);'><\/span><\/div><\/div><\/div><\/div>\n<div  class='avia-logo-element-container av-6suwab9-1f4100d26fe937d99cd9fc0cdc9aaa8f av-border-deactivate avia-logo-grid avia-content-slider avia-smallarrow-slider avia-content-grid-active noHover avia-content-slider-odd  avia-builder-el-217  el_after_av_partner  el_before_av_textblock  avia-content-slider6' ><div class='avia-smallarrow-slider-heading '><div class='new-special-heading'><h6 class='av-logo-special-heading-text '>WITH THE COLLABORATION OF:<\/h6><\/div><\/div><div class=\"avia-content-slider-inner\"><div class=\"slide-entry-wrap\"><div  class='slide-entry av-6czc5kl-3f19c1838844ad7c08216329de83de32 flex_column no_margin av_one_fifth real-thumbnail post-entry slide-entry-overview slide-loop-1 slide-parity-odd  first'><img decoding=\"async\" fetchpriority=\"high\" width=\"800\" height=\"400\" src=\"https:\/\/www.clusteraudiovisual.cat\/wp-content\/uploads\/2025\/10\/ST_Logo_Colaborador_DHub.jpg\" class=\"wp-image-52752 avia-img-lazy-loading-not-52752 attachment-no scaling size-no scaling\" alt=\"\" srcset=\"https:\/\/www.clusteraudiovisual.cat\/wp-content\/uploads\/2025\/10\/ST_Logo_Colaborador_DHub.jpg 800w, https:\/\/www.clusteraudiovisual.cat\/wp-content\/uploads\/2025\/10\/ST_Logo_Colaborador_DHub-300x150.jpg 300w, https:\/\/www.clusteraudiovisual.cat\/wp-content\/uploads\/2025\/10\/ST_Logo_Colaborador_DHub-768x384.jpg 768w, https:\/\/www.clusteraudiovisual.cat\/wp-content\/uploads\/2025\/10\/ST_Logo_Colaborador_DHub-705x353.jpg 705w\" sizes=\"(max-width: 800px) 100vw, 800px\" \/><\/div><div  class='slide-entry av-5st3lv9-de23d97dd625eebd0b5391b60b22e481 flex_column no_margin av_one_fifth real-thumbnail post-entry slide-entry-overview slide-loop-2 slide-parity-even  '><img decoding=\"async\" fetchpriority=\"high\" width=\"800\" height=\"400\" src=\"https:\/\/www.clusteraudiovisual.cat\/wp-content\/uploads\/2022\/10\/ST_Logo_Footer_Web_BarcelonaActiva.jpg\" class=\"wp-image-25790 avia-img-lazy-loading-not-25790 attachment-no scaling size-no scaling\" alt=\"\" srcset=\"https:\/\/www.clusteraudiovisual.cat\/wp-content\/uploads\/2022\/10\/ST_Logo_Footer_Web_BarcelonaActiva.jpg 800w, https:\/\/www.clusteraudiovisual.cat\/wp-content\/uploads\/2022\/10\/ST_Logo_Footer_Web_BarcelonaActiva-300x150.jpg 300w, https:\/\/www.clusteraudiovisual.cat\/wp-content\/uploads\/2022\/10\/ST_Logo_Footer_Web_BarcelonaActiva-768x384.jpg 768w, https:\/\/www.clusteraudiovisual.cat\/wp-content\/uploads\/2022\/10\/ST_Logo_Footer_Web_BarcelonaActiva-705x353.jpg 705w\" sizes=\"(max-width: 800px) 100vw, 800px\" \/><\/div><div  class='slide-entry av-58oai0l-9a8248c3ca79e15355aecb5bf2d51641 flex_column no_margin av_one_fifth real-thumbnail post-entry slide-entry-overview slide-loop-3 slide-parity-odd  '><img decoding=\"async\" fetchpriority=\"high\" width=\"800\" height=\"400\" src=\"https:\/\/www.clusteraudiovisual.cat\/wp-content\/uploads\/2022\/10\/ST_Logo_Footer_Web_AcademiaCC.jpg\" class=\"wp-image-25796 avia-img-lazy-loading-not-25796 attachment-no scaling size-no scaling\" alt=\"\" srcset=\"https:\/\/www.clusteraudiovisual.cat\/wp-content\/uploads\/2022\/10\/ST_Logo_Footer_Web_AcademiaCC.jpg 800w, https:\/\/www.clusteraudiovisual.cat\/wp-content\/uploads\/2022\/10\/ST_Logo_Footer_Web_AcademiaCC-300x150.jpg 300w, https:\/\/www.clusteraudiovisual.cat\/wp-content\/uploads\/2022\/10\/ST_Logo_Footer_Web_AcademiaCC-768x384.jpg 768w, https:\/\/www.clusteraudiovisual.cat\/wp-content\/uploads\/2022\/10\/ST_Logo_Footer_Web_AcademiaCC-705x353.jpg 705w\" sizes=\"(max-width: 800px) 100vw, 800px\" \/><\/div><div  class='slide-entry av-4taty2d-be93e40ffa5df96c6206ba32a2bfcd43 flex_column no_margin av_one_fifth real-thumbnail post-entry slide-entry-overview slide-loop-4 slide-parity-even  '><img decoding=\"async\" fetchpriority=\"high\" width=\"800\" height=\"400\" src=\"https:\/\/www.clusteraudiovisual.cat\/wp-content\/uploads\/2022\/10\/ST_Logo_Footer_Web_SGAE.jpg\" class=\"wp-image-25799 avia-img-lazy-loading-not-25799 attachment-no scaling size-no scaling\" alt=\"\" srcset=\"https:\/\/www.clusteraudiovisual.cat\/wp-content\/uploads\/2022\/10\/ST_Logo_Footer_Web_SGAE.jpg 800w, https:\/\/www.clusteraudiovisual.cat\/wp-content\/uploads\/2022\/10\/ST_Logo_Footer_Web_SGAE-300x150.jpg 300w, https:\/\/www.clusteraudiovisual.cat\/wp-content\/uploads\/2022\/10\/ST_Logo_Footer_Web_SGAE-768x384.jpg 768w, https:\/\/www.clusteraudiovisual.cat\/wp-content\/uploads\/2022\/10\/ST_Logo_Footer_Web_SGAE-705x353.jpg 705w\" sizes=\"(max-width: 800px) 100vw, 800px\" \/><\/div><div  class='slide-entry av-4apr0fp-941843e8c73fca7c2b0494d3683f1caf flex_column no_margin av_one_fifth real-thumbnail post-entry slide-entry-overview slide-loop-5 slide-parity-odd post-entry-last '><img decoding=\"async\" fetchpriority=\"high\" width=\"800\" height=\"400\" src=\"https:\/\/www.clusteraudiovisual.cat\/wp-content\/uploads\/2025\/11\/ST_Logo_Colaborador_MIA-1.jpg\" class=\"wp-image-53279 avia-img-lazy-loading-not-53279 attachment-no scaling size-no scaling\" alt=\"\" srcset=\"https:\/\/www.clusteraudiovisual.cat\/wp-content\/uploads\/2025\/11\/ST_Logo_Colaborador_MIA-1.jpg 800w, https:\/\/www.clusteraudiovisual.cat\/wp-content\/uploads\/2025\/11\/ST_Logo_Colaborador_MIA-1-300x150.jpg 300w, https:\/\/www.clusteraudiovisual.cat\/wp-content\/uploads\/2025\/11\/ST_Logo_Colaborador_MIA-1-768x384.jpg 768w, https:\/\/www.clusteraudiovisual.cat\/wp-content\/uploads\/2025\/11\/ST_Logo_Colaborador_MIA-1-705x353.jpg 705w\" sizes=\"(max-width: 800px) 100vw, 800px\" \/><\/div><\/div><\/div><\/div>\n<section  class='av_textblock_section av-3y71vhx-7a4ab9383ea01747864c96755e0c846d '   itemscope=\"itemscope\" itemtype=\"https:\/\/schema.org\/CreativeWork\" ><div class='avia_textblock peu-text-sil'  itemprop=\"text\" ><h5 style=\"text-align: left;\"><strong>Audiovisual Talent Week is an event designed and organized with a commitment to sustainability and the minimization of negative environmental impacts.<\/strong><\/h5>\n<\/div><\/section>\n\n<style type=\"text\/css\" data-created_by=\"avia_inline_auto\" id=\"style-css-av-3kw2nbp-5f707a6c6a16d66038d6c21153a8abd3\">\n#top .hr.av-3kw2nbp-5f707a6c6a16d66038d6c21153a8abd3{\nmargin-top:20px;\nmargin-bottom:30px;\n}\n.hr.av-3kw2nbp-5f707a6c6a16d66038d6c21153a8abd3 .hr-inner{\nwidth:100%;\nborder-color:#e8e8e8;\n}\n<\/style>\n<div  class='hr av-3kw2nbp-5f707a6c6a16d66038d6c21153a8abd3 hr-custom  avia-builder-el-219  el_after_av_textblock  el_before_av_three_fifth  hr-left hr-icon-no'><span class='hr-inner inner-border-av-border-thin'><span class=\"hr-inner-style\"><\/span><\/span><\/div>\n\n<style type=\"text\/css\" data-created_by=\"avia_inline_auto\" id=\"style-css-av-14e31x-4c26ef3a45ce83846633bccf22a0b2c8\">\n.flex_column.av-14e31x-4c26ef3a45ce83846633bccf22a0b2c8{\nborder-radius:0px 0px 0px 0px;\npadding:0px 0px 0px 0px;\n}\n<\/style>\n<div  class='flex_column av-14e31x-4c26ef3a45ce83846633bccf22a0b2c8 av_three_fifth  avia-builder-el-220  el_after_av_hr  el_before_av_one_fifth  first flex_column_div av-zero-column-padding  '     ><section  class='av_textblock_section av-2ko7cid-26c3b1d4a705f275e84829936a84deea '   itemscope=\"itemscope\" itemtype=\"https:\/\/schema.org\/CreativeWork\" ><div class='avia_textblock peu-text-sil'  itemprop=\"text\" ><p style=\"text-align: left;\">Via Laietana, 32-34, 4th floor. Barcelona 08003. +34 616663567<\/p>\n<\/div><\/section><\/div>\n<style type=\"text\/css\" data-created_by=\"avia_inline_auto\" id=\"style-css-av-28om839-15a5a8eb091655f95f13d0d1780b930d\">\n.flex_column.av-28om839-15a5a8eb091655f95f13d0d1780b930d{\nborder-radius:0px 0px 0px 0px;\npadding:0px 0px 0px 0px;\n}\n<\/style>\n<div  class='flex_column av-28om839-15a5a8eb091655f95f13d0d1780b930d av_one_fifth  avia-builder-el-222  el_after_av_three_fifth  el_before_av_one_fifth  flex_column_div av-zero-column-padding  '     ><section  class='av_textblock_section av-1grsyfp-016a9cd4d81a1b68716f4213bc13adc1 '   itemscope=\"itemscope\" itemtype=\"https:\/\/schema.org\/CreativeWork\" ><div class='avia_textblock'  itemprop=\"text\" ><h6><a style=\"font-size: 0;\" href=\"https:\/\/www.facebook.com\/clusteraudiovisualcatalunya\" target=\"_blank\" rel=\"noopener\">facebook<img loading=\"lazy\" decoding=\"async\" class=\"size-full wp-image-265 alignnone\" src=\"https:\/\/www.clusteraudiovisual.cat\/wp-content\/uploads\/2024\/12\/icon-facebook.png\" alt=\"facebook\" width=\"25\" height=\"25\" \/><\/a> <a style=\"font-size: 0;\" href=\"https:\/\/twitter.com\/ClusterAVCat\" target=\"_blank\" rel=\"noopener\">x<img loading=\"lazy\" decoding=\"async\" class=\"size-full wp-image-267 alignnone\" src=\"https:\/\/www.clusteraudiovisual.cat\/wp-content\/uploads\/2024\/12\/icon-twitter.png\" alt=\"x\/twitter\" width=\"25\" height=\"25\" \/> \u00a0<\/a> <a style=\"font-size: 0;\" href=\"https:\/\/www.instagram.com\/clusteravcat\/\" target=\"_blank\" rel=\"noopener\">instagram<img loading=\"lazy\" decoding=\"async\" class=\"size-full wp-image-266 alignnone\" src=\"https:\/\/www.clusteraudiovisual.cat\/wp-content\/uploads\/2024\/12\/icon-instagram.png\" alt=\"instagram\" width=\"25\" height=\"25\" \/><\/a> <a style=\"font-size: 0;\" href=\"https:\/\/www.youtube.com\/channel\/UCjZkfy-Dhqb4XZmaX-XWhRA\" target=\"_blank\" rel=\"noopener\">youtube<img loading=\"lazy\" decoding=\"async\" class=\"size-full wp-image-266 alignnone\" src=\"https:\/\/www.clusteraudiovisual.cat\/wp-content\/uploads\/2024\/12\/icon-youtube.png\" alt=\"youtube\" width=\"25\" height=\"25\" \/><\/a>\u00a0<a style=\"font-size: 0;\" href=\"https:\/\/www.linkedin.com\/company\/cl%C3%BAster-audiovisual-de-catalunya\/\" target=\"_blank\" rel=\"noopener\">linkedIn<img loading=\"lazy\" decoding=\"async\" class=\"size-full wp-image-266 alignnone\" src=\"https:\/\/www.clusteraudiovisual.cat\/wp-content\/uploads\/2024\/12\/icon-linkedin.png\" alt=\"linkedIn\" width=\"25\" height=\"25\" \/><\/a><\/h6>\n<\/div><\/section><\/div>\n<style type=\"text\/css\" data-created_by=\"avia_inline_auto\" id=\"style-css-av-10obrcl-8461dfe3fecc8c1480808eb70231b0ae\">\n.flex_column.av-10obrcl-8461dfe3fecc8c1480808eb70231b0ae{\nborder-radius:0px 0px 0px 0px;\npadding:0px 0px 0px 0px;\n}\n<\/style>\n<div  class='flex_column av-10obrcl-8461dfe3fecc8c1480808eb70231b0ae av_one_fifth  avia-builder-el-224  el_after_av_one_fifth  avia-builder-el-last  flex_column_div av-zero-column-padding  '     ><section  class='av_textblock_section av-nh3kad-3bed67e8b8ea75488d7a6eb418e438a0 '   itemscope=\"itemscope\" itemtype=\"https:\/\/schema.org\/CreativeWork\" ><div class='avia_textblock peu-text-sil'  itemprop=\"text\" ><p style=\"text-align: right;\"><a href=\"http:\/\/clusteraudiovisual.cat\/bases-legals\/\" target=\"_blank\" rel=\"noopener\">Legal basis<\/a><\/p>\n<h6><\/h6>\n<\/div><\/section><\/div>\n<\/p>\n<\/div><\/div><\/div><!-- close content main div --><\/div><\/div>\n<style type=\"text\/css\" data-created_by=\"avia_inline_auto\" id=\"style-css-av-2jfo4gl-ecacca85bc81ded4764e470f76d00490\">\n.avia-section.av-2jfo4gl-ecacca85bc81ded4764e470f76d00490{\nbackground-color:#f6f6f6;\nbackground-image:unset;\nmargin-top:1px;\nmargin-bottom:1px;\n}\n<\/style>\n<div id='socketsil'  class='avia-section av-2jfo4gl-ecacca85bc81ded4764e470f76d00490 alternate_color avia-section-small avia-no-border-styling  avia-builder-el-226  el_after_av_section  avia-builder-el-last  socketsil avia-bg-style-scroll av-minimum-height av-minimum-height-custom av-height-custom  container_wrap fullsize'   data-av_minimum_height_px='10'><div class='container av-section-cont-open' style='height:10px'><div class='template-page content av-content-full alpha units'><div class='post-entry post-entry-type-page post-entry-41781'><div class='entry-content-wrapper clearfix'>\n\n<style type=\"text\/css\" data-created_by=\"avia_inline_auto\" id=\"style-css-av-20bf15h-dbabd64a527c372966690a871e2841ae\">\n.flex_column.av-20bf15h-dbabd64a527c372966690a871e2841ae{\nborder-radius:0px 0px 0px 0px;\npadding:0px 0px 0px 0px;\n}\n<\/style>\n<div  class='flex_column av-20bf15h-dbabd64a527c372966690a871e2841ae av_one_half  avia-builder-el-227  el_before_av_one_half  avia-builder-el-first  first flex_column_div av-zero-column-padding  '     ><section  class='av_textblock_section av-1hiu1at-dca0717e7233d433210be0f11d9faab5 '   itemscope=\"itemscope\" itemtype=\"https:\/\/schema.org\/CreativeWork\" ><div class='avia_textblock'  itemprop=\"text\" ><p>\u00a9 2020 Cl\u00faster Audiovisual de Catalunya<\/p>\n<\/div><\/section><\/div>\n<style type=\"text\/css\" data-created_by=\"avia_inline_auto\" id=\"style-css-av-yyl3x1-2c2c284e028760cd697f4a751207cfa8\">\n.flex_column.av-yyl3x1-2c2c284e028760cd697f4a751207cfa8{\nborder-radius:0px 0px 0px 0px;\npadding:0px 0px 0px 0px;\n}\n<\/style>\n<div  class='flex_column av-yyl3x1-2c2c284e028760cd697f4a751207cfa8 av_one_half  avia-builder-el-229  el_after_av_one_half  avia-builder-el-last  flex_column_div av-zero-column-padding  '     ><section  class='av_textblock_section av-mqlrv9-39be625a1327772db8aab93838a52a69 '   itemscope=\"itemscope\" itemtype=\"https:\/\/schema.org\/CreativeWork\" ><div class='avia_textblock'  itemprop=\"text\" ><p style=\"text-align: right;\">Developed by <a href=\"https:\/\/www.lasaladeta.com\/\" target=\"_blank\" rel=\"noopener\">La Saladeta<\/a><\/p>\n<\/div><\/section><\/div>\n\n","protected":false},"excerpt":{"rendered":"","protected":false},"author":10,"featured_media":53092,"parent":1315,"menu_order":0,"comment_status":"closed","ping_status":"closed","template":"","meta":{"_acf_changed":false,"footnotes":""},"class_list":["post-41781","page","type-page","status-publish","has-post-thumbnail","hentry"],"acf":[],"yoast_head":"<!-- This site is optimized with the Yoast SEO plugin v27.0 - https:\/\/yoast.com\/product\/yoast-seo-wordpress\/ -->\n<title>Conferences &amp; Sessions 2025 - Cl\u00faster Audiovisual<\/title>\n<meta name=\"description\" content=\"Here you will find the program of the Sessions and Case study for the Audiovisual Talent Week 2024. The entry is free upon registration.\" \/>\n<meta name=\"robots\" content=\"index, follow, max-snippet:-1, max-image-preview:large, max-video-preview:-1\" \/>\n<link rel=\"canonical\" href=\"https:\/\/www.clusteraudiovisual.cat\/en\/talentaudiovisual\/conferences-2025\/\" \/>\n<meta property=\"og:locale\" content=\"en_US\" \/>\n<meta property=\"og:type\" content=\"article\" \/>\n<meta property=\"og:title\" content=\"Conferences &amp; Sessions 2025 - Cl\u00faster Audiovisual\" \/>\n<meta property=\"og:description\" content=\"Here you will find the program of the Sessions and Case study for the Audiovisual Talent Week 2024. The entry is free upon registration.\" \/>\n<meta property=\"og:url\" content=\"https:\/\/www.clusteraudiovisual.cat\/en\/talentaudiovisual\/conferences-2025\/\" \/>\n<meta property=\"og:site_name\" content=\"Cl\u00faster Audiovisual\" \/>\n<meta property=\"article:modified_time\" content=\"2025-12-23T12:47:22+00:00\" \/>\n<meta property=\"og:image\" content=\"https:\/\/www.clusteraudiovisual.cat\/wp-content\/uploads\/2025\/11\/STalent2025_Banner_Web_Responsive_Eng.jpg\" \/>\n\t<meta property=\"og:image:width\" content=\"600\" \/>\n\t<meta property=\"og:image:height\" content=\"676\" \/>\n\t<meta property=\"og:image:type\" content=\"image\/jpeg\" \/>\n<meta name=\"twitter:card\" content=\"summary_large_image\" \/>\n<meta name=\"twitter:image\" content=\"https:\/\/www.clusteraudiovisual.cat\/wp-content\/uploads\/2022\/10\/Agenda_STalent2022-1030x579.jpg\" \/>\n<meta name=\"twitter:label1\" content=\"Est. reading time\" \/>\n\t<meta name=\"twitter:data1\" content=\"60 minutes\" \/>\n<script type=\"application\/ld+json\" class=\"yoast-schema-graph\">{\"@context\":\"https:\/\/schema.org\",\"@graph\":[{\"@type\":\"WebPage\",\"@id\":\"https:\/\/www.clusteraudiovisual.cat\/en\/talentaudiovisual\/conferences-2025\/\",\"url\":\"https:\/\/www.clusteraudiovisual.cat\/en\/talentaudiovisual\/conferences-2025\/\",\"name\":\"Conferences & Sessions 2025 - Cl\u00faster Audiovisual\",\"isPartOf\":{\"@id\":\"https:\/\/www.clusteraudiovisual.cat\/en\/#website\"},\"primaryImageOfPage\":{\"@id\":\"https:\/\/www.clusteraudiovisual.cat\/en\/talentaudiovisual\/conferences-2025\/#primaryimage\"},\"image\":{\"@id\":\"https:\/\/www.clusteraudiovisual.cat\/en\/talentaudiovisual\/conferences-2025\/#primaryimage\"},\"thumbnailUrl\":\"https:\/\/www.clusteraudiovisual.cat\/wp-content\/uploads\/2025\/11\/STalent2025_Banner_Web_Responsive_Eng.jpg\",\"datePublished\":\"2024-10-01T13:25:21+00:00\",\"dateModified\":\"2025-12-23T12:47:22+00:00\",\"description\":\"Here you will find the program of the Sessions and Case study for the Audiovisual Talent Week 2024. The entry is free upon registration.\",\"breadcrumb\":{\"@id\":\"https:\/\/www.clusteraudiovisual.cat\/en\/talentaudiovisual\/conferences-2025\/#breadcrumb\"},\"inLanguage\":\"en-US\",\"potentialAction\":[{\"@type\":\"ReadAction\",\"target\":[\"https:\/\/www.clusteraudiovisual.cat\/en\/talentaudiovisual\/conferences-2025\/\"]}]},{\"@type\":\"ImageObject\",\"inLanguage\":\"en-US\",\"@id\":\"https:\/\/www.clusteraudiovisual.cat\/en\/talentaudiovisual\/conferences-2025\/#primaryimage\",\"url\":\"https:\/\/www.clusteraudiovisual.cat\/wp-content\/uploads\/2025\/11\/STalent2025_Banner_Web_Responsive_Eng.jpg\",\"contentUrl\":\"https:\/\/www.clusteraudiovisual.cat\/wp-content\/uploads\/2025\/11\/STalent2025_Banner_Web_Responsive_Eng.jpg\",\"width\":600,\"height\":676},{\"@type\":\"BreadcrumbList\",\"@id\":\"https:\/\/www.clusteraudiovisual.cat\/en\/talentaudiovisual\/conferences-2025\/#breadcrumb\",\"itemListElement\":[{\"@type\":\"ListItem\",\"position\":1,\"name\":\"Audiovisual Talent Week 2025\",\"item\":\"https:\/\/www.clusteraudiovisual.cat\/en\/talentaudiovisual\/\"},{\"@type\":\"ListItem\",\"position\":2,\"name\":\"Conferences &#038; Sessions 2025\"}]},{\"@type\":\"WebSite\",\"@id\":\"https:\/\/www.clusteraudiovisual.cat\/en\/#website\",\"url\":\"https:\/\/www.clusteraudiovisual.cat\/en\/\",\"name\":\"Cl\u00faster Audiovisual\",\"description\":\"Associaci\u00f3 d&#039;empreses que integren el sector audiovisual.\",\"potentialAction\":[{\"@type\":\"SearchAction\",\"target\":{\"@type\":\"EntryPoint\",\"urlTemplate\":\"https:\/\/www.clusteraudiovisual.cat\/en\/?s={search_term_string}\"},\"query-input\":{\"@type\":\"PropertyValueSpecification\",\"valueRequired\":true,\"valueName\":\"search_term_string\"}}],\"inLanguage\":\"en-US\"}]}<\/script>\n<!-- \/ Yoast SEO plugin. -->","yoast_head_json":{"title":"Conferences & Sessions 2025 - Cl\u00faster Audiovisual","description":"Here you will find the program of the Sessions and Case study for the Audiovisual Talent Week 2024. The entry is free upon registration.","robots":{"index":"index","follow":"follow","max-snippet":"max-snippet:-1","max-image-preview":"max-image-preview:large","max-video-preview":"max-video-preview:-1"},"canonical":"https:\/\/www.clusteraudiovisual.cat\/en\/talentaudiovisual\/conferences-2025\/","og_locale":"en_US","og_type":"article","og_title":"Conferences & Sessions 2025 - Cl\u00faster Audiovisual","og_description":"Here you will find the program of the Sessions and Case study for the Audiovisual Talent Week 2024. The entry is free upon registration.","og_url":"https:\/\/www.clusteraudiovisual.cat\/en\/talentaudiovisual\/conferences-2025\/","og_site_name":"Cl\u00faster Audiovisual","article_modified_time":"2025-12-23T12:47:22+00:00","og_image":[{"width":600,"height":676,"url":"https:\/\/www.clusteraudiovisual.cat\/wp-content\/uploads\/2025\/11\/STalent2025_Banner_Web_Responsive_Eng.jpg","type":"image\/jpeg"}],"twitter_card":"summary_large_image","twitter_image":"https:\/\/www.clusteraudiovisual.cat\/wp-content\/uploads\/2022\/10\/Agenda_STalent2022-1030x579.jpg","twitter_misc":{"Est. reading time":"60 minutes"},"schema":{"@context":"https:\/\/schema.org","@graph":[{"@type":"WebPage","@id":"https:\/\/www.clusteraudiovisual.cat\/en\/talentaudiovisual\/conferences-2025\/","url":"https:\/\/www.clusteraudiovisual.cat\/en\/talentaudiovisual\/conferences-2025\/","name":"Conferences & Sessions 2025 - Cl\u00faster Audiovisual","isPartOf":{"@id":"https:\/\/www.clusteraudiovisual.cat\/en\/#website"},"primaryImageOfPage":{"@id":"https:\/\/www.clusteraudiovisual.cat\/en\/talentaudiovisual\/conferences-2025\/#primaryimage"},"image":{"@id":"https:\/\/www.clusteraudiovisual.cat\/en\/talentaudiovisual\/conferences-2025\/#primaryimage"},"thumbnailUrl":"https:\/\/www.clusteraudiovisual.cat\/wp-content\/uploads\/2025\/11\/STalent2025_Banner_Web_Responsive_Eng.jpg","datePublished":"2024-10-01T13:25:21+00:00","dateModified":"2025-12-23T12:47:22+00:00","description":"Here you will find the program of the Sessions and Case study for the Audiovisual Talent Week 2024. The entry is free upon registration.","breadcrumb":{"@id":"https:\/\/www.clusteraudiovisual.cat\/en\/talentaudiovisual\/conferences-2025\/#breadcrumb"},"inLanguage":"en-US","potentialAction":[{"@type":"ReadAction","target":["https:\/\/www.clusteraudiovisual.cat\/en\/talentaudiovisual\/conferences-2025\/"]}]},{"@type":"ImageObject","inLanguage":"en-US","@id":"https:\/\/www.clusteraudiovisual.cat\/en\/talentaudiovisual\/conferences-2025\/#primaryimage","url":"https:\/\/www.clusteraudiovisual.cat\/wp-content\/uploads\/2025\/11\/STalent2025_Banner_Web_Responsive_Eng.jpg","contentUrl":"https:\/\/www.clusteraudiovisual.cat\/wp-content\/uploads\/2025\/11\/STalent2025_Banner_Web_Responsive_Eng.jpg","width":600,"height":676},{"@type":"BreadcrumbList","@id":"https:\/\/www.clusteraudiovisual.cat\/en\/talentaudiovisual\/conferences-2025\/#breadcrumb","itemListElement":[{"@type":"ListItem","position":1,"name":"Audiovisual Talent Week 2025","item":"https:\/\/www.clusteraudiovisual.cat\/en\/talentaudiovisual\/"},{"@type":"ListItem","position":2,"name":"Conferences &#038; Sessions 2025"}]},{"@type":"WebSite","@id":"https:\/\/www.clusteraudiovisual.cat\/en\/#website","url":"https:\/\/www.clusteraudiovisual.cat\/en\/","name":"Cl\u00faster Audiovisual","description":"Associaci\u00f3 d&#039;empreses que integren el sector audiovisual.","potentialAction":[{"@type":"SearchAction","target":{"@type":"EntryPoint","urlTemplate":"https:\/\/www.clusteraudiovisual.cat\/en\/?s={search_term_string}"},"query-input":{"@type":"PropertyValueSpecification","valueRequired":true,"valueName":"search_term_string"}}],"inLanguage":"en-US"}]}},"_links":{"self":[{"href":"https:\/\/www.clusteraudiovisual.cat\/en\/wp-json\/wp\/v2\/pages\/41781","targetHints":{"allow":["GET"]}}],"collection":[{"href":"https:\/\/www.clusteraudiovisual.cat\/en\/wp-json\/wp\/v2\/pages"}],"about":[{"href":"https:\/\/www.clusteraudiovisual.cat\/en\/wp-json\/wp\/v2\/types\/page"}],"author":[{"embeddable":true,"href":"https:\/\/www.clusteraudiovisual.cat\/en\/wp-json\/wp\/v2\/users\/10"}],"replies":[{"embeddable":true,"href":"https:\/\/www.clusteraudiovisual.cat\/en\/wp-json\/wp\/v2\/comments?post=41781"}],"version-history":[{"count":78,"href":"https:\/\/www.clusteraudiovisual.cat\/en\/wp-json\/wp\/v2\/pages\/41781\/revisions"}],"predecessor-version":[{"id":44327,"href":"https:\/\/www.clusteraudiovisual.cat\/en\/wp-json\/wp\/v2\/pages\/41781\/revisions\/44327"}],"up":[{"embeddable":true,"href":"https:\/\/www.clusteraudiovisual.cat\/en\/wp-json\/wp\/v2\/pages\/1315"}],"wp:featuredmedia":[{"embeddable":true,"href":"https:\/\/www.clusteraudiovisual.cat\/en\/wp-json\/wp\/v2\/media\/53092"}],"wp:attachment":[{"href":"https:\/\/www.clusteraudiovisual.cat\/en\/wp-json\/wp\/v2\/media?parent=41781"}],"curies":[{"name":"wp","href":"https:\/\/api.w.org\/{rel}","templated":true}]}}