{"id":14222,"date":"2021-10-05T14:02:34","date_gmt":"2021-10-05T14:02:34","guid":{"rendered":"https:\/\/www.clusteraudiovisual.cat\/?page_id=14222"},"modified":"2025-11-05T12:21:56","modified_gmt":"2025-11-05T11:21:56","slug":"historic-projectes","status":"publish","type":"page","link":"https:\/\/www.clusteraudiovisual.cat\/en\/historic-projectes\/","title":{"rendered":"Pitching historic projectes"},"content":{"rendered":"<div id='full_slider_1'  class='avia-fullwidth-slider main_color avia-shadow av-small-hide av-mini-hide  avia-builder-el-0  el_before_av_slideshow_full  avia-builder-el-first   container_wrap fullsize'  ><div  class='avia-slideshow av-av_slideshow_full-1a8ff701e61c03c3f43be3431f5557ed avia-slideshow-featured_large av_slideshow_full avia-slide-slider av-small-hide av-mini-hide av-slideshow-ui av-control-hidden av-no-slider-navigation av-hide-nav-arrows av-slideshow-manual av-loop-once av-loop-manual-endless av-default-height-applied   avia-slideshow-1' data-slideshow-options=\"{&quot;animation&quot;:&quot;slide&quot;,&quot;autoplay&quot;:false,&quot;loop_autoplay&quot;:&quot;once&quot;,&quot;interval&quot;:5,&quot;loop_manual&quot;:&quot;manual-endless&quot;,&quot;autoplay_stopper&quot;:false,&quot;noNavigation&quot;:true,&quot;bg_slider&quot;:false,&quot;keep_padding&quot;:false,&quot;hoverpause&quot;:false,&quot;show_slide_delay&quot;:0}\"  itemprop=\"image\" itemscope=\"itemscope\" itemtype=\"https:\/\/schema.org\/ImageObject\" ><ul class='avia-slideshow-inner ' style='padding-bottom: 26.666666666667%;'><li  class='avia-slideshow-slide av-av_slideshow_full-1a8ff701e61c03c3f43be3431f5557ed__0  av-single-slide slide-1 slide-odd'><div data-rel='slideshow-1' class='avia-slide-wrap '   ><img decoding=\"async\" fetchpriority=\"high\" class=\"wp-image-53083 avia-img-lazy-loading-not-53083\"  src=\"https:\/\/www.clusteraudiovisual.cat\/wp-content\/uploads\/2025\/11\/STalent2025_Banner_Web_Eng.jpg\" width=\"1500\" height=\"400\" title='STalent2025_Banner_Web_Eng' alt=''  itemprop=\"thumbnailUrl\" srcset=\"https:\/\/www.clusteraudiovisual.cat\/wp-content\/uploads\/2025\/11\/STalent2025_Banner_Web_Eng.jpg 1500w, https:\/\/www.clusteraudiovisual.cat\/wp-content\/uploads\/2025\/11\/STalent2025_Banner_Web_Eng-300x80.jpg 300w, https:\/\/www.clusteraudiovisual.cat\/wp-content\/uploads\/2025\/11\/STalent2025_Banner_Web_Eng-1030x275.jpg 1030w, https:\/\/www.clusteraudiovisual.cat\/wp-content\/uploads\/2025\/11\/STalent2025_Banner_Web_Eng-768x205.jpg 768w, https:\/\/www.clusteraudiovisual.cat\/wp-content\/uploads\/2025\/11\/STalent2025_Banner_Web_Eng-705x188.jpg 705w\" sizes=\"(max-width: 1500px) 100vw, 1500px\" \/><\/div><\/li><\/ul><\/div><\/div>\n<div id='full_slider_2'  class='avia-fullwidth-slider main_color avia-shadow av-desktop-hide av-medium-hide  avia-builder-el-1  el_after_av_slideshow_full  el_before_av_submenu   slider-not-first container_wrap fullsize'  ><div  class='avia-slideshow av-av_slideshow_full-a6e485840c7b0c53caa5eb9ea026f5a0 avia-slideshow-featured_large av_slideshow_full avia-slide-slider av-desktop-hide av-medium-hide av-slideshow-ui av-control-hidden av-no-slider-navigation av-hide-nav-arrows av-slideshow-manual av-loop-once av-loop-manual-endless av-default-height-applied   avia-slideshow-2' data-slideshow-options=\"{&quot;animation&quot;:&quot;slide&quot;,&quot;autoplay&quot;:false,&quot;loop_autoplay&quot;:&quot;once&quot;,&quot;interval&quot;:5,&quot;loop_manual&quot;:&quot;manual-endless&quot;,&quot;autoplay_stopper&quot;:false,&quot;noNavigation&quot;:true,&quot;bg_slider&quot;:false,&quot;keep_padding&quot;:false,&quot;hoverpause&quot;:false,&quot;show_slide_delay&quot;:0}\"  itemprop=\"image\" itemscope=\"itemscope\" itemtype=\"https:\/\/schema.org\/ImageObject\" ><ul class='avia-slideshow-inner ' style='padding-bottom: 105%;'><li  class='avia-slideshow-slide av-av_slideshow_full-a6e485840c7b0c53caa5eb9ea026f5a0__0  av-single-slide slide-1 slide-odd'><div data-rel='slideshow-2' class='avia-slide-wrap '   ><img decoding=\"async\" fetchpriority=\"high\" class=\"wp-image-53092 avia-img-lazy-loading-not-53092\"  src=\"https:\/\/www.clusteraudiovisual.cat\/wp-content\/uploads\/2025\/11\/STalent2025_Banner_Web_Responsive_Eng-600x630.jpg\" width=\"600\" height=\"630\" title='STalent2025_Banner_Web_Responsive_Eng' alt=''  itemprop=\"thumbnailUrl\"   \/><\/div><\/li><\/ul><\/div><\/div>\n<div class='clear'><\/div><div id='sub_menu1'  class='av-submenu-container av-khaeyens-9bdb3cc9b054bee604b1ba4deea40e39 alternate_color av-switch-768  avia-builder-el-2  el_after_av_slideshow_full  el_before_av_layout_row  av-sticky-submenu submenu-not-first container_wrap fullsize' style='z-index:301' ><div class='container av-menu-mobile-active av-submenu-pos-center'><a href=\"#\" class=\"mobile_menu_toggle\"><span class='avia-svg-icon avia-font-svg_entypo-fontello' data-av_svg_icon='list' data-av_iconset='svg_entypo-fontello'><svg version=\"1.1\" xmlns=\"http:\/\/www.w3.org\/2000\/svg\" width=\"22\" height=\"32\" viewBox=\"0 0 22 32\" preserveAspectRatio=\"xMidYMid meet\" aria-labelledby='av-svg-title-1' aria-describedby='av-svg-desc-1' role=\"graphics-symbol\" aria-hidden=\"true\">\n<title id='av-svg-title-1'>List<\/title>\n<desc id='av-svg-desc-1'>List<\/desc>\n<path d=\"M3.2 20.8q0.64 0 1.12 0.48t0.48 1.12-0.48 1.12-1.12 0.48h-1.6q-0.64 0-1.12-0.48t-0.48-1.12 0.448-1.12 1.152-0.48h1.6zM3.2 14.4q0.64 0 1.12 0.48t0.48 1.12-0.48 1.12-1.12 0.48h-1.6q-0.64 0-1.12-0.48t-0.48-1.12 0.448-1.12 1.152-0.48h1.6zM3.2 8q0.64 0 1.12 0.48t0.48 1.12-0.48 1.12-1.12 0.48h-1.6q-0.64 0-1.12-0.48t-0.48-1.12 0.448-1.12 1.152-0.48h1.6zM9.6 11.2q-0.64 0-1.12-0.48t-0.48-1.12 0.48-1.12 1.12-0.48h11.2q0.704 0 1.152 0.48t0.448 1.12-0.48 1.12-1.12 0.48h-11.2zM20.8 14.4q0.704 0 1.152 0.48t0.448 1.12-0.48 1.12-1.12 0.48h-11.2q-0.64 0-1.12-0.48t-0.48-1.12 0.48-1.12 1.12-0.48h11.2zM20.8 20.8q0.704 0 1.152 0.48t0.448 1.12-0.48 1.12-1.12 0.48h-11.2q-0.64 0-1.12-0.48t-0.48-1.12 0.48-1.12 1.12-0.48h11.2z\"><\/path>\n<\/svg><\/span><span class=\"av-current-placeholder\">Menu<\/span><\/a><ul id=\"menu-stalent-2025-eng\" class=\"av-subnav-menu\" role=\"menu\"><li role=\"menuitem\" id=\"menu-item-42228\" class=\"menu-item menu-item-type-post_type menu-item-object-page menu-item-top-level menu-item-top-level-1\"><a href=\"https:\/\/www.clusteraudiovisual.cat\/en\/talentaudiovisual\/\" itemprop=\"url\" tabindex=\"0\"><span class=\"avia-bullet\"><\/span><span class=\"avia-menu-text\">HOME<\/span><span class=\"avia-menu-fx\"><span class=\"avia-arrow-wrap\"><span class=\"avia-arrow\"><\/span><\/span><\/span><\/a><\/li>\n<li role=\"menuitem\" id=\"menu-item-42224\" class=\"menu-item menu-item-type-post_type menu-item-object-page menu-item-has-children menu-item-top-level menu-item-top-level-2\"><a href=\"https:\/\/www.clusteraudiovisual.cat\/en\/talentaudiovisual\/program-2025\/\" itemprop=\"url\" tabindex=\"0\"><span class=\"avia-bullet\"><\/span><span class=\"avia-menu-text\">PROGRAM<\/span><span class=\"avia-menu-fx\"><span class=\"avia-arrow-wrap\"><span class=\"avia-arrow\"><\/span><\/span><\/span><\/a>\n\n\n<ul class=\"sub-menu\">\n\t<li role=\"menuitem\" id=\"menu-item-42223\" class=\"menu-item menu-item-type-post_type menu-item-object-page\"><a href=\"https:\/\/www.clusteraudiovisual.cat\/en\/talentaudiovisual\/conferences-2025\/\" itemprop=\"url\" tabindex=\"0\"><span class=\"avia-bullet\"><\/span><span class=\"avia-menu-text\">CONFERENCES &#038; SESSIONS<\/span><\/a><\/li>\n\t<li role=\"menuitem\" id=\"menu-item-42222\" class=\"menu-item menu-item-type-post_type menu-item-object-page\"><a href=\"https:\/\/www.clusteraudiovisual.cat\/en\/talentaudiovisual\/live-arts-screen-2025\/\" itemprop=\"url\" tabindex=\"0\"><span class=\"avia-bullet\"><\/span><span class=\"avia-menu-text\">LIVE ARTS SCREEN<\/span><\/a><\/li>\n\t<li role=\"menuitem\" id=\"menu-item-42233\" class=\"menu-item menu-item-type-post_type menu-item-object-page\"><a href=\"https:\/\/www.clusteraudiovisual.cat\/en\/talentaudiovisual\/market-for-new-professionals-2025\/\" itemprop=\"url\" tabindex=\"0\"><span class=\"avia-bullet\"><\/span><span class=\"avia-menu-text\">MARKET FOR NEW PROFESSIONALS<\/span><\/a><\/li>\n\t<li role=\"menuitem\" id=\"menu-item-42232\" class=\"menu-item menu-item-type-post_type menu-item-object-page\"><a href=\"https:\/\/www.clusteraudiovisual.cat\/en\/talentaudiovisual\/international-distribution-meetings-2025\/\" itemprop=\"url\" tabindex=\"0\"><span class=\"avia-bullet\"><\/span><span class=\"avia-menu-text\">INTERNATIONAL DISTRIBUTION MEETINGS<\/span><\/a><\/li>\n\t<li role=\"menuitem\" id=\"menu-item-42229\" class=\"menu-item menu-item-type-post_type menu-item-object-page\"><a href=\"https:\/\/www.clusteraudiovisual.cat\/en\/talentaudiovisual\/audiovisual-pitch-2025\/\" itemprop=\"url\" tabindex=\"0\"><span class=\"avia-bullet\"><\/span><span class=\"avia-menu-text\">AUDIOVISUAL PITCH<\/span><\/a><\/li>\n\t<li role=\"menuitem\" id=\"menu-item-42234\" class=\"menu-item menu-item-type-post_type menu-item-object-page\"><a href=\"https:\/\/www.clusteraudiovisual.cat\/en\/talentaudiovisual\/international-distribution-pitch-2025\/\" itemprop=\"url\" tabindex=\"0\"><span class=\"avia-bullet\"><\/span><span class=\"avia-menu-text\">INTERNATIONAL DISTRIBUTION PITCH<\/span><\/a><\/li>\n<\/ul>\n<\/li>\n<li role=\"menuitem\" id=\"menu-item-42235\" class=\"menu-item menu-item-type-custom menu-item-object-custom menu-item-has-children menu-item-top-level menu-item-top-level-3\"><a href=\"#\" itemprop=\"url\" tabindex=\"0\"><span class=\"avia-bullet\"><\/span><span class=\"avia-menu-text\">PARTICIPANTS<\/span><span class=\"avia-menu-fx\"><span class=\"avia-arrow-wrap\"><span class=\"avia-arrow\"><\/span><\/span><\/span><\/a>\n\n\n<ul class=\"sub-menu\">\n\t<li role=\"menuitem\" id=\"menu-item-42227\" class=\"menu-item menu-item-type-post_type menu-item-object-page\"><a href=\"https:\/\/www.clusteraudiovisual.cat\/en\/talentaudiovisual\/participants-universitats\/\" itemprop=\"url\" tabindex=\"0\"><span class=\"avia-bullet\"><\/span><span class=\"avia-menu-text\">UNIVERSITY CENTERS<\/span><\/a><\/li>\n\t<li role=\"menuitem\" id=\"menu-item-42230\" class=\"menu-item menu-item-type-post_type menu-item-object-page\"><a href=\"https:\/\/www.clusteraudiovisual.cat\/en\/talentaudiovisual\/participants-empreses\/\" itemprop=\"url\" tabindex=\"0\"><span class=\"avia-bullet\"><\/span><span class=\"avia-menu-text\">COMPANIES<\/span><\/a><\/li>\n\t<li role=\"menuitem\" id=\"menu-item-42237\" class=\"menu-item menu-item-type-post_type menu-item-object-page\"><a href=\"https:\/\/www.clusteraudiovisual.cat\/en\/talentaudiovisual\/audiovisual-pitch-2025\/\" itemprop=\"url\" tabindex=\"0\"><span class=\"avia-bullet\"><\/span><span class=\"avia-menu-text\">AUDIOVISUAL PITCH<\/span><\/a><\/li>\n<\/ul>\n<\/li>\n<li role=\"menuitem\" id=\"menu-item-42236\" class=\"menu-item menu-item-type-custom menu-item-object-custom menu-item-has-children menu-item-top-level menu-item-top-level-4\"><a href=\"#\" itemprop=\"url\" tabindex=\"0\"><span class=\"avia-bullet\"><\/span><span class=\"avia-menu-text\">ARCHIVE<\/span><span class=\"avia-menu-fx\"><span class=\"avia-arrow-wrap\"><span class=\"avia-arrow\"><\/span><\/span><\/span><\/a>\n\n\n<ul class=\"sub-menu\">\n\t<li role=\"menuitem\" id=\"menu-item-42226\" class=\"menu-item menu-item-type-post_type menu-item-object-page\"><a href=\"https:\/\/www.clusteraudiovisual.cat\/en\/historic-projectes\/\" itemprop=\"url\" tabindex=\"0\"><span class=\"avia-bullet\"><\/span><span class=\"avia-menu-text\">PITCH PROJECT HISTORY<\/span><\/a><\/li>\n\t<li role=\"menuitem\" id=\"menu-item-42225\" class=\"menu-item menu-item-type-post_type menu-item-object-page\"><a href=\"https:\/\/www.clusteraudiovisual.cat\/en\/talentaudiovisual\/previous-editions\/\" itemprop=\"url\" tabindex=\"0\"><span class=\"avia-bullet\"><\/span><span class=\"avia-menu-text\">PREVIOUS EDITIONS<\/span><\/a><\/li>\n<\/ul>\n<\/li>\n<li role=\"menuitem\" id=\"menu-item-53926\" class=\"menu-item menu-item-type-custom menu-item-object-custom menu-item-has-children menu-item-top-level menu-item-top-level-5\"><a href=\"#\" itemprop=\"url\" tabindex=\"0\"><span class=\"avia-bullet\"><\/span><span class=\"avia-menu-text\">INFO<\/span><span class=\"avia-menu-fx\"><span class=\"avia-arrow-wrap\"><span class=\"avia-arrow\"><\/span><\/span><\/span><\/a>\n\n\n<ul class=\"sub-menu\">\n\t<li role=\"menuitem\" id=\"menu-item-53925\" class=\"menu-item menu-item-type-post_type menu-item-object-page\"><a href=\"https:\/\/www.clusteraudiovisual.cat\/en\/talentaudiovisual\/getting-here\/\" itemprop=\"url\" tabindex=\"0\"><span class=\"avia-bullet\"><\/span><span class=\"avia-menu-text\">GETTING HERE<\/span><\/a><\/li>\n\t<li role=\"menuitem\" id=\"menu-item-42231\" class=\"menu-item menu-item-type-post_type menu-item-object-page\"><a href=\"https:\/\/www.clusteraudiovisual.cat\/en\/talentaudiovisual\/contacta\/\" itemprop=\"url\" tabindex=\"0\"><span class=\"avia-bullet\"><\/span><span class=\"avia-menu-text\">CONTACT US<\/span><\/a><\/li>\n<\/ul>\n<\/li>\n<li role=\"menuitem\" id=\"menu-item-wpml-ls-724-en\" class=\"menu-item-language menu-item-language-current menu-item wpml-ls-slot-724 wpml-ls-item wpml-ls-item-en wpml-ls-current-language wpml-ls-menu-item wpml-ls-last-item menu-item-type-wpml_ls_menu_item menu-item-object-wpml_ls_menu_item menu-item-has-children menu-item-top-level menu-item-top-level-6\"><a href=\"https:\/\/www.clusteraudiovisual.cat\/en\/\" itemprop=\"url\" tabindex=\"0\"><span class=\"avia-bullet\"><\/span><span class=\"avia-menu-text\"><img decoding=\"async\"\n            class=\"wpml-ls-flag\"\n            src=\"https:\/\/www.clusteraudiovisual.cat\/wp-content\/plugins\/sitepress-multilingual-cms\/res\/flags\/en.png\"\n            alt=\"English\"\n            loading=\"lazy\"\n            \n            \n    \/><\/span><span class=\"avia-menu-fx\"><span class=\"avia-arrow-wrap\"><span class=\"avia-arrow\"><\/span><\/span><\/span><\/a>\n\n\n<ul class=\"sub-menu\">\n\t<li role=\"menuitem\" id=\"menu-item-wpml-ls-724-ca\" class=\"menu-item-language menu-item wpml-ls-slot-724 wpml-ls-item wpml-ls-item-ca wpml-ls-menu-item wpml-ls-first-item menu-item-type-wpml_ls_menu_item menu-item-object-wpml_ls_menu_item\"><a title=\"Switch to Catalan\" href=\"https:\/\/www.clusteraudiovisual.cat\/\" itemprop=\"url\" tabindex=\"0\"><span class=\"avia-bullet\"><\/span><span class=\"avia-menu-text\"><img decoding=\"async\"\n            class=\"wpml-ls-flag\"\n            src=\"https:\/\/www.clusteraudiovisual.cat\/wp-content\/plugins\/sitepress-multilingual-cms\/res\/flags\/ca.png\"\n            alt=\"Catalan\"\n            loading=\"lazy\"\n            \n            \n    \/><\/span><\/a><\/li>\n\t<li role=\"menuitem\" id=\"menu-item-wpml-ls-724-es\" class=\"menu-item-language menu-item wpml-ls-slot-724 wpml-ls-item wpml-ls-item-es wpml-ls-menu-item menu-item-type-wpml_ls_menu_item menu-item-object-wpml_ls_menu_item\"><a title=\"Switch to Spanish\" href=\"https:\/\/www.clusteraudiovisual.cat\/es\/\" itemprop=\"url\" tabindex=\"0\"><span class=\"avia-bullet\"><\/span><span class=\"avia-menu-text\"><img decoding=\"async\"\n            class=\"wpml-ls-flag\"\n            src=\"https:\/\/www.clusteraudiovisual.cat\/wp-content\/plugins\/sitepress-multilingual-cms\/res\/flags\/es.png\"\n            alt=\"Spanish\"\n            loading=\"lazy\"\n            \n            \n    \/><\/span><\/a><\/li>\n<\/ul>\n<\/li>\n<\/ul><\/div><\/div><div class='sticky_placeholder'><\/div>\n<div id='av-layout-grid-1'  class='av-layout-grid-container av-1973vs6-d5c3938a0c1eaf9f6682e6566ab70fba entry-content-wrapper main_color av-flex-cells  avia-builder-el-3  el_after_av_submenu  el_before_av_section  grid-row-not-first  container_wrap fullsize'  >\n<div class='flex_cell av-lbdy92-edf5f5afd18b55452b78c49b021d8cc8 av-gridrow-cell av_one_full no_margin  avia-builder-el-4  avia-builder-el-no-sibling '  ><div class='flex_cell_inner'><section  class='av_textblock_section av-khaf0a85-be6be02da64e61ea3a4f27fad5e1c5bb '   itemscope=\"itemscope\" itemtype=\"https:\/\/schema.org\/CreativeWork\" ><div class='avia_textblock'  itemprop=\"text\" ><div id=\"cav_projectes\"><div id=\"cav_projectes_filters\" class=\"\"> <div id=\"cav_projectes_filters_inner\"><div id=\"prj_form_filter\">\r\n\r\n    <div id=\"prj_form_filter_container\">\r\n\r\n        <div class=\"filter-group group_title\"><h3>Search:<\/h3><\/div>\r\n\r\n        <div class=\"filter-group select_multiple_filter select_multiple_any\"><h3 class=\"cav_prj_filter_title\">Year<\/h3><select id=\"filter_cav_prj_any\" name=\"filter_cav_prj_any\" multiple=\"multiple\"><option value=\".466\">2015<\/option><option value=\".465\">2016<\/option><option value=\".462\">2017<\/option><option value=\".460\">2018<\/option><option value=\".458\">2019<\/option><option value=\".456\">2020<\/option><option value=\".454\">2021<\/option><option value=\".686\">2022<\/option><option value=\".706\">2023<\/option><option value=\".728\">2024<\/option><option value=\".815\">2025<\/option><\/select><\/div>        <div class=\"filter-group select_multiple_filter select_multiple_cat\"><h3 class=\"cav_filter_prj_title\">Category<\/h3><select id=\"filter_cav_prj_cat\" name=\"filter_cav_prj_cat\" multiple=\"multiple\"><option value=\".702\">Digital Creative Content<\/option><option value=\".732\">Entertainment<\/option><option value=\".445\">Fiction<\/option><option value=\".704\">New Technologies and Immersive Experiences<\/option><option value=\".450\">New Windows<\/option><option value=\".446\">Non-fiction<\/option><option value=\".448\">TV Format<\/option><option value=\".452\">Videogames<\/option><\/select><\/div>        <div class=\"filter-group select_multiple_filter select_multiple_uni\"><h3 class=\"cav_filter_prj_title\">University<\/h3><select id=\"filter_cav_prj_uni\" name=\"filter_cav_prj_uni\" multiple=\"multiple\"><option value=\".480\">BAU Centre Universitari de Disseny<\/option><option value=\".485\">Blanquerna &#8211; Universitat Ramon Llull<\/option><option value=\".494\">CITM (Centre de la Imatge i la Tecnologia Multim\u00e8dia)<\/option><option value=\".492\">ENTI (Escola de Noves Tecnologies Interactives)<\/option><option value=\".502\">Escola Universit\u00e0ria ERAM<\/option><option value=\".514\">ESDi Escuela Superior de Dise\u00f1o<\/option><option value=\".666\">FAMU (Film and TV School of the Academy of Performing Arts in Pragu)<\/option><option value=\".520\">Film Academy Baden-W\u00fcrttemberg GmbH (Filmakademie Baden-W\u00fcrttemberg GmbH)<\/option><option value=\".668\">Internationale FilmSchule K\u00f6ln<\/option><option value=\".486\">La Salle &#8211; Universitat Ramon Llull<\/option><option value=\".713\">LCI Barcelona<\/option><option value=\".670\">London Film School<\/option><option value=\".672\">Milano Civica Scuola di Cinema<\/option><option value=\".674\">Tallin University<\/option><option value=\".482\">TecnoCampus<\/option><option value=\".680\">UNATC (Universitatea Na\u021bional\u0103 de Art\u0103 Teatral\u0103 \u0219i Cinematografic\u0103<\/option><option value=\".676\">Universidad Carlos III de Madrid<\/option><option value=\".716\">Universidad de Alcal\u00e1<\/option><option value=\".678\">Universidad de Murcia<\/option><option value=\".504\">Universidad de Navarra<\/option><option value=\".734\">Universidad de Sevilla<\/option><option value=\".500\">Universidade da Coru\u00f1a<\/option><option value=\".518\">Universitat Abat Oliva<\/option><option value=\".468\">Universitat Aut\u00f2noma de Barcelona<\/option><option value=\".516\">Universitat Complutense de Madrid<\/option><option value=\".470\">Universitat de Barcelona<\/option><option value=\".512\">Universitat de Copenhaguen (Copenhagen University)<\/option><option value=\".472\">Universitat de Lleida<\/option><option value=\".508\">Universitat de Val\u00e8ncia<\/option><option value=\".474\">Universitat de Vic<\/option><option value=\".510\">Universitat de Zagreb (Sveu\u010dili\u0161te u Zagrebu)<\/option><option value=\".488\">Universitat del Pa\u00eds Basc (Euskal Herriko Unibertsitatea)<\/option><option value=\".476\">Universitat Internacional de Catalunya<\/option><option value=\".710\">Universitat Jaume I<\/option><option value=\".506\">Universitat Oberta de Catalunya<\/option><option value=\".496\">Universitat Polit\u00e8cnica de Catalunya<\/option><option value=\".478\">Universitat Pompeu Fabra<\/option><option value=\".498\">Universitat Rovira i Virgili<\/option><\/select><\/div>        <div class=\"filter-group group_button\">\r\n\r\n            <a id=\"cav_clear_prj_filters\">Clear filters<\/a>\r\n\r\n        <\/div>\r\n\r\n    <\/div>\r\n\r\n<\/div>\r\n\r\n\r\n\r\n\r\n <\/div> <\/div><script type=\"text\/javascript\">document.addEventListener(\"DOMContentLoaded\", function(event) { isFilterOn = true; });<\/script><div id=\"cav_projectes_slider_ref\" style=\"position: relative; width: 100%;\"><\/div><div id=\"cav_projectes_slider\" class=\"\"><div id=\"prj_slider_controls\" class=\"\"><div id=\"prj_slider_link_izq\" class=\"\"><\/div><div id=\"prj_slider_link_der\" class=\"\"><\/div><div id=\"prj_slider_link_close\" class=\"\"><\/div><\/div><div id=\"cav_projectes_slider_loader\" class=\"\"><img loading=\"lazy\" decoding=\"async\" width=\"32\" height=\"32\" src=\"https:\/\/www.clusteraudiovisual.cat\/wp-content\/themes\/enfold-child\/img\/ajax-loader-c.gif\" alt=\"loading\"><\/div><div id=\"cav_projectes_owl_slider\"><div id=\"cav_projectes_inner_slider\" class=\"\"><img decoding=\"async\" src=\"https:\/\/www.clusteraudiovisual.cat\/wp-content\/themes\/enfold-child\/img\/ajax-loader-lin-corto.gif\" alt=\"loading\"><\/div><div id=\"prj_slider\" class=\"owl-carousel\"><div id=\"18074\" class=\"prj_slider_item\" data-id=\"18074\"><div class=\"prj_inner_slide\"><div class=\"prj_slide_img\"><img decoding=\"async\" class=\"img_projecte 18074\" src=\"https:\/\/www.clusteraudiovisual.cat\/wp-content\/uploads\/2021\/12\/tacon.png\" alt=\"\u00a1Eres tan travesti!\" title=\"\u00a1Eres tan travesti!\" \/><\/div><div class=\"prj_slide_data\"><div class=\"prj_slide_data_inner\"><p class=\"prj_slide_data_title\">\u00a1Eres tan travesti!<\/p><p class=\"prj_slide_data_equip\"><strong>Team:<\/strong> C\u00e9sar Est\u00e9vez, Miguel Retegui<\/p><p class=\"prj_slide_data_uni\"><strong>University:<\/strong> Blanquerna &#8211; Universitat Ramon Llull<span class=\"\"<\/p><p class=\"prj_slide_data_any\"><strong>Year:<\/strong> 2019<span class=\"\"<\/p><p class=\"prj_slide_data_cat\"><strong>Category:<\/strong> TV Format<span class=\"\"<\/p><div class=\"prj_slide_data_sinopsi_container\"><p class=\"sinopsi_title\" data-id=\"sinopsi_18074\"><span class=\"sinopsi_toggle\">[+]<\/span> Synopsis<\/p><div id=\"sinopsi_18074\" class=\"prj_slide_data_sinopsi\"><div class=\"prj_slide_data_sinopsi_inner\"><p>La Prohibida, Killer Queen, Drag Sethlas and Chanel Anorex: 4 Spanish Drag Queens that aspire to advance in their artistic careers and achieve their professional goals. To get what they want, we\u2019ll see their work, have fun, suffer and connect with their most personal side.<\/p>\n<p>A docu-reality show that gets us closer to the Spanish drag scene, following our main characters\u2019 lives and showing us what they are during the day and during the night.<\/p>\n<p>\u00a1Eres Tan Travesti! brings joy, passion and most of all a good party between friends. Don\u2019t hesitate. Join our fantasy!<\/p>\n<\/div><\/div><\/div><\/div><\/div><\/div><\/div><div id=\"52191\" class=\"prj_slider_item\" data-id=\"52191\"><div class=\"prj_inner_slide\"><div class=\"prj_slide_img\"><img decoding=\"async\" class=\"img_projecte 52191\" src=\"https:\/\/www.clusteraudiovisual.cat\/wp-content\/uploads\/2025\/10\/ST25_Projecte_\u00a1Que-follon.jpg\" alt=\"\u00a1Qu\u00e9 foll\u00f3n!\" title=\"\u00a1Qu\u00e9 foll\u00f3n!\" \/><\/div><div class=\"prj_slide_data\"><div class=\"prj_slide_data_inner\"><p class=\"prj_slide_data_title\">\u00a1Qu\u00e9 foll\u00f3n!<\/p><p class=\"prj_slide_data_equip\"><strong>Team:<\/strong> Sergio Abellaneda Segovia, Ainoa Pastor L\u00f3pez<\/p><p class=\"prj_slide_data_uni\"><strong>University:<\/strong> Universidad de Murcia<span class=\"\"<\/p><p class=\"prj_slide_data_any\"><strong>Year:<\/strong> 2025<span class=\"\"<\/p><p class=\"prj_slide_data_cat\"><strong>Category:<\/strong> Fiction<span class=\"\"<\/p><div class=\"prj_slide_data_sinopsi_container\"><p class=\"sinopsi_title\" data-id=\"sinopsi_52191\"><span class=\"sinopsi_toggle\">[+]<\/span> Synopsis<\/p><div id=\"sinopsi_52191\" class=\"prj_slide_data_sinopsi\"><div class=\"prj_slide_data_sinopsi_inner\"><p>Wouldn\u2019t it be interesting to develop a comedy series starring older adults? <em>\u00a1Qu\u00e9 foll\u00f3n!<\/em> is a serialized fiction project in a verit\u00e9 sitcom format.<\/p>\n<\/div><\/div><\/div><\/div><\/div><\/div><\/div><div id=\"18265\" class=\"prj_slider_item\" data-id=\"18265\"><div class=\"prj_inner_slide\"><div class=\"prj_slide_img\"><img decoding=\"async\" class=\"img_projecte 18265\" src=\"https:\/\/www.clusteraudiovisual.cat\/wp-content\/uploads\/2021\/12\/vuelvealpueblo-1.png\" alt=\"\u00a1Vuelve al pueblo!\" title=\"\u00a1Vuelve al pueblo!\" \/><\/div><div class=\"prj_slide_data\"><div class=\"prj_slide_data_inner\"><p class=\"prj_slide_data_title\">\u00a1Vuelve al pueblo!<\/p><p class=\"prj_slide_data_equip\"><strong>Team:<\/strong> Mar\u00eda del Mar Alf\u00e9rez L\u00f3pez, Lara Amores L\u00f3pez<\/p><p class=\"prj_slide_data_uni\"><strong>University:<\/strong> Blanquerna &#8211; Universitat Ramon Llull<span class=\"\"<\/p><p class=\"prj_slide_data_any\"><strong>Year:<\/strong> 2021<span class=\"\"<\/p><p class=\"prj_slide_data_cat\"><strong>Category:<\/strong> TV Format<span class=\"\"<\/p><div class=\"prj_slide_data_sinopsi_container\"><p class=\"sinopsi_title\" data-id=\"sinopsi_18265\"><span class=\"sinopsi_toggle\">[+]<\/span> Synopsis<\/p><div id=\"sinopsi_18265\" class=\"prj_slide_data_sinopsi\"><div class=\"prj_slide_data_sinopsi_inner\"><p>During their younghood, many people decided to leave their town and move to the city for a job and prosperity. Now, there are only empty houses and a municipality that needs people. In, <em>\u00a1Vuelve Al Pueblo!<\/em> (Return to town), four city youngsters with enthusiasm and in need of a change of environment will match with four elderly people to live together in this municipality. Together they\u2019ll embark on a rural adventure to give a second life to the town where the elderly grew up and start, this way, a new life stage.<\/p>\n<\/div><\/div><\/div><\/div><\/div><\/div><\/div><div id=\"17814\" class=\"prj_slider_item\" data-id=\"17814\"><div class=\"prj_inner_slide\"><div class=\"prj_slide_img\"><img decoding=\"async\" class=\"img_projecte 17814\" src=\"https:\/\/www.clusteraudiovisual.cat\/wp-content\/uploads\/2021\/12\/subesobajas.png\" alt=\"\u00bfSubes o Bajas?\" title=\"\u00bfSubes o Bajas?\" \/><\/div><div class=\"prj_slide_data\"><div class=\"prj_slide_data_inner\"><p class=\"prj_slide_data_title\">\u00bfSubes o Bajas?<\/p><p class=\"prj_slide_data_equip\"><strong>Team:<\/strong> Helena Calduch, Marc Soler<\/p><p class=\"prj_slide_data_uni\"><strong>University:<\/strong> Universitat Rovira i Virgili<span class=\"\"<\/p><p class=\"prj_slide_data_any\"><strong>Year:<\/strong> 2017<span class=\"\"<\/p><p class=\"prj_slide_data_cat\"><strong>Category:<\/strong> TV Format<span class=\"\"<\/p><div class=\"prj_slide_data_sinopsi_container\"><p class=\"sinopsi_title\" data-id=\"sinopsi_17814\"><span class=\"sinopsi_toggle\">[+]<\/span> Synopsis<\/p><div id=\"sinopsi_17814\" class=\"prj_slide_data_sinopsi\"><div class=\"prj_slide_data_sinopsi_inner\"><p><em>\u00bfSubes o bajas?<\/em> is a quiz show with elements of a game show where four pairs of contestants compete to reach the final phase: a challenge that will be played on platforms suspended in the air to reach 100.000\u20ac. If they guess the questions, they will level up. But, if they fail, they will fall down and the possibility of winning the prize will be lower. To achieve this, they must first exceed three rounds before the final, where they will demonstrate their ingenuity, constancy and speed, in addition to the rapport with their partner. With the game and humour as the main elements, that show challenges different couples in two key elements: their knowledge and skills.<\/p>\n<\/div><\/div><\/div><\/div><\/div><\/div><\/div><div id=\"44507\" class=\"prj_slider_item\" data-id=\"44507\"><div class=\"prj_inner_slide\"><div class=\"prj_slide_img\"><img decoding=\"async\" class=\"img_projecte 44507\" src=\"https:\/\/www.clusteraudiovisual.cat\/wp-content\/uploads\/2024\/10\/ST24_Projecte_Estudi-i-visualitzacio-de-les-caracteristiques-textils-a-traves-del-mitja-audiovisual.jpg\" alt=\".txt\" title=\".txt\" \/><\/div><div class=\"prj_slide_data\"><div class=\"prj_slide_data_inner\"><p class=\"prj_slide_data_title\">.txt<\/p><p class=\"prj_slide_data_equip\"><strong>Team:<\/strong> Xavier Herrera<\/p><p class=\"prj_slide_data_uni\"><strong>University:<\/strong> BAU Centre Universitari de Disseny<span class=\"\"<\/p><p class=\"prj_slide_data_any\"><strong>Year:<\/strong> 2024<span class=\"\"<\/p><p class=\"prj_slide_data_cat\"><strong>Category:<\/strong> New Technologies and Immersive Experiences<span class=\"\"<\/p><div class=\"prj_slide_data_sinopsi_container\"><p class=\"sinopsi_title\" data-id=\"sinopsi_44507\"><span class=\"sinopsi_toggle\">[+]<\/span> Synopsis<\/p><div id=\"sinopsi_44507\" class=\"prj_slide_data_sinopsi\"><div class=\"prj_slide_data_sinopsi_inner\"><p>This project explores the relationship between fashion and audiovisual technology. Through the creation of artifacts, the physical properties of fabrics are transformed into immersive visual and sensory experiences. The project offers a new way of understanding textiles, connecting traditional design with digital innovations.<\/p>\n<\/div><\/div><\/div><\/div><\/div><\/div><\/div><div id=\"18433\" class=\"prj_slider_item\" data-id=\"18433\"><div class=\"prj_inner_slide\"><div class=\"prj_slide_img\"><img decoding=\"async\" class=\"img_projecte 18433\" src=\"https:\/\/www.clusteraudiovisual.cat\/wp-content\/uploads\/2021\/12\/desocupada.png\" alt=\"(Des)ocupada\" title=\"(Des)ocupada\" \/><\/div><div class=\"prj_slide_data\"><div class=\"prj_slide_data_inner\"><p class=\"prj_slide_data_title\">(Des)ocupada<\/p><p class=\"prj_slide_data_equip\"><strong>Team:<\/strong> Cristina Aubach, Paula M\u00aa L\u00f3pez<\/p><p class=\"prj_slide_data_uni\"><strong>University:<\/strong> Blanquerna &#8211; Universitat Ramon Llull<span class=\"\"<\/p><p class=\"prj_slide_data_any\"><strong>Year:<\/strong> 2020<span class=\"\"<\/p><p class=\"prj_slide_data_cat\"><strong>Category:<\/strong> Fiction<span class=\"\"<\/p><div class=\"prj_slide_data_sinopsi_container\"><p class=\"sinopsi_title\" data-id=\"sinopsi_18433\"><span class=\"sinopsi_toggle\">[+]<\/span> Synopsis<\/p><div id=\"sinopsi_18433\" class=\"prj_slide_data_sinopsi\"><div class=\"prj_slide_data_sinopsi_inner\"><p>Cleo, a recent graduate in Audiovisual Communication, has been sidelined from her last temporary job and the flat she shared with her friends. Unemployed and evicted, she will enter a vicious circle of precarious jobs ranging from signature pickers to erotic webcams, to waitress at a fast-food restaurant and home delivery food, among others. At the same time, she will start looking for a decent, affordable place to live. Her passion for cinema and her desire to alleviate the adversities she encounters makes Cleo live every moment like a movie and never give up on her quest for vital stability.<\/p>\n<\/div><\/div><\/div><\/div><\/div><\/div><\/div><div id=\"27049\" class=\"prj_slider_item\" data-id=\"27049\"><div class=\"prj_inner_slide\"><div class=\"prj_slide_img\"><img decoding=\"async\" class=\"img_projecte 27049\" src=\"https:\/\/www.clusteraudiovisual.cat\/wp-content\/uploads\/2022\/10\/ST22_Projecte_7.jpg\" alt=\"#7\" title=\"#7\" \/><\/div><div class=\"prj_slide_data\"><div class=\"prj_slide_data_inner\"><p class=\"prj_slide_data_title\">#7<\/p><p class=\"prj_slide_data_equip\"><strong>Team:<\/strong> Alex Nieto Guarasa<\/p><p class=\"prj_slide_data_uni\"><strong>University:<\/strong> Universitat Pompeu Fabra<span class=\"\"<\/p><p class=\"prj_slide_data_any\"><strong>Year:<\/strong> 2022<span class=\"\"<\/p><p class=\"prj_slide_data_cat\"><strong>Category:<\/strong> New Windows<span class=\"\"<\/p><div class=\"prj_slide_data_sinopsi_container\"><p class=\"sinopsi_title\" data-id=\"sinopsi_27049\"><span class=\"sinopsi_toggle\">[+]<\/span> Synopsis<\/p><div id=\"sinopsi_27049\" class=\"prj_slide_data_sinopsi\"><div class=\"prj_slide_data_sinopsi_inner\"><p>&#8220;#7&#8221; is a WebDoc where the user will have to reconstruct the memory of a person who died a long time ago using the memories that have remained from the people who knew him. It is an auteur web documentary that seeks to rediscover and reconstruct the image of the author&#8217;s cousin, who died suddenly, aged only sixteen on a football field in L&#8217;Hospitalet while he was training. A death that left the family very affected and that caused their world to fall apart overnight. From that moment on, the family created an association (Spanish Association for Sudden Death Syndrome) with which to fight this disease, save lives and ensure that no other family goes through the same thing.<\/p>\n<\/div><\/div><\/div><\/div><\/div><\/div><\/div><div id=\"17999\" class=\"prj_slider_item\" data-id=\"17999\"><div class=\"prj_inner_slide\"><div class=\"prj_slide_img\"><img decoding=\"async\" class=\"img_projecte 17999\" src=\"https:\/\/www.clusteraudiovisual.cat\/wp-content\/uploads\/2021\/12\/photofactory.png\" alt=\"#Photofactory\" title=\"#Photofactory\" \/><\/div><div class=\"prj_slide_data\"><div class=\"prj_slide_data_inner\"><p class=\"prj_slide_data_title\">#Photofactory<\/p><p class=\"prj_slide_data_equip\"><strong>Team:<\/strong> Giulia Abbate, Hajar Echenouili, Bel\u00e9n Navas<\/p><p class=\"prj_slide_data_uni\"><strong>University:<\/strong> Universitat Aut\u00f2noma de Barcelona<span class=\"\"<\/p><p class=\"prj_slide_data_any\"><strong>Year:<\/strong> 2018<span class=\"\"<\/p><p class=\"prj_slide_data_cat\"><strong>Category:<\/strong> TV Format<span class=\"\"<\/p><div class=\"prj_slide_data_sinopsi_container\"><p class=\"sinopsi_title\" data-id=\"sinopsi_17999\"><span class=\"sinopsi_toggle\">[+]<\/span> Synopsis<\/p><div id=\"sinopsi_17999\" class=\"prj_slide_data_sinopsi\"><div class=\"prj_slide_data_sinopsi_inner\"><p>#PhotoFactory is an educational and entertaining project in which photographic techniques are taught to a young public. #PhotoFactory stimulates this public\u2019s creativity and approaches it to professionals\u2019 work. Through social networks, the viewer will be able to follow how Natt and Helena, the project\u2019s anchors, venture in the photographic world while they explore new cultural interesting places. On television, Phos will share her knowledge and references and will identify the mistakes both girls made so that we can also accomplish great photos.<\/p>\n<\/div><\/div><\/div><\/div><\/div><\/div><\/div><div id=\"18106\" class=\"prj_slider_item\" data-id=\"18106\"><div class=\"prj_inner_slide\"><div class=\"prj_slide_img\"><img decoding=\"async\" class=\"img_projecte 18106\" src=\"https:\/\/www.clusteraudiovisual.cat\/wp-content\/uploads\/2021\/12\/pinkelephant.png\" alt=\"#pinkelephant\" title=\"#pinkelephant\" \/><\/div><div class=\"prj_slide_data\"><div class=\"prj_slide_data_inner\"><p class=\"prj_slide_data_title\">#pinkelephant<\/p><p class=\"prj_slide_data_equip\"><strong>Team:<\/strong> Alicia Miquel, Maria Albert, Queralt Serrats, Nat\u00e0lia Celma<\/p><p class=\"prj_slide_data_uni\"><strong>University:<\/strong> Blanquerna &#8211; Universitat Ramon Llull<span class=\"\"<\/p><p class=\"prj_slide_data_any\"><strong>Year:<\/strong> 2021<span class=\"\"<\/p><p class=\"prj_slide_data_cat\"><strong>Category:<\/strong> Fiction<span class=\"\"<\/p><div class=\"prj_slide_data_sinopsi_container\"><p class=\"sinopsi_title\" data-id=\"sinopsi_18106\"><span class=\"sinopsi_toggle\">[+]<\/span> Synopsis<\/p><div id=\"sinopsi_18106\" class=\"prj_slide_data_sinopsi\"><div class=\"prj_slide_data_sinopsi_inner\"><p>A summer night and five teenagers dancing on a beach bar. An idyllic and far memory that contrasts with Cleo\u2019s present sited at her desk in front of the computer and right in the middle of Covid\u2019s lockdown because of the pandemic. She and her other four friends-Laura, Viki, Sara and Lea-spend their time doing video calls and playing always the same online drawing game. In between virtual classes, anguish, fights between Sara and her dad and disagreements with Lea because of her toxic boyfriend Jan, Viki fins Pink Elephant, a game of challenges for TikTok, and starts playing without thinking too much about it. The video of her first dare goes viral on social networks.<\/p>\n<\/div><\/div><\/div><\/div><\/div><\/div><\/div><div id=\"18413\" class=\"prj_slider_item\" data-id=\"18413\"><div class=\"prj_inner_slide\"><div class=\"prj_slide_img\"><img decoding=\"async\" class=\"img_projecte 18413\" src=\"https:\/\/www.clusteraudiovisual.cat\/wp-content\/uploads\/2021\/12\/11.png\" alt=\"11\" title=\"11\" \/><\/div><div class=\"prj_slide_data\"><div class=\"prj_slide_data_inner\"><p class=\"prj_slide_data_title\">11<\/p><p class=\"prj_slide_data_equip\"><strong>Team:<\/strong> Paula Serra, Cl\u00e0udia Serra<\/p><p class=\"prj_slide_data_uni\"><strong>University:<\/strong> Universitat Pompeu Fabra<span class=\"\"<\/p><p class=\"prj_slide_data_any\"><strong>Year:<\/strong> 2020<span class=\"\"<\/p><p class=\"prj_slide_data_cat\"><strong>Category:<\/strong> Fiction<span class=\"\"<\/p><div class=\"prj_slide_data_sinopsi_container\"><p class=\"sinopsi_title\" data-id=\"sinopsi_18413\"><span class=\"sinopsi_toggle\">[+]<\/span> Synopsis<\/p><div id=\"sinopsi_18413\" class=\"prj_slide_data_sinopsi\"><div class=\"prj_slide_data_sinopsi_inner\"><p>\u00c0lex, a cheerful and determined <em>scout<\/em>, is trapped with her group in a house in the Pyrenees during a rainstorm. But they are not alone: \u200b\u200bLeo appeared in the refuge, a mystery baby that no one knew where he came from. \u00c0lex tries to guarantee the security of both while waiting for the rescue that will take them out of there, but Leo complicates the situation and brings the <em>scout<\/em> to the limit of the security forces and moral security. In the fight of not losing control of the situation, \u00c0lex is obliged to make things that she would not have imagined.<\/p>\n<\/div><\/div><\/div><\/div><\/div><\/div><\/div><div id=\"27014\" class=\"prj_slider_item\" data-id=\"27014\"><div class=\"prj_inner_slide\"><div class=\"prj_slide_img\"><img decoding=\"async\" class=\"img_projecte 27014\" src=\"https:\/\/www.clusteraudiovisual.cat\/wp-content\/uploads\/2022\/11\/ST22_Projecte_16.53h.jpg\" alt=\"16:53h\" title=\"16:53h\" \/><\/div><div class=\"prj_slide_data\"><div class=\"prj_slide_data_inner\"><p class=\"prj_slide_data_title\">16:53h<\/p><p class=\"prj_slide_data_equip\"><strong>Team:<\/strong> Edgar Rodr\u00edguez Prados\r\n<\/p><p class=\"prj_slide_data_uni\"><strong>University:<\/strong> Universitat Aut\u00f2noma de Barcelona<span class=\"\"<\/p><p class=\"prj_slide_data_any\"><strong>Year:<\/strong> 2022<span class=\"\"<\/p><p class=\"prj_slide_data_cat\"><strong>Category:<\/strong> Non-fiction<span class=\"\"<\/p><div class=\"prj_slide_data_sinopsi_container\"><p class=\"sinopsi_title\" data-id=\"sinopsi_27014\"><span class=\"sinopsi_toggle\">[+]<\/span> Synopsis<\/p><div id=\"sinopsi_27014\" class=\"prj_slide_data_sinopsi\"><div class=\"prj_slide_data_sinopsi_inner\"><p>According to several professionals in the field of psychology, a large number of victims of a terrorist attack will develop a mental disorder. However, with special treatment they can recover. But is this entirely true? Five years after the attack on August 17, 2017 in La Rambla, enough time has passed to assess whether the psychological approach to the victims has been effective.<\/p>\n<\/div><\/div><\/div><\/div><\/div><\/div><\/div><div id=\"27017\" class=\"prj_slider_item\" data-id=\"27017\"><div class=\"prj_inner_slide\"><div class=\"prj_slide_img\"><img decoding=\"async\" class=\"img_projecte 27017\" src=\"https:\/\/www.clusteraudiovisual.cat\/wp-content\/uploads\/2022\/10\/ST22_Projecte_16x25mil.jpg\" alt=\"16&#215;25 mil.\" title=\"16&#215;25 mil.\" \/><\/div><div class=\"prj_slide_data\"><div class=\"prj_slide_data_inner\"><p class=\"prj_slide_data_title\">16&#215;25 mil.<\/p><p class=\"prj_slide_data_equip\"><strong>Team:<\/strong> Toni Molist Santos-Garcia, Josep Sol\u00e0<\/p><p class=\"prj_slide_data_uni\"><strong>University:<\/strong> Universitat de Vic<span class=\"\"<\/p><p class=\"prj_slide_data_any\"><strong>Year:<\/strong> 2022<span class=\"\"<\/p><p class=\"prj_slide_data_cat\"><strong>Category:<\/strong> Non-fiction<span class=\"\"<\/p><div class=\"prj_slide_data_sinopsi_container\"><p class=\"sinopsi_title\" data-id=\"sinopsi_27017\"><span class=\"sinopsi_toggle\">[+]<\/span> Synopsis<\/p><div id=\"sinopsi_27017\" class=\"prj_slide_data_sinopsi\"><div class=\"prj_slide_data_sinopsi_inner\"><p>Joan Par\u00e9s, a motor enthusiast, adapts to a new life after losing an arm and a leg in a work accident. Currently, he continues to fight to be able to fulfil his dream of competing in Dakar.<\/p>\n<\/div><\/div><\/div><\/div><\/div><\/div><\/div><\/div><\/div><\/div>        \r\n        <div id=\"cav_projectes_content\" class=\"\">\r\n\r\n            <div id=\"cav_projectes_content_inner\">\r\n                <div id=\"cav_projectes_content_loader\"><img loading=\"lazy\" decoding=\"async\" width=\"32\" height=\"32\" src=\"https:\/\/www.clusteraudiovisual.cat\/wp-content\/themes\/enfold-child\/img\/ajax-loader-c.gif\" alt=\"loading\"><\/div>\r\n                <div id=\"cav_projectes_list\"><div id=\"prj_grid\" class=\"prj_grid\"><div class=\"grid-item grid-sizer prj_filter_on 448  458  485  animate__animated animate__zoomIn animate__faster\"><div class=\"prj_item_container\"><div class=\"prj_item_link\" data-id=\"18074\"><\/div><img decoding=\"async\" class=\"img_projecte\" src=\"https:\/\/www.clusteraudiovisual.cat\/wp-content\/uploads\/2021\/12\/tacon.png\" alt=\"\u00a1Eres tan travesti!\" title=\"\u00a1Eres tan travesti!\" \/><div class=\"prj_item_title\">\u00a1Eres tan travesti!<\/div><\/div><\/div><div class=\"grid-item  prj_filter_on 445  815  678  animate__animated animate__zoomIn animate__faster\"><div class=\"prj_item_container\"><div class=\"prj_item_link\" data-id=\"52191\"><\/div><img decoding=\"async\" class=\"img_projecte\" src=\"https:\/\/www.clusteraudiovisual.cat\/wp-content\/uploads\/2025\/10\/ST25_Projecte_\u00a1Que-follon.jpg\" alt=\"\u00a1Qu\u00e9 foll\u00f3n!\" title=\"\u00a1Qu\u00e9 foll\u00f3n!\" \/><div class=\"prj_item_title\">\u00a1Qu\u00e9 foll\u00f3n!<\/div><\/div><\/div><div class=\"grid-item  prj_filter_on 448  454  485  animate__animated animate__zoomIn animate__faster\"><div class=\"prj_item_container\"><div class=\"prj_item_link\" data-id=\"18265\"><\/div><img decoding=\"async\" class=\"img_projecte\" src=\"https:\/\/www.clusteraudiovisual.cat\/wp-content\/uploads\/2021\/12\/vuelvealpueblo-1.png\" alt=\"\u00a1Vuelve al pueblo!\" title=\"\u00a1Vuelve al pueblo!\" \/><div class=\"prj_item_title\">\u00a1Vuelve al pueblo!<\/div><\/div><\/div><div class=\"grid-item  prj_filter_on 448  462  498  animate__animated animate__zoomIn animate__faster\"><div class=\"prj_item_container\"><div class=\"prj_item_link\" data-id=\"17814\"><\/div><img decoding=\"async\" class=\"img_projecte\" src=\"https:\/\/www.clusteraudiovisual.cat\/wp-content\/uploads\/2021\/12\/subesobajas.png\" alt=\"\u00bfSubes o Bajas?\" title=\"\u00bfSubes o Bajas?\" \/><div class=\"prj_item_title\">\u00bfSubes o Bajas?<\/div><\/div><\/div><div class=\"grid-item  prj_filter_on 704  728  480  animate__animated animate__zoomIn animate__faster\"><div class=\"prj_item_container\"><div class=\"prj_item_link\" data-id=\"44507\"><\/div><img decoding=\"async\" class=\"img_projecte\" src=\"https:\/\/www.clusteraudiovisual.cat\/wp-content\/uploads\/2024\/10\/ST24_Projecte_Estudi-i-visualitzacio-de-les-caracteristiques-textils-a-traves-del-mitja-audiovisual.jpg\" alt=\".txt\" title=\".txt\" \/><div class=\"prj_item_title\">.txt<\/div><\/div><\/div><div class=\"grid-item  prj_filter_on 445  456  485  animate__animated animate__zoomIn animate__faster\"><div class=\"prj_item_container\"><div class=\"prj_item_link\" data-id=\"18433\"><\/div><img decoding=\"async\" class=\"img_projecte\" src=\"https:\/\/www.clusteraudiovisual.cat\/wp-content\/uploads\/2021\/12\/desocupada.png\" alt=\"(Des)ocupada\" title=\"(Des)ocupada\" \/><div class=\"prj_item_title\">(Des)ocupada<\/div><\/div><\/div><div class=\"grid-item  prj_filter_on 450  686  478  animate__animated animate__zoomIn animate__faster\"><div class=\"prj_item_container\"><div class=\"prj_item_link\" data-id=\"27049\"><\/div><img decoding=\"async\" class=\"img_projecte\" src=\"https:\/\/www.clusteraudiovisual.cat\/wp-content\/uploads\/2022\/10\/ST22_Projecte_7.jpg\" alt=\"#7\" title=\"#7\" \/><div class=\"prj_item_title\">#7<\/div><\/div><\/div><div class=\"grid-item  prj_filter_on 448  460  468  animate__animated animate__zoomIn animate__faster\"><div class=\"prj_item_container\"><div class=\"prj_item_link\" data-id=\"17999\"><\/div><img decoding=\"async\" class=\"img_projecte\" src=\"https:\/\/www.clusteraudiovisual.cat\/wp-content\/uploads\/2021\/12\/photofactory.png\" alt=\"#Photofactory\" title=\"#Photofactory\" \/><div class=\"prj_item_title\">#Photofactory<\/div><\/div><\/div><div class=\"grid-item  prj_filter_on 445  454  485  animate__animated animate__zoomIn animate__faster\"><div class=\"prj_item_container\"><div class=\"prj_item_link\" data-id=\"18106\"><\/div><img decoding=\"async\" class=\"img_projecte\" src=\"https:\/\/www.clusteraudiovisual.cat\/wp-content\/uploads\/2021\/12\/pinkelephant.png\" alt=\"#pinkelephant\" title=\"#pinkelephant\" \/><div class=\"prj_item_title\">#pinkelephant<\/div><\/div><\/div><div class=\"grid-item  prj_filter_on 445  456  478  animate__animated animate__zoomIn animate__faster\"><div class=\"prj_item_container\"><div class=\"prj_item_link\" data-id=\"18413\"><\/div><img decoding=\"async\" class=\"img_projecte\" src=\"https:\/\/www.clusteraudiovisual.cat\/wp-content\/uploads\/2021\/12\/11.png\" alt=\"11\" title=\"11\" \/><div class=\"prj_item_title\">11<\/div><\/div><\/div><div class=\"grid-item  prj_filter_on 446  686  468  animate__animated animate__zoomIn animate__faster\"><div class=\"prj_item_container\"><div class=\"prj_item_link\" data-id=\"27014\"><\/div><img decoding=\"async\" class=\"img_projecte\" src=\"https:\/\/www.clusteraudiovisual.cat\/wp-content\/uploads\/2022\/11\/ST22_Projecte_16.53h.jpg\" alt=\"16:53h\" title=\"16:53h\" \/><div class=\"prj_item_title\">16:53h<\/div><\/div><\/div><div class=\"grid-item  prj_filter_on 446  686  474  animate__animated animate__zoomIn animate__faster\"><div class=\"prj_item_container\"><div class=\"prj_item_link\" data-id=\"27017\"><\/div><img decoding=\"async\" class=\"img_projecte\" src=\"https:\/\/www.clusteraudiovisual.cat\/wp-content\/uploads\/2022\/10\/ST22_Projecte_16x25mil.jpg\" alt=\"16&#215;25 mil.\" title=\"16&#215;25 mil.\" \/><div class=\"prj_item_title\">16&#215;25 mil.<\/div><\/div><\/div><\/div><\/div><\/div><div id=\"cav_projectes_more_loader\" class=\"\"><img loading=\"lazy\" decoding=\"async\" width=\"32\" height=\"32\" src=\"https:\/\/www.clusteraudiovisual.cat\/wp-content\/themes\/enfold-child\/img\/ajax-loader-c.gif\" alt=\"loading\"><\/div><div id=\"cav_projectes_nomore\" class=\"\"><h3>No projects found<\/h3><\/div><div id=\"cav_projectes_nomore_plus\" class=\"\"><h3>No more projects found<\/h3><\/div><div id=\"cav_projectes_more_button\" class=\"\"><a id=\"cav_load_more_prj\">Load more projects<\/a><\/div><\/div><\/div>\n<\/div><\/section>\n<\/div><\/div>\n<\/div>\n<\/div><\/div><\/div><!-- close content main div --><\/div><\/div><div id='av_section_1'  class='avia-section av-av_section-1136212483579a4f90cfe294049472e9 footer_color avia-section-default avia-no-shadow avia-bg-style-scroll container_wrap fullsize'  ><div class='container av-section-cont-open' ><div class='template-page content av-content-full alpha units'><div class='post-entry post-entry-type-page post-entry-14222'><div class='entry-content-wrapper clearfix'>\n<div  class='avia-logo-element-container av-av_partner-83a756ccf80d97d28e54e66bc23da22a av-border-deactivate avia-logo-grid avia-content-slider avia-smallarrow-slider avia-content-grid-active noHover avia-content-slider-odd avia-content-slider1' ><div class='avia-smallarrow-slider-heading '><div class='new-special-heading'><h6 class='av-logo-special-heading-text '>THE AUDIOVISUAL TALENT WEEK HAS THE SUPPORT OF:<\/h6><\/div><\/div><div class=\"avia-content-slider-inner\"><div class=\"slide-entry-wrap\"><div  class='slide-entry av-av_partner_logo-fccb55c48a818c1cf0d18d3e089c7d05 flex_column no_margin av_one_fifth real-thumbnail post-entry slide-entry-overview slide-loop-1 slide-parity-odd  first'><span class='av-partner-fake-img' style='padding-bottom:50%; background-image:url(https:\/\/www.clusteraudiovisual.cat\/wp-content\/uploads\/2024\/10\/ST_Logo_Footer_ICEC-1.jpg);'><\/span><\/div><div  class='slide-entry av-av_partner_logo-68ad45a81abd481c2ef58bf203576be6 flex_column no_margin av_one_fifth real-thumbnail post-entry slide-entry-overview slide-loop-2 slide-parity-even  '><span class='av-partner-fake-img' style='padding-bottom:50%; background-image:url(https:\/\/www.clusteraudiovisual.cat\/wp-content\/uploads\/2025\/10\/ST_Logo_AjuntamentBarcelona_2025.jpg);'><\/span><\/div><div  class='slide-entry av-av_partner_logo-5d8329b716b21e39de642aa1a1bd88d4 flex_column no_margin av_one_fifth real-thumbnail post-entry slide-entry-overview slide-loop-3 slide-parity-odd  '><span class='av-partner-fake-img' style='padding-bottom:50%; background-image:url(https:\/\/www.clusteraudiovisual.cat\/wp-content\/uploads\/2022\/10\/ST_Logo_Footer_Web_Gencat_Recerca.jpg);'><\/span><\/div><div  class='slide-entry av-av_partner_logo-099b47df8781002d4de442231cf43011 flex_column no_margin av_one_fifth real-thumbnail post-entry slide-entry-overview slide-loop-4 slide-parity-even  '><span class='av-partner-fake-img' style='padding-bottom:50%; background-image:url(https:\/\/www.clusteraudiovisual.cat\/wp-content\/uploads\/2025\/10\/ST_Logo_Footer_Ministerio-Cultura.jpg);'><\/span><\/div><div  class='slide-entry av-av_partner_logo-26a11375ab2ca77b93ae2c5f47e1119a flex_column no_margin av_one_fifth real-thumbnail post-entry slide-entry-overview slide-loop-5 slide-parity-odd post-entry-last '><span class='av-partner-fake-img' style='padding-bottom:50%; background-image:url(https:\/\/www.clusteraudiovisual.cat\/wp-content\/uploads\/2024\/10\/ST_Logo_Footer_ACCIO.jpg);'><\/span><\/div><\/div><\/div><\/div>\n<div  class='avia-logo-element-container av-av_partner-7d4c6b0e1b05d0374ead50e3f3f90f93 av-border-deactivate avia-logo-grid avia-content-slider avia-smallarrow-slider avia-content-grid-active noHover avia-content-slider-odd avia-content-slider2' ><div class='avia-smallarrow-slider-heading '><div class='new-special-heading'><h6 class='av-logo-special-heading-text '>WITH THE COLLABORATION OF:<\/h6><\/div><\/div><div class=\"avia-content-slider-inner\"><div class=\"slide-entry-wrap\"><div  class='slide-entry av-av_partner_logo-efc91f2dae4d3b71aacd5ee9d5a87364 flex_column no_margin av_one_fifth real-thumbnail post-entry slide-entry-overview slide-loop-1 slide-parity-odd  first'><img decoding=\"async\" fetchpriority=\"high\" width=\"800\" height=\"400\" src=\"https:\/\/www.clusteraudiovisual.cat\/wp-content\/uploads\/2025\/10\/ST_Logo_Colaborador_DHub.jpg\" class=\"wp-image-52752 avia-img-lazy-loading-not-52752 attachment-no scaling size-no scaling\" alt=\"\" srcset=\"https:\/\/www.clusteraudiovisual.cat\/wp-content\/uploads\/2025\/10\/ST_Logo_Colaborador_DHub.jpg 800w, https:\/\/www.clusteraudiovisual.cat\/wp-content\/uploads\/2025\/10\/ST_Logo_Colaborador_DHub-300x150.jpg 300w, https:\/\/www.clusteraudiovisual.cat\/wp-content\/uploads\/2025\/10\/ST_Logo_Colaborador_DHub-768x384.jpg 768w, https:\/\/www.clusteraudiovisual.cat\/wp-content\/uploads\/2025\/10\/ST_Logo_Colaborador_DHub-705x353.jpg 705w\" sizes=\"(max-width: 800px) 100vw, 800px\" \/><\/div><div  class='slide-entry av-av_partner_logo-a5dd6620141a1a67dd10af9ef1ff15a0 flex_column no_margin av_one_fifth real-thumbnail post-entry slide-entry-overview slide-loop-2 slide-parity-even  '><img decoding=\"async\" fetchpriority=\"high\" width=\"800\" height=\"400\" src=\"https:\/\/www.clusteraudiovisual.cat\/wp-content\/uploads\/2022\/10\/ST_Logo_Footer_Web_BarcelonaActiva.jpg\" class=\"wp-image-25790 avia-img-lazy-loading-not-25790 attachment-no scaling size-no scaling\" alt=\"\" srcset=\"https:\/\/www.clusteraudiovisual.cat\/wp-content\/uploads\/2022\/10\/ST_Logo_Footer_Web_BarcelonaActiva.jpg 800w, https:\/\/www.clusteraudiovisual.cat\/wp-content\/uploads\/2022\/10\/ST_Logo_Footer_Web_BarcelonaActiva-300x150.jpg 300w, https:\/\/www.clusteraudiovisual.cat\/wp-content\/uploads\/2022\/10\/ST_Logo_Footer_Web_BarcelonaActiva-768x384.jpg 768w, https:\/\/www.clusteraudiovisual.cat\/wp-content\/uploads\/2022\/10\/ST_Logo_Footer_Web_BarcelonaActiva-705x353.jpg 705w\" sizes=\"(max-width: 800px) 100vw, 800px\" \/><\/div><div  class='slide-entry av-av_partner_logo-b2f1a0b38c65c7daef4f98463a0ad5fc flex_column no_margin av_one_fifth real-thumbnail post-entry slide-entry-overview slide-loop-3 slide-parity-odd  '><img decoding=\"async\" fetchpriority=\"high\" width=\"800\" height=\"400\" src=\"https:\/\/www.clusteraudiovisual.cat\/wp-content\/uploads\/2022\/10\/ST_Logo_Footer_Web_AcademiaCC.jpg\" class=\"wp-image-25796 avia-img-lazy-loading-not-25796 attachment-no scaling size-no scaling\" alt=\"\" srcset=\"https:\/\/www.clusteraudiovisual.cat\/wp-content\/uploads\/2022\/10\/ST_Logo_Footer_Web_AcademiaCC.jpg 800w, https:\/\/www.clusteraudiovisual.cat\/wp-content\/uploads\/2022\/10\/ST_Logo_Footer_Web_AcademiaCC-300x150.jpg 300w, https:\/\/www.clusteraudiovisual.cat\/wp-content\/uploads\/2022\/10\/ST_Logo_Footer_Web_AcademiaCC-768x384.jpg 768w, https:\/\/www.clusteraudiovisual.cat\/wp-content\/uploads\/2022\/10\/ST_Logo_Footer_Web_AcademiaCC-705x353.jpg 705w\" sizes=\"(max-width: 800px) 100vw, 800px\" \/><\/div><div  class='slide-entry av-av_partner_logo-f897ba8f41bd588ff1e3a86fdca985c6 flex_column no_margin av_one_fifth real-thumbnail post-entry slide-entry-overview slide-loop-4 slide-parity-even  '><img decoding=\"async\" fetchpriority=\"high\" width=\"800\" height=\"400\" src=\"https:\/\/www.clusteraudiovisual.cat\/wp-content\/uploads\/2022\/10\/ST_Logo_Footer_Web_SGAE.jpg\" class=\"wp-image-25799 avia-img-lazy-loading-not-25799 attachment-no scaling size-no scaling\" alt=\"\" srcset=\"https:\/\/www.clusteraudiovisual.cat\/wp-content\/uploads\/2022\/10\/ST_Logo_Footer_Web_SGAE.jpg 800w, https:\/\/www.clusteraudiovisual.cat\/wp-content\/uploads\/2022\/10\/ST_Logo_Footer_Web_SGAE-300x150.jpg 300w, https:\/\/www.clusteraudiovisual.cat\/wp-content\/uploads\/2022\/10\/ST_Logo_Footer_Web_SGAE-768x384.jpg 768w, https:\/\/www.clusteraudiovisual.cat\/wp-content\/uploads\/2022\/10\/ST_Logo_Footer_Web_SGAE-705x353.jpg 705w\" sizes=\"(max-width: 800px) 100vw, 800px\" \/><\/div><div  class='slide-entry av-av_partner_logo-6ad9d4ede42ac961f655e2ac0e6ba380 flex_column no_margin av_one_fifth real-thumbnail post-entry slide-entry-overview slide-loop-5 slide-parity-odd post-entry-last '><img decoding=\"async\" fetchpriority=\"high\" width=\"800\" height=\"400\" src=\"https:\/\/www.clusteraudiovisual.cat\/wp-content\/uploads\/2025\/11\/ST_Logo_Colaborador_MIA-1.jpg\" class=\"wp-image-53279 avia-img-lazy-loading-not-53279 attachment-no scaling size-no scaling\" alt=\"\" srcset=\"https:\/\/www.clusteraudiovisual.cat\/wp-content\/uploads\/2025\/11\/ST_Logo_Colaborador_MIA-1.jpg 800w, https:\/\/www.clusteraudiovisual.cat\/wp-content\/uploads\/2025\/11\/ST_Logo_Colaborador_MIA-1-300x150.jpg 300w, https:\/\/www.clusteraudiovisual.cat\/wp-content\/uploads\/2025\/11\/ST_Logo_Colaborador_MIA-1-768x384.jpg 768w, https:\/\/www.clusteraudiovisual.cat\/wp-content\/uploads\/2025\/11\/ST_Logo_Colaborador_MIA-1-705x353.jpg 705w\" sizes=\"(max-width: 800px) 100vw, 800px\" \/><\/div><\/div><\/div><\/div>\n<section  class='av_textblock_section av-av_textblock-8e5574ea40d7d9b16d5641f488ca6409 '   itemscope=\"itemscope\" itemtype=\"https:\/\/schema.org\/CreativeWork\" ><div class='avia_textblock peu-text-sil'  itemprop=\"text\" ><h5 style=\"text-align: left;\"><strong>Audiovisual Talent Week is an event designed and organized with a commitment to sustainability and the minimization of negative environmental impacts.<\/strong><\/h5>\n<\/div><\/section>\n\n<style type=\"text\/css\" data-created_by=\"avia_inline_auto\" id=\"style-css-av-av_hr-5439f8f2df477c4eeab6b7d531945560\">\n#top .hr.av-av_hr-5439f8f2df477c4eeab6b7d531945560{\nmargin-top:20px;\nmargin-bottom:30px;\n}\n.hr.av-av_hr-5439f8f2df477c4eeab6b7d531945560 .hr-inner{\nwidth:100%;\nborder-color:#e8e8e8;\n}\n<\/style>\n<div  class='hr av-av_hr-5439f8f2df477c4eeab6b7d531945560 hr-custom hr-left hr-icon-no'><span class='hr-inner inner-border-av-border-thin'><span class=\"hr-inner-style\"><\/span><\/span><\/div>\n\n<style type=\"text\/css\" data-created_by=\"avia_inline_auto\" id=\"style-css-av-av_three_fifth-79ff81c021393065cee878051452f6a6\">\n.flex_column.av-av_three_fifth-79ff81c021393065cee878051452f6a6{\nborder-radius:0px 0px 0px 0px;\npadding:0px 0px 0px 0px;\n}\n<\/style>\n<div  class='flex_column av-av_three_fifth-79ff81c021393065cee878051452f6a6 av_three_fifth first flex_column_div av-zero-column-padding  '     ><section  class='av_textblock_section av-av_textblock-8e5574ea40d7d9b16d5641f488ca6409 '   itemscope=\"itemscope\" itemtype=\"https:\/\/schema.org\/CreativeWork\" ><div class='avia_textblock peu-text-sil'  itemprop=\"text\" ><p style=\"text-align: left;\">Via Laietana, 32-34, 4th floor. Barcelona 08003. +34 616663567<\/p>\n<\/div><\/section><\/div>\n<style type=\"text\/css\" data-created_by=\"avia_inline_auto\" id=\"style-css-av-av_one_fifth-49f6e875884219cf77c24341e550af53\">\n.flex_column.av-av_one_fifth-49f6e875884219cf77c24341e550af53{\nborder-radius:0px 0px 0px 0px;\npadding:0px 0px 0px 0px;\n}\n<\/style>\n<div  class='flex_column av-av_one_fifth-49f6e875884219cf77c24341e550af53 av_one_fifth flex_column_div av-zero-column-padding  '     ><section  class='av_textblock_section av-av_textblock-263a286a3ec605a4b845ded44ee74c94 '   itemscope=\"itemscope\" itemtype=\"https:\/\/schema.org\/CreativeWork\" ><div class='avia_textblock'  itemprop=\"text\" ><h6><a style=\"font-size: 0;\" href=\"https:\/\/www.facebook.com\/clusteraudiovisualcatalunya\" target=\"_blank\" rel=\"noopener\">facebook<img loading=\"lazy\" decoding=\"async\" class=\"size-full wp-image-265 alignnone\" src=\"https:\/\/www.clusteraudiovisual.cat\/wp-content\/uploads\/2024\/12\/icon-facebook.png\" alt=\"facebook\" width=\"25\" height=\"25\" \/><\/a> <a style=\"font-size: 0;\" href=\"https:\/\/twitter.com\/ClusterAVCat\" target=\"_blank\" rel=\"noopener\">x<img loading=\"lazy\" decoding=\"async\" class=\"size-full wp-image-267 alignnone\" src=\"https:\/\/www.clusteraudiovisual.cat\/wp-content\/uploads\/2024\/12\/icon-twitter.png\" alt=\"x\/twitter\" width=\"25\" height=\"25\" \/> \u00a0<\/a> <a style=\"font-size: 0;\" href=\"https:\/\/www.instagram.com\/clusteravcat\/\" target=\"_blank\" rel=\"noopener\">instagram<img loading=\"lazy\" decoding=\"async\" class=\"size-full wp-image-266 alignnone\" src=\"https:\/\/www.clusteraudiovisual.cat\/wp-content\/uploads\/2024\/12\/icon-instagram.png\" alt=\"instagram\" width=\"25\" height=\"25\" \/><\/a> <a style=\"font-size: 0;\" href=\"https:\/\/www.youtube.com\/channel\/UCjZkfy-Dhqb4XZmaX-XWhRA\" target=\"_blank\" rel=\"noopener\">youtube<img loading=\"lazy\" decoding=\"async\" class=\"size-full wp-image-266 alignnone\" src=\"https:\/\/www.clusteraudiovisual.cat\/wp-content\/uploads\/2024\/12\/icon-youtube.png\" alt=\"youtube\" width=\"25\" height=\"25\" \/><\/a>\u00a0<a style=\"font-size: 0;\" href=\"https:\/\/www.linkedin.com\/company\/cl%C3%BAster-audiovisual-de-catalunya\/\" target=\"_blank\" rel=\"noopener\">linkedIn<img loading=\"lazy\" decoding=\"async\" class=\"size-full wp-image-266 alignnone\" src=\"https:\/\/www.clusteraudiovisual.cat\/wp-content\/uploads\/2024\/12\/icon-linkedin.png\" alt=\"linkedIn\" width=\"25\" height=\"25\" \/><\/a><\/h6>\n<\/div><\/section><\/div>\n<style type=\"text\/css\" data-created_by=\"avia_inline_auto\" id=\"style-css-av-av_one_fifth-49f6e875884219cf77c24341e550af53\">\n.flex_column.av-av_one_fifth-49f6e875884219cf77c24341e550af53{\nborder-radius:0px 0px 0px 0px;\npadding:0px 0px 0px 0px;\n}\n<\/style>\n<div  class='flex_column av-av_one_fifth-49f6e875884219cf77c24341e550af53 av_one_fifth flex_column_div av-zero-column-padding  '     ><section  class='av_textblock_section av-av_textblock-20298a3a997014d80619181711e08da4 '   itemscope=\"itemscope\" itemtype=\"https:\/\/schema.org\/CreativeWork\" ><div class='avia_textblock peu-text-sil'  itemprop=\"text\" ><p style=\"text-align: right;\"><a href=\"http:\/\/clusteraudiovisual.cat\/bases-legals\/\" target=\"_blank\" rel=\"noopener\">Legal basis<\/a><\/p>\n<h6><\/h6>\n<\/div><\/section><\/div>\n\n<\/div><\/div><\/div><!-- close content main div --><\/div><\/div>\n<style type=\"text\/css\" data-created_by=\"avia_inline_auto\" id=\"style-css-av-2g3btu6-56a3c2937f9d1eea3dfd09af787b2abf\">\n.avia-section.av-2g3btu6-56a3c2937f9d1eea3dfd09af787b2abf{\nbackground-color:#f6f6f6;\nbackground-image:unset;\nmargin-top:1px;\nmargin-bottom:1px;\n}\n<\/style>\n<div id='socketsil'  class='avia-section av-2g3btu6-56a3c2937f9d1eea3dfd09af787b2abf alternate_color avia-section-small avia-no-border-styling  socketsil avia-bg-style-scroll av-minimum-height av-minimum-height-custom av-height-custom  container_wrap fullsize'   data-av_minimum_height_px='10'><div class='container av-section-cont-open' style='height:10px'><div class='template-page content av-content-full alpha units'><div class='post-entry post-entry-type-page post-entry-14222'><div class='entry-content-wrapper clearfix'>\n\n<style type=\"text\/css\" data-created_by=\"avia_inline_auto\" id=\"style-css-av-29w4f5a-99761bc577a957423398c51655576bca\">\n.flex_column.av-29w4f5a-99761bc577a957423398c51655576bca{\nborder-radius:0px 0px 0px 0px;\npadding:0px 0px 0px 0px;\n}\n<\/style>\n<div  class='flex_column av-29w4f5a-99761bc577a957423398c51655576bca av_one_half first flex_column_div av-zero-column-padding  '     ><section  class='av_textblock_section av-1gekjji-6e49f6a47170aefaeef78b37758b1878 '   itemscope=\"itemscope\" itemtype=\"https:\/\/schema.org\/CreativeWork\" ><div class='avia_textblock'  itemprop=\"text\" ><p>\u00a9 2020 Cl\u00faster Audiovisual de Catalunya<\/p>\n<\/div><\/section><\/div>\n<style type=\"text\/css\" data-created_by=\"avia_inline_auto\" id=\"style-css-av-103la8e-d77d88ea8bf5740e6dbcb077c9f8c662\">\n.flex_column.av-103la8e-d77d88ea8bf5740e6dbcb077c9f8c662{\nborder-radius:0px 0px 0px 0px;\npadding:0px 0px 0px 0px;\n}\n<\/style>\n<div  class='flex_column av-103la8e-d77d88ea8bf5740e6dbcb077c9f8c662 av_one_half flex_column_div av-zero-column-padding  '     ><section  class='av_textblock_section av-pjx5ri-8018776c85fc0c44a2e2c4f17e7c04dd '   itemscope=\"itemscope\" itemtype=\"https:\/\/schema.org\/CreativeWork\" ><div class='avia_textblock'  itemprop=\"text\" ><p style=\"text-align: right;\">Developed by <a href=\"https:\/\/www.lasaladeta.com\/\" target=\"_blank\" rel=\"noopener\">La Saladeta<\/a><\/p>\n<\/div><\/section><\/div>\n\n","protected":false},"excerpt":{"rendered":"","protected":false},"author":8,"featured_media":53092,"parent":0,"menu_order":0,"comment_status":"closed","ping_status":"closed","template":"","meta":{"_acf_changed":false,"footnotes":""},"class_list":["post-14222","page","type-page","status-publish","has-post-thumbnail","hentry"],"acf":[],"yoast_head":"<!-- This site is optimized with the Yoast SEO plugin v27.0 - https:\/\/yoast.com\/product\/yoast-seo-wordpress\/ -->\n<title>Pitching historic projectes - Cl\u00faster Audiovisual<\/title>\n<meta name=\"description\" content=\"Here you can find the older projects.\" \/>\n<meta name=\"robots\" content=\"index, follow, max-snippet:-1, max-image-preview:large, max-video-preview:-1\" \/>\n<link rel=\"canonical\" href=\"https:\/\/www.clusteraudiovisual.cat\/en\/historic-projectes\/\" \/>\n<meta property=\"og:locale\" content=\"en_US\" \/>\n<meta property=\"og:type\" content=\"article\" \/>\n<meta property=\"og:title\" content=\"Pitching historic projectes - Cl\u00faster Audiovisual\" \/>\n<meta property=\"og:description\" content=\"Here you can find the older projects.\" \/>\n<meta property=\"og:url\" content=\"https:\/\/www.clusteraudiovisual.cat\/en\/historic-projectes\/\" \/>\n<meta property=\"og:site_name\" content=\"Cl\u00faster Audiovisual\" \/>\n<meta property=\"article:modified_time\" content=\"2025-11-05T11:21:56+00:00\" \/>\n<meta property=\"og:image\" content=\"https:\/\/www.clusteraudiovisual.cat\/wp-content\/uploads\/2025\/11\/STalent2025_Banner_Web_Responsive_Eng.jpg\" \/>\n\t<meta property=\"og:image:width\" content=\"600\" \/>\n\t<meta property=\"og:image:height\" content=\"676\" \/>\n\t<meta property=\"og:image:type\" content=\"image\/jpeg\" \/>\n<meta name=\"twitter:card\" content=\"summary_large_image\" \/>\n<meta name=\"twitter:image\" content=\"https:\/\/www.clusteraudiovisual.cat\/wp-content\/uploads\/2022\/10\/Agenda_STalent2022.jpg\" \/>\n<meta name=\"twitter:label1\" content=\"Est. reading time\" \/>\n\t<meta name=\"twitter:data1\" content=\"17 minutes\" \/>\n<script type=\"application\/ld+json\" class=\"yoast-schema-graph\">{\"@context\":\"https:\/\/schema.org\",\"@graph\":[{\"@type\":\"WebPage\",\"@id\":\"https:\/\/www.clusteraudiovisual.cat\/en\/historic-projectes\/\",\"url\":\"https:\/\/www.clusteraudiovisual.cat\/en\/historic-projectes\/\",\"name\":\"Pitching historic projectes - Cl\u00faster Audiovisual\",\"isPartOf\":{\"@id\":\"https:\/\/www.clusteraudiovisual.cat\/en\/#website\"},\"primaryImageOfPage\":{\"@id\":\"https:\/\/www.clusteraudiovisual.cat\/en\/historic-projectes\/#primaryimage\"},\"image\":{\"@id\":\"https:\/\/www.clusteraudiovisual.cat\/en\/historic-projectes\/#primaryimage\"},\"thumbnailUrl\":\"https:\/\/www.clusteraudiovisual.cat\/wp-content\/uploads\/2025\/11\/STalent2025_Banner_Web_Responsive_Eng.jpg\",\"datePublished\":\"2021-10-05T14:02:34+00:00\",\"dateModified\":\"2025-11-05T11:21:56+00:00\",\"description\":\"Here you can find the older projects.\",\"inLanguage\":\"en-US\",\"potentialAction\":[{\"@type\":\"ReadAction\",\"target\":[\"https:\/\/www.clusteraudiovisual.cat\/en\/historic-projectes\/\"]}]},{\"@type\":\"ImageObject\",\"inLanguage\":\"en-US\",\"@id\":\"https:\/\/www.clusteraudiovisual.cat\/en\/historic-projectes\/#primaryimage\",\"url\":\"https:\/\/www.clusteraudiovisual.cat\/wp-content\/uploads\/2025\/11\/STalent2025_Banner_Web_Responsive_Eng.jpg\",\"contentUrl\":\"https:\/\/www.clusteraudiovisual.cat\/wp-content\/uploads\/2025\/11\/STalent2025_Banner_Web_Responsive_Eng.jpg\",\"width\":600,\"height\":676},{\"@type\":\"WebSite\",\"@id\":\"https:\/\/www.clusteraudiovisual.cat\/en\/#website\",\"url\":\"https:\/\/www.clusteraudiovisual.cat\/en\/\",\"name\":\"Cl\u00faster Audiovisual\",\"description\":\"Associaci\u00f3 d&#039;empreses que integren el sector audiovisual.\",\"potentialAction\":[{\"@type\":\"SearchAction\",\"target\":{\"@type\":\"EntryPoint\",\"urlTemplate\":\"https:\/\/www.clusteraudiovisual.cat\/en\/?s={search_term_string}\"},\"query-input\":{\"@type\":\"PropertyValueSpecification\",\"valueRequired\":true,\"valueName\":\"search_term_string\"}}],\"inLanguage\":\"en-US\"}]}<\/script>\n<!-- \/ Yoast SEO plugin. -->","yoast_head_json":{"title":"Pitching historic projectes - Cl\u00faster Audiovisual","description":"Here you can find the older projects.","robots":{"index":"index","follow":"follow","max-snippet":"max-snippet:-1","max-image-preview":"max-image-preview:large","max-video-preview":"max-video-preview:-1"},"canonical":"https:\/\/www.clusteraudiovisual.cat\/en\/historic-projectes\/","og_locale":"en_US","og_type":"article","og_title":"Pitching historic projectes - Cl\u00faster Audiovisual","og_description":"Here you can find the older projects.","og_url":"https:\/\/www.clusteraudiovisual.cat\/en\/historic-projectes\/","og_site_name":"Cl\u00faster Audiovisual","article_modified_time":"2025-11-05T11:21:56+00:00","og_image":[{"width":600,"height":676,"url":"https:\/\/www.clusteraudiovisual.cat\/wp-content\/uploads\/2025\/11\/STalent2025_Banner_Web_Responsive_Eng.jpg","type":"image\/jpeg"}],"twitter_card":"summary_large_image","twitter_image":"https:\/\/www.clusteraudiovisual.cat\/wp-content\/uploads\/2022\/10\/Agenda_STalent2022.jpg","twitter_misc":{"Est. reading time":"17 minutes"},"schema":{"@context":"https:\/\/schema.org","@graph":[{"@type":"WebPage","@id":"https:\/\/www.clusteraudiovisual.cat\/en\/historic-projectes\/","url":"https:\/\/www.clusteraudiovisual.cat\/en\/historic-projectes\/","name":"Pitching historic projectes - Cl\u00faster Audiovisual","isPartOf":{"@id":"https:\/\/www.clusteraudiovisual.cat\/en\/#website"},"primaryImageOfPage":{"@id":"https:\/\/www.clusteraudiovisual.cat\/en\/historic-projectes\/#primaryimage"},"image":{"@id":"https:\/\/www.clusteraudiovisual.cat\/en\/historic-projectes\/#primaryimage"},"thumbnailUrl":"https:\/\/www.clusteraudiovisual.cat\/wp-content\/uploads\/2025\/11\/STalent2025_Banner_Web_Responsive_Eng.jpg","datePublished":"2021-10-05T14:02:34+00:00","dateModified":"2025-11-05T11:21:56+00:00","description":"Here you can find the older projects.","inLanguage":"en-US","potentialAction":[{"@type":"ReadAction","target":["https:\/\/www.clusteraudiovisual.cat\/en\/historic-projectes\/"]}]},{"@type":"ImageObject","inLanguage":"en-US","@id":"https:\/\/www.clusteraudiovisual.cat\/en\/historic-projectes\/#primaryimage","url":"https:\/\/www.clusteraudiovisual.cat\/wp-content\/uploads\/2025\/11\/STalent2025_Banner_Web_Responsive_Eng.jpg","contentUrl":"https:\/\/www.clusteraudiovisual.cat\/wp-content\/uploads\/2025\/11\/STalent2025_Banner_Web_Responsive_Eng.jpg","width":600,"height":676},{"@type":"WebSite","@id":"https:\/\/www.clusteraudiovisual.cat\/en\/#website","url":"https:\/\/www.clusteraudiovisual.cat\/en\/","name":"Cl\u00faster Audiovisual","description":"Associaci\u00f3 d&#039;empreses que integren el sector audiovisual.","potentialAction":[{"@type":"SearchAction","target":{"@type":"EntryPoint","urlTemplate":"https:\/\/www.clusteraudiovisual.cat\/en\/?s={search_term_string}"},"query-input":{"@type":"PropertyValueSpecification","valueRequired":true,"valueName":"search_term_string"}}],"inLanguage":"en-US"}]}},"_links":{"self":[{"href":"https:\/\/www.clusteraudiovisual.cat\/en\/wp-json\/wp\/v2\/pages\/14222","targetHints":{"allow":["GET"]}}],"collection":[{"href":"https:\/\/www.clusteraudiovisual.cat\/en\/wp-json\/wp\/v2\/pages"}],"about":[{"href":"https:\/\/www.clusteraudiovisual.cat\/en\/wp-json\/wp\/v2\/types\/page"}],"author":[{"embeddable":true,"href":"https:\/\/www.clusteraudiovisual.cat\/en\/wp-json\/wp\/v2\/users\/8"}],"replies":[{"embeddable":true,"href":"https:\/\/www.clusteraudiovisual.cat\/en\/wp-json\/wp\/v2\/comments?post=14222"}],"version-history":[{"count":19,"href":"https:\/\/www.clusteraudiovisual.cat\/en\/wp-json\/wp\/v2\/pages\/14222\/revisions"}],"predecessor-version":[{"id":53399,"href":"https:\/\/www.clusteraudiovisual.cat\/en\/wp-json\/wp\/v2\/pages\/14222\/revisions\/53399"}],"wp:featuredmedia":[{"embeddable":true,"href":"https:\/\/www.clusteraudiovisual.cat\/en\/wp-json\/wp\/v2\/media\/53092"}],"wp:attachment":[{"href":"https:\/\/www.clusteraudiovisual.cat\/en\/wp-json\/wp\/v2\/media?parent=14222"}],"curies":[{"name":"wp","href":"https:\/\/api.w.org\/{rel}","templated":true}]}}